{"id":996,"date":"2013-07-11T19:12:41","date_gmt":"2013-07-11T17:12:41","guid":{"rendered":"http:\/\/www.slovensky-kras.eu\/info\/?page_id=996"},"modified":"2023-12-06T09:47:22","modified_gmt":"2023-12-06T08:47:22","slug":"obec-dlha-ves","status":"publish","type":"page","link":"https:\/\/www.slovensky-kras.eu\/info\/strediska-a-centra\/obec-dlha-ves\/","title":{"rendered":"Obec Dlh\u00e1 Ves"},"content":{"rendered":"<p><strong>Menu: <\/strong> <a href=\"http:\/\/www.slovensky-kras.eu\/info\/\" class=\"su-button su-button-style-default\" style=\"color:#000000;background-color:#FFCF2F;border-color:#cca626;border-radius:5px\" target=\"_self\"><span style=\"color:#000000;padding:6px 16px;font-size:13px;line-height:20px;border-color:#ffde6e;border-radius:5px;text-shadow:none\"><i class=\"sui sui-arrow-right\" style=\"font-size:13px;color:#000000\"><\/i>  \u00davod \/ Aktuality <\/span><\/a>\n<a href=\"http:\/\/www.slovensky-kras.eu\/info\/strediska-a-centra\/\" class=\"su-button su-button-style-default\" style=\"color:#000000;background-color:#FFCF2F;border-color:#cca626;border-radius:5px\" target=\"_self\"><span style=\"color:#000000;padding:6px 16px;font-size:13px;line-height:20px;border-color:#ffde6e;border-radius:5px;text-shadow:none\"><i class=\"sui sui-arrow-right\" style=\"font-size:13px;color:#000000\"><\/i>  Turistick\u00e9 v\u00fdchodisk\u00e1 <\/span><\/a>\n<div class=\"su-divider su-divider-style-default\" style=\"margin:15px 0;border-width:2px;border-color:#000000\"><\/div>\n<div class=\"su-accordion su-u-trim\">\n<div class=\"su-spoiler su-spoiler-style-fancy su-spoiler-icon-plus su-spoiler-closed\" data-scroll-offset=\"0\" data-anchor-in-url=\"no\"><div class=\"su-spoiler-title\" tabindex=\"0\" role=\"button\"><span class=\"su-spoiler-icon\"><\/span>Textov\u00e9 menu - Turistick\u00e9 v\u00fdchodisk\u00e1<\/div><div class=\"su-spoiler-content su-u-clearfix su-u-trim\"><div class=\"column-group columns-2\"><div class=\"column column-number-1 column-span-1\"><p><strong>Rekrea\u010dn\u00e9 stredisk\u00e1 a oblasti:<\/strong><br \/>\n<a href=\"http:\/\/www.slovensky-kras.eu\/info\/?page_id=97\">Domica<\/a><br \/>\n<a href=\"http:\/\/www.slovensky-kras.eu\/info\/rekreacne-stredisko-gombasek\/\">Gombasek<\/a><br \/>\n<a href=\"http:\/\/www.slovensky-kras.eu\/info\/strediska-a-centra\/turisticka-oblast-soroska-jablonovske-sedlo\/\">Soro\u0161ka-Jablonovsk\u00e9 sedlo<\/a><br \/>\n<a href=\"http:\/\/www.slovensky-kras.eu\/info\/strediska-a-centra\/rekreacna-oblast-sugov\/\">\u0160ugov<\/a><br \/>\n<strong>Mest\u00e1:<\/strong><br \/>\n<a href=\"http:\/\/www.slovensky-kras.eu\/info\/strediska-a-centra\/mesto-medzev\/\">Medzev<\/a><br \/>\n<a href=\"http:\/\/www.slovensky-kras.eu\/info\/strediska-a-centra\/mesto-moldava-nad-bodvou\/\">Moldava nad Bodvou<\/a><br \/>\n<a href=\"http:\/\/www.slovensky-kras.eu\/info\/strediska-a-centra\/mesto-roznava\/\">Ro\u017e\u0148ava<\/a><br \/>\n<strong>Obce:<\/strong><br \/>\n<a href=\"http:\/\/www.slovensky-kras.eu\/info\/strediska-a-centra\/obec-ardovo\/\">Ardovo<\/a><br \/>\n<a title=\"Obec B\u00f4rka\" href=\"http:\/\/www.slovensky-kras.eu\/info\/strediska-a-centra\/obec-borka\/\">B\u00f4rka<\/a><br \/>\n<a href=\"http:\/\/www.slovensky-kras.eu\/info\/strediska-a-centra\/obec-bretka\/\">Bretka<\/a><br \/>\n<a href=\"http:\/\/www.slovensky-kras.eu\/info\/strediska-a-centra\/obec-brzotin\/\">Brzot\u00edn<\/a><br \/>\n<a href=\"http:\/\/www.slovensky-kras.eu\/info\/strediska-a-centra\/obec-dlha-ves\/\">Dlh\u00e1 Ves<\/a><br \/>\n<a href=\"http:\/\/www.slovensky-kras.eu\/info\/strediska-a-centra\/obec-drnava\/\">Drnava<\/a><br \/>\n<a href=\"http:\/\/www.slovensky-kras.eu\/info\/strediska-a-centra\/1017-2\/\">Dvorn\u00edky-V\u010del\u00e1re<\/a><br \/>\n<a href=\"http:\/\/www.slovensky-kras.eu\/info\/strediska-a-centra\/obec-drienovec-drienovecke-kupele\/\">Drienovec-Drienoveck\u00e9 k\u00fapele<\/a><br \/>\n<a href=\"http:\/\/www.slovensky-kras.eu\/info\/strediska-a-centra\/obec-gemerska-horka\/\">Gemersk\u00e1 H\u00f4rka<\/a><br \/>\n<a href=\"http:\/\/www.slovensky-kras.eu\/info\/obec-hacava\/\">Ha\u010dava<\/a><br \/>\n<a href=\"http:\/\/www.slovensky-kras.eu\/info\/strediska-a-centra\/obec-haj\/\">H\u00e1j<\/p>\n<\/div>\n<\/a><div class=\"column column-number-2 last column-span-1\"><p><a href=\"http:\/\/www.slovensky-kras.eu\/info\/strediska-a-centra\/obec-hrhov\/\">Hrhov<\/a><br \/>\n<a href=\"http:\/\/www.slovensky-kras.eu\/info\/strediska-a-centra\/obec-hrusov\/\">Hru\u0161ov<\/a><br \/>\n<a href=\"http:\/\/www.slovensky-kras.eu\/info\/strediska-a-centra\/obec-jablonov-nad-turnou\/\">Jablonov nad Tur\u0148ou<\/a><br \/>\n<a href=\"http:\/\/www.slovensky-kras.eu\/info\/strediska-a-centra\/obec-jasov\/\">Jasov<\/a><br \/>\n<a href=\"http:\/\/www.slovensky-kras.eu\/info\/strediska-a-centra\/obec-jovice\/\">Jovice<\/a><br \/>\n<a href=\"http:\/\/www.slovensky-kras.eu\/info\/strediska-a-centra\/obec-kecovo\/\">Ke\u010dovo<\/a><br \/>\n<a href=\"http:\/\/www.slovensky-kras.eu\/info\/strediska-a-centra\/obec-krasnohorska-dlha-luka\/\">Kr\u00e1snohorsk\u00e1 Dlh\u00e1 L\u00faka<\/a><br \/>\n<a href=\"http:\/\/www.slovensky-kras.eu\/info\/strediska-a-centra\/obec-krasnohorske-podhradie\/\">Kr\u00e1snohorsk\u00e9 Podhradie<\/a><br \/>\n<a href=\"http:\/\/www.slovensky-kras.eu\/info\/strediska-a-centra\/obec-kruzna\/\">Kru\u017en\u00e1<\/a><br \/>\n<a href=\"http:\/\/www.slovensky-kras.eu\/info\/strediska-a-centra\/obec-lucka\/\">L\u00fa\u010dka<\/a><br \/>\n<a href=\"http:\/\/www.slovensky-kras.eu\/info\/strediska-a-centra\/obec-ochtina\/\">Ochtin\u00e1<\/a><br \/>\n<a href=\"http:\/\/www.slovensky-kras.eu\/info\/strediska-a-centra\/obec-plesivec\/\">Ple\u0161ivec<\/a><br \/>\n<a href=\"http:\/\/www.slovensky-kras.eu\/info\/strediska-a-centra\/obec-rakovnica\/\">Rakovnica<\/a><br \/>\n<a href=\"http:\/\/www.slovensky-kras.eu\/info\/strediska-a-centra\/obec-silica\/\">Silica<\/a><br \/>\n<a href=\"http:\/\/www.slovensky-kras.eu\/info\/strediska-a-centra\/obec-silicka-brezova\/\">Silick\u00e1 Brezov\u00e1<\/a><br \/>\n<a href=\"http:\/\/www.slovensky-kras.eu\/info\/strediska-a-centra\/obec-silicka-jablonica\/\">Silick\u00e1 Jablonica<\/a><br \/>\n<a href=\"http:\/\/www.slovensky-kras.eu\/info\/strediska-a-centra\/obec-slavec\/\">Slavec<\/a><br \/>\n<a href=\"http:\/\/www.slovensky-kras.eu\/info\/strediska-a-centra\/obec-stitnik\/\">\u0160t\u00edtnik<\/a><br \/>\n<a href=\"http:\/\/www.slovensky-kras.eu\/info\/strediska-a-centra\/obec-turna-nad-bodvou\/\">Tur\u0148a nad Bodvou<\/a><br \/>\n<a href=\"http:\/\/www.slovensky-kras.eu\/info\/strediska-a-centra\/obec-zadiel\/\">Z\u00e1diel<\/a><\/p>\n<\/div><\/div>\n<\/div><\/div>\n<\/div>\n<div class=\"su-divider su-divider-style-default\" style=\"margin:15px 0;border-width:2px;border-color:#000000\"><\/div>\n<h3><span style=\"color: #808000;\">V\u0161eobecn\u00e9 inform\u00e1cie<\/span><\/h3>\n<p>Dlh\u00e1 Ves (v minulosti Hos\u00fasovo, ma\u010f. G\u00f6m\u00f6rhossz\u00fasz\u00f3, Hossz\u00fasz\u00f3) je obec na Slovensku v okrese Ro\u017e\u0148ava (Ko\u0161ick\u00fd samospr\u00e1vny kraj).<\/p>\n<figure id=\"attachment_14337\" aria-describedby=\"caption-attachment-14337\" style=\"width: 800px\" class=\"wp-caption aligncenter\"><a href=\"http:\/\/www.slovensky-kras.eu\/info\/wp-content\/uploads\/2018\/03\/privat-flanderova-gallery_001velke.jpg\"><img loading=\"lazy\" decoding=\"async\" class=\"wp-image-14337\" src=\"http:\/\/www.slovensky-kras.eu\/info\/wp-content\/uploads\/2018\/03\/privat-flanderova-gallery_001velke.jpg\" alt=\"\" width=\"800\" height=\"533\" srcset=\"https:\/\/www.slovensky-kras.eu\/info\/wp-content\/uploads\/2018\/03\/privat-flanderova-gallery_001velke.jpg 1000w, https:\/\/www.slovensky-kras.eu\/info\/wp-content\/uploads\/2018\/03\/privat-flanderova-gallery_001velke-800x533.jpg 800w, https:\/\/www.slovensky-kras.eu\/info\/wp-content\/uploads\/2018\/03\/privat-flanderova-gallery_001velke-768x511.jpg 768w, https:\/\/www.slovensky-kras.eu\/info\/wp-content\/uploads\/2018\/03\/privat-flanderova-gallery_001velke-425x283.jpg 425w\" sizes=\"auto, (max-width: 800px) 100vw, 800px\" \/><\/a><figcaption id=\"caption-attachment-14337\" class=\"wp-caption-text\">Obec Dlh\u00e1 Ves &#8211; Priv\u00e1t Flanderov\u00e1<\/figcaption><\/figure>\n<p>Obec sa nach\u00e1dza na juhoz\u00e1padnom okraji <a href=\"http:\/\/www.slovensky-kras.eu\/info\/kam-do-prirody\/silicka-planina\/\">Silickej planiny<\/a> v slepej <strong>Dlhoveskej doline<\/strong>.<\/p>\n<p>Nadmorsk\u00e1 v\u00fd\u0161ka v strede obce je 330 m, 315-507 m v chot\u00e1ri.<\/p>\n<figure id=\"attachment_19641\" aria-describedby=\"caption-attachment-19641\" style=\"width: 800px\" class=\"wp-caption aligncenter\"><a href=\"http:\/\/www.slovensky-kras.eu\/info\/wp-content\/uploads\/2021\/01\/dlha-ves3.jpg\"><img loading=\"lazy\" decoding=\"async\" class=\"wp-image-19641 size-full\" src=\"https:\/\/www.slovensky-kras.eu\/info\/wp-content\/uploads\/2021\/01\/dlha-ves3.jpg\" alt=\"\" width=\"800\" height=\"600\" srcset=\"https:\/\/www.slovensky-kras.eu\/info\/wp-content\/uploads\/2021\/01\/dlha-ves3.jpg 800w, https:\/\/www.slovensky-kras.eu\/info\/wp-content\/uploads\/2021\/01\/dlha-ves3-768x576.jpg 768w\" sizes=\"auto, (max-width: 800px) 100vw, 800px\" \/><\/a><figcaption id=\"caption-attachment-19641\" class=\"wp-caption-text\">Dlh\u00e1 Ves- obecn\u00fd \u00farad, Zdroj foto: https:\/\/www.dlhaves.sk\/<\/figcaption><\/figure>\n<p>V katastri obce sa nach\u00e1dzaj\u00fa archeologick\u00e9 n\u00e1lezisk\u00e1 a mal\u00e9 krasov\u00e9 jazero naz\u00fdvan\u00e9 ako <strong>Smrad\u013eav\u00e9 jazierko<\/strong> o rozlohe pribli\u017ene 0,33 ha.<\/p>\n<p>V okol\u00ed obce sa vyskytuj\u00fa r\u00f4zn\u00e9 pr\u00edrodn\u00e9 zauj\u00edmavosti ako s\u00fa z\u00e1vrty, priepasti, vyviera\u010dky, jaskyne a vz\u00e1cna fauna a fl\u00f3ra.<\/p>\n<figure id=\"attachment_22459\" aria-describedby=\"caption-attachment-22459\" style=\"width: 800px\" class=\"wp-caption aligncenter\"><a href=\"https:\/\/www.slovensky-kras.eu\/info\/wp-content\/uploads\/2022\/01\/dlha-ves11.jpg\"><img loading=\"lazy\" decoding=\"async\" class=\"wp-image-22459 size-full\" src=\"https:\/\/www.slovensky-kras.eu\/info\/wp-content\/uploads\/2022\/01\/dlha-ves11.jpg\" alt=\"\" width=\"800\" height=\"600\" srcset=\"https:\/\/www.slovensky-kras.eu\/info\/wp-content\/uploads\/2022\/01\/dlha-ves11.jpg 800w, https:\/\/www.slovensky-kras.eu\/info\/wp-content\/uploads\/2022\/01\/dlha-ves11-768x576.jpg 768w\" sizes=\"auto, (max-width: 800px) 100vw, 800px\" \/><\/a><figcaption id=\"caption-attachment-22459\" class=\"wp-caption-text\">Obec Dlh\u00e1 Ves, Zdroj foto: https:\/\/www.dlhaves.sk\/<\/figcaption><\/figure>\n<p>V obci sa pravidelne organizuj\u00fa kult\u00farno-spolo\u010densk\u00e9 aktivity a uchov\u00e1va tradi\u010dn\u00e9 \u013eudov\u00e9 remesl\u00e1 a zru\u010dnosti.<\/p>\n<p>Z \u013eudov\u00fdch trad\u00edci\u00ed a remesiel s\u00fa zachovan\u00e9 p\u00e1lenie dreven\u00e9ho uhlia, tkanie, \u010d\u00edpkovanie, ma\u013eovanie na sklo.<\/p>\n<h4><span style=\"color: #993300;\">Jasky\u0148a Domica<\/span><\/h4>\n<p>Obec je zn\u00e1ma hlavne ne\u010falekou verejnosti spr\u00edstupnenou <a href=\"http:\/\/www.slovensky-kras.eu\/info\/jaskyne-a-priepasti\/jaskyna-domica\/\">jasky\u0148ou Domica<\/a>, ktor\u00e1 je od roku 1995 zaraden\u00e1 do zoznamu <strong>Svetov\u00e9ho kult\u00farneho a pr\u00edrodn\u00e9ho dedi\u010dstva UNESCO<\/strong> a priepas\u0165ou <strong>\u010certov\u00e1 diera<\/strong>.<\/p>\n<figure id=\"attachment_21339\" aria-describedby=\"caption-attachment-21339\" style=\"width: 800px\" class=\"wp-caption aligncenter\"><a href=\"https:\/\/www.slovensky-kras.eu\/info\/wp-content\/uploads\/2021\/12\/domica-jaskyna1.jpg\"><img loading=\"lazy\" decoding=\"async\" class=\"wp-image-21339 size-medium\" src=\"https:\/\/www.slovensky-kras.eu\/info\/wp-content\/uploads\/2021\/12\/domica-jaskyna1-800x533.jpg\" alt=\"\" width=\"800\" height=\"533\" srcset=\"https:\/\/www.slovensky-kras.eu\/info\/wp-content\/uploads\/2021\/12\/domica-jaskyna1-800x533.jpg 800w, https:\/\/www.slovensky-kras.eu\/info\/wp-content\/uploads\/2021\/12\/domica-jaskyna1-768x512.jpg 768w, https:\/\/www.slovensky-kras.eu\/info\/wp-content\/uploads\/2021\/12\/domica-jaskyna1.jpg 960w\" sizes=\"auto, (max-width: 800px) 100vw, 800px\" \/><\/a><figcaption id=\"caption-attachment-21339\" class=\"wp-caption-text\">Jasky\u0148a Domica<\/figcaption><\/figure>\n<p>Jasky\u0148ou pretek\u00e1 podzemn\u00e1 rie\u010dka Styx, po ktorej sa m\u00f4\u017eu n\u00e1v\u0161tevn\u00edci preplavi\u0165.<\/p>\n<p><strong>Viac info o jaskyni sa do\u010d\u00edtate tu:<\/strong><\/p>\n<ul>\n<li><a href=\"https:\/\/www.slovensky-kras.eu\/info\/jaskyne-a-priepasti\/jaskyna-domica\/\" target=\"_blank\" rel=\"noopener\">Jasky\u0148a Domica (\u010d\u00edtaj viac v novom okne)<\/a><\/li>\n<\/ul>\n<h4><span style=\"color: #993300;\">Evanjelick\u00fd kostol<\/span><\/h4>\n<p>V obci sa nach\u00e1dza evanjelick\u00fd klasicistick\u00fd kostol z roku 1782, v ktorom sa nach\u00e1dza kult\u00farna pamiatka &#8211; organ zroku 1802.<\/p>\n<figure id=\"attachment_22457\" aria-describedby=\"caption-attachment-22457\" style=\"width: 800px\" class=\"wp-caption aligncenter\"><a href=\"https:\/\/www.slovensky-kras.eu\/info\/wp-content\/uploads\/2022\/01\/dlha-ves13.jpg\"><img loading=\"lazy\" decoding=\"async\" class=\"wp-image-22457 size-full\" src=\"https:\/\/www.slovensky-kras.eu\/info\/wp-content\/uploads\/2022\/01\/dlha-ves13.jpg\" alt=\"\" width=\"800\" height=\"369\" srcset=\"https:\/\/www.slovensky-kras.eu\/info\/wp-content\/uploads\/2022\/01\/dlha-ves13.jpg 800w, https:\/\/www.slovensky-kras.eu\/info\/wp-content\/uploads\/2022\/01\/dlha-ves13-768x354.jpg 768w\" sizes=\"auto, (max-width: 800px) 100vw, 800px\" \/><\/a><figcaption id=\"caption-attachment-22457\" class=\"wp-caption-text\">Evanjelick\u00fd kostol, Zdroj foto: https:\/\/www.dlhaves.sk\/<\/figcaption><\/figure>\n<p>Kostol je jednolo\u010fov\u00e1 toleran\u010dn\u00e1 stavba s pravouhl\u00fdm ukon\u010den\u00edm presbyt\u00e9ria.<\/p>\n<p>Stoj\u00ed na mieste star\u0161ieho kostola, \u00fadajne z roku 1371.<\/p>\n<p>S\u00fa\u010das\u0165ou interi\u00e9ru je zariadenie v \u0161t\u00fdle \u013eudov\u00e9ho baroka.<\/p>\n<p>Olt\u00e1r obsahuje dva obrazy Je\u017ei\u0161ovo premenenie a v dolnej \u010dasti Posledn\u00e1 ve\u010dera z roku 1795.<\/p>\n<p>Kazate\u013enica, dielo rezb\u00e1ra J\u00e1na Bradeck\u00e9ho zo Spi\u0161skej Novej Vsi, vznikla v rovnakom roku.<\/p>\n<p>Jej s\u00fa\u010das\u0165ou s\u00fa \u013eudov\u00e9 sochy evanjelistov od rezb\u00e1ra Antona Kassovitsa.<\/p>\n<p>Krstite\u013enica je z roku 1801. Vz\u00e1cny klasicistick\u00fd organ poch\u00e1dza z roku 1795, jeho autorom je majster Franti\u0161ek Petznik.<\/p>\n<p>Fas\u00e1dy kostola s\u00fa \u010dlenen\u00e9 oporn\u00fdmi piliermi a segmenovo ukon\u010den\u00fdmi oknami so \u0161ambr\u00e1nami.<\/p>\n<p>Ve\u017ea je \u010dlenen\u00e1 pilastrami a ukon\u010den\u00e1 korounnou r\u00edmsou s ter\u010d\u00edkom a hodinami a barokovou helmicou s laternou. Na ve\u017ei sa nach\u00e1dza v\u00fdrazn\u00e1 makovica, mesiaca a slnko, pod\u013ea trad\u00edcie gemersk\u00fdch evanjelick\u00fdch kostolov.<\/p>\n<p>Ve\u017ea kostola bola pristaven\u00e1 v roku 1840.<\/p>\n<p>Stavba pre\u0161la obnovami v rokoch 1884 a 1913.<\/p>\n<h4><span style=\"color: #993300;\">Vidiecky dom<\/span><\/h4>\n<p><a href=\"http:\/\/www.slovensky-kras.eu\/info\/kam-za-pamiatkami\/vidiecky-dom-dlha-ves\/\">Obecn\u00fd vidieck\u00fd dom<\/a> prezentuje \u013eudov\u00fa architekt\u00faru a kult\u00faru obce.<\/p>\n<figure id=\"attachment_18635\" aria-describedby=\"caption-attachment-18635\" style=\"width: 800px\" class=\"wp-caption aligncenter\"><a href=\"http:\/\/www.slovensky-kras.eu\/info\/wp-content\/uploads\/2020\/12\/dlha-ves.jpg\"><img loading=\"lazy\" decoding=\"async\" class=\"wp-image-18635 size-full\" src=\"https:\/\/www.slovensky-kras.eu\/info\/wp-content\/uploads\/2020\/12\/dlha-ves.jpg\" alt=\"\" width=\"800\" height=\"577\" srcset=\"https:\/\/www.slovensky-kras.eu\/info\/wp-content\/uploads\/2020\/12\/dlha-ves.jpg 800w, https:\/\/www.slovensky-kras.eu\/info\/wp-content\/uploads\/2020\/12\/dlha-ves-768x554.jpg 768w\" sizes=\"auto, (max-width: 800px) 100vw, 800px\" \/><\/a><figcaption id=\"caption-attachment-18635\" class=\"wp-caption-text\">vidiecky dom &#8211; interi\u00e9r, Zdroj foto: https:\/\/www.dlhaves.sk\/<\/figcaption><\/figure>\n<p>V\u0161etky izby s\u00fa zariaden\u00e9 star\u00fdm n\u00e1bytkom a s predmetmi, ktor\u00e9 pou\u017e\u00edvali miestny obyvatelia v minulosti.<\/p>\n<p><strong>Viac info o vidieckom dome sa do\u010d\u00edtate tu:<\/strong><\/p>\n<ul>\n<li><a href=\"https:\/\/www.slovensky-kras.eu\/info\/kam-za-pamiatkami\/vidiecky-dom-dlha-ves\/\" target=\"_blank\" rel=\"noopener\">Vidiecky dom (\u010d\u00edtaj viac v novom okne)<\/a><\/li>\n<\/ul>\n<h4><span style=\"color: #993300;\">\u013dudov\u00e1 architekt\u00fara<\/span><\/h4>\n<p>V obci sa zachovalo zop\u00e1r <strong>sedliackych domov<\/strong> z konca 19. storo\u010dia a za\u010diatku 20.storo\u010dia.<\/p>\n<figure id=\"attachment_22460\" aria-describedby=\"caption-attachment-22460\" style=\"width: 800px\" class=\"wp-caption aligncenter\"><a href=\"https:\/\/www.slovensky-kras.eu\/info\/wp-content\/uploads\/2022\/01\/dlha-ves12.jpg\"><img loading=\"lazy\" decoding=\"async\" class=\"wp-image-22460 size-full\" src=\"https:\/\/www.slovensky-kras.eu\/info\/wp-content\/uploads\/2022\/01\/dlha-ves12.jpg\" alt=\"\" width=\"800\" height=\"600\" srcset=\"https:\/\/www.slovensky-kras.eu\/info\/wp-content\/uploads\/2022\/01\/dlha-ves12.jpg 800w, https:\/\/www.slovensky-kras.eu\/info\/wp-content\/uploads\/2022\/01\/dlha-ves12-768x576.jpg 768w\" sizes=\"auto, (max-width: 800px) 100vw, 800px\" \/><\/a><figcaption id=\"caption-attachment-22460\" class=\"wp-caption-text\">\u013dudov\u00e1 architekt\u00fara, Zdroj foto: https:\/\/www.dlhaves.sk\/<\/figcaption><\/figure>\n<p>\u013dudov\u00e1 architekt\u00fara je tu najviac zast\u00fapen\u00e1 murovan\u00fdmi domami, ktor\u00e9 s\u00fa typick\u00e9 pre oblas\u0165 ju\u017en\u00e9ho Spi\u0161a, Gemera, Malohotu a Abova.<\/p>\n<h3><span style=\"color: #808000;\">Ubytovanie, stravovanie a slu\u017eby<\/span><\/h3>\n<ul>\n<li><a href=\"http:\/\/keturist.sk\/shop\/kategoria-produktu\/ubytovanie\/slovensky-kras\/?v=13dd621f2711\" target=\"_blank\" rel=\"noopener\">Ubytovacie zariadenia (\u010d\u00edtaj viac)<\/a><\/li>\n<\/ul>\n<ul>\n<li><a href=\"http:\/\/keturist.sk\/shop\/kategoria-produktu\/stravovanie\/slovensky-kras-stravovanie\/?v=13dd621f2711\" target=\"_blank\" rel=\"noopener\">Stravovacie zariadenia (\u010d\u00edtaj viac)<\/a><\/li>\n<\/ul>\n<h4><span style=\"color: #993300;\">Priv\u00e1t Flanderov\u00e1<\/span><\/h4>\n<p>Nov\u00e1 194<br \/>\n049 55 Dlh\u00e1 Ves<br \/>\n<strong>tel.:<\/strong> +421 905 913 158<br \/>\n<strong>e-mail:<\/strong> <a href=\"mailto:info@privatflanderova.sk\" target=\"_blank\" rel=\"noopener noreferrer\">info@privatflanderova.sk<\/a><br \/>\n<strong>e-mail:<\/strong> <a href=\"mailto:flanderova@zoznam.sk\" target=\"_blank\" rel=\"noopener noreferrer\">flanderova@zoznam.sk<\/a><br \/>\n<strong>Web:<\/strong> <a href=\"http:\/\/www.privatflanderova.sk\" target=\"_blank\" rel=\"noopener noreferrer\">www.privatflanderova.sk<\/a><br \/>\n<strong>GPS poloha:<\/strong> 48\u00ba 29&#8242; 36&#8220; N, 20\u00ba 26&#8242; 19&#8220; E<\/p>\n<h3><span style=\"color: #808000;\">Turistick\u00e9 ciele<\/span><\/h3>\n<h4><span style=\"color: #993300;\">Turistick\u00e9 trasy<\/span><\/h4>\n<p>Obcou prech\u00e1dza\u00a0<img loading=\"lazy\" decoding=\"async\" class=\"alignnone wp-image-10334 size-full\" src=\"http:\/\/www.slovensky-kras.eu\/info\/wp-content\/uploads\/2013\/07\/zelena.png\" alt=\"\" width=\"20\" height=\"21\" \/> zelen\u00e1 turistick\u00e1 trasa z obce <a href=\"http:\/\/www.slovensky-kras.eu\/info\/strediska-a-centra\/obec-bretka\/\">Bretka<\/a>, ktor\u00e1 kon\u010d\u00ed na <a href=\"http:\/\/www.slovensky-kras.eu\/info\/kam-do-prirody\/silicka-planina\/\">Silickej planine<\/a>.<\/p>\n<h4><span style=\"color: #993300;\">Kombinovan\u00e9 trasy<\/span><\/h4>\n<p>Dlh\u00e1 Ves je dobr\u00fdm v\u00fdchodiskom k jaskyniam <a href=\"http:\/\/www.slovensky-kras.eu\/info\/jaskyne-a-priepasti\/jaskyna-domica\/\">Domica<\/a>, <a href=\"http:\/\/www.slovensky-kras.eu\/info\/jaskyne-a-priepasti\/gombasecka-jaskyna\/\">Gombaseck\u00e1 jasky\u0148a<\/a>, <a href=\"http:\/\/www.slovensky-kras.eu\/info\/jaskyne-a-priepasti\/jaskyna-silicka-ladnica\/\">Silick\u00e1 \u013eadnica<\/a>, k n\u00e1rodnej pr\u00edrodnej rezerv\u00e1cii <a href=\"http:\/\/www.slovensky-kras.eu\/info\/kam-do-prirody\/kecovske-skrapy\/\">Ke\u010dovsk\u00e9 \u0161krapy<\/a>, k n\u00e1rodnej pr\u00edrodnej rezerv\u00e1cii <a href=\"http:\/\/www.slovensky-kras.eu\/info\/kam-do-prirody\/npr-domicke-skrapy\/\">Domick\u00e9 \u0161krapy<\/a>, k 43m hlbokej <strong>Mestskej priepasti<\/strong> (pri r\u00e1zcestn\u00edku Mestsk\u00e1 priepas\u0165 521 m n.m.), <strong>Z\u00e1vozn\u00fdm priepastiam<\/strong> (pri r\u00e1zcestn\u00edku Z\u00e1vozn\u00e1 475 m n.m.) a do obc\u00ed <a href=\"http:\/\/www.slovensky-kras.eu\/info\/strediska-a-centra\/obec-silica\/\">Silica<\/a>, <a href=\"http:\/\/www.slovensky-kras.eu\/info\/strediska-a-centra\/obec-silicka-brezova\/\">Silick\u00e1 Brezov\u00e1<\/a> a <a href=\"http:\/\/www.slovensky-kras.eu\/info\/strediska-a-centra\/obec-kecovo\/\">Ke\u010dovo<\/a>.<\/p>\n<h4><span style=\"color: #993300;\">Cykloturistick\u00e9 trasy<\/span><\/h4>\n<p>Cykloturistom je tu k dispoz\u00edci\u00ed \u010derven\u00e1 cykloturistick\u00e1 trasa naz\u00fdvan\u00e1 <strong>Cyklomagistr\u00e1la Slovensk\u00fd kras<\/strong> o celkovej d\u013a\u017eke pribl\u00ed\u017ene 195 km.<\/p>\n<h3><span style=\"color: #808000;\">Hist\u00f3ria<\/span><\/h3>\n<p>Prv\u00e1 p\u00edsomn\u00e1 zmienka o obci je z prvej polovice 14.storo\u010dia.<\/p>\n<p>V 14. storo\u010d\u00ed bola m\u00fdtnou stanicou na ceste do Turne.<\/p>\n<p>T\u00e1to po\u013enohospod\u00e1rska obec koncom 17.storo\u010dia spustla kv\u00f4li tureck\u00fdm n\u00e1jazdom.<\/p>\n<p>V 18.storo\u010d\u00ed bola os\u00eddlen\u00e1 Ukrajincami zo zakarpatskej oblasti.<\/p>\n<p>V rokoch 1939 a\u017e 1945 bola Dlh\u00e1 Ves pripojen\u00e1 k Ma\u010farsku.<\/p>\n<h3><span style=\"color: #808000;\">Pamiatky<\/span><\/h3>\n<ul>\n<li><a href=\"http:\/\/www.slovensky-kras.eu\/info\/kam-za-pamiatkami\/vidiecky-dom-dlha-ves\/\">Vidiecky dom -Dlh\u00e1 ves (\u010d\u00edtaj viac&#8230;)<\/a><\/li>\n<\/ul>\n<ul>\n<li>Evanjelick\u00fd klasicistick\u00fd kostol z roku 1792<\/li>\n<\/ul>\n<h3><span style=\"color: #808000;\">Pr\u00edrodn\u00e9 zauj\u00edmavosti v obci<\/span><\/h3>\n<ul>\n<li><a href=\"http:\/\/www.slovensky-kras.eu\/info\/kam-do-prirody\/silicka-planina\/\">Silick\u00e1 planina<\/a><\/li>\n<\/ul>\n<ul>\n<li>Krasov\u00e9 Jazierko<\/li>\n<\/ul>\n<h3><span style=\"color: #808000;\"><strong><br \/>\n<\/strong>Info jasky\u0148a<\/span><\/h3>\n<div class=\"rtbs  rtbs_domica\"><div class=\"rtbs_slug\" style=\"display:none\">domica<\/div><div class=\"rtbs_inactive_tab_background\" style=\"display:none\">transparent<\/div><div class=\"rtbs_breakpoint\" style=\"display:none\">600<\/div><div class=\"rtbs_color\" style=\"display:none\">#12bece<\/div>\r\n        <div class=\"rtbs_menu\">\r\n            <ul>\r\n                <li class=\"mobile_toggle\">&zwnj;<\/li><li class=\"current\"><a style=\"background:#12bece\" class=\"active domica-tab-link-0\" href=\"#\" data-tab=\"#domica-tab-0\">Aktu\u00e1lne podmienky<\/a><\/li>\r\n            <\/ul>\r\n        <\/div><div style=\"border-top:7px solid #12bece;\" id=\"domica-tab-0\" class=\"rtbs_content active\"><table>\n<tbody>\n<tr>\n<th bgcolor=\"#cccccc\">Mesto\/Obec<\/th>\n<th bgcolor=\"#cccccc\">Prev\u00e1dzka<\/th>\n<th bgcolor=\"#cccccc\">D\u013a\u017eka trasy<\/th>\n<th bgcolor=\"#cccccc\">Teplota v jaskyni<\/th>\n<\/tr>\n<tr>\n<td bgcolor=\"#ffffff\"><span style=\"color: #000000\">Dlh\u00e1 Ves - Stredisko Domica<\/span><\/td>\n<td bgcolor=\"#ffffff\"><span style=\"color: #000000\">Otvoren\u00e1 okrem pondelkov<\/span><\/td>\n<td bgcolor=\"#ffffff\"><span style=\"color: #000000\">780 \/ 930 m<\/span><\/td>\n<td bgcolor=\"#ffffff\"><span style=\"color: #000000\">12\u00b0C (vlhko a prievan)<\/span><\/td>\n<\/tr>\n<\/tbody>\n<\/table>\n<div style=\"margin-top:30px; clear:both;\"><\/div><\/div>\r\n    <\/div>\r\n    \n<h3><span style=\"color: #808000;\">Mapy<\/span><\/h3>\n<p><strong>Vrstvy: <\/strong>Turistick\u00e1 mapa, Automapa, Cyklomapa, Ly\u017eiarska mapa, Satelitn\u00e1 mapa a OpenStreetMap.<\/p>\n<p><strong>Kliknut\u00edm na logo &#8222;Freemap.sk&#8220; sa V\u00e1m mapa zobraz\u00ed na celej ploche obrazovky.<\/strong><\/p>\n<p><iframe style=\"width: 800px; height: 600px; border: 0;\" src=\"https:\/\/www.freemap.sk\/?map=14\/48.494113\/20.438046&amp;info-point=48.494113\/20.438046,Obec Dlh\u00e1 Ves&amp;layers=T&amp;embed=search\" allowfullscreen=\"allowfullscreen\"><\/iframe><\/p>\n<h3><span style=\"color: #808000;\">Po\u010dasie<\/span><\/h3>\n<p><iframe style=\"width: 800px; height: 600px;\" src=\"https:\/\/www.meteoblue.com\/sk\/po%C4%8Dasie\/widget\/three\/dlh%c3%a1-ves_slovensk%c3%a1-republika_724904?geoloc=fixed&amp;nocurrent=0&amp;noforecast=0&amp;days=6&amp;tempunit=CELSIUS&amp;windunit=KILOMETER_PER_HOUR&amp;layout=image\" frameborder=\"0\" scrolling=\"NO\" sandbox=\"allow-same-origin allow-scripts allow-popups allow-popups-to-escape-sandbox\"><span data-mce-type=\"bookmark\" style=\"display: inline-block; width: 0px; overflow: hidden; line-height: 0;\" class=\"mce_SELRES_start\">\ufeff<\/span><\/iframe><\/p>\n<div><!-- DO NOT REMOVE THIS LINK --><a href=\"https:\/\/www.meteoblue.com\/sk\/po%C4%8Dasie\/predpove%C4%8F\/t%C3%BD%C5%BEde%C5%88\/dlh%c3%a1-ves_slovensk%c3%a1-republika_724904?utm_source=weather_widget&amp;utm_medium=linkus&amp;utm_content=three&amp;utm_campaign=Weather%2BWidget\" target=\"_blank\" rel=\"noopener noreferrer\">meteoblue<\/a><\/div>\n","protected":false},"excerpt":{"rendered":"<p>Menu: V\u0161eobecn\u00e9 inform\u00e1cie Dlh\u00e1 Ves (v minulosti Hos\u00fasovo, ma\u010f. G\u00f6m\u00f6rhossz\u00fasz\u00f3, Hossz\u00fasz\u00f3) je obec na Slovensku v okrese Ro\u017e\u0148ava (Ko\u0161ick\u00fd samospr\u00e1vny kraj). Obec sa nach\u00e1dza na juhoz\u00e1padnom okraji Silickej planiny v [&hellip;]<\/p>\n","protected":false},"author":1,"featured_media":0,"parent":9,"menu_order":0,"comment_status":"closed","ping_status":"open","template":"","meta":{"_uag_custom_page_level_css":"","footnotes":""},"class_list":["post-996","page","type-page","status-publish","hentry"],"featured_image_src":"","featured_image_src_square":false,"rbea_author_info":{"display_name":"admin","author_link":"https:\/\/www.slovensky-kras.eu\/info\/author\/admin\/"},"rbea_excerpt_info":"Menu: V\u0161eobecn\u00e9 inform\u00e1cie Dlh\u00e1 Ves (v minulosti Hos\u00fasovo, ma\u010f. G\u00f6m\u00f6rhossz\u00fasz\u00f3, Hossz\u00fasz\u00f3) je obec na Slovensku v okrese Ro\u017e\u0148ava (Ko\u0161ick\u00fd samospr\u00e1vny kraj). Obec sa nach\u00e1dza na juhoz\u00e1padnom okraji Silickej planiny v [&hellip;]","uagb_featured_image_src":{"full":false,"thumbnail":false,"medium":false,"medium_large":false,"large":false,"1536x1536":false,"2048x2048":false},"uagb_author_info":{"display_name":"admin","author_link":"https:\/\/www.slovensky-kras.eu\/info\/author\/admin\/"},"uagb_comment_info":0,"uagb_excerpt":"Menu: V\u0161eobecn\u00e9 inform\u00e1cie Dlh\u00e1 Ves (v minulosti Hos\u00fasovo, ma\u010f. G\u00f6m\u00f6rhossz\u00fasz\u00f3, Hossz\u00fasz\u00f3) je obec na Slovensku v okrese Ro\u017e\u0148ava (Ko\u0161ick\u00fd samospr\u00e1vny kraj). Obec sa nach\u00e1dza na juhoz\u00e1padnom okraji Silickej planiny v [&hellip;]","_links":{"self":[{"href":"https:\/\/www.slovensky-kras.eu\/info\/wp-json\/wp\/v2\/pages\/996","targetHints":{"allow":["GET"]}}],"collection":[{"href":"https:\/\/www.slovensky-kras.eu\/info\/wp-json\/wp\/v2\/pages"}],"about":[{"href":"https:\/\/www.slovensky-kras.eu\/info\/wp-json\/wp\/v2\/types\/page"}],"author":[{"embeddable":true,"href":"https:\/\/www.slovensky-kras.eu\/info\/wp-json\/wp\/v2\/users\/1"}],"replies":[{"embeddable":true,"href":"https:\/\/www.slovensky-kras.eu\/info\/wp-json\/wp\/v2\/comments?post=996"}],"version-history":[{"count":14,"href":"https:\/\/www.slovensky-kras.eu\/info\/wp-json\/wp\/v2\/pages\/996\/revisions"}],"predecessor-version":[{"id":26268,"href":"https:\/\/www.slovensky-kras.eu\/info\/wp-json\/wp\/v2\/pages\/996\/revisions\/26268"}],"up":[{"embeddable":true,"href":"https:\/\/www.slovensky-kras.eu\/info\/wp-json\/wp\/v2\/pages\/9"}],"wp:attachment":[{"href":"https:\/\/www.slovensky-kras.eu\/info\/wp-json\/wp\/v2\/media?parent=996"}],"curies":[{"name":"wp","href":"https:\/\/api.w.org\/{rel}","templated":true}]}}