{"id":971,"date":"2013-07-11T18:35:23","date_gmt":"2013-07-11T16:35:23","guid":{"rendered":"http:\/\/www.slovensky-kras.eu\/info\/?page_id=971"},"modified":"2022-01-07T08:03:54","modified_gmt":"2022-01-07T07:03:54","slug":"obec-borka","status":"publish","type":"page","link":"https:\/\/www.slovensky-kras.eu\/info\/strediska-a-centra\/obec-borka\/","title":{"rendered":"Obec B\u00f4rka"},"content":{"rendered":"<p><strong>Menu: <\/strong> <a href=\"http:\/\/www.slovensky-kras.eu\/info\/\" class=\"su-button su-button-style-default\" style=\"color:#000000;background-color:#FFCF2F;border-color:#cca626;border-radius:5px\" target=\"_self\"><span style=\"color:#000000;padding:6px 16px;font-size:13px;line-height:20px;border-color:#ffde6e;border-radius:5px;text-shadow:none\"><i class=\"sui sui-arrow-right\" style=\"font-size:13px;color:#000000\"><\/i>  \u00davod \/ Aktuality <\/span><\/a>\n<a href=\"http:\/\/www.slovensky-kras.eu\/info\/strediska-a-centra\/\" class=\"su-button su-button-style-default\" style=\"color:#000000;background-color:#FFCF2F;border-color:#cca626;border-radius:5px\" target=\"_self\"><span style=\"color:#000000;padding:6px 16px;font-size:13px;line-height:20px;border-color:#ffde6e;border-radius:5px;text-shadow:none\"><i class=\"sui sui-arrow-right\" style=\"font-size:13px;color:#000000\"><\/i>  Turistick\u00e9 v\u00fdchodisk\u00e1 <\/span><\/a>\n<div class=\"su-divider su-divider-style-default\" style=\"margin:15px 0;border-width:2px;border-color:#000000\"><\/div>\n<div class=\"su-accordion su-u-trim\">\n<div class=\"su-spoiler su-spoiler-style-fancy su-spoiler-icon-plus su-spoiler-closed\" data-scroll-offset=\"0\" data-anchor-in-url=\"no\"><div class=\"su-spoiler-title\" tabindex=\"0\" role=\"button\"><span class=\"su-spoiler-icon\"><\/span>Textov\u00e9 menu - Turistick\u00e9 v\u00fdchodisk\u00e1<\/div><div class=\"su-spoiler-content su-u-clearfix su-u-trim\"> <div class=\"column-group columns-2\"><div class=\"column column-number-1 column-span-1\"><p><strong>Rekrea\u010dn\u00e9 stredisk\u00e1 a oblasti:<\/strong><br \/>\n<a href=\"http:\/\/www.slovensky-kras.eu\/info\/?page_id=97\">Domica<\/a><br \/>\n<a href=\"http:\/\/www.slovensky-kras.eu\/info\/rekreacne-stredisko-gombasek\/\">Gombasek<\/a><br \/>\n<a href=\"http:\/\/www.slovensky-kras.eu\/info\/strediska-a-centra\/turisticka-oblast-soroska-jablonovske-sedlo\/\">Soro\u0161ka-Jablonovsk\u00e9 sedlo<\/a><br \/>\n<a href=\"http:\/\/www.slovensky-kras.eu\/info\/strediska-a-centra\/rekreacna-oblast-sugov\/\">\u0160ugov<\/a><br \/>\n<strong>Mest\u00e1:<\/strong><br \/>\n<a href=\"http:\/\/www.slovensky-kras.eu\/info\/strediska-a-centra\/mesto-medzev\/\">Medzev<\/a><br \/>\n<a href=\"http:\/\/www.slovensky-kras.eu\/info\/strediska-a-centra\/mesto-moldava-nad-bodvou\/\">Moldava nad Bodvou<\/a><br \/>\n<a href=\"http:\/\/www.slovensky-kras.eu\/info\/strediska-a-centra\/mesto-roznava\/\">Ro\u017e\u0148ava<\/a><br \/>\n<strong>Obce:<\/strong><br \/>\n<a href=\"http:\/\/www.slovensky-kras.eu\/info\/strediska-a-centra\/obec-ardovo\/\">Ardovo<\/a><br \/>\n<a title=\"Obec B\u00f4rka\" href=\"http:\/\/www.slovensky-kras.eu\/info\/strediska-a-centra\/obec-borka\/\">B\u00f4rka<\/a><br \/>\n<a href=\"http:\/\/www.slovensky-kras.eu\/info\/strediska-a-centra\/obec-bretka\/\">Bretka<\/a><br \/>\n<a href=\"http:\/\/www.slovensky-kras.eu\/info\/strediska-a-centra\/obec-brzotin\/\">Brzot\u00edn<\/a><br \/>\n<a href=\"http:\/\/www.slovensky-kras.eu\/info\/strediska-a-centra\/obec-dlha-ves\/\">Dlh\u00e1 Ves<\/a><br \/>\n<a href=\"http:\/\/www.slovensky-kras.eu\/info\/strediska-a-centra\/obec-drnava\/\">Drnava<\/a><br \/>\n<a href=\"http:\/\/www.slovensky-kras.eu\/info\/strediska-a-centra\/1017-2\/\">Dvorn\u00edky-V\u010del\u00e1re<\/a><br \/>\n<a href=\"http:\/\/www.slovensky-kras.eu\/info\/strediska-a-centra\/obec-drienovec-drienovecke-kupele\/\">Drienovec-Drienoveck\u00e9 k\u00fapele<\/a><br \/>\n<a href=\"http:\/\/www.slovensky-kras.eu\/info\/strediska-a-centra\/obec-gemerska-horka\/\">Gemersk\u00e1 H\u00f4rka<\/a><br \/>\n<a href=\"http:\/\/www.slovensky-kras.eu\/info\/obec-hacava\/\">Ha\u010dava<\/a><br \/>\n<a href=\"http:\/\/www.slovensky-kras.eu\/info\/strediska-a-centra\/obec-haj\/\">H\u00e1j<\/p>\n<\/div>\n<\/a><div class=\"column column-number-2 last column-span-1\"><p><a href=\"http:\/\/www.slovensky-kras.eu\/info\/strediska-a-centra\/obec-hrhov\/\">Hrhov<\/a><br \/>\n<a href=\"http:\/\/www.slovensky-kras.eu\/info\/strediska-a-centra\/obec-hrusov\/\">Hru\u0161ov<\/a><br \/>\n<a href=\"http:\/\/www.slovensky-kras.eu\/info\/strediska-a-centra\/obec-jablonov-nad-turnou\/\">Jablonov nad Tur\u0148ou<\/a><br \/>\n<a href=\"http:\/\/www.slovensky-kras.eu\/info\/strediska-a-centra\/obec-jasov\/\">Jasov<\/a><br \/>\n<a href=\"http:\/\/www.slovensky-kras.eu\/info\/strediska-a-centra\/obec-jovice\/\">Jovice<\/a><br \/>\n<a href=\"http:\/\/www.slovensky-kras.eu\/info\/strediska-a-centra\/obec-kecovo\/\">Ke\u010dovo<\/a><br \/>\n<a href=\"http:\/\/www.slovensky-kras.eu\/info\/strediska-a-centra\/obec-krasnohorska-dlha-luka\/\">Kr\u00e1snohorsk\u00e1 Dlh\u00e1 L\u00faka<\/a><br \/>\n<a href=\"http:\/\/www.slovensky-kras.eu\/info\/strediska-a-centra\/obec-krasnohorske-podhradie\/\">Kr\u00e1snohorsk\u00e9 Podhradie<\/a><br \/>\n<a href=\"http:\/\/www.slovensky-kras.eu\/info\/strediska-a-centra\/obec-kruzna\/\">Kru\u017en\u00e1<\/a><br \/>\n<a href=\"http:\/\/www.slovensky-kras.eu\/info\/strediska-a-centra\/obec-lucka\/\">L\u00fa\u010dka<\/a><br \/>\n<a href=\"http:\/\/www.slovensky-kras.eu\/info\/strediska-a-centra\/obec-ochtina\/\">Ochtin\u00e1<\/a><br \/>\n<a href=\"http:\/\/www.slovensky-kras.eu\/info\/strediska-a-centra\/obec-plesivec\/\">Ple\u0161ivec<\/a><br \/>\n<a href=\"http:\/\/www.slovensky-kras.eu\/info\/strediska-a-centra\/obec-rakovnica\/\">Rakovnica<\/a><br \/>\n<a href=\"http:\/\/www.slovensky-kras.eu\/info\/strediska-a-centra\/obec-silica\/\">Silica<\/a><br \/>\n<a href=\"http:\/\/www.slovensky-kras.eu\/info\/strediska-a-centra\/obec-silicka-brezova\/\">Silick\u00e1 Brezov\u00e1<\/a><br \/>\n<a href=\"http:\/\/www.slovensky-kras.eu\/info\/strediska-a-centra\/obec-silicka-jablonica\/\">Silick\u00e1 Jablonica<\/a><br \/>\n<a href=\"http:\/\/www.slovensky-kras.eu\/info\/strediska-a-centra\/obec-slavec\/\">Slavec<\/a><br \/>\n<a href=\"http:\/\/www.slovensky-kras.eu\/info\/strediska-a-centra\/obec-stitnik\/\">\u0160t\u00edtnik<\/a><br \/>\n<a href=\"http:\/\/www.slovensky-kras.eu\/info\/strediska-a-centra\/obec-turna-nad-bodvou\/\">Tur\u0148a nad Bodvou<\/a><br \/>\n<a href=\"http:\/\/www.slovensky-kras.eu\/info\/strediska-a-centra\/obec-zadiel\/\">Z\u00e1diel<\/a><\/p>\n<\/div><\/div>\n<\/div><\/div>\n<\/div>\n<div class=\"su-divider su-divider-style-default\" style=\"margin:15px 0;border-width:2px;border-color:#000000\"><\/div>\n<h3><span style=\"color: #808000;\">V\u0161eobecn\u00e9 inform\u00e1cie<\/span><\/h3>\n<p>B\u00f4rka je obec na Slovensku v okrese Ro\u017e\u0148ava (Ko\u0161ick\u00fd samospr\u00e1vny kraj).<\/p>\n<figure id=\"attachment_22564\" aria-describedby=\"caption-attachment-22564\" style=\"width: 800px\" class=\"wp-caption aligncenter\"><a href=\"https:\/\/www.slovensky-kras.eu\/info\/wp-content\/uploads\/2022\/01\/borka1.jpg\"><img loading=\"lazy\" decoding=\"async\" class=\"wp-image-22564 size-full\" src=\"https:\/\/www.slovensky-kras.eu\/info\/wp-content\/uploads\/2022\/01\/borka1.jpg\" alt=\"\" width=\"800\" height=\"600\" srcset=\"https:\/\/www.slovensky-kras.eu\/info\/wp-content\/uploads\/2022\/01\/borka1.jpg 800w, https:\/\/www.slovensky-kras.eu\/info\/wp-content\/uploads\/2022\/01\/borka1-768x576.jpg 768w\" sizes=\"auto, (max-width: 800px) 100vw, 800px\" \/><\/a><figcaption id=\"caption-attachment-22564\" class=\"wp-caption-text\">Obec B\u00f4rka<\/figcaption><\/figure>\n<p>Obec B\u00f4rka (ma\u010f. Barka) je star\u00e1 po\u013enohospod\u00e1rska obec, ktor\u00e1 sa nach\u00e1dza 24 km od mesta <a href=\"http:\/\/www.slovensky-kras.eu\/info\/strediska-a-centra\/mesto-roznava\/\">Ro\u017e\u0148ava<\/a>.<\/p>\n<p>Le\u017e\u00ed na styku <a href=\"http:\/\/www.keturist.sk\/info\/okolite-hory\/volovske-vrchy\/\" target=\"_blank\" rel=\"noopener noreferrer\">Volovsk\u00fdch vrchoch<\/a> a <a href=\"http:\/\/www.slovensky-kras.eu\/info\/vseobecne-informacie\/\">Slovensk\u00e9ho krasu<\/a> v <a href=\"http:\/\/www.slovensky-kras.eu\/info\/kam-do-prirody\/dolina-cremosna-udolie-cremosna\/\">doline potoka \u010cremo\u0161n\u00e1<\/a>.<\/p>\n<p>Nadmorsk\u00e1 v\u00fd\u0161ka v strede obce je 564 m, 545-1180 m v chot\u00e1ri.<\/p>\n<p>Obec je p\u00fatnick\u00fdm miestom Karme\u013eskej Panny M\u00e1rie (odpust sa kon\u00e1 v nede\u013eu 16. j\u00fala alebo v najbli\u017e\u0161iu nede\u013eu po 16. j\u00fali).<\/p>\n<p>Obec m\u00e1 poto\u010dn\u00fa vidlicov\u00fa ulicov\u00fa z\u00e1stavbu.<\/p>\n<h4><span style=\"color: #808000;\">Neobarokov\u00fd ka\u0161tie\u013e<\/span><\/h4>\n<p>Neobarokov\u00fd ka\u0161tie\u013e v obci dala koncom 19. storo\u010dia postavi\u0165 \u0161\u013eachtick\u00e1 rodina <strong>Zi\u010di-Feraris<\/strong> (Zichy-Ferraris<strong>)<\/strong> na mieste star\u0161ieho ka\u0161tie\u013ea z polovice 18. storo\u010dia, ktor\u00e9ho tvar a architekt\u00faru u\u017e nepozn\u00e1me.<\/p>\n<figure id=\"attachment_19495\" aria-describedby=\"caption-attachment-19495\" style=\"width: 800px\" class=\"wp-caption aligncenter\"><a href=\"http:\/\/www.slovensky-kras.eu\/info\/wp-content\/uploads\/2020\/12\/borka-kastiel.jpg\"><img loading=\"lazy\" decoding=\"async\" class=\"wp-image-19495 size-full\" src=\"http:\/\/www.slovensky-kras.eu\/info\/wp-content\/uploads\/2020\/12\/borka-kastiel.jpg\" alt=\"\" width=\"800\" height=\"600\" srcset=\"https:\/\/www.slovensky-kras.eu\/info\/wp-content\/uploads\/2020\/12\/borka-kastiel.jpg 800w, https:\/\/www.slovensky-kras.eu\/info\/wp-content\/uploads\/2020\/12\/borka-kastiel-768x576.jpg 768w\" sizes=\"auto, (max-width: 800px) 100vw, 800px\" \/><\/a><figcaption id=\"caption-attachment-19495\" class=\"wp-caption-text\">Ka\u0161tie\u013e \u0161\u013eachtick\u00e9ho rodu Zichy-Ferraris a Imricha K\u00e1rolyiho<\/figcaption><\/figure>\n<p>P\u00f4dorys budovy je v tvare &#8222;T&#8220;.<\/p>\n<p><strong>Viac info o ka\u0161tieli sa do\u010d\u00edtate tu:<\/strong><\/p>\n<ul>\n<li><a href=\"https:\/\/www.slovensky-kras.eu\/info\/kam-za-pamiatkami\/kastiel-v-obci-borka\/\" target=\"_blank\" rel=\"noopener\">Neobarokov\u00fd ka\u0161tie\u013e (\u010d\u00edtaj viac v novom okne&#8230;)<\/a><\/li>\n<\/ul>\n<h4><span style=\"color: #993300;\">Kostol Panny M\u00e1rie Karmelskej<\/span><\/h4>\n<p>R\u00edmskokatol\u00edcky kostol Panny M\u00e1rie Karmelskej je jednolo\u010fov\u00e1 barokovo-klasicistick\u00fd stavba.<\/p>\n<figure id=\"attachment_18592\" aria-describedby=\"caption-attachment-18592\" style=\"width: 800px\" class=\"wp-caption aligncenter\"><a href=\"http:\/\/www.slovensky-kras.eu\/info\/wp-content\/uploads\/2020\/12\/borka5.jpg\"><img loading=\"lazy\" decoding=\"async\" class=\"wp-image-18592 size-full\" src=\"http:\/\/www.slovensky-kras.eu\/info\/wp-content\/uploads\/2020\/12\/borka5.jpg\" alt=\"\" width=\"800\" height=\"600\" srcset=\"https:\/\/www.slovensky-kras.eu\/info\/wp-content\/uploads\/2020\/12\/borka5.jpg 800w, https:\/\/www.slovensky-kras.eu\/info\/wp-content\/uploads\/2020\/12\/borka5-768x576.jpg 768w\" sizes=\"auto, (max-width: 800px) 100vw, 800px\" \/><\/a><figcaption id=\"caption-attachment-18592\" class=\"wp-caption-text\">Kostol karme\u013eskej Panny M\u00e1rie<\/figcaption><\/figure>\n<p>Postaven\u00fd na za\u010diatku 18. storo\u010dia stoj\u00ed na mieste gotick\u00e9ho kostola z druhej polovice 15. storo\u010dia.<\/p>\n<p>Kostol pre\u0161iel \u00fapravami v roku 1896.<\/p>\n<p>Na hlavnom klasicistickom olt\u00e1ri sa nach\u00e1dza star\u0161\u00ed barokov\u00fd obraz Panny M\u00e1rie zo za\u010diatku 18. storo\u010dia.<\/p>\n<p>Fas\u00e1dy kostola s\u00fa \u010dlenen\u00e9 liz\u00e9nami a polkruhovo ukon\u010den\u00fdmi oknami.<\/p>\n<p>Ve\u017ea vystupuj\u00faca z prie\u010delia vo forme rizalitu, je lemovan\u00e1 liz\u00e9nami a ukon\u010den\u00e1 barokovou helmicou s laternou.<\/p>\n<p>Najstar\u0161\u00ed z troch zvonov v kostole poch\u00e1dza z roku 1635.<\/p>\n<h4><span style=\"color: #993300;\">Reformovan\u00fd kostol<\/span><\/h4>\n<p>Klasicistick\u00fd evanjelick\u00fd kostol postaven\u00fd koncom 18. storo\u010dia s neskorobarokovou kazate\u013enicou.<\/p>\n<figure id=\"attachment_22560\" aria-describedby=\"caption-attachment-22560\" style=\"width: 800px\" class=\"wp-caption aligncenter\"><a href=\"https:\/\/www.slovensky-kras.eu\/info\/wp-content\/uploads\/2022\/01\/borka-protestant.jpg\"><img loading=\"lazy\" decoding=\"async\" class=\"wp-image-22560 size-full\" src=\"https:\/\/www.slovensky-kras.eu\/info\/wp-content\/uploads\/2022\/01\/borka-protestant.jpg\" alt=\"\" width=\"800\" height=\"600\" srcset=\"https:\/\/www.slovensky-kras.eu\/info\/wp-content\/uploads\/2022\/01\/borka-protestant.jpg 800w, https:\/\/www.slovensky-kras.eu\/info\/wp-content\/uploads\/2022\/01\/borka-protestant-768x576.jpg 768w\" sizes=\"auto, (max-width: 800px) 100vw, 800px\" \/><\/a><figcaption id=\"caption-attachment-22560\" class=\"wp-caption-text\">Kostol evanjelicky klasicistick\u00fd<\/figcaption><\/figure>\n<p>Interi\u00e9r je zaklenut\u00fd zrkadlovou klenbou.<\/p>\n<p>Ve\u017ea bola ku kostolu pristavan\u00e1 v roku 1804.<\/p>\n<p>Fas\u00e1dy kostola s\u00fa hladk\u00e9 bielen\u00e9.<\/p>\n<p>Ve\u017ea s polkruhovo ukon\u010den\u00fdmi rezonan\u010dn\u00fdmi otvormi je ukon\u010den\u00e1 ihlancovou helmicou.<\/p>\n<p>Kostol m\u00e1 dva zvony, star\u0161\u00ed z roku 1793 a mlad\u0161\u00ed z roku 1929.<\/p>\n<h4><span style=\"color: #993300;\">\u013dudov\u00e1 architekt\u00fara<\/span><\/h4>\n<p>V obci sa zachovalo zop\u00e1r <strong>sedliackych domov<\/strong> z konca 19. storo\u010dia a za\u010diatku 20.storo\u010dia.<\/p>\n<figure id=\"attachment_22565\" aria-describedby=\"caption-attachment-22565\" style=\"width: 800px\" class=\"wp-caption aligncenter\"><a href=\"https:\/\/www.slovensky-kras.eu\/info\/wp-content\/uploads\/2022\/01\/borka2.jpg\"><img loading=\"lazy\" decoding=\"async\" class=\"wp-image-22565 size-full\" src=\"https:\/\/www.slovensky-kras.eu\/info\/wp-content\/uploads\/2022\/01\/borka2.jpg\" alt=\"\" width=\"800\" height=\"600\" srcset=\"https:\/\/www.slovensky-kras.eu\/info\/wp-content\/uploads\/2022\/01\/borka2.jpg 800w, https:\/\/www.slovensky-kras.eu\/info\/wp-content\/uploads\/2022\/01\/borka2-768x576.jpg 768w\" sizes=\"auto, (max-width: 800px) 100vw, 800px\" \/><\/a><figcaption id=\"caption-attachment-22565\" class=\"wp-caption-text\">sedliacky dom<\/figcaption><\/figure>\n<p>\u013dudov\u00e1 architekt\u00fara je tu najviac zast\u00fapen\u00e1 murovan\u00fdmi domami, ktor\u00e9 s\u00fa typick\u00e9 pre oblas\u0165 ju\u017en\u00e9ho Spi\u0161a, Gemera, Malohotu a Abova.<\/p>\n<h3><span style=\"color: #808000;\">Turistick\u00e9 mo\u017enosti a zauj\u00edmavosti<\/span><\/h3>\n<p>Z obce vedie asi 4 km asfaltov\u00e1 cesta do <a href=\"http:\/\/www.slovensky-kras.eu\/info\/kam-do-prirody\/zadielska-dolina\/\">Z\u00e1dielskej doliny<\/a> cez <strong>Bor\u010diansk\u00e9 sedlo<\/strong> a mal\u00fa 2 km dlh\u00fa <strong>Baksov\u00fa dolinu<\/strong>.<\/p>\n<figure id=\"attachment_18589\" aria-describedby=\"caption-attachment-18589\" style=\"width: 800px\" class=\"wp-caption aligncenter\"><a href=\"http:\/\/www.slovensky-kras.eu\/info\/wp-content\/uploads\/2020\/12\/zadiel.png\"><img loading=\"lazy\" decoding=\"async\" class=\"wp-image-18589 size-full\" src=\"http:\/\/www.slovensky-kras.eu\/info\/wp-content\/uploads\/2020\/12\/zadiel.png\" alt=\"\" width=\"800\" height=\"533\" srcset=\"https:\/\/www.slovensky-kras.eu\/info\/wp-content\/uploads\/2020\/12\/zadiel.png 800w, https:\/\/www.slovensky-kras.eu\/info\/wp-content\/uploads\/2020\/12\/zadiel-768x512.png 768w\" sizes=\"auto, (max-width: 800px) 100vw, 800px\" \/><\/a><figcaption id=\"caption-attachment-18589\" class=\"wp-caption-text\">Z\u00e1dielska dolina<\/figcaption><\/figure>\n<p>B\u00f4rka je dobr\u00fdm v\u00fdchodiskom na <a href=\"http:\/\/www.slovensky-kras.eu\/info\/kam-do-prirody\/borcianska-planina\/\">Bor\u010diansk\u00fa planinu<\/a>, na <a href=\"http:\/\/www.slovensky-kras.eu\/info\/kam-do-prirody\/planina-horny-vrch\/\">planinu Horn\u00fd vrch<\/a> a do <a href=\"http:\/\/www.slovensky-kras.eu\/info\/kam-do-prirody\/npr-havrania-skala\/\">NPR Havrania skala<\/a>.<\/p>\n<h4><span style=\"color: #993300;\">Turistick\u00e9 trasy<\/span><\/h4>\n<p>Za obcou pri <strong>Bor\u010dianskom sedle (620 m n.n.)<\/strong> prech\u00e1dza\u00a0<img loading=\"lazy\" decoding=\"async\" class=\"alignnone wp-image-10330 size-full\" src=\"http:\/\/www.slovensky-kras.eu\/info\/wp-content\/uploads\/2013\/06\/cervena-1.png\" alt=\"\" width=\"20\" height=\"21\" \/> \u010derven\u00e1 turistick\u00e1 trasa z planiny<a href=\"http:\/\/www.slovensky-kras.eu\/info\/kam-do-prirody\/planina-horny-vrch\/\"> Horn\u00fd vrch<\/a> do <a href=\"http:\/\/www.slovensky-kras.eu\/info\/kam-do-prirody\/zadielska-dolina\/\">Z\u00e1dielskej doliny<\/a>.<\/p>\n<figure id=\"attachment_7351\" aria-describedby=\"caption-attachment-7351\" style=\"width: 800px\" class=\"wp-caption aligncenter\"><a href=\"http:\/\/www.slovensky-kras.eu\/info\/wp-content\/uploads\/2013\/06\/krasove-jazerko3.jpg\"><img loading=\"lazy\" decoding=\"async\" class=\"wp-image-7351 size-full\" src=\"http:\/\/www.slovensky-kras.eu\/info\/wp-content\/uploads\/2013\/06\/krasove-jazerko3.jpg\" alt=\"krasove jazerko3\" width=\"800\" height=\"452\" srcset=\"https:\/\/www.slovensky-kras.eu\/info\/wp-content\/uploads\/2013\/06\/krasove-jazerko3.jpg 800w, https:\/\/www.slovensky-kras.eu\/info\/wp-content\/uploads\/2013\/06\/krasove-jazerko3-768x434.jpg 768w\" sizes=\"auto, (max-width: 800px) 100vw, 800px\" \/><\/a><figcaption id=\"caption-attachment-7351\" class=\"wp-caption-text\">L\u00fa\u010dansk\u00e9 krasov\u00e9 jazierko<\/figcaption><\/figure>\n<p>Po tejto turistickej trase sa m\u00f4\u017eete dosta\u0165 u\u017e spom\u00ednanou\u00a0<strong>Baksovou dolinou<\/strong> do\u00a0<a href=\"http:\/\/www.slovensky-kras.eu\/info\/kam-do-prirody\/zadielska-dolina\/\">Z\u00e1dielskej doliny<\/a> k r\u00e1zcestn\u00edku <strong>Z\u00e1dielska dolina \u2013 hor\u00e1re\u0148 (450 m n.m.)<\/strong>.<\/p>\n<p>Celkov\u00fd \u010das k r\u00e1zcestn\u00edku <strong>Z\u00e1dielsk\u00e1 dolina \u2013 hor\u00e1re\u0148 (450 m n.m.)<\/strong> je z obce B\u00f4rka pribli\u017ene 0:30 h (nasp\u00e4\u0165 0:25 h).<\/p>\n<p>Opa\u010dn\u00fdm smerom pokra\u010duje \u00a0<img loading=\"lazy\" decoding=\"async\" class=\"alignnone wp-image-10330 size-full\" src=\"http:\/\/www.slovensky-kras.eu\/info\/wp-content\/uploads\/2013\/06\/cervena-1.png\" alt=\"\" width=\"20\" height=\"21\" \/> \u010derven\u00e1 turistick\u00e1 trasa\u00a0planinou<a href=\"http:\/\/www.slovensky-kras.eu\/info\/kam-do-prirody\/planina-horny-vrch\/\"> Horn\u00fd vrch<\/a> a\u017e ku <a href=\"http:\/\/www.slovensky-kras.eu\/info\/kam-do-prirody\/lucanske-krasove-jazierko\/\">L\u00fa\u010dansk\u00e9mu krasov\u00e9mu jazierku (728 m n.m.)<\/a>.<\/p>\n<h4><span style=\"color: #993300;\">Cykloturistick\u00e9 trasy<\/span><\/h4>\n<p>Obcou prech\u00e1dzaj\u00fa cykloturistick\u00e9 trasy (modr\u00e1 a \u010derven\u00e1).<\/p>\n<p>Cykloturistom je tu k dispoz\u00edci\u00ed \u010derven\u00e1 cykloturistick\u00e1 trasa naz\u00fdvan\u00e1 Cyklomagistr\u00e1la Slovensk\u00fd kras o celkovej d\u013a\u017eke pribl\u00ed\u017ene 195 km.<\/p>\n<h3><span style=\"color: #808000;\">Hist\u00f3ria<\/span><\/h3>\n<p>Prv\u00e1 p\u00edsomn\u00e1 zmienka o obci je zo za\u010diatku 15. storo\u010dia.<\/p>\n<p>Obec patrila Turniansk\u00e9mu hradn\u00e9mu panstvu.<\/p>\n<p>V 19. storo\u010d\u00ed sa obyvatelia obce \u017eivili popri po\u013enohospod\u00e1rstve a chove dobytka aj pr\u00e1cou v miestnych baniach, v \u017eeleziarni, na p\u00edle alebo v uhliarni.<\/p>\n<p>Bola tu uhliare\u0148 a p\u00edla.<\/p>\n<p>Za prvej \u010cSR pracovali obyvatelia obce v po\u013enohospod\u00e1rstve a v lesoch.<\/p>\n<p>Obec bola v rokoch 1938-1945 pripojen\u00e1 k Ma\u010farsku.<\/p>\n<h3><span style=\"color: #808000;\">Pamiatky<\/span><\/h3>\n<ul>\n<li><a href=\"http:\/\/www.slovensky-kras.eu\/info\/kam-za-pamiatkami\/kastiel-v-obci-borka\/\">Ka\u0161tie\u013e v obci B\u00f4rka (\u010d\u00edtaj viac&#8230;)<\/a><\/li>\n<\/ul>\n<ul>\n<li>Klasicistick\u00fd evanielick\u00fd kostol z 18. storo\u010dia<\/li>\n<\/ul>\n<ul>\n<li>Barokovo-klasicistick\u00fd katolick\u00fd kostol karme\u013eskej Panny M\u00e1rie<\/li>\n<\/ul>\n<h3><span style=\"color: #808000;\">Pr\u00edroda<\/span><\/h3>\n<ul>\n<li><a href=\"http:\/\/www.slovensky-kras.eu\/info\/kam-do-prirody\/dolina-cremosna-udolie-cremosna\/\">Dolina \u010cremo\u0161n\u00e1 (\u00fadolie \u010cremo\u0161n\u00e1) (\u010d\u00edtaj viac&#8230;)<\/a><\/li>\n<\/ul>\n<ul>\n<li>Baksov\u00e1 dolina<\/li>\n<\/ul>\n<h3><span style=\"color: #808000;\">Ostatn\u00e9 &#8211; zauj\u00edmavosti<\/span><\/h3>\n<ul>\n<li>Slovensk\u00e1 bansk\u00e1 cesta (\u010d\u00edtaj viac&#8230;)<\/li>\n<\/ul>\n<h3><span style=\"color: #808000;\">Mapy<\/span><\/h3>\n<p><strong>Vrstvy: <\/strong>Turistick\u00e1 mapa, Automapa, Cyklomapa, Ly\u017eiarska mapa, Satelitn\u00e1 mapa a OpenStreetMap.<\/p>\n<p><strong>Kliknut\u00edm na logo &#8222;Freemap.sk&#8220; sa V\u00e1m mapa zobraz\u00ed na celej ploche obrazovky.<\/strong><\/p>\n<p><iframe style=\"width: 800px; height: 600px; border: 0;\" src=\"https:\/\/www.freemap.sk\/?map=15\/48.631079\/20.763752&amp;info-point=48.631079\/20.763752,Obec B\u00f4rka&amp;layers=T&amp;embed=search\" allowfullscreen=\"allowfullscreen\"><\/iframe><\/p>\n<h3><span style=\"color: #808000;\">Po\u010dasie<\/span><\/h3>\n<p><iframe style=\"width: 800px; height: 600px;\" src=\"https:\/\/www.meteoblue.com\/sk\/po%C4%8Dasie\/widget\/three\/borka_slovensk%c3%a1-republika_725098?geoloc=fixed&amp;nocurrent=0&amp;noforecast=0&amp;days=6&amp;tempunit=CELSIUS&amp;windunit=KILOMETER_PER_HOUR&amp;layout=image\" frameborder=\"0\" scrolling=\"NO\" sandbox=\"allow-same-origin allow-scripts allow-popups allow-popups-to-escape-sandbox\"><\/iframe><\/p>\n<div><!-- DO NOT REMOVE THIS LINK --><a href=\"https:\/\/www.meteoblue.com\/sk\/po%C4%8Dasie\/predpove%C4%8F\/t%C3%BD%C5%BEde%C5%88\/borka_slovensk%c3%a1-republika_725098?utm_source=weather_widget&amp;utm_medium=linkus&amp;utm_content=three&amp;utm_campaign=Weather%2BWidget\" target=\"_blank\" rel=\"noopener noreferrer\">meteoblue<\/a><\/div>\n","protected":false},"excerpt":{"rendered":"<p>Menu: V\u0161eobecn\u00e9 inform\u00e1cie B\u00f4rka je obec na Slovensku v okrese Ro\u017e\u0148ava (Ko\u0161ick\u00fd samospr\u00e1vny kraj). Obec B\u00f4rka (ma\u010f. Barka) je star\u00e1 po\u013enohospod\u00e1rska obec, ktor\u00e1 sa nach\u00e1dza 24 km od mesta Ro\u017e\u0148ava. [&hellip;]<\/p>\n","protected":false},"author":1,"featured_media":0,"parent":9,"menu_order":0,"comment_status":"closed","ping_status":"open","template":"","meta":{"_uag_custom_page_level_css":"","footnotes":""},"class_list":["post-971","page","type-page","status-publish","hentry"],"featured_image_src":"","featured_image_src_square":false,"rbea_author_info":{"display_name":"admin","author_link":"https:\/\/www.slovensky-kras.eu\/info\/author\/admin\/"},"rbea_excerpt_info":"Menu: V\u0161eobecn\u00e9 inform\u00e1cie B\u00f4rka je obec na Slovensku v okrese Ro\u017e\u0148ava (Ko\u0161ick\u00fd samospr\u00e1vny kraj). Obec B\u00f4rka (ma\u010f. Barka) je star\u00e1 po\u013enohospod\u00e1rska obec, ktor\u00e1 sa nach\u00e1dza 24 km od mesta Ro\u017e\u0148ava. [&hellip;]","uagb_featured_image_src":{"full":false,"thumbnail":false,"medium":false,"medium_large":false,"large":false,"1536x1536":false,"2048x2048":false},"uagb_author_info":{"display_name":"admin","author_link":"https:\/\/www.slovensky-kras.eu\/info\/author\/admin\/"},"uagb_comment_info":0,"uagb_excerpt":"Menu: V\u0161eobecn\u00e9 inform\u00e1cie B\u00f4rka je obec na Slovensku v okrese Ro\u017e\u0148ava (Ko\u0161ick\u00fd samospr\u00e1vny kraj). Obec B\u00f4rka (ma\u010f. Barka) je star\u00e1 po\u013enohospod\u00e1rska obec, ktor\u00e1 sa nach\u00e1dza 24 km od mesta Ro\u017e\u0148ava. [&hellip;]","_links":{"self":[{"href":"https:\/\/www.slovensky-kras.eu\/info\/wp-json\/wp\/v2\/pages\/971","targetHints":{"allow":["GET"]}}],"collection":[{"href":"https:\/\/www.slovensky-kras.eu\/info\/wp-json\/wp\/v2\/pages"}],"about":[{"href":"https:\/\/www.slovensky-kras.eu\/info\/wp-json\/wp\/v2\/types\/page"}],"author":[{"embeddable":true,"href":"https:\/\/www.slovensky-kras.eu\/info\/wp-json\/wp\/v2\/users\/1"}],"replies":[{"embeddable":true,"href":"https:\/\/www.slovensky-kras.eu\/info\/wp-json\/wp\/v2\/comments?post=971"}],"version-history":[{"count":11,"href":"https:\/\/www.slovensky-kras.eu\/info\/wp-json\/wp\/v2\/pages\/971\/revisions"}],"predecessor-version":[{"id":22566,"href":"https:\/\/www.slovensky-kras.eu\/info\/wp-json\/wp\/v2\/pages\/971\/revisions\/22566"}],"up":[{"embeddable":true,"href":"https:\/\/www.slovensky-kras.eu\/info\/wp-json\/wp\/v2\/pages\/9"}],"wp:attachment":[{"href":"https:\/\/www.slovensky-kras.eu\/info\/wp-json\/wp\/v2\/media?parent=971"}],"curies":[{"name":"wp","href":"https:\/\/api.w.org\/{rel}","templated":true}]}}