{"id":97,"date":"2013-06-23T19:41:17","date_gmt":"2013-06-23T17:41:17","guid":{"rendered":"http:\/\/www.slovensky-kras.eu\/info\/?page_id=97"},"modified":"2025-12-06T05:18:17","modified_gmt":"2025-12-06T04:18:17","slug":"domica","status":"publish","type":"page","link":"https:\/\/www.slovensky-kras.eu\/info\/strediska-a-centra\/domica\/","title":{"rendered":"Stredisko Domica"},"content":{"rendered":"<p><strong>Menu: <\/strong> <a href=\"http:\/\/www.slovensky-kras.eu\/info\/\" class=\"su-button su-button-style-default\" style=\"color:#000000;background-color:#FFCF2F;border-color:#cca626;border-radius:5px\" target=\"_self\"><span style=\"color:#000000;padding:6px 16px;font-size:13px;line-height:20px;border-color:#ffde6e;border-radius:5px;text-shadow:none\"><i class=\"sui sui-arrow-right\" style=\"font-size:13px;color:#000000\"><\/i>  \u00davod \/ Aktuality <\/span><\/a>\n<a href=\"http:\/\/www.slovensky-kras.eu\/info\/strediska-a-centra\/\" class=\"su-button su-button-style-default\" style=\"color:#000000;background-color:#FFCF2F;border-color:#cca626;border-radius:5px\" target=\"_self\"><span style=\"color:#000000;padding:6px 16px;font-size:13px;line-height:20px;border-color:#ffde6e;border-radius:5px;text-shadow:none\"><i class=\"sui sui-arrow-right\" style=\"font-size:13px;color:#000000\"><\/i>  Turistick\u00e9 v\u00fdchodisk\u00e1 <\/span><\/a>\n<div class=\"su-divider su-divider-style-default\" style=\"margin:15px 0;border-width:3px;border-color:#000000\"><\/div>\n<div class=\"su-accordion su-u-trim\">\n<div class=\"su-spoiler su-spoiler-style-fancy su-spoiler-icon-plus su-spoiler-closed\" data-scroll-offset=\"0\" data-anchor-in-url=\"no\"><div class=\"su-spoiler-title\" tabindex=\"0\" role=\"button\"><span class=\"su-spoiler-icon\"><\/span>Textov\u00e9 menu - Turistick\u00e9 v\u00fdchodisk\u00e1<\/div><div class=\"su-spoiler-content su-u-clearfix su-u-trim\"> <div class=\"column-group columns-2\"><div class=\"column column-number-1 column-span-1\"><p><strong>Rekrea\u010dn\u00e9 stredisk\u00e1 a oblasti:<\/strong><br \/>\n<a href=\"http:\/\/www.slovensky-kras.eu\/info\/?page_id=97\">Domica<\/a><br \/>\n<a href=\"http:\/\/www.slovensky-kras.eu\/info\/rekreacne-stredisko-gombasek\/\">Gombasek<\/a><br \/>\n<a href=\"http:\/\/www.slovensky-kras.eu\/info\/strediska-a-centra\/turisticka-oblast-soroska-jablonovske-sedlo\/\">Soro\u0161ka-Jablonovsk\u00e9 sedlo<\/a><br \/>\n<a href=\"http:\/\/www.slovensky-kras.eu\/info\/strediska-a-centra\/rekreacna-oblast-sugov\/\">\u0160ugov<\/a><br \/>\n<strong>Mest\u00e1:<\/strong><br \/>\n<a href=\"http:\/\/www.slovensky-kras.eu\/info\/strediska-a-centra\/mesto-medzev\/\">Medzev<\/a><br \/>\n<a href=\"http:\/\/www.slovensky-kras.eu\/info\/strediska-a-centra\/mesto-moldava-nad-bodvou\/\">Moldava nad Bodvou<\/a><br \/>\n<a href=\"http:\/\/www.slovensky-kras.eu\/info\/strediska-a-centra\/mesto-roznava\/\">Ro\u017e\u0148ava<\/a><br \/>\n<strong>Obce:<\/strong><br \/>\n<a href=\"http:\/\/www.slovensky-kras.eu\/info\/strediska-a-centra\/obec-ardovo\/\">Ardovo<\/a><br \/>\n<a title=\"Obec B\u00f4rka\" href=\"http:\/\/www.slovensky-kras.eu\/info\/strediska-a-centra\/obec-borka\/\">B\u00f4rka<\/a><br \/>\n<a href=\"http:\/\/www.slovensky-kras.eu\/info\/strediska-a-centra\/obec-bretka\/\">Bretka<\/a><br \/>\n<a href=\"http:\/\/www.slovensky-kras.eu\/info\/strediska-a-centra\/obec-brzotin\/\">Brzot\u00edn<\/a><br \/>\n<a href=\"http:\/\/www.slovensky-kras.eu\/info\/strediska-a-centra\/obec-dlha-ves\/\">Dlh\u00e1 Ves<\/a><br \/>\n<a href=\"http:\/\/www.slovensky-kras.eu\/info\/strediska-a-centra\/obec-drnava\/\">Drnava<\/a><br \/>\n<a href=\"http:\/\/www.slovensky-kras.eu\/info\/strediska-a-centra\/1017-2\/\">Dvorn\u00edky-V\u010del\u00e1re<\/a><br \/>\n<a href=\"http:\/\/www.slovensky-kras.eu\/info\/strediska-a-centra\/obec-drienovec-drienovecke-kupele\/\">Drienovec-Drienoveck\u00e9 k\u00fapele<\/a><br \/>\n<a href=\"http:\/\/www.slovensky-kras.eu\/info\/strediska-a-centra\/obec-gemerska-horka\/\">Gemersk\u00e1 H\u00f4rka<\/a><br \/>\n<a href=\"http:\/\/www.slovensky-kras.eu\/info\/obec-hacava\/\">Ha\u010dava<\/a><br \/>\n<a href=\"http:\/\/www.slovensky-kras.eu\/info\/strediska-a-centra\/obec-haj\/\">H\u00e1j<\/p>\n<\/div>\n<\/a><div class=\"column column-number-2 last column-span-1\"><p><a href=\"http:\/\/www.slovensky-kras.eu\/info\/strediska-a-centra\/obec-hrhov\/\">Hrhov<\/a><br \/>\n<a href=\"http:\/\/www.slovensky-kras.eu\/info\/strediska-a-centra\/obec-hrusov\/\">Hru\u0161ov<\/a><br \/>\n<a href=\"http:\/\/www.slovensky-kras.eu\/info\/strediska-a-centra\/obec-jablonov-nad-turnou\/\">Jablonov nad Tur\u0148ou<\/a><br \/>\n<a href=\"http:\/\/www.slovensky-kras.eu\/info\/strediska-a-centra\/obec-jasov\/\">Jasov<\/a><br \/>\n<a href=\"http:\/\/www.slovensky-kras.eu\/info\/strediska-a-centra\/obec-jovice\/\">Jovice<\/a><br \/>\n<a href=\"http:\/\/www.slovensky-kras.eu\/info\/strediska-a-centra\/obec-kecovo\/\">Ke\u010dovo<\/a><br \/>\n<a href=\"http:\/\/www.slovensky-kras.eu\/info\/strediska-a-centra\/obec-krasnohorska-dlha-luka\/\">Kr\u00e1snohorsk\u00e1 Dlh\u00e1 L\u00faka<\/a><br \/>\n<a href=\"http:\/\/www.slovensky-kras.eu\/info\/strediska-a-centra\/obec-krasnohorske-podhradie\/\">Kr\u00e1snohorsk\u00e9 Podhradie<\/a><br \/>\n<a href=\"http:\/\/www.slovensky-kras.eu\/info\/strediska-a-centra\/obec-kruzna\/\">Kru\u017en\u00e1<\/a><br \/>\n<a href=\"http:\/\/www.slovensky-kras.eu\/info\/strediska-a-centra\/obec-lucka\/\">L\u00fa\u010dka<\/a><br \/>\n<a href=\"http:\/\/www.slovensky-kras.eu\/info\/strediska-a-centra\/obec-ochtina\/\">Ochtin\u00e1<\/a><br \/>\n<a href=\"http:\/\/www.slovensky-kras.eu\/info\/strediska-a-centra\/obec-plesivec\/\">Ple\u0161ivec<\/a><br \/>\n<a href=\"http:\/\/www.slovensky-kras.eu\/info\/strediska-a-centra\/obec-rakovnica\/\">Rakovnica<\/a><br \/>\n<a href=\"http:\/\/www.slovensky-kras.eu\/info\/strediska-a-centra\/obec-silica\/\">Silica<\/a><br \/>\n<a href=\"http:\/\/www.slovensky-kras.eu\/info\/strediska-a-centra\/obec-silicka-brezova\/\">Silick\u00e1 Brezov\u00e1<\/a><br \/>\n<a href=\"http:\/\/www.slovensky-kras.eu\/info\/strediska-a-centra\/obec-silicka-jablonica\/\">Silick\u00e1 Jablonica<\/a><br \/>\n<a href=\"http:\/\/www.slovensky-kras.eu\/info\/strediska-a-centra\/obec-slavec\/\">Slavec<\/a><br \/>\n<a href=\"http:\/\/www.slovensky-kras.eu\/info\/strediska-a-centra\/obec-stitnik\/\">\u0160t\u00edtnik<\/a><br \/>\n<a href=\"http:\/\/www.slovensky-kras.eu\/info\/strediska-a-centra\/obec-turna-nad-bodvou\/\">Tur\u0148a nad Bodvou<\/a><br \/>\n<a href=\"http:\/\/www.slovensky-kras.eu\/info\/strediska-a-centra\/obec-zadiel\/\">Z\u00e1diel<\/a><\/p>\n<\/div><\/div>\n<\/div><\/div>\n<\/div>\n<div class=\"su-divider su-divider-style-default\" style=\"margin:15px 0;border-width:3px;border-color:#000000\"><\/div>\n<figure id=\"attachment_21344\" aria-describedby=\"caption-attachment-21344\" style=\"width: 900px\" class=\"wp-caption aligncenter\"><a href=\"https:\/\/www.slovensky-kras.eu\/info\/wp-content\/uploads\/2021\/12\/domica-stredisko.jpg\"><img loading=\"lazy\" decoding=\"async\" class=\"wp-image-21344\" src=\"https:\/\/www.slovensky-kras.eu\/info\/wp-content\/uploads\/2021\/12\/domica-stredisko.jpg\" alt=\"DOMICA RESORT\" width=\"900\" height=\"600\" srcset=\"https:\/\/www.slovensky-kras.eu\/info\/wp-content\/uploads\/2021\/12\/domica-stredisko.jpg 800w, https:\/\/www.slovensky-kras.eu\/info\/wp-content\/uploads\/2021\/12\/domica-stredisko-768x512.jpg 768w\" sizes=\"auto, (max-width: 900px) 100vw, 900px\" \/><\/a><figcaption id=\"caption-attachment-21344\" class=\"wp-caption-text\">DOMICA RESORT<\/figcaption><\/figure>\n<div class=\"su-divider su-divider-style-default\" style=\"margin:15px 0;border-width:3px;border-color:#000000\"><\/div>\n<h3><span style=\"color: #ff0000;\"><strong>Prev\u00e1dzka komplexu DOMICA RESORT je z technick\u00fdch pr\u00ed\u010din zatvoren\u00e1!<\/strong><\/span><\/h3>\n<h2 dir=\"auto\"><span style=\"color: #800000;\">\u010co je <strong>Stredisko Domica<\/strong> a kde sa presne nach\u00e1dza?<\/span><\/h2>\n<p dir=\"auto\"><strong>Stredisko Domica<\/strong> sa nach\u00e1dza v katastri obce Ke\u010dovo v NP Slovensk\u00fd kras. Stredisko tvoria verejnosti spr\u00edstupnen\u00e1 <strong>jasky\u0148a Domica<\/strong> a moment\u00e1lne zatvoren\u00fd <strong>DOMICA RESORT<\/strong>.<\/p>\n<h2 dir=\"auto\"><span style=\"color: #800000;\">\u010c\u00edm je <strong>DOMICA RESORT<\/strong> v\u00fdnimo\u010dn\u00fd pre rodiny s de\u0165mi aj pre dospel\u00fdch?<\/span><\/h2>\n<p dir=\"auto\"><strong>DOMICA RESORT<\/strong> v sebe sp\u00e1ja fantastick\u00fd rozpr\u00e1vkov\u00fd svet, po ktorom t\u00fa\u017eia Va\u0161e deti, s unik\u00e1tnym <strong>wellness<\/strong> programom pre V\u00e1\u0161 oddych, v lone panenskej pr\u00edrody N\u00e1rodn\u00e9ho parku Slovensk\u00fd kras.<\/p>\n<h2 dir=\"auto\"><span style=\"color: #800000;\">Ak\u00e9 detsk\u00e9 atrakcie n\u00e1jdete v are\u00e1li <strong>DOMICA RESORT<\/strong>?<\/span><\/h2>\n<p dir=\"auto\">V are\u00e1li detsk\u00e9ho z\u00e1bavn\u00e9ho parku je replika stredovek\u00e9ho hradu, v\u00fdjavy z r\u00f4znych rozpr\u00e1vok, \u010di amfite\u00e1ter pre 300 \u013eud\u00ed.<\/p>\n<h2 dir=\"auto\"><span style=\"color: #800000;\">Ak\u00e9 slu\u017eby pon\u00fakal <strong>DOMICA RESORT<\/strong>?<\/span><\/h2>\n<p dir=\"auto\">Okrem ubytovania na vysokej \u00farovni a stravovania V\u00e1m <strong>DOMICA RESORT<\/strong> pon\u00faka aj <strong>speleoterapiu<\/strong>, teda ozdravn\u00e9 pobyty v <strong>jaskyni Domica<\/strong>. Prev\u00e1dzka komplexu <strong>DOMICA RESORT<\/strong> je u\u017e roky z technick\u00fdch pr\u00ed\u010din zatvoren\u00e1!<\/p>\n<h2 dir=\"auto\"><span style=\"color: #800000;\">Jasky\u0148a Domica \u2013 pre\u010do patr\u00ed medzi svetov\u00e9 poklady?<\/span><\/h2>\n<p dir=\"auto\"><strong>Jasky\u0148a Domica<\/strong> je zaraden\u00e1 do Zoznamu svetov\u00e9ho kult\u00farneho a pr\u00edrodn\u00e9ho dedi\u010dstva <strong>UNESCO<\/strong>. S\u00fa tu v\u00fdborn\u00e9 podmienky na pobyt pre astmatikov a alergikov.<\/p>\n<p><strong>Viac info o jaskyni sa do\u010d\u00edtate tu:<\/strong><\/p>\n<ul>\n<li><a href=\"http:\/\/www.slovensky-kras.eu\/info\/jaskyne-a-priepasti\/jaskyna-domica\/\" target=\"_blank\" rel=\"noopener\">Jasky\u0148a Domica (\u010d\u00edtaj viac info v novom okne&#8230;)<\/a><\/li>\n<\/ul>\n<h2 dir=\"auto\"><span style=\"color: #800000;\">Turistick\u00e9 ciele \u2013 kam sa odtia\u013eto oplat\u00ed vyrazi\u0165?<\/span><\/h2>\n<p dir=\"auto\">Stredisko je dobr\u00fdm v\u00fdchodiskom pre pe\u0161\u00edch turistov a cykloturistov do okolitej pr\u00edrody a to hlavne na <strong>Silick\u00fa planinu<\/strong>.<\/p>\n<h3 dir=\"auto\"><span style=\"color: #808000;\">N\u00e1u\u010dn\u00fd chodn\u00edk Domica \u2013 \u010do v\u0161etko sa na \u0148om dozviete?<\/span><\/h3>\n<p dir=\"auto\">Nach\u00e1dza sa tu <strong>N\u00e1u\u010dn\u00fd chodn\u00edk Domica<\/strong>, ktor\u00fd pozost\u00e1va z piatich informa\u010dn\u00fdch panelov. Prv\u00fd je venovan\u00fd n\u00e1rodn\u00e9mu parku, druh\u00fd pod\u00e1va inform\u00e1cie o n\u00e1u\u010dnom chodn\u00edku, tret\u00ed o faune, \u0161tvrt\u00fd o geol\u00f3gii a geomorfol\u00f3gii a piaty panel pod\u00e1va inform\u00e1cie o fl\u00f3re.<\/p>\n<p><strong>Viac info o n\u00e1u\u010dnom chodn\u00edku sa do\u010d\u00edtate tu:<\/strong><\/p>\n<ul>\n<li><a href=\"https:\/\/www.slovensky-kras.eu\/info\/aktivity-a-sport\/naucny-chodnik-domica\/\" target=\"_blank\" rel=\"nofollow noopener\">N\u00e1u\u010dn\u00fd chodn\u00edk Domica (\u010d\u00edtaj viac v novom okne)<\/a><\/li>\n<\/ul>\n<h3 dir=\"auto\"><span style=\"color: #808000;\">Ak\u00e9 pe\u0161ie turistick\u00e9 trasy za\u010d\u00ednaj\u00fa priamo v <strong>Stredisku Domica<\/strong>?<\/span><\/h3>\n<p dir=\"auto\">V stredisku za\u010d\u00edna <strong>\u010derven\u00e1 turistick\u00e1 trasa<\/strong>, ktor\u00e1 vedie a\u017e do obce Dvorn\u00edky \u2013 V\u010del\u00e1re.<\/p>\n<h3 dir=\"auto\"><span style=\"color: #808000;\">Ako sa dostanete zo strediska Domica a\u017e k ma\u010farsk\u00fdm hraniciam?<\/span><\/h3>\n<p dir=\"auto\">Strediskom prech\u00e1dza <strong>modr\u00e1 turistick\u00e1 trasa<\/strong> z mesta Torna\u013ea, ktor\u00e1 kon\u010d\u00ed a\u017e pri \u0161t\u00e1tnej hranici s Ma\u010farskou republikou.<\/p>\n<h3 dir=\"auto\"><span style=\"color: #808000;\">\u010co je to za jasky\u0148u Baradla a ako \u010faleko je od <strong>Strediska Domica<\/strong>?<\/span><\/h3>\n<p dir=\"auto\">Pribli\u017ene 1,5 km od <strong>Strediska Domica<\/strong> sa na ma\u010farskej strane sa nach\u00e1dza Aggteleksk\u00e1 kvap\u013eov\u00e1 <strong>jasky\u0148a Baradla<\/strong>. <strong>Baradla<\/strong> patr\u00ed v Eur\u00f3pe medzi jednu z najv\u00e4\u010d\u0161\u00edch a najkraj\u0161\u00edch kvap\u013eov\u00fdch jask\u00fd\u0148. Nach\u00e1dza sa v Aggtelekskom n\u00e1rodnom parku pri obci Aggtelek.<\/p>\n<h3 dir=\"auto\"><span style=\"color: #808000;\">\u010co je Smrad\u013eav\u00e9 jazierko a kde ho n\u00e1jdem?<\/span><\/h3>\n<p dir=\"auto\">Na modrej turistickej trase sa asi 1 km od strediska v smere na obec Dlh\u00e1 Ves nach\u00e1dza v nadmorskej v\u00fd\u0161ke 339 m n. m. krasov\u00e9 <strong>Smrad\u013eav\u00e9 jazierko<\/strong>.<\/p>\n<h3 dir=\"auto\"><span style=\"color: #808000;\">Ak\u00e9 najv\u00e4\u010d\u0161ie turistick\u00e9 l\u00e1kadl\u00e1 n\u00e1jdem v najbli\u017e\u0161om okol\u00ed <strong>Strediska Domica<\/strong>?<\/span><\/h3>\n<p dir=\"auto\">Najv\u00e4\u010d\u0161\u00edmi turistick\u00fdmi l\u00e1kadlami v okol\u00ed strediska s\u00fa spr\u00edstupnen\u00e1 <strong>Gombaseck\u00e1 jasky\u0148a<\/strong>, <strong>jasky\u0148a Silick\u00e1 \u013eadnica<\/strong> s majest\u00e1tnym a spr\u00edstupnen\u00fdm vstupn\u00fdm port\u00e1lom, NPR Domick\u00e9 \u0161krapy, NPR Ke\u010dovsk\u00e9 \u0161krapy a nespr\u00edstupnen\u00e1 <strong>jasky\u0148a \u010certov\u00e1 diera<\/strong>.<\/p>\n<h3 dir=\"auto\"><span style=\"color: #808000;\">Ak\u00e9 cykloturistick\u00e9 trasy s\u00fa dostupn\u00e9 priamo zo <strong>Strediska Domica<\/strong>?<\/span><\/h3>\n<p dir=\"auto\">Cykloturistom je tu k dispoz\u00edcii <strong>\u010derven\u00e1 cykloturistick\u00e1 trasa<\/strong> naz\u00fdvan\u00e1 <strong>Cyklomagistr\u00e1la Slovensk\u00fd kras<\/strong> o celkovej d\u013a\u017eke pribli\u017ene 195 km.<\/p>\n<h2 dir=\"auto\"><span style=\"color: #800000;\">Fotogal\u00e9ria<\/span><\/h2>\n<p dir=\"auto\"><style type=\"text\/css\">\n#foogallery-gallery-29181 .fg-image { width: 200px; }<\/style>\n\t\t\t<div class=\"foogallery foogallery-container foogallery-carousel foogallery-lightbox-foogallery fg-carousel fg-ready fg-light fg-border-medium fg-round-small fg-shadow-medium fg-loading-default fg-loaded-fade-in fg-hover-semi-zoomed fg-hover-fade fg-hover-circle-plus2\" id=\"foogallery-gallery-29181\" data-foogallery=\"{&quot;item&quot;:{&quot;showCaptionTitle&quot;:true,&quot;showCaptionDescription&quot;:true},&quot;lazy&quot;:true,&quot;template&quot;:{&quot;maxItems&quot;:5,&quot;scale&quot;:0.11999999999999999555910790149937383830547332763671875,&quot;gutter&quot;:{&quot;min&quot;:-40,&quot;max&quot;:-20,&quot;unit&quot;:&quot;%&quot;},&quot;autoplay&quot;:{&quot;time&quot;:0,&quot;interaction&quot;:&quot;pause&quot;},&quot;centerOnClick&quot;:true,&quot;align&quot;:&quot;center&quot;,&quot;activePosition&quot;:&quot;center&quot;}}\" data-foogallery-lightbox=\"{&quot;thumbs&quot;:&quot;bottom&quot;,&quot;thumbsCaptions&quot;:false,&quot;thumbsBestFit&quot;:false,&quot;thumbsSmall&quot;:false,&quot;thumbsCaptionsAlign&quot;:&quot;default&quot;,&quot;info&quot;:&quot;bottom&quot;,&quot;infoVisible&quot;:true,&quot;infoOverlay&quot;:true,&quot;infoAlign&quot;:&quot;default&quot;,&quot;transition&quot;:&quot;fade&quot;,&quot;hoverButtons&quot;:false,&quot;fitMedia&quot;:false,&quot;noScrollbars&quot;:true,&quot;preserveButtonSpace&quot;:true,&quot;buttons&quot;:{&quot;fullscreen&quot;:true,&quot;info&quot;:true,&quot;thumbs&quot;:false},&quot;video&quot;:{&quot;autoPlay&quot;:true}}\" style=\"--fg-title-line-clamp: 1; --fg-description-line-clamp: 2;\" >\n\t<button type=\"button\" class=\"fg-carousel-prev\" title=\"Previous\"><\/button>\n\t<div class=\"fg-carousel-inner\">\n\t\t<div class=\"fg-carousel-center\"><\/div>\n\t\t<div class=\"fg-item fg-type-image fg-idle\"><figure class=\"fg-item-inner\"><a href=\"https:\/\/www.slovensky-kras.eu\/info\/wp-content\/uploads\/2021\/12\/domica2.jpg\" data-attachment-id=\"21319\" data-type=\"image\" class=\"fg-thumb\"><span class=\"fg-image-wrap\"><img decoding=\"async\" alt=\"Jasky\u0148a Domica\" width=\"200\" height=\"200\" class=\"skip-lazy fg-image\" data-src-fg=\"https:\/\/www.slovensky-kras.eu\/info\/wp-content\/uploads\/cache\/2021\/12\/domica2\/2143747482.jpg\" src=\"data:image\/svg+xml,%3Csvg%20xmlns%3D%22http%3A%2F%2Fwww.w3.org%2F2000%2Fsvg%22%20width%3D%22200%22%20height%3D%22200%22%20viewBox%3D%220%200%20200%20200%22%3E%3C%2Fsvg%3E\" loading=\"eager\"><\/span><span class=\"fg-image-overlay\"><\/span><\/a><\/figure><div class=\"fg-loader\"><\/div><\/div><div class=\"fg-item fg-type-image fg-idle\"><figure class=\"fg-item-inner\"><a href=\"https:\/\/www.slovensky-kras.eu\/info\/wp-content\/uploads\/2021\/12\/domica-naucny-chodnik.jpg\" data-attachment-id=\"21345\" data-type=\"image\" class=\"fg-thumb\"><span class=\"fg-image-wrap\"><img decoding=\"async\" alt=\"N\u00e1u\u010dn\u00fd chodn\u00edk Domica\" width=\"200\" height=\"200\" class=\"skip-lazy fg-image\" data-src-fg=\"https:\/\/www.slovensky-kras.eu\/info\/wp-content\/uploads\/cache\/2021\/12\/domica-naucny-chodnik\/2808311626.jpg\" src=\"data:image\/svg+xml,%3Csvg%20xmlns%3D%22http%3A%2F%2Fwww.w3.org%2F2000%2Fsvg%22%20width%3D%22200%22%20height%3D%22200%22%20viewBox%3D%220%200%20200%20200%22%3E%3C%2Fsvg%3E\" loading=\"eager\"><\/span><span class=\"fg-image-overlay\"><\/span><\/a><\/figure><div class=\"fg-loader\"><\/div><\/div><div class=\"fg-item fg-type-image fg-idle\"><figure class=\"fg-item-inner\"><a href=\"https:\/\/www.slovensky-kras.eu\/info\/wp-content\/uploads\/2021\/12\/domicke-skrapy.jpg\" data-attachment-id=\"21643\" data-type=\"image\" class=\"fg-thumb\"><span class=\"fg-image-wrap\"><img decoding=\"async\" alt=\"NPR Domick\u00e9 \u0161krapy\" width=\"200\" height=\"200\" class=\"skip-lazy fg-image\" data-src-fg=\"https:\/\/www.slovensky-kras.eu\/info\/wp-content\/uploads\/cache\/2021\/12\/domicke-skrapy\/2326288762.jpg\" src=\"data:image\/svg+xml,%3Csvg%20xmlns%3D%22http%3A%2F%2Fwww.w3.org%2F2000%2Fsvg%22%20width%3D%22200%22%20height%3D%22200%22%20viewBox%3D%220%200%20200%20200%22%3E%3C%2Fsvg%3E\" loading=\"eager\"><\/span><span class=\"fg-image-overlay\"><\/span><\/a><\/figure><div class=\"fg-loader\"><\/div><\/div><div class=\"fg-item fg-type-image fg-idle\"><figure class=\"fg-item-inner\"><a href=\"https:\/\/www.slovensky-kras.eu\/info\/wp-content\/uploads\/2021\/12\/domica-jaskyna2.jpg\" data-attachment-id=\"21340\" data-type=\"image\" class=\"fg-thumb\"><span class=\"fg-image-wrap\"><img decoding=\"async\" width=\"200\" height=\"200\" class=\"skip-lazy fg-image\" data-src-fg=\"https:\/\/www.slovensky-kras.eu\/info\/wp-content\/uploads\/cache\/2021\/12\/domica-jaskyna2\/366458850.jpg\" src=\"data:image\/svg+xml,%3Csvg%20xmlns%3D%22http%3A%2F%2Fwww.w3.org%2F2000%2Fsvg%22%20width%3D%22200%22%20height%3D%22200%22%20viewBox%3D%220%200%20200%20200%22%3E%3C%2Fsvg%3E\" loading=\"eager\"><\/span><span class=\"fg-image-overlay\"><\/span><\/a><\/figure><div class=\"fg-loader\"><\/div><\/div><div class=\"fg-item fg-type-image fg-idle\"><figure class=\"fg-item-inner\"><a href=\"https:\/\/www.slovensky-kras.eu\/info\/wp-content\/uploads\/2021\/12\/domica-stredisko.jpg\" data-attachment-id=\"21344\" data-type=\"image\" class=\"fg-thumb\"><span class=\"fg-image-wrap\"><img decoding=\"async\" alt=\"Stredisko Domica\" width=\"200\" height=\"200\" class=\"skip-lazy fg-image\" data-src-fg=\"https:\/\/www.slovensky-kras.eu\/info\/wp-content\/uploads\/cache\/2021\/12\/domica-stredisko\/2157507164.jpg\" src=\"data:image\/svg+xml,%3Csvg%20xmlns%3D%22http%3A%2F%2Fwww.w3.org%2F2000%2Fsvg%22%20width%3D%22200%22%20height%3D%22200%22%20viewBox%3D%220%200%20200%20200%22%3E%3C%2Fsvg%3E\" loading=\"eager\"><\/span><span class=\"fg-image-overlay\"><\/span><\/a><\/figure><div class=\"fg-loader\"><\/div><\/div><div class=\"fg-item fg-type-image fg-idle\"><figure class=\"fg-item-inner\"><a href=\"https:\/\/www.slovensky-kras.eu\/info\/wp-content\/uploads\/2025\/11\/domica6.jpg\" data-caption-title=\"Jasky\u0148a Domica\" data-attachment-id=\"28391\" data-type=\"image\" class=\"fg-thumb\"><span class=\"fg-image-wrap\"><img decoding=\"async\" alt=\"Jasky\u0148a Domica\" title=\"Jasky\u0148a Domica\" width=\"200\" height=\"200\" class=\"skip-lazy fg-image\" data-src-fg=\"https:\/\/www.slovensky-kras.eu\/info\/wp-content\/uploads\/cache\/2025\/11\/domica6\/2800192017.jpg\" src=\"data:image\/svg+xml,%3Csvg%20xmlns%3D%22http%3A%2F%2Fwww.w3.org%2F2000%2Fsvg%22%20width%3D%22200%22%20height%3D%22200%22%20viewBox%3D%220%200%20200%20200%22%3E%3C%2Fsvg%3E\" loading=\"eager\"><\/span><span class=\"fg-image-overlay\"><\/span><\/a><figcaption class=\"fg-caption\"><div class=\"fg-caption-inner\"><div class=\"fg-caption-title\">Jasky\u0148a Domica<\/div><\/div><\/figcaption><\/figure><div class=\"fg-loader\"><\/div><\/div><div class=\"fg-item fg-type-image fg-idle\"><figure class=\"fg-item-inner\"><a href=\"https:\/\/www.slovensky-kras.eu\/info\/wp-content\/uploads\/2025\/11\/domica2.jpg\" data-attachment-id=\"28387\" data-type=\"image\" class=\"fg-thumb\"><span class=\"fg-image-wrap\"><img decoding=\"async\" width=\"200\" height=\"200\" class=\"skip-lazy fg-image\" data-src-fg=\"https:\/\/www.slovensky-kras.eu\/info\/wp-content\/uploads\/cache\/2025\/11\/domica2\/3966505030.jpg\" src=\"data:image\/svg+xml,%3Csvg%20xmlns%3D%22http%3A%2F%2Fwww.w3.org%2F2000%2Fsvg%22%20width%3D%22200%22%20height%3D%22200%22%20viewBox%3D%220%200%20200%20200%22%3E%3C%2Fsvg%3E\" loading=\"eager\"><\/span><span class=\"fg-image-overlay\"><\/span><\/a><\/figure><div class=\"fg-loader\"><\/div><\/div>\t<\/div>\n\t<div class=\"fg-carousel-bottom\"><\/div>\n\t<div class=\"fg-carousel-progress\"><\/div>\n\t<button type=\"button\" class=\"fg-carousel-next\" title=\"Next\"><\/button>\n<\/div>\n<h2><span style=\"color: #800000;\">Zauj\u00edmav\u00e9 odkazy<\/span><\/h2>\n<h3><span style=\"color: #808000;\">Bl\u00edzke stredisko, turistick\u00e9 centrum, obec alebo mesto<\/span><\/h3>\n<ul>\n<li><a href=\"http:\/\/www.slovensky-kras.eu\/info\/strediska-a-centra\/domica\/\" target=\"_blank\" rel=\"nofollow noopener\">Rekrea\u010dn\u00e9 stredisko Domica<\/a><\/li>\n<\/ul>\n<ul>\n<li><a href=\"http:\/\/www.slovensky-kras.eu\/info\/strediska-a-centra\/obec-kecovo\/\" target=\"_blank\" rel=\"nofollow noopener\">Obec Ke\u010dovo<\/a><\/li>\n<\/ul>\n<ul>\n<li><a href=\"http:\/\/www.slovensky-kras.eu\/info\/strediska-a-centra\/obec-dlha-ves\/\" target=\"_blank\" rel=\"nofollow noopener\">Obec Dlh\u00e1 Ves<\/a><\/li>\n<\/ul>\n<h3><span style=\"color: #808000;\">Pr\u00edrodn\u00e9 zauj\u00edmavosti v obci<\/span><\/h3>\n<ul>\n<li><a href=\"http:\/\/www.slovensky-kras.eu\/info\/jaskyne-a-priepasti\/jaskyna-domica\/\" target=\"_blank\" rel=\"nofollow noopener\">Jasky\u0148a Domica (\u010d\u00edtaj viac&#8230;)<\/a><\/li>\n<\/ul>\n<ul>\n<li><a href=\"http:\/\/www.slovensky-kras.eu\/info\/jaskyne-a-priepasti\/certova-diera\/\" target=\"_blank\" rel=\"nofollow noopener\">\u010certov\u00e1 diera (\u010d\u00edtaj viac&#8230;)<\/a><\/li>\n<\/ul>\n<ul>\n<li><a href=\"http:\/\/www.slovensky-kras.eu\/info\/kam-do-prirody\/npr-domicke-skrapy\/\" target=\"_blank\" rel=\"nofollow noopener\">Domick\u00e9 \u0161krapy<\/a><\/li>\n<\/ul>\n<ul>\n<li><a href=\"http:\/\/www.slovensky-kras.eu\/info\/aktivity-a-sport\/naucny-chodnik-domica\/\" target=\"_blank\" rel=\"nofollow noopener\">N\u00e1u\u010dn\u00fd chodn\u00edk Domica<\/a><\/li>\n<\/ul>\n<h2><span style=\"color: #808000;\"><span style=\"color: #800000;\">Info jasky\u0148a<\/span><\/span><\/h2>\n<div class=\"rtbs  rtbs_domica\"><div class=\"rtbs_slug\" style=\"display:none\">domica<\/div><div class=\"rtbs_inactive_tab_background\" style=\"display:none\">transparent<\/div><div class=\"rtbs_breakpoint\" style=\"display:none\">600<\/div><div class=\"rtbs_color\" style=\"display:none\">#12bece<\/div>\r\n        <div class=\"rtbs_menu\">\r\n            <ul>\r\n                <li class=\"mobile_toggle\">&zwnj;<\/li><li class=\"current\"><a style=\"background:#12bece\" class=\"active domica-tab-link-0\" href=\"#\" data-tab=\"#domica-tab-0\">Aktu\u00e1lne podmienky<\/a><\/li>\r\n            <\/ul>\r\n        <\/div><div style=\"border-top:7px solid #12bece;\" id=\"domica-tab-0\" class=\"rtbs_content active\"><table>\n<tbody>\n<tr>\n<th bgcolor=\"#cccccc\">Mesto\/Obec<\/th>\n<th bgcolor=\"#cccccc\">Prev\u00e1dzka<\/th>\n<th bgcolor=\"#cccccc\">D\u013a\u017eka trasy<\/th>\n<th bgcolor=\"#cccccc\">Teplota v jaskyni<\/th>\n<\/tr>\n<tr>\n<td bgcolor=\"#ffffff\"><span style=\"color: #000000\">Dlh\u00e1 Ves - Stredisko Domica<\/span><\/td>\n<td bgcolor=\"#ffffff\"><span style=\"color: #000000\">Otvoren\u00e1 okrem pondelkov<\/span><\/td>\n<td bgcolor=\"#ffffff\"><span style=\"color: #000000\">780 \/ 930 m<\/span><\/td>\n<td bgcolor=\"#ffffff\"><span style=\"color: #000000\">12\u00b0C (vlhko a prievan)<\/span><\/td>\n<\/tr>\n<\/tbody>\n<\/table>\n<div style=\"margin-top:30px; clear:both;\"><\/div><\/div>\r\n    <\/div>\r\n    \n<h2><span style=\"color: #800000;\">Mapy<\/span><\/h2>\n<p><strong>Vrstvy: <\/strong>Turistick\u00e1 mapa, Automapa, Cyklomapa, Ly\u017eiarska mapa, Satelitn\u00e1 mapa a OpenStreetMap.<\/p>\n<p><strong>Kliknut\u00edm na logo &#8222;Freemap.sk&#8220; sa V\u00e1m mapa zobraz\u00ed na celej ploche obrazovky.<\/strong><\/p>\n<p><iframe style=\"width: 900px; height: 600px; border: 0;\" src=\"https:\/\/www.freemap.sk\/?map=15\/48.477601\/20.468709&amp;info-point=48.477601\/20.468709,Stredisko Domica&amp;layers=X&amp;embed=search\" allowfullscreen=\"allowfullscreen\"><span data-mce-type=\"bookmark\" style=\"display: inline-block; width: 0px; overflow: hidden; line-height: 0;\" class=\"mce_SELRES_start\">\ufeff<\/span><\/iframe><\/p>\n<h2><span style=\"color: #800000;\">Po\u010dasie<\/span><\/h2>\n<p><iframe style=\"width: 900px; height: 607px;\" src=\"https:\/\/www.meteoblue.com\/sk\/po%C4%8Dasie\/widget\/three\/dlh%c3%a1-ves_slovensk%c3%a1-republika_724904?geoloc=fixed&amp;nocurrent=0&amp;noforecast=0&amp;days=6&amp;tempunit=CELSIUS&amp;windunit=KILOMETER_PER_HOUR&amp;layout=image\" frameborder=\"0\" scrolling=\"NO\" sandbox=\"allow-same-origin allow-scripts allow-popups allow-popups-to-escape-sandbox\"><\/iframe><\/p>\n<div><!-- DO NOT REMOVE THIS LINK --><a href=\"https:\/\/www.meteoblue.com\/sk\/po%C4%8Dasie\/predpove%C4%8F\/t%C3%BD%C5%BEde%C5%88\/dlh%c3%a1-ves_slovensk%c3%a1-republika_724904?utm_source=weather_widget&amp;utm_medium=linkus&amp;utm_content=three&amp;utm_campaign=Weather%2BWidget\" target=\"_blank\" rel=\"noopener noreferrer\">meteoblue<\/a><\/div>\n<p>&nbsp;<\/p>\n","protected":false},"excerpt":{"rendered":"<p>Menu: Prev\u00e1dzka komplexu DOMICA RESORT je z technick\u00fdch pr\u00ed\u010din zatvoren\u00e1! \u010co je Stredisko Domica a kde sa presne nach\u00e1dza? Stredisko Domica sa nach\u00e1dza v katastri obce Ke\u010dovo v NP Slovensk\u00fd [&hellip;]<\/p>\n","protected":false},"author":1,"featured_media":21344,"parent":9,"menu_order":0,"comment_status":"closed","ping_status":"open","template":"","meta":{"_uag_custom_page_level_css":"","footnotes":""},"class_list":["post-97","page","type-page","status-publish","has-post-thumbnail","hentry"],"featured_image_src":"https:\/\/www.slovensky-kras.eu\/info\/wp-content\/uploads\/2021\/12\/domica-stredisko.jpg","featured_image_src_square":"https:\/\/www.slovensky-kras.eu\/info\/wp-content\/uploads\/2021\/12\/domica-stredisko.jpg","rbea_author_info":{"display_name":"admin","author_link":"https:\/\/www.slovensky-kras.eu\/info\/author\/admin\/"},"rbea_excerpt_info":"Menu: Prev\u00e1dzka komplexu DOMICA RESORT je z technick\u00fdch pr\u00ed\u010din zatvoren\u00e1! \u010co je Stredisko Domica a kde sa presne nach\u00e1dza? Stredisko Domica sa nach\u00e1dza v katastri obce Ke\u010dovo v NP Slovensk\u00fd [&hellip;]","uagb_featured_image_src":{"full":["https:\/\/www.slovensky-kras.eu\/info\/wp-content\/uploads\/2021\/12\/domica-stredisko.jpg",800,533,false],"thumbnail":["https:\/\/www.slovensky-kras.eu\/info\/wp-content\/uploads\/2021\/12\/domica-stredisko-150x150.jpg",150,150,true],"medium":["https:\/\/www.slovensky-kras.eu\/info\/wp-content\/uploads\/2021\/12\/domica-stredisko.jpg",800,533,false],"medium_large":["https:\/\/www.slovensky-kras.eu\/info\/wp-content\/uploads\/2021\/12\/domica-stredisko-768x512.jpg",768,512,true],"large":["https:\/\/www.slovensky-kras.eu\/info\/wp-content\/uploads\/2021\/12\/domica-stredisko.jpg",800,533,false],"1536x1536":["https:\/\/www.slovensky-kras.eu\/info\/wp-content\/uploads\/2021\/12\/domica-stredisko.jpg",800,533,false],"2048x2048":["https:\/\/www.slovensky-kras.eu\/info\/wp-content\/uploads\/2021\/12\/domica-stredisko.jpg",800,533,false]},"uagb_author_info":{"display_name":"admin","author_link":"https:\/\/www.slovensky-kras.eu\/info\/author\/admin\/"},"uagb_comment_info":0,"uagb_excerpt":"Menu: Prev\u00e1dzka komplexu DOMICA RESORT je z technick\u00fdch pr\u00ed\u010din zatvoren\u00e1! \u010co je Stredisko Domica a kde sa presne nach\u00e1dza? Stredisko Domica sa nach\u00e1dza v katastri obce Ke\u010dovo v NP Slovensk\u00fd [&hellip;]","_links":{"self":[{"href":"https:\/\/www.slovensky-kras.eu\/info\/wp-json\/wp\/v2\/pages\/97","targetHints":{"allow":["GET"]}}],"collection":[{"href":"https:\/\/www.slovensky-kras.eu\/info\/wp-json\/wp\/v2\/pages"}],"about":[{"href":"https:\/\/www.slovensky-kras.eu\/info\/wp-json\/wp\/v2\/types\/page"}],"author":[{"embeddable":true,"href":"https:\/\/www.slovensky-kras.eu\/info\/wp-json\/wp\/v2\/users\/1"}],"replies":[{"embeddable":true,"href":"https:\/\/www.slovensky-kras.eu\/info\/wp-json\/wp\/v2\/comments?post=97"}],"version-history":[{"count":9,"href":"https:\/\/www.slovensky-kras.eu\/info\/wp-json\/wp\/v2\/pages\/97\/revisions"}],"predecessor-version":[{"id":29183,"href":"https:\/\/www.slovensky-kras.eu\/info\/wp-json\/wp\/v2\/pages\/97\/revisions\/29183"}],"up":[{"embeddable":true,"href":"https:\/\/www.slovensky-kras.eu\/info\/wp-json\/wp\/v2\/pages\/9"}],"wp:featuredmedia":[{"embeddable":true,"href":"https:\/\/www.slovensky-kras.eu\/info\/wp-json\/wp\/v2\/media\/21344"}],"wp:attachment":[{"href":"https:\/\/www.slovensky-kras.eu\/info\/wp-json\/wp\/v2\/media?parent=97"}],"curies":[{"name":"wp","href":"https:\/\/api.w.org\/{rel}","templated":true}]}}