{"id":945,"date":"2013-07-10T17:34:46","date_gmt":"2013-07-10T15:34:46","guid":{"rendered":"http:\/\/www.slovensky-kras.eu\/info\/?page_id=945"},"modified":"2021-12-29T10:43:31","modified_gmt":"2021-12-29T09:43:31","slug":"gombasecke-kulturne-slavnosti","status":"publish","type":"page","link":"https:\/\/www.slovensky-kras.eu\/info\/muzea-kutlura-a-umenie\/gombasecke-kulturne-slavnosti\/","title":{"rendered":"Gombaseck\u00e9 kult\u00farne sl\u00e1vnosti"},"content":{"rendered":"<p><strong>Menu: <\/strong><a href=\"http:\/\/www.slovensky-kras.eu\/info\/\" class=\"su-button su-button-style-default\" style=\"color:#000000;background-color:#FFCF2F;border-color:#cca626;border-radius:5px\" target=\"_self\"><span style=\"color:#000000;padding:6px 16px;font-size:13px;line-height:20px;border-color:#ffde6e;border-radius:5px;text-shadow:none\"><i class=\"sui sui-arrow-right\" style=\"font-size:13px;color:#000000\"><\/i>  \u00davod \/ Aktuality <\/span><\/a>\n<a href=\"http:\/\/www.slovensky-kras.eu\/info\/muzea-kutlura-a-umenie\/\" class=\"su-button su-button-style-default\" style=\"color:#000000;background-color:#FFCF2F;border-color:#cca626;border-radius:5px\" target=\"_self\"><span style=\"color:#000000;padding:6px 16px;font-size:13px;line-height:20px;border-color:#ffde6e;border-radius:5px;text-shadow:none\"><i class=\"sui sui-arrow-right\" style=\"font-size:13px;color:#000000\"><\/i>  M\u00faze\u00e1, kutl\u00fara a &#8230; <\/span><\/a>\n<div class=\"su-divider su-divider-style-default\" style=\"margin:15px 0;border-width:3px;border-color:#000000\"><\/div>\n<div class=\"su-divider su-divider-style-default\" style=\"margin:15px 0;border-width:3px;border-color:#000000\"><\/div>\n<strong>Kulturn\u00e9 podujatia &#8211; Folkl\u00f3r a trad\u00edcie<\/strong><br \/>\n<div class=\"su-divider su-divider-style-default\" style=\"margin:15px 0;border-width:3px;border-color:#000000\"><\/div>\n<h3><span style=\"color: #808000;\">V\u0161eobecn\u00e9 inform\u00e1cie<\/span><\/h3>\n<p>Folkl\u00f3rny festival Ma\u010farov \u017eij\u00facich na Slovensku a kult\u00farnej \u010dinnosti <a href=\"http:\/\/csemadok.sk\/\" target=\"_blank\" rel=\"noopener noreferrer\">Csemadoku<\/a>, kde si m\u00f4\u017eete pozrie\u0165 vyst\u00fapenia \u013eudov\u00fdch folkl\u00f3rnych , umeleck\u00fdch tane\u010dn\u00fdch skup\u00edn a s\u00faborov.<\/p>\n<figure id=\"attachment_21952\" aria-describedby=\"caption-attachment-21952\" style=\"width: 800px\" class=\"wp-caption aligncenter\"><a href=\"https:\/\/www.slovensky-kras.eu\/info\/wp-content\/uploads\/2021\/12\/amfik-gombasek.jpg\"><img loading=\"lazy\" decoding=\"async\" class=\"wp-image-21952 size-full\" src=\"https:\/\/www.slovensky-kras.eu\/info\/wp-content\/uploads\/2021\/12\/amfik-gombasek.jpg\" alt=\"\" width=\"800\" height=\"600\" srcset=\"https:\/\/www.slovensky-kras.eu\/info\/wp-content\/uploads\/2021\/12\/amfik-gombasek.jpg 800w, https:\/\/www.slovensky-kras.eu\/info\/wp-content\/uploads\/2021\/12\/amfik-gombasek-768x576.jpg 768w\" sizes=\"auto, (max-width: 800px) 100vw, 800px\" \/><\/a><figcaption id=\"caption-attachment-21952\" class=\"wp-caption-text\">amfite\u00e1ter<\/figcaption><\/figure>\n<p data-wp-editing=\"1\">Festival sa od roku 1961 organizuje ka\u017edoro\u010dne v letnom obdob\u00ed v stredisku <a href=\"http:\/\/www.slovensky-kras.eu\/info\/strediska-a-centra\/rekreacne-stredisko-gombasek\/\">Gombasek<\/a> a od roku 1965 vo vynovenom <strong>amfite\u00e1tri<\/strong>.<\/p>\n<p>Sl\u00e1vnosti boli zalo\u017een\u00e9 ako celo\u0161t\u00e1tny festival, ob\u010das aj ma\u010farsk\u00fdch folkl\u00f3rnych s\u00faborov, folkl\u00f3rnych tane\u010dn\u00fdch a spev\u00e1ckych s\u00faborov, \u013eudov\u00fdch sedliackych kapiel, citarov\u00fdch s\u00faborov a dychov\u00fdch kapiel, ako aj tane\u010dn\u00fdch, spev\u00e1ckych a hudobn\u00fdch s\u00f3listov.<\/p>\n<figure id=\"attachment_17823\" aria-describedby=\"caption-attachment-17823\" style=\"width: 800px\" class=\"wp-caption aligncenter\"><a href=\"http:\/\/www.slovensky-kras.eu\/info\/wp-content\/uploads\/2020\/07\/gombasek.png\"><img loading=\"lazy\" decoding=\"async\" class=\"wp-image-17823 size-full\" src=\"http:\/\/www.slovensky-kras.eu\/info\/wp-content\/uploads\/2020\/07\/gombasek.png\" alt=\"\" width=\"800\" height=\"598\" srcset=\"https:\/\/www.slovensky-kras.eu\/info\/wp-content\/uploads\/2020\/07\/gombasek.png 800w, https:\/\/www.slovensky-kras.eu\/info\/wp-content\/uploads\/2020\/07\/gombasek-768x574.png 768w\" sizes=\"auto, (max-width: 800px) 100vw, 800px\" \/><\/a><figcaption id=\"caption-attachment-17823\" class=\"wp-caption-text\">Gombaseck\u00e9 kult\u00farne sl\u00e1vnosti v minulosti. Zdroj: Gombasz\u00f6gi Ny\u00e1ri T\u00e1bor<\/figcaption><\/figure>\n<p>Po prv\u00fd raz sa konali v roku 1956 v Lu\u010denci.<\/p>\n<p>V rokoch 1957-1959 sa konali \u017deliezovciach v Schubertovom parku, v roku 1960 v Nov\u00fdch Z\u00e1mkoch pri brehoch rieky Nitry a od roku 1961 v stredisku <a href=\"http:\/\/www.slovensky-kras.eu\/info\/strediska-a-centra\/rekreacne-stredisko-gombasek\/\">Gombasek<\/a>.<\/p>\n<figure id=\"attachment_20407\" aria-describedby=\"caption-attachment-20407\" style=\"width: 800px\" class=\"wp-caption aligncenter\"><a href=\"https:\/\/www.slovensky-kras.eu\/info\/wp-content\/uploads\/2021\/04\/gombasek3-1.jpg\"><img loading=\"lazy\" decoding=\"async\" class=\"wp-image-20407 size-medium\" src=\"https:\/\/www.slovensky-kras.eu\/info\/wp-content\/uploads\/2021\/04\/gombasek3-1-800x533.jpg\" alt=\"\" width=\"800\" height=\"533\" srcset=\"https:\/\/www.slovensky-kras.eu\/info\/wp-content\/uploads\/2021\/04\/gombasek3-1-800x533.jpg 800w, https:\/\/www.slovensky-kras.eu\/info\/wp-content\/uploads\/2021\/04\/gombasek3-1-768x512.jpg 768w, https:\/\/www.slovensky-kras.eu\/info\/wp-content\/uploads\/2021\/04\/gombasek3-1.jpg 900w\" sizes=\"auto, (max-width: 800px) 100vw, 800px\" \/><\/a><figcaption id=\"caption-attachment-20407\" class=\"wp-caption-text\">Gombaseck\u00e1 jasky\u0148a \u2013 amfite\u00e1ter, Foto:\u00a0 \u00d6rs Orosz (Gombasz\u00f6gi Ny\u00e1ri T\u00e1bor)<\/figcaption><\/figure>\n<p>Sl\u00e1vnosti neboli usporiadan\u00e9 ka\u017edoro\u010dn\u00e9, lebo z politick\u00fdch d\u00f4vodov museli by\u0165 ist\u00e9 ro\u010dn\u00edky vynechan\u00e9.<\/p>\n<p>Potom sa pravidelne a ka\u017edoro\u010dne organizuj\u00fa od roku 2002.<\/p>\n<p>Gombaseck\u00e9 kult\u00farne sl\u00e1vnosti boli pokra\u010dovate\u013eom p\u00f4vodn\u00e9ho celoslovensk\u00e9ho stret\u00e1vacieho podujatia mlad\u00fdch Ma\u010farov (&#8222;Ny\u00e1ri Ifj\u00fas\u00e1gi Tal\u00e1lkoz\u00f3&#8220;).<\/p>\n<p>V minulosti sa v <a href=\"http:\/\/www.slovensky-kras.eu\/info\/strediska-a-centra\/rekreacne-stredisko-gombasek\/\">Gombaseku<\/a> stret\u00e1vali \u010dlenovia ma\u010farsk\u00e9ho ml\u00e1de\u017en\u00edckeho hnutia v \u010ceskoslovensku &#8222;Sarl\u00f3&#8220;.<\/p>\n<p>Sarl\u00f3 bolo zalo\u017eene v\u00a0 roku 1928 a to pr\u00e1ve v <a href=\"http:\/\/www.slovensky-kras.eu\/info\/strediska-a-centra\/rekreacne-stredisko-gombasek\/\">Gombaseku<\/a>.<\/p>\n<p>Od roku 1976 funguj\u00fa ako Celo\u0161t\u00e1tne kult\u00farne sl\u00e1vnosti.<\/p>\n<p>Z podujatia sa postupne stala \u013eudov\u00e1 veselica a v jeho programe bola zast\u00fapen\u00fd takmer ka\u017ed\u00fd hudobn\u00fd \u017e\u00e1ner.<\/p>\n<p>Sl\u00e1vnosti boli v do konca osemdesiatych rokoch 20. storo\u010dia dvojd\u0148ov\u00e9 a vystupovalo tu 500 a\u017e 1000 \u00fa\u010dinkuj\u00facich.<\/p>\n<p><a href=\"http:\/\/www.slovensky-kras.eu\/info\/strediska-a-centra\/rekreacne-stredisko-gombasek\/\">Gombasek<\/a>\u00a0sa nach\u00e1dza v \u00fazkom <strong>Slanskom ka\u0148one<\/strong> medzi <a href=\"http:\/\/www.slovensky-kras.eu\/info\/kam-do-prirody\/plesivecka-planina\/\">Ple\u0161iveckou planinou<\/a> a <a href=\"http:\/\/www.slovensky-kras.eu\/info\/kam-do-prirody\/silicka-planina\/\">Silickou planinou<\/a>.<\/p>\n<p>Stredisko je miestnou \u010das\u0165ou obce<a href=\"http:\/\/www.slovensky-kras.eu\/info\/strediska-a-centra\/obec-slavec\/\"> Slavec<\/a>.<\/p>\n<p>Najv\u00e4\u010d\u0161\u00edm turistick\u00fdm l\u00e1kadlom\u00a0<a href=\"http:\/\/www.slovensky-kras.eu\/info\/strediska-a-centra\/rekreacne-stredisko-gombasek\/\">Gombaseka<\/a> je verejnosti spr\u00edstupnen\u00e1 <a href=\"http:\/\/www.slovensky-kras.eu\/info\/jaskyne-a-priepasti\/gombasecka-jaskyna\/\">Gombaseck\u00e1 jasky\u0148a<\/a>, ktor\u00e1 je zaraden\u00e1 do zoznamu Svetov\u00e9ho kult\u00farneho a pr\u00edrodn\u00e9ho dedi\u010dstva <strong>UNESCO<\/strong>.<\/p>\n<p>Hlavn\u00fdm cie\u013eom podujatia je zachovanie trad\u00edci\u00ed.<\/p>\n<p>Dvojd\u0148ov\u00e9 podujatie sa organizuje zv\u00e4\u010d\u0161a v druhej polovici j\u00fala a je prezent\u00e1ciou dom\u00e1cich i zahrani\u010dn\u00fdch s\u00faborov.<\/p>\n<p>Festival pripravuje ro\u017e\u0148avsk\u00fd oblastn\u00fd v\u00fdbor <strong>Csemadoku<\/strong>.<\/p>\n<p><strong>Miesto:<\/strong>\u00a0 <a href=\"http:\/\/www.slovensky-kras.eu\/info\/strediska-a-centra\/rekreacne-stredisko-gombasek\/\">Gombasek<\/a>, <a href=\"http:\/\/www.slovensky-kras.eu\/info\/strediska-a-centra\/mesto-roznava\/\">Ro\u017e\u0148ava<\/a> a okolie.<\/p>\n<h3><span style=\"color: #808000;\">Kontakt<\/span><\/h3>\n<p><strong>Csemadok Ro\u017e\u0148ava<\/strong><br \/>\n\u010cu\u010dmianska dlh\u00e1 17<br \/>\n048 01 Ro\u017e\u0148ava<br \/>\n<b>tel:<\/b> 058\/7323187<br \/>\n<b>e-mail:<\/b> <a href=\"mailto:csemadok.rv@stonline.sk\" target=\"_blank\" rel=\"noopener noreferrer\">csemadok.rv@stonline.sk<\/a><br \/>\n<b>web:<\/b> <a title=\"\" href=\"http:\/\/www.csemadok.sk\/\" target=\"_blank\" rel=\"noopener noreferrer\">http:\/\/www.csemadok.sk\/<\/a><\/p>\n<h3><span style=\"color: #808000;\">Bl\u00edzke stredisko, turistick\u00e9 centrum, obec alebo mesto:<\/span><\/h3>\n<ul>\n<li><a href=\"http:\/\/www.slovensky-kras.eu\/info\/strediska-a-centra\/rekreacne-stredisko-gombasek\/\">Rekrea\u010dn\u00e9 stredisko Gombasek (\u010d\u00edtaj viac&#8230;)<\/a><\/li>\n<\/ul>\n<ul>\n<li><a href=\"http:\/\/www.slovensky-kras.eu\/info\/strediska-a-centra\/obec-slavec\/\">Obec Slavec (\u010d\u00edtaj viac&#8230;)<\/a><\/li>\n<\/ul>\n<h3><span style=\"color: #808000;\">Mapy<\/span><\/h3>\n<p><strong>Vrstvy: <\/strong>Turistick\u00e1 mapa, Automapa, Cyklomapa, Ly\u017eiarska mapa, Satelitn\u00e1 mapa a OpenStreetMap.<\/p>\n<p><strong>Kliknut\u00edm na logo &#8222;Freemap.sk&#8220; sa V\u00e1m mapa zobraz\u00ed na celej ploche obrazovky.<\/strong><\/p>\n<p><iframe style=\"width: 800px; height: 600px; border: 0;\" src=\"https:\/\/www.freemap.sk\/?map=15\/48.562678\/20.466650&amp;info-point=48.562678\/20.466650,Rekrea\u010dn\u00e9 stredisko Gombasek&amp;layers=T&amp;embed=search\" allowfullscreen=\"allowfullscreen\"><\/iframe><\/p>\n<h3><span style=\"color: #808000;\">Po\u010dasie<\/span><strong><br \/>\n<\/strong><\/h3>\n<p><iframe style=\"width: 800px; height: 609px;\" src=\"https:\/\/www.meteoblue.com\/sk\/po%C4%8Dasie\/widget\/three\/slavec_slovensk%c3%a1-republika_723590?geoloc=fixed&amp;nocurrent=0&amp;noforecast=0&amp;days=6&amp;tempunit=CELSIUS&amp;windunit=KILOMETER_PER_HOUR&amp;layout=image\" frameborder=\"0\" scrolling=\"NO\" sandbox=\"allow-same-origin allow-scripts allow-popups allow-popups-to-escape-sandbox\"><\/iframe><\/p>\n<div><!-- DO NOT REMOVE THIS LINK --><a href=\"https:\/\/www.meteoblue.com\/sk\/po%C4%8Dasie\/predpove%C4%8F\/t%C3%BD%C5%BEde%C5%88\/slavec_slovensk%c3%a1-republika_723590?utm_source=weather_widget&amp;utm_medium=linkus&amp;utm_content=three&amp;utm_campaign=Weather%2BWidget\" target=\"_blank\" rel=\"noopener noreferrer\">meteoblue<\/a><\/div>\n","protected":false},"excerpt":{"rendered":"<p>Menu: Kulturn\u00e9 podujatia &#8211; Folkl\u00f3r a trad\u00edcie V\u0161eobecn\u00e9 inform\u00e1cie Folkl\u00f3rny festival Ma\u010farov \u017eij\u00facich na Slovensku a kult\u00farnej \u010dinnosti Csemadoku, kde si m\u00f4\u017eete pozrie\u0165 vyst\u00fapenia \u013eudov\u00fdch folkl\u00f3rnych , umeleck\u00fdch tane\u010dn\u00fdch skup\u00edn [&hellip;]<\/p>\n","protected":false},"author":1,"featured_media":0,"parent":30,"menu_order":0,"comment_status":"closed","ping_status":"open","template":"","meta":{"_uag_custom_page_level_css":"","footnotes":""},"class_list":["post-945","page","type-page","status-publish","hentry"],"featured_image_src":"","featured_image_src_square":false,"rbea_author_info":{"display_name":"admin","author_link":"https:\/\/www.slovensky-kras.eu\/info\/author\/admin\/"},"rbea_excerpt_info":"Menu: Kulturn\u00e9 podujatia &#8211; Folkl\u00f3r a trad\u00edcie V\u0161eobecn\u00e9 inform\u00e1cie Folkl\u00f3rny festival Ma\u010farov \u017eij\u00facich na Slovensku a kult\u00farnej \u010dinnosti Csemadoku, kde si m\u00f4\u017eete pozrie\u0165 vyst\u00fapenia \u013eudov\u00fdch folkl\u00f3rnych , umeleck\u00fdch tane\u010dn\u00fdch skup\u00edn [&hellip;]","uagb_featured_image_src":{"full":false,"thumbnail":false,"medium":false,"medium_large":false,"large":false,"1536x1536":false,"2048x2048":false},"uagb_author_info":{"display_name":"admin","author_link":"https:\/\/www.slovensky-kras.eu\/info\/author\/admin\/"},"uagb_comment_info":0,"uagb_excerpt":"Menu: Kulturn\u00e9 podujatia &#8211; Folkl\u00f3r a trad\u00edcie V\u0161eobecn\u00e9 inform\u00e1cie Folkl\u00f3rny festival Ma\u010farov \u017eij\u00facich na Slovensku a kult\u00farnej \u010dinnosti Csemadoku, kde si m\u00f4\u017eete pozrie\u0165 vyst\u00fapenia \u013eudov\u00fdch folkl\u00f3rnych , umeleck\u00fdch tane\u010dn\u00fdch skup\u00edn [&hellip;]","_links":{"self":[{"href":"https:\/\/www.slovensky-kras.eu\/info\/wp-json\/wp\/v2\/pages\/945","targetHints":{"allow":["GET"]}}],"collection":[{"href":"https:\/\/www.slovensky-kras.eu\/info\/wp-json\/wp\/v2\/pages"}],"about":[{"href":"https:\/\/www.slovensky-kras.eu\/info\/wp-json\/wp\/v2\/types\/page"}],"author":[{"embeddable":true,"href":"https:\/\/www.slovensky-kras.eu\/info\/wp-json\/wp\/v2\/users\/1"}],"replies":[{"embeddable":true,"href":"https:\/\/www.slovensky-kras.eu\/info\/wp-json\/wp\/v2\/comments?post=945"}],"version-history":[{"count":10,"href":"https:\/\/www.slovensky-kras.eu\/info\/wp-json\/wp\/v2\/pages\/945\/revisions"}],"predecessor-version":[{"id":21953,"href":"https:\/\/www.slovensky-kras.eu\/info\/wp-json\/wp\/v2\/pages\/945\/revisions\/21953"}],"up":[{"embeddable":true,"href":"https:\/\/www.slovensky-kras.eu\/info\/wp-json\/wp\/v2\/pages\/30"}],"wp:attachment":[{"href":"https:\/\/www.slovensky-kras.eu\/info\/wp-json\/wp\/v2\/media?parent=945"}],"curies":[{"name":"wp","href":"https:\/\/api.w.org\/{rel}","templated":true}]}}