{"id":923,"date":"2013-07-09T18:02:58","date_gmt":"2013-07-09T16:02:58","guid":{"rendered":"http:\/\/www.slovensky-kras.eu\/info\/?page_id=923"},"modified":"2025-11-25T08:08:33","modified_gmt":"2025-11-25T07:08:33","slug":"mauzoleum-grofa-dionyza-a-frantisky-andrassyovcov","status":"publish","type":"page","link":"https:\/\/www.slovensky-kras.eu\/info\/muzea-kutlura-a-umenie\/mauzoleum-grofa-dionyza-a-frantisky-andrassyovcov\/","title":{"rendered":"Mauz\u00f3leum Andr\u00e1\u0161iovcov (Andr\u00e1ssyovcov)"},"content":{"rendered":"<p><strong>Menu: <\/strong><a href=\"http:\/\/www.slovensky-kras.eu\/info\/\" class=\"su-button su-button-style-default\" style=\"color:#000000;background-color:#FFCF2F;border-color:#cca626;border-radius:5px\" target=\"_self\"><span style=\"color:#000000;padding:6px 16px;font-size:13px;line-height:20px;border-color:#ffde6e;border-radius:5px;text-shadow:none\"><i class=\"sui sui-arrow-right\" style=\"font-size:13px;color:#000000\"><\/i>  \u00davod \/ Aktuality <\/span><\/a>\n<a href=\"http:\/\/www.slovensky-kras.eu\/info\/muzea-kutlura-a-umenie\/\" class=\"su-button su-button-style-default\" style=\"color:#000000;background-color:#FFCF2F;border-color:#cca626;border-radius:5px\" target=\"_self\"><span style=\"color:#000000;padding:6px 16px;font-size:13px;line-height:20px;border-color:#ffde6e;border-radius:5px;text-shadow:none\"><i class=\"sui sui-arrow-right\" style=\"font-size:13px;color:#000000\"><\/i>  M\u00faze\u00e1, kutl\u00fara a &#8230; <\/span><\/a>\n<div class=\"su-divider su-divider-style-default\" style=\"margin:15px 0;border-width:2px;border-color:#000000\"><\/div>\n<div class=\"su-divider su-divider-style-default\" style=\"margin:15px 0;border-width:2px;border-color:#000000\"><\/div>\n<strong>M\u00faze\u00e1 a obraz\u00e1rne<\/strong><br \/>\n<div class=\"su-divider su-divider-style-default\" style=\"margin:15px 0;border-width:2px;border-color:#000000\"><\/div>\n<figure id=\"attachment_21822\" aria-describedby=\"caption-attachment-21822\" style=\"width: 900px\" class=\"wp-caption aligncenter\"><a href=\"https:\/\/www.slovensky-kras.eu\/info\/wp-content\/uploads\/2021\/12\/mauzoleum3.jpg\"><img loading=\"lazy\" decoding=\"async\" class=\"wp-image-21822\" src=\"https:\/\/www.slovensky-kras.eu\/info\/wp-content\/uploads\/2021\/12\/mauzoleum3.jpg\" alt=\"Mauz\u00f3leum Andr\u00e1\u0161iovcov (Andr\u00e1ssyovcov)\" width=\"900\" height=\"600\" srcset=\"https:\/\/www.slovensky-kras.eu\/info\/wp-content\/uploads\/2021\/12\/mauzoleum3.jpg 800w, https:\/\/www.slovensky-kras.eu\/info\/wp-content\/uploads\/2021\/12\/mauzoleum3-768x512.jpg 768w\" sizes=\"auto, (max-width: 900px) 100vw, 900px\" \/><\/a><figcaption id=\"caption-attachment-21822\" class=\"wp-caption-text\">Mauz\u00f3leum Andr\u00e1\u0161iovcov (Andr\u00e1ssyovcov) &#8211; vstup<\/figcaption><\/figure>\n<div class=\"su-divider su-divider-style-default\" style=\"margin:15px 0;border-width:2px;border-color:#000000\"><\/div>\n<h2 class=\"ds-markdown-paragraph\"><span style=\"color: #800000;\">\u010co je Mauz\u00f3leum Andr\u00e1\u0161iovcov a ak\u00fa m\u00e1 hist\u00f3riu?<\/span><\/h2>\n<p class=\"ds-markdown-paragraph\"><strong>Mauz\u00f3leum Andr\u00e1\u0161iovcov<\/strong>\u00a0v\u00a0<strong>Kr\u00e1snohorskom Podhrad\u00ed<\/strong>\u00a0je rodinn\u00e1 krypta, venovan\u00e1 gr\u00f3fovi Dion\u00fdzovi Andr\u00e1\u0161imu (<em>1835 \u2013 \u20201913) a jeho man\u017eelke Franti\u0161ke (<\/em>1838 \u2013 \u20201902). Toto\u00a0<strong>Mauz\u00f3leum<\/strong>\u00a0patr\u00ed medzi najhodnotnej\u0161ie pamiatky secesn\u00e9ho umenia na Slovensku.<\/p>\n<p class=\"ds-markdown-paragraph\">Bolo postaven\u00e9 v rokoch 1903 \u2013 1904 pod\u013ea pl\u00e1nov mn\u00edchovsk\u00e9ho architekta Richarda Berndla. Postavi\u0165 ho dal po smrti svojej milovanej man\u017eelky posledn\u00fd mu\u017esk\u00fd predstavite\u013e dlhol\u00fackej (monockej) vetvy Andr\u00e1\u0161iovcov, gr\u00f3f Dion\u00fdz Andr\u00e1\u0161i.<\/p>\n<p class=\"ds-markdown-paragraph\">Gr\u00f3fka zomrela v roku 1902 v Mn\u00edchove, kde bola aj do\u010dasne pochovan\u00e1. V roku 1904 boli jej telesn\u00e9 pozostatky prevezen\u00e9 a ulo\u017een\u00e9 do\u00a0<strong>mauz\u00f3lea<\/strong>. Gr\u00f3f Dion\u00fdz Andr\u00e1\u0161i zomrel v roku 1913 v Palerme na Sic\u00edlii; po prevoze jeho telesn\u00fdch pozostatkov boli tieto e\u0161te toho roku ulo\u017een\u00e9 ved\u013ea telesn\u00fdch pozostatkov jeho milovanej Franti\u0161ky.<\/p>\n<h2 class=\"ds-markdown-paragraph\"><span style=\"color: #800000;\">Pre\u010do je Mauz\u00f3leum Andr\u00e1ssyovcov umelecky v\u00fdnime\u010dn\u00e9?<\/span><\/h2>\n<p class=\"ds-markdown-paragraph\">Na jeho v\u00fdzdobe boli pou\u017eit\u00e9 do secesn\u00e9ho tvaroslovia prestavan\u00e9 prvky ranokres\u0165ansk\u00e9ho a \u010diasto\u010dne aj staroorient\u00e1lneho umenia. Budova\u00a0<strong>mauz\u00f3lea<\/strong>\u00a0i obklopuj\u00faci kamenn\u00fd m\u00far s\u00fa z bieleho pieskovca. P\u00f4dorys\u00a0<strong>mauz\u00f3lea<\/strong>\u00a0je nepravideln\u00fd osemuholn\u00edk.<\/p>\n<p class=\"ds-markdown-paragraph\">Nad port\u00e1lom je reli\u00e9fny erb Andr\u00e1\u0161iovcov, ktor\u00fd je z dvoch str\u00e1n doplnen\u00fd orlami a anjelmi dr\u017eiacimi v ruk\u00e1ch vyhasnut\u00e9 fakle. Oproti vonkaj\u0161ej skromnosti je vn\u00fatro a\u017e prepychov\u00e9 a umelecky vyzdoben\u00e9. Bohatou dekorat\u00edvnou n\u00e1dherou symbolizuje nadsvetsk\u00fa kr\u00e1su v cirkevnom pon\u00edman\u00ed.<\/p>\n<h2 class=\"ds-markdown-paragraph\"><span style=\"color: #800000;\">Ako vyzer\u00e1 are\u00e1l a interi\u00e9r Mauz\u00f3lea?<\/span><\/h2>\n<p class=\"ds-markdown-paragraph\">Budova\u00a0<strong>mauz\u00f3lea<\/strong>\u00a0je umiestnen\u00e1 v strede dl\u00e1\u017eden\u00e9ho n\u00e1dvoria, ktor\u00e9 je obklopen\u00e9 3,5 metra vysok\u00fdm m\u00farom, ukon\u010den\u00fdm naproti vstupu z oboch str\u00e1n mas\u00edvnymi piliermi. Jej okolie tvor\u00ed sedemhekt\u00e1rov\u00fd park. Pred schodiskom je v kruhu na dla\u017ebe n\u00e1pis Pax (Pokoj). Pri vstupe do objektu po stran\u00e1ch stoja dve sochy anjelov v nad\u017eivotnej ve\u013ekosti, so zalo\u017een\u00fdmi kr\u00eddlami a s plamenn\u00fdmi me\u010dmi v ruk\u00e1ch.<\/p>\n<p class=\"ds-markdown-paragraph\">Vo vn\u00fatri s\u00fa umiestnen\u00e9 dva ve\u013ek\u00e9 sarkof\u00e1gy z bieleho carrarsk\u00e9ho mramoru. V pravom s\u00fa ulo\u017een\u00e9 telesn\u00e9 pozostatky Franti\u0161ky a v \u013eavom Dion\u00fdza Andr\u00e1\u0161iho. V apside\u00a0<strong>mauz\u00f3lea<\/strong>\u00a0sa nach\u00e1dza olt\u00e1r so so\u0161kou sv\u00e4tej Franti\u0161ky. Kupolu\u00a0<strong>mauz\u00f3lea<\/strong> podopiera osem st\u013apov.<\/p>\n<h2 class=\"ds-markdown-paragraph\"><span style=\"color: #800000;\">Ako je Mauz\u00f3leum spr\u00edstupnen\u00e9 verejnosti?<\/span><\/h2>\n<p class=\"ds-markdown-paragraph\">Toto\u00a0<strong>mauz\u00f3leum<\/strong>\u00a0je vysunutou expoz\u00edciou M\u00fazea v Betliari. SNM \u2013 M\u00fazeum Betliar s\u00eddli v administrat\u00edvnej budove v are\u00e1li ka\u0161tie\u013ea Betliar (obec Betliar).\u00a0<strong>Mauz\u00f3leum Andr\u00e1ssyovcov v Kr\u00e1snohorskom Podhrad\u00ed<\/strong>\u00a0je jednou z dvoch vysunut\u00fdch expoz\u00edci\u00ed m\u00fazea SNM &#8211; M\u00fazea Betliar v obci\u00a0<strong>Kr\u00e1snohorsk\u00e9 Podhradie<\/strong>.<\/p>\n<h2 class=\"ds-markdown-paragraph\"><span style=\"color: #800000;\">Ako sa dosta\u0165 do Mauz\u00f3lea Andr\u00e1\u0161iovcov?<\/span><\/h2>\n<p class=\"ds-markdown-paragraph\"><strong>Mauz\u00f3leum Andr\u00e1ssyovcov<\/strong>\u00a0le\u017e\u00ed na za\u010diatku obce\u00a0<strong>Kr\u00e1snohorsk\u00e9 Podhradie<\/strong>, hne\u010f pri hlavnej ceste I. triedy 16 (I\/16) ved\u00facej v trase Zvolen \u2013 Lu\u010denec \u2013 Ro\u017e\u0148ava \u2013 Ko\u0161ice. Vodi\u010di motorov\u00fdch vozidiel m\u00f4\u017eu vyu\u017ei\u0165 mal\u00e9 parkovisko pri dom\u010deku s poklad\u0148ou, ktor\u00e9 sa nach\u00e1dza oproti\u00a0<strong>mauz\u00f3leu<\/strong>.<\/p>\n<h2><span style=\"color: #800000;\">Otv\u00e1racie hodiny a kontakt<\/span><\/h2>\n<ul>\n<li><a href=\"https:\/\/www.slovensky-kras.eu\/info\/aktualne-otvaracie-hodiny-a-vstupne-mauzoleum-grofa-dionyza-a-frantisky-andrassyovcov\/\">Aktu\u00e1lne otv\u00e1racie hodiny a vstupn\u00e9 \u2013 Mauz\u00f3leum\u00a0 Andr\u00e1\u0161iovcov (\u010d\u00edtaj viac..)<\/a><\/li>\n<\/ul>\n<h2><span style=\"color: #800000;\">Fotogal\u00e9ria<\/span><\/h2>\n<style type=\"text\/css\">\n#foogallery-gallery-28885 .fg-image { width: 200px; }<\/style>\n\t\t\t<div class=\"foogallery foogallery-container foogallery-carousel foogallery-lightbox-foogallery fg-carousel fg-ready fg-light fg-border-medium fg-round-small fg-shadow-medium fg-loading-default fg-loaded-fade-in fg-hover-semi-zoomed fg-hover-fade fg-hover-circle-plus2\" id=\"foogallery-gallery-28885\" data-foogallery=\"{&quot;item&quot;:{&quot;showCaptionTitle&quot;:true,&quot;showCaptionDescription&quot;:true},&quot;lazy&quot;:true,&quot;template&quot;:{&quot;maxItems&quot;:5,&quot;scale&quot;:0.11999999999999999555910790149937383830547332763671875,&quot;gutter&quot;:{&quot;min&quot;:-40,&quot;max&quot;:-20,&quot;unit&quot;:&quot;%&quot;},&quot;autoplay&quot;:{&quot;time&quot;:0,&quot;interaction&quot;:&quot;pause&quot;},&quot;centerOnClick&quot;:true,&quot;align&quot;:&quot;center&quot;,&quot;activePosition&quot;:&quot;center&quot;}}\" data-foogallery-lightbox=\"{&quot;thumbs&quot;:&quot;bottom&quot;,&quot;thumbsCaptions&quot;:false,&quot;thumbsBestFit&quot;:false,&quot;thumbsSmall&quot;:false,&quot;thumbsCaptionsAlign&quot;:&quot;default&quot;,&quot;info&quot;:&quot;bottom&quot;,&quot;infoVisible&quot;:true,&quot;infoOverlay&quot;:true,&quot;infoAlign&quot;:&quot;default&quot;,&quot;transition&quot;:&quot;fade&quot;,&quot;hoverButtons&quot;:false,&quot;fitMedia&quot;:false,&quot;noScrollbars&quot;:true,&quot;preserveButtonSpace&quot;:true,&quot;buttons&quot;:{&quot;fullscreen&quot;:true,&quot;info&quot;:true,&quot;thumbs&quot;:false},&quot;video&quot;:{&quot;autoPlay&quot;:true}}\" style=\"--fg-title-line-clamp: 1; --fg-description-line-clamp: 2;\" >\n\t<button type=\"button\" class=\"fg-carousel-prev\" title=\"Previous\"><\/button>\n\t<div class=\"fg-carousel-inner\">\n\t\t<div class=\"fg-carousel-center\"><\/div>\n\t\t<div class=\"fg-item fg-type-image fg-idle\"><figure class=\"fg-item-inner\"><a href=\"https:\/\/www.slovensky-kras.eu\/info\/wp-content\/uploads\/2022\/08\/mauzoleumkp8.jpg\" data-attachment-id=\"23482\" data-type=\"image\" class=\"fg-thumb\"><span class=\"fg-image-wrap\"><img decoding=\"async\" width=\"200\" height=\"200\" class=\"skip-lazy fg-image\" data-src-fg=\"https:\/\/www.slovensky-kras.eu\/info\/wp-content\/uploads\/cache\/2022\/08\/mauzoleumkp8\/2657904231.jpg\" src=\"data:image\/svg+xml,%3Csvg%20xmlns%3D%22http%3A%2F%2Fwww.w3.org%2F2000%2Fsvg%22%20width%3D%22200%22%20height%3D%22200%22%20viewBox%3D%220%200%20200%20200%22%3E%3C%2Fsvg%3E\" loading=\"eager\"><\/span><span class=\"fg-image-overlay\"><\/span><\/a><\/figure><div class=\"fg-loader\"><\/div><\/div><div class=\"fg-item fg-type-image fg-idle\"><figure class=\"fg-item-inner\"><a href=\"https:\/\/www.slovensky-kras.eu\/info\/wp-content\/uploads\/2022\/08\/mauzoleumkp7.jpg\" data-attachment-id=\"23481\" data-type=\"image\" class=\"fg-thumb\"><span class=\"fg-image-wrap\"><img decoding=\"async\" width=\"200\" height=\"200\" class=\"skip-lazy fg-image\" data-src-fg=\"https:\/\/www.slovensky-kras.eu\/info\/wp-content\/uploads\/cache\/2022\/08\/mauzoleumkp7\/3387739711.jpg\" src=\"data:image\/svg+xml,%3Csvg%20xmlns%3D%22http%3A%2F%2Fwww.w3.org%2F2000%2Fsvg%22%20width%3D%22200%22%20height%3D%22200%22%20viewBox%3D%220%200%20200%20200%22%3E%3C%2Fsvg%3E\" loading=\"eager\"><\/span><span class=\"fg-image-overlay\"><\/span><\/a><\/figure><div class=\"fg-loader\"><\/div><\/div><div class=\"fg-item fg-type-image fg-idle\"><figure class=\"fg-item-inner\"><a href=\"https:\/\/www.slovensky-kras.eu\/info\/wp-content\/uploads\/2022\/08\/mauzoleumkp6.jpg\" data-attachment-id=\"23480\" data-type=\"image\" class=\"fg-thumb\"><span class=\"fg-image-wrap\"><img decoding=\"async\" width=\"200\" height=\"200\" class=\"skip-lazy fg-image\" data-src-fg=\"https:\/\/www.slovensky-kras.eu\/info\/wp-content\/uploads\/cache\/2022\/08\/mauzoleumkp6\/87113388.jpg\" src=\"data:image\/svg+xml,%3Csvg%20xmlns%3D%22http%3A%2F%2Fwww.w3.org%2F2000%2Fsvg%22%20width%3D%22200%22%20height%3D%22200%22%20viewBox%3D%220%200%20200%20200%22%3E%3C%2Fsvg%3E\" loading=\"eager\"><\/span><span class=\"fg-image-overlay\"><\/span><\/a><\/figure><div class=\"fg-loader\"><\/div><\/div><div class=\"fg-item fg-type-image fg-idle\"><figure class=\"fg-item-inner\"><a href=\"https:\/\/www.slovensky-kras.eu\/info\/wp-content\/uploads\/2022\/08\/mauzoleumkp5.jpg\" data-attachment-id=\"23479\" data-type=\"image\" class=\"fg-thumb\"><span class=\"fg-image-wrap\"><img decoding=\"async\" width=\"200\" height=\"200\" class=\"skip-lazy fg-image\" data-src-fg=\"https:\/\/www.slovensky-kras.eu\/info\/wp-content\/uploads\/cache\/2022\/08\/mauzoleumkp5\/1769613666.jpg\" src=\"data:image\/svg+xml,%3Csvg%20xmlns%3D%22http%3A%2F%2Fwww.w3.org%2F2000%2Fsvg%22%20width%3D%22200%22%20height%3D%22200%22%20viewBox%3D%220%200%20200%20200%22%3E%3C%2Fsvg%3E\" loading=\"eager\"><\/span><span class=\"fg-image-overlay\"><\/span><\/a><\/figure><div class=\"fg-loader\"><\/div><\/div><div class=\"fg-item fg-type-image fg-idle\"><figure class=\"fg-item-inner\"><a href=\"https:\/\/www.slovensky-kras.eu\/info\/wp-content\/uploads\/2022\/08\/mauzoleumkp4.jpg\" data-attachment-id=\"23478\" data-type=\"image\" class=\"fg-thumb\"><span class=\"fg-image-wrap\"><img decoding=\"async\" width=\"200\" height=\"200\" class=\"skip-lazy fg-image\" data-src-fg=\"https:\/\/www.slovensky-kras.eu\/info\/wp-content\/uploads\/cache\/2022\/08\/mauzoleumkp4\/2779240945.jpg\" src=\"data:image\/svg+xml,%3Csvg%20xmlns%3D%22http%3A%2F%2Fwww.w3.org%2F2000%2Fsvg%22%20width%3D%22200%22%20height%3D%22200%22%20viewBox%3D%220%200%20200%20200%22%3E%3C%2Fsvg%3E\" loading=\"eager\"><\/span><span class=\"fg-image-overlay\"><\/span><\/a><\/figure><div class=\"fg-loader\"><\/div><\/div><div class=\"fg-item fg-type-image fg-idle\"><figure class=\"fg-item-inner\"><a href=\"https:\/\/www.slovensky-kras.eu\/info\/wp-content\/uploads\/2022\/08\/mauzoleumkp3.jpg\" data-attachment-id=\"23477\" data-type=\"image\" class=\"fg-thumb\"><span class=\"fg-image-wrap\"><img decoding=\"async\" width=\"200\" height=\"200\" class=\"skip-lazy fg-image\" data-src-fg=\"https:\/\/www.slovensky-kras.eu\/info\/wp-content\/uploads\/cache\/2022\/08\/mauzoleumkp3\/2912583843.jpg\" src=\"data:image\/svg+xml,%3Csvg%20xmlns%3D%22http%3A%2F%2Fwww.w3.org%2F2000%2Fsvg%22%20width%3D%22200%22%20height%3D%22200%22%20viewBox%3D%220%200%20200%20200%22%3E%3C%2Fsvg%3E\" loading=\"eager\"><\/span><span class=\"fg-image-overlay\"><\/span><\/a><\/figure><div class=\"fg-loader\"><\/div><\/div><div class=\"fg-item fg-type-image fg-idle\"><figure class=\"fg-item-inner\"><a href=\"https:\/\/www.slovensky-kras.eu\/info\/wp-content\/uploads\/2022\/08\/mauzoleumkp2.jpg\" data-attachment-id=\"23476\" data-type=\"image\" class=\"fg-thumb\"><span class=\"fg-image-wrap\"><img decoding=\"async\" width=\"200\" height=\"200\" class=\"skip-lazy fg-image\" data-src-fg=\"https:\/\/www.slovensky-kras.eu\/info\/wp-content\/uploads\/cache\/2022\/08\/mauzoleumkp2\/1632071728.jpg\" src=\"data:image\/svg+xml,%3Csvg%20xmlns%3D%22http%3A%2F%2Fwww.w3.org%2F2000%2Fsvg%22%20width%3D%22200%22%20height%3D%22200%22%20viewBox%3D%220%200%20200%20200%22%3E%3C%2Fsvg%3E\" loading=\"eager\"><\/span><span class=\"fg-image-overlay\"><\/span><\/a><\/figure><div class=\"fg-loader\"><\/div><\/div><div class=\"fg-item fg-type-image fg-idle\"><figure class=\"fg-item-inner\"><a href=\"https:\/\/www.slovensky-kras.eu\/info\/wp-content\/uploads\/2022\/08\/mauzoleumkp1.jpg\" data-attachment-id=\"23475\" data-type=\"image\" class=\"fg-thumb\"><span class=\"fg-image-wrap\"><img decoding=\"async\" width=\"200\" height=\"200\" class=\"skip-lazy fg-image\" data-src-fg=\"https:\/\/www.slovensky-kras.eu\/info\/wp-content\/uploads\/cache\/2022\/08\/mauzoleumkp1\/4015024068.jpg\" src=\"data:image\/svg+xml,%3Csvg%20xmlns%3D%22http%3A%2F%2Fwww.w3.org%2F2000%2Fsvg%22%20width%3D%22200%22%20height%3D%22200%22%20viewBox%3D%220%200%20200%20200%22%3E%3C%2Fsvg%3E\" loading=\"eager\"><\/span><span class=\"fg-image-overlay\"><\/span><\/a><\/figure><div class=\"fg-loader\"><\/div><\/div><div class=\"fg-item fg-type-image fg-idle\"><figure class=\"fg-item-inner\"><a href=\"https:\/\/www.slovensky-kras.eu\/info\/wp-content\/uploads\/2021\/12\/mauzoleum4.jpg\" data-attachment-id=\"21823\" data-type=\"image\" class=\"fg-thumb\"><span class=\"fg-image-wrap\"><img decoding=\"async\" width=\"200\" height=\"200\" class=\"skip-lazy fg-image\" data-src-fg=\"https:\/\/www.slovensky-kras.eu\/info\/wp-content\/uploads\/cache\/2021\/12\/mauzoleum4\/3924846535.jpg\" src=\"data:image\/svg+xml,%3Csvg%20xmlns%3D%22http%3A%2F%2Fwww.w3.org%2F2000%2Fsvg%22%20width%3D%22200%22%20height%3D%22200%22%20viewBox%3D%220%200%20200%20200%22%3E%3C%2Fsvg%3E\" loading=\"eager\"><\/span><span class=\"fg-image-overlay\"><\/span><\/a><\/figure><div class=\"fg-loader\"><\/div><\/div><div class=\"fg-item fg-type-image fg-idle\"><figure class=\"fg-item-inner\"><a href=\"https:\/\/www.slovensky-kras.eu\/info\/wp-content\/uploads\/2021\/12\/mauzoleum3.jpg\" data-attachment-id=\"21822\" data-type=\"image\" class=\"fg-thumb\"><span class=\"fg-image-wrap\"><img decoding=\"async\" alt=\"Mauz\u00f3leum Andr\u00e1\u0161iovcov (Andr\u00e1ssyovcov)\" width=\"200\" height=\"200\" class=\"skip-lazy fg-image\" data-src-fg=\"https:\/\/www.slovensky-kras.eu\/info\/wp-content\/uploads\/cache\/2021\/12\/mauzoleum3\/336132319.jpg\" src=\"data:image\/svg+xml,%3Csvg%20xmlns%3D%22http%3A%2F%2Fwww.w3.org%2F2000%2Fsvg%22%20width%3D%22200%22%20height%3D%22200%22%20viewBox%3D%220%200%20200%20200%22%3E%3C%2Fsvg%3E\" loading=\"eager\"><\/span><span class=\"fg-image-overlay\"><\/span><\/a><\/figure><div class=\"fg-loader\"><\/div><\/div><div class=\"fg-item fg-type-image fg-idle\"><figure class=\"fg-item-inner\"><a href=\"https:\/\/www.slovensky-kras.eu\/info\/wp-content\/uploads\/2021\/12\/mauzoleum2.jpg\" data-attachment-id=\"21821\" data-type=\"image\" class=\"fg-thumb\"><span class=\"fg-image-wrap\"><img decoding=\"async\" width=\"200\" height=\"200\" class=\"skip-lazy fg-image\" data-src-fg=\"https:\/\/www.slovensky-kras.eu\/info\/wp-content\/uploads\/cache\/2021\/12\/mauzoleum2\/445989891.jpg\" src=\"data:image\/svg+xml,%3Csvg%20xmlns%3D%22http%3A%2F%2Fwww.w3.org%2F2000%2Fsvg%22%20width%3D%22200%22%20height%3D%22200%22%20viewBox%3D%220%200%20200%20200%22%3E%3C%2Fsvg%3E\" loading=\"eager\"><\/span><span class=\"fg-image-overlay\"><\/span><\/a><\/figure><div class=\"fg-loader\"><\/div><\/div><div class=\"fg-item fg-type-image fg-idle\"><figure class=\"fg-item-inner\"><a href=\"https:\/\/www.slovensky-kras.eu\/info\/wp-content\/uploads\/2021\/12\/mauzoleum1.jpg\" data-caption-title=\"Mauz\u00f3leum gr\u00f3fa Dion\u00fdza a Franti\u0161ky Andr\u00e1ssyovcov\" data-attachment-id=\"21820\" data-type=\"image\" class=\"fg-thumb\"><span class=\"fg-image-wrap\"><img decoding=\"async\" alt=\"Mauz\u00f3leum Andr\u00e1\u0161iovcov (Andr\u00e1ssyovcov)\" title=\"Mauz\u00f3leum gr\u00f3fa Dion\u00fdza a Franti\u0161ky Andr\u00e1ssyovcov\" width=\"200\" height=\"200\" class=\"skip-lazy fg-image\" data-src-fg=\"https:\/\/www.slovensky-kras.eu\/info\/wp-content\/uploads\/cache\/2021\/12\/mauzoleum1\/1663555041.jpg\" src=\"data:image\/svg+xml,%3Csvg%20xmlns%3D%22http%3A%2F%2Fwww.w3.org%2F2000%2Fsvg%22%20width%3D%22200%22%20height%3D%22200%22%20viewBox%3D%220%200%20200%20200%22%3E%3C%2Fsvg%3E\" loading=\"eager\"><\/span><span class=\"fg-image-overlay\"><\/span><\/a><figcaption class=\"fg-caption\"><div class=\"fg-caption-inner\"><div class=\"fg-caption-title\">Mauz\u00f3leum gr\u00f3fa Dion\u00fdza a Franti\u0161ky Andr\u00e1ssyovcov<\/div><\/div><\/figcaption><\/figure><div class=\"fg-loader\"><\/div><\/div><div class=\"fg-item fg-type-image fg-idle\"><figure class=\"fg-item-inner\"><a href=\"https:\/\/www.slovensky-kras.eu\/info\/wp-content\/uploads\/2013\/07\/Andr\u00e1ssy_D\u00e9nes-001.jpg\" data-caption-title=\"Andr\u00e1ssy D\u00e9nes (Dion\u00fdz)\" data-attachment-id=\"11893\" data-type=\"image\" class=\"fg-thumb\"><span class=\"fg-image-wrap\"><img decoding=\"async\" title=\"Andr\u00e1ssy D\u00e9nes (Dion\u00fdz)\" width=\"200\" height=\"200\" class=\"skip-lazy fg-image\" data-src-fg=\"https:\/\/www.slovensky-kras.eu\/info\/wp-content\/uploads\/cache\/2013\/07\/Andr\u00e1ssy_D\u00e9nes-001\/1483984936.jpg\" src=\"data:image\/svg+xml,%3Csvg%20xmlns%3D%22http%3A%2F%2Fwww.w3.org%2F2000%2Fsvg%22%20width%3D%22200%22%20height%3D%22200%22%20viewBox%3D%220%200%20200%20200%22%3E%3C%2Fsvg%3E\" loading=\"eager\"><\/span><span class=\"fg-image-overlay\"><\/span><\/a><figcaption class=\"fg-caption\"><div class=\"fg-caption-inner\"><div class=\"fg-caption-title\">Andr\u00e1ssy D\u00e9nes (Dion\u00fdz)<\/div><\/div><\/figcaption><\/figure><div class=\"fg-loader\"><\/div><\/div><div class=\"fg-item fg-type-image fg-idle\"><figure class=\"fg-item-inner\"><a href=\"https:\/\/www.slovensky-kras.eu\/info\/wp-content\/uploads\/2013\/07\/Hablawetz_Franciska.jpg\" data-caption-title=\"Franziska Seraphica Hablawetz\" data-caption-desc=\"Franziska Seraphica Hablawetz\" data-attachment-id=\"11906\" data-type=\"image\" class=\"fg-thumb\"><span class=\"fg-image-wrap\"><img decoding=\"async\" alt=\"Franziska Seraphica Hablawetz\" title=\"Franziska Seraphica Hablawetz\" width=\"200\" height=\"200\" class=\"skip-lazy fg-image\" data-src-fg=\"https:\/\/www.slovensky-kras.eu\/info\/wp-content\/uploads\/cache\/2013\/07\/Hablawetz_Franciska\/4024514709.jpg\" src=\"data:image\/svg+xml,%3Csvg%20xmlns%3D%22http%3A%2F%2Fwww.w3.org%2F2000%2Fsvg%22%20width%3D%22200%22%20height%3D%22200%22%20viewBox%3D%220%200%20200%20200%22%3E%3C%2Fsvg%3E\" loading=\"eager\"><\/span><span class=\"fg-image-overlay\"><\/span><\/a><figcaption class=\"fg-caption\"><div class=\"fg-caption-inner\"><div class=\"fg-caption-title\">Franziska Seraphica Hablawetz<\/div><div class=\"fg-caption-desc\">Franziska Seraphica Hablawetz<\/div><\/div><\/figcaption><\/figure><div class=\"fg-loader\"><\/div><\/div>\t<\/div>\n\t<div class=\"fg-carousel-bottom\"><\/div>\n\t<div class=\"fg-carousel-progress\"><\/div>\n\t<button type=\"button\" class=\"fg-carousel-next\" title=\"Next\"><\/button>\n<\/div>\n<h3><span style=\"color: #808000;\">Bl\u00edzke stredisko, turistick\u00e9 centrum, obec alebo mesto:<\/span><\/h3>\n<ul>\n<li><a href=\"http:\/\/www.slovensky-kras.eu\/info\/strediska-a-centra\/obec-krasnohorske-podhradie\/\">Obec Krasnohorsk\u00e9 podhradie (\u010d\u00edtaj viac&#8230;)<\/a><\/li>\n<\/ul>\n<h2><span style=\"color: #800000;\">Mapy<\/span><\/h2>\n<p><strong>Vrstvy: <\/strong>Turistick\u00e1 mapa, Automapa, Cyklomapa, Ly\u017eiarska mapa, Satelitn\u00e1 mapa a OpenStreetMap.<\/p>\n<p><strong>Kliknut\u00edm na logo &#8222;Freemap.sk&#8220; sa V\u00e1m mapa zobraz\u00ed na celej ploche obrazovky.<\/strong><\/p>\n<p><iframe style=\"width: 900px; height: 600px; border: 0;\" src=\"https:\/\/www.freemap.sk\/?map=14\/48.645982\/20.602498&amp;info-point=48.645982\/20.602498,Mauz\u00f3leum Dion\u00fdza Andr\u00e1\u0161iho&amp;layers=X&amp;embed=search\" allowfullscreen=\"allowfullscreen\"><\/iframe><\/p>\n<h2><span style=\"color: #800000;\">Po\u010dasie<\/span><\/h2>\n<p><iframe style=\"width: 900px; height: 610px;\" src=\"https:\/\/www.meteoblue.com\/sk\/po%C4%8Dasie\/widget\/three\/kr%c3%a1snohorsk%c3%a9-podhradie_slovensk%c3%a1-republika_724407?geoloc=fixed&amp;nocurrent=0&amp;noforecast=0&amp;days=6&amp;tempunit=CELSIUS&amp;windunit=KILOMETER_PER_HOUR&amp;layout=image\" frameborder=\"0\" scrolling=\"NO\" sandbox=\"allow-same-origin allow-scripts allow-popups allow-popups-to-escape-sandbox\"><span data-mce-type=\"bookmark\" style=\"display: inline-block; width: 0px; overflow: hidden; line-height: 0;\" class=\"mce_SELRES_start\">\ufeff<\/span><\/iframe><\/p>\n<div><!-- DO NOT REMOVE THIS LINK --><a href=\"https:\/\/www.meteoblue.com\/sk\/po%C4%8Dasie\/predpove%C4%8F\/t%C3%BD%C5%BEde%C5%88\/kr%c3%a1snohorsk%c3%a9-podhradie_slovensk%c3%a1-republika_724407?utm_source=weather_widget&amp;utm_medium=linkus&amp;utm_content=three&amp;utm_campaign=Weather%2BWidget\" target=\"_blank\" rel=\"noopener noreferrer\">meteoblue<\/a><\/div>\n<p><strong>Ot\u00e1zka pre JazykovaPoradna.sk: <\/strong><br \/>\nAko sa spr\u00e1vne p\u00ed\u0161e rod P\u00e1lffyovcov? Pre\u0161lo v poslednom \u010dase nejak\u00fdmi pravopisn\u00fdmi zmenami aj p\u00edsanie in\u00fdch mien, napr. Eszterh\u00e1zyovci, Zichyovci?<\/p>\n<p><strong>Odpove\u010f:<\/strong><\/p>\n<p>V 80. rokoch minul\u00e9ho storo\u010dia sa prijali z\u00e1sady p\u00edsania mien os\u00f4b vystupuj\u00facich v uhorskom obdob\u00ed slovensk\u00fdch dej\u00edn do roku 1918, ktor\u00e9 boli vypracovan\u00e9 v s\u00falade so z\u00e1vermi komisie pre historick\u00fa terminol\u00f3giu pri Historickom \u00fastave SAV. M\u00f4\u017eete si ich pre\u010d\u00edta\u0165 v Pravidl\u00e1ch slovensk\u00e9ho pravopisu (2000) v kapitole P\u00edsanie historick\u00fdch osobn\u00fdch mien z uhorsk\u00e9ho obdobia slovensk\u00fdch dej\u00edn. Pravidl\u00e1 slovensk\u00e9ho pravopisu s\u00fa spr\u00edstupnen\u00e9 aj v elektronickej verzii na str\u00e1nke Jazykovedn\u00e9ho \u00fastavu \u013d. \u0160t\u00fara SAV <a href=\"http:\/\/www.juls.savba.sk\/pravidla_sloven_pravopisu.html\" target=\"_blank\" rel=\"noopener noreferrer\">http:\/\/www.juls.savba.sk\/pravidla_sloven_pravopisu.html<\/a> (zvo\u013ete textov\u00fa \u010das\u0165). Priezvisko P\u00e1lffy\/P\u00e1lffi sa pod\u013ea z\u00e1sad slovensk\u00e9ho prepisu p\u00ed\u0161e P\u00e1lfi, tak\u017ee pomenovanie rodu m\u00e1 podobu rod P\u00e1lfiovcov a rodinn\u00e9 pomenovanie je P\u00e1lfiovci. Podobne je to pri men\u00e1ch Eszterh\u00e1zy a Zichy, ktor\u00e9 sa pod\u013ea spom\u00ednan\u00fdch z\u00e1sad p\u00ed\u0161u Esterh\u00e1zi a Zi\u010di. Rodinn\u00e9 pomenovanie m\u00e1 podobu Esterh\u00e1ziovci, Zi\u010diovci.<br \/>\n<strong>Zdroj inform\u00e1ci\u00ed:<\/strong> <a href=\"http:\/\/jazykovaporadna.sme.sk\/q\/4965\/#axzz4hOkYiI9I\" target=\"_blank\" rel=\"noopener noreferrer\">http:\/\/jazykovaporadna.sme.sk\/q\/4965\/#axzz4hOkYiI9I<\/a><\/p>\n<p><strong><br \/>\nOt\u00e1zka pre jazykov\u00fa porad\u0148u (Jazykovedn\u00fd \u00fastav \u013dudov\u00edta \u0160t\u00fara)<\/strong><\/p>\n<p>Ak potrebujete z\u00edska\u0165 odpove\u010f v kr\u00e1tkom \u010dase, odpor\u00fa\u010dame v\u00e1m vyu\u017ei\u0165 mo\u017enos\u0165 telefonickej konzult\u00e1cie na telef\u00f3nnom \u010d\u00edsle +421 2 54431761-2 v pracovn\u00fdch d\u0148och od 8.00 do 11.00 hodiny.<br \/>\n<strong><br \/>\nV pr\u00edpade technick\u00fdch probl\u00e9mov:<\/strong> <a href=\"mailto:jazykovaporadna@smeonline.sk\" target=\"_blank\" rel=\"noopener noreferrer\">jazykovaporadna@smeonline.sk<\/a><\/p>\n<p>r&#8220;&gt;http:\/\/jazykovaporadna.sme.sk\/question\/add\/#axzz4hOkYiI9I<\/p>\n","protected":false},"excerpt":{"rendered":"<p>Menu: M\u00faze\u00e1 a obraz\u00e1rne \u010co je Mauz\u00f3leum Andr\u00e1\u0161iovcov a ak\u00fa m\u00e1 hist\u00f3riu? Mauz\u00f3leum Andr\u00e1\u0161iovcov\u00a0v\u00a0Kr\u00e1snohorskom Podhrad\u00ed\u00a0je rodinn\u00e1 krypta, venovan\u00e1 gr\u00f3fovi Dion\u00fdzovi Andr\u00e1\u0161imu (1835 \u2013 \u20201913) a jeho man\u017eelke Franti\u0161ke (1838 \u2013 [&hellip;]<\/p>\n","protected":false},"author":1,"featured_media":21822,"parent":30,"menu_order":0,"comment_status":"closed","ping_status":"open","template":"","meta":{"_uag_custom_page_level_css":"","footnotes":""},"class_list":["post-923","page","type-page","status-publish","has-post-thumbnail","hentry"],"featured_image_src":"https:\/\/www.slovensky-kras.eu\/info\/wp-content\/uploads\/2021\/12\/mauzoleum3.jpg","featured_image_src_square":"https:\/\/www.slovensky-kras.eu\/info\/wp-content\/uploads\/2021\/12\/mauzoleum3.jpg","rbea_author_info":{"display_name":"admin","author_link":"https:\/\/www.slovensky-kras.eu\/info\/author\/admin\/"},"rbea_excerpt_info":"Menu: M\u00faze\u00e1 a obraz\u00e1rne \u010co je Mauz\u00f3leum Andr\u00e1\u0161iovcov a ak\u00fa m\u00e1 hist\u00f3riu? Mauz\u00f3leum Andr\u00e1\u0161iovcov\u00a0v\u00a0Kr\u00e1snohorskom Podhrad\u00ed\u00a0je rodinn\u00e1 krypta, venovan\u00e1 gr\u00f3fovi Dion\u00fdzovi Andr\u00e1\u0161imu (1835 \u2013 \u20201913) a jeho man\u017eelke Franti\u0161ke (1838 \u2013 [&hellip;]","uagb_featured_image_src":{"full":["https:\/\/www.slovensky-kras.eu\/info\/wp-content\/uploads\/2021\/12\/mauzoleum3.jpg",800,533,false],"thumbnail":["https:\/\/www.slovensky-kras.eu\/info\/wp-content\/uploads\/2021\/12\/mauzoleum3-150x150.jpg",150,150,true],"medium":["https:\/\/www.slovensky-kras.eu\/info\/wp-content\/uploads\/2021\/12\/mauzoleum3.jpg",800,533,false],"medium_large":["https:\/\/www.slovensky-kras.eu\/info\/wp-content\/uploads\/2021\/12\/mauzoleum3-768x512.jpg",768,512,true],"large":["https:\/\/www.slovensky-kras.eu\/info\/wp-content\/uploads\/2021\/12\/mauzoleum3.jpg",800,533,false],"1536x1536":["https:\/\/www.slovensky-kras.eu\/info\/wp-content\/uploads\/2021\/12\/mauzoleum3.jpg",800,533,false],"2048x2048":["https:\/\/www.slovensky-kras.eu\/info\/wp-content\/uploads\/2021\/12\/mauzoleum3.jpg",800,533,false]},"uagb_author_info":{"display_name":"admin","author_link":"https:\/\/www.slovensky-kras.eu\/info\/author\/admin\/"},"uagb_comment_info":0,"uagb_excerpt":"Menu: M\u00faze\u00e1 a obraz\u00e1rne \u010co je Mauz\u00f3leum Andr\u00e1\u0161iovcov a ak\u00fa m\u00e1 hist\u00f3riu? Mauz\u00f3leum Andr\u00e1\u0161iovcov\u00a0v\u00a0Kr\u00e1snohorskom Podhrad\u00ed\u00a0je rodinn\u00e1 krypta, venovan\u00e1 gr\u00f3fovi Dion\u00fdzovi Andr\u00e1\u0161imu (1835 \u2013 \u20201913) a jeho man\u017eelke Franti\u0161ke (1838 \u2013 [&hellip;]","_links":{"self":[{"href":"https:\/\/www.slovensky-kras.eu\/info\/wp-json\/wp\/v2\/pages\/923","targetHints":{"allow":["GET"]}}],"collection":[{"href":"https:\/\/www.slovensky-kras.eu\/info\/wp-json\/wp\/v2\/pages"}],"about":[{"href":"https:\/\/www.slovensky-kras.eu\/info\/wp-json\/wp\/v2\/types\/page"}],"author":[{"embeddable":true,"href":"https:\/\/www.slovensky-kras.eu\/info\/wp-json\/wp\/v2\/users\/1"}],"replies":[{"embeddable":true,"href":"https:\/\/www.slovensky-kras.eu\/info\/wp-json\/wp\/v2\/comments?post=923"}],"version-history":[{"count":14,"href":"https:\/\/www.slovensky-kras.eu\/info\/wp-json\/wp\/v2\/pages\/923\/revisions"}],"predecessor-version":[{"id":29022,"href":"https:\/\/www.slovensky-kras.eu\/info\/wp-json\/wp\/v2\/pages\/923\/revisions\/29022"}],"up":[{"embeddable":true,"href":"https:\/\/www.slovensky-kras.eu\/info\/wp-json\/wp\/v2\/pages\/30"}],"wp:featuredmedia":[{"embeddable":true,"href":"https:\/\/www.slovensky-kras.eu\/info\/wp-json\/wp\/v2\/media\/21822"}],"wp:attachment":[{"href":"https:\/\/www.slovensky-kras.eu\/info\/wp-json\/wp\/v2\/media?parent=923"}],"curies":[{"name":"wp","href":"https:\/\/api.w.org\/{rel}","templated":true}]}}