{"id":9166,"date":"2016-11-03T06:45:45","date_gmt":"2016-11-03T05:45:45","guid":{"rendered":"http:\/\/www.slovensky-kras.eu\/info\/?page_id=9166"},"modified":"2017-06-11T13:18:58","modified_gmt":"2017-06-11T11:18:58","slug":"hrady-a-hradiska","status":"publish","type":"page","link":"https:\/\/www.slovensky-kras.eu\/info\/kam-za-pamiatkami\/hrady-a-hradiska\/","title":{"rendered":"Hrady, hradisk\u00e1 a zr\u00facaniny"},"content":{"rendered":"<p><strong>Menu: <\/strong><a href=\"http:\/\/www.slovensky-kras.eu\/info\/\" class=\"su-button su-button-style-default\" style=\"color:#000000;background-color:#FFCF2F;border-color:#cca626;border-radius:5px\" target=\"_self\"><span style=\"color:#000000;padding:6px 16px;font-size:13px;line-height:20px;border-color:#ffde6e;border-radius:5px;text-shadow:none\"><i class=\"sui sui-arrow-right\" style=\"font-size:13px;color:#000000\"><\/i>  \u00davod \/ Aktuality <\/span><\/a>\n<a href=\"http:\/\/www.slovensky-kras.eu\/info\/kam-za-pamiatkami\/\" class=\"su-button su-button-style-default\" style=\"color:#000000;background-color:#FFCF2F;border-color:#cca626;border-radius:5px\" target=\"_self\"><span style=\"color:#000000;padding:6px 16px;font-size:13px;line-height:20px;border-color:#ffde6e;border-radius:5px;text-shadow:none\"><i class=\"sui sui-arrow-right\" style=\"font-size:13px;color:#000000\"><\/i>  Kam za pamiatkami <\/span><\/a>\n<div class=\"su-divider su-divider-style-default\" style=\"margin:15px 0;border-width:0px;border-color:#000000\"><\/div>\n<strong>Podkateg\u00f3ria: <\/strong> <a href=\"http:\/\/www.slovensky-kras.eu\/info\/kam-za-pamiatkami\/hrady-a-hradiska\/\" class=\"su-button su-button-style-default\" style=\"color:#000000;background-color:#afd144;border-color:#8ca837;border-radius:5px\" target=\"_self\"><span style=\"color:#000000;padding:6px 16px;font-size:13px;line-height:20px;border-color:#c7df7d;border-radius:5px;text-shadow:none\"><i class=\"sui sui-arrow-right\" style=\"font-size:13px;color:#000000\"><\/i>  Hrady a hradisk\u00e1 <\/span><\/a>\n<div class=\"su-divider su-divider-style-default\" style=\"margin:15px 0;border-width:3px;border-color:#000000\"><\/div>\n<div id=\"metaslider-id-4284\" style=\"max-width: 800px; margin: 0 auto;\" class=\"ml-slider-3-112-0 metaslider metaslider-flex metaslider-4284 ml-slider ms-theme-default nav-hidden\" role=\"region\" aria-label=\"Krasna Horka\" data-height=\"250\" data-width=\"800\">\n    <div id=\"metaslider_container_4284\">\n        <div id=\"metaslider_4284\" class=\"flexslider\">\n            <ul class='slides'>\n                <li style=\"display: block; width: 100%;\" class=\"slide-21675 ms-image \" aria-roledescription=\"slide\" data-date=\"2021-12-18 17:02:51\" data-filename=\"hrad-krasna-horka-15-800x250.png\" data-slide-type=\"image\"><a href=\"https:\/\/www.slovensky-kras.eu\/info\/kam-za-pamiatkami\/hrad-krasna-horka\/\" target=\"_self\" aria-label=\"Zobrazi\u0165 podrobnosti o sn\u00edmke\" class=\"metaslider_image_link\"><img loading=\"lazy\" decoding=\"async\" src=\"https:\/\/www.slovensky-kras.eu\/info\/wp-content\/uploads\/2021\/12\/hrad-krasna-horka-15-800x250.png\" height=\"250\" width=\"800\" alt=\"\" class=\"slider-4284 slide-21675 msDefaultImage\" title=\"hrad krasna horka 15\" \/><\/a><div class=\"caption-wrap\"><div class=\"caption\"><div><strong><a href=\"http:\/\/www.slovensky-kras.eu\/info\/kam-za-pamiatkami\/514-2\/\"><span style=\"color:#ffff00;\">Hrad Kr\u00e1sna H\u00f4rka<\/span><\/a><\/strong><\/div><\/div><\/div><\/li>\n            <\/ul>\n        <\/div>\n        \n    <\/div>\n<\/div>\n<div id=\"metaslider-id-4179\" style=\"max-width: 800px; margin: 0 auto;\" class=\"ml-slider-3-112-0 metaslider metaslider-flex metaslider-4179 ml-slider ms-theme-default nav-hidden nav-hidden\" role=\"region\" aria-label=\"Turniansky hrad\" data-height=\"300\" data-width=\"800\">\n    <div id=\"metaslider_container_4179\">\n        <div id=\"metaslider_4179\" class=\"flexslider\">\n            <ul class='slides'>\n                <li style=\"display: block; width: 100%;\" class=\"slide-32010 ms-image \" aria-roledescription=\"slide\" data-date=\"2026-06-26 08:08:27\" data-filename=\"turniansky-hrad2-800x300.jpeg\" data-slide-type=\"image\"><a href=\"https:\/\/www.slovensky-kras.eu\/info\/kam-za-pamiatkami\/turniansky-hrad\/\" target=\"_self\" aria-label=\"Zobrazi\u0165 podrobnosti o sn\u00edmke\" class=\"metaslider_image_link\"><img loading=\"lazy\" decoding=\"async\" src=\"https:\/\/www.slovensky-kras.eu\/info\/wp-content\/uploads\/2025\/11\/turniansky-hrad2-800x300.jpeg\" height=\"300\" width=\"800\" alt=\"Turniansky hrad - zr\u00facanina\" class=\"slider-4179 slide-32010 msDefaultImage\" title=\"Turniansky hrad - zr\u00facanina\" \/><\/a><div class=\"caption-wrap\"><div class=\"caption\"><div><strong><a href=\"http:\/\/www.slovensky-kras.eu\/info\/kam-za-pamiatkami\/turniansky-hrad\/\"><span style=\"color:#ffff00;\">Turniansky hrad \u2013 zr\u00facanina<\/span><\/a><\/strong><\/div><\/div><\/div><\/li>\n            <\/ul>\n        <\/div>\n        \n    <\/div>\n<\/div>\n<div id=\"metaslider-id-4295\" style=\"max-width: 800px; margin: 0 auto;\" class=\"ml-slider-3-112-0 metaslider metaslider-flex metaslider-4295 ml-slider ms-theme-default nav-hidden nav-hidden nav-hidden\" role=\"region\" aria-label=\"Jasovsky hrad\" data-height=\"300\" data-width=\"800\">\n    <div id=\"metaslider_container_4295\">\n        <div id=\"metaslider_4295\" class=\"flexslider\">\n            <ul class='slides'>\n                <li style=\"display: block; width: 100%;\" class=\"slide-29788 ms-image \" aria-roledescription=\"slide\" data-date=\"2026-04-02 00:41:15\" data-filename=\"jasovsky-hrad-3-800x300.jpeg\" data-slide-type=\"image\"><a href=\"https:\/\/www.slovensky-kras.eu\/info\/kam-za-pamiatkami\/jasovsky-hrad\/\" target=\"_self\" aria-label=\"Zobrazi\u0165 podrobnosti o sn\u00edmke\" class=\"metaslider_image_link\"><img loading=\"lazy\" decoding=\"async\" src=\"https:\/\/www.slovensky-kras.eu\/info\/wp-content\/uploads\/2025\/11\/jasovsky-hrad-3-800x300.jpeg\" height=\"300\" width=\"800\" alt=\"Jasovsk\u00fd hrad - zr\u00facanina\" class=\"slider-4295 slide-29788 msDefaultImage\" title=\"Jasovsk\u00fd hrad - zr\u00facanina\" \/><\/a><div class=\"caption-wrap\"><div class=\"caption\"><div><strong><a href=\"http:\/\/www.slovensky-kras.eu\/info\/kam-za-pamiatkami\/jasovsky-hrad\/\"><span style=\"color:#ffff00;\">Jasovsk\u00fd hrad - zr\u00facanina<\/span><\/a><\/strong><\/div><\/div><\/div><\/li>\n            <\/ul>\n        <\/div>\n        \n    <\/div>\n<\/div>\n<div id=\"metaslider-id-4176\" style=\"max-width: 800px; margin: 0 auto;\" class=\"ml-slider-3-112-0 metaslider metaslider-flex metaslider-4176 ml-slider ms-theme-default nav-hidden nav-hidden nav-hidden nav-hidden\" role=\"region\" aria-label=\"Hrad Ple\u0161ivec\" data-height=\"300\" data-width=\"800\">\n    <div id=\"metaslider_container_4176\">\n        <div id=\"metaslider_4176\" class=\"flexslider\">\n            <ul class='slides'>\n                <li style=\"display: block; width: 100%;\" class=\"slide-29789 ms-image \" aria-roledescription=\"slide\" data-date=\"2026-04-02 00:42:30\" data-filename=\"hrad-plesivec-jar-800x300.jpeg\" data-slide-type=\"image\"><a href=\"https:\/\/www.slovensky-kras.eu\/info\/kam-za-pamiatkami\/hrad-plesivec\/\" target=\"_self\" aria-label=\"Zobrazi\u0165 podrobnosti o sn\u00edmke\" class=\"metaslider_image_link\"><img loading=\"lazy\" decoding=\"async\" src=\"https:\/\/www.slovensky-kras.eu\/info\/wp-content\/uploads\/2025\/11\/hrad-plesivec-jar-800x300.jpeg\" height=\"300\" width=\"800\" alt=\"Hrad Ple\u0161ivec - zr\u00facanina\" class=\"slider-4176 slide-29789 msDefaultImage\" title=\"Hrad Ple\u0161ivec - zr\u00facanina\" \/><\/a><div class=\"caption-wrap\"><div class=\"caption\"><div><strong><a href=\"http:\/\/www.slovensky-kras.eu\/info\/kam-za-pamiatkami\/hrad-plesivec\/\"><span style=\"color:#ffff00;\">Hrad Ple\u0161ivec - zr\u00facanina<\/span><\/a><\/strong><\/div><\/div><\/div><\/li>\n            <\/ul>\n        <\/div>\n        \n    <\/div>\n<\/div>\n<div id=\"metaslider-id-6576\" style=\"max-width: 800px; margin: 0 auto;\" class=\"ml-slider-3-112-0 metaslider metaslider-flex metaslider-6576 ml-slider ms-theme-default nav-hidden nav-hidden nav-hidden nav-hidden nav-hidden\" role=\"region\" aria-label=\"Hrad Brzot\u00edn\" data-height=\"300\" data-width=\"800\">\n    <div id=\"metaslider_container_6576\">\n        <div id=\"metaslider_6576\" class=\"flexslider\">\n            <ul class='slides'>\n                <li style=\"display: block; width: 100%;\" class=\"slide-30704 ms-image \" aria-roledescription=\"slide\" data-date=\"2026-05-29 20:29:51\" data-filename=\"brzotinsky-hrad-leto-800x300.jpeg\" data-slide-type=\"image\"><a href=\"https:\/\/www.slovensky-kras.eu\/info\/kam-za-pamiatkami\/hrad-brzotin\/\" target=\"_self\" aria-label=\"Zobrazi\u0165 podrobnosti o sn\u00edmke\" class=\"metaslider_image_link\"><img loading=\"lazy\" decoding=\"async\" src=\"https:\/\/www.slovensky-kras.eu\/info\/wp-content\/uploads\/2025\/11\/brzotinsky-hrad-leto-800x300.jpeg\" height=\"300\" width=\"800\" alt=\"Hrad Brzot\u00edn (Brzot\u00ednsky hrad )\" class=\"slider-6576 slide-30704 msDefaultImage\" title=\"Hrad Brzot\u00edn (Brzot\u00ednsky hrad )\" \/><\/a><div class=\"caption-wrap\"><div class=\"caption\"><div><strong><a href=\"http:\/\/www.slovensky-kras.eu\/info\/kam-za-pamiatkami\/hrad-brzotin\/\"><span style=\"color:#ffff00;\">Hrad Brzot\u00edn - zr\u00facanina<\/span><\/a><\/strong><\/div><\/div><\/div><\/li>\n            <\/ul>\n        <\/div>\n        \n    <\/div>\n<\/div>\n<div id=\"metaslider-id-6826\" style=\"max-width: 800px; margin: 0 auto;\" class=\"ml-slider-3-112-0 metaslider metaslider-flex metaslider-6826 ml-slider ms-theme-default nav-hidden nav-hidden nav-hidden nav-hidden nav-hidden nav-hidden\" role=\"region\" aria-label=\"Hrad Stitnik\" data-height=\"300\" data-width=\"800\">\n    <div id=\"metaslider_container_6826\">\n        <div id=\"metaslider_6826\" class=\"flexslider\">\n            <ul class='slides'>\n                <li style=\"display: block; width: 100%;\" class=\"slide-31967 ms-image \" aria-roledescription=\"slide\" data-date=\"2026-06-25 17:47:11\" data-filename=\"hrad-stitnik26-800x300.jpeg\" data-slide-type=\"image\"><a href=\"https:\/\/www.slovensky-kras.eu\/info\/kam-za-pamiatkami\/hrad-stitnik\/\" target=\"_self\" aria-label=\"Zobrazi\u0165 podrobnosti o sn\u00edmke\" class=\"metaslider_image_link\"><img loading=\"lazy\" decoding=\"async\" src=\"https:\/\/www.slovensky-kras.eu\/info\/wp-content\/uploads\/2026\/06\/hrad-stitnik26-800x300.jpeg\" height=\"300\" width=\"800\" alt=\"Hrad \u0160t\u00edtnik \u2013 zr\u00facanina\" class=\"slider-6826 slide-31967 msDefaultImage\" title=\"Hrad \u0160t\u00edtnik \u2013 zr\u00facanina\" \/><\/a><div class=\"caption-wrap\"><div class=\"caption\"><div><strong><a href=\"http:\/\/www.slovensky-kras.eu\/info\/kam-za-pamiatkami\/hrad-stitnik\/\"><span style=\"color:#ffff00;\">Hrad \u0160t\u00edtnik - zr\u00facanina<\/span><\/a><\/strong><\/div><\/div><\/div><\/li>\n            <\/ul>\n        <\/div>\n        \n    <\/div>\n<\/div>\n<div id=\"metaslider-id-4418\" style=\"max-width: 800px; margin: 0 auto;\" class=\"ml-slider-3-112-0 metaslider metaslider-flex metaslider-4418 ml-slider ms-theme-default nav-hidden nav-hidden nav-hidden nav-hidden nav-hidden nav-hidden nav-hidden\" role=\"region\" aria-label=\"Szadvar\" data-height=\"250\" data-width=\"800\">\n    <div id=\"metaslider_container_4418\">\n        <div id=\"metaslider_4418\" class=\"flexslider\">\n            <ul class='slides'>\n                <li style=\"display: block; width: 100%;\" class=\"slide-21308 ms-image \" aria-roledescription=\"slide\" data-date=\"2021-12-14 13:31:21\" data-filename=\"szadvar-800x250.jpg\" data-slide-type=\"image\"><a href=\"http:\/\/www.slovensky-kras.eu\/info\/kam-za-pamiatkami\/hrad-szadvar-np-aggtelek\/\" target=\"_self\" aria-label=\"Zobrazi\u0165 podrobnosti o sn\u00edmke\" class=\"metaslider_image_link\"><img loading=\"lazy\" decoding=\"async\" src=\"https:\/\/www.slovensky-kras.eu\/info\/wp-content\/uploads\/2021\/12\/szadvar-800x250.jpg\" height=\"250\" width=\"800\" alt=\"Hrad Sz\u00e1dv\u00e1r\" class=\"slider-4418 slide-21308 msDefaultImage\" title=\"Hrad Sz\u00e1dv\u00e1r\" \/><\/a><div class=\"caption-wrap\"><div class=\"caption\"><b><a href=\"http:\/\/www.slovensky-kras.eu\/info\/kam-za-pamiatkami\/hrad-szadvar-np-aggtelek\/\"><span style=\"color:#FFFF00;\">Hrad Sz\u00e1dv\u00e1r \u2013 NP Aggtelek<\/span><\/a><\/b><\/div><\/div><\/li>\n            <\/ul>\n        <\/div>\n        \n    <\/div>\n<\/div>\n<div id=\"metaslider-id-4151\" style=\"max-width: 800px; margin: 0 auto;\" class=\"ml-slider-3-112-0 metaslider metaslider-flex metaslider-4151 ml-slider ms-theme-default nav-hidden nav-hidden nav-hidden nav-hidden nav-hidden nav-hidden nav-hidden nav-hidden\" role=\"region\" aria-label=\"Husitsk\u00fd kostol v L\u00fa\u010dke\" data-height=\"300\" data-width=\"800\">\n    <div id=\"metaslider_container_4151\">\n        <div id=\"metaslider_4151\" class=\"flexslider\">\n            <ul class='slides'>\n                <li style=\"display: block; width: 100%;\" class=\"slide-30920 ms-image \" aria-roledescription=\"slide\" data-date=\"2026-06-05 15:24:22\" data-filename=\"kostol-husitsky-lucka2-1-800x300.jpeg\" data-slide-type=\"image\"><a href=\"https:\/\/www.slovensky-kras.eu\/info\/kam-za-pamiatkami\/husitsky-kostol-v-lucke\/\" target=\"_self\" aria-label=\"Zobrazi\u0165 podrobnosti o sn\u00edmke\" class=\"metaslider_image_link\"><img loading=\"lazy\" decoding=\"async\" src=\"https:\/\/www.slovensky-kras.eu\/info\/wp-content\/uploads\/2025\/11\/kostol-husitsky-lucka2-1-800x300.jpeg\" height=\"300\" width=\"800\" alt=\"Husitsk\u00fd kostol v L\u00fa\u010dke\" class=\"slider-4151 slide-30920 msDefaultImage\" title=\"Husitsk\u00fd kostol v L\u00fa\u010dke\" \/><\/a><div class=\"caption-wrap\"><div class=\"caption\"><div><strong><a href=\"http:\/\/www.slovensky-kras.eu\/info\/kam-za-pamiatkami\/husitsky-kostol-v-lucke\/\"><span style=\"color:#ffff00;\">Husitsk\u00fd kostol v L\u00fa\u010dke - zr\u00facanina<\/span><\/a><\/strong><\/div><\/div><\/div><\/li>\n            <\/ul>\n        <\/div>\n        \n    <\/div>\n<\/div>\n<div id=\"metaslider-id-3629\" style=\"max-width: 800px; margin: 0 auto;\" class=\"ml-slider-3-112-0 metaslider metaslider-flex metaslider-3629 ml-slider ms-theme-default nav-hidden nav-hidden nav-hidden nav-hidden nav-hidden nav-hidden nav-hidden nav-hidden nav-hidden\" role=\"region\" aria-label=\"Z\u00e1dielske hradisko \u2013 Okr\u00fahly laz (zr\u00facanina)\" data-height=\"300\" data-width=\"800\">\n    <div id=\"metaslider_container_3629\">\n        <div id=\"metaslider_3629\" class=\"flexslider\">\n            <ul class='slides'>\n                <li style=\"display: block; width: 100%;\" class=\"slide-32009 ms-image \" aria-roledescription=\"slide\" data-date=\"2026-06-26 08:05:59\" data-filename=\"zadielske-hradisko-11-800x300.jpeg\" data-slide-type=\"image\"><a href=\"https:\/\/www.slovensky-kras.eu\/info\/kam-za-pamiatkami\/zadielske-hradisko\/\" target=\"_self\" aria-label=\"Zobrazi\u0165 podrobnosti o sn\u00edmke\" class=\"metaslider_image_link\"><img loading=\"lazy\" decoding=\"async\" src=\"https:\/\/www.slovensky-kras.eu\/info\/wp-content\/uploads\/2025\/11\/zadielske-hradisko-11-800x300.jpeg\" height=\"300\" width=\"800\" alt=\"Z\u00e1dielske hradisko - Okr\u00fahly laz (zr\u00facanina)\" class=\"slider-3629 slide-32009 msDefaultImage\" title=\"Z\u00e1dielske hradisko - Okr\u00fahly laz (zr\u00facanina)\" \/><\/a><div class=\"caption-wrap\"><div class=\"caption\"><div><strong><a href=\"http:\/\/www.slovensky-kras.eu\/info\/kam-za-pamiatkami\/zadielske-hradisko\/\"><span style=\"color:#ffff00;\">Z\u00e1dielske hradisko - zr\u00facanina<\/span><\/a><\/strong><\/div><\/div><\/div><\/li>\n            <\/ul>\n        <\/div>\n        \n    <\/div>\n<\/div>\n<div id=\"metaslider-id-11488\" style=\"max-width: 800px; margin: 0 auto;\" class=\"ml-slider-3-112-0 metaslider metaslider-flex metaslider-11488 ml-slider ms-theme-default nav-hidden nav-hidden nav-hidden nav-hidden nav-hidden nav-hidden nav-hidden nav-hidden nav-hidden nav-hidden\" role=\"region\" aria-label=\"Hrad Sokol\u00ed kame\u0148\" data-height=\"300\" data-width=\"800\">\n    <div id=\"metaslider_container_11488\">\n        <div id=\"metaslider_11488\" class=\"flexslider\">\n            <ul class='slides'>\n                <li style=\"display: block; width: 100%;\" class=\"slide-31984 ms-image \" aria-roledescription=\"slide\" data-date=\"2026-06-26 05:13:09\" data-filename=\"hrad-sokol-1-800x300.jpeg\" data-slide-type=\"image\"><a href=\"https:\/\/www.slovensky-kras.eu\/info\/kam-za-pamiatkami\/hrad-sokoli-kamen\/\" target=\"_self\" aria-label=\"Zobrazi\u0165 podrobnosti o sn\u00edmke\" class=\"metaslider_image_link\"><img loading=\"lazy\" decoding=\"async\" src=\"https:\/\/www.slovensky-kras.eu\/info\/wp-content\/uploads\/2025\/11\/hrad-sokol-1-800x300.jpeg\" height=\"300\" width=\"800\" alt=\"Hrad Sokol\u00ed kame\u0148 \u2013 zr\u00facanina\" class=\"slider-11488 slide-31984 msDefaultImage\" title=\"Hrad Sokol\u00ed kame\u0148 \u2013 zr\u00facanina\" \/><\/a><div class=\"caption-wrap\"><div class=\"caption\"><div><strong><a href=\"http:\/\/www.slovensky-kras.eu\/info\/kam-za-pamiatkami\/hrad-sokoli-kamen\/\"><span style=\"color:#ffff00;\">Hrad Sokol\u00ed kame\u0148 (zr\u00facanina)<\/span><\/a><\/strong><\/div><\/div><\/div><\/li>\n            <\/ul>\n        <\/div>\n        \n    <\/div>\n<\/div>\n<div id=\"metaslider-id-11402\" style=\"max-width: 800px; margin: 0 auto;\" class=\"ml-slider-3-112-0 metaslider metaslider-flex metaslider-11402 ml-slider ms-theme-default nav-hidden nav-hidden nav-hidden nav-hidden nav-hidden nav-hidden nav-hidden nav-hidden nav-hidden nav-hidden nav-hidden\" role=\"region\" aria-label=\"Hr\u00e1dok \u010certov hrad a hradisko Drie\u0148ovec\" data-height=\"300\" data-width=\"800\">\n    <div id=\"metaslider_container_11402\">\n        <div id=\"metaslider_11402\" class=\"flexslider\">\n            <ul class='slides'>\n                <li style=\"display: block; width: 100%;\" class=\"slide-29799 ms-image \" aria-roledescription=\"slide\" data-date=\"2026-04-02 01:36:46\" data-filename=\"drienovec-hradisko-leto-800x300.jpeg\" data-slide-type=\"image\"><a href=\"https:\/\/www.slovensky-kras.eu\/info\/kam-za-pamiatkami\/certov-hrad\/\" target=\"_self\" aria-label=\"Zobrazi\u0165 podrobnosti o sn\u00edmke\" class=\"metaslider_image_link\"><img loading=\"lazy\" decoding=\"async\" src=\"https:\/\/www.slovensky-kras.eu\/info\/wp-content\/uploads\/2025\/11\/drienovec-hradisko-leto-800x300.jpeg\" height=\"300\" width=\"800\" alt=\"hradisko Drie\u0148ovec\" class=\"slider-11402 slide-29799 msDefaultImage\" title=\"hradisko Drie\u0148ovec\" \/><\/a><div class=\"caption-wrap\"><div class=\"caption\"><div><strong><a href=\"http:\/\/www.slovensky-kras.eu\/info\/kam-za-pamiatkami\/certov-hrad\/\"><span style=\"color:#ffff00;\">Hr\u00e1dok \u010certov hrad a hradisko Drie\u0148ovec (zr\u00facanina)\u00a0<\/span><\/a><\/strong><\/div><\/div><\/div><\/li>\n            <\/ul>\n        <\/div>\n        \n    <\/div>\n<\/div>\n<div class=\"su-divider su-divider-style-default\" style=\"margin:15px 0;border-width:3px;border-color:#000000\"><\/div>\n","protected":false},"excerpt":{"rendered":"<p>Menu: Podkateg\u00f3ria:<\/p>\n","protected":false},"author":1,"featured_media":0,"parent":15,"menu_order":0,"comment_status":"closed","ping_status":"closed","template":"","meta":{"_uag_custom_page_level_css":"","footnotes":""},"class_list":["post-9166","page","type-page","status-publish","hentry"],"featured_image_src":"","featured_image_src_square":false,"rbea_author_info":{"display_name":"admin","author_link":"https:\/\/www.slovensky-kras.eu\/info\/author\/admin\/"},"rbea_excerpt_info":"Menu: Podkateg\u00f3ria:","uagb_featured_image_src":{"full":false,"thumbnail":false,"medium":false,"medium_large":false,"large":false,"1536x1536":false,"2048x2048":false},"uagb_author_info":{"display_name":"admin","author_link":"https:\/\/www.slovensky-kras.eu\/info\/author\/admin\/"},"uagb_comment_info":0,"uagb_excerpt":"Menu: Podkateg\u00f3ria:","_links":{"self":[{"href":"https:\/\/www.slovensky-kras.eu\/info\/wp-json\/wp\/v2\/pages\/9166","targetHints":{"allow":["GET"]}}],"collection":[{"href":"https:\/\/www.slovensky-kras.eu\/info\/wp-json\/wp\/v2\/pages"}],"about":[{"href":"https:\/\/www.slovensky-kras.eu\/info\/wp-json\/wp\/v2\/types\/page"}],"author":[{"embeddable":true,"href":"https:\/\/www.slovensky-kras.eu\/info\/wp-json\/wp\/v2\/users\/1"}],"replies":[{"embeddable":true,"href":"https:\/\/www.slovensky-kras.eu\/info\/wp-json\/wp\/v2\/comments?post=9166"}],"version-history":[{"count":0,"href":"https:\/\/www.slovensky-kras.eu\/info\/wp-json\/wp\/v2\/pages\/9166\/revisions"}],"up":[{"embeddable":true,"href":"https:\/\/www.slovensky-kras.eu\/info\/wp-json\/wp\/v2\/pages\/15"}],"wp:attachment":[{"href":"https:\/\/www.slovensky-kras.eu\/info\/wp-json\/wp\/v2\/media?parent=9166"}],"curies":[{"name":"wp","href":"https:\/\/api.w.org\/{rel}","templated":true}]}}