{"id":915,"date":"2013-07-09T17:51:12","date_gmt":"2013-07-09T15:51:12","guid":{"rendered":"http:\/\/www.slovensky-kras.eu\/info\/?page_id=915"},"modified":"2025-11-27T08:49:09","modified_gmt":"2025-11-27T07:49:09","slug":"miestna-expozicia-dvorniky","status":"publish","type":"page","link":"https:\/\/www.slovensky-kras.eu\/info\/muzea-kutlura-a-umenie\/miestna-expozicia-dvorniky\/","title":{"rendered":"Miestna expoz\u00edcia Dvorn\u00edky-V\u010del\u00e1re"},"content":{"rendered":"<p><strong>Menu: <\/strong><a href=\"http:\/\/www.slovensky-kras.eu\/info\/\" class=\"su-button su-button-style-default\" style=\"color:#000000;background-color:#FFCF2F;border-color:#cca626;border-radius:5px\" target=\"_self\"><span style=\"color:#000000;padding:6px 16px;font-size:13px;line-height:20px;border-color:#ffde6e;border-radius:5px;text-shadow:none\"><i class=\"sui sui-arrow-right\" style=\"font-size:13px;color:#000000\"><\/i>  \u00davod \/ Aktuality <\/span><\/a>\n<a href=\"http:\/\/www.slovensky-kras.eu\/info\/muzea-kutlura-a-umenie\/\" class=\"su-button su-button-style-default\" style=\"color:#000000;background-color:#FFCF2F;border-color:#cca626;border-radius:5px\" target=\"_self\"><span style=\"color:#000000;padding:6px 16px;font-size:13px;line-height:20px;border-color:#ffde6e;border-radius:5px;text-shadow:none\"><i class=\"sui sui-arrow-right\" style=\"font-size:13px;color:#000000\"><\/i>  M\u00faze\u00e1, kutl\u00fara a &#8230; <\/span><\/a>\n<div class=\"su-divider su-divider-style-default\" style=\"margin:15px 0;border-width:2px;border-color:#000000\"><\/div>\n<div class=\"su-divider su-divider-style-default\" style=\"margin:15px 0;border-width:2px;border-color:#000000\"><\/div>\n<strong>M\u00faze\u00e1 a obraz\u00e1rne<\/strong><br \/>\n<div class=\"su-divider su-divider-style-default\" style=\"margin:15px 0;border-width:2px;border-color:#000000\"><\/div>\n<figure id=\"attachment_18748\" aria-describedby=\"caption-attachment-18748\" style=\"width: 900px\" class=\"wp-caption aligncenter\"><a href=\"https:\/\/www.slovensky-kras.eu\/info\/wp-content\/uploads\/2020\/12\/dvorniky-muzeum.jpg\"><img loading=\"lazy\" decoding=\"async\" class=\"wp-image-18748\" src=\"https:\/\/www.slovensky-kras.eu\/info\/wp-content\/uploads\/2020\/12\/dvorniky-muzeum.jpg\" alt=\"Miestna expoz\u00edcia Dvorn\u00edky-V\u010del\u00e1re\" width=\"900\" height=\"675\" srcset=\"https:\/\/www.slovensky-kras.eu\/info\/wp-content\/uploads\/2020\/12\/dvorniky-muzeum.jpg 800w, https:\/\/www.slovensky-kras.eu\/info\/wp-content\/uploads\/2020\/12\/dvorniky-muzeum-768x576.jpg 768w\" sizes=\"auto, (max-width: 900px) 100vw, 900px\" \/><\/a><figcaption id=\"caption-attachment-18748\" class=\"wp-caption-text\">Miestna expoz\u00edcia Dvorn\u00edky-V\u010del\u00e1re<\/figcaption><\/figure>\n<div class=\"su-divider su-divider-style-default\" style=\"margin:15px 0;border-width:2px;border-color:#000000\"><\/div>\n<h2 dir=\"auto\"><span style=\"color: #800000;\">\u010co je <strong>Miestna expoz\u00edcia Dvorn\u00edky-V\u010del\u00e1re<\/strong> a pre\u010do by ste ju mali nav\u0161t\u00edvi\u0165?<\/span><\/h2>\n<p dir=\"auto\"><strong>Miestna expoz\u00edcia Dvorn\u00edky-V\u010del\u00e1re<\/strong> predstavuje unik\u00e1tny poh\u013ead do ka\u017edodenn\u00e9ho \u017eivota na\u0161ich predkov a do tajomstiev pravek\u00e9ho pohrebiska, ktor\u00e9 patr\u00ed medzi najv\u00fdznamnej\u0161ie archeologick\u00e9 lokality na v\u00fdchodnom Slovensku.<\/p>\n<h2 dir=\"auto\"><span style=\"color: #800000;\">Kedy a ako vznikla <strong>Miestna expoz\u00edcia Dvorn\u00edky-V\u010del\u00e1re<\/strong>?<\/span><\/h2>\n<p dir=\"auto\"><strong>Miestna expoz\u00edcia Dvorn\u00edky-V\u010del\u00e1re<\/strong> bola zalo\u017een\u00e1 v roku 2002 za pomoci Ministerstva kult\u00fary Slovenskej republiky a V\u00fdchodoslovensk\u00e9ho m\u00fazea v Ko\u0161iciach.<\/p>\n<h2 dir=\"auto\"><span style=\"color: #800000;\">\u010co v\u0161etko m\u00f4\u017eete v expoz\u00edcii vidie\u0165?<\/span><\/h2>\n<p dir=\"auto\">V dvoch miestnostiach sa nach\u00e1dzaj\u00fa <strong>\u00fa\u017eitkov\u00e9 predmety z minul\u00e9ho storo\u010dia<\/strong>, ktor\u00e9 sa e\u0161te podarilo pozbiera\u0165 priamo z dom\u00e1cnost\u00ed obyvate\u013eov obc\u00ed Dvorn\u00edky a V\u010del\u00e1re. V tretej miestnosti je pripraven\u00e1 p\u00fatav\u00e1 <strong>expoz\u00edcia z vykop\u00e1vok \u017eiarov\u00fdch hrobov v Dvorn\u00edkoch<\/strong> spolu s presn\u00fdmi <strong>replikami bronzov\u00e9ho pokladu<\/strong>, ktor\u00fd bol objaven\u00fd pred \u00fast\u00edm do n\u00e1dhernej Z\u00e1dielskej doliny.<\/p>\n<h2 dir=\"auto\"><span style=\"color: #800000;\">O ak\u00e9 archeologick\u00e9 n\u00e1lezy ide v <strong>Miestnej expoz\u00edcii Dvorn\u00edky-V\u010del\u00e1re<\/strong>?<\/span><\/h2>\n<p dir=\"auto\">Jedn\u00e1 sa o <strong>\u017eiarov\u00e9 pohrebisko z mlad\u0161ej doby bronzovej v Dvorn\u00edkoch-V\u010del\u00e1roch<\/strong>. Za\u010diatky pochov\u00e1vania na tomto pohrebisku siahaj\u00fa pravdepodobne u\u017e do <strong>strednej doby bronzovej<\/strong> a via\u017eu sa k <strong>pilinskej kult\u00fare<\/strong>. Mlad\u0161ia f\u00e1za pohrebiska odzrkad\u013euje pr\u00edchod nov\u00e9ho etnika \u2013 nosite\u013eov <strong>kyjatickej kult\u00fary<\/strong>.<\/p>\n<h2 dir=\"auto\"><span style=\"color: #800000;\">Existuje publik\u00e1cia o vykop\u00e1vkach v Dvorn\u00edkoch-V\u010del\u00e1roch?<\/span><\/h2>\n<p dir=\"auto\">\u00c1no, <strong>vykop\u00e1vky vo Dvorn\u00edkoch<\/strong> s\u00fa detailne spracovan\u00e9 aj kni\u017ene, tak\u017ee si m\u00f4\u017eete odnies\u0165 domov odborn\u00fa literat\u00faru priamo o tomto v\u00fdnimo\u010dnom mieste.<\/p>\n<h2 dir=\"auto\"><span style=\"color: #800000;\">Kde n\u00e1jdete <strong>Miestnu expoz\u00edciu Dvorn\u00edky-V\u010del\u00e1re<\/strong> a ako sa tam dosta\u0165?<\/span><\/h2>\n<p dir=\"auto\"><strong>Miestna expoz\u00edcia Dvorn\u00edky-V\u010del\u00e1re<\/strong> sa nach\u00e1dza priamo v budove Obecn\u00e9ho \u00faradu.<\/p>\n<p dir=\"auto\"><strong>Adresa:<\/strong> Miestna expoz\u00edcia Dvorn\u00edky Obecn\u00fd \u00farad Dvorn\u00edky-V\u010del\u00e1re 4 <strong>Telef\u00f3n:<\/strong> +055 \/ 466 24 05<\/p>\n<h2><span style=\"color: #800000;\">Fotogal\u00e9ria<\/span><\/h2>\n<style type=\"text\/css\">\n#foogallery-gallery-29061 .fg-image { width: 200px; }<\/style>\n\t\t\t<div class=\"foogallery foogallery-container foogallery-carousel foogallery-lightbox-foogallery fg-carousel fg-ready fg-light fg-border-medium fg-round-small fg-shadow-medium fg-loading-default fg-loaded-fade-in fg-hover-semi-zoomed fg-hover-fade fg-hover-circle-plus2\" id=\"foogallery-gallery-29061\" data-foogallery=\"{&quot;item&quot;:{&quot;showCaptionTitle&quot;:true,&quot;showCaptionDescription&quot;:true},&quot;lazy&quot;:true,&quot;template&quot;:{&quot;maxItems&quot;:5,&quot;scale&quot;:0.11999999999999999555910790149937383830547332763671875,&quot;gutter&quot;:{&quot;min&quot;:-40,&quot;max&quot;:-20,&quot;unit&quot;:&quot;%&quot;},&quot;autoplay&quot;:{&quot;time&quot;:0,&quot;interaction&quot;:&quot;pause&quot;},&quot;centerOnClick&quot;:true,&quot;align&quot;:&quot;center&quot;,&quot;activePosition&quot;:&quot;center&quot;}}\" data-foogallery-lightbox=\"{&quot;thumbs&quot;:&quot;bottom&quot;,&quot;thumbsCaptions&quot;:false,&quot;thumbsBestFit&quot;:false,&quot;thumbsSmall&quot;:false,&quot;thumbsCaptionsAlign&quot;:&quot;default&quot;,&quot;info&quot;:&quot;bottom&quot;,&quot;infoVisible&quot;:true,&quot;infoOverlay&quot;:true,&quot;infoAlign&quot;:&quot;default&quot;,&quot;transition&quot;:&quot;fade&quot;,&quot;hoverButtons&quot;:false,&quot;fitMedia&quot;:false,&quot;noScrollbars&quot;:true,&quot;preserveButtonSpace&quot;:true,&quot;buttons&quot;:{&quot;fullscreen&quot;:true,&quot;info&quot;:true,&quot;thumbs&quot;:false},&quot;video&quot;:{&quot;autoPlay&quot;:true}}\" style=\"--fg-title-line-clamp: 1; --fg-description-line-clamp: 2;\" >\n\t<button type=\"button\" class=\"fg-carousel-prev\" title=\"Previous\"><\/button>\n\t<div class=\"fg-carousel-inner\">\n\t\t<div class=\"fg-carousel-center\"><\/div>\n\t\t<div class=\"fg-item fg-type-image fg-idle\"><figure class=\"fg-item-inner\"><a href=\"https:\/\/www.slovensky-kras.eu\/info\/wp-content\/uploads\/2020\/12\/dvorniky-muzeum.jpg\" data-attachment-id=\"18748\" data-type=\"image\" class=\"fg-thumb\"><span class=\"fg-image-wrap\"><img decoding=\"async\" alt=\"Miestna expoz\u00edcia Dvorn\u00edky-V\u010del\u00e1re\" width=\"200\" height=\"200\" class=\"skip-lazy fg-image\" data-src-fg=\"https:\/\/www.slovensky-kras.eu\/info\/wp-content\/uploads\/cache\/2020\/12\/dvorniky-muzeum\/2277093645.jpg\" src=\"data:image\/svg+xml,%3Csvg%20xmlns%3D%22http%3A%2F%2Fwww.w3.org%2F2000%2Fsvg%22%20width%3D%22200%22%20height%3D%22200%22%20viewBox%3D%220%200%20200%20200%22%3E%3C%2Fsvg%3E\" loading=\"eager\"><\/span><span class=\"fg-image-overlay\"><\/span><\/a><\/figure><div class=\"fg-loader\"><\/div><\/div><div class=\"fg-item fg-type-image fg-idle\"><figure class=\"fg-item-inner\"><a href=\"https:\/\/www.slovensky-kras.eu\/info\/wp-content\/uploads\/2021\/12\/dvorniky-muzeum1.jpg\" data-attachment-id=\"21945\" data-type=\"image\" class=\"fg-thumb\"><span class=\"fg-image-wrap\"><img decoding=\"async\" width=\"200\" height=\"200\" class=\"skip-lazy fg-image\" data-src-fg=\"https:\/\/www.slovensky-kras.eu\/info\/wp-content\/uploads\/cache\/2021\/12\/dvorniky-muzeum1\/1168552628.jpg\" src=\"data:image\/svg+xml,%3Csvg%20xmlns%3D%22http%3A%2F%2Fwww.w3.org%2F2000%2Fsvg%22%20width%3D%22200%22%20height%3D%22200%22%20viewBox%3D%220%200%20200%20200%22%3E%3C%2Fsvg%3E\" loading=\"eager\"><\/span><span class=\"fg-image-overlay\"><\/span><\/a><\/figure><div class=\"fg-loader\"><\/div><\/div><div class=\"fg-item fg-type-image fg-idle\"><figure class=\"fg-item-inner\"><a href=\"https:\/\/www.slovensky-kras.eu\/info\/wp-content\/uploads\/2025\/11\/muzeum-dvorniky.jpg\" data-attachment-id=\"29062\" data-type=\"image\" class=\"fg-thumb\"><span class=\"fg-image-wrap\"><img decoding=\"async\" width=\"200\" height=\"200\" class=\"skip-lazy fg-image\" data-src-fg=\"https:\/\/www.slovensky-kras.eu\/info\/wp-content\/uploads\/cache\/2025\/11\/muzeum-dvorniky\/3360061493.jpg\" src=\"data:image\/svg+xml,%3Csvg%20xmlns%3D%22http%3A%2F%2Fwww.w3.org%2F2000%2Fsvg%22%20width%3D%22200%22%20height%3D%22200%22%20viewBox%3D%220%200%20200%20200%22%3E%3C%2Fsvg%3E\" loading=\"eager\"><\/span><span class=\"fg-image-overlay\"><\/span><\/a><\/figure><div class=\"fg-loader\"><\/div><\/div>\t<\/div>\n\t<div class=\"fg-carousel-bottom\"><\/div>\n\t<div class=\"fg-carousel-progress\"><\/div>\n\t<button type=\"button\" class=\"fg-carousel-next\" title=\"Next\"><\/button>\n<\/div>\n<h3><span style=\"color: #808000;\">Bl\u00edzke stredisko, turistick\u00e9 centrum, obec alebo mesto:<\/span><\/h3>\n<ul>\n<li><a href=\"http:\/\/www.slovensky-kras.eu\/info\/strediska-a-centra\/1017-2\/\">Obec Dvorn\u00edky &#8211; V\u010del\u00e1re (\u010d\u00edtaj viac&#8230;)<\/a><\/li>\n<\/ul>\n<h2><span style=\"color: #800000;\"><strong>Mapy<\/strong><\/span><\/h2>\n<p><strong>Vrstvy: <\/strong>Turistick\u00e1 mapa, Automapa, Cyklomapa, Ly\u017eiarska mapa, Satelitn\u00e1 mapa a OpenStreetMap.<\/p>\n<p><strong>Kliknut\u00edm na logo &#8222;Freemap.sk&#8220; sa V\u00e1m mapa zobraz\u00ed na celej ploche obrazovky.<\/strong><\/p>\n<p><iframe style=\"width: 900px; height: 600px; border: 0;\" src=\"https:\/\/www.freemap.sk\/?map=14\/48.598210\/20.836387&amp;info-point=48.598210\/20.836387,Obec Dvorn\u00edky-V\u010del\u00e1re&amp;layers=X&amp;embed=search\" allowfullscreen=\"allowfullscreen\"><span data-mce-type=\"bookmark\" style=\"display: inline-block; width: 0px; overflow: hidden; line-height: 0;\" class=\"mce_SELRES_start\">\ufeff<\/span><\/iframe><\/p>\n<h2><span style=\"color: #800000;\">Po\u010dasie<\/span><\/h2>\n<p><iframe style=\"width: 900px; height: 610px;\" src=\"https:\/\/www.meteoblue.com\/sk\/po%C4%8Dasie\/widget\/three\/dvorn%c3%adky_slovensk%c3%a1-republika_724827?geoloc=fixed&amp;nocurrent=0&amp;noforecast=0&amp;days=6&amp;tempunit=CELSIUS&amp;windunit=KILOMETER_PER_HOUR&amp;layout=image\" frameborder=\"0\" scrolling=\"NO\" sandbox=\"allow-same-origin allow-scripts allow-popups allow-popups-to-escape-sandbox\"><span data-mce-type=\"bookmark\" style=\"display: inline-block; width: 0px; overflow: hidden; line-height: 0;\" class=\"mce_SELRES_start\">\ufeff<\/span><\/iframe><\/p>\n<div><!-- DO NOT REMOVE THIS LINK --><a href=\"https:\/\/www.meteoblue.com\/sk\/po%C4%8Dasie\/predpove%C4%8F\/t%C3%BD%C5%BEde%C5%88\/dvorn%c3%adky_slovensk%c3%a1-republika_724827?utm_source=weather_widget&amp;utm_medium=linkus&amp;utm_content=three&amp;utm_campaign=Weather%2BWidget\" target=\"_blank\" rel=\"noopener noreferrer\">meteoblue<\/a><\/div>\n<p>&nbsp;<\/p>\n","protected":false},"excerpt":{"rendered":"<p>Menu: M\u00faze\u00e1 a obraz\u00e1rne \u010co je Miestna expoz\u00edcia Dvorn\u00edky-V\u010del\u00e1re a pre\u010do by ste ju mali nav\u0161t\u00edvi\u0165? Miestna expoz\u00edcia Dvorn\u00edky-V\u010del\u00e1re predstavuje unik\u00e1tny poh\u013ead do ka\u017edodenn\u00e9ho \u017eivota na\u0161ich predkov a do tajomstiev [&hellip;]<\/p>\n","protected":false},"author":1,"featured_media":18748,"parent":30,"menu_order":0,"comment_status":"closed","ping_status":"open","template":"","meta":{"_uag_custom_page_level_css":"","footnotes":""},"class_list":["post-915","page","type-page","status-publish","has-post-thumbnail","hentry"],"featured_image_src":"https:\/\/www.slovensky-kras.eu\/info\/wp-content\/uploads\/2020\/12\/dvorniky-muzeum.jpg","featured_image_src_square":"https:\/\/www.slovensky-kras.eu\/info\/wp-content\/uploads\/2020\/12\/dvorniky-muzeum.jpg","rbea_author_info":{"display_name":"admin","author_link":"https:\/\/www.slovensky-kras.eu\/info\/author\/admin\/"},"rbea_excerpt_info":"Menu: M\u00faze\u00e1 a obraz\u00e1rne \u010co je Miestna expoz\u00edcia Dvorn\u00edky-V\u010del\u00e1re a pre\u010do by ste ju mali nav\u0161t\u00edvi\u0165? Miestna expoz\u00edcia Dvorn\u00edky-V\u010del\u00e1re predstavuje unik\u00e1tny poh\u013ead do ka\u017edodenn\u00e9ho \u017eivota na\u0161ich predkov a do tajomstiev [&hellip;]","uagb_featured_image_src":{"full":["https:\/\/www.slovensky-kras.eu\/info\/wp-content\/uploads\/2020\/12\/dvorniky-muzeum.jpg",800,600,false],"thumbnail":["https:\/\/www.slovensky-kras.eu\/info\/wp-content\/uploads\/2020\/12\/dvorniky-muzeum-150x150.jpg",150,150,true],"medium":["https:\/\/www.slovensky-kras.eu\/info\/wp-content\/uploads\/2020\/12\/dvorniky-muzeum.jpg",800,600,false],"medium_large":["https:\/\/www.slovensky-kras.eu\/info\/wp-content\/uploads\/2020\/12\/dvorniky-muzeum-768x576.jpg",768,576,true],"large":["https:\/\/www.slovensky-kras.eu\/info\/wp-content\/uploads\/2020\/12\/dvorniky-muzeum.jpg",800,600,false],"1536x1536":["https:\/\/www.slovensky-kras.eu\/info\/wp-content\/uploads\/2020\/12\/dvorniky-muzeum.jpg",800,600,false],"2048x2048":["https:\/\/www.slovensky-kras.eu\/info\/wp-content\/uploads\/2020\/12\/dvorniky-muzeum.jpg",800,600,false]},"uagb_author_info":{"display_name":"admin","author_link":"https:\/\/www.slovensky-kras.eu\/info\/author\/admin\/"},"uagb_comment_info":0,"uagb_excerpt":"Menu: M\u00faze\u00e1 a obraz\u00e1rne \u010co je Miestna expoz\u00edcia Dvorn\u00edky-V\u010del\u00e1re a pre\u010do by ste ju mali nav\u0161t\u00edvi\u0165? Miestna expoz\u00edcia Dvorn\u00edky-V\u010del\u00e1re predstavuje unik\u00e1tny poh\u013ead do ka\u017edodenn\u00e9ho \u017eivota na\u0161ich predkov a do tajomstiev [&hellip;]","_links":{"self":[{"href":"https:\/\/www.slovensky-kras.eu\/info\/wp-json\/wp\/v2\/pages\/915","targetHints":{"allow":["GET"]}}],"collection":[{"href":"https:\/\/www.slovensky-kras.eu\/info\/wp-json\/wp\/v2\/pages"}],"about":[{"href":"https:\/\/www.slovensky-kras.eu\/info\/wp-json\/wp\/v2\/types\/page"}],"author":[{"embeddable":true,"href":"https:\/\/www.slovensky-kras.eu\/info\/wp-json\/wp\/v2\/users\/1"}],"replies":[{"embeddable":true,"href":"https:\/\/www.slovensky-kras.eu\/info\/wp-json\/wp\/v2\/comments?post=915"}],"version-history":[{"count":6,"href":"https:\/\/www.slovensky-kras.eu\/info\/wp-json\/wp\/v2\/pages\/915\/revisions"}],"predecessor-version":[{"id":29064,"href":"https:\/\/www.slovensky-kras.eu\/info\/wp-json\/wp\/v2\/pages\/915\/revisions\/29064"}],"up":[{"embeddable":true,"href":"https:\/\/www.slovensky-kras.eu\/info\/wp-json\/wp\/v2\/pages\/30"}],"wp:featuredmedia":[{"embeddable":true,"href":"https:\/\/www.slovensky-kras.eu\/info\/wp-json\/wp\/v2\/media\/18748"}],"wp:attachment":[{"href":"https:\/\/www.slovensky-kras.eu\/info\/wp-json\/wp\/v2\/media?parent=915"}],"curies":[{"name":"wp","href":"https:\/\/api.w.org\/{rel}","templated":true}]}}