{"id":905,"date":"2013-07-09T17:38:10","date_gmt":"2013-07-09T15:38:10","guid":{"rendered":"http:\/\/www.slovensky-kras.eu\/info\/?page_id=905"},"modified":"2025-11-25T08:03:46","modified_gmt":"2025-11-25T07:03:46","slug":"specializovana-expozicia-na-hrade-krasna-horka","status":"publish","type":"page","link":"https:\/\/www.slovensky-kras.eu\/info\/muzea-kutlura-a-umenie\/specializovana-expozicia-na-hrade-krasna-horka\/","title":{"rendered":"\u0160pecializovan\u00e1 expoz\u00edcia na hrade Kr\u00e1sna H\u00f4rka"},"content":{"rendered":"<p><strong>Menu: <\/strong><a href=\"http:\/\/www.slovensky-kras.eu\/info\/\" class=\"su-button su-button-style-default\" style=\"color:#000000;background-color:#FFCF2F;border-color:#cca626;border-radius:5px\" target=\"_self\"><span style=\"color:#000000;padding:6px 16px;font-size:13px;line-height:20px;border-color:#ffde6e;border-radius:5px;text-shadow:none\"><i class=\"sui sui-arrow-right\" style=\"font-size:13px;color:#000000\"><\/i>  \u00davod \/ Aktuality <\/span><\/a>\n<a href=\"http:\/\/www.slovensky-kras.eu\/info\/muzea-kutlura-a-umenie\/\" class=\"su-button su-button-style-default\" style=\"color:#000000;background-color:#FFCF2F;border-color:#cca626;border-radius:5px\" target=\"_self\"><span style=\"color:#000000;padding:6px 16px;font-size:13px;line-height:20px;border-color:#ffde6e;border-radius:5px;text-shadow:none\"><i class=\"sui sui-arrow-right\" style=\"font-size:13px;color:#000000\"><\/i>  M\u00faze\u00e1, kutl\u00fara a &#8230; <\/span><\/a>\n<div class=\"su-divider su-divider-style-default\" style=\"margin:15px 0;border-width:2px;border-color:#000000\"><\/div>\n<div class=\"su-divider su-divider-style-default\" style=\"margin:15px 0;border-width:2px;border-color:#000000\"><\/div>\n<strong>M\u00faze\u00e1 a obraz\u00e1rne<\/strong><br \/>\n<div class=\"su-divider su-divider-style-default\" style=\"margin:15px 0;border-width:2px;border-color:#000000\"><\/div>\n<figure id=\"attachment_21679\" aria-describedby=\"caption-attachment-21679\" style=\"width: 900px\" class=\"wp-caption aligncenter\"><a href=\"https:\/\/www.slovensky-kras.eu\/info\/wp-content\/uploads\/2021\/12\/hrad-krasna-horka14.jpg\"><img loading=\"lazy\" decoding=\"async\" class=\"wp-image-21679\" src=\"https:\/\/www.slovensky-kras.eu\/info\/wp-content\/uploads\/2021\/12\/hrad-krasna-horka14.jpg\" alt=\"\u0160pecializovan\u00e1 expoz\u00edcia na hrade Kr\u00e1sna H\u00f4rka\" width=\"900\" height=\"600\" srcset=\"https:\/\/www.slovensky-kras.eu\/info\/wp-content\/uploads\/2021\/12\/hrad-krasna-horka14.jpg 800w, https:\/\/www.slovensky-kras.eu\/info\/wp-content\/uploads\/2021\/12\/hrad-krasna-horka14-768x512.jpg 768w\" sizes=\"auto, (max-width: 900px) 100vw, 900px\" \/><\/a><figcaption id=\"caption-attachment-21679\" class=\"wp-caption-text\">\u0160pecializovan\u00e1 expoz\u00edcia na hrade Kr\u00e1sna H\u00f4rka<\/figcaption><\/figure>\n<div class=\"su-divider su-divider-style-default\" style=\"margin:15px 0;border-width:2px;border-color:#000000\"><\/div>\n<p><strong><span style=\"color: #ff6600;\">\u0160pecializovan\u00e1 expoz\u00edcia na hrade Kr\u00e1sna H\u00f4rka<\/span> : <span style=\"color: #ff6600;\"><strong>Hrad Kr\u00e1sna H\u00f4rka je z d\u00f4vodu rekon\u0161trukcie pre verejnos\u0165 zatvoren\u00fd!!!<\/strong><\/span><\/strong><\/p>\n<h2 dir=\"auto\"><span style=\"color: #800000;\">\u010co je <strong>\u0160pecializovan\u00e1 expoz\u00edcia na hrade Kr\u00e1sna H\u00f4rka<\/strong> a pre\u010do by ste ju mali nav\u0161t\u00edvi\u0165?<\/span><\/h2>\n<p dir=\"auto\"><strong>\u0160pecializovan\u00e1 expoz\u00edcia na hrade Kr\u00e1sna H\u00f4rka<\/strong> patr\u00ed k najp\u00f4sobivej\u0161\u00edm a najkomplexnej\u0161\u00edm hradn\u00fdm expoz\u00edci\u00e1m na Slovensku.<\/p>\n<p dir=\"auto\">Nach\u00e1dza sa priamo v autentick\u00fdch historick\u00fdch obytn\u00fdch a \u00fa\u017eitkov\u00fdch priestoroch stredovek\u00e9ho <strong>hradu Kr\u00e1sna H\u00f4rka<\/strong> so zachovan\u00fdm p\u00f4vodn\u00fdm zariaden\u00edm a predstavuje vz\u00e1cne zbierky od 13. do 19. storo\u010dia.<\/p>\n<h2 dir=\"auto\"><span style=\"color: #800000;\">Kde presne sa <strong>\u0161pecializovan\u00e1 expoz\u00edcia na hrade Kr\u00e1sna H\u00f4rka<\/strong> nach\u00e1dza?<\/span><\/h2>\n<p dir=\"auto\"><strong>\u0160pecializovan\u00e1 st\u00e1la expoz\u00edcia na hrade Kr\u00e1sna H\u00f4rka<\/strong> je umiestnen\u00e1 v p\u00f4vodn\u00fdch historick\u00fdch obytn\u00fdch a \u00fa\u017eitkov\u00fdch priestoroch stredovek\u00e9ho <strong>hradu Kr\u00e1sna H\u00f4rka<\/strong> so zariaden\u00edm. Prezentuje v\u00fdvoj <strong>fortifika\u010dn\u00e9ho stavite\u013estva<\/strong> na \u00fazem\u00ed Uhorska od 13. do 19. storo\u010dia prostredn\u00edctvom jednotliv\u00fdch stavebn\u00fdch et\u00e1p hradu.<\/p>\n<h2 dir=\"auto\"><span style=\"color: #800000;\">Ak\u00e9 poklady a zbierky skr\u00fdva <strong>\u0161pecializovan\u00e1 expoz\u00edcia na hrade Kr\u00e1sna H\u00f4rka<\/strong>?<\/span><\/h2>\n<p dir=\"auto\">N\u00e1v\u0161tevn\u00edkom poskytuje z\u00e1kladn\u00e9 inform\u00e1cie o hrade a jeho majite\u013eoch a predstavuje \u0161irok\u00fa paletu zbierkov\u00fdch predmetov \u2013 od <strong>zbran\u00ed<\/strong> a v\u00fdzbroje uhorskej i mimouhorskej proveniencie cez <strong>n\u00e1bytok<\/strong>, <strong>text\u00edlie<\/strong> a bytov\u00e9 doplnky a\u017e po <strong>hudobn\u00e9 n\u00e1stroje<\/strong>, tla\u010de, rukopisy, r\u00f4znorod\u00e9 umeleck\u00e9 predmety (obrazy, porcel\u00e1n, sklo, keramika, striebro, \u0161perky) a \u00fa\u017eitkov\u00e9 predmety (drevo, me\u010f, kuchynsk\u00e9 n\u00e1radie, oble\u010denie, obuv, doplnky, p\u00edsacie potreby a pod.).<\/p>\n<h2 dir=\"auto\"><span style=\"color: #800000;\">Ako prebiehala rekon\u0161trukcia hradu a ako ovplyvnila expoz\u00edciu?<\/span><\/h2>\n<p dir=\"auto\">V are\u00e1li <strong>hradu Kr\u00e1sna H\u00f4rka<\/strong> sa v rokoch 1973 \u2013 1989 uskuto\u010dnila celkov\u00e1 rekon\u0161trukcia, v\u010faka ktorej sa podarilo obnovi\u0165 p\u00f4vodn\u00fd gotick\u00fd hrad zni\u010den\u00fd po\u017eiarom v roku 1817.<\/p>\n<p dir=\"auto\">Obnovou star\u00e9ho jadra hradu sa expozi\u010dn\u00fd priestor v interi\u00e9roch a exteri\u00e9ri roz\u0161\u00edril na 3 019 m\u00b2. Expoz\u00edcia je rozmiestnen\u00e1 v troch \u010dastiach hradu \u2013 Dolnom, Strednom a Hornom hrade.<\/p>\n<h2 dir=\"auto\"><span style=\"color: #800000;\">Ako vyzer\u00e1 prehliadka Doln\u00e9ho hradu?<\/span><\/h2>\n<p dir=\"auto\">Prehliadka <strong>hradu Kr\u00e1sna H\u00f4rka<\/strong> sa za\u010d\u00edna v takzvanom Dolnom hrade v \u00fa\u017eitkov\u00fdch a spolo\u010densk\u00fdch priestoroch \u2013 v <strong>hradnej kuchyni<\/strong>, jed\u00e1lni a \u010dajovni. Nasleduje hudobn\u00e1 sie\u0148 s her\u0148ou, kde vynikaj\u00fa vz\u00e1cne historick\u00e9 <strong>hudobn\u00e9 n\u00e1stroje<\/strong>, medzi ktor\u00fdmi dominuje unik\u00e1tna zbierka basetov\u00fdch rohov od Teodora Lotza z roku 1807.<\/p>\n<p dir=\"auto\">K Doln\u00e9mu hradu patr\u00ed aj rodinn\u00e1 hrobka s hradnou kaplnkou a mumifikovan\u00fdmi ostatkami \u017dofie Ser\u00e9dyovej.<\/p>\n<h2 dir=\"auto\"><span style=\"color: #800000;\">\u010co ukr\u00fdva Stredn\u00fd hrad a Franti\u0161kino m\u00fazeum?<\/span><\/h2>\n<p dir=\"auto\">Samostatn\u00e9 priestory zaber\u00e1 Franti\u0161kino m\u00fazeum v obytn\u00fdch priestoroch Stredn\u00e9ho hradu. Pietne m\u00fazeum Franti\u0161ky Andr\u00e1ssyovej vzniklo za\u010diatkom 20. storo\u010dia z iniciat\u00edvy gr\u00f3fa Dion\u00fdza Andr\u00e1ssyho. Nadv\u00e4zuje na\u0148 R\u00e1koczyho trakt s izbami M\u00e1rie Festetichovej a \u017dofie Ser\u00e9dyovej, kongrega\u010dn\u00e1 sie\u0148 \u2013 miesto pravideln\u00fdch \u017eupn\u00fdch kongreg\u00e1ci\u00ed a ch\u00f3r kaplnky s arch\u00edvom.<\/p>\n<h2 dir=\"auto\"><span style=\"color: #800000;\">\u010co n\u00e1jdete v jadre hradu a v Hornej \u010dasti?<\/span><\/h2>\n<p dir=\"auto\">V jadre hradu je v renesan\u010dnej pr\u00edstavbe umiestnen\u00e1 expoz\u00edcia venovan\u00e1 d\u00e1vnej minulosti v\u00fdchodnej \u010dasti Gemera, vz\u00e1cnym expon\u00e1tom rom\u00e1nskej a gotickej doby (bojov\u00e1 v\u00fdzbroj a v\u00fdstroj) a remeselnej \u010dinnosti na hrade a v jeho okol\u00ed. <strong>Mu\u010diare\u0148<\/strong> dokumentuje unik\u00e1tne n\u00e1stroje donucovacieho pr\u00e1va niekdaj\u0161\u00edch p\u00e1nov hradu.<\/p>\n<p dir=\"auto\">Vz\u00e1cna je zbierka stredovek\u00fdch bodn\u00fdch, se\u010dn\u00fdch, rezn\u00fdch, bic\u00edch a viac\u00fa\u010delov\u00fdch <strong>zbran\u00ed<\/strong> (halapartne, kopije, palc\u00e1ty, me\u010de), zbierka <strong>streln\u00fdch zbran\u00ed<\/strong> (hradn\u00e9 pu\u0161ky, pi\u0161tole a historick\u00e9 del\u00e1) a zbierka <strong>zbran\u00ed orient\u00e1lneho p\u00f4vodu<\/strong>, in\u0161talovan\u00e1 v priestoroch pr\u00edzemia a poschodia Gotick\u00e9ho pal\u00e1ca v tzv. Hornom hrade.<\/p>\n<h2 dir=\"auto\"><span style=\"color: #800000;\">Ako sa najlep\u0161ie dostanete na <strong>hrad Kr\u00e1sna H\u00f4rka<\/strong>?<\/span><\/h2>\n<p dir=\"auto\"><strong>Hrad Kr\u00e1sna H\u00f4rka<\/strong> le\u017e\u00ed v obci Kr\u00e1snohorsk\u00e9 Podhradie, osem kilometrov od Ro\u017e\u0148avy na ceste medzi Ro\u017e\u0148avou a Ko\u0161icami (E58, E571). Hrad je v\u010faka polohe na kopci nad obcou ve\u013emi dobre vidite\u013en\u00fd. Z autobusovej zast\u00e1vky v obci Kr\u00e1snohorsk\u00e9 Podhradie sa dostanete na hrad pe\u0161i za 30 \u2013 40 min\u00fat. Hrad le\u017e\u00ed severov\u00fdchodne od hlavnej cesty (cesta 3. triedy 549).<\/p>\n<p dir=\"auto\">Priamo pod hradom je roz\u013eahl\u00e9 spoplatnen\u00e9 obecn\u00e9 parkovisko pre autobusy, aut\u00e1 a bicykle.<\/p>\n<h2 class=\"wp-block-post-title\"><span style=\"color: #800000;\">Hrad Kr\u00e1sna H\u00f4rka podrobn\u00e9 inform\u00e1cie<\/span><\/h2>\n<ul>\n<li><a href=\"https:\/\/www.slovensky-kras.eu\/info\/kam-za-pamiatkami\/hrad-krasna-horka\/\" target=\"_blank\" rel=\"nofollow noopener\">Hrad Kr\u00e1sna H\u00f4rka (\u010ditaj viac info)<\/a><\/li>\n<\/ul>\n<h2><span style=\"color: #800000;\">Otv\u00e1racie hodiny<\/span><\/h2>\n<p><strong>Hrad Kr\u00e1sna H\u00f4rka je od 10. marca 2012 z d\u00f4vodu rekon\u0161truk\u010dn\u00fdch pr\u00e1c a\u017e do odvolania zatvoren\u00fd.<\/strong><\/p>\n<ul>\n<li><a href=\"https:\/\/www.slovensky-kras.eu\/info\/hrad-krasna-horka-otvaracie-hodiny\/\" target=\"_blank\" rel=\"nofollow noopener\">Hrad Kr\u00e1sna H\u00f4rka &#8211; otv\u00e1racie hodiny (\u010ditaj viac&#8230;)<\/a><\/li>\n<\/ul>\n<h2 data-start=\"5374\" data-end=\"5620\"><span style=\"color: #800000;\">Fotogal\u00e9ria<\/span><\/h2>\n<p data-start=\"5374\" data-end=\"5620\"><style type=\"text\/css\">\n#foogallery-gallery-28665 .fg-image { width: 200px; }<\/style>\n\t\t\t<div class=\"foogallery foogallery-container foogallery-carousel foogallery-lightbox-foogallery fg-carousel fg-ready fg-light fg-border-medium fg-round-small fg-shadow-medium fg-loading-default fg-loaded-fade-in fg-hover-semi-zoomed fg-hover-fade fg-hover-circle-plus2\" id=\"foogallery-gallery-28665\" data-foogallery=\"{&quot;item&quot;:{&quot;showCaptionTitle&quot;:true,&quot;showCaptionDescription&quot;:true},&quot;lazy&quot;:true,&quot;template&quot;:{&quot;maxItems&quot;:5,&quot;scale&quot;:0.11999999999999999555910790149937383830547332763671875,&quot;gutter&quot;:{&quot;min&quot;:-40,&quot;max&quot;:-20,&quot;unit&quot;:&quot;%&quot;},&quot;autoplay&quot;:{&quot;time&quot;:0,&quot;interaction&quot;:&quot;pause&quot;},&quot;centerOnClick&quot;:true,&quot;align&quot;:&quot;center&quot;,&quot;activePosition&quot;:&quot;center&quot;}}\" data-foogallery-lightbox=\"{&quot;thumbs&quot;:&quot;bottom&quot;,&quot;thumbsCaptions&quot;:false,&quot;thumbsBestFit&quot;:false,&quot;thumbsSmall&quot;:false,&quot;thumbsCaptionsAlign&quot;:&quot;default&quot;,&quot;info&quot;:&quot;bottom&quot;,&quot;infoVisible&quot;:true,&quot;infoOverlay&quot;:true,&quot;infoAlign&quot;:&quot;default&quot;,&quot;transition&quot;:&quot;fade&quot;,&quot;hoverButtons&quot;:false,&quot;fitMedia&quot;:false,&quot;noScrollbars&quot;:true,&quot;preserveButtonSpace&quot;:true,&quot;buttons&quot;:{&quot;fullscreen&quot;:true,&quot;info&quot;:true,&quot;thumbs&quot;:false},&quot;video&quot;:{&quot;autoPlay&quot;:true}}\" style=\"--fg-title-line-clamp: 0; --fg-description-line-clamp: 0;\" >\n\t<button type=\"button\" class=\"fg-carousel-prev\" title=\"Previous\"><\/button>\n\t<div class=\"fg-carousel-inner\">\n\t\t<div class=\"fg-carousel-center\"><\/div>\n\t\t<div class=\"fg-item fg-type-image fg-idle\"><figure class=\"fg-item-inner\"><a href=\"https:\/\/www.slovensky-kras.eu\/info\/wp-content\/uploads\/2021\/12\/hrad-krasna-horka1.jpg\" data-attachment-id=\"21658\" data-type=\"image\" class=\"fg-thumb\"><span class=\"fg-image-wrap\"><img decoding=\"async\" width=\"200\" height=\"200\" class=\"skip-lazy fg-image\" data-src-fg=\"https:\/\/www.slovensky-kras.eu\/info\/wp-content\/uploads\/cache\/2021\/12\/hrad-krasna-horka1\/1983583902.jpg\" src=\"data:image\/svg+xml,%3Csvg%20xmlns%3D%22http%3A%2F%2Fwww.w3.org%2F2000%2Fsvg%22%20width%3D%22200%22%20height%3D%22200%22%20viewBox%3D%220%200%20200%20200%22%3E%3C%2Fsvg%3E\" loading=\"eager\"><\/span><span class=\"fg-image-overlay\"><\/span><\/a><\/figure><div class=\"fg-loader\"><\/div><\/div><div class=\"fg-item fg-type-image fg-idle\"><figure class=\"fg-item-inner\"><a href=\"https:\/\/www.slovensky-kras.eu\/info\/wp-content\/uploads\/2021\/12\/hrad-krasna-horka2.jpg\" data-attachment-id=\"21659\" data-type=\"image\" class=\"fg-thumb\"><span class=\"fg-image-wrap\"><img decoding=\"async\" width=\"200\" height=\"200\" class=\"skip-lazy fg-image\" data-src-fg=\"https:\/\/www.slovensky-kras.eu\/info\/wp-content\/uploads\/cache\/2021\/12\/hrad-krasna-horka2\/2213670926.jpg\" src=\"data:image\/svg+xml,%3Csvg%20xmlns%3D%22http%3A%2F%2Fwww.w3.org%2F2000%2Fsvg%22%20width%3D%22200%22%20height%3D%22200%22%20viewBox%3D%220%200%20200%20200%22%3E%3C%2Fsvg%3E\" loading=\"eager\"><\/span><span class=\"fg-image-overlay\"><\/span><\/a><\/figure><div class=\"fg-loader\"><\/div><\/div><div class=\"fg-item fg-type-image fg-idle\"><figure class=\"fg-item-inner\"><a href=\"https:\/\/www.slovensky-kras.eu\/info\/wp-content\/uploads\/2021\/12\/hrad-krasna-horka-15.png\" data-attachment-id=\"21672\" data-type=\"image\" class=\"fg-thumb\"><span class=\"fg-image-wrap\"><img decoding=\"async\" width=\"200\" height=\"200\" class=\"skip-lazy fg-image\" data-src-fg=\"https:\/\/www.slovensky-kras.eu\/info\/wp-content\/uploads\/cache\/2021\/12\/hrad-krasna-horka-15\/1383568593.png\" src=\"data:image\/svg+xml,%3Csvg%20xmlns%3D%22http%3A%2F%2Fwww.w3.org%2F2000%2Fsvg%22%20width%3D%22200%22%20height%3D%22200%22%20viewBox%3D%220%200%20200%20200%22%3E%3C%2Fsvg%3E\" loading=\"eager\"><\/span><span class=\"fg-image-overlay\"><\/span><\/a><\/figure><div class=\"fg-loader\"><\/div><\/div><div class=\"fg-item fg-type-image fg-idle\"><figure class=\"fg-item-inner\"><a href=\"https:\/\/www.slovensky-kras.eu\/info\/wp-content\/uploads\/2021\/12\/hrad-krasna-horka13.jpg\" data-attachment-id=\"21670\" data-type=\"image\" class=\"fg-thumb\"><span class=\"fg-image-wrap\"><img decoding=\"async\" width=\"200\" height=\"200\" class=\"skip-lazy fg-image\" data-src-fg=\"https:\/\/www.slovensky-kras.eu\/info\/wp-content\/uploads\/cache\/2021\/12\/hrad-krasna-horka13\/2699638002.jpg\" src=\"data:image\/svg+xml,%3Csvg%20xmlns%3D%22http%3A%2F%2Fwww.w3.org%2F2000%2Fsvg%22%20width%3D%22200%22%20height%3D%22200%22%20viewBox%3D%220%200%20200%20200%22%3E%3C%2Fsvg%3E\" loading=\"eager\"><\/span><span class=\"fg-image-overlay\"><\/span><\/a><\/figure><div class=\"fg-loader\"><\/div><\/div><div class=\"fg-item fg-type-image fg-idle\"><figure class=\"fg-item-inner\"><a href=\"https:\/\/www.slovensky-kras.eu\/info\/wp-content\/uploads\/2021\/12\/hrad-krasna-horka12.jpg\" data-attachment-id=\"21669\" data-type=\"image\" class=\"fg-thumb\"><span class=\"fg-image-wrap\"><img decoding=\"async\" width=\"200\" height=\"200\" class=\"skip-lazy fg-image\" data-src-fg=\"https:\/\/www.slovensky-kras.eu\/info\/wp-content\/uploads\/cache\/2021\/12\/hrad-krasna-horka12\/2623751274.jpg\" src=\"data:image\/svg+xml,%3Csvg%20xmlns%3D%22http%3A%2F%2Fwww.w3.org%2F2000%2Fsvg%22%20width%3D%22200%22%20height%3D%22200%22%20viewBox%3D%220%200%20200%20200%22%3E%3C%2Fsvg%3E\" loading=\"eager\"><\/span><span class=\"fg-image-overlay\"><\/span><\/a><\/figure><div class=\"fg-loader\"><\/div><\/div><div class=\"fg-item fg-type-image fg-idle\"><figure class=\"fg-item-inner\"><a href=\"https:\/\/www.slovensky-kras.eu\/info\/wp-content\/uploads\/2021\/12\/hrad-krasna-horka-11.png\" data-attachment-id=\"21668\" data-type=\"image\" class=\"fg-thumb\"><span class=\"fg-image-wrap\"><img decoding=\"async\" width=\"200\" height=\"200\" class=\"skip-lazy fg-image\" data-src-fg=\"https:\/\/www.slovensky-kras.eu\/info\/wp-content\/uploads\/cache\/2021\/12\/hrad-krasna-horka-11\/3745198012.png\" src=\"data:image\/svg+xml,%3Csvg%20xmlns%3D%22http%3A%2F%2Fwww.w3.org%2F2000%2Fsvg%22%20width%3D%22200%22%20height%3D%22200%22%20viewBox%3D%220%200%20200%20200%22%3E%3C%2Fsvg%3E\" loading=\"eager\"><\/span><span class=\"fg-image-overlay\"><\/span><\/a><\/figure><div class=\"fg-loader\"><\/div><\/div><div class=\"fg-item fg-type-image fg-idle\"><figure class=\"fg-item-inner\"><a href=\"https:\/\/www.slovensky-kras.eu\/info\/wp-content\/uploads\/2021\/12\/hrad-krasna-horka-9.png\" data-attachment-id=\"21667\" data-type=\"image\" class=\"fg-thumb\"><span class=\"fg-image-wrap\"><img decoding=\"async\" width=\"200\" height=\"200\" class=\"skip-lazy fg-image\" data-src-fg=\"https:\/\/www.slovensky-kras.eu\/info\/wp-content\/uploads\/cache\/2021\/12\/hrad-krasna-horka-9\/1360551714.png\" src=\"data:image\/svg+xml,%3Csvg%20xmlns%3D%22http%3A%2F%2Fwww.w3.org%2F2000%2Fsvg%22%20width%3D%22200%22%20height%3D%22200%22%20viewBox%3D%220%200%20200%20200%22%3E%3C%2Fsvg%3E\" loading=\"eager\"><\/span><span class=\"fg-image-overlay\"><\/span><\/a><\/figure><div class=\"fg-loader\"><\/div><\/div><div class=\"fg-item fg-type-image fg-idle\"><figure class=\"fg-item-inner\"><a href=\"https:\/\/www.slovensky-kras.eu\/info\/wp-content\/uploads\/2021\/12\/hrad-krasna-horka8.jpg\" data-attachment-id=\"21666\" data-type=\"image\" class=\"fg-thumb\"><span class=\"fg-image-wrap\"><img decoding=\"async\" width=\"200\" height=\"200\" class=\"skip-lazy fg-image\" data-src-fg=\"https:\/\/www.slovensky-kras.eu\/info\/wp-content\/uploads\/cache\/2021\/12\/hrad-krasna-horka8\/1328742286.jpg\" src=\"data:image\/svg+xml,%3Csvg%20xmlns%3D%22http%3A%2F%2Fwww.w3.org%2F2000%2Fsvg%22%20width%3D%22200%22%20height%3D%22200%22%20viewBox%3D%220%200%20200%20200%22%3E%3C%2Fsvg%3E\" loading=\"eager\"><\/span><span class=\"fg-image-overlay\"><\/span><\/a><\/figure><div class=\"fg-loader\"><\/div><\/div><div class=\"fg-item fg-type-image fg-idle\"><figure class=\"fg-item-inner\"><a href=\"https:\/\/www.slovensky-kras.eu\/info\/wp-content\/uploads\/2021\/12\/hrad-krasna-horka7.jpg\" data-attachment-id=\"21664\" data-type=\"image\" class=\"fg-thumb\"><span class=\"fg-image-wrap\"><img decoding=\"async\" width=\"200\" height=\"200\" class=\"skip-lazy fg-image\" data-src-fg=\"https:\/\/www.slovensky-kras.eu\/info\/wp-content\/uploads\/cache\/2021\/12\/hrad-krasna-horka7\/2459392622.jpg\" src=\"data:image\/svg+xml,%3Csvg%20xmlns%3D%22http%3A%2F%2Fwww.w3.org%2F2000%2Fsvg%22%20width%3D%22200%22%20height%3D%22200%22%20viewBox%3D%220%200%20200%20200%22%3E%3C%2Fsvg%3E\" loading=\"eager\"><\/span><span class=\"fg-image-overlay\"><\/span><\/a><\/figure><div class=\"fg-loader\"><\/div><\/div><div class=\"fg-item fg-type-image fg-idle\"><figure class=\"fg-item-inner\"><a href=\"https:\/\/www.slovensky-kras.eu\/info\/wp-content\/uploads\/2021\/12\/hrad-krasna-horka6.jpg\" data-attachment-id=\"21663\" data-type=\"image\" class=\"fg-thumb\"><span class=\"fg-image-wrap\"><img decoding=\"async\" width=\"200\" height=\"200\" class=\"skip-lazy fg-image\" data-src-fg=\"https:\/\/www.slovensky-kras.eu\/info\/wp-content\/uploads\/cache\/2021\/12\/hrad-krasna-horka6\/1374771330.jpg\" src=\"data:image\/svg+xml,%3Csvg%20xmlns%3D%22http%3A%2F%2Fwww.w3.org%2F2000%2Fsvg%22%20width%3D%22200%22%20height%3D%22200%22%20viewBox%3D%220%200%20200%20200%22%3E%3C%2Fsvg%3E\" loading=\"eager\"><\/span><span class=\"fg-image-overlay\"><\/span><\/a><\/figure><div class=\"fg-loader\"><\/div><\/div><div class=\"fg-item fg-type-image fg-idle\"><figure class=\"fg-item-inner\"><a href=\"https:\/\/www.slovensky-kras.eu\/info\/wp-content\/uploads\/2021\/12\/hrad-krasna-horka5.jpg\" data-attachment-id=\"21662\" data-type=\"image\" class=\"fg-thumb\"><span class=\"fg-image-wrap\"><img decoding=\"async\" width=\"200\" height=\"200\" class=\"skip-lazy fg-image\" data-src-fg=\"https:\/\/www.slovensky-kras.eu\/info\/wp-content\/uploads\/cache\/2021\/12\/hrad-krasna-horka5\/3711730887.jpg\" src=\"data:image\/svg+xml,%3Csvg%20xmlns%3D%22http%3A%2F%2Fwww.w3.org%2F2000%2Fsvg%22%20width%3D%22200%22%20height%3D%22200%22%20viewBox%3D%220%200%20200%20200%22%3E%3C%2Fsvg%3E\" loading=\"eager\"><\/span><span class=\"fg-image-overlay\"><\/span><\/a><\/figure><div class=\"fg-loader\"><\/div><\/div><div class=\"fg-item fg-type-image fg-idle\"><figure class=\"fg-item-inner\"><a href=\"https:\/\/www.slovensky-kras.eu\/info\/wp-content\/uploads\/2021\/12\/hrad-krasna-horka4.jpg\" data-attachment-id=\"21661\" data-type=\"image\" class=\"fg-thumb\"><span class=\"fg-image-wrap\"><img decoding=\"async\" width=\"200\" height=\"200\" class=\"skip-lazy fg-image\" data-src-fg=\"https:\/\/www.slovensky-kras.eu\/info\/wp-content\/uploads\/cache\/2021\/12\/hrad-krasna-horka4\/391243955.jpg\" src=\"data:image\/svg+xml,%3Csvg%20xmlns%3D%22http%3A%2F%2Fwww.w3.org%2F2000%2Fsvg%22%20width%3D%22200%22%20height%3D%22200%22%20viewBox%3D%220%200%20200%20200%22%3E%3C%2Fsvg%3E\" loading=\"eager\"><\/span><span class=\"fg-image-overlay\"><\/span><\/a><\/figure><div class=\"fg-loader\"><\/div><\/div><div class=\"fg-item fg-type-image fg-idle\"><figure class=\"fg-item-inner\"><a href=\"https:\/\/www.slovensky-kras.eu\/info\/wp-content\/uploads\/2021\/12\/hrad-krasna-horka3.jpg\" data-attachment-id=\"21660\" data-type=\"image\" class=\"fg-thumb\"><span class=\"fg-image-wrap\"><img decoding=\"async\" width=\"200\" height=\"200\" class=\"skip-lazy fg-image\" data-src-fg=\"https:\/\/www.slovensky-kras.eu\/info\/wp-content\/uploads\/cache\/2021\/12\/hrad-krasna-horka3\/534133260.jpg\" src=\"data:image\/svg+xml,%3Csvg%20xmlns%3D%22http%3A%2F%2Fwww.w3.org%2F2000%2Fsvg%22%20width%3D%22200%22%20height%3D%22200%22%20viewBox%3D%220%200%20200%20200%22%3E%3C%2Fsvg%3E\" loading=\"eager\"><\/span><span class=\"fg-image-overlay\"><\/span><\/a><\/figure><div class=\"fg-loader\"><\/div><\/div><div class=\"fg-item fg-type-image fg-idle\"><figure class=\"fg-item-inner\"><a href=\"https:\/\/www.slovensky-kras.eu\/info\/wp-content\/uploads\/2022\/08\/krasna-horka5.jpg\" data-attachment-id=\"23474\" data-type=\"image\" class=\"fg-thumb\"><span class=\"fg-image-wrap\"><img decoding=\"async\" width=\"200\" height=\"200\" class=\"skip-lazy fg-image\" data-src-fg=\"https:\/\/www.slovensky-kras.eu\/info\/wp-content\/uploads\/cache\/2022\/08\/krasna-horka5\/888978830.jpg\" src=\"data:image\/svg+xml,%3Csvg%20xmlns%3D%22http%3A%2F%2Fwww.w3.org%2F2000%2Fsvg%22%20width%3D%22200%22%20height%3D%22200%22%20viewBox%3D%220%200%20200%20200%22%3E%3C%2Fsvg%3E\" loading=\"eager\"><\/span><span class=\"fg-image-overlay\"><\/span><\/a><\/figure><div class=\"fg-loader\"><\/div><\/div><div class=\"fg-item fg-type-image fg-idle\"><figure class=\"fg-item-inner\"><a href=\"https:\/\/www.slovensky-kras.eu\/info\/wp-content\/uploads\/2022\/08\/krasna-horka4.jpg\" data-attachment-id=\"23473\" data-type=\"image\" class=\"fg-thumb\"><span class=\"fg-image-wrap\"><img decoding=\"async\" width=\"200\" height=\"200\" class=\"skip-lazy fg-image\" data-src-fg=\"https:\/\/www.slovensky-kras.eu\/info\/wp-content\/uploads\/cache\/2022\/08\/krasna-horka4\/1513130930.jpg\" src=\"data:image\/svg+xml,%3Csvg%20xmlns%3D%22http%3A%2F%2Fwww.w3.org%2F2000%2Fsvg%22%20width%3D%22200%22%20height%3D%22200%22%20viewBox%3D%220%200%20200%20200%22%3E%3C%2Fsvg%3E\" loading=\"eager\"><\/span><span class=\"fg-image-overlay\"><\/span><\/a><\/figure><div class=\"fg-loader\"><\/div><\/div><div class=\"fg-item fg-type-image fg-idle\"><figure class=\"fg-item-inner\"><a href=\"https:\/\/www.slovensky-kras.eu\/info\/wp-content\/uploads\/2022\/08\/krasna-horka3.jpg\" data-attachment-id=\"23472\" data-type=\"image\" class=\"fg-thumb\"><span class=\"fg-image-wrap\"><img decoding=\"async\" width=\"200\" height=\"200\" class=\"skip-lazy fg-image\" data-src-fg=\"https:\/\/www.slovensky-kras.eu\/info\/wp-content\/uploads\/cache\/2022\/08\/krasna-horka3\/776243686.jpg\" src=\"data:image\/svg+xml,%3Csvg%20xmlns%3D%22http%3A%2F%2Fwww.w3.org%2F2000%2Fsvg%22%20width%3D%22200%22%20height%3D%22200%22%20viewBox%3D%220%200%20200%20200%22%3E%3C%2Fsvg%3E\" loading=\"eager\"><\/span><span class=\"fg-image-overlay\"><\/span><\/a><\/figure><div class=\"fg-loader\"><\/div><\/div><div class=\"fg-item fg-type-image fg-idle\"><figure class=\"fg-item-inner\"><a href=\"https:\/\/www.slovensky-kras.eu\/info\/wp-content\/uploads\/2022\/08\/krasna-horka2.jpg\" data-attachment-id=\"23471\" data-type=\"image\" class=\"fg-thumb\"><span class=\"fg-image-wrap\"><img decoding=\"async\" alt=\"Hrad Kr\u00e1sna H\u00f4rka\" width=\"200\" height=\"200\" class=\"skip-lazy fg-image\" data-src-fg=\"https:\/\/www.slovensky-kras.eu\/info\/wp-content\/uploads\/cache\/2022\/08\/krasna-horka2\/1631425711.jpg\" src=\"data:image\/svg+xml,%3Csvg%20xmlns%3D%22http%3A%2F%2Fwww.w3.org%2F2000%2Fsvg%22%20width%3D%22200%22%20height%3D%22200%22%20viewBox%3D%220%200%20200%20200%22%3E%3C%2Fsvg%3E\" loading=\"eager\"><\/span><span class=\"fg-image-overlay\"><\/span><\/a><\/figure><div class=\"fg-loader\"><\/div><\/div><div class=\"fg-item fg-type-image fg-idle\"><figure class=\"fg-item-inner\"><a href=\"https:\/\/www.slovensky-kras.eu\/info\/wp-content\/uploads\/2021\/12\/hrad-krasna-horka16.jpg\" data-attachment-id=\"21681\" data-type=\"image\" class=\"fg-thumb\"><span class=\"fg-image-wrap\"><img decoding=\"async\" width=\"200\" height=\"200\" class=\"skip-lazy fg-image\" data-src-fg=\"https:\/\/www.slovensky-kras.eu\/info\/wp-content\/uploads\/cache\/2021\/12\/hrad-krasna-horka16\/60653960.jpg\" src=\"data:image\/svg+xml,%3Csvg%20xmlns%3D%22http%3A%2F%2Fwww.w3.org%2F2000%2Fsvg%22%20width%3D%22200%22%20height%3D%22200%22%20viewBox%3D%220%200%20200%20200%22%3E%3C%2Fsvg%3E\" loading=\"eager\"><\/span><span class=\"fg-image-overlay\"><\/span><\/a><\/figure><div class=\"fg-loader\"><\/div><\/div><div class=\"fg-item fg-type-image fg-idle\"><figure class=\"fg-item-inner\"><a href=\"https:\/\/www.slovensky-kras.eu\/info\/wp-content\/uploads\/2021\/12\/hrad-krasna-horka15.jpg\" data-attachment-id=\"21680\" data-type=\"image\" class=\"fg-thumb\"><span class=\"fg-image-wrap\"><img decoding=\"async\" width=\"200\" height=\"200\" class=\"skip-lazy fg-image\" data-src-fg=\"https:\/\/www.slovensky-kras.eu\/info\/wp-content\/uploads\/cache\/2021\/12\/hrad-krasna-horka15\/2997207661.jpg\" src=\"data:image\/svg+xml,%3Csvg%20xmlns%3D%22http%3A%2F%2Fwww.w3.org%2F2000%2Fsvg%22%20width%3D%22200%22%20height%3D%22200%22%20viewBox%3D%220%200%20200%20200%22%3E%3C%2Fsvg%3E\" loading=\"eager\"><\/span><span class=\"fg-image-overlay\"><\/span><\/a><\/figure><div class=\"fg-loader\"><\/div><\/div><div class=\"fg-item fg-type-image fg-idle\"><figure class=\"fg-item-inner\"><a href=\"https:\/\/www.slovensky-kras.eu\/info\/wp-content\/uploads\/2021\/12\/hrad-krasna-horka14.jpg\" data-attachment-id=\"21679\" data-type=\"image\" class=\"fg-thumb\"><span class=\"fg-image-wrap\"><img decoding=\"async\" width=\"200\" height=\"200\" class=\"skip-lazy fg-image\" data-src-fg=\"https:\/\/www.slovensky-kras.eu\/info\/wp-content\/uploads\/cache\/2021\/12\/hrad-krasna-horka14\/3008389020.jpg\" src=\"data:image\/svg+xml,%3Csvg%20xmlns%3D%22http%3A%2F%2Fwww.w3.org%2F2000%2Fsvg%22%20width%3D%22200%22%20height%3D%22200%22%20viewBox%3D%220%200%20200%20200%22%3E%3C%2Fsvg%3E\" loading=\"eager\"><\/span><span class=\"fg-image-overlay\"><\/span><\/a><\/figure><div class=\"fg-loader\"><\/div><\/div><div class=\"fg-item fg-type-image fg-idle\"><figure class=\"fg-item-inner\"><a href=\"https:\/\/www.slovensky-kras.eu\/info\/wp-content\/uploads\/2021\/12\/hrad-krasna-horka-17.png\" data-attachment-id=\"21674\" data-type=\"image\" class=\"fg-thumb\"><span class=\"fg-image-wrap\"><img decoding=\"async\" width=\"200\" height=\"200\" class=\"skip-lazy fg-image\" data-src-fg=\"https:\/\/www.slovensky-kras.eu\/info\/wp-content\/uploads\/cache\/2021\/12\/hrad-krasna-horka-17\/168424521.png\" src=\"data:image\/svg+xml,%3Csvg%20xmlns%3D%22http%3A%2F%2Fwww.w3.org%2F2000%2Fsvg%22%20width%3D%22200%22%20height%3D%22200%22%20viewBox%3D%220%200%20200%20200%22%3E%3C%2Fsvg%3E\" loading=\"eager\"><\/span><span class=\"fg-image-overlay\"><\/span><\/a><\/figure><div class=\"fg-loader\"><\/div><\/div><div class=\"fg-item fg-type-image fg-idle\"><figure class=\"fg-item-inner\"><a href=\"https:\/\/www.slovensky-kras.eu\/info\/wp-content\/uploads\/2021\/12\/hrad-krasna-horka-16.png\" data-attachment-id=\"21673\" data-type=\"image\" class=\"fg-thumb\"><span class=\"fg-image-wrap\"><img decoding=\"async\" width=\"200\" height=\"200\" class=\"skip-lazy fg-image\" data-src-fg=\"https:\/\/www.slovensky-kras.eu\/info\/wp-content\/uploads\/cache\/2021\/12\/hrad-krasna-horka-16\/899973443.png\" src=\"data:image\/svg+xml,%3Csvg%20xmlns%3D%22http%3A%2F%2Fwww.w3.org%2F2000%2Fsvg%22%20width%3D%22200%22%20height%3D%22200%22%20viewBox%3D%220%200%20200%20200%22%3E%3C%2Fsvg%3E\" loading=\"eager\"><\/span><span class=\"fg-image-overlay\"><\/span><\/a><\/figure><div class=\"fg-loader\"><\/div><\/div><div class=\"fg-item fg-type-image fg-idle\"><figure class=\"fg-item-inner\"><a href=\"https:\/\/www.slovensky-kras.eu\/info\/wp-content\/uploads\/2021\/12\/hrad-krasna-horka-14.png\" data-attachment-id=\"21671\" data-type=\"image\" class=\"fg-thumb\"><span class=\"fg-image-wrap\"><img decoding=\"async\" width=\"200\" height=\"200\" class=\"skip-lazy fg-image\" data-src-fg=\"https:\/\/www.slovensky-kras.eu\/info\/wp-content\/uploads\/cache\/2021\/12\/hrad-krasna-horka-14\/2118689949.png\" src=\"data:image\/svg+xml,%3Csvg%20xmlns%3D%22http%3A%2F%2Fwww.w3.org%2F2000%2Fsvg%22%20width%3D%22200%22%20height%3D%22200%22%20viewBox%3D%220%200%20200%20200%22%3E%3C%2Fsvg%3E\" loading=\"eager\"><\/span><span class=\"fg-image-overlay\"><\/span><\/a><\/figure><div class=\"fg-loader\"><\/div><\/div><div class=\"fg-item fg-type-image fg-idle\"><figure class=\"fg-item-inner\"><a href=\"https:\/\/www.slovensky-kras.eu\/info\/wp-content\/uploads\/2021\/12\/hrad-krasna-horka-10.png\" data-attachment-id=\"21665\" data-type=\"image\" class=\"fg-thumb\"><span class=\"fg-image-wrap\"><img decoding=\"async\" width=\"200\" height=\"200\" class=\"skip-lazy fg-image\" data-src-fg=\"https:\/\/www.slovensky-kras.eu\/info\/wp-content\/uploads\/cache\/2021\/12\/hrad-krasna-horka-10\/3464229529.png\" src=\"data:image\/svg+xml,%3Csvg%20xmlns%3D%22http%3A%2F%2Fwww.w3.org%2F2000%2Fsvg%22%20width%3D%22200%22%20height%3D%22200%22%20viewBox%3D%220%200%20200%20200%22%3E%3C%2Fsvg%3E\" loading=\"eager\"><\/span><span class=\"fg-image-overlay\"><\/span><\/a><\/figure><div class=\"fg-loader\"><\/div><\/div>\t<\/div>\n\t<div class=\"fg-carousel-bottom\"><\/div>\n\t<div class=\"fg-carousel-progress\"><\/div>\n\t<button type=\"button\" class=\"fg-carousel-next\" title=\"Next\"><\/button>\n<\/div>\n<h3><span style=\"color: #808000;\">Bl\u00edzke stredisko, turistick\u00e9 centrum, obec alebo mesto:<\/span><\/h3>\n<ul>\n<li><a href=\"http:\/\/www.slovensky-kras.eu\/info\/strediska-a-centra\/obec-krasnohorske-podhradie\/\">Obec Kr\u00e1snohorsk\u00e9 podhradie (\u010d\u00edtaj viac&#8230;)<\/a><\/li>\n<\/ul>\n<h2><span style=\"color: #800000;\">Mapy<\/span><\/h2>\n<p><strong>Vrstvy: <\/strong>Turistick\u00e1 mapa, Automapa, Cyklomapa, Ly\u017eiarska mapa, Satelitn\u00e1 mapa a OpenStreetMap.<\/p>\n<p><strong>Kliknut\u00edm na logo &#8222;Freemap.sk&#8220; sa V\u00e1m mapa zobraz\u00ed na celej ploche obrazovky.<\/strong><\/p>\n<p><iframe style=\"width: 900px; height: 600px; border: 0;\" src=\"https:\/\/www.freemap.sk\/?map=14\/48.658348\/20.600025&amp;info-point=48.658348\/20.600025,Hrad Kr\u00e1sna H\u00f4rka&amp;layers=X&amp;embed=search\" allowfullscreen=\"allowfullscreen\"><span data-mce-type=\"bookmark\" style=\"display: inline-block; width: 0px; overflow: hidden; line-height: 0;\" class=\"mce_SELRES_start\">\ufeff<\/span><\/iframe><\/p>\n<h2><span style=\"color: #800000;\">Po\u010dasie<\/span><\/h2>\n<p><iframe style=\"width: 900px; height: 610px;\" src=\"https:\/\/www.meteoblue.com\/sk\/po%C4%8Dasie\/widget\/three\/kr%c3%a1snohorsk%c3%a9-podhradie_slovensk%c3%a1-republika_724407?geoloc=fixed&amp;nocurrent=0&amp;noforecast=0&amp;days=6&amp;tempunit=CELSIUS&amp;windunit=KILOMETER_PER_HOUR&amp;layout=image\" frameborder=\"0\" scrolling=\"NO\" sandbox=\"allow-same-origin allow-scripts allow-popups allow-popups-to-escape-sandbox\"><span data-mce-type=\"bookmark\" style=\"display: inline-block; width: 0px; overflow: hidden; line-height: 0;\" class=\"mce_SELRES_start\">\ufeff<\/span><\/iframe><\/p>\n<div><!-- DO NOT REMOVE THIS LINK --><a href=\"https:\/\/www.meteoblue.com\/sk\/po%C4%8Dasie\/predpove%C4%8F\/t%C3%BD%C5%BEde%C5%88\/kr%c3%a1snohorsk%c3%a9-podhradie_slovensk%c3%a1-republika_724407?utm_source=weather_widget&amp;utm_medium=linkus&amp;utm_content=three&amp;utm_campaign=Weather%2BWidget\" target=\"_blank\" rel=\"noopener noreferrer\">meteoblue<\/a><\/div>\n<p><strong>Zdroj inform\u00e1ci\u00ed : <\/strong><a href=\"http:\/\/www.snm.sk\" target=\"_blank\" rel=\"noopener noreferrer\">www.snm.sk<\/a><\/p>\n","protected":false},"excerpt":{"rendered":"<p>Menu: M\u00faze\u00e1 a obraz\u00e1rne \u0160pecializovan\u00e1 expoz\u00edcia na hrade Kr\u00e1sna H\u00f4rka : Hrad Kr\u00e1sna H\u00f4rka je z d\u00f4vodu rekon\u0161trukcie pre verejnos\u0165 zatvoren\u00fd!!! \u010co je \u0160pecializovan\u00e1 expoz\u00edcia na hrade Kr\u00e1sna H\u00f4rka a [&hellip;]<\/p>\n","protected":false},"author":1,"featured_media":0,"parent":30,"menu_order":0,"comment_status":"closed","ping_status":"open","template":"","meta":{"_uag_custom_page_level_css":"","footnotes":""},"class_list":["post-905","page","type-page","status-publish","hentry"],"featured_image_src":"","featured_image_src_square":false,"rbea_author_info":{"display_name":"admin","author_link":"https:\/\/www.slovensky-kras.eu\/info\/author\/admin\/"},"rbea_excerpt_info":"Menu: M\u00faze\u00e1 a obraz\u00e1rne \u0160pecializovan\u00e1 expoz\u00edcia na hrade Kr\u00e1sna H\u00f4rka : Hrad Kr\u00e1sna H\u00f4rka je z d\u00f4vodu rekon\u0161trukcie pre verejnos\u0165 zatvoren\u00fd!!! \u010co je \u0160pecializovan\u00e1 expoz\u00edcia na hrade Kr\u00e1sna H\u00f4rka a [&hellip;]","uagb_featured_image_src":{"full":false,"thumbnail":false,"medium":false,"medium_large":false,"large":false,"1536x1536":false,"2048x2048":false},"uagb_author_info":{"display_name":"admin","author_link":"https:\/\/www.slovensky-kras.eu\/info\/author\/admin\/"},"uagb_comment_info":0,"uagb_excerpt":"Menu: M\u00faze\u00e1 a obraz\u00e1rne \u0160pecializovan\u00e1 expoz\u00edcia na hrade Kr\u00e1sna H\u00f4rka : Hrad Kr\u00e1sna H\u00f4rka je z d\u00f4vodu rekon\u0161trukcie pre verejnos\u0165 zatvoren\u00fd!!! \u010co je \u0160pecializovan\u00e1 expoz\u00edcia na hrade Kr\u00e1sna H\u00f4rka a [&hellip;]","_links":{"self":[{"href":"https:\/\/www.slovensky-kras.eu\/info\/wp-json\/wp\/v2\/pages\/905","targetHints":{"allow":["GET"]}}],"collection":[{"href":"https:\/\/www.slovensky-kras.eu\/info\/wp-json\/wp\/v2\/pages"}],"about":[{"href":"https:\/\/www.slovensky-kras.eu\/info\/wp-json\/wp\/v2\/types\/page"}],"author":[{"embeddable":true,"href":"https:\/\/www.slovensky-kras.eu\/info\/wp-json\/wp\/v2\/users\/1"}],"replies":[{"embeddable":true,"href":"https:\/\/www.slovensky-kras.eu\/info\/wp-json\/wp\/v2\/comments?post=905"}],"version-history":[{"count":7,"href":"https:\/\/www.slovensky-kras.eu\/info\/wp-json\/wp\/v2\/pages\/905\/revisions"}],"predecessor-version":[{"id":29020,"href":"https:\/\/www.slovensky-kras.eu\/info\/wp-json\/wp\/v2\/pages\/905\/revisions\/29020"}],"up":[{"embeddable":true,"href":"https:\/\/www.slovensky-kras.eu\/info\/wp-json\/wp\/v2\/pages\/30"}],"wp:attachment":[{"href":"https:\/\/www.slovensky-kras.eu\/info\/wp-json\/wp\/v2\/media?parent=905"}],"curies":[{"name":"wp","href":"https:\/\/api.w.org\/{rel}","templated":true}]}}