{"id":8982,"date":"2016-11-01T17:13:09","date_gmt":"2016-11-01T16:13:09","guid":{"rendered":"http:\/\/www.slovensky-kras.eu\/info\/?page_id=8982"},"modified":"2025-11-14T09:28:28","modified_gmt":"2025-11-14T08:28:28","slug":"vrchy-skaly-a-sedla","status":"publish","type":"page","link":"https:\/\/www.slovensky-kras.eu\/info\/kam-do-prirody\/vrchy-skaly-a-sedla\/","title":{"rendered":"Vrchy, skaly, vyhliadky a sedl\u00e1"},"content":{"rendered":"<p><strong>Menu: <\/strong> <a href=\"http:\/\/www.slovensky-kras.eu\/info\/\" class=\"su-button su-button-style-default\" style=\"color:#000000;background-color:#FFCF2F;border-color:#cca626;border-radius:5px\" target=\"_self\"><span style=\"color:#000000;padding:6px 16px;font-size:13px;line-height:20px;border-color:#ffde6e;border-radius:5px;text-shadow:none\"><i class=\"sui sui-arrow-right\" style=\"font-size:13px;color:#000000\"><\/i>  \u00davod \/ Aktuality <\/span><\/a>\n<a href=\"http:\/\/www.slovensky-kras.eu\/info\/kam-do-prirody\/\" class=\"su-button su-button-style-default\" style=\"color:#000000;background-color:#FFCF2F;border-color:#cca626;border-radius:5px\" target=\"_self\"><span style=\"color:#000000;padding:6px 16px;font-size:13px;line-height:20px;border-color:#ffde6e;border-radius:5px;text-shadow:none\"><i class=\"sui sui-arrow-right\" style=\"font-size:13px;color:#000000\"><\/i>  Kam do pr\u00edrody <\/span><\/a>\n<p><strong>Podkateg\u00f3ria: <\/strong> <a href=\"http:\/\/www.slovensky-kras.eu\/info\/kam-do-prirody\/vrchy-skaly-a-sedla\/\" class=\"su-button su-button-style-default\" style=\"color:#000000;background-color:#C5ED2C;border-color:#9ebe24;border-radius:5px\" target=\"_self\"><span style=\"color:#000000;padding:6px 16px;font-size:13px;line-height:20px;border-color:#d7f36c;border-radius:5px;text-shadow:none\"><i class=\"sui sui-arrow-right\" style=\"font-size:13px;color:#000000\"><\/i>  Vrchy, skaly, vyhliadky a sedl\u00e1 <\/span><\/a>\n<div class=\"su-divider su-divider-style-default\" style=\"margin:15px 0;border-width:3px;border-color:#000000\"><\/div>\n<div id=\"metaslider-id-4341\" style=\"max-width: 800px; margin: 0 auto;\" class=\"ml-slider-3-108-0 metaslider metaslider-flex metaslider-4341 ml-slider ms-theme-default nav-hidden\" role=\"region\" aria-label=\"Jelen\u00ed vrch ( 947 m n. m. ) \u2013 Valgata\" data-height=\"250\" data-width=\"800\">\n    <div id=\"metaslider_container_4341\">\n        <div id=\"metaslider_4341\" class=\"flexslider\">\n            <ul class='slides'>\n                <li style=\"display: block; width: 100%;\" class=\"slide-29784 ms-image \" aria-roledescription=\"slide\" data-date=\"2026-04-02 00:34:42\" data-filename=\"jeleni-vrch-leto-800x250.jpeg\" data-slide-type=\"image\"><a href=\"https:\/\/www.slovensky-kras.eu\/info\/kam-do-prirody\/jeleni-vrch-947-m-n-m\/\" target=\"_self\" aria-label=\"View Slide Details\" class=\"metaslider_image_link\"><img loading=\"lazy\" decoding=\"async\" src=\"https:\/\/www.slovensky-kras.eu\/info\/wp-content\/uploads\/2026\/03\/jeleni-vrch-leto-800x250.jpeg\" height=\"250\" width=\"800\" alt=\"Jelen\u00ed vrch ( 947 m n. m. ) - Valgata\" class=\"slider-4341 slide-29784 msDefaultImage\" title=\"Jelen\u00ed vrch ( 947 m n. m. ) - Valgata\" \/><\/a><div class=\"caption-wrap\"><div class=\"caption\"><div><strong><a href=\"https:\/\/www.slovensky-kras.eu\/info\/kam-do-prirody\/jeleni-vrch-947-m-n-m\/\"><span style=\"color:#ffff00;\">Jelen\u00ed vrch ( 947 m n. m. ) \u2013 Valgata<\/span><\/a><\/strong><\/div><\/div><\/div><\/li>\n            <\/ul>\n        <\/div>\n        \n    <\/div>\n<\/div>\n<div id=\"metaslider-id-4345\" style=\"max-width: 800px; margin: 0 auto;\" class=\"ml-slider-3-108-0 metaslider metaslider-flex metaslider-4345 ml-slider ms-theme-default nav-hidden nav-hidden\" role=\"region\" aria-label=\"Dievcenska skala\" data-height=\"250\" data-width=\"800\">\n    <div id=\"metaslider_container_4345\">\n        <div id=\"metaslider_4345\" class=\"flexslider\">\n            <ul class='slides'>\n                <li style=\"display: block; width: 100%;\" class=\"slide-29783 ms-image \" aria-roledescription=\"slide\" data-date=\"2026-04-02 00:33:21\" data-filename=\"dievcenska-skala-2-800x250.jpeg\" data-slide-type=\"image\"><a href=\"http:\/\/www.slovensky-kras.eu\/info\/kam-do-prirody\/dievcenska-skala\/\" target=\"_self\" aria-label=\"View Slide Details\" class=\"metaslider_image_link\"><img loading=\"lazy\" decoding=\"async\" src=\"https:\/\/www.slovensky-kras.eu\/info\/wp-content\/uploads\/2025\/11\/dievcenska-skala-2-800x250.jpeg\" height=\"250\" width=\"800\" alt=\"Diev\u010densk\u00e1 skala (660 m n.m.)\" class=\"slider-4345 slide-29783 msDefaultImage\" title=\"Diev\u010densk\u00e1 skala (660 m n.m.)\" \/><\/a><div class=\"caption-wrap\"><div class=\"caption\"><div><strong><a href=\"http:\/\/www.slovensky-kras.eu\/info\/kam-do-prirody\/dievcenska-skala\/\"><span style=\"color:#ffff00;\">Diev\u010densk\u00e1 skala<\/span><\/a><\/strong><\/div><\/div><\/div><\/li>\n            <\/ul>\n        <\/div>\n        \n    <\/div>\n<\/div>\n<div id=\"metaslider-id-4349\" style=\"max-width: 800px; margin: 0 auto;\" class=\"ml-slider-3-108-0 metaslider metaslider-flex metaslider-4349 ml-slider ms-theme-default nav-hidden nav-hidden nav-hidden\" role=\"region\" aria-label=\"Zadielska vyhliadka\" data-height=\"250\" data-width=\"800\">\n    <div id=\"metaslider_container_4349\">\n        <div id=\"metaslider_4349\" class=\"flexslider\">\n            <ul class='slides'>\n                <li style=\"display: block; width: 100%;\" class=\"slide-29785 ms-image \" aria-roledescription=\"slide\" data-date=\"2026-04-02 00:36:24\" data-filename=\"krkavcia-vyhliadka-jar-800x250.jpeg\" data-slide-type=\"image\"><a href=\"http:\/\/www.slovensky-kras.eu\/info\/kam-do-prirody\/zadielska-vyhliadka\/\" target=\"_self\" aria-label=\"View Slide Details\" class=\"metaslider_image_link\"><img loading=\"lazy\" decoding=\"async\" src=\"https:\/\/www.slovensky-kras.eu\/info\/wp-content\/uploads\/2025\/11\/krkavcia-vyhliadka-jar-800x250.jpeg\" height=\"250\" width=\"800\" alt=\"Z\u00e1dielska vyhliadka na Krkav\u010d\u00edch skal\u00e1ch 570-600 m n.m.\" class=\"slider-4349 slide-29785 msDefaultImage\" title=\"Z\u00e1dielska vyhliadka na Krkav\u010d\u00edch skal\u00e1ch 570-600 m n.m.\" \/><\/a><div class=\"caption-wrap\"><div class=\"caption\"><div><strong><a href=\"http:\/\/www.slovensky-kras.eu\/info\/kam-do-prirody\/zadielska-vyhliadka\/\"><span style=\"color:#ffff00;\">Z\u00e1dielska vyhliadka na Krkav\u010d\u00edch skal\u00e1ch 570-600 m n.m.<\/span><\/a><\/strong><\/div><\/div><\/div><\/li>\n            <\/ul>\n        <\/div>\n        \n    <\/div>\n<\/div>\n<div id=\"metaslider-id-4354\" style=\"max-width: 800px; margin: 0 auto;\" class=\"ml-slider-3-108-0 metaslider metaslider-flex metaslider-4354 ml-slider ms-theme-default nav-hidden nav-hidden nav-hidden nav-hidden\" role=\"region\" aria-label=\"Cukrova Homola\" data-height=\"250\" data-width=\"800\">\n    <div id=\"metaslider_container_4354\">\n        <div id=\"metaslider_4354\" class=\"flexslider\">\n            <ul class='slides'>\n                <li style=\"display: block; width: 100%;\" class=\"slide-19515 ms-image \" aria-roledescription=\"slide\" data-date=\"2021-01-02 06:42:14\" data-filename=\"cukrova-800x250.jpg\" data-slide-type=\"image\"><a href=\"http:\/\/www.slovensky-kras.eu\/info\/kam-do-prirody\/cukrova-homola-105-m-n-m\/\" target=\"_self\" aria-label=\"View Slide Details\" class=\"metaslider_image_link\"><img loading=\"lazy\" decoding=\"async\" src=\"https:\/\/www.slovensky-kras.eu\/info\/wp-content\/uploads\/2020\/08\/cukrova-800x250.jpg\" height=\"250\" width=\"800\" alt=\"\" class=\"slider-4354 slide-19515 msDefaultImage\" title=\"Cukrov\u00e1 homo\u013ea\" \/><\/a><div class=\"caption-wrap\"><div class=\"caption\"><b><a href=\"http:\/\/www.slovensky-kras.eu\/info\/kam-do-prirody\/cukrova-homola-105-m-n-m\/\"><span style=\"color:#FFFF00;\">Cukrov\u00e1 homo\u013ea<\/span><\/a><\/b><\/div><\/div><\/li>\n            <\/ul>\n        <\/div>\n        \n    <\/div>\n<\/div>\n<div id=\"metaslider-id-28535\" style=\"max-width: 800px;\" class=\"ml-slider-3-108-0 metaslider metaslider-flex metaslider-28535 ml-slider has-dots-nav ms-theme-default-base\" role=\"region\" aria-label=\"Hradn\u00e9 vyhliadky na Turnianskom hrebeni (300-460 m n.m.)\" data-height=\"250\" data-width=\"800\">\n    <div id=\"metaslider_container_28535\">\n        <div id=\"metaslider_28535\">\n            <ul aria-live='off' class='slides'>\n                <li style=\"display: block; width: 100%;\" class=\"slide-28537 ms-image \" aria-roledescription=\"slide\" data-date=\"2025-11-14 09:29:32\" data-filename=\"turna-zadielska-planina-800x250.jpg\" data-slide-type=\"image\"><a href=\"https:\/\/www.slovensky-kras.eu\/info\/kam-do-prirody\/hradne-vyhliadky-na-turnianskom-hrebeni-300-460-m-n-m\/\" target=\"_self\" aria-label=\"View Slide Details\" class=\"metaslider_image_link\"><img loading=\"lazy\" decoding=\"async\" src=\"https:\/\/www.slovensky-kras.eu\/info\/wp-content\/uploads\/2016\/01\/turna-zadielska-planina-800x250.jpg\" height=\"250\" width=\"800\" alt=\"https:\/\/www.slovensky-kras.eu\/info\/kam-do-prirody\/hradne-vyhliadky-na-turnianskom-hrebeni-300-460-m-n-m\/\" class=\"slider-28535 slide-28537 msDefaultImage\" title=\"turna zadielska planina\" \/><\/a><div class=\"caption-wrap\"><div class=\"caption\"><div><span style=\"color:rgb(255,244,0);\"><a style=\"color:rgb(255,244,0);\" href=\"https:\/\/www.slovensky-kras.eu\/info\/kam-do-prirody\/hradne-vyhliadky-na-turnianskom-hrebeni-300-460-m-n-m\/\">Hradn\u00e9 vyhliadky na Turnianskom hrebeni (300-460 m n.m.)<\/a><\/span><\/div><\/div><\/div><\/li>\n            <\/ul>\n        <\/div>\n        \n    <\/div>\n<\/div>\n<div id=\"metaslider-id-4358\" style=\"max-width: 800px; margin: 0 auto;\" class=\"ml-slider-3-108-0 metaslider metaslider-flex metaslider-4358 ml-slider ms-theme-default nav-hidden nav-hidden nav-hidden nav-hidden nav-hidden nav-hidden\" role=\"region\" aria-label=\"Gerlasska skala\" data-height=\"250\" data-width=\"800\">\n    <div id=\"metaslider_container_4358\">\n        <div id=\"metaslider_4358\" class=\"flexslider\">\n            <ul class='slides'>\n                <li style=\"display: block; width: 100%;\" class=\"slide-29787 ms-image \" aria-roledescription=\"slide\" data-date=\"2026-04-02 00:38:31\" data-filename=\"gerlasska-skala-3-800x250.jpeg\" data-slide-type=\"image\"><a href=\"http:\/\/www.slovensky-kras.eu\/info\/kam-do-prirody\/gerlasska-skala\/\" target=\"_self\" aria-label=\"View Slide Details\" class=\"metaslider_image_link\"><img loading=\"lazy\" decoding=\"async\" src=\"https:\/\/www.slovensky-kras.eu\/info\/wp-content\/uploads\/2025\/11\/gerlasska-skala-3-800x250.jpeg\" height=\"250\" width=\"800\" alt=\"Gerla\u0161sk\u00e1 skala (752 m n.m.)\" class=\"slider-4358 slide-29787 msDefaultImage\" title=\"Gerla\u0161sk\u00e1 skala (752 m n.m.)\" \/><\/a><div class=\"caption-wrap\"><div class=\"caption\"><div><strong><a href=\"http:\/\/www.slovensky-kras.eu\/info\/kam-do-prirody\/gerlasska-skala\/\"><span style=\"color:#ffff00;\">Gerla\u0161sk\u00e1 skala (752 m n.m.)<\/span><\/a><\/strong><\/div><\/div><\/div><\/li>\n            <\/ul>\n        <\/div>\n        \n    <\/div>\n<\/div>\n<div id=\"metaslider-id-4330\" style=\"max-width: 800px; margin: 0 auto;\" class=\"ml-slider-3-108-0 metaslider metaslider-flex metaslider-4330 ml-slider ms-theme-default nav-hidden nav-hidden nav-hidden nav-hidden nav-hidden nav-hidden nav-hidden\" role=\"region\" aria-label=\"Jasovska skala\" data-height=\"250\" data-width=\"800\">\n    <div id=\"metaslider_container_4330\">\n        <div id=\"metaslider_4330\" class=\"flexslider\">\n            <ul class='slides'>\n                <li style=\"display: block; width: 100%;\" class=\"slide-21485 ms-image \" aria-roledescription=\"slide\" data-date=\"2021-12-16 07:41:29\" data-filename=\"jasovska-skala3-800x250.jpg\" data-slide-type=\"image\"><a href=\"http:\/\/www.slovensky-kras.eu\/info\/kam-do-prirody\/jasovska-skala\/\" target=\"_self\" aria-label=\"View Slide Details\" class=\"metaslider_image_link\"><img loading=\"lazy\" decoding=\"async\" src=\"https:\/\/www.slovensky-kras.eu\/info\/wp-content\/uploads\/2021\/12\/jasovska-skala3-800x250.jpg\" height=\"250\" width=\"800\" alt=\"Jasovsk\u00e1 skala (349 m n. m.)\" class=\"slider-4330 slide-21485 msDefaultImage\" title=\"Jasovsk\u00e1 skala (349 m n. m.)\" \/><\/a><div class=\"caption-wrap\"><div class=\"caption\"><b><a href=\"http:\/\/www.slovensky-kras.eu\/info\/kam-do-prirody\/jasovska-skala\/\"><span style=\"color:#FFFF00;\">Jasovsk\u00e1 skala (349 m n. m.)<\/span><\/a><\/b><\/div><\/div><\/li>\n            <\/ul>\n        <\/div>\n        \n    <\/div>\n<\/div>\n<div id=\"metaslider-id-4430\" style=\"max-width: 800px; margin: 0 auto;\" class=\"ml-slider-3-108-0 metaslider metaslider-flex metaslider-4430 ml-slider ms-theme-default nav-hidden nav-hidden nav-hidden nav-hidden nav-hidden nav-hidden nav-hidden nav-hidden\" role=\"region\" aria-label=\"Sokolia skala\" data-height=\"250\" data-width=\"800\">\n    <div id=\"metaslider_container_4430\">\n        <div id=\"metaslider_4430\" class=\"flexslider\">\n            <ul class='slides'>\n                <li style=\"display: block; width: 100%;\" class=\"slide-29782 ms-image \" aria-roledescription=\"slide\" data-date=\"2026-04-02 00:30:25\" data-filename=\"sokolia-skala-jar-800x250.jpeg\" data-slide-type=\"image\"><a href=\"http:\/\/www.slovensky-kras.eu\/info\/kam-do-prirody\/sokolia-skala\/\" target=\"_self\" aria-label=\"View Slide Details\" class=\"metaslider_image_link\"><img loading=\"lazy\" decoding=\"async\" src=\"https:\/\/www.slovensky-kras.eu\/info\/wp-content\/uploads\/2025\/11\/sokolia-skala-jar-800x250.jpeg\" height=\"250\" width=\"800\" alt=\"Sokolia skala (450 m n.m.)\" class=\"slider-4430 slide-29782 msDefaultImage\" title=\"Sokolia skala (450 m n.m.)\" \/><\/a><div class=\"caption-wrap\"><div class=\"caption\"><div><strong><a href=\"http:\/\/www.slovensky-kras.eu\/info\/kam-do-prirody\/sokolia-skala\/\"><span style=\"color:#ffff00;\">Sokolia skala (450 m n.m.)<\/span><\/a><\/strong><\/div><\/div><\/div><\/li>\n            <\/ul>\n        <\/div>\n        \n    <\/div>\n<\/div>\n<div id=\"metaslider-id-4481\" style=\"max-width: 800px; margin: 0 auto;\" class=\"ml-slider-3-108-0 metaslider metaslider-flex metaslider-4481 ml-slider ms-theme-default nav-hidden nav-hidden nav-hidden nav-hidden nav-hidden nav-hidden nav-hidden nav-hidden nav-hidden\" role=\"region\" aria-label=\"Brzotinska skala (598m n.m.))\" data-height=\"250\" data-width=\"800\">\n    <div id=\"metaslider_container_4481\">\n        <div id=\"metaslider_4481\" class=\"flexslider\">\n            <ul class='slides'>\n                <li style=\"display: block; width: 100%;\" class=\"slide-29780 ms-image \" aria-roledescription=\"slide\" data-date=\"2026-04-02 00:28:44\" data-filename=\"brzotinska-skala-jar-800x250.jpeg\" data-slide-type=\"image\"><a href=\"http:\/\/www.slovensky-kras.eu\/info\/kam-do-prirody\/brzotinske-skaly\/\" target=\"_self\" aria-label=\"View Slide Details\" class=\"metaslider_image_link\"><img loading=\"lazy\" decoding=\"async\" src=\"https:\/\/www.slovensky-kras.eu\/info\/wp-content\/uploads\/2025\/11\/brzotinska-skala-jar-800x250.jpeg\" height=\"250\" width=\"800\" alt=\"Brzot\u00ednska skala (598 m n.m.)\" class=\"slider-4481 slide-29780 msDefaultImage\" title=\"Brzot\u00ednska skala (598 m n.m.)\" \/><\/a><div class=\"caption-wrap\"><div class=\"caption\"><div><strong><a href=\"http:\/\/www.slovensky-kras.eu\/info\/kam-do-prirody\/brzotinske-skaly\/\"><span style=\"color:#ffff00;\">Brzot\u00ednska skala (598 m n.m.)<\/span><\/a><\/strong><\/div><\/div><\/div><\/li>\n            <\/ul>\n        <\/div>\n        \n    <\/div>\n<\/div>\n<div id=\"metaslider-id-4474\" style=\"max-width: 800px; margin: 0 auto;\" class=\"ml-slider-3-108-0 metaslider metaslider-flex metaslider-4474 ml-slider ms-theme-default nav-hidden nav-hidden nav-hidden nav-hidden nav-hidden nav-hidden nav-hidden nav-hidden nav-hidden nav-hidden\" role=\"region\" aria-label=\"Havrania skala (770 m.n.m.)\" data-height=\"250\" data-width=\"800\">\n    <div id=\"metaslider_container_4474\">\n        <div id=\"metaslider_4474\" class=\"flexslider\">\n            <ul class='slides'>\n                <li style=\"display: block; width: 100%;\" class=\"slide-29911 ms-image \" aria-roledescription=\"slide\" data-date=\"2026-04-05 07:13:52\" data-filename=\"havrania-skala-800x250.jpeg\" data-slide-type=\"image\"><a href=\"http:\/\/www.slovensky-kras.eu\/info\/kam-do-prirody\/havrania-skala-770-m-n-m\/\" target=\"_self\" aria-label=\"View Slide Details\" class=\"metaslider_image_link\"><img loading=\"lazy\" decoding=\"async\" src=\"https:\/\/www.slovensky-kras.eu\/info\/wp-content\/uploads\/2026\/04\/havrania-skala-800x250.jpeg\" height=\"250\" width=\"800\" alt=\"Havrania skala\" class=\"slider-4474 slide-29911 msDefaultImage\" title=\"Havrania skala\" \/><\/a><div class=\"caption-wrap\"><div class=\"caption\"><div><strong><a href=\"http:\/\/www.slovensky-kras.eu\/info\/kam-do-prirody\/havrania-skala-770-m-n-m\/\"><span style=\"color:#ffff00;\">Havrania skala (770 m.n.m.)<\/span><\/a><\/strong><\/div><\/div><\/div><\/li>\n            <\/ul>\n        <\/div>\n        \n    <\/div>\n<\/div><div id=\"metaslider-id-4485\" style=\"max-width: 800px; margin: 0 auto;\" class=\"ml-slider-3-108-0 metaslider metaslider-flex metaslider-4485 ml-slider ms-theme-default nav-hidden nav-hidden nav-hidden nav-hidden nav-hidden nav-hidden nav-hidden nav-hidden nav-hidden nav-hidden nav-hidden\" role=\"region\" aria-label=\"Soroska\" data-height=\"250\" data-width=\"800\">\n    <div id=\"metaslider_container_4485\">\n        <div id=\"metaslider_4485\" class=\"flexslider\">\n            <ul class='slides'>\n                <li style=\"display: block; width: 100%;\" class=\"slide-4486 ms-image \" aria-roledescription=\"slide\" data-date=\"2014-07-12 20:25:46\" data-filename=\"soroska-750x234.jpg\" data-slide-type=\"image\"><a href=\"http:\/\/www.slovensky-kras.eu\/info\/kam-do-prirody\/jablonovske-sedlo-535-570-m-n-m-soroska\/\" target=\"_self\" aria-label=\"View Slide Details\" class=\"metaslider_image_link\"><img loading=\"lazy\" decoding=\"async\" src=\"https:\/\/www.slovensky-kras.eu\/info\/wp-content\/uploads\/2014\/07\/soroska-750x234.jpg\" height=\"250\" width=\"800\" alt=\"\" class=\"slider-4485 slide-4486 msDefaultImage\" \/><\/a><div class=\"caption-wrap\"><div class=\"caption\"><b><a href=\"http:\/\/www.slovensky-kras.eu\/info\/kam-do-prirody\/jablonovske-sedlo-535-570-m-n-m-soroska\/\"><span style=\"color:#FFFF00;\">Jablonovsk\u00e9 sedlo (535-570 m.n.m.) \u2013 Soro\u0161ka<\/span><\/a><\/b><\/div><\/div><\/li>\n            <\/ul>\n        <\/div>\n        \n    <\/div>\n<\/div>\n<div id=\"metaslider-id-7291\" style=\"max-width: 800px; margin: 0 auto;\" class=\"ml-slider-3-108-0 metaslider metaslider-flex metaslider-7291 ml-slider ms-theme-default nav-hidden nav-hidden nav-hidden nav-hidden nav-hidden nav-hidden nav-hidden nav-hidden nav-hidden nav-hidden nav-hidden nav-hidden\" role=\"region\" aria-label=\"Z\u00e1dielsk\u00fd kame\u0148 (601 m n.m.)\" data-height=\"250\" data-width=\"800\">\n    <div id=\"metaslider_container_7291\">\n        <div id=\"metaslider_7291\" class=\"flexslider\">\n            <ul class='slides'>\n                <li style=\"display: block; width: 100%;\" class=\"slide-28531 ms-image \" aria-roledescription=\"slide\" data-date=\"2025-11-14 09:03:58\" data-filename=\"zadielsky-kamen-800x250.jpg\" data-slide-type=\"image\"><a href=\"http:\/\/www.slovensky-kras.eu\/info\/kam-do-prirody\/zadielsky-kamen-601-m-n-m\/\" target=\"_self\" aria-label=\"View Slide Details\" class=\"metaslider_image_link\"><img loading=\"lazy\" decoding=\"async\" src=\"https:\/\/www.slovensky-kras.eu\/info\/wp-content\/uploads\/2025\/11\/zadielsky-kamen-800x250.jpg\" height=\"250\" width=\"800\" alt=\"Z\u00e1dielsky kame\u0148 (601 m n.m.)\" class=\"slider-7291 slide-28531 msDefaultImage\" title=\"Z\u00e1dielsky kame\u0148 (601 m n.m.) - fotograf:  Muro Miron Jesensky\" \/><\/a><div class=\"caption-wrap\"><div class=\"caption\"><div><strong><a href=\"http:\/\/www.slovensky-kras.eu\/info\/kam-do-prirody\/zadielsky-kamen-601-m-n-m\/\"><span style=\"color:#ffff00;\">Z\u00e1dielsk\u00fd kame\u0148 (601 m n.m.)<\/span><\/a><\/strong><\/div><\/div><\/div><\/li>\n            <\/ul>\n        <\/div>\n        \n    <\/div>\n<\/div> <div id=\"metaslider-id-15462\" style=\"max-width: 800px; margin: 0 auto;\" class=\"ml-slider-3-108-0 metaslider metaslider-flex metaslider-15462 ml-slider ms-theme-default nav-hidden nav-hidden nav-hidden nav-hidden nav-hidden nav-hidden nav-hidden nav-hidden nav-hidden nav-hidden nav-hidden nav-hidden nav-hidden\" role=\"region\" aria-label=\"Vyhliadka nad Hrhovom (742 m n.m.)\" data-height=\"250\" data-width=\"800\">\n    <div id=\"metaslider_container_15462\">\n        <div id=\"metaslider_15462\" class=\"flexslider\">\n            <ul class='slides'>\n                <li style=\"display: block; width: 100%;\" class=\"slide-29912 ms-image \" aria-roledescription=\"slide\" data-date=\"2026-04-05 07:16:17\" data-filename=\"Vyhliadka-nad-Hrhovom-jesen-800x250.jpeg\" data-slide-type=\"image\"><a href=\"http:\/\/www.slovensky-kras.eu\/info\/kam-do-prirody\/vyhliadka-nad-hrhovom\/\" target=\"_self\" aria-label=\"View Slide Details\" class=\"metaslider_image_link\"><img loading=\"lazy\" decoding=\"async\" src=\"https:\/\/www.slovensky-kras.eu\/info\/wp-content\/uploads\/2025\/11\/Vyhliadka-nad-Hrhovom-jesen-800x250.jpeg\" height=\"250\" width=\"800\" alt=\"Vyhliadka nad Hrhovom\" class=\"slider-15462 slide-29912 msDefaultImage\" title=\"Vyhliadka nad Hrhovom\" \/><\/a><div class=\"caption-wrap\"><div class=\"caption\"><div><strong><a href=\"http:\/\/www.slovensky-kras.eu\/info\/kam-do-prirody\/vyhliadka-nad-hrhovom\/\"><span style=\"color:#ffff00;\">Vyhliadka nad Hrhovom (742 m n.m.)<\/span><\/a><\/strong><\/div><\/div><\/div><\/li>\n            <\/ul>\n        <\/div>\n        \n    <\/div>\n<\/div>\u00a0<div id=\"metaslider-id-15534\" style=\"max-width: 800px; margin: 0 auto;\" class=\"ml-slider-3-108-0 metaslider metaslider-flex metaslider-15534 ml-slider ms-theme-default nav-hidden nav-hidden nav-hidden nav-hidden nav-hidden nav-hidden nav-hidden nav-hidden nav-hidden nav-hidden nav-hidden nav-hidden nav-hidden nav-hidden\" role=\"region\" aria-label=\"Orlia vyhliadka na Z\u00e1dielskej planine\" data-height=\"250\" data-width=\"800\">\n    <div id=\"metaslider_container_15534\">\n        <div id=\"metaslider_15534\" class=\"flexslider\">\n            <ul class='slides'>\n                <li style=\"display: block; width: 100%;\" class=\"slide-29909 ms-image \" aria-roledescription=\"slide\" data-date=\"2026-04-05 07:09:20\" data-filename=\"orlia-2-leto-800x250.jpeg\" data-slide-type=\"image\"><a href=\"http:\/\/www.slovensky-kras.eu\/info\/orlia-vyhliadka-na-zadielskej-planine\/\" target=\"_self\" aria-label=\"View Slide Details\" class=\"metaslider_image_link\"><img loading=\"lazy\" decoding=\"async\" src=\"https:\/\/www.slovensky-kras.eu\/info\/wp-content\/uploads\/2025\/11\/orlia-2-leto-800x250.jpeg\" height=\"250\" width=\"800\" alt=\"Orlia vyhliadka na Z\u00e1dielskej planine (695-735 m n.m.)\" class=\"slider-15534 slide-29909 msDefaultImage\" title=\"Orlia vyhliadka na Z\u00e1dielskej planine (695-735 m n.m.)\" \/><\/a><div class=\"caption-wrap\"><div class=\"caption\"><div><strong><a href=\"http:\/\/www.slovensky-kras.eu\/info\/orlia-vyhliadka-na-zadielskej-planine\/\"><span style=\"color:#ffff00;\">Orlia vyhliadka na Z\u00e1dielskej planine (695-735 m n.m.)<\/span><\/a><\/strong><\/div><\/div><\/div><\/li>\n            <\/ul>\n        <\/div>\n        \n    <\/div>\n<\/div>\n<div id=\"metaslider-id-19295\" style=\"max-width: 800px; margin: 0 auto;\" class=\"ml-slider-3-108-0 metaslider metaslider-flex metaslider-19295 ml-slider ms-theme-default nav-hidden nav-hidden nav-hidden nav-hidden nav-hidden nav-hidden nav-hidden nav-hidden nav-hidden nav-hidden nav-hidden nav-hidden nav-hidden nav-hidden nav-hidden\" role=\"region\" aria-label=\"Vrch H\u00f4rka (359 m n.m.)\" data-height=\"250\" data-width=\"800\">\n    <div id=\"metaslider_container_19295\">\n        <div id=\"metaslider_19295\" class=\"flexslider\">\n            <ul class='slides'>\n                <li style=\"display: block; width: 100%;\" class=\"slide-19296 ms-image \" aria-roledescription=\"slide\" data-date=\"2020-12-11 11:53:33\" data-filename=\"horka-krizom-krasom-800x250.jpg\" data-slide-type=\"image\"><a href=\"http:\/\/www.slovensky-kras.eu\/info\/kam-do-prirody\/vrch-horka-359-m-n-m\/\" target=\"_self\" aria-label=\"View Slide Details\" class=\"metaslider_image_link\"><img loading=\"lazy\" decoding=\"async\" src=\"https:\/\/www.slovensky-kras.eu\/info\/wp-content\/uploads\/2020\/12\/horka-krizom-krasom-800x250.jpg\" height=\"250\" width=\"800\" alt=\"\" class=\"slider-19295 slide-19296 msDefaultImage\" title=\"horka krizom krasom\" \/><\/a><div class=\"caption-wrap\"><div class=\"caption\"><b><a href=\"http:\/\/www.slovensky-kras.eu\/info\/kam-do-prirody\/vrch-horka-359-m-n-m\/\"><span style=\"color:#FFFF00;\">Vrch H\u00f4rka (359 m n.m.)<\/span><\/a><\/b><\/div><\/div><\/li>\n            <\/ul>\n        <\/div>\n        \n    <\/div>\n<\/div> <div id=\"metaslider-id-19331\" style=\"max-width: 800px; margin: 0 auto;\" class=\"ml-slider-3-108-0 metaslider metaslider-flex metaslider-19331 ml-slider ms-theme-default nav-hidden nav-hidden nav-hidden nav-hidden nav-hidden nav-hidden nav-hidden nav-hidden nav-hidden nav-hidden nav-hidden nav-hidden nav-hidden nav-hidden nav-hidden nav-hidden\" role=\"region\" aria-label=\"Vyhliadka Na skale (670 m n. m.)\" data-height=\"250\" data-width=\"800\">\n    <div id=\"metaslider_container_19331\">\n        <div id=\"metaslider_19331\" class=\"flexslider\">\n            <ul class='slides'>\n                <li style=\"display: block; width: 100%;\" class=\"slide-19332 ms-image \" aria-roledescription=\"slide\" data-date=\"2020-12-12 06:43:35\" data-filename=\"na-skale-800x250.jpg\" data-slide-type=\"image\"><a href=\"http:\/\/www.slovensky-kras.eu\/info\/kam-do-prirody\/vyhliadka-na-skale-670-m-n-m\/\" target=\"_self\" aria-label=\"View Slide Details\" class=\"metaslider_image_link\"><img loading=\"lazy\" decoding=\"async\" src=\"https:\/\/www.slovensky-kras.eu\/info\/wp-content\/uploads\/2020\/12\/na-skale-800x250.jpg\" height=\"250\" width=\"800\" alt=\"Vyhliadka Na skale\" class=\"slider-19331 slide-19332 msDefaultImage\" title=\"na skale\" \/><\/a><div class=\"caption-wrap\"><div class=\"caption\"><b><a href=\"http:\/\/www.slovensky-kras.eu\/info\/kam-do-prirody\/vyhliadka-na-skale-670-m-n-m\/\"><span style=\"color:#FFFF00;\">Vyhliadka Na skale (670 m n. m.)<\/span><\/a><\/b><\/div><\/div><\/li>\n            <\/ul>\n        <\/div>\n        \n    <\/div>\n<\/div> <div id=\"metaslider-id-20022\" style=\"max-width: 800px; margin: 0 auto;\" class=\"ml-slider-3-108-0 metaslider metaslider-flex metaslider-20022 ml-slider ms-theme-default nav-hidden nav-hidden nav-hidden nav-hidden nav-hidden nav-hidden nav-hidden nav-hidden nav-hidden nav-hidden nav-hidden nav-hidden nav-hidden nav-hidden nav-hidden nav-hidden nav-hidden\" role=\"region\" aria-label=\"Ostr\u00fd vr\u0161ok (775 m n.m.)\" data-height=\"250\" data-width=\"800\">\n    <div id=\"metaslider_container_20022\">\n        <div id=\"metaslider_20022\" class=\"flexslider\">\n            <ul class='slides'>\n                <li style=\"display: block; width: 100%;\" class=\"slide-20023 ms-image \" aria-roledescription=\"slide\" data-date=\"2021-03-16 06:53:02\" data-filename=\"ostry-vrsok-800x250.jpg\" data-slide-type=\"image\"><a href=\"http:\/\/www.slovensky-kras.eu\/info\/kam-do-prirody\/ostry-vrsok-775-m\/\" target=\"_self\" aria-label=\"View Slide Details\" class=\"metaslider_image_link\"><img loading=\"lazy\" decoding=\"async\" src=\"https:\/\/www.slovensky-kras.eu\/info\/wp-content\/uploads\/2021\/03\/ostry-vrsok-800x250.jpg\" height=\"250\" width=\"800\" alt=\"\" class=\"slider-20022 slide-20023 msDefaultImage\" title=\"Ostr\u00fd vr\u0161ok (775 m n.m.) a vojensk\u00e9 stanovisko z 2. svetovej vojny\" \/><\/a><div class=\"caption-wrap\"><div class=\"caption\"><b><a href=\"http:\/\/www.slovensky-kras.eu\/info\/kam-do-prirody\/ostry-vrsok-775-m\/\"><span style=\"color:#FFFF00;\">Ostr\u00fd vr\u0161ok (775 m n.m.) a vojensk\u00e9 stanovisko z 2. svetovej vojny <\/span><\/a><\/b><\/div><\/div><\/li>\n            <\/ul>\n        <\/div>\n        \n    <\/div>\n<\/div> <div id=\"metaslider-id-21014\" style=\"max-width: 800px; margin: 0 auto;\" class=\"ml-slider-3-108-0 metaslider metaslider-flex metaslider-21014 ml-slider ms-theme-default nav-hidden nav-hidden nav-hidden nav-hidden nav-hidden nav-hidden nav-hidden nav-hidden nav-hidden nav-hidden nav-hidden nav-hidden nav-hidden nav-hidden nav-hidden nav-hidden nav-hidden nav-hidden\" role=\"region\" aria-label=\"Hrhovsk\u00fd kame\u0148 \u2013 Hrhovsk\u00e9 bral\u00e1\" data-height=\"250\" data-width=\"800\">\n    <div id=\"metaslider_container_21014\">\n        <div id=\"metaslider_21014\" class=\"flexslider\">\n            <ul class='slides'>\n                <li style=\"display: block; width: 100%;\" class=\"slide-21015 ms-image \" aria-roledescription=\"slide\" data-date=\"2021-10-13 10:53:46\" data-filename=\"hrhovske-brala2-800x250.jpg\" data-slide-type=\"image\"><a href=\"https:\/\/www.slovensky-kras.eu\/info\/kam-do-prirody\/hrhovsky-kamen\/\" target=\"_self\" aria-label=\"View Slide Details\" class=\"metaslider_image_link\"><img loading=\"lazy\" decoding=\"async\" src=\"https:\/\/www.slovensky-kras.eu\/info\/wp-content\/uploads\/2021\/10\/hrhovske-brala2-800x250.jpg\" height=\"250\" width=\"800\" alt=\"Vyhliadka Hrhovsk\u00fd kame\u0148 - Hrhovsk\u00e9 bral\u00e1\" class=\"slider-21014 slide-21015 msDefaultImage\" title=\"Vyhliadka  Hrhovsk\u00fd kame\u0148 - Hrhovsk\u00e9 bral\u00e1\" \/><\/a><div class=\"caption-wrap\"><div class=\"caption\"><b><a href=\"https:\/\/www.slovensky-kras.eu\/info\/kam-do-prirody\/hrhovsky-kamen\/\"><span style=\"color:#FFFF00;\">Vyhliadka Hrhovsk\u00fd kame\u0148 \u2013 Hrhovsk\u00e9 bral\u00e1 <\/span><\/a><\/b><\/div><\/div><\/li>\n            <\/ul>\n        <\/div>\n        \n    <\/div>\n<\/div><div id=\"metaslider-id-25746\" style=\"max-width: 800px; margin: 0 auto;\" class=\"ml-slider-3-108-0 metaslider metaslider-flex metaslider-25746 ml-slider ms-theme-default nav-hidden nav-hidden nav-hidden nav-hidden nav-hidden nav-hidden nav-hidden nav-hidden nav-hidden nav-hidden nav-hidden nav-hidden nav-hidden nav-hidden nav-hidden nav-hidden nav-hidden nav-hidden nav-hidden\" role=\"region\" aria-label=\"\u0160ugovsk\u00e1 vyhliadka (685 m n.m.)\" data-height=\"250\" data-width=\"800\">\n    <div id=\"metaslider_container_25746\">\n        <div id=\"metaslider_25746\" class=\"flexslider\">\n            <ul class='slides'>\n                <li style=\"display: block; width: 100%;\" class=\"slide-25809 ms-image \" aria-roledescription=\"slide\" data-date=\"2023-10-08 07:37:48\" data-filename=\"sugovska-vyhlaidka6-800x250.jpg\" data-slide-type=\"image\"><a href=\"https:\/\/www.slovensky-kras.eu\/info\/kam-do-prirody\/sugovska-vyhliadka\/\" target=\"_self\" aria-label=\"View Slide Details\" class=\"metaslider_image_link\"><img loading=\"lazy\" decoding=\"async\" src=\"https:\/\/www.slovensky-kras.eu\/info\/wp-content\/uploads\/2023\/10\/sugovska-vyhlaidka6-800x250.jpg\" height=\"250\" width=\"800\" alt=\"\u0160ugovsk\u00e1 vyhliadka (685 m n.m.)\" class=\"slider-25746 slide-25809 msDefaultImage\" title=\"\u0160ugovsk\u00e1 vyhliadka (685 m n.m.)\" \/><\/a><div class=\"caption-wrap\"><div class=\"caption\"><b><a href=\"https:\/\/www.slovensky-kras.eu\/info\/kam-do-prirody\/sugovska-vyhliadka\/\"><span style=\"color:#FFFF00;\">\u0160ugovsk\u00e1 vyhliadka (685 m n.m.)<\/span><\/a><\/b><\/div><\/div><\/li>\n            <\/ul>\n        <\/div>\n        \n    <\/div>\n<\/div>\n<div class=\"su-divider su-divider-style-default\" style=\"margin:15px 0;border-width:3px;border-color:#000000\"><\/div>\n","protected":false},"excerpt":{"rendered":"<p>Menu: Podkateg\u00f3ria: \u00a0<\/p>\n","protected":false},"author":1,"featured_media":0,"parent":13,"menu_order":0,"comment_status":"closed","ping_status":"closed","template":"","meta":{"_uag_custom_page_level_css":"","footnotes":""},"class_list":["post-8982","page","type-page","status-publish","hentry"],"featured_image_src":"","featured_image_src_square":false,"rbea_author_info":{"display_name":"admin","author_link":"https:\/\/www.slovensky-kras.eu\/info\/author\/admin\/"},"rbea_excerpt_info":"Menu: Podkateg\u00f3ria: \u00a0","uagb_featured_image_src":{"full":false,"thumbnail":false,"medium":false,"medium_large":false,"large":false,"1536x1536":false,"2048x2048":false},"uagb_author_info":{"display_name":"admin","author_link":"https:\/\/www.slovensky-kras.eu\/info\/author\/admin\/"},"uagb_comment_info":0,"uagb_excerpt":"Menu: Podkateg\u00f3ria: \u00a0","_links":{"self":[{"href":"https:\/\/www.slovensky-kras.eu\/info\/wp-json\/wp\/v2\/pages\/8982","targetHints":{"allow":["GET"]}}],"collection":[{"href":"https:\/\/www.slovensky-kras.eu\/info\/wp-json\/wp\/v2\/pages"}],"about":[{"href":"https:\/\/www.slovensky-kras.eu\/info\/wp-json\/wp\/v2\/types\/page"}],"author":[{"embeddable":true,"href":"https:\/\/www.slovensky-kras.eu\/info\/wp-json\/wp\/v2\/users\/1"}],"replies":[{"embeddable":true,"href":"https:\/\/www.slovensky-kras.eu\/info\/wp-json\/wp\/v2\/comments?post=8982"}],"version-history":[{"count":9,"href":"https:\/\/www.slovensky-kras.eu\/info\/wp-json\/wp\/v2\/pages\/8982\/revisions"}],"predecessor-version":[{"id":28536,"href":"https:\/\/www.slovensky-kras.eu\/info\/wp-json\/wp\/v2\/pages\/8982\/revisions\/28536"}],"up":[{"embeddable":true,"href":"https:\/\/www.slovensky-kras.eu\/info\/wp-json\/wp\/v2\/pages\/13"}],"wp:attachment":[{"href":"https:\/\/www.slovensky-kras.eu\/info\/wp-json\/wp\/v2\/media?parent=8982"}],"curies":[{"name":"wp","href":"https:\/\/api.w.org\/{rel}","templated":true}]}}