{"id":853,"date":"2013-07-07T10:55:21","date_gmt":"2013-07-07T08:55:21","guid":{"rendered":"http:\/\/www.slovensky-kras.eu\/info\/?page_id=853"},"modified":"2025-11-24T11:56:44","modified_gmt":"2025-11-24T10:56:44","slug":"remeselnicky-dom-v-krasnohorskej-dlhej-luke","status":"publish","type":"page","link":"https:\/\/www.slovensky-kras.eu\/info\/zaujimavosti\/remeselnicky-dom-v-krasnohorskej-dlhej-luke\/","title":{"rendered":"Remeseln\u00edcky dom v Kr\u00e1snohorskej Dlhej L\u00fake"},"content":{"rendered":"<p><strong>Menu: <\/strong><a href=\"http:\/\/www.slovensky-kras.eu\/info\/\" class=\"su-button su-button-style-default\" style=\"color:#000000;background-color:#FFCF2F;border-color:#cca626;border-radius:5px\" target=\"_self\"><span style=\"color:#000000;padding:6px 16px;font-size:13px;line-height:20px;border-color:#ffde6e;border-radius:5px;text-shadow:none\"><i class=\"sui sui-arrow-right\" style=\"font-size:13px;color:#000000\"><\/i>  \u00davod \/ Aktuality <\/span><\/a>\n<a href=\"http:\/\/www.slovensky-kras.eu\/info\/zaujimavosti\/\" class=\"su-button su-button-style-default\" style=\"color:#000000;background-color:#FFCF2F;border-color:#cca626;border-radius:5px\" target=\"_self\"><span style=\"color:#000000;padding:6px 16px;font-size:13px;line-height:20px;border-color:#ffde6e;border-radius:5px;text-shadow:none\"><i class=\"sui sui-arrow-right\" style=\"font-size:13px;color:#000000\"><\/i>  Zauj\u00edmavosti <\/span><\/a>\n<div class=\"su-divider su-divider-style-default\" style=\"margin:15px 0;border-width:2px;border-color:#000000\"><\/div>\n<figure id=\"attachment_19671\" aria-describedby=\"caption-attachment-19671\" style=\"width: 800px\" class=\"wp-caption aligncenter\"><a href=\"http:\/\/www.slovensky-kras.eu\/info\/wp-content\/uploads\/2021\/01\/remesel111.jpg\"><img loading=\"lazy\" decoding=\"async\" class=\"wp-image-19671 size-full\" src=\"https:\/\/www.slovensky-kras.eu\/info\/wp-content\/uploads\/2021\/01\/remesel111.jpg\" alt=\"Remeseln\u00edcky dom\" width=\"800\" height=\"533\" srcset=\"https:\/\/www.slovensky-kras.eu\/info\/wp-content\/uploads\/2021\/01\/remesel111.jpg 800w, https:\/\/www.slovensky-kras.eu\/info\/wp-content\/uploads\/2021\/01\/remesel111-768x512.jpg 768w\" sizes=\"auto, (max-width: 800px) 100vw, 800px\" \/><\/a><figcaption id=\"caption-attachment-19671\" class=\"wp-caption-text\">Remeseln\u00edcky dom<\/figcaption><\/figure>\n<div class=\"su-divider su-divider-style-default\" style=\"margin:15px 0;border-width:2px;border-color:#000000\"><\/div>\n<h2 dir=\"auto\"><span style=\"color: #800000;\">\u010co je <strong>Remeseln\u00edcky dom v Kr\u00e1snohorskej Dlhej L\u00fake<\/strong> a pre\u010do by ste ho mali nav\u0161t\u00edvi\u0165?<\/span><\/h2>\n<p dir=\"auto\"><strong>Remeseln\u00edcky dom v Kr\u00e1snohorskej Dlhej L\u00fake<\/strong> je \u017eiv\u00e9 centrum, kde sa <strong>prezentuj\u00fa a o\u017eivuj\u00fa tradi\u010dn\u00e9 \u013eudov\u00e9 remesl\u00e1 z regi\u00f3nu Gemer<\/strong>. Pr\u00e1ve tu m\u00f4\u017eete za\u017ei\u0165 uk\u00e1\u017eky <strong>ko\u0161ik\u00e1rstva<\/strong>, <strong>tkania na krosn\u00e1ch<\/strong>, <strong>v\u00fdroby papiera<\/strong>, <strong>hrn\u010diarstva<\/strong> aj prav\u00e9 <strong>pe\u010denie chleba<\/strong> v historickej peci \u2013 autentick\u00fd k\u00fasok \u017eij\u00faceho <strong>Gemera<\/strong> na dosah ruky.<\/p>\n<h2 dir=\"auto\"><span style=\"color: #800000;\">Kde presne sa <strong>Remeseln\u00edcky dom <\/strong>nach\u00e1dza a ak\u00fa hist\u00f3riu m\u00e1 obec?<\/span><\/h2>\n<p dir=\"auto\"><strong>Remeseln\u00edcky dom<\/strong> stoj\u00ed v are\u00e1li p\u00f4vodn\u00e9ho klasicistick\u00e9ho <strong>ka\u0161tie\u013ea Andr\u00e1ssyovcov z 19. storo\u010dia<\/strong> v Kr\u00e1snohorskej Dlhej L\u00fake. Obec je bohat\u00e1 na hist\u00f3riu a trad\u00edcie, le\u017e\u00ed bl\u00edzko <strong>Kr\u00e1snohorskej jaskyne<\/strong> a \u010fal\u0161\u00edch kult\u00farnych i pr\u00edrodn\u00fdch pamiatok. Pr\u00e1ve tu sa historick\u00e9 dedi\u010dstvo sp\u00e1ja s modern\u00fdm <strong>remeseln\u00edckym centrom<\/strong>.<\/p>\n<h3><span style=\"color: #808000;\">Ka\u0161tie\u013e v Kr\u00e1snohorskej Dlhej L\u00fake<\/span><\/h3>\n<p>Ka\u0161tie\u013e v Kr\u00e1snohorskej Dlhej L\u00fake vznikol na mieste star\u0161ieho mal\u00e9ho ka\u0161tie\u013ea, ktor\u00fd pravdepodobne postavili u\u017e za\u010diatkom 18. storo\u010dia. Nov\u00fd klasicistick\u00fd ka\u0161tie\u013e v tvare U dal postavi\u0165 gr\u00f3f <strong>Juraj IV. Andr\u00e1\u0161i<\/strong> (ma\u010f. Count Gy\u00f6rgy Andr\u00e1ssy de Cs\u00edkszentkir\u00e1ly et Krasznahorka *1797 \u2013 \u20201872) z mlad\u0161ej dlhol\u00fackej vetvy sl\u00e1vneho rodu Andr\u00e1\u0161iovcov (Andr\u00e1ssyovcov).<\/p>\n<ul>\n<li><a href=\"https:\/\/www.slovensky-kras.eu\/info\/kam-za-pamiatkami\/kastiel-andrassyovcov-v-krasnohorskej-dlhej-luke\/\" target=\"_blank\" rel=\"noopener\">Ka\u0161tie\u013e v Kr\u00e1snohorskej Dlhej L\u00fake (\u010d\u00edtaj viac &#8230;)<\/a><\/li>\n<\/ul>\n<h2 dir=\"auto\"><span style=\"color: #800000;\">Kto stoj\u00ed za vznikom a rozvojom tohto miesta?<\/span><\/h2>\n<p dir=\"auto\">Za projektom stoj\u00ed Zdru\u017eenie gemersk\u00fdch remeseln\u00edkov, zalo\u017een\u00e9 v roku 2002, ktor\u00e9 dnes zdru\u017euje viac ako 50 remeseln\u00edkov z cel\u00e9ho <strong>Gemera<\/strong>. Ich cie\u013eom je rozv\u00edja\u0165 a zachova\u0165 <strong>tradi\u010dn\u00e9 gemersk\u00e9 remesl\u00e1<\/strong> v \u013eudovoumeleckej \u010distote, vyu\u010dova\u0165 ich \u010fal\u0161\u00edm gener\u00e1ci\u00e1m, prezentova\u0165 v\u00fdrobky a podporova\u0165 komunitn\u00fd \u017eivot.<\/p>\n<h2 dir=\"auto\"><span style=\"color: #800000;\">Ako prebiehala rekon\u0161trukcia a roz\u0161\u00edrenie <strong>Remeseln\u00edckeho domu<\/strong>?<\/span><\/h2>\n<p dir=\"auto\">P\u00f4vodn\u00fd <strong>sedliacky dom<\/strong> bol kompletne zrekon\u0161truovan\u00fd a v roku 2014 roz\u0161\u00edren\u00fd o dvor a podkrovie. Vznikol tak plnohodnotn\u00fd <strong>Remeseln\u00edcky dom v Kr\u00e1snohorskej Dlhej L\u00fake<\/strong> \u2013 miesto nielen pre uk\u00e1\u017eky remesiel, ale aj pre <strong>tvoriv\u00e9 dielne<\/strong>, workshopy a komunitn\u00e9 podujatia.<\/p>\n<h2 dir=\"auto\"><span style=\"color: #800000;\">Ak\u00e9 remesl\u00e1 a z\u00e1\u017eitky tu m\u00f4\u017eete za\u017ei\u0165 na vlastnej ko\u017ei?<\/span><\/h2>\n<p dir=\"auto\">N\u00e1v\u0161tevn\u00edci si vychutnaj\u00fa \u017eiv\u00e9 uk\u00e1\u017eky <strong>ko\u0161ik\u00e1rstva<\/strong>, <strong>tkania na tradi\u010dn\u00fdch krosn\u00e1ch<\/strong>, <strong>v\u00fdroby papiera<\/strong> a <strong>hrn\u010diarskej pr\u00e1ce<\/strong> s mo\u017enos\u0165ou k\u00fapy origin\u00e1lnych <strong>suven\u00edrov<\/strong>. V j\u00fali a auguste sa raz t\u00fd\u017edenne pe\u010die vo\u0148av\u00fd chlieb v tradi\u010dnej vonkaj\u0161ej peci. Pre deti a ml\u00e1de\u017e organizujeme ob\u013e\u00faben\u00e9 letn\u00e9 t\u00e1bory, najm\u00e4 <strong>Remeseln\u00edcky t\u00e1bor pre deti<\/strong>.<\/p>\n<h2 dir=\"auto\"><span style=\"color: #800000;\">Ktor\u00e9 podujatie je absol\u00fatnym vrcholom roka?<\/span><\/h2>\n<p dir=\"auto\"><strong>Gemersk\u00fd remeseln\u00edcky jarmok<\/strong> s vy\u0161e 100 remeseln\u00edkmi a staro\u017eitn\u00edkmi, bohatou gastron\u00f3miou a s\u00fa\u0165a\u017eou vo varen\u00ed \u2013 najv\u00e4\u010d\u0161\u00ed festival tradi\u010dn\u00fdch remesiel a chut\u00ed v regi\u00f3ne.<\/p>\n<h2 dir=\"auto\"><span style=\"color: #800000;\">Pre\u010do by ste mali pr\u00eds\u0165 pr\u00e1ve sem?<\/span><\/h2>\n<p dir=\"auto\"><strong>Remeseln\u00edcky dom v Kr\u00e1snohorskej Dlhej L\u00fake<\/strong> v\u00e1m umo\u017en\u00ed akt\u00edvne sa ponori\u0165 do <strong>tradi\u010dnej kult\u00fary a zru\u010dnost\u00ed \u013eudov\u00e9ho Gemera<\/strong>, vysk\u00fa\u0161a\u0165 si remesl\u00e1, odnies\u0165 si origin\u00e1lne suven\u00edry a za\u017ei\u0165 prav\u00fa gemersk\u00fa pohostinnos\u0165.<\/p>\n<h3><span style=\"color: #808000;\">Kontakt:<\/span><\/h3>\n<p><strong>Zdru\u017eenie gemersk\u00fdch remeseln\u00edkov<\/strong><br \/>\nKr\u00e1snohorsk\u00e1 Dlh\u00e1 L\u00faka 261,<br \/>\n049 45 Kr\u00e1snohorsk\u00e1 Dlh\u00e1 L\u00faka<br \/>\n<strong>telef\u00f3n:<\/strong> 058\/7331158, 0907 234 314<br \/>\n<strong>email:<\/strong> <a href=\"mailto:gremeselnici@gmail.com\" target=\"_blank\" rel=\"noopener noreferrer\">gremeselnici@gmail.com<\/a><br \/>\n<strong>Web: <\/strong><a href=\"http:\/\/www.gomorikezmuvesek.sk\/\" target=\"_blank\" rel=\"noopener\">http:\/\/www.gomorikezmuvesek.sk\/<\/a><\/p>\n<h2><span style=\"color: #800000;\">Fotogal\u00e9ria<\/span><\/h2>\n<style type=\"text\/css\">\n#foogallery-gallery-28973 .fg-image { width: 200px; }<\/style>\n\t\t\t<div class=\"foogallery foogallery-container foogallery-carousel foogallery-lightbox-foogallery fg-carousel fg-ready fg-light fg-border-medium fg-round-small fg-shadow-medium fg-loading-default fg-loaded-fade-in fg-hover-semi-zoomed fg-hover-fade fg-hover-circle-plus2\" id=\"foogallery-gallery-28973\" data-foogallery=\"{&quot;item&quot;:{&quot;showCaptionTitle&quot;:true,&quot;showCaptionDescription&quot;:true},&quot;lazy&quot;:true,&quot;template&quot;:{&quot;maxItems&quot;:5,&quot;scale&quot;:0.11999999999999999555910790149937383830547332763671875,&quot;gutter&quot;:{&quot;min&quot;:-40,&quot;max&quot;:-20,&quot;unit&quot;:&quot;%&quot;},&quot;autoplay&quot;:{&quot;time&quot;:0,&quot;interaction&quot;:&quot;pause&quot;},&quot;centerOnClick&quot;:true,&quot;align&quot;:&quot;center&quot;,&quot;activePosition&quot;:&quot;center&quot;}}\" data-foogallery-lightbox=\"{&quot;thumbs&quot;:&quot;bottom&quot;,&quot;thumbsCaptions&quot;:false,&quot;thumbsBestFit&quot;:false,&quot;thumbsSmall&quot;:false,&quot;thumbsCaptionsAlign&quot;:&quot;default&quot;,&quot;info&quot;:&quot;bottom&quot;,&quot;infoVisible&quot;:true,&quot;infoOverlay&quot;:true,&quot;infoAlign&quot;:&quot;default&quot;,&quot;transition&quot;:&quot;fade&quot;,&quot;hoverButtons&quot;:false,&quot;fitMedia&quot;:false,&quot;noScrollbars&quot;:true,&quot;preserveButtonSpace&quot;:true,&quot;buttons&quot;:{&quot;fullscreen&quot;:true,&quot;info&quot;:true,&quot;thumbs&quot;:false},&quot;video&quot;:{&quot;autoPlay&quot;:true}}\" style=\"--fg-title-line-clamp: 1; --fg-description-line-clamp: 2;\" >\n\t<button type=\"button\" class=\"fg-carousel-prev\" title=\"Previous\"><\/button>\n\t<div class=\"fg-carousel-inner\">\n\t\t<div class=\"fg-carousel-center\"><\/div>\n\t\t<div class=\"fg-item fg-type-image fg-idle\"><figure class=\"fg-item-inner\"><a href=\"https:\/\/www.slovensky-kras.eu\/info\/wp-content\/uploads\/2021\/01\/remesel111.jpg\" data-caption-title=\"Ka\u0161tie\u013e v Kr\u00e1snohorskej Dlhej L\u00fake\" data-caption-desc=\"Remeseln\u00edcky dom\" data-attachment-id=\"19671\" data-type=\"image\" class=\"fg-thumb\"><span class=\"fg-image-wrap\"><img decoding=\"async\" alt=\"Remeseln\u00edcky dom v Kr\u00e1snohorskej Dlhej L\u00fake\" title=\"Ka\u0161tie\u013e v Kr\u00e1snohorskej Dlhej L\u00fake\" width=\"200\" height=\"200\" class=\"skip-lazy fg-image\" data-src-fg=\"https:\/\/www.slovensky-kras.eu\/info\/wp-content\/uploads\/cache\/2021\/01\/remesel111\/463822705.jpg\" src=\"data:image\/svg+xml,%3Csvg%20xmlns%3D%22http%3A%2F%2Fwww.w3.org%2F2000%2Fsvg%22%20width%3D%22200%22%20height%3D%22200%22%20viewBox%3D%220%200%20200%20200%22%3E%3C%2Fsvg%3E\" loading=\"eager\"><\/span><span class=\"fg-image-overlay\"><\/span><\/a><figcaption class=\"fg-caption\"><div class=\"fg-caption-inner\"><div class=\"fg-caption-title\">Ka\u0161tie\u013e v Kr\u00e1snohorskej Dlhej L\u00fake<\/div><div class=\"fg-caption-desc\">Remeseln\u00edcky dom<\/div><\/div><\/figcaption><\/figure><div class=\"fg-loader\"><\/div><\/div><div class=\"fg-item fg-type-image fg-idle\"><figure class=\"fg-item-inner\"><a href=\"https:\/\/www.slovensky-kras.eu\/info\/wp-content\/uploads\/2021\/12\/remeselnici3.jpg\" data-attachment-id=\"21878\" data-type=\"image\" class=\"fg-thumb\"><span class=\"fg-image-wrap\"><img decoding=\"async\" width=\"200\" height=\"200\" class=\"skip-lazy fg-image\" data-src-fg=\"https:\/\/www.slovensky-kras.eu\/info\/wp-content\/uploads\/cache\/2021\/12\/remeselnici3\/352990497.jpg\" src=\"data:image\/svg+xml,%3Csvg%20xmlns%3D%22http%3A%2F%2Fwww.w3.org%2F2000%2Fsvg%22%20width%3D%22200%22%20height%3D%22200%22%20viewBox%3D%220%200%20200%20200%22%3E%3C%2Fsvg%3E\" loading=\"eager\"><\/span><span class=\"fg-image-overlay\"><\/span><\/a><\/figure><div class=\"fg-loader\"><\/div><\/div><div class=\"fg-item fg-type-image fg-idle\"><figure class=\"fg-item-inner\"><a href=\"https:\/\/www.slovensky-kras.eu\/info\/wp-content\/uploads\/2021\/12\/remeselnici1.jpg\" data-attachment-id=\"21877\" data-type=\"image\" class=\"fg-thumb\"><span class=\"fg-image-wrap\"><img decoding=\"async\" width=\"200\" height=\"200\" class=\"skip-lazy fg-image\" data-src-fg=\"https:\/\/www.slovensky-kras.eu\/info\/wp-content\/uploads\/cache\/2021\/12\/remeselnici1\/1440178711.jpg\" src=\"data:image\/svg+xml,%3Csvg%20xmlns%3D%22http%3A%2F%2Fwww.w3.org%2F2000%2Fsvg%22%20width%3D%22200%22%20height%3D%22200%22%20viewBox%3D%220%200%20200%20200%22%3E%3C%2Fsvg%3E\" loading=\"eager\"><\/span><span class=\"fg-image-overlay\"><\/span><\/a><\/figure><div class=\"fg-loader\"><\/div><\/div><div class=\"fg-item fg-type-image fg-idle\"><figure class=\"fg-item-inner\"><a href=\"https:\/\/www.slovensky-kras.eu\/info\/wp-content\/uploads\/2025\/11\/remeselnicky-dom.jpg\" data-attachment-id=\"28975\" data-type=\"image\" class=\"fg-thumb\"><span class=\"fg-image-wrap\"><img decoding=\"async\" width=\"200\" height=\"200\" class=\"skip-lazy fg-image\" data-src-fg=\"https:\/\/www.slovensky-kras.eu\/info\/wp-content\/uploads\/cache\/2025\/11\/remeselnicky-dom\/1654240036.jpg\" src=\"data:image\/svg+xml,%3Csvg%20xmlns%3D%22http%3A%2F%2Fwww.w3.org%2F2000%2Fsvg%22%20width%3D%22200%22%20height%3D%22200%22%20viewBox%3D%220%200%20200%20200%22%3E%3C%2Fsvg%3E\" loading=\"eager\"><\/span><span class=\"fg-image-overlay\"><\/span><\/a><\/figure><div class=\"fg-loader\"><\/div><\/div>\t<\/div>\n\t<div class=\"fg-carousel-bottom\"><\/div>\n\t<div class=\"fg-carousel-progress\"><\/div>\n\t<button type=\"button\" class=\"fg-carousel-next\" title=\"Next\"><\/button>\n<\/div>\n<h3><span style=\"color: #808000;\">Bl\u00edzke stredisko, turistick\u00e9 centrum, obec alebo mesto:<\/span><\/h3>\n<ul>\n<li><a href=\"http:\/\/www.slovensky-kras.eu\/info\/strediska-a-centra\/obec-krasnohorska-dlha-luka\/\">Obec Kr\u00e1snohorsk\u00e1 Dlh\u00e1 L\u00faka (\u010d\u00edtaj viac&#8230;)<\/a><\/li>\n<\/ul>\n<h2><span style=\"color: #800000;\">Mapy<\/span><\/h2>\n<p><strong>Vrstvy: <\/strong>Turistick\u00e1 mapa, Automapa, Cyklomapa, Ly\u017eiarska mapa, Satelitn\u00e1 mapa a OpenStreetMap.<\/p>\n<p><strong>Kliknut\u00edm na logo &#8222;Freemap.sk&#8220; sa V\u00e1m mapa zobraz\u00ed na celej ploche obrazovky.<\/strong><\/p>\n<p><iframe style=\"width: 900px; height: 600px; border: 0;\" src=\"https:\/\/www.freemap.sk\/?map=14\/48.624087\/20.577607&amp;info-point=48.624087\/20.577607,Obec Obec Krasnohorsk\u00e1 Dlh\u00e1 L\u00faka&amp;layers=X&amp;embed=search\" allowfullscreen=\"allowfullscreen\"><span data-mce-type=\"bookmark\" style=\"display: inline-block; width: 0px; overflow: hidden; line-height: 0;\" class=\"mce_SELRES_start\">\ufeff<\/span><\/iframe><\/p>\n<h2><span style=\"color: #808000;\"><span style=\"color: #800000;\">Po\u010dasie<\/span><strong><br \/>\n<\/strong><\/span><br \/>\n<iframe style=\"width: 900px; height: 610px;\" src=\"https:\/\/www.meteoblue.com\/sk\/po%C4%8Dasie\/widget\/three\/kr%c3%a1snohorsk%c3%a1-dlh%c3%a1-l%c3%baka_slovensk%c3%a1-republika_724408?geoloc=fixed&amp;nocurrent=0&amp;noforecast=0&amp;days=6&amp;tempunit=CELSIUS&amp;windunit=KILOMETER_PER_HOUR&amp;layout=image\" frameborder=\"0\" scrolling=\"NO\" sandbox=\"allow-same-origin allow-scripts allow-popups allow-popups-to-escape-sandbox\"><\/iframe><\/h2>\n<div><!-- DO NOT REMOVE THIS LINK --><a href=\"https:\/\/www.meteoblue.com\/sk\/po%C4%8Dasie\/predpove%C4%8F\/t%C3%BD%C5%BEde%C5%88\/kr%c3%a1snohorsk%c3%a1-dlh%c3%a1-l%c3%baka_slovensk%c3%a1-republika_724408?utm_source=weather_widget&amp;utm_medium=linkus&amp;utm_content=three&amp;utm_campaign=Weather%2BWidget\" target=\"_blank\" rel=\"noopener noreferrer\">meteoblue<\/a><\/div>\n<p>&nbsp;<\/p>\n","protected":false},"excerpt":{"rendered":"<p>Menu: \u010co je Remeseln\u00edcky dom v Kr\u00e1snohorskej Dlhej L\u00fake a pre\u010do by ste ho mali nav\u0161t\u00edvi\u0165? Remeseln\u00edcky dom v Kr\u00e1snohorskej Dlhej L\u00fake je \u017eiv\u00e9 centrum, kde sa prezentuj\u00fa a o\u017eivuj\u00fa [&hellip;]<\/p>\n","protected":false},"author":1,"featured_media":19671,"parent":19,"menu_order":0,"comment_status":"closed","ping_status":"open","template":"","meta":{"_uag_custom_page_level_css":"","footnotes":""},"class_list":["post-853","page","type-page","status-publish","has-post-thumbnail","hentry"],"featured_image_src":"https:\/\/www.slovensky-kras.eu\/info\/wp-content\/uploads\/2021\/01\/remesel111.jpg","featured_image_src_square":"https:\/\/www.slovensky-kras.eu\/info\/wp-content\/uploads\/2021\/01\/remesel111.jpg","rbea_author_info":{"display_name":"admin","author_link":"https:\/\/www.slovensky-kras.eu\/info\/author\/admin\/"},"rbea_excerpt_info":"Menu: \u010co je Remeseln\u00edcky dom v Kr\u00e1snohorskej Dlhej L\u00fake a pre\u010do by ste ho mali nav\u0161t\u00edvi\u0165? Remeseln\u00edcky dom v Kr\u00e1snohorskej Dlhej L\u00fake je \u017eiv\u00e9 centrum, kde sa prezentuj\u00fa a o\u017eivuj\u00fa [&hellip;]","uagb_featured_image_src":{"full":["https:\/\/www.slovensky-kras.eu\/info\/wp-content\/uploads\/2021\/01\/remesel111.jpg",800,533,false],"thumbnail":["https:\/\/www.slovensky-kras.eu\/info\/wp-content\/uploads\/2021\/01\/remesel111-150x150.jpg",150,150,true],"medium":["https:\/\/www.slovensky-kras.eu\/info\/wp-content\/uploads\/2021\/01\/remesel111.jpg",800,533,false],"medium_large":["https:\/\/www.slovensky-kras.eu\/info\/wp-content\/uploads\/2021\/01\/remesel111-768x512.jpg",768,512,true],"large":["https:\/\/www.slovensky-kras.eu\/info\/wp-content\/uploads\/2021\/01\/remesel111.jpg",800,533,false],"1536x1536":["https:\/\/www.slovensky-kras.eu\/info\/wp-content\/uploads\/2021\/01\/remesel111.jpg",800,533,false],"2048x2048":["https:\/\/www.slovensky-kras.eu\/info\/wp-content\/uploads\/2021\/01\/remesel111.jpg",800,533,false]},"uagb_author_info":{"display_name":"admin","author_link":"https:\/\/www.slovensky-kras.eu\/info\/author\/admin\/"},"uagb_comment_info":0,"uagb_excerpt":"Menu: \u010co je Remeseln\u00edcky dom v Kr\u00e1snohorskej Dlhej L\u00fake a pre\u010do by ste ho mali nav\u0161t\u00edvi\u0165? Remeseln\u00edcky dom v Kr\u00e1snohorskej Dlhej L\u00fake je \u017eiv\u00e9 centrum, kde sa prezentuj\u00fa a o\u017eivuj\u00fa [&hellip;]","_links":{"self":[{"href":"https:\/\/www.slovensky-kras.eu\/info\/wp-json\/wp\/v2\/pages\/853","targetHints":{"allow":["GET"]}}],"collection":[{"href":"https:\/\/www.slovensky-kras.eu\/info\/wp-json\/wp\/v2\/pages"}],"about":[{"href":"https:\/\/www.slovensky-kras.eu\/info\/wp-json\/wp\/v2\/types\/page"}],"author":[{"embeddable":true,"href":"https:\/\/www.slovensky-kras.eu\/info\/wp-json\/wp\/v2\/users\/1"}],"replies":[{"embeddable":true,"href":"https:\/\/www.slovensky-kras.eu\/info\/wp-json\/wp\/v2\/comments?post=853"}],"version-history":[{"count":7,"href":"https:\/\/www.slovensky-kras.eu\/info\/wp-json\/wp\/v2\/pages\/853\/revisions"}],"predecessor-version":[{"id":28977,"href":"https:\/\/www.slovensky-kras.eu\/info\/wp-json\/wp\/v2\/pages\/853\/revisions\/28977"}],"up":[{"embeddable":true,"href":"https:\/\/www.slovensky-kras.eu\/info\/wp-json\/wp\/v2\/pages\/19"}],"wp:featuredmedia":[{"embeddable":true,"href":"https:\/\/www.slovensky-kras.eu\/info\/wp-json\/wp\/v2\/media\/19671"}],"wp:attachment":[{"href":"https:\/\/www.slovensky-kras.eu\/info\/wp-json\/wp\/v2\/media?parent=853"}],"curies":[{"name":"wp","href":"https:\/\/api.w.org\/{rel}","templated":true}]}}