{"id":841,"date":"2013-07-07T10:33:30","date_gmt":"2013-07-07T08:33:30","guid":{"rendered":"http:\/\/www.slovensky-kras.eu\/info\/?page_id=841"},"modified":"2026-04-14T14:43:31","modified_gmt":"2026-04-14T12:43:31","slug":"naucny-chodnik-prielom-murana","status":"publish","type":"page","link":"https:\/\/www.slovensky-kras.eu\/info\/aktivity-a-sport\/naucny-chodnik-prielom-murana\/","title":{"rendered":"N\u00e1u\u010dn\u00fd chodn\u00edk a pr\u00edrodn\u00e1 pamiatka Prielom Mur\u00e1\u0148a"},"content":{"rendered":"<p><strong>Menu: <\/strong> <a href=\"http:\/\/www.slovensky-kras.eu\/info\/\" class=\"su-button su-button-style-default\" style=\"color:#000000;background-color:#FFCF2F;border-color:#cca626;border-radius:5px\" target=\"_self\"><span style=\"color:#000000;padding:6px 16px;font-size:13px;line-height:20px;border-color:#ffde6e;border-radius:5px;text-shadow:none\"><i class=\"sui sui-arrow-right\" style=\"font-size:13px;color:#000000\"><\/i>  \u00davod \/ Aktuality <\/span><\/a>\n<a href=\"http:\/\/www.slovensky-kras.eu\/info\/kam-do-prirody\/\" class=\"su-button su-button-style-default\" style=\"color:#000000;background-color:#FFCF2F;border-color:#cca626;border-radius:5px\" target=\"_self\"><span style=\"color:#000000;padding:6px 16px;font-size:13px;line-height:20px;border-color:#ffde6e;border-radius:5px;text-shadow:none\"><i class=\"sui sui-arrow-right\" style=\"font-size:13px;color:#000000\"><\/i>  Kam do pr\u00edrody <\/span><\/a>\n<p><strong>Podkateg\u00f3ria: <\/strong> <a href=\"http:\/\/www.slovensky-kras.eu\/info\/kam-do-prirody\/ostane-prirodne-zaujimavosti\/\" class=\"su-button su-button-style-default\" style=\"color:#000000;background-color:#C5ED2C;border-color:#9ebe24;border-radius:5px\" target=\"_self\"><span style=\"color:#000000;padding:6px 16px;font-size:13px;line-height:20px;border-color:#d7f36c;border-radius:5px;text-shadow:none\"><i class=\"sui sui-arrow-right\" style=\"font-size:13px;color:#000000\"><\/i>  Ostan\u00e9 pr\u00edrodn\u00e9 zauj\u00edmavosti <\/span><\/a>\n<div class=\"su-divider su-divider-style-default\" style=\"margin:15px 0;border-width:2px;border-color:#000000\"><\/div>\n<strong>Menu: <\/strong><a href=\"http:\/\/www.slovensky-kras.eu\/info\/\" class=\"su-button su-button-style-default\" style=\"color:#000000;background-color:#FFCF2F;border-color:#cca626;border-radius:5px\" target=\"_self\"><span style=\"color:#000000;padding:6px 16px;font-size:13px;line-height:20px;border-color:#ffde6e;border-radius:5px;text-shadow:none\"><i class=\"sui sui-arrow-right\" style=\"font-size:13px;color:#000000\"><\/i>  \u00davod \/ Aktuality <\/span><\/a>\n<a href=\"http:\/\/www.slovensky-kras.eu\/info\/aktivity-a-sport\/\" class=\"su-button su-button-style-default\" style=\"color:#000000;background-color:#FFCF2F;border-color:#cca626;border-radius:5px\" target=\"_self\"><span style=\"color:#000000;padding:6px 16px;font-size:13px;line-height:20px;border-color:#ffde6e;border-radius:5px;text-shadow:none\"><i class=\"sui sui-arrow-right\" style=\"font-size:13px;color:#000000\"><\/i>  Aktivity a \u0161port <\/span><\/a>\n<div class=\"su-divider su-divider-style-default\" style=\"margin:15px 0;border-width:3px;border-color:#000000\"><\/div>\n<strong>N\u00e1u\u010dn\u00e9 chodn\u00edky<\/strong><br \/>\n<div class=\"su-divider su-divider-style-default\" style=\"margin:15px 0;border-width:3px;border-color:#000000\"><\/div>\n<figure id=\"attachment_30136\" aria-describedby=\"caption-attachment-30136\" style=\"width: 900px\" class=\"wp-caption aligncenter\"><a href=\"https:\/\/www.slovensky-kras.eu\/info\/wp-content\/uploads\/2026\/04\/hutianska-jaskyna-2.jpeg\"><img loading=\"lazy\" decoding=\"async\" class=\"wp-image-30136\" src=\"https:\/\/www.slovensky-kras.eu\/info\/wp-content\/uploads\/2026\/04\/hutianska-jaskyna-2.jpeg\" alt=\"N\u00e1u\u010dn\u00fd chodn\u00edk a pr\u00edrodn\u00e1 pamiatka Prielom Mur\u00e1\u0148a\" width=\"900\" height=\"502\" srcset=\"https:\/\/www.slovensky-kras.eu\/info\/wp-content\/uploads\/2026\/04\/hutianska-jaskyna-2.jpeg 1376w, https:\/\/www.slovensky-kras.eu\/info\/wp-content\/uploads\/2026\/04\/hutianska-jaskyna-2-800x447.jpeg 800w, https:\/\/www.slovensky-kras.eu\/info\/wp-content\/uploads\/2026\/04\/hutianska-jaskyna-2-1024x572.jpeg 1024w, https:\/\/www.slovensky-kras.eu\/info\/wp-content\/uploads\/2026\/04\/hutianska-jaskyna-2-768x429.jpeg 768w\" sizes=\"auto, (max-width: 900px) 100vw, 900px\" \/><\/a><figcaption id=\"caption-attachment-30136\" class=\"wp-caption-text\">Hutnianska jasky\u0148a<\/figcaption><\/figure>\n<div class=\"su-divider su-divider-style-default\" style=\"margin:15px 0;border-width:3px;border-color:#000000\"><\/div>\n<h2 data-path-to-node=\"1\"><span style=\"color: #800000;\">Objavte nesp\u00fatan\u00fa silu v\u00e1pencov\u00e9ho kr\u00e1\u013eovstva<\/span><\/h2>\n<p data-path-to-node=\"2\">Predstavte si miesto, kde drav\u00e1 <b data-path-to-node=\"2\" data-index-in-node=\"32\">rieka Mur\u00e1\u0148<\/b> tis\u00edce rokov trpezlivo vyrez\u00e1vala monument\u00e1lny <b data-path-to-node=\"2\" data-index-in-node=\"91\">ka\u0148on<\/b> do tvrd\u00e9ho v\u00e1penca. Vst\u00fapte do divo\u010diny <b data-path-to-node=\"2\" data-index-in-node=\"137\">Prielomu Mur\u00e1\u0148a<\/b>, kde v\u00e1s <b data-path-to-node=\"2\" data-index-in-node=\"162\">n\u00e1u\u010dn\u00fd chodn\u00edk<\/b> z obce <a href=\"https:\/\/www.slovensky-kras.eu\/info\/strediska-a-centra\/obec-bretka\/\"><b data-path-to-node=\"2\" data-index-in-node=\"184\">Bretka<\/b><\/a> prevedie okolo vo\u013ene pr\u00edstupn\u00fdch <b data-path-to-node=\"2\" data-index-in-node=\"224\">jask\u00fd\u0148<\/b> a dychber\u00facich skaln\u00fdch br\u00e1l. Poc\u00ed\u0165te dotyk hist\u00f3rie pri ruin\u00e1ch <b data-path-to-node=\"2\" data-index-in-node=\"296\">vysokej pece<\/b> a objavte vz\u00e1cnu pr\u00edrodu v srdci chr\u00e1nenej oblasti <b data-path-to-node=\"2\" data-index-in-node=\"360\">NATURA 2000<\/b>. Toto nie je len oby\u010dajn\u00e1 prech\u00e1dzka, je to cesta do hlb\u00edn <b data-path-to-node=\"2\" data-index-in-node=\"431\">krasov\u00fdch unik\u00e1tov<\/b>, ktor\u00fa mus\u00edte za\u017ei\u0165 na vlastnej ko\u017ei.<\/p>\n<h2 data-path-to-node=\"2\"><span style=\"color: #800000;\">Kde pramen\u00ed a kam te\u010die rieka Mur\u00e1\u0148?<\/span><\/h2>\n<p data-path-to-node=\"3\">Rieka <b data-path-to-node=\"3\" data-index-in-node=\"6\">Mur\u00e1\u0148<\/b> je v\u00fdznamn\u00fd <b data-path-to-node=\"3\" data-index-in-node=\"24\">pravostrann\u00fd pr\u00edtok Slanej<\/b>, ktor\u00fd pramen\u00ed v oblasti <b data-path-to-node=\"3\" data-index-in-node=\"76\">Mur\u00e1nskej planiny<\/b> pod sedlom <b data-path-to-node=\"3\" data-index-in-node=\"105\">Predn\u00e1 hora<\/b>. Pretek\u00e1 \u00fazem\u00edm stredn\u00e9ho a juhov\u00fdchodn\u00e9ho Slovenska cez okresy <b data-path-to-node=\"3\" data-index-in-node=\"181\">Rev\u00faca a Ro\u017e\u0148ava<\/b>. Jej celkov\u00e1 d\u013a\u017eka je <b data-path-to-node=\"3\" data-index-in-node=\"220\">48,8 km<\/b> a plocha povodia predstavuje <b data-path-to-node=\"3\" data-index-in-node=\"257\">386,1 km\u00b2<\/b>.<\/p>\n<h2 data-path-to-node=\"4\"><span style=\"color: #800000;\">Ak\u00fd je charakter priebehu jej toku?<\/span><\/h2>\n<p data-path-to-node=\"5\">V hornej a strednej \u010dasti, kde pretek\u00e1 popri obci Mur\u00e1\u0148 a cez <b data-path-to-node=\"5\" data-index-in-node=\"62\">Stolick\u00e9 vrchy<\/b>, m\u00e1 rieka preva\u017ene <b data-path-to-node=\"5\" data-index-in-node=\"96\">horsk\u00fd a\u017e podhorsk\u00fd charakter<\/b> s \u00fazkym \u00fadol\u00edm. Smerom k dolnej \u010dasti sa tok postupne men\u00ed, a\u017e k\u00fdm sa nevleje do Slanej, pri\u010dom si v ur\u010dit\u00fdch \u00fasekoch zachov\u00e1va prirodzen\u00e9 <b data-path-to-node=\"5\" data-index-in-node=\"265\">meandre<\/b>.<\/p>\n<h2 data-path-to-node=\"6\"><span style=\"color: #800000;\">\u010c\u00edm je v\u00fdnimo\u010dn\u00fd \u00fasek Prielom Mur\u00e1\u0148a?<\/span><\/h2>\n<p data-path-to-node=\"7\">Najzn\u00e1mej\u0161\u00edm \u00fasekom je <b data-path-to-node=\"7\" data-index-in-node=\"23\">Prielom Mur\u00e1\u0148a<\/b>, kde rieka vyrezala <b data-path-to-node=\"7\" data-index-in-node=\"58\">ka\u0148onovit\u00fa dolinu<\/b> dlh\u00fa pribli\u017ene <b data-path-to-node=\"7\" data-index-in-node=\"91\">3,5 km<\/b>. Ide o <b data-path-to-node=\"7\" data-index-in-node=\"105\">zakliesnen\u00fd meandruj\u00faci tok<\/b> vryt\u00fd do v\u00e1pencov\u00e9ho p\u00e1sma, \u010do je typick\u00fd <b data-path-to-node=\"7\" data-index-in-node=\"175\">krasov\u00fd jav<\/b>. Tento \u00fasek je vz\u00e1cnym pr\u00edkladom <b data-path-to-node=\"7\" data-index-in-node=\"220\">antecedencie<\/b>, \u010do znamen\u00e1, \u017ee rieka si udr\u017eala svoj p\u00f4vodn\u00fd smer aj po\u010das neskor\u0161ieho geologick\u00e9ho v\u00fdzdvihu \u00fazemia.<\/p>\n<h2 data-path-to-node=\"8\"><span style=\"color: #800000;\">\u010co chr\u00e1ni pr\u00edrodn\u00e1 pamiatka v tejto lokalite?<\/span><\/h2>\n<p data-path-to-node=\"9\">Predmetom ochrany je najm\u00e4 <b data-path-to-node=\"9\" data-index-in-node=\"27\">meandruj\u00faci tok<\/b> zarezan\u00fd hlboko do v\u00e1pencov\u00e9ho podkladu, ktor\u00fd miestami dosahuje h\u013abku a\u017e <b data-path-to-node=\"9\" data-index-in-node=\"117\">100 m<\/b>. S\u00fa\u010das\u0165ou chr\u00e1nen\u00e9ho \u00fazemia s\u00fa pri\u013eahl\u00e9 lesn\u00e9 komplexy, kde sa striedaj\u00fa <b data-path-to-node=\"9\" data-index-in-node=\"196\">dubovo-hrabov\u00e9 lesy<\/b> s ostrovmi <b data-path-to-node=\"9\" data-index-in-node=\"227\">lesostep\u00ed<\/b> a krasov\u00fdmi formami, ako s\u00fa <b data-path-to-node=\"9\" data-index-in-node=\"265\">\u0161krapy<\/b>. Pri brehoch sa nach\u00e1dzaj\u00fa vz\u00e1cne <b data-path-to-node=\"9\" data-index-in-node=\"306\">lu\u017en\u00e9 v\u0155bovo-topo\u013eov\u00e9 a jel\u0161ov\u00e9 lesy<\/b>, ktor\u00e9 s\u00fa domovom bohatej <b data-path-to-node=\"9\" data-index-in-node=\"369\">fl\u00f3ry a fauny<\/b>.<\/p>\n<h2><span style=\"color: #800000;\">Ak\u00e9 jaskyne sa nach\u00e1dzaj\u00fa v <b>Prielome Mur\u00e1\u0148a<\/b> a s\u00fa pr\u00edstupn\u00e9?<\/span><\/h2>\n<p data-path-to-node=\"13\">V prielome a nad n\u00edm sa nach\u00e1dza pribli\u017ene 15 mal\u00fdch jask\u00fd\u0148, ktor\u00e9 s\u00fa vytvoren\u00e9 er\u00f3ziou rieky na v\u00fdrazn\u00fdch puklin\u00e1ch. Z nich s\u00fa najv\u00fdznamnej\u0161ie <a href=\"https:\/\/www.slovensky-kras.eu\/info\/jaskyne-a-priepasti\/hutnianska-jaskyna\/\"><b>Hutnianska jasky\u0148a<\/b><\/a> a u\u017e spom\u00ednan\u00e1 jasky\u0148a <a href=\"https:\/\/www.slovensky-kras.eu\/info\/kam-do-prirody\/jaskyna-pesko\/\"><b>Pe\u0161ko<\/b><\/a>. Tieto men\u0161ie jaskyne s\u00fa vo\u013ene pr\u00edstupn\u00e9 verejnosti.<\/p>\n<h2><span style=\"color: #800000;\">Kde sa za\u010d\u00edna <b>n\u00e1u\u010dn\u00fd chodn\u00edk Prielom Mur\u00e1\u0148a<\/b> a \u010do uvid\u00edte ako prv\u00e9?<\/span><\/h2>\n<p data-path-to-node=\"3\"><b>N\u00e1u\u010dn\u00fd chodn\u00edk Prielom Mur\u00e1\u0148a<\/b> sa za\u010d\u00edna v malebnej obci Bretka, priamo pod star\u00fdm kostolom. \u00davodn\u00fd informa\u010dn\u00fd panel tu n\u00e1v\u0161tevn\u00edka prevedie o\u010daruj\u00facou ka\u0148onovitou dolinou potoka Mur\u00e1\u0148, ktor\u00e1 je zasaden\u00e1 do nenaru\u0161en\u00e9ho pr\u00edrodn\u00e9ho prostredia. Hne\u010f pri tomto \u00favode je umiestnen\u00fd <b>panel \u010d. 1<\/b>, ktor\u00fd detailne opisuje geologick\u00e9 pomery a zlo\u017eenie tohto jedine\u010dn\u00e9ho \u00fazemia.<\/p>\n<h2><span style=\"color: #800000;\">Ktor\u00e9 skaln\u00e9 bralo na chodn\u00edku je najv\u00fdznamnej\u0161ie a ak\u00fa jasky\u0148u ukr\u00fdva?<\/span><\/h2>\n<p data-path-to-node=\"5\">Chodn\u00edk \u010falej pokra\u010duje na dominantn\u00e9 bralo zvan\u00e9 <a href=\"https:\/\/www.slovensky-kras.eu\/info\/kam-do-prirody\/jaskyna-pesko\/\"><b>Pe\u0161k\u0151<\/b><\/a>, uprostred ktor\u00e9ho sa nach\u00e1dza rovnako pomenovan\u00e1 jasky\u0148a. Tu je pre turistov pripraven\u00fd <b>panel \u010d. 2<\/b>, poskytuj\u00faci d\u00f4le\u017eit\u00e9 inform\u00e1cie.<\/p>\n<h2><span style=\"color: #800000;\">Ak\u00e9 historick\u00e9 stopy s\u00fa vidite\u013en\u00e9 v \u00fadol\u00ed na konci prielomu <b>Mur\u00e1\u0148a<\/b>?<\/span><\/h2>\n<p data-path-to-node=\"7\">Z brala chodn\u00edk kles\u00e1 dole do \u00fadolia, smeruj\u00fac ku koncu <b>prielomu Mur\u00e1\u0148a<\/b>. V tejto \u010dasti s\u00fa st\u00e1le zrete\u013ene vidite\u013en\u00e9 stopy p\u00f4vodn\u00e9ho koryta, ktor\u00e9 kedysi viedlo vodu k <strong>vodn\u00e9mu mlynu<\/strong>. Pr\u00e1ve tomuto technick\u00e9mu dedi\u010dstvu je venovan\u00fd \u010fal\u0161\u00ed, <b>panel \u010d. 3<\/b>.\u00a0Vodou poh\u00e1\u0148an\u00fd mlyn postavili v roku <b data-path-to-node=\"3,0\" data-index-in-node=\"37\">1920<\/b>. Na konci prielomu Mur\u00e1\u0148a nahradili potok hr\u00e1dzou, \u010do umo\u017enilo transportova\u0165 materi\u00e1l do mlyna po vode. Stopy po hr\u00e1dzi s\u00fa v koryte potoka dodnes vidite\u013en\u00e9. K mlynu vyh\u013abili aj mlynsk\u00fd jarok, ktor\u00e9ho pozostatky sa zachovali na brehu. \u010cas\u0165 medzi jarkom a potokom sa naz\u00fdva \u201eMedzi vodami\u201c. V budove mlyna prev\u00e1dzkovali aj vodn\u00fa elektr\u00e1re\u0148.<\/p>\n<h2><span style=\"color: #800000;\">Ak\u00e1 je ochrana pr\u00edrody v oblasti <b>Prielomu Mur\u00e1\u0148a<\/b> a \u010domu s\u00fa venovan\u00e9 \u010fal\u0161ie panely?<\/span><\/h2>\n<p data-path-to-node=\"9\">Trasa je \u010falej veden\u00e1 u\u017e priamo \u00fazem\u00edm samotnej pr\u00edrodnej pamiatky \u2013 <b>Prielom Mur\u00e1\u0148a<\/b>. <b>Panel \u010d. 4<\/b> sa podrobne zaober\u00e1 pozoruhodnou fl\u00f3rou a faunou, zatia\u013e \u010do <b>panel \u010d. 5<\/b> je zameran\u00fd na geologick\u00e9 unik\u00e1ty, konkr\u00e9tne jaskyne. Pr\u00e1ve pri tomto panely sa nach\u00e1dza <b><a href=\"https:\/\/www.slovensky-kras.eu\/info\/jaskyne-a-priepasti\/hutnianska-jaskyna\/\">Hutnianska jasky\u0148a<\/a>.<\/b><\/p>\n<p data-path-to-node=\"9\">Pr\u00edrodn\u00e1 pamiatka <b>Prielom Mur\u00e1\u0148a<\/b> (PP <b>Prielom Mur\u00e1\u0148a<\/b>) je situovan\u00e1 v juhov\u00fdchodnej \u010dasti <a href=\"https:\/\/sk.wikipedia.org\/wiki\/Licinsk%C3%A1_pahorkatina\" target=\"_blank\" rel=\"noopener\">Licinskej pahorkatiny<\/a>, v katastr\u00e1lnom \u00fazem\u00ed obc\u00ed <a href=\"http:\/\/www.slovensky-kras.eu\/info\/strediska-a-centra\/obec-bretka\/\">Bretka<\/a> a Meliata.<\/p>\n<p data-path-to-node=\"9\">T\u00e1to oblas\u0165 bola vyhl\u00e1sen\u00e1 na ochranu u\u017e v roku 1980, s v\u00fdmerou 39,55 ha. Z h\u013eadiska ochrany pr\u00edrody treba toto \u00fazemie hodnoti\u0165 ako mimoriadne hodnotn\u00e9. Plat\u00ed tu <b>4. stupe\u0148 \u00fazemnej ochrany<\/b>, \u010do zd\u00f4raz\u0148uje jej d\u00f4le\u017eitos\u0165. \u00dazemie je tie\u017e s\u00fa\u010das\u0165ou eur\u00f3pskej s\u00fastavy chr\u00e1nen\u00fdch \u00fazem\u00ed <strong>NATURA 2000<\/strong>, konkr\u00e9tne \u00fazemia eur\u00f3pskeho v\u00fdznamu \u2013 SKUEV 0285 Rieka Mur\u00e1\u0148 s pr\u00edtokmi.<\/p>\n<h2><span style=\"color: #800000;\">Kde sa kon\u010d\u00ed s\u00fa\u010dasn\u00e1 trasa a ak\u00e9 s\u00fa pl\u00e1ny do bud\u00facna?<\/span><\/h2>\n<p data-path-to-node=\"15\">Chodn\u00edk moment\u00e1lne kon\u010d\u00ed pri <b>paneli \u010d. 6<\/b> ne\u010faleko <strong>Starej huty<\/strong>, ktor\u00e1 sa nach\u00e1dza na opa\u010dnom brehu potoka. Na tomto mieste s\u00fa e\u0161te st\u00e1le zrete\u013en\u00e9 ruiny vysokej pece. Do bud\u00facnosti sa pl\u00e1nuje pred\u013a\u017eenie chodn\u00edka, ktor\u00fd bude pokra\u010dova\u0165 l\u00fakami ponad <b>prielom<\/b> sp\u00e4\u0165 do obce, \u010d\u00edm sa vytvor\u00ed plnohodnotn\u00e1 okru\u017en\u00e1 trasa.<\/p>\n<h2><span style=\"color: #800000;\">Ak\u00e1 je d\u013a\u017eka a prev\u00fd\u0161enie <b>n\u00e1u\u010dn\u00e9ho chodn\u00edka Prielom Mur\u00e1\u0148a<\/b> a kedy bol otvoren\u00fd?<\/span><\/h2>\n<p data-path-to-node=\"17\">D\u013a\u017eka trasy <b>n\u00e1u\u010dn\u00e9ho chodn\u00edka<\/b> je 3,200 metra a prev\u00fd\u0161enie dosahuje 66,5 metra. <b>N\u00e1u\u010dn\u00fd chodn\u00edk Prielom Mur\u00e1\u0148a<\/b> bol sl\u00e1vnostne otvoren\u00fd pre verejnos\u0165 v roku 2010.<\/p>\n<h2><span style=\"color: #800000;\">Pre\u010do sa vyda\u0165 po stop\u00e1ch rieky Mur\u00e1\u0148?<\/span><\/h2>\n<p><em><b data-path-to-node=\"3\" data-index-in-node=\"0\">H\u013ead\u00e1te dokonal\u00e9 dobrodru\u017estvo, ktor\u00e9 zvl\u00e1dnu aj t\u00ed najmen\u0161\u00ed prieskumn\u00edci?<\/b> Prielom Mur\u00e1\u0148a je v\u010faka minim\u00e1lnemu prev\u00fd\u0161eniu a kr\u00e1tkej trase ide\u00e1lnym cie\u013eom pre <b data-path-to-node=\"3\" data-index-in-node=\"158\">nen\u00e1ro\u010dn\u00fd rodinn\u00fd v\u00fdlet<\/b>, kde sa deti zabavia objavovan\u00edm <b data-path-to-node=\"3\" data-index-in-node=\"215\">vo\u013ene pr\u00edstupn\u00fdch jask\u00fd\u0148<\/b> a dospel\u00ed si vychutnaj\u00fa ticho <b data-path-to-node=\"3\" data-index-in-node=\"270\">v\u00e1pencov\u00e9ho ka\u0148onu<\/b>. Je to unik\u00e1tne miesto, kde sa <b data-path-to-node=\"3\" data-index-in-node=\"320\">nen\u00e1ro\u010dn\u00e1 turistika<\/b> sp\u00e1ja s divokou pr\u00edrodou a hist\u00f3riou star\u00fdch mlynov. Zba\u013ete batohy a uk\u00e1\u017ete svojim de\u0165om <b data-path-to-node=\"3\" data-index-in-node=\"429\">skryt\u00fd klenot Slovenska<\/b>, ktor\u00fd je bezpe\u010dn\u00fd, pou\u010dn\u00fd a hlavne nezabudnute\u013en\u00fd!<\/em><\/p>\n<h2 data-path-to-node=\"2\"><span style=\"color: #800000;\">Legenda o stratenom poklade v Prielome Mur\u00e1\u0148a<\/span><\/h2>\n<p data-path-to-node=\"3\">P\u00ed\u0161e sa rok <b data-path-to-node=\"3\" data-index-in-node=\"12\">1610<\/b>. Kraj pod Mur\u00e1nskou planinou je dor\u00e1\u0148an\u00fd krut\u00fdmi bojmi a v lesoch sa skr\u00fdvaj\u00fa t\u00ed, \u010do nechc\u00fa padn\u00fa\u0165 do r\u00fak v\u00ed\u0165azn\u00fdm cis\u00e1rskym vojsk\u00e1m. Tak vznikla legenda o troch str\u00e1\u017ecoch v\u00e1pencov\u00e9ho ka\u0148onu.<\/p>\n<p data-path-to-node=\"4\">V hlbokom z\u00e1reze rieky, tam, kde sa voda k\u013eukat\u00ed pomedzi v\u00e1pencov\u00e9 steny, vtedy \u017eil zbojn\u00edk menom <b data-path-to-node=\"4\" data-index-in-node=\"98\">Gell\u00e9rt<\/b>. Po por\u00e1\u017eke Bo\u010dkajovho povstania utiekol z bojiska a v jaskyni <a href=\"https:\/\/www.slovensky-kras.eu\/info\/kam-do-prirody\/jaskyna-pesko\/\"><b data-path-to-node=\"4\" data-index-in-node=\"169\">Pe\u0161k\u0151<\/b><\/a> ukryl ul\u00fapen\u00fd poklad, ktor\u00fd mal p\u00f4vodne sl\u00fa\u017ei\u0165 na v\u00fdplatu vojska \u2013 \u0165a\u017ek\u00e9 me\u0161ce pln\u00e9 <b data-path-to-node=\"4\" data-index-in-node=\"259\">zlat\u00fdch duk\u00e1tov a strieborn\u00fdch minc\u00ed<\/b>. Gell\u00e9rt v\u0161ak v ka\u0148one nebol s\u00e1m.<\/p>\n<p data-path-to-node=\"5\">Ke\u010f sa raz za b\u00farlivej noci pok\u00fa\u0161al poklad zakopa\u0165 hlb\u0161ie do skalnej pukliny, z m\u00fatnej a spenenej rieky sa vynoril vodn\u00edk <b data-path-to-node=\"5\" data-index-in-node=\"122\">Istv\u00e1n<\/b>. Mal zelen\u00fd kab\u00e1tik, z ktor\u00e9ho neust\u00e1le kvapkala voda, a v o\u010diach mu hral hnev nad t\u00fdm, \u017ee niekto \u0161pin\u00ed jeho rev\u00edr vojnovou koris\u0165ou.<\/p>\n<blockquote data-path-to-node=\"6\">\n<p data-path-to-node=\"6,0\">\u201eTento k\u00fasok zeme patr\u00ed rieke, nie tvojmu nakradnut\u00e9mu zlatu, zbojn\u00edk!\u201c zahrmel Istv\u00e1n a \u0161vihol mokr\u00fdm bi\u010dom z t\u0155stia.<\/p>\n<\/blockquote>\n<p data-path-to-node=\"7\">Strhla sa bitka, no sk\u00f4r ne\u017e stihol Gell\u00e9rt vytasi\u0165 \u0161ab\u013eu alebo Istv\u00e1n stiahnu\u0165 zbojn\u00edka pod hladinu, jasky\u0148u osvetlila nadpozemsk\u00e1 \u017eiara. Z v\u00e1pencovej steny vyst\u00fapila v\u00edla <b data-path-to-node=\"7\" data-index-in-node=\"173\">Erzs\u00e9bet<\/b>, ochranky\u0148a tunaj\u0161\u00edch krasov\u00fdch prame\u0148ov. Svoj\u00edm spevom v momente upokojila rozb\u00faren\u00fd Mur\u00e1\u0148 aj hor\u00face hlavy dvoch sokov a vyniesla spravodliv\u00fd rozsudok.<\/p>\n<p data-path-to-node=\"8\"><b data-path-to-node=\"8\" data-index-in-node=\"0\">Gell\u00e9rt<\/b> smel v jaskyni zosta\u0165 a unikn\u00fa\u0165 tak \u0161ibenici, ktor\u00e1 ho vonku \u010dakala \u2013 <b data-path-to-node=\"8\" data-index-in-node=\"78\">odmenou mu bol samotn\u00fd \u017eivot, no o poklad definit\u00edvne pri\u0161iel<\/b>. V\u0161etky tie <b data-path-to-node=\"8\" data-index-in-node=\"152\">zlat\u00e9 duk\u00e1ty a strieborn\u00e9 mince<\/b> si nechal vodn\u00edk <b data-path-to-node=\"8\" data-index-in-node=\"201\">Istv\u00e1n<\/b>, ktor\u00fd ich s v\u00ed\u0165azosl\u00e1vnym \u00fa\u0161krnom stiahol na dno najhlb\u0161ieho meandra.<\/p>\n<p data-path-to-node=\"9\">Hovor\u00ed sa, \u017ee ke\u010f sa hladina Mur\u00e1\u0148a po da\u017edi zdvihne a nar\u00e1\u017ea na steny prielomu, nie je to len zvuk nar\u00e1\u017eaj\u00facich sk\u00e1l, ale cinkot drah\u00fdch kovov, ktor\u00fdmi vodn\u00edk na dne hoduje. A zbojn\u00edk Gell\u00e9rt? Ten dodnes h\u013ead\u00ed z tmy jaskyne na drav\u00fd pr\u00fad, v\u010fa\u010dn\u00fd za bezpe\u010die sk\u00e1l, hoci u\u017e nav\u017edy bez jedin\u00e9ho duk\u00e1ta v dlani.<\/p>\n<h2><span style=\"color: #800000;\">Fotografie<\/span><\/h2>\n<style type=\"text\/css\">\n#foogallery-gallery-30138 .fg-image { width: 200px; }<\/style>\n\t\t\t<div class=\"foogallery foogallery-container foogallery-carousel foogallery-lightbox-foogallery fg-carousel fg-ready fg-light fg-border-medium fg-round-small fg-shadow-medium fg-loading-default fg-loaded-fade-in fg-hover-semi-zoomed fg-hover-fade fg-hover-circle-plus2\" id=\"foogallery-gallery-30138\" data-foogallery=\"{&quot;panel&quot;:{&quot;buttons&quot;:{&quot;download&quot;:false}},&quot;item&quot;:{&quot;showCaptionTitle&quot;:true,&quot;showCaptionDescription&quot;:true},&quot;lazy&quot;:true,&quot;template&quot;:{&quot;maxItems&quot;:5,&quot;scale&quot;:0.11999999999999999555910790149937383830547332763671875,&quot;gutter&quot;:{&quot;min&quot;:-40,&quot;max&quot;:-20,&quot;unit&quot;:&quot;%&quot;},&quot;autoplay&quot;:{&quot;time&quot;:0,&quot;interaction&quot;:&quot;pause&quot;},&quot;centerOnClick&quot;:true,&quot;align&quot;:&quot;center&quot;,&quot;activePosition&quot;:&quot;center&quot;}}\" data-foogallery-lightbox=\"{&quot;thumbs&quot;:&quot;bottom&quot;,&quot;thumbsCaptions&quot;:false,&quot;thumbsBestFit&quot;:false,&quot;thumbsSmall&quot;:false,&quot;thumbsCaptionsAlign&quot;:&quot;default&quot;,&quot;info&quot;:&quot;bottom&quot;,&quot;infoVisible&quot;:true,&quot;infoOverlay&quot;:true,&quot;infoAlign&quot;:&quot;default&quot;,&quot;transition&quot;:&quot;fade&quot;,&quot;hoverButtons&quot;:false,&quot;fitMedia&quot;:false,&quot;noScrollbars&quot;:true,&quot;preserveButtonSpace&quot;:true,&quot;buttons&quot;:{&quot;fullscreen&quot;:true,&quot;info&quot;:true,&quot;thumbs&quot;:false,&quot;download&quot;:false},&quot;video&quot;:{&quot;autoPlay&quot;:true}}\" style=\"--fg-title-line-clamp: 1; --fg-description-line-clamp: 2;\" >\n\t<button type=\"button\" class=\"fg-carousel-prev\" title=\"Previous\"><\/button>\n\t<div class=\"fg-carousel-inner\">\n\t\t<div class=\"fg-carousel-center\"><\/div>\n\t\t<div class=\"fg-item fg-type-image fg-idle\"><figure class=\"fg-item-inner\"><a href=\"https:\/\/www.slovensky-kras.eu\/info\/wp-content\/uploads\/2026\/04\/prielom-murana-stara-huta2.jpeg\" data-caption-title=\"N\u00e1u\u010dn\u00fd chodn\u00edk a pr\u00edrodn\u00e1 pamiatka Prielom Mur\u00e1\u0148a\" data-caption-desc=\"Star\u00e1 huta\" data-attachment-id=\"30139\" data-type=\"image\" class=\"fg-thumb\"><span class=\"fg-image-wrap\"><img decoding=\"async\" alt=\"N\u00e1u\u010dn\u00fd chodn\u00edk a pr\u00edrodn\u00e1 pamiatka Prielom Mur\u00e1\u0148a\" title=\"N\u00e1u\u010dn\u00fd chodn\u00edk a pr\u00edrodn\u00e1 pamiatka Prielom Mur\u00e1\u0148a\" width=\"200\" height=\"200\" class=\"skip-lazy fg-image\" data-src-fg=\"https:\/\/www.slovensky-kras.eu\/info\/wp-content\/uploads\/cache\/2026\/04\/prielom-murana-stara-huta2\/1311060553.jpeg\" src=\"data:image\/svg+xml,%3Csvg%20xmlns%3D%22http%3A%2F%2Fwww.w3.org%2F2000%2Fsvg%22%20width%3D%22200%22%20height%3D%22200%22%20viewBox%3D%220%200%20200%20200%22%3E%3C%2Fsvg%3E\" loading=\"eager\"><\/span><span class=\"fg-image-overlay\"><\/span><\/a><figcaption class=\"fg-caption\"><div class=\"fg-caption-inner\"><div class=\"fg-caption-title\">N\u00e1u\u010dn\u00fd chodn\u00edk a pr\u00edrodn\u00e1 pamiatka Prielom Mur\u00e1\u0148a<\/div><div class=\"fg-caption-desc\">Star\u00e1 huta<\/div><\/div><\/figcaption><\/figure><div class=\"fg-loader\"><\/div><\/div><div class=\"fg-item fg-type-image fg-idle\"><figure class=\"fg-item-inner\"><a href=\"https:\/\/www.slovensky-kras.eu\/info\/wp-content\/uploads\/2026\/04\/prielom-murana-stara-huta.jpeg\" data-caption-title=\"N\u00e1u\u010dn\u00fd chodn\u00edk a pr\u00edrodn\u00e1 pamiatka Prielom Mur\u00e1\u0148a\" data-caption-desc=\"Star\u00e1 huta\" data-attachment-id=\"30140\" data-type=\"image\" class=\"fg-thumb\"><span class=\"fg-image-wrap\"><img decoding=\"async\" alt=\"N\u00e1u\u010dn\u00fd chodn\u00edk a pr\u00edrodn\u00e1 pamiatka Prielom Mur\u00e1\u0148a\" title=\"N\u00e1u\u010dn\u00fd chodn\u00edk a pr\u00edrodn\u00e1 pamiatka Prielom Mur\u00e1\u0148a\" width=\"200\" height=\"200\" class=\"skip-lazy fg-image\" data-src-fg=\"https:\/\/www.slovensky-kras.eu\/info\/wp-content\/uploads\/cache\/2026\/04\/prielom-murana-stara-huta\/1285790603.jpeg\" src=\"data:image\/svg+xml,%3Csvg%20xmlns%3D%22http%3A%2F%2Fwww.w3.org%2F2000%2Fsvg%22%20width%3D%22200%22%20height%3D%22200%22%20viewBox%3D%220%200%20200%20200%22%3E%3C%2Fsvg%3E\" loading=\"eager\"><\/span><span class=\"fg-image-overlay\"><\/span><\/a><figcaption class=\"fg-caption\"><div class=\"fg-caption-inner\"><div class=\"fg-caption-title\">N\u00e1u\u010dn\u00fd chodn\u00edk a pr\u00edrodn\u00e1 pamiatka Prielom Mur\u00e1\u0148a<\/div><div class=\"fg-caption-desc\">Star\u00e1 huta<\/div><\/div><\/figcaption><\/figure><div class=\"fg-loader\"><\/div><\/div><div class=\"fg-item fg-type-image fg-idle\"><figure class=\"fg-item-inner\"><a href=\"https:\/\/www.slovensky-kras.eu\/info\/wp-content\/uploads\/2026\/04\/prielom-murana-4.jpeg\" data-caption-title=\"N\u00e1u\u010dn\u00fd chodn\u00edk a pr\u00edrodn\u00e1 pamiatka Prielom Mur\u00e1\u0148a\" data-attachment-id=\"30141\" data-type=\"image\" class=\"fg-thumb\"><span class=\"fg-image-wrap\"><img decoding=\"async\" alt=\"N\u00e1u\u010dn\u00fd chodn\u00edk a pr\u00edrodn\u00e1 pamiatka Prielom Mur\u00e1\u0148a\" title=\"N\u00e1u\u010dn\u00fd chodn\u00edk a pr\u00edrodn\u00e1 pamiatka Prielom Mur\u00e1\u0148a\" width=\"200\" height=\"200\" class=\"skip-lazy fg-image\" data-src-fg=\"https:\/\/www.slovensky-kras.eu\/info\/wp-content\/uploads\/cache\/2026\/04\/prielom-murana-4\/849417245.jpeg\" src=\"data:image\/svg+xml,%3Csvg%20xmlns%3D%22http%3A%2F%2Fwww.w3.org%2F2000%2Fsvg%22%20width%3D%22200%22%20height%3D%22200%22%20viewBox%3D%220%200%20200%20200%22%3E%3C%2Fsvg%3E\" loading=\"eager\"><\/span><span class=\"fg-image-overlay\"><\/span><\/a><figcaption class=\"fg-caption\"><div class=\"fg-caption-inner\"><div class=\"fg-caption-title\">N\u00e1u\u010dn\u00fd chodn\u00edk a pr\u00edrodn\u00e1 pamiatka Prielom Mur\u00e1\u0148a<\/div><\/div><\/figcaption><\/figure><div class=\"fg-loader\"><\/div><\/div><div class=\"fg-item fg-type-image fg-idle\"><figure class=\"fg-item-inner\"><a href=\"https:\/\/www.slovensky-kras.eu\/info\/wp-content\/uploads\/2026\/04\/prielom-murana-3.jpeg\" data-caption-title=\"N\u00e1u\u010dn\u00fd chodn\u00edk a pr\u00edrodn\u00e1 pamiatka Prielom Mur\u00e1\u0148a\" data-attachment-id=\"30142\" data-type=\"image\" class=\"fg-thumb\"><span class=\"fg-image-wrap\"><img decoding=\"async\" alt=\"N\u00e1u\u010dn\u00fd chodn\u00edk a pr\u00edrodn\u00e1 pamiatka Prielom Mur\u00e1\u0148a\" title=\"N\u00e1u\u010dn\u00fd chodn\u00edk a pr\u00edrodn\u00e1 pamiatka Prielom Mur\u00e1\u0148a\" width=\"200\" height=\"200\" class=\"skip-lazy fg-image\" data-src-fg=\"https:\/\/www.slovensky-kras.eu\/info\/wp-content\/uploads\/cache\/2026\/04\/prielom-murana-3\/655985809.jpeg\" src=\"data:image\/svg+xml,%3Csvg%20xmlns%3D%22http%3A%2F%2Fwww.w3.org%2F2000%2Fsvg%22%20width%3D%22200%22%20height%3D%22200%22%20viewBox%3D%220%200%20200%20200%22%3E%3C%2Fsvg%3E\" loading=\"eager\"><\/span><span class=\"fg-image-overlay\"><\/span><\/a><figcaption class=\"fg-caption\"><div class=\"fg-caption-inner\"><div class=\"fg-caption-title\">N\u00e1u\u010dn\u00fd chodn\u00edk a pr\u00edrodn\u00e1 pamiatka Prielom Mur\u00e1\u0148a<\/div><\/div><\/figcaption><\/figure><div class=\"fg-loader\"><\/div><\/div><div class=\"fg-item fg-type-image fg-idle\"><figure class=\"fg-item-inner\"><a href=\"https:\/\/www.slovensky-kras.eu\/info\/wp-content\/uploads\/2026\/04\/prielom-murana-2-1.jpeg\" data-caption-title=\"N\u00e1u\u010dn\u00fd chodn\u00edk a pr\u00edrodn\u00e1 pamiatka Prielom Mur\u00e1\u0148a\" data-attachment-id=\"30145\" data-type=\"image\" class=\"fg-thumb\"><span class=\"fg-image-wrap\"><img decoding=\"async\" alt=\"N\u00e1u\u010dn\u00fd chodn\u00edk a pr\u00edrodn\u00e1 pamiatka Prielom Mur\u00e1\u0148a\" title=\"N\u00e1u\u010dn\u00fd chodn\u00edk a pr\u00edrodn\u00e1 pamiatka Prielom Mur\u00e1\u0148a\" width=\"200\" height=\"200\" class=\"skip-lazy fg-image\" data-src-fg=\"https:\/\/www.slovensky-kras.eu\/info\/wp-content\/uploads\/cache\/2026\/04\/prielom-murana-2-1\/2322062157.jpeg\" src=\"data:image\/svg+xml,%3Csvg%20xmlns%3D%22http%3A%2F%2Fwww.w3.org%2F2000%2Fsvg%22%20width%3D%22200%22%20height%3D%22200%22%20viewBox%3D%220%200%20200%20200%22%3E%3C%2Fsvg%3E\" loading=\"eager\"><\/span><span class=\"fg-image-overlay\"><\/span><\/a><figcaption class=\"fg-caption\"><div class=\"fg-caption-inner\"><div class=\"fg-caption-title\">N\u00e1u\u010dn\u00fd chodn\u00edk a pr\u00edrodn\u00e1 pamiatka Prielom Mur\u00e1\u0148a<\/div><\/div><\/figcaption><\/figure><div class=\"fg-loader\"><\/div><\/div><div class=\"fg-item fg-type-image fg-idle\"><figure class=\"fg-item-inner\"><a href=\"https:\/\/www.slovensky-kras.eu\/info\/wp-content\/uploads\/2026\/04\/prielom-murana-1-1.jpeg\" data-caption-title=\"N\u00e1u\u010dn\u00fd chodn\u00edk a pr\u00edrodn\u00e1 pamiatka Prielom Mur\u00e1\u0148a\" data-attachment-id=\"30146\" data-type=\"image\" class=\"fg-thumb\"><span class=\"fg-image-wrap\"><img decoding=\"async\" alt=\"N\u00e1u\u010dn\u00fd chodn\u00edk a pr\u00edrodn\u00e1 pamiatka Prielom Mur\u00e1\u0148a\" title=\"N\u00e1u\u010dn\u00fd chodn\u00edk a pr\u00edrodn\u00e1 pamiatka Prielom Mur\u00e1\u0148a\" width=\"200\" height=\"200\" class=\"skip-lazy fg-image\" data-src-fg=\"https:\/\/www.slovensky-kras.eu\/info\/wp-content\/uploads\/cache\/2026\/04\/prielom-murana-1-1\/1398567238.jpeg\" src=\"data:image\/svg+xml,%3Csvg%20xmlns%3D%22http%3A%2F%2Fwww.w3.org%2F2000%2Fsvg%22%20width%3D%22200%22%20height%3D%22200%22%20viewBox%3D%220%200%20200%20200%22%3E%3C%2Fsvg%3E\" loading=\"eager\"><\/span><span class=\"fg-image-overlay\"><\/span><\/a><figcaption class=\"fg-caption\"><div class=\"fg-caption-inner\"><div class=\"fg-caption-title\">N\u00e1u\u010dn\u00fd chodn\u00edk a pr\u00edrodn\u00e1 pamiatka Prielom Mur\u00e1\u0148a<\/div><\/div><\/figcaption><\/figure><div class=\"fg-loader\"><\/div><\/div><div class=\"fg-item fg-type-image fg-idle\"><figure class=\"fg-item-inner\"><a href=\"https:\/\/www.slovensky-kras.eu\/info\/wp-content\/uploads\/2026\/04\/pesko-1.jpeg\" data-caption-title=\"Jasky\u0148a Pe\u0161ko\" data-attachment-id=\"30151\" data-type=\"image\" class=\"fg-thumb\"><span class=\"fg-image-wrap\"><img decoding=\"async\" alt=\"Jasky\u0148a Pe\u0161ko\" title=\"Jasky\u0148a Pe\u0161ko\" width=\"200\" height=\"200\" class=\"skip-lazy fg-image\" data-src-fg=\"https:\/\/www.slovensky-kras.eu\/info\/wp-content\/uploads\/cache\/2026\/04\/pesko-1\/3625972470.jpeg\" src=\"data:image\/svg+xml,%3Csvg%20xmlns%3D%22http%3A%2F%2Fwww.w3.org%2F2000%2Fsvg%22%20width%3D%22200%22%20height%3D%22200%22%20viewBox%3D%220%200%20200%20200%22%3E%3C%2Fsvg%3E\" loading=\"eager\"><\/span><span class=\"fg-image-overlay\"><\/span><\/a><figcaption class=\"fg-caption\"><div class=\"fg-caption-inner\"><div class=\"fg-caption-title\">Jasky\u0148a Pe\u0161ko<\/div><\/div><\/figcaption><\/figure><div class=\"fg-loader\"><\/div><\/div><div class=\"fg-item fg-type-image fg-idle\"><figure class=\"fg-item-inner\"><a href=\"https:\/\/www.slovensky-kras.eu\/info\/wp-content\/uploads\/2026\/04\/pesko-2.jpeg\" data-caption-title=\"Jasky\u0148a Pe\u0161ko\" data-attachment-id=\"30150\" data-type=\"image\" class=\"fg-thumb\"><span class=\"fg-image-wrap\"><img decoding=\"async\" alt=\"Jasky\u0148a Pe\u0161ko\" title=\"Jasky\u0148a Pe\u0161ko\" width=\"200\" height=\"200\" class=\"skip-lazy fg-image\" data-src-fg=\"https:\/\/www.slovensky-kras.eu\/info\/wp-content\/uploads\/cache\/2026\/04\/pesko-2\/625365514.jpeg\" src=\"data:image\/svg+xml,%3Csvg%20xmlns%3D%22http%3A%2F%2Fwww.w3.org%2F2000%2Fsvg%22%20width%3D%22200%22%20height%3D%22200%22%20viewBox%3D%220%200%20200%20200%22%3E%3C%2Fsvg%3E\" loading=\"eager\"><\/span><span class=\"fg-image-overlay\"><\/span><\/a><figcaption class=\"fg-caption\"><div class=\"fg-caption-inner\"><div class=\"fg-caption-title\">Jasky\u0148a Pe\u0161ko<\/div><\/div><\/figcaption><\/figure><div class=\"fg-loader\"><\/div><\/div><div class=\"fg-item fg-type-image fg-idle\"><figure class=\"fg-item-inner\"><a href=\"https:\/\/www.slovensky-kras.eu\/info\/wp-content\/uploads\/2026\/04\/pesko-3.jpeg\" data-caption-title=\"Jasky\u0148a Pe\u0161ko\" data-attachment-id=\"30149\" data-type=\"image\" class=\"fg-thumb\"><span class=\"fg-image-wrap\"><img decoding=\"async\" alt=\"Jasky\u0148a Pe\u0161ko\" title=\"Jasky\u0148a Pe\u0161ko\" width=\"200\" height=\"200\" class=\"skip-lazy fg-image\" data-src-fg=\"https:\/\/www.slovensky-kras.eu\/info\/wp-content\/uploads\/cache\/2026\/04\/pesko-3\/960067689.jpeg\" src=\"data:image\/svg+xml,%3Csvg%20xmlns%3D%22http%3A%2F%2Fwww.w3.org%2F2000%2Fsvg%22%20width%3D%22200%22%20height%3D%22200%22%20viewBox%3D%220%200%20200%20200%22%3E%3C%2Fsvg%3E\" loading=\"eager\"><\/span><span class=\"fg-image-overlay\"><\/span><\/a><figcaption class=\"fg-caption\"><div class=\"fg-caption-inner\"><div class=\"fg-caption-title\">Jasky\u0148a Pe\u0161ko<\/div><\/div><\/figcaption><\/figure><div class=\"fg-loader\"><\/div><\/div><div class=\"fg-item fg-type-image fg-idle\"><figure class=\"fg-item-inner\"><a href=\"https:\/\/www.slovensky-kras.eu\/info\/wp-content\/uploads\/2026\/04\/hutianska-jaskyna-2.jpeg\" data-caption-title=\"Hutnianska jasky\u0148a\" data-attachment-id=\"30136\" data-type=\"image\" class=\"fg-thumb\"><span class=\"fg-image-wrap\"><img decoding=\"async\" alt=\"Hutnianska jasky\u0148a\" title=\"Hutnianska jasky\u0148a\" width=\"200\" height=\"200\" class=\"skip-lazy fg-image\" data-src-fg=\"https:\/\/www.slovensky-kras.eu\/info\/wp-content\/uploads\/cache\/2026\/04\/hutianska-jaskyna-2\/210602304.jpeg\" src=\"data:image\/svg+xml,%3Csvg%20xmlns%3D%22http%3A%2F%2Fwww.w3.org%2F2000%2Fsvg%22%20width%3D%22200%22%20height%3D%22200%22%20viewBox%3D%220%200%20200%20200%22%3E%3C%2Fsvg%3E\" loading=\"eager\"><\/span><span class=\"fg-image-overlay\"><\/span><\/a><figcaption class=\"fg-caption\"><div class=\"fg-caption-inner\"><div class=\"fg-caption-title\">Hutnianska jasky\u0148a<\/div><\/div><\/figcaption><\/figure><div class=\"fg-loader\"><\/div><\/div><div class=\"fg-item fg-type-image fg-idle\"><figure class=\"fg-item-inner\"><a href=\"https:\/\/www.slovensky-kras.eu\/info\/wp-content\/uploads\/2026\/04\/hutianska-jaskyna-3.jpeg\" data-caption-title=\"Hutnianska jasky\u0148a\" data-attachment-id=\"30135\" data-type=\"image\" class=\"fg-thumb\"><span class=\"fg-image-wrap\"><img decoding=\"async\" alt=\"Hutnianska jasky\u0148a\" title=\"Hutnianska jasky\u0148a\" width=\"200\" height=\"200\" class=\"skip-lazy fg-image\" data-src-fg=\"https:\/\/www.slovensky-kras.eu\/info\/wp-content\/uploads\/cache\/2026\/04\/hutianska-jaskyna-3\/4217613777.jpeg\" src=\"data:image\/svg+xml,%3Csvg%20xmlns%3D%22http%3A%2F%2Fwww.w3.org%2F2000%2Fsvg%22%20width%3D%22200%22%20height%3D%22200%22%20viewBox%3D%220%200%20200%20200%22%3E%3C%2Fsvg%3E\" loading=\"eager\"><\/span><span class=\"fg-image-overlay\"><\/span><\/a><figcaption class=\"fg-caption\"><div class=\"fg-caption-inner\"><div class=\"fg-caption-title\">Hutnianska jasky\u0148a<\/div><\/div><\/figcaption><\/figure><div class=\"fg-loader\"><\/div><\/div><div class=\"fg-item fg-type-image fg-idle\"><figure class=\"fg-item-inner\"><a href=\"https:\/\/www.slovensky-kras.eu\/info\/wp-content\/uploads\/2026\/04\/hutnianska-jaskyna-4.jpeg\" data-caption-title=\"Hutnianska jasky\u0148a\" data-attachment-id=\"30134\" data-type=\"image\" class=\"fg-thumb\"><span class=\"fg-image-wrap\"><img decoding=\"async\" alt=\"Hutnianska jasky\u0148a\" title=\"Hutnianska jasky\u0148a\" width=\"200\" height=\"200\" class=\"skip-lazy fg-image\" data-src-fg=\"https:\/\/www.slovensky-kras.eu\/info\/wp-content\/uploads\/cache\/2026\/04\/hutnianska-jaskyna-4\/2992714678.jpeg\" src=\"data:image\/svg+xml,%3Csvg%20xmlns%3D%22http%3A%2F%2Fwww.w3.org%2F2000%2Fsvg%22%20width%3D%22200%22%20height%3D%22200%22%20viewBox%3D%220%200%20200%20200%22%3E%3C%2Fsvg%3E\" loading=\"eager\"><\/span><span class=\"fg-image-overlay\"><\/span><\/a><figcaption class=\"fg-caption\"><div class=\"fg-caption-inner\"><div class=\"fg-caption-title\">Hutnianska jasky\u0148a<\/div><\/div><\/figcaption><\/figure><div class=\"fg-loader\"><\/div><\/div>\t<\/div>\n\t<div class=\"fg-carousel-bottom\"><\/div>\n\t<div class=\"fg-carousel-progress\"><\/div>\n\t<button type=\"button\" class=\"fg-carousel-next\" title=\"Next\"><\/button>\n<\/div>\n<h2><span style=\"color: #800000;\">Zauj\u00edmav\u00e9 odkazy<\/span><\/h2>\n<h3><span style=\"color: #808000;\">Bl\u00edzke stredisko, turistick\u00e9 centrum, obec alebo mesto:<\/span><\/h3>\n<ul>\n<li><a href=\"http:\/\/www.slovensky-kras.eu\/info\/strediska-a-centra\/obec-bretka\/\">Obec Bretka (\u010d\u00edtaj viac&#8230;)<\/a><\/li>\n<\/ul>\n<h2><span style=\"color: #800000;\">Mapy<\/span><\/h2>\n<p><strong>Vrstvy: <\/strong>Turistick\u00e1 mapa, Automapa, Cyklomapa, Ly\u017eiarska mapa, Satelitn\u00e1 mapa a OpenStreetMap.<\/p>\n<p><strong>Kliknut\u00edm na logo &#8222;Freemap.sk&#8220; sa V\u00e1m mapa zobraz\u00ed na celej ploche obrazovky.<\/strong><\/p>\n<p><iframe style=\"width: 900px; height: 600px; border: 0;\" src=\"https:\/\/www.freemap.sk\/?map=15\/48.488582\/20.343311&amp;info-point=48.488582\/20.343311,Obec Bretka&amp;layers=X&amp;embed=search\" allowfullscreen=\"allowfullscreen\"><\/iframe><\/p>\n<h2><span style=\"color: #800000;\">Po\u010dasie<\/span><\/h2>\n<p><iframe style=\"width: 900px; height: 600px;\" src=\"https:\/\/www.meteoblue.com\/sk\/po%C4%8Dasie\/widget\/three\/bretka_slovensk%c3%a1-republika_725076?geoloc=fixed&amp;nocurrent=0&amp;noforecast=0&amp;days=6&amp;tempunit=CELSIUS&amp;windunit=KILOMETER_PER_HOUR&amp;layout=image\" frameborder=\"0\" scrolling=\"NO\" sandbox=\"allow-same-origin allow-scripts allow-popups allow-popups-to-escape-sandbox\"><\/iframe><\/p>\n<div><!-- DO NOT REMOVE THIS LINK --><a href=\"https:\/\/www.meteoblue.com\/sk\/po%C4%8Dasie\/predpove%C4%8F\/t%C3%BD%C5%BEde%C5%88\/bretka_slovensk%c3%a1-republika_725076?utm_source=weather_widget&amp;utm_medium=linkus&amp;utm_content=three&amp;utm_campaign=Weather%2BWidget\" target=\"_blank\" rel=\"noopener noreferrer\">meteoblue<\/a><\/div>\n","protected":false},"excerpt":{"rendered":"<p>Menu: Podkateg\u00f3ria: Menu: N\u00e1u\u010dn\u00e9 chodn\u00edky Objavte nesp\u00fatan\u00fa silu v\u00e1pencov\u00e9ho kr\u00e1\u013eovstva Predstavte si miesto, kde drav\u00e1 rieka Mur\u00e1\u0148 tis\u00edce rokov trpezlivo vyrez\u00e1vala monument\u00e1lny ka\u0148on do tvrd\u00e9ho v\u00e1penca. Vst\u00fapte do divo\u010diny Prielomu [&hellip;]<\/p>\n","protected":false},"author":1,"featured_media":30136,"parent":11,"menu_order":0,"comment_status":"closed","ping_status":"open","template":"","meta":{"_uag_custom_page_level_css":"","footnotes":""},"class_list":["post-841","page","type-page","status-publish","has-post-thumbnail","hentry"],"featured_image_src":"https:\/\/www.slovensky-kras.eu\/info\/wp-content\/uploads\/2026\/04\/hutianska-jaskyna-2.jpeg","featured_image_src_square":"https:\/\/www.slovensky-kras.eu\/info\/wp-content\/uploads\/2026\/04\/hutianska-jaskyna-2.jpeg","rbea_author_info":{"display_name":"admin","author_link":"https:\/\/www.slovensky-kras.eu\/info\/author\/admin\/"},"rbea_excerpt_info":"Menu: Podkateg\u00f3ria: Menu: N\u00e1u\u010dn\u00e9 chodn\u00edky Objavte nesp\u00fatan\u00fa silu v\u00e1pencov\u00e9ho kr\u00e1\u013eovstva Predstavte si miesto, kde drav\u00e1 rieka Mur\u00e1\u0148 tis\u00edce rokov trpezlivo vyrez\u00e1vala monument\u00e1lny ka\u0148on do tvrd\u00e9ho v\u00e1penca. Vst\u00fapte do divo\u010diny Prielomu [&hellip;]","uagb_featured_image_src":{"full":["https:\/\/www.slovensky-kras.eu\/info\/wp-content\/uploads\/2026\/04\/hutianska-jaskyna-2.jpeg",1376,768,false],"thumbnail":["https:\/\/www.slovensky-kras.eu\/info\/wp-content\/uploads\/2026\/04\/hutianska-jaskyna-2-150x150.jpeg",150,150,true],"medium":["https:\/\/www.slovensky-kras.eu\/info\/wp-content\/uploads\/2026\/04\/hutianska-jaskyna-2-800x447.jpeg",800,447,true],"medium_large":["https:\/\/www.slovensky-kras.eu\/info\/wp-content\/uploads\/2026\/04\/hutianska-jaskyna-2-768x429.jpeg",768,429,true],"large":["https:\/\/www.slovensky-kras.eu\/info\/wp-content\/uploads\/2026\/04\/hutianska-jaskyna-2-1024x572.jpeg",1024,572,true],"1536x1536":["https:\/\/www.slovensky-kras.eu\/info\/wp-content\/uploads\/2026\/04\/hutianska-jaskyna-2.jpeg",1376,768,false],"2048x2048":["https:\/\/www.slovensky-kras.eu\/info\/wp-content\/uploads\/2026\/04\/hutianska-jaskyna-2.jpeg",1376,768,false]},"uagb_author_info":{"display_name":"admin","author_link":"https:\/\/www.slovensky-kras.eu\/info\/author\/admin\/"},"uagb_comment_info":0,"uagb_excerpt":"Menu: Podkateg\u00f3ria: Menu: N\u00e1u\u010dn\u00e9 chodn\u00edky Objavte nesp\u00fatan\u00fa silu v\u00e1pencov\u00e9ho kr\u00e1\u013eovstva Predstavte si miesto, kde drav\u00e1 rieka Mur\u00e1\u0148 tis\u00edce rokov trpezlivo vyrez\u00e1vala monument\u00e1lny ka\u0148on do tvrd\u00e9ho v\u00e1penca. Vst\u00fapte do divo\u010diny Prielomu [&hellip;]","_links":{"self":[{"href":"https:\/\/www.slovensky-kras.eu\/info\/wp-json\/wp\/v2\/pages\/841","targetHints":{"allow":["GET"]}}],"collection":[{"href":"https:\/\/www.slovensky-kras.eu\/info\/wp-json\/wp\/v2\/pages"}],"about":[{"href":"https:\/\/www.slovensky-kras.eu\/info\/wp-json\/wp\/v2\/types\/page"}],"author":[{"embeddable":true,"href":"https:\/\/www.slovensky-kras.eu\/info\/wp-json\/wp\/v2\/users\/1"}],"replies":[{"embeddable":true,"href":"https:\/\/www.slovensky-kras.eu\/info\/wp-json\/wp\/v2\/comments?post=841"}],"version-history":[{"count":28,"href":"https:\/\/www.slovensky-kras.eu\/info\/wp-json\/wp\/v2\/pages\/841\/revisions"}],"predecessor-version":[{"id":30157,"href":"https:\/\/www.slovensky-kras.eu\/info\/wp-json\/wp\/v2\/pages\/841\/revisions\/30157"}],"up":[{"embeddable":true,"href":"https:\/\/www.slovensky-kras.eu\/info\/wp-json\/wp\/v2\/pages\/11"}],"wp:featuredmedia":[{"embeddable":true,"href":"https:\/\/www.slovensky-kras.eu\/info\/wp-json\/wp\/v2\/media\/30136"}],"wp:attachment":[{"href":"https:\/\/www.slovensky-kras.eu\/info\/wp-json\/wp\/v2\/media?parent=841"}],"curies":[{"name":"wp","href":"https:\/\/api.w.org\/{rel}","templated":true}]}}