{"id":830,"date":"2013-07-07T10:21:00","date_gmt":"2013-07-07T08:21:00","guid":{"rendered":"http:\/\/www.slovensky-kras.eu\/info\/?page_id=830"},"modified":"2025-12-05T06:43:17","modified_gmt":"2025-12-05T05:43:17","slug":"naucny-chodnik-zadielska-tiesnava","status":"publish","type":"page","link":"https:\/\/www.slovensky-kras.eu\/info\/aktivity-a-sport\/naucny-chodnik-zadielska-tiesnava\/","title":{"rendered":"N\u00e1u\u010dn\u00fd chodn\u00edk Z\u00e1dielska ties\u0148ava"},"content":{"rendered":"<p><strong>Menu: <\/strong><a href=\"http:\/\/www.slovensky-kras.eu\/info\/\" class=\"su-button su-button-style-default\" style=\"color:#000000;background-color:#FFCF2F;border-color:#cca626;border-radius:5px\" target=\"_self\"><span style=\"color:#000000;padding:6px 16px;font-size:13px;line-height:20px;border-color:#ffde6e;border-radius:5px;text-shadow:none\"><i class=\"sui sui-arrow-right\" style=\"font-size:13px;color:#000000\"><\/i>  \u00davod \/ Aktuality <\/span><\/a>\n<a href=\"http:\/\/www.slovensky-kras.eu\/info\/aktivity-a-sport\/\" class=\"su-button su-button-style-default\" style=\"color:#000000;background-color:#FFCF2F;border-color:#cca626;border-radius:5px\" target=\"_self\"><span style=\"color:#000000;padding:6px 16px;font-size:13px;line-height:20px;border-color:#ffde6e;border-radius:5px;text-shadow:none\"><i class=\"sui sui-arrow-right\" style=\"font-size:13px;color:#000000\"><\/i>  Aktivity a \u0161port <\/span><\/a>\n<div class=\"su-divider su-divider-style-default\" style=\"margin:15px 0;border-width:3px;border-color:#000000\"><\/div>\n<strong>N\u00e1u\u010dn\u00e9 chodn\u00edky<\/strong><br \/>\n<div class=\"su-divider su-divider-style-default\" style=\"margin:15px 0;border-width:3px;border-color:#000000\"><\/div>\n<figure id=\"attachment_21918\" aria-describedby=\"caption-attachment-21918\" style=\"width: 900px\" class=\"wp-caption aligncenter\"><a href=\"https:\/\/www.slovensky-kras.eu\/info\/wp-content\/uploads\/2021\/12\/zadiel-naucny-chodnik.jpg\"><img loading=\"lazy\" decoding=\"async\" class=\"wp-image-21918\" src=\"https:\/\/www.slovensky-kras.eu\/info\/wp-content\/uploads\/2021\/12\/zadiel-naucny-chodnik.jpg\" alt=\"N\u00e1u\u010dn\u00fd chodn\u00edk Z\u00e1dielska ties\u0148ava\" width=\"900\" height=\"675\" srcset=\"https:\/\/www.slovensky-kras.eu\/info\/wp-content\/uploads\/2021\/12\/zadiel-naucny-chodnik.jpg 800w, https:\/\/www.slovensky-kras.eu\/info\/wp-content\/uploads\/2021\/12\/zadiel-naucny-chodnik-768x576.jpg 768w\" sizes=\"auto, (max-width: 900px) 100vw, 900px\" \/><\/a><figcaption id=\"caption-attachment-21918\" class=\"wp-caption-text\">N\u00e1u\u010dn\u00fd chodn\u00edk Z\u00e1dielska ties\u0148ava<\/figcaption><\/figure>\n<div class=\"su-divider su-divider-style-default\" style=\"margin:15px 0;border-width:3px;border-color:#000000\"><\/div>\n<p dir=\"auto\"><strong>N\u00e1u\u010dn\u00fd chodn\u00edk Z\u00e1dielska ties\u0148ava<\/strong> za\u010d\u00edna hne\u010f za obcou Z\u00e1diel a vedie na sever cez \u00fachvatn\u00fa <strong>Z\u00e1dielsku ties\u0148avu<\/strong> proti toku Blatnick\u00e9ho potoka. T\u00e1to trasa je ide\u00e1lna pre v\u0161etk\u00fdch, ktor\u00ed chc\u00fa spozna\u0165 jednu z najkraj\u0161\u00edch pr\u00edrodn\u00fdch pamiatok Slovensk\u00e9ho krasu.<\/p>\n<h2 dir=\"auto\"><span style=\"color: #800000;\">Kde za\u010d\u00edna a kon\u010d\u00ed N\u00e1u\u010dn\u00fd chodn\u00edk Z\u00e1dielska ties\u0148ava?<\/span><\/h2>\n<p dir=\"auto\">Trasa tvor\u00ed uzavret\u00fd okruh, tak\u017ee sa vraciate na rovnak\u00e9 miesto, kde ste za\u010dali \u2013 za obcou Z\u00e1diel. V\u00fdhodn\u00e9 je postupova\u0165 pod\u013ea \u010d\u00edslovania jednotliv\u00fdch zast\u00e1vok, ktor\u00fdch je celkom <strong>7<\/strong>.<\/p>\n<h2 dir=\"auto\"><span style=\"color: #800000;\">Ako je N\u00e1u\u010dn\u00fd chodn\u00edk Z\u00e1dielska ties\u0148ava zna\u010den\u00fd a ko\u013eko \u010dasu zaberie jeho prejdenie?<\/span><\/h2>\n<p dir=\"auto\">V ter\u00e9ne je chodn\u00edk ozna\u010den\u00fd prie\u010dnym <strong>zelen\u00fdm p\u00e1som v bielom \u0161tvorcovom poli<\/strong> a n\u00e1jdete ho aj na tabuliach jednotliv\u00fdch zast\u00e1vok. Cel\u00fd okruh zvl\u00e1dnete pohodlne za <strong>4\u20135 hod\u00edn<\/strong>.<\/p>\n<h2 dir=\"auto\"><span style=\"color: #800000;\">Prech\u00e1dza N\u00e1u\u010dn\u00fd chodn\u00edk Z\u00e1dielska ties\u0148ava popri hrade alebo hradisku?<\/span><\/h2>\n<p dir=\"auto\">\u00c1no, jedna zo zast\u00e1vok sa nach\u00e1dza priamo na <strong>Z\u00e1dielskom hradisku<\/strong> (r\u00e1zcestn\u00edk Okr\u00fahly laz, 600 m n. m.). Ide o jedno z najstar\u0161\u00edch a najv\u00e4\u010d\u0161\u00edch pravek\u00fdch slovensk\u00fdch hrad\u00edsk, ktor\u00e9 v minulosti sl\u00fa\u017eilo na kontrolu strategick\u00e9ho prechodu medzi Ko\u0161ickou a Ro\u017e\u0148avskou kotlinou.<\/p>\n<h2 dir=\"auto\"><span style=\"color: #800000;\">M\u00f4\u017eem z N\u00e1u\u010dn\u00e9ho chodn\u00edka Z\u00e1dielska ties\u0148ava pokra\u010dova\u0165 \u010falej na t\u00faru?<\/span><\/h2>\n<p dir=\"auto\">Ur\u010dite! Fyzicky zdatn\u00ed turisti m\u00f4\u017eu z r\u00e1zcestia Okr\u00fahly laz pokra\u010dova\u0165 v\u00fdchodn\u00fdm smerom po okraji <strong>Z\u00e1dielskej planiny<\/strong> a po hrebeni zost\u00fapi\u0165 a\u017e k zr\u00facanin\u00e1m <strong>Turnianskeho hradu<\/strong> po trase <strong>modr\u00e9ho turistick\u00e9ho chodn\u00edka<\/strong>.<\/p>\n<h2 dir=\"auto\"><span style=\"color: #800000;\">Kde s\u00fa najkraj\u0161ie vyhliadky pri N\u00e1u\u010dnom chodn\u00edku Z\u00e1dielska ties\u0148ava?<\/span><\/h2>\n<p dir=\"auto\">Na modrej turistickej trase medzi r\u00e1zcestn\u00edkom Okr\u00fahly laz (600 m n. m.) a Turnianskym hradom n\u00e1jdete mno\u017estvo n\u00e1dhern\u00fdch v\u00fdh\u013eadov\u00fdch miest. Medzi najv\u00fdznamnej\u0161ie patria <strong>Z\u00e1dielsk\u00e1 vyhliadka na Krkav\u010d\u00edch skal\u00e1ch<\/strong> (570\u2013600 m n. m.) a <strong>Z\u00e1dielsky kame\u0148<\/strong> (601 m n. m.).<\/p>\n<h2 dir=\"auto\"><span style=\"color: #800000;\">Kam sa d\u00e1 \u00eds\u0165 zo Z\u00e1dielskej ties\u0148avy \u010falej na sever?<\/span><\/h2>\n<p dir=\"auto\">Severn\u00fdm smerom m\u00f4\u017eete pokra\u010dova\u0165 k obci Ha\u010dava po \u010fal\u0161om peknom <strong>n\u00e1u\u010dnom chodn\u00edku Horn\u00e9 l\u00faky<\/strong>.<\/p>\n<h2 dir=\"auto\"><span style=\"color: #800000;\">\u010co sa dozviete na informa\u010dn\u00fdch paneloch N\u00e1u\u010dn\u00e9ho chodn\u00edka Z\u00e1dielska ties\u0148ava?<\/span><\/h2>\n<h3 dir=\"auto\"><span style=\"color: #808000;\">N\u00e1u\u010dn\u00fd chodn\u00edk pozost\u00e1va zo <strong>7 informa\u010dn\u00fdch panelov<\/strong>:<\/span><\/h3>\n<ol dir=\"auto\">\n<li>venovan\u00fd inform\u00e1ci\u00e1m o <strong>N\u00e1rodnej pr\u00edrodnej rezerv\u00e1cii Z\u00e1dielska ties\u0148ava<\/strong>,<\/li>\n<li>geomorfol\u00f3gii ties\u0148avy a planiny,<\/li>\n<li>unik\u00e1tnej <strong>fl\u00f3re<\/strong>,<\/li>\n<li>pestrej <strong>faune<\/strong>,<\/li>\n<li>sp\u00f4sobom obhospodarovania \u00fazemia,<\/li>\n<li>zauj\u00edmav\u00fdm <strong>krasov\u00fdm javom<\/strong>,<\/li>\n<li>hist\u00f3rii os\u00eddlenia a <strong>Z\u00e1dielskemu hradisku<\/strong>.<\/li>\n<\/ol>\n<h2><span style=\"color: #800000;\">Fotogal\u00e9ria<\/span><\/h2>\n<style type=\"text\/css\">\n#foogallery-gallery-29141 .fg-image { width: 200px; }<\/style>\n\t\t\t<div class=\"foogallery foogallery-container foogallery-carousel foogallery-lightbox-foogallery fg-carousel fg-ready fg-light fg-border-medium fg-round-small fg-shadow-medium fg-loading-default fg-loaded-fade-in fg-hover-semi-zoomed fg-hover-fade fg-hover-circle-plus2\" id=\"foogallery-gallery-29141\" data-foogallery=\"{&quot;item&quot;:{&quot;showCaptionTitle&quot;:true,&quot;showCaptionDescription&quot;:true},&quot;lazy&quot;:true,&quot;template&quot;:{&quot;maxItems&quot;:5,&quot;scale&quot;:0.11999999999999999555910790149937383830547332763671875,&quot;gutter&quot;:{&quot;min&quot;:-40,&quot;max&quot;:-20,&quot;unit&quot;:&quot;%&quot;},&quot;autoplay&quot;:{&quot;time&quot;:0,&quot;interaction&quot;:&quot;pause&quot;},&quot;centerOnClick&quot;:true,&quot;align&quot;:&quot;center&quot;,&quot;activePosition&quot;:&quot;center&quot;}}\" data-foogallery-lightbox=\"{&quot;thumbs&quot;:&quot;bottom&quot;,&quot;thumbsCaptions&quot;:false,&quot;thumbsBestFit&quot;:false,&quot;thumbsSmall&quot;:false,&quot;thumbsCaptionsAlign&quot;:&quot;default&quot;,&quot;info&quot;:&quot;bottom&quot;,&quot;infoVisible&quot;:true,&quot;infoOverlay&quot;:true,&quot;infoAlign&quot;:&quot;default&quot;,&quot;transition&quot;:&quot;fade&quot;,&quot;hoverButtons&quot;:false,&quot;fitMedia&quot;:false,&quot;noScrollbars&quot;:true,&quot;preserveButtonSpace&quot;:true,&quot;buttons&quot;:{&quot;fullscreen&quot;:true,&quot;info&quot;:true,&quot;thumbs&quot;:false},&quot;video&quot;:{&quot;autoPlay&quot;:true}}\" style=\"--fg-title-line-clamp: 1; --fg-description-line-clamp: 2;\" >\n\t<button type=\"button\" class=\"fg-carousel-prev\" title=\"Previous\"><\/button>\n\t<div class=\"fg-carousel-inner\">\n\t\t<div class=\"fg-carousel-center\"><\/div>\n\t\t<div class=\"fg-item fg-type-image fg-idle\"><figure class=\"fg-item-inner\"><a href=\"https:\/\/www.slovensky-kras.eu\/info\/wp-content\/uploads\/2025\/09\/zadiel20.jpg\" data-attachment-id=\"27765\" data-type=\"image\" class=\"fg-thumb\"><span class=\"fg-image-wrap\"><img decoding=\"async\" alt=\"N\u00e1u\u010dn\u00fd chodn\u00edk Z\u00e1dielska ties\u0148ava\" width=\"200\" height=\"200\" class=\"skip-lazy fg-image\" data-src-fg=\"https:\/\/www.slovensky-kras.eu\/info\/wp-content\/uploads\/cache\/2025\/09\/zadiel20\/402823055.jpg\" src=\"data:image\/svg+xml,%3Csvg%20xmlns%3D%22http%3A%2F%2Fwww.w3.org%2F2000%2Fsvg%22%20width%3D%22200%22%20height%3D%22200%22%20viewBox%3D%220%200%20200%20200%22%3E%3C%2Fsvg%3E\" loading=\"eager\"><\/span><span class=\"fg-image-overlay\"><\/span><\/a><\/figure><div class=\"fg-loader\"><\/div><\/div><div class=\"fg-item fg-type-image fg-idle\"><figure class=\"fg-item-inner\"><a href=\"https:\/\/www.slovensky-kras.eu\/info\/wp-content\/uploads\/2021\/12\/zadielska-dolina2.png\" data-attachment-id=\"21535\" data-type=\"image\" class=\"fg-thumb\"><span class=\"fg-image-wrap\"><img decoding=\"async\" alt=\"Z\u00e1dielska ties\u0148ava\" width=\"200\" height=\"200\" class=\"skip-lazy fg-image\" data-src-fg=\"https:\/\/www.slovensky-kras.eu\/info\/wp-content\/uploads\/cache\/2021\/12\/zadielska-dolina2\/2738633069.png\" src=\"data:image\/svg+xml,%3Csvg%20xmlns%3D%22http%3A%2F%2Fwww.w3.org%2F2000%2Fsvg%22%20width%3D%22200%22%20height%3D%22200%22%20viewBox%3D%220%200%20200%20200%22%3E%3C%2Fsvg%3E\" loading=\"eager\"><\/span><span class=\"fg-image-overlay\"><\/span><\/a><\/figure><div class=\"fg-loader\"><\/div><\/div><div class=\"fg-item fg-type-image fg-idle\"><figure class=\"fg-item-inner\"><a href=\"https:\/\/www.slovensky-kras.eu\/info\/wp-content\/uploads\/2020\/12\/zadielske-hradisko.jpg\" data-attachment-id=\"19174\" data-type=\"image\" class=\"fg-thumb\"><span class=\"fg-image-wrap\"><img decoding=\"async\" alt=\"Z\u00e1dielske hradisko\" width=\"200\" height=\"200\" class=\"skip-lazy fg-image\" data-src-fg=\"https:\/\/www.slovensky-kras.eu\/info\/wp-content\/uploads\/cache\/2020\/12\/zadielske-hradisko\/4266868095.jpg\" src=\"data:image\/svg+xml,%3Csvg%20xmlns%3D%22http%3A%2F%2Fwww.w3.org%2F2000%2Fsvg%22%20width%3D%22200%22%20height%3D%22200%22%20viewBox%3D%220%200%20200%20200%22%3E%3C%2Fsvg%3E\" loading=\"eager\"><\/span><span class=\"fg-image-overlay\"><\/span><\/a><\/figure><div class=\"fg-loader\"><\/div><\/div><div class=\"fg-item fg-type-image fg-idle\"><figure class=\"fg-item-inner\"><a href=\"https:\/\/www.slovensky-kras.eu\/info\/wp-content\/uploads\/2020\/12\/zadielska-planina3.jpeg\" data-attachment-id=\"19317\" data-type=\"image\" class=\"fg-thumb\"><span class=\"fg-image-wrap\"><img decoding=\"async\" width=\"200\" height=\"200\" class=\"skip-lazy fg-image\" data-src-fg=\"https:\/\/www.slovensky-kras.eu\/info\/wp-content\/uploads\/cache\/2020\/12\/zadielska-planina3\/230247208.jpeg\" src=\"data:image\/svg+xml,%3Csvg%20xmlns%3D%22http%3A%2F%2Fwww.w3.org%2F2000%2Fsvg%22%20width%3D%22200%22%20height%3D%22200%22%20viewBox%3D%220%200%20200%20200%22%3E%3C%2Fsvg%3E\" loading=\"eager\"><\/span><span class=\"fg-image-overlay\"><\/span><\/a><\/figure><div class=\"fg-loader\"><\/div><\/div><div class=\"fg-item fg-type-image fg-idle\"><figure class=\"fg-item-inner\"><a href=\"https:\/\/www.slovensky-kras.eu\/info\/wp-content\/uploads\/2020\/12\/zadielska-planina2.jpeg\" data-attachment-id=\"19316\" data-type=\"image\" class=\"fg-thumb\"><span class=\"fg-image-wrap\"><img decoding=\"async\" width=\"200\" height=\"200\" class=\"skip-lazy fg-image\" data-src-fg=\"https:\/\/www.slovensky-kras.eu\/info\/wp-content\/uploads\/cache\/2020\/12\/zadielska-planina2\/628431725.jpeg\" src=\"data:image\/svg+xml,%3Csvg%20xmlns%3D%22http%3A%2F%2Fwww.w3.org%2F2000%2Fsvg%22%20width%3D%22200%22%20height%3D%22200%22%20viewBox%3D%220%200%20200%20200%22%3E%3C%2Fsvg%3E\" loading=\"eager\"><\/span><span class=\"fg-image-overlay\"><\/span><\/a><\/figure><div class=\"fg-loader\"><\/div><\/div><div class=\"fg-item fg-type-image fg-idle\"><figure class=\"fg-item-inner\"><a href=\"https:\/\/www.slovensky-kras.eu\/info\/wp-content\/uploads\/2020\/12\/zadielska-planina.jpeg\" data-attachment-id=\"19315\" data-type=\"image\" class=\"fg-thumb\"><span class=\"fg-image-wrap\"><img decoding=\"async\" width=\"200\" height=\"200\" class=\"skip-lazy fg-image\" data-src-fg=\"https:\/\/www.slovensky-kras.eu\/info\/wp-content\/uploads\/cache\/2020\/12\/zadielska-planina\/3554050868.jpeg\" src=\"data:image\/svg+xml,%3Csvg%20xmlns%3D%22http%3A%2F%2Fwww.w3.org%2F2000%2Fsvg%22%20width%3D%22200%22%20height%3D%22200%22%20viewBox%3D%220%200%20200%20200%22%3E%3C%2Fsvg%3E\" loading=\"eager\"><\/span><span class=\"fg-image-overlay\"><\/span><\/a><\/figure><div class=\"fg-loader\"><\/div><\/div><div class=\"fg-item fg-type-image fg-idle\"><figure class=\"fg-item-inner\"><a href=\"https:\/\/www.slovensky-kras.eu\/info\/wp-content\/uploads\/2020\/12\/zadiel-orosz.jpg\" data-attachment-id=\"19369\" data-type=\"image\" class=\"fg-thumb\"><span class=\"fg-image-wrap\"><img decoding=\"async\" width=\"200\" height=\"200\" class=\"skip-lazy fg-image\" data-src-fg=\"https:\/\/www.slovensky-kras.eu\/info\/wp-content\/uploads\/cache\/2020\/12\/zadiel-orosz\/3268357925.jpg\" src=\"data:image\/svg+xml,%3Csvg%20xmlns%3D%22http%3A%2F%2Fwww.w3.org%2F2000%2Fsvg%22%20width%3D%22200%22%20height%3D%22200%22%20viewBox%3D%220%200%20200%20200%22%3E%3C%2Fsvg%3E\" loading=\"eager\"><\/span><span class=\"fg-image-overlay\"><\/span><\/a><\/figure><div class=\"fg-loader\"><\/div><\/div><div class=\"fg-item fg-type-image fg-idle\"><figure class=\"fg-item-inner\"><a href=\"https:\/\/www.slovensky-kras.eu\/info\/wp-content\/uploads\/2021\/12\/zadielska-vyhliadka1.jpg\" data-attachment-id=\"21529\" data-type=\"image\" class=\"fg-thumb\"><span class=\"fg-image-wrap\"><img decoding=\"async\" alt=\"Z\u00e1dielska vyhliadka na Krkav\u010d\u00edch skal\u00e1ch (570-600 m n.m.)\" width=\"200\" height=\"200\" class=\"skip-lazy fg-image\" data-src-fg=\"https:\/\/www.slovensky-kras.eu\/info\/wp-content\/uploads\/cache\/2021\/12\/zadielska-vyhliadka1\/2880760083.jpg\" src=\"data:image\/svg+xml,%3Csvg%20xmlns%3D%22http%3A%2F%2Fwww.w3.org%2F2000%2Fsvg%22%20width%3D%22200%22%20height%3D%22200%22%20viewBox%3D%220%200%20200%20200%22%3E%3C%2Fsvg%3E\" loading=\"eager\"><\/span><span class=\"fg-image-overlay\"><\/span><\/a><\/figure><div class=\"fg-loader\"><\/div><\/div><div class=\"fg-item fg-type-image fg-idle\"><figure class=\"fg-item-inner\"><a href=\"https:\/\/www.slovensky-kras.eu\/info\/wp-content\/uploads\/2021\/12\/zadielska-dolina112.jpg\" data-attachment-id=\"21593\" data-type=\"image\" class=\"fg-thumb\"><span class=\"fg-image-wrap\"><img decoding=\"async\" width=\"200\" height=\"200\" class=\"skip-lazy fg-image\" data-src-fg=\"https:\/\/www.slovensky-kras.eu\/info\/wp-content\/uploads\/cache\/2021\/12\/zadielska-dolina112\/1238749123.jpg\" src=\"data:image\/svg+xml,%3Csvg%20xmlns%3D%22http%3A%2F%2Fwww.w3.org%2F2000%2Fsvg%22%20width%3D%22200%22%20height%3D%22200%22%20viewBox%3D%220%200%20200%20200%22%3E%3C%2Fsvg%3E\" loading=\"eager\"><\/span><span class=\"fg-image-overlay\"><\/span><\/a><\/figure><div class=\"fg-loader\"><\/div><\/div><div class=\"fg-item fg-type-image fg-idle\"><figure class=\"fg-item-inner\"><a href=\"https:\/\/www.slovensky-kras.eu\/info\/wp-content\/uploads\/2021\/12\/zadiel-naucny-chodnik.jpg\" data-attachment-id=\"21918\" data-type=\"image\" class=\"fg-thumb\"><span class=\"fg-image-wrap\"><img decoding=\"async\" width=\"200\" height=\"200\" class=\"skip-lazy fg-image\" data-src-fg=\"https:\/\/www.slovensky-kras.eu\/info\/wp-content\/uploads\/cache\/2021\/12\/zadiel-naucny-chodnik\/1016964605.jpg\" src=\"data:image\/svg+xml,%3Csvg%20xmlns%3D%22http%3A%2F%2Fwww.w3.org%2F2000%2Fsvg%22%20width%3D%22200%22%20height%3D%22200%22%20viewBox%3D%220%200%20200%20200%22%3E%3C%2Fsvg%3E\" loading=\"eager\"><\/span><span class=\"fg-image-overlay\"><\/span><\/a><\/figure><div class=\"fg-loader\"><\/div><\/div><div class=\"fg-item fg-type-image fg-idle\"><figure class=\"fg-item-inner\"><a href=\"https:\/\/www.slovensky-kras.eu\/info\/wp-content\/uploads\/2021\/12\/zadiel-naucny-chodnik1.jpg\" data-attachment-id=\"21920\" data-type=\"image\" class=\"fg-thumb\"><span class=\"fg-image-wrap\"><img decoding=\"async\" width=\"200\" height=\"200\" class=\"skip-lazy fg-image\" data-src-fg=\"https:\/\/www.slovensky-kras.eu\/info\/wp-content\/uploads\/cache\/2021\/12\/zadiel-naucny-chodnik1\/360017468.jpg\" src=\"data:image\/svg+xml,%3Csvg%20xmlns%3D%22http%3A%2F%2Fwww.w3.org%2F2000%2Fsvg%22%20width%3D%22200%22%20height%3D%22200%22%20viewBox%3D%220%200%20200%20200%22%3E%3C%2Fsvg%3E\" loading=\"eager\"><\/span><span class=\"fg-image-overlay\"><\/span><\/a><\/figure><div class=\"fg-loader\"><\/div><\/div><div class=\"fg-item fg-type-image fg-idle\"><figure class=\"fg-item-inner\"><a href=\"https:\/\/www.slovensky-kras.eu\/info\/wp-content\/uploads\/2025\/09\/zadiel7.jpg\" data-attachment-id=\"27752\" data-type=\"image\" class=\"fg-thumb\"><span class=\"fg-image-wrap\"><img decoding=\"async\" width=\"200\" height=\"200\" class=\"skip-lazy fg-image\" data-src-fg=\"https:\/\/www.slovensky-kras.eu\/info\/wp-content\/uploads\/cache\/2025\/09\/zadiel7\/4059189624.jpg\" src=\"data:image\/svg+xml,%3Csvg%20xmlns%3D%22http%3A%2F%2Fwww.w3.org%2F2000%2Fsvg%22%20width%3D%22200%22%20height%3D%22200%22%20viewBox%3D%220%200%20200%20200%22%3E%3C%2Fsvg%3E\" loading=\"eager\"><\/span><span class=\"fg-image-overlay\"><\/span><\/a><\/figure><div class=\"fg-loader\"><\/div><\/div><div class=\"fg-item fg-type-image fg-idle\"><figure class=\"fg-item-inner\"><a href=\"https:\/\/www.slovensky-kras.eu\/info\/wp-content\/uploads\/2025\/09\/zadiel21.jpg\" data-attachment-id=\"27766\" data-type=\"image\" class=\"fg-thumb\"><span class=\"fg-image-wrap\"><img decoding=\"async\" width=\"200\" height=\"200\" class=\"skip-lazy fg-image\" data-src-fg=\"https:\/\/www.slovensky-kras.eu\/info\/wp-content\/uploads\/cache\/2025\/09\/zadiel21\/3140723577.jpg\" src=\"data:image\/svg+xml,%3Csvg%20xmlns%3D%22http%3A%2F%2Fwww.w3.org%2F2000%2Fsvg%22%20width%3D%22200%22%20height%3D%22200%22%20viewBox%3D%220%200%20200%20200%22%3E%3C%2Fsvg%3E\" loading=\"eager\"><\/span><span class=\"fg-image-overlay\"><\/span><\/a><\/figure><div class=\"fg-loader\"><\/div><\/div><div class=\"fg-item fg-type-image fg-idle\"><figure class=\"fg-item-inner\"><a href=\"https:\/\/www.slovensky-kras.eu\/info\/wp-content\/uploads\/2025\/09\/zadiel12.jpg\" data-attachment-id=\"27757\" data-type=\"image\" class=\"fg-thumb\"><span class=\"fg-image-wrap\"><img decoding=\"async\" width=\"200\" height=\"200\" class=\"skip-lazy fg-image\" data-src-fg=\"https:\/\/www.slovensky-kras.eu\/info\/wp-content\/uploads\/cache\/2025\/09\/zadiel12\/682025434.jpg\" src=\"data:image\/svg+xml,%3Csvg%20xmlns%3D%22http%3A%2F%2Fwww.w3.org%2F2000%2Fsvg%22%20width%3D%22200%22%20height%3D%22200%22%20viewBox%3D%220%200%20200%20200%22%3E%3C%2Fsvg%3E\" loading=\"eager\"><\/span><span class=\"fg-image-overlay\"><\/span><\/a><\/figure><div class=\"fg-loader\"><\/div><\/div><div class=\"fg-item fg-type-image fg-idle\"><figure class=\"fg-item-inner\"><a href=\"https:\/\/www.slovensky-kras.eu\/info\/wp-content\/uploads\/2025\/09\/zadiel11.jpg\" data-caption-title=\"Cukrov\u00e1 homo\u013ea\" data-caption-desc=\"Poh\u013ead na Cukrov\u00fa homo\u013eu zo Z\u00e1dielskej doliny\" data-attachment-id=\"27756\" data-type=\"image\" class=\"fg-thumb\"><span class=\"fg-image-wrap\"><img decoding=\"async\" title=\"Cukrov\u00e1 homo\u013ea\" width=\"200\" height=\"200\" class=\"skip-lazy fg-image\" data-src-fg=\"https:\/\/www.slovensky-kras.eu\/info\/wp-content\/uploads\/cache\/2025\/09\/zadiel11\/1660779008.jpg\" src=\"data:image\/svg+xml,%3Csvg%20xmlns%3D%22http%3A%2F%2Fwww.w3.org%2F2000%2Fsvg%22%20width%3D%22200%22%20height%3D%22200%22%20viewBox%3D%220%200%20200%20200%22%3E%3C%2Fsvg%3E\" loading=\"eager\"><\/span><span class=\"fg-image-overlay\"><\/span><\/a><figcaption class=\"fg-caption\"><div class=\"fg-caption-inner\"><div class=\"fg-caption-title\">Cukrov\u00e1 homo\u013ea<\/div><div class=\"fg-caption-desc\">Poh\u013ead na Cukrov\u00fa homo\u013eu zo Z\u00e1dielskej doliny<\/div><\/div><\/figcaption><\/figure><div class=\"fg-loader\"><\/div><\/div><div class=\"fg-item fg-type-image fg-idle\"><figure class=\"fg-item-inner\"><a href=\"https:\/\/www.slovensky-kras.eu\/info\/wp-content\/uploads\/2025\/11\/zadielsky-kamen.jpg\" data-attachment-id=\"28528\" data-type=\"image\" class=\"fg-thumb\"><span class=\"fg-image-wrap\"><img decoding=\"async\" alt=\"Z\u00e1dielsky kame\u0148 (601 m n.m.)\" width=\"200\" height=\"200\" class=\"skip-lazy fg-image\" data-src-fg=\"https:\/\/www.slovensky-kras.eu\/info\/wp-content\/uploads\/cache\/2025\/11\/zadielsky-kamen\/1866780242.jpg\" src=\"data:image\/svg+xml,%3Csvg%20xmlns%3D%22http%3A%2F%2Fwww.w3.org%2F2000%2Fsvg%22%20width%3D%22200%22%20height%3D%22200%22%20viewBox%3D%220%200%20200%20200%22%3E%3C%2Fsvg%3E\" loading=\"eager\"><\/span><span class=\"fg-image-overlay\"><\/span><\/a><\/figure><div class=\"fg-loader\"><\/div><\/div>\t<\/div>\n\t<div class=\"fg-carousel-bottom\"><\/div>\n\t<div class=\"fg-carousel-progress\"><\/div>\n\t<button type=\"button\" class=\"fg-carousel-next\" title=\"Next\"><\/button>\n<\/div>\n<h3><span style=\"color: #808000;\">Bl\u00edzke stredisko, turistick\u00e9 centrum, obec alebo mesto:<\/span><\/h3>\n<ul>\n<li><a href=\"http:\/\/www.slovensky-kras.eu\/info\/strediska-a-centra\/obec-zadiel\/\">Obec Z\u00e1diel (\u010d\u00edtaj viac&#8230;)<\/a><\/li>\n<\/ul>\n<ul>\n<li><a href=\"http:\/\/www.slovensky-kras.eu\/info\/strediska-a-centra\/obec-borka\/\">Obec B\u00f4rka (\u010d\u00edtaj viac&#8230;)<\/a><\/li>\n<\/ul>\n<p>K doline vedie 4km dlha asfaltov\u00e1 cesta z obce B\u00f4rka.<\/p>\n<h2><span style=\"color: #800000;\">Mapy<\/span><\/h2>\n<p><strong>Vrstvy: <\/strong>Turistick\u00e1 mapa, Automapa, Cyklomapa, Ly\u017eiarska mapa, Satelitn\u00e1 mapa a OpenStreetMap.<\/p>\n<p><strong>Kliknut\u00edm na logo &#8222;Freemap.sk&#8220; sa V\u00e1m mapa zobraz\u00ed na celej ploche obrazovky.<\/strong><\/p>\n<h2><iframe style=\"width: 900px; height: 600px; border: 0;\" src=\"https:\/\/www.freemap.sk\/?map=14\/48.622641\/20.830808&amp;info-point=48.622641\/20.830808,Z\u00e1dielska dolina&amp;layers=X&amp;embed=search\" allowfullscreen=\"allowfullscreen\"><span data-mce-type=\"bookmark\" style=\"display: inline-block; width: 0px; overflow: hidden; line-height: 0;\" class=\"mce_SELRES_start\">\ufeff<\/span><\/iframe><br \/>\n<strong><br \/>\n<\/strong><span style=\"color: #800000;\">Po\u010dasie<\/span><strong><br \/>\n<\/strong><br \/>\n<iframe style=\"width: 900px; height: 608px;\" src=\"https:\/\/www.meteoblue.com\/sk\/po%C4%8Dasie\/widget\/three\/z%c3%a1diel_slovensk%c3%a1-republika_723113?geoloc=fixed&amp;nocurrent=0&amp;noforecast=0&amp;days=6&amp;tempunit=CELSIUS&amp;windunit=KILOMETER_PER_HOUR&amp;layout=image\" frameborder=\"0\" scrolling=\"NO\" sandbox=\"allow-same-origin allow-scripts allow-popups allow-popups-to-escape-sandbox\"><span data-mce-type=\"bookmark\" style=\"display: inline-block; width: 0px; overflow: hidden; line-height: 0;\" class=\"mce_SELRES_start\">\ufeff<\/span><\/iframe><\/h2>\n<div><!-- DO NOT REMOVE THIS LINK --><a href=\"https:\/\/www.meteoblue.com\/sk\/po%C4%8Dasie\/predpove%C4%8F\/t%C3%BD%C5%BEde%C5%88\/z%c3%a1diel_slovensk%c3%a1-republika_723113?utm_source=weather_widget&amp;utm_medium=linkus&amp;utm_content=three&amp;utm_campaign=Weather%2BWidget\" target=\"_blank\" rel=\"noopener noreferrer\">meteoblue<\/a><\/div>\n","protected":false},"excerpt":{"rendered":"<p>Menu: N\u00e1u\u010dn\u00e9 chodn\u00edky N\u00e1u\u010dn\u00fd chodn\u00edk Z\u00e1dielska ties\u0148ava za\u010d\u00edna hne\u010f za obcou Z\u00e1diel a vedie na sever cez \u00fachvatn\u00fa Z\u00e1dielsku ties\u0148avu proti toku Blatnick\u00e9ho potoka. T\u00e1to trasa je ide\u00e1lna pre v\u0161etk\u00fdch, [&hellip;]<\/p>\n","protected":false},"author":1,"featured_media":27765,"parent":11,"menu_order":0,"comment_status":"closed","ping_status":"open","template":"","meta":{"_uag_custom_page_level_css":"","footnotes":""},"class_list":["post-830","page","type-page","status-publish","has-post-thumbnail","hentry"],"featured_image_src":"https:\/\/www.slovensky-kras.eu\/info\/wp-content\/uploads\/2025\/09\/zadiel20.jpg","featured_image_src_square":"https:\/\/www.slovensky-kras.eu\/info\/wp-content\/uploads\/2025\/09\/zadiel20.jpg","rbea_author_info":{"display_name":"admin","author_link":"https:\/\/www.slovensky-kras.eu\/info\/author\/admin\/"},"rbea_excerpt_info":"Menu: N\u00e1u\u010dn\u00e9 chodn\u00edky N\u00e1u\u010dn\u00fd chodn\u00edk Z\u00e1dielska ties\u0148ava za\u010d\u00edna hne\u010f za obcou Z\u00e1diel a vedie na sever cez \u00fachvatn\u00fa Z\u00e1dielsku ties\u0148avu proti toku Blatnick\u00e9ho potoka. T\u00e1to trasa je ide\u00e1lna pre v\u0161etk\u00fdch, [&hellip;]","uagb_featured_image_src":{"full":["https:\/\/www.slovensky-kras.eu\/info\/wp-content\/uploads\/2025\/09\/zadiel20.jpg",1000,750,false],"thumbnail":["https:\/\/www.slovensky-kras.eu\/info\/wp-content\/uploads\/2025\/09\/zadiel20-150x150.jpg",150,150,true],"medium":["https:\/\/www.slovensky-kras.eu\/info\/wp-content\/uploads\/2025\/09\/zadiel20-800x600.jpg",800,600,true],"medium_large":["https:\/\/www.slovensky-kras.eu\/info\/wp-content\/uploads\/2025\/09\/zadiel20-768x576.jpg",768,576,true],"large":["https:\/\/www.slovensky-kras.eu\/info\/wp-content\/uploads\/2025\/09\/zadiel20.jpg",1000,750,false],"1536x1536":["https:\/\/www.slovensky-kras.eu\/info\/wp-content\/uploads\/2025\/09\/zadiel20.jpg",1000,750,false],"2048x2048":["https:\/\/www.slovensky-kras.eu\/info\/wp-content\/uploads\/2025\/09\/zadiel20.jpg",1000,750,false]},"uagb_author_info":{"display_name":"admin","author_link":"https:\/\/www.slovensky-kras.eu\/info\/author\/admin\/"},"uagb_comment_info":0,"uagb_excerpt":"Menu: N\u00e1u\u010dn\u00e9 chodn\u00edky N\u00e1u\u010dn\u00fd chodn\u00edk Z\u00e1dielska ties\u0148ava za\u010d\u00edna hne\u010f za obcou Z\u00e1diel a vedie na sever cez \u00fachvatn\u00fa Z\u00e1dielsku ties\u0148avu proti toku Blatnick\u00e9ho potoka. T\u00e1to trasa je ide\u00e1lna pre v\u0161etk\u00fdch, [&hellip;]","_links":{"self":[{"href":"https:\/\/www.slovensky-kras.eu\/info\/wp-json\/wp\/v2\/pages\/830","targetHints":{"allow":["GET"]}}],"collection":[{"href":"https:\/\/www.slovensky-kras.eu\/info\/wp-json\/wp\/v2\/pages"}],"about":[{"href":"https:\/\/www.slovensky-kras.eu\/info\/wp-json\/wp\/v2\/types\/page"}],"author":[{"embeddable":true,"href":"https:\/\/www.slovensky-kras.eu\/info\/wp-json\/wp\/v2\/users\/1"}],"replies":[{"embeddable":true,"href":"https:\/\/www.slovensky-kras.eu\/info\/wp-json\/wp\/v2\/comments?post=830"}],"version-history":[{"count":7,"href":"https:\/\/www.slovensky-kras.eu\/info\/wp-json\/wp\/v2\/pages\/830\/revisions"}],"predecessor-version":[{"id":29142,"href":"https:\/\/www.slovensky-kras.eu\/info\/wp-json\/wp\/v2\/pages\/830\/revisions\/29142"}],"up":[{"embeddable":true,"href":"https:\/\/www.slovensky-kras.eu\/info\/wp-json\/wp\/v2\/pages\/11"}],"wp:featuredmedia":[{"embeddable":true,"href":"https:\/\/www.slovensky-kras.eu\/info\/wp-json\/wp\/v2\/media\/27765"}],"wp:attachment":[{"href":"https:\/\/www.slovensky-kras.eu\/info\/wp-json\/wp\/v2\/media?parent=830"}],"curies":[{"name":"wp","href":"https:\/\/api.w.org\/{rel}","templated":true}]}}