{"id":7926,"date":"2016-02-23T15:22:57","date_gmt":"2016-02-23T14:22:57","guid":{"rendered":"http:\/\/www.slovensky-kras.eu\/info\/?page_id=7926"},"modified":"2026-06-21T06:11:48","modified_gmt":"2026-06-21T04:11:48","slug":"banicke-muzeum-v-roznave","status":"publish","type":"page","link":"https:\/\/www.slovensky-kras.eu\/info\/muzea-kutlura-a-umenie\/banicke-muzeum-v-roznave\/","title":{"rendered":"Ban\u00edcke m\u00fazeum v Ro\u017e\u0148ave"},"content":{"rendered":"<p><strong>Menu: <\/strong><a href=\"http:\/\/www.slovensky-kras.eu\/info\/\" class=\"su-button su-button-style-default\" style=\"color:#000000;background-color:#FFCF2F;border-color:#cca626;border-radius:5px\" target=\"_self\"><span style=\"color:#000000;padding:6px 16px;font-size:13px;line-height:20px;border-color:#ffde6e;border-radius:5px;text-shadow:none\"><i class=\"sui sui-arrow-right\" style=\"font-size:13px;color:#000000\"><\/i>  \u00davod \/ Aktuality <\/span><\/a>\n<a href=\"http:\/\/www.slovensky-kras.eu\/info\/muzea-kutlura-a-umenie\/\" class=\"su-button su-button-style-default\" style=\"color:#000000;background-color:#FFCF2F;border-color:#cca626;border-radius:5px\" target=\"_self\"><span style=\"color:#000000;padding:6px 16px;font-size:13px;line-height:20px;border-color:#ffde6e;border-radius:5px;text-shadow:none\"><i class=\"sui sui-arrow-right\" style=\"font-size:13px;color:#000000\"><\/i>  M\u00faze\u00e1, kutl\u00fara a &#8230; <\/span><\/a>\n<div class=\"su-divider su-divider-style-default\" style=\"margin:15px 0;border-width:2px;border-color:#000000\"><\/div>\n<div class=\"su-divider su-divider-style-default\" style=\"margin:15px 0;border-width:2px;border-color:#000000\"><\/div>\n<strong>M\u00faze\u00e1 a obraz\u00e1rne<\/strong><br \/>\n<div class=\"su-divider su-divider-style-default\" style=\"margin:15px 0;border-width:2px;border-color:#000000\"><\/div>\n<figure id=\"attachment_14589\" aria-describedby=\"caption-attachment-14589\" style=\"width: 900px\" class=\"wp-caption aligncenter\"><a href=\"https:\/\/www.slovensky-kras.eu\/info\/wp-content\/uploads\/2018\/06\/Budova-Ban\u00edckeho-m\u00fazea-v-Ro\u017e\u0148ave.jpg\"><img loading=\"lazy\" decoding=\"async\" class=\"wp-image-14589\" src=\"http:\/\/www.slovensky-kras.eu\/info\/wp-content\/uploads\/2018\/06\/Budova-Ban\u00edckeho-m\u00fazea-v-Ro\u017e\u0148ave-800x530.jpg\" alt=\"Ban\u00edcke m\u00fazeum v Ro\u017e\u0148ave\" width=\"900\" height=\"596\" srcset=\"https:\/\/www.slovensky-kras.eu\/info\/wp-content\/uploads\/2018\/06\/Budova-Ban\u00edckeho-m\u00fazea-v-Ro\u017e\u0148ave-800x530.jpg 800w, https:\/\/www.slovensky-kras.eu\/info\/wp-content\/uploads\/2018\/06\/Budova-Ban\u00edckeho-m\u00fazea-v-Ro\u017e\u0148ave-768x508.jpg 768w, https:\/\/www.slovensky-kras.eu\/info\/wp-content\/uploads\/2018\/06\/Budova-Ban\u00edckeho-m\u00fazea-v-Ro\u017e\u0148ave-425x281.jpg 425w, https:\/\/www.slovensky-kras.eu\/info\/wp-content\/uploads\/2018\/06\/Budova-Ban\u00edckeho-m\u00fazea-v-Ro\u017e\u0148ave.jpg 1000w\" sizes=\"auto, (max-width: 900px) 100vw, 900px\" \/><\/a><figcaption id=\"caption-attachment-14589\" class=\"wp-caption-text\">Bansko-hutn\u00edcka, Pr\u00edrodn\u00e1 expoz\u00edcia\u201d a Bansk\u00e9 pracovisk\u00e1<\/figcaption><\/figure>\n<div class=\"su-divider su-divider-style-default\" style=\"margin:15px 0;border-width:2px;border-color:#000000\"><\/div>\n<h2 data-path-to-node=\"1\"><span style=\"color: #800000;\">Zost\u00fapte do hlb\u00edn hist\u00f3rie: Tajomstv\u00e1 Gemera \u010dakaj\u00fa!<\/span><\/h2>\n<p data-path-to-node=\"2\">Predstavte si, \u017ee kr\u00e1\u010date tmav\u00fdmi bansk\u00fdmi chodbami, kde pred storo\u010diami cinkali kromp\u00e1\u010de a duneli parn\u00e9 stroje.<\/p>\n<p data-path-to-node=\"2\"><b data-path-to-node=\"2\" data-index-in-node=\"113\">Ban\u00edcke m\u00fazeum v Ro\u017e\u0148ave<\/b> v\u00e1s prenesie priamo do srdca banskej hist\u00f3rie prostredn\u00edctvom unik\u00e1tneho <b data-path-to-node=\"2\" data-index-in-node=\"211\">Z\u00e1\u017eitkov\u00e9ho centra SENTINEL<\/b>.<\/p>\n<p data-path-to-node=\"2\">Objav\u00edte tu nielen <b data-path-to-node=\"2\" data-index-in-node=\"259\">najstar\u0161iu budovu m\u00fazea<\/b> v strednej Eur\u00f3pe, ale aj vz\u00e1cny <b data-path-to-node=\"2\" data-index-in-node=\"316\">Franti\u0161kin \u00fatulok<\/b> \u010di historick\u00fa manufakt\u00faru pln\u00fa pokladov.<\/p>\n<p data-path-to-node=\"2\">\u010cak\u00e1 na v\u00e1s skuto\u010dn\u00e1 <b data-path-to-node=\"2\" data-index-in-node=\"396\">bansk\u00e1 \u017eelezni\u010dka<\/b>, tajomstv\u00e1 Slovensk\u00e9ho krasu a fascinuj\u00face bansk\u00e9 pracovisk\u00e1 pod zemou.<\/p>\n<p data-path-to-node=\"2\">Zba\u013ete rodinu a za\u017eite <b data-path-to-node=\"2\" data-index-in-node=\"509\">nezabudnute\u013en\u00e9 dobrodru\u017estvo<\/b>, na ktor\u00e9 v regi\u00f3ne Gemer tak skoro nezabudnete!<\/p>\n<h2><span style=\"color: #800000;\">Objavte fascinuj\u00faci svet ban\u00edctva: Ban\u00edcke m\u00fazeum v Ro\u017e\u0148ave ukr\u00fdva jedine\u010dn\u00e9 poklady Gemera<\/span><\/h2>\n<p class=\"isSelectedEnd\"><strong>Ban\u00edcke m\u00fazeum v Ro\u017e\u0148ave<\/strong> patr\u00ed medzi <strong>tri \u0161pecializovan\u00e9 ban\u00edcke m\u00faze\u00e1 na Slovensku<\/strong>.<\/p>\n<p class=\"isSelectedEnd\">Z\u00e1rove\u0148 pln\u00ed funkciu <strong>okresn\u00e9ho vlastivedn\u00e9ho m\u00fazea<\/strong> so zameran\u00edm na <strong>ban\u00edctvo a hutn\u00edctvo Gemera<\/strong>.<\/p>\n<p class=\"isSelectedEnd\">M\u00fazeum vzniklo v <strong>roku 1902<\/strong> spojen\u00edm mestsk\u00e9ho a bansko-hutn\u00edckeho m\u00fazea. Jeho zakladate\u013eom bol vtedaj\u0161\u00ed riadite\u013e gemersk\u00fdch ban\u00ed na \u017delezn\u00edku, <strong>Gust\u00e1v Eisele<\/strong>.<\/p>\n<p class=\"isSelectedEnd\">Prv\u00e1 expoz\u00edcia venovan\u00e1 <strong>ban\u00edctvu a hutn\u00edctvu<\/strong> bola pre verejnos\u0165 spr\u00edstupnen\u00e1 a\u017e v <strong>roku 1912<\/strong>.<\/p>\n<p class=\"isSelectedEnd\">V s\u00fa\u010dasnosti m\u00fazeum tvor\u00ed <strong>\u0161tyri st\u00e1le expoz\u00edcie<\/strong>, <strong>gal\u00e9ria<\/strong> a modern\u00e9 <strong>Z\u00e1\u017eitkov\u00e9 centrum SENTINEL<\/strong>. Spravuje rozsiahle zbierky z oblasti <strong>archeol\u00f3gie, hist\u00f3rie, dej\u00edn umenia a techniky<\/strong>, ktor\u00e9 m\u00f4\u017eu n\u00e1v\u0161tevn\u00edci obdivova\u0165 v nieko\u013ek\u00fdch samostatn\u00fdch expoz\u00edci\u00e1ch.<\/p>\n<p class=\"isSelectedEnd\">Poslan\u00edm <strong>Ban\u00edckeho m\u00fazea v Ro\u017e\u0148ave<\/strong> je zachov\u00e1va\u0165 nielen v\u00fdznamn\u00e9 pamiatky <strong>ban\u00edctva a hutn\u00edctva<\/strong>, ale aj cenn\u00e9 zbierkov\u00e9 predmety z r\u00f4znych vedn\u00fdch a kult\u00farnych discipl\u00edn.<\/p>\n<p>M\u00fazeum sa zameriava predov\u0161etk\u00fdm na dokument\u00e1ciu <strong>ban\u00edctva a hutn\u00edctva Spi\u0161sko-gemersk\u00e9ho rudohoria<\/strong> a z\u00e1rove\u0148 systematicky zhroma\u017e\u010fuje a prezentuje <strong>v\u00fdtvarn\u00e9 diela sp\u00e4t\u00e9 s regi\u00f3nom Gemer<\/strong>.<\/p>\n<h2 dir=\"auto\"><span style=\"color: #800000;\">\u010co je Z\u00e1\u017eitkov\u00e9 centrum SENTINEL v Ban\u00edckom m\u00fazeu v Ro\u017e\u0148ave?<\/span><\/h2>\n<p dir=\"auto\"><strong>Z\u00e1\u017eitkov\u00e9 centrum SENTINEL<\/strong> bolo vytvoren\u00e9 rekon\u0161trukciou objektov <strong>Ban\u00edckeho m\u00fazea v Ro\u017e\u0148ave<\/strong> v rokoch 2015 \u2013 2017.<\/p>\n<p dir=\"auto\"><strong>Zah\u0155\u0148a tieto objekty:<\/strong><\/p>\n<ul dir=\"auto\">\n<li>Expoz\u00edcia ban\u00edctva a hutn\u00edctva Gemera<\/li>\n<li>\u010cas pary v Ban\u00edckom m\u00fazeu<\/li>\n<li>Bansk\u00e9 pracovisk\u00e1<\/li>\n<li>Expoz\u00edcia pr\u00edrody Slovensk\u00e9ho krasu a pri\u013eahl\u00fdch oblast\u00ed<\/li>\n<li>N\u00e1dvorie, kde s\u00fa umiestnen\u00e9 bansk\u00e9 mechanizmy a bansk\u00e1 \u017eelezni\u010dka<\/li>\n<\/ul>\n<h2 dir=\"auto\"><span style=\"color: #800000;\">Kde n\u00e1jdem bansko-hutn\u00edcku expoz\u00edciu a \u010do v\u0161etko v nej uvid\u00edm?<\/span><\/h2>\n<p dir=\"auto\">Bansko-hutn\u00edcka expoz\u00edcia je in\u0161talovan\u00e1 v najstar\u0161ej stavbe v strednej Eur\u00f3pe postavenej \u0161peci\u00e1lne pre ban\u00edcke a hutn\u00edcke m\u00fazejn\u00edctvo.<\/p>\n<p dir=\"auto\">Predstavuje hist\u00f3riu gemersk\u00e9ho ban\u00edctva a hutn\u00edctva od praveku po s\u00fa\u010dasnos\u0165 s uk\u00e1\u017ekami prvotn\u00fdch dob\u00fdvac\u00edch pracovn\u00fdch n\u00e1strojov, dopravn\u00fdch prostriedkov, banskej mera\u010dskej a osvet\u013eovacej techniky.<\/p>\n<p dir=\"auto\">Jej neoddelite\u013enou s\u00fa\u010das\u0165ou s\u00fa bansk\u00e9 pracovisk\u00e1 v pivni\u010dn\u00fdch priestoroch, zn\u00e1zor\u0148uj\u00face bansk\u00e9 diela v podzem\u00ed s \u010delbami (odborn\u00fd term\u00edn pre \u010delov\u00fa stenu pri razen\u00ed chodby) bansk\u00fdch pracov\u00edsk pri dob\u00fdvan\u00ed \u017eelezn\u00fdch r\u00fad a magnezitu, vr\u00e1tane zariaden\u00ed a pracovn\u00fdch n\u00e1strojov.<\/p>\n<ul dir=\"auto\">\n<li><a href=\"https:\/\/www.banmuz.sk\/informacie\/otvaracie-hodiny-a-vstupne\" target=\"_blank\" rel=\"noopener\">Otv\u00e1racie hodiny a vstupn\u00e9 + kontakt a adresa (\u010d\u00edtaj viac&#8230;<\/a>)<\/li>\n<\/ul>\n<h2 dir=\"auto\"><span style=\"color: #800000;\">\u010co pon\u00faka Expoz\u00edcia pr\u00edrody Slovensk\u00e9ho krasu a pri\u013eahl\u00fdch oblast\u00ed?<\/span><\/h2>\n<p dir=\"auto\">Expoz\u00edcia pr\u00edrody Slovensk\u00e9ho krasu a pri\u013eahl\u00fdch oblast\u00ed prezentuje pr\u00edrodn\u00e9 danosti a kr\u00e1sy tohto \u00fazemia.<\/p>\n<p dir=\"auto\">In\u0161talovan\u00e1 je v budove postavenej v roku 1904 ako \u00fatulok pre chudobn\u00fdch, zn\u00e1mej ako \u201eFranti\u0161kin \u00fatulok\u201c.<\/p>\n<p dir=\"auto\">\u017div\u00fa pr\u00edrodu prezentuj\u00fa botanick\u00e9 a zoologick\u00e9 spolo\u010denstv\u00e1 usporiadan\u00e9 pod\u013ea biotopov.<\/p>\n<p dir=\"auto\">Geologick\u00e9 doby a \u00fatvary, ako aj geologick\u00fa stavbu Spi\u0161sko-gemersk\u00e9ho Rudohoria a v\u00fdskyt nerastn\u00fdch surov\u00edn dokumentuje fond ne\u017eivej pr\u00edrody.<\/p>\n<ul dir=\"auto\">\n<li><a href=\"https:\/\/www.banmuz.sk\/informacie\/otvaracie-hodiny-a-vstupne\" target=\"_blank\" rel=\"noopener\">Otv\u00e1racie hodiny a vstupn\u00e9 + kontakt a adresa (\u010d\u00edtaj viac&#8230;)<\/a><\/li>\n<\/ul>\n<h2 dir=\"auto\"><span style=\"color: #800000;\">\u010c\u00edm je Historick\u00e1 expoz\u00edcia v Ban\u00edckom m\u00fazeu v Ro\u017e\u0148ave v\u00fdnimo\u010dn\u00e1?<\/span><\/h2>\n<p dir=\"auto\">Historick\u00e1 expoz\u00edcia je ojedinel\u00e1 forma prezent\u00e1cie zbierok na Slovensku.<\/p>\n<p dir=\"auto\">Zbierky historick\u00e9ho m\u00fazejn\u00e9ho depozit\u00e1ra s\u00fa rozdelen\u00e9 pod\u013ea materi\u00e1lov\u00fdch skup\u00edn.<\/p>\n<p dir=\"auto\">Expoz\u00edcia je umiestnen\u00e1 v budove niekdaj\u0161ej Markovej manufakt\u00fary na v\u00fdrobu ko\u017ee.<\/p>\n<p dir=\"auto\">Predstavuj\u00fa sa tu najkraj\u0161ie a najvz\u00e1cnej\u0161ie zbierkov\u00e9 predmety m\u00fazea.<\/p>\n<ul dir=\"auto\">\n<li><a href=\"https:\/\/www.banmuz.sk\/informacie\/otvaracie-hodiny-a-vstupne\" target=\"_blank\" rel=\"noopener\">Otv\u00e1racie hodiny a vstupn\u00e9 + kontakt a adresa (\u010d\u00edtaj viac&#8230;)<\/a><\/li>\n<\/ul>\n<p dir=\"auto\"><strong>Kontakt Historick\u00e1 expoz\u00edcia:<\/strong> (budova riadite\u013estva) \u0160af\u00e1rikova 31, 048 01 Ro\u017e\u0148ava,<strong> tel.:<\/strong> 058\/734 37 10<\/p>\n<h2 dir=\"auto\"><span style=\"color: #800000;\">Kde s\u00eddli Gal\u00e9ria Ban\u00edckeho m\u00fazea a ak\u00e9 podujatia tu prebiehaj\u00fa?<\/span><\/h2>\n<p dir=\"auto\">Gal\u00e9ria <strong>Ban\u00edckeho m\u00fazea<\/strong> s\u00eddli v me\u0161tianskom dome, ktor\u00e9ho jadro vzniklo pravdepodobne na konci 15. storo\u010dia.<\/p>\n<p dir=\"auto\">Konaj\u00fa sa tu v\u00fdstavy, tvoriv\u00e9 dielne, m\u00fazejno-pedagogick\u00e9 hodiny, besedy, prezent\u00e1cie vlastn\u00fdch a prevzat\u00fdch v\u00fdstav v\u00fdtvarn\u00e9ho umenia.<\/p>\n<ul dir=\"auto\">\n<li><a href=\"https:\/\/www.banmuz.sk\/informacie\/otvaracie-hodiny-a-vstupne\" target=\"_blank\" rel=\"noopener\">Otv\u00e1racie hodiny a vstupn\u00e9 + kontakt a adresa (\u010d\u00edtaj viac&#8230;)<\/a><\/li>\n<\/ul>\n<h2 dir=\"auto\"><span style=\"color: #800000;\">Kde n\u00e1jdem Ban\u00edcke m\u00fazeum v Ro\u017e\u0148ave a ako sa spoj\u00edm?<\/span><\/h2>\n<p dir=\"auto\"><strong>Ban\u00edcke m\u00fazeum v Ro\u017e\u0148ave<\/strong> \u0160af\u00e1rikova 31, 048 01 Ro\u017e\u0148ava<\/p>\n<p dir=\"auto\">Kontaktn\u00e1 osoba: PhDr. Erika Herm\u00e9lyi Gecelovsk\u00e1 \u2013 mana\u017e\u00e9rka kult\u00fary Email: <a href=\"mailto:info@banmuz.sk\" target=\"_blank\" rel=\"noopener noreferrer nofollow\">info@banmuz.sk<\/a> Tel: 058\/734 37 10, +421 (0)940 108 384 Web: <a href=\"http:\/\/www.banmuz.sk\" target=\"_blank\" rel=\"noopener noreferrer nofollow\">www.banmuz.sk<\/a><\/p>\n<h2 data-path-to-node=\"0\"><span style=\"color: #800000;\">Vydajte sa na cestu za pokladmi Gemera e\u0161te dnes!<\/span><\/h2>\n<p data-path-to-node=\"1\"><em>Nezost\u00e1vajte len pri \u010d\u00edtan\u00ed \u2013 skuto\u010dn\u00e9 dobrodru\u017estvo na v\u00e1s \u010dak\u00e1 priamo v Ro\u017e\u0148ave. Nav\u0161t\u00edvte <b data-path-to-node=\"1\" data-index-in-node=\"93\">Ban\u00edcke m\u00fazeum v Ro\u017e\u0148ave<\/b> a za\u017eite atmosf\u00e9ru autentick\u00fdch bansk\u00fdch chodieb na vlastnej ko\u017ei. \u010ci u\u017e v\u00e1s l\u00e1ka technika v <b data-path-to-node=\"1\" data-index-in-node=\"211\">Z\u00e1\u017eitkovom centre SENTINEL<\/b>, alebo kr\u00e1sy Slovensk\u00e9ho krasu, toto miesto si v\u00e1s \u00faplne podman\u00ed. Pozrite si <b data-path-to-node=\"1\" data-index-in-node=\"315\">otv\u00e1racie hodiny a vstupn\u00e9<\/b>, napl\u00e1nujte si svoj v\u00fdlet a odha\u013ete tajomstv\u00e1, ktor\u00e9 pre\u017eili st\u00e1ro\u010dia. <b data-path-to-node=\"1\" data-index-in-node=\"413\">Vst\u00fapte do sveta ban\u00edkov<\/b> a odneste si z\u00e1\u017eitky, ktor\u00e9 inde nen\u00e1jdete!<\/em><\/p>\n<h2><span style=\"color: #800000;\">Fotogal\u00e9ria<\/span><\/h2>\n<style type=\"text\/css\">\n#foogallery-gallery-29023 .fg-image { width: 200px; }<\/style>\n\t\t\t<div class=\"foogallery foogallery-container foogallery-carousel foogallery-lightbox-foogallery fg-carousel fg-ready fg-light fg-border-medium fg-round-small fg-shadow-medium fg-loading-default fg-loaded-fade-in fg-hover-semi-zoomed fg-hover-fade fg-hover-circle-plus2\" id=\"foogallery-gallery-29023\" data-foogallery=\"{&quot;item&quot;:{&quot;showCaptionTitle&quot;:true,&quot;showCaptionDescription&quot;:true},&quot;lazy&quot;:true,&quot;src&quot;:&quot;src&quot;,&quot;srcset&quot;:&quot;srcset&quot;,&quot;template&quot;:{&quot;maxItems&quot;:5,&quot;scale&quot;:0.11999999999999999555910790149937383830547332763671875,&quot;gutter&quot;:{&quot;min&quot;:-40,&quot;max&quot;:-20,&quot;unit&quot;:&quot;%&quot;},&quot;autoplay&quot;:{&quot;time&quot;:0,&quot;interaction&quot;:&quot;pause&quot;},&quot;centerOnClick&quot;:true,&quot;align&quot;:&quot;center&quot;,&quot;activePosition&quot;:&quot;center&quot;}}\" data-foogallery-lightbox=\"{&quot;thumbs&quot;:&quot;bottom&quot;,&quot;thumbsCaptions&quot;:false,&quot;thumbsBestFit&quot;:false,&quot;thumbsSmall&quot;:false,&quot;thumbsCaptionsAlign&quot;:&quot;default&quot;,&quot;info&quot;:&quot;bottom&quot;,&quot;infoVisible&quot;:true,&quot;infoOverlay&quot;:true,&quot;infoAlign&quot;:&quot;default&quot;,&quot;transition&quot;:&quot;fade&quot;,&quot;hoverButtons&quot;:false,&quot;fitMedia&quot;:false,&quot;noScrollbars&quot;:true,&quot;preserveButtonSpace&quot;:true,&quot;buttons&quot;:{&quot;fullscreen&quot;:true,&quot;info&quot;:true,&quot;thumbs&quot;:false},&quot;video&quot;:{&quot;autoPlay&quot;:true}}\" style=\"--fg-title-line-clamp: 1; --fg-description-line-clamp: 2;\" >\n\t<button type=\"button\" class=\"fg-carousel-prev\" title=\"Previous\"><\/button>\n\t<div class=\"fg-carousel-inner\">\n\t\t<div class=\"fg-carousel-center\"><\/div>\n\t\t<div class=\"fg-item fg-type-image fg-loading\"><figure class=\"fg-item-inner\"><a href=\"https:\/\/www.slovensky-kras.eu\/info\/wp-content\/uploads\/2022\/09\/roznava7.jpg\" data-caption-title=\"Ban\u00edcke m\u00fazeum v Ro\u017e\u0148ave\" data-attachment-id=\"23735\" data-type=\"image\" class=\"fg-thumb\"><span class=\"fg-image-wrap\"><img src=\"https:\/\/www.slovensky-kras.eu\/info\/wp-content\/uploads\/cache\/2022\/09\/roznava7\/2869307302.jpg\" title=\"Ban\u00edcke m\u00fazeum v Ro\u017e\u0148ave\" width=\"200\" height=\"200\" class=\"skip-lazy fg-image\" decoding=\"async\" loading=\"lazy\"><\/span><span class=\"fg-image-overlay\"><\/span><\/a><figcaption class=\"fg-caption\"><div class=\"fg-caption-inner\"><div class=\"fg-caption-title\">Ban\u00edcke m\u00fazeum v Ro\u017e\u0148ave<\/div><\/div><\/figcaption><\/figure><div class=\"fg-loader\"><\/div><\/div><div class=\"fg-item fg-type-image fg-loading\"><figure class=\"fg-item-inner\"><a href=\"https:\/\/www.slovensky-kras.eu\/info\/wp-content\/uploads\/2022\/09\/roznava6.jpg\" data-caption-title=\"Ban\u00edcke m\u00fazeum v Ro\u017e\u0148ave\" data-attachment-id=\"23734\" data-type=\"image\" class=\"fg-thumb\"><span class=\"fg-image-wrap\"><img src=\"https:\/\/www.slovensky-kras.eu\/info\/wp-content\/uploads\/cache\/2022\/09\/roznava6\/1923168812.jpg\" title=\"Ban\u00edcke m\u00fazeum v Ro\u017e\u0148ave\" width=\"200\" height=\"200\" class=\"skip-lazy fg-image\" decoding=\"async\" loading=\"lazy\"><\/span><span class=\"fg-image-overlay\"><\/span><\/a><figcaption class=\"fg-caption\"><div class=\"fg-caption-inner\"><div class=\"fg-caption-title\">Ban\u00edcke m\u00fazeum v Ro\u017e\u0148ave<\/div><\/div><\/figcaption><\/figure><div class=\"fg-loader\"><\/div><\/div><div class=\"fg-item fg-type-image fg-loading\"><figure class=\"fg-item-inner\"><a href=\"https:\/\/www.slovensky-kras.eu\/info\/wp-content\/uploads\/2018\/06\/Budova-Ban\u00edckeho-m\u00fazea-v-Ro\u017e\u0148ave.jpg\" data-caption-title=\"Ban\u00edcke m\u00fazeum v Ro\u017e\u0148ave\" data-caption-desc=\"Bansko-hutn\u00edcka, Pr\u00edrodn\u00e1 expoz\u00edcia\u201d a Bansk\u00e9 pracovisk\u00e1\" data-attachment-id=\"14589\" data-type=\"image\" class=\"fg-thumb\"><span class=\"fg-image-wrap\"><img src=\"https:\/\/www.slovensky-kras.eu\/info\/wp-content\/uploads\/cache\/2018\/06\/Budova-Ban\u00edckeho-m\u00fazea-v-Ro\u017e\u0148ave\/1090974852.jpg\" alt=\"Ban\u00edcke m\u00fazeum v Ro\u017e\u0148ave\" title=\"Ban\u00edcke m\u00fazeum v Ro\u017e\u0148ave\" width=\"200\" height=\"200\" class=\"skip-lazy fg-image\" decoding=\"async\" loading=\"lazy\"><\/span><span class=\"fg-image-overlay\"><\/span><\/a><figcaption class=\"fg-caption\"><div class=\"fg-caption-inner\"><div class=\"fg-caption-title\">Ban\u00edcke m\u00fazeum v Ro\u017e\u0148ave<\/div><div class=\"fg-caption-desc\">Bansko-hutn\u00edcka, Pr\u00edrodn\u00e1 expoz\u00edcia\u201d a Bansk\u00e9 pracovisk\u00e1<\/div><\/div><\/figcaption><\/figure><div class=\"fg-loader\"><\/div><\/div><div class=\"fg-item fg-type-image fg-loading\"><figure class=\"fg-item-inner\"><a href=\"https:\/\/www.slovensky-kras.eu\/info\/wp-content\/uploads\/2016\/02\/Banskohutnicka-01.jpg\" data-caption-title=\"Ban\u00edcke m\u00fazeum v Ro\u017e\u0148ave\" data-caption-desc=\"Ban\u00edcke m\u00fazeum v Ro\u017e\u0148ave , pred rekon\u0161trukciou\" data-attachment-id=\"7935\" data-type=\"image\" class=\"fg-thumb\"><span class=\"fg-image-wrap\"><img src=\"https:\/\/www.slovensky-kras.eu\/info\/wp-content\/uploads\/cache\/2016\/02\/Banskohutnicka-01\/3641419846.jpg\" title=\"Ban\u00edcke m\u00fazeum v Ro\u017e\u0148ave\" width=\"200\" height=\"200\" class=\"skip-lazy fg-image\" decoding=\"async\" loading=\"lazy\"><\/span><span class=\"fg-image-overlay\"><\/span><\/a><figcaption class=\"fg-caption\"><div class=\"fg-caption-inner\"><div class=\"fg-caption-title\">Ban\u00edcke m\u00fazeum v Ro\u017e\u0148ave<\/div><div class=\"fg-caption-desc\">Ban\u00edcke m\u00fazeum v Ro\u017e\u0148ave , pred rekon\u0161trukciou<\/div><\/div><\/figcaption><\/figure><div class=\"fg-loader\"><\/div><\/div><div class=\"fg-item fg-type-image fg-loading\"><figure class=\"fg-item-inner\"><a href=\"https:\/\/www.slovensky-kras.eu\/info\/wp-content\/uploads\/2016\/02\/Banske-pracoviska-03.jpg\" data-caption-title=\"Ban\u00edcke m\u00fazeum v Ro\u017e\u0148ave\" data-caption-desc=\"Bansk\u00e9 pracovisk\u00e1\" data-attachment-id=\"7938\" data-type=\"image\" class=\"fg-thumb\"><span class=\"fg-image-wrap\"><img src=\"https:\/\/www.slovensky-kras.eu\/info\/wp-content\/uploads\/cache\/2016\/02\/Banske-pracoviska-03\/2249156206.jpg\" title=\"Ban\u00edcke m\u00fazeum v Ro\u017e\u0148ave\" width=\"200\" height=\"200\" class=\"skip-lazy fg-image\" decoding=\"async\" loading=\"lazy\"><\/span><span class=\"fg-image-overlay\"><\/span><\/a><figcaption class=\"fg-caption\"><div class=\"fg-caption-inner\"><div class=\"fg-caption-title\">Ban\u00edcke m\u00fazeum v Ro\u017e\u0148ave<\/div><div class=\"fg-caption-desc\">Bansk\u00e9 pracovisk\u00e1<\/div><\/div><\/figcaption><\/figure><div class=\"fg-loader\"><\/div><\/div><div class=\"fg-item fg-type-image fg-loading\"><figure class=\"fg-item-inner\"><a href=\"https:\/\/www.slovensky-kras.eu\/info\/wp-content\/uploads\/2016\/02\/Galeria-01.jpg\" data-caption-title=\"Ban\u00edcke m\u00fazeum v Ro\u017e\u0148ave\" data-caption-desc=\"Ban\u00edcke m\u00fazeum v Ro\u017e\u0148ave - Gal\u00e9ria\" data-attachment-id=\"7945\" data-type=\"image\" class=\"fg-thumb\"><span class=\"fg-image-wrap\"><img src=\"https:\/\/www.slovensky-kras.eu\/info\/wp-content\/uploads\/cache\/2016\/02\/Galeria-01\/2694926581.jpg\" title=\"Ban\u00edcke m\u00fazeum v Ro\u017e\u0148ave\" width=\"200\" height=\"200\" class=\"skip-lazy fg-image\" decoding=\"async\" loading=\"lazy\"><\/span><span class=\"fg-image-overlay\"><\/span><\/a><figcaption class=\"fg-caption\"><div class=\"fg-caption-inner\"><div class=\"fg-caption-title\">Ban\u00edcke m\u00fazeum v Ro\u017e\u0148ave<\/div><div class=\"fg-caption-desc\">Ban\u00edcke m\u00fazeum v Ro\u017e\u0148ave - Gal\u00e9ria<\/div><\/div><\/figcaption><\/figure><div class=\"fg-loader\"><\/div><\/div>\t<\/div>\n\t<div class=\"fg-carousel-bottom\"><\/div>\n\t<div class=\"fg-carousel-progress\"><\/div>\n\t<button type=\"button\" class=\"fg-carousel-next\" title=\"Next\"><\/button>\n<\/div>\n\n<h2><span style=\"color: #800000;\">Otv\u00e1racie hodiny<\/span><\/h2>\n<ul>\n<li><a href=\"https:\/\/www.slovensky-kras.eu\/info\/aktualne-otvaracie-hodiny-a-vstupne-historicka-expozicia-prezentacny-muzejny-depozitar\/\">Ban\u00edcke m\u00fazeum v Ro\u017e\u0148ave \u2013 Otv\u00e1racie hodiny (\u010d\u00edtaj viac&#8230;)<\/a><\/li>\n<\/ul>\n<h3><span style=\"color: #808000;\">Bl\u00edzke stredisko, turistick\u00e9 centrum, obec alebo mesto:<\/span><\/h3>\n<ul>\n<li><a href=\"http:\/\/www.slovensky-kras.eu\/info\/strediska-a-centra\/mesto-roznava\/\">Mesto Ro\u017e\u0148ava (\u010d\u00edtaj viac&#8230;)<\/a><\/li>\n<\/ul>\n<h2><span style=\"color: #800000;\">Mapy<\/span><\/h2>\n<p><strong>Vrstvy: <\/strong>Turistick\u00e1 mapa, Automapa, Cyklomapa, Ly\u017eiarska mapa, Satelitn\u00e1 mapa a OpenStreetMap.<\/p>\n<p><strong>Kliknut\u00edm na logo &#8222;Freemap.sk&#8220; sa V\u00e1m mapa zobraz\u00ed na celej ploche obrazovky.<\/strong><\/p>\n<p><iframe style=\"width: 900px; height: 600px; border: 0;\" src=\"https:\/\/www.freemap.sk\/?map=13\/48.656784\/20.532503&amp;info-point=48.656784\/20.532503,Mesto Ro\u017e\u0148ava&amp;layers=X&amp;embed=search\" allowfullscreen=\"allowfullscreen\"><span data-mce-type=\"bookmark\" style=\"display: inline-block; width: 0px; overflow: hidden; line-height: 0;\" class=\"mce_SELRES_start\">\ufeff<\/span><\/iframe><\/p>\n<h2><span style=\"color: #800000;\"><strong>Po\u010dasie<\/strong><\/span><\/h2>\n<p><iframe style=\"width: 900px; height: 608px;\" src=\"https:\/\/www.meteoblue.com\/sk\/po%C4%8Dasie\/widget\/three\/ro%c5%be%c5%88ava_slovensk%c3%a1-republika_723713?geoloc=fixed&amp;nocurrent=0&amp;noforecast=0&amp;days=6&amp;tempunit=CELSIUS&amp;windunit=KILOMETER_PER_HOUR&amp;layout=image\" frameborder=\"0\" scrolling=\"NO\" sandbox=\"allow-same-origin allow-scripts allow-popups allow-popups-to-escape-sandbox\"><span data-mce-type=\"bookmark\" style=\"display: inline-block; width: 0px; overflow: hidden; line-height: 0;\" class=\"mce_SELRES_start\">\ufeff<\/span><\/iframe><\/p>\n<div><!-- DO NOT REMOVE THIS LINK --><a href=\"https:\/\/www.meteoblue.com\/sk\/po%C4%8Dasie\/predpove%C4%8F\/t%C3%BD%C5%BEde%C5%88\/ro%c5%be%c5%88ava_slovensk%c3%a1-republika_723713?utm_source=weather_widget&amp;utm_medium=linkus&amp;utm_content=three&amp;utm_campaign=Weather%2BWidget\" target=\"_blank\" rel=\"noopener noreferrer\">meteoblue<\/a><\/div>\n<p><strong><br \/>\nZdroj inform\u00e1ci\u00ed :<\/strong><br \/>\nCsaba Urban a R\u00f3bert \u0160imko, propaga\u010dn\u00e9 oddelenie<br \/>\nBan\u00edcke m\u00fazeum v Ro\u017e\u0148ave<br \/>\n\u0160af\u00e1rikova 31<br \/>\n048 01 Ro\u017e\u0148ava<br \/>\n<strong>Web:<\/strong> <a href=\"http:\/\/www.banmuz.sk\" target=\"_blank\" rel=\"noopener noreferrer\">www.banmuz.sk<\/a><\/p>\n","protected":false},"excerpt":{"rendered":"<p>Menu: M\u00faze\u00e1 a obraz\u00e1rne Zost\u00fapte do hlb\u00edn hist\u00f3rie: Tajomstv\u00e1 Gemera \u010dakaj\u00fa! Predstavte si, \u017ee kr\u00e1\u010date tmav\u00fdmi bansk\u00fdmi chodbami, kde pred storo\u010diami cinkali kromp\u00e1\u010de a duneli parn\u00e9 stroje. Ban\u00edcke m\u00fazeum v [&hellip;]<\/p>\n","protected":false},"author":1,"featured_media":14589,"parent":30,"menu_order":0,"comment_status":"closed","ping_status":"closed","template":"","meta":{"_uag_custom_page_level_css":"","footnotes":""},"class_list":["post-7926","page","type-page","status-publish","has-post-thumbnail","hentry"],"featured_image_src":"https:\/\/www.slovensky-kras.eu\/info\/wp-content\/uploads\/2018\/06\/Budova-Ban\u00edckeho-m\u00fazea-v-Ro\u017e\u0148ave.jpg","featured_image_src_square":"https:\/\/www.slovensky-kras.eu\/info\/wp-content\/uploads\/2018\/06\/Budova-Ban\u00edckeho-m\u00fazea-v-Ro\u017e\u0148ave.jpg","rbea_author_info":{"display_name":"admin","author_link":"https:\/\/www.slovensky-kras.eu\/info\/author\/admin\/"},"rbea_excerpt_info":"Menu: M\u00faze\u00e1 a obraz\u00e1rne Zost\u00fapte do hlb\u00edn hist\u00f3rie: Tajomstv\u00e1 Gemera \u010dakaj\u00fa! Predstavte si, \u017ee kr\u00e1\u010date tmav\u00fdmi bansk\u00fdmi chodbami, kde pred storo\u010diami cinkali kromp\u00e1\u010de a duneli parn\u00e9 stroje. Ban\u00edcke m\u00fazeum v [&hellip;]","uagb_featured_image_src":{"full":["https:\/\/www.slovensky-kras.eu\/info\/wp-content\/uploads\/2018\/06\/Budova-Ban\u00edckeho-m\u00fazea-v-Ro\u017e\u0148ave.jpg",1000,662,false],"thumbnail":["https:\/\/www.slovensky-kras.eu\/info\/wp-content\/uploads\/2018\/06\/Budova-Ban\u00edckeho-m\u00fazea-v-Ro\u017e\u0148ave-150x150.jpg",150,150,true],"medium":["https:\/\/www.slovensky-kras.eu\/info\/wp-content\/uploads\/2018\/06\/Budova-Ban\u00edckeho-m\u00fazea-v-Ro\u017e\u0148ave-800x530.jpg",800,530,true],"medium_large":["https:\/\/www.slovensky-kras.eu\/info\/wp-content\/uploads\/2018\/06\/Budova-Ban\u00edckeho-m\u00fazea-v-Ro\u017e\u0148ave-768x508.jpg",768,508,true],"large":["https:\/\/www.slovensky-kras.eu\/info\/wp-content\/uploads\/2018\/06\/Budova-Ban\u00edckeho-m\u00fazea-v-Ro\u017e\u0148ave.jpg",1000,662,false],"1536x1536":["https:\/\/www.slovensky-kras.eu\/info\/wp-content\/uploads\/2018\/06\/Budova-Ban\u00edckeho-m\u00fazea-v-Ro\u017e\u0148ave.jpg",1000,662,false],"2048x2048":["https:\/\/www.slovensky-kras.eu\/info\/wp-content\/uploads\/2018\/06\/Budova-Ban\u00edckeho-m\u00fazea-v-Ro\u017e\u0148ave.jpg",1000,662,false]},"uagb_author_info":{"display_name":"admin","author_link":"https:\/\/www.slovensky-kras.eu\/info\/author\/admin\/"},"uagb_comment_info":0,"uagb_excerpt":"Menu: M\u00faze\u00e1 a obraz\u00e1rne Zost\u00fapte do hlb\u00edn hist\u00f3rie: Tajomstv\u00e1 Gemera \u010dakaj\u00fa! Predstavte si, \u017ee kr\u00e1\u010date tmav\u00fdmi bansk\u00fdmi chodbami, kde pred storo\u010diami cinkali kromp\u00e1\u010de a duneli parn\u00e9 stroje. Ban\u00edcke m\u00fazeum v [&hellip;]","_links":{"self":[{"href":"https:\/\/www.slovensky-kras.eu\/info\/wp-json\/wp\/v2\/pages\/7926","targetHints":{"allow":["GET"]}}],"collection":[{"href":"https:\/\/www.slovensky-kras.eu\/info\/wp-json\/wp\/v2\/pages"}],"about":[{"href":"https:\/\/www.slovensky-kras.eu\/info\/wp-json\/wp\/v2\/types\/page"}],"author":[{"embeddable":true,"href":"https:\/\/www.slovensky-kras.eu\/info\/wp-json\/wp\/v2\/users\/1"}],"replies":[{"embeddable":true,"href":"https:\/\/www.slovensky-kras.eu\/info\/wp-json\/wp\/v2\/comments?post=7926"}],"version-history":[{"count":20,"href":"https:\/\/www.slovensky-kras.eu\/info\/wp-json\/wp\/v2\/pages\/7926\/revisions"}],"predecessor-version":[{"id":31497,"href":"https:\/\/www.slovensky-kras.eu\/info\/wp-json\/wp\/v2\/pages\/7926\/revisions\/31497"}],"up":[{"embeddable":true,"href":"https:\/\/www.slovensky-kras.eu\/info\/wp-json\/wp\/v2\/pages\/30"}],"wp:featuredmedia":[{"embeddable":true,"href":"https:\/\/www.slovensky-kras.eu\/info\/wp-json\/wp\/v2\/media\/14589"}],"wp:attachment":[{"href":"https:\/\/www.slovensky-kras.eu\/info\/wp-json\/wp\/v2\/media?parent=7926"}],"curies":[{"name":"wp","href":"https:\/\/api.w.org\/{rel}","templated":true}]}}