{"id":779,"date":"2013-07-05T15:18:02","date_gmt":"2013-07-05T13:18:02","guid":{"rendered":"http:\/\/www.slovensky-kras.eu\/info\/?page_id=779"},"modified":"2025-09-28T09:00:18","modified_gmt":"2025-09-28T07:00:18","slug":"moldavska-jaskyna","status":"publish","type":"page","link":"https:\/\/www.slovensky-kras.eu\/info\/jaskyne-a-priepasti\/moldavska-jaskyna\/","title":{"rendered":"Moldavsk\u00e1 jasky\u0148a"},"content":{"rendered":"<p><strong>Menu: <\/strong> <a href=\"http:\/\/www.slovensky-kras.eu\/info\/\" class=\"su-button su-button-style-default\" style=\"color:#000000;background-color:#FFCF2F;border-color:#cca626;border-radius:5px\" target=\"_self\"><span style=\"color:#000000;padding:6px 16px;font-size:13px;line-height:20px;border-color:#ffde6e;border-radius:5px;text-shadow:none\"><i class=\"sui sui-arrow-right\" style=\"font-size:13px;color:#000000\"><\/i>  \u00davod \/ Aktuality <\/span><\/a>\n<a href=\"http:\/\/www.slovensky-kras.eu\/info\/kam-do-prirody\/\" class=\"su-button su-button-style-default\" style=\"color:#000000;background-color:#FFCF2F;border-color:#cca626;border-radius:5px\" target=\"_self\"><span style=\"color:#000000;padding:6px 16px;font-size:13px;line-height:20px;border-color:#ffde6e;border-radius:5px;text-shadow:none\"><i class=\"sui sui-arrow-right\" style=\"font-size:13px;color:#000000\"><\/i>  Kam do pr\u00edrody <\/span><\/a>\n<p><strong>Podkateg\u00f3ria: <\/strong> <a href=\"http:\/\/www.slovensky-kras.eu\/info\/jaskyne-a-priepasti\/\" class=\"su-button su-button-style-default\" style=\"color:#000000;background-color:#C5ED2C;border-color:#9ebe24;border-radius:5px\" target=\"_self\"><span style=\"color:#000000;padding:6px 16px;font-size:13px;line-height:20px;border-color:#d7f36c;border-radius:5px;text-shadow:none\"><i class=\"sui sui-arrow-right\" style=\"font-size:13px;color:#000000\"><\/i>  Jaskyne a priepasti <\/span><\/a>\n<div class=\"su-divider su-divider-style-default\" style=\"margin:15px 0;border-width:3px;border-color:#000000\"><\/div>\n<h2 class=\"ds-markdown-paragraph\"><span style=\"color: #800000;\">Kde presne sa Moldavsk\u00e1 jasky\u0148a nach\u00e1dza?<\/span><\/h2>\n<p class=\"ds-markdown-paragraph\">Jasky\u0148a sa nach\u00e1dza priamo v meste <a href=\"http:\/\/www.slovensky-kras.eu\/info\/strediska-a-centra\/mesto-moldava-nad-bodvou\/\">Moldava nad Bodvou<\/a> (lokalita Hazalutov) v <strong>Moldavskom krase<\/strong> (Szepsi karszt) a na juhov\u00fdchodnom okraji n\u00e1rodn\u00e9ho parku <a href=\"http:\/\/www.slovensky-kras.eu\/info\/vseobecne-informacie\/\">Slovensk\u00fd kras<\/a>.<\/p>\n<figure id=\"attachment_7627\" aria-describedby=\"caption-attachment-7627\" style=\"width: 900px\" class=\"wp-caption aligncenter\"><a href=\"https:\/\/www.slovensky-kras.eu\/info\/wp-content\/uploads\/2013\/07\/DSC_0810.jpg\"><img loading=\"lazy\" decoding=\"async\" class=\"wp-image-7627\" src=\"http:\/\/www.slovensky-kras.eu\/info\/wp-content\/uploads\/2013\/07\/DSC_0810-800x533.jpg\" alt=\"Moldavsk\u00e1 jasky\u0148a\" width=\"900\" height=\"600\" srcset=\"https:\/\/www.slovensky-kras.eu\/info\/wp-content\/uploads\/2013\/07\/DSC_0810-800x533.jpg 800w, https:\/\/www.slovensky-kras.eu\/info\/wp-content\/uploads\/2013\/07\/DSC_0810-1024x682.jpg 1024w, https:\/\/www.slovensky-kras.eu\/info\/wp-content\/uploads\/2013\/07\/DSC_0810-768x512.jpg 768w, https:\/\/www.slovensky-kras.eu\/info\/wp-content\/uploads\/2013\/07\/DSC_0810-1200x800.jpg 1200w, https:\/\/www.slovensky-kras.eu\/info\/wp-content\/uploads\/2013\/07\/DSC_0810.jpg 1280w\" sizes=\"auto, (max-width: 900px) 100vw, 900px\" \/><\/a><figcaption id=\"caption-attachment-7627\" class=\"wp-caption-text\">Moldavsk\u00e1 jasky\u0148a<\/figcaption><\/figure>\n<p>&nbsp;<\/p>\n<h2 class=\"ds-markdown-paragraph\"><span style=\"color: #800000;\">Do akej geomorfologickej oblasti patr\u00ed a ak\u00fd je jej p\u00f4vod?<\/span><\/h2>\n<p class=\"ds-markdown-paragraph\"><strong>Z geomorfologick\u00e9ho h\u013eadiska patr\u00ed do oblasti Lu\u010densko-ko\u0161ickej zn\u00ed\u017eeniny a jeho celku Ko\u0161ick\u00e1 kotlina (podcelok Medzevsk\u00e1 pahorkatina).<\/strong>\u00a0<strong>Od Jasovskej planiny ju geomorfologicky odde\u013euje potok Drienovec (ma\u010f. S\u00f3r alebo Somodi).<\/strong>\u00a0Z h\u013eadiska vzniku ide o\u00a0<strong>\u201ebrehov\u00fa\u201c labyrintov\u00fa jasky\u0148u<\/strong>, ktor\u00fa vytvorili pon\u00e1raj\u00face sa z\u00e1plavov\u00e9 vody z povrchov\u00e9ho vodn\u00e9ho toku.<\/p>\n<figure id=\"attachment_7630\" aria-describedby=\"caption-attachment-7630\" style=\"width: 900px\" class=\"wp-caption aligncenter\"><a href=\"https:\/\/www.slovensky-kras.eu\/info\/wp-content\/uploads\/2013\/07\/DSC_0813.jpg\"><img loading=\"lazy\" decoding=\"async\" class=\"wp-image-7630\" src=\"http:\/\/www.slovensky-kras.eu\/info\/wp-content\/uploads\/2013\/07\/DSC_0813-800x533.jpg\" alt=\"Moldavsk\u00e1 jasky\u0148a\" width=\"900\" height=\"600\" srcset=\"https:\/\/www.slovensky-kras.eu\/info\/wp-content\/uploads\/2013\/07\/DSC_0813-800x533.jpg 800w, https:\/\/www.slovensky-kras.eu\/info\/wp-content\/uploads\/2013\/07\/DSC_0813-1024x682.jpg 1024w, https:\/\/www.slovensky-kras.eu\/info\/wp-content\/uploads\/2013\/07\/DSC_0813-768x512.jpg 768w, https:\/\/www.slovensky-kras.eu\/info\/wp-content\/uploads\/2013\/07\/DSC_0813-1200x800.jpg 1200w, https:\/\/www.slovensky-kras.eu\/info\/wp-content\/uploads\/2013\/07\/DSC_0813.jpg 1280w\" sizes=\"auto, (max-width: 900px) 100vw, 900px\" \/><\/a><figcaption id=\"caption-attachment-7630\" class=\"wp-caption-text\">Moldavsk\u00e1 jasky\u0148a<\/figcaption><\/figure>\n<p>&nbsp;<\/p>\n<h2 class=\"ds-markdown-paragraph\"><span style=\"color: #800000;\">Ak\u00e9 s\u00fa turistick\u00e9 atrakcie v jej okol\u00ed?<\/span><\/h2>\n<p class=\"ds-markdown-paragraph\">V jej bl\u00edzkosti sa nach\u00e1dzaj\u00fa jasky\u0148a<strong> Mn\u00edchova diera a <a href=\"http:\/\/www.slovensky-kras.eu\/info\/kam-do-prirody\/moldavska-skalna-brana\/\">Moldavsk\u00e1 skaln\u00e1 br\u00e1na<\/a>.<\/strong><\/p>\n<figure id=\"attachment_7632\" aria-describedby=\"caption-attachment-7632\" style=\"width: 900px\" class=\"wp-caption aligncenter\"><a href=\"https:\/\/www.slovensky-kras.eu\/info\/wp-content\/uploads\/2013\/07\/DSC_0781.jpg\"><img loading=\"lazy\" decoding=\"async\" class=\"wp-image-7632\" src=\"http:\/\/www.slovensky-kras.eu\/info\/wp-content\/uploads\/2013\/07\/DSC_0781-800x533.jpg\" alt=\"Moldavsk\u00e1 jasky\u0148a\" width=\"900\" height=\"600\" srcset=\"https:\/\/www.slovensky-kras.eu\/info\/wp-content\/uploads\/2013\/07\/DSC_0781-800x533.jpg 800w, https:\/\/www.slovensky-kras.eu\/info\/wp-content\/uploads\/2013\/07\/DSC_0781-1024x682.jpg 1024w, https:\/\/www.slovensky-kras.eu\/info\/wp-content\/uploads\/2013\/07\/DSC_0781-768x512.jpg 768w, https:\/\/www.slovensky-kras.eu\/info\/wp-content\/uploads\/2013\/07\/DSC_0781-1200x800.jpg 1200w, https:\/\/www.slovensky-kras.eu\/info\/wp-content\/uploads\/2013\/07\/DSC_0781.jpg 1280w\" sizes=\"auto, (max-width: 900px) 100vw, 900px\" \/><\/a><figcaption id=\"caption-attachment-7632\" class=\"wp-caption-text\">Moldavsk\u00e1 jasky\u0148a<\/figcaption><\/figure>\n<p>&nbsp;<\/p>\n<h2 class=\"ds-markdown-paragraph\"><span style=\"color: #800000;\">Ako vyzer\u00e1 vchod do jaskyne?<\/span><\/h2>\n<p class=\"ds-markdown-paragraph\"><strong>S\u00fa\u010dasn\u00fd vchod sa nach\u00e1dza v zn\u00ed\u017eenine pod skalnou stenou v\u00e1pencov\u00e9ho svahu na \u00fap\u00e4t\u00ed v\u00fdchodn\u00e9ho svahu planiny v nadmorskej v\u00fd\u0161ke cca 210 m n.m.<\/strong><\/p>\n<h2 class=\"ds-markdown-paragraph\"><span style=\"color: #800000;\">Ak\u00e1 je d\u013a\u017eka Moldavskej jaskyne a ak\u00e9 m\u00e1 postavenie medzi slovensk\u00fdmi jasky\u0148ami?<\/span><\/h2>\n<p class=\"ds-markdown-paragraph\"><strong>Moldavsk\u00e1 jasky\u0148a m\u00e1 d\u013a\u017eku asi 3 km a je 14. najdlh\u0161ou jasky\u0148ou na Slovensku.<\/strong>\u00a0Naozaj p\u00f4sobiv\u00e9 je v\u0161ak to, \u017ee\u00a0<strong>jasky\u0148a predstavuje najv\u00e4\u010d\u0161\u00ed podzemn\u00fd labyrint na Slovensku.<\/strong><\/p>\n<figure id=\"attachment_23262\" aria-describedby=\"caption-attachment-23262\" style=\"width: 900px\" class=\"wp-caption aligncenter\"><a href=\"https:\/\/www.slovensky-kras.eu\/info\/wp-content\/uploads\/2022\/06\/moldavska-jaskyna.jpg\"><img loading=\"lazy\" decoding=\"async\" class=\"wp-image-23262\" src=\"https:\/\/www.slovensky-kras.eu\/info\/wp-content\/uploads\/2022\/06\/moldavska-jaskyna-800x600.jpg\" alt=\"Moldavsk\u00e1 jasky\u0148a\" width=\"900\" height=\"675\" srcset=\"https:\/\/www.slovensky-kras.eu\/info\/wp-content\/uploads\/2022\/06\/moldavska-jaskyna-800x600.jpg 800w, https:\/\/www.slovensky-kras.eu\/info\/wp-content\/uploads\/2022\/06\/moldavska-jaskyna-768x576.jpg 768w, https:\/\/www.slovensky-kras.eu\/info\/wp-content\/uploads\/2022\/06\/moldavska-jaskyna.jpg 1000w\" sizes=\"auto, (max-width: 900px) 100vw, 900px\" \/><\/a><figcaption id=\"caption-attachment-23262\" class=\"wp-caption-text\">Moldavsk\u00e1 jasky\u0148a (foto: Mestsk\u00e9 kult\u00farne stredisko Moldava nad Bodvou)<\/figcaption><\/figure>\n<p>&nbsp;<\/p>\n<h2 class=\"ds-markdown-paragraph\"><span style=\"color: #800000;\">Ak\u00e9 s\u00fa podmienky v jaskyni?<\/span><\/h2>\n<p class=\"ds-markdown-paragraph\">V jaskyni panuje chladn\u00e9 a vlhk\u00e9 mikrokl\u00edma. <strong>Teplota sa v priestoroch jaskyne pohybuje v rozmedz\u00ed od 7 do 10 \u00b0C, vlhkos\u0165 vzduchu dosahuje 80 a\u017e 95 %.<\/strong><\/p>\n<h2 class=\"ds-markdown-paragraph\"><span style=\"color: #800000;\">Je jasky\u0148a bohat\u00e1 na krasov\u00fa v\u00fdzdobu?<\/span><\/h2>\n<p class=\"ds-markdown-paragraph\"><strong>Moldavsk\u00e1 jasky\u0148a nie je ve\u013emi bohat\u00e1 na krasov\u00fa v\u00fdzdobu.<\/strong><\/p>\n<h2 class=\"ds-markdown-paragraph\"><span style=\"color: #800000;\">Ak\u00fd je \u017eivot v jaskyni?<\/span><\/h2>\n<p class=\"ds-markdown-paragraph\">Jasky\u0148a je d\u00f4le\u017eit\u00fdm \u00fakrytom pre miestnu faunu. <strong>V jaskyni sa zistil v\u00fdskyt 6 druhov netopierov a pribli\u017ene 80 druhov bezstavovcov.<\/strong><\/p>\n<h2 class=\"ds-markdown-paragraph\"><span style=\"color: #800000;\">Ako jasky\u0148u naz\u00fdvaj\u00fa miestni?<\/span><\/h2>\n<p class=\"ds-markdown-paragraph\"><strong>Miestnym obyvate\u013estvom naz\u00fdvan\u00e1 aj Szepsi barlang.<\/strong><\/p>\n<h2 class=\"ds-markdown-paragraph\"><span style=\"color: #800000;\">Ak\u00e1 je bohat\u00e1 hist\u00f3ria jaskyne?<\/span><\/h2>\n<p class=\"ds-markdown-paragraph\"><strong>Jasky\u0148a je zn\u00e1ma od nepam\u00e4ti.<\/strong>\u00a0<strong>V dob\u00e1ch minul\u00fdch (od \u010dias bukovohorskej kult\u00fary) bola ob\u00fdvan\u00e1 \u010dlovekom.<\/strong>\u00a0Archeol\u00f3gia potvrdzuje\u00a0<strong>vyu\u017e\u00edvanie jaskyne \u013eu\u010fmi od mlad\u0161ej doby kamennej a\u017e po novovek.<\/strong>\u00a0Medzi\u00a0<strong>v\u00fdznamn\u00e9 n\u00e1lezy patria artefakty kyjatickej kult\u00fary z neskorej doby bronzovej.<\/strong>\u00a0<strong>O pr\u00edtomnosti \u010dloveka sved\u010dia aj archeologick\u00e9 n\u00e1lezy z 10. a\u017e 12. storo\u010dia,<\/strong>\u00a0nesk\u00f4r potvrden\u00e9\u00a0<strong>objaven\u00fdmi hrobmi, \u00fa\u017eitkov\u00fdmi predmetmi a mincami z 13. storo\u010dia z \u010dias mongolsk\u00e9ho vp\u00e1du.<\/strong>\u00a0<strong>V \u010dase tureck\u00fdch vojen sl\u00fa\u017eili priestory jaskyne ako \u00fato\u010disko pre obyvate\u013eov tejto oblasti.<\/strong>\u00a0Dokonca\u00a0<strong>okolo roku 1920 existoval projekt s cie\u013eom vytvori\u0165 z jaskyne po\u013en\u00fa vojensk\u00fa nemocnicu, ktor\u00e1 by mala kapacitu 170 l\u00f4\u017eok.<\/strong><\/p>\n<h2 class=\"ds-markdown-paragraph\"><span style=\"color: #800000;\">\u010co vypovedaj\u00fa n\u00e1pisy na sten\u00e1ch jaskyne?<\/span><\/h2>\n<p class=\"ds-markdown-paragraph\">Jasky\u0148a je unik\u00e1tnou historickou knihou. <strong>N\u00e1pisy na sten\u00e1ch jaskyne z prvej tretiny 17. storo\u010dia (1616, 1624) patria medzi najstar\u0161ie epigrafick\u00e9 pamiatky z prostredia jask\u00fd\u0148 na Slovensku.<\/strong>\u00a0Jeden\u00a0<strong>na strope tzv. D\u00f3mu pri lebke sa nach\u00e1dza n\u00e1pis p\u00edsan\u00fd hnedou hlinkou a dva \u010fal\u0161ie n\u00e1pisy s\u00fa p\u00edsan\u00e9 \u010diernym oterom z ohorenej pochodne.<\/strong>\u00a0<strong>V priestoroch jaskyne s\u00fa aj mlad\u0161ie n\u00e1pisy, ktor\u00fdch vznik sa datuje do obdobia druhej svetovej vojny.<\/strong>\u00a0Konkr\u00e9tne\u00a0<strong>n\u00e1pisy z roku 1944 s\u00fa d\u00f4kazom toho, \u017ee sa v jaskyni skr\u00fdvali ma\u010farsk\u00ed vojaci, ktor\u00ed sa viac nechceli vr\u00e1ti\u0165 na front.<\/strong><\/p>\n<h2 class=\"ds-markdown-paragraph\"><span style=\"color: #800000;\">Ako vyzer\u00e1 vn\u00fatorn\u00fd syst\u00e9m jaskyne?<\/span><\/h2>\n<p class=\"ds-markdown-paragraph\"><strong>Celkovo predstavuje jasky\u0148a horizont\u00e1lny syst\u00e9m kr\u00e1tkych chodieb, ktor\u00e9 sp\u00e1jaj\u00fa rozsiahle n\u00edzke priestory.<\/strong>\u00a0Pr\u00e1ve preto\u00a0<strong>tvoria dokonal\u00fd labyrint a preto sa vstup do jaskyne bez podrobnej mapy neodpor\u00fa\u010da ani speleol\u00f3gom.<\/strong><\/p>\n<h2 class=\"ds-markdown-paragraph\"><span style=\"color: #800000;\">Je mo\u017en\u00e9 sa do jaskyne dosta\u0165?<\/span><\/h2>\n<p class=\"ds-markdown-paragraph\"><strong>Jaskynn\u00e9 priestory s\u00fa uzatvoren\u00e9 \u017eeleznou br\u00e1nou, preto\u017ee v minulosti sa tu stratilo nieko\u013eko n\u00e1v\u0161tevn\u00edkov.<\/strong>\u00a0Z tohto d\u00f4vodu je\u00a0<strong>pre verejnos\u0165 nie je jasky\u0148a spr\u00edstupnen\u00e1.<\/strong>\u00a0<strong>Jasky\u0148a nie je verejnosti pr\u00edstupn\u00e1.<\/strong><\/p>\n<h2 class=\"ds-markdown-paragraph\"><span style=\"color: #800000;\">Ak\u00e9 s\u00fa pravidl\u00e1 ochrany pr\u00edrody v tejto lokalite?<\/span><\/h2>\n<p class=\"ds-markdown-paragraph\"><strong>Ke\u010f\u017ee je tu 5. stupe\u0148 ochrany, plat\u00ed tu z\u00e1kaz pohybova\u0165 sa mimo vyzna\u010den\u00e9ho turistick\u00e9ho chodn\u00edka alebo n\u00e1u\u010dn\u00e9ho chodn\u00edka za hranicami zastavan\u00e9ho \u00fazemia obce, vch\u00e1dza\u0165 alebo st\u00e1\u0165 s bicyklom na pozemky za hranicami zastavan\u00e9ho \u00fazemia obce mimo dia\u013enice, cesty, miestnej komunik\u00e1cie a vyzna\u010denej cyklotrasy, zasiahnu\u0165 do lesn\u00e9ho porastu a po\u0161kodi\u0165 vegeta\u010dn\u00fd a p\u00f4dny kryt, chyta\u0165, usmrti\u0165 alebo lovi\u0165 \u017eivo\u010d\u00edcha a ru\u0161i\u0165 pokoj a ticho!!!<\/strong><\/p>\n<h2 class=\"ds-markdown-paragraph\"><span style=\"color: #800000;\">\u010co hroz\u00ed pri pokuse o vstup do jaskyne?<\/span><\/h2>\n<p class=\"ds-markdown-paragraph\"><strong>Vstup do jaskyne je pr\u00edsne zak\u00e1zan\u00fd pod hrozbou vysokej pokuty.<\/strong><\/p>\n<h3><span style=\"color: #808000;\">Bl\u00edzke stredisko, turistick\u00e9 centrum, obec alebo mesto:<\/span><\/h3>\n<ul>\n<li><a href=\"http:\/\/www.slovensky-kras.eu\/info\/strediska-a-centra\/mesto-moldava-nad-bodvou\/\">Mesto Moldava nad Bodvou<\/a><\/li>\n<\/ul>\n<h3><span style=\"color: #808000;\">Mapy<\/span><\/h3>\n<p><strong>Vrstvy: <\/strong>Turistick\u00e1 mapa, Automapa, Cyklomapa, Ly\u017eiarska mapa, Satelitn\u00e1 mapa a OpenStreetMap.<\/p>\n<p><strong>Kliknut\u00edm na logo &#8222;Freemap.sk&#8220; sa V\u00e1m mapa zobraz\u00ed na celej ploche obrazovky.<\/strong><\/p>\n<p><iframe style=\"width: 800px; height: 600px; border: 0;\" src=\"https:\/\/www.freemap.sk\/?map=15\/48.613746\/20.991633&amp;info-point=48.613746\/20.991633,Moldavsk\u00e1 jasky\u0148a&amp;layers=T&amp;embed=search\" allowfullscreen=\"allowfullscreen\"><\/iframe><\/p>\n<h3><span style=\"color: #808000;\">Po\u010dasie<\/span><\/h3>\n<p><iframe style=\"width: 800px; height: 610px;\" src=\"https:\/\/www.meteoblue.com\/sk\/po%C4%8Dasie\/widget\/three\/moldava-nad-bodvou_slovensk%c3%a1-republika_724111?geoloc=fixed&amp;nocurrent=0&amp;noforecast=0&amp;days=6&amp;tempunit=CELSIUS&amp;windunit=KILOMETER_PER_HOUR&amp;layout=image\" frameborder=\"0\" scrolling=\"NO\" sandbox=\"allow-same-origin allow-scripts allow-popups allow-popups-to-escape-sandbox\"><span data-mce-type=\"bookmark\" style=\"display: inline-block; width: 0px; overflow: hidden; line-height: 0;\" class=\"mce_SELRES_start\">\ufeff<\/span><\/iframe><\/p>\n<div><!-- DO NOT REMOVE THIS LINK --><a href=\"https:\/\/www.meteoblue.com\/sk\/po%C4%8Dasie\/predpove%C4%8F\/t%C3%BD%C5%BEde%C5%88\/moldava-nad-bodvou_slovensk%c3%a1-republika_724111?utm_source=weather_widget&amp;utm_medium=linkus&amp;utm_content=three&amp;utm_campaign=Weather%2BWidget\" target=\"_blank\" rel=\"noopener noreferrer\">meteoblue<\/a><\/div>\n<p><strong>Zdroj foto:<\/strong><strong> <a href=\"http:\/\/skbodva.sk\/\" target=\"_blank\" rel=\"noopener noreferrer\">www.skbodva.sk<\/a><\/strong><\/p>\n","protected":false},"excerpt":{"rendered":"<p>Menu: Podkateg\u00f3ria: Kde presne sa Moldavsk\u00e1 jasky\u0148a nach\u00e1dza? Jasky\u0148a sa nach\u00e1dza priamo v meste Moldava nad Bodvou (lokalita Hazalutov) v Moldavskom krase (Szepsi karszt) a na juhov\u00fdchodnom okraji n\u00e1rodn\u00e9ho parku [&hellip;]<\/p>\n","protected":false},"author":1,"featured_media":7627,"parent":17,"menu_order":0,"comment_status":"closed","ping_status":"open","template":"","meta":{"_uag_custom_page_level_css":"","footnotes":""},"class_list":["post-779","page","type-page","status-publish","has-post-thumbnail","hentry"],"featured_image_src":"https:\/\/www.slovensky-kras.eu\/info\/wp-content\/uploads\/2013\/07\/DSC_0810.jpg","featured_image_src_square":"https:\/\/www.slovensky-kras.eu\/info\/wp-content\/uploads\/2013\/07\/DSC_0810.jpg","rbea_author_info":{"display_name":"admin","author_link":"https:\/\/www.slovensky-kras.eu\/info\/author\/admin\/"},"rbea_excerpt_info":"Menu: Podkateg\u00f3ria: Kde presne sa Moldavsk\u00e1 jasky\u0148a nach\u00e1dza? Jasky\u0148a sa nach\u00e1dza priamo v meste Moldava nad Bodvou (lokalita Hazalutov) v Moldavskom krase (Szepsi karszt) a na juhov\u00fdchodnom okraji n\u00e1rodn\u00e9ho parku [&hellip;]","uagb_featured_image_src":{"full":["https:\/\/www.slovensky-kras.eu\/info\/wp-content\/uploads\/2013\/07\/DSC_0810.jpg",1280,853,false],"thumbnail":["https:\/\/www.slovensky-kras.eu\/info\/wp-content\/uploads\/2013\/07\/DSC_0810-150x150.jpg",150,150,true],"medium":["https:\/\/www.slovensky-kras.eu\/info\/wp-content\/uploads\/2013\/07\/DSC_0810-800x533.jpg",800,533,true],"medium_large":["https:\/\/www.slovensky-kras.eu\/info\/wp-content\/uploads\/2013\/07\/DSC_0810-768x512.jpg",768,512,true],"large":["https:\/\/www.slovensky-kras.eu\/info\/wp-content\/uploads\/2013\/07\/DSC_0810-1024x682.jpg",1024,682,true],"1536x1536":["https:\/\/www.slovensky-kras.eu\/info\/wp-content\/uploads\/2013\/07\/DSC_0810.jpg",1280,853,false],"2048x2048":["https:\/\/www.slovensky-kras.eu\/info\/wp-content\/uploads\/2013\/07\/DSC_0810.jpg",1280,853,false]},"uagb_author_info":{"display_name":"admin","author_link":"https:\/\/www.slovensky-kras.eu\/info\/author\/admin\/"},"uagb_comment_info":0,"uagb_excerpt":"Menu: Podkateg\u00f3ria: Kde presne sa Moldavsk\u00e1 jasky\u0148a nach\u00e1dza? Jasky\u0148a sa nach\u00e1dza priamo v meste Moldava nad Bodvou (lokalita Hazalutov) v Moldavskom krase (Szepsi karszt) a na juhov\u00fdchodnom okraji n\u00e1rodn\u00e9ho parku [&hellip;]","_links":{"self":[{"href":"https:\/\/www.slovensky-kras.eu\/info\/wp-json\/wp\/v2\/pages\/779","targetHints":{"allow":["GET"]}}],"collection":[{"href":"https:\/\/www.slovensky-kras.eu\/info\/wp-json\/wp\/v2\/pages"}],"about":[{"href":"https:\/\/www.slovensky-kras.eu\/info\/wp-json\/wp\/v2\/types\/page"}],"author":[{"embeddable":true,"href":"https:\/\/www.slovensky-kras.eu\/info\/wp-json\/wp\/v2\/users\/1"}],"replies":[{"embeddable":true,"href":"https:\/\/www.slovensky-kras.eu\/info\/wp-json\/wp\/v2\/comments?post=779"}],"version-history":[{"count":8,"href":"https:\/\/www.slovensky-kras.eu\/info\/wp-json\/wp\/v2\/pages\/779\/revisions"}],"predecessor-version":[{"id":27894,"href":"https:\/\/www.slovensky-kras.eu\/info\/wp-json\/wp\/v2\/pages\/779\/revisions\/27894"}],"up":[{"embeddable":true,"href":"https:\/\/www.slovensky-kras.eu\/info\/wp-json\/wp\/v2\/pages\/17"}],"wp:featuredmedia":[{"embeddable":true,"href":"https:\/\/www.slovensky-kras.eu\/info\/wp-json\/wp\/v2\/media\/7627"}],"wp:attachment":[{"href":"https:\/\/www.slovensky-kras.eu\/info\/wp-json\/wp\/v2\/media?parent=779"}],"curies":[{"name":"wp","href":"https:\/\/api.w.org\/{rel}","templated":true}]}}