{"id":768,"date":"2013-07-05T15:08:31","date_gmt":"2013-07-05T13:08:31","guid":{"rendered":"http:\/\/www.slovensky-kras.eu\/info\/?page_id=768"},"modified":"2025-11-26T04:38:41","modified_gmt":"2025-11-26T03:38:41","slug":"ardovska-jaskyna","status":"publish","type":"page","link":"https:\/\/www.slovensky-kras.eu\/info\/jaskyne-a-priepasti\/ardovska-jaskyna\/","title":{"rendered":"Ardovsk\u00e1 jasky\u0148a"},"content":{"rendered":"<p><strong>Menu: <\/strong> <a href=\"http:\/\/www.slovensky-kras.eu\/info\/\" class=\"su-button su-button-style-default\" style=\"color:#000000;background-color:#FFCF2F;border-color:#cca626;border-radius:5px\" target=\"_self\"><span style=\"color:#000000;padding:6px 16px;font-size:13px;line-height:20px;border-color:#ffde6e;border-radius:5px;text-shadow:none\"><i class=\"sui sui-arrow-right\" style=\"font-size:13px;color:#000000\"><\/i>  \u00davod \/ Aktuality <\/span><\/a>\n<a href=\"http:\/\/www.slovensky-kras.eu\/info\/kam-do-prirody\/\" class=\"su-button su-button-style-default\" style=\"color:#000000;background-color:#FFCF2F;border-color:#cca626;border-radius:5px\" target=\"_self\"><span style=\"color:#000000;padding:6px 16px;font-size:13px;line-height:20px;border-color:#ffde6e;border-radius:5px;text-shadow:none\"><i class=\"sui sui-arrow-right\" style=\"font-size:13px;color:#000000\"><\/i>  Kam do pr\u00edrody <\/span><\/a>\n<p><strong>Podkateg\u00f3ria: <\/strong> <a href=\"http:\/\/www.slovensky-kras.eu\/info\/jaskyne-a-priepasti\/\" class=\"su-button su-button-style-default\" style=\"color:#000000;background-color:#C5ED2C;border-color:#9ebe24;border-radius:5px\" target=\"_self\"><span style=\"color:#000000;padding:6px 16px;font-size:13px;line-height:20px;border-color:#d7f36c;border-radius:5px;text-shadow:none\"><i class=\"sui sui-arrow-right\" style=\"font-size:13px;color:#000000\"><\/i>  Jaskyne a priepasti <\/span><\/a>\n<p><strong>Podkateg\u00f3ria: <\/strong> <a href=\"http:\/\/www.slovensky-kras.eu\/info\/kam-do-prirody\/narodne-prirodne-pamiatky\/\" class=\"su-button su-button-style-default\" style=\"color:#000000;background-color:#C5ED2C;border-color:#9ebe24;border-radius:5px\" target=\"_self\"><span style=\"color:#000000;padding:6px 16px;font-size:13px;line-height:20px;border-color:#d7f36c;border-radius:5px;text-shadow:none\"><i class=\"sui sui-arrow-right\" style=\"font-size:13px;color:#000000\"><\/i>  N\u00e1rodn\u00e9 pr\u00edrodn\u00e9 pamiatky <\/span><\/a>\n<div class=\"su-divider su-divider-style-default\" style=\"margin:15px 0;border-width:2px;border-color:#000000\"><\/div>\n<figure id=\"attachment_17074\" aria-describedby=\"caption-attachment-17074\" style=\"width: 900px\" class=\"wp-caption aligncenter\"><a href=\"https:\/\/www.slovensky-kras.eu\/info\/wp-content\/uploads\/2020\/02\/ardovska.jpg\"><img loading=\"lazy\" decoding=\"async\" class=\"wp-image-17074\" src=\"http:\/\/www.slovensky-kras.eu\/info\/wp-content\/uploads\/2020\/02\/ardovska.jpg\" alt=\"Ardovsk\u00e1 jasky\u0148a\" width=\"900\" height=\"675\" srcset=\"https:\/\/www.slovensky-kras.eu\/info\/wp-content\/uploads\/2020\/02\/ardovska.jpg 800w, https:\/\/www.slovensky-kras.eu\/info\/wp-content\/uploads\/2020\/02\/ardovska-768x576.jpg 768w\" sizes=\"auto, (max-width: 900px) 100vw, 900px\" \/><\/a><figcaption id=\"caption-attachment-17074\" class=\"wp-caption-text\">Ardovsk\u00e1 jasky\u0148a<\/figcaption><\/figure>\n<div class=\"su-divider su-divider-style-default\" style=\"margin:15px 0;border-width:2px;border-color:#000000\"><\/div>\n<h2 class=\"ds-markdown-paragraph\"><span style=\"color: #800000;\">Kde presne sa Ardovsk\u00e1 jasky\u0148a nach\u00e1dza?<\/span><\/h2>\n<p class=\"ds-markdown-paragraph\">Ak h\u013ead\u00e1te jej polohu, <strong>Ardovsk\u00e1 jasky\u0148a<\/strong>\u00a0sa nach\u00e1dza juhov\u00fdchodne od obce <a href=\"http:\/\/www.slovensky-kras.eu\/info\/strediska-a-centra\/obec-ardovo\/\">Ardovo<\/a>, na juhoz\u00e1padnom okraji n\u00e1dhernej\u00a0<a href=\"http:\/\/www.slovensky-kras.eu\/info\/kam-do-prirody\/silicka-planina\/\"><strong>Silickej planiny<\/strong><\/a>. Je verejnosti nepr\u00edstupn\u00e1!!<\/p>\n<h2 class=\"ds-markdown-paragraph\"><span style=\"color: #800000;\">Ak\u00fd je \u0161tat\u00fat ochrany tohto \u00fazemia?<\/span><\/h2>\n<p class=\"ds-markdown-paragraph\">T\u00e1to v\u00fdnimo\u010dn\u00e1 lokalita bola pre svoju jedine\u010dnos\u0165 vyhl\u00e1sen\u00e1 za\u00a0<strong>n\u00e1rodn\u00fa pr\u00edrodn\u00fa rezerv\u00e1ciu<\/strong>\u00a0v roku 1996. Na jej \u00fazem\u00ed plat\u00ed\u00a0<strong>5. stupe\u0148 ochrany<\/strong>, \u010do znamen\u00e1 najpr\u00edsnej\u0161\u00ed re\u017eim.<\/p>\n<h2 class=\"ds-markdown-paragraph\"><span style=\"color: #800000;\">Ak\u00fd typ jaskyne to je a ako vznikla?<\/span><\/h2>\n<p class=\"ds-markdown-paragraph\">Pre geol\u00f3gych a zvedav\u00fdch n\u00e1v\u0161tevn\u00edkov je d\u00f4le\u017eit\u00e9 vedie\u0165, \u017ee ide o <strong>jasky\u0148u fluviokrasov\u00e9ho typu<\/strong>. Bola vytvoren\u00e1 v strednotriasov\u00fdch svetl\u00fdch wettersteinsk\u00fdch v\u00e1pencoch a jej v\u00fdvoj prebiehal v dvoch \u00farovniach, \u010do ju rob\u00ed mimoriadne zauj\u00edmavou.<\/p>\n<h2 class=\"ds-markdown-paragraph\"><span style=\"color: #800000;\">Ako je jasky\u0148a rozsiahla?<\/span><\/h2>\n<p class=\"ds-markdown-paragraph\">Pre predstavu o jej ve\u013ekosti \u2013 celkov\u00e1 <strong>d\u013a\u017eka chodieb dosahuje \u00factyhodn\u00fdch 1 550 metrov<\/strong>, \u010do zaru\u010duje dostato\u010dn\u00fd priestor na objavovanie.<\/p>\n<h2 class=\"ds-markdown-paragraph\"><span style=\"color: #800000;\">\u010co je najkraj\u0161ie na jej v\u00fdzdobe?<\/span><\/h2>\n<p class=\"ds-markdown-paragraph\">Sintrov\u00e1 v\u00fdzdoba je ohromuj\u00faca! <strong>Tvoria ju kr\u00e1tke br\u010dk\u00e1, palicov\u00e9 a mal\u00e9 gu\u013eov\u00e9 stalaktity, jemn\u00e9 z\u00e1clony a obrovsk\u00e9, a\u017e 3 metre vysok\u00e9 mas\u00edvne stalagmity.<\/strong>\u00a0Je to poh\u013ead, na ktor\u00fd sa nezabudne.<\/p>\n<h2 class=\"ds-markdown-paragraph\"><span style=\"color: #800000;\">M\u00e1 jasky\u0148a aj historick\u00fd v\u00fdznam?<\/span><\/h2>\n<p class=\"ds-markdown-paragraph\">\u00c1no, a mimoriadny! <strong>Ardovsk\u00e1 jasky\u0148a je ve\u013emi d\u00f4le\u017eit\u00e1 z archeologick\u00e9ho i antropologick\u00e9ho h\u013eadiska<\/strong>, \u010do z nej rob\u00ed pokladnicu nielen pr\u00edrodn\u00fdch, ale aj historick\u00fdch poznatkov.<\/p>\n<h2 class=\"ds-markdown-paragraph\"><span style=\"color: #800000;\">Ak\u00e9 s\u00fa pravidl\u00e1 n\u00e1v\u0161tevy kv\u00f4li ochrane?<\/span><\/h2>\n<p class=\"ds-markdown-paragraph\">Ke\u010f\u017ee tu plat\u00ed spom\u00ednan\u00fd <strong>5. stupe\u0148 ochrany<\/strong>, je nevyhnutn\u00e9 dodr\u017eiava\u0165 pravidl\u00e1.\u00a0<strong>Plat\u00ed tu z\u00e1kaz pohybova\u0165 sa mimo vyzna\u010den\u00e9ho turistick\u00e9ho chodn\u00edka<\/strong>, vch\u00e1dza\u0165 s bicyklom na nevyzna\u010den\u00e9 pozemky, akoko\u013evek po\u0161kodzova\u0165 lesn\u00fd porast, veget\u00e1ciu, p\u00f4du, alebo chyta\u0165 a ru\u0161i\u0165 \u017eivo\u010d\u00edchy.\u00a0<strong>Nezabudnite, \u017ee je tu povinnos\u0165 zachov\u00e1va\u0165 pokoj a ticho!<\/strong>\u00a0Re\u0161pektovan\u00edm t\u00fdchto pravidiel prispievate k ochrane tohto klenotu pre bud\u00face gener\u00e1cie.<\/p>\n<h3><span style=\"color: #808000;\">Bl\u00edzke stredisko, turistick\u00e9 centrum, obec alebo mesto<\/span><\/h3>\n<ul>\n<li><a href=\"http:\/\/www.slovensky-kras.eu\/info\/strediska-a-centra\/obec-ardovo\/\">Obec Ardovo (\u010d\u00edtaj viac&#8230;)<\/a><\/li>\n<\/ul>\n<h3><span style=\"color: #808000;\">Mapy<\/span><\/h3>\n<p><strong>Vrstvy: <\/strong>Turistick\u00e1 mapa, Automapa, Cyklomapa, Ly\u017eiarska mapa, Satelitn\u00e1 mapa a OpenStreetMap.<\/p>\n<p><strong>Kliknut\u00edm na logo &#8222;Freemap.sk&#8220; sa V\u00e1m mapa zobraz\u00ed na celej ploche obrazovky.<\/strong><\/p>\n<p><iframe style=\"width: 900px; height: 600px; border: 0;\" src=\"https:\/\/www.freemap.sk\/?map=14\/48.521465\/20.420709&amp;info-point=48.521465\/20.420709&amp;,Ardovsk\u00e1 jasky\u0148a&amp;layers=X&amp;embed=search\" allowfullscreen=\"allowfullscreen\"><\/iframe><\/p>\n<h3><span style=\"color: #808000;\">Po\u010dasie<\/span><\/h3>\n<p><iframe style=\"width: 900px; height: 608px;\" src=\"https:\/\/www.meteoblue.com\/sk\/po%C4%8Dasie\/widget\/three\/ardovo_slovensk%c3%a1-republika_725199?geoloc=fixed&amp;nocurrent=0&amp;noforecast=0&amp;days=6&amp;tempunit=CELSIUS&amp;windunit=KILOMETER_PER_HOUR&amp;layout=image\" frameborder=\"0\" scrolling=\"NO\" sandbox=\"allow-same-origin allow-scripts allow-popups allow-popups-to-escape-sandbox\"><\/iframe><\/p>\n<div><!-- DO NOT REMOVE THIS LINK --><a href=\"https:\/\/www.meteoblue.com\/sk\/po%C4%8Dasie\/predpove%C4%8F\/t%C3%BD%C5%BEde%C5%88\/ardovo_slovensk%c3%a1-republika_725199?utm_source=weather_widget&amp;utm_medium=linkus&amp;utm_content=three&amp;utm_campaign=Weather%2BWidget\" target=\"_blank\" rel=\"noopener noreferrer\">meteoblue<\/a><\/div>\n<h3><span style=\"color: #808000;\">Vide\u00e1<\/span><\/h3>\n<p><iframe loading=\"lazy\" src=\"\/\/www.youtube-nocookie.com\/embed\/odwKW3bjzyM\" width=\"800\" height=\"450\" frameborder=\"0\" allowfullscreen=\"allowfullscreen\"><span class=\"mce_SELRES_start\" style=\"width: 0px; line-height: 0; overflow: hidden; display: inline-block;\" data-mce-type=\"bookmark\">\ufeff<\/span><\/iframe><\/p>\n<p><strong>Text a foto:<\/strong> RNDr. Jaroslav Stankovi\u010d<\/p>\n<p><a href=\"http:\/\/www.krasnohorskajaskyna.sk\/\" target=\"_blank\" rel=\"noopener noreferrer\"><img loading=\"lazy\" decoding=\"async\" class=\"aligncenter wp-image-7446\" src=\"http:\/\/www.slovensky-kras.eu\/info\/wp-content\/uploads\/2013\/07\/jakyna-logo.jpg\" alt=\"jakyna logo\" width=\"800\" height=\"190\" \/><\/a><\/p>\n","protected":false},"excerpt":{"rendered":"<p>Menu: Podkateg\u00f3ria: Podkateg\u00f3ria: Kde presne sa Ardovsk\u00e1 jasky\u0148a nach\u00e1dza? Ak h\u013ead\u00e1te jej polohu, Ardovsk\u00e1 jasky\u0148a\u00a0sa nach\u00e1dza juhov\u00fdchodne od obce Ardovo, na juhoz\u00e1padnom okraji n\u00e1dhernej\u00a0Silickej planiny. Je verejnosti nepr\u00edstupn\u00e1!! Ak\u00fd je [&hellip;]<\/p>\n","protected":false},"author":1,"featured_media":10644,"parent":17,"menu_order":0,"comment_status":"closed","ping_status":"open","template":"","meta":{"_uag_custom_page_level_css":"","footnotes":""},"class_list":["post-768","page","type-page","status-publish","has-post-thumbnail","hentry"],"featured_image_src":"https:\/\/www.slovensky-kras.eu\/info\/wp-content\/uploads\/2013\/07\/ardovska.jpg","featured_image_src_square":"https:\/\/www.slovensky-kras.eu\/info\/wp-content\/uploads\/2013\/07\/ardovska.jpg","rbea_author_info":{"display_name":"admin","author_link":"https:\/\/www.slovensky-kras.eu\/info\/author\/admin\/"},"rbea_excerpt_info":"Menu: Podkateg\u00f3ria: Podkateg\u00f3ria: Kde presne sa Ardovsk\u00e1 jasky\u0148a nach\u00e1dza? Ak h\u013ead\u00e1te jej polohu, Ardovsk\u00e1 jasky\u0148a\u00a0sa nach\u00e1dza juhov\u00fdchodne od obce Ardovo, na juhoz\u00e1padnom okraji n\u00e1dhernej\u00a0Silickej planiny. Je verejnosti nepr\u00edstupn\u00e1!! Ak\u00fd je [&hellip;]","uagb_featured_image_src":{"full":["https:\/\/www.slovensky-kras.eu\/info\/wp-content\/uploads\/2013\/07\/ardovska.jpg",500,375,false],"thumbnail":["https:\/\/www.slovensky-kras.eu\/info\/wp-content\/uploads\/2013\/07\/ardovska-150x150.jpg",150,150,true],"medium":["https:\/\/www.slovensky-kras.eu\/info\/wp-content\/uploads\/2013\/07\/ardovska.jpg",500,375,false],"medium_large":["https:\/\/www.slovensky-kras.eu\/info\/wp-content\/uploads\/2013\/07\/ardovska.jpg",500,375,false],"large":["https:\/\/www.slovensky-kras.eu\/info\/wp-content\/uploads\/2013\/07\/ardovska.jpg",500,375,false],"1536x1536":["https:\/\/www.slovensky-kras.eu\/info\/wp-content\/uploads\/2013\/07\/ardovska.jpg",500,375,false],"2048x2048":["https:\/\/www.slovensky-kras.eu\/info\/wp-content\/uploads\/2013\/07\/ardovska.jpg",500,375,false]},"uagb_author_info":{"display_name":"admin","author_link":"https:\/\/www.slovensky-kras.eu\/info\/author\/admin\/"},"uagb_comment_info":0,"uagb_excerpt":"Menu: Podkateg\u00f3ria: Podkateg\u00f3ria: Kde presne sa Ardovsk\u00e1 jasky\u0148a nach\u00e1dza? Ak h\u013ead\u00e1te jej polohu, Ardovsk\u00e1 jasky\u0148a\u00a0sa nach\u00e1dza juhov\u00fdchodne od obce Ardovo, na juhoz\u00e1padnom okraji n\u00e1dhernej\u00a0Silickej planiny. Je verejnosti nepr\u00edstupn\u00e1!! Ak\u00fd je [&hellip;]","_links":{"self":[{"href":"https:\/\/www.slovensky-kras.eu\/info\/wp-json\/wp\/v2\/pages\/768","targetHints":{"allow":["GET"]}}],"collection":[{"href":"https:\/\/www.slovensky-kras.eu\/info\/wp-json\/wp\/v2\/pages"}],"about":[{"href":"https:\/\/www.slovensky-kras.eu\/info\/wp-json\/wp\/v2\/types\/page"}],"author":[{"embeddable":true,"href":"https:\/\/www.slovensky-kras.eu\/info\/wp-json\/wp\/v2\/users\/1"}],"replies":[{"embeddable":true,"href":"https:\/\/www.slovensky-kras.eu\/info\/wp-json\/wp\/v2\/comments?post=768"}],"version-history":[{"count":7,"href":"https:\/\/www.slovensky-kras.eu\/info\/wp-json\/wp\/v2\/pages\/768\/revisions"}],"predecessor-version":[{"id":29033,"href":"https:\/\/www.slovensky-kras.eu\/info\/wp-json\/wp\/v2\/pages\/768\/revisions\/29033"}],"up":[{"embeddable":true,"href":"https:\/\/www.slovensky-kras.eu\/info\/wp-json\/wp\/v2\/pages\/17"}],"wp:featuredmedia":[{"embeddable":true,"href":"https:\/\/www.slovensky-kras.eu\/info\/wp-json\/wp\/v2\/media\/10644"}],"wp:attachment":[{"href":"https:\/\/www.slovensky-kras.eu\/info\/wp-json\/wp\/v2\/media?parent=768"}],"curies":[{"name":"wp","href":"https:\/\/api.w.org\/{rel}","templated":true}]}}