{"id":7429,"date":"2016-01-25T18:29:54","date_gmt":"2016-01-25T17:29:54","guid":{"rendered":"http:\/\/www.slovensky-kras.eu\/info\/?page_id=7429"},"modified":"2025-10-24T03:59:16","modified_gmt":"2025-10-24T01:59:16","slug":"hajske-hrnciarstvo","status":"publish","type":"page","link":"https:\/\/www.slovensky-kras.eu\/info\/nositelia-tradicii\/hajske-hrnciarstvo\/","title":{"rendered":"H\u00e1jske hrn\u010diarstvo &#8211; Am\u00e1lia Hol\u00edkov\u00e1"},"content":{"rendered":"<p><strong>Menu: <\/strong><a href=\"http:\/\/www.slovensky-kras.eu\/info\/\" class=\"su-button su-button-style-default\" style=\"color:#000000;background-color:#FFCF2F;border-color:#cca626;border-radius:5px\" target=\"_self\"><span style=\"color:#000000;padding:6px 16px;font-size:13px;line-height:20px;border-color:#ffde6e;border-radius:5px;text-shadow:none\"><i class=\"sui sui-arrow-right\" style=\"font-size:13px;color:#000000\"><\/i>  \u00davod \/ Aktuality <\/span><\/a>\n<a href=\"http:\/\/www.slovensky-kras.eu\/info\/nositelia-tradicii\/\" class=\"su-button su-button-style-default\" style=\"color:#000000;background-color:#FFCF2F;border-color:#cca626;border-radius:5px\" target=\"_self\"><span style=\"color:#000000;padding:6px 16px;font-size:13px;line-height:20px;border-color:#ffde6e;border-radius:5px;text-shadow:none\"><i class=\"sui sui-arrow-right\" style=\"font-size:13px;color:#000000\"><\/i>  Nositelia trad\u00edci\u00ed <\/span><\/a>\n<div class=\"su-divider su-divider-style-default\" style=\"margin:15px 0;border-width:2px;border-color:#000000\"><\/div>\n<h2 class=\"ds-markdown-paragraph\"><span style=\"color: #800000;\">Kde sa nach\u00e1dza H\u00e1jske hrn\u010diarstvo?<\/span><\/h2>\n<p class=\"ds-markdown-paragraph\">H\u00e1jske hrn\u010diarstvo sa nach\u00e1dza v obci <a href=\"https:\/\/www.slovensky-kras.eu\/info\/strediska-a-centra\/obec-haj\/\">H\u00e1j<\/a> v zadnej \u010dasti domu \u010d. 88. Obec H\u00e1j s 350 obyvate\u013emi le\u017e\u00ed na za\u010diatku malebnej <a href=\"https:\/\/www.slovensky-kras.eu\/info\/kam-do-prirody\/hajska-dolina\/\">H\u00e1jskej doliny<\/a>, vo v\u00fdchodnej \u010dasti <a href=\"https:\/\/www.slovensky-kras.eu\/info\/vseobecne-informacie\/\"><strong>Slovensk\u00e9ho krasu<\/strong><\/a>, medzi\u00a0<a href=\"https:\/\/www.slovensky-kras.eu\/info\/kam-do-prirody\/zadielska-planina\/\"><strong>Z\u00e1dielskou planinou<\/strong><\/a>\u00a0a\u00a0<a href=\"https:\/\/www.slovensky-kras.eu\/info\/kam-do-prirody\/jasovska-planina\/\"><strong>Jasovskou planinou<\/strong><\/a>.<\/p>\n<figure id=\"attachment_18479\" aria-describedby=\"caption-attachment-18479\" style=\"width: 800px\" class=\"wp-caption aligncenter\"><a href=\"http:\/\/www.slovensky-kras.eu\/info\/wp-content\/uploads\/2020\/12\/hajske-hrnciarstvo.jpg\"><img loading=\"lazy\" decoding=\"async\" class=\"wp-image-18479 size-medium\" src=\"http:\/\/www.slovensky-kras.eu\/info\/wp-content\/uploads\/2020\/12\/hajske-hrnciarstvo-800x533.jpg\" alt=\"H\u00e1jske hrn\u010diarstvo - Am\u00e1lia Hol\u00edkov\u00e1\" width=\"800\" height=\"533\" srcset=\"https:\/\/www.slovensky-kras.eu\/info\/wp-content\/uploads\/2020\/12\/hajske-hrnciarstvo-800x533.jpg 800w, https:\/\/www.slovensky-kras.eu\/info\/wp-content\/uploads\/2020\/12\/hajske-hrnciarstvo-768x512.jpg 768w, https:\/\/www.slovensky-kras.eu\/info\/wp-content\/uploads\/2020\/12\/hajske-hrnciarstvo.jpg 960w\" sizes=\"auto, (max-width: 800px) 100vw, 800px\" \/><\/a><figcaption id=\"caption-attachment-18479\" class=\"wp-caption-text\">H\u00e1jske hrn\u010diarstvo &#8211; Am\u00e1lia Hol\u00edkov\u00e1<\/figcaption><\/figure>\n<p>&nbsp;<\/p>\n<h2 class=\"ds-markdown-paragraph\"><span style=\"color: #800000;\">Ak\u00fd je pr\u00edbeh domu a z\u00e1hrady?<\/span><\/h2>\n<p class=\"ds-markdown-paragraph\"><strong>Dvor a z\u00e1hrada<\/strong>\u00a0patria k p\u00f4vodnej stavbe dedinsk\u00e9ho rodinn\u00e9ho domu s g\u00e1nkom, typu &#8222;<a href=\"https:\/\/www.slovensky-kras.eu\/info\/kam-za-pamiatkami\/sedliacke-domy-typu-paloc-v-obci-haj\/\">pal\u00f3c<\/a>&#8222;, nach\u00e1dzaj\u00fa sa v \u00fazkej doline medzi planinami Slovensk\u00e9ho krasu. \u010cas\u0165 domu je\u00a0<strong>hrn\u010diarska diel\u0148a<\/strong>, jej vonkaj\u0161ie priestory tvoria organick\u00fd celok so z\u00e1hradou a dvorom. Charakter z\u00e1hrady je \u00fa\u017eitkov\u00fd, vych\u00e1dza z potreby pon\u00faknu\u0165 tak n\u00e1v\u0161tevn\u00edkom hrn\u010diarstva ako aj pre dom\u00e1cich priestor pre oddych a plne s\u00favis\u00ed s dedinsk\u00fdm prostred\u00edm. Tvoria ju star\u0161ie aj mlad\u00e9\u00a0<strong>ovocn\u00e9 stromy<\/strong>, ve\u013ek\u00e9 orechy, okrasn\u00e9 kr\u00edky, tr\u00e1vnat\u00e9 plochy,\u00a0<strong>bylinkov\u00e9 z\u00e1hony<\/strong>\u00a0a\u00a0<strong>levandu\u013eov\u00e9 pol\u00ed\u010dko<\/strong>. Men\u0161ie levandu\u013eov\u00e9 pole, star\u00e9 ovocn\u00e9 stromy pestovan\u00e9 p\u00f4vodn\u00fdm, dnes u\u017e nepou\u017e\u00edvan\u00fdm rezom.<\/p>\n<figure id=\"attachment_18480\" aria-describedby=\"caption-attachment-18480\" style=\"width: 800px\" class=\"wp-caption aligncenter\"><a href=\"http:\/\/www.slovensky-kras.eu\/info\/wp-content\/uploads\/2020\/12\/hajske-hrnciarstvo2.jpg\"><img loading=\"lazy\" decoding=\"async\" class=\"wp-image-18480 size-medium\" src=\"http:\/\/www.slovensky-kras.eu\/info\/wp-content\/uploads\/2020\/12\/hajske-hrnciarstvo2-800x451.jpg\" alt=\"\" width=\"800\" height=\"451\" srcset=\"https:\/\/www.slovensky-kras.eu\/info\/wp-content\/uploads\/2020\/12\/hajske-hrnciarstvo2-800x451.jpg 800w, https:\/\/www.slovensky-kras.eu\/info\/wp-content\/uploads\/2020\/12\/hajske-hrnciarstvo2-768x433.jpg 768w, https:\/\/www.slovensky-kras.eu\/info\/wp-content\/uploads\/2020\/12\/hajske-hrnciarstvo2.jpg 960w\" sizes=\"auto, (max-width: 800px) 100vw, 800px\" \/><\/a><figcaption id=\"caption-attachment-18480\" class=\"wp-caption-text\">H\u00e1jske hrn\u010diarstvo &#8211; Am\u00e1lia Hol\u00edkov\u00e1<\/figcaption><\/figure>\n<p>&nbsp;<\/p>\n<h2 class=\"ds-markdown-paragraph\"><span style=\"color: #800000;\">\u010co je zauj\u00edmav\u00e9 na z\u00e1hrade a okol\u00ed?<\/span><\/h2>\n<p class=\"ds-markdown-paragraph\"><strong>Z\u00e1hrada<\/strong>\u00a0je sn\u00e1\u010f dobrou uk\u00e1\u017ekou \u00fa\u017eitkovej plochy pri hrn\u010diarstve. Na pozemku stoja aj dve\u00a0<strong>hrn\u010diarske pece na v\u00fdpal drevom<\/strong>. Poloha v \u00fazkej doline medzi\u00a0<strong>krasov\u00fdmi planinami<\/strong>\u00a0je malebn\u00e1, miestna kl\u00edma je v lete tepl\u00e1 a such\u00e1. Obec <a href=\"https:\/\/www.slovensky-kras.eu\/info\/strediska-a-centra\/obec-haj\/\">H\u00e1j<\/a> je jednou z\u00a0<strong>najkraj\u0161\u00edch obc\u00ed na Slovensku<\/strong> s mo\u017enos\u0165ou turistiky. Nad obcou sa nach\u00e1dzaj\u00fa\u00a0<a href=\"https:\/\/www.slovensky-kras.eu\/info\/kam-do-prirody\/hajske-vodopady\/\"><strong>H\u00e1jske vodop\u00e1dy<\/strong><\/a>\u00a0v\u00a0<a href=\"https:\/\/www.slovensky-kras.eu\/info\/kam-do-prirody\/hajska-dolina\/\"><strong>H\u00e1jskom doline<\/strong><\/a>. Dolina patr\u00ed medzi najkraj\u0161ie doliny na Slovensku.\u00a0Po ne\u010falekej\u00a0<a href=\"https:\/\/www.slovensky-kras.eu\/info\/kam-do-prirody\/zadielska-dolina\/\">Z\u00e1dielskej doline<\/a>\u00a0je H\u00e1jska dolina druhou turistami vyh\u013ead\u00e1vanou dolinou a ties\u0148avou v\u00a0<a href=\"https:\/\/www.slovensky-kras.eu\/info\/vseobecne-informacie\/\">NP Slovensk\u00fd kras<\/a>.<\/p>\n<h2 class=\"ds-markdown-paragraph\"><span style=\"color: #800000;\">Ak\u00e1 je hist\u00f3ria domu?<\/span><\/h2>\n<p class=\"ds-markdown-paragraph\">Obytn\u00e1 stavba tu st\u00e1la pravdepodobne u\u017e v 17. storo\u010d\u00ed, o \u010dom sved\u010d\u00ed n\u00e1lez h\u0155stky strieborn\u00fdch minc\u00ed po\u010das prestavby domu. Ide o jeden z\u00a0<a href=\"https:\/\/www.slovensky-kras.eu\/info\/kam-za-pamiatkami\/sedliacke-domy-typu-paloc-v-obci-haj\/\"><strong>p\u00f4vodn\u00fdch sedliackych domov typu Pal\u00f3c<\/strong><\/a>. Tento typ domov m\u00e1 mix jednotliv\u00fdch barokov\u00fdch, klasicistick\u00fdch a secesn\u00fdch \u013eudov\u00fdch prvkov. Pou\u017e\u00edva tieto prvky v \u00faplne \u0161pecifick\u00fdch, z h\u013eadiska \u010distoty p\u00f4vodn\u00e9ho slohu vlastne nespr\u00e1vnych kombin\u00e1ci\u00e1ch, ktor\u00e9 s\u00fa v\u0161ak ve\u013emi p\u00f4vabn\u00e9.<\/p>\n<p class=\"ds-markdown-paragraph\">P\u00f4vodne sa jej p\u00f4dorys dodr\u017eiaval tradi\u010dn\u00fa trojpriestorov\u00fa sch\u00e9mu: izba, pitvor (predsie\u0148) a kuchy\u0148a s komorou. Nesk\u00f4r, za\u010diatkom 20. storo\u010d\u00ed, bol dom pravdepodobne modernizovan\u00fd a roz\u0161\u00edren\u00fd pod\u013ea vtedy zau\u017e\u00edvanej \u0161tvorpriestorovej sch\u00e9my na predn\u00fa izbu, kuchy\u0148u, zadn\u00fa izbu a komoru.<\/p>\n<p class=\"ds-markdown-paragraph\">\u017dia\u013e, \u010dasov\u00fa stopu nesie aj 20. storo\u010die, kedy bola hlavn\u00e1 \u010deln\u00e1 fas\u00e1da domu necitlivo preroben\u00e1 v 70. rokoch. Pozemok p\u00f4vodne kompletne sl\u00fa\u017eil na pestovanie ovocia, zeleniny a chov dom\u00e1cich zvierat.<\/p>\n<h2 class=\"ds-markdown-paragraph\"><span style=\"color: #800000;\">Kto je majite\u013ekou hrn\u010diarstva a \u010d\u00edm sa zaober\u00e1?<\/span><\/h2>\n<p class=\"ds-markdown-paragraph\">Majite\u013ekou H\u00e1jskeho hrn\u010diarstva je pani\u00a0<a href=\"https:\/\/www.facebook.com\/amalia.holikova.3\" target=\"_blank\" rel=\"noopener\"><strong>Am\u00e1lia Hol\u00edkov\u00e1<\/strong><\/a>, ktor\u00e1 sa venuje v\u00fdrobe ru\u010dne to\u010denej alebo modelovanej\u00a0<strong>\u00fa\u017eitkovej keramiky<\/strong>\u00a0na hrn\u010diarskom kruhu.<\/p>\n<figure id=\"attachment_18481\" aria-describedby=\"caption-attachment-18481\" style=\"width: 800px\" class=\"wp-caption aligncenter\"><a href=\"http:\/\/www.slovensky-kras.eu\/info\/wp-content\/uploads\/2020\/12\/hajske-hrnciarstvo3.jpg\"><img loading=\"lazy\" decoding=\"async\" class=\"wp-image-18481 size-medium\" src=\"http:\/\/www.slovensky-kras.eu\/info\/wp-content\/uploads\/2020\/12\/hajske-hrnciarstvo3-800x600.jpg\" alt=\"\" width=\"800\" height=\"600\" srcset=\"https:\/\/www.slovensky-kras.eu\/info\/wp-content\/uploads\/2020\/12\/hajske-hrnciarstvo3-800x600.jpg 800w, https:\/\/www.slovensky-kras.eu\/info\/wp-content\/uploads\/2020\/12\/hajske-hrnciarstvo3-768x576.jpg 768w, https:\/\/www.slovensky-kras.eu\/info\/wp-content\/uploads\/2020\/12\/hajske-hrnciarstvo3.jpg 960w\" sizes=\"auto, (max-width: 800px) 100vw, 800px\" \/><\/a><figcaption id=\"caption-attachment-18481\" class=\"wp-caption-text\">H\u00e1jske hrn\u010diarstvo &#8211; Am\u00e1lia Hol\u00edkov\u00e1<\/figcaption><\/figure>\n<p>&nbsp;<\/p>\n<h2 class=\"ds-markdown-paragraph\"><span style=\"color: #800000;\">Ak\u00e9 \u0161peci\u00e1lne vybavenie m\u00e1 hrn\u010diarstvo?<\/span><\/h2>\n<p class=\"ds-markdown-paragraph\">Na pozemku H\u00e1jskeho hrn\u010diarstva pribudla v lete 2014 postaven\u00e1 <strong>\u201ekeltsk\u00e1 pec\u201c na vypa\u013eovanie drevom<\/strong>, a na jar v roku 2015 aj\u00a0<strong>vysoko\u017eiarov\u00e1 pec<\/strong>\u00a0tie\u017e na v\u00fdpal keramiky drevom.<\/p>\n<h2 class=\"ds-markdown-paragraph\"><span style=\"color: #800000;\">Na \u010do je hrn\u010diarstvo zameran\u00e9?<\/span><\/h2>\n<p class=\"ds-markdown-paragraph\">H\u00e1jske hrn\u010diarstvo je zameran\u00e9 na v\u00fdrobu preva\u017ene <strong>\u00fa\u017eitkovej keramiky<\/strong>, ktor\u00e1 je to\u010den\u00e1 na hrn\u010diarskom kruhu, glazovan\u00e1 a dvakr\u00e1t p\u00e1len\u00e1 v elektrickej peci. Pou\u017e\u00edvaj\u00fa tu viac druhov hl\u00edn, medzi nimi aj vlastnoru\u010dne nakopan\u00e9, preto aj v\u00fd\u0161ka teploty\u00a0<strong>v\u00fdpalu<\/strong>\u00a0je r\u00f4zna, od 1100 do 1250 stup\u0148ov. Mot\u00edvy a tvary pou\u017e\u00edva pani Am\u00e1lia Hol\u00edkov\u00e1 vlastn\u00e9.<\/p>\n<h2 class=\"ds-markdown-paragraph\"><span style=\"color: #800000;\">Pon\u00faka hrn\u010diarstvo aj nejak\u00e9 \u0161peci\u00e1lne produkty?<\/span><\/h2>\n<p class=\"ds-markdown-paragraph\">H\u00e1jske hrn\u010diarstvo \u2013 Am\u00e1lia Hol\u00edkov\u00e1 sa venuje aj tvorbe <strong>repl\u00edk pravekej a stredovekej keramiky<\/strong>, ktor\u00e9 p\u00e1li v \u201ekeltskej hrn\u010diarskej peci\u201c. Vyrobia tu pre V\u00e1s\u00a0<strong>keramiku aj na objedn\u00e1vku<\/strong>, pod\u013ea predstavy z\u00e1kazn\u00edka, napr. s logom, n\u00e1pisom, at\u010f.<\/p>\n<h2 class=\"ds-markdown-paragraph\"><span style=\"color: #800000;\">Ak\u00e9 slu\u017eby e\u0161te poskytuje?<\/span><\/h2>\n<p class=\"ds-markdown-paragraph\">H\u00e1jske hrn\u010diarstvo to je <strong>tradi\u010dn\u00e1 v\u00fdroba \u00fa\u017eitkovej keramiky<\/strong>, k\u00f3pie historick\u00fdch n\u00e1dob,\u00a0<strong>tvoriv\u00e9 dielne pre verejnos\u0165<\/strong>\u00a0a\u00a0<strong>lektorsk\u00e1 \u010dinnos\u0165<\/strong>.<\/p>\n<h2 class=\"ds-markdown-paragraph\"><span style=\"color: #800000;\">Ako si m\u00f4\u017eem dohodn\u00fa\u0165 n\u00e1v\u0161tevu?<\/span><\/h2>\n<p class=\"ds-markdown-paragraph\"><strong>Ak\u00fako\u013evek n\u00e1v\u0161tevu je nutn\u00e9 dohodn\u00fa\u0165 si vopred telefonicky alebo mailom!!!<\/strong><\/p>\n<h2 class=\"ds-markdown-paragraph\"><span style=\"color: #800000;\">Kontakt<\/span><\/h2>\n<p class=\"ds-markdown-paragraph\"><strong>H\u00e1jske hrn\u010diarstvo \u2013 Am\u00e1lia Hol\u00edkov\u00e1<\/strong><br \/>\nH\u00e1j \u010d. 88,<br \/>\n<strong>tel.:<\/strong> +421 904 549 796<br \/>\n<strong>Web:<\/strong>\u00a0<a href=\"https:\/\/www.hrnciarstvo.webnode.sk\/\" target=\"_blank\" rel=\"noopener noreferrer\">www.hrnciarstvo.webnode.sk<\/a><br \/>\n<strong>Facebook:<\/strong>\u00a0<a href=\"https:\/\/www.facebook.com\/www.hajskehrnciarstvo.sk\/\" target=\"_blank\" rel=\"noopener noreferrer\">https:\/\/www.facebook.com\/www.hajskehrnciarstvo.sk\/<\/a><br \/>\n<strong>E-mail:<\/strong>\u00a0<a href=\"mailto:hrnciarstvo@gmail.com\" target=\"_blank\" rel=\"noopener\">hrnciarstvo@gmail.com<\/a><\/p>\n<h2><span style=\"color: #800000;\">Fotogal\u00e9ria<\/span><\/h2>\n<style type=\"text\/css\">\n#foogallery-gallery-28139 .fg-image { width: 200px; }<\/style>\n\t\t\t<div class=\"foogallery foogallery-container foogallery-carousel foogallery-lightbox-foogallery fg-carousel fg-ready fg-light fg-border-medium fg-round-small fg-shadow-medium fg-loading-default fg-loaded-fade-in fg-hover-semi-zoomed fg-hover-fade fg-hover-circle-plus2\" id=\"foogallery-gallery-28139\" data-foogallery=\"{&quot;item&quot;:{&quot;showCaptionTitle&quot;:true,&quot;showCaptionDescription&quot;:true},&quot;lazy&quot;:true,&quot;template&quot;:{&quot;maxItems&quot;:5,&quot;scale&quot;:0.11999999999999999555910790149937383830547332763671875,&quot;gutter&quot;:{&quot;min&quot;:-40,&quot;max&quot;:-20,&quot;unit&quot;:&quot;%&quot;},&quot;autoplay&quot;:{&quot;time&quot;:0,&quot;interaction&quot;:&quot;pause&quot;},&quot;centerOnClick&quot;:true,&quot;align&quot;:&quot;center&quot;,&quot;activePosition&quot;:&quot;center&quot;}}\" data-foogallery-lightbox=\"{&quot;thumbs&quot;:&quot;bottom&quot;,&quot;thumbsCaptions&quot;:false,&quot;thumbsBestFit&quot;:false,&quot;thumbsSmall&quot;:false,&quot;thumbsCaptionsAlign&quot;:&quot;default&quot;,&quot;info&quot;:&quot;bottom&quot;,&quot;infoVisible&quot;:true,&quot;infoOverlay&quot;:true,&quot;infoAlign&quot;:&quot;default&quot;,&quot;transition&quot;:&quot;fade&quot;,&quot;hoverButtons&quot;:false,&quot;fitMedia&quot;:false,&quot;noScrollbars&quot;:true,&quot;preserveButtonSpace&quot;:true,&quot;buttons&quot;:{&quot;fullscreen&quot;:true,&quot;info&quot;:true,&quot;thumbs&quot;:false},&quot;video&quot;:{&quot;autoPlay&quot;:true}}\" style=\"--fg-title-line-clamp: 0; --fg-description-line-clamp: 0;\" >\n\t<button type=\"button\" class=\"fg-carousel-prev\" title=\"Previous\"><\/button>\n\t<div class=\"fg-carousel-inner\">\n\t\t<div class=\"fg-carousel-center\"><\/div>\n\t\t<div class=\"fg-item fg-type-image fg-idle\"><figure class=\"fg-item-inner\"><a href=\"https:\/\/www.slovensky-kras.eu\/info\/wp-content\/uploads\/2025\/03\/hajske-hrnciarstvo.jpg\" data-attachment-id=\"27316\" data-type=\"image\" class=\"fg-thumb\"><span class=\"fg-image-wrap\"><img decoding=\"async\" width=\"200\" height=\"200\" class=\"skip-lazy fg-image\" data-src-fg=\"https:\/\/www.slovensky-kras.eu\/info\/wp-content\/uploads\/cache\/2025\/03\/hajske-hrnciarstvo\/861778863.jpg\" src=\"data:image\/svg+xml,%3Csvg%20xmlns%3D%22http%3A%2F%2Fwww.w3.org%2F2000%2Fsvg%22%20width%3D%22200%22%20height%3D%22200%22%20viewBox%3D%220%200%20200%20200%22%3E%3C%2Fsvg%3E\" loading=\"eager\"><\/span><span class=\"fg-image-overlay\"><\/span><\/a><\/figure><div class=\"fg-loader\"><\/div><\/div><div class=\"fg-item fg-type-image fg-idle\"><figure class=\"fg-item-inner\"><a href=\"https:\/\/www.slovensky-kras.eu\/info\/wp-content\/uploads\/2020\/12\/hajske-hrnciarstvo4.jpg\" data-attachment-id=\"18482\" data-type=\"image\" class=\"fg-thumb\"><span class=\"fg-image-wrap\"><img decoding=\"async\" width=\"200\" height=\"200\" class=\"skip-lazy fg-image\" data-src-fg=\"https:\/\/www.slovensky-kras.eu\/info\/wp-content\/uploads\/cache\/2020\/12\/hajske-hrnciarstvo4\/287097698.jpg\" src=\"data:image\/svg+xml,%3Csvg%20xmlns%3D%22http%3A%2F%2Fwww.w3.org%2F2000%2Fsvg%22%20width%3D%22200%22%20height%3D%22200%22%20viewBox%3D%220%200%20200%20200%22%3E%3C%2Fsvg%3E\" loading=\"eager\"><\/span><span class=\"fg-image-overlay\"><\/span><\/a><\/figure><div class=\"fg-loader\"><\/div><\/div><div class=\"fg-item fg-type-image fg-idle\"><figure class=\"fg-item-inner\"><a href=\"https:\/\/www.slovensky-kras.eu\/info\/wp-content\/uploads\/2020\/12\/hajske-hrnciarstvo3.jpg\" data-attachment-id=\"18481\" data-type=\"image\" class=\"fg-thumb\"><span class=\"fg-image-wrap\"><img decoding=\"async\" width=\"200\" height=\"200\" class=\"skip-lazy fg-image\" data-src-fg=\"https:\/\/www.slovensky-kras.eu\/info\/wp-content\/uploads\/cache\/2020\/12\/hajske-hrnciarstvo3\/1526728305.jpg\" src=\"data:image\/svg+xml,%3Csvg%20xmlns%3D%22http%3A%2F%2Fwww.w3.org%2F2000%2Fsvg%22%20width%3D%22200%22%20height%3D%22200%22%20viewBox%3D%220%200%20200%20200%22%3E%3C%2Fsvg%3E\" loading=\"eager\"><\/span><span class=\"fg-image-overlay\"><\/span><\/a><\/figure><div class=\"fg-loader\"><\/div><\/div><div class=\"fg-item fg-type-image fg-idle\"><figure class=\"fg-item-inner\"><a href=\"https:\/\/www.slovensky-kras.eu\/info\/wp-content\/uploads\/2020\/12\/hajske-hrnciarstvo2.jpg\" data-caption-title=\"Sedliacky d\u00f3m \u010d.88 typu Pal\u00f3c v obci H\u00e1j - H\u00e1jske Hrn\u010diarstvo\" data-caption-desc=\"Sedliacky d\u00f3m \u010d.88 typu Pal\u00f3c v obci H\u00e1j - H\u00e1jske Hrn\u010diarstvo\" data-attachment-id=\"18480\" data-type=\"image\" class=\"fg-thumb\"><span class=\"fg-image-wrap\"><img decoding=\"async\" alt=\"Sedliacky d\u00f3m \u010d.88 typu Pal\u00f3c v obci H\u00e1j - H\u00e1jske Hrn\u010diarstvo\" title=\"Sedliacky d\u00f3m \u010d.88 typu Pal\u00f3c v obci H\u00e1j - H\u00e1jske Hrn\u010diarstvo\" width=\"200\" height=\"200\" class=\"skip-lazy fg-image\" data-src-fg=\"https:\/\/www.slovensky-kras.eu\/info\/wp-content\/uploads\/cache\/2020\/12\/hajske-hrnciarstvo2\/2820489961.jpg\" src=\"data:image\/svg+xml,%3Csvg%20xmlns%3D%22http%3A%2F%2Fwww.w3.org%2F2000%2Fsvg%22%20width%3D%22200%22%20height%3D%22200%22%20viewBox%3D%220%200%20200%20200%22%3E%3C%2Fsvg%3E\" loading=\"eager\"><\/span><span class=\"fg-image-overlay\"><\/span><\/a><figcaption class=\"fg-caption\"><div class=\"fg-caption-inner\"><div class=\"fg-caption-title\">Sedliacky d\u00f3m \u010d.88 typu Pal\u00f3c v obci H\u00e1j - H\u00e1jske Hrn\u010diarstvo<\/div><div class=\"fg-caption-desc\">Sedliacky d\u00f3m \u010d.88 typu Pal\u00f3c v obci H\u00e1j - H\u00e1jske Hrn\u010diarstvo<\/div><\/div><\/figcaption><\/figure><div class=\"fg-loader\"><\/div><\/div><div class=\"fg-item fg-type-image fg-idle\"><figure class=\"fg-item-inner\"><a href=\"https:\/\/www.slovensky-kras.eu\/info\/wp-content\/uploads\/2020\/12\/hajske-hrnciarstvo.jpg\" data-caption-title=\"Sedliacky d\u00f3m \u010d.88 typu Pal\u00f3c v obci H\u00e1j - H\u00e1jske Hrn\u010diarstvo\" data-caption-desc=\"Sedliacky d\u00f3m \u010d.88 typu Pal\u00f3c v obci H\u00e1j - H\u00e1jske Hrn\u010diarstvo\" data-attachment-id=\"18479\" data-type=\"image\" class=\"fg-thumb\"><span class=\"fg-image-wrap\"><img decoding=\"async\" alt=\"H\u00e1jske hrn\u010diarstvo - Am\u00e1lia Hol\u00edkov\u00e1\" title=\"Sedliacky d\u00f3m \u010d.88 typu Pal\u00f3c v obci H\u00e1j - H\u00e1jske Hrn\u010diarstvo\" width=\"200\" height=\"200\" class=\"skip-lazy fg-image\" data-src-fg=\"https:\/\/www.slovensky-kras.eu\/info\/wp-content\/uploads\/cache\/2020\/12\/hajske-hrnciarstvo\/3588470907.jpg\" src=\"data:image\/svg+xml,%3Csvg%20xmlns%3D%22http%3A%2F%2Fwww.w3.org%2F2000%2Fsvg%22%20width%3D%22200%22%20height%3D%22200%22%20viewBox%3D%220%200%20200%20200%22%3E%3C%2Fsvg%3E\" loading=\"eager\"><\/span><span class=\"fg-image-overlay\"><\/span><\/a><figcaption class=\"fg-caption\"><div class=\"fg-caption-inner\"><div class=\"fg-caption-title\">Sedliacky d\u00f3m \u010d.88 typu Pal\u00f3c v obci H\u00e1j - H\u00e1jske Hrn\u010diarstvo<\/div><div class=\"fg-caption-desc\">Sedliacky d\u00f3m \u010d.88 typu Pal\u00f3c v obci H\u00e1j - H\u00e1jske Hrn\u010diarstvo<\/div><\/div><\/figcaption><\/figure><div class=\"fg-loader\"><\/div><\/div><div class=\"fg-item fg-type-image fg-idle\"><figure class=\"fg-item-inner\"><a href=\"https:\/\/www.slovensky-kras.eu\/info\/wp-content\/uploads\/2025\/10\/hajske-hrnciarstvo-1.jpg\" data-attachment-id=\"28141\" data-type=\"image\" class=\"fg-thumb\"><span class=\"fg-image-wrap\"><img decoding=\"async\" width=\"200\" height=\"200\" class=\"skip-lazy fg-image\" data-src-fg=\"https:\/\/www.slovensky-kras.eu\/info\/wp-content\/uploads\/cache\/2025\/10\/hajske-hrnciarstvo-1\/4254989724.jpg\" src=\"data:image\/svg+xml,%3Csvg%20xmlns%3D%22http%3A%2F%2Fwww.w3.org%2F2000%2Fsvg%22%20width%3D%22200%22%20height%3D%22200%22%20viewBox%3D%220%200%20200%20200%22%3E%3C%2Fsvg%3E\" loading=\"eager\"><\/span><span class=\"fg-image-overlay\"><\/span><\/a><\/figure><div class=\"fg-loader\"><\/div><\/div><div class=\"fg-item fg-type-image fg-idle\"><figure class=\"fg-item-inner\"><a href=\"https:\/\/www.slovensky-kras.eu\/info\/wp-content\/uploads\/2025\/10\/hajske-hrnciarstvo-raku.jpg\" data-attachment-id=\"28142\" data-type=\"image\" class=\"fg-thumb\"><span class=\"fg-image-wrap\"><img decoding=\"async\" width=\"200\" height=\"200\" class=\"skip-lazy fg-image\" data-src-fg=\"https:\/\/www.slovensky-kras.eu\/info\/wp-content\/uploads\/cache\/2025\/10\/hajske-hrnciarstvo-raku\/2557669719.jpg\" src=\"data:image\/svg+xml,%3Csvg%20xmlns%3D%22http%3A%2F%2Fwww.w3.org%2F2000%2Fsvg%22%20width%3D%22200%22%20height%3D%22200%22%20viewBox%3D%220%200%20200%20200%22%3E%3C%2Fsvg%3E\" loading=\"eager\"><\/span><span class=\"fg-image-overlay\"><\/span><\/a><\/figure><div class=\"fg-loader\"><\/div><\/div>\t<\/div>\n\t<div class=\"fg-carousel-bottom\"><\/div>\n\t<div class=\"fg-carousel-progress\"><\/div>\n\t<button type=\"button\" class=\"fg-carousel-next\" title=\"Next\"><\/button>\n<\/div>\n<h3><span style=\"color: #808000;\">Bl\u00edzke stredisko, turistick\u00e9 centrum, obec alebo mesto<\/span><\/h3>\n<ul>\n<li><a href=\"http:\/\/www.slovensky-kras.eu\/info\/strediska-a-centra\/obec-haj\/\">Obec H\u00e1j (\u010d\u00edtaj viac&#8230;)<\/a><\/li>\n<\/ul>\n<h3><span style=\"color: #808000;\">Mapy<br \/>\n<\/span><\/h3>\n<p><strong>Vrstvy: <\/strong>Turistick\u00e1 mapa, Automapa, Cyklomapa, Ly\u017eiarska mapa, Satelitn\u00e1 mapa a OpenStreetMap.<br \/>\n<strong>Kliknut\u00edm na logo &#8222;Freemap.sk&#8220; sa V\u00e1m mapa zobraz\u00ed na celej ploche obrazovky.<\/strong><\/p>\n<p><iframe style=\"width: 800px; height: 600px; border: 0;\" src=\"https:\/\/www.freemap.sk\/?map=14\/48.628058\/20.854497&amp;info-point=48.628058\/20.854497,Obec H\u00e1j&amp;layers=T&amp;embed=search\" allowfullscreen=\"allowfullscreen\"><\/iframe><\/p>\n<h3><span style=\"color: #808000;\">Po\u010dasie<\/span><\/h3>\n<p><iframe style=\"width: 800px; height: 600px;\" src=\"https:\/\/www.meteoblue.com\/sk\/po%C4%8Dasie\/widget\/three\/h%c3%a1j_slovensk%c3%a1-republika_724755?geoloc=fixed&amp;nocurrent=0&amp;noforecast=0&amp;days=6&amp;tempunit=CELSIUS&amp;windunit=KILOMETER_PER_HOUR&amp;layout=image\" frameborder=\"0\" scrolling=\"NO\" sandbox=\"allow-same-origin allow-scripts allow-popups allow-popups-to-escape-sandbox\"><span data-mce-type=\"bookmark\" style=\"display: inline-block; width: 0px; overflow: hidden; line-height: 0;\" class=\"mce_SELRES_start\">\ufeff<\/span><span data-mce-type=\"bookmark\" style=\"display: inline-block; width: 0px; overflow: hidden; line-height: 0;\" class=\"mce_SELRES_start\">\ufeff<\/span><\/iframe><\/p>\n<div><!-- DO NOT REMOVE THIS LINK --><a href=\"https:\/\/www.meteoblue.com\/sk\/po%C4%8Dasie\/predpove%C4%8F\/t%C3%BD%C5%BEde%C5%88\/h%c3%a1j_slovensk%c3%a1-republika_724755?utm_source=weather_widget&amp;utm_medium=linkus&amp;utm_content=three&amp;utm_campaign=Weather%2BWidget\" target=\"_blank\" rel=\"noopener noreferrer\">meteoblue<\/a><\/div>\n","protected":false},"excerpt":{"rendered":"<p>Menu: Kde sa nach\u00e1dza H\u00e1jske hrn\u010diarstvo? H\u00e1jske hrn\u010diarstvo sa nach\u00e1dza v obci H\u00e1j v zadnej \u010dasti domu \u010d. 88. Obec H\u00e1j s 350 obyvate\u013emi le\u017e\u00ed na za\u010diatku malebnej H\u00e1jskej doliny, [&hellip;]<\/p>\n","protected":false},"author":1,"featured_media":18479,"parent":26,"menu_order":0,"comment_status":"closed","ping_status":"closed","template":"","meta":{"_uag_custom_page_level_css":"","footnotes":""},"class_list":["post-7429","page","type-page","status-publish","has-post-thumbnail","hentry"],"featured_image_src":"https:\/\/www.slovensky-kras.eu\/info\/wp-content\/uploads\/2020\/12\/hajske-hrnciarstvo.jpg","featured_image_src_square":"https:\/\/www.slovensky-kras.eu\/info\/wp-content\/uploads\/2020\/12\/hajske-hrnciarstvo.jpg","rbea_author_info":{"display_name":"admin","author_link":"https:\/\/www.slovensky-kras.eu\/info\/author\/admin\/"},"rbea_excerpt_info":"Menu: Kde sa nach\u00e1dza H\u00e1jske hrn\u010diarstvo? H\u00e1jske hrn\u010diarstvo sa nach\u00e1dza v obci H\u00e1j v zadnej \u010dasti domu \u010d. 88. Obec H\u00e1j s 350 obyvate\u013emi le\u017e\u00ed na za\u010diatku malebnej H\u00e1jskej doliny, [&hellip;]","uagb_featured_image_src":{"full":["https:\/\/www.slovensky-kras.eu\/info\/wp-content\/uploads\/2020\/12\/hajske-hrnciarstvo.jpg",960,640,false],"thumbnail":["https:\/\/www.slovensky-kras.eu\/info\/wp-content\/uploads\/2020\/12\/hajske-hrnciarstvo-150x150.jpg",150,150,true],"medium":["https:\/\/www.slovensky-kras.eu\/info\/wp-content\/uploads\/2020\/12\/hajske-hrnciarstvo-800x533.jpg",800,533,true],"medium_large":["https:\/\/www.slovensky-kras.eu\/info\/wp-content\/uploads\/2020\/12\/hajske-hrnciarstvo-768x512.jpg",768,512,true],"large":["https:\/\/www.slovensky-kras.eu\/info\/wp-content\/uploads\/2020\/12\/hajske-hrnciarstvo.jpg",960,640,false],"1536x1536":["https:\/\/www.slovensky-kras.eu\/info\/wp-content\/uploads\/2020\/12\/hajske-hrnciarstvo.jpg",960,640,false],"2048x2048":["https:\/\/www.slovensky-kras.eu\/info\/wp-content\/uploads\/2020\/12\/hajske-hrnciarstvo.jpg",960,640,false]},"uagb_author_info":{"display_name":"admin","author_link":"https:\/\/www.slovensky-kras.eu\/info\/author\/admin\/"},"uagb_comment_info":0,"uagb_excerpt":"Menu: Kde sa nach\u00e1dza H\u00e1jske hrn\u010diarstvo? H\u00e1jske hrn\u010diarstvo sa nach\u00e1dza v obci H\u00e1j v zadnej \u010dasti domu \u010d. 88. Obec H\u00e1j s 350 obyvate\u013emi le\u017e\u00ed na za\u010diatku malebnej H\u00e1jskej doliny, [&hellip;]","_links":{"self":[{"href":"https:\/\/www.slovensky-kras.eu\/info\/wp-json\/wp\/v2\/pages\/7429","targetHints":{"allow":["GET"]}}],"collection":[{"href":"https:\/\/www.slovensky-kras.eu\/info\/wp-json\/wp\/v2\/pages"}],"about":[{"href":"https:\/\/www.slovensky-kras.eu\/info\/wp-json\/wp\/v2\/types\/page"}],"author":[{"embeddable":true,"href":"https:\/\/www.slovensky-kras.eu\/info\/wp-json\/wp\/v2\/users\/1"}],"replies":[{"embeddable":true,"href":"https:\/\/www.slovensky-kras.eu\/info\/wp-json\/wp\/v2\/comments?post=7429"}],"version-history":[{"count":11,"href":"https:\/\/www.slovensky-kras.eu\/info\/wp-json\/wp\/v2\/pages\/7429\/revisions"}],"predecessor-version":[{"id":28143,"href":"https:\/\/www.slovensky-kras.eu\/info\/wp-json\/wp\/v2\/pages\/7429\/revisions\/28143"}],"up":[{"embeddable":true,"href":"https:\/\/www.slovensky-kras.eu\/info\/wp-json\/wp\/v2\/pages\/26"}],"wp:featuredmedia":[{"embeddable":true,"href":"https:\/\/www.slovensky-kras.eu\/info\/wp-json\/wp\/v2\/media\/18479"}],"wp:attachment":[{"href":"https:\/\/www.slovensky-kras.eu\/info\/wp-json\/wp\/v2\/media?parent=7429"}],"curies":[{"name":"wp","href":"https:\/\/api.w.org\/{rel}","templated":true}]}}