{"id":721,"date":"2013-06-30T06:41:04","date_gmt":"2013-06-30T04:41:04","guid":{"rendered":"http:\/\/www.slovensky-kras.eu\/info\/?page_id=721"},"modified":"2025-11-26T08:26:00","modified_gmt":"2025-11-26T07:26:00","slug":"granarium-v-jablonove-nad-turnou","status":"publish","type":"page","link":"https:\/\/www.slovensky-kras.eu\/info\/kam-za-pamiatkami\/granarium-v-jablonove-nad-turnou\/","title":{"rendered":"Gran\u00e1rium pansk\u00e1 s\u00fdpka"},"content":{"rendered":"<p><strong>Menu: <\/strong><a href=\"http:\/\/www.slovensky-kras.eu\/info\/\" class=\"su-button su-button-style-default\" style=\"color:#000000;background-color:#FFCF2F;border-color:#cca626;border-radius:5px\" target=\"_self\"><span style=\"color:#000000;padding:6px 16px;font-size:13px;line-height:20px;border-color:#ffde6e;border-radius:5px;text-shadow:none\"><i class=\"sui sui-arrow-right\" style=\"font-size:13px;color:#000000\"><\/i>  \u00davod \/ Aktuality <\/span><\/a>\n<a href=\"http:\/\/www.slovensky-kras.eu\/info\/kam-za-pamiatkami\/\" class=\"su-button su-button-style-default\" style=\"color:#000000;background-color:#FFCF2F;border-color:#cca626;border-radius:5px\" target=\"_self\"><span style=\"color:#000000;padding:6px 16px;font-size:13px;line-height:20px;border-color:#ffde6e;border-radius:5px;text-shadow:none\"><i class=\"sui sui-arrow-right\" style=\"font-size:13px;color:#000000\"><\/i>  Kam za pamiatkami <\/span><\/a>\n<div class=\"su-divider su-divider-style-default\" style=\"margin:15px 0;border-width:0px;border-color:#000000\"><\/div>\n<strong>Podkateg\u00f3ria: <\/strong> <a href=\"http:\/\/www.slovensky-kras.eu\/info\/kam-za-pamiatkami\/ostatne-pamiatky\/\" class=\"su-button su-button-style-default\" style=\"color:#000000;background-color:#afd144;border-color:#8ca837;border-radius:5px\" target=\"_self\"><span style=\"color:#000000;padding:6px 16px;font-size:13px;line-height:20px;border-color:#c7df7d;border-radius:5px;text-shadow:none\"><i class=\"sui sui-arrow-right\" style=\"font-size:13px;color:#000000\"><\/i>  Ostatn\u00e9 pamiatky <\/span><\/a>\n<div class=\"su-divider su-divider-style-default\" style=\"margin:15px 0;border-width:2px;border-color:#000000\"><\/div>\n<figure id=\"attachment_21838\" aria-describedby=\"caption-attachment-21838\" style=\"width: 900px\" class=\"wp-caption aligncenter\"><a href=\"https:\/\/www.slovensky-kras.eu\/info\/wp-content\/uploads\/2021\/12\/granarium.jpg\"><img loading=\"lazy\" decoding=\"async\" class=\"wp-image-21838\" src=\"https:\/\/www.slovensky-kras.eu\/info\/wp-content\/uploads\/2021\/12\/granarium.jpg\" alt=\"Gran\u00e1rium pansk\u00e1 s\u00fdpka\" width=\"900\" height=\"600\" srcset=\"https:\/\/www.slovensky-kras.eu\/info\/wp-content\/uploads\/2021\/12\/granarium.jpg 800w, https:\/\/www.slovensky-kras.eu\/info\/wp-content\/uploads\/2021\/12\/granarium-768x512.jpg 768w\" sizes=\"auto, (max-width: 900px) 100vw, 900px\" \/><\/a><figcaption id=\"caption-attachment-21838\" class=\"wp-caption-text\">Gran\u00e1rium pansk\u00e1 s\u00fdpka<\/figcaption><\/figure>\n<div class=\"su-divider su-divider-style-default\" style=\"margin:15px 0;border-width:2px;border-color:#000000\"><\/div>\n<h2 class=\"ds-markdown-paragraph\"><span style=\"color: #800000;\">\u010co je\u00a0<strong>Gran\u00e1rium pansk\u00e1 s\u00fdpka<\/strong>?<\/span><\/h2>\n<p class=\"ds-markdown-paragraph\"><strong>Gran\u00e1rium pansk\u00e1 s\u00fdpka<\/strong>\u00a0je unik\u00e1tna historick\u00e1 stavba z konca 17. storo\u010dia s vlastnou v\u00ednnou pivnicou, ktor\u00e1 sa nach\u00e1dza na z\u00e1padnom okraji obce Jablonov nad Tur\u0148ou. T\u00e1to b\u00fdval\u00e1 s\u00fdpka je hodnotn\u00e1\u00a0<strong>hospod\u00e1rska murovan\u00e1 kamenn\u00e1 stavba<\/strong>\u00a0zalo\u017een\u00e1 na kamenn\u00fdch z\u00e1kladoch.<\/p>\n<h2 class=\"ds-markdown-paragraph\"><span style=\"color: #800000;\">Ak\u00e1 je hist\u00f3ria tohto miesta?<\/span><\/h2>\n<p class=\"ds-markdown-paragraph\">T\u00e1to <strong>s\u00fdpka nahradila star\u00fa stredovek\u00fa dreven\u00fa s\u00fdpku<\/strong>, ktor\u00e1 mala zrubov\u00fa kon\u0161trukciu stien a kon\u010dila obl\u00fakovou klenbou. Steny aj klenba stredovekej s\u00fdpky b\u00fdvali z oboch str\u00e1n omazan\u00e9 vrstvou blata, ktor\u00e9 malo potrebn\u00e9 izola\u010dn\u00e9 vlastnosti. Na klenbe bola polo\u017een\u00e1 strecha (\u0161ind\u013eov\u00e1 alebo slamen\u00e1), ktor\u00e1 sa v pr\u00edpade po\u017eiaru mohla jednoducho strhn\u00fa\u0165.<\/p>\n<p class=\"ds-markdown-paragraph\">Pr\u00e1ve protipo\u017eiarne nariadenia sp\u00f4sobili, \u017ee sa koncom 17. storo\u010dia postavila nov\u00e1\u00a0<strong>s\u00fdpka z nehor\u013eav\u00fdch materi\u00e1lov<\/strong>, v tomto pr\u00edpade kamene. Jej dne\u0161n\u00e1 podoba je z konca 18. storo\u010dia, kedy bola prestavan\u00e1 v klasicistickom slohu. Od roku 2008 je\u00a0<strong>Gran\u00e1rium vyhl\u00e1sen\u00e9 za n\u00e1rodn\u00fa kult\u00farnu pamiatku<\/strong>.<\/p>\n<h2 class=\"ds-markdown-paragraph\"><span style=\"color: #800000;\">Na \u010do sa s\u00fdpka v minulosti vyu\u017e\u00edvala?<\/span><\/h2>\n<p class=\"ds-markdown-paragraph\">V minulosti sl\u00fa\u017eila na <strong>usklad\u0148ovanie obilia<\/strong>\u00a0(teda vyml\u00e1ten\u00e9ho obilia) i in\u00fdch po\u013enohospod\u00e1rskych v\u00fdrobkov. Nesk\u00f4r sl\u00fa\u017eila aj ako\u00a0<strong>v\u00ednna pivnica<\/strong>\u00a0a sklad potrav\u00edn. Obrovsk\u00e1 s\u00fdpka okrem obilia, v\u00edna a in\u00fdch v\u00fdrobkov skladovala aj ovocie. V\u00edno sa odtia\u013eto \u00fadajne vozilo a\u017e do Viedne, vtedaj\u0161ieho hlavn\u00e9ho mesta rak\u00fasko-uhorskej monarchie.\u00a0<strong>S\u00fdpka p\u00f4vodne patrila rodine Eszterh\u00e1zyovej<\/strong>.<\/p>\n<h2 class=\"ds-markdown-paragraph\"><span style=\"color: #800000;\">\u010co Gran\u00e1rium pon\u00faka dnes a kto ho spravuje?<\/span><\/h2>\n<p class=\"ds-markdown-paragraph\">V s\u00fa\u010dasnosti <strong>Gran\u00e1rium spravuje ob\u010dianske zdru\u017eenie Alma-centrum<\/strong>, ktor\u00e9 sa zaober\u00e1 rozvojom turizmu na Turnianskej v\u00ednnej ceste. Zriadili tu\u00a0<strong>re\u0161taur\u00e1ciu s celkovou kapacitou 60 os\u00f4b<\/strong>, ktor\u00e1 pon\u00faka origin\u00e1lne a tradi\u010dn\u00e9 kulin\u00e1rske z\u00e1\u017eitky.<\/p>\n<p class=\"ds-markdown-paragraph\">Re\u0161taur\u00e1cia pon\u00faka prezent\u00e1ciu tradi\u010dn\u00fdch gastronomick\u00fdch jed\u00e1l, v\u00fdstavu ovocia a zeleniny, pe\u010denie dom\u00e1ceho chleba v pr\u00edrodn\u00fdch pieckach a varenie lekv\u00e1rov.<\/p>\n<h2 class=\"ds-markdown-paragraph\"><span style=\"color: #800000;\">Ak\u00e9 s\u00fa \u010fal\u0161ie atrakcie a slu\u017eby?<\/span><\/h2>\n<p class=\"ds-markdown-paragraph\">Pri re\u0161taura\u010dnom zariaden\u00ed sa nach\u00e1dza <strong>z\u00e1hrada \u201ePieckov\u00fd h\u00e1j\u201c s tradi\u010dn\u00fdmi pieckami<\/strong>, kde sa n\u00e1v\u0161tevn\u00edkom pripravuj\u00fa r\u00f4zne programy a uk\u00e1\u017eky, ako s\u00fa pe\u010denie chleba v piecke, pe\u010denie dom\u00e1cich kol\u00e1\u010dov a pr\u00edprava spolo\u010dnej ve\u010dere z piecky s hos\u0165ami.<\/p>\n<p class=\"ds-markdown-paragraph\">Horn\u00e9 poschodie Gran\u00e1ria poskytuje\u00a0<strong>ubytovacie izby pre turistov<\/strong> v dvojl\u00f4\u017ekov\u00fdch izb\u00e1ch s mo\u017enos\u0165ou pr\u00edstelky. Ka\u017ed\u00e1 izba je vybaven\u00e1 so samostatn\u00fdmi soci\u00e1lnymi zariadeniami so sprchovac\u00edm k\u00fatom a toaletou. Celkov\u00e1 kapacita ubytovacieho zariadenia je do 30 l\u00f4\u017eok.<\/p>\n<p><strong>Viac info o ubytovan\u00ed:<\/strong> <a href=\"https:\/\/keturist.sk\/booking\/produkt\/penzion-granarium-jablonov-nad-turnou\/\" target=\"_blank\" rel=\"noopener\">https:\/\/keturist.sk\/booking\/produkt\/penzion-granarium-jablonov-nad-turnou\/<\/a><\/p>\n<h2 class=\"ds-markdown-paragraph\"><span style=\"color: #800000;\">\u010co pon\u00faka v\u00ednna pivnica?<\/span><\/h2>\n<p class=\"ds-markdown-paragraph\">V doln\u00fdch priestoroch je zriaden\u00e1 <strong>v\u00ednna pivnica s mo\u017enos\u0165ou ochutn\u00e1vky turnianskych v\u00edn<\/strong>. M\u00f4\u017eete tu ochutna\u0165 v\u00edna z Turnianskej v\u00ednnej cesty ako aj produkty lok\u00e1lnych vin\u00e1rov a z\u00e1hradk\u00e1rov. Priestory v\u00ednnej pivnice s\u00fa vhodn\u00e9 na komornej\u0161ie rodinn\u00e9 oslavy a firemn\u00e9 akcie. Celkov\u00e1 kapacita v\u00ednnej pivnice je 40 os\u00f4b. Taktie\u017e je v doln\u00fdch priestoroch zriaden\u00e1 aj <strong>expoz\u00edcia a minim\u00fazeum turnianskeho vinohradn\u00edctva<\/strong>.<\/p>\n<ul>\n<li><a href=\"https:\/\/www.slovensky-kras.eu\/info\/muzea-kutlura-a-umenie\/expozicia-vinohradnictva-na-turnianskej-vinnej-ceste\/\" target=\"_blank\" rel=\"nofollow noopener\">Expoz\u00edcia vinohradn\u00edctva na Turnianskej v\u00ednnej ceste v Gran\u00e1riu (\u010d\u00edtaj viac&#8230;)<\/a><\/li>\n<\/ul>\n<h2 class=\"ds-markdown-paragraph\"><span style=\"color: #800000;\">Ak\u00e9 aktivity pon\u00fakate pre akt\u00edvny oddych?<\/span><\/h2>\n<p class=\"ds-markdown-paragraph\">Pon\u00fakame v\u00e1m <strong>po\u017ei\u010dov\u0148u bicyklov a elektrobicyklov<\/strong>, s ktor\u00fdmi \u013eahko objav\u00edte kr\u00e1sy okolia. Na\u0161e\u00a0<strong>ebajky v\u00e1m pom\u00f4\u017eu zvl\u00e1dnu\u0165 aj kopcovit\u00e9 trasy<\/strong>\u00a0bez n\u00e1mahy. Pre p\u00fatav\u00fd z\u00e1\u017eitok na mieste m\u00e1me\u00a0<strong>Adventure minigolf<\/strong>\u00a0s 18 jamkami na 9 dr\u00e1hach, pokryt\u00fdch kvalitnou umelou golfovou tr\u00e1vou.<\/p>\n<h2 class=\"ds-markdown-paragraph\"><span style=\"color: #800000;\">S\u00fa va\u0161e priestory vhodn\u00e9 pre firemn\u00e9 akcie?<\/span><\/h2>\n<p class=\"ds-markdown-paragraph\">\u00c1no, na\u0161e <strong>priestory re\u0161taur\u00e1cie s\u00fa ide\u00e1lne na organizovanie firemn\u00fdch v\u00fdletov, teambuildingov, s\u00fastreden\u00ed, semin\u00e1rov a \u010fal\u0161\u00edch pracovn\u00fdch stretnut\u00ed<\/strong>. S\u00fa vybaven\u00e9 potrebnou technikou \u2013\u00a0<strong>premieta\u010dkou, pl\u00e1tnom, wifi pripojen\u00edm, tla\u010diar\u0148ou a flipchartom<\/strong>. Pre spestrenie v\u00e1\u0161ho programu vieme pripravi\u0165 r\u00f4zne <strong>remeseln\u00edcke a \u0161portov\u00e9 aktivity<\/strong>\u00a0\u2013 od pe\u010denia chleba, v\u00fdroby ko\u0161\u00edkov a kr\u00e9mov a\u017e po\u00a0<strong>sedliacku olympi\u00e1du<\/strong>. M\u00f4\u017eete vyu\u017ei\u0165 aj n\u00e1\u0161\u00a0<strong>minigolf<\/strong> alebo vyrazi\u0165 na kr\u00e1tku cyklot\u00faru.<\/p>\n<h2 class=\"ds-markdown-paragraph\"><span style=\"color: #800000;\">Je to vhodn\u00fd v\u00fdlet pre rodiny s de\u0165mi?<\/span><\/h2>\n<p class=\"ds-markdown-paragraph\">Absol\u00fatne \u00e1no! Prich\u00e1dzate na <strong>dovolenku a v\u00fdlet s de\u0165mi bez starost\u00ed<\/strong>\u00a0\u2013 sta\u010d\u00ed pr\u00eds\u0165 a u\u017e\u00edva\u0165 si. Okrem jedine\u010dnej gastron\u00f3mie v srdci Slovensk\u00e9ho krasu v\u00e1s \u010dak\u00e1\u00a0<strong>Adventure minigolf, po\u017ei\u010dov\u0148a bicyklov<\/strong>\u00a0a mno\u017estvo v\u00fdletov. Po\u010das pobytu m\u00f4\u017eete objavova\u0165\u00a0<strong>jaskyne, vodop\u00e1dy, ties\u0148avy, ka\u0161tiele a mnoh\u00e9 \u010fal\u0161ie pr\u00edrodn\u00e9 a kult\u00farne pamiatky Gemera<\/strong>.<\/p>\n<h2><span style=\"color: #800000;\">Kontakt<\/span><\/h2>\n<p><strong>Gran\u00e1rium<\/strong><br \/>\nJablonov nad Tur\u0148ou 137<br \/>\n049 43 Jablonov nad Tur\u0148ou<br \/>\n<strong>E-mail:<\/strong> info@granarium.sk<br \/>\n<strong>Web:<\/strong> <a href=\"https:\/\/www.granarium.sk\/\" target=\"_blank\" rel=\"noopener\">https:\/\/www.granarium.sk\/<\/a><\/p>\n<h3><span style=\"color: #808000;\">Bl\u00edzke stredisko, turistick\u00e9 centrum, obec alebo mesto:<\/span><\/h3>\n<ul>\n<li><a href=\"http:\/\/www.slovensky-kras.eu\/info\/strediska-a-centra\/obec-jablonov-nad-turnou\/\">Obec Jablonov nad Tur\u0148ou (\u010d\u00edtaj viac&#8230;)<\/a><\/li>\n<\/ul>\n<h2><span style=\"color: #800000;\">Fotogal\u00e9ria<\/span><\/h2>\n<style type=\"text\/css\">\n#foogallery-gallery-28901 .fg-image { width: 200px; }<\/style>\n\t\t\t<div class=\"foogallery foogallery-container foogallery-carousel foogallery-lightbox-foogallery fg-carousel fg-ready fg-light fg-border-medium fg-round-small fg-shadow-medium fg-loading-default fg-loaded-fade-in fg-hover-semi-zoomed fg-hover-fade fg-hover-circle-plus2\" id=\"foogallery-gallery-28901\" data-foogallery=\"{&quot;item&quot;:{&quot;showCaptionTitle&quot;:true,&quot;showCaptionDescription&quot;:true},&quot;lazy&quot;:true,&quot;template&quot;:{&quot;maxItems&quot;:5,&quot;scale&quot;:0.11999999999999999555910790149937383830547332763671875,&quot;gutter&quot;:{&quot;min&quot;:-40,&quot;max&quot;:-20,&quot;unit&quot;:&quot;%&quot;},&quot;autoplay&quot;:{&quot;time&quot;:0,&quot;interaction&quot;:&quot;pause&quot;},&quot;centerOnClick&quot;:true,&quot;align&quot;:&quot;center&quot;,&quot;activePosition&quot;:&quot;center&quot;}}\" data-foogallery-lightbox=\"{&quot;thumbs&quot;:&quot;bottom&quot;,&quot;thumbsCaptions&quot;:false,&quot;thumbsBestFit&quot;:false,&quot;thumbsSmall&quot;:false,&quot;thumbsCaptionsAlign&quot;:&quot;default&quot;,&quot;info&quot;:&quot;bottom&quot;,&quot;infoVisible&quot;:true,&quot;infoOverlay&quot;:true,&quot;infoAlign&quot;:&quot;default&quot;,&quot;transition&quot;:&quot;fade&quot;,&quot;hoverButtons&quot;:false,&quot;fitMedia&quot;:false,&quot;noScrollbars&quot;:true,&quot;preserveButtonSpace&quot;:true,&quot;buttons&quot;:{&quot;fullscreen&quot;:true,&quot;info&quot;:true,&quot;thumbs&quot;:false},&quot;video&quot;:{&quot;autoPlay&quot;:true}}\" style=\"--fg-title-line-clamp: 1; --fg-description-line-clamp: 2;\" >\n\t<button type=\"button\" class=\"fg-carousel-prev\" title=\"Previous\"><\/button>\n\t<div class=\"fg-carousel-inner\">\n\t\t<div class=\"fg-carousel-center\"><\/div>\n\t\t<div class=\"fg-item fg-type-image fg-idle\"><figure class=\"fg-item-inner\"><a href=\"https:\/\/www.slovensky-kras.eu\/info\/wp-content\/uploads\/2023\/06\/granarium-minigolf.jpg\" data-attachment-id=\"24908\" data-type=\"image\" class=\"fg-thumb\"><span class=\"fg-image-wrap\"><img decoding=\"async\" width=\"200\" height=\"200\" class=\"skip-lazy fg-image\" data-src-fg=\"https:\/\/www.slovensky-kras.eu\/info\/wp-content\/uploads\/cache\/2023\/06\/granarium-minigolf\/3151667671.jpg\" src=\"data:image\/svg+xml,%3Csvg%20xmlns%3D%22http%3A%2F%2Fwww.w3.org%2F2000%2Fsvg%22%20width%3D%22200%22%20height%3D%22200%22%20viewBox%3D%220%200%20200%20200%22%3E%3C%2Fsvg%3E\" loading=\"eager\"><\/span><span class=\"fg-image-overlay\"><\/span><\/a><\/figure><div class=\"fg-loader\"><\/div><\/div><div class=\"fg-item fg-type-image fg-idle\"><figure class=\"fg-item-inner\"><a href=\"https:\/\/www.slovensky-kras.eu\/info\/wp-content\/uploads\/2023\/06\/bike-granarium.jpg\" data-attachment-id=\"24916\" data-type=\"image\" class=\"fg-thumb\"><span class=\"fg-image-wrap\"><img decoding=\"async\" width=\"200\" height=\"200\" class=\"skip-lazy fg-image\" data-src-fg=\"https:\/\/www.slovensky-kras.eu\/info\/wp-content\/uploads\/cache\/2023\/06\/bike-granarium\/448903869.jpg\" src=\"data:image\/svg+xml,%3Csvg%20xmlns%3D%22http%3A%2F%2Fwww.w3.org%2F2000%2Fsvg%22%20width%3D%22200%22%20height%3D%22200%22%20viewBox%3D%220%200%20200%20200%22%3E%3C%2Fsvg%3E\" loading=\"eager\"><\/span><span class=\"fg-image-overlay\"><\/span><\/a><\/figure><div class=\"fg-loader\"><\/div><\/div><div class=\"fg-item fg-type-image fg-idle\"><figure class=\"fg-item-inner\"><a href=\"https:\/\/www.slovensky-kras.eu\/info\/wp-content\/uploads\/2021\/12\/granarium6.jpg\" data-attachment-id=\"21835\" data-type=\"image\" class=\"fg-thumb\"><span class=\"fg-image-wrap\"><img decoding=\"async\" width=\"200\" height=\"200\" class=\"skip-lazy fg-image\" data-src-fg=\"https:\/\/www.slovensky-kras.eu\/info\/wp-content\/uploads\/cache\/2021\/12\/granarium6\/2956217655.jpg\" src=\"data:image\/svg+xml,%3Csvg%20xmlns%3D%22http%3A%2F%2Fwww.w3.org%2F2000%2Fsvg%22%20width%3D%22200%22%20height%3D%22200%22%20viewBox%3D%220%200%20200%20200%22%3E%3C%2Fsvg%3E\" loading=\"eager\"><\/span><span class=\"fg-image-overlay\"><\/span><\/a><\/figure><div class=\"fg-loader\"><\/div><\/div><div class=\"fg-item fg-type-image fg-idle\"><figure class=\"fg-item-inner\"><a href=\"https:\/\/www.slovensky-kras.eu\/info\/wp-content\/uploads\/2021\/12\/granarium5.jpg\" data-attachment-id=\"21834\" data-type=\"image\" class=\"fg-thumb\"><span class=\"fg-image-wrap\"><img decoding=\"async\" width=\"200\" height=\"200\" class=\"skip-lazy fg-image\" data-src-fg=\"https:\/\/www.slovensky-kras.eu\/info\/wp-content\/uploads\/cache\/2021\/12\/granarium5\/3381058773.jpg\" src=\"data:image\/svg+xml,%3Csvg%20xmlns%3D%22http%3A%2F%2Fwww.w3.org%2F2000%2Fsvg%22%20width%3D%22200%22%20height%3D%22200%22%20viewBox%3D%220%200%20200%20200%22%3E%3C%2Fsvg%3E\" loading=\"eager\"><\/span><span class=\"fg-image-overlay\"><\/span><\/a><\/figure><div class=\"fg-loader\"><\/div><\/div><div class=\"fg-item fg-type-image fg-idle\"><figure class=\"fg-item-inner\"><a href=\"https:\/\/www.slovensky-kras.eu\/info\/wp-content\/uploads\/2021\/12\/granarium4.jpg\" data-attachment-id=\"21833\" data-type=\"image\" class=\"fg-thumb\"><span class=\"fg-image-wrap\"><img decoding=\"async\" width=\"200\" height=\"200\" class=\"skip-lazy fg-image\" data-src-fg=\"https:\/\/www.slovensky-kras.eu\/info\/wp-content\/uploads\/cache\/2021\/12\/granarium4\/2903454863.jpg\" src=\"data:image\/svg+xml,%3Csvg%20xmlns%3D%22http%3A%2F%2Fwww.w3.org%2F2000%2Fsvg%22%20width%3D%22200%22%20height%3D%22200%22%20viewBox%3D%220%200%20200%20200%22%3E%3C%2Fsvg%3E\" loading=\"eager\"><\/span><span class=\"fg-image-overlay\"><\/span><\/a><\/figure><div class=\"fg-loader\"><\/div><\/div><div class=\"fg-item fg-type-image fg-idle\"><figure class=\"fg-item-inner\"><a href=\"https:\/\/www.slovensky-kras.eu\/info\/wp-content\/uploads\/2021\/12\/granarium3.jpg\" data-attachment-id=\"21832\" data-type=\"image\" class=\"fg-thumb\"><span class=\"fg-image-wrap\"><img decoding=\"async\" width=\"200\" height=\"200\" class=\"skip-lazy fg-image\" data-src-fg=\"https:\/\/www.slovensky-kras.eu\/info\/wp-content\/uploads\/cache\/2021\/12\/granarium3\/1358408599.jpg\" src=\"data:image\/svg+xml,%3Csvg%20xmlns%3D%22http%3A%2F%2Fwww.w3.org%2F2000%2Fsvg%22%20width%3D%22200%22%20height%3D%22200%22%20viewBox%3D%220%200%20200%20200%22%3E%3C%2Fsvg%3E\" loading=\"eager\"><\/span><span class=\"fg-image-overlay\"><\/span><\/a><\/figure><div class=\"fg-loader\"><\/div><\/div><div class=\"fg-item fg-type-image fg-idle\"><figure class=\"fg-item-inner\"><a href=\"https:\/\/www.slovensky-kras.eu\/info\/wp-content\/uploads\/2021\/12\/granarium2.jpg\" data-attachment-id=\"21831\" data-type=\"image\" class=\"fg-thumb\"><span class=\"fg-image-wrap\"><img decoding=\"async\" width=\"200\" height=\"200\" class=\"skip-lazy fg-image\" data-src-fg=\"https:\/\/www.slovensky-kras.eu\/info\/wp-content\/uploads\/cache\/2021\/12\/granarium2\/1584011083.jpg\" src=\"data:image\/svg+xml,%3Csvg%20xmlns%3D%22http%3A%2F%2Fwww.w3.org%2F2000%2Fsvg%22%20width%3D%22200%22%20height%3D%22200%22%20viewBox%3D%220%200%20200%20200%22%3E%3C%2Fsvg%3E\" loading=\"eager\"><\/span><span class=\"fg-image-overlay\"><\/span><\/a><\/figure><div class=\"fg-loader\"><\/div><\/div><div class=\"fg-item fg-type-image fg-idle\"><figure class=\"fg-item-inner\"><a href=\"https:\/\/www.slovensky-kras.eu\/info\/wp-content\/uploads\/2021\/12\/granarium1.jpg\" data-attachment-id=\"21830\" data-type=\"image\" class=\"fg-thumb\"><span class=\"fg-image-wrap\"><img decoding=\"async\" width=\"200\" height=\"200\" class=\"skip-lazy fg-image\" data-src-fg=\"https:\/\/www.slovensky-kras.eu\/info\/wp-content\/uploads\/cache\/2021\/12\/granarium1\/668501673.jpg\" src=\"data:image\/svg+xml,%3Csvg%20xmlns%3D%22http%3A%2F%2Fwww.w3.org%2F2000%2Fsvg%22%20width%3D%22200%22%20height%3D%22200%22%20viewBox%3D%220%200%20200%20200%22%3E%3C%2Fsvg%3E\" loading=\"eager\"><\/span><span class=\"fg-image-overlay\"><\/span><\/a><\/figure><div class=\"fg-loader\"><\/div><\/div><div class=\"fg-item fg-type-image fg-idle\"><figure class=\"fg-item-inner\"><a href=\"https:\/\/www.slovensky-kras.eu\/info\/wp-content\/uploads\/2021\/12\/granarium.jpg\" data-attachment-id=\"21838\" data-type=\"image\" class=\"fg-thumb\"><span class=\"fg-image-wrap\"><img decoding=\"async\" alt=\"Gran\u00e1rium pansk\u00e1 s\u00fdpka\" width=\"200\" height=\"200\" class=\"skip-lazy fg-image\" data-src-fg=\"https:\/\/www.slovensky-kras.eu\/info\/wp-content\/uploads\/cache\/2021\/12\/granarium\/1192572230.jpg\" src=\"data:image\/svg+xml,%3Csvg%20xmlns%3D%22http%3A%2F%2Fwww.w3.org%2F2000%2Fsvg%22%20width%3D%22200%22%20height%3D%22200%22%20viewBox%3D%220%200%20200%20200%22%3E%3C%2Fsvg%3E\" loading=\"eager\"><\/span><span class=\"fg-image-overlay\"><\/span><\/a><\/figure><div class=\"fg-loader\"><\/div><\/div>\t<\/div>\n\t<div class=\"fg-carousel-bottom\"><\/div>\n\t<div class=\"fg-carousel-progress\"><\/div>\n\t<button type=\"button\" class=\"fg-carousel-next\" title=\"Next\"><\/button>\n<\/div>\n<h2><span style=\"color: #800000;\">Mapy<\/span><\/h2>\n<p><strong>Vrstvy: <\/strong>Turistick\u00e1 mapa, Automapa, Cyklomapa, Ly\u017eiarska mapa, Satelitn\u00e1 mapa a OpenStreetMap.<\/p>\n<p><strong>Kliknut\u00edm na logo &#8222;Freemap.sk&#8220; sa V\u00e1m mapa zobraz\u00ed na celej ploche obrazovky.<\/strong><\/p>\n<p><iframe style=\"width: 900px; height: 600px; border: 0;\" src=\"https:\/\/www.freemap.sk\/?map=14\/48.594946\/20.673652&amp;info-point=48.594946\/20.673652,Obec Jablonov nad Tur\u0148ou&amp;layers=X&amp;embed=search\" allowfullscreen=\"allowfullscreen\"><span data-mce-type=\"bookmark\" style=\"display: inline-block; width: 0px; overflow: hidden; line-height: 0;\" class=\"mce_SELRES_start\">\ufeff<\/span><\/iframe><\/p>\n<h2><span style=\"color: #800000;\">Po\u010dasie<\/span><\/h2>\n<p><iframe style=\"width: 900px; height: 600px;\" src=\"https:\/\/www.meteoblue.com\/sk\/po%C4%8Dasie\/widget\/three\/jablonov-nad-turnou_slovensk%c3%a1-republika_724599?geoloc=fixed&amp;nocurrent=0&amp;noforecast=0&amp;days=6&amp;tempunit=CELSIUS&amp;windunit=KILOMETER_PER_HOUR&amp;layout=image\" frameborder=\"0\" scrolling=\"NO\" sandbox=\"allow-same-origin allow-scripts allow-popups allow-popups-to-escape-sandbox\"><span data-mce-type=\"bookmark\" style=\"display: inline-block; width: 0px; overflow: hidden; line-height: 0;\" class=\"mce_SELRES_start\">\ufeff<\/span><\/iframe><\/p>\n<div><!-- DO NOT REMOVE THIS LINK --><a href=\"https:\/\/www.meteoblue.com\/sk\/po%C4%8Dasie\/predpove%C4%8F\/t%C3%BD%C5%BEde%C5%88\/jablonov-nad-turnou_slovensk%c3%a1-republika_724599?utm_source=weather_widget&amp;utm_medium=linkus&amp;utm_content=three&amp;utm_campaign=Weather%2BWidget\" target=\"_blank\" rel=\"noopener noreferrer\">meteoblue<\/a><\/div>\n<p><strong>Foto:<\/strong> <a href=\"http:\/\/www.granarium.sk\/\" target=\"_blank\" rel=\"noopener noreferrer\">www.granarium.sk<\/a><\/p>\n","protected":false},"excerpt":{"rendered":"<p>Menu: Podkateg\u00f3ria: \u010co je\u00a0Gran\u00e1rium pansk\u00e1 s\u00fdpka? Gran\u00e1rium pansk\u00e1 s\u00fdpka\u00a0je unik\u00e1tna historick\u00e1 stavba z konca 17. storo\u010dia s vlastnou v\u00ednnou pivnicou, ktor\u00e1 sa nach\u00e1dza na z\u00e1padnom okraji obce Jablonov nad Tur\u0148ou. [&hellip;]<\/p>\n","protected":false},"author":1,"featured_media":21838,"parent":15,"menu_order":0,"comment_status":"closed","ping_status":"open","template":"","meta":{"_uag_custom_page_level_css":"","footnotes":""},"class_list":["post-721","page","type-page","status-publish","has-post-thumbnail","hentry"],"featured_image_src":"https:\/\/www.slovensky-kras.eu\/info\/wp-content\/uploads\/2021\/12\/granarium.jpg","featured_image_src_square":"https:\/\/www.slovensky-kras.eu\/info\/wp-content\/uploads\/2021\/12\/granarium.jpg","rbea_author_info":{"display_name":"admin","author_link":"https:\/\/www.slovensky-kras.eu\/info\/author\/admin\/"},"rbea_excerpt_info":"Menu: Podkateg\u00f3ria: \u010co je\u00a0Gran\u00e1rium pansk\u00e1 s\u00fdpka? Gran\u00e1rium pansk\u00e1 s\u00fdpka\u00a0je unik\u00e1tna historick\u00e1 stavba z konca 17. storo\u010dia s vlastnou v\u00ednnou pivnicou, ktor\u00e1 sa nach\u00e1dza na z\u00e1padnom okraji obce Jablonov nad Tur\u0148ou. [&hellip;]","uagb_featured_image_src":{"full":["https:\/\/www.slovensky-kras.eu\/info\/wp-content\/uploads\/2021\/12\/granarium.jpg",800,533,false],"thumbnail":["https:\/\/www.slovensky-kras.eu\/info\/wp-content\/uploads\/2021\/12\/granarium-150x150.jpg",150,150,true],"medium":["https:\/\/www.slovensky-kras.eu\/info\/wp-content\/uploads\/2021\/12\/granarium.jpg",800,533,false],"medium_large":["https:\/\/www.slovensky-kras.eu\/info\/wp-content\/uploads\/2021\/12\/granarium-768x512.jpg",768,512,true],"large":["https:\/\/www.slovensky-kras.eu\/info\/wp-content\/uploads\/2021\/12\/granarium.jpg",800,533,false],"1536x1536":["https:\/\/www.slovensky-kras.eu\/info\/wp-content\/uploads\/2021\/12\/granarium.jpg",800,533,false],"2048x2048":["https:\/\/www.slovensky-kras.eu\/info\/wp-content\/uploads\/2021\/12\/granarium.jpg",800,533,false]},"uagb_author_info":{"display_name":"admin","author_link":"https:\/\/www.slovensky-kras.eu\/info\/author\/admin\/"},"uagb_comment_info":0,"uagb_excerpt":"Menu: Podkateg\u00f3ria: \u010co je\u00a0Gran\u00e1rium pansk\u00e1 s\u00fdpka? Gran\u00e1rium pansk\u00e1 s\u00fdpka\u00a0je unik\u00e1tna historick\u00e1 stavba z konca 17. storo\u010dia s vlastnou v\u00ednnou pivnicou, ktor\u00e1 sa nach\u00e1dza na z\u00e1padnom okraji obce Jablonov nad Tur\u0148ou. [&hellip;]","_links":{"self":[{"href":"https:\/\/www.slovensky-kras.eu\/info\/wp-json\/wp\/v2\/pages\/721","targetHints":{"allow":["GET"]}}],"collection":[{"href":"https:\/\/www.slovensky-kras.eu\/info\/wp-json\/wp\/v2\/pages"}],"about":[{"href":"https:\/\/www.slovensky-kras.eu\/info\/wp-json\/wp\/v2\/types\/page"}],"author":[{"embeddable":true,"href":"https:\/\/www.slovensky-kras.eu\/info\/wp-json\/wp\/v2\/users\/1"}],"replies":[{"embeddable":true,"href":"https:\/\/www.slovensky-kras.eu\/info\/wp-json\/wp\/v2\/comments?post=721"}],"version-history":[{"count":8,"href":"https:\/\/www.slovensky-kras.eu\/info\/wp-json\/wp\/v2\/pages\/721\/revisions"}],"predecessor-version":[{"id":29052,"href":"https:\/\/www.slovensky-kras.eu\/info\/wp-json\/wp\/v2\/pages\/721\/revisions\/29052"}],"up":[{"embeddable":true,"href":"https:\/\/www.slovensky-kras.eu\/info\/wp-json\/wp\/v2\/pages\/15"}],"wp:featuredmedia":[{"embeddable":true,"href":"https:\/\/www.slovensky-kras.eu\/info\/wp-json\/wp\/v2\/media\/21838"}],"wp:attachment":[{"href":"https:\/\/www.slovensky-kras.eu\/info\/wp-json\/wp\/v2\/media?parent=721"}],"curies":[{"name":"wp","href":"https:\/\/api.w.org\/{rel}","templated":true}]}}