{"id":714,"date":"2013-06-30T06:31:27","date_gmt":"2013-06-30T04:31:27","guid":{"rendered":"http:\/\/www.slovensky-kras.eu\/info\/?page_id=714"},"modified":"2025-11-22T16:06:02","modified_gmt":"2025-11-22T15:06:02","slug":"klastorna-kniznica-v-jasove","status":"publish","type":"page","link":"https:\/\/www.slovensky-kras.eu\/info\/kam-za-pamiatkami\/klastorna-kniznica-v-jasove\/","title":{"rendered":"Kl\u00e1\u0161torn\u00e1 kni\u017enica v Jasove"},"content":{"rendered":"<p><strong>Menu: <\/strong><a href=\"http:\/\/www.slovensky-kras.eu\/info\/\" class=\"su-button su-button-style-default\" style=\"color:#000000;background-color:#FFCF2F;border-color:#cca626;border-radius:5px\" target=\"_self\"><span style=\"color:#000000;padding:6px 16px;font-size:13px;line-height:20px;border-color:#ffde6e;border-radius:5px;text-shadow:none\"><i class=\"sui sui-arrow-right\" style=\"font-size:13px;color:#000000\"><\/i>  \u00davod \/ Aktuality <\/span><\/a>\n<a href=\"http:\/\/www.slovensky-kras.eu\/info\/kam-za-pamiatkami\/\" class=\"su-button su-button-style-default\" style=\"color:#000000;background-color:#FFCF2F;border-color:#cca626;border-radius:5px\" target=\"_self\"><span style=\"color:#000000;padding:6px 16px;font-size:13px;line-height:20px;border-color:#ffde6e;border-radius:5px;text-shadow:none\"><i class=\"sui sui-arrow-right\" style=\"font-size:13px;color:#000000\"><\/i>  Kam za pamiatkami <\/span><\/a>\n<div class=\"su-divider su-divider-style-default\" style=\"margin:15px 0;border-width:0px;border-color:#000000\"><\/div>\n<p><strong>Podkateg\u00f3ria: <\/strong> <a href=\"http:\/\/www.slovensky-kras.eu\/info\/kam-za-pamiatkami\/ostatne-pamiatky\/\" class=\"su-button su-button-style-default\" style=\"color:#000000;background-color:#afd144;border-color:#8ca837;border-radius:5px\" target=\"_self\"><span style=\"color:#000000;padding:6px 16px;font-size:13px;line-height:20px;border-color:#c7df7d;border-radius:5px;text-shadow:none\"><i class=\"sui sui-arrow-right\" style=\"font-size:13px;color:#000000\"><\/i>  Ostatn\u00e9 pamiatky <\/span><\/a>\n<div class=\"su-divider su-divider-style-default\" style=\"margin:15px 0;border-width:2px;border-color:#000000\"><\/div>\n<figure id=\"attachment_21759\" aria-describedby=\"caption-attachment-21759\" style=\"width: 900px\" class=\"wp-caption aligncenter\"><a href=\"https:\/\/www.slovensky-kras.eu\/info\/wp-content\/uploads\/2021\/12\/klastor-v-jasove1.jpg\"><img loading=\"lazy\" decoding=\"async\" class=\"wp-image-21759\" src=\"https:\/\/www.slovensky-kras.eu\/info\/wp-content\/uploads\/2021\/12\/klastor-v-jasove1.jpg\" alt=\"Kl\u00e1\u0161torn\u00e1 kni\u017enica v Jasove\" width=\"900\" height=\"600\" srcset=\"https:\/\/www.slovensky-kras.eu\/info\/wp-content\/uploads\/2021\/12\/klastor-v-jasove1.jpg 800w, https:\/\/www.slovensky-kras.eu\/info\/wp-content\/uploads\/2021\/12\/klastor-v-jasove1-768x512.jpg 768w\" sizes=\"auto, (max-width: 900px) 100vw, 900px\" \/><\/a><figcaption id=\"caption-attachment-21759\" class=\"wp-caption-text\">Premon\u0161tr\u00e1tsky kl\u00e1\u0161tor v Jasove<\/figcaption><\/figure>\n<div class=\"su-divider su-divider-style-default\" style=\"margin:15px 0;border-width:2px;border-color:#000000\"><\/div>\n<h2 class=\"ds-markdown-paragraph\"><span style=\"color: #800000;\">\u010co je Kl\u00e1\u0161torn\u00e1 kni\u017enica v Jasove a ak\u00e1 je jej hist\u00f3ria?<\/span><\/h2>\n<p class=\"ds-markdown-paragraph\"><strong>Kl\u00e1\u0161torn\u00e1 kni\u017enica v Jasove<\/strong>\u00a0je s\u00fa\u010das\u0165ou komplexu premon\u0161tr\u00e1nskeho kl\u00e1\u0161tora. Jej hist\u00f3ria siaha do obdobia druhovej polovice 13. storo\u010dia, kedy sa pravdepodobne za\u010dala budova\u0165.<\/p>\n<h2 class=\"ds-markdown-paragraph\"><span style=\"color: #800000;\">Pre\u010do boli kni\u017eni\u010dn\u00e9 dokumenty odvezen\u00e9 a \u010do sa s nimi stalo?<\/span><\/h2>\n<p class=\"ds-markdown-paragraph\">Ke\u010f sa premon\u0161tr\u00e1tsky r\u00e1d v roku 1787 rozpustil nariaden\u00edm Jozefa II., <strong>cenn\u00e9 kni\u017eni\u010dn\u00e9 dokumenty<\/strong>\u00a0boli prevezen\u00e9 do J\u00e1gru (Eger &#8211; HU) a Bud\u00edna (Buda &#8211; HU). Po obnove r\u00e1du sa do kl\u00e1\u0161tornej kni\u017enice vr\u00e1tilo len 90 kn\u00edh z Bud\u00edna.<\/p>\n<h2 class=\"ds-markdown-paragraph\"><span style=\"color: #800000;\">Kedy prebehla v\u00fdstavba s\u00fa\u010dasnej kni\u017enice a ako sa roz\u0161iroval jej fond?<\/span><\/h2>\n<p class=\"ds-markdown-paragraph\">V\u00fdstavbu s\u00fa\u010dasnej kni\u017enice za\u010dali po roku 1802 a od tohto obdobia sa <strong>po\u010det kn\u00edh neust\u00e1le zvy\u0161oval<\/strong>. V \u010dase prvej \u010ceskoslovenskej republiky sa\u00a0<strong>kni\u017enica obohatila<\/strong>\u00a0o publik\u00e1cie a dokumenty zo zaniknut\u00fdch premon\u0161tr\u00e1tskych gymn\u00e1zi\u00ed, pleb\u00e1ni\u00ed a lelesskej kni\u017enice. Po roku 1950 sem boli zaevidovan\u00e9 aj\u00a0<strong>historick\u00e9 knihy<\/strong>\u00a0zo zaniknut\u00fdch premon\u0161tr\u00e1tskych op\u00e1tstiev V\u00fdchodoslovensk\u00e9ho kraja.<\/p>\n<h2 class=\"ds-markdown-paragraph\"><span style=\"color: #800000;\">Ak\u00e9 je s\u00fa\u010dasn\u00e9 zlo\u017eenie kni\u017eni\u010dn\u00e9ho fondu a \u010do sa stalo s p\u00f4vodnou zbierkou?<\/span><\/h2>\n<p class=\"ds-markdown-paragraph\"><strong>S\u00fa\u010dasn\u00e1 kni\u017enica<\/strong>\u00a0pozost\u00e1va z 80 000 zv\u00e4zkov z oblasti teol\u00f3gie, filozofie, pr\u00edrodn\u00fdch vied, geografie, hist\u00f3rie a lek\u00e1rskych vied. Z p\u00f4vodnej zbierky sa \u010das\u0165 dostala do Bratislavy &#8211; do Slovenskej n\u00e1rodnej gal\u00e9rie, Martina &#8211; do Matice slovenskej a \u010das\u0165 do Slovensk\u00e9ho technick\u00e9ho m\u00fazea v Ko\u0161iciach.<\/p>\n<h2 class=\"ds-markdown-paragraph\"><span style=\"color: #800000;\">\u010c\u00edm je unik\u00e1tna v\u00fdzdoba kni\u017enice?<\/span><\/h2>\n<p class=\"ds-markdown-paragraph\">Strop kni\u017enice je ozdoben\u00fd <strong>n\u00e1dhern\u00fdmi freskami<\/strong>\u00a0od v\u00fdznamn\u00e9ho umelca J\u00e1na Luk\u00e1\u0161a Krackera. Jedna z nich je\u00a0<strong>aleg\u00f3riou \u0161tyroch univerzitn\u00fdch odborov<\/strong>: pr\u00e1vo, lek\u00e1rska veda, filozofia a teol\u00f3gia, a to na po\u010des\u0165 odu\u0161evnen\u00e9ho podporovate\u013ea umenia a vied &#8211; Andreja Sauberera. Druh\u00e1 freska je\u00a0<strong>aleg\u00f3riou \u017eivota a smrti<\/strong>.<\/p>\n<h2><span style=\"color: #800000;\">Fotogal\u00e9ria<\/span><\/h2>\n<style type=\"text\/css\">\n#foogallery-gallery-28896 .fg-image { width: 200px; }<\/style>\n\t\t\t<div class=\"foogallery foogallery-container foogallery-carousel foogallery-lightbox-foogallery fg-carousel fg-ready fg-light fg-border-medium fg-round-small fg-shadow-medium fg-loading-default fg-loaded-fade-in fg-hover-semi-zoomed fg-hover-fade fg-hover-circle-plus2\" id=\"foogallery-gallery-28896\" data-foogallery=\"{&quot;item&quot;:{&quot;showCaptionTitle&quot;:true,&quot;showCaptionDescription&quot;:true},&quot;lazy&quot;:true,&quot;template&quot;:{&quot;maxItems&quot;:5,&quot;scale&quot;:0.11999999999999999555910790149937383830547332763671875,&quot;gutter&quot;:{&quot;min&quot;:-40,&quot;max&quot;:-20,&quot;unit&quot;:&quot;%&quot;},&quot;autoplay&quot;:{&quot;time&quot;:0,&quot;interaction&quot;:&quot;pause&quot;},&quot;centerOnClick&quot;:true,&quot;align&quot;:&quot;center&quot;,&quot;activePosition&quot;:&quot;center&quot;}}\" data-foogallery-lightbox=\"{&quot;thumbs&quot;:&quot;bottom&quot;,&quot;thumbsCaptions&quot;:false,&quot;thumbsBestFit&quot;:false,&quot;thumbsSmall&quot;:false,&quot;thumbsCaptionsAlign&quot;:&quot;default&quot;,&quot;info&quot;:&quot;bottom&quot;,&quot;infoVisible&quot;:true,&quot;infoOverlay&quot;:true,&quot;infoAlign&quot;:&quot;default&quot;,&quot;transition&quot;:&quot;fade&quot;,&quot;hoverButtons&quot;:false,&quot;fitMedia&quot;:false,&quot;noScrollbars&quot;:true,&quot;preserveButtonSpace&quot;:true,&quot;buttons&quot;:{&quot;fullscreen&quot;:true,&quot;info&quot;:true,&quot;thumbs&quot;:false},&quot;video&quot;:{&quot;autoPlay&quot;:true}}\" style=\"--fg-title-line-clamp: 1; --fg-description-line-clamp: 2;\" >\n\t<button type=\"button\" class=\"fg-carousel-prev\" title=\"Previous\"><\/button>\n\t<div class=\"fg-carousel-inner\">\n\t\t<div class=\"fg-carousel-center\"><\/div>\n\t\t<div class=\"fg-item fg-type-image fg-idle\"><figure class=\"fg-item-inner\"><a href=\"https:\/\/www.slovensky-kras.eu\/info\/wp-content\/uploads\/2021\/12\/klastor-v-jasove7.jpg\" data-attachment-id=\"21765\" data-type=\"image\" class=\"fg-thumb\"><span class=\"fg-image-wrap\"><img decoding=\"async\" width=\"200\" height=\"200\" class=\"skip-lazy fg-image\" data-src-fg=\"https:\/\/www.slovensky-kras.eu\/info\/wp-content\/uploads\/cache\/2021\/12\/klastor-v-jasove7\/1614176611.jpg\" src=\"data:image\/svg+xml,%3Csvg%20xmlns%3D%22http%3A%2F%2Fwww.w3.org%2F2000%2Fsvg%22%20width%3D%22200%22%20height%3D%22200%22%20viewBox%3D%220%200%20200%20200%22%3E%3C%2Fsvg%3E\" loading=\"eager\"><\/span><span class=\"fg-image-overlay\"><\/span><\/a><\/figure><div class=\"fg-loader\"><\/div><\/div><div class=\"fg-item fg-type-image fg-idle\"><figure class=\"fg-item-inner\"><a href=\"https:\/\/www.slovensky-kras.eu\/info\/wp-content\/uploads\/2021\/12\/klastor-v-jasove6.jpg\" data-attachment-id=\"21764\" data-type=\"image\" class=\"fg-thumb\"><span class=\"fg-image-wrap\"><img decoding=\"async\" width=\"200\" height=\"200\" class=\"skip-lazy fg-image\" data-src-fg=\"https:\/\/www.slovensky-kras.eu\/info\/wp-content\/uploads\/cache\/2021\/12\/klastor-v-jasove6\/1718027999.jpg\" src=\"data:image\/svg+xml,%3Csvg%20xmlns%3D%22http%3A%2F%2Fwww.w3.org%2F2000%2Fsvg%22%20width%3D%22200%22%20height%3D%22200%22%20viewBox%3D%220%200%20200%20200%22%3E%3C%2Fsvg%3E\" loading=\"eager\"><\/span><span class=\"fg-image-overlay\"><\/span><\/a><\/figure><div class=\"fg-loader\"><\/div><\/div><div class=\"fg-item fg-type-image fg-idle\"><figure class=\"fg-item-inner\"><a href=\"https:\/\/www.slovensky-kras.eu\/info\/wp-content\/uploads\/2021\/12\/klastor-v-jasove5.jpg\" data-caption-title=\"Kl\u00e1\u0161torn\u00e1 kni\u017enica v Jasove\" data-attachment-id=\"21763\" data-type=\"image\" class=\"fg-thumb\"><span class=\"fg-image-wrap\"><img decoding=\"async\" alt=\"Kl\u00e1\u0161torn\u00e1 kni\u017enica v Jasove\" title=\"Kl\u00e1\u0161torn\u00e1 kni\u017enica v Jasove\" width=\"200\" height=\"200\" class=\"skip-lazy fg-image\" data-src-fg=\"https:\/\/www.slovensky-kras.eu\/info\/wp-content\/uploads\/cache\/2021\/12\/klastor-v-jasove5\/605243253.jpg\" src=\"data:image\/svg+xml,%3Csvg%20xmlns%3D%22http%3A%2F%2Fwww.w3.org%2F2000%2Fsvg%22%20width%3D%22200%22%20height%3D%22200%22%20viewBox%3D%220%200%20200%20200%22%3E%3C%2Fsvg%3E\" loading=\"eager\"><\/span><span class=\"fg-image-overlay\"><\/span><\/a><figcaption class=\"fg-caption\"><div class=\"fg-caption-inner\"><div class=\"fg-caption-title\">Kl\u00e1\u0161torn\u00e1 kni\u017enica v Jasove<\/div><\/div><\/figcaption><\/figure><div class=\"fg-loader\"><\/div><\/div><div class=\"fg-item fg-type-image fg-idle\"><figure class=\"fg-item-inner\"><a href=\"https:\/\/www.slovensky-kras.eu\/info\/wp-content\/uploads\/2021\/12\/klastor-v-jasove4.jpg\" data-attachment-id=\"21762\" data-type=\"image\" class=\"fg-thumb\"><span class=\"fg-image-wrap\"><img decoding=\"async\" width=\"200\" height=\"200\" class=\"skip-lazy fg-image\" data-src-fg=\"https:\/\/www.slovensky-kras.eu\/info\/wp-content\/uploads\/cache\/2021\/12\/klastor-v-jasove4\/3354520360.jpg\" src=\"data:image\/svg+xml,%3Csvg%20xmlns%3D%22http%3A%2F%2Fwww.w3.org%2F2000%2Fsvg%22%20width%3D%22200%22%20height%3D%22200%22%20viewBox%3D%220%200%20200%20200%22%3E%3C%2Fsvg%3E\" loading=\"eager\"><\/span><span class=\"fg-image-overlay\"><\/span><\/a><\/figure><div class=\"fg-loader\"><\/div><\/div><div class=\"fg-item fg-type-image fg-idle\"><figure class=\"fg-item-inner\"><a href=\"https:\/\/www.slovensky-kras.eu\/info\/wp-content\/uploads\/2021\/12\/klastor-v-jasove3.jpg\" data-attachment-id=\"21761\" data-type=\"image\" class=\"fg-thumb\"><span class=\"fg-image-wrap\"><img decoding=\"async\" width=\"200\" height=\"200\" class=\"skip-lazy fg-image\" data-src-fg=\"https:\/\/www.slovensky-kras.eu\/info\/wp-content\/uploads\/cache\/2021\/12\/klastor-v-jasove3\/3169654644.jpg\" src=\"data:image\/svg+xml,%3Csvg%20xmlns%3D%22http%3A%2F%2Fwww.w3.org%2F2000%2Fsvg%22%20width%3D%22200%22%20height%3D%22200%22%20viewBox%3D%220%200%20200%20200%22%3E%3C%2Fsvg%3E\" loading=\"eager\"><\/span><span class=\"fg-image-overlay\"><\/span><\/a><\/figure><div class=\"fg-loader\"><\/div><\/div><div class=\"fg-item fg-type-image fg-idle\"><figure class=\"fg-item-inner\"><a href=\"https:\/\/www.slovensky-kras.eu\/info\/wp-content\/uploads\/2021\/12\/klastor-v-jasove2.jpg\" data-attachment-id=\"21760\" data-type=\"image\" class=\"fg-thumb\"><span class=\"fg-image-wrap\"><img decoding=\"async\" width=\"200\" height=\"200\" class=\"skip-lazy fg-image\" data-src-fg=\"https:\/\/www.slovensky-kras.eu\/info\/wp-content\/uploads\/cache\/2021\/12\/klastor-v-jasove2\/1594866473.jpg\" src=\"data:image\/svg+xml,%3Csvg%20xmlns%3D%22http%3A%2F%2Fwww.w3.org%2F2000%2Fsvg%22%20width%3D%22200%22%20height%3D%22200%22%20viewBox%3D%220%200%20200%20200%22%3E%3C%2Fsvg%3E\" loading=\"eager\"><\/span><span class=\"fg-image-overlay\"><\/span><\/a><\/figure><div class=\"fg-loader\"><\/div><\/div><div class=\"fg-item fg-type-image fg-idle\"><figure class=\"fg-item-inner\"><a href=\"https:\/\/www.slovensky-kras.eu\/info\/wp-content\/uploads\/2021\/12\/klastor-v-jasove1.jpg\" data-attachment-id=\"21759\" data-type=\"image\" class=\"fg-thumb\"><span class=\"fg-image-wrap\"><img decoding=\"async\" width=\"200\" height=\"200\" class=\"skip-lazy fg-image\" data-src-fg=\"https:\/\/www.slovensky-kras.eu\/info\/wp-content\/uploads\/cache\/2021\/12\/klastor-v-jasove1\/1497046202.jpg\" src=\"data:image\/svg+xml,%3Csvg%20xmlns%3D%22http%3A%2F%2Fwww.w3.org%2F2000%2Fsvg%22%20width%3D%22200%22%20height%3D%22200%22%20viewBox%3D%220%200%20200%20200%22%3E%3C%2Fsvg%3E\" loading=\"eager\"><\/span><span class=\"fg-image-overlay\"><\/span><\/a><\/figure><div class=\"fg-loader\"><\/div><\/div>\t<\/div>\n\t<div class=\"fg-carousel-bottom\"><\/div>\n\t<div class=\"fg-carousel-progress\"><\/div>\n\t<button type=\"button\" class=\"fg-carousel-next\" title=\"Next\"><\/button>\n<\/div>\n<h2 class=\"wp-block-post-title\"><span style=\"color: #800000;\">Otv\u00e1racie hodiny<\/span><\/h2>\n<ul>\n<li><a href=\"https:\/\/www.slovensky-kras.eu\/info\/rad-premonstratov-opatstvo-jasov-otvara-letnu-sezonu\/\" target=\"_blank\" rel=\"noopener\">Kl\u00e1\u0161tor Jasov \u2013 R\u00e1d premon\u0161tr\u00e1tov : Prehliadky \/ Otv\u00e1racie hodiny (\u010d\u00edtaj viac&#8230;)<\/a><\/li>\n<\/ul>\n<h3><span style=\"color: #808000;\">Kontakt<\/span><\/h3>\n<p><strong>R\u00e1d Premon\u0161tr\u00e1tov &#8211; Op\u00e1tstvo Jasov<\/strong><br \/>\nKl\u00e1\u0161tor premon\u0161tr\u00e1tov<br \/>\nPodz\u00e1mok 166\/28<br \/>\n044 23 Jasov<br \/>\n<strong>E-mail:<\/strong> <a href=\"mailto:opatstvojasov@centrum.sk\" target=\"_blank\" rel=\"noopener noreferrer\">opatstvojasov@centrum.sk<\/a><br \/>\n<strong>web:<\/strong> <a href=\"http:\/\/www.opatstvojasov.sk\/\" target=\"_blank\" rel=\"noopener noreferrer\">www.opatstvojasov.sk<\/a><\/p>\n<h3><span style=\"color: #808000;\">Om\u0161e<\/span><\/h3>\n<p><strong>Op\u00e1tsky chr\u00e1m Sv. J\u00e1na Krstite\u013ea<\/strong><br \/>\n<strong>pondelok \u2013 sobota:<\/strong> 7.00 hod.<br \/>\n<strong>nede\u013ea:<\/strong> 9.00 hod.<\/p>\n<h3><span style=\"color: #808000;\">Bl\u00edzke stredisko, turistick\u00e9 centrum, obec alebo mesto:<\/span><\/h3>\n<ul>\n<li><a href=\"http:\/\/www.slovensky-kras.eu\/info\/strediska-a-centra\/obec-jasov\/\">Obec Jasov (\u010d\u00edtaj viac&#8230;)<\/a><\/li>\n<\/ul>\n<h2><span style=\"color: #800000;\">Mapy<\/span><\/h2>\n<p><strong>Vrstvy: <\/strong>Turistick\u00e1 mapa, Automapa, Cyklomapa, Ly\u017eiarska mapa, Satelitn\u00e1 mapa a OpenStreetMap.<\/p>\n<p><strong>Kliknut\u00edm na logo &#8222;Freemap.sk&#8220; sa V\u00e1m mapa zobraz\u00ed na celej ploche obrazovky.<\/strong><\/p>\n<p><iframe style=\"width: 900px; height: 600px; border: 0;\" src=\"https:\/\/www.freemap.sk\/?map=14\/48.682206\/20.967622&amp;info-point=48.682206\/20.967622,Premon\u0161tr\u00e1tsky kl\u00e1\u0161tor v Jasove - Jasovsk\u00fd kl\u00e1\u0161tor&amp;layers=X&amp;embed=search\" allowfullscreen=\"allowfullscreen\"><span data-mce-type=\"bookmark\" style=\"display: inline-block; width: 0px; overflow: hidden; line-height: 0;\" class=\"mce_SELRES_start\">\ufeff<\/span><\/iframe><\/p>\n<h2><span style=\"color: #800000;\">Po\u010dasie<\/span><strong><br \/>\n<\/strong><br \/>\n<iframe style=\"width: 900px; height: 609px;\" src=\"https:\/\/www.meteoblue.com\/sk\/po%C4%8Dasie\/widget\/three\/jasov_slovensk%c3%a1-republika_724574?geoloc=fixed&amp;nocurrent=0&amp;noforecast=0&amp;days=6&amp;tempunit=CELSIUS&amp;windunit=KILOMETER_PER_HOUR&amp;layout=image\" frameborder=\"0\" scrolling=\"NO\" sandbox=\"allow-same-origin allow-scripts allow-popups allow-popups-to-escape-sandbox\"><span data-mce-type=\"bookmark\" style=\"display: inline-block; width: 0px; overflow: hidden; line-height: 0;\" class=\"mce_SELRES_start\">\ufeff<\/span><\/iframe><\/h2>\n<div><!-- DO NOT REMOVE THIS LINK --><a href=\"https:\/\/www.meteoblue.com\/sk\/po%C4%8Dasie\/predpove%C4%8F\/t%C3%BD%C5%BEde%C5%88\/jasov_slovensk%c3%a1-republika_724574?utm_source=weather_widget&amp;utm_medium=linkus&amp;utm_content=three&amp;utm_campaign=Weather%2BWidget\" target=\"_blank\" rel=\"noopener noreferrer\">meteoblue<\/a><\/div>\n<p><strong>Zdroj inform\u00e1ci\u00ed :<\/strong> <a href=\"http:\/\/www.jasov.sk\" target=\"_blank\" rel=\"noopener noreferrer\">www.jasov.sk<\/a><\/p>\n","protected":false},"excerpt":{"rendered":"<p>Menu: Podkateg\u00f3ria: \u010co je Kl\u00e1\u0161torn\u00e1 kni\u017enica v Jasove a ak\u00e1 je jej hist\u00f3ria? Kl\u00e1\u0161torn\u00e1 kni\u017enica v Jasove\u00a0je s\u00fa\u010das\u0165ou komplexu premon\u0161tr\u00e1nskeho kl\u00e1\u0161tora. Jej hist\u00f3ria siaha do obdobia druhovej polovice 13. storo\u010dia, [&hellip;]<\/p>\n","protected":false},"author":1,"featured_media":21763,"parent":15,"menu_order":0,"comment_status":"closed","ping_status":"open","template":"","meta":{"_uag_custom_page_level_css":"","footnotes":""},"class_list":["post-714","page","type-page","status-publish","has-post-thumbnail","hentry"],"featured_image_src":"https:\/\/www.slovensky-kras.eu\/info\/wp-content\/uploads\/2021\/12\/klastor-v-jasove5.jpg","featured_image_src_square":"https:\/\/www.slovensky-kras.eu\/info\/wp-content\/uploads\/2021\/12\/klastor-v-jasove5.jpg","rbea_author_info":{"display_name":"admin","author_link":"https:\/\/www.slovensky-kras.eu\/info\/author\/admin\/"},"rbea_excerpt_info":"Menu: Podkateg\u00f3ria: \u010co je Kl\u00e1\u0161torn\u00e1 kni\u017enica v Jasove a ak\u00e1 je jej hist\u00f3ria? Kl\u00e1\u0161torn\u00e1 kni\u017enica v Jasove\u00a0je s\u00fa\u010das\u0165ou komplexu premon\u0161tr\u00e1nskeho kl\u00e1\u0161tora. Jej hist\u00f3ria siaha do obdobia druhovej polovice 13. storo\u010dia, [&hellip;]","uagb_featured_image_src":{"full":["https:\/\/www.slovensky-kras.eu\/info\/wp-content\/uploads\/2021\/12\/klastor-v-jasove5.jpg",800,600,false],"thumbnail":["https:\/\/www.slovensky-kras.eu\/info\/wp-content\/uploads\/2021\/12\/klastor-v-jasove5-150x150.jpg",150,150,true],"medium":["https:\/\/www.slovensky-kras.eu\/info\/wp-content\/uploads\/2021\/12\/klastor-v-jasove5.jpg",800,600,false],"medium_large":["https:\/\/www.slovensky-kras.eu\/info\/wp-content\/uploads\/2021\/12\/klastor-v-jasove5-768x576.jpg",768,576,true],"large":["https:\/\/www.slovensky-kras.eu\/info\/wp-content\/uploads\/2021\/12\/klastor-v-jasove5.jpg",800,600,false],"1536x1536":["https:\/\/www.slovensky-kras.eu\/info\/wp-content\/uploads\/2021\/12\/klastor-v-jasove5.jpg",800,600,false],"2048x2048":["https:\/\/www.slovensky-kras.eu\/info\/wp-content\/uploads\/2021\/12\/klastor-v-jasove5.jpg",800,600,false]},"uagb_author_info":{"display_name":"admin","author_link":"https:\/\/www.slovensky-kras.eu\/info\/author\/admin\/"},"uagb_comment_info":0,"uagb_excerpt":"Menu: Podkateg\u00f3ria: \u010co je Kl\u00e1\u0161torn\u00e1 kni\u017enica v Jasove a ak\u00e1 je jej hist\u00f3ria? Kl\u00e1\u0161torn\u00e1 kni\u017enica v Jasove\u00a0je s\u00fa\u010das\u0165ou komplexu premon\u0161tr\u00e1nskeho kl\u00e1\u0161tora. Jej hist\u00f3ria siaha do obdobia druhovej polovice 13. storo\u010dia, [&hellip;]","_links":{"self":[{"href":"https:\/\/www.slovensky-kras.eu\/info\/wp-json\/wp\/v2\/pages\/714","targetHints":{"allow":["GET"]}}],"collection":[{"href":"https:\/\/www.slovensky-kras.eu\/info\/wp-json\/wp\/v2\/pages"}],"about":[{"href":"https:\/\/www.slovensky-kras.eu\/info\/wp-json\/wp\/v2\/types\/page"}],"author":[{"embeddable":true,"href":"https:\/\/www.slovensky-kras.eu\/info\/wp-json\/wp\/v2\/users\/1"}],"replies":[{"embeddable":true,"href":"https:\/\/www.slovensky-kras.eu\/info\/wp-json\/wp\/v2\/comments?post=714"}],"version-history":[{"count":7,"href":"https:\/\/www.slovensky-kras.eu\/info\/wp-json\/wp\/v2\/pages\/714\/revisions"}],"predecessor-version":[{"id":28900,"href":"https:\/\/www.slovensky-kras.eu\/info\/wp-json\/wp\/v2\/pages\/714\/revisions\/28900"}],"up":[{"embeddable":true,"href":"https:\/\/www.slovensky-kras.eu\/info\/wp-json\/wp\/v2\/pages\/15"}],"wp:featuredmedia":[{"embeddable":true,"href":"https:\/\/www.slovensky-kras.eu\/info\/wp-json\/wp\/v2\/media\/21763"}],"wp:attachment":[{"href":"https:\/\/www.slovensky-kras.eu\/info\/wp-json\/wp\/v2\/media?parent=714"}],"curies":[{"name":"wp","href":"https:\/\/api.w.org\/{rel}","templated":true}]}}