{"id":6971,"date":"2015-11-15T21:00:12","date_gmt":"2015-11-15T20:00:12","guid":{"rendered":"http:\/\/www.slovensky-kras.eu\/info\/?page_id=6971"},"modified":"2026-04-23T07:32:09","modified_gmt":"2026-04-23T05:32:09","slug":"kastiel-andrassyovcov-v-krasnohorskej-dlhej-luke","status":"publish","type":"page","link":"https:\/\/www.slovensky-kras.eu\/info\/kam-za-pamiatkami\/kastiel-andrassyovcov-v-krasnohorskej-dlhej-luke\/","title":{"rendered":"Ka\u0161tie\u013e v Kr\u00e1snohorskej Dlhej L\u00fake"},"content":{"rendered":"<p><strong>Menu: <\/strong><a href=\"http:\/\/www.slovensky-kras.eu\/info\/\" class=\"su-button su-button-style-default\" style=\"color:#000000;background-color:#FFCF2F;border-color:#cca626;border-radius:5px\" target=\"_self\"><span style=\"color:#000000;padding:6px 16px;font-size:13px;line-height:20px;border-color:#ffde6e;border-radius:5px;text-shadow:none\"><i class=\"sui sui-arrow-right\" style=\"font-size:13px;color:#000000\"><\/i>  \u00davod \/ Aktuality <\/span><\/a>\n<a href=\"http:\/\/www.slovensky-kras.eu\/info\/kam-za-pamiatkami\/\" class=\"su-button su-button-style-default\" style=\"color:#000000;background-color:#FFCF2F;border-color:#cca626;border-radius:5px\" target=\"_self\"><span style=\"color:#000000;padding:6px 16px;font-size:13px;line-height:20px;border-color:#ffde6e;border-radius:5px;text-shadow:none\"><i class=\"sui sui-arrow-right\" style=\"font-size:13px;color:#000000\"><\/i>  Kam za pamiatkami <\/span><\/a>\n<div class=\"su-divider su-divider-style-default\" style=\"margin:15px 0;border-width:0px;border-color:#000000\"><\/div>\n<strong>Podkateg\u00f3ria: <\/strong> <a href=\"http:\/\/www.slovensky-kras.eu\/info\/kam-za-pamiatkami\/kastiele-a-kurie\/\" class=\"su-button su-button-style-default\" style=\"color:#000000;background-color:#afd144;border-color:#8ca837;border-radius:5px\" target=\"_self\"><span style=\"color:#000000;padding:6px 16px;font-size:13px;line-height:20px;border-color:#c7df7d;border-radius:5px;text-shadow:none\"><i class=\"sui sui-arrow-right\" style=\"font-size:13px;color:#000000\"><\/i>  Ka\u0161tiele a k\u00farie <\/span><\/a>\n<div class=\"su-divider su-divider-style-default\" style=\"margin:15px 0;border-width:2px;border-color:#000000\"><\/div>\n<figure id=\"attachment_30316\" aria-describedby=\"caption-attachment-30316\" style=\"width: 900px\" class=\"wp-caption aligncenter\"><a href=\"https:\/\/www.slovensky-kras.eu\/info\/wp-content\/uploads\/2026\/04\/kastiel-krasnohorska-dlha-luka-old-1917.jpeg\"><img loading=\"lazy\" decoding=\"async\" class=\"wp-image-30316\" src=\"https:\/\/www.slovensky-kras.eu\/info\/wp-content\/uploads\/2026\/04\/kastiel-krasnohorska-dlha-luka-old-1917.jpeg\" alt=\"Ka\u0161tie\u013e v Kr\u00e1snohorskej Dlhej L\u00fake\" width=\"900\" height=\"502\" srcset=\"https:\/\/www.slovensky-kras.eu\/info\/wp-content\/uploads\/2026\/04\/kastiel-krasnohorska-dlha-luka-old-1917.jpeg 1376w, https:\/\/www.slovensky-kras.eu\/info\/wp-content\/uploads\/2026\/04\/kastiel-krasnohorska-dlha-luka-old-1917-800x447.jpeg 800w, https:\/\/www.slovensky-kras.eu\/info\/wp-content\/uploads\/2026\/04\/kastiel-krasnohorska-dlha-luka-old-1917-1024x572.jpeg 1024w, https:\/\/www.slovensky-kras.eu\/info\/wp-content\/uploads\/2026\/04\/kastiel-krasnohorska-dlha-luka-old-1917-768x429.jpeg 768w\" sizes=\"auto, (max-width: 900px) 100vw, 900px\" \/><\/a><figcaption id=\"caption-attachment-30316\" class=\"wp-caption-text\">Ka\u0161tie\u013e v Kr\u00e1snohorskej Dlhej L\u00fake v roku 1917<\/figcaption><\/figure>\n<div class=\"su-divider su-divider-style-default\" style=\"margin:15px 0;border-width:2px;border-color:#000000\"><\/div>\n<h2 data-path-to-node=\"1\"><span style=\"color: #800000;\">Od ni\u010div\u00e9ho po\u017eiaru k rodisku legendy<\/span><\/h2>\n<p data-path-to-node=\"2\">Ke\u010f v roku 1817 udrel do hradu <b data-path-to-node=\"2\" data-index-in-node=\"31\">Kr\u00e1sna H\u00f4rka<\/b> blesk, gr\u00f3f <b data-path-to-node=\"2\" data-index-in-node=\"56\">Juraj IV. Andr\u00e1\u0161i<\/b> premenil trag\u00e9diu na nov\u00fd za\u010diatok a vybudoval v podhrad\u00ed honosn\u00e9 <b data-path-to-node=\"2\" data-index-in-node=\"140\">klasicistick\u00e9 s\u00eddlo<\/b>. Pr\u00e1ve v t\u00fdchto m\u00faroch sa narodil sl\u00e1vny mecen\u00e1\u0161 <b data-path-to-node=\"2\" data-index-in-node=\"209\">Dion\u00fdz Andr\u00e1\u0161i<\/b>, ktor\u00e9ho stopu tu dodnes pripom\u00edna pam\u00e4tn\u00e1 tabu\u013ea na fas\u00e1de. Hoci \u010das zmenil tv\u00e1r ka\u0161tie\u013ea, jeho du\u0161a \u017eije \u010falej v\u010faka <b data-path-to-node=\"2\" data-index-in-node=\"343\">Zdru\u017eeniu gemersk\u00fdch remeseln\u00edkov<\/b> a ich \u017eivej trad\u00edcii. Pr\u00ed\u010fte presk\u00fama\u0165 miesto, kde sa <b data-path-to-node=\"2\" data-index-in-node=\"431\">hist\u00f3ria \u0161\u013eachticov<\/b> prel\u00edna s autentick\u00fdm <b data-path-to-node=\"2\" data-index-in-node=\"473\">umen\u00edm Gemera<\/b>.<\/p>\n<h2 dir=\"auto\"><span style=\"color: #800000;\">Ak\u00e1 je hist\u00f3ria vzniku Ka\u0161tie\u013ea v Kr\u00e1snohorskej Dlhej L\u00fake?<\/span><\/h2>\n<p dir=\"auto\"><strong>Ka\u0161tie\u013e v Kr\u00e1snohorskej Dlhej L\u00fake<\/strong> vznikol na mieste star\u0161ieho mal\u00e9ho ka\u0161tie\u013ea, ktor\u00fd pravdepodobne postavili u\u017e za\u010diatkom 18. storo\u010dia. Nov\u00fd klasicistick\u00fd ka\u0161tie\u013e v tvare U dal postavi\u0165 gr\u00f3f <strong>Juraj IV. Andr\u00e1\u0161i<\/strong> (ma\u010f.\u00a0Count Gy\u00f6rgy Andr\u00e1ssy de Cs\u00edkszentkir\u00e1ly et Krasznahorka *1797 \u2013 \u20201872) z mlad\u0161ej dlhol\u00fackej vetvy sl\u00e1vneho rodu Andr\u00e1\u0161iovcov.<\/p>\n<h2 dir=\"auto\"><span style=\"color: #800000;\">Pre\u010do sa gr\u00f3f Juraj IV. Andr\u00e1\u0161i pres\u0165ahoval z hradu Kr\u00e1sna H\u00f4rka pr\u00e1ve sem?<\/span><\/h2>\n<p dir=\"auto\">Pres\u0165ahovanie s\u00faviselo s trag\u00e9diou \u2013 v roku 1817 hrad Kr\u00e1sna H\u00f4rka zasiahol blesk a n\u00e1sledne vyhorel. Gr\u00f3f <strong>Juraj IV. Andr\u00e1\u0161i<\/strong> sa tak rozhodol vytvori\u0165 nov\u00e9 rodinn\u00e9 s\u00eddlo v podhrad\u00ed a star\u00fd mal\u00fd ka\u0161tie\u013e v\u00fdrazne roz\u0161\u00edril, najm\u00e4 pred\u013a\u017een\u00edm ju\u017en\u00e9ho kr\u00eddla.<\/p>\n<h2 dir=\"auto\"><span style=\"color: #800000;\">Kde sa narodil sl\u00e1vny gr\u00f3f Dion\u00fdz Andr\u00e1\u0161i?<\/span><\/h2>\n<p dir=\"auto\">Pr\u00e1ve v tomto ka\u0161tieli sa 18. novembra 1835 gr\u00f3fovi <strong>Jurajovi IV. Andr\u00e1\u0161imu<\/strong> a jeho man\u017eelke <strong>Franziske zu K\u00f6nigsegg-Aulendorf<\/strong> (*1814 \u2013 \u20201871) narodil prvoroden\u00fd syn \u2013 gr\u00f3f <strong>Dion\u00fdz Andr\u00e1\u0161i<\/strong> (ma\u010f. D\u00e9nes Istv\u00e1n Gy\u00f6rgy Klement Andr\u00e1ssy, *1835 \u2013 \u20201913). Na zmenenej fas\u00e1de ka\u0161tie\u013ea (dnes stena \u0161koly) je umiestnen\u00e1 pam\u00e4tn\u00e1 mramorov\u00e1 tabu\u013ea, ktor\u00e1 oznamuje, \u017ee 18. novembra 1835 sa v tomto b\u00fdvalom ka\u0161tieli narodil gr\u00f3f <strong>Dion\u00fdz Andr\u00e1\u0161i<\/strong>.<\/p>\n<h2 dir=\"auto\"><span style=\"color: #800000;\">\u010co sa dialo s ka\u0161tie\u013eom po smrti Juraja IV. Andr\u00e1\u0161iho?<\/span><\/h2>\n<p dir=\"auto\">Po smrti gr\u00f3fa <strong>Juraja IV. Andr\u00e1\u0161iho<\/strong> v roku 1872 ka\u0161tie\u013e u\u017e nebol trvalo ob\u00fdvan\u00fd \u0161\u013eachtickou rodinou. Origin\u00e1lne zariadenie ostalo na mieste a\u017e do za\u010diatku 20. storo\u010dia, ke\u010f bolo n\u00e1bytok pres\u0165ahovan\u00fd do spr\u00e1vcovsk\u00e9ho domu v Kr\u00e1snej H\u00f4rke. Po smrti <strong>Dion\u00fdza Andr\u00e1\u0161iho<\/strong> v roku 1913 previezli v\u0161etko cenn\u00e9 vybavenie priamo na hrad Kr\u00e1sna H\u00f4rka.<\/p>\n<h2 dir=\"auto\"><span style=\"color: #800000;\">Ako sa zmenil vzh\u013ead a vyu\u017eitie ka\u0161tie\u013ea v 20. storo\u010d\u00ed?<\/span><\/h2>\n<p dir=\"auto\">Bohu\u017eia\u013e, po roku 1913 pre\u0161iel <strong>Ka\u0161tie\u013e v Kr\u00e1snohorskej Dlhej L\u00fake<\/strong> viacer\u00fdmi nevhodn\u00fdmi prestavbami, ktor\u00e9 ho \u00faplne zmenili na nepoznanie. P\u00f4vodne ucelen\u00fd \u0161\u013eachtick\u00fd objekt bol rozdelen\u00fd \u2013 ju\u017en\u00e9 kr\u00eddlo sa u\u017e v roku 1913 stalo obecnou \u0161kolou vr\u00e1tane u\u010dite\u013eskej kancel\u00e1rie. Dnes v are\u00e1li b\u00fdval\u00e9ho ka\u0161tie\u013ea n\u00e1jdete z\u00e1kladn\u00fa \u0161kolu, matersk\u00fa \u0161k\u00f4lku a s\u00eddlo <strong>Zdru\u017eenia gemersk\u00fdch remeseln\u00edkov<\/strong>.<\/p>\n<h2 dir=\"auto\"><span style=\"color: #800000;\">\u010co tu dnes rob\u00ed Zdru\u017eenie gemersk\u00fdch remeseln\u00edkov?<\/span><\/h2>\n<p dir=\"auto\">Pr\u00e1ve v priestoroch p\u00f4vodn\u00e9ho <strong>Ka\u0161tie\u013ea v Kr\u00e1snohorskej Dlhej L\u00fake<\/strong> s\u00eddli Zdru\u017eenie gemersk\u00fdch remeseln\u00edkov a jeho srdcom je autentick\u00fd <strong>Remeseln\u00edcky dom<\/strong>. Tu zdru\u017eenie organizuje workshopy, v\u00fdstavy a podujatia, ktor\u00e9 o\u017eivuj\u00fa tradi\u010dn\u00e9 gemersk\u00e9 remesl\u00e1 \u2013 kov\u00e1\u010dstvo, hrn\u010diarstvo, tk\u00e1\u010dstvo \u010di vyrez\u00e1vanie. N\u00e1v\u0161tevn\u00edci si m\u00f4\u017eu remesl\u00e1 vysk\u00fa\u0161a\u0165 priamo na mieste a odnies\u0165 si origin\u00e1lne suven\u00edry.<\/p>\n<ul>\n<li><a href=\"https:\/\/www.slovensky-kras.eu\/info\/zaujimavosti\/remeselnicky-dom-v-krasnohorskej-dlhej-luke\/\" target=\"_blank\" rel=\"noopener\">Remeseln\u00edcky dom v Kr\u00e1snohorskej Dlhej L\u00fake (\u010d\u00edtaj viac&#8230;)<\/a><\/li>\n<\/ul>\n<h2 dir=\"auto\"><span style=\"color: #800000;\">Je obnoven\u00e1 pivnica v Dlhej L\u00fake tajn\u00fdm pokladom rodu Andr\u00e1ssyovcov?<\/span><\/h2>\n<p dir=\"auto\"><strong>Andr\u00e1ssyho pivnica<\/strong> v Kr\u00e1snohorskej Dlhej L\u00fake je citlivo obnoven\u00e1 historick\u00e1 pivnica, ktor\u00e1 dnes sl\u00fa\u017ei ako \u017eiv\u00e9 komunitn\u00e9 centrum a uchov\u00e1va pamiatku na v\u00fdznamn\u00fa \u0161\u013eachtick\u00fa rodinu <strong>Andr\u00e1\u0161iovcov<\/strong> (Andr\u00e1ssyovcov). Je \u00fazko sp\u00e4t\u00e1 s gr\u00f3fom <strong>Dion\u00fdzom Andr\u00e1\u0161im<\/strong> (Dion\u00fdzom Andr\u00e1ssym) a pon\u00faka priestor pre komunitn\u00e9 aktivity, spomienkov\u00e9 podujatia venovan\u00e9 rodu <strong>Andr\u00e1\u0161iovcov<\/strong> (Andr\u00e1ssyovcov), ako aj r\u00f4zne kult\u00farne a spolo\u010densk\u00e9 akcie v regi\u00f3ne. Jej obnova predstavuje v\u00fdznamn\u00fa s\u00fa\u010das\u0165 \u00fasilia o z\u00e1chranu miestnej hist\u00f3rie a trad\u00edci\u00ed.<\/p>\n<h2 dir=\"auto\"><span style=\"color: #800000;\">Stoj\u00ed Ka\u0161tie\u013e v Kr\u00e1snohorskej Dlhej L\u00fake za n\u00e1v\u0161tevu aj dnes?<\/span><\/h2>\n<p dir=\"auto\">Ur\u010dite \u00e1no! Aj ke\u010f <strong>Ka\u0161tie\u013e v Kr\u00e1snohorskej Dlhej L\u00fake<\/strong> stratil \u010das\u0165 svojej p\u00f4vodnej podoby, st\u00e1le je d\u00f4le\u017eitou pamiatkou rodu Andr\u00e1\u0161iovcov a neoddelite\u013enou s\u00fa\u010das\u0165ou pr\u00edbehu hradu Kr\u00e1sna H\u00f4rka. Prech\u00e1dzka po are\u00e1li s pam\u00e4tnou tabu\u013eou o naroden\u00ed Dion\u00fdza Andr\u00e1\u0161iho v\u00e1m umo\u017en\u00ed dotkn\u00fa\u0165 sa \u017eivej hist\u00f3rie Gemera a spozna\u0165 menej zn\u00e1mu kapitolu sl\u00e1vnej rodiny.<\/p>\n<h2 data-path-to-node=\"1\"><span style=\"color: #800000;\">Sta\u0148te sa s\u00fa\u010das\u0165ou pr\u00edbehu, ktor\u00fd nekon\u010d\u00ed<\/span><\/h2>\n<p data-path-to-node=\"2\"><em><b data-path-to-node=\"2\" data-index-in-node=\"0\">Ka\u0161tie\u013e v Kr\u00e1snohorskej Dlhej L\u00fake<\/b> nie je len tich\u00fdm svedkom minulosti, ale miestom, kde pod va\u0161imi rukami o\u017e\u00edvaj\u00fa <b data-path-to-node=\"2\" data-index-in-node=\"115\">tradi\u010dn\u00e9 remesl\u00e1<\/b>. Objavte tajomstv\u00e1 <b data-path-to-node=\"2\" data-index-in-node=\"151\">Andr\u00e1ssyho pivnice<\/b> a prejdite sa are\u00e1lom, ktor\u00fd formoval dejiny jedn\u00e9ho z najmocnej\u0161\u00edch rodov <b data-path-to-node=\"2\" data-index-in-node=\"245\">Gemera<\/b>. Ne\u010dakajte na historick\u00e9 knihy a pr\u00ed\u010fte za\u017ei\u0165 atmosf\u00e9ru <b data-path-to-node=\"2\" data-index-in-node=\"308\">rodiska gr\u00f3fa Dion\u00fdza<\/b> na vlastnej ko\u017ei. Va\u0161a cesta za poznan\u00edm <b data-path-to-node=\"2\" data-index-in-node=\"371\">slovensk\u00e9ho dedi\u010dstva<\/b> za\u010d\u00edna pr\u00e1ve tu!<\/em><\/p>\n<h2><span style=\"color: #800000;\">Fotogal\u00e9ria<\/span><\/h2>\n<style type=\"text\/css\">\n#foogallery-gallery-28760 .fg-image { width: 200px; }<\/style>\n\t\t\t<div class=\"foogallery foogallery-container foogallery-carousel foogallery-lightbox-foogallery fg-carousel fg-ready fg-light fg-border-medium fg-round-small fg-shadow-medium fg-loading-default fg-loaded-fade-in fg-hover-semi-zoomed fg-hover-fade fg-hover-circle-plus2\" id=\"foogallery-gallery-28760\" data-foogallery=\"{&quot;panel&quot;:{&quot;buttons&quot;:{&quot;download&quot;:false}},&quot;item&quot;:{&quot;showCaptionTitle&quot;:true,&quot;showCaptionDescription&quot;:true},&quot;lazy&quot;:true,&quot;template&quot;:{&quot;maxItems&quot;:5,&quot;scale&quot;:0.11999999999999999555910790149937383830547332763671875,&quot;gutter&quot;:{&quot;min&quot;:-40,&quot;max&quot;:-20,&quot;unit&quot;:&quot;%&quot;},&quot;autoplay&quot;:{&quot;time&quot;:0,&quot;interaction&quot;:&quot;pause&quot;},&quot;centerOnClick&quot;:true,&quot;align&quot;:&quot;center&quot;,&quot;activePosition&quot;:&quot;center&quot;}}\" data-foogallery-lightbox=\"{&quot;thumbs&quot;:&quot;bottom&quot;,&quot;thumbsCaptions&quot;:false,&quot;thumbsBestFit&quot;:false,&quot;thumbsSmall&quot;:false,&quot;thumbsCaptionsAlign&quot;:&quot;default&quot;,&quot;info&quot;:&quot;bottom&quot;,&quot;infoVisible&quot;:true,&quot;infoOverlay&quot;:true,&quot;infoAlign&quot;:&quot;default&quot;,&quot;transition&quot;:&quot;fade&quot;,&quot;hoverButtons&quot;:false,&quot;fitMedia&quot;:false,&quot;noScrollbars&quot;:true,&quot;preserveButtonSpace&quot;:true,&quot;buttons&quot;:{&quot;fullscreen&quot;:true,&quot;info&quot;:true,&quot;thumbs&quot;:false,&quot;download&quot;:false},&quot;video&quot;:{&quot;autoPlay&quot;:true}}\" style=\"--fg-title-line-clamp: 0; --fg-description-line-clamp: 0;\" >\n\t<button type=\"button\" class=\"fg-carousel-prev\" title=\"Previous\"><\/button>\n\t<div class=\"fg-carousel-inner\">\n\t\t<div class=\"fg-carousel-center\"><\/div>\n\t\t<div class=\"fg-item fg-type-image fg-idle\"><figure class=\"fg-item-inner\"><a href=\"https:\/\/www.slovensky-kras.eu\/info\/wp-content\/uploads\/2021\/12\/kastiel-krasnohorska-dlha-luka1.jpg\" data-caption-title=\"Ka\u0161tie\u013e v Kr\u00e1snohorskej Dlhej L\u00fake\" data-caption-desc=\"Ka\u0161tie\u013e v Kr\u00e1snohorskej Dlhej L\u00fake\" data-attachment-id=\"21752\" data-type=\"image\" class=\"fg-thumb\"><span class=\"fg-image-wrap\"><img decoding=\"async\" title=\"Ka\u0161tie\u013e v Kr\u00e1snohorskej Dlhej L\u00fake\" width=\"200\" height=\"200\" class=\"skip-lazy fg-image\" data-src-fg=\"https:\/\/www.slovensky-kras.eu\/info\/wp-content\/uploads\/cache\/2021\/12\/kastiel-krasnohorska-dlha-luka1\/1914316287.jpg\" src=\"data:image\/svg+xml,%3Csvg%20xmlns%3D%22http%3A%2F%2Fwww.w3.org%2F2000%2Fsvg%22%20width%3D%22200%22%20height%3D%22200%22%20viewBox%3D%220%200%20200%20200%22%3E%3C%2Fsvg%3E\" loading=\"eager\"><\/span><span class=\"fg-image-overlay\"><\/span><\/a><figcaption class=\"fg-caption\"><div class=\"fg-caption-inner\"><div class=\"fg-caption-title\">Ka\u0161tie\u013e v Kr\u00e1snohorskej Dlhej L\u00fake<\/div><div class=\"fg-caption-desc\">Ka\u0161tie\u013e v Kr\u00e1snohorskej Dlhej L\u00fake<\/div><\/div><\/figcaption><\/figure><div class=\"fg-loader\"><\/div><\/div><div class=\"fg-item fg-type-image fg-idle\"><figure class=\"fg-item-inner\"><a href=\"https:\/\/www.slovensky-kras.eu\/info\/wp-content\/uploads\/2021\/12\/kastiel-krasnohorska-dlha-luka2.jpg\" data-caption-title=\"Ka\u0161tie\u013e v Kr\u00e1snohorskej Dlhej L\u00fake\" data-caption-desc=\"Ka\u0161tie\u013e v Kr\u00e1snohorskej Dlhej L\u00fake\" data-attachment-id=\"21753\" data-type=\"image\" class=\"fg-thumb\"><span class=\"fg-image-wrap\"><img decoding=\"async\" alt=\"Ka\u0161tie\u013e v Kr\u00e1snohorskej Dlhej L\u00fake\" title=\"Ka\u0161tie\u013e v Kr\u00e1snohorskej Dlhej L\u00fake\" width=\"200\" height=\"200\" class=\"skip-lazy fg-image\" data-src-fg=\"https:\/\/www.slovensky-kras.eu\/info\/wp-content\/uploads\/cache\/2021\/12\/kastiel-krasnohorska-dlha-luka2\/1279311368.jpg\" src=\"data:image\/svg+xml,%3Csvg%20xmlns%3D%22http%3A%2F%2Fwww.w3.org%2F2000%2Fsvg%22%20width%3D%22200%22%20height%3D%22200%22%20viewBox%3D%220%200%20200%20200%22%3E%3C%2Fsvg%3E\" loading=\"eager\"><\/span><span class=\"fg-image-overlay\"><\/span><\/a><figcaption class=\"fg-caption\"><div class=\"fg-caption-inner\"><div class=\"fg-caption-title\">Ka\u0161tie\u013e v Kr\u00e1snohorskej Dlhej L\u00fake<\/div><div class=\"fg-caption-desc\">Ka\u0161tie\u013e v Kr\u00e1snohorskej Dlhej L\u00fake<\/div><\/div><\/figcaption><\/figure><div class=\"fg-loader\"><\/div><\/div><div class=\"fg-item fg-type-image fg-idle\"><figure class=\"fg-item-inner\"><a href=\"https:\/\/www.slovensky-kras.eu\/info\/wp-content\/uploads\/2021\/01\/krasnohorska-dlha-luka1-1.jpg\" data-caption-title=\"Ka\u0161tie\u013e v Kr\u00e1snohorskej Dlhej L\u00fake\" data-caption-desc=\"Ka\u0161tie\u013e Andr\u00e1ssyovcov za\u010diatok 20.storo\u010dia\" data-attachment-id=\"19568\" data-type=\"image\" class=\"fg-thumb\"><span class=\"fg-image-wrap\"><img decoding=\"async\" title=\"Ka\u0161tie\u013e v Kr\u00e1snohorskej Dlhej L\u00fake\" width=\"200\" height=\"200\" class=\"skip-lazy fg-image\" data-src-fg=\"https:\/\/www.slovensky-kras.eu\/info\/wp-content\/uploads\/cache\/2021\/01\/krasnohorska-dlha-luka1-1\/3777294544.jpg\" src=\"data:image\/svg+xml,%3Csvg%20xmlns%3D%22http%3A%2F%2Fwww.w3.org%2F2000%2Fsvg%22%20width%3D%22200%22%20height%3D%22200%22%20viewBox%3D%220%200%20200%20200%22%3E%3C%2Fsvg%3E\" loading=\"eager\"><\/span><span class=\"fg-image-overlay\"><\/span><\/a><figcaption class=\"fg-caption\"><div class=\"fg-caption-inner\"><div class=\"fg-caption-title\">Ka\u0161tie\u013e v Kr\u00e1snohorskej Dlhej L\u00fake<\/div><div class=\"fg-caption-desc\">Ka\u0161tie\u013e Andr\u00e1ssyovcov za\u010diatok 20.storo\u010dia<\/div><\/div><\/figcaption><\/figure><div class=\"fg-loader\"><\/div><\/div><div class=\"fg-item fg-type-image fg-idle\"><figure class=\"fg-item-inner\"><a href=\"https:\/\/www.slovensky-kras.eu\/info\/wp-content\/uploads\/2021\/01\/remesel111.jpg\" data-caption-title=\"Ka\u0161tie\u013e v Kr\u00e1snohorskej Dlhej L\u00fake\" data-caption-desc=\"Remeseln\u00edcky dom\" data-attachment-id=\"19671\" data-type=\"image\" class=\"fg-thumb\"><span class=\"fg-image-wrap\"><img decoding=\"async\" alt=\"Remeseln\u00edcky dom v Kr\u00e1snohorskej Dlhej L\u00fake\" title=\"Ka\u0161tie\u013e v Kr\u00e1snohorskej Dlhej L\u00fake\" width=\"200\" height=\"200\" class=\"skip-lazy fg-image\" data-src-fg=\"https:\/\/www.slovensky-kras.eu\/info\/wp-content\/uploads\/cache\/2021\/01\/remesel111\/1096486984.jpg\" src=\"data:image\/svg+xml,%3Csvg%20xmlns%3D%22http%3A%2F%2Fwww.w3.org%2F2000%2Fsvg%22%20width%3D%22200%22%20height%3D%22200%22%20viewBox%3D%220%200%20200%20200%22%3E%3C%2Fsvg%3E\" loading=\"eager\"><\/span><span class=\"fg-image-overlay\"><\/span><\/a><figcaption class=\"fg-caption\"><div class=\"fg-caption-inner\"><div class=\"fg-caption-title\">Ka\u0161tie\u013e v Kr\u00e1snohorskej Dlhej L\u00fake<\/div><div class=\"fg-caption-desc\">Remeseln\u00edcky dom<\/div><\/div><\/figcaption><\/figure><div class=\"fg-loader\"><\/div><\/div><div class=\"fg-item fg-type-image fg-idle\"><figure class=\"fg-item-inner\"><a href=\"https:\/\/www.slovensky-kras.eu\/info\/wp-content\/uploads\/2025\/11\/kastiel-andrasiovcov-krasnohorska-dlha-luka-old-1.jpeg\" data-caption-title=\"Ka\u0161tie\u013e v Kr\u00e1snohorskej Dlhej L\u00fake\" data-caption-desc=\"Ka\u0161tie\u013e v Kr\u00e1snohorskej Dlhej L\u00fake - historick\u00fd poh\u013ead\" data-attachment-id=\"28965\" data-type=\"image\" class=\"fg-thumb\"><span class=\"fg-image-wrap\"><img decoding=\"async\" alt=\"Ka\u0161tie\u013e v Kr\u00e1snohorskej Dlhej L\u00fake\" title=\"Ka\u0161tie\u013e v Kr\u00e1snohorskej Dlhej L\u00fake\" width=\"200\" height=\"200\" class=\"skip-lazy fg-image\" data-src-fg=\"https:\/\/www.slovensky-kras.eu\/info\/wp-content\/uploads\/cache\/2025\/11\/kastiel-andrasiovcov-krasnohorska-dlha-luka-old-1\/2870241008.jpeg\" src=\"data:image\/svg+xml,%3Csvg%20xmlns%3D%22http%3A%2F%2Fwww.w3.org%2F2000%2Fsvg%22%20width%3D%22200%22%20height%3D%22200%22%20viewBox%3D%220%200%20200%20200%22%3E%3C%2Fsvg%3E\" loading=\"eager\"><\/span><span class=\"fg-image-overlay\"><\/span><\/a><figcaption class=\"fg-caption\"><div class=\"fg-caption-inner\"><div class=\"fg-caption-title\">Ka\u0161tie\u013e v Kr\u00e1snohorskej Dlhej L\u00fake<\/div><div class=\"fg-caption-desc\">Ka\u0161tie\u013e v Kr\u00e1snohorskej Dlhej L\u00fake - historick\u00fd poh\u013ead<\/div><\/div><\/figcaption><\/figure><div class=\"fg-loader\"><\/div><\/div><div class=\"fg-item fg-type-image fg-idle\"><figure class=\"fg-item-inner\"><a href=\"https:\/\/www.slovensky-kras.eu\/info\/wp-content\/uploads\/2025\/11\/grof-dionyz-andrassy.jpeg\" data-caption-title=\"GR\u00d3F DION\u00ddZ ANDR\u00c1SSY\" data-caption-desc=\"D\u0148a 18. novembra 1835 sa v ka\u0161tieli Andr\u00e1ssyovcov v Kr\u00e1snohorskej Dlhej L\u00fake narodil gr\u00f3f Dion\u00fdz Andr\u00e1ssy\" data-attachment-id=\"28966\" data-type=\"image\" class=\"fg-thumb\"><span class=\"fg-image-wrap\"><img decoding=\"async\" alt=\"GR\u00d3F DION\u00ddZ ANDR\u00c1SSY\" title=\"GR\u00d3F DION\u00ddZ ANDR\u00c1SSY\" width=\"200\" height=\"200\" class=\"skip-lazy fg-image\" data-src-fg=\"https:\/\/www.slovensky-kras.eu\/info\/wp-content\/uploads\/cache\/2025\/11\/grof-dionyz-andrassy\/1235572821.jpeg\" src=\"data:image\/svg+xml,%3Csvg%20xmlns%3D%22http%3A%2F%2Fwww.w3.org%2F2000%2Fsvg%22%20width%3D%22200%22%20height%3D%22200%22%20viewBox%3D%220%200%20200%20200%22%3E%3C%2Fsvg%3E\" loading=\"eager\"><\/span><span class=\"fg-image-overlay\"><\/span><\/a><figcaption class=\"fg-caption\"><div class=\"fg-caption-inner\"><div class=\"fg-caption-title\">GR\u00d3F DION\u00ddZ ANDR\u00c1SSY<\/div><div class=\"fg-caption-desc\">D\u0148a 18. novembra 1835 sa v ka\u0161tieli Andr\u00e1ssyovcov v Kr\u00e1snohorskej Dlhej L\u00fake narodil gr\u00f3f Dion\u00fdz Andr\u00e1ssy<\/div><\/div><\/figcaption><\/figure><div class=\"fg-loader\"><\/div><\/div><div class=\"fg-item fg-type-image fg-idle\"><figure class=\"fg-item-inner\"><a href=\"https:\/\/www.slovensky-kras.eu\/info\/wp-content\/uploads\/2025\/11\/Juraj-IV-andrassy.jpeg\" data-caption-title=\"Juraj IV. Andr\u00e1\u0161i\" data-caption-desc=\"Juraj IV. Andr\u00e1\u0161i (ma\u010f.\u00a0Count Gy\u00f6rgy Andr\u00e1ssy de Cs\u00edkszentkir\u00e1ly et Krasznahorka *1797 \u2013 \u20201872) z mlad\u0161ej dlhol\u00fackej vetvy sl\u00e1vneho rodu Andr\u00e1\u0161iovcov\" data-attachment-id=\"28968\" data-type=\"image\" class=\"fg-thumb\"><span class=\"fg-image-wrap\"><img decoding=\"async\" alt=\"Juraj IV. Andr\u00e1\u0161i\" title=\"Juraj IV. Andr\u00e1\u0161i\" width=\"200\" height=\"200\" class=\"skip-lazy fg-image\" data-src-fg=\"https:\/\/www.slovensky-kras.eu\/info\/wp-content\/uploads\/cache\/2025\/11\/Juraj-IV-andrassy\/1377937773.jpeg\" src=\"data:image\/svg+xml,%3Csvg%20xmlns%3D%22http%3A%2F%2Fwww.w3.org%2F2000%2Fsvg%22%20width%3D%22200%22%20height%3D%22200%22%20viewBox%3D%220%200%20200%20200%22%3E%3C%2Fsvg%3E\" loading=\"eager\"><\/span><span class=\"fg-image-overlay\"><\/span><\/a><figcaption class=\"fg-caption\"><div class=\"fg-caption-inner\"><div class=\"fg-caption-title\">Juraj IV. Andr\u00e1\u0161i<\/div><div class=\"fg-caption-desc\">Juraj IV. Andr\u00e1\u0161i (ma\u010f.\u00a0Count Gy\u00f6rgy Andr\u00e1ssy de Cs\u00edkszentkir\u00e1ly et Krasznahorka *1797 \u2013 \u20201872) z mlad\u0161ej dlhol\u00fackej vetvy sl\u00e1vneho rodu Andr\u00e1\u0161iovcov<\/div><\/div><\/figcaption><\/figure><div class=\"fg-loader\"><\/div><\/div><div class=\"fg-item fg-type-image fg-idle\"><figure class=\"fg-item-inner\"><a href=\"https:\/\/www.slovensky-kras.eu\/info\/wp-content\/uploads\/2025\/11\/pivnica-andrassy-krasnohorska-dlha-luka1.jpg\" data-caption-title=\"Andr\u00e1ssyho pivnica v Kr\u00e1snohorskej Dlhej L\u00fake\" data-caption-desc=\"Andr\u00e1ssyho pivnica v Kr\u00e1snohorskej Dlhej L\u00fake, Zdroj foto: Zdru\u017eenie gemersk\u00fdch remeseln\u00edkov\" data-attachment-id=\"28970\" data-type=\"image\" class=\"fg-thumb\"><span class=\"fg-image-wrap\"><img decoding=\"async\" alt=\"Andr\u00e1ssyho pivnica v Kr\u00e1snohorskej Dlhej L\u00fake\" title=\"Andr\u00e1ssyho pivnica v Kr\u00e1snohorskej Dlhej L\u00fake\" width=\"200\" height=\"200\" class=\"skip-lazy fg-image\" data-src-fg=\"https:\/\/www.slovensky-kras.eu\/info\/wp-content\/uploads\/cache\/2025\/11\/pivnica-andrassy-krasnohorska-dlha-luka1\/1330635596.jpg\" src=\"data:image\/svg+xml,%3Csvg%20xmlns%3D%22http%3A%2F%2Fwww.w3.org%2F2000%2Fsvg%22%20width%3D%22200%22%20height%3D%22200%22%20viewBox%3D%220%200%20200%20200%22%3E%3C%2Fsvg%3E\" loading=\"eager\"><\/span><span class=\"fg-image-overlay\"><\/span><\/a><figcaption class=\"fg-caption\"><div class=\"fg-caption-inner\"><div class=\"fg-caption-title\">Andr\u00e1ssyho pivnica v Kr\u00e1snohorskej Dlhej L\u00fake<\/div><div class=\"fg-caption-desc\">Andr\u00e1ssyho pivnica v Kr\u00e1snohorskej Dlhej L\u00fake, Zdroj foto: Zdru\u017eenie gemersk\u00fdch remeseln\u00edkov<\/div><\/div><\/figcaption><\/figure><div class=\"fg-loader\"><\/div><\/div><div class=\"fg-item fg-type-image fg-idle\"><figure class=\"fg-item-inner\"><a href=\"https:\/\/www.slovensky-kras.eu\/info\/wp-content\/uploads\/2025\/11\/pivnica-andrassy-krasnohorska-dlha-luka2.jpg\" data-caption-title=\"Andr\u00e1ssyho pivnica v Kr\u00e1snohorskej Dlhej L\u00fake\" data-caption-desc=\"Andr\u00e1ssyho pivnica v Kr\u00e1snohorskej Dlhej L\u00fake, Zdroj foto: Zdru\u017eenie gemersk\u00fdch remeseln\u00edkov\" data-attachment-id=\"28971\" data-type=\"image\" class=\"fg-thumb\"><span class=\"fg-image-wrap\"><img decoding=\"async\" title=\"Andr\u00e1ssyho pivnica v Kr\u00e1snohorskej Dlhej L\u00fake\" width=\"200\" height=\"200\" class=\"skip-lazy fg-image\" data-src-fg=\"https:\/\/www.slovensky-kras.eu\/info\/wp-content\/uploads\/cache\/2025\/11\/pivnica-andrassy-krasnohorska-dlha-luka2\/748418147.jpg\" src=\"data:image\/svg+xml,%3Csvg%20xmlns%3D%22http%3A%2F%2Fwww.w3.org%2F2000%2Fsvg%22%20width%3D%22200%22%20height%3D%22200%22%20viewBox%3D%220%200%20200%20200%22%3E%3C%2Fsvg%3E\" loading=\"eager\"><\/span><span class=\"fg-image-overlay\"><\/span><\/a><figcaption class=\"fg-caption\"><div class=\"fg-caption-inner\"><div class=\"fg-caption-title\">Andr\u00e1ssyho pivnica v Kr\u00e1snohorskej Dlhej L\u00fake<\/div><div class=\"fg-caption-desc\">Andr\u00e1ssyho pivnica v Kr\u00e1snohorskej Dlhej L\u00fake, Zdroj foto: Zdru\u017eenie gemersk\u00fdch remeseln\u00edkov<\/div><\/div><\/figcaption><\/figure><div class=\"fg-loader\"><\/div><\/div><div class=\"fg-item fg-type-image fg-idle\"><figure class=\"fg-item-inner\"><a href=\"https:\/\/www.slovensky-kras.eu\/info\/wp-content\/uploads\/2025\/11\/pivnica-andrassy-krasnohorska-dlha-luka3.jpg\" data-caption-title=\"Andr\u00e1ssyho pivnica v Kr\u00e1snohorskej Dlhej L\u00fake\" data-caption-desc=\"Andr\u00e1ssyho pivnica v Kr\u00e1snohorskej Dlhej L\u00fake, Zdroj foto: Zdru\u017eenie gemersk\u00fdch remeseln\u00edkov\" data-attachment-id=\"28972\" data-type=\"image\" class=\"fg-thumb\"><span class=\"fg-image-wrap\"><img decoding=\"async\" title=\"Andr\u00e1ssyho pivnica v Kr\u00e1snohorskej Dlhej L\u00fake\" width=\"200\" height=\"200\" class=\"skip-lazy fg-image\" data-src-fg=\"https:\/\/www.slovensky-kras.eu\/info\/wp-content\/uploads\/cache\/2025\/11\/pivnica-andrassy-krasnohorska-dlha-luka3\/212714472.jpg\" src=\"data:image\/svg+xml,%3Csvg%20xmlns%3D%22http%3A%2F%2Fwww.w3.org%2F2000%2Fsvg%22%20width%3D%22200%22%20height%3D%22200%22%20viewBox%3D%220%200%20200%20200%22%3E%3C%2Fsvg%3E\" loading=\"eager\"><\/span><span class=\"fg-image-overlay\"><\/span><\/a><figcaption class=\"fg-caption\"><div class=\"fg-caption-inner\"><div class=\"fg-caption-title\">Andr\u00e1ssyho pivnica v Kr\u00e1snohorskej Dlhej L\u00fake<\/div><div class=\"fg-caption-desc\">Andr\u00e1ssyho pivnica v Kr\u00e1snohorskej Dlhej L\u00fake, Zdroj foto: Zdru\u017eenie gemersk\u00fdch remeseln\u00edkov<\/div><\/div><\/figcaption><\/figure><div class=\"fg-loader\"><\/div><\/div><div class=\"fg-item fg-type-image fg-idle\"><figure class=\"fg-item-inner\"><a href=\"https:\/\/www.slovensky-kras.eu\/info\/wp-content\/uploads\/2026\/04\/kastiel-krasnohorska-dlha-luka-old-1917.jpeg\" data-caption-title=\"Ka\u0161tie\u013e v Kr\u00e1snohorskej Dlhej L\u00fake v roku 1917\" data-caption-desc=\"Ka\u0161tie\u013e v Kr\u00e1snohorskej Dlhej L\u00fake v roku 1917\" data-attachment-id=\"30316\" data-type=\"image\" class=\"fg-thumb\"><span class=\"fg-image-wrap\"><img decoding=\"async\" alt=\"Ka\u0161tie\u013e v Kr\u00e1snohorskej Dlhej L\u00fake\" title=\"Ka\u0161tie\u013e v Kr\u00e1snohorskej Dlhej L\u00fake v roku 1917\" width=\"200\" height=\"200\" class=\"skip-lazy fg-image\" data-src-fg=\"https:\/\/www.slovensky-kras.eu\/info\/wp-content\/uploads\/cache\/2026\/04\/kastiel-krasnohorska-dlha-luka-old-1917\/1082572586.jpeg\" src=\"data:image\/svg+xml,%3Csvg%20xmlns%3D%22http%3A%2F%2Fwww.w3.org%2F2000%2Fsvg%22%20width%3D%22200%22%20height%3D%22200%22%20viewBox%3D%220%200%20200%20200%22%3E%3C%2Fsvg%3E\" loading=\"eager\"><\/span><span class=\"fg-image-overlay\"><\/span><\/a><figcaption class=\"fg-caption\"><div class=\"fg-caption-inner\"><div class=\"fg-caption-title\">Ka\u0161tie\u013e v Kr\u00e1snohorskej Dlhej L\u00fake v roku 1917<\/div><div class=\"fg-caption-desc\">Ka\u0161tie\u013e v Kr\u00e1snohorskej Dlhej L\u00fake v roku 1917<\/div><\/div><\/figcaption><\/figure><div class=\"fg-loader\"><\/div><\/div>\t<\/div>\n\t<div class=\"fg-carousel-bottom\"><\/div>\n\t<div class=\"fg-carousel-progress\"><\/div>\n\t<button type=\"button\" class=\"fg-carousel-next\" title=\"Next\"><\/button>\n<\/div>\n<h2 data-path-to-node=\"2\"><span style=\"color: #800000;\">Zauj\u00edmav\u00e9 odkazy<\/span><\/h2>\n<h3><span style=\"color: #808000;\">Kontakt:<\/span><\/h3>\n<p><strong>Zdru\u017eenie gemersk\u00fdch remeseln\u00edkov<\/strong><br \/>\nKr\u00e1snohorsk\u00e1 Dlh\u00e1 L\u00faka 261,<br \/>\n049 45 Kr\u00e1snohorsk\u00e1 Dlh\u00e1 L\u00faka<br \/>\n<strong>Web: <\/strong><a href=\"http:\/\/www.gomorikezmuvesek.sk\/\" target=\"_blank\" rel=\"noopener\">http:\/\/www.gomorikezmuvesek.sk\/<\/a><\/p>\n<h3><span style=\"color: #808000;\">Bl\u00edzke stredisko, turistick\u00e9 centrum, obec alebo mesto:<\/span><\/h3>\n<ul>\n<li><a href=\"http:\/\/www.slovensky-kras.eu\/info\/strediska-a-centra\/obec-krasnohorska-dlha-luka\/\">Obec Kr\u00e1snohorsk\u00e1 Dlh\u00e1 L\u00faka (\u010d\u00edtaj viac&#8230;)<\/a><\/li>\n<\/ul>\n<h2><span style=\"color: #800000;\">Mapy<\/span><\/h2>\n<p><strong>Vrstvy: <\/strong>Turistick\u00e1 mapa, Automapa, Cyklomapa, Ly\u017eiarska mapa, Satelitn\u00e1 mapa a OpenStreetMap.<\/p>\n<p><strong>Kliknut\u00edm na logo &#8222;Freemap.sk&#8220; sa V\u00e1m mapa zobraz\u00ed na celej ploche obrazovky.<\/strong><\/p>\n<p><iframe style=\"width: 900px; height: 600px; border: 0;\" src=\"https:\/\/www.freemap.sk\/?map=14\/48.624087\/20.577607&amp;info-point=48.624087\/20.577607,Obec Krasnohorsk\u00e1 Dlh\u00e1 L\u00faka&amp;layers=X&amp;embed=search\" allowfullscreen=\"allowfullscreen\"><span data-mce-type=\"bookmark\" style=\"display: inline-block; width: 0px; overflow: hidden; line-height: 0;\" class=\"mce_SELRES_start\">\ufeff<\/span><\/iframe><\/p>\n<h2><span style=\"color: #808000;\"><span style=\"color: #800000;\">Po\u010dasie<\/span><strong><br \/>\n<\/strong><\/span><br \/>\n<iframe style=\"width: 900px; height: 610px;\" src=\"https:\/\/www.meteoblue.com\/sk\/po%C4%8Dasie\/widget\/three\/kr%c3%a1snohorsk%c3%a1-dlh%c3%a1-l%c3%baka_slovensk%c3%a1-republika_724408?geoloc=fixed&amp;nocurrent=0&amp;noforecast=0&amp;days=6&amp;tempunit=CELSIUS&amp;windunit=KILOMETER_PER_HOUR&amp;layout=image\" frameborder=\"0\" scrolling=\"NO\" sandbox=\"allow-same-origin allow-scripts allow-popups allow-popups-to-escape-sandbox\"><\/iframe><\/h2>\n<div><!-- DO NOT REMOVE THIS LINK --><a href=\"https:\/\/www.meteoblue.com\/sk\/po%C4%8Dasie\/predpove%C4%8F\/t%C3%BD%C5%BEde%C5%88\/kr%c3%a1snohorsk%c3%a1-dlh%c3%a1-l%c3%baka_slovensk%c3%a1-republika_724408?utm_source=weather_widget&amp;utm_medium=linkus&amp;utm_content=three&amp;utm_campaign=Weather%2BWidget\" target=\"_blank\" rel=\"noopener noreferrer\">meteoblue<\/a><\/div>\n<h3><span style=\"color: #808000;\">Ot\u00e1zka pre JazykovaPoradna.sk:\u00a0<\/span><\/h3>\n<p>Ako sa spr\u00e1vne p\u00ed\u0161e rod P\u00e1lffyovcov? Pre\u0161lo v poslednom \u010dase nejak\u00fdmi pravopisn\u00fdmi zmenami aj p\u00edsanie in\u00fdch mien, napr. Eszterh\u00e1zyovci, Zichyovci?<\/p>\n<h3><span style=\"color: #808000;\">Odpove\u010f :<\/span><\/h3>\n<p>V 80. rokoch minul\u00e9ho storo\u010dia sa prijali z\u00e1sady p\u00edsania mien os\u00f4b vystupuj\u00facich v uhorskom obdob\u00ed slovensk\u00fdch dej\u00edn do roku 1918, ktor\u00e9 boli vypracovan\u00e9 v s\u00falade so z\u00e1vermi komisie pre historick\u00fa terminol\u00f3giu pri Historickom \u00fastave SAV. M\u00f4\u017eete si ich pre\u010d\u00edta\u0165 v Pravidl\u00e1ch slovensk\u00e9ho pravopisu (2000) v kapitole P\u00edsanie historick\u00fdch osobn\u00fdch mien z uhorsk\u00e9ho obdobia slovensk\u00fdch dej\u00edn. Pravidl\u00e1 slovensk\u00e9ho pravopisu s\u00fa spr\u00edstupnen\u00e9 aj v elektronickej verzii na str\u00e1nke Jazykovedn\u00e9ho \u00fastavu \u013d. \u0160t\u00fara SAV <a href=\"http:\/\/www.juls.savba.sk\/pravidla_sloven_pravopisu.html\" target=\"_blank\" rel=\"noopener noreferrer\">http:\/\/www.juls.savba.sk\/pravidla_sloven_pravopisu.html<\/a> (zvo\u013ete textov\u00fa \u010das\u0165). Priezvisko P\u00e1lffy\/P\u00e1lffi sa pod\u013ea z\u00e1sad slovensk\u00e9ho prepisu p\u00ed\u0161e P\u00e1lfi, tak\u017ee pomenovanie rodu m\u00e1 podobu rod P\u00e1lfiovcov a rodinn\u00e9 pomenovanie je P\u00e1lfiovci. Podobne je to pri men\u00e1ch Eszterh\u00e1zy a Zichy, ktor\u00e9 sa pod\u013ea spom\u00ednan\u00fdch z\u00e1sad p\u00ed\u0161u Esterh\u00e1zi a Zi\u010di. Rodinn\u00e9 pomenovanie m\u00e1 podobu Esterh\u00e1ziovci, Zi\u010diovci.<br \/>\n<strong>Zdroj inform\u00e1ci\u00ed:<\/strong> <a href=\"http:\/\/jazykovaporadna.sme.sk\/q\/4965\/#axzz4hOkYiI9I\" target=\"_blank\" rel=\"noopener noreferrer\">http:\/\/jazykovaporadna.sme.sk\/q\/4965\/#axzz4hOkYiI9I<\/a><\/p>\n<h3><strong><br \/>\n<\/strong><span style=\"color: #808000;\">Ot\u00e1zka pre jazykov\u00fa porad\u0148u (Jazykovedn\u00fd \u00fastav \u013dudov\u00edta \u0160t\u00fara)<\/span><\/h3>\n<p>Ak potrebujete z\u00edska\u0165 odpove\u010f v kr\u00e1tkom \u010dase, odpor\u00fa\u010dame v\u00e1m vyu\u017ei\u0165 mo\u017enos\u0165 telefonickej konzult\u00e1cie na telef\u00f3nnom \u010d\u00edsle +421 2 54431761-2 v pracovn\u00fdch d\u0148och od 8.00 do 11.00 hodiny.<br \/>\n<strong><br \/>\nV pr\u00edpade technick\u00fdch probl\u00e9mov:<\/strong> <a href=\"mailto:jazykovaporadna@smeonline.sk\" target=\"_blank\" rel=\"noopener noreferrer\">jazykovaporadna@smeonline.sk<\/a><\/p>\n<p><strong>\u010c\u00edtajte viac:<\/strong> <a href=\"http:\/\/jazykovaporadna.sme.sk\/question\/add\/#axzz4hOkYiI9I\" target=\"_blank\" rel=\"noopener noreferrer\">http:\/\/jazykovaporadna.sme.sk\/question\/add\/#axzz4hOkYiI9I<\/a><\/p>\n","protected":false},"excerpt":{"rendered":"<p>Menu: Podkateg\u00f3ria: Od ni\u010div\u00e9ho po\u017eiaru k rodisku legendy Ke\u010f v roku 1817 udrel do hradu Kr\u00e1sna H\u00f4rka blesk, gr\u00f3f Juraj IV. Andr\u00e1\u0161i premenil trag\u00e9diu na nov\u00fd za\u010diatok a vybudoval v [&hellip;]<\/p>\n","protected":false},"author":1,"featured_media":30316,"parent":15,"menu_order":0,"comment_status":"closed","ping_status":"closed","template":"","meta":{"_uag_custom_page_level_css":"","footnotes":""},"class_list":["post-6971","page","type-page","status-publish","has-post-thumbnail","hentry"],"featured_image_src":"https:\/\/www.slovensky-kras.eu\/info\/wp-content\/uploads\/2026\/04\/kastiel-krasnohorska-dlha-luka-old-1917.jpeg","featured_image_src_square":"https:\/\/www.slovensky-kras.eu\/info\/wp-content\/uploads\/2026\/04\/kastiel-krasnohorska-dlha-luka-old-1917.jpeg","rbea_author_info":{"display_name":"admin","author_link":"https:\/\/www.slovensky-kras.eu\/info\/author\/admin\/"},"rbea_excerpt_info":"Menu: Podkateg\u00f3ria: Od ni\u010div\u00e9ho po\u017eiaru k rodisku legendy Ke\u010f v roku 1817 udrel do hradu Kr\u00e1sna H\u00f4rka blesk, gr\u00f3f Juraj IV. Andr\u00e1\u0161i premenil trag\u00e9diu na nov\u00fd za\u010diatok a vybudoval v [&hellip;]","uagb_featured_image_src":{"full":["https:\/\/www.slovensky-kras.eu\/info\/wp-content\/uploads\/2026\/04\/kastiel-krasnohorska-dlha-luka-old-1917.jpeg",1376,768,false],"thumbnail":["https:\/\/www.slovensky-kras.eu\/info\/wp-content\/uploads\/2026\/04\/kastiel-krasnohorska-dlha-luka-old-1917-150x150.jpeg",150,150,true],"medium":["https:\/\/www.slovensky-kras.eu\/info\/wp-content\/uploads\/2026\/04\/kastiel-krasnohorska-dlha-luka-old-1917-800x447.jpeg",800,447,true],"medium_large":["https:\/\/www.slovensky-kras.eu\/info\/wp-content\/uploads\/2026\/04\/kastiel-krasnohorska-dlha-luka-old-1917-768x429.jpeg",768,429,true],"large":["https:\/\/www.slovensky-kras.eu\/info\/wp-content\/uploads\/2026\/04\/kastiel-krasnohorska-dlha-luka-old-1917-1024x572.jpeg",1024,572,true],"1536x1536":["https:\/\/www.slovensky-kras.eu\/info\/wp-content\/uploads\/2026\/04\/kastiel-krasnohorska-dlha-luka-old-1917.jpeg",1376,768,false],"2048x2048":["https:\/\/www.slovensky-kras.eu\/info\/wp-content\/uploads\/2026\/04\/kastiel-krasnohorska-dlha-luka-old-1917.jpeg",1376,768,false]},"uagb_author_info":{"display_name":"admin","author_link":"https:\/\/www.slovensky-kras.eu\/info\/author\/admin\/"},"uagb_comment_info":0,"uagb_excerpt":"Menu: Podkateg\u00f3ria: Od ni\u010div\u00e9ho po\u017eiaru k rodisku legendy Ke\u010f v roku 1817 udrel do hradu Kr\u00e1sna H\u00f4rka blesk, gr\u00f3f Juraj IV. Andr\u00e1\u0161i premenil trag\u00e9diu na nov\u00fd za\u010diatok a vybudoval v [&hellip;]","_links":{"self":[{"href":"https:\/\/www.slovensky-kras.eu\/info\/wp-json\/wp\/v2\/pages\/6971","targetHints":{"allow":["GET"]}}],"collection":[{"href":"https:\/\/www.slovensky-kras.eu\/info\/wp-json\/wp\/v2\/pages"}],"about":[{"href":"https:\/\/www.slovensky-kras.eu\/info\/wp-json\/wp\/v2\/types\/page"}],"author":[{"embeddable":true,"href":"https:\/\/www.slovensky-kras.eu\/info\/wp-json\/wp\/v2\/users\/1"}],"replies":[{"embeddable":true,"href":"https:\/\/www.slovensky-kras.eu\/info\/wp-json\/wp\/v2\/comments?post=6971"}],"version-history":[{"count":15,"href":"https:\/\/www.slovensky-kras.eu\/info\/wp-json\/wp\/v2\/pages\/6971\/revisions"}],"predecessor-version":[{"id":30318,"href":"https:\/\/www.slovensky-kras.eu\/info\/wp-json\/wp\/v2\/pages\/6971\/revisions\/30318"}],"up":[{"embeddable":true,"href":"https:\/\/www.slovensky-kras.eu\/info\/wp-json\/wp\/v2\/pages\/15"}],"wp:featuredmedia":[{"embeddable":true,"href":"https:\/\/www.slovensky-kras.eu\/info\/wp-json\/wp\/v2\/media\/30316"}],"wp:attachment":[{"href":"https:\/\/www.slovensky-kras.eu\/info\/wp-json\/wp\/v2\/media?parent=6971"}],"curies":[{"name":"wp","href":"https:\/\/api.w.org\/{rel}","templated":true}]}}