{"id":696,"date":"2013-06-30T06:10:08","date_gmt":"2013-06-30T04:10:08","guid":{"rendered":"http:\/\/www.slovensky-kras.eu\/info\/?page_id=696"},"modified":"2025-11-20T07:06:39","modified_gmt":"2025-11-20T06:06:39","slug":"vidiecky-dom-dlha-ves","status":"publish","type":"page","link":"https:\/\/www.slovensky-kras.eu\/info\/kam-za-pamiatkami\/vidiecky-dom-dlha-ves\/","title":{"rendered":"Vidiecky dom v obci Dlh\u00e1 ves"},"content":{"rendered":"<p><strong>Menu: <\/strong><a href=\"http:\/\/www.slovensky-kras.eu\/info\/\" class=\"su-button su-button-style-default\" style=\"color:#000000;background-color:#FFCF2F;border-color:#cca626;border-radius:5px\" target=\"_self\"><span style=\"color:#000000;padding:6px 16px;font-size:13px;line-height:20px;border-color:#ffde6e;border-radius:5px;text-shadow:none\"><i class=\"sui sui-arrow-right\" style=\"font-size:13px;color:#000000\"><\/i>  \u00davod \/ Aktuality <\/span><\/a>\n<a href=\"http:\/\/www.slovensky-kras.eu\/info\/kam-za-pamiatkami\/\" class=\"su-button su-button-style-default\" style=\"color:#000000;background-color:#FFCF2F;border-color:#cca626;border-radius:5px\" target=\"_self\"><span style=\"color:#000000;padding:6px 16px;font-size:13px;line-height:20px;border-color:#ffde6e;border-radius:5px;text-shadow:none\"><i class=\"sui sui-arrow-right\" style=\"font-size:13px;color:#000000\"><\/i>  Kam za pamiatkami <\/span><\/a>\n<div class=\"su-divider su-divider-style-default\" style=\"margin:15px 0;border-width:0px;border-color:#000000\"><\/div>\n<strong>Podkateg\u00f3ria: <\/strong> <a href=\"http:\/\/www.slovensky-kras.eu\/info\/kam-za-pamiatkami\/ludova-architektura-a-vidiecke-muzea\/\" class=\"su-button su-button-style-default\" style=\"color:#000000;background-color:#afd144;border-color:#8ca837;border-radius:5px\" target=\"_self\"><span style=\"color:#000000;padding:6px 16px;font-size:13px;line-height:20px;border-color:#c7df7d;border-radius:5px;text-shadow:none\"><i class=\"sui sui-arrow-right\" style=\"font-size:13px;color:#000000\"><\/i>  \u013dudov\u00e1 architekt\u00fara a vidieck\u00e9 m\u00faze\u00e1 <\/span><\/a>\n<div class=\"su-divider su-divider-style-default\" style=\"margin:15px 0;border-width:2px;border-color:#000000\"><\/div>\n<figure id=\"attachment_19635\" aria-describedby=\"caption-attachment-19635\" style=\"width: 900px\" class=\"wp-caption aligncenter\"><a href=\"https:\/\/www.slovensky-kras.eu\/info\/wp-content\/uploads\/2021\/01\/dlha-ves-muzeum1.jpg\"><img loading=\"lazy\" decoding=\"async\" class=\"wp-image-19635\" src=\"http:\/\/www.slovensky-kras.eu\/info\/wp-content\/uploads\/2021\/01\/dlha-ves-muzeum1-800x369.jpg\" alt=\"Vidiecky dom v obci Dlh\u00e1 ves\" width=\"900\" height=\"415\" srcset=\"https:\/\/www.slovensky-kras.eu\/info\/wp-content\/uploads\/2021\/01\/dlha-ves-muzeum1-800x369.jpg 800w, https:\/\/www.slovensky-kras.eu\/info\/wp-content\/uploads\/2021\/01\/dlha-ves-muzeum1-768x354.jpg 768w, https:\/\/www.slovensky-kras.eu\/info\/wp-content\/uploads\/2021\/01\/dlha-ves-muzeum1.jpg 900w\" sizes=\"auto, (max-width: 900px) 100vw, 900px\" \/><\/a><figcaption id=\"caption-attachment-19635\" class=\"wp-caption-text\">Vidiecky dom v obci Dlh\u00e1 ves, Autor fotografie: Andrea Mi\u0161kufov\u00e1<\/figcaption><\/figure>\n<div class=\"su-divider su-divider-style-default\" style=\"margin:15px 0;border-width:2px;border-color:#000000\"><\/div>\n<h2><span style=\"color: #800000;\">Ak\u00fd v\u00fdznam m\u00e1 Vidiecky dom v obci Dlh\u00e1 Ves?<\/span><\/h2>\n<p>Vidiecky dom v obci Dlh\u00e1 Ves je budova, ktor\u00e1 sl\u00fa\u017ei aj ako kult\u00farna pamiatka a uk\u00e1\u017eka tradi\u010dnej dedinskej architekt\u00fary, pribli\u017euj\u00faca vidiecky charakter regi\u00f3nu Slovensk\u00fd kras.<\/p>\n<h2 class=\"ds-markdown-paragraph\"><span style=\"color: #800000;\">Ako vznikol\u00a0<strong>Vidiecky dom v obci Dlh\u00e1 ves<\/strong>?<\/span><\/h2>\n<p class=\"ds-markdown-paragraph\">Obec odk\u00fapila budovu tohto <strong>vidieckeho domu<\/strong>\u00a0v roku 2001. Odvtedy sl\u00fa\u017ei ako miesto, kde m\u00f4\u017eete spozna\u0165 autentick\u00fd \u017eivot miestnych obyvate\u013eov v minul\u00fdch storo\u010diach a obdivova\u0165 ich \u013eudov\u00fa architekt\u00faru a kult\u00faru.<\/p>\n<h2 class=\"ds-markdown-paragraph\"><span style=\"color: #800000;\">\u010co m\u00f4\u017eem vidie\u0165 v tomto vidieckom dome?<\/span><\/h2>\n<p class=\"ds-markdown-paragraph\">Expoz\u00edcia v\u00e1s prevedie tromi autentick\u00fdmi miestnos\u0165ami \u2013 <strong>predsie\u0148ou, kuchy\u0148ou a izbou<\/strong>. V\u0161etky s\u00fa d\u00f4sledne zariaden\u00e9 p\u00f4vodn\u00fdm star\u00fdm n\u00e1bytkom a predmetmi denne potreby, ktor\u00e9 miestni obyvatelia v minulosti skuto\u010dne pou\u017e\u00edvali.<\/p>\n<h2 class=\"ds-markdown-paragraph\"><span style=\"color: #800000;\">\u010co n\u00e1jdem v predsieni?<\/span><\/h2>\n<p class=\"ds-markdown-paragraph\">V <strong>predsieni<\/strong>\u00a0s\u00fa vystaven\u00e9 predmety a n\u00e1stroje, ktor\u00e9 sl\u00fa\u017eili pri po\u013enohospod\u00e1rskych pr\u00e1cach na poli a pri starostlivosti o dom\u00e1ce zvierat\u00e1.<\/p>\n<h2 class=\"ds-markdown-paragraph\"><span style=\"color: #800000;\">Ako vyzer\u00e1 kuchy\u0148a?<\/span><\/h2>\n<p class=\"ds-markdown-paragraph\"><strong>Kuchy\u0148a<\/strong>\u00a0je zariaden\u00e1 v autentickom \u201estaromaterskom\u201c \u0161t\u00fdle a jej srdcom s\u00fa tradi\u010dn\u00e9\u00a0<strong>krosn\u00e1<\/strong>.<\/p>\n<h2 class=\"ds-markdown-paragraph\"><span style=\"color: #800000;\">\u010co uvid\u00edm v izbe?<\/span><\/h2>\n<p class=\"ds-markdown-paragraph\"><strong>Izba<\/strong>\u00a0je pokladnicou hist\u00f3rie. N\u00e1jdete tu r\u00f4zne fotografie z d\u00e1vnych \u010dias, dokument\u00e1ciu zo \u0161koly alebo z obdobia vojny. Je pln\u00e1 osobn\u00fdch predmetov, ako je \u017eensk\u00e9 a mu\u017esk\u00e9 \u0161atstvo, obuv, kom\u00f3dy, skrine, st\u00f4l, stoli\u010dky, detsk\u00fd ko\u010d\u00edk, kol\u00edska a poste\u013e.<\/p>\n<h2 class=\"ds-markdown-paragraph\"><span style=\"color: #800000;\">Dop\u013a\u0148a sa expoz\u00edcia o nov\u00e9 kusy?<\/span><\/h2>\n<p class=\"ds-markdown-paragraph\">\u00c1no, do zbierky <strong>vidieckeho domu<\/strong>\u00a0dodnes prich\u00e1dzaj\u00fa nov\u00e9 a nov\u00e9 predmety, star\u00e9 dokumenty a fotografie od miestnych obyvate\u013eov, ktor\u00e9 ju neust\u00e1le obohacuj\u00fa.<\/p>\n<h2 class=\"ds-markdown-paragraph\"><span style=\"color: #800000;\">\u010co sa nach\u00e1dza na dvore?<\/span><\/h2>\n<p class=\"ds-markdown-paragraph\">Na dvore sa nach\u00e1dza <strong>autentick\u00e1 stud\u0148a<\/strong>. Pri nej s\u00fa vystaven\u00e9 v\u00e4\u010d\u0161ie pracovn\u00e9 n\u00e1radia a nap\u00e1jadlo pre kravy, ktor\u00e9 dotv\u00e1raj\u00fa atmosf\u00e9ru po\u013enohospod\u00e1rskeho dvoru.<\/p>\n<h2><span style=\"color: #800000;\">Fotogal\u00e9ria<\/span><\/h2>\n<style type=\"text\/css\">\n#foogallery-gallery-28847 .fg-image { width: 200px; }<\/style>\n\t\t\t<div class=\"foogallery foogallery-container foogallery-carousel foogallery-lightbox-foogallery fg-carousel fg-ready fg-light fg-border-medium fg-round-small fg-shadow-medium fg-loading-default fg-loaded-fade-in fg-hover-semi-zoomed fg-hover-fade fg-hover-circle-plus2\" id=\"foogallery-gallery-28847\" data-foogallery=\"{&quot;item&quot;:{&quot;showCaptionTitle&quot;:true,&quot;showCaptionDescription&quot;:true},&quot;lazy&quot;:true,&quot;template&quot;:{&quot;maxItems&quot;:5,&quot;scale&quot;:0.11999999999999999555910790149937383830547332763671875,&quot;gutter&quot;:{&quot;min&quot;:-40,&quot;max&quot;:-20,&quot;unit&quot;:&quot;%&quot;},&quot;autoplay&quot;:{&quot;time&quot;:0,&quot;interaction&quot;:&quot;pause&quot;},&quot;centerOnClick&quot;:true,&quot;align&quot;:&quot;center&quot;,&quot;activePosition&quot;:&quot;center&quot;}}\" data-foogallery-lightbox=\"{&quot;thumbs&quot;:&quot;bottom&quot;,&quot;thumbsCaptions&quot;:false,&quot;thumbsBestFit&quot;:false,&quot;thumbsSmall&quot;:false,&quot;thumbsCaptionsAlign&quot;:&quot;default&quot;,&quot;info&quot;:&quot;bottom&quot;,&quot;infoVisible&quot;:true,&quot;infoOverlay&quot;:true,&quot;infoAlign&quot;:&quot;default&quot;,&quot;transition&quot;:&quot;fade&quot;,&quot;hoverButtons&quot;:false,&quot;fitMedia&quot;:false,&quot;noScrollbars&quot;:true,&quot;preserveButtonSpace&quot;:true,&quot;buttons&quot;:{&quot;fullscreen&quot;:true,&quot;info&quot;:true,&quot;thumbs&quot;:false},&quot;video&quot;:{&quot;autoPlay&quot;:true}}\" style=\"--fg-title-line-clamp: 0; --fg-description-line-clamp: 0;\" >\n\t<button type=\"button\" class=\"fg-carousel-prev\" title=\"Previous\"><\/button>\n\t<div class=\"fg-carousel-inner\">\n\t\t<div class=\"fg-carousel-center\"><\/div>\n\t\t<div class=\"fg-item fg-type-image fg-idle\"><figure class=\"fg-item-inner\"><a href=\"https:\/\/www.slovensky-kras.eu\/info\/wp-content\/uploads\/2022\/01\/dlha-ves11.jpg\" data-attachment-id=\"22459\" data-type=\"image\" class=\"fg-thumb\"><span class=\"fg-image-wrap\"><img decoding=\"async\" width=\"200\" height=\"200\" class=\"skip-lazy fg-image\" data-src-fg=\"https:\/\/www.slovensky-kras.eu\/info\/wp-content\/uploads\/cache\/2022\/01\/dlha-ves11\/3057724467.jpg\" src=\"data:image\/svg+xml,%3Csvg%20xmlns%3D%22http%3A%2F%2Fwww.w3.org%2F2000%2Fsvg%22%20width%3D%22200%22%20height%3D%22200%22%20viewBox%3D%220%200%20200%20200%22%3E%3C%2Fsvg%3E\" loading=\"eager\"><\/span><span class=\"fg-image-overlay\"><\/span><\/a><\/figure><div class=\"fg-loader\"><\/div><\/div><div class=\"fg-item fg-type-image fg-idle\"><figure class=\"fg-item-inner\"><a href=\"https:\/\/www.slovensky-kras.eu\/info\/wp-content\/uploads\/2021\/01\/ves.jpg\" data-attachment-id=\"19639\" data-type=\"image\" class=\"fg-thumb\"><span class=\"fg-image-wrap\"><img decoding=\"async\" width=\"200\" height=\"200\" class=\"skip-lazy fg-image\" data-src-fg=\"https:\/\/www.slovensky-kras.eu\/info\/wp-content\/uploads\/cache\/2021\/01\/ves\/1277574407.jpg\" src=\"data:image\/svg+xml,%3Csvg%20xmlns%3D%22http%3A%2F%2Fwww.w3.org%2F2000%2Fsvg%22%20width%3D%22200%22%20height%3D%22200%22%20viewBox%3D%220%200%20200%20200%22%3E%3C%2Fsvg%3E\" loading=\"eager\"><\/span><span class=\"fg-image-overlay\"><\/span><\/a><\/figure><div class=\"fg-loader\"><\/div><\/div><div class=\"fg-item fg-type-image fg-idle\"><figure class=\"fg-item-inner\"><a href=\"https:\/\/www.slovensky-kras.eu\/info\/wp-content\/uploads\/2020\/12\/dlha-ves.jpg\" data-attachment-id=\"18635\" data-type=\"image\" class=\"fg-thumb\"><span class=\"fg-image-wrap\"><img decoding=\"async\" width=\"200\" height=\"200\" class=\"skip-lazy fg-image\" data-src-fg=\"https:\/\/www.slovensky-kras.eu\/info\/wp-content\/uploads\/cache\/2020\/12\/dlha-ves\/176970648.jpg\" src=\"data:image\/svg+xml,%3Csvg%20xmlns%3D%22http%3A%2F%2Fwww.w3.org%2F2000%2Fsvg%22%20width%3D%22200%22%20height%3D%22200%22%20viewBox%3D%220%200%20200%20200%22%3E%3C%2Fsvg%3E\" loading=\"eager\"><\/span><span class=\"fg-image-overlay\"><\/span><\/a><\/figure><div class=\"fg-loader\"><\/div><\/div><div class=\"fg-item fg-type-image fg-idle\"><figure class=\"fg-item-inner\"><a href=\"https:\/\/www.slovensky-kras.eu\/info\/wp-content\/uploads\/2022\/01\/dlha-ves12.jpg\" data-attachment-id=\"22460\" data-type=\"image\" class=\"fg-thumb\"><span class=\"fg-image-wrap\"><img decoding=\"async\" alt=\"Vidiecky dom v obci Dlh\u00e1 ves\" width=\"200\" height=\"200\" class=\"skip-lazy fg-image\" data-src-fg=\"https:\/\/www.slovensky-kras.eu\/info\/wp-content\/uploads\/cache\/2022\/01\/dlha-ves12\/801074853.jpg\" src=\"data:image\/svg+xml,%3Csvg%20xmlns%3D%22http%3A%2F%2Fwww.w3.org%2F2000%2Fsvg%22%20width%3D%22200%22%20height%3D%22200%22%20viewBox%3D%220%200%20200%20200%22%3E%3C%2Fsvg%3E\" loading=\"eager\"><\/span><span class=\"fg-image-overlay\"><\/span><\/a><\/figure><div class=\"fg-loader\"><\/div><\/div><div class=\"fg-item fg-type-image fg-idle\"><figure class=\"fg-item-inner\"><a href=\"https:\/\/www.slovensky-kras.eu\/info\/wp-content\/uploads\/2021\/01\/dlha-ves-muzeum1.jpg\" data-attachment-id=\"19635\" data-type=\"image\" class=\"fg-thumb\"><span class=\"fg-image-wrap\"><img decoding=\"async\" width=\"200\" height=\"200\" class=\"skip-lazy fg-image\" data-src-fg=\"https:\/\/www.slovensky-kras.eu\/info\/wp-content\/uploads\/cache\/2021\/01\/dlha-ves-muzeum1\/546019737.jpg\" src=\"data:image\/svg+xml,%3Csvg%20xmlns%3D%22http%3A%2F%2Fwww.w3.org%2F2000%2Fsvg%22%20width%3D%22200%22%20height%3D%22200%22%20viewBox%3D%220%200%20200%20200%22%3E%3C%2Fsvg%3E\" loading=\"eager\"><\/span><span class=\"fg-image-overlay\"><\/span><\/a><\/figure><div class=\"fg-loader\"><\/div><\/div>\t<\/div>\n\t<div class=\"fg-carousel-bottom\"><\/div>\n\t<div class=\"fg-carousel-progress\"><\/div>\n\t<button type=\"button\" class=\"fg-carousel-next\" title=\"Next\"><\/button>\n<\/div>\n<h3><span style=\"color: #808000;\">Bl\u00edzke stredisko, turistick\u00e9 centrum, obec alebo mesto:<\/span><\/h3>\n<ul>\n<li><a href=\"http:\/\/www.slovensky-kras.eu\/info\/strediska-a-centra\/obec-dlha-ves\/\">Obec Dlh\u00e1 Ves (\u010d\u00edtaj viac&#8230;)<\/a><\/li>\n<\/ul>\n<h2><span style=\"color: #800000;\">Mapy<\/span><\/h2>\n<p><strong>Vrstvy: <\/strong>Turistick\u00e1 mapa, Automapa, Cyklomapa, Ly\u017eiarska mapa, Satelitn\u00e1 mapa a OpenStreetMap.<\/p>\n<p><strong>Kliknut\u00edm na logo &#8222;Freemap.sk&#8220; sa V\u00e1m mapa zobraz\u00ed na celej ploche obrazovky.<\/strong><\/p>\n<p><iframe style=\"width: 900px; height: 600px; border: 0;\" src=\"https:\/\/www.freemap.sk\/?map=14\/48.494113\/20.438046&amp;info-point=48.494113\/20.438046,Obec Dlh\u00e1 Ves&amp;layers=X&amp;embed=search\" allowfullscreen=\"allowfullscreen\"><span data-mce-type=\"bookmark\" style=\"display: inline-block; width: 0px; overflow: hidden; line-height: 0;\" class=\"mce_SELRES_start\">\ufeff<\/span><\/iframe><\/p>\n<h2><span style=\"color: #800000;\">Po\u010dasie<\/span><\/h2>\n<p><iframe style=\"width: 900px; height: 606px;\" src=\"https:\/\/www.meteoblue.com\/sk\/po%C4%8Dasie\/widget\/three\/dlh%c3%a1-ves_slovensk%c3%a1-republika_724904?geoloc=fixed&amp;nocurrent=0&amp;noforecast=0&amp;days=6&amp;tempunit=CELSIUS&amp;windunit=KILOMETER_PER_HOUR&amp;layout=image\" frameborder=\"0\" scrolling=\"NO\" sandbox=\"allow-same-origin allow-scripts allow-popups allow-popups-to-escape-sandbox\"><span class=\"mce_SELRES_start\" style=\"width: 0px; line-height: 0; overflow: hidden; display: inline-block;\" data-mce-type=\"bookmark\">\ufeff<\/span><\/iframe><\/p>\n<div><!-- DO NOT REMOVE THIS LINK --><a href=\"https:\/\/www.meteoblue.com\/sk\/po%C4%8Dasie\/predpove%C4%8F\/t%C3%BD%C5%BEde%C5%88\/dlh%c3%a1-ves_slovensk%c3%a1-republika_724904?utm_source=weather_widget&amp;utm_medium=linkus&amp;utm_content=three&amp;utm_campaign=Weather%2BWidget\" target=\"_blank\" rel=\"noopener noreferrer\">meteoblue<\/a><\/div>\n<p><strong>Zdroj inform\u00e1cii a foto:<\/strong> www.dlhaves.ocu.sk<\/p>\n","protected":false},"excerpt":{"rendered":"<p>Menu: Podkateg\u00f3ria: Ak\u00fd v\u00fdznam m\u00e1 Vidiecky dom v obci Dlh\u00e1 Ves? Vidiecky dom v obci Dlh\u00e1 Ves je budova, ktor\u00e1 sl\u00fa\u017ei aj ako kult\u00farna pamiatka a uk\u00e1\u017eka tradi\u010dnej dedinskej architekt\u00fary, [&hellip;]<\/p>\n","protected":false},"author":1,"featured_media":22460,"parent":15,"menu_order":0,"comment_status":"closed","ping_status":"open","template":"","meta":{"_uag_custom_page_level_css":"","footnotes":""},"class_list":["post-696","page","type-page","status-publish","has-post-thumbnail","hentry"],"featured_image_src":"https:\/\/www.slovensky-kras.eu\/info\/wp-content\/uploads\/2022\/01\/dlha-ves12.jpg","featured_image_src_square":"https:\/\/www.slovensky-kras.eu\/info\/wp-content\/uploads\/2022\/01\/dlha-ves12.jpg","rbea_author_info":{"display_name":"admin","author_link":"https:\/\/www.slovensky-kras.eu\/info\/author\/admin\/"},"rbea_excerpt_info":"Menu: Podkateg\u00f3ria: Ak\u00fd v\u00fdznam m\u00e1 Vidiecky dom v obci Dlh\u00e1 Ves? Vidiecky dom v obci Dlh\u00e1 Ves je budova, ktor\u00e1 sl\u00fa\u017ei aj ako kult\u00farna pamiatka a uk\u00e1\u017eka tradi\u010dnej dedinskej architekt\u00fary, [&hellip;]","uagb_featured_image_src":{"full":["https:\/\/www.slovensky-kras.eu\/info\/wp-content\/uploads\/2022\/01\/dlha-ves12.jpg",800,600,false],"thumbnail":["https:\/\/www.slovensky-kras.eu\/info\/wp-content\/uploads\/2022\/01\/dlha-ves12-150x150.jpg",150,150,true],"medium":["https:\/\/www.slovensky-kras.eu\/info\/wp-content\/uploads\/2022\/01\/dlha-ves12.jpg",800,600,false],"medium_large":["https:\/\/www.slovensky-kras.eu\/info\/wp-content\/uploads\/2022\/01\/dlha-ves12-768x576.jpg",768,576,true],"large":["https:\/\/www.slovensky-kras.eu\/info\/wp-content\/uploads\/2022\/01\/dlha-ves12.jpg",800,600,false],"1536x1536":["https:\/\/www.slovensky-kras.eu\/info\/wp-content\/uploads\/2022\/01\/dlha-ves12.jpg",800,600,false],"2048x2048":["https:\/\/www.slovensky-kras.eu\/info\/wp-content\/uploads\/2022\/01\/dlha-ves12.jpg",800,600,false]},"uagb_author_info":{"display_name":"admin","author_link":"https:\/\/www.slovensky-kras.eu\/info\/author\/admin\/"},"uagb_comment_info":0,"uagb_excerpt":"Menu: Podkateg\u00f3ria: Ak\u00fd v\u00fdznam m\u00e1 Vidiecky dom v obci Dlh\u00e1 Ves? Vidiecky dom v obci Dlh\u00e1 Ves je budova, ktor\u00e1 sl\u00fa\u017ei aj ako kult\u00farna pamiatka a uk\u00e1\u017eka tradi\u010dnej dedinskej architekt\u00fary, [&hellip;]","_links":{"self":[{"href":"https:\/\/www.slovensky-kras.eu\/info\/wp-json\/wp\/v2\/pages\/696","targetHints":{"allow":["GET"]}}],"collection":[{"href":"https:\/\/www.slovensky-kras.eu\/info\/wp-json\/wp\/v2\/pages"}],"about":[{"href":"https:\/\/www.slovensky-kras.eu\/info\/wp-json\/wp\/v2\/types\/page"}],"author":[{"embeddable":true,"href":"https:\/\/www.slovensky-kras.eu\/info\/wp-json\/wp\/v2\/users\/1"}],"replies":[{"embeddable":true,"href":"https:\/\/www.slovensky-kras.eu\/info\/wp-json\/wp\/v2\/comments?post=696"}],"version-history":[{"count":8,"href":"https:\/\/www.slovensky-kras.eu\/info\/wp-json\/wp\/v2\/pages\/696\/revisions"}],"predecessor-version":[{"id":28850,"href":"https:\/\/www.slovensky-kras.eu\/info\/wp-json\/wp\/v2\/pages\/696\/revisions\/28850"}],"up":[{"embeddable":true,"href":"https:\/\/www.slovensky-kras.eu\/info\/wp-json\/wp\/v2\/pages\/15"}],"wp:featuredmedia":[{"embeddable":true,"href":"https:\/\/www.slovensky-kras.eu\/info\/wp-json\/wp\/v2\/media\/22460"}],"wp:attachment":[{"href":"https:\/\/www.slovensky-kras.eu\/info\/wp-json\/wp\/v2\/media?parent=696"}],"curies":[{"name":"wp","href":"https:\/\/api.w.org\/{rel}","templated":true}]}}