{"id":688,"date":"2013-06-30T06:03:47","date_gmt":"2013-06-30T04:03:47","guid":{"rendered":"http:\/\/www.slovensky-kras.eu\/info\/?page_id=688"},"modified":"2025-11-20T06:24:24","modified_gmt":"2025-11-20T05:24:24","slug":"gemerska-ludova-architektura-v-silickej-jablonici","status":"publish","type":"page","link":"https:\/\/www.slovensky-kras.eu\/info\/kam-za-pamiatkami\/gemerska-ludova-architektura-v-silickej-jablonici\/","title":{"rendered":"\u013dudov\u00e1 architekt\u00fara v Silickej Jablonici &#8211; ro\u013en\u00edcke domy typu Pal\u00f3c"},"content":{"rendered":"<p><strong>Menu: <\/strong><a href=\"http:\/\/www.slovensky-kras.eu\/info\/\" class=\"su-button su-button-style-default\" style=\"color:#000000;background-color:#FFCF2F;border-color:#cca626;border-radius:5px\" target=\"_self\"><span style=\"color:#000000;padding:6px 16px;font-size:13px;line-height:20px;border-color:#ffde6e;border-radius:5px;text-shadow:none\"><i class=\"sui sui-arrow-right\" style=\"font-size:13px;color:#000000\"><\/i>  \u00davod \/ Aktuality <\/span><\/a>\n<a href=\"http:\/\/www.slovensky-kras.eu\/info\/kam-za-pamiatkami\/\" class=\"su-button su-button-style-default\" style=\"color:#000000;background-color:#FFCF2F;border-color:#cca626;border-radius:5px\" target=\"_self\"><span style=\"color:#000000;padding:6px 16px;font-size:13px;line-height:20px;border-color:#ffde6e;border-radius:5px;text-shadow:none\"><i class=\"sui sui-arrow-right\" style=\"font-size:13px;color:#000000\"><\/i>  Kam za pamiatkami <\/span><\/a>\n<div class=\"su-divider su-divider-style-default\" style=\"margin:15px 0;border-width:0px;border-color:#000000\"><\/div>\n<strong>Podkateg\u00f3ria: <\/strong> <a href=\"http:\/\/www.slovensky-kras.eu\/info\/kam-za-pamiatkami\/ludova-architektura-a-vidiecke-muzea\/\" class=\"su-button su-button-style-default\" style=\"color:#000000;background-color:#afd144;border-color:#8ca837;border-radius:5px\" target=\"_self\"><span style=\"color:#000000;padding:6px 16px;font-size:13px;line-height:20px;border-color:#c7df7d;border-radius:5px;text-shadow:none\"><i class=\"sui sui-arrow-right\" style=\"font-size:13px;color:#000000\"><\/i>  \u013dudov\u00e1 architekt\u00fara a vidieck\u00e9 m\u00faze\u00e1 <\/span><\/a>\n<div class=\"su-divider su-divider-style-default\" style=\"margin:15px 0;border-width:2px;border-color:#000000\"><\/div>\n<figure id=\"attachment_8801\" aria-describedby=\"caption-attachment-8801\" style=\"width: 900px\" class=\"wp-caption aligncenter\"><a href=\"https:\/\/www.slovensky-kras.eu\/info\/wp-content\/uploads\/2013\/06\/silicka-jablonica.jpg\"><img loading=\"lazy\" decoding=\"async\" class=\"wp-image-8801\" src=\"http:\/\/www.slovensky-kras.eu\/info\/wp-content\/uploads\/2013\/06\/silicka-jablonica-800x600.jpg\" alt=\"\u013dudov\u00e1 architekt\u00fara v Silickej Jablonici - ro\u013en\u00edcke domy typu Pal\u00f3c\" width=\"900\" height=\"675\" srcset=\"https:\/\/www.slovensky-kras.eu\/info\/wp-content\/uploads\/2013\/06\/silicka-jablonica-800x600.jpg 800w, https:\/\/www.slovensky-kras.eu\/info\/wp-content\/uploads\/2013\/06\/silicka-jablonica-1024x768.jpg 1024w, https:\/\/www.slovensky-kras.eu\/info\/wp-content\/uploads\/2013\/06\/silicka-jablonica-768x576.jpg 768w, https:\/\/www.slovensky-kras.eu\/info\/wp-content\/uploads\/2013\/06\/silicka-jablonica-1536x1152.jpg 1536w, https:\/\/www.slovensky-kras.eu\/info\/wp-content\/uploads\/2013\/06\/silicka-jablonica-1200x900.jpg 1200w, https:\/\/www.slovensky-kras.eu\/info\/wp-content\/uploads\/2013\/06\/silicka-jablonica.jpg 1707w\" sizes=\"auto, (max-width: 900px) 100vw, 900px\" \/><\/a><figcaption id=\"caption-attachment-8801\" class=\"wp-caption-text\">\u013dudov\u00e1 architekt\u00fara v Silickej Jablonici<\/figcaption><\/figure>\n<div class=\"su-divider su-divider-style-default\" style=\"margin:15px 0;border-width:2px;border-color:#000000\"><\/div>\n<h2 class=\"ds-markdown-paragraph\"><span style=\"color: #800000;\">\u010co je to \u013eudov\u00e1 architekt\u00fara v Silickej Jablonici a pre\u010do je v\u00fdnimo\u010dn\u00e1?<\/span><\/h2>\n<p class=\"ds-markdown-paragraph\"><strong>\u013dudov\u00e1 architekt\u00fara v Silickej Jablonici<\/strong> predstavuje unik\u00e1tny a najviac zachovan\u00fd s\u00fabor p\u00f4vodn\u00fdch ro\u013en\u00edckych domov typu Pal\u00f3c v celej oblasti Gemera, v\u00fdchodnej \u010dasti Abova a Slovensk\u00e9ho krasu. Tieto objekty s\u00fa typickou uk\u00e1\u017ekou \u013eudovej architekt\u00fary z konca 19. storo\u010dia a za\u010diatku 20. storo\u010dia.<\/p>\n<h2 class=\"ds-markdown-paragraph\"><span style=\"color: #800000;\">Ak\u00e1 je hist\u00f3ria obce Silick\u00e1 Jablonica?<\/span><\/h2>\n<p class=\"ds-markdown-paragraph\">Obec patrila v minulosti do Turnianskej a v 19. storo\u010d\u00ed do Abovsko-turnianskej \u017eupy.<\/p>\n<h2 class=\"ds-markdown-paragraph\"><span style=\"color: #800000;\">Ak\u00e9 typy \u013eudovej architekt\u00fary sa tu nach\u00e1dzaj\u00fa?<\/span><\/h2>\n<p class=\"ds-markdown-paragraph\">V obci s\u00fa dva hlavn\u00e9 typy domov, ktor\u00e9 maj\u00fa\u00a0<strong>typick\u00e9 znaky<\/strong>\u00a0charakteristick\u00e9 pre lokalitu Gemera.<\/p>\n<h2 class=\"ds-markdown-paragraph\"><span style=\"color: #800000;\">Ak\u00e9 s\u00fa domy z po\u010diatku 20. storo\u010dia?<\/span><\/h2>\n<p class=\"ds-markdown-paragraph\">Prv\u00fdm z nich s\u00fa domy zo za\u010diatku 20. storo\u010dia typick\u00e9 pre oblas\u0165 Gemera, Malohotu a Abova. Tieto\u00a0<strong>domy<\/strong>\u00a0dodr\u017eiavali tradi\u010dn\u00fa\u00a0<strong>trojpriestorov\u00fa sch\u00e9mu<\/strong>: izba \u2013 pitvor \u2013 komora, s raden\u00edm do h\u013abky pozemku.\u00a0<strong>Domy<\/strong>\u00a0predstavuj\u00face t\u00fato \u013eudov\u00fa architekt\u00faru maj\u00fa \u010d\u00edsla 3, 6, 7, 13, 18, 21, 23, 26, 43, 45, 51, 53, 57, 97, 98, 99, 100, 103, 105, 115, 123, 148, 149 a 163.<\/p>\n<h2 class=\"ds-markdown-paragraph\"><span style=\"color: #800000;\">\u010co je to Pal\u00f3c a ak\u00e9 s\u00fa jeho \u0161pecifik\u00e1?<\/span><\/h2>\n<p class=\"ds-markdown-paragraph\">V obci sa zachovala aj typick\u00e1\u00a0<strong>\u013eudov\u00e1 architekt\u00fara<\/strong>\u00a0zalo\u017een\u00e1 na tradi\u010dnej kult\u00fare ma\u010farsk\u00e9ho \u013eudu na pomedz\u00ed dne\u0161n\u00e9ho Ma\u010farska a Slovenska naz\u00fdvanou\u00a0<strong>Pal\u00f3c<\/strong>. Pal\u00f3c (ma\u010f. Pal\u00f3cok) je n\u00e1re\u010dov\u00e1 oblas\u0165 s vlastnou\u00a0<strong>architekt\u00farou<\/strong>\u00a0a zvykmi na severe Ma\u010farska a juhu Slovenska (\u00fazemie Heve\u0161skej, Bor\u0161odskej, Gemerskej, Novohradskej \u017eupy a z\u00e1padnej \u010dasti Abova), ktor\u00e1 sa nach\u00e1dza medzi riekami V\u00e1h, Dunaj a Bodva.<\/p>\n<p class=\"ds-markdown-paragraph\">Medzi architektonicky hodnotn\u00fa stavbu typu\u00a0<strong>Pal\u00f3c<\/strong>\u00a0m\u00f4\u017eeme pova\u017eova\u0165 dom \u010d\u00edslo 11 z roku 1829, ktor\u00fd je evidovan\u00fd v evidencii n\u00e1rodn\u00fdch kult\u00farnych pamiatok na Slovensku. \u010eal\u0161ie\u00a0<strong>domy<\/strong>\u00a0predstavuj\u00face typick\u00fa \u013eudov\u00fa architekt\u00faru typu\u00a0<strong>Pal\u00f3c<\/strong> maj\u00fa \u010d\u00edsla 4, 8, 9, 10, 11, 12, 17, 22, 65, 68, 70, 95, 102, 104, 107, 116, 119, 124 a 136.<\/p>\n<h2 class=\"ds-markdown-paragraph\"><span style=\"color: #800000;\">Ako s\u00fa tieto \u013eudov\u00e9 domy stavebne kon\u0161truovan\u00e9?<\/span><\/h2>\n<p class=\"ds-markdown-paragraph\">Ide o\u00a0<strong>murovan\u00e9 domy<\/strong>\u00a0z kame\u0148a alebo z nep\u00e1lenej tehly s bohato zdoben\u00fdmi dreven\u00fdmi alebo murovan\u00fdmi pristavan\u00fdmi st\u013apov\u00fdmi podstienkami v dvorovej \u010dasti fas\u00e1dy. Vpredu je obytn\u00fd dom a za n\u00edm hospod\u00e1rske objekty pod spolo\u010dnou strechou. Tieto\u00a0<strong>\u013eudov\u00e9 domy<\/strong> s\u00fa postaven\u00e9 zo su\u0161en\u00fdch teh\u00e1l alebo kame\u0148a.<\/p>\n<h2 class=\"ds-markdown-paragraph\"><span style=\"color: #800000;\">Ak\u00e9 s\u00fa charakteristick\u00e9 \u010drty fas\u00e1d a \u0161t\u00edtov?<\/span><\/h2>\n<p class=\"ds-markdown-paragraph\">Typick\u00fdm znakom\u00a0<strong>architekt\u00fary<\/strong>\u00a0tohto regi\u00f3nu Gemera s\u00fa\u00a0<strong>domy<\/strong> s prvkami \u013eudov\u00e9ho klasicizmu a secesie so sedlovou strechou. Vyzna\u010duj\u00fa sa najm\u00e4 vyrez\u00e1van\u00fdmi dreven\u00fdmi alebo murovan\u00fdmi st\u013apov\u00fdmi podstienkami s pavla\u010dami, vyzdoben\u00fdmi prie\u010deliami, \u0161t\u00edtmi s bohatou ornament\u00e1lnou v\u00fdzdobou, s \u010delnou gal\u00e9riou a s\u00fa orientovan\u00e9 pov\u00e4\u010d\u0161ine prie\u010del\u00edm do ulice.<\/p>\n<h2 class=\"ds-markdown-paragraph\"><span style=\"color: #800000;\">\u010co je to portiko a podstienok?<\/span><\/h2>\n<p class=\"ds-markdown-paragraph\">Vyskytuj\u00fa sa tu bu\u010f typy domov s takzvan\u00fdm\u00a0<strong>portikom<\/strong>\u00a0(st\u013apov\u00e1 predsie\u0148 pred hlavn\u00fdm vchodom domu) alebo\u00a0<strong>podstienkom<\/strong> (dreven\u00fdmi alebo murovan\u00fdmi st\u013apikmi, ktor\u00e9 lemuj\u00fa cel\u00fa d\u013a\u017eku domu). Niektor\u00e9 domy maj\u00fa vstupn\u00fa br\u00e1nu a oplotenie zal\u00edcovan\u00e9 s m\u00farom fas\u00e1dy.<\/p>\n<h2 class=\"ds-markdown-paragraph\"><span style=\"color: #800000;\">Ak\u00fd bol p\u00f4vodn\u00fd vzh\u013ead a ak\u00e9 s\u00fa typick\u00e9 v\u00fdzdobn\u00e9 prvky?<\/span><\/h2>\n<p class=\"ds-markdown-paragraph\">V minulosti boli strechy\u00a0<strong>p\u00f4vodn\u00fdch domov<\/strong>\u00a0pokryt\u00e9 slamou. Typick\u00e9 biele st\u013aporadia\u00a0<strong>podstienkov<\/strong>, pod ktor\u00fdmi sa v lete su\u0161ia girlandy \u010dervenej papriky a trsy zlato\u017eltej kukurice, sa nach\u00e1dzaj\u00fa na juhu cel\u00e9ho Gemera. Niektor\u00e9 domy maj\u00fa e\u0161te dodnes zdoben\u00e9, vyrez\u00e1van\u00e9 p\u00f4vodn\u00e9 okn\u00e1 a to bu\u010f \u0161paletov\u00e9 alebo kastlov\u00e9.<\/p>\n<h2 class=\"ds-markdown-paragraph\"><span style=\"color: #800000;\">Ako sa vyv\u00edjali stre\u0161n\u00e9 krytiny?<\/span><\/h2>\n<p class=\"ds-markdown-paragraph\">Strechy\u00a0<strong>p\u00f4vodn\u00fdch domov<\/strong> boli pokryt\u00e9 do 20. storo\u010dia pov\u00e4\u010d\u0161ine so \u0161ind\u013eovou krytinou. Za\u010diatkom 20. storo\u010dia sa za\u010dali vyu\u017e\u00edva\u0165 p\u00e1len\u00e9 krytiny, bridlicov\u00e9 krytiny, krytiny z eternitu a plechov\u00e9 p\u00e1sy.<\/p>\n<h2 class=\"ds-markdown-paragraph\"><span style=\"color: #800000;\">\u010co s\u00fa to \u0161paletov\u00e9 a kastlov\u00e9 okn\u00e1?<\/span><\/h2>\n<p class=\"ds-markdown-paragraph\"><strong>\u0160paletov\u00e9 a kastlov\u00e9 okn\u00e1<\/strong>\u00a0s\u00fa dvojdielne okn\u00e1, ktor\u00e9 maj\u00fa vonkaj\u0161ie aj vn\u00fatorn\u00e9 kr\u00eddla a medzi nimi je \u010das\u0165 okenn\u00e9ho v\u00fdklenku (\u0161paleta). Pri\u00a0<strong>kastlov\u00fdch okn\u00e1ch<\/strong>\u00a0sa otv\u00e1raj\u00fa vonkaj\u0161ie kr\u00eddla dovn\u00fatra, pri\u00a0<strong>\u0161paletov\u00fdch<\/strong>\u00a0von.\u00a0<strong>\u0160paletov\u00e9 (skrinkov\u00e9) okn\u00e1<\/strong> maj\u00fa z\u00e1sadn\u00fa v\u00fdhodu vo vyu\u017eite\u013enosti medziokenn\u00e9ho priestoru, napr\u00edklad na kvety.<\/p>\n<h2 class=\"ds-markdown-paragraph\"><span style=\"color: #800000;\">Ako vyzeralo vn\u00fatorn\u00e9 usporiadanie a vybavenie?<\/span><\/h2>\n<p class=\"ds-markdown-paragraph\">V izb\u00e1ch bola hlinen\u00e1 podlaha vymazan\u00e1 blatom s plevami.<\/p>\n<h2 class=\"ds-markdown-paragraph\"><span style=\"color: #800000;\">Ak\u00e9 boli priestorov\u00e9 sch\u00e9my t\u00fdchto domov?<\/span><\/h2>\n<p class=\"ds-markdown-paragraph\"><strong>Dvojpriestorov\u00fd dom<\/strong>\u00a0pozost\u00e1val z jednej izby a pitvora. S\u00fa\u010das\u0165ou pitvora mohla by\u0165 aj tzv. pitvorov\u00e1 kom\u00f4rka, ktor\u00e1 vznikla predelen\u00edm priestoru pozd\u013a\u017enou prie\u010dkou zo zadn\u00e9ho priestoru (vznikol tak tret\u00ed priestor).\u00a0<strong>Trojpriestorov\u00fd dom<\/strong>\u00a0pozost\u00e1val z izby \u2013 pitvora (bud\u00faca kuchy\u0148a) \u2013 komora, s raden\u00edm do h\u013abky pozemku alebo miestami aj s orient\u00e1ciou pozd\u013a\u017e ulice. Vstupn\u00fdm priestorom bol pitvor s pecou a otvoren\u00fdm ohniskom, z ktor\u00e9ho dym vych\u00e1dzal na povalu. Z pitvora sa vch\u00e1dzalo do prednej izby a do komory. Za\u010diatkom 20. storo\u010dia bolo zau\u017e\u00edvan\u00e9 stavanie domov so \u0161tvordielnym priestorov\u00fdm \u010dlenen\u00edm (predn\u00e1 izba-kuchy\u0148a-zadn\u00e1 izba-komora).<\/p>\n<h2><span style=\"color: #800000;\">Fotogal\u00e9ria<\/span><\/h2>\n<style type=\"text\/css\">\n#foogallery-gallery-28841 .fg-image { width: 200px; }<\/style>\n\t\t\t<div class=\"foogallery foogallery-container foogallery-carousel foogallery-lightbox-foogallery fg-carousel fg-ready fg-light fg-border-medium fg-round-small fg-shadow-medium fg-loading-default fg-loaded-fade-in fg-hover-semi-zoomed fg-hover-fade fg-hover-circle-plus2\" id=\"foogallery-gallery-28841\" data-foogallery=\"{&quot;item&quot;:{&quot;showCaptionTitle&quot;:true,&quot;showCaptionDescription&quot;:true},&quot;lazy&quot;:true,&quot;template&quot;:{&quot;maxItems&quot;:5,&quot;scale&quot;:0.11999999999999999555910790149937383830547332763671875,&quot;gutter&quot;:{&quot;min&quot;:-40,&quot;max&quot;:-20,&quot;unit&quot;:&quot;%&quot;},&quot;autoplay&quot;:{&quot;time&quot;:0,&quot;interaction&quot;:&quot;pause&quot;},&quot;centerOnClick&quot;:true,&quot;align&quot;:&quot;center&quot;,&quot;activePosition&quot;:&quot;center&quot;}}\" data-foogallery-lightbox=\"{&quot;thumbs&quot;:&quot;bottom&quot;,&quot;thumbsCaptions&quot;:false,&quot;thumbsBestFit&quot;:false,&quot;thumbsSmall&quot;:false,&quot;thumbsCaptionsAlign&quot;:&quot;default&quot;,&quot;info&quot;:&quot;bottom&quot;,&quot;infoVisible&quot;:true,&quot;infoOverlay&quot;:true,&quot;infoAlign&quot;:&quot;default&quot;,&quot;transition&quot;:&quot;fade&quot;,&quot;hoverButtons&quot;:false,&quot;fitMedia&quot;:false,&quot;noScrollbars&quot;:true,&quot;preserveButtonSpace&quot;:true,&quot;buttons&quot;:{&quot;fullscreen&quot;:true,&quot;info&quot;:true,&quot;thumbs&quot;:false},&quot;video&quot;:{&quot;autoPlay&quot;:true}}\" style=\"--fg-title-line-clamp: 0; --fg-description-line-clamp: 0;\" >\n\t<button type=\"button\" class=\"fg-carousel-prev\" title=\"Previous\"><\/button>\n\t<div class=\"fg-carousel-inner\">\n\t\t<div class=\"fg-carousel-center\"><\/div>\n\t\t<div class=\"fg-item fg-type-image fg-idle\"><figure class=\"fg-item-inner\"><a href=\"https:\/\/www.slovensky-kras.eu\/info\/wp-content\/uploads\/2020\/11\/silicka-jablonica9.jpg\" data-attachment-id=\"18166\" data-type=\"image\" class=\"fg-thumb\"><span class=\"fg-image-wrap\"><img decoding=\"async\" width=\"200\" height=\"200\" class=\"skip-lazy fg-image\" data-src-fg=\"https:\/\/www.slovensky-kras.eu\/info\/wp-content\/uploads\/cache\/2020\/11\/silicka-jablonica9\/4155145480.jpg\" src=\"data:image\/svg+xml,%3Csvg%20xmlns%3D%22http%3A%2F%2Fwww.w3.org%2F2000%2Fsvg%22%20width%3D%22200%22%20height%3D%22200%22%20viewBox%3D%220%200%20200%20200%22%3E%3C%2Fsvg%3E\" loading=\"eager\"><\/span><span class=\"fg-image-overlay\"><\/span><\/a><\/figure><div class=\"fg-loader\"><\/div><\/div><div class=\"fg-item fg-type-image fg-idle\"><figure class=\"fg-item-inner\"><a href=\"https:\/\/www.slovensky-kras.eu\/info\/wp-content\/uploads\/2020\/11\/silicka-jablonica8.jpg\" data-attachment-id=\"18165\" data-type=\"image\" class=\"fg-thumb\"><span class=\"fg-image-wrap\"><img decoding=\"async\" width=\"200\" height=\"200\" class=\"skip-lazy fg-image\" data-src-fg=\"https:\/\/www.slovensky-kras.eu\/info\/wp-content\/uploads\/cache\/2020\/11\/silicka-jablonica8\/2155405225.jpg\" src=\"data:image\/svg+xml,%3Csvg%20xmlns%3D%22http%3A%2F%2Fwww.w3.org%2F2000%2Fsvg%22%20width%3D%22200%22%20height%3D%22200%22%20viewBox%3D%220%200%20200%20200%22%3E%3C%2Fsvg%3E\" loading=\"eager\"><\/span><span class=\"fg-image-overlay\"><\/span><\/a><\/figure><div class=\"fg-loader\"><\/div><\/div><div class=\"fg-item fg-type-image fg-idle\"><figure class=\"fg-item-inner\"><a href=\"https:\/\/www.slovensky-kras.eu\/info\/wp-content\/uploads\/2013\/06\/silicka-jablonica.jpg\" data-attachment-id=\"8801\" data-type=\"image\" class=\"fg-thumb\"><span class=\"fg-image-wrap\"><img decoding=\"async\" alt=\"\u013dudov\u00e1 architekt\u00fara v Silickej Jablonici\" width=\"200\" height=\"200\" class=\"skip-lazy fg-image\" data-src-fg=\"https:\/\/www.slovensky-kras.eu\/info\/wp-content\/uploads\/cache\/2013\/06\/silicka-jablonica\/1558304083.jpg\" src=\"data:image\/svg+xml,%3Csvg%20xmlns%3D%22http%3A%2F%2Fwww.w3.org%2F2000%2Fsvg%22%20width%3D%22200%22%20height%3D%22200%22%20viewBox%3D%220%200%20200%20200%22%3E%3C%2Fsvg%3E\" loading=\"eager\"><\/span><span class=\"fg-image-overlay\"><\/span><\/a><\/figure><div class=\"fg-loader\"><\/div><\/div><div class=\"fg-item fg-type-image fg-idle\"><figure class=\"fg-item-inner\"><a href=\"https:\/\/www.slovensky-kras.eu\/info\/wp-content\/uploads\/2020\/11\/silicka-jablonica5.jpg\" data-attachment-id=\"18164\" data-type=\"image\" class=\"fg-thumb\"><span class=\"fg-image-wrap\"><img decoding=\"async\" width=\"200\" height=\"200\" class=\"skip-lazy fg-image\" data-src-fg=\"https:\/\/www.slovensky-kras.eu\/info\/wp-content\/uploads\/cache\/2020\/11\/silicka-jablonica5\/423563742.jpg\" src=\"data:image\/svg+xml,%3Csvg%20xmlns%3D%22http%3A%2F%2Fwww.w3.org%2F2000%2Fsvg%22%20width%3D%22200%22%20height%3D%22200%22%20viewBox%3D%220%200%20200%20200%22%3E%3C%2Fsvg%3E\" loading=\"eager\"><\/span><span class=\"fg-image-overlay\"><\/span><\/a><\/figure><div class=\"fg-loader\"><\/div><\/div><div class=\"fg-item fg-type-image fg-idle\"><figure class=\"fg-item-inner\"><a href=\"https:\/\/www.slovensky-kras.eu\/info\/wp-content\/uploads\/2020\/11\/silicka-jablonica2.jpg\" data-attachment-id=\"18155\" data-type=\"image\" class=\"fg-thumb\"><span class=\"fg-image-wrap\"><img decoding=\"async\" width=\"200\" height=\"200\" class=\"skip-lazy fg-image\" data-src-fg=\"https:\/\/www.slovensky-kras.eu\/info\/wp-content\/uploads\/cache\/2020\/11\/silicka-jablonica2\/1365315435.jpg\" src=\"data:image\/svg+xml,%3Csvg%20xmlns%3D%22http%3A%2F%2Fwww.w3.org%2F2000%2Fsvg%22%20width%3D%22200%22%20height%3D%22200%22%20viewBox%3D%220%200%20200%20200%22%3E%3C%2Fsvg%3E\" loading=\"eager\"><\/span><span class=\"fg-image-overlay\"><\/span><\/a><\/figure><div class=\"fg-loader\"><\/div><\/div>\t<\/div>\n\t<div class=\"fg-carousel-bottom\"><\/div>\n\t<div class=\"fg-carousel-progress\"><\/div>\n\t<button type=\"button\" class=\"fg-carousel-next\" title=\"Next\"><\/button>\n<\/div>\n<figure id=\"attachment_46522\" class=\"wp-caption aligncenter\" aria-describedby=\"caption-attachment-46522\"><\/figure>\n<h3><span style=\"color: #808000;\">Bl\u00edzke stredisko, turistick\u00e9 centrum, obec alebo mesto:<\/span><\/h3>\n<ul>\n<li><a href=\"http:\/\/www.slovensky-kras.eu\/info\/strediska-a-centra\/obec-silicka-jablonica\/\">Obec Silick\u00e1 Jablonica (\u010d\u00edtaj viac&#8230;)<\/a><\/li>\n<\/ul>\n<h2><span style=\"color: #800000;\">Mapy<\/span><\/h2>\n<p><strong>Vrstvy: <\/strong>Turistick\u00e1 mapa, Automapa, Cyklomapa, Ly\u017eiarska mapa, Satelitn\u00e1 mapa a OpenStreetMap.<\/p>\n<p><strong>Kliknut\u00edm na logo &#8222;Freemap.sk&#8220; sa V\u00e1m mapa zobraz\u00ed na celej ploche obrazovky.<\/strong><\/p>\n<p><iframe style=\"width: 900px; height: 600px; border: 0;\" src=\"https:\/\/www.freemap.sk\/?map=14\/48.558631\/20.610394&amp;info-point=48.558631\/20.610394,Obec Silick\u00e1 Jablonica&amp;layers=X&amp;embed=search\" allowfullscreen=\"allowfullscreen\"><span data-mce-type=\"bookmark\" style=\"display: inline-block; width: 0px; overflow: hidden; line-height: 0;\" class=\"mce_SELRES_start\">\ufeff<\/span><\/iframe><\/p>\n<h2><span style=\"color: #800000;\">Po\u010dasie<\/span><\/h2>\n<p><iframe style=\"width: 900px; height: 610px;\" src=\"https:\/\/www.meteoblue.com\/sk\/po%C4%8Dasie\/widget\/three\/silick%c3%a1-jablonica_slovensk%c3%a1-republika_723619?geoloc=fixed&amp;nocurrent=0&amp;noforecast=0&amp;days=6&amp;tempunit=CELSIUS&amp;windunit=KILOMETER_PER_HOUR&amp;layout=image\" frameborder=\"0\" scrolling=\"NO\" sandbox=\"allow-same-origin allow-scripts allow-popups allow-popups-to-escape-sandbox\"><span data-mce-type=\"bookmark\" style=\"display: inline-block; width: 0px; overflow: hidden; line-height: 0;\" class=\"mce_SELRES_start\">\ufeff<\/span><\/iframe><\/p>\n<div><!-- DO NOT REMOVE THIS LINK --><a href=\"https:\/\/www.meteoblue.com\/sk\/po%C4%8Dasie\/predpove%C4%8F\/t%C3%BD%C5%BEde%C5%88\/silick%c3%a1-jablonica_slovensk%c3%a1-republika_723619?utm_source=weather_widget&amp;utm_medium=linkus&amp;utm_content=three&amp;utm_campaign=Weather%2BWidget\" target=\"_blank\" rel=\"noopener noreferrer\">meteoblue<\/a><\/div>\n<p>&nbsp;<\/p>\n","protected":false},"excerpt":{"rendered":"<p>Menu: Podkateg\u00f3ria: \u010co je to \u013eudov\u00e1 architekt\u00fara v Silickej Jablonici a pre\u010do je v\u00fdnimo\u010dn\u00e1? \u013dudov\u00e1 architekt\u00fara v Silickej Jablonici predstavuje unik\u00e1tny a najviac zachovan\u00fd s\u00fabor p\u00f4vodn\u00fdch ro\u013en\u00edckych domov typu Pal\u00f3c [&hellip;]<\/p>\n","protected":false},"author":1,"featured_media":8801,"parent":15,"menu_order":0,"comment_status":"closed","ping_status":"open","template":"","meta":{"_uag_custom_page_level_css":"","footnotes":""},"class_list":["post-688","page","type-page","status-publish","has-post-thumbnail","hentry"],"featured_image_src":"https:\/\/www.slovensky-kras.eu\/info\/wp-content\/uploads\/2013\/06\/silicka-jablonica.jpg","featured_image_src_square":"https:\/\/www.slovensky-kras.eu\/info\/wp-content\/uploads\/2013\/06\/silicka-jablonica.jpg","rbea_author_info":{"display_name":"admin","author_link":"https:\/\/www.slovensky-kras.eu\/info\/author\/admin\/"},"rbea_excerpt_info":"Menu: Podkateg\u00f3ria: \u010co je to \u013eudov\u00e1 architekt\u00fara v Silickej Jablonici a pre\u010do je v\u00fdnimo\u010dn\u00e1? \u013dudov\u00e1 architekt\u00fara v Silickej Jablonici predstavuje unik\u00e1tny a najviac zachovan\u00fd s\u00fabor p\u00f4vodn\u00fdch ro\u013en\u00edckych domov typu Pal\u00f3c [&hellip;]","uagb_featured_image_src":{"full":["https:\/\/www.slovensky-kras.eu\/info\/wp-content\/uploads\/2013\/06\/silicka-jablonica.jpg",1707,1280,false],"thumbnail":["https:\/\/www.slovensky-kras.eu\/info\/wp-content\/uploads\/2013\/06\/silicka-jablonica-150x150.jpg",150,150,true],"medium":["https:\/\/www.slovensky-kras.eu\/info\/wp-content\/uploads\/2013\/06\/silicka-jablonica-800x600.jpg",800,600,true],"medium_large":["https:\/\/www.slovensky-kras.eu\/info\/wp-content\/uploads\/2013\/06\/silicka-jablonica-768x576.jpg",768,576,true],"large":["https:\/\/www.slovensky-kras.eu\/info\/wp-content\/uploads\/2013\/06\/silicka-jablonica-1024x768.jpg",1024,768,true],"1536x1536":["https:\/\/www.slovensky-kras.eu\/info\/wp-content\/uploads\/2013\/06\/silicka-jablonica-1536x1152.jpg",1536,1152,true],"2048x2048":["https:\/\/www.slovensky-kras.eu\/info\/wp-content\/uploads\/2013\/06\/silicka-jablonica.jpg",1707,1280,false]},"uagb_author_info":{"display_name":"admin","author_link":"https:\/\/www.slovensky-kras.eu\/info\/author\/admin\/"},"uagb_comment_info":0,"uagb_excerpt":"Menu: Podkateg\u00f3ria: \u010co je to \u013eudov\u00e1 architekt\u00fara v Silickej Jablonici a pre\u010do je v\u00fdnimo\u010dn\u00e1? \u013dudov\u00e1 architekt\u00fara v Silickej Jablonici predstavuje unik\u00e1tny a najviac zachovan\u00fd s\u00fabor p\u00f4vodn\u00fdch ro\u013en\u00edckych domov typu Pal\u00f3c [&hellip;]","_links":{"self":[{"href":"https:\/\/www.slovensky-kras.eu\/info\/wp-json\/wp\/v2\/pages\/688","targetHints":{"allow":["GET"]}}],"collection":[{"href":"https:\/\/www.slovensky-kras.eu\/info\/wp-json\/wp\/v2\/pages"}],"about":[{"href":"https:\/\/www.slovensky-kras.eu\/info\/wp-json\/wp\/v2\/types\/page"}],"author":[{"embeddable":true,"href":"https:\/\/www.slovensky-kras.eu\/info\/wp-json\/wp\/v2\/users\/1"}],"replies":[{"embeddable":true,"href":"https:\/\/www.slovensky-kras.eu\/info\/wp-json\/wp\/v2\/comments?post=688"}],"version-history":[{"count":29,"href":"https:\/\/www.slovensky-kras.eu\/info\/wp-json\/wp\/v2\/pages\/688\/revisions"}],"predecessor-version":[{"id":28843,"href":"https:\/\/www.slovensky-kras.eu\/info\/wp-json\/wp\/v2\/pages\/688\/revisions\/28843"}],"up":[{"embeddable":true,"href":"https:\/\/www.slovensky-kras.eu\/info\/wp-json\/wp\/v2\/pages\/15"}],"wp:featuredmedia":[{"embeddable":true,"href":"https:\/\/www.slovensky-kras.eu\/info\/wp-json\/wp\/v2\/media\/8801"}],"wp:attachment":[{"href":"https:\/\/www.slovensky-kras.eu\/info\/wp-json\/wp\/v2\/media?parent=688"}],"curies":[{"name":"wp","href":"https:\/\/api.w.org\/{rel}","templated":true}]}}