{"id":6634,"date":"2015-06-23T18:12:26","date_gmt":"2015-06-23T16:12:26","guid":{"rendered":"http:\/\/www.slovensky-kras.eu\/info\/?page_id=6634"},"modified":"2025-11-28T08:43:19","modified_gmt":"2025-11-28T07:43:19","slug":"muzeum-kinematografie-rodiny-schusterovej-v-medzeve","status":"publish","type":"page","link":"https:\/\/www.slovensky-kras.eu\/info\/muzeum-kinematografie-rodiny-schusterovej-v-medzeve\/","title":{"rendered":"M\u00fazeum kinematografie rodiny Schusterovej v Medzeve"},"content":{"rendered":"<p><strong>Menu: <\/strong><a href=\"http:\/\/www.slovensky-kras.eu\/info\/\" class=\"su-button su-button-style-default\" style=\"color:#000000;background-color:#FFCF2F;border-color:#cca626;border-radius:5px\" target=\"_self\"><span style=\"color:#000000;padding:6px 16px;font-size:13px;line-height:20px;border-color:#ffde6e;border-radius:5px;text-shadow:none\"><i class=\"sui sui-arrow-right\" style=\"font-size:13px;color:#000000\"><\/i>  \u00davod \/ Aktuality <\/span><\/a>\n<a href=\"http:\/\/www.slovensky-kras.eu\/info\/muzea-kutlura-a-umenie\/\" class=\"su-button su-button-style-default\" style=\"color:#000000;background-color:#FFCF2F;border-color:#cca626;border-radius:5px\" target=\"_self\"><span style=\"color:#000000;padding:6px 16px;font-size:13px;line-height:20px;border-color:#ffde6e;border-radius:5px;text-shadow:none\"><i class=\"sui sui-arrow-right\" style=\"font-size:13px;color:#000000\"><\/i>  M\u00faze\u00e1, kutl\u00fara a &#8230; <\/span><\/a>\n<div class=\"su-divider su-divider-style-default\" style=\"margin:15px 0;border-width:2px;border-color:#000000\"><\/div>\n<div class=\"su-divider su-divider-style-default\" style=\"margin:15px 0;border-width:2px;border-color:#000000\"><\/div>\n<strong>Expoz\u00edcie Technick\u00e9ho m\u00fazea<\/strong><br \/>\n<div class=\"su-divider su-divider-style-default\" style=\"margin:15px 0;border-width:2px;border-color:#000000\"><\/div>\n<figure id=\"attachment_18490\" aria-describedby=\"caption-attachment-18490\" style=\"width: 900px\" class=\"wp-caption aligncenter\"><a href=\"https:\/\/www.slovensky-kras.eu\/info\/wp-content\/uploads\/2020\/12\/suster21.jpg\"><img loading=\"lazy\" decoding=\"async\" class=\"wp-image-18490\" src=\"http:\/\/www.slovensky-kras.eu\/info\/wp-content\/uploads\/2020\/12\/suster21.jpg\" alt=\"M\u00fazeum kinematografie rodiny Schusterovej\" width=\"900\" height=\"673\" srcset=\"https:\/\/www.slovensky-kras.eu\/info\/wp-content\/uploads\/2020\/12\/suster21.jpg 800w, https:\/\/www.slovensky-kras.eu\/info\/wp-content\/uploads\/2020\/12\/suster21-768x574.jpg 768w\" sizes=\"auto, (max-width: 900px) 100vw, 900px\" \/><\/a><figcaption id=\"caption-attachment-18490\" class=\"wp-caption-text\">M\u00fazeum kinematografie rodiny Schusterovej<\/figcaption><\/figure>\n<div class=\"su-divider su-divider-style-default\" style=\"margin:15px 0;border-width:2px;border-color:#000000\"><\/div>\n<h2 dir=\"auto\"><span style=\"color: #800000;\">\u010co je <strong>M\u00fazeum kinematografie rodiny Schusterovej v Medzeve<\/strong> a pre\u010do by ste ho mali nav\u0161t\u00edvi\u0165?<\/span><\/h2>\n<p dir=\"auto\"><strong>M\u00fazeum kinematografie rodiny Schusterovej v Medzeve<\/strong> je ofici\u00e1lna vysunut\u00e1 expoz\u00edcia Slovensk\u00e9ho technick\u00e9ho m\u00fazea a jedine\u010dn\u00e9 miesto na Slovensku, ktor\u00e9 dokumentuje priekopn\u00edctvo dokument\u00e1rneho filmu prostredn\u00edctvom zbierky <strong>kinematografick\u00fdch pr\u00edstrojov<\/strong> vytvorenej tromi gener\u00e1ciami rodiny Schusterovej. N\u00e1v\u0161tevn\u00edci tu za\u017eij\u00fa fascinuj\u00faci pr\u00edbeh od \u00fapln\u00fdch po\u010diatkov filmu a\u017e po modern\u00fa \u00e9ru, spojen\u00fd s \u017eivou uk\u00e1\u017ekou tradi\u010dn\u00e9ho medzevsk\u00e9ho h\u00e1morn\u00edctva.<\/p>\n<h2 dir=\"auto\"><span style=\"color: #800000;\">Kto zalo\u017eil <strong>M\u00fazeum kinematografie rodiny Schusterovej v Medzeve<\/strong>?<\/span><\/h2>\n<p dir=\"auto\">Rudolf Schuster u\u017e od mladosti nad\u0161ene fotil a zbiera\u0165 historick\u00fa <strong>kinematografick\u00fa techniku<\/strong> za\u010dal s jasn\u00fdm cie\u013eom \u2013 vytvori\u0165 pam\u00e4tn\u00fa izbu v rodnom dome v Medzeve. T\u00fdmto gestom chcel vzda\u0165 hold prvej zahrani\u010dnej slovenskej amat\u00e9rskej film\u00e1rskej exped\u00edcii v rokoch 1927\u20131928, ktor\u00e1 prenikla do vn\u00fatrozemia Braz\u00edlie. \u010clenmi tejto odv\u00e1\u017enej v\u00fdpravy boli Alojz Schuster, J\u00e1n Benedik a Michal Benedik.<\/p>\n<h2 dir=\"auto\"><span style=\"color: #800000;\">Ak\u00e9 najvz\u00e1cnej\u0161ie <strong>expon\u00e1ty<\/strong> n\u00e1jdem v <strong>M\u00fazeu kinematografie rodiny Schusterovej v Medzeve<\/strong>?<\/span><\/h2>\n<p dir=\"auto\"><strong>Zbierka je v\u00fdsledkom celo\u017eivotn\u00e9ho \u00fasilia troch gener\u00e1ci\u00ed rodiny Schusterovej a obsahuje:<\/strong><\/p>\n<ul dir=\"auto\">\n<li>takmer 20 unik\u00e1tnych dreven\u00fdch <strong>filmov\u00fdch kamier bratov Lumi\u00e8re<\/strong> star\u00fdch vy\u0161e 100 rokov<\/li>\n<li>vz\u00e1cne fotoapar\u00e1ty a \u010fal\u0161ie <strong>kinematografick\u00e9 pr\u00edstroje<\/strong> od camera obscura a\u017e po modern\u00fa techniku<\/li>\n<li>artefakty z ciest rodiny Schusterovej po celom svete<\/li>\n<li>osobn\u00e9 dary prezidentov (napr. V\u00e1clav Havel, Johannes Rau, Alexander Kwa\u015bniewski, Leonid Ku\u010dma, Thomas Klestil) a panovn\u00edkov (\u0161v\u00e9dsky kr\u00e1\u013e Carl XVI Gustaf, monack\u00fd princ Albert II. a \u010fal\u0161\u00ed)<\/li>\n<\/ul>\n<p dir=\"auto\">Expoz\u00edcia tak dokonale mapuje v\u00fdvoj filmu s osobitn\u00fdm d\u00f4razom na <strong>slovensk\u00fa hist\u00f3riu dokument\u00e1rneho filmu<\/strong>.<\/p>\n<h2 dir=\"auto\"><span style=\"color: #800000;\">Ak\u00e9 <strong>historick\u00e9 filmov\u00e9 kamery<\/strong> a projektory tu uvid\u00edm?<\/span><\/h2>\n<p dir=\"auto\"><strong>Kolekcia obsahuje:<\/strong><\/p>\n<ul dir=\"auto\">\n<li>dreven\u00e9 <strong>filmov\u00e9 kamery<\/strong> na 35 mm film zo za\u010diatku 20. storo\u010dia<\/li>\n<li>sn\u00edmacie kamery z 30. rokov 20. storo\u010dia<\/li>\n<li>amat\u00e9rske aj profesion\u00e1lne kamery na 8 mm a 16 mm film<\/li>\n<li>farebn\u00e9 telev\u00edzne kamery<\/li>\n<li>sl\u00e1vne zna\u010dky Path\u00e9, Ernemann, Ertel-Werke, Bagley, Prestwisch, Williamson, Eumig a mnoh\u00e9 \u010fal\u0161ie<\/li>\n<\/ul>\n<p dir=\"auto\">N\u00e1v\u0161tevn\u00edci obdivuj\u00fa aj **filmov\u00e9 projektory od roku 1900, stereoskopy, lampov\u00e9 skrine \u010di <strong>laternu magicu<\/strong> \u2013 ojedinel\u00e9 ru\u010dne ovl\u00e1dan\u00e9 pr\u00edstroje presvetlen\u00e9 petrolejov\u00fdmi lampami. Medzi \u0161pi\u010dku patria zna\u010dky Unger &amp; Hoffman, Edison Home Kinetoscope, Keystone, Zeiss \u010di Eumig z obdobia 1930\u20131940. Samozrejmos\u0165ou s\u00fa diaprojektory a \u010fal\u0161ie pom\u00f4cky pre film\u00e1rov.<\/p>\n<h2 dir=\"auto\"><span style=\"color: #800000;\">\u010co v\u0161etko zah\u0155\u0148a zbierka <strong>fotografick\u00fdch pr\u00edstrojov<\/strong>?<\/span><\/h2>\n<p dir=\"auto\">Expoz\u00edcia predstavuje v\u0161etky z\u00e1kladn\u00e9 kon\u0161truk\u010dn\u00e9 typy \u2013 od jednoduch\u00fdch boxov, cez jednook\u00e9 a dvojook\u00e9 zrkadlovky a\u017e po profesion\u00e1lne pr\u00edstroje pou\u017e\u00edvan\u00e9 e\u0161te ned\u00e1vno. Najstar\u0161ie kusy poch\u00e1dzaj\u00fa u\u017e z roku 1890. Zast\u00fapenie maj\u00fa v\u00fdrobcovia Voigtl\u00e4nder, Goldwein, Eastman Kodak, Yashica, Keystone, Ernemann, Agfa a \u010fal\u0161\u00ed.<\/p>\n<h2 dir=\"auto\"><span style=\"color: #800000;\">Ak\u00fa exteri\u00e9rov\u00fa expoz\u00edciu tradi\u010dn\u00e9ho <strong>h\u00e1morn\u00edctva a kov\u00e1\u010dstva<\/strong> pon\u00faka <strong>M\u00fazeum kinematografie rodiny Schusterovej v Medzeve<\/strong>?<\/span><\/h2>\n<p dir=\"auto\">V exteri\u00e9ri (dvore a z\u00e1hrade) sa nach\u00e1dza rozsiahla expoz\u00edcia venovan\u00e1 <strong>h\u00e1morn\u00edctvu<\/strong> a <strong>kov\u00e1\u010dstvu<\/strong>, ktor\u00e1 dokumentuje tradi\u010dn\u00e9 remesl\u00e1 \u0160ugovskej doline a Medzeve.<\/p>\n<p dir=\"auto\"><strong>Zah\u0155\u0148a:<\/strong><\/p>\n<ul dir=\"auto\">\n<li>funk\u010dn\u00fd <strong>vodn\u00fd h\u00e1mor<\/strong> s uzavret\u00fdm kolobehom vody, kov\u00e1\u010dsku vyh\u0148u s d\u00fachadlom, h\u00e1morn\u00edckymi kladivami a kov\u00e1\u010dskym n\u00e1rad\u00edm (celkovo 65 ks expon\u00e1tov)<\/li>\n<li>kovan\u00e9 dobov\u00e9 po\u013enohospod\u00e1rske n\u00e1stroje \u2013 lopaty, motyky a \u010fal\u0161ie predmety ka\u017edodenn\u00e9ho \u017eivota h\u00e1morn\u00edkov<\/li>\n<li>v zadnej \u010dasti z\u00e1hrady pam\u00e4tn\u00edky za\u0161l\u00fdch \u010dias: ve\u013ek\u00e9 koles\u00e1 vodn\u00fdch h\u00e1mrov, br\u00fasne kamene, buchary a origin\u00e1lne s\u00fa\u010diastky<\/li>\n<\/ul>\n<h2 dir=\"auto\"><span style=\"color: #800000;\">Kedy bolo <strong>M\u00fazeum kinematografie rodiny Schusterovej v Medzeve<\/strong> otvoren\u00e9 pre verejnos\u0165?<\/span><\/h2>\n<p dir=\"auto\">Po kompletnej inventariz\u00e1cii a prevode zbierky do fondu Slovensk\u00e9ho technick\u00e9ho m\u00fazea bolo m\u00fazeum sl\u00e1vnostne spr\u00edstupnen\u00e9 1. novembra 2007 a odvtedy m\u00e1 <strong>celoro\u010dn\u00fa prev\u00e1dzku<\/strong>.<\/p>\n<h2 dir=\"auto\"><span style=\"color: #800000;\">Pre\u010do je <strong>M\u00fazeum kinematografie rodiny Schusterovej v Medzeve<\/strong> v\u00fdnimo\u010dn\u00e9?<\/span><\/h2>\n<p dir=\"auto\">Svojou bohatos\u0165ou, trojgenera\u010dn\u00fdm rodinn\u00fdm pr\u00edbehom a jedine\u010dn\u00fdm spojen\u00edm <strong>hist\u00f3rie filmu<\/strong> s <strong>medzevsk\u00fdm h\u00e1morn\u00edctvom<\/strong> sa pr\u00e1vom rad\u00ed medzi najzauj\u00edmavej\u0161ie a najojedinelej\u0161ie m\u00faze\u00e1 na Slovensku.<\/p>\n<h2><span style=\"color: #800000;\">Otv\u00e1racie hodiny a vstupn\u00e9<\/span><\/h2>\n<ul>\n<li><a href=\"https:\/\/www.slovensky-kras.eu\/info\/stm-muzeum-kinematografie-rodiny-schusterovej-v-medzeve-otvaracie-hodiny-a-vstupne-program\/\" target=\"_blank\" rel=\"nofollow noopener\">M\u00fazeum kinematografie rodiny Schusterovej v Medzeve otv\u00e1racie hodiny a vstupn\u00e9 (\u010d\u00edtaj viac info&#8230;)<\/a><\/li>\n<\/ul>\n<h2><span style=\"color: #800000;\">Fotogal\u00e9ria<\/span><\/h2>\n<style type=\"text\/css\">\n#foogallery-gallery-29069 .fg-image { width: 200px; }<\/style>\n\t\t\t<div class=\"foogallery foogallery-container foogallery-carousel foogallery-lightbox-foogallery fg-carousel fg-ready fg-light fg-border-medium fg-round-small fg-shadow-medium fg-loading-default fg-loaded-fade-in fg-hover-semi-zoomed fg-hover-fade fg-hover-circle-plus2\" id=\"foogallery-gallery-29069\" data-foogallery=\"{&quot;item&quot;:{&quot;showCaptionTitle&quot;:true,&quot;showCaptionDescription&quot;:true},&quot;lazy&quot;:true,&quot;template&quot;:{&quot;maxItems&quot;:5,&quot;scale&quot;:0.11999999999999999555910790149937383830547332763671875,&quot;gutter&quot;:{&quot;min&quot;:-40,&quot;max&quot;:-20,&quot;unit&quot;:&quot;%&quot;},&quot;autoplay&quot;:{&quot;time&quot;:0,&quot;interaction&quot;:&quot;pause&quot;},&quot;centerOnClick&quot;:true,&quot;align&quot;:&quot;center&quot;,&quot;activePosition&quot;:&quot;center&quot;}}\" data-foogallery-lightbox=\"{&quot;thumbs&quot;:&quot;bottom&quot;,&quot;thumbsCaptions&quot;:false,&quot;thumbsBestFit&quot;:false,&quot;thumbsSmall&quot;:false,&quot;thumbsCaptionsAlign&quot;:&quot;default&quot;,&quot;info&quot;:&quot;bottom&quot;,&quot;infoVisible&quot;:true,&quot;infoOverlay&quot;:true,&quot;infoAlign&quot;:&quot;default&quot;,&quot;transition&quot;:&quot;fade&quot;,&quot;hoverButtons&quot;:false,&quot;fitMedia&quot;:false,&quot;noScrollbars&quot;:true,&quot;preserveButtonSpace&quot;:true,&quot;buttons&quot;:{&quot;fullscreen&quot;:true,&quot;info&quot;:true,&quot;thumbs&quot;:false},&quot;video&quot;:{&quot;autoPlay&quot;:true}}\" style=\"--fg-title-line-clamp: 1; --fg-description-line-clamp: 2;\" >\n\t<button type=\"button\" class=\"fg-carousel-prev\" title=\"Previous\"><\/button>\n\t<div class=\"fg-carousel-inner\">\n\t\t<div class=\"fg-carousel-center\"><\/div>\n\t\t<div class=\"fg-item fg-type-image fg-idle\"><figure class=\"fg-item-inner\"><a href=\"https:\/\/www.slovensky-kras.eu\/info\/wp-content\/uploads\/2020\/12\/suster.jpg\" data-attachment-id=\"18492\" data-type=\"image\" class=\"fg-thumb\"><span class=\"fg-image-wrap\"><img decoding=\"async\" alt=\"M\u00fazeum kinematografie rodiny Schusterovej v Medzeve\" width=\"200\" height=\"200\" class=\"skip-lazy fg-image\" data-src-fg=\"https:\/\/www.slovensky-kras.eu\/info\/wp-content\/uploads\/cache\/2020\/12\/suster\/21849941.jpg\" src=\"data:image\/svg+xml,%3Csvg%20xmlns%3D%22http%3A%2F%2Fwww.w3.org%2F2000%2Fsvg%22%20width%3D%22200%22%20height%3D%22200%22%20viewBox%3D%220%200%20200%20200%22%3E%3C%2Fsvg%3E\" loading=\"eager\"><\/span><span class=\"fg-image-overlay\"><\/span><\/a><\/figure><div class=\"fg-loader\"><\/div><\/div><div class=\"fg-item fg-type-image fg-idle\"><figure class=\"fg-item-inner\"><a href=\"https:\/\/www.slovensky-kras.eu\/info\/wp-content\/uploads\/2020\/12\/suster3.jpg\" data-attachment-id=\"18491\" data-type=\"image\" class=\"fg-thumb\"><span class=\"fg-image-wrap\"><img decoding=\"async\" width=\"200\" height=\"200\" class=\"skip-lazy fg-image\" data-src-fg=\"https:\/\/www.slovensky-kras.eu\/info\/wp-content\/uploads\/cache\/2020\/12\/suster3\/1409959172.jpg\" src=\"data:image\/svg+xml,%3Csvg%20xmlns%3D%22http%3A%2F%2Fwww.w3.org%2F2000%2Fsvg%22%20width%3D%22200%22%20height%3D%22200%22%20viewBox%3D%220%200%20200%20200%22%3E%3C%2Fsvg%3E\" loading=\"eager\"><\/span><span class=\"fg-image-overlay\"><\/span><\/a><\/figure><div class=\"fg-loader\"><\/div><\/div><div class=\"fg-item fg-type-image fg-idle\"><figure class=\"fg-item-inner\"><a href=\"https:\/\/www.slovensky-kras.eu\/info\/wp-content\/uploads\/2020\/12\/suster21.jpg\" data-attachment-id=\"18490\" data-type=\"image\" class=\"fg-thumb\"><span class=\"fg-image-wrap\"><img decoding=\"async\" alt=\"M\u00fazeum kinematografie rodiny Schusterovej\" width=\"200\" height=\"200\" class=\"skip-lazy fg-image\" data-src-fg=\"https:\/\/www.slovensky-kras.eu\/info\/wp-content\/uploads\/cache\/2020\/12\/suster21\/1055797909.jpg\" src=\"data:image\/svg+xml,%3Csvg%20xmlns%3D%22http%3A%2F%2Fwww.w3.org%2F2000%2Fsvg%22%20width%3D%22200%22%20height%3D%22200%22%20viewBox%3D%220%200%20200%20200%22%3E%3C%2Fsvg%3E\" loading=\"eager\"><\/span><span class=\"fg-image-overlay\"><\/span><\/a><\/figure><div class=\"fg-loader\"><\/div><\/div>\t<\/div>\n\t<div class=\"fg-carousel-bottom\"><\/div>\n\t<div class=\"fg-carousel-progress\"><\/div>\n\t<button type=\"button\" class=\"fg-carousel-next\" title=\"Next\"><\/button>\n<\/div>\n<h3><span style=\"color: #808000;\">Bl\u00edzke stredisko, turistick\u00e9 centrum, obec alebo mesto:<\/span><\/h3>\n<ul>\n<li><a href=\"http:\/\/www.slovensky-kras.eu\/info\/strediska-a-centra\/mesto-medzev\/\">Mesto Medzev (\u010d\u00edtaj viac&#8230;)<\/a><\/li>\n<\/ul>\n<h2><span style=\"color: #800000;\">Mapy<\/span><\/h2>\n<p><strong>Vrstvy: <\/strong>Turistick\u00e1 mapa, Automapa, Cyklomapa, Ly\u017eiarska mapa, Satelitn\u00e1 mapa a OpenStreetMap.<\/p>\n<p><strong>Kliknut\u00edm na logo &#8222;Freemap.sk&#8220; sa V\u00e1m mapa zobraz\u00ed na celej ploche obrazovky.<\/strong><\/p>\n<p><iframe style=\"width: 900px; height: 600px; border: 0;\" src=\"https:\/\/www.freemap.sk\/?map=14\/48.700790\/20.892434&amp;info-point=48.700790\/20.892434,Mesto Medzev&amp;layers=X&amp;embed=search\" allowfullscreen=\"allowfullscreen\"><span data-mce-type=\"bookmark\" style=\"display: inline-block; width: 0px; overflow: hidden; line-height: 0;\" class=\"mce_SELRES_start\">\ufeff<\/span><\/iframe><\/p>\n<h2><span style=\"color: #800000;\">Po\u010dasie<\/span><\/h2>\n<p><iframe style=\"width: 900px; height: 609px;\" src=\"https:\/\/www.meteoblue.com\/sk\/po%C4%8Dasie\/widget\/three\/medzev_slovensk%c3%a1-republika_724159?geoloc=fixed&amp;nocurrent=0&amp;noforecast=0&amp;days=6&amp;tempunit=CELSIUS&amp;windunit=KILOMETER_PER_HOUR&amp;layout=image\" frameborder=\"0\" scrolling=\"NO\" sandbox=\"allow-same-origin allow-scripts allow-popups allow-popups-to-escape-sandbox\"><span data-mce-type=\"bookmark\" style=\"display: inline-block; width: 0px; overflow: hidden; line-height: 0;\" class=\"mce_SELRES_start\">\ufeff<\/span><\/iframe><\/p>\n<div><!-- DO NOT REMOVE THIS LINK --><a href=\"https:\/\/www.meteoblue.com\/sk\/po%C4%8Dasie\/predpove%C4%8F\/t%C3%BD%C5%BEde%C5%88\/medzev_slovensk%c3%a1-republika_724159?utm_source=weather_widget&amp;utm_medium=linkus&amp;utm_content=three&amp;utm_campaign=Weather%2BWidget\" target=\"_blank\" rel=\"noopener noreferrer\">meteoblue<\/a><\/div>\n<p><strong>Zdroj inform\u00e1ci\u00ed + foto:<\/strong><\/p>\n<p>Slovensk\u00e9 technick\u00e9 m\u00fazeum, Hlavn\u00e1 88, Ko\u0161ice<br \/>\n<strong>E-mail:<\/strong> stmke@stm-ke.sk<\/p>\n<p><strong>Web:<\/strong> <a href=\"https:\/\/www.stm-ke.sk\/\" target=\"_blank\" rel=\"nofollow noopener\">https:\/\/www.stm-ke.sk\/<\/a><\/p>\n","protected":false},"excerpt":{"rendered":"<p>Menu: Expoz\u00edcie Technick\u00e9ho m\u00fazea \u010co je M\u00fazeum kinematografie rodiny Schusterovej v Medzeve a pre\u010do by ste ho mali nav\u0161t\u00edvi\u0165? M\u00fazeum kinematografie rodiny Schusterovej v Medzeve je ofici\u00e1lna vysunut\u00e1 expoz\u00edcia Slovensk\u00e9ho [&hellip;]<\/p>\n","protected":false},"author":1,"featured_media":18490,"parent":0,"menu_order":0,"comment_status":"closed","ping_status":"open","template":"","meta":{"_uag_custom_page_level_css":"","footnotes":""},"class_list":["post-6634","page","type-page","status-publish","has-post-thumbnail","hentry"],"featured_image_src":"https:\/\/www.slovensky-kras.eu\/info\/wp-content\/uploads\/2020\/12\/suster21.jpg","featured_image_src_square":"https:\/\/www.slovensky-kras.eu\/info\/wp-content\/uploads\/2020\/12\/suster21.jpg","rbea_author_info":{"display_name":"admin","author_link":"https:\/\/www.slovensky-kras.eu\/info\/author\/admin\/"},"rbea_excerpt_info":"Menu: Expoz\u00edcie Technick\u00e9ho m\u00fazea \u010co je M\u00fazeum kinematografie rodiny Schusterovej v Medzeve a pre\u010do by ste ho mali nav\u0161t\u00edvi\u0165? M\u00fazeum kinematografie rodiny Schusterovej v Medzeve je ofici\u00e1lna vysunut\u00e1 expoz\u00edcia Slovensk\u00e9ho [&hellip;]","uagb_featured_image_src":{"full":["https:\/\/www.slovensky-kras.eu\/info\/wp-content\/uploads\/2020\/12\/suster21.jpg",800,598,false],"thumbnail":["https:\/\/www.slovensky-kras.eu\/info\/wp-content\/uploads\/2020\/12\/suster21-150x150.jpg",150,150,true],"medium":["https:\/\/www.slovensky-kras.eu\/info\/wp-content\/uploads\/2020\/12\/suster21.jpg",800,598,false],"medium_large":["https:\/\/www.slovensky-kras.eu\/info\/wp-content\/uploads\/2020\/12\/suster21-768x574.jpg",768,574,true],"large":["https:\/\/www.slovensky-kras.eu\/info\/wp-content\/uploads\/2020\/12\/suster21.jpg",800,598,false],"1536x1536":["https:\/\/www.slovensky-kras.eu\/info\/wp-content\/uploads\/2020\/12\/suster21.jpg",800,598,false],"2048x2048":["https:\/\/www.slovensky-kras.eu\/info\/wp-content\/uploads\/2020\/12\/suster21.jpg",800,598,false]},"uagb_author_info":{"display_name":"admin","author_link":"https:\/\/www.slovensky-kras.eu\/info\/author\/admin\/"},"uagb_comment_info":0,"uagb_excerpt":"Menu: Expoz\u00edcie Technick\u00e9ho m\u00fazea \u010co je M\u00fazeum kinematografie rodiny Schusterovej v Medzeve a pre\u010do by ste ho mali nav\u0161t\u00edvi\u0165? M\u00fazeum kinematografie rodiny Schusterovej v Medzeve je ofici\u00e1lna vysunut\u00e1 expoz\u00edcia Slovensk\u00e9ho [&hellip;]","_links":{"self":[{"href":"https:\/\/www.slovensky-kras.eu\/info\/wp-json\/wp\/v2\/pages\/6634","targetHints":{"allow":["GET"]}}],"collection":[{"href":"https:\/\/www.slovensky-kras.eu\/info\/wp-json\/wp\/v2\/pages"}],"about":[{"href":"https:\/\/www.slovensky-kras.eu\/info\/wp-json\/wp\/v2\/types\/page"}],"author":[{"embeddable":true,"href":"https:\/\/www.slovensky-kras.eu\/info\/wp-json\/wp\/v2\/users\/1"}],"replies":[{"embeddable":true,"href":"https:\/\/www.slovensky-kras.eu\/info\/wp-json\/wp\/v2\/comments?post=6634"}],"version-history":[{"count":8,"href":"https:\/\/www.slovensky-kras.eu\/info\/wp-json\/wp\/v2\/pages\/6634\/revisions"}],"predecessor-version":[{"id":29071,"href":"https:\/\/www.slovensky-kras.eu\/info\/wp-json\/wp\/v2\/pages\/6634\/revisions\/29071"}],"wp:featuredmedia":[{"embeddable":true,"href":"https:\/\/www.slovensky-kras.eu\/info\/wp-json\/wp\/v2\/media\/18490"}],"wp:attachment":[{"href":"https:\/\/www.slovensky-kras.eu\/info\/wp-json\/wp\/v2\/media?parent=6634"}],"curies":[{"name":"wp","href":"https:\/\/api.w.org\/{rel}","templated":true}]}}