{"id":6591,"date":"2015-06-22T18:44:43","date_gmt":"2015-06-22T16:44:43","guid":{"rendered":"http:\/\/www.slovensky-kras.eu\/info\/?page_id=6591"},"modified":"2025-11-25T08:43:57","modified_gmt":"2025-11-25T07:43:57","slug":"andrassyho-obrazaren-v-krasnohorskom-podhradi","status":"publish","type":"page","link":"https:\/\/www.slovensky-kras.eu\/info\/muzea-kutlura-a-umenie\/andrassyho-obrazaren-v-krasnohorskom-podhradi\/","title":{"rendered":"Andr\u00e1ssyho obraz\u00e1re\u0148 v Kr\u00e1snohorskom Podhrad\u00ed"},"content":{"rendered":"<p><strong>Menu: <\/strong><a href=\"http:\/\/www.slovensky-kras.eu\/info\/\" class=\"su-button su-button-style-default\" style=\"color:#000000;background-color:#FFCF2F;border-color:#cca626;border-radius:5px\" target=\"_self\"><span style=\"color:#000000;padding:6px 16px;font-size:13px;line-height:20px;border-color:#ffde6e;border-radius:5px;text-shadow:none\"><i class=\"sui sui-arrow-right\" style=\"font-size:13px;color:#000000\"><\/i>  \u00davod \/ Aktuality <\/span><\/a>\n<a href=\"http:\/\/www.slovensky-kras.eu\/info\/muzea-kutlura-a-umenie\/\" class=\"su-button su-button-style-default\" style=\"color:#000000;background-color:#FFCF2F;border-color:#cca626;border-radius:5px\" target=\"_self\"><span style=\"color:#000000;padding:6px 16px;font-size:13px;line-height:20px;border-color:#ffde6e;border-radius:5px;text-shadow:none\"><i class=\"sui sui-arrow-right\" style=\"font-size:13px;color:#000000\"><\/i>  M\u00faze\u00e1, kutl\u00fara a &#8230; <\/span><\/a>\n<div class=\"su-divider su-divider-style-default\" style=\"margin:15px 0;border-width:2px;border-color:#000000\"><\/div>\n<div class=\"su-divider su-divider-style-default\" style=\"margin:15px 0;border-width:2px;border-color:#000000\"><\/div>\n<strong>M\u00faze\u00e1 a obraz\u00e1rne<\/strong><br \/>\n<div class=\"su-divider su-divider-style-default\" style=\"margin:15px 0;border-width:2px;border-color:#000000\"><\/div>\n<figure id=\"attachment_21934\" aria-describedby=\"caption-attachment-21934\" style=\"width: 900px\" class=\"wp-caption aligncenter\"><a href=\"https:\/\/www.slovensky-kras.eu\/info\/wp-content\/uploads\/2021\/12\/horka-obrazaren2.jpg\"><img loading=\"lazy\" decoding=\"async\" class=\"wp-image-21934\" src=\"https:\/\/www.slovensky-kras.eu\/info\/wp-content\/uploads\/2021\/12\/horka-obrazaren2.jpg\" alt=\"Andr\u00e1ssyho (Andr\u00e1\u0161iho) obraz\u00e1re\u0148 v Kr\u00e1snohorskom Podhrad\u00ed\" width=\"900\" height=\"600\" srcset=\"https:\/\/www.slovensky-kras.eu\/info\/wp-content\/uploads\/2021\/12\/horka-obrazaren2.jpg 800w, https:\/\/www.slovensky-kras.eu\/info\/wp-content\/uploads\/2021\/12\/horka-obrazaren2-768x512.jpg 768w\" sizes=\"auto, (max-width: 900px) 100vw, 900px\" \/><\/a><figcaption id=\"caption-attachment-21934\" class=\"wp-caption-text\">Andr\u00e1ssyho obraz\u00e1re\u0148<\/figcaption><\/figure>\n<div class=\"su-divider su-divider-style-default\" style=\"margin:15px 0;border-width:2px;border-color:#000000\"><\/div>\n<h2 dir=\"auto\"><span style=\"color: #800000;\">\u010co je <strong>Andr\u00e1ssyho obraz\u00e1re\u0148<\/strong> a kde sa nach\u00e1dza?<\/span><\/h2>\n<p dir=\"auto\"><strong>Andr\u00e1ssyho obraz\u00e1re\u0148 (Andr\u00e1\u0161iho obraz\u00e1re\u0148)<\/strong> je jedine\u010dn\u00e1 secesn\u00e1 perla v obci Kr\u00e1snohorsk\u00e9 Podhradie, len p\u00e1r min\u00fat od sl\u00e1vneho hradu Kr\u00e1sna H\u00f4rka. T\u00e1to elegantn\u00e1 budova predstavuje najkraj\u0161\u00ed pr\u00edklad secesnej architekt\u00fary na Gemeri a skr\u00fdva fascinuj\u00faci pr\u00edbeh v\u00e1\u0161niv\u00e9ho zberate\u013ea umenia.<\/p>\n<h2 dir=\"auto\"><span style=\"color: #800000;\">Kto dal postavi\u0165 <strong>Andr\u00e1ssyho obraz\u00e1re\u0148<\/strong> a pre\u010do?<\/span><\/h2>\n<p dir=\"auto\">P\u00f4vodn\u00fa secesn\u00fa budovu expoz\u00edcie v Kr\u00e1snohorskom Podhrad\u00ed dal v rokoch 1908 \u2013 1909 postavi\u0165 <strong>Dion\u00fdz Andr\u00e1ssy<\/strong> (ma\u010f. D\u00e9nes Istv\u00e1n Gy\u00f6rgy Klement Andr\u00e1ssy, *1835 \u2013 \u20201913), vtedaj\u0161\u00ed majite\u013e kr\u00e1snohorsk\u00e9ho panstva. Jeho cie\u013eom bolo d\u00f4stojne umiestni\u0165 vlastn\u00fa <strong>hodnotn\u00fa zbierku v\u00fdtvarn\u00e9ho umenia<\/strong> a vz\u00e1cnu kni\u017enicu. V tom \u010dase tu viselo okolo <strong>145 v\u00fdtvarn\u00fdch diel<\/strong>.<\/p>\n<h2 dir=\"auto\"><span style=\"color: #800000;\">Bol Dion\u00fdz Andr\u00e1ssy skuto\u010dne v\u00e1\u0161niv\u00fdm milovn\u00edkom umenia?<\/span><\/h2>\n<p dir=\"auto\">\u00c1no, <strong>Dion\u00fdz Andr\u00e1ssy<\/strong> bol v\u00e1\u0161niv\u00fd zberate\u013e a skuto\u010dn\u00fd milovn\u00edk umenia. Po\u010das dlh\u0161ieho pobytu v Mn\u00edchove sa dokonca s\u00e1m venoval ma\u013ebe a akt\u00edvne roz\u0161iroval svoju kolekciu.<\/p>\n<h2 dir=\"auto\"><span style=\"color: #800000;\">Kto je autorom architektonick\u00e9ho projektu <strong>Andr\u00e1ssyho obraz\u00e1rne<\/strong>?<\/span><\/h2>\n<p dir=\"auto\">Budovu navrhol v\u00fdznamn\u00fd budape\u0161tiansky architekt <strong>Dezider H\u00fcltl<\/strong>, v\u010faka ktor\u00e9mu z\u00edskala typick\u00e9 secesn\u00e9 prvky \u2013 elegantn\u00e9 krivky, ozdobn\u00e9 detaily a harmonick\u00fd vzh\u013ead.<\/p>\n<h2 dir=\"auto\"><span style=\"color: #800000;\">\u010co sa dialo s budovou po smrti Dion\u00fdza Andr\u00e1ssyho?<\/span><\/h2>\n<p dir=\"auto\">Po smrti Dion\u00fdza Andr\u00e1ssyho v roku 1913 secesn\u00e1 budova postupne ch\u00e1trala a bola vyu\u017e\u00edvan\u00e1 na r\u00f4zne \u00fa\u010dely. A\u017e v roku <strong>1975<\/strong> pre\u0161la do spr\u00e1vy <strong>Ban\u00edckeho m\u00fazea v Ro\u017e\u0148ave<\/strong>.<\/p>\n<h2 dir=\"auto\"><span style=\"color: #800000;\">Ak\u00e1 expoz\u00edcia bola v <strong>Andr\u00e1ssyho obraz\u00e1rni<\/strong> v minulosti?<\/span><\/h2>\n<p dir=\"auto\">V rokoch <strong>1978 \u2013 1989<\/strong> tu n\u00e1v\u0161tevn\u00edci mohli obdivova\u0165 <strong>Expoz\u00edciu \u013eudovej umeleckej tvorby Gemera<\/strong>, ktor\u00e1 predstavovala bohat\u00e9 remeseln\u00e9 a umeleck\u00e9 trad\u00edcie regi\u00f3nu.<\/p>\n<h3><span style=\"font-size: 16px;\">Dnes s\u00fa tu prezentovan\u00e9 v\u00fdtvarn\u00e9 diela portr\u00e9tnej tvorby 18. a 19. storo\u010dia poch\u00e1dzaj\u00face zo zbierkov\u00e9ho fondu <\/span><a style=\"font-size: 16px;\" href=\"http:\/\/www.banmuz.sk\/\" target=\"_blank\" rel=\"noopener noreferrer\">Ban\u00edckeho m\u00fazea v Ro\u017e\u0148ave<\/a><span style=\"font-size: 16px;\">, z hradu<\/span><a style=\"font-size: 16px;\" href=\"http:\/\/www.slovensky-kras.eu\/info\/kam-za-pamiatkami\/514-2\/\"> Kr\u00e1sna H\u00f4rka<\/a><span style=\"font-size: 16px;\"> a <\/span><a style=\"font-size: 16px;\" href=\"http:\/\/www.slovensky-kras.eu\/info\/kam-za-pamiatkami\/kastiel-betliar-2\/\">Betliarskeho ka\u0161tie\u013ea<\/a><span style=\"font-size: 16px;\">.<\/span><\/h3>\n<h2 class=\"polozka\"><span style=\"color: #800000;\">Otv\u00e1racie hodiny a vstupn\u00e9<\/span><\/h2>\n<ul>\n<li><a href=\"https:\/\/www.slovensky-kras.eu\/info\/aktualne-otvaracie-hodiny-a-vstupne-andrassyho-andrasiho-obrazaren\/\">Aktu\u00e1lne otv\u00e1racie hodiny a vstupn\u00e9 : Andr\u00e1ssyho (Andr\u00e1\u0161iho) obraz\u00e1re\u0148 (\u010d\u00edtaj viac&#8230;)<\/a><\/li>\n<\/ul>\n<h2><span style=\"color: #800000;\">Fotogal\u00e9ria<\/span><\/h2>\n<style type=\"text\/css\">\n#foogallery-gallery-29025 .fg-image { width: 200px; }<\/style>\n\t\t\t<div class=\"foogallery foogallery-container foogallery-carousel foogallery-lightbox-foogallery fg-carousel fg-ready fg-light fg-border-medium fg-round-small fg-shadow-medium fg-loading-default fg-loaded-fade-in fg-hover-semi-zoomed fg-hover-fade fg-hover-circle-plus2\" id=\"foogallery-gallery-29025\" data-foogallery=\"{&quot;item&quot;:{&quot;showCaptionTitle&quot;:true,&quot;showCaptionDescription&quot;:true},&quot;lazy&quot;:true,&quot;template&quot;:{&quot;maxItems&quot;:5,&quot;scale&quot;:0.11999999999999999555910790149937383830547332763671875,&quot;gutter&quot;:{&quot;min&quot;:-40,&quot;max&quot;:-20,&quot;unit&quot;:&quot;%&quot;},&quot;autoplay&quot;:{&quot;time&quot;:0,&quot;interaction&quot;:&quot;pause&quot;},&quot;centerOnClick&quot;:true,&quot;align&quot;:&quot;center&quot;,&quot;activePosition&quot;:&quot;center&quot;}}\" data-foogallery-lightbox=\"{&quot;thumbs&quot;:&quot;bottom&quot;,&quot;thumbsCaptions&quot;:false,&quot;thumbsBestFit&quot;:false,&quot;thumbsSmall&quot;:false,&quot;thumbsCaptionsAlign&quot;:&quot;default&quot;,&quot;info&quot;:&quot;bottom&quot;,&quot;infoVisible&quot;:true,&quot;infoOverlay&quot;:true,&quot;infoAlign&quot;:&quot;default&quot;,&quot;transition&quot;:&quot;fade&quot;,&quot;hoverButtons&quot;:false,&quot;fitMedia&quot;:false,&quot;noScrollbars&quot;:true,&quot;preserveButtonSpace&quot;:true,&quot;buttons&quot;:{&quot;fullscreen&quot;:true,&quot;info&quot;:true,&quot;thumbs&quot;:false},&quot;video&quot;:{&quot;autoPlay&quot;:true}}\" style=\"--fg-title-line-clamp: 1; --fg-description-line-clamp: 2;\" >\n\t<button type=\"button\" class=\"fg-carousel-prev\" title=\"Previous\"><\/button>\n\t<div class=\"fg-carousel-inner\">\n\t\t<div class=\"fg-carousel-center\"><\/div>\n\t\t<div class=\"fg-item fg-type-image fg-idle\"><figure class=\"fg-item-inner\"><a href=\"https:\/\/www.slovensky-kras.eu\/info\/wp-content\/uploads\/2021\/12\/horka-obrazaren3.jpg\" data-caption-title=\"OLYMPUS DIGITAL CAMERA\" data-attachment-id=\"21935\" data-type=\"image\" class=\"fg-thumb\"><span class=\"fg-image-wrap\"><img decoding=\"async\" title=\"OLYMPUS DIGITAL CAMERA\" width=\"200\" height=\"200\" class=\"skip-lazy fg-image\" data-src-fg=\"https:\/\/www.slovensky-kras.eu\/info\/wp-content\/uploads\/cache\/2021\/12\/horka-obrazaren3\/1159495688.jpg\" src=\"data:image\/svg+xml,%3Csvg%20xmlns%3D%22http%3A%2F%2Fwww.w3.org%2F2000%2Fsvg%22%20width%3D%22200%22%20height%3D%22200%22%20viewBox%3D%220%200%20200%20200%22%3E%3C%2Fsvg%3E\" loading=\"eager\"><\/span><span class=\"fg-image-overlay\"><\/span><\/a><figcaption class=\"fg-caption\"><div class=\"fg-caption-inner\"><div class=\"fg-caption-title\">OLYMPUS DIGITAL CAMERA<\/div><\/div><\/figcaption><\/figure><div class=\"fg-loader\"><\/div><\/div><div class=\"fg-item fg-type-image fg-idle\"><figure class=\"fg-item-inner\"><a href=\"https:\/\/www.slovensky-kras.eu\/info\/wp-content\/uploads\/2021\/12\/horka-obrazaren2.jpg\" data-attachment-id=\"21934\" data-type=\"image\" class=\"fg-thumb\"><span class=\"fg-image-wrap\"><img decoding=\"async\" alt=\"Andr\u00e1\u0161iho obraz\u00e1re\u0148\" width=\"200\" height=\"200\" class=\"skip-lazy fg-image\" data-src-fg=\"https:\/\/www.slovensky-kras.eu\/info\/wp-content\/uploads\/cache\/2021\/12\/horka-obrazaren2\/345704523.jpg\" src=\"data:image\/svg+xml,%3Csvg%20xmlns%3D%22http%3A%2F%2Fwww.w3.org%2F2000%2Fsvg%22%20width%3D%22200%22%20height%3D%22200%22%20viewBox%3D%220%200%20200%20200%22%3E%3C%2Fsvg%3E\" loading=\"eager\"><\/span><span class=\"fg-image-overlay\"><\/span><\/a><\/figure><div class=\"fg-loader\"><\/div><\/div><div class=\"fg-item fg-type-image fg-idle\"><figure class=\"fg-item-inner\"><a href=\"https:\/\/www.slovensky-kras.eu\/info\/wp-content\/uploads\/2021\/12\/horka-obrazaren1.jpg\" data-attachment-id=\"21933\" data-type=\"image\" class=\"fg-thumb\"><span class=\"fg-image-wrap\"><img decoding=\"async\" width=\"200\" height=\"200\" class=\"skip-lazy fg-image\" data-src-fg=\"https:\/\/www.slovensky-kras.eu\/info\/wp-content\/uploads\/cache\/2021\/12\/horka-obrazaren1\/1831195420.jpg\" src=\"data:image\/svg+xml,%3Csvg%20xmlns%3D%22http%3A%2F%2Fwww.w3.org%2F2000%2Fsvg%22%20width%3D%22200%22%20height%3D%22200%22%20viewBox%3D%220%200%20200%20200%22%3E%3C%2Fsvg%3E\" loading=\"eager\"><\/span><span class=\"fg-image-overlay\"><\/span><\/a><\/figure><div class=\"fg-loader\"><\/div><\/div><div class=\"fg-item fg-type-image fg-idle\"><figure class=\"fg-item-inner\"><a href=\"https:\/\/www.slovensky-kras.eu\/info\/wp-content\/uploads\/2023\/07\/01-obrazaren.jpg\" data-attachment-id=\"25043\" data-type=\"image\" class=\"fg-thumb\"><span class=\"fg-image-wrap\"><img decoding=\"async\" width=\"200\" height=\"200\" class=\"skip-lazy fg-image\" data-src-fg=\"https:\/\/www.slovensky-kras.eu\/info\/wp-content\/uploads\/cache\/2023\/07\/01-obrazaren\/2237156137.jpg\" src=\"data:image\/svg+xml,%3Csvg%20xmlns%3D%22http%3A%2F%2Fwww.w3.org%2F2000%2Fsvg%22%20width%3D%22200%22%20height%3D%22200%22%20viewBox%3D%220%200%20200%20200%22%3E%3C%2Fsvg%3E\" loading=\"eager\"><\/span><span class=\"fg-image-overlay\"><\/span><\/a><\/figure><div class=\"fg-loader\"><\/div><\/div>\t<\/div>\n\t<div class=\"fg-carousel-bottom\"><\/div>\n\t<div class=\"fg-carousel-progress\"><\/div>\n\t<button type=\"button\" class=\"fg-carousel-next\" title=\"Next\"><\/button>\n<\/div>\n<h3><span style=\"color: #808000;\">Bl\u00edzke stredisko, turistick\u00e9 centrum, obec alebo mesto<\/span><\/h3>\n<ul>\n<li><a href=\"&quot;hhttps:\/\/www.slovensky-kras.eu\/info\/aktualne-otvaracie-hodiny-a-vstupne-andrassyho-andrasiho-obrazaren\/\">Obec Kr\u00e1snohorsk\u00e9 podhradie (\u010d\u00edtaj viac&#8230;)<\/a><\/li>\n<\/ul>\n<h2><span style=\"color: #800000;\">Mapy<\/span><\/h2>\n<p><strong>Vrstvy: <\/strong>Turistick\u00e1 mapa, Automapa, Cyklomapa, Ly\u017eiarska mapa, Satelitn\u00e1 mapa a OpenStreetMap.<\/p>\n<p><strong>Kliknut\u00edm na logo &#8222;Freemap.sk&#8220; sa V\u00e1m mapa zobraz\u00ed na celej ploche obrazovky.<\/strong><\/p>\n<p><iframe style=\"width: 900px; height: 600px; border: 0;\" src=\"https:\/\/www.freemap.sk\/?map=14\/48.649951\/20.600181&amp;info-point=48.649951\/20.600181,Obec Kr\u00e1snohorsk\u00e9 Podhradie&amp;layers=X&amp;embed=search\" allowfullscreen=\"allowfullscreen\"><span data-mce-type=\"bookmark\" style=\"display: inline-block; width: 0px; overflow: hidden; line-height: 0;\" class=\"mce_SELRES_start\">\ufeff<\/span><\/iframe><\/p>\n<h2><span style=\"color: #800000;\">Po\u010dasie<\/span><\/h2>\n<p><iframe style=\"width: 900px; height: 610px;\" src=\"https:\/\/www.meteoblue.com\/sk\/po%C4%8Dasie\/widget\/three\/kr%c3%a1snohorsk%c3%a9-podhradie_slovensk%c3%a1-republika_724407?geoloc=fixed&amp;nocurrent=0&amp;noforecast=0&amp;days=6&amp;tempunit=CELSIUS&amp;windunit=KILOMETER_PER_HOUR&amp;layout=image\" frameborder=\"0\" scrolling=\"NO\" sandbox=\"allow-same-origin allow-scripts allow-popups allow-popups-to-escape-sandbox\"><span data-mce-type=\"bookmark\" style=\"display: inline-block; width: 0px; overflow: hidden; line-height: 0;\" class=\"mce_SELRES_start\">\ufeff<\/span><\/iframe><\/p>\n<div><!-- DO NOT REMOVE THIS LINK --><a href=\"https:\/\/www.meteoblue.com\/sk\/po%C4%8Dasie\/predpove%C4%8F\/t%C3%BD%C5%BEde%C5%88\/kr%c3%a1snohorsk%c3%a9-podhradie_slovensk%c3%a1-republika_724407?utm_source=weather_widget&amp;utm_medium=linkus&amp;utm_content=three&amp;utm_campaign=Weather%2BWidget\" target=\"_blank\" rel=\"noopener noreferrer\">meteoblue<\/a><\/div>\n","protected":false},"excerpt":{"rendered":"<p>Menu: M\u00faze\u00e1 a obraz\u00e1rne \u010co je Andr\u00e1ssyho obraz\u00e1re\u0148 a kde sa nach\u00e1dza? Andr\u00e1ssyho obraz\u00e1re\u0148 (Andr\u00e1\u0161iho obraz\u00e1re\u0148) je jedine\u010dn\u00e1 secesn\u00e1 perla v obci Kr\u00e1snohorsk\u00e9 Podhradie, len p\u00e1r min\u00fat od sl\u00e1vneho hradu [&hellip;]<\/p>\n","protected":false},"author":1,"featured_media":21934,"parent":30,"menu_order":0,"comment_status":"closed","ping_status":"open","template":"","meta":{"_uag_custom_page_level_css":"","footnotes":""},"class_list":["post-6591","page","type-page","status-publish","has-post-thumbnail","hentry"],"featured_image_src":"https:\/\/www.slovensky-kras.eu\/info\/wp-content\/uploads\/2021\/12\/horka-obrazaren2.jpg","featured_image_src_square":"https:\/\/www.slovensky-kras.eu\/info\/wp-content\/uploads\/2021\/12\/horka-obrazaren2.jpg","rbea_author_info":{"display_name":"admin","author_link":"https:\/\/www.slovensky-kras.eu\/info\/author\/admin\/"},"rbea_excerpt_info":"Menu: M\u00faze\u00e1 a obraz\u00e1rne \u010co je Andr\u00e1ssyho obraz\u00e1re\u0148 a kde sa nach\u00e1dza? Andr\u00e1ssyho obraz\u00e1re\u0148 (Andr\u00e1\u0161iho obraz\u00e1re\u0148) je jedine\u010dn\u00e1 secesn\u00e1 perla v obci Kr\u00e1snohorsk\u00e9 Podhradie, len p\u00e1r min\u00fat od sl\u00e1vneho hradu [&hellip;]","uagb_featured_image_src":{"full":["https:\/\/www.slovensky-kras.eu\/info\/wp-content\/uploads\/2021\/12\/horka-obrazaren2.jpg",800,533,false],"thumbnail":["https:\/\/www.slovensky-kras.eu\/info\/wp-content\/uploads\/2021\/12\/horka-obrazaren2-150x150.jpg",150,150,true],"medium":["https:\/\/www.slovensky-kras.eu\/info\/wp-content\/uploads\/2021\/12\/horka-obrazaren2.jpg",800,533,false],"medium_large":["https:\/\/www.slovensky-kras.eu\/info\/wp-content\/uploads\/2021\/12\/horka-obrazaren2-768x512.jpg",768,512,true],"large":["https:\/\/www.slovensky-kras.eu\/info\/wp-content\/uploads\/2021\/12\/horka-obrazaren2.jpg",800,533,false],"1536x1536":["https:\/\/www.slovensky-kras.eu\/info\/wp-content\/uploads\/2021\/12\/horka-obrazaren2.jpg",800,533,false],"2048x2048":["https:\/\/www.slovensky-kras.eu\/info\/wp-content\/uploads\/2021\/12\/horka-obrazaren2.jpg",800,533,false]},"uagb_author_info":{"display_name":"admin","author_link":"https:\/\/www.slovensky-kras.eu\/info\/author\/admin\/"},"uagb_comment_info":0,"uagb_excerpt":"Menu: M\u00faze\u00e1 a obraz\u00e1rne \u010co je Andr\u00e1ssyho obraz\u00e1re\u0148 a kde sa nach\u00e1dza? Andr\u00e1ssyho obraz\u00e1re\u0148 (Andr\u00e1\u0161iho obraz\u00e1re\u0148) je jedine\u010dn\u00e1 secesn\u00e1 perla v obci Kr\u00e1snohorsk\u00e9 Podhradie, len p\u00e1r min\u00fat od sl\u00e1vneho hradu [&hellip;]","_links":{"self":[{"href":"https:\/\/www.slovensky-kras.eu\/info\/wp-json\/wp\/v2\/pages\/6591","targetHints":{"allow":["GET"]}}],"collection":[{"href":"https:\/\/www.slovensky-kras.eu\/info\/wp-json\/wp\/v2\/pages"}],"about":[{"href":"https:\/\/www.slovensky-kras.eu\/info\/wp-json\/wp\/v2\/types\/page"}],"author":[{"embeddable":true,"href":"https:\/\/www.slovensky-kras.eu\/info\/wp-json\/wp\/v2\/users\/1"}],"replies":[{"embeddable":true,"href":"https:\/\/www.slovensky-kras.eu\/info\/wp-json\/wp\/v2\/comments?post=6591"}],"version-history":[{"count":8,"href":"https:\/\/www.slovensky-kras.eu\/info\/wp-json\/wp\/v2\/pages\/6591\/revisions"}],"predecessor-version":[{"id":29029,"href":"https:\/\/www.slovensky-kras.eu\/info\/wp-json\/wp\/v2\/pages\/6591\/revisions\/29029"}],"up":[{"embeddable":true,"href":"https:\/\/www.slovensky-kras.eu\/info\/wp-json\/wp\/v2\/pages\/30"}],"wp:featuredmedia":[{"embeddable":true,"href":"https:\/\/www.slovensky-kras.eu\/info\/wp-json\/wp\/v2\/media\/21934"}],"wp:attachment":[{"href":"https:\/\/www.slovensky-kras.eu\/info\/wp-json\/wp\/v2\/media?parent=6591"}],"curies":[{"name":"wp","href":"https:\/\/api.w.org\/{rel}","templated":true}]}}