{"id":611,"date":"2013-06-29T18:52:57","date_gmt":"2013-06-29T16:52:57","guid":{"rendered":"http:\/\/www.slovensky-kras.eu\/info\/?page_id=611"},"modified":"2026-04-01T10:02:06","modified_gmt":"2026-04-01T08:02:06","slug":"kaplnka-sv-ladislava-jasovska-planina","status":"publish","type":"page","link":"https:\/\/www.slovensky-kras.eu\/info\/kam-za-pamiatkami\/kaplnka-sv-ladislava-jasovska-planina\/","title":{"rendered":"Kaplnka sv. Ladislava  &#8211;  Rastlinn\u00fd kostol Sv. Ladislava"},"content":{"rendered":"<p><strong>Menu: <\/strong><a href=\"http:\/\/www.slovensky-kras.eu\/info\/\" class=\"su-button su-button-style-default\" style=\"color:#000000;background-color:#FFCF2F;border-color:#cca626;border-radius:5px\" target=\"_self\"><span style=\"color:#000000;padding:6px 16px;font-size:13px;line-height:20px;border-color:#ffde6e;border-radius:5px;text-shadow:none\"><i class=\"sui sui-arrow-right\" style=\"font-size:13px;color:#000000\"><\/i>  \u00davod \/ Aktuality <\/span><\/a>\n<a href=\"http:\/\/www.slovensky-kras.eu\/info\/kam-za-pamiatkami\/\" class=\"su-button su-button-style-default\" style=\"color:#000000;background-color:#FFCF2F;border-color:#cca626;border-radius:5px\" target=\"_self\"><span style=\"color:#000000;padding:6px 16px;font-size:13px;line-height:20px;border-color:#ffde6e;border-radius:5px;text-shadow:none\"><i class=\"sui sui-arrow-right\" style=\"font-size:13px;color:#000000\"><\/i>  Kam za pamiatkami <\/span><\/a>\n<div class=\"su-divider su-divider-style-default\" style=\"margin:15px 0;border-width:0px;border-color:#000000\"><\/div>\n<strong>Podkateg\u00f3ria: <\/strong> <a href=\"http:\/\/www.slovensky-kras.eu\/info\/kam-za-pamiatkami\/nabozenske-pamiatky-v-prirode\/\" class=\"su-button su-button-style-default\" style=\"color:#000000;background-color:#afd144;border-color:#8ca837;border-radius:5px\" target=\"_self\"><span style=\"color:#000000;padding:6px 16px;font-size:13px;line-height:20px;border-color:#c7df7d;border-radius:5px;text-shadow:none\"><i class=\"sui sui-arrow-right\" style=\"font-size:13px;color:#000000\"><\/i>  N\u00e1bo\u017eensk\u00e9 pamiatky v pr\u00edrode <\/span><\/a>\n<div class=\"su-divider su-divider-style-default\" style=\"margin:15px 0;border-width:2px;border-color:#000000\"><\/div>\n<figure id=\"attachment_29761\" aria-describedby=\"caption-attachment-29761\" style=\"width: 900px\" class=\"wp-caption aligncenter\"><a href=\"https:\/\/www.slovensky-kras.eu\/info\/wp-content\/uploads\/2025\/11\/ladislav-2-jar.jpeg\"><img loading=\"lazy\" decoding=\"async\" class=\"wp-image-29761\" src=\"https:\/\/www.slovensky-kras.eu\/info\/wp-content\/uploads\/2025\/11\/ladislav-2-jar.jpeg\" alt=\"Kaplnka sv. Ladislava \u2013 Rastlinn\u00fd kostol Sv. Ladislava\" width=\"900\" height=\"502\" srcset=\"https:\/\/www.slovensky-kras.eu\/info\/wp-content\/uploads\/2025\/11\/ladislav-2-jar.jpeg 1376w, https:\/\/www.slovensky-kras.eu\/info\/wp-content\/uploads\/2025\/11\/ladislav-2-jar-800x447.jpeg 800w, https:\/\/www.slovensky-kras.eu\/info\/wp-content\/uploads\/2025\/11\/ladislav-2-jar-1024x572.jpeg 1024w, https:\/\/www.slovensky-kras.eu\/info\/wp-content\/uploads\/2025\/11\/ladislav-2-jar-768x429.jpeg 768w\" sizes=\"auto, (max-width: 900px) 100vw, 900px\" \/><\/a><figcaption id=\"caption-attachment-29761\" class=\"wp-caption-text\">Kaplnka sv. Ladislava \u2013 Rastlinn\u00fd kostol Sv. Ladislava<\/figcaption><\/figure>\n<div class=\"su-divider su-divider-style-default\" style=\"margin:15px 0;border-width:2px;border-color:#000000\"><\/div>\n<h2 data-path-to-node=\"1\"><span style=\"color: #800000;\"><b data-path-to-node=\"1\" data-index-in-node=\"0\">Tam, kde architekt\u00faru tvor\u00ed sama pr\u00edroda<\/b><\/span><\/h2>\n<p data-path-to-node=\"2\">Predstavte si miesto v srdci <b data-path-to-node=\"2\" data-index-in-node=\"29\">Slovensk\u00e9ho krasu<\/b>, kde sa hist\u00f3ria neukr\u00fdva v chladn\u00fdch m\u00faroch, ale d\u00fdcha cez <b data-path-to-node=\"2\" data-index-in-node=\"107\">\u017eiv\u00e9 stromy<\/b>. Unik\u00e1tny <b data-path-to-node=\"2\" data-index-in-node=\"129\">Rastlinn\u00fd kostol<\/b> v\u00e1s o\u010dar\u00ed svojou drevenou kon\u0161trukciou, ktorou doslova prerast\u00e1 pr\u00edroda, a legendami opradenou <b data-path-to-node=\"2\" data-index-in-node=\"241\">z\u00e1zra\u010dnou vyviera\u010dkou<\/b>. Vydajte sa po stop\u00e1ch p\u00fatnikov do <b data-path-to-node=\"2\" data-index-in-node=\"298\">Debrade<\/b> a objavte pokoj ukryt\u00fd v n\u00e1ru\u010d\u00ed <b data-path-to-node=\"2\" data-index-in-node=\"338\">Jasovskej planiny<\/b>.<\/p>\n<h2 dir=\"auto\"><span style=\"color: #800000;\">Kde sa nach\u00e1dza <strong>Kaplnka sv. Ladislava<\/strong>, zn\u00e1ma aj ako <strong>Rastlinn\u00fd kostol Sv. Ladislava<\/strong>?<\/span><\/h2>\n<p dir=\"auto\"><strong>Kaplnka sv. Ladislava<\/strong>, naz\u00fdvan\u00e1 aj <strong>Rastlinn\u00fd kostol Sv. Ladislava<\/strong>, le\u017e\u00ed na Jasovskej planine v katastri obce Debra\u010f, priamo v srdci N\u00e1rodn\u00e9ho parku Slovensk\u00fd kras. Nach\u00e1dza sa v pr\u00edjemnej nadmorskej v\u00fd\u0161ke 420 m n.m. a obklopuje ju pokojn\u00e1 pr\u00edroda pln\u00e1 zelene.<\/p>\n<h2 dir=\"auto\"><span style=\"color: #800000;\">Pre\u010do je pri <strong>Kaplnke sv. Ladislava<\/strong> tak\u00fd v\u00fddatn\u00fd a z\u00e1zra\u010dn\u00fd prame\u0148?<\/span><\/h2>\n<p dir=\"auto\">Hne\u010f ved\u013ea kaplnky vyviera siln\u00fd prame\u0148 naz\u00fdvan\u00fd <strong>Ladislavova vyviera\u010dka<\/strong>. U\u017e po st\u00e1ro\u010dia ho \u013eudia pova\u017euj\u00fa za z\u00e1zra\u010dn\u00fd a je tradi\u010dn\u00fdm p\u00fatnick\u00fdm miestom. Pr\u00e1ve tu sa stret\u00e1vaj\u00fa turisti aj p\u00fatnici, aby si nabrali vodu a na\u010derpali pokoj.<\/p>\n<h2 dir=\"auto\"><span style=\"color: #800000;\">Ako vyzer\u00e1 dne\u0161n\u00e1 <strong>Kaplnka sv. Ladislava<\/strong> \u2013 <strong>Rastlinn\u00fd kostol Sv. Ladislava<\/strong>?<\/span><\/h2>\n<p dir=\"auto\">Kaplnka je \u010diasto\u010dne obnoven\u00e1 tr\u00e1mov\u00e1 stavba, ktor\u00fa miestni s l\u00e1skou volaj\u00fa <strong>Rastlinn\u00fd kostol Sv. Ladislava<\/strong>. Pozost\u00e1va z p\u00f4vodn\u00fdch kamenn\u00fdch z\u00e1kladov kostola z konca 15. storo\u010dia, nov\u00e9ho kamenn\u00e9ho m\u00farika a symbolickej drevenej kon\u0161trukcie z \u010dervenej borovice. Unik\u00e1tne je, \u017ee strom, ktor\u00fd r\u00e1stol priamo uprostred z\u00e1kladov, tu zostal \u2013 jeho kme\u0148 pre\u010dnieva cez dreven\u00e9 tr\u00e1my a d\u00e1va kaplnke jej charakteristick\u00fd \u201erastlinn\u00fd\u201c vzh\u013ead. Vo vn\u00fatri n\u00e1jdete kamenn\u00fd olt\u00e1r a kamenn\u00fd ru\u017eenec. Za kaplnkou stoj\u00ed dreven\u00fd kr\u00ed\u017e s korpusom Krista.<\/p>\n<h2 dir=\"auto\"><span style=\"color: #800000;\">Ak\u00e1 je hist\u00f3ria miesta, kde stoj\u00ed <strong>Kaplnka sv. Ladislava<\/strong>?<\/span><\/h2>\n<p dir=\"auto\">Na mieste dne\u0161nej kaplnky st\u00e1l koncom 15. storo\u010dia kostol sv\u00e4t\u00e9ho Ladislava, ktor\u00fd patril <strong>Premon\u0161tr\u00e1tsk\u00e9mu r\u00e1du<\/strong> v Jasove. Prv\u00e1 p\u00edsomn\u00e1 zmienka poch\u00e1dza zo za\u010diatku 16. storo\u010dia. R\u00e1d ho vlastnil do roku 1552, potom pre\u0161iel pod svetsk\u00fdch zemep\u00e1nov. V roku 1570 kostol zni\u010dili Turci po\u010das rabovania Spi\u0161a, Abova a Turne.<\/p>\n<p dir=\"auto\">Cirkev sa o\u0148 prestala stara\u0165 a postupne sa rozpadol \u2013 zr\u00facaniny boli vidite\u013en\u00e9 e\u0161te za\u010diatkom 20. storo\u010dia. Po druhej svetovej vojne tu postavili nov\u00fa kaplnku, ktor\u00fa v 50. rokoch \u00fadajne dala vyp\u00e1li\u0165 \u0160tB. Prame\u0148 aj kaplnka boli vtedy v\u00fdznamn\u00fdm p\u00fatnick\u00fdm miestom.<\/p>\n<h2 dir=\"auto\"><span style=\"color: #800000;\">Kedy bola <strong>Kaplnka sv. Ladislava<\/strong> obnoven\u00e1 do dne\u0161nej podoby?<\/span><\/h2>\n<p dir=\"auto\">Po roku 1989 cirkev op\u00e4\u0165 za\u010dala organizova\u0165 p\u00fate a om\u0161e pri prameni. Koncom 90. rokov obnovili kr\u00ed\u017eov\u00fa cestu, ktor\u00e1 za\u010d\u00edna v obci Drienovec. V rokoch 2006 \u2013 2007 vyr\u00e1stol kamenn\u00fd m\u00farik a dreven\u00e1 kon\u0161trukcia. Znovuobnoven\u00e1 kaplnka bola sl\u00e1vnostne vysv\u00e4ten\u00e1 15. septembra 2007.<\/p>\n<h2 dir=\"auto\"><span style=\"color: #800000;\">\u010co hovoria o <strong>Kaplnke sv. Ladislava<\/strong> legendy o zjaveniach a z\u00e1zrakoch?<\/span><\/h2>\n<p dir=\"auto\">Miesto je opret\u00e9 o viacero pr\u00edbehov o zjaveniach a z\u00e1zrakoch, najm\u00e4 v s\u00favislosti s <strong>Ladislavovou vyviera\u010dkou<\/strong>. Pr\u00e1ve tieto pr\u00edbehy sem ka\u017edoro\u010dne l\u00e1ka p\u00fatnikov aj zvedav\u00fdch n\u00e1v\u0161tevn\u00edkov.<\/p>\n<h2 dir=\"auto\"><span style=\"color: #800000;\">Kde za\u010d\u00edna kr\u00ed\u017eov\u00e1 cesta ku <strong>Kaplnke sv. Ladislava<\/strong>?<\/span><\/h2>\n<p dir=\"auto\">Kr\u00ed\u017eov\u00e1 cesta, obnoven\u00e1 koncom 90. rokov, za\u010d\u00edna v ne\u010falekej obci Drienovec a vedie priamo k <strong>Rastlinn\u00e9mu kostolu Sv. Ladislava<\/strong>.<\/p>\n<h2 dir=\"auto\"><span style=\"color: #800000;\">Ak\u00fd v\u00fdh\u013ead si vychutn\u00e1te pri <strong>Kaplnke sv. Ladislava<\/strong>?<\/span><\/h2>\n<p dir=\"auto\">Rozsiahla l\u00faka pri kaplnke pon\u00faka n\u00e1dhern\u00fd \u010diasto\u010dn\u00fd v\u00fdh\u013ead na hrebe\u0148 Volovsk\u00fdch vrchov s dominantnou Koj\u0161ovskou ho\u013eou (1246 m n.m.) a na v\u00fdchod smerom na Ko\u0161ick\u00fa kotlinu.<\/p>\n<h2 dir=\"auto\"><span style=\"color: #800000;\">Ako sa najlep\u0161ie dosta\u0165 ku <strong>Kaplnke sv. Ladislava<\/strong> \u2013 <strong>Rastlinn\u00e9mu kostolu Sv. Ladislava<\/strong>?<\/span><\/h2>\n<p dir=\"auto\">Ku kaplnke vedie kri\u017eovatka turistick\u00fdch tr\u00e1s s r\u00e1zcestn\u00edkom <strong>Ladislavova vyviera\u010dka<\/strong> (420 m n.m.).<\/p>\n<p dir=\"auto\"><strong>Pr\u00eddete sem:<\/strong><\/p>\n<ul dir=\"auto\">\n<li>po <a href=\"https:\/\/www.slovensky-kras.eu\/info\/wp-content\/uploads\/2013\/06\/zlta.png\"><img loading=\"lazy\" decoding=\"async\" class=\"size-full wp-image-10332 alignnone\" src=\"https:\/\/www.slovensky-kras.eu\/info\/wp-content\/uploads\/2013\/06\/zlta.png\" alt=\"\" width=\"20\" height=\"21\" \/><\/a> \u017eltej zna\u010dke z obce Jasov (zo severu)<\/li>\n<li>po <a href=\"https:\/\/www.slovensky-kras.eu\/info\/wp-content\/uploads\/2013\/06\/zlta.png\"><img loading=\"lazy\" decoding=\"async\" class=\"size-full wp-image-10332 alignnone\" src=\"https:\/\/www.slovensky-kras.eu\/info\/wp-content\/uploads\/2013\/06\/zlta.png\" alt=\"\" width=\"20\" height=\"21\" \/><\/a> \u017eltej zna\u010dke z obce Drienovec (z juhu)<\/li>\n<li>po <a href=\"https:\/\/www.slovensky-kras.eu\/info\/wp-content\/uploads\/2013\/07\/zelena.png\"><img loading=\"lazy\" decoding=\"async\" class=\"size-full wp-image-10334 alignnone\" src=\"https:\/\/www.slovensky-kras.eu\/info\/wp-content\/uploads\/2013\/07\/zelena.png\" alt=\"\" width=\"20\" height=\"21\" \/><\/a> zelenej zna\u010dke z mesta Moldava nad Bodvou<\/li>\n<\/ul>\n<p dir=\"auto\">V bl\u00edzkosti sa nach\u00e1dza po\u013eovn\u00edcka chata a <strong>Ladislavova kaplnka<\/strong> s vyviera\u010dkou je op\u00e4\u0165 \u017eiv\u00fdm kres\u0165ansk\u00fdm p\u00fatnick\u00fdm miestom.<\/p>\n<h2 data-path-to-node=\"1\"><span style=\"color: #800000;\"><b data-path-to-node=\"1\" data-index-in-node=\"0\">O kr\u00e1\u013eovom prameni a zjaveniach na planine<\/b><\/span><\/h2>\n<p data-path-to-node=\"2\">Ke\u010f v roku <b data-path-to-node=\"2\" data-index-in-node=\"11\">1091<\/b> kr\u00e1\u013e <b data-path-to-node=\"2\" data-index-in-node=\"21\">Ladislav<\/b> zahnal drancuj\u00facich Kum\u00e1nov, jeho vojsko na vyprahnut\u00fdch str\u00e1\u0148ach <b data-path-to-node=\"2\" data-index-in-node=\"96\">Jasovskej planiny<\/b> takmer pod\u013eahlo sm\u00e4du. Kr\u00e1\u013e sa v hlbokej pokore pomodlil k Bohu a udrel me\u010dom o skalu, z ktorej okam\u017eite vytryskla mohutn\u00e1 <b data-path-to-node=\"2\" data-index-in-node=\"237\">vyviera\u010dka<\/b>. Od tej chv\u00edle sa toto miesto stalo posv\u00e4tn\u00fdm a unaven\u00ed pocestn\u00ed tu po st\u00e1ro\u010dia nach\u00e1dzali nielen osvie\u017eenie, ale aj nevysvetlite\u013en\u00fd pokoj.<\/p>\n<p data-path-to-node=\"3\">Legenda hovor\u00ed, \u017ee duch spravodliv\u00e9ho kr\u00e1\u013ea sa na l\u00fake pri prameni opakovane <b data-path-to-node=\"3\" data-index-in-node=\"77\">zjavoval<\/b> v podobe \u017eiariaceho rytiera, ktor\u00fd bdel nad pokojom v regi\u00f3ne. Miestni \u013eudia, pohnut\u00ed t\u00fdmito z\u00e1zra\u010dn\u00fdmi \u00fakazmi, sa v <b data-path-to-node=\"3\" data-index-in-node=\"203\">15. storo\u010d\u00ed<\/b> rozhodli ucti\u0165 si svojho ochrancu a priamo na mieste zjaven\u00ed postavili kamenn\u00fd <b data-path-to-node=\"3\" data-index-in-node=\"294\">kostol sv. Ladislava<\/b>.<\/p>\n<p data-path-to-node=\"4\">Hoci nesk\u00f4r stavba pod n\u00e1porom \u010dasu a vojen sch\u00e1trala, duch miesta pretrval. Pr\u00edroda sama prevzala \u00falohu stavite\u013ea, ke\u010f stromy vr\u00e1stli do zvy\u0161kov m\u00farov a vytvorili dne\u0161n\u00fd <b data-path-to-node=\"4\" data-index-in-node=\"171\">Rastlinn\u00fd kostol<\/b>. Poves\u0165 o kr\u00e1\u013eovi, ktor\u00fd priniesol vodu do vyprahnut\u00e9ho kraja, tak \u017eije v ka\u017edom liste a v ka\u017edej kvapke <b data-path-to-node=\"4\" data-index-in-node=\"293\">z\u00e1zra\u010dn\u00e9ho prame\u0148a<\/b>, ktor\u00fd od \u010dias Ladislavovho me\u010da nikdy nevyschol.<\/p>\n<h2><span style=\"color: #800000;\">Fotogal\u00e9ria<\/span><\/h2>\n<style type=\"text\/css\">\n#foogallery-gallery-28792 .fg-image { width: 200px; }<\/style>\n\t\t\t<div class=\"foogallery foogallery-container foogallery-carousel foogallery-lightbox-foogallery fg-carousel fg-ready fg-light fg-border-medium fg-round-small fg-shadow-medium fg-loading-default fg-loaded-fade-in fg-hover-semi-zoomed fg-hover-fade fg-hover-circle-plus2\" id=\"foogallery-gallery-28792\" data-foogallery=\"{&quot;item&quot;:{&quot;showCaptionTitle&quot;:true,&quot;showCaptionDescription&quot;:true},&quot;lazy&quot;:true,&quot;template&quot;:{&quot;maxItems&quot;:5,&quot;scale&quot;:0.11999999999999999555910790149937383830547332763671875,&quot;gutter&quot;:{&quot;min&quot;:-40,&quot;max&quot;:-20,&quot;unit&quot;:&quot;%&quot;},&quot;autoplay&quot;:{&quot;time&quot;:0,&quot;interaction&quot;:&quot;pause&quot;},&quot;centerOnClick&quot;:true,&quot;align&quot;:&quot;center&quot;,&quot;activePosition&quot;:&quot;center&quot;}}\" data-foogallery-lightbox=\"{&quot;thumbs&quot;:&quot;bottom&quot;,&quot;thumbsCaptions&quot;:false,&quot;thumbsBestFit&quot;:false,&quot;thumbsSmall&quot;:false,&quot;thumbsCaptionsAlign&quot;:&quot;default&quot;,&quot;info&quot;:&quot;bottom&quot;,&quot;infoVisible&quot;:true,&quot;infoOverlay&quot;:true,&quot;infoAlign&quot;:&quot;default&quot;,&quot;transition&quot;:&quot;fade&quot;,&quot;hoverButtons&quot;:false,&quot;fitMedia&quot;:false,&quot;noScrollbars&quot;:true,&quot;preserveButtonSpace&quot;:true,&quot;buttons&quot;:{&quot;fullscreen&quot;:true,&quot;info&quot;:true,&quot;thumbs&quot;:false},&quot;video&quot;:{&quot;autoPlay&quot;:true}}\" style=\"--fg-title-line-clamp: 0; --fg-description-line-clamp: 0;\" >\n\t<button type=\"button\" class=\"fg-carousel-prev\" title=\"Previous\"><\/button>\n\t<div class=\"fg-carousel-inner\">\n\t\t<div class=\"fg-carousel-center\"><\/div>\n\t\t<div class=\"fg-item fg-type-image fg-idle\"><figure class=\"fg-item-inner\"><a href=\"https:\/\/www.slovensky-kras.eu\/info\/wp-content\/uploads\/2025\/11\/ladislav-2-zima.jpeg\" data-attachment-id=\"29758\" data-type=\"image\" class=\"fg-thumb\"><span class=\"fg-image-wrap\"><img decoding=\"async\" alt=\"Kaplnka sv. Ladislava \u2013 Rastlinn\u00fd kostol Sv. Ladislava\" width=\"200\" height=\"200\" class=\"skip-lazy fg-image\" data-src-fg=\"https:\/\/www.slovensky-kras.eu\/info\/wp-content\/uploads\/cache\/2025\/11\/ladislav-2-zima\/2969387075.jpeg\" src=\"data:image\/svg+xml,%3Csvg%20xmlns%3D%22http%3A%2F%2Fwww.w3.org%2F2000%2Fsvg%22%20width%3D%22200%22%20height%3D%22200%22%20viewBox%3D%220%200%20200%20200%22%3E%3C%2Fsvg%3E\" loading=\"eager\"><\/span><span class=\"fg-image-overlay\"><\/span><\/a><\/figure><div class=\"fg-loader\"><\/div><\/div><div class=\"fg-item fg-type-image fg-idle\"><figure class=\"fg-item-inner\"><a href=\"https:\/\/www.slovensky-kras.eu\/info\/wp-content\/uploads\/2025\/11\/ladislav-jar.jpeg\" data-attachment-id=\"29765\" data-type=\"image\" class=\"fg-thumb\"><span class=\"fg-image-wrap\"><img decoding=\"async\" alt=\"Kaplnka sv. Ladislava \u2013 Rastlinn\u00fd kostol Sv. Ladislava\" width=\"200\" height=\"200\" class=\"skip-lazy fg-image\" data-src-fg=\"https:\/\/www.slovensky-kras.eu\/info\/wp-content\/uploads\/cache\/2025\/11\/ladislav-jar\/3271945236.jpeg\" src=\"data:image\/svg+xml,%3Csvg%20xmlns%3D%22http%3A%2F%2Fwww.w3.org%2F2000%2Fsvg%22%20width%3D%22200%22%20height%3D%22200%22%20viewBox%3D%220%200%20200%20200%22%3E%3C%2Fsvg%3E\" loading=\"eager\"><\/span><span class=\"fg-image-overlay\"><\/span><\/a><\/figure><div class=\"fg-loader\"><\/div><\/div><div class=\"fg-item fg-type-image fg-idle\"><figure class=\"fg-item-inner\"><a href=\"https:\/\/www.slovensky-kras.eu\/info\/wp-content\/uploads\/2025\/11\/ladislav-2-jesen.jpeg\" data-attachment-id=\"29759\" data-type=\"image\" class=\"fg-thumb\"><span class=\"fg-image-wrap\"><img decoding=\"async\" alt=\"Kaplnka sv. Ladislava \u2013 Rastlinn\u00fd kostol Sv. Ladislava\" width=\"200\" height=\"200\" class=\"skip-lazy fg-image\" data-src-fg=\"https:\/\/www.slovensky-kras.eu\/info\/wp-content\/uploads\/cache\/2025\/11\/ladislav-2-jesen\/3958338461.jpeg\" src=\"data:image\/svg+xml,%3Csvg%20xmlns%3D%22http%3A%2F%2Fwww.w3.org%2F2000%2Fsvg%22%20width%3D%22200%22%20height%3D%22200%22%20viewBox%3D%220%200%20200%20200%22%3E%3C%2Fsvg%3E\" loading=\"eager\"><\/span><span class=\"fg-image-overlay\"><\/span><\/a><\/figure><div class=\"fg-loader\"><\/div><\/div><div class=\"fg-item fg-type-image fg-idle\"><figure class=\"fg-item-inner\"><a href=\"https:\/\/www.slovensky-kras.eu\/info\/wp-content\/uploads\/2025\/11\/ladislav-2-leto.jpeg\" data-attachment-id=\"29760\" data-type=\"image\" class=\"fg-thumb\"><span class=\"fg-image-wrap\"><img decoding=\"async\" alt=\"Kaplnka sv. Ladislava \u2013 Rastlinn\u00fd kostol Sv. Ladislava\" width=\"200\" height=\"200\" class=\"skip-lazy fg-image\" data-src-fg=\"https:\/\/www.slovensky-kras.eu\/info\/wp-content\/uploads\/cache\/2025\/11\/ladislav-2-leto\/1344367650.jpeg\" src=\"data:image\/svg+xml,%3Csvg%20xmlns%3D%22http%3A%2F%2Fwww.w3.org%2F2000%2Fsvg%22%20width%3D%22200%22%20height%3D%22200%22%20viewBox%3D%220%200%20200%20200%22%3E%3C%2Fsvg%3E\" loading=\"eager\"><\/span><span class=\"fg-image-overlay\"><\/span><\/a><\/figure><div class=\"fg-loader\"><\/div><\/div><div class=\"fg-item fg-type-image fg-idle\"><figure class=\"fg-item-inner\"><a href=\"https:\/\/www.slovensky-kras.eu\/info\/wp-content\/uploads\/2021\/12\/kaplnka-ladislava1.jpg\" data-attachment-id=\"21700\" data-type=\"image\" class=\"fg-thumb\"><span class=\"fg-image-wrap\"><img decoding=\"async\" alt=\"Kaplnka sv. Ladislava - Rastlinn\u00fd kostol Sv. Ladislava\" width=\"200\" height=\"200\" class=\"skip-lazy fg-image\" data-src-fg=\"https:\/\/www.slovensky-kras.eu\/info\/wp-content\/uploads\/cache\/2021\/12\/kaplnka-ladislava1\/2989926.jpg\" src=\"data:image\/svg+xml,%3Csvg%20xmlns%3D%22http%3A%2F%2Fwww.w3.org%2F2000%2Fsvg%22%20width%3D%22200%22%20height%3D%22200%22%20viewBox%3D%220%200%20200%20200%22%3E%3C%2Fsvg%3E\" loading=\"eager\"><\/span><span class=\"fg-image-overlay\"><\/span><\/a><\/figure><div class=\"fg-loader\"><\/div><\/div><div class=\"fg-item fg-type-image fg-idle\"><figure class=\"fg-item-inner\"><a href=\"https:\/\/www.slovensky-kras.eu\/info\/wp-content\/uploads\/2025\/11\/ladislav-zima.jpeg\" data-attachment-id=\"29762\" data-type=\"image\" class=\"fg-thumb\"><span class=\"fg-image-wrap\"><img decoding=\"async\" alt=\"Kaplnka sv. Ladislava \u2013 Rastlinn\u00fd kostol Sv. Ladislava\" width=\"200\" height=\"200\" class=\"skip-lazy fg-image\" data-src-fg=\"https:\/\/www.slovensky-kras.eu\/info\/wp-content\/uploads\/cache\/2025\/11\/ladislav-zima\/1630403576.jpeg\" src=\"data:image\/svg+xml,%3Csvg%20xmlns%3D%22http%3A%2F%2Fwww.w3.org%2F2000%2Fsvg%22%20width%3D%22200%22%20height%3D%22200%22%20viewBox%3D%220%200%20200%20200%22%3E%3C%2Fsvg%3E\" loading=\"eager\"><\/span><span class=\"fg-image-overlay\"><\/span><\/a><\/figure><div class=\"fg-loader\"><\/div><\/div><div class=\"fg-item fg-type-image fg-idle\"><figure class=\"fg-item-inner\"><a href=\"https:\/\/www.slovensky-kras.eu\/info\/wp-content\/uploads\/2021\/12\/kaplnka-ladislava2.jpg\" data-attachment-id=\"21701\" data-type=\"image\" class=\"fg-thumb\"><span class=\"fg-image-wrap\"><img decoding=\"async\" width=\"200\" height=\"200\" class=\"skip-lazy fg-image\" data-src-fg=\"https:\/\/www.slovensky-kras.eu\/info\/wp-content\/uploads\/cache\/2021\/12\/kaplnka-ladislava2\/2363507491.jpg\" src=\"data:image\/svg+xml,%3Csvg%20xmlns%3D%22http%3A%2F%2Fwww.w3.org%2F2000%2Fsvg%22%20width%3D%22200%22%20height%3D%22200%22%20viewBox%3D%220%200%20200%20200%22%3E%3C%2Fsvg%3E\" loading=\"eager\"><\/span><span class=\"fg-image-overlay\"><\/span><\/a><\/figure><div class=\"fg-loader\"><\/div><\/div><div class=\"fg-item fg-type-image fg-idle\"><figure class=\"fg-item-inner\"><a href=\"https:\/\/www.slovensky-kras.eu\/info\/wp-content\/uploads\/2025\/11\/ladislav-leto.jpeg\" data-attachment-id=\"29764\" data-type=\"image\" class=\"fg-thumb\"><span class=\"fg-image-wrap\"><img decoding=\"async\" alt=\"Kaplnka sv. Ladislava \u2013 Rastlinn\u00fd kostol Sv. Ladislava\" width=\"200\" height=\"200\" class=\"skip-lazy fg-image\" data-src-fg=\"https:\/\/www.slovensky-kras.eu\/info\/wp-content\/uploads\/cache\/2025\/11\/ladislav-leto\/2869065799.jpeg\" src=\"data:image\/svg+xml,%3Csvg%20xmlns%3D%22http%3A%2F%2Fwww.w3.org%2F2000%2Fsvg%22%20width%3D%22200%22%20height%3D%22200%22%20viewBox%3D%220%200%20200%20200%22%3E%3C%2Fsvg%3E\" loading=\"eager\"><\/span><span class=\"fg-image-overlay\"><\/span><\/a><\/figure><div class=\"fg-loader\"><\/div><\/div><div class=\"fg-item fg-type-image fg-idle\"><figure class=\"fg-item-inner\"><a href=\"https:\/\/www.slovensky-kras.eu\/info\/wp-content\/uploads\/2025\/11\/ladislav-2-jar.jpeg\" data-attachment-id=\"29761\" data-type=\"image\" class=\"fg-thumb\"><span class=\"fg-image-wrap\"><img decoding=\"async\" alt=\"Kaplnka sv. Ladislava \u2013 Rastlinn\u00fd kostol Sv. Ladislava\" width=\"200\" height=\"200\" class=\"skip-lazy fg-image\" data-src-fg=\"https:\/\/www.slovensky-kras.eu\/info\/wp-content\/uploads\/cache\/2025\/11\/ladislav-2-jar\/3182533305.jpeg\" src=\"data:image\/svg+xml,%3Csvg%20xmlns%3D%22http%3A%2F%2Fwww.w3.org%2F2000%2Fsvg%22%20width%3D%22200%22%20height%3D%22200%22%20viewBox%3D%220%200%20200%20200%22%3E%3C%2Fsvg%3E\" loading=\"eager\"><\/span><span class=\"fg-image-overlay\"><\/span><\/a><\/figure><div class=\"fg-loader\"><\/div><\/div><div class=\"fg-item fg-type-image fg-idle\"><figure class=\"fg-item-inner\"><a href=\"https:\/\/www.slovensky-kras.eu\/info\/wp-content\/uploads\/2021\/12\/kaplnka-ladislava3.jpg\" data-attachment-id=\"21702\" data-type=\"image\" class=\"fg-thumb\"><span class=\"fg-image-wrap\"><img decoding=\"async\" width=\"200\" height=\"200\" class=\"skip-lazy fg-image\" data-src-fg=\"https:\/\/www.slovensky-kras.eu\/info\/wp-content\/uploads\/cache\/2021\/12\/kaplnka-ladislava3\/1183657815.jpg\" src=\"data:image\/svg+xml,%3Csvg%20xmlns%3D%22http%3A%2F%2Fwww.w3.org%2F2000%2Fsvg%22%20width%3D%22200%22%20height%3D%22200%22%20viewBox%3D%220%200%20200%20200%22%3E%3C%2Fsvg%3E\" loading=\"eager\"><\/span><span class=\"fg-image-overlay\"><\/span><\/a><\/figure><div class=\"fg-loader\"><\/div><\/div><div class=\"fg-item fg-type-image fg-idle\"><figure class=\"fg-item-inner\"><a href=\"https:\/\/www.slovensky-kras.eu\/info\/wp-content\/uploads\/2025\/11\/ladislavov-kostol-old-jar.jpeg\" data-caption-title=\"Kaplnka sv. Ladislava \u2013 Rastlinn\u00fd kostol Sv. Ladislava\" data-caption-desc=\"v roku okolo 1500\" data-attachment-id=\"29769\" data-type=\"image\" class=\"fg-thumb\"><span class=\"fg-image-wrap\"><img decoding=\"async\" alt=\"Kaplnka sv. Ladislava \u2013 Rastlinn\u00fd kostol Sv. Ladislava\" title=\"Kaplnka sv. Ladislava \u2013 Rastlinn\u00fd kostol Sv. Ladislava\" width=\"200\" height=\"200\" class=\"skip-lazy fg-image\" data-src-fg=\"https:\/\/www.slovensky-kras.eu\/info\/wp-content\/uploads\/cache\/2025\/11\/ladislavov-kostol-old-jar\/2510110658.jpeg\" src=\"data:image\/svg+xml,%3Csvg%20xmlns%3D%22http%3A%2F%2Fwww.w3.org%2F2000%2Fsvg%22%20width%3D%22200%22%20height%3D%22200%22%20viewBox%3D%220%200%20200%20200%22%3E%3C%2Fsvg%3E\" loading=\"eager\"><\/span><span class=\"fg-image-overlay\"><\/span><\/a><figcaption class=\"fg-caption\"><div class=\"fg-caption-inner\"><div class=\"fg-caption-title\">Kaplnka sv. Ladislava \u2013 Rastlinn\u00fd kostol Sv. Ladislava<\/div><div class=\"fg-caption-desc\">v roku okolo 1500<\/div><\/div><\/figcaption><\/figure><div class=\"fg-loader\"><\/div><\/div><div class=\"fg-item fg-type-image fg-idle\"><figure class=\"fg-item-inner\"><a href=\"https:\/\/www.slovensky-kras.eu\/info\/wp-content\/uploads\/2025\/11\/ladislavov-kostol-old-jesen.jpeg\" data-caption-title=\"Kaplnka sv. Ladislava \u2013 Rastlinn\u00fd kostol Sv. Ladislava\" data-caption-desc=\"v roku okolo roku 1500\" data-attachment-id=\"29770\" data-type=\"image\" class=\"fg-thumb\"><span class=\"fg-image-wrap\"><img decoding=\"async\" alt=\"Kaplnka sv. Ladislava \u2013 Rastlinn\u00fd kostol Sv. Ladislava\" title=\"Kaplnka sv. Ladislava \u2013 Rastlinn\u00fd kostol Sv. Ladislava\" width=\"200\" height=\"200\" class=\"skip-lazy fg-image\" data-src-fg=\"https:\/\/www.slovensky-kras.eu\/info\/wp-content\/uploads\/cache\/2025\/11\/ladislavov-kostol-old-jesen\/1328670347.jpeg\" src=\"data:image\/svg+xml,%3Csvg%20xmlns%3D%22http%3A%2F%2Fwww.w3.org%2F2000%2Fsvg%22%20width%3D%22200%22%20height%3D%22200%22%20viewBox%3D%220%200%20200%20200%22%3E%3C%2Fsvg%3E\" loading=\"eager\"><\/span><span class=\"fg-image-overlay\"><\/span><\/a><figcaption class=\"fg-caption\"><div class=\"fg-caption-inner\"><div class=\"fg-caption-title\">Kaplnka sv. Ladislava \u2013 Rastlinn\u00fd kostol Sv. Ladislava<\/div><div class=\"fg-caption-desc\">v roku okolo roku 1500<\/div><\/div><\/figcaption><\/figure><div class=\"fg-loader\"><\/div><\/div><div class=\"fg-item fg-type-image fg-idle\"><figure class=\"fg-item-inner\"><a href=\"https:\/\/www.slovensky-kras.eu\/info\/wp-content\/uploads\/2025\/11\/ladislavov-kostol-old-leto.jpeg\" data-caption-title=\"Kaplnka sv. Ladislava \u2013 Rastlinn\u00fd kostol Sv. Ladislava\" data-caption-desc=\"okolo roku 1500\" data-attachment-id=\"29772\" data-type=\"image\" class=\"fg-thumb\"><span class=\"fg-image-wrap\"><img decoding=\"async\" alt=\"Kaplnka sv. Ladislava \u2013 Rastlinn\u00fd kostol Sv. Ladislava\" title=\"Kaplnka sv. Ladislava \u2013 Rastlinn\u00fd kostol Sv. Ladislava\" width=\"200\" height=\"200\" class=\"skip-lazy fg-image\" data-src-fg=\"https:\/\/www.slovensky-kras.eu\/info\/wp-content\/uploads\/cache\/2025\/11\/ladislavov-kostol-old-leto\/2005750595.jpeg\" src=\"data:image\/svg+xml,%3Csvg%20xmlns%3D%22http%3A%2F%2Fwww.w3.org%2F2000%2Fsvg%22%20width%3D%22200%22%20height%3D%22200%22%20viewBox%3D%220%200%20200%20200%22%3E%3C%2Fsvg%3E\" loading=\"eager\"><\/span><span class=\"fg-image-overlay\"><\/span><\/a><figcaption class=\"fg-caption\"><div class=\"fg-caption-inner\"><div class=\"fg-caption-title\">Kaplnka sv. Ladislava \u2013 Rastlinn\u00fd kostol Sv. Ladislava<\/div><div class=\"fg-caption-desc\">okolo roku 1500<\/div><\/div><\/figcaption><\/figure><div class=\"fg-loader\"><\/div><\/div><div class=\"fg-item fg-type-image fg-idle\"><figure class=\"fg-item-inner\"><a href=\"https:\/\/www.slovensky-kras.eu\/info\/wp-content\/uploads\/2026\/04\/ladislav-jesen.jpeg\" data-caption-title=\"Kaplnka sv. Ladislava \u2013 Rastlinn\u00fd kostol Sv. Ladislava\" data-caption-desc=\"Kaplnka sv. Ladislava \u2013 Rastlinn\u00fd kostol Sv. Ladislava\" data-attachment-id=\"29775\" data-type=\"image\" class=\"fg-thumb\"><span class=\"fg-image-wrap\"><img decoding=\"async\" title=\"Kaplnka sv. Ladislava \u2013 Rastlinn\u00fd kostol Sv. Ladislava\" width=\"200\" height=\"200\" class=\"skip-lazy fg-image\" data-src-fg=\"https:\/\/www.slovensky-kras.eu\/info\/wp-content\/uploads\/cache\/2026\/04\/ladislav-jesen\/1777009461.jpeg\" src=\"data:image\/svg+xml,%3Csvg%20xmlns%3D%22http%3A%2F%2Fwww.w3.org%2F2000%2Fsvg%22%20width%3D%22200%22%20height%3D%22200%22%20viewBox%3D%220%200%20200%20200%22%3E%3C%2Fsvg%3E\" loading=\"eager\"><\/span><span class=\"fg-image-overlay\"><\/span><\/a><figcaption class=\"fg-caption\"><div class=\"fg-caption-inner\"><div class=\"fg-caption-title\">Kaplnka sv. Ladislava \u2013 Rastlinn\u00fd kostol Sv. Ladislava<\/div><div class=\"fg-caption-desc\">Kaplnka sv. Ladislava \u2013 Rastlinn\u00fd kostol Sv. Ladislava<\/div><\/div><\/figcaption><\/figure><div class=\"fg-loader\"><\/div><\/div><div class=\"fg-item fg-type-image fg-idle\"><figure class=\"fg-item-inner\"><a href=\"https:\/\/www.slovensky-kras.eu\/info\/wp-content\/uploads\/2026\/04\/ladislavov-kostol-old-zima.jpeg\" data-caption-title=\"Kaplnka sv. Ladislava \u2013 Rastlinn\u00fd kostol Sv. Ladislava\" data-caption-desc=\"Kaplnka sv. Ladislava \u2013 Rastlinn\u00fd kostol Sv. Ladislava\" data-attachment-id=\"29774\" data-type=\"image\" class=\"fg-thumb\"><span class=\"fg-image-wrap\"><img decoding=\"async\" alt=\"Kaplnka sv. Ladislava \u2013 Rastlinn\u00fd kostol Sv. Ladislava\" title=\"Kaplnka sv. Ladislava \u2013 Rastlinn\u00fd kostol Sv. Ladislava\" width=\"200\" height=\"200\" class=\"skip-lazy fg-image\" data-src-fg=\"https:\/\/www.slovensky-kras.eu\/info\/wp-content\/uploads\/cache\/2026\/04\/ladislavov-kostol-old-zima\/1200521405.jpeg\" src=\"data:image\/svg+xml,%3Csvg%20xmlns%3D%22http%3A%2F%2Fwww.w3.org%2F2000%2Fsvg%22%20width%3D%22200%22%20height%3D%22200%22%20viewBox%3D%220%200%20200%20200%22%3E%3C%2Fsvg%3E\" loading=\"eager\"><\/span><span class=\"fg-image-overlay\"><\/span><\/a><figcaption class=\"fg-caption\"><div class=\"fg-caption-inner\"><div class=\"fg-caption-title\">Kaplnka sv. Ladislava \u2013 Rastlinn\u00fd kostol Sv. Ladislava<\/div><div class=\"fg-caption-desc\">Kaplnka sv. Ladislava \u2013 Rastlinn\u00fd kostol Sv. Ladislava<\/div><\/div><\/figcaption><\/figure><div class=\"fg-loader\"><\/div><\/div>\t<\/div>\n\t<div class=\"fg-carousel-bottom\"><\/div>\n\t<div class=\"fg-carousel-progress\"><\/div>\n\t<button type=\"button\" class=\"fg-carousel-next\" title=\"Next\"><\/button>\n<\/div>\n<h3><span style=\"color: #808000;\">Bl\u00edzke stredisko, turistick\u00e9 centrum, obec alebo mesto:<\/span><\/h3>\n<ul>\n<li><a href=\"http:\/\/www.slovensky-kras.eu\/info\/strediska-a-centra\/obec-jasov\/\">Obec Jasov (\u010d\u00edtaj viac&#8230;)<\/a><\/li>\n<\/ul>\n<ul>\n<li><a href=\"http:\/\/www.slovensky-kras.eu\/info\/strediska-a-centra\/obec-drienovec-drienovecke-kupele\/\">Obec Drienovec-Drienovsk\u00e9 k\u00fapele (\u010d\u00edtaj viac&#8230;)<\/a><\/li>\n<\/ul>\n<ul>\n<li><a href=\"http:\/\/www.slovensky-kras.eu\/info\/strediska-a-centra\/mesto-moldava-nad-bodvou\/\">Mesto Moldava Nad Bodvou (\u010d\u00edtaj viac&#8230;)<\/a><\/li>\n<\/ul>\n<ul>\n<li><a href=\"http:\/\/www.slovensky-kras.eu\/info\/strediska-a-centra\/obec-haj\/\">Obec H\u00e1j (\u010d\u00edtaj viac&#8230;)<\/a><\/li>\n<\/ul>\n<ul>\n<li><a href=\"http:\/\/www.slovensky-kras.eu\/info\/strediska-a-centra\/obec-hacava\/\">Obec Ha\u010dava (\u010d\u00edtaj viac&#8230;)<\/a><\/li>\n<\/ul>\n<h2><span style=\"color: #808000;\">Mapy<\/span><\/h2>\n<p><strong>Vrstvy: <\/strong>Turistick\u00e1 mapa, Automapa, Cyklomapa, Ly\u017eiarska mapa, Satelitn\u00e1 mapa a OpenStreetMap.<\/p>\n<p><strong>Kliknut\u00edm na logo &#8222;Freemap.sk&#8220; sa V\u00e1m mapa zobraz\u00ed na celej ploche obrazovky.<\/strong><\/p>\n<p><iframe style=\"width: 900px; height: 600px; border: 0;\" src=\"https:\/\/www.freemap.sk\/?map=14\/48.644167\/20.946164&amp;info-point=48.644167\/20.946164,Kaplnka sv. Ladislava - Rastlinn\u00fd kostol Sv. Ladislava&amp;layers=X&amp;embed=search\" allowfullscreen=\"allowfullscreen\"><span data-mce-type=\"bookmark\" style=\"display: inline-block; width: 0px; overflow: hidden; line-height: 0;\" class=\"mce_SELRES_start\">\ufeff<\/span><\/iframe><\/p>\n<h2><span style=\"color: #808000;\">Po\u010dasie<\/span><\/h2>\n<p><iframe style=\"width: 900px; height: 609px;\" src=\"https:\/\/www.meteoblue.com\/sk\/po%C4%8Dasie\/widget\/three\/48.657N20.9E644_Europe%2FBratislava?geoloc=fixed&amp;nocurrent=0&amp;noforecast=0&amp;days=6&amp;tempunit=CELSIUS&amp;windunit=KILOMETER_PER_HOUR&amp;layout=image\" frameborder=\"0\" scrolling=\"NO\" sandbox=\"allow-same-origin allow-scripts allow-popups allow-popups-to-escape-sandbox\"><\/iframe><\/p>\n<div><!-- DO NOT REMOVE THIS LINK --><a href=\"https:\/\/www.meteoblue.com\/sk\/po%C4%8Dasie\/predpove%C4%8F\/t%C3%BD%C5%BEde%C5%88\/48.657N20.9E644_Europe%2FBratislava?utm_source=weather_widget&amp;utm_medium=linkus&amp;utm_content=three&amp;utm_campaign=Weather%2BWidget\" target=\"_blank\" rel=\"noopener noreferrer\">meteoblue<\/a><\/div>\n<h3><span style=\"color: #808000;\">Vide\u00e1<\/span><\/h3>\n<p><iframe loading=\"lazy\" src=\"\/\/www.youtube-nocookie.com\/embed\/XY2VUkGHLgw\" width=\"800\" height=\"450\" frameborder=\"0\" allowfullscreen=\"allowfullscreen\"><\/iframe><\/p>\n","protected":false},"excerpt":{"rendered":"<p>Menu: Podkateg\u00f3ria: Tam, kde architekt\u00faru tvor\u00ed sama pr\u00edroda Predstavte si miesto v srdci Slovensk\u00e9ho krasu, kde sa hist\u00f3ria neukr\u00fdva v chladn\u00fdch m\u00faroch, ale d\u00fdcha cez \u017eiv\u00e9 stromy. Unik\u00e1tny Rastlinn\u00fd kostol [&hellip;]<\/p>\n","protected":false},"author":1,"featured_media":29761,"parent":15,"menu_order":0,"comment_status":"closed","ping_status":"open","template":"","meta":{"_uag_custom_page_level_css":"","footnotes":""},"class_list":["post-611","page","type-page","status-publish","has-post-thumbnail","hentry"],"featured_image_src":"https:\/\/www.slovensky-kras.eu\/info\/wp-content\/uploads\/2025\/11\/ladislav-2-jar.jpeg","featured_image_src_square":"https:\/\/www.slovensky-kras.eu\/info\/wp-content\/uploads\/2025\/11\/ladislav-2-jar.jpeg","rbea_author_info":{"display_name":"admin","author_link":"https:\/\/www.slovensky-kras.eu\/info\/author\/admin\/"},"rbea_excerpt_info":"Menu: Podkateg\u00f3ria: Tam, kde architekt\u00faru tvor\u00ed sama pr\u00edroda Predstavte si miesto v srdci Slovensk\u00e9ho krasu, kde sa hist\u00f3ria neukr\u00fdva v chladn\u00fdch m\u00faroch, ale d\u00fdcha cez \u017eiv\u00e9 stromy. Unik\u00e1tny Rastlinn\u00fd kostol [&hellip;]","uagb_featured_image_src":{"full":["https:\/\/www.slovensky-kras.eu\/info\/wp-content\/uploads\/2025\/11\/ladislav-2-jar.jpeg",1376,768,false],"thumbnail":["https:\/\/www.slovensky-kras.eu\/info\/wp-content\/uploads\/2025\/11\/ladislav-2-jar-150x150.jpeg",150,150,true],"medium":["https:\/\/www.slovensky-kras.eu\/info\/wp-content\/uploads\/2025\/11\/ladislav-2-jar-800x447.jpeg",800,447,true],"medium_large":["https:\/\/www.slovensky-kras.eu\/info\/wp-content\/uploads\/2025\/11\/ladislav-2-jar-768x429.jpeg",768,429,true],"large":["https:\/\/www.slovensky-kras.eu\/info\/wp-content\/uploads\/2025\/11\/ladislav-2-jar-1024x572.jpeg",1024,572,true],"1536x1536":["https:\/\/www.slovensky-kras.eu\/info\/wp-content\/uploads\/2025\/11\/ladislav-2-jar.jpeg",1376,768,false],"2048x2048":["https:\/\/www.slovensky-kras.eu\/info\/wp-content\/uploads\/2025\/11\/ladislav-2-jar.jpeg",1376,768,false]},"uagb_author_info":{"display_name":"admin","author_link":"https:\/\/www.slovensky-kras.eu\/info\/author\/admin\/"},"uagb_comment_info":0,"uagb_excerpt":"Menu: Podkateg\u00f3ria: Tam, kde architekt\u00faru tvor\u00ed sama pr\u00edroda Predstavte si miesto v srdci Slovensk\u00e9ho krasu, kde sa hist\u00f3ria neukr\u00fdva v chladn\u00fdch m\u00faroch, ale d\u00fdcha cez \u017eiv\u00e9 stromy. Unik\u00e1tny Rastlinn\u00fd kostol [&hellip;]","_links":{"self":[{"href":"https:\/\/www.slovensky-kras.eu\/info\/wp-json\/wp\/v2\/pages\/611","targetHints":{"allow":["GET"]}}],"collection":[{"href":"https:\/\/www.slovensky-kras.eu\/info\/wp-json\/wp\/v2\/pages"}],"about":[{"href":"https:\/\/www.slovensky-kras.eu\/info\/wp-json\/wp\/v2\/types\/page"}],"author":[{"embeddable":true,"href":"https:\/\/www.slovensky-kras.eu\/info\/wp-json\/wp\/v2\/users\/1"}],"replies":[{"embeddable":true,"href":"https:\/\/www.slovensky-kras.eu\/info\/wp-json\/wp\/v2\/comments?post=611"}],"version-history":[{"count":14,"href":"https:\/\/www.slovensky-kras.eu\/info\/wp-json\/wp\/v2\/pages\/611\/revisions"}],"predecessor-version":[{"id":29768,"href":"https:\/\/www.slovensky-kras.eu\/info\/wp-json\/wp\/v2\/pages\/611\/revisions\/29768"}],"up":[{"embeddable":true,"href":"https:\/\/www.slovensky-kras.eu\/info\/wp-json\/wp\/v2\/pages\/15"}],"wp:featuredmedia":[{"embeddable":true,"href":"https:\/\/www.slovensky-kras.eu\/info\/wp-json\/wp\/v2\/media\/29761"}],"wp:attachment":[{"href":"https:\/\/www.slovensky-kras.eu\/info\/wp-json\/wp\/v2\/media?parent=611"}],"curies":[{"name":"wp","href":"https:\/\/api.w.org\/{rel}","templated":true}]}}