{"id":607,"date":"2013-06-29T18:48:09","date_gmt":"2013-06-29T16:48:09","guid":{"rendered":"http:\/\/www.slovensky-kras.eu\/info\/?page_id=607"},"modified":"2021-12-20T06:59:39","modified_gmt":"2021-12-20T05:59:39","slug":"premonstratsky-klastor-v-jasove","status":"publish","type":"page","link":"https:\/\/www.slovensky-kras.eu\/info\/kam-za-pamiatkami\/premonstratsky-klastor-v-jasove\/","title":{"rendered":"Premon\u0161tr\u00e1tsky kl\u00e1\u0161tor v Jasove &#8211; Jasovsk\u00fd kl\u00e1\u0161tor"},"content":{"rendered":"<p><strong>Menu: <\/strong><a href=\"http:\/\/www.slovensky-kras.eu\/info\/\" class=\"su-button su-button-style-default\" style=\"color:#000000;background-color:#FFCF2F;border-color:#cca626;border-radius:5px\" target=\"_self\"><span style=\"color:#000000;padding:6px 16px;font-size:13px;line-height:20px;border-color:#ffde6e;border-radius:5px;text-shadow:none\"><i class=\"sui sui-arrow-right\" style=\"font-size:13px;color:#000000\"><\/i>  \u00davod \/ Aktuality <\/span><\/a>\n<a href=\"http:\/\/www.slovensky-kras.eu\/info\/kam-za-pamiatkami\/\" class=\"su-button su-button-style-default\" style=\"color:#000000;background-color:#FFCF2F;border-color:#cca626;border-radius:5px\" target=\"_self\"><span style=\"color:#000000;padding:6px 16px;font-size:13px;line-height:20px;border-color:#ffde6e;border-radius:5px;text-shadow:none\"><i class=\"sui sui-arrow-right\" style=\"font-size:13px;color:#000000\"><\/i>  Kam za pamiatkami <\/span><\/a>\n<div class=\"su-divider su-divider-style-default\" style=\"margin:15px 0;border-width:0px;border-color:#000000\"><\/div>\n<p><strong>Podkateg\u00f3ria: <\/strong> <a href=\"http:\/\/www.slovensky-kras.eu\/info\/kam-za-pamiatkami\/nabozenske-pamiatky\/\" class=\"su-button su-button-style-default\" style=\"color:#000000;background-color:#afd144;border-color:#8ca837;border-radius:5px\" target=\"_self\"><span style=\"color:#000000;padding:6px 16px;font-size:13px;line-height:20px;border-color:#c7df7d;border-radius:5px;text-shadow:none\"><i class=\"sui sui-arrow-right\" style=\"font-size:13px;color:#000000\"><\/i>  N\u00e1bo\u017eensk\u00e9 pamiatky <\/span><\/a>\n<div class=\"su-divider su-divider-style-default\" style=\"margin:15px 0;border-width:2px;border-color:#000000\"><\/div>\n<h3><span style=\"color: #808000;\">V\u0161eobecn\u00e9 inform\u00e1cie<\/span><\/h3>\n<p>Prv\u00e1 budova premon\u0161tr\u00e1tskeho kl\u00e1\u0161tora z roku 1228 bola pravdepodobne z dreva.<\/p>\n<figure id=\"attachment_21759\" aria-describedby=\"caption-attachment-21759\" style=\"width: 800px\" class=\"wp-caption aligncenter\"><a href=\"https:\/\/www.slovensky-kras.eu\/info\/wp-content\/uploads\/2021\/12\/klastor-v-jasove1.jpg\"><img loading=\"lazy\" decoding=\"async\" class=\"wp-image-21759 size-full\" src=\"https:\/\/www.slovensky-kras.eu\/info\/wp-content\/uploads\/2021\/12\/klastor-v-jasove1.jpg\" alt=\"\" width=\"800\" height=\"533\" srcset=\"https:\/\/www.slovensky-kras.eu\/info\/wp-content\/uploads\/2021\/12\/klastor-v-jasove1.jpg 800w, https:\/\/www.slovensky-kras.eu\/info\/wp-content\/uploads\/2021\/12\/klastor-v-jasove1-768x512.jpg 768w\" sizes=\"auto, (max-width: 800px) 100vw, 800px\" \/><\/a><figcaption id=\"caption-attachment-21759\" class=\"wp-caption-text\">Premon\u0161tr\u00e1tsky kl\u00e1\u0161tor v Jasove<\/figcaption><\/figure>\n<p>Rom\u00e1nska kamenn\u00e1 budova, ktor\u00fa za\u010dali budova\u0165 za obdobia vl\u00e1dy Kolomana, e\u0161te po\u010das vp\u00e1du tat\u00e1rskych kme\u0148ov nebola dostavan\u00e1.<\/p>\n<p>V rokoch 1421 &#8211; 1436 bol gotick\u00fd kl\u00e1\u0161tor prestavan\u00fd do hradbami obohnan\u00e9ho kl\u00e1\u0161torn\u00e9ho komplexu.<\/p>\n<figure id=\"attachment_21760\" aria-describedby=\"caption-attachment-21760\" style=\"width: 800px\" class=\"wp-caption aligncenter\"><a href=\"https:\/\/www.slovensky-kras.eu\/info\/wp-content\/uploads\/2021\/12\/klastor-v-jasove2.jpg\"><img loading=\"lazy\" decoding=\"async\" class=\"wp-image-21760 size-full\" src=\"https:\/\/www.slovensky-kras.eu\/info\/wp-content\/uploads\/2021\/12\/klastor-v-jasove2.jpg\" alt=\"\" width=\"800\" height=\"533\" srcset=\"https:\/\/www.slovensky-kras.eu\/info\/wp-content\/uploads\/2021\/12\/klastor-v-jasove2.jpg 800w, https:\/\/www.slovensky-kras.eu\/info\/wp-content\/uploads\/2021\/12\/klastor-v-jasove2-768x512.jpg 768w\" sizes=\"auto, (max-width: 800px) 100vw, 800px\" \/><\/a><figcaption id=\"caption-attachment-21760\" class=\"wp-caption-text\">Olt\u00e1r &#8211; Premon\u0161tr\u00e1tsky kl\u00e1\u0161tor v Jasove<\/figcaption><\/figure>\n<p>Po mnoh\u00fdch \u00faderoch bol prestavan\u00fd v rokoch 1687-1699.<\/p>\n<p>Samotn\u00e9 jadro stavby bolo gotick\u00e9, s men\u0161\u00edmi renesan\u010dno-barokov\u00fdmi \u00fapravami.<\/p>\n<figure id=\"attachment_21761\" aria-describedby=\"caption-attachment-21761\" style=\"width: 800px\" class=\"wp-caption aligncenter\"><a href=\"https:\/\/www.slovensky-kras.eu\/info\/wp-content\/uploads\/2021\/12\/klastor-v-jasove3.jpg\"><img loading=\"lazy\" decoding=\"async\" class=\"wp-image-21761 size-full\" src=\"https:\/\/www.slovensky-kras.eu\/info\/wp-content\/uploads\/2021\/12\/klastor-v-jasove3.jpg\" alt=\"\" width=\"800\" height=\"533\" srcset=\"https:\/\/www.slovensky-kras.eu\/info\/wp-content\/uploads\/2021\/12\/klastor-v-jasove3.jpg 800w, https:\/\/www.slovensky-kras.eu\/info\/wp-content\/uploads\/2021\/12\/klastor-v-jasove3-768x512.jpg 768w\" sizes=\"auto, (max-width: 800px) 100vw, 800px\" \/><\/a><figcaption id=\"caption-attachment-21761\" class=\"wp-caption-text\">Park- Premon\u0161tr\u00e1tsky kl\u00e1\u0161tor v Jasove<\/figcaption><\/figure>\n<p>Po\u010das \u00e9ry prepo\u0161ta Sauberera &#8211; v \u0161tyridsiatych rokoch 18. storo\u010dia &#8211; bola stavba zr\u00faten\u00e1, aby sa pripravilo miesto pre ve\u013ekolep\u00fd neskorobarokov\u00fd kl\u00e1\u0161torn\u00fd komplex.<\/p>\n<p>Na z\u00e1klade spolo\u010dn\u00fdch prvkov stavieb sa usudzuje, \u017ee autorom stavby je viedensk\u00fd architekt Anton Pilgram.<\/p>\n<figure id=\"attachment_21762\" aria-describedby=\"caption-attachment-21762\" style=\"width: 800px\" class=\"wp-caption aligncenter\"><a href=\"https:\/\/www.slovensky-kras.eu\/info\/wp-content\/uploads\/2021\/12\/klastor-v-jasove4.jpg\"><img loading=\"lazy\" decoding=\"async\" class=\"wp-image-21762 size-full\" src=\"https:\/\/www.slovensky-kras.eu\/info\/wp-content\/uploads\/2021\/12\/klastor-v-jasove4.jpg\" alt=\"\" width=\"800\" height=\"600\" srcset=\"https:\/\/www.slovensky-kras.eu\/info\/wp-content\/uploads\/2021\/12\/klastor-v-jasove4.jpg 800w, https:\/\/www.slovensky-kras.eu\/info\/wp-content\/uploads\/2021\/12\/klastor-v-jasove4-768x576.jpg 768w\" sizes=\"auto, (max-width: 800px) 100vw, 800px\" \/><\/a><figcaption id=\"caption-attachment-21762\" class=\"wp-caption-text\">Premon\u0161tr\u00e1tsky kl\u00e1\u0161tor v Jasove<\/figcaption><\/figure>\n<p>N\u00e1dhern\u00e1 a d\u00f4stojn\u00e1 stavba, ktor\u00e1 je vsaden\u00e1 do z\u00e1zra\u010dnej pr\u00edrodnej scen\u00e9rie, je jednou z najvz\u00e1cnej\u0161\u00edch barokov\u00fdch umelecko-architektonick\u00fdch pamiatok.<\/p>\n<p>P\u00f4dorys je tvaru obd\u013a\u017enika, s centr\u00e1lne umiestnen\u00fdm kostolom, ktor\u00fd del\u00ed budovu na dve samostatn\u00e9 kr\u00eddla.<\/p>\n<figure id=\"attachment_21763\" aria-describedby=\"caption-attachment-21763\" style=\"width: 800px\" class=\"wp-caption aligncenter\"><a href=\"https:\/\/www.slovensky-kras.eu\/info\/wp-content\/uploads\/2021\/12\/klastor-v-jasove5.jpg\"><img loading=\"lazy\" decoding=\"async\" class=\"wp-image-21763 size-full\" src=\"https:\/\/www.slovensky-kras.eu\/info\/wp-content\/uploads\/2021\/12\/klastor-v-jasove5.jpg\" alt=\"\" width=\"800\" height=\"600\" srcset=\"https:\/\/www.slovensky-kras.eu\/info\/wp-content\/uploads\/2021\/12\/klastor-v-jasove5.jpg 800w, https:\/\/www.slovensky-kras.eu\/info\/wp-content\/uploads\/2021\/12\/klastor-v-jasove5-768x576.jpg 768w\" sizes=\"auto, (max-width: 800px) 100vw, 800px\" \/><\/a><figcaption id=\"caption-attachment-21763\" class=\"wp-caption-text\">Premon\u0161tr\u00e1tsky kl\u00e1\u0161tor v Jasove<\/figcaption><\/figure>\n<p>Prav\u00e9 kr\u00eddlo je konvent a \u013eav\u00e9 kr\u00eddlo tvor\u00ed prelat\u00fara.<\/p>\n<p>Obe kr\u00eddla uzatv\u00e1raj\u00fa dvor so \u0161tvorcov\u00fdm p\u00f4dorysom, ktor\u00e9 sl\u00fa\u017eili ako z\u00e1hrady pre medit\u00e1ciu.<\/p>\n<figure id=\"attachment_21764\" aria-describedby=\"caption-attachment-21764\" style=\"width: 800px\" class=\"wp-caption aligncenter\"><a href=\"https:\/\/www.slovensky-kras.eu\/info\/wp-content\/uploads\/2021\/12\/klastor-v-jasove6.jpg\"><img loading=\"lazy\" decoding=\"async\" class=\"wp-image-21764 size-full\" src=\"https:\/\/www.slovensky-kras.eu\/info\/wp-content\/uploads\/2021\/12\/klastor-v-jasove6.jpg\" alt=\"\" width=\"800\" height=\"600\" srcset=\"https:\/\/www.slovensky-kras.eu\/info\/wp-content\/uploads\/2021\/12\/klastor-v-jasove6.jpg 800w, https:\/\/www.slovensky-kras.eu\/info\/wp-content\/uploads\/2021\/12\/klastor-v-jasove6-768x576.jpg 768w\" sizes=\"auto, (max-width: 800px) 100vw, 800px\" \/><\/a><figcaption id=\"caption-attachment-21764\" class=\"wp-caption-text\">Premon\u0161tr\u00e1tsky kl\u00e1\u0161tor v Jasove<\/figcaption><\/figure>\n<p>Prie\u010delie je vyzdvihnut\u00e9 rohov\u00fdmi ve\u017eami s manzardkou a \u010dlenia ho pravidelne sa striedaj\u00face okn\u00e1, preru\u0161ovan\u00e9 rizalitmi (zvisl\u00e9 v\u00fdstupky prie\u010delia budovy od z\u00e1kladov) kon\u010diace plastikami ozdoben\u00fdmi freskami.<\/p>\n<p>T\u00e9ma fresiek sa t\u00fdka cirkevn\u00fdch symbolov a odovzdanosti kl\u00e1\u0161tora kr\u00e1\u013eovi.<\/p>\n<figure id=\"attachment_21765\" aria-describedby=\"caption-attachment-21765\" style=\"width: 800px\" class=\"wp-caption aligncenter\"><a href=\"https:\/\/www.slovensky-kras.eu\/info\/wp-content\/uploads\/2021\/12\/klastor-v-jasove7.jpg\"><img loading=\"lazy\" decoding=\"async\" class=\"wp-image-21765 size-full\" src=\"https:\/\/www.slovensky-kras.eu\/info\/wp-content\/uploads\/2021\/12\/klastor-v-jasove7.jpg\" alt=\"\" width=\"800\" height=\"600\" srcset=\"https:\/\/www.slovensky-kras.eu\/info\/wp-content\/uploads\/2021\/12\/klastor-v-jasove7.jpg 800w, https:\/\/www.slovensky-kras.eu\/info\/wp-content\/uploads\/2021\/12\/klastor-v-jasove7-768x576.jpg 768w\" sizes=\"auto, (max-width: 800px) 100vw, 800px\" \/><\/a><figcaption id=\"caption-attachment-21765\" class=\"wp-caption-text\">Premon\u0161tr\u00e1tsky kl\u00e1\u0161tor v Jasove<\/figcaption><\/figure>\n<p>V pred\u013a\u017een\u00ed hlavnej osi kostola Sv. J\u00e1na Krstite\u013ea sa rozprestiera kl\u00e1\u0161torn\u00e1 kni\u017enica, ktor\u00e1 je zvonku zv\u00fdraznen\u00e1 zdvihnut\u00fdm v\u00fdbe\u017ekom prie\u010delia.<\/p>\n<p>Zvl\u00e1\u0161tnos\u0165ou kl\u00e1\u0161tornej budovy je skuto\u010dnos\u0165, \u017ee m\u00e1 365 okien &#8211; ako dn\u00ed v roku, m\u00e1 12 ve\u013ek\u00fdch kom\u00ednov &#8211; ako mesiacov v roku, a m\u00e1 4 vchody &#8211; ako po\u010det ro\u010dn\u00fdch obdob\u00ed.<\/p>\n<p>Stavite\u013eom kl\u00e1\u0161torn\u00e9ho komplexu je tirol\u010dan Anton Salzgeber, ktor\u00fd po ukon\u010den\u00ed stavby po\u017eiadal o ko\u0161ick\u00e9 ob\u010dianstvo.<\/p>\n<p>V\u00fdzdoba kostola &#8211; \u0161tukat\u00e9ra, architektonick\u00e9 plastiky, sochy a mramorovanie s\u00fa dielom Johanna Hennevogela.<\/p>\n<p>Pravdepodobne od neho poch\u00e1dzaj\u00fa sochy Sv. \u0160tefana a Sv. Ladislava umiestnen\u00e9 v prie\u010del\u00ed kostola.<\/p>\n<p>Jeho dielo sa vhodne dop\u013a\u0148a s umeleck\u00fdmi dielami maliara J\u00e1na Luk\u00e1\u0161a Krackera a soch\u00e1ra a maliara J\u00e1na Antona Kraussa, ktor\u00fd okrem in\u00e9ho vyzdobil kostol aj pr\u00edjemne p\u00f4sobiacimi so\u0161kami putti.<\/p>\n<p>Vysv\u00e4tenie kostola Sv. J\u00e1na Krstite\u013ea sa uskuto\u010dnilo v roku 1766, kedy bol u\u017e kl\u00e1\u0161tor pravdepodobne dobudovan\u00fd.<\/p>\n<p>S\u00fa\u010das\u0165ou cel\u00e9ho are\u00e1lu je aj barokov\u00e1 z\u00e1hrada.<\/p>\n<p><a href=\"http:\/\/www.slovensky-kras.eu\/info\/kam-za-pamiatkami\/klastorna-kniznica-v-jasove\/\">Kni\u017enica v kl\u00e1\u0161tore<\/a> pribudla u\u017e v druhej polovici 13. storo\u010dia.<\/p>\n<h3>Kl\u00e1\u0161tor patr\u00ed Premon\u0161tr\u00e1tskemu radu a ob\u00fdvaj\u00fa ho mn\u00edsi.<br \/>\n<strong><br \/>\n<\/strong><span style=\"color: #808000;\">Prehliadka a vstupn\u00e9<\/span><\/h3>\n<p>Chr\u00e1m sv. J\u00e1na Krstite\u013ea je mo\u017en\u00e9 pozrie\u0165 si so sprievodcom od 15. j\u00fana do 15. septembra od utorka do soboty v \u010dase od 9.00 do 14.00.<\/p>\n<p><strong>Mo\u017enos\u0165 pozrie\u0165 si cel\u00fd komplex je potrebn\u00e9 ohl\u00e1si\u0165 a dohodn\u00fa\u0165 vopred na telef\u00f3nom \u010d\u00edsle:<\/strong> +421 &#8211; 55 &#8211; 4668 100.<\/p>\n<p><strong>Vstupn\u00e9<\/strong><br \/>\ndospel\u00fd 2 eur\u00e1, \u017eiaci a \u0161tudenti 1 euro, foto a kamera doplatok 5 eur.<\/p>\n<h3><span style=\"color: #808000;\">Kontakt<\/span><\/h3>\n<p><strong>R\u00e1d Premon\u0161tr\u00e1tov &#8211; Op\u00e1tstvo Jasov<\/strong><br \/>\nKl\u00e1\u0161tor premon\u0161tr\u00e1tov<br \/>\nPodz\u00e1mok 166\/28<br \/>\n044 23 Jasov<br \/>\nTel.: +421 &#8211; 55 &#8211; 4668 100, + 421- 55 &#8211; 4668 121<br \/>\nMobil: + 421 903 632 606<br \/>\nE-mail: <a href=\"mailto:opatstvojasov@centrum.sk\" target=\"_blank\" rel=\"noopener noreferrer\">opatstvojasov@centrum.sk<\/a><br \/>\n<strong>web:<\/strong> <a href=\"http:\/\/www.opatstvojasov.sk\/\" target=\"_blank\" rel=\"noopener noreferrer\">www.opatstvojasov.sk<\/a><\/p>\n<h3><span style=\"color: #808000;\">Om\u0161e<\/span><\/h3>\n<p><strong>Op\u00e1tsky chr\u00e1m Sv. J\u00e1na Krstite\u013ea<\/strong><br \/>\n<strong>pondelok \u2013 sobota:<\/strong> 7.00 hod.<br \/>\n<strong>nede\u013ea:<\/strong> 9.00 hod.<\/p>\n<h3><span style=\"color: #808000;\">Bl\u00edzke stredisko, turistick\u00e9 centrum, obec alebo mesto:<\/span><\/h3>\n<ul>\n<li><a href=\"http:\/\/www.slovensky-kras.eu\/info\/strediska-a-centra\/obec-jasov\/\">Obec Jasov (\u010d\u00edtaj viac&#8230;)<\/a><\/li>\n<\/ul>\n<h3><span style=\"color: #808000;\">Mapy<\/span><\/h3>\n<p><strong>Vrstvy: <\/strong>Turistick\u00e1 mapa, Automapa, Cyklomapa, Ly\u017eiarska mapa, Satelitn\u00e1 mapa a OpenStreetMap.<\/p>\n<p><strong>Kliknut\u00edm na logo &#8222;Freemap.sk&#8220; sa V\u00e1m mapa zobraz\u00ed na celej ploche obrazovky.<\/strong><\/p>\n<p><iframe style=\"width: 800px; height: 600px; border: 0;\" src=\"https:\/\/www.freemap.sk\/?map=14\/48.682206\/20.967622&amp;info-point=48.682206\/20.967622,Premon\u0161tr\u00e1tsky kl\u00e1\u0161tor v Jasove - Jasovsk\u00fd kl\u00e1\u0161tor&amp;layers=T&amp;embed=search\" allowfullscreen=\"allowfullscreen\"><\/iframe><\/p>\n<h3><span style=\"color: #808000;\">Po\u010dasie<\/span><strong><br \/>\n<\/strong><br \/>\n<iframe style=\"width: 800px; height: 609px;\" src=\"https:\/\/www.meteoblue.com\/sk\/po%C4%8Dasie\/widget\/three\/jasov_slovensk%c3%a1-republika_724574?geoloc=fixed&amp;nocurrent=0&amp;noforecast=0&amp;days=6&amp;tempunit=CELSIUS&amp;windunit=KILOMETER_PER_HOUR&amp;layout=image\" frameborder=\"0\" scrolling=\"NO\" sandbox=\"allow-same-origin allow-scripts allow-popups allow-popups-to-escape-sandbox\"><span data-mce-type=\"bookmark\" style=\"display: inline-block; width: 0px; overflow: hidden; line-height: 0;\" class=\"mce_SELRES_start\">\ufeff<\/span><\/iframe><\/h3>\n<div><!-- DO NOT REMOVE THIS LINK --><a href=\"https:\/\/www.meteoblue.com\/sk\/po%C4%8Dasie\/predpove%C4%8F\/t%C3%BD%C5%BEde%C5%88\/jasov_slovensk%c3%a1-republika_724574?utm_source=weather_widget&amp;utm_medium=linkus&amp;utm_content=three&amp;utm_campaign=Weather%2BWidget\" target=\"_blank\" rel=\"noopener noreferrer\">meteoblue<\/a><\/div>\n<p><strong>Zdroj inform\u00e1ci\u00ed :<\/strong> <a href=\"http:\/\/www.jasov.sk\" target=\"_blank\" rel=\"noopener noreferrer\">www.jasov.sk<\/a><\/p>\n","protected":false},"excerpt":{"rendered":"<p>Menu: Podkateg\u00f3ria: V\u0161eobecn\u00e9 inform\u00e1cie Prv\u00e1 budova premon\u0161tr\u00e1tskeho kl\u00e1\u0161tora z roku 1228 bola pravdepodobne z dreva. Rom\u00e1nska kamenn\u00e1 budova, ktor\u00fa za\u010dali budova\u0165 za obdobia vl\u00e1dy Kolomana, e\u0161te po\u010das vp\u00e1du tat\u00e1rskych kme\u0148ov [&hellip;]<\/p>\n","protected":false},"author":1,"featured_media":0,"parent":15,"menu_order":0,"comment_status":"closed","ping_status":"open","template":"","meta":{"_uag_custom_page_level_css":"","footnotes":""},"class_list":["post-607","page","type-page","status-publish","hentry"],"featured_image_src":"","featured_image_src_square":false,"rbea_author_info":{"display_name":"admin","author_link":"https:\/\/www.slovensky-kras.eu\/info\/author\/admin\/"},"rbea_excerpt_info":"Menu: Podkateg\u00f3ria: V\u0161eobecn\u00e9 inform\u00e1cie Prv\u00e1 budova premon\u0161tr\u00e1tskeho kl\u00e1\u0161tora z roku 1228 bola pravdepodobne z dreva. Rom\u00e1nska kamenn\u00e1 budova, ktor\u00fa za\u010dali budova\u0165 za obdobia vl\u00e1dy Kolomana, e\u0161te po\u010das vp\u00e1du tat\u00e1rskych kme\u0148ov [&hellip;]","uagb_featured_image_src":{"full":false,"thumbnail":false,"medium":false,"medium_large":false,"large":false,"1536x1536":false,"2048x2048":false},"uagb_author_info":{"display_name":"admin","author_link":"https:\/\/www.slovensky-kras.eu\/info\/author\/admin\/"},"uagb_comment_info":0,"uagb_excerpt":"Menu: Podkateg\u00f3ria: V\u0161eobecn\u00e9 inform\u00e1cie Prv\u00e1 budova premon\u0161tr\u00e1tskeho kl\u00e1\u0161tora z roku 1228 bola pravdepodobne z dreva. Rom\u00e1nska kamenn\u00e1 budova, ktor\u00fa za\u010dali budova\u0165 za obdobia vl\u00e1dy Kolomana, e\u0161te po\u010das vp\u00e1du tat\u00e1rskych kme\u0148ov [&hellip;]","_links":{"self":[{"href":"https:\/\/www.slovensky-kras.eu\/info\/wp-json\/wp\/v2\/pages\/607","targetHints":{"allow":["GET"]}}],"collection":[{"href":"https:\/\/www.slovensky-kras.eu\/info\/wp-json\/wp\/v2\/pages"}],"about":[{"href":"https:\/\/www.slovensky-kras.eu\/info\/wp-json\/wp\/v2\/types\/page"}],"author":[{"embeddable":true,"href":"https:\/\/www.slovensky-kras.eu\/info\/wp-json\/wp\/v2\/users\/1"}],"replies":[{"embeddable":true,"href":"https:\/\/www.slovensky-kras.eu\/info\/wp-json\/wp\/v2\/comments?post=607"}],"version-history":[{"count":4,"href":"https:\/\/www.slovensky-kras.eu\/info\/wp-json\/wp\/v2\/pages\/607\/revisions"}],"predecessor-version":[{"id":21767,"href":"https:\/\/www.slovensky-kras.eu\/info\/wp-json\/wp\/v2\/pages\/607\/revisions\/21767"}],"up":[{"embeddable":true,"href":"https:\/\/www.slovensky-kras.eu\/info\/wp-json\/wp\/v2\/pages\/15"}],"wp:attachment":[{"href":"https:\/\/www.slovensky-kras.eu\/info\/wp-json\/wp\/v2\/media?parent=607"}],"curies":[{"name":"wp","href":"https:\/\/api.w.org\/{rel}","templated":true}]}}