{"id":602,"date":"2013-06-29T18:41:18","date_gmt":"2013-06-29T16:41:18","guid":{"rendered":"http:\/\/www.slovensky-kras.eu\/info\/?page_id=602"},"modified":"2022-01-03T08:31:19","modified_gmt":"2022-01-03T07:31:19","slug":"kostol-reformovanej-krestanskej-cirkvi-v-plesivci","status":"publish","type":"page","link":"https:\/\/www.slovensky-kras.eu\/info\/kam-za-pamiatkami\/kostol-reformovanej-krestanskej-cirkvi-v-plesivci\/","title":{"rendered":"Kostol Reformovanej kres\u0165anskej cirkvi v Ple\u0161ivci"},"content":{"rendered":"<p><strong>Menu: <\/strong><a href=\"http:\/\/www.slovensky-kras.eu\/info\/\" class=\"su-button su-button-style-default\" style=\"color:#000000;background-color:#FFCF2F;border-color:#cca626;border-radius:5px\" target=\"_self\"><span style=\"color:#000000;padding:6px 16px;font-size:13px;line-height:20px;border-color:#ffde6e;border-radius:5px;text-shadow:none\"><i class=\"sui sui-arrow-right\" style=\"font-size:13px;color:#000000\"><\/i>  \u00davod \/ Aktuality <\/span><\/a>\n<a href=\"http:\/\/www.slovensky-kras.eu\/info\/kam-za-pamiatkami\/\" class=\"su-button su-button-style-default\" style=\"color:#000000;background-color:#FFCF2F;border-color:#cca626;border-radius:5px\" target=\"_self\"><span style=\"color:#000000;padding:6px 16px;font-size:13px;line-height:20px;border-color:#ffde6e;border-radius:5px;text-shadow:none\"><i class=\"sui sui-arrow-right\" style=\"font-size:13px;color:#000000\"><\/i>  Kam za pamiatkami <\/span><\/a>\n<div class=\"su-divider su-divider-style-default\" style=\"margin:15px 0;border-width:0px;border-color:#000000\"><\/div>\n<strong>Podkateg\u00f3ria: <\/strong> <a href=\"http:\/\/www.slovensky-kras.eu\/info\/kam-za-pamiatkami\/nabozenske-pamiatky\/\" class=\"su-button su-button-style-default\" style=\"color:#000000;background-color:#afd144;border-color:#8ca837;border-radius:5px\" target=\"_self\"><span style=\"color:#000000;padding:6px 16px;font-size:13px;line-height:20px;border-color:#c7df7d;border-radius:5px;text-shadow:none\"><i class=\"sui sui-arrow-right\" style=\"font-size:13px;color:#000000\"><\/i>  N\u00e1bo\u017eensk\u00e9 pamiatky <\/span><\/a>\n<div class=\"su-divider su-divider-style-default\" style=\"margin:15px 0;border-width:2px;border-color:#000000\"><\/div>\n<p><strong>S\u00faradnice GPS:<\/strong><br \/>\nN 48\u00b032.732&#8242; E 020\u00b024.065&#8242;<\/p>\n<h3><span style=\"color: #808000;\">V\u0161eobecn\u00e9 inform\u00e1cie<\/span><\/h3>\n<p>P\u00f4vodne bol zasv\u00e4ten\u00fd sv. Jurajovi, dnes kostol <strong>Reformovanej kres\u0165anskej cirkvi<\/strong>.<\/p>\n<figure id=\"attachment_603\" aria-describedby=\"caption-attachment-603\" style=\"width: 800px\" class=\"wp-caption aligncenter\"><a href=\"http:\/\/www.slovensky-kras.eu\/info\/wp-content\/uploads\/2013\/06\/plesivec1.jpg\"><img loading=\"lazy\" decoding=\"async\" class=\"wp-image-603 size-medium\" src=\"http:\/\/www.slovensky-kras.eu\/info\/wp-content\/uploads\/2013\/06\/plesivec1-800x600.jpg\" alt=\"plesivec\" width=\"800\" height=\"600\" srcset=\"https:\/\/www.slovensky-kras.eu\/info\/wp-content\/uploads\/2013\/06\/plesivec1.jpg 800w, https:\/\/www.slovensky-kras.eu\/info\/wp-content\/uploads\/2013\/06\/plesivec1-768x576.jpg 768w\" sizes=\"auto, (max-width: 800px) 100vw, 800px\" \/><\/a><figcaption id=\"caption-attachment-603\" class=\"wp-caption-text\">kostol Reformovanej kres\u0165anskej cirkvi<\/figcaption><\/figure>\n<p>Ide o jednolo\u010fov\u00fd gotick\u00fd kostol s polygon\u00e1lnym presbyt\u00e9riom, <strong>severnou kaplnkou<\/strong> a samostatnou <strong>barokovou zvonicou<\/strong>.<\/p>\n<p>Postaven\u00fd bol <strong>\u00c1ko\u0161ovcami <\/strong>a <strong>Bebekovcami<\/strong> v ranogotickom slohu niekedy za\u010diatkom 14. storo\u010dia.<\/p>\n<figure id=\"attachment_18444\" aria-describedby=\"caption-attachment-18444\" style=\"width: 800px\" class=\"wp-caption aligncenter\"><a href=\"http:\/\/www.slovensky-kras.eu\/info\/wp-content\/uploads\/2020\/12\/kostol-plesivec2.jpg\"><img loading=\"lazy\" decoding=\"async\" class=\"wp-image-18444 size-full\" src=\"http:\/\/www.slovensky-kras.eu\/info\/wp-content\/uploads\/2020\/12\/kostol-plesivec2.jpg\" alt=\"\" width=\"800\" height=\"600\" srcset=\"https:\/\/www.slovensky-kras.eu\/info\/wp-content\/uploads\/2020\/12\/kostol-plesivec2.jpg 800w, https:\/\/www.slovensky-kras.eu\/info\/wp-content\/uploads\/2020\/12\/kostol-plesivec2-768x576.jpg 768w\" sizes=\"auto, (max-width: 800px) 100vw, 800px\" \/><\/a><figcaption id=\"caption-attachment-18444\" class=\"wp-caption-text\">severn\u00e1 neskorogotick\u00e1 kaplnka<\/figcaption><\/figure>\n<p>Postavi\u0165 ho dali <strong>Benedikt \u010cetnek<\/strong> (ma\u010f. Benedek Csetneki) (1250-1307) a jeho syn <strong>Dominik Bebek<\/strong> (ma\u010f.Domokos I. Bebek, de Pels\u0151cz &amp; Csetnek) (1290-1333) .<\/p>\n<p>Za\u010diatkom 14. stor\u010dia do\u0161lo k de\u013ebe rodov\u00e9ho majetku a n\u00e1sledne aj rodu na dve vetvy.<\/p>\n<p><strong>Dominik Bebek<\/strong> bol\u00a0zakladate\u013eom vetvy <strong>Bebekovcov<\/strong> a jeho brat <strong>Ladislav<\/strong>\u00a0<strong>\u010cetneky<\/strong> (ma\u010f. L\u00e1szl\u00f3\u00a0Csetneky) (1307-1358) bol zakladate\u013eom \u0161t\u00edtnickej vetvy <strong>\u010cetnekyovcov<\/strong> (pod\u013ea ma\u010farsk\u00e9ho n\u00e1zvu \u0160t\u00edtnika \u2013 Csetnek) s pridelen\u00fdmi majetkami v <a href=\"http:\/\/www.slovensky-kras.eu\/info\/strediska-a-centra\/obec-stitnik\/\">\u0160t\u00edtniku<\/a>.<\/p>\n<p>Predpoklad\u00e1 sa, \u017ee kostol bol postaven\u00fd na mieste star\u0161ieho chr\u00e1mu, ktor\u00fd tu st\u00e1l u\u017e v 13. storo\u010d\u00ed.<\/p>\n<p>Sl\u00fa\u017eil ako rodov\u00fd a pohrebn\u00fd kostol rodom <strong>Bebekovcov<\/strong> aj<strong> \u010cetnekyovcov<\/strong>.<\/p>\n<p>Na jeho severnej strane sa nach\u00e1dza <strong>neskorogotick\u00e1 kaplnka rodu Bebekovcov<\/strong>, ktor\u00e1 bola pristavan\u00e1 v 15. storo\u010d\u00ed.<\/p>\n<p>V roku 1558 kostol vyp\u00e1lili Turci a kostol za\u010dal ch\u00e1tra\u0165.<\/p>\n<p>Sch\u00e1tran\u00fa stavbu v roku 1617 z\u00edskala kalv\u00ednska cirkev.<\/p>\n<p>Kostol sa n\u00e1sledne za\u010dal obnovova\u0165.<\/p>\n<p>Zo z\u00e1padnej strany bola lo\u010f kostola skr\u00e1ten\u00e1 a po\u0161koden\u00e1 gotick\u00e1 klenba bola nahraden\u00e1 rovn\u00fdm stopom.<\/p>\n<p>Pred ju\u017en\u00fd strop pristavali murovan\u00fa predsie\u0148.<\/p>\n<p>V 17. storo\u010d\u00ed bol preroben\u00fd v renesan\u010dnom slohu a dostavali tu aj emporu, ktor\u00fa v roku 1744 prestavali a vyzdobili ma\u013ebou.<\/p>\n<p>V 18. storo\u010d\u00ed postavili pri kostole vysok\u00fa <strong>barokov\u00fa zvonicu<\/strong> aj s hodinami.<\/p>\n<p>Kostol bol obohnan\u00fd obrann\u00fdm m\u00farom.<\/p>\n<p>V p\u00e4\u0165desiatych rokoch 20. storo\u010dia ho v\u0161ak zb\u00farali.<\/p>\n<p>Kostol napriek viacer\u00fdm prestavb\u00e1m je v\u00fdznamn\u00fd dokladom a pamiatkou gotickej architekt\u00fary Gemera.<\/p>\n<p>N\u00e1v\u0161tevn\u00edk tu m\u00f4\u017ee obdivova\u0165 aj vz\u00e1cne fresky z druhej polovice 14. storo\u010dia vytvoren\u00e9 taliansk\u00fdmi majstrami a <span class=\"edgeatext\">zdoben\u00fa dreven\u00fa emporu<\/span>.<\/p>\n<p>Stredovek\u00fd r\u00e1z si zachovala najm\u00e4 severn\u00e1 neskorogotick\u00e1 kaplnka rodu<strong> Bebekovcov<\/strong>.<\/p>\n<p>Obdivova\u0165 tu m\u00f4\u017eete kamenn\u00fd epitaf <strong>Ladislava Bebeka<\/strong> (ma\u010f. L\u00e1szl\u00f3 Bebek)(1389 &#8211; 1404) a z vonkaj\u0161ej strany fresku <strong>sv. \u0160tefana<\/strong> a <strong>sv. Ladislava<\/strong> (umiestnen\u00e1 na ju\u017enej strene kostola).<\/p>\n<p>Kostol sa st\u00e1le sa vyu\u017e\u00edva na liturgick\u00e9 \u00fa\u010dely a<span class=\"edgeatext\"> je spr\u00edstupnen\u00fd iba na po\u017eiadanie.<\/span><\/p>\n<h4><span style=\"color: #993300;\">Barokov\u00e1 zvonica<\/span><\/h4>\n<p>Barokov\u00e1 zvonica je \u010dlenen\u00e1 pilastrami a kord\u00f3nov\u00fdmi r\u00edmsami, ukon\u010den\u00e1 je korunnou r\u00edmsou s ter\u010d\u00edkom s hodinami a barokovou helmicou s laternou.<\/p>\n<figure id=\"attachment_18445\" aria-describedby=\"caption-attachment-18445\" style=\"width: 800px\" class=\"wp-caption aligncenter\"><a href=\"http:\/\/www.slovensky-kras.eu\/info\/wp-content\/uploads\/2020\/12\/barokova-zvonica-plesivec.jpg\"><img loading=\"lazy\" decoding=\"async\" class=\"wp-image-18445 size-full\" src=\"http:\/\/www.slovensky-kras.eu\/info\/wp-content\/uploads\/2020\/12\/barokova-zvonica-plesivec.jpg\" alt=\"\" width=\"800\" height=\"600\" srcset=\"https:\/\/www.slovensky-kras.eu\/info\/wp-content\/uploads\/2020\/12\/barokova-zvonica-plesivec.jpg 800w, https:\/\/www.slovensky-kras.eu\/info\/wp-content\/uploads\/2020\/12\/barokova-zvonica-plesivec-768x576.jpg 768w\" sizes=\"auto, (max-width: 800px) 100vw, 800px\" \/><\/a><figcaption id=\"caption-attachment-18445\" class=\"wp-caption-text\">barokov\u00e1 zvonica &#8211; poh\u013ead z Bebekovho n\u00e1mestia<\/figcaption><\/figure>\n<p>Rezonan\u010dn\u00e9 otvory so \u0161ambr\u00e1nami s\u00fa polkruhovo ukon\u010den\u00e9, v poliach medzi oknami sa nach\u00e1dzaj\u00fa dekorat\u00edvne kazety s fest\u00f3nmi.<\/p>\n<h3><span style=\"color: #808000;\">Ako sa dosta\u0165 ku kostolu<\/span><\/h3>\n<p>Kostol sa nach\u00e1dza na <strong>Bebekovom n\u00e1mest\u00ed<\/strong> v centre obci <a href=\"http:\/\/www.slovensky-kras.eu\/info\/strediska-a-centra\/obec-plesivec\/\">Ple\u0161ivec <\/a>.<\/p>\n<h3><span style=\"color: #808000;\">Kontakt<\/span><\/h3>\n<p><strong>Reformovan\u00e1 kres\u0165ansk\u00e1 cirkev<\/strong><br \/>\nfarnos\u0165 Ple\u0161ivec<br \/>\n<span class=\"edgeatext\">Domick\u00e1 162<\/span><br \/>\n049 11 Ple\u0161ivec<br \/>\n<strong>tel.:<\/strong> 058\/ 79 211 35.<\/p>\n<h3><span style=\"color: #808000;\">Bl\u00edzke stredisko, turistick\u00e9 centrum, obec alebo mesto:<\/span><\/h3>\n<ul>\n<li><a href=\"http:\/\/www.slovensky-kras.eu\/info\/strediska-a-centra\/obec-plesivec\/\">Obec Ple\u0161ivec (\u010d\u00edtaj viac&#8230;)<\/a><\/li>\n<\/ul>\n<h3><span style=\"color: #808000;\">Mapy<\/span><\/h3>\n<p><strong>Vrstvy: <\/strong>Turistick\u00e1 mapa, Automapa, Cyklomapa, Ly\u017eiarska mapa, Satelitn\u00e1 mapa a OpenStreetMap.<\/p>\n<p><strong>Kliknut\u00edm na logo &#8222;Freemap.sk&#8220; sa V\u00e1m mapa zobraz\u00ed na celej ploche obrazovky.<\/strong><\/p>\n<p><iframe style=\"width: 800px; height: 600px; border: 0;\" src=\"https:\/\/www.freemap.sk\/?map=14\/48.545450\/20.401826&amp;info-point=48.545450\/20.401826,Kostol Reformovanej kres\u0165anskej cirkvi v Ple\u0161ivci&amp;layers=T&amp;embed=search\" allowfullscreen=\"allowfullscreen\"><\/iframe><\/p>\n<h3><span style=\"color: #808000;\">Po\u010dasie<\/span><\/h3>\n<p><iframe style=\"width: 800px; height: 609px;\" src=\"https:\/\/www.meteoblue.com\/sk\/po%C4%8Dasie\/widget\/three\/ple%c5%a1ivec_slovensk%c3%a1-republika_723879?geoloc=fixed&amp;nocurrent=0&amp;noforecast=0&amp;days=6&amp;tempunit=CELSIUS&amp;windunit=KILOMETER_PER_HOUR&amp;layout=image\" frameborder=\"0\" scrolling=\"NO\" sandbox=\"allow-same-origin allow-scripts allow-popups allow-popups-to-escape-sandbox\"><\/iframe><\/p>\n<div><!-- DO NOT REMOVE THIS LINK --><a href=\"https:\/\/www.meteoblue.com\/sk\/po%C4%8Dasie\/predpove%C4%8F\/t%C3%BD%C5%BEde%C5%88\/ple%c5%a1ivec_slovensk%c3%a1-republika_723879?utm_source=weather_widget&amp;utm_medium=linkus&amp;utm_content=three&amp;utm_campaign=Weather%2BWidget\" target=\"_blank\" rel=\"noopener noreferrer\">meteoblue<\/a><\/div>\n<h3><span style=\"color: #808000;\">Vide\u00e1<\/span><\/h3>\n<p><iframe loading=\"lazy\" src=\"\/\/www.youtube-nocookie.com\/embed\/HDwHS1KMNSA\" width=\"800\" height=\"550\" frameborder=\"0\" allowfullscreen=\"allowfullscreen\"><span data-mce-type=\"bookmark\" style=\"display: inline-block; width: 0px; overflow: hidden; line-height: 0;\" class=\"mce_SELRES_start\">\ufeff<\/span><\/iframe><\/p>\n","protected":false},"excerpt":{"rendered":"<p>Menu: Podkateg\u00f3ria: S\u00faradnice GPS: N 48\u00b032.732&#8242; E 020\u00b024.065&#8242; V\u0161eobecn\u00e9 inform\u00e1cie P\u00f4vodne bol zasv\u00e4ten\u00fd sv. Jurajovi, dnes kostol Reformovanej kres\u0165anskej cirkvi. Ide o jednolo\u010fov\u00fd gotick\u00fd kostol s polygon\u00e1lnym presbyt\u00e9riom, severnou kaplnkou [&hellip;]<\/p>\n","protected":false},"author":1,"featured_media":0,"parent":15,"menu_order":0,"comment_status":"closed","ping_status":"open","template":"","meta":{"_uag_custom_page_level_css":"","footnotes":""},"class_list":["post-602","page","type-page","status-publish","hentry"],"featured_image_src":"","featured_image_src_square":false,"rbea_author_info":{"display_name":"admin","author_link":"https:\/\/www.slovensky-kras.eu\/info\/author\/admin\/"},"rbea_excerpt_info":"Menu: Podkateg\u00f3ria: S\u00faradnice GPS: N 48\u00b032.732&#8242; E 020\u00b024.065&#8242; V\u0161eobecn\u00e9 inform\u00e1cie P\u00f4vodne bol zasv\u00e4ten\u00fd sv. Jurajovi, dnes kostol Reformovanej kres\u0165anskej cirkvi. Ide o jednolo\u010fov\u00fd gotick\u00fd kostol s polygon\u00e1lnym presbyt\u00e9riom, severnou kaplnkou [&hellip;]","uagb_featured_image_src":{"full":false,"thumbnail":false,"medium":false,"medium_large":false,"large":false,"1536x1536":false,"2048x2048":false},"uagb_author_info":{"display_name":"admin","author_link":"https:\/\/www.slovensky-kras.eu\/info\/author\/admin\/"},"uagb_comment_info":0,"uagb_excerpt":"Menu: Podkateg\u00f3ria: S\u00faradnice GPS: N 48\u00b032.732&#8242; E 020\u00b024.065&#8242; V\u0161eobecn\u00e9 inform\u00e1cie P\u00f4vodne bol zasv\u00e4ten\u00fd sv. Jurajovi, dnes kostol Reformovanej kres\u0165anskej cirkvi. Ide o jednolo\u010fov\u00fd gotick\u00fd kostol s polygon\u00e1lnym presbyt\u00e9riom, severnou kaplnkou [&hellip;]","_links":{"self":[{"href":"https:\/\/www.slovensky-kras.eu\/info\/wp-json\/wp\/v2\/pages\/602","targetHints":{"allow":["GET"]}}],"collection":[{"href":"https:\/\/www.slovensky-kras.eu\/info\/wp-json\/wp\/v2\/pages"}],"about":[{"href":"https:\/\/www.slovensky-kras.eu\/info\/wp-json\/wp\/v2\/types\/page"}],"author":[{"embeddable":true,"href":"https:\/\/www.slovensky-kras.eu\/info\/wp-json\/wp\/v2\/users\/1"}],"replies":[{"embeddable":true,"href":"https:\/\/www.slovensky-kras.eu\/info\/wp-json\/wp\/v2\/comments?post=602"}],"version-history":[{"count":6,"href":"https:\/\/www.slovensky-kras.eu\/info\/wp-json\/wp\/v2\/pages\/602\/revisions"}],"predecessor-version":[{"id":22199,"href":"https:\/\/www.slovensky-kras.eu\/info\/wp-json\/wp\/v2\/pages\/602\/revisions\/22199"}],"up":[{"embeddable":true,"href":"https:\/\/www.slovensky-kras.eu\/info\/wp-json\/wp\/v2\/pages\/15"}],"wp:attachment":[{"href":"https:\/\/www.slovensky-kras.eu\/info\/wp-json\/wp\/v2\/media?parent=602"}],"curies":[{"name":"wp","href":"https:\/\/api.w.org\/{rel}","templated":true}]}}