{"id":579,"date":"2013-06-29T18:08:49","date_gmt":"2013-06-29T16:08:49","guid":{"rendered":"http:\/\/www.slovensky-kras.eu\/info\/?page_id=579"},"modified":"2026-04-18T16:22:11","modified_gmt":"2026-04-18T14:22:11","slug":"kastiel-v-obci-drnava","status":"publish","type":"page","link":"https:\/\/www.slovensky-kras.eu\/info\/kam-za-pamiatkami\/kastiel-v-obci-drnava\/","title":{"rendered":"Ka\u0161tie\u013e v obci Drnava"},"content":{"rendered":"<p><strong>Menu: <\/strong><a href=\"http:\/\/www.slovensky-kras.eu\/info\/\" class=\"su-button su-button-style-default\" style=\"color:#000000;background-color:#FFCF2F;border-color:#cca626;border-radius:5px\" target=\"_self\"><span style=\"color:#000000;padding:6px 16px;font-size:13px;line-height:20px;border-color:#ffde6e;border-radius:5px;text-shadow:none\"><i class=\"sui sui-arrow-right\" style=\"font-size:13px;color:#000000\"><\/i>  \u00davod \/ Aktuality <\/span><\/a>\n<a href=\"http:\/\/www.slovensky-kras.eu\/info\/kam-za-pamiatkami\/\" class=\"su-button su-button-style-default\" style=\"color:#000000;background-color:#FFCF2F;border-color:#cca626;border-radius:5px\" target=\"_self\"><span style=\"color:#000000;padding:6px 16px;font-size:13px;line-height:20px;border-color:#ffde6e;border-radius:5px;text-shadow:none\"><i class=\"sui sui-arrow-right\" style=\"font-size:13px;color:#000000\"><\/i>  Kam za pamiatkami <\/span><\/a>\n<div class=\"su-divider su-divider-style-default\" style=\"margin:15px 0;border-width:0px;border-color:#000000\"><\/div>\n<strong>Podkateg\u00f3ria: <\/strong> <a href=\"http:\/\/www.slovensky-kras.eu\/info\/kam-za-pamiatkami\/kastiele-a-kurie\/\" class=\"su-button su-button-style-default\" style=\"color:#000000;background-color:#afd144;border-color:#8ca837;border-radius:5px\" target=\"_self\"><span style=\"color:#000000;padding:6px 16px;font-size:13px;line-height:20px;border-color:#c7df7d;border-radius:5px;text-shadow:none\"><i class=\"sui sui-arrow-right\" style=\"font-size:13px;color:#000000\"><\/i>  Ka\u0161tiele a k\u00farie <\/span><\/a>\n<div class=\"su-divider su-divider-style-default\" style=\"margin:15px 0;border-width:2px;border-color:#000000\"><\/div>\n<figure id=\"attachment_30286\" aria-describedby=\"caption-attachment-30286\" style=\"width: 900px\" class=\"wp-caption aligncenter\"><a href=\"https:\/\/www.slovensky-kras.eu\/info\/wp-content\/uploads\/2025\/11\/kastiel-drnava-old-1920.jpeg\"><img loading=\"lazy\" decoding=\"async\" class=\"wp-image-30286\" src=\"https:\/\/www.slovensky-kras.eu\/info\/wp-content\/uploads\/2025\/11\/kastiel-drnava-old-1920.jpeg\" alt=\"Ka\u0161tie\u013e v obci Drnava\" width=\"900\" height=\"502\" srcset=\"https:\/\/www.slovensky-kras.eu\/info\/wp-content\/uploads\/2025\/11\/kastiel-drnava-old-1920.jpeg 1376w, https:\/\/www.slovensky-kras.eu\/info\/wp-content\/uploads\/2025\/11\/kastiel-drnava-old-1920-800x447.jpeg 800w, https:\/\/www.slovensky-kras.eu\/info\/wp-content\/uploads\/2025\/11\/kastiel-drnava-old-1920-1024x572.jpeg 1024w, https:\/\/www.slovensky-kras.eu\/info\/wp-content\/uploads\/2025\/11\/kastiel-drnava-old-1920-768x429.jpeg 768w\" sizes=\"auto, (max-width: 900px) 100vw, 900px\" \/><\/a><figcaption id=\"caption-attachment-30286\" class=\"wp-caption-text\">Ka\u0161tie\u013e v obci Drnava v roku 1920<\/figcaption><\/figure>\n<div class=\"su-divider su-divider-style-default\" style=\"margin:15px 0;border-width:2px;border-color:#000000\"><\/div>\n<h2 data-path-to-node=\"1\"><span style=\"color: #800000;\">Tajomstvo \u017eelezn\u00e9ho srdca Drnavy<\/span><\/h2>\n<p data-path-to-node=\"2\">Predstavte si <b data-path-to-node=\"2\" data-index-in-node=\"14\">barokovo-klasicistick\u00e9 s\u00eddlo<\/b>, ktor\u00e9 bolo svedkom vzostupu mocn\u00e9ho rodu <b data-path-to-node=\"2\" data-index-in-node=\"85\">Andr\u00e1\u0161iovcov<\/b> a po\u010diatkov priemyselnej sl\u00e1vy regi\u00f3nu. Vst\u00fapte do pr\u00edbehu <b data-path-to-node=\"2\" data-index-in-node=\"157\">\u0160tefana III. Andr\u00e1\u0161iho<\/b>, pre ktor\u00e9ho tento ka\u0161tie\u013e v 18. storo\u010d\u00ed postavili, a objavte dedi\u010dstvo, ktor\u00e9 po jeho smrti rozvinula jeho ak\u010dn\u00e1 vdova. Hoci stavba nesie jazvy <b data-path-to-node=\"2\" data-index-in-node=\"325\">socialistick\u00fdch prestavieb<\/b>, jej m\u00fary st\u00e1le rozpr\u00e1vaj\u00fa o \u010dasoch, ke\u010f sa tu <b data-path-to-node=\"2\" data-index-in-node=\"399\">\u0161\u013eachtick\u00e9 sal\u00f3ny<\/b> striedali s ruchom rozv\u00edjaj\u00facich sa <b data-path-to-node=\"2\" data-index-in-node=\"453\">\u017eeleziarn\u00ed<\/b>. Odha\u013ete osud miesta, ktor\u00e9 pre\u0161lo premenou z <b data-path-to-node=\"2\" data-index-in-node=\"510\">pansk\u00e9ho s\u00eddla<\/b> cez \u0161kolu a\u017e po kraj\u010d\u00edrske dielne.<\/p>\n<h2><span style=\"color: #800000;\">Kto nechal postavi\u0165 ka\u0161tie\u013e v Drnave?<\/span><\/h2>\n<p>Ka\u0161tie\u013e v obci <a href=\"http:\/\/www.slovensky-kras.eu\/info\/strediska-a-centra\/obec-drnava\/\">Drnava<\/a> postavili Andr\u00e1\u0161iovci (Andr\u00e1ssyovci), v\u00fdznamn\u00fd uhorsk\u00fd \u0161\u013eachtick\u00fd rod (ma\u010f. Andr\u00e1ssy csal\u00e1d). Tento jednoposchodov\u00fd barokovo-klasicistick\u00fd ka\u0161tie\u013e stoj\u00ed uprostred obce.<\/p>\n<h2 class=\"ds-markdown-paragraph\"><span style=\"color: #800000;\">Kedy a pre koho bol ka\u0161tie\u013e postaven\u00fd?<\/span><\/h2>\n<p class=\"ds-markdown-paragraph\">Ka\u0161tie\u013e v obci Drnava bol postaven\u00fd v druhej polovici 18. storo\u010dia pre <strong>\u0160tefana III. Andr\u00e1\u0161iho<\/strong>\u00a0(*1731 _ +1812).<\/p>\n<h2 class=\"ds-markdown-paragraph\"><span style=\"color: #800000;\">Kto bol \u0160tefan III. Andr\u00e1\u0161i?<\/span><\/h2>\n<p data-start=\"51\" data-end=\"437\"><strong data-start=\"51\" data-end=\"74\">\u0160tefan III. Andr\u00e1\u0161i<\/strong> (ma\u010f. Istv\u00e1n Andr\u00e1ssy de Cs\u00edkszentkir\u00e1ly) patril k v\u00fdznamn\u00e9mu uhorsk\u00e9mu \u0161\u013eachtick\u00e9mu rodu <span class=\"hover:entity-accent entity-underline inline cursor-pointer align-baseline\"><span class=\"whitespace-normal\">Andr\u00e1ssyovci<\/span><\/span>, konkr\u00e9tne k jeho mlad\u0161ej <strong data-start=\"229\" data-end=\"263\">dlhol\u00fackej (betliarskej vetve)<\/strong>. Tento rod bol \u00fazko sp\u00e4t\u00fd s oblas\u0165ami ako <span class=\"hover:entity-accent entity-underline inline cursor-pointer align-baseline\"><span class=\"whitespace-normal\">Kr\u00e1sna H\u00f4rka<\/span><\/span> a Cs\u00edkszentkir\u00e1ly a zohr\u00e1val v\u00fdznamn\u00fa \u00falohu v <strong data-start=\"390\" data-end=\"436\">spolo\u010denskom a hospod\u00e1rskom \u017eivote Uhorska<\/strong>.<\/p>\n<h2 class=\"Y3BBE\" data-hveid=\"CAEIBBAA\" data-complete=\"true\" data-processed=\"true\"><span style=\"color: #800000;\">Kedy \u017eil a kde zomrel \u0160tefan III. Andr\u00e1\u0161i a ak<\/span><span style=\"color: #800000;\">\u00fa funkciu zast\u00e1val<\/span><span style=\"color: #800000;\">?<\/span><\/h2>\n<p data-start=\"466\" data-end=\"654\">Narodil sa v roku <strong data-start=\"484\" data-end=\"492\">1731<\/strong> a zomrel <strong data-start=\"502\" data-end=\"523\">22. febru\u00e1ra 1812<\/strong> v <span class=\"hover:entity-accent entity-underline inline cursor-pointer align-baseline\"><span class=\"whitespace-normal\">Ko\u0161ice<\/span><\/span>. Jeho \u017eivot spad\u00e1 do obdobia, ke\u010f \u0161\u013eachta st\u00e1le zohr\u00e1vala d\u00f4le\u017eit\u00fa \u00falohu v spr\u00e1ve krajiny.<\/p>\n<p data-start=\"682\" data-end=\"948\">Po\u010das svojho \u017eivota zast\u00e1val v\u00fdznamn\u00fa funkciu <strong data-start=\"728\" data-end=\"763\">hlavn\u00e9ho \u017eupana Bor\u0161odskej \u017eupy<\/strong>. T\u00e1to poz\u00edcia predstavovala d\u00f4le\u017eit\u00fd \u010dl\u00e1nok v r\u00e1mci <strong data-start=\"816\" data-end=\"855\">uhorskej samospr\u00e1vy a spr\u00e1vy \u00fazemia<\/strong>, hoci samotn\u00fd \u0160tefan III. Andr\u00e1\u0161i sa v\u00fdraznej\u0161ie nezap\u00edsal do ve\u013ek\u00fdch historick\u00fdch udalost\u00ed.<\/p>\n<h2 data-section-id=\"z0fc6r\" data-start=\"950\" data-end=\"980\"><span style=\"color: #800000;\">Ak\u00fd bol jeho rodinn\u00fd \u017eivot?<\/span><\/h2>\n<p data-start=\"982\" data-end=\"1251\">Jeho osobn\u00fd \u017eivot bol spojen\u00fd s dvoma man\u017eelstvami. Prvou man\u017eelkou bola gr\u00f3fka <strong><span class=\"hover:entity-accent entity-underline inline cursor-pointer align-baseline\"><span class=\"whitespace-normal\">Ter\u00e9zia D\u0151ryov\u00e1<\/span><\/span><\/strong>, s ktorou bol \u017eenat\u00fd do roku <strong data-start=\"1129\" data-end=\"1137\">1788<\/strong>. Nesk\u00f4r sa o\u017eenil s gr\u00f3fkou <span class=\"hover:entity-accent entity-underline inline cursor-pointer align-baseline\"><span class=\"whitespace-normal\">M\u00e1riou Festeticsovou<\/span><\/span>, ktor\u00e1 zohrala v\u00fdznamn\u00fa \u00falohu aj po jeho smrti.<\/p>\n<h2 data-section-id=\"191w3ck\" data-start=\"1253\" data-end=\"1294\"><span style=\"color: #800000;\">Ak\u00fd je jeho odkaz a \u010do sa s n\u00edm sp\u00e1ja?<\/span><\/h2>\n<p data-start=\"1296\" data-end=\"1555\">Zauj\u00edmav\u00fdm odkazom spojen\u00fdm s jeho menom je rozvoj priemyslu v oblasti dne\u0161nej <span class=\"hover:entity-accent entity-underline inline cursor-pointer align-baseline\"><span class=\"whitespace-normal\">Drnava<\/span><\/span>. Na mieste star\u0161\u00edch pec\u00ed tu za\u010diatkom 19. storo\u010dia vznikli <strong data-start=\"1472\" data-end=\"1486\">\u017eeleziarne<\/strong>, ktor\u00e9 dala v roku <strong data-start=\"1506\" data-end=\"1514\">1817<\/strong> vybudova\u0165 jeho vdova M\u00e1ria Festeticsov\u00e1.<\/p>\n<p data-start=\"1557\" data-end=\"1734\" data-is-last-node=\"\" data-is-only-node=\"\">Aj ke\u010f <strong data-start=\"1564\" data-end=\"1587\">\u0160tefan III. Andr\u00e1\u0161i<\/strong> nepatril medzi najv\u00fdznamnej\u0161\u00edch politick\u00fdch akt\u00e9rov svojej doby, jeho rod a rodinn\u00e9 z\u00e1zemie mali <strong data-start=\"1685\" data-end=\"1733\">dlhodob\u00fd vplyv na hospod\u00e1rsky rozvoj regi\u00f3nu<\/strong>.<\/p>\n<h2><span style=\"color: #800000;\">Ak\u00fa m\u00e1 ka\u0161tie\u013e architekt\u00faru a ako vyzerali jeho priestory?<\/span><\/h2>\n<p class=\"ds-markdown-paragraph\">Ide o <strong>blokov\u00fa stavbu<\/strong>, ktor\u00e1 mala p\u00f4vodne\u00a0<strong>obd\u013a\u017enikov\u00fd p\u00f4dorys<\/strong>\u00a0so stredn\u00fdm rizalitom na hlavnom prie\u010del\u00ed. V s\u00fa\u010dasnosti m\u00e1 v\u0161ak p\u00f4dorys v tvare &#8222;L&#8220;, ktor\u00fd nadobudol pr\u00e1ve v d\u00f4sledku\u00a0<strong>nevhodnej pr\u00edstavby<\/strong>\u00a0z 70. rokov. Ka\u0161tie\u013e je zakryt\u00fd\u00a0<strong>manzardovou strechou<\/strong>. P\u00f4vodne i\u0161lo o\u00a0<strong>kr\u00e1sne ve\u013ekopansk\u00e9 s\u00eddlo s mnoh\u00fdmi miestnos\u0165ami<\/strong>\u00a0\u2013 sp\u00e1l\u0148ami, jed\u00e1l\u0148ou, hos\u0165ovsk\u00fdmi izbami, gr\u00f3fskymi sal\u00f3nmi, s\u00e1lou, kuchy\u0148ou a komorou na dvoch podla\u017eiach. Ku ka\u0161tie\u013eu patr\u00ed aj\u00a0<strong>n\u00e1dvorie, na ktor\u00e9 sa dalo prejs\u0165 \u0161irokou cestou<\/strong>.<\/p>\n<h3 class=\"ds-markdown-paragraph\"><span style=\"color: #808000;\">Architektonick\u00fd preh\u013ead ka\u0161tie\u013ea<\/span><\/h3>\n<ul>\n<li>\n<p class=\"ds-markdown-paragraph\"><strong>\u0160t\u00fdl a obdobie:<\/strong>\u00a0Ide o p\u00f4vodne\u00a0<strong>barokovo-klasicistick\u00fd ka\u0161tie\u013e<\/strong>, ktor\u00fd bol postaven\u00fd na konci 18. storo\u010dia.<\/p>\n<\/li>\n<li>\n<p class=\"ds-markdown-paragraph\"><strong>\u0160trukt\u00fara a exteri\u00e9r:<\/strong>\u00a0Stavba je koncipovan\u00e1 ako\u00a0<strong>dvojpodla\u017en\u00fd blokov\u00fd objekt<\/strong>. P\u00f4vodne mala <strong>obd\u013a\u017enikov\u00fd p\u00f4dorys<\/strong> so stredn\u00fdm plytk\u00fdm rizalitom na hlavnej fas\u00e1de, no dne\u0161n\u00fd tvar &#8222;L&#8220; je v\u00fdsledkom neskor\u0161\u00edch \u00faprav po\u010das socializmu. Charakteristick\u00fdm prvkom je <strong>manzardov\u00e1 strecha<\/strong>.<\/p>\n<\/li>\n<li>\n<p class=\"ds-markdown-paragraph\"><strong>Interi\u00e9r:<\/strong>\u00a0Vn\u00fatorn\u00e9 priestory s\u00fa zaklenut\u00e9 r\u00f4znymi typmi klenieb, konkr\u00e9tne\u00a0<strong>podkasan\u00fdmi lunetami, plytk\u00fdmi valen\u00fdmi klenbami a zrkadlov\u00fdmi klenbami<\/strong>.<\/p>\n<\/li>\n<\/ul>\n<h2 class=\"ds-markdown-paragraph\"><span style=\"color: #800000;\">Pre\u0161iel ka\u0161tie\u013e nejak\u00fdmi \u00fapravami?<\/span><\/h2>\n<p class=\"ds-markdown-paragraph\">Prv\u00fd kr\u00e1t bol ka\u0161tie\u013e upravovan\u00fd za\u010diatkom 20. storo\u010dia. V 70. rokoch bola preveden\u00e1 na ka\u0161tieli <strong>nevhodn\u00e1 \u00faprava<\/strong>\u00a0(hlavne na jeho fas\u00e1de) s nevhodnou pr\u00edstavbou a n\u00e1kladn\u00fdm v\u00fd\u0165ahom, ktor\u00e1 v\u00fdrazne zmenila jeho p\u00f4vodn\u00fd p\u00f4dorys.<\/p>\n<h2><span style=\"color: #800000;\">Na \u010do ka\u0161tie\u013e sl\u00fa\u017eil v minulosti?<\/span><\/h2>\n<p class=\"ds-markdown-paragraph\">V priebehu 20. storo\u010dia ka\u0161tie\u013e sl\u00fa\u017eil viacer\u00fdm \u00fa\u010delom; bol vyu\u017e\u00edvan\u00fd ako \u00faradn\u00edcky byt, nesk\u00f4r ako \u0161kola a napokon v \u0148om boli umiestnen\u00e9 dielne na \u0161itie odevov.<\/p>\n<h2 data-path-to-node=\"2\"><span style=\"color: #800000;\">Nov\u00e1 kapitola pre aristokratick\u00fd klenot<\/span><\/h2>\n<p data-path-to-node=\"3\">Dnes drnavsk\u00fd ka\u0161tie\u013e stoj\u00ed na prahu <b data-path-to-node=\"3\" data-index-in-node=\"37\">novej \u00e9ry<\/b>, kedy sa po rokoch \u00fapadku kone\u010dne do\u010dkal zasl\u00fa\u017eenej <b data-path-to-node=\"3\" data-index-in-node=\"99\">obnovy a pozornosti<\/b>. Pr\u00edbeh, ktor\u00fd za\u010dal p\u00edsa\u0165 rod <b data-path-to-node=\"3\" data-index-in-node=\"150\">Andr\u00e1\u0161iovcov<\/b>, tak nekon\u010d\u00ed v u\u010debniciach dejepisu, ale pokra\u010duje priamo pred na\u0161imi o\u010dami. Sta\u010d\u00ed sa pozrie\u0165 na jeho <b data-path-to-node=\"3\" data-index-in-node=\"265\">obnoven\u00e9 kont\u00fary<\/b> a pochop\u00edte, \u017ee toto miesto op\u00e4\u0165 nadob\u00fada svoju straten\u00fa <b data-path-to-node=\"3\" data-index-in-node=\"339\">vzne\u0161enos\u0165<\/b> a st\u00e1va sa neoddelite\u013enou p\u00fdchou modern\u00e9ho Gemera.<\/p>\n<h2><span style=\"color: #800000;\">Fotagel\u00e9ria<\/span><\/h2>\n<style type=\"text\/css\">\n#foogallery-gallery-28705 .fg-image { width: 200px; }<\/style>\n\t\t\t<div class=\"foogallery foogallery-container foogallery-carousel foogallery-lightbox-foogallery fg-carousel fg-ready fg-light fg-border-medium fg-round-small fg-shadow-medium fg-loading-default fg-loaded-fade-in fg-hover-semi-zoomed fg-hover-fade fg-hover-circle-plus2\" id=\"foogallery-gallery-28705\" data-foogallery=\"{&quot;panel&quot;:{&quot;buttons&quot;:{&quot;download&quot;:false}},&quot;item&quot;:{&quot;showCaptionTitle&quot;:true,&quot;showCaptionDescription&quot;:true},&quot;lazy&quot;:true,&quot;template&quot;:{&quot;maxItems&quot;:5,&quot;scale&quot;:0.11999999999999999555910790149937383830547332763671875,&quot;gutter&quot;:{&quot;min&quot;:-40,&quot;max&quot;:-20,&quot;unit&quot;:&quot;%&quot;},&quot;autoplay&quot;:{&quot;time&quot;:0,&quot;interaction&quot;:&quot;pause&quot;},&quot;centerOnClick&quot;:true,&quot;align&quot;:&quot;center&quot;,&quot;activePosition&quot;:&quot;center&quot;}}\" data-foogallery-lightbox=\"{&quot;thumbs&quot;:&quot;bottom&quot;,&quot;thumbsCaptions&quot;:false,&quot;thumbsBestFit&quot;:false,&quot;thumbsSmall&quot;:false,&quot;thumbsCaptionsAlign&quot;:&quot;default&quot;,&quot;info&quot;:&quot;bottom&quot;,&quot;infoVisible&quot;:true,&quot;infoOverlay&quot;:true,&quot;infoAlign&quot;:&quot;default&quot;,&quot;transition&quot;:&quot;fade&quot;,&quot;hoverButtons&quot;:false,&quot;fitMedia&quot;:false,&quot;noScrollbars&quot;:true,&quot;preserveButtonSpace&quot;:true,&quot;buttons&quot;:{&quot;fullscreen&quot;:true,&quot;info&quot;:true,&quot;thumbs&quot;:false,&quot;download&quot;:false},&quot;video&quot;:{&quot;autoPlay&quot;:true}}\" style=\"--fg-title-line-clamp: 0; --fg-description-line-clamp: 0;\" >\n\t<button type=\"button\" class=\"fg-carousel-prev\" title=\"Previous\"><\/button>\n\t<div class=\"fg-carousel-inner\">\n\t\t<div class=\"fg-carousel-center\"><\/div>\n\t\t<div class=\"fg-item fg-type-image fg-idle\"><figure class=\"fg-item-inner\"><a href=\"https:\/\/www.slovensky-kras.eu\/info\/wp-content\/uploads\/2025\/10\/kastiel-v-drnave.png\" data-caption-title=\"Ka\u0161tie\u013e v Drnave\" data-attachment-id=\"28092\" data-type=\"image\" class=\"fg-thumb\"><span class=\"fg-image-wrap\"><img decoding=\"async\" alt=\"Ka\u0161tie\u013e v obci Drnava\" title=\"Ka\u0161tie\u013e v Drnave\" width=\"200\" height=\"200\" class=\"skip-lazy fg-image\" data-src-fg=\"https:\/\/www.slovensky-kras.eu\/info\/wp-content\/uploads\/cache\/2025\/10\/kastiel-v-drnave\/4162424598.png\" src=\"data:image\/svg+xml,%3Csvg%20xmlns%3D%22http%3A%2F%2Fwww.w3.org%2F2000%2Fsvg%22%20width%3D%22200%22%20height%3D%22200%22%20viewBox%3D%220%200%20200%20200%22%3E%3C%2Fsvg%3E\" loading=\"eager\"><\/span><span class=\"fg-image-overlay\"><\/span><\/a><figcaption class=\"fg-caption\"><div class=\"fg-caption-inner\"><div class=\"fg-caption-title\">Ka\u0161tie\u013e v Drnave<\/div><\/div><\/figcaption><\/figure><div class=\"fg-loader\"><\/div><\/div><div class=\"fg-item fg-type-image fg-idle\"><figure class=\"fg-item-inner\"><a href=\"https:\/\/www.slovensky-kras.eu\/info\/wp-content\/uploads\/2023\/08\/kastiel-drnava.png\" data-attachment-id=\"25313\" data-type=\"image\" class=\"fg-thumb\"><span class=\"fg-image-wrap\"><img decoding=\"async\" width=\"200\" height=\"200\" class=\"skip-lazy fg-image\" data-src-fg=\"https:\/\/www.slovensky-kras.eu\/info\/wp-content\/uploads\/cache\/2023\/08\/kastiel-drnava\/4148770440.png\" src=\"data:image\/svg+xml,%3Csvg%20xmlns%3D%22http%3A%2F%2Fwww.w3.org%2F2000%2Fsvg%22%20width%3D%22200%22%20height%3D%22200%22%20viewBox%3D%220%200%20200%20200%22%3E%3C%2Fsvg%3E\" loading=\"eager\"><\/span><span class=\"fg-image-overlay\"><\/span><\/a><\/figure><div class=\"fg-loader\"><\/div><\/div><div class=\"fg-item fg-type-image fg-idle\"><figure class=\"fg-item-inner\"><a href=\"https:\/\/www.slovensky-kras.eu\/info\/wp-content\/uploads\/2020\/12\/drnava-kastiel.jpg\" data-attachment-id=\"18675\" data-type=\"image\" class=\"fg-thumb\"><span class=\"fg-image-wrap\"><img decoding=\"async\" width=\"200\" height=\"200\" class=\"skip-lazy fg-image\" data-src-fg=\"https:\/\/www.slovensky-kras.eu\/info\/wp-content\/uploads\/cache\/2020\/12\/drnava-kastiel\/3724114771.jpg\" src=\"data:image\/svg+xml,%3Csvg%20xmlns%3D%22http%3A%2F%2Fwww.w3.org%2F2000%2Fsvg%22%20width%3D%22200%22%20height%3D%22200%22%20viewBox%3D%220%200%20200%20200%22%3E%3C%2Fsvg%3E\" loading=\"eager\"><\/span><span class=\"fg-image-overlay\"><\/span><\/a><\/figure><div class=\"fg-loader\"><\/div><\/div><div class=\"fg-item fg-type-image fg-idle\"><figure class=\"fg-item-inner\"><a href=\"https:\/\/www.slovensky-kras.eu\/info\/wp-content\/uploads\/2022\/01\/obec-drnava34.jpg\" data-attachment-id=\"22446\" data-type=\"image\" class=\"fg-thumb\"><span class=\"fg-image-wrap\"><img decoding=\"async\" width=\"200\" height=\"200\" class=\"skip-lazy fg-image\" data-src-fg=\"https:\/\/www.slovensky-kras.eu\/info\/wp-content\/uploads\/cache\/2022\/01\/obec-drnava34\/1534216956.jpg\" src=\"data:image\/svg+xml,%3Csvg%20xmlns%3D%22http%3A%2F%2Fwww.w3.org%2F2000%2Fsvg%22%20width%3D%22200%22%20height%3D%22200%22%20viewBox%3D%220%200%20200%20200%22%3E%3C%2Fsvg%3E\" loading=\"eager\"><\/span><span class=\"fg-image-overlay\"><\/span><\/a><\/figure><div class=\"fg-loader\"><\/div><\/div><div class=\"fg-item fg-type-image fg-idle\"><figure class=\"fg-item-inner\"><a href=\"https:\/\/www.slovensky-kras.eu\/info\/wp-content\/uploads\/2021\/12\/drnava-kastiel-1.jpg\" data-attachment-id=\"21739\" data-type=\"image\" class=\"fg-thumb\"><span class=\"fg-image-wrap\"><img decoding=\"async\" width=\"200\" height=\"200\" class=\"skip-lazy fg-image\" data-src-fg=\"https:\/\/www.slovensky-kras.eu\/info\/wp-content\/uploads\/cache\/2021\/12\/drnava-kastiel-1\/3167738299.jpg\" src=\"data:image\/svg+xml,%3Csvg%20xmlns%3D%22http%3A%2F%2Fwww.w3.org%2F2000%2Fsvg%22%20width%3D%22200%22%20height%3D%22200%22%20viewBox%3D%220%200%20200%20200%22%3E%3C%2Fsvg%3E\" loading=\"eager\"><\/span><span class=\"fg-image-overlay\"><\/span><\/a><\/figure><div class=\"fg-loader\"><\/div><\/div><div class=\"fg-item fg-type-image fg-idle\"><figure class=\"fg-item-inner\"><a href=\"https:\/\/www.slovensky-kras.eu\/info\/wp-content\/uploads\/2025\/11\/kastiel-drnava-old-1945.jpeg\" data-caption-title=\"Ka\u0161tie\u013e v obci Drnava v roku 1945\" data-caption-desc=\"Ka\u0161tie\u013e v obci Drnava v roku 1945\" data-attachment-id=\"30285\" data-type=\"image\" class=\"fg-thumb\"><span class=\"fg-image-wrap\"><img decoding=\"async\" alt=\"Ka\u0161tie\u013e v obci Drnava\" title=\"Ka\u0161tie\u013e v obci Drnava v roku 1945\" width=\"200\" height=\"200\" class=\"skip-lazy fg-image\" data-src-fg=\"https:\/\/www.slovensky-kras.eu\/info\/wp-content\/uploads\/cache\/2025\/11\/kastiel-drnava-old-1945\/1110014273.jpeg\" src=\"data:image\/svg+xml,%3Csvg%20xmlns%3D%22http%3A%2F%2Fwww.w3.org%2F2000%2Fsvg%22%20width%3D%22200%22%20height%3D%22200%22%20viewBox%3D%220%200%20200%20200%22%3E%3C%2Fsvg%3E\" loading=\"eager\"><\/span><span class=\"fg-image-overlay\"><\/span><\/a><figcaption class=\"fg-caption\"><div class=\"fg-caption-inner\"><div class=\"fg-caption-title\">Ka\u0161tie\u013e v obci Drnava v roku 1945<\/div><div class=\"fg-caption-desc\">Ka\u0161tie\u013e v obci Drnava v roku 1945<\/div><\/div><\/figcaption><\/figure><div class=\"fg-loader\"><\/div><\/div><div class=\"fg-item fg-type-image fg-idle\"><figure class=\"fg-item-inner\"><a href=\"https:\/\/www.slovensky-kras.eu\/info\/wp-content\/uploads\/2025\/11\/kastiel-drnava-old-1920.jpeg\" data-caption-title=\"Ka\u0161tie\u013e v obci Drnava v roku 1920\" data-caption-desc=\"Ka\u0161tie\u013e v obci Drnava v roku 1920\" data-attachment-id=\"30286\" data-type=\"image\" class=\"fg-thumb\"><span class=\"fg-image-wrap\"><img decoding=\"async\" alt=\"Ka\u0161tie\u013e v obci Drnava\" title=\"Ka\u0161tie\u013e v obci Drnava v roku 1920\" width=\"200\" height=\"200\" class=\"skip-lazy fg-image\" data-src-fg=\"https:\/\/www.slovensky-kras.eu\/info\/wp-content\/uploads\/cache\/2025\/11\/kastiel-drnava-old-1920\/27935980.jpeg\" src=\"data:image\/svg+xml,%3Csvg%20xmlns%3D%22http%3A%2F%2Fwww.w3.org%2F2000%2Fsvg%22%20width%3D%22200%22%20height%3D%22200%22%20viewBox%3D%220%200%20200%20200%22%3E%3C%2Fsvg%3E\" loading=\"eager\"><\/span><span class=\"fg-image-overlay\"><\/span><\/a><figcaption class=\"fg-caption\"><div class=\"fg-caption-inner\"><div class=\"fg-caption-title\">Ka\u0161tie\u013e v obci Drnava v roku 1920<\/div><div class=\"fg-caption-desc\">Ka\u0161tie\u013e v obci Drnava v roku 1920<\/div><\/div><\/figcaption><\/figure><div class=\"fg-loader\"><\/div><\/div>\t<\/div>\n\t<div class=\"fg-carousel-bottom\"><\/div>\n\t<div class=\"fg-carousel-progress\"><\/div>\n\t<button type=\"button\" class=\"fg-carousel-next\" title=\"Next\"><\/button>\n<\/div>\n<h3><span style=\"color: #808000;\">Bl\u00edzke stredisko, turistick\u00e9 centrum, obec alebo mesto:<\/span><\/h3>\n<ul>\n<li><a href=\"http:\/\/www.slovensky-kras.eu\/info\/strediska-a-centra\/obec-drnava\/\">Obec Drnava (\u010d\u00edtaj viac&#8230;)<\/a><\/li>\n<\/ul>\n<h2><span style=\"color: #800000;\">Mapy<\/span><\/h2>\n<p><strong>Vrstvy: <\/strong>Turistick\u00e1 mapa, Automapa, Cyklomapa, Ly\u017eiarska mapa, Satelitn\u00e1 mapa a OpenStreetMap.<\/p>\n<p><strong>Kliknut\u00edm na logo &#8222;Freemap.sk&#8220; sa V\u00e1m mapa zobraz\u00ed na celej ploche obrazovky.<\/strong><\/p>\n<p><iframe style=\"width: 900px; height: 600px; border: 0;\" src=\"https:\/\/www.freemap.sk\/?map=14\/48.640651\/20.658975&amp;info-point=48.640651\/20.658975,Obec Drnava&amp;layers=X&amp;embed=search\" allowfullscreen=\"allowfullscreen\"><\/iframe><\/p>\n<h2><span style=\"color: #800000;\">Po\u010dasie<\/span><\/h2>\n<p><iframe style=\"width: 900px; height: 609px;\" src=\"https:\/\/www.meteoblue.com\/sk\/po%C4%8Dasie\/widget\/three\/drnava_slovensk%c3%a1-republika_724863?geoloc=fixed&amp;nocurrent=0&amp;noforecast=0&amp;days=6&amp;tempunit=CELSIUS&amp;windunit=KILOMETER_PER_HOUR&amp;layout=image\" frameborder=\"0\" scrolling=\"NO\" sandbox=\"allow-same-origin allow-scripts allow-popups allow-popups-to-escape-sandbox\"><\/iframe><\/p>\n<div><!-- DO NOT REMOVE THIS LINK --><a href=\"https:\/\/www.meteoblue.com\/sk\/po%C4%8Dasie\/predpove%C4%8F\/t%C3%BD%C5%BEde%C5%88\/drnava_slovensk%c3%a1-republika_724863?utm_source=weather_widget&amp;utm_medium=linkus&amp;utm_content=three&amp;utm_campaign=Weather%2BWidget\" target=\"_blank\" rel=\"noopener noreferrer\">meteoblue<\/a><\/div>\n<h3><span style=\"color: #808000;\">Ot\u00e1zka pre JazykovaPoradna.sk:<\/span><\/h3>\n<p>Ako sa spr\u00e1vne p\u00ed\u0161e rod P\u00e1lffyovcov? Pre\u0161lo v poslednom \u010dase nejak\u00fdmi pravopisn\u00fdmi zmenami aj p\u00edsanie in\u00fdch mien, napr. Eszterh\u00e1zyovci, Zichyovci?<\/p>\n<h3><span style=\"color: #808000;\">Odpove\u010f :<\/span><\/h3>\n<p>V 80. rokoch minul\u00e9ho storo\u010dia sa prijali z\u00e1sady p\u00edsania mien os\u00f4b vystupuj\u00facich v uhorskom obdob\u00ed slovensk\u00fdch dej\u00edn do roku 1918, ktor\u00e9 boli vypracovan\u00e9 v s\u00falade so z\u00e1vermi komisie pre historick\u00fa terminol\u00f3giu pri Historickom \u00fastave SAV. M\u00f4\u017eete si ich pre\u010d\u00edta\u0165 v Pravidl\u00e1ch slovensk\u00e9ho pravopisu (2000) v kapitole P\u00edsanie historick\u00fdch osobn\u00fdch mien z uhorsk\u00e9ho obdobia slovensk\u00fdch dej\u00edn. Pravidl\u00e1 slovensk\u00e9ho pravopisu s\u00fa spr\u00edstupnen\u00e9 aj v elektronickej verzii na str\u00e1nke Jazykovedn\u00e9ho \u00fastavu \u013d. \u0160t\u00fara SAV <a href=\"http:\/\/www.juls.savba.sk\/pravidla_sloven_pravopisu.html\" target=\"_blank\" rel=\"noopener noreferrer\">http:\/\/www.juls.savba.sk\/pravidla_sloven_pravopisu.html<\/a> (zvo\u013ete textov\u00fa \u010das\u0165). Priezvisko P\u00e1lffy\/P\u00e1lffi sa pod\u013ea z\u00e1sad slovensk\u00e9ho prepisu p\u00ed\u0161e P\u00e1lfi, tak\u017ee pomenovanie rodu m\u00e1 podobu rod P\u00e1lfiovcov a rodinn\u00e9 pomenovanie je P\u00e1lfiovci. Podobne je to pri men\u00e1ch Eszterh\u00e1zy a Zichy, ktor\u00e9 sa pod\u013ea spom\u00ednan\u00fdch z\u00e1sad p\u00ed\u0161u Esterh\u00e1zi a Zi\u010di. Rodinn\u00e9 pomenovanie m\u00e1 podobu Esterh\u00e1ziovci, Zi\u010diovci.<br \/>\n<strong>Zdroj inform\u00e1ci\u00ed:<\/strong> <a href=\"http:\/\/jazykovaporadna.sme.sk\/q\/4965\/#axzz4hOkYiI9I\" target=\"_blank\" rel=\"noopener noreferrer\">http:\/\/jazykovaporadna.sme.sk\/q\/4965\/#axzz4hOkYiI9I<\/a><\/p>\n<h3><strong><br \/>\n<\/strong><span style=\"color: #808000;\">Ot\u00e1zka pre jazykov\u00fa porad\u0148u (Jazykovedn\u00fd \u00fastav \u013dudov\u00edta \u0160t\u00fara)<\/span><\/h3>\n<p>Ak potrebujete z\u00edska\u0165 odpove\u010f v kr\u00e1tkom \u010dase, odpor\u00fa\u010dame v\u00e1m vyu\u017ei\u0165 mo\u017enos\u0165 telefonickej konzult\u00e1cie na telef\u00f3nnom \u010d\u00edsle +421 2 54431761-2 v pracovn\u00fdch d\u0148och od 8.00 do 11.00 hodiny.<br \/>\n<strong><br \/>\nV pr\u00edpade technick\u00fdch probl\u00e9mov:<\/strong> <a href=\"mailto:jazykovaporadna@smeonline.sk\" target=\"_blank\" rel=\"noopener noreferrer\">jazykovaporadna@smeonline.sk<\/a><\/p>\n<p><strong>\u010c\u00edtajte viac:<\/strong> <a href=\"http:\/\/jazykovaporadna.sme.sk\/question\/add\/#axzz4hOkYiI9I\" target=\"_blank\" rel=\"noopener noreferrer\">http:\/\/jazykovaporadna.sme.sk\/question\/add\/#axzz4hOkYiI9I<\/a><\/p>\n","protected":false},"excerpt":{"rendered":"<p>Menu: Podkateg\u00f3ria: Tajomstvo \u017eelezn\u00e9ho srdca Drnavy Predstavte si barokovo-klasicistick\u00e9 s\u00eddlo, ktor\u00e9 bolo svedkom vzostupu mocn\u00e9ho rodu Andr\u00e1\u0161iovcov a po\u010diatkov priemyselnej sl\u00e1vy regi\u00f3nu. Vst\u00fapte do pr\u00edbehu \u0160tefana III. Andr\u00e1\u0161iho, pre ktor\u00e9ho [&hellip;]<\/p>\n","protected":false},"author":1,"featured_media":30286,"parent":15,"menu_order":0,"comment_status":"closed","ping_status":"open","template":"","meta":{"_uag_custom_page_level_css":"","footnotes":""},"class_list":["post-579","page","type-page","status-publish","has-post-thumbnail","hentry"],"featured_image_src":"https:\/\/www.slovensky-kras.eu\/info\/wp-content\/uploads\/2025\/11\/kastiel-drnava-old-1920.jpeg","featured_image_src_square":"https:\/\/www.slovensky-kras.eu\/info\/wp-content\/uploads\/2025\/11\/kastiel-drnava-old-1920.jpeg","rbea_author_info":{"display_name":"admin","author_link":"https:\/\/www.slovensky-kras.eu\/info\/author\/admin\/"},"rbea_excerpt_info":"Menu: Podkateg\u00f3ria: Tajomstvo \u017eelezn\u00e9ho srdca Drnavy Predstavte si barokovo-klasicistick\u00e9 s\u00eddlo, ktor\u00e9 bolo svedkom vzostupu mocn\u00e9ho rodu Andr\u00e1\u0161iovcov a po\u010diatkov priemyselnej sl\u00e1vy regi\u00f3nu. Vst\u00fapte do pr\u00edbehu \u0160tefana III. Andr\u00e1\u0161iho, pre ktor\u00e9ho [&hellip;]","uagb_featured_image_src":{"full":["https:\/\/www.slovensky-kras.eu\/info\/wp-content\/uploads\/2025\/11\/kastiel-drnava-old-1920.jpeg",1376,768,false],"thumbnail":["https:\/\/www.slovensky-kras.eu\/info\/wp-content\/uploads\/2025\/11\/kastiel-drnava-old-1920-150x150.jpeg",150,150,true],"medium":["https:\/\/www.slovensky-kras.eu\/info\/wp-content\/uploads\/2025\/11\/kastiel-drnava-old-1920-800x447.jpeg",800,447,true],"medium_large":["https:\/\/www.slovensky-kras.eu\/info\/wp-content\/uploads\/2025\/11\/kastiel-drnava-old-1920-768x429.jpeg",768,429,true],"large":["https:\/\/www.slovensky-kras.eu\/info\/wp-content\/uploads\/2025\/11\/kastiel-drnava-old-1920-1024x572.jpeg",1024,572,true],"1536x1536":["https:\/\/www.slovensky-kras.eu\/info\/wp-content\/uploads\/2025\/11\/kastiel-drnava-old-1920.jpeg",1376,768,false],"2048x2048":["https:\/\/www.slovensky-kras.eu\/info\/wp-content\/uploads\/2025\/11\/kastiel-drnava-old-1920.jpeg",1376,768,false]},"uagb_author_info":{"display_name":"admin","author_link":"https:\/\/www.slovensky-kras.eu\/info\/author\/admin\/"},"uagb_comment_info":0,"uagb_excerpt":"Menu: Podkateg\u00f3ria: Tajomstvo \u017eelezn\u00e9ho srdca Drnavy Predstavte si barokovo-klasicistick\u00e9 s\u00eddlo, ktor\u00e9 bolo svedkom vzostupu mocn\u00e9ho rodu Andr\u00e1\u0161iovcov a po\u010diatkov priemyselnej sl\u00e1vy regi\u00f3nu. Vst\u00fapte do pr\u00edbehu \u0160tefana III. Andr\u00e1\u0161iho, pre ktor\u00e9ho [&hellip;]","_links":{"self":[{"href":"https:\/\/www.slovensky-kras.eu\/info\/wp-json\/wp\/v2\/pages\/579","targetHints":{"allow":["GET"]}}],"collection":[{"href":"https:\/\/www.slovensky-kras.eu\/info\/wp-json\/wp\/v2\/pages"}],"about":[{"href":"https:\/\/www.slovensky-kras.eu\/info\/wp-json\/wp\/v2\/types\/page"}],"author":[{"embeddable":true,"href":"https:\/\/www.slovensky-kras.eu\/info\/wp-json\/wp\/v2\/users\/1"}],"replies":[{"embeddable":true,"href":"https:\/\/www.slovensky-kras.eu\/info\/wp-json\/wp\/v2\/comments?post=579"}],"version-history":[{"count":16,"href":"https:\/\/www.slovensky-kras.eu\/info\/wp-json\/wp\/v2\/pages\/579\/revisions"}],"predecessor-version":[{"id":30287,"href":"https:\/\/www.slovensky-kras.eu\/info\/wp-json\/wp\/v2\/pages\/579\/revisions\/30287"}],"up":[{"embeddable":true,"href":"https:\/\/www.slovensky-kras.eu\/info\/wp-json\/wp\/v2\/pages\/15"}],"wp:featuredmedia":[{"embeddable":true,"href":"https:\/\/www.slovensky-kras.eu\/info\/wp-json\/wp\/v2\/media\/30286"}],"wp:attachment":[{"href":"https:\/\/www.slovensky-kras.eu\/info\/wp-json\/wp\/v2\/media?parent=579"}],"curies":[{"name":"wp","href":"https:\/\/api.w.org\/{rel}","templated":true}]}}