{"id":495,"date":"2013-06-29T15:50:06","date_gmt":"2013-06-29T13:50:06","guid":{"rendered":"http:\/\/www.slovensky-kras.eu\/info\/?page_id=495"},"modified":"2025-11-16T10:46:24","modified_gmt":"2025-11-16T09:46:24","slug":"npr-kralova-studna","status":"publish","type":"page","link":"https:\/\/www.slovensky-kras.eu\/info\/kam-do-prirody\/npr-kralova-studna\/","title":{"rendered":"NPR Kr\u00e1\u013eova stud\u0148a"},"content":{"rendered":"<p><strong>Menu:<\/strong> <a href=\"http:\/\/www.slovensky-kras.eu\/info\/\" class=\"su-button su-button-style-default\" style=\"color:#000000;background-color:#FFCF2F;border-color:#cca626;border-radius:5px\" target=\"_self\"><span style=\"color:#000000;padding:6px 16px;font-size:13px;line-height:20px;border-color:#ffde6e;border-radius:5px;text-shadow:none\"><i class=\"sui sui-arrow-right\" style=\"font-size:13px;color:#000000\"><\/i>  \u00davod \/ Aktuality <\/span><\/a>\n<a href=\"http:\/\/www.slovensky-kras.eu\/info\/kam-do-prirody\/\" class=\"su-button su-button-style-default\" style=\"color:#000000;background-color:#FFCF2F;border-color:#cca626;border-radius:5px\" target=\"_self\"><span style=\"color:#000000;padding:6px 16px;font-size:13px;line-height:20px;border-color:#ffde6e;border-radius:5px;text-shadow:none\"><i class=\"sui sui-arrow-right\" style=\"font-size:13px;color:#000000\"><\/i>  Kam do pr\u00edrody <\/span><\/a>\n<\/p>\n<p><strong>Podkateg\u00f3ria:<\/strong> <a href=\"http:\/\/www.slovensky-kras.eu\/info\/kam-do-prirody\/prirodne-rezervacie\/\" class=\"su-button su-button-style-default\" style=\"color:#000000;background-color:#C5ED2C;border-color:#9ebe24;border-radius:5px\" target=\"_self\"><span style=\"color:#000000;padding:6px 16px;font-size:13px;line-height:20px;border-color:#d7f36c;border-radius:5px;text-shadow:none\"><i class=\"sui sui-arrow-right\" style=\"font-size:13px;color:#000000\"><\/i>  Pr\u00edrodn\u00e9 rezerv\u00e1cie <\/span><\/a>\n<div class=\"su-divider su-divider-style-default\" style=\"margin:15px 0;border-width:2px;border-color:#000000\"><\/div>\n<figure id=\"attachment_15498\" aria-describedby=\"caption-attachment-15498\" style=\"width: 900px\" class=\"wp-caption aligncenter\"><a href=\"https:\/\/www.slovensky-kras.eu\/info\/wp-content\/uploads\/2019\/01\/kralova-studna.jpeg\"><img loading=\"lazy\" decoding=\"async\" class=\"wp-image-15498\" src=\"http:\/\/www.slovensky-kras.eu\/info\/wp-content\/uploads\/2019\/01\/kralova-studna-800x600.jpeg\" alt=\"NPR Kr\u00e1\u013eova stud\u0148a\" width=\"900\" height=\"675\" srcset=\"https:\/\/www.slovensky-kras.eu\/info\/wp-content\/uploads\/2019\/01\/kralova-studna-800x600.jpeg 800w, https:\/\/www.slovensky-kras.eu\/info\/wp-content\/uploads\/2019\/01\/kralova-studna-768x576.jpeg 768w, https:\/\/www.slovensky-kras.eu\/info\/wp-content\/uploads\/2019\/01\/kralova-studna-425x319.jpeg 425w, https:\/\/www.slovensky-kras.eu\/info\/wp-content\/uploads\/2019\/01\/kralova-studna.jpeg 868w\" sizes=\"auto, (max-width: 900px) 100vw, 900px\" \/><\/a><figcaption id=\"caption-attachment-15498\" class=\"wp-caption-text\">NPR Kr\u00e1\u013eova stud\u0148a<\/figcaption><\/figure>\n<div class=\"su-divider su-divider-style-default\" style=\"margin:15px 0;border-width:2px;border-color:#000000\"><\/div>\n<h2 data-path-to-node=\"1\"><span style=\"color: #800000;\">Kr\u00e1\u013eova stud\u0148a: Kde n\u00e1js\u0165 chr\u00e1nen\u00fa o\u00e1zu mo\u010diarov v Slovenskom krase? <\/span><\/h2>\n<p data-path-to-node=\"1\">Kr\u00e1\u013eova stud\u0148a je n\u00e1rodn\u00e1 pr\u00edrodn\u00e1 rezerv\u00e1cia (NPR) v Slovenskom krase, chr\u00e1nen\u00e9 pr\u00edrodn\u00e9 \u00fazemie nach\u00e1dzaj\u00face sa v katastr\u00e1lnom \u00fazem\u00ed obce Silick\u00e1 Brezov\u00e1, okres Ro\u017e\u0148ava.<\/p>\n<h2 data-path-to-node=\"2\"><span style=\"color: #800000;\">Kedy bola vyhl\u00e1sen\u00e1 rezerv\u00e1cia Kr\u00e1\u013eova stud\u0148a a ak\u00fa m\u00e1 rozlohu? <\/span><\/h2>\n<p data-path-to-node=\"2\">Vyhl\u00e1sen\u00e1 bola v roku 1982 a jej rozloha je pribli\u017ene 11,21 ha.<\/p>\n<h2 data-path-to-node=\"3\"><span style=\"color: #800000;\">Pre\u010do patr\u00ed Kr\u00e1\u013eova stud\u0148a medzi v\u00fdznamn\u00e9 rezerv\u00e1cie Slovensk\u00e9ho krasu? <\/span><\/h2>\n<p data-path-to-node=\"3\">Patr\u00ed medzi v\u00fdznamn\u00e9 rezerv\u00e1cie Slovensk\u00e9ho krasu, ktor\u00e9 chr\u00e1nia vz\u00e1cne pr\u00edrodn\u00e9 biotopy a druhy na v\u00e1pencovom podlo\u017e\u00ed tohto regi\u00f3nu.<\/p>\n<h2 data-path-to-node=\"4\"><span style=\"color: #800000;\">Kde presne sa nach\u00e1dza Kr\u00e1\u013eova stud\u0148a? <\/span><\/h2>\n<p data-path-to-node=\"4\">Nach\u00e1dza sa asi 4 km na v\u00fdchod od obce Silick\u00e1 Brezov\u00e1, na Silickej planine, v NP Slovensk\u00fd kras.<\/p>\n<h2 data-path-to-node=\"5\"><span style=\"color: #800000;\">\u010c\u00edm je jedine\u010dn\u00e1 pr\u00edroda v rezerv\u00e1cii Kr\u00e1\u013eova stud\u0148a? <\/span><\/h2>\n<p data-path-to-node=\"5\">Je tu viacero prame\u0148ov nap\u00e1jaj\u00facich bezmenn\u00fd potok s \u00fazkym p\u00e1som aluvi\u00e1lnej nivy. Vyvinula sa a doteraz sa tu zachovala bohat\u00e1 mo\u010diarna veget\u00e1cia reprezentovan\u00e1 porastami slatinnej jel\u0161iny so v\u0161etk\u00fdmi v\u00fdvojov\u00fdmi \u0161t\u00e1diami a zast\u00fapen\u00edm charakteristick\u00fdch i vz\u00e1cnych druhov rastl\u00edn.<\/p>\n<h2 data-path-to-node=\"6\"><span style=\"color: #800000;\">Na \u010do bola rezerv\u00e1cia Kr\u00e1\u013eova stud\u0148a vyhl\u00e1sen\u00e1? <\/span><\/h2>\n<p data-path-to-node=\"6\">PR je vyhl\u00e1sen\u00e1 na ochranu typick\u00fdch porastov slatinnej jel\u0161iny v Slovenskom krase so v\u0161etk\u00fdmi v\u00fdvojov\u00fdmi \u0161t\u00e1diami a v\u00fdskytom viacer\u00fdch ojedinel\u00fdch a chr\u00e1nen\u00fdch druhov rastl\u00edn na vedeckov\u00fdskumn\u00e9, n\u00e1u\u010dn\u00e9 a kult\u00farno-v\u00fdchovn\u00e9 ciele.<\/p>\n<h2 data-path-to-node=\"7\"><span style=\"color: #800000;\">Ak\u00e9 pravidl\u00e1 platia v rezerv\u00e1cii Kr\u00e1\u013eova stud\u0148a s 5. stup\u0148om ochrany? <\/span><\/h2>\n<p data-path-to-node=\"7\">Ke\u010f\u017ee je tu 5. stupe\u0148 ochrany, plat\u00ed tu z\u00e1kaz pohybova\u0165 sa mimo vyzna\u010den\u00e9ho turistick\u00e9ho chodn\u00edka alebo n\u00e1u\u010dn\u00e9ho chodn\u00edka za hranicami zastavan\u00e9ho \u00fazemia obce a vch\u00e1dza\u0165 alebo st\u00e1\u0165 s bicyklom na pozemky za hranicami zastavan\u00e9ho \u00fazemia obce mimo dia\u013enice, cesty, miestnej komunik\u00e1cie a vyzna\u010denej cyklotrasy!!!<\/p>\n<h2 data-path-to-node=\"8\"><span style=\"color: #800000;\">Ako z\u00edska\u0165 povolenie na vstup do rezerv\u00e1cie Kr\u00e1\u013eova stud\u0148a? <\/span><\/h2>\n<p data-path-to-node=\"8\">Na vstup do pr\u00edrodnej rezerv\u00e1cie s 5. stup\u0148om ochrany je potrebn\u00e9 poda\u0165 \u017eiados\u0165 na okresn\u00fd \u00farad v s\u00eddle kraja, odbor starostlivosti o \u017eivotn\u00e9 prostredie, na udelenie v\u00fdnimky z \u00fazemnej ochrany pod\u013ea \u00a7 16 ods. 1 p\u00edsm. a) z\u00e1kona \u010d. 543\/2002 Z. z. o ochrane pr\u00edrody a krajiny v znen\u00ed neskor\u0161\u00edch predpisov. Tak\u00fato \u017eiados\u0165 treba riadne od\u00f4vodni\u0165 a uvies\u0165 d\u00f4vody, pre ktor\u00e9 by mala by\u0165 v\u00fdnimka udelen\u00e1. Tak\u00e9to podanie sa spoplat\u0148uje pod\u013ea polo\u017eky 160 z\u00e1kona \u010d. 145\/1995 o spr\u00e1vnych poplatkoch v znen\u00ed neskor\u0161\u00edch predpisov sumou 10 Eur, ak pod\u00e1va \u017eiados\u0165 fyzick\u00e1 osoba, alebo 100 Eur, ak je \u017eiados\u0165 podan\u00e1 pr\u00e1vnickou osobou.<\/p>\n<h3><span style=\"color: #808000;\">Bl\u00edzke stredisko, turistick\u00e9 centrum, obec alebo mesto:<\/span><\/h3>\n<ul>\n\u00a0\t<\/p>\n<li><a href=\"http:\/\/www.slovensky-kras.eu\/info\/strediska-a-centra\/obec-silicka-brezova\/\">Obec Silick\u00e1 Brezov\u00e1 (\u010d\u00edtaj viac&#8230;)<\/a><\/li>\n<\/ul>\n<h2><span style=\"color: #800000;\">Mapy<\/span><\/h2>\n<p><strong>Vrstvy:<\/strong> Turistick\u00e1 mapa, Automapa, Cyklomapa, Ly\u017eiarska mapa, Satelitn\u00e1 mapa a OpenStreetMap.<\/p>\n<p><strong>Kliknut\u00edm na logo &#8222;Freemap.sk&#8220; sa V\u00e1m mapa zobraz\u00ed na celej ploche obrazovky.<\/strong><\/p>\n<p><iframe style=\"width: 900px; height: 600px; border: 0;\" src=\"https:\/\/www.freemap.sk\/?map=14\/48.535391\/20.508513&amp;info-point=48.535391\/20.508513,NPR Kr\u00e1\u013eova stud\u0148a&amp;layers=X&amp;embed=search\" allowfullscreen=\"allowfullscreen\"><\/iframe><\/p>\n<h2><span style=\"color: #800000;\">Po\u010dasie<\/span><\/h2>\n<p><iframe style=\"width: 900px; height: 609px;\" src=\"https:\/\/www.meteoblue.com\/sk\/po%C4%8Dasie\/widget\/three\/silick%c3%a1-brezov%c3%a1_slovensk%c3%a1-republika_723620?geoloc=fixed&amp;nocurrent=0&amp;noforecast=0&amp;days=6&amp;tempunit=CELSIUS&amp;windunit=KILOMETER_PER_HOUR&amp;layout=image\" frameborder=\"0\" scrolling=\"NO\" sandbox=\"allow-same-origin allow-scripts allow-popups allow-popups-to-escape-sandbox\"><span data-mce-type=\"bookmark\" style=\"display: inline-block; width: 0px; overflow: hidden; line-height: 0;\" class=\"mce_SELRES_start\">\ufeff<\/span><\/iframe><\/p>\n<div><a href=\"https:\/\/www.meteoblue.com\/sk\/po%C4%8Dasie\/predpove%C4%8F\/t%C3%BD%C5%BEde%C5%88\/silick%c3%a1-brezov%c3%a1_slovensk%c3%a1-republika_723620?utm_source=weather_widget&amp;utm_medium=linkus&amp;utm_content=three&amp;utm_campaign=Weather%2BWidget\" target=\"_blank\" rel=\"noopener noreferrer\">meteoblue<\/a><\/div>\n<p><strong>Zdroj inform\u00e1ci\u00ed :<\/strong> <a href=\"http:\/\/www.sopsr.sk\/slovkras\/\" target=\"_blank\" rel=\"noopener noreferrer\">NP Slovensk\u00fd kras<\/a><br \/>\n<strong>Zdroj foto:<\/strong> <a href=\"http:\/\/www.eastern-slovakia.com\/\" target=\"_blank\" rel=\"noopener noreferrer\"> Muro Miron Jesensky (www.eastern-slovakia.com)<\/a><\/p>\n","protected":false},"excerpt":{"rendered":"<p>Menu: Podkateg\u00f3ria: Kr\u00e1\u013eova stud\u0148a: Kde n\u00e1js\u0165 chr\u00e1nen\u00fa o\u00e1zu mo\u010diarov v Slovenskom krase? Kr\u00e1\u013eova stud\u0148a je n\u00e1rodn\u00e1 pr\u00edrodn\u00e1 rezerv\u00e1cia (NPR) v Slovenskom krase, chr\u00e1nen\u00e9 pr\u00edrodn\u00e9 \u00fazemie nach\u00e1dzaj\u00face sa v katastr\u00e1lnom \u00fazem\u00ed [&hellip;]<\/p>\n","protected":false},"author":1,"featured_media":15498,"parent":13,"menu_order":0,"comment_status":"closed","ping_status":"open","template":"","meta":{"_uag_custom_page_level_css":"","footnotes":""},"class_list":["post-495","page","type-page","status-publish","has-post-thumbnail","hentry"],"featured_image_src":"https:\/\/www.slovensky-kras.eu\/info\/wp-content\/uploads\/2019\/01\/kralova-studna.jpeg","featured_image_src_square":"https:\/\/www.slovensky-kras.eu\/info\/wp-content\/uploads\/2019\/01\/kralova-studna.jpeg","rbea_author_info":{"display_name":"admin","author_link":"https:\/\/www.slovensky-kras.eu\/info\/author\/admin\/"},"rbea_excerpt_info":"Menu: Podkateg\u00f3ria: Kr\u00e1\u013eova stud\u0148a: Kde n\u00e1js\u0165 chr\u00e1nen\u00fa o\u00e1zu mo\u010diarov v Slovenskom krase? Kr\u00e1\u013eova stud\u0148a je n\u00e1rodn\u00e1 pr\u00edrodn\u00e1 rezerv\u00e1cia (NPR) v Slovenskom krase, chr\u00e1nen\u00e9 pr\u00edrodn\u00e9 \u00fazemie nach\u00e1dzaj\u00face sa v katastr\u00e1lnom \u00fazem\u00ed [&hellip;]","uagb_featured_image_src":{"full":["https:\/\/www.slovensky-kras.eu\/info\/wp-content\/uploads\/2019\/01\/kralova-studna.jpeg",868,651,false],"thumbnail":["https:\/\/www.slovensky-kras.eu\/info\/wp-content\/uploads\/2019\/01\/kralova-studna-150x150.jpeg",150,150,true],"medium":["https:\/\/www.slovensky-kras.eu\/info\/wp-content\/uploads\/2019\/01\/kralova-studna-800x600.jpeg",800,600,true],"medium_large":["https:\/\/www.slovensky-kras.eu\/info\/wp-content\/uploads\/2019\/01\/kralova-studna-768x576.jpeg",768,576,true],"large":["https:\/\/www.slovensky-kras.eu\/info\/wp-content\/uploads\/2019\/01\/kralova-studna.jpeg",868,651,false],"1536x1536":["https:\/\/www.slovensky-kras.eu\/info\/wp-content\/uploads\/2019\/01\/kralova-studna.jpeg",868,651,false],"2048x2048":["https:\/\/www.slovensky-kras.eu\/info\/wp-content\/uploads\/2019\/01\/kralova-studna.jpeg",868,651,false]},"uagb_author_info":{"display_name":"admin","author_link":"https:\/\/www.slovensky-kras.eu\/info\/author\/admin\/"},"uagb_comment_info":0,"uagb_excerpt":"Menu: Podkateg\u00f3ria: Kr\u00e1\u013eova stud\u0148a: Kde n\u00e1js\u0165 chr\u00e1nen\u00fa o\u00e1zu mo\u010diarov v Slovenskom krase? Kr\u00e1\u013eova stud\u0148a je n\u00e1rodn\u00e1 pr\u00edrodn\u00e1 rezerv\u00e1cia (NPR) v Slovenskom krase, chr\u00e1nen\u00e9 pr\u00edrodn\u00e9 \u00fazemie nach\u00e1dzaj\u00face sa v katastr\u00e1lnom \u00fazem\u00ed [&hellip;]","_links":{"self":[{"href":"https:\/\/www.slovensky-kras.eu\/info\/wp-json\/wp\/v2\/pages\/495","targetHints":{"allow":["GET"]}}],"collection":[{"href":"https:\/\/www.slovensky-kras.eu\/info\/wp-json\/wp\/v2\/pages"}],"about":[{"href":"https:\/\/www.slovensky-kras.eu\/info\/wp-json\/wp\/v2\/types\/page"}],"author":[{"embeddable":true,"href":"https:\/\/www.slovensky-kras.eu\/info\/wp-json\/wp\/v2\/users\/1"}],"replies":[{"embeddable":true,"href":"https:\/\/www.slovensky-kras.eu\/info\/wp-json\/wp\/v2\/comments?post=495"}],"version-history":[{"count":6,"href":"https:\/\/www.slovensky-kras.eu\/info\/wp-json\/wp\/v2\/pages\/495\/revisions"}],"predecessor-version":[{"id":28664,"href":"https:\/\/www.slovensky-kras.eu\/info\/wp-json\/wp\/v2\/pages\/495\/revisions\/28664"}],"up":[{"embeddable":true,"href":"https:\/\/www.slovensky-kras.eu\/info\/wp-json\/wp\/v2\/pages\/13"}],"wp:featuredmedia":[{"embeddable":true,"href":"https:\/\/www.slovensky-kras.eu\/info\/wp-json\/wp\/v2\/media\/15498"}],"wp:attachment":[{"href":"https:\/\/www.slovensky-kras.eu\/info\/wp-json\/wp\/v2\/media?parent=495"}],"curies":[{"name":"wp","href":"https:\/\/api.w.org\/{rel}","templated":true}]}}