{"id":472,"date":"2013-06-29T15:23:11","date_gmt":"2013-06-29T13:23:11","guid":{"rendered":"http:\/\/www.slovensky-kras.eu\/info\/?page_id=472"},"modified":"2025-11-15T20:29:27","modified_gmt":"2025-11-15T19:29:27","slug":"kecovske-skrapy","status":"publish","type":"page","link":"https:\/\/www.slovensky-kras.eu\/info\/kam-do-prirody\/kecovske-skrapy\/","title":{"rendered":"NPR Ke\u010dovsk\u00e9 \u0161krapy"},"content":{"rendered":"<p><strong>Menu: <\/strong> <a href=\"http:\/\/www.slovensky-kras.eu\/info\/\" class=\"su-button su-button-style-default\" style=\"color:#000000;background-color:#FFCF2F;border-color:#cca626;border-radius:5px\" target=\"_self\"><span style=\"color:#000000;padding:6px 16px;font-size:13px;line-height:20px;border-color:#ffde6e;border-radius:5px;text-shadow:none\"><i class=\"sui sui-arrow-right\" style=\"font-size:13px;color:#000000\"><\/i>  \u00davod \/ Aktuality <\/span><\/a>\n<a href=\"http:\/\/www.slovensky-kras.eu\/info\/kam-do-prirody\/\" class=\"su-button su-button-style-default\" style=\"color:#000000;background-color:#FFCF2F;border-color:#cca626;border-radius:5px\" target=\"_self\"><span style=\"color:#000000;padding:6px 16px;font-size:13px;line-height:20px;border-color:#ffde6e;border-radius:5px;text-shadow:none\"><i class=\"sui sui-arrow-right\" style=\"font-size:13px;color:#000000\"><\/i>  Kam do pr\u00edrody <\/span><\/a>\n<p><strong>Podkateg\u00f3ria: <\/strong> <a href=\"http:\/\/www.slovensky-kras.eu\/info\/kam-do-prirody\/narodne-prirodne-rezervacie\/\" class=\"su-button su-button-style-default\" style=\"color:#000000;background-color:#C5ED2C;border-color:#9ebe24;border-radius:5px\" target=\"_self\"><span style=\"color:#000000;padding:6px 16px;font-size:13px;line-height:20px;border-color:#d7f36c;border-radius:5px;text-shadow:none\"><i class=\"sui sui-arrow-right\" style=\"font-size:13px;color:#000000\"><\/i>  N\u00e1rodn\u00e9 pr\u00edrodn\u00e9 rezerv\u00e1cie <\/span><\/a>\n<div class=\"su-divider su-divider-style-default\" style=\"margin:15px 0;border-width:2px;border-color:#000000\"><\/div>\n<figure id=\"attachment_28013\" aria-describedby=\"caption-attachment-28013\" style=\"width: 900px\" class=\"wp-caption aligncenter\"><a href=\"https:\/\/www.slovensky-kras.eu\/info\/wp-content\/uploads\/2025\/10\/kecovske-skrapy.png\"><img loading=\"lazy\" decoding=\"async\" class=\"wp-image-28013\" src=\"https:\/\/www.slovensky-kras.eu\/info\/wp-content\/uploads\/2025\/10\/kecovske-skrapy-800x499.png\" alt=\"Ke\u010dovsk\u00e9 \u0161krapy\" width=\"900\" height=\"562\" srcset=\"https:\/\/www.slovensky-kras.eu\/info\/wp-content\/uploads\/2025\/10\/kecovske-skrapy-800x499.png 800w, https:\/\/www.slovensky-kras.eu\/info\/wp-content\/uploads\/2025\/10\/kecovske-skrapy-1024x639.png 1024w, https:\/\/www.slovensky-kras.eu\/info\/wp-content\/uploads\/2025\/10\/kecovske-skrapy-768x479.png 768w, https:\/\/www.slovensky-kras.eu\/info\/wp-content\/uploads\/2025\/10\/kecovske-skrapy.png 1136w\" sizes=\"auto, (max-width: 900px) 100vw, 900px\" \/><\/a><figcaption id=\"caption-attachment-28013\" class=\"wp-caption-text\">Ke\u010dovsk\u00e9 \u0161krapy<\/figcaption><\/figure>\n<div class=\"su-divider su-divider-style-default\" style=\"margin:15px 0;border-width:2px;border-color:#000000\"><\/div>\n<h2 data-start=\"108\" data-end=\"562\"><span style=\"color: #800000;\">Kde sa nach\u00e1dza NPR Ke\u010dovsk\u00e9 \u0161krapy a \u010do je predmetom ochrany?<\/span><\/h2>\n<p data-start=\"108\" data-end=\"562\"><strong data-start=\"177\" data-end=\"200\">NPR Ke\u010dovsk\u00e9 \u0161krapy<\/strong> sa nach\u00e1dzaj\u00fa na Silickej planine, hne\u010f za obcou Ke\u010dovo, v N\u00e1rodnom parku Slovensk\u00fd kras. Predmetom ochrany je na\u0161e najv\u00e4\u010d\u0161ie \u0161krapov\u00e9 pole na v\u00e1pencovej str\u00e1ni pod vrchom Malin\u00edk (493 m). Ide o uk\u00e1\u017eku dlhodobej \u010dinnosti \u010dloveka \u2013 postupn\u00e9ho odstra\u0148ovania p\u00f4vodn\u00fdch lesn\u00fdch porastov, \u010do viedlo k odplaveniu p\u00f4dy a n\u00e1sledn\u00e9mu vzniku rozsiahleho krasov\u00e9ho \u00fazemia.<\/p>\n<h2 data-start=\"569\" data-end=\"878\"><span style=\"color: #800000;\">Ak\u00e1 je pr\u00edrodn\u00e1 hodnota \u00fazemia a \u010do tu m\u00f4\u017eem vidie\u0165?<\/span><\/h2>\n<p data-start=\"569\" data-end=\"878\">Na t\u00fdchto lokalit\u00e1ch sa nach\u00e1dza mno\u017estvo chr\u00e1nen\u00fdch, vz\u00e1cnych a zriedkav\u00fdch druhov rastl\u00edn a \u017eivo\u010d\u00edchov, ako aj unik\u00e1tne suchomiln\u00e9 a teplomiln\u00e9 spolo\u010denstv\u00e1. Ke\u010f\u017ee ide o \u00fazemie s 5. stup\u0148om ochrany, jeho ekosyst\u00e9my s\u00fa mimoriadne citliv\u00e9 a v\u00fdznamn\u00e9.<\/p>\n<h2 data-start=\"885\" data-end=\"1348\"><span style=\"color: #800000;\">Ak\u00e9 pravidl\u00e1 platia pri pohybe v rezerv\u00e1cii?<\/span><\/h2>\n<p data-start=\"885\" data-end=\"1348\">Ke\u010f\u017ee ide o \u00fazemie s 5. stup\u0148om ochrany, plat\u00ed tu pr\u00edsny z\u00e1kaz pohybova\u0165 sa mimo vyzna\u010den\u00e9ho turistick\u00e9ho alebo n\u00e1u\u010dn\u00e9ho chodn\u00edka za hranicami zastavan\u00e9ho \u00fazemia obce. Rovnako je zak\u00e1zan\u00e9 vch\u00e1dza\u0165 s bicyklom na pozemky za hranicami zastavan\u00e9ho \u00fazemia obce mimo dia\u013enice, cesty, miestnej komunik\u00e1cie a vyzna\u010denej cyklotrasy. Vstup mimo t\u00fdchto pravidiel je pr\u00edsne zak\u00e1zan\u00fd a m\u00f4\u017ee by\u0165 sankcionovan\u00fd vysokou pokutou.<\/p>\n<h2 data-start=\"1355\" data-end=\"1511\"><span style=\"color: #800000;\">Ako z\u00edska\u0165 povolenie na vstup do \u00fazemia s 5. stup\u0148om ochrany?<\/span><\/h2>\n<p data-start=\"1355\" data-end=\"1511\">Na vstup do pr\u00edrodnej rezerv\u00e1cie s 5. stup\u0148om ochrany je potrebn\u00e9 postupova\u0165 nasledovne:<\/p>\n<ol data-start=\"1513\" data-end=\"2053\">\n<li data-start=\"1513\" data-end=\"1842\">\n<p data-start=\"1516\" data-end=\"1842\"><strong data-start=\"1516\" data-end=\"1533\">Poda\u0165 \u017eiados\u0165<\/strong> na okresn\u00fd \u00farad v s\u00eddle kraja, odbor starostlivosti o \u017eivotn\u00e9 prostredie, o udelenie v\u00fdnimky z \u00fazemnej ochrany pod\u013ea \u00a7 16 ods. 1 p\u00edsm. a) z\u00e1kona \u010d. 543\/2002 Z. z. o ochrane pr\u00edrody a krajiny v znen\u00ed neskor\u0161\u00edch predpisov. \u017diados\u0165 je potrebn\u00e9 riadne od\u00f4vodni\u0165 a uvies\u0165 d\u00f4vody, pre ktor\u00e9 m\u00e1 by\u0165 v\u00fdnimka udelen\u00e1.<\/p>\n<\/li>\n<li data-start=\"1844\" data-end=\"2053\">\n<p data-start=\"1847\" data-end=\"2053\">Toto podanie sa <strong data-start=\"1863\" data-end=\"1878\">spoplat\u0148uje<\/strong> pod\u013ea polo\u017eky 160 z\u00e1kona \u010d. 145\/1995 o spr\u00e1vnych poplatkoch v znen\u00ed neskor\u0161\u00edch predpisov sumou 10 eur pri \u017eiadosti fyzickej osoby alebo 100 eur pri \u017eiadosti pr\u00e1vnickej osoby.<\/p>\n<\/li>\n<\/ol>\n<h2 data-start=\"2060\" data-end=\"2348\"><span style=\"color: #800000;\">Ako sa dosta\u0165 k NPR Ke\u010dovsk\u00e9 \u0161krapy?<\/span><\/h2>\n<p data-start=\"2060\" data-end=\"2348\">V bl\u00edzkosti rezerv\u00e1cie prech\u00e1dza \u010derven\u00e1 turistick\u00e1 trasa, ktor\u00e1 vedie cez obec Ke\u010dovo. Hoci samotn\u00e9 \u00fazemie je pr\u00edsne chr\u00e1nen\u00e9, pr\u00edstupov\u00e9 chodn\u00edky pon\u00fakaj\u00fa mo\u017enos\u0165 obdivova\u0165 okolit\u00fa krajinu a aspo\u0148 nepriamo nahliadnu\u0165 na vz\u00e1cny krasov\u00fd fenom\u00e9n.<\/p>\n<h3><span style=\"color: #808000;\">Bl\u00edzke stredisko, turistick\u00e9 centrum, obec alebo mesto:<\/span><\/h3>\n<ul>\n<li><a href=\"http:\/\/www.slovensky-kras.eu\/info\/strediska-a-centra\/obec-kecovo\/\">Obec Ke\u010dovo (\u010d\u00edtaj viac&#8230;)<\/a><\/li>\n<\/ul>\n<h2><span style=\"color: #800000;\">Mapy<\/span><\/h2>\n<p><strong>Vrstvy: <\/strong>Turistick\u00e1 mapa, Automapa, Cyklomapa, Ly\u017eiarska mapa, Satelitn\u00e1 mapa a OpenStreetMap.<\/p>\n<p><strong>Kliknut\u00edm na logo &#8222;Freemap.sk&#8220; sa V\u00e1m mapa zobraz\u00ed na celej ploche obrazovky.<\/strong><\/p>\n<p><iframe style=\"width: 900px; height: 600px; border: 0;\" src=\"https:\/\/www.freemap.sk\/?map=15\/48.494988\/20.489062&amp;info-point=48.494988\/20.489062,NPR Ke\u010dovsk\u00e9 \u0161krapy&amp;layers=X&amp;embed=search\" allowfullscreen=\"allowfullscreen\"><span data-mce-type=\"bookmark\" style=\"display: inline-block; width: 0px; overflow: hidden; line-height: 0;\" class=\"mce_SELRES_start\">\ufeff<\/span><\/iframe><\/p>\n<h2><span style=\"color: #800000;\">Po\u010dasie<\/span><strong><br \/>\n<\/strong><\/h2>\n<p><iframe style=\"width: 900px; height: 610px;\" src=\"https:\/\/www.meteoblue.com\/sk\/po%C4%8Dasie\/widget\/three\/ke%c4%8dovo_slovensk%c3%a1-republika_724509?geoloc=fixed&amp;nocurrent=0&amp;noforecast=0&amp;days=6&amp;tempunit=CELSIUS&amp;windunit=KILOMETER_PER_HOUR&amp;layout=image\" frameborder=\"0\" scrolling=\"NO\" sandbox=\"allow-same-origin allow-scripts allow-popups allow-popups-to-escape-sandbox\"><span data-mce-type=\"bookmark\" style=\"display: inline-block; width: 0px; overflow: hidden; line-height: 0;\" class=\"mce_SELRES_start\">\ufeff<\/span><\/iframe><\/p>\n<div><!-- DO NOT REMOVE THIS LINK --><a href=\"https:\/\/www.meteoblue.com\/sk\/po%C4%8Dasie\/predpove%C4%8F\/t%C3%BD%C5%BEde%C5%88\/ke%c4%8dovo_slovensk%c3%a1-republika_724509?utm_source=weather_widget&amp;utm_medium=linkus&amp;utm_content=three&amp;utm_campaign=Weather%2BWidget\" target=\"_blank\" rel=\"noopener noreferrer\">meteoblue<\/a><\/div>\n<p>&nbsp;<\/p>\n","protected":false},"excerpt":{"rendered":"<p>Menu: Podkateg\u00f3ria: Kde sa nach\u00e1dza NPR Ke\u010dovsk\u00e9 \u0161krapy a \u010do je predmetom ochrany? NPR Ke\u010dovsk\u00e9 \u0161krapy sa nach\u00e1dzaj\u00fa na Silickej planine, hne\u010f za obcou Ke\u010dovo, v N\u00e1rodnom parku Slovensk\u00fd kras. [&hellip;]<\/p>\n","protected":false},"author":1,"featured_media":28013,"parent":13,"menu_order":0,"comment_status":"closed","ping_status":"open","template":"","meta":{"_uag_custom_page_level_css":"","footnotes":""},"class_list":["post-472","page","type-page","status-publish","has-post-thumbnail","hentry"],"featured_image_src":"https:\/\/www.slovensky-kras.eu\/info\/wp-content\/uploads\/2025\/10\/kecovske-skrapy.png","featured_image_src_square":"https:\/\/www.slovensky-kras.eu\/info\/wp-content\/uploads\/2025\/10\/kecovske-skrapy.png","rbea_author_info":{"display_name":"admin","author_link":"https:\/\/www.slovensky-kras.eu\/info\/author\/admin\/"},"rbea_excerpt_info":"Menu: Podkateg\u00f3ria: Kde sa nach\u00e1dza NPR Ke\u010dovsk\u00e9 \u0161krapy a \u010do je predmetom ochrany? NPR Ke\u010dovsk\u00e9 \u0161krapy sa nach\u00e1dzaj\u00fa na Silickej planine, hne\u010f za obcou Ke\u010dovo, v N\u00e1rodnom parku Slovensk\u00fd kras. [&hellip;]","uagb_featured_image_src":{"full":["https:\/\/www.slovensky-kras.eu\/info\/wp-content\/uploads\/2025\/10\/kecovske-skrapy.png",1136,709,false],"thumbnail":["https:\/\/www.slovensky-kras.eu\/info\/wp-content\/uploads\/2025\/10\/kecovske-skrapy-150x150.png",150,150,true],"medium":["https:\/\/www.slovensky-kras.eu\/info\/wp-content\/uploads\/2025\/10\/kecovske-skrapy-800x499.png",800,499,true],"medium_large":["https:\/\/www.slovensky-kras.eu\/info\/wp-content\/uploads\/2025\/10\/kecovske-skrapy-768x479.png",768,479,true],"large":["https:\/\/www.slovensky-kras.eu\/info\/wp-content\/uploads\/2025\/10\/kecovske-skrapy-1024x639.png",1024,639,true],"1536x1536":["https:\/\/www.slovensky-kras.eu\/info\/wp-content\/uploads\/2025\/10\/kecovske-skrapy.png",1136,709,false],"2048x2048":["https:\/\/www.slovensky-kras.eu\/info\/wp-content\/uploads\/2025\/10\/kecovske-skrapy.png",1136,709,false]},"uagb_author_info":{"display_name":"admin","author_link":"https:\/\/www.slovensky-kras.eu\/info\/author\/admin\/"},"uagb_comment_info":0,"uagb_excerpt":"Menu: Podkateg\u00f3ria: Kde sa nach\u00e1dza NPR Ke\u010dovsk\u00e9 \u0161krapy a \u010do je predmetom ochrany? NPR Ke\u010dovsk\u00e9 \u0161krapy sa nach\u00e1dzaj\u00fa na Silickej planine, hne\u010f za obcou Ke\u010dovo, v N\u00e1rodnom parku Slovensk\u00fd kras. [&hellip;]","_links":{"self":[{"href":"https:\/\/www.slovensky-kras.eu\/info\/wp-json\/wp\/v2\/pages\/472","targetHints":{"allow":["GET"]}}],"collection":[{"href":"https:\/\/www.slovensky-kras.eu\/info\/wp-json\/wp\/v2\/pages"}],"about":[{"href":"https:\/\/www.slovensky-kras.eu\/info\/wp-json\/wp\/v2\/types\/page"}],"author":[{"embeddable":true,"href":"https:\/\/www.slovensky-kras.eu\/info\/wp-json\/wp\/v2\/users\/1"}],"replies":[{"embeddable":true,"href":"https:\/\/www.slovensky-kras.eu\/info\/wp-json\/wp\/v2\/comments?post=472"}],"version-history":[{"count":5,"href":"https:\/\/www.slovensky-kras.eu\/info\/wp-json\/wp\/v2\/pages\/472\/revisions"}],"predecessor-version":[{"id":28620,"href":"https:\/\/www.slovensky-kras.eu\/info\/wp-json\/wp\/v2\/pages\/472\/revisions\/28620"}],"up":[{"embeddable":true,"href":"https:\/\/www.slovensky-kras.eu\/info\/wp-json\/wp\/v2\/pages\/13"}],"wp:featuredmedia":[{"embeddable":true,"href":"https:\/\/www.slovensky-kras.eu\/info\/wp-json\/wp\/v2\/media\/28013"}],"wp:attachment":[{"href":"https:\/\/www.slovensky-kras.eu\/info\/wp-json\/wp\/v2\/media?parent=472"}],"curies":[{"name":"wp","href":"https:\/\/api.w.org\/{rel}","templated":true}]}}