{"id":452,"date":"2013-06-29T14:47:11","date_gmt":"2013-06-29T12:47:11","guid":{"rendered":"http:\/\/www.slovensky-kras.eu\/info\/?page_id=452"},"modified":"2025-11-15T19:38:50","modified_gmt":"2025-11-15T18:38:50","slug":"npr-drienovec","status":"publish","type":"page","link":"https:\/\/www.slovensky-kras.eu\/info\/kam-do-prirody\/npr-drienovec\/","title":{"rendered":"NPR Drie\u0148ovec"},"content":{"rendered":"<p><strong>Menu: <\/strong> <a href=\"http:\/\/www.slovensky-kras.eu\/info\/\" class=\"su-button su-button-style-default\" style=\"color:#000000;background-color:#FFCF2F;border-color:#cca626;border-radius:5px\" target=\"_self\"><span style=\"color:#000000;padding:6px 16px;font-size:13px;line-height:20px;border-color:#ffde6e;border-radius:5px;text-shadow:none\"><i class=\"sui sui-arrow-right\" style=\"font-size:13px;color:#000000\"><\/i>  \u00davod \/ Aktuality <\/span><\/a>\n<a href=\"http:\/\/www.slovensky-kras.eu\/info\/kam-do-prirody\/\" class=\"su-button su-button-style-default\" style=\"color:#000000;background-color:#FFCF2F;border-color:#cca626;border-radius:5px\" target=\"_self\"><span style=\"color:#000000;padding:6px 16px;font-size:13px;line-height:20px;border-color:#ffde6e;border-radius:5px;text-shadow:none\"><i class=\"sui sui-arrow-right\" style=\"font-size:13px;color:#000000\"><\/i>  Kam do pr\u00edrody <\/span><\/a>\n<p><strong>Podkateg\u00f3ria: <\/strong> <a href=\"http:\/\/www.slovensky-kras.eu\/info\/kam-do-prirody\/narodne-prirodne-rezervacie\/\" class=\"su-button su-button-style-default\" style=\"color:#000000;background-color:#C5ED2C;border-color:#9ebe24;border-radius:5px\" target=\"_self\"><span style=\"color:#000000;padding:6px 16px;font-size:13px;line-height:20px;border-color:#d7f36c;border-radius:5px;text-shadow:none\"><i class=\"sui sui-arrow-right\" style=\"font-size:13px;color:#000000\"><\/i>  N\u00e1rodn\u00e9 pr\u00edrodn\u00e9 rezerv\u00e1cie <\/span><\/a>\n<div class=\"su-divider su-divider-style-default\" style=\"margin:15px 0;border-width:2px;border-color:#000000\"><\/div>\n<figure id=\"attachment_28605\" aria-describedby=\"caption-attachment-28605\" style=\"width: 900px\" class=\"wp-caption aligncenter\"><a href=\"https:\/\/www.slovensky-kras.eu\/info\/wp-content\/uploads\/2025\/11\/drienovec-2.jpg\"><img loading=\"lazy\" decoding=\"async\" class=\"wp-image-28605\" src=\"https:\/\/www.slovensky-kras.eu\/info\/wp-content\/uploads\/2025\/11\/drienovec-2.jpg\" alt=\"NPR Drie\u0148ovec\" width=\"900\" height=\"506\" srcset=\"https:\/\/www.slovensky-kras.eu\/info\/wp-content\/uploads\/2025\/11\/drienovec-2.jpg 2048w, https:\/\/www.slovensky-kras.eu\/info\/wp-content\/uploads\/2025\/11\/drienovec-2-800x450.jpg 800w, https:\/\/www.slovensky-kras.eu\/info\/wp-content\/uploads\/2025\/11\/drienovec-2-1024x576.jpg 1024w, https:\/\/www.slovensky-kras.eu\/info\/wp-content\/uploads\/2025\/11\/drienovec-2-768x432.jpg 768w, https:\/\/www.slovensky-kras.eu\/info\/wp-content\/uploads\/2025\/11\/drienovec-2-1536x864.jpg 1536w\" sizes=\"auto, (max-width: 900px) 100vw, 900px\" \/><\/a><figcaption id=\"caption-attachment-28605\" class=\"wp-caption-text\">Poh\u013ead na vrch Drie\u0148ovec (804 m n.m.)<\/figcaption><\/figure>\n<div class=\"su-divider su-divider-style-default\" style=\"margin:15px 0;border-width:2px;border-color:#000000\"><\/div>\n<h2 data-start=\"175\" data-end=\"263\"><span style=\"color: #800000;\">N\u00e1rodn\u00e1 pr\u00edrodn\u00e1 rezerv\u00e1cia Drie\u0148ovec: \u010co ju rob\u00ed jedine\u010dnou pr\u00edrodnou lokalitou?<\/span><\/h2>\n<p data-start=\"265\" data-end=\"470\">N\u00e1rodn\u00e1 pr\u00edrodn\u00e1 rezerv\u00e1cia Drie\u0148ovec (NPR Drie\u0148ovec) bola vyhl\u00e1sen\u00e1 v roku <strong data-start=\"341\" data-end=\"349\">1984<\/strong> a rozklad\u00e1 sa na ploche <strong data-start=\"374\" data-end=\"387\">186,02 ha<\/strong>. Nach\u00e1dza sa na planine <strong data-start=\"412\" data-end=\"426\">Horn\u00fd vrch<\/strong> v r\u00e1mci <strong data-start=\"435\" data-end=\"469\">N\u00e1rodn\u00e9ho parku Slovensk\u00fd kras<\/strong>.<\/p>\n<h2 data-start=\"477\" data-end=\"537\"><span style=\"color: #800000;\">Pr\u00edrodovedn\u00fd v\u00fdznam a spolo\u010denstv\u00e1 v NPR Drie\u0148ovec<\/span><\/h2>\n<p data-start=\"539\" data-end=\"874\">NPR Drie\u0148ovec predstavuje v\u00fdznamn\u00fa uk\u00e1\u017eku <strong data-start=\"581\" data-end=\"617\">lesn\u00fdch a skaln\u00fdch spolo\u010denstiev<\/strong> s\u00fastreden\u00fdch na malej ploche. Z\u00e1rove\u0148 vytv\u00e1ra d\u00f4le\u017eit\u00fd prechod medzi \u00fazemiami na <strong data-start=\"699\" data-end=\"713\">v\u00e1pencovom<\/strong> a <strong data-start=\"716\" data-end=\"732\">nev\u00e1pencovom<\/strong> podklade.<br data-start=\"742\" data-end=\"745\" \/>Zauj\u00edmav\u00e9 s\u00fa najm\u00e4 <strong data-start=\"764\" data-end=\"785\">lesostepn\u00e9 plochy<\/strong> a <strong data-start=\"788\" data-end=\"807\">skalnat\u00fd hrebe\u0148<\/strong> s viacer\u00fdmi v\u00e1pencov\u00fdmi bralami, kde rastie pestr\u00e1 a vz\u00e1cna fl\u00f3ra.<\/p>\n<h2 data-start=\"881\" data-end=\"937\"><span style=\"color: #800000;\">Najvy\u0161\u0161\u00ed bod Drie\u0148ovca a jeho jaskynn\u00e9 \u00fatvary<\/span><\/h2>\n<p data-start=\"939\" data-end=\"1066\">Najvy\u0161\u0161\u00edm bodom \u00fazemia je vrch <strong data-start=\"970\" data-end=\"983\">Drie\u0148ovec<\/strong> s nadmorskou v\u00fd\u0161kou <strong data-start=\"1004\" data-end=\"1019\">804 m n. m.<\/strong><br data-start=\"1019\" data-end=\"1022\" \/>Na jeho svahoch sa nach\u00e1dzaj\u00fa dve priepasti:<\/p>\n<ul data-start=\"1068\" data-end=\"1117\">\n<li data-start=\"1068\" data-end=\"1094\">\n<p data-start=\"1070\" data-end=\"1094\"><strong data-start=\"1070\" data-end=\"1092\">Mal\u00e1 vetern\u00e1 diera<\/strong><\/p>\n<\/li>\n<li data-start=\"1095\" data-end=\"1117\">\n<p data-start=\"1097\" data-end=\"1117\"><strong data-start=\"1097\" data-end=\"1117\">Vetern\u00e1 priepas\u0165<\/strong><\/p>\n<\/li>\n<\/ul>\n<h2 data-start=\"1124\" data-end=\"1175\"><span style=\"color: #800000;\">Hradisko a stredovek\u00fd hr\u00e1dok na Drie\u0148ovci<\/span><\/h2>\n<p data-start=\"1177\" data-end=\"1383\">Archeologick\u00e9 n\u00e1lezy potvrdzuj\u00fa, \u017ee na vrchole st\u00e1l <strong data-start=\"1229\" data-end=\"1250\">stredovek\u00fd hr\u00e1dok<\/strong>, vybudovan\u00fd na mieste <strong data-start=\"1273\" data-end=\"1305\">pravek\u00e9ho v\u00fd\u0161inn\u00e9ho hradiska<\/strong>.<br data-start=\"1306\" data-end=\"1309\" \/>Hradisko bolo os\u00eddlen\u00e9 najm\u00e4 <strong data-start=\"1338\" data-end=\"1359\">v dobe kyjatickej<\/strong> a <strong data-start=\"1362\" data-end=\"1382\">v dobe lat\u00e9nskej<\/strong>.<\/p>\n<p data-start=\"1385\" data-end=\"1543\">Stredovek\u00fd hr\u00e1dok, zn\u00e1my aj ako <strong data-start=\"1417\" data-end=\"1432\">\u010certov hrad<\/strong> (ma\u010f. <em data-start=\"1439\" data-end=\"1449\">\u00d6rd\u00f6gv\u00e1r<\/em>), vznikol v <strong data-start=\"1462\" data-end=\"1477\">12. storo\u010d\u00ed<\/strong>. Obe stavby le\u017eali na vrcholovej plo\u0161ine Drie\u0148ovca (804 m n. m.).<\/p>\n<h2 data-start=\"1550\" data-end=\"1613\"><span style=\"color: #800000;\">Ako sa dosta\u0165 do NPR Drie\u0148ovec a ak\u00e9 pravidl\u00e1 platia?<\/span><\/h2>\n<p data-start=\"1615\" data-end=\"1687\">Do rezerv\u00e1cie vedie <strong data-start=\"1635\" data-end=\"1666\">neozna\u010den\u00e1 pr\u00edstupov\u00e1 cesta<\/strong> z obce <strong data-start=\"1674\" data-end=\"1686\">Kov\u00e1\u010dov\u00e1<\/strong>.<\/p>\n<p data-start=\"1689\" data-end=\"1759\">Ke\u010f\u017ee ide o \u00fazemie s <strong data-start=\"1710\" data-end=\"1732\">5. stup\u0148om ochrany<\/strong>, platia pr\u00edsne obmedzenia:<\/p>\n<ul data-start=\"1761\" data-end=\"2014\">\n<li data-start=\"1761\" data-end=\"1831\">\n<p data-start=\"1763\" data-end=\"1831\">z\u00e1kaz pohybu mimo vyzna\u010den\u00e9ho turistick\u00e9ho alebo n\u00e1u\u010dn\u00e9ho chodn\u00edka<\/p>\n<\/li>\n<li data-start=\"1832\" data-end=\"1940\">\n<p data-start=\"1834\" data-end=\"1940\">z\u00e1kaz vstupu na \u00fazemie s bicyklom mimo dia\u013enice, cesty, miestnej komunik\u00e1cie alebo vyzna\u010denej cyklotrasy<\/p>\n<\/li>\n<li data-start=\"1941\" data-end=\"2014\">\n<p data-start=\"1943\" data-end=\"2014\">z\u00e1kaz vstupu do \u00fazemia za hranicami zastavan\u00e9ho \u00fazemia obce bez v\u00fdnimky<\/p>\n<\/li>\n<\/ul>\n<h2 data-start=\"2021\" data-end=\"2091\"><span style=\"color: #800000;\">Ako z\u00edska\u0165 v\u00fdnimku pre vstup do \u00fazemia s 5. stup\u0148om ochrany?<\/span><\/h2>\n<p data-start=\"2093\" data-end=\"2160\">Pre vstup do pr\u00edrodnej rezerv\u00e1cie s 5. stup\u0148om ochrany je potrebn\u00e9:<\/p>\n<ol data-start=\"2162\" data-end=\"2604\">\n<li data-start=\"2162\" data-end=\"2258\">\n<p data-start=\"2165\" data-end=\"2258\"><strong data-start=\"2165\" data-end=\"2182\">Poda\u0165 \u017eiados\u0165<\/strong> na okresn\u00fd \u00farad v s\u00eddle kraja, odbor starostlivosti o \u017eivotn\u00e9 prostredie.<\/p>\n<\/li>\n<li data-start=\"2259\" data-end=\"2370\">\n<p data-start=\"2262\" data-end=\"2370\">\u017diados\u0165 sa pod\u00e1va pod\u013ea <strong data-start=\"2286\" data-end=\"2310\">\u00a7 16 ods. 1 p\u00edsm. a)<\/strong> z\u00e1kona \u010d. <strong data-start=\"2321\" data-end=\"2339\">543\/2002 Z. z.<\/strong> o ochrane pr\u00edrody a krajiny.<\/p>\n<\/li>\n<li data-start=\"2371\" data-end=\"2438\">\n<p data-start=\"2374\" data-end=\"2438\">\u00da\u010del a d\u00f4vod \u017eiadosti musia by\u0165 <strong data-start=\"2406\" data-end=\"2435\">jasne a riadne od\u00f4vodnen\u00e9<\/strong>.<\/p>\n<\/li>\n<li data-start=\"2439\" data-end=\"2604\">\n<p data-start=\"2442\" data-end=\"2537\">\u017diados\u0165 je spoplatnen\u00e1 pod\u013ea polo\u017eky 160 z\u00e1kona \u010d. <strong data-start=\"2493\" data-end=\"2511\">145\/1995 Z. z.<\/strong> o spr\u00e1vnych poplatkoch:<\/p>\n<ul data-start=\"2541\" data-end=\"2604\">\n<li data-start=\"2541\" data-end=\"2569\">\n<p data-start=\"2543\" data-end=\"2569\"><strong data-start=\"2543\" data-end=\"2551\">10 \u20ac<\/strong> \u2013 fyzick\u00e1 osoba<\/p>\n<\/li>\n<li data-start=\"2573\" data-end=\"2604\">\n<p data-start=\"2575\" data-end=\"2604\"><strong data-start=\"2575\" data-end=\"2584\">100 \u20ac<\/strong> \u2013 pr\u00e1vnick\u00e1 osoba<\/p>\n<\/li>\n<\/ul>\n<\/li>\n<\/ol>\n<h2><span style=\"color: #800000;\">Fotogal\u00e9ria<\/span><\/h2>\n<style type=\"text\/css\">\n#foogallery-gallery-28609 .fg-image { width: 200px; }<\/style>\n\t\t\t<div class=\"foogallery foogallery-container foogallery-carousel foogallery-lightbox-foogallery fg-carousel fg-ready fg-light fg-border-medium fg-round-small fg-shadow-medium fg-loading-default fg-loaded-fade-in fg-hover-semi-zoomed fg-hover-fade fg-hover-circle-plus2\" id=\"foogallery-gallery-28609\" data-foogallery=\"{&quot;item&quot;:{&quot;showCaptionTitle&quot;:true,&quot;showCaptionDescription&quot;:true},&quot;lazy&quot;:true,&quot;template&quot;:{&quot;maxItems&quot;:5,&quot;scale&quot;:0.11999999999999999555910790149937383830547332763671875,&quot;gutter&quot;:{&quot;min&quot;:-40,&quot;max&quot;:-20,&quot;unit&quot;:&quot;%&quot;},&quot;autoplay&quot;:{&quot;time&quot;:0,&quot;interaction&quot;:&quot;pause&quot;},&quot;centerOnClick&quot;:true,&quot;align&quot;:&quot;center&quot;,&quot;activePosition&quot;:&quot;center&quot;}}\" data-foogallery-lightbox=\"{&quot;thumbs&quot;:&quot;bottom&quot;,&quot;thumbsCaptions&quot;:false,&quot;thumbsBestFit&quot;:false,&quot;thumbsSmall&quot;:false,&quot;thumbsCaptionsAlign&quot;:&quot;default&quot;,&quot;info&quot;:&quot;bottom&quot;,&quot;infoVisible&quot;:true,&quot;infoOverlay&quot;:true,&quot;infoAlign&quot;:&quot;default&quot;,&quot;transition&quot;:&quot;fade&quot;,&quot;hoverButtons&quot;:false,&quot;fitMedia&quot;:false,&quot;noScrollbars&quot;:true,&quot;preserveButtonSpace&quot;:true,&quot;buttons&quot;:{&quot;fullscreen&quot;:true,&quot;info&quot;:true,&quot;thumbs&quot;:false},&quot;video&quot;:{&quot;autoPlay&quot;:true}}\" style=\"--fg-title-line-clamp: 0; --fg-description-line-clamp: 0;\" >\n\t<button type=\"button\" class=\"fg-carousel-prev\" title=\"Previous\"><\/button>\n\t<div class=\"fg-carousel-inner\">\n\t\t<div class=\"fg-carousel-center\"><\/div>\n\t\t<div class=\"fg-item fg-type-image fg-idle\"><figure class=\"fg-item-inner\"><a href=\"https:\/\/www.slovensky-kras.eu\/info\/wp-content\/uploads\/2025\/11\/drienovec-2.jpg\" data-caption-title=\"Poh\u013ead na vrch Drie\u0148ovec (804 m n.m.)\" data-attachment-id=\"28605\" data-type=\"image\" class=\"fg-thumb\"><span class=\"fg-image-wrap\"><img decoding=\"async\" alt=\"NPR Drie\u0148ovec\" title=\"Poh\u013ead na vrch Drie\u0148ovec (804 m n.m.)\" width=\"200\" height=\"200\" class=\"skip-lazy fg-image\" data-src-fg=\"https:\/\/www.slovensky-kras.eu\/info\/wp-content\/uploads\/cache\/2025\/11\/drienovec-2\/222610543.jpg\" src=\"data:image\/svg+xml,%3Csvg%20xmlns%3D%22http%3A%2F%2Fwww.w3.org%2F2000%2Fsvg%22%20width%3D%22200%22%20height%3D%22200%22%20viewBox%3D%220%200%20200%20200%22%3E%3C%2Fsvg%3E\" loading=\"eager\"><\/span><span class=\"fg-image-overlay\"><\/span><\/a><figcaption class=\"fg-caption\"><div class=\"fg-caption-inner\"><div class=\"fg-caption-title\">Poh\u013ead na vrch Drie\u0148ovec (804 m n.m.)<\/div><\/div><\/figcaption><\/figure><div class=\"fg-loader\"><\/div><\/div><div class=\"fg-item fg-type-image fg-idle\"><figure class=\"fg-item-inner\"><a href=\"https:\/\/www.slovensky-kras.eu\/info\/wp-content\/uploads\/2025\/11\/drienovec-1.jpg\" data-caption-title=\"Poh\u013ead na vrch Drie\u0148ovec (804 m n.m.)\" data-attachment-id=\"28604\" data-type=\"image\" class=\"fg-thumb\"><span class=\"fg-image-wrap\"><img decoding=\"async\" alt=\"Dolina \u010cremo\u0161n\u00e1\" title=\"Poh\u013ead na vrch Drie\u0148ovec (804 m n.m.)\" width=\"200\" height=\"200\" class=\"skip-lazy fg-image\" data-src-fg=\"https:\/\/www.slovensky-kras.eu\/info\/wp-content\/uploads\/cache\/2025\/11\/drienovec-1\/1540113301.jpg\" src=\"data:image\/svg+xml,%3Csvg%20xmlns%3D%22http%3A%2F%2Fwww.w3.org%2F2000%2Fsvg%22%20width%3D%22200%22%20height%3D%22200%22%20viewBox%3D%220%200%20200%20200%22%3E%3C%2Fsvg%3E\" loading=\"eager\"><\/span><span class=\"fg-image-overlay\"><\/span><\/a><figcaption class=\"fg-caption\"><div class=\"fg-caption-inner\"><div class=\"fg-caption-title\">Poh\u013ead na vrch Drie\u0148ovec (804 m n.m.)<\/div><\/div><\/figcaption><\/figure><div class=\"fg-loader\"><\/div><\/div><div class=\"fg-item fg-type-image fg-idle\"><figure class=\"fg-item-inner\"><a href=\"https:\/\/www.slovensky-kras.eu\/info\/wp-content\/uploads\/2022\/09\/drienovec4.jpg\" data-caption-title=\"L\u00faky pod Drie\u0148ovcom \u2013 foto: Viktor Bal\u00e1\u017e KST Ro\u017e\u0148ava\" data-attachment-id=\"23746\" data-type=\"image\" class=\"fg-thumb\"><span class=\"fg-image-wrap\"><img decoding=\"async\" alt=\"L\u00faky pod Drie\u0148ovcom \u2013 foto: Viktor Bal\u00e1\u017e KST Ro\u017e\u0148ava\" title=\"L\u00faky pod Drie\u0148ovcom \u2013 foto: Viktor Bal\u00e1\u017e KST Ro\u017e\u0148ava\" width=\"200\" height=\"200\" class=\"skip-lazy fg-image\" data-src-fg=\"https:\/\/www.slovensky-kras.eu\/info\/wp-content\/uploads\/cache\/2022\/09\/drienovec4\/4166003842.jpg\" src=\"data:image\/svg+xml,%3Csvg%20xmlns%3D%22http%3A%2F%2Fwww.w3.org%2F2000%2Fsvg%22%20width%3D%22200%22%20height%3D%22200%22%20viewBox%3D%220%200%20200%20200%22%3E%3C%2Fsvg%3E\" loading=\"eager\"><\/span><span class=\"fg-image-overlay\"><\/span><\/a><figcaption class=\"fg-caption\"><div class=\"fg-caption-inner\"><div class=\"fg-caption-title\">L\u00faky pod Drie\u0148ovcom \u2013 foto: Viktor Bal\u00e1\u017e KST Ro\u017e\u0148ava<\/div><\/div><\/figcaption><\/figure><div class=\"fg-loader\"><\/div><\/div><div class=\"fg-item fg-type-image fg-idle\"><figure class=\"fg-item-inner\"><a href=\"https:\/\/www.slovensky-kras.eu\/info\/wp-content\/uploads\/2022\/09\/drienovec3.jpg\" data-caption-title=\"Poh\u013ead na vrch Drie\u0148ovec \u2013 foto: Viktor Bal\u00e1\u017e KST Ro\u017e\u0148ava\" data-attachment-id=\"23745\" data-type=\"image\" class=\"fg-thumb\"><span class=\"fg-image-wrap\"><img decoding=\"async\" alt=\"Poh\u013ead na vrch Drie\u0148ovec \u2013 foto: Viktor Bal\u00e1\u017e KST Ro\u017e\u0148ava\" title=\"Poh\u013ead na vrch Drie\u0148ovec \u2013 foto: Viktor Bal\u00e1\u017e KST Ro\u017e\u0148ava\" width=\"200\" height=\"200\" class=\"skip-lazy fg-image\" data-src-fg=\"https:\/\/www.slovensky-kras.eu\/info\/wp-content\/uploads\/cache\/2022\/09\/drienovec3\/815962585.jpg\" src=\"data:image\/svg+xml,%3Csvg%20xmlns%3D%22http%3A%2F%2Fwww.w3.org%2F2000%2Fsvg%22%20width%3D%22200%22%20height%3D%22200%22%20viewBox%3D%220%200%20200%20200%22%3E%3C%2Fsvg%3E\" loading=\"eager\"><\/span><span class=\"fg-image-overlay\"><\/span><\/a><figcaption class=\"fg-caption\"><div class=\"fg-caption-inner\"><div class=\"fg-caption-title\">Poh\u013ead na vrch Drie\u0148ovec \u2013 foto: Viktor Bal\u00e1\u017e KST Ro\u017e\u0148ava<\/div><\/div><\/figcaption><\/figure><div class=\"fg-loader\"><\/div><\/div><div class=\"fg-item fg-type-image fg-idle\"><figure class=\"fg-item-inner\"><a href=\"https:\/\/www.slovensky-kras.eu\/info\/wp-content\/uploads\/2022\/09\/drienovec2.jpg\" data-caption-title=\"Vrcholov\u00e1 \u010das\u0165 Drie\u0148ovca \u2013 foto: Viktor Bal\u00e1\u017e KST Ro\u017e\u0148ava\" data-attachment-id=\"23744\" data-type=\"image\" class=\"fg-thumb\"><span class=\"fg-image-wrap\"><img decoding=\"async\" alt=\"Vrcholov\u00e1 \u010das\u0165 Drie\u0148ovca \u2013 foto: Viktor Bal\u00e1\u017e KST Ro\u017e\u0148ava\" title=\"Vrcholov\u00e1 \u010das\u0165 Drie\u0148ovca \u2013 foto: Viktor Bal\u00e1\u017e KST Ro\u017e\u0148ava\" width=\"200\" height=\"200\" class=\"skip-lazy fg-image\" data-src-fg=\"https:\/\/www.slovensky-kras.eu\/info\/wp-content\/uploads\/cache\/2022\/09\/drienovec2\/188026694.jpg\" src=\"data:image\/svg+xml,%3Csvg%20xmlns%3D%22http%3A%2F%2Fwww.w3.org%2F2000%2Fsvg%22%20width%3D%22200%22%20height%3D%22200%22%20viewBox%3D%220%200%20200%20200%22%3E%3C%2Fsvg%3E\" loading=\"eager\"><\/span><span class=\"fg-image-overlay\"><\/span><\/a><figcaption class=\"fg-caption\"><div class=\"fg-caption-inner\"><div class=\"fg-caption-title\">Vrcholov\u00e1 \u010das\u0165 Drie\u0148ovca \u2013 foto: Viktor Bal\u00e1\u017e KST Ro\u017e\u0148ava<\/div><\/div><\/figcaption><\/figure><div class=\"fg-loader\"><\/div><\/div><div class=\"fg-item fg-type-image fg-idle\"><figure class=\"fg-item-inner\"><a href=\"https:\/\/www.slovensky-kras.eu\/info\/wp-content\/uploads\/2022\/09\/drienovec1.jpg\" data-caption-title=\"V\u00fdh\u013ead z Drie\u0148ovca \u2013 foto: Viktor Bal\u00e1\u017e KST Ro\u017e\u0148ava\" data-attachment-id=\"23743\" data-type=\"image\" class=\"fg-thumb\"><span class=\"fg-image-wrap\"><img decoding=\"async\" alt=\"V\u00fdh\u013ead z Drie\u0148ovca \u2013 foto: Viktor Bal\u00e1\u017e KST Ro\u017e\u0148ava\" title=\"V\u00fdh\u013ead z Drie\u0148ovca \u2013 foto: Viktor Bal\u00e1\u017e KST Ro\u017e\u0148ava\" width=\"200\" height=\"200\" class=\"skip-lazy fg-image\" data-src-fg=\"https:\/\/www.slovensky-kras.eu\/info\/wp-content\/uploads\/cache\/2022\/09\/drienovec1\/765059169.jpg\" src=\"data:image\/svg+xml,%3Csvg%20xmlns%3D%22http%3A%2F%2Fwww.w3.org%2F2000%2Fsvg%22%20width%3D%22200%22%20height%3D%22200%22%20viewBox%3D%220%200%20200%20200%22%3E%3C%2Fsvg%3E\" loading=\"eager\"><\/span><span class=\"fg-image-overlay\"><\/span><\/a><figcaption class=\"fg-caption\"><div class=\"fg-caption-inner\"><div class=\"fg-caption-title\">V\u00fdh\u013ead z Drie\u0148ovca \u2013 foto: Viktor Bal\u00e1\u017e KST Ro\u017e\u0148ava<\/div><\/div><\/figcaption><\/figure><div class=\"fg-loader\"><\/div><\/div><div class=\"fg-item fg-type-image fg-idle\"><figure class=\"fg-item-inner\"><a href=\"https:\/\/www.slovensky-kras.eu\/info\/wp-content\/uploads\/2025\/11\/drienovec-hradisko-zima.jpeg\" data-caption-title=\"hradisko Drie\u0148ovec\" data-attachment-id=\"29790\" data-type=\"image\" class=\"fg-thumb\"><span class=\"fg-image-wrap\"><img decoding=\"async\" alt=\"hradisko Drie\u0148ovec\" title=\"hradisko Drie\u0148ovec\" width=\"200\" height=\"200\" class=\"skip-lazy fg-image\" data-src-fg=\"https:\/\/www.slovensky-kras.eu\/info\/wp-content\/uploads\/cache\/2025\/11\/drienovec-hradisko-zima\/711003437.jpeg\" src=\"data:image\/svg+xml,%3Csvg%20xmlns%3D%22http%3A%2F%2Fwww.w3.org%2F2000%2Fsvg%22%20width%3D%22200%22%20height%3D%22200%22%20viewBox%3D%220%200%20200%20200%22%3E%3C%2Fsvg%3E\" loading=\"eager\"><\/span><span class=\"fg-image-overlay\"><\/span><\/a><figcaption class=\"fg-caption\"><div class=\"fg-caption-inner\"><div class=\"fg-caption-title\">hradisko Drie\u0148ovec<\/div><\/div><\/figcaption><\/figure><div class=\"fg-loader\"><\/div><\/div><div class=\"fg-item fg-type-image fg-idle\"><figure class=\"fg-item-inner\"><a href=\"https:\/\/www.slovensky-kras.eu\/info\/wp-content\/uploads\/2025\/11\/drienovec-hradisko-leto.jpeg\" data-caption-title=\"hradisko Drie\u0148ovec\" data-attachment-id=\"29791\" data-type=\"image\" class=\"fg-thumb\"><span class=\"fg-image-wrap\"><img decoding=\"async\" alt=\"hradisko Drie\u0148ovec\" title=\"hradisko Drie\u0148ovec\" width=\"200\" height=\"200\" class=\"skip-lazy fg-image\" data-src-fg=\"https:\/\/www.slovensky-kras.eu\/info\/wp-content\/uploads\/cache\/2025\/11\/drienovec-hradisko-leto\/3554565669.jpeg\" src=\"data:image\/svg+xml,%3Csvg%20xmlns%3D%22http%3A%2F%2Fwww.w3.org%2F2000%2Fsvg%22%20width%3D%22200%22%20height%3D%22200%22%20viewBox%3D%220%200%20200%20200%22%3E%3C%2Fsvg%3E\" loading=\"eager\"><\/span><span class=\"fg-image-overlay\"><\/span><\/a><figcaption class=\"fg-caption\"><div class=\"fg-caption-inner\"><div class=\"fg-caption-title\">hradisko Drie\u0148ovec<\/div><\/div><\/figcaption><\/figure><div class=\"fg-loader\"><\/div><\/div><div class=\"fg-item fg-type-image fg-idle\"><figure class=\"fg-item-inner\"><a href=\"https:\/\/www.slovensky-kras.eu\/info\/wp-content\/uploads\/2025\/11\/drienovec-hradisko-jar.jpeg\" data-caption-title=\"hradisko Drie\u0148ovec\" data-attachment-id=\"29792\" data-type=\"image\" class=\"fg-thumb\"><span class=\"fg-image-wrap\"><img decoding=\"async\" alt=\"hradisko Drie\u0148ovec\" title=\"hradisko Drie\u0148ovec\" width=\"200\" height=\"200\" class=\"skip-lazy fg-image\" data-src-fg=\"https:\/\/www.slovensky-kras.eu\/info\/wp-content\/uploads\/cache\/2025\/11\/drienovec-hradisko-jar\/962697748.jpeg\" src=\"data:image\/svg+xml,%3Csvg%20xmlns%3D%22http%3A%2F%2Fwww.w3.org%2F2000%2Fsvg%22%20width%3D%22200%22%20height%3D%22200%22%20viewBox%3D%220%200%20200%20200%22%3E%3C%2Fsvg%3E\" loading=\"eager\"><\/span><span class=\"fg-image-overlay\"><\/span><\/a><figcaption class=\"fg-caption\"><div class=\"fg-caption-inner\"><div class=\"fg-caption-title\">hradisko Drie\u0148ovec<\/div><\/div><\/figcaption><\/figure><div class=\"fg-loader\"><\/div><\/div><div class=\"fg-item fg-type-image fg-idle\"><figure class=\"fg-item-inner\"><a href=\"https:\/\/www.slovensky-kras.eu\/info\/wp-content\/uploads\/2025\/11\/drienovec-hradisko-jesen.jpeg\" data-caption-title=\"hradisko Drie\u0148ovec\" data-attachment-id=\"29793\" data-type=\"image\" class=\"fg-thumb\"><span class=\"fg-image-wrap\"><img decoding=\"async\" alt=\"hradisko Drie\u0148ovec\" title=\"hradisko Drie\u0148ovec\" width=\"200\" height=\"200\" class=\"skip-lazy fg-image\" data-src-fg=\"https:\/\/www.slovensky-kras.eu\/info\/wp-content\/uploads\/cache\/2025\/11\/drienovec-hradisko-jesen\/1969587901.jpeg\" src=\"data:image\/svg+xml,%3Csvg%20xmlns%3D%22http%3A%2F%2Fwww.w3.org%2F2000%2Fsvg%22%20width%3D%22200%22%20height%3D%22200%22%20viewBox%3D%220%200%20200%20200%22%3E%3C%2Fsvg%3E\" loading=\"eager\"><\/span><span class=\"fg-image-overlay\"><\/span><\/a><figcaption class=\"fg-caption\"><div class=\"fg-caption-inner\"><div class=\"fg-caption-title\">hradisko Drie\u0148ovec<\/div><\/div><\/figcaption><\/figure><div class=\"fg-loader\"><\/div><\/div><div class=\"fg-item fg-type-image fg-idle\"><figure class=\"fg-item-inner\"><a href=\"https:\/\/www.slovensky-kras.eu\/info\/wp-content\/uploads\/2025\/11\/certov-hrad-jesen.jpeg\" data-caption-title=\"Hr\u00e1dok \u010certov hrad\" data-attachment-id=\"29794\" data-type=\"image\" class=\"fg-thumb\"><span class=\"fg-image-wrap\"><img decoding=\"async\" alt=\"Hr\u00e1dok \u010certov hrad\" title=\"Hr\u00e1dok \u010certov hrad\" width=\"200\" height=\"200\" class=\"skip-lazy fg-image\" data-src-fg=\"https:\/\/www.slovensky-kras.eu\/info\/wp-content\/uploads\/cache\/2025\/11\/certov-hrad-jesen\/3614355938.jpeg\" src=\"data:image\/svg+xml,%3Csvg%20xmlns%3D%22http%3A%2F%2Fwww.w3.org%2F2000%2Fsvg%22%20width%3D%22200%22%20height%3D%22200%22%20viewBox%3D%220%200%20200%20200%22%3E%3C%2Fsvg%3E\" loading=\"eager\"><\/span><span class=\"fg-image-overlay\"><\/span><\/a><figcaption class=\"fg-caption\"><div class=\"fg-caption-inner\"><div class=\"fg-caption-title\">Hr\u00e1dok \u010certov hrad<\/div><\/div><\/figcaption><\/figure><div class=\"fg-loader\"><\/div><\/div><div class=\"fg-item fg-type-image fg-idle\"><figure class=\"fg-item-inner\"><a href=\"https:\/\/www.slovensky-kras.eu\/info\/wp-content\/uploads\/2025\/11\/certov-hrad-leto.jpeg\" data-caption-title=\"Hr\u00e1dok \u010certov hrad\" data-attachment-id=\"29795\" data-type=\"image\" class=\"fg-thumb\"><span class=\"fg-image-wrap\"><img decoding=\"async\" alt=\"Hr\u00e1dok \u010certov hrad\" title=\"Hr\u00e1dok \u010certov hrad\" width=\"200\" height=\"200\" class=\"skip-lazy fg-image\" data-src-fg=\"https:\/\/www.slovensky-kras.eu\/info\/wp-content\/uploads\/cache\/2025\/11\/certov-hrad-leto\/2734846424.jpeg\" src=\"data:image\/svg+xml,%3Csvg%20xmlns%3D%22http%3A%2F%2Fwww.w3.org%2F2000%2Fsvg%22%20width%3D%22200%22%20height%3D%22200%22%20viewBox%3D%220%200%20200%20200%22%3E%3C%2Fsvg%3E\" loading=\"eager\"><\/span><span class=\"fg-image-overlay\"><\/span><\/a><figcaption class=\"fg-caption\"><div class=\"fg-caption-inner\"><div class=\"fg-caption-title\">Hr\u00e1dok \u010certov hrad<\/div><\/div><\/figcaption><\/figure><div class=\"fg-loader\"><\/div><\/div>\t<\/div>\n\t<div class=\"fg-carousel-bottom\"><\/div>\n\t<div class=\"fg-carousel-progress\"><\/div>\n\t<button type=\"button\" class=\"fg-carousel-next\" title=\"Next\"><\/button>\n<\/div>\n<h3><span style=\"color: #808000;\">Bl\u00edzke stredisko, turistick\u00e9 centrum, obec alebo mesto:<\/span><\/h3>\n<ul>\n<li>Obec Kov\u00e1\u010dov\u00e1<\/li>\n<\/ul>\n<ul>\n<li><a href=\"http:\/\/www.slovensky-kras.eu\/info\/strediska-a-centra\/obec-lucka\/\">Obec L\u00fa\u010dka (\u010d\u00edtaj viac&#8230;)<\/a><\/li>\n<\/ul>\n<ul>\n<li><a href=\"http:\/\/www.slovensky-kras.eu\/info\/strediska-a-centra\/obec-drnava\/\">Obec Drnava (\u010d\u00edtaj viac&#8230;)<\/a><\/li>\n<\/ul>\n<h2><span style=\"color: #800000;\">Mapy<\/span><\/h2>\n<p><strong>Vrstvy: <\/strong>Turistick\u00e1 mapa, Automapa, Cyklomapa, Ly\u017eiarska mapa, Satelitn\u00e1 mapa a OpenStreetMap.<\/p>\n<p><strong>Kliknut\u00edm na logo &#8222;Freemap.sk&#8220; sa V\u00e1m mapa zobraz\u00ed na celej ploche obrazovky.<\/strong><\/p>\n<p><iframe style=\"width: 900px; height: 600px; border: 0;\" src=\"https:\/\/www.freemap.sk\/?map=14\/48.639346\/20.681891&amp;info-point=48.639346\/20.681891,NPR Drienovec&amp;layers=X&amp;embed=search\" allowfullscreen=\"allowfullscreen\"><span data-mce-type=\"bookmark\" style=\"display: inline-block; width: 0px; overflow: hidden; line-height: 0;\" class=\"mce_SELRES_start\">\ufeff<\/span><\/iframe><\/p>\n<h2><span style=\"color: #800000;\">Po\u010dasie<\/span><\/h2>\n<p><iframe style=\"width: 900px; height: 608px;\" src=\"https:\/\/www.meteoblue.com\/sk\/po%C4%8Dasie\/widget\/three\/48.641N20.68E775_Europe%2FBratislava?geoloc=fixed&amp;nocurrent=0&amp;noforecast=0&amp;days=6&amp;tempunit=CELSIUS&amp;windunit=KILOMETER_PER_HOUR&amp;layout=image\" frameborder=\"0\" scrolling=\"NO\" sandbox=\"allow-same-origin allow-scripts allow-popups allow-popups-to-escape-sandbox\"><span data-mce-type=\"bookmark\" style=\"display: inline-block; width: 0px; overflow: hidden; line-height: 0;\" class=\"mce_SELRES_start\">\ufeff<\/span><\/iframe><\/p>\n<div><!-- DO NOT REMOVE THIS LINK --><a href=\"https:\/\/www.meteoblue.com\/sk\/po%C4%8Dasie\/predpove%C4%8F\/t%C3%BD%C5%BEde%C5%88\/48.641N20.68E775_Europe%2FBratislava?utm_source=weather_widget&amp;utm_medium=linkus&amp;utm_content=three&amp;utm_campaign=Weather%2BWidget\" target=\"_blank\" rel=\"noopener noreferrer\">meteoblue<\/a><\/div>\n","protected":false},"excerpt":{"rendered":"<p>Menu: Podkateg\u00f3ria: N\u00e1rodn\u00e1 pr\u00edrodn\u00e1 rezerv\u00e1cia Drie\u0148ovec: \u010co ju rob\u00ed jedine\u010dnou pr\u00edrodnou lokalitou? N\u00e1rodn\u00e1 pr\u00edrodn\u00e1 rezerv\u00e1cia Drie\u0148ovec (NPR Drie\u0148ovec) bola vyhl\u00e1sen\u00e1 v roku 1984 a rozklad\u00e1 sa na ploche 186,02 ha. [&hellip;]<\/p>\n","protected":false},"author":1,"featured_media":28605,"parent":13,"menu_order":0,"comment_status":"closed","ping_status":"open","template":"","meta":{"_uag_custom_page_level_css":"","footnotes":""},"class_list":["post-452","page","type-page","status-publish","has-post-thumbnail","hentry"],"featured_image_src":"https:\/\/www.slovensky-kras.eu\/info\/wp-content\/uploads\/2025\/11\/drienovec-2.jpg","featured_image_src_square":"https:\/\/www.slovensky-kras.eu\/info\/wp-content\/uploads\/2025\/11\/drienovec-2.jpg","rbea_author_info":{"display_name":"admin","author_link":"https:\/\/www.slovensky-kras.eu\/info\/author\/admin\/"},"rbea_excerpt_info":"Menu: Podkateg\u00f3ria: N\u00e1rodn\u00e1 pr\u00edrodn\u00e1 rezerv\u00e1cia Drie\u0148ovec: \u010co ju rob\u00ed jedine\u010dnou pr\u00edrodnou lokalitou? N\u00e1rodn\u00e1 pr\u00edrodn\u00e1 rezerv\u00e1cia Drie\u0148ovec (NPR Drie\u0148ovec) bola vyhl\u00e1sen\u00e1 v roku 1984 a rozklad\u00e1 sa na ploche 186,02 ha. [&hellip;]","uagb_featured_image_src":{"full":["https:\/\/www.slovensky-kras.eu\/info\/wp-content\/uploads\/2025\/11\/drienovec-2.jpg",2048,1152,false],"thumbnail":["https:\/\/www.slovensky-kras.eu\/info\/wp-content\/uploads\/2025\/11\/drienovec-2-150x150.jpg",150,150,true],"medium":["https:\/\/www.slovensky-kras.eu\/info\/wp-content\/uploads\/2025\/11\/drienovec-2-800x450.jpg",800,450,true],"medium_large":["https:\/\/www.slovensky-kras.eu\/info\/wp-content\/uploads\/2025\/11\/drienovec-2-768x432.jpg",768,432,true],"large":["https:\/\/www.slovensky-kras.eu\/info\/wp-content\/uploads\/2025\/11\/drienovec-2-1024x576.jpg",1024,576,true],"1536x1536":["https:\/\/www.slovensky-kras.eu\/info\/wp-content\/uploads\/2025\/11\/drienovec-2-1536x864.jpg",1536,864,true],"2048x2048":["https:\/\/www.slovensky-kras.eu\/info\/wp-content\/uploads\/2025\/11\/drienovec-2.jpg",2048,1152,false]},"uagb_author_info":{"display_name":"admin","author_link":"https:\/\/www.slovensky-kras.eu\/info\/author\/admin\/"},"uagb_comment_info":0,"uagb_excerpt":"Menu: Podkateg\u00f3ria: N\u00e1rodn\u00e1 pr\u00edrodn\u00e1 rezerv\u00e1cia Drie\u0148ovec: \u010co ju rob\u00ed jedine\u010dnou pr\u00edrodnou lokalitou? N\u00e1rodn\u00e1 pr\u00edrodn\u00e1 rezerv\u00e1cia Drie\u0148ovec (NPR Drie\u0148ovec) bola vyhl\u00e1sen\u00e1 v roku 1984 a rozklad\u00e1 sa na ploche 186,02 ha. [&hellip;]","_links":{"self":[{"href":"https:\/\/www.slovensky-kras.eu\/info\/wp-json\/wp\/v2\/pages\/452","targetHints":{"allow":["GET"]}}],"collection":[{"href":"https:\/\/www.slovensky-kras.eu\/info\/wp-json\/wp\/v2\/pages"}],"about":[{"href":"https:\/\/www.slovensky-kras.eu\/info\/wp-json\/wp\/v2\/types\/page"}],"author":[{"embeddable":true,"href":"https:\/\/www.slovensky-kras.eu\/info\/wp-json\/wp\/v2\/users\/1"}],"replies":[{"embeddable":true,"href":"https:\/\/www.slovensky-kras.eu\/info\/wp-json\/wp\/v2\/comments?post=452"}],"version-history":[{"count":8,"href":"https:\/\/www.slovensky-kras.eu\/info\/wp-json\/wp\/v2\/pages\/452\/revisions"}],"predecessor-version":[{"id":28611,"href":"https:\/\/www.slovensky-kras.eu\/info\/wp-json\/wp\/v2\/pages\/452\/revisions\/28611"}],"up":[{"embeddable":true,"href":"https:\/\/www.slovensky-kras.eu\/info\/wp-json\/wp\/v2\/pages\/13"}],"wp:featuredmedia":[{"embeddable":true,"href":"https:\/\/www.slovensky-kras.eu\/info\/wp-json\/wp\/v2\/media\/28605"}],"wp:attachment":[{"href":"https:\/\/www.slovensky-kras.eu\/info\/wp-json\/wp\/v2\/media?parent=452"}],"curies":[{"name":"wp","href":"https:\/\/api.w.org\/{rel}","templated":true}]}}