{"id":421,"date":"2013-06-29T13:51:39","date_gmt":"2013-06-29T11:51:39","guid":{"rendered":"http:\/\/www.slovensky-kras.eu\/info\/?page_id=421"},"modified":"2026-03-31T08:19:49","modified_gmt":"2026-03-31T06:19:49","slug":"brzotinske-skaly","status":"publish","type":"page","link":"https:\/\/www.slovensky-kras.eu\/info\/kam-do-prirody\/brzotinske-skaly\/","title":{"rendered":"Brzot\u00ednska skala (598 m n.m.)"},"content":{"rendered":"<p><strong>Menu: <\/strong> <a href=\"http:\/\/www.slovensky-kras.eu\/info\/\" class=\"su-button su-button-style-default\" style=\"color:#000000;background-color:#FFCF2F;border-color:#cca626;border-radius:5px\" target=\"_self\"><span style=\"color:#000000;padding:6px 16px;font-size:13px;line-height:20px;border-color:#ffde6e;border-radius:5px;text-shadow:none\"><i class=\"sui sui-arrow-right\" style=\"font-size:13px;color:#000000\"><\/i>  \u00davod \/ Aktuality <\/span><\/a>\n<a href=\"http:\/\/www.slovensky-kras.eu\/info\/kam-do-prirody\/\" class=\"su-button su-button-style-default\" style=\"color:#000000;background-color:#FFCF2F;border-color:#cca626;border-radius:5px\" target=\"_self\"><span style=\"color:#000000;padding:6px 16px;font-size:13px;line-height:20px;border-color:#ffde6e;border-radius:5px;text-shadow:none\"><i class=\"sui sui-arrow-right\" style=\"font-size:13px;color:#000000\"><\/i>  Kam do pr\u00edrody <\/span><\/a>\n<p><strong>Podkateg\u00f3ria: <\/strong> <a href=\"http:\/\/www.slovensky-kras.eu\/info\/kam-do-prirody\/vrchy-skaly-a-sedla\/\" class=\"su-button su-button-style-default\" style=\"color:#000000;background-color:#C5ED2C;border-color:#9ebe24;border-radius:5px\" target=\"_self\"><span style=\"color:#000000;padding:6px 16px;font-size:13px;line-height:20px;border-color:#d7f36c;border-radius:5px;text-shadow:none\"><i class=\"sui sui-arrow-right\" style=\"font-size:13px;color:#000000\"><\/i>  Vrchy, skaly, vyhliadky a sedl\u00e1 <\/span><\/a>\n<div class=\"su-divider su-divider-style-default\" style=\"margin:15px 0;border-width:2px;border-color:#000000\"><\/div>\n<figure id=\"attachment_29739\" aria-describedby=\"caption-attachment-29739\" style=\"width: 900px\" class=\"wp-caption aligncenter\"><a href=\"https:\/\/www.slovensky-kras.eu\/info\/wp-content\/uploads\/2025\/11\/brzotinska-skala-jar.jpeg\"><img loading=\"lazy\" decoding=\"async\" class=\"wp-image-29739\" src=\"https:\/\/www.slovensky-kras.eu\/info\/wp-content\/uploads\/2025\/11\/brzotinska-skala-jar.jpeg\" alt=\"Brzot\u00ednska skala (598 m n.m.)\" width=\"900\" height=\"502\" srcset=\"https:\/\/www.slovensky-kras.eu\/info\/wp-content\/uploads\/2025\/11\/brzotinska-skala-jar.jpeg 1376w, https:\/\/www.slovensky-kras.eu\/info\/wp-content\/uploads\/2025\/11\/brzotinska-skala-jar-800x447.jpeg 800w, https:\/\/www.slovensky-kras.eu\/info\/wp-content\/uploads\/2025\/11\/brzotinska-skala-jar-1024x572.jpeg 1024w, https:\/\/www.slovensky-kras.eu\/info\/wp-content\/uploads\/2025\/11\/brzotinska-skala-jar-768x429.jpeg 768w\" sizes=\"auto, (max-width: 900px) 100vw, 900px\" \/><\/a><figcaption id=\"caption-attachment-29739\" class=\"wp-caption-text\">Brzot\u00ednska skala (598 m n.m.)<\/figcaption><\/figure>\n<div class=\"su-divider su-divider-style-default\" style=\"margin:15px 0;border-width:2px;border-color:#000000\"><\/div>\n<h2 data-path-to-node=\"1\"><span style=\"color: #800000;\"><b data-path-to-node=\"1\" data-index-in-node=\"0\">Dotknite sa nebies nad Brzot\u00ednom<\/b><\/span><\/h2>\n<p data-path-to-node=\"2\">Predstavte si miesto, kde sa <b data-path-to-node=\"2\" data-index-in-node=\"29\">svetl\u00e9 v\u00e1pence<\/b> stret\u00e1vaj\u00fa s nekone\u010dn\u00fdm obzorom a pod nohami sa v\u00e1m otv\u00e1ra dramatick\u00fd <b data-path-to-node=\"2\" data-index-in-node=\"114\">ka\u0148on rieky Slanej<\/b>. Na vrchole <b data-path-to-node=\"2\" data-index-in-node=\"145\">Brzot\u00ednskej skaly<\/b> v nadmorskej v\u00fd\u0161ke <b data-path-to-node=\"2\" data-index-in-node=\"182\">598 m n.m.<\/b> za\u017eijete tie najkraj\u0161ie <b data-path-to-node=\"2\" data-index-in-node=\"217\">panoramatick\u00e9 v\u00fdh\u013eady<\/b> na cel\u00fa Ro\u017e\u0148avsk\u00fa kotlinu aj vzdialen\u00e9 Volovsk\u00e9 vrchy.<\/p>\n<p data-path-to-node=\"2\">Pr\u00e1ve tu, v tichu noci po polnoci, sa dobr\u00fdm \u013eu\u010fom zjavuje <b data-path-to-node=\"2\" data-index-in-node=\"353\">duch kr\u00e1snej v\u00edly Lesany<\/b>, ktor\u00e1 so svoj\u00edm \u0161kriatkom odvekov chr\u00e1ni tento kraj. K\u00fdm \u010dist\u00e9 du\u0161e tu n\u00e1jdu nev\u00eddan\u00fd pokoj, zl\u00ed n\u00e1v\u0161tevn\u00edci poc\u00edtia len <b data-path-to-node=\"2\" data-index-in-node=\"500\">nevysvetlite\u013en\u00fd strach<\/b> a \u0165a\u017eobu, ktor\u00e1 ich vyh\u00e1\u0148a pre\u010d z t\u00fdchto magick\u00fdch v\u00fd\u0161in. Objavte toto miesto, kde sa <b data-path-to-node=\"2\" data-index-in-node=\"609\">divok\u00e1 pr\u00edroda Slovensk\u00e9ho krasu<\/b> sp\u00e1ja s legendou, ktor\u00fa m\u00f4\u017eete poc\u00edti\u0165 na vlastnej ko\u017ei.<\/p>\n<h2><span style=\"color: #800000;\">Kde presne le\u017e\u00ed fascinuj\u00faca Brzot\u00ednska skala (598 m n.m.) a ak\u00e1 je jej nadmorsk\u00e1 v\u00fd\u0161ka?<\/span><\/h2>\n<p><b>Brzot\u00ednska skala (598 m n.m.)<\/b>, ktor\u00e1 je v\u00fdh\u013eadovou dominantou, sa t\u00fd\u010di vo v\u00fd\u0161ke <b>598 metrov nad morom<\/b> (m n.m.) na severoz\u00e1padnom svahu malebnej <b>Silickej planiny<\/b>. Nach\u00e1dza sa priamo nad obcou <b>Brzot\u00edn<\/b> a pod \u0148ou le\u017eiacimi <b>Brzot\u00ednskymi rybn\u00edkmi<\/b>. Z geomorfologick\u00e9ho h\u013eadiska toto v\u00fdnimo\u010dn\u00e9 miesto patr\u00ed do oblasti <b>Slovensk\u00e9ho rudohoria<\/b> a konkr\u00e9tne do jeho horsk\u00e9ho celku <b>Slovensk\u00fd kras<\/b>, v r\u00e1mci podcelku <b>Silick\u00e1 planina<\/b>.<\/p>\n<h2><span style=\"color: #800000;\">Ak\u00fd je geologick\u00fd charakter Brzot\u00ednskej skaly a pre\u010do je t\u00e1to lokalita chr\u00e1nen\u00e1?<\/span><\/h2>\n<p>Na geologickej stavbe <b>Brzot\u00ednskej skaly<\/b> sa podie\u013eaj\u00fa preva\u017ene strednotriasov\u00e9 svetl\u00e9 wettersteinsk\u00e9 <b>v\u00e1pence<\/b>. Skaln\u00e1 stena plo\u0161inky prudko spad\u00e1 priamo do <b>ka\u0148onu rieky Slanej<\/b> (ozna\u010duj\u00faceho jeho koniec) a do <b>Ro\u017e\u0148avskej kotliny<\/b>. <b>Brzot\u00ednska skala<\/b> je s\u00fa\u010das\u0165ou <a href=\"https:\/\/www.slovensky-kras.eu\/info\/kam-do-prirody\/npr-brzotinske-skaly\/\">N\u00e1rodnej pr\u00edrodnej rezerv\u00e1cie (NPR) <b>Brzot\u00ednske skaly<\/b><\/a>, ktor\u00e1 bola vyhl\u00e1sen\u00e1 u\u017e v roku 1984. Ochrana \u00fazemia bola zaveden\u00e1 pre jeho <b>v\u00fdrazn\u00fa krajin\u00e1rsku, geomorfologick\u00fa a biologick\u00fa hodnotu<\/b>. T\u00e1to <b>n\u00e1rodn\u00e1 pr\u00edrodn\u00e1 rezerv\u00e1cia<\/b> patr\u00ed so svojou rozlohou 433,78 ha k najv\u00e4\u010d\u0161\u00edm rezerv\u00e1ci\u00e1m na \u00fazem\u00ed cel\u00e9ho <b>Slovensk\u00e9ho krasu<\/b>. V\u010faka t\u00fdmto \u0161pecifick\u00fdm podmienkam tu rastie aj nieko\u013eko vz\u00e1cnych, chr\u00e1nen\u00fdch a dokonca endemick\u00fdch druhov na\u0161ej fl\u00f3ry.<\/p>\n<h2><span style=\"color: #800000;\">Kedy a kto spr\u00edstupnil Brzot\u00ednsku skalu pre turistov?<\/span><\/h2>\n<p>Vyhliadka je turisticky spr\u00edstupnen\u00e1 od roku 2017. O jej spr\u00edstupnenie sa postaral <b>Klub slovensk\u00fdch turistov Ro\u017e\u0148ava<\/b> (KST Ro\u017e\u0148ava), ktor\u00fd tu k tejto vyhliadke so s\u00fahlasom <b>Spr\u00e1vy N\u00e1rodn\u00e9ho parku Slovensk\u00fd kras<\/b> osadil nov\u00e9 smerovn\u00edky, \u010d\u00edm sa zv\u00fd\u0161ila <b>atrakt\u00edvnos\u0165<\/b> a bezpe\u010dnos\u0165 turistick\u00e9ho cie\u013ea.<\/p>\n<h2><span style=\"color: #800000;\">Ak\u00e9 najlep\u0161ie v\u00fdh\u013eady pon\u00faka Brzot\u00ednska skala?<\/span><\/h2>\n<p><b>Brzot\u00ednska skala<\/b> zo svojej v\u00fdh\u013eadovej skalnej plo\u0161inky pon\u00faka skuto\u010dne <b>jedine\u010dn\u00fd v\u00fdh\u013ead do okolia<\/b>. Z vyhliadky je hlavne na nezabudnute\u013en\u00fd poh\u013ead na <b>Ro\u017e\u0148avsk\u00fa kotlinu<\/b> a na z\u00e1pad vidie\u0165 aj <b>Ple\u0161iveck\u00fa planinu<\/b>. Pri poh\u013eade na juhoz\u00e1pad je vidie\u0165 do dramatick\u00e9ho <b>ka\u0148onu rieky Slanej<\/b>. Na severnej strane je mo\u017en\u00e9 obdivova\u0165 obec <b>Brzot\u00edn<\/b>, <b>Brzot\u00ednske rybn\u00edky<\/b> a <b>Rev\u00facku vrchovinu<\/b> s dominantn\u00fdm vrchom <b>Tureck\u00e1 (953 m n.m.)<\/b>. Severov\u00fdchodn\u00fd poh\u013ead pon\u00faka scen\u00e9riu mesta <b>Ro\u017e\u0148ava<\/b> a \u010diasto\u010dne aj <b>Volovsk\u00e9 vrchy<\/b> s vrcholmi <b>Skalisko \u2013 Volovec (1293 m n.m.)<\/b> a <b>Pip\u00edtka (1225 m n.m.)<\/b>.<\/p>\n<h2><span style=\"color: #800000;\">Ako sa dosta\u0165 na Brzot\u00ednske skaly?<\/span><\/h2>\n<p>Dobr\u00fdmi v\u00fdchodiskami ku v\u00fdh\u013eadovej skale s\u00fa obce <a href=\"http:\/\/www.slovensky-kras.eu\/info\/strediska-a-centra\/obec-jovice\/\">Jovice<\/a>,\u00a0 <a href=\"http:\/\/www.slovensky-kras.eu\/info\/strediska-a-centra\/obec-plesivec\/\">Ple\u0161ivec<\/a> , <a href=\"http:\/\/www.slovensky-kras.eu\/info\/strediska-a-centra\/obec-silica\/\">Silica<\/a> a <a href=\"http:\/\/www.slovensky-kras.eu\/info\/strediska-a-centra\/rekreacne-stredisko-gombasek\/\">stredisko Gombasek<\/a>.<\/p>\n<p>Ke\u010f\u017ee je tu 5.stupe\u0148 ochrany plat\u00ed tu z\u00e1kaz pohybova\u0165 sa mimo vyzna\u010den\u00e9ho turistick\u00e9ho chodn\u00edka alebo n\u00e1u\u010dn\u00e9ho chodn\u00edka za hranicami zastavan\u00e9ho \u00fazemia obce a vch\u00e1dza\u0165 alebo st\u00e1\u0165 s bicyklom na pozemky za hranicami zastavan\u00e9ho \u00fazemia obce mimo dia\u013enice, cesty, miestnej komunik\u00e1cie a vyzna\u010denej cyklotrasy!!!<\/p>\n<p><strong>Na vstup do pr\u00edrodnej rezerv\u00e1cie s 5 stup\u0148om ochrany je potrebn\u00e9 aby ste postupovali nasledovne:<\/strong><\/p>\n<p>1. Poda\u0165 \u017eiados\u0165 na okresn\u00fd \u00farad v s\u00eddle kraja odbor starostlivosti o \u017eivotn\u00e9 prostredie na udelenie v\u00fdnimky z \u00fazemnej ochrany pod\u013ea \u00a7 16 ods. 1 p\u00edsm. a) z\u00e1kona \u010d. 543\/2002 Z.z. o ochrane pr\u00edrody a krajiny v znen\u00ed neskor\u0161\u00edch predpisov.<\/p>\n<p>Tak\u00fato \u017eiados\u0165 treba riadne od\u00f4vodni\u0165 a uvies\u0165 d\u00f4vody, pre ktor\u00e9 by mala by\u0165 v\u00fdnimka udelen\u00e1.<\/p>\n<p>2. Tak\u00e9to podanie sa spoplat\u0148uje pod\u013ea polo\u017eky 160 z\u00e1kona \u010d. 145\/1995 o spr\u00e1vnych poplatkoch v znen\u00ed neskor\u0161\u00edch prepisov sumou 10 Eur ak pod\u00e1va \u017eiados\u0165 fyzick\u00e1 osoba alebo 100 Eur ak je \u017eiados\u0165 podan\u00e1 pr\u00e1vnickou osobou.<\/p>\n<h2 data-path-to-node=\"1\"><span style=\"color: #800000;\"><b data-path-to-node=\"1\" data-index-in-node=\"0\">Str\u00e1\u017eky\u0148a Brzot\u00ednskej skaly<\/b><\/span><\/h2>\n<p data-path-to-node=\"2\">Vysoko na v\u00e1pencov\u00fdch zr\u00e1zoch <b data-path-to-node=\"2\" data-index-in-node=\"30\">Brzot\u00ednskej skaly<\/b>, tam, kde vietor \u010de\u0161e vz\u00e1cne kvety planiny, dodnes preb\u00fdva <b data-path-to-node=\"2\" data-index-in-node=\"107\">dobr\u00e1 v\u00edla Lesana<\/b> so svoj\u00edm vern\u00fdm <b data-path-to-node=\"2\" data-index-in-node=\"142\">\u0161kriatkom Men\u0161\u00edkom<\/b>. Kedysi d\u00e1vno zo svojho skaln\u00e9ho tr\u00f3nu chr\u00e1nili \u013eud\u00ed v doline pred krut\u00fdmi zbojn\u00edkmi, ktor\u00fdch svojimi k\u00fazlami nav\u017edy odohnali do temn\u00fdch rokl\u00edn Slovensk\u00e9ho krasu.<\/p>\n<p data-path-to-node=\"3\">Dnes u\u017e po zbojn\u00edkoch niet ani stopy, no legenda o kr\u00e1snej panej \u017eije \u010falej. Hovor\u00ed sa, \u017ee presne <b data-path-to-node=\"3\" data-index-in-node=\"98\">v noci po polnoci<\/b>, ke\u010f mesiac postriebri biele skaly nad Brzot\u00ednom, sa na okraji priepasti zjavuje <b data-path-to-node=\"3\" data-index-in-node=\"197\">duch kr\u00e1snej \u017eeny<\/b>. Je to Lesana, ktor\u00e1 v tichu noci dohliada na pokoj cel\u00e9ho kraja.<\/p>\n<p data-path-to-node=\"4\">Zjavuje sa v\u0161ak <b data-path-to-node=\"4\" data-index-in-node=\"16\">iba dobr\u00fdm \u013eu\u010fom<\/b>, ktor\u00ed prich\u00e1dzaj\u00fa na skalu s \u00factou v srdci a \u010dist\u00fdmi \u00famyslami \u2013 t\u00fdm uk\u00e1\u017ee cestu mesa\u010dn\u00fdm svitom alebo ich obdar\u00ed pocitom nev\u00eddan\u00e9ho pokoja. <b data-path-to-node=\"4\" data-index-in-node=\"174\">Zl\u00fdm \u013eu\u010fom<\/b>, lakomcom \u010di t\u00fdm, ktor\u00ed by chceli pr\u00edrode \u0161kodi\u0165, ost\u00e1va nevidite\u013en\u00e1. Hoci ju t\u00edto \u013eudia nevidia, jej pr\u00edtomnos\u0165 c\u00edtia inak \u2013 zrazu ich prepadne <b data-path-to-node=\"4\" data-index-in-node=\"330\">\u0165a\u017ek\u00fd, zl\u00fd pocit a nevysvetlite\u013en\u00fd strach<\/b>, ktor\u00fd ich vyh\u00e1\u0148a pre\u010d zo sk\u00e1l sk\u00f4r, ne\u017e stihn\u00fa nap\u00e1cha\u0165 nejak\u00e9 zlo.<\/p>\n<h2><span style=\"color: #800000;\">Fotogal\u00e9ria<\/span><\/h2>\n<style type=\"text\/css\">\n#foogallery-gallery-28517 .fg-image { width: 200px; }<\/style>\n\t\t\t<div class=\"foogallery foogallery-container foogallery-carousel foogallery-lightbox-foogallery fg-carousel fg-ready fg-light fg-border-medium fg-round-small fg-shadow-medium fg-loading-default fg-loaded-fade-in fg-hover-semi-zoomed fg-hover-fade fg-hover-circle-plus2\" id=\"foogallery-gallery-28517\" data-foogallery=\"{&quot;item&quot;:{&quot;showCaptionTitle&quot;:true,&quot;showCaptionDescription&quot;:true},&quot;lazy&quot;:true,&quot;template&quot;:{&quot;maxItems&quot;:5,&quot;scale&quot;:0.11999999999999999555910790149937383830547332763671875,&quot;gutter&quot;:{&quot;min&quot;:-40,&quot;max&quot;:-20,&quot;unit&quot;:&quot;%&quot;},&quot;autoplay&quot;:{&quot;time&quot;:0,&quot;interaction&quot;:&quot;pause&quot;},&quot;centerOnClick&quot;:true,&quot;align&quot;:&quot;center&quot;,&quot;activePosition&quot;:&quot;center&quot;}}\" data-foogallery-lightbox=\"{&quot;thumbs&quot;:&quot;bottom&quot;,&quot;thumbsCaptions&quot;:false,&quot;thumbsBestFit&quot;:false,&quot;thumbsSmall&quot;:false,&quot;thumbsCaptionsAlign&quot;:&quot;default&quot;,&quot;info&quot;:&quot;bottom&quot;,&quot;infoVisible&quot;:true,&quot;infoOverlay&quot;:true,&quot;infoAlign&quot;:&quot;default&quot;,&quot;transition&quot;:&quot;fade&quot;,&quot;hoverButtons&quot;:false,&quot;fitMedia&quot;:false,&quot;noScrollbars&quot;:true,&quot;preserveButtonSpace&quot;:true,&quot;buttons&quot;:{&quot;fullscreen&quot;:true,&quot;info&quot;:true,&quot;thumbs&quot;:false},&quot;video&quot;:{&quot;autoPlay&quot;:true}}\" style=\"--fg-title-line-clamp: 0; --fg-description-line-clamp: 0;\" >\n\t<button type=\"button\" class=\"fg-carousel-prev\" title=\"Previous\"><\/button>\n\t<div class=\"fg-carousel-inner\">\n\t\t<div class=\"fg-carousel-center\"><\/div>\n\t\t<div class=\"fg-item fg-type-image fg-idle\"><figure class=\"fg-item-inner\"><a href=\"https:\/\/www.slovensky-kras.eu\/info\/wp-content\/uploads\/2018\/04\/brzotinska_skala2.jpg\" data-caption-title=\"NPR Brzot\u00ednske skaly\" data-attachment-id=\"14434\" data-type=\"image\" class=\"fg-thumb\"><span class=\"fg-image-wrap\"><img decoding=\"async\" alt=\"Brzot\u00ednske rybn\u00edky\" title=\"NPR Brzot\u00ednske skaly\" width=\"200\" height=\"200\" class=\"skip-lazy fg-image\" data-src-fg=\"https:\/\/www.slovensky-kras.eu\/info\/wp-content\/uploads\/cache\/2018\/04\/brzotinska_skala2\/1488289569.jpg\" src=\"data:image\/svg+xml,%3Csvg%20xmlns%3D%22http%3A%2F%2Fwww.w3.org%2F2000%2Fsvg%22%20width%3D%22200%22%20height%3D%22200%22%20viewBox%3D%220%200%20200%20200%22%3E%3C%2Fsvg%3E\" loading=\"eager\"><\/span><span class=\"fg-image-overlay\"><\/span><\/a><figcaption class=\"fg-caption\"><div class=\"fg-caption-inner\"><div class=\"fg-caption-title\">NPR Brzot\u00ednske skaly<\/div><\/div><\/figcaption><\/figure><div class=\"fg-loader\"><\/div><\/div><div class=\"fg-item fg-type-image fg-idle\"><figure class=\"fg-item-inner\"><a href=\"https:\/\/www.slovensky-kras.eu\/info\/wp-content\/uploads\/2018\/04\/brzotinska_skala3.jpg\" data-caption-title=\"NPR Brzot\u00ednske skaly\" data-caption-desc=\"NPR Brzot\u00ednske skaly\" data-attachment-id=\"14433\" data-type=\"image\" class=\"fg-thumb\"><span class=\"fg-image-wrap\"><img decoding=\"async\" title=\"NPR Brzot\u00ednske skaly\" width=\"200\" height=\"200\" class=\"skip-lazy fg-image\" data-src-fg=\"https:\/\/www.slovensky-kras.eu\/info\/wp-content\/uploads\/cache\/2018\/04\/brzotinska_skala3\/2608685693.jpg\" src=\"data:image\/svg+xml,%3Csvg%20xmlns%3D%22http%3A%2F%2Fwww.w3.org%2F2000%2Fsvg%22%20width%3D%22200%22%20height%3D%22200%22%20viewBox%3D%220%200%20200%20200%22%3E%3C%2Fsvg%3E\" loading=\"eager\"><\/span><span class=\"fg-image-overlay\"><\/span><\/a><figcaption class=\"fg-caption\"><div class=\"fg-caption-inner\"><div class=\"fg-caption-title\">NPR Brzot\u00ednske skaly<\/div><div class=\"fg-caption-desc\">NPR Brzot\u00ednske skaly<\/div><\/div><\/figcaption><\/figure><div class=\"fg-loader\"><\/div><\/div><div class=\"fg-item fg-type-image fg-idle\"><figure class=\"fg-item-inner\"><a href=\"https:\/\/www.slovensky-kras.eu\/info\/wp-content\/uploads\/2018\/04\/brzotinska_skala4.jpg\" data-caption-title=\"NPR Brzot\u00ednske skaly\" data-caption-desc=\"NPR Brzot\u00ednske skaly - poh\u013ead na Brzot\u00ednske rybn\u00edky\" data-attachment-id=\"14432\" data-type=\"image\" class=\"fg-thumb\"><span class=\"fg-image-wrap\"><img decoding=\"async\" title=\"NPR Brzot\u00ednske skaly\" width=\"200\" height=\"200\" class=\"skip-lazy fg-image\" data-src-fg=\"https:\/\/www.slovensky-kras.eu\/info\/wp-content\/uploads\/cache\/2018\/04\/brzotinska_skala4\/3203450791.jpg\" src=\"data:image\/svg+xml,%3Csvg%20xmlns%3D%22http%3A%2F%2Fwww.w3.org%2F2000%2Fsvg%22%20width%3D%22200%22%20height%3D%22200%22%20viewBox%3D%220%200%20200%20200%22%3E%3C%2Fsvg%3E\" loading=\"eager\"><\/span><span class=\"fg-image-overlay\"><\/span><\/a><figcaption class=\"fg-caption\"><div class=\"fg-caption-inner\"><div class=\"fg-caption-title\">NPR Brzot\u00ednske skaly<\/div><div class=\"fg-caption-desc\">NPR Brzot\u00ednske skaly - poh\u013ead na Brzot\u00ednske rybn\u00edky<\/div><\/div><\/figcaption><\/figure><div class=\"fg-loader\"><\/div><\/div><div class=\"fg-item fg-type-image fg-idle\"><figure class=\"fg-item-inner\"><a href=\"https:\/\/www.slovensky-kras.eu\/info\/wp-content\/uploads\/2018\/04\/brzotinska_skala-meta.jpg\" data-attachment-id=\"14427\" data-type=\"image\" class=\"fg-thumb\"><span class=\"fg-image-wrap\"><img decoding=\"async\" alt=\"Brzot\u00ednska skala (598 m n.m.)\" width=\"200\" height=\"200\" class=\"skip-lazy fg-image\" data-src-fg=\"https:\/\/www.slovensky-kras.eu\/info\/wp-content\/uploads\/cache\/2018\/04\/brzotinska_skala-meta\/3440129334.jpg\" src=\"data:image\/svg+xml,%3Csvg%20xmlns%3D%22http%3A%2F%2Fwww.w3.org%2F2000%2Fsvg%22%20width%3D%22200%22%20height%3D%22200%22%20viewBox%3D%220%200%20200%20200%22%3E%3C%2Fsvg%3E\" loading=\"eager\"><\/span><span class=\"fg-image-overlay\"><\/span><\/a><\/figure><div class=\"fg-loader\"><\/div><\/div><div class=\"fg-item fg-type-image fg-idle\"><figure class=\"fg-item-inner\"><a href=\"https:\/\/www.slovensky-kras.eu\/info\/wp-content\/uploads\/2025\/11\/brzotinska-skala.jpeg\" data-attachment-id=\"29663\" data-type=\"image\" class=\"fg-thumb\"><span class=\"fg-image-wrap\"><img decoding=\"async\" alt=\"Brzot\u00ednska skala (598 m n.m.)\" width=\"200\" height=\"200\" class=\"skip-lazy fg-image\" data-src-fg=\"https:\/\/www.slovensky-kras.eu\/info\/wp-content\/uploads\/cache\/2025\/11\/brzotinska-skala\/1898639116.jpeg\" src=\"data:image\/svg+xml,%3Csvg%20xmlns%3D%22http%3A%2F%2Fwww.w3.org%2F2000%2Fsvg%22%20width%3D%22200%22%20height%3D%22200%22%20viewBox%3D%220%200%20200%20200%22%3E%3C%2Fsvg%3E\" loading=\"eager\"><\/span><span class=\"fg-image-overlay\"><\/span><\/a><\/figure><div class=\"fg-loader\"><\/div><\/div><div class=\"fg-item fg-type-image fg-idle\"><figure class=\"fg-item-inner\"><a href=\"https:\/\/www.slovensky-kras.eu\/info\/wp-content\/uploads\/2025\/11\/brzotinska-skala-1.jpeg\" data-attachment-id=\"29664\" data-type=\"image\" class=\"fg-thumb\"><span class=\"fg-image-wrap\"><img decoding=\"async\" alt=\"Brzot\u00ednska skala (598 m n.m.)\" width=\"200\" height=\"200\" class=\"skip-lazy fg-image\" data-src-fg=\"https:\/\/www.slovensky-kras.eu\/info\/wp-content\/uploads\/cache\/2025\/11\/brzotinska-skala-1\/1539151371.jpeg\" src=\"data:image\/svg+xml,%3Csvg%20xmlns%3D%22http%3A%2F%2Fwww.w3.org%2F2000%2Fsvg%22%20width%3D%22200%22%20height%3D%22200%22%20viewBox%3D%220%200%20200%20200%22%3E%3C%2Fsvg%3E\" loading=\"eager\"><\/span><span class=\"fg-image-overlay\"><\/span><\/a><\/figure><div class=\"fg-loader\"><\/div><\/div><div class=\"fg-item fg-type-image fg-idle\"><figure class=\"fg-item-inner\"><a href=\"https:\/\/www.slovensky-kras.eu\/info\/wp-content\/uploads\/2025\/11\/brzotinska-skala-zima.jpeg\" data-attachment-id=\"29737\" data-type=\"image\" class=\"fg-thumb\"><span class=\"fg-image-wrap\"><img decoding=\"async\" alt=\"Brzot\u00ednska skala (598 m n.m.)\" width=\"200\" height=\"200\" class=\"skip-lazy fg-image\" data-src-fg=\"https:\/\/www.slovensky-kras.eu\/info\/wp-content\/uploads\/cache\/2025\/11\/brzotinska-skala-zima\/1533468947.jpeg\" src=\"data:image\/svg+xml,%3Csvg%20xmlns%3D%22http%3A%2F%2Fwww.w3.org%2F2000%2Fsvg%22%20width%3D%22200%22%20height%3D%22200%22%20viewBox%3D%220%200%20200%20200%22%3E%3C%2Fsvg%3E\" loading=\"eager\"><\/span><span class=\"fg-image-overlay\"><\/span><\/a><\/figure><div class=\"fg-loader\"><\/div><\/div><div class=\"fg-item fg-type-image fg-idle\"><figure class=\"fg-item-inner\"><a href=\"https:\/\/www.slovensky-kras.eu\/info\/wp-content\/uploads\/2025\/11\/brzotinska-skala-leto.jpeg\" data-attachment-id=\"29738\" data-type=\"image\" class=\"fg-thumb\"><span class=\"fg-image-wrap\"><img decoding=\"async\" alt=\"Brzot\u00ednska skala (598 m n.m.)\" width=\"200\" height=\"200\" class=\"skip-lazy fg-image\" data-src-fg=\"https:\/\/www.slovensky-kras.eu\/info\/wp-content\/uploads\/cache\/2025\/11\/brzotinska-skala-leto\/238676367.jpeg\" src=\"data:image\/svg+xml,%3Csvg%20xmlns%3D%22http%3A%2F%2Fwww.w3.org%2F2000%2Fsvg%22%20width%3D%22200%22%20height%3D%22200%22%20viewBox%3D%220%200%20200%20200%22%3E%3C%2Fsvg%3E\" loading=\"eager\"><\/span><span class=\"fg-image-overlay\"><\/span><\/a><\/figure><div class=\"fg-loader\"><\/div><\/div><div class=\"fg-item fg-type-image fg-idle\"><figure class=\"fg-item-inner\"><a href=\"https:\/\/www.slovensky-kras.eu\/info\/wp-content\/uploads\/2025\/11\/brzotinska-skala-jar.jpeg\" data-attachment-id=\"29739\" data-type=\"image\" class=\"fg-thumb\"><span class=\"fg-image-wrap\"><img decoding=\"async\" alt=\"Brzot\u00ednska skala (598 m n.m.)\" width=\"200\" height=\"200\" class=\"skip-lazy fg-image\" data-src-fg=\"https:\/\/www.slovensky-kras.eu\/info\/wp-content\/uploads\/cache\/2025\/11\/brzotinska-skala-jar\/2719537475.jpeg\" src=\"data:image\/svg+xml,%3Csvg%20xmlns%3D%22http%3A%2F%2Fwww.w3.org%2F2000%2Fsvg%22%20width%3D%22200%22%20height%3D%22200%22%20viewBox%3D%220%200%20200%20200%22%3E%3C%2Fsvg%3E\" loading=\"eager\"><\/span><span class=\"fg-image-overlay\"><\/span><\/a><\/figure><div class=\"fg-loader\"><\/div><\/div>\t<\/div>\n\t<div class=\"fg-carousel-bottom\"><\/div>\n\t<div class=\"fg-carousel-progress\"><\/div>\n\t<button type=\"button\" class=\"fg-carousel-next\" title=\"Next\"><\/button>\n<\/div>\n<h3><span style=\"color: #808000;\">Bl\u00edzke stredisko, turistick\u00e9 centrum, obec alebo mesto:<\/span><\/h3>\n<ul>\n<li><a href=\"http:\/\/www.slovensky-kras.eu\/info\/strediska-a-centra\/obec-plesivec\/\">Obec Ple\u0161ivec (\u010d\u00edtaj viac&#8230;)<\/a><\/li>\n<\/ul>\n<ul>\n<li><a href=\"http:\/\/www.slovensky-kras.eu\/info\/strediska-a-centra\/obec-slavec\/\">Obec Slavec (\u010d\u00edtaj viac&#8230;)<\/a><\/li>\n<\/ul>\n<ul>\n<li><a href=\"http:\/\/www.slovensky-kras.eu\/info\/strediska-a-centra\/rekreacne-stredisko-gombasek\/\">Stredisko Gombasek (\u010d\u00edtaj viac&#8230;)<\/a><\/li>\n<\/ul>\n<h2><span style=\"color: #800000;\">Mapy<\/span><\/h2>\n<p><strong>Vrstvy: <\/strong>Turistick\u00e1 mapa, Automapa, Cyklomapa, Ly\u017eiarska mapa, Satelitn\u00e1 mapa a OpenStreetMap.<\/p>\n<p><strong>Kliknut\u00edm na logo &#8222;Freemap.sk&#8220; sa V\u00e1m mapa zobraz\u00ed na celej ploche obrazovky.<\/strong><\/p>\n<p><iframe style=\"width: 900px; height: 600px; border: 0;\" src=\"https:\/\/www.freemap.sk\/?map=14\/48.619151\/20.506883&amp;info-point=48.619151\/20.506883,Brzot\u00ednska skala&amp;layers=X&amp;embed=search\" allowfullscreen=\"allowfullscreen\"><span data-mce-type=\"bookmark\" style=\"display: inline-block; width: 0px; overflow: hidden; line-height: 0;\" class=\"mce_SELRES_start\">\ufeff<\/span><\/iframe><\/p>\n<h2><span style=\"color: #800000;\">Po\u010dasie<\/span><\/h2>\n<p><iframe style=\"width: 900px; height: 609px;\" src=\"https:\/\/www.meteoblue.com\/sk\/po%C4%8Dasie\/widget\/three\/48.62N20.523E610_Europe%2FBratislava?geoloc=fixed&amp;nocurrent=0&amp;noforecast=0&amp;days=6&amp;tempunit=CELSIUS&amp;windunit=KILOMETER_PER_HOUR&amp;layout=image\" frameborder=\"0\" scrolling=\"NO\" sandbox=\"allow-same-origin allow-scripts allow-popups allow-popups-to-escape-sandbox\"><span data-mce-type=\"bookmark\" style=\"display: inline-block; width: 0px; overflow: hidden; line-height: 0;\" class=\"mce_SELRES_start\">\ufeff<\/span><\/iframe><\/p>\n<div><!-- DO NOT REMOVE THIS LINK --><a href=\"https:\/\/www.meteoblue.com\/sk\/po%C4%8Dasie\/predpove%C4%8F\/t%C3%BD%C5%BEde%C5%88\/48.62N20.523E610_Europe%2FBratislava?utm_source=weather_widget&amp;utm_medium=linkus&amp;utm_content=three&amp;utm_campaign=Weather%2BWidget\" target=\"_blank\" rel=\"noopener noreferrer\">meteoblue<\/a><\/div>\n","protected":false},"excerpt":{"rendered":"<p>Menu: Podkateg\u00f3ria: Dotknite sa nebies nad Brzot\u00ednom Predstavte si miesto, kde sa svetl\u00e9 v\u00e1pence stret\u00e1vaj\u00fa s nekone\u010dn\u00fdm obzorom a pod nohami sa v\u00e1m otv\u00e1ra dramatick\u00fd ka\u0148on rieky Slanej. Na vrchole [&hellip;]<\/p>\n","protected":false},"author":1,"featured_media":29739,"parent":13,"menu_order":0,"comment_status":"closed","ping_status":"open","template":"","meta":{"_uag_custom_page_level_css":"","footnotes":""},"class_list":["post-421","page","type-page","status-publish","has-post-thumbnail","hentry"],"featured_image_src":"https:\/\/www.slovensky-kras.eu\/info\/wp-content\/uploads\/2025\/11\/brzotinska-skala-jar.jpeg","featured_image_src_square":"https:\/\/www.slovensky-kras.eu\/info\/wp-content\/uploads\/2025\/11\/brzotinska-skala-jar.jpeg","rbea_author_info":{"display_name":"admin","author_link":"https:\/\/www.slovensky-kras.eu\/info\/author\/admin\/"},"rbea_excerpt_info":"Menu: Podkateg\u00f3ria: Dotknite sa nebies nad Brzot\u00ednom Predstavte si miesto, kde sa svetl\u00e9 v\u00e1pence stret\u00e1vaj\u00fa s nekone\u010dn\u00fdm obzorom a pod nohami sa v\u00e1m otv\u00e1ra dramatick\u00fd ka\u0148on rieky Slanej. Na vrchole [&hellip;]","uagb_featured_image_src":{"full":["https:\/\/www.slovensky-kras.eu\/info\/wp-content\/uploads\/2025\/11\/brzotinska-skala-jar.jpeg",1376,768,false],"thumbnail":["https:\/\/www.slovensky-kras.eu\/info\/wp-content\/uploads\/2025\/11\/brzotinska-skala-jar-150x150.jpeg",150,150,true],"medium":["https:\/\/www.slovensky-kras.eu\/info\/wp-content\/uploads\/2025\/11\/brzotinska-skala-jar-800x447.jpeg",800,447,true],"medium_large":["https:\/\/www.slovensky-kras.eu\/info\/wp-content\/uploads\/2025\/11\/brzotinska-skala-jar-768x429.jpeg",768,429,true],"large":["https:\/\/www.slovensky-kras.eu\/info\/wp-content\/uploads\/2025\/11\/brzotinska-skala-jar-1024x572.jpeg",1024,572,true],"1536x1536":["https:\/\/www.slovensky-kras.eu\/info\/wp-content\/uploads\/2025\/11\/brzotinska-skala-jar.jpeg",1376,768,false],"2048x2048":["https:\/\/www.slovensky-kras.eu\/info\/wp-content\/uploads\/2025\/11\/brzotinska-skala-jar.jpeg",1376,768,false]},"uagb_author_info":{"display_name":"admin","author_link":"https:\/\/www.slovensky-kras.eu\/info\/author\/admin\/"},"uagb_comment_info":0,"uagb_excerpt":"Menu: Podkateg\u00f3ria: Dotknite sa nebies nad Brzot\u00ednom Predstavte si miesto, kde sa svetl\u00e9 v\u00e1pence stret\u00e1vaj\u00fa s nekone\u010dn\u00fdm obzorom a pod nohami sa v\u00e1m otv\u00e1ra dramatick\u00fd ka\u0148on rieky Slanej. Na vrchole [&hellip;]","_links":{"self":[{"href":"https:\/\/www.slovensky-kras.eu\/info\/wp-json\/wp\/v2\/pages\/421","targetHints":{"allow":["GET"]}}],"collection":[{"href":"https:\/\/www.slovensky-kras.eu\/info\/wp-json\/wp\/v2\/pages"}],"about":[{"href":"https:\/\/www.slovensky-kras.eu\/info\/wp-json\/wp\/v2\/types\/page"}],"author":[{"embeddable":true,"href":"https:\/\/www.slovensky-kras.eu\/info\/wp-json\/wp\/v2\/users\/1"}],"replies":[{"embeddable":true,"href":"https:\/\/www.slovensky-kras.eu\/info\/wp-json\/wp\/v2\/comments?post=421"}],"version-history":[{"count":12,"href":"https:\/\/www.slovensky-kras.eu\/info\/wp-json\/wp\/v2\/pages\/421\/revisions"}],"predecessor-version":[{"id":18450,"href":"https:\/\/www.slovensky-kras.eu\/info\/wp-json\/wp\/v2\/pages\/421\/revisions\/18450"}],"up":[{"embeddable":true,"href":"https:\/\/www.slovensky-kras.eu\/info\/wp-json\/wp\/v2\/pages\/13"}],"wp:featuredmedia":[{"embeddable":true,"href":"https:\/\/www.slovensky-kras.eu\/info\/wp-json\/wp\/v2\/media\/29739"}],"wp:attachment":[{"href":"https:\/\/www.slovensky-kras.eu\/info\/wp-json\/wp\/v2\/media?parent=421"}],"curies":[{"name":"wp","href":"https:\/\/api.w.org\/{rel}","templated":true}]}}