{"id":408,"date":"2013-06-29T13:36:42","date_gmt":"2013-06-29T11:36:42","guid":{"rendered":"http:\/\/www.slovensky-kras.eu\/info\/?page_id=408"},"modified":"2026-03-29T09:12:51","modified_gmt":"2026-03-29T07:12:51","slug":"jasovska-skala","status":"publish","type":"page","link":"https:\/\/www.slovensky-kras.eu\/info\/kam-do-prirody\/jasovska-skala\/","title":{"rendered":"Jasovsk\u00e1 skala (349 m n. m.)"},"content":{"rendered":"<p><strong>Menu: <\/strong> <a href=\"http:\/\/www.slovensky-kras.eu\/info\/\" class=\"su-button su-button-style-default\" style=\"color:#000000;background-color:#FFCF2F;border-color:#cca626;border-radius:5px\" target=\"_self\"><span style=\"color:#000000;padding:6px 16px;font-size:13px;line-height:20px;border-color:#ffde6e;border-radius:5px;text-shadow:none\"><i class=\"sui sui-arrow-right\" style=\"font-size:13px;color:#000000\"><\/i>  \u00davod \/ Aktuality <\/span><\/a>\n<a href=\"http:\/\/www.slovensky-kras.eu\/info\/kam-do-prirody\/\" class=\"su-button su-button-style-default\" style=\"color:#000000;background-color:#FFCF2F;border-color:#cca626;border-radius:5px\" target=\"_self\"><span style=\"color:#000000;padding:6px 16px;font-size:13px;line-height:20px;border-color:#ffde6e;border-radius:5px;text-shadow:none\"><i class=\"sui sui-arrow-right\" style=\"font-size:13px;color:#000000\"><\/i>  Kam do pr\u00edrody <\/span><\/a>\n<p><strong>Podkateg\u00f3ria: <\/strong> <a href=\"http:\/\/www.slovensky-kras.eu\/info\/kam-do-prirody\/vrchy-skaly-a-sedla\/\" class=\"su-button su-button-style-default\" style=\"color:#000000;background-color:#C5ED2C;border-color:#9ebe24;border-radius:5px\" target=\"_self\"><span style=\"color:#000000;padding:6px 16px;font-size:13px;line-height:20px;border-color:#d7f36c;border-radius:5px;text-shadow:none\"><i class=\"sui sui-arrow-right\" style=\"font-size:13px;color:#000000\"><\/i>  Vrchy, skaly, vyhliadky a sedl\u00e1 <\/span><\/a>\n<div class=\"su-divider su-divider-style-default\" style=\"margin:15px 0;border-width:2px;border-color:#000000\"><\/div>\n<figure id=\"attachment_29682\" aria-describedby=\"caption-attachment-29682\" style=\"width: 900px\" class=\"wp-caption aligncenter\"><a href=\"https:\/\/www.slovensky-kras.eu\/info\/wp-content\/uploads\/2025\/11\/jasovska-skala-1.jpeg\"><img loading=\"lazy\" decoding=\"async\" class=\"wp-image-29682\" src=\"https:\/\/www.slovensky-kras.eu\/info\/wp-content\/uploads\/2025\/11\/jasovska-skala-1.jpeg\" alt=\"Jasovsk\u00e1 skala (349 m n. m.)\" width=\"900\" height=\"502\" srcset=\"https:\/\/www.slovensky-kras.eu\/info\/wp-content\/uploads\/2025\/11\/jasovska-skala-1.jpeg 1376w, https:\/\/www.slovensky-kras.eu\/info\/wp-content\/uploads\/2025\/11\/jasovska-skala-1-800x447.jpeg 800w, https:\/\/www.slovensky-kras.eu\/info\/wp-content\/uploads\/2025\/11\/jasovska-skala-1-1024x572.jpeg 1024w, https:\/\/www.slovensky-kras.eu\/info\/wp-content\/uploads\/2025\/11\/jasovska-skala-1-768x429.jpeg 768w\" sizes=\"auto, (max-width: 900px) 100vw, 900px\" \/><\/a><figcaption id=\"caption-attachment-29682\" class=\"wp-caption-text\">Jasovsk\u00e1 skala (349 m n. m.)<\/figcaption><\/figure>\n<div class=\"su-divider su-divider-style-default\" style=\"margin:15px 0;border-width:2px;border-color:#000000\"><\/div>\n<h2 data-path-to-node=\"2\"><span style=\"color: #800000;\"><b data-path-to-node=\"2\" data-index-in-node=\"0\">Tam, kde sa nebo dot\u00fdka hist\u00f3rie a podzemie skr\u00fdva tajomstv\u00e1!<\/b><\/span><\/h2>\n<p data-path-to-node=\"3\">Predstavte si, \u017ee stoj\u00edte na mas\u00edvnom v\u00e1pencovom \u00fatese, vysoko nad krajinou, kde sa vietor pohr\u00e1va so vz\u00e1cnymi horsk\u00fdmi kvetmi. <b data-path-to-node=\"3\" data-index-in-node=\"128\">To je Jasovsk\u00e1 skala!<\/b> V jednej chv\u00edli prech\u00e1dzate prstami po starobyl\u00fdch ruin\u00e1ch <b data-path-to-node=\"3\" data-index-in-node=\"209\">Jasovsk\u00e9ho hradu<\/b> zo 14. storo\u010dia a predstavujete si bojovn\u00edkov Jana Jiskru z Brand\u00fdsa.<\/p>\n<p data-path-to-node=\"3\">Vz\u00e1p\u00e4t\u00ed sa v\u00e1m naskytne \u00fachvatn\u00fd poh\u013ead: priamo pod vami, ako z rozpr\u00e1vky, sa vyn\u00edma majest\u00e1tny barokov\u00fd kl\u00e1\u0161tor a v dia\u013eke sa t\u00fd\u010di legend\u00e1rna Koj\u0161ovsk\u00e1 ho\u013ea. No to najv\u00e4\u010d\u0161ie prekvapenie sa skr\u00fdva priamo pod va\u0161imi nohami!<\/p>\n<p data-path-to-node=\"3\">Tam, kde sa rieka Bodva zah\u013abila do v\u00e1penca, vytvorila tajomn\u00fd a rozsiahly jaskynn\u00fd syst\u00e9m, vr\u00e1tane sl\u00e1vnej <a href=\"https:\/\/www.slovensky-kras.eu\/info\/jaskyne-a-priepasti\/jasovska-jaskyna\/\"><b data-path-to-node=\"3\" data-index-in-node=\"627\">Jasovskej jaskyne<\/b><\/a>, ktor\u00fa m\u00f4\u017eete presk\u00fama\u0165. T\u00e1to jedine\u010dn\u00e1 pr\u00edrodn\u00e1 pamiatka v srdci n\u00e1rodnej rezerv\u00e1cie Jasovsk\u00e9 dubiny sp\u00e1ja kr\u00e1su h\u00f4r, silu podzemia a h\u013abku slovenskej hist\u00f3rie do jedn\u00e9ho nezabudnute\u013en\u00e9ho z\u00e1\u017eitku.<\/p>\n<p data-path-to-node=\"3\"><b data-path-to-node=\"3\" data-index-in-node=\"843\">Zba\u013ete si ruksak a pr\u00ed\u010fte za\u017ei\u0165 tento 93-metrov\u00fd v\u00fd\u0161\u013eap, ktor\u00fd v\u00e1m otvor\u00ed o\u010di aj srdce!<\/b><\/p>\n<h2><span style=\"color: #800000;\">Kde sa nach\u00e1dza t\u00e1to jedine\u010dn\u00e1 pr\u00edrodn\u00e1 pamiatka a ak\u00e9 je jej okolie?<\/span><\/h2>\n<p><b>Jasovsk\u00e1 skala (349 m n. m.)<\/b> je <b>morfologicky v\u00fdrazn\u00fd ter\u00e9nny \u00fatvar<\/b>, ktor\u00fd sa rozprestiera na severov\u00fdchodnom okraji <a href=\"https:\/\/www.slovensky-kras.eu\/info\/kam-do-prirody\/jasovska-planina\/\"><b>Jasovskej planiny<\/b><\/a>. Toto miesto je domovom pre fascinuj\u00face <b>xerotermn\u00e9<\/b> (teplomiln\u00e9) a <b>horsk\u00e9 druhy rastl\u00edn a \u017eivo\u010d\u00edchov<\/b>. Nach\u00e1dza sa priamo v bezprostrednej bl\u00edzkosti ju\u017enej \u010dasti malebnej <b>obce Jasov<\/b>.<\/p>\n<h2><span style=\"color: #800000;\">Ak\u00fd v\u00fdh\u013ead pon\u00faka vrchol Jasovskej skaly?<\/span><\/h2>\n<p>Z vrcholu <b>skaly<\/b> sa v\u00e1m naskytne <b>\u00fa\u017easn\u00fd v\u00fdh\u013ead do okolia<\/b>, ktor\u00fd zah\u0155\u0148a majest\u00e1tne <b>Volovsk\u00e9 vrchy<\/b> s dominantnou <b>Koj\u0161ovskou ho\u013eou<\/b>. Navy\u0161e, m\u00f4\u017eete obdivova\u0165 aj samotn\u00fa <b>obec Jasov<\/b> a jej historick\u00fd klenot \u2013 <a href=\"https:\/\/www.slovensky-kras.eu\/info\/kam-za-pamiatkami\/premonstratsky-klastor-v-jasove\/\"><b>premon\u0161tr\u00e1tsky barokov\u00fd kl\u00e1\u0161tor<\/b><\/a>. Z tohto miesta je tie\u017e n\u00e1dhern\u00fd <b>poh\u013ead na skalu z obce<\/b>. Budete ma\u0165 jedine\u010dn\u00fa mo\u017enos\u0165 vidie\u0165 aj <b>poh\u013ead na kl\u00e1\u0161tor zo skaly<\/b> a <b>poh\u013ead na obec zo skaly<\/b>.<\/p>\n<h2><span style=\"color: #800000;\">Ak\u00e9 s\u00fa rozmery a geomorfologick\u00e1 charakteristika Jasovskej skaly?<\/span><\/h2>\n<p>Mas\u00edv karbon\u00e1tov, z ktor\u00fdch je <b>Jasovsk\u00e1 skala<\/b> tvoren\u00e1, m\u00e1 tvar nepravidelnej kvapky, ktor\u00e1 je pretiahnut\u00e1 v smere severoz\u00e1pad \u2013 juhov\u00fdchod (SZ-JV). V p\u00f4doryse dosahuje <b>Jasovsk\u00e1 skala<\/b> d\u013a\u017eku <b>500 metrov<\/b>. Jej \u0161\u00edrka sa men\u00ed: na severoz\u00e1padnom konci <b>skaly<\/b> je to pribli\u017ene <b>60 metrov<\/b>, v strede sa roz\u0161iruje na <b>225 metrov<\/b> a na juhov\u00fdchodnom konci m\u00e1 <b>120 metrov<\/b>. Jej najvy\u0161\u0161ia \u010das\u0165 le\u017e\u00ed v nadmorskej v\u00fd\u0161ke <b>349 m n. m.<\/b>, pri\u010dom v\u00fd\u0161kov\u00fd rozdiel medzi vrcholom <b>skaly<\/b> a aluvi\u00e1lnou nivou rieky Bodva je <b>93 metrov<\/b>. Na vrcholovej \u010dasti <b>skaly<\/b> sa na povrchu vyvinulo <b>\u0161krapov\u00e9 pole<\/b>, ktor\u00e9 je husto zarasten\u00e9 veget\u00e1ciou.<\/p>\n<h2><span style=\"color: #800000;\">Ak\u00e9 jaskynn\u00e9 syst\u00e9my a historick\u00e9 pamiatky m\u00f4\u017eem objavi\u0165 v okol\u00ed skaly?<\/span><\/h2>\n<p>V miestach, kde boli horniny tektonicky naru\u0161en\u00e9, sa rieka Bodva zah\u013abila do komplexu karbon\u00e1tov a vytvorila rozsiahly jaskynn\u00fd syst\u00e9m. Nach\u00e1dza sa tu napr\u00edklad <b>jasky\u0148a Kamenn\u00e1 pivnica<\/b>, ktor\u00e1 je geneticky prepojen\u00e1 so syst\u00e9mom zn\u00e1mej <b>Jasovskej jaskyne<\/b>. Priestory <b>Jasovskej jaskyne<\/b> s\u00fa vyvinut\u00e9 vo v\u00e1pencoch steinalmsk\u00e9ho typu a t\u00e1to <b>jasky\u0148a<\/b> je pre <b>verejnos\u0165 spr\u00edstupnen\u00e1<\/b>.<\/p>\n<p>Priamo na <b>skale<\/b> sa nach\u00e1dzaj\u00fa aj <b>zr\u00facaniny <a href=\"https:\/\/www.slovensky-kras.eu\/info\/kam-za-pamiatkami\/jasovsky-hrad\/\">Jasovsk\u00e9ho hradu<\/a><\/b>. Tento <b>hrad<\/b> bol postaven\u00fd v <b>14. storo\u010d\u00ed<\/b> ako <b>ochrann\u00e1 ba\u0161ta kl\u00e1\u0161tora<\/b> a spravoval ho s\u00e1m palat\u00edn. V <b>15. storo\u010d\u00ed<\/b> ho nakr\u00e1tko obsadili \u017eoldnieri Jana Jiskru z Brand\u00fdsa. <b>Jasovsk\u00fd hrad<\/b> zanikol pravdepodobne v druhej polovici <b>15. storo\u010dia<\/b>.<\/p>\n<h2><span style=\"color: #800000;\">Ak\u00e9 je chr\u00e1nen\u00e9 \u00fazemie, ktor\u00e9ho je Jasovsk\u00e1 skala s\u00fa\u010das\u0165ou?<\/span><\/h2>\n<p><b>Jasovsk\u00e1 skala<\/b> je s\u00fa\u010das\u0165ou cenn\u00e9ho chr\u00e1nen\u00e9ho \u00fazemia, konkr\u00e9tne <b>N\u00e1rodnej pr\u00edrodnej rezerv\u00e1cie <a href=\"https:\/\/www.slovensky-kras.eu\/info\/kam-do-prirody\/narodna-prirodna-rezervacia-jasovske-dubiny\/\">Jasovsk\u00e9 dubiny<\/a><\/b>.<\/p>\n<h2><span style=\"color: #800000;\">Ako sa dosta\u0165 na Jasovsk\u00fa skalu?<\/span><strong><br \/>\n<\/strong><\/h2>\n<p>Na Jasovsk\u00fa skalu vedie <a href=\"http:\/\/www.slovensky-kras.eu\/info\/aktivity-a-sport\/naucny-chodnik-jasovska-skala\/\">N\u00e1u\u010dn\u00fd chodn\u00edk Jasovsk\u00e1 skala<\/a> z <a href=\"http:\/\/www.slovensky-kras.eu\/info\/strediska-a-centra\/obec-jasov\/\">obce Jasov<\/a>.<\/p>\n<h2 data-path-to-node=\"2\"><span style=\"color: #800000;\">Pr\u00edzrak z hlb\u00edn Jasovskej skaly<\/span><\/h2>\n<p data-path-to-node=\"3\">Hovor\u00ed sa, \u017ee ke\u010f nad Jasovom padne hust\u00e1 hmla a mesiac sa skryje za mraky Volovsk\u00fdch vrchov, na vrchole skaly sa zjavuje vysok\u00e1 postava v roztrhanom pl\u00e1\u0161ti. Je to <b data-path-to-node=\"3\" data-index-in-node=\"164\">hajtman J\u00e1n Talaf\u00fas<\/b>, mu\u017e, ktor\u00fd miloval slobodu bratr\u00edkov viac ne\u017e vlastn\u00fd \u017eivot.<\/p>\n<p data-path-to-node=\"4\">Legenda vrav\u00ed, \u017ee v osudn\u00fd rok 1467, ke\u010f hrad pod n\u00e1porom kr\u00e1\u013eovsk\u00fdch vojsk definit\u00edvne pod\u013eahol plame\u0148om, Talaf\u00fas sa neodovzdal do r\u00fak nepriate\u013eov. Traduje sa, \u017ee poznal tajn\u00fa puklinu v \u0161krapovom poli, ktor\u00e1 viedla z hradn\u00e9ho n\u00e1dvoria priamo do \u010dierneho brucha <b data-path-to-node=\"4\" data-index-in-node=\"262\">Jasovskej jaskyne<\/b>. Ke\u010f u\u017e dym dusil posledn\u00fdch obrancov, hajtman v plnej zbroji sko\u010dil do temnoty.<\/p>\n<p data-path-to-node=\"5\">Miestni obyvatelia prisahaj\u00fa, \u017ee v jaskyni dodnes po\u010du\u0165 rin\u010danie jeho me\u010da. Hovor\u00ed sa, \u017ee Talaf\u00fas nena\u0161iel pokoj a stal sa ve\u010dn\u00fdm str\u00e1\u017ecom Jasova. Vraj pr\u00e1ve on v noci vytesal tajomn\u00fd n\u00e1pis na stenu jaskyne, aby pripomenul sl\u00e1vu svojich vojsk. Kto ho na skale stretne a nez\u013eakne sa jeho pr\u00edsneho poh\u013eadu, tomu hajtman uk\u00e1\u017ee miesto, kde s\u00fa pod kore\u0148mi star\u00fdch dubov ukryt\u00e9 bratr\u00edcke poklady \u2013 strieborn\u00e9 mince ul\u00fapen\u00e9 z kl\u00e1\u0161tora, ktor\u00e9 tam \u010dakaj\u00fa na prav\u00e9ho dobrodruha.<\/p>\n<h2><span style=\"color: #800000;\">Fotogal\u00e9ria<\/span><\/h2>\n<style type=\"text\/css\">\n#foogallery-gallery-28503 .fg-image { width: 200px; }<\/style>\n\t\t\t<div class=\"foogallery foogallery-container foogallery-carousel foogallery-lightbox-foogallery fg-carousel fg-ready fg-light fg-border-medium fg-round-small fg-shadow-medium fg-loading-default fg-loaded-fade-in fg-hover-semi-zoomed fg-hover-fade fg-hover-circle-plus2\" id=\"foogallery-gallery-28503\" data-foogallery=\"{&quot;item&quot;:{&quot;showCaptionTitle&quot;:true,&quot;showCaptionDescription&quot;:true},&quot;lazy&quot;:true,&quot;template&quot;:{&quot;maxItems&quot;:5,&quot;scale&quot;:0.11999999999999999555910790149937383830547332763671875,&quot;gutter&quot;:{&quot;min&quot;:-40,&quot;max&quot;:-20,&quot;unit&quot;:&quot;%&quot;},&quot;autoplay&quot;:{&quot;time&quot;:0,&quot;interaction&quot;:&quot;pause&quot;},&quot;centerOnClick&quot;:true,&quot;align&quot;:&quot;center&quot;,&quot;activePosition&quot;:&quot;center&quot;}}\" data-foogallery-lightbox=\"{&quot;thumbs&quot;:&quot;bottom&quot;,&quot;thumbsCaptions&quot;:false,&quot;thumbsBestFit&quot;:false,&quot;thumbsSmall&quot;:false,&quot;thumbsCaptionsAlign&quot;:&quot;default&quot;,&quot;info&quot;:&quot;bottom&quot;,&quot;infoVisible&quot;:true,&quot;infoOverlay&quot;:true,&quot;infoAlign&quot;:&quot;default&quot;,&quot;transition&quot;:&quot;fade&quot;,&quot;hoverButtons&quot;:false,&quot;fitMedia&quot;:false,&quot;noScrollbars&quot;:true,&quot;preserveButtonSpace&quot;:true,&quot;buttons&quot;:{&quot;fullscreen&quot;:true,&quot;info&quot;:true,&quot;thumbs&quot;:false},&quot;video&quot;:{&quot;autoPlay&quot;:true}}\" style=\"--fg-title-line-clamp: 0; --fg-description-line-clamp: 0;\" >\n\t<button type=\"button\" class=\"fg-carousel-prev\" title=\"Previous\"><\/button>\n\t<div class=\"fg-carousel-inner\">\n\t\t<div class=\"fg-carousel-center\"><\/div>\n\t\t<div class=\"fg-item fg-type-image fg-idle\"><figure class=\"fg-item-inner\"><a href=\"https:\/\/www.slovensky-kras.eu\/info\/wp-content\/uploads\/2021\/12\/jasovska-skala2.jpg\" data-caption-title=\"Jasovsk\u00e1 skala (349 m n. m.)\" data-attachment-id=\"21484\" data-type=\"image\" class=\"fg-thumb\"><span class=\"fg-image-wrap\"><img decoding=\"async\" title=\"Jasovsk\u00e1 skala (349 m n. m.)\" width=\"200\" height=\"200\" class=\"skip-lazy fg-image\" data-src-fg=\"https:\/\/www.slovensky-kras.eu\/info\/wp-content\/uploads\/cache\/2021\/12\/jasovska-skala2\/945073087.jpg\" src=\"data:image\/svg+xml,%3Csvg%20xmlns%3D%22http%3A%2F%2Fwww.w3.org%2F2000%2Fsvg%22%20width%3D%22200%22%20height%3D%22200%22%20viewBox%3D%220%200%20200%20200%22%3E%3C%2Fsvg%3E\" loading=\"eager\"><\/span><span class=\"fg-image-overlay\"><\/span><\/a><figcaption class=\"fg-caption\"><div class=\"fg-caption-inner\"><div class=\"fg-caption-title\">Jasovsk\u00e1 skala (349 m n. m.)<\/div><\/div><\/figcaption><\/figure><div class=\"fg-loader\"><\/div><\/div><div class=\"fg-item fg-type-image fg-idle\"><figure class=\"fg-item-inner\"><a href=\"https:\/\/www.slovensky-kras.eu\/info\/wp-content\/uploads\/2021\/12\/jasovska-skala1.jpg\" data-caption-title=\"Jasovsk\u00e1 skala (349 m n. m.)\" data-attachment-id=\"21483\" data-type=\"image\" class=\"fg-thumb\"><span class=\"fg-image-wrap\"><img decoding=\"async\" title=\"Jasovsk\u00e1 skala (349 m n. m.)\" width=\"200\" height=\"200\" class=\"skip-lazy fg-image\" data-src-fg=\"https:\/\/www.slovensky-kras.eu\/info\/wp-content\/uploads\/cache\/2021\/12\/jasovska-skala1\/3158501106.jpg\" src=\"data:image\/svg+xml,%3Csvg%20xmlns%3D%22http%3A%2F%2Fwww.w3.org%2F2000%2Fsvg%22%20width%3D%22200%22%20height%3D%22200%22%20viewBox%3D%220%200%20200%20200%22%3E%3C%2Fsvg%3E\" loading=\"eager\"><\/span><span class=\"fg-image-overlay\"><\/span><\/a><figcaption class=\"fg-caption\"><div class=\"fg-caption-inner\"><div class=\"fg-caption-title\">Jasovsk\u00e1 skala (349 m n. m.)<\/div><\/div><\/figcaption><\/figure><div class=\"fg-loader\"><\/div><\/div><div class=\"fg-item fg-type-image fg-idle\"><figure class=\"fg-item-inner\"><a href=\"https:\/\/www.slovensky-kras.eu\/info\/wp-content\/uploads\/2021\/12\/jasovska-skala4.jpg\" data-attachment-id=\"21482\" data-type=\"image\" class=\"fg-thumb\"><span class=\"fg-image-wrap\"><img decoding=\"async\" width=\"200\" height=\"200\" class=\"skip-lazy fg-image\" data-src-fg=\"https:\/\/www.slovensky-kras.eu\/info\/wp-content\/uploads\/cache\/2021\/12\/jasovska-skala4\/648511207.jpg\" src=\"data:image\/svg+xml,%3Csvg%20xmlns%3D%22http%3A%2F%2Fwww.w3.org%2F2000%2Fsvg%22%20width%3D%22200%22%20height%3D%22200%22%20viewBox%3D%220%200%20200%20200%22%3E%3C%2Fsvg%3E\" loading=\"eager\"><\/span><span class=\"fg-image-overlay\"><\/span><\/a><\/figure><div class=\"fg-loader\"><\/div><\/div><div class=\"fg-item fg-type-image fg-idle\"><figure class=\"fg-item-inner\"><a href=\"https:\/\/www.slovensky-kras.eu\/info\/wp-content\/uploads\/2025\/11\/jasovska-skala-3.jpeg\" data-caption-title=\"Jasovsk\u00e1 skala (349 m n. m.)\" data-attachment-id=\"29681\" data-type=\"image\" class=\"fg-thumb\"><span class=\"fg-image-wrap\"><img decoding=\"async\" alt=\"Jasovsk\u00e1 skala (349 m n. m.)\" title=\"Jasovsk\u00e1 skala (349 m n. m.)\" width=\"200\" height=\"200\" class=\"skip-lazy fg-image\" data-src-fg=\"https:\/\/www.slovensky-kras.eu\/info\/wp-content\/uploads\/cache\/2025\/11\/jasovska-skala-3\/3833467397.jpeg\" src=\"data:image\/svg+xml,%3Csvg%20xmlns%3D%22http%3A%2F%2Fwww.w3.org%2F2000%2Fsvg%22%20width%3D%22200%22%20height%3D%22200%22%20viewBox%3D%220%200%20200%20200%22%3E%3C%2Fsvg%3E\" loading=\"eager\"><\/span><span class=\"fg-image-overlay\"><\/span><\/a><figcaption class=\"fg-caption\"><div class=\"fg-caption-inner\"><div class=\"fg-caption-title\">Jasovsk\u00e1 skala (349 m n. m.)<\/div><\/div><\/figcaption><\/figure><div class=\"fg-loader\"><\/div><\/div><div class=\"fg-item fg-type-image fg-idle\"><figure class=\"fg-item-inner\"><a href=\"https:\/\/www.slovensky-kras.eu\/info\/wp-content\/uploads\/2025\/11\/jasovska-skala-1.jpeg\" data-caption-title=\"Jasovsk\u00e1 skala (349 m n. m.)\" data-attachment-id=\"29682\" data-type=\"image\" class=\"fg-thumb\"><span class=\"fg-image-wrap\"><img decoding=\"async\" alt=\"Jasovsk\u00e1 skala (349 m n. m.)\" title=\"Jasovsk\u00e1 skala (349 m n. m.)\" width=\"200\" height=\"200\" class=\"skip-lazy fg-image\" data-src-fg=\"https:\/\/www.slovensky-kras.eu\/info\/wp-content\/uploads\/cache\/2025\/11\/jasovska-skala-1\/3142700998.jpeg\" src=\"data:image\/svg+xml,%3Csvg%20xmlns%3D%22http%3A%2F%2Fwww.w3.org%2F2000%2Fsvg%22%20width%3D%22200%22%20height%3D%22200%22%20viewBox%3D%220%200%20200%20200%22%3E%3C%2Fsvg%3E\" loading=\"eager\"><\/span><span class=\"fg-image-overlay\"><\/span><\/a><figcaption class=\"fg-caption\"><div class=\"fg-caption-inner\"><div class=\"fg-caption-title\">Jasovsk\u00e1 skala (349 m n. m.)<\/div><\/div><\/figcaption><\/figure><div class=\"fg-loader\"><\/div><\/div><div class=\"fg-item fg-type-image fg-idle\"><figure class=\"fg-item-inner\"><a href=\"https:\/\/www.slovensky-kras.eu\/info\/wp-content\/uploads\/2025\/11\/jasovska-skala-2.jpeg\" data-caption-title=\"Jasovsk\u00e1 skala (349 m n. m.)\" data-attachment-id=\"29683\" data-type=\"image\" class=\"fg-thumb\"><span class=\"fg-image-wrap\"><img decoding=\"async\" alt=\"Jasovsk\u00e1 skala (349 m n. m.)\" title=\"Jasovsk\u00e1 skala (349 m n. m.)\" width=\"200\" height=\"200\" class=\"skip-lazy fg-image\" data-src-fg=\"https:\/\/www.slovensky-kras.eu\/info\/wp-content\/uploads\/cache\/2025\/11\/jasovska-skala-2\/2912182208.jpeg\" src=\"data:image\/svg+xml,%3Csvg%20xmlns%3D%22http%3A%2F%2Fwww.w3.org%2F2000%2Fsvg%22%20width%3D%22200%22%20height%3D%22200%22%20viewBox%3D%220%200%20200%20200%22%3E%3C%2Fsvg%3E\" loading=\"eager\"><\/span><span class=\"fg-image-overlay\"><\/span><\/a><figcaption class=\"fg-caption\"><div class=\"fg-caption-inner\"><div class=\"fg-caption-title\">Jasovsk\u00e1 skala (349 m n. m.)<\/div><\/div><\/figcaption><\/figure><div class=\"fg-loader\"><\/div><\/div>\t<\/div>\n\t<div class=\"fg-carousel-bottom\"><\/div>\n\t<div class=\"fg-carousel-progress\"><\/div>\n\t<button type=\"button\" class=\"fg-carousel-next\" title=\"Next\"><\/button>\n<\/div>\n<h3><span style=\"color: #808000;\">Bl\u00edzke stredisko, turistick\u00e9 centrum, obec alebo mesto<\/span><\/h3>\n<ul>\n<li><a href=\"http:\/\/www.slovensky-kras.eu\/info\/strediska-a-centra\/obec-jasov\/\">Obec Jasov (\u010d\u00edtaj viac&#8230;)<\/a><\/li>\n<\/ul>\n<h2><span style=\"color: #800000;\">Mapy<\/span><\/h2>\n<p><strong>Vrstvy: <\/strong>Turistick\u00e1 mapa, Automapa, Cyklomapa, Ly\u017eiarska mapa, Satelitn\u00e1 mapa a OpenStreetMap.<\/p>\n<p><strong>Kliknut\u00edm na logo &#8222;Freemap.sk&#8220; sa V\u00e1m mapa zobraz\u00ed na celej ploche obrazovky.<\/strong><\/p>\n<p><iframe style=\"width: 900px; height: 600px; border: 0;\" src=\"https:\/\/www.freemap.sk\/?map=15\/48.677573\/20.975153&amp;info-point=48.677573\/20.975153,Jasovsk\u00e1 skala&amp;layers=X&amp;embed=search\" allowfullscreen=\"allowfullscreen\"><span data-mce-type=\"bookmark\" style=\"display: inline-block; width: 0px; overflow: hidden; line-height: 0;\" class=\"mce_SELRES_start\">\ufeff<\/span><\/iframe><\/p>\n<h2><span style=\"color: #800000;\">Po\u010dasie<\/span><strong><br \/>\n<\/strong><br \/>\n<iframe style=\"width: 900px; height: 609px;\" src=\"https:\/\/www.meteoblue.com\/sk\/po%C4%8Dasie\/widget\/three\/jasov_slovensk%c3%a1-republika_724574?geoloc=fixed&amp;nocurrent=0&amp;noforecast=0&amp;days=6&amp;tempunit=CELSIUS&amp;windunit=KILOMETER_PER_HOUR&amp;layout=image\" frameborder=\"0\" scrolling=\"NO\" sandbox=\"allow-same-origin allow-scripts allow-popups allow-popups-to-escape-sandbox\"><span data-mce-type=\"bookmark\" style=\"display: inline-block; width: 0px; overflow: hidden; line-height: 0;\" class=\"mce_SELRES_start\">\ufeff<\/span><\/iframe><\/h2>\n<div><!-- DO NOT REMOVE THIS LINK --><a href=\"https:\/\/www.meteoblue.com\/sk\/po%C4%8Dasie\/predpove%C4%8F\/t%C3%BD%C5%BEde%C5%88\/jasov_slovensk%c3%a1-republika_724574?utm_source=weather_widget&amp;utm_medium=linkus&amp;utm_content=three&amp;utm_campaign=Weather%2BWidget\" target=\"_blank\" rel=\"noopener noreferrer\">meteoblue<\/a><\/div>\n<p>&nbsp;<\/p>\n","protected":false},"excerpt":{"rendered":"<p>Menu: Podkateg\u00f3ria: Tam, kde sa nebo dot\u00fdka hist\u00f3rie a podzemie skr\u00fdva tajomstv\u00e1! Predstavte si, \u017ee stoj\u00edte na mas\u00edvnom v\u00e1pencovom \u00fatese, vysoko nad krajinou, kde sa vietor pohr\u00e1va so vz\u00e1cnymi horsk\u00fdmi [&hellip;]<\/p>\n","protected":false},"author":1,"featured_media":29682,"parent":13,"menu_order":0,"comment_status":"closed","ping_status":"open","template":"","meta":{"_uag_custom_page_level_css":"","footnotes":""},"class_list":["post-408","page","type-page","status-publish","has-post-thumbnail","hentry"],"featured_image_src":"https:\/\/www.slovensky-kras.eu\/info\/wp-content\/uploads\/2025\/11\/jasovska-skala-1.jpeg","featured_image_src_square":"https:\/\/www.slovensky-kras.eu\/info\/wp-content\/uploads\/2025\/11\/jasovska-skala-1.jpeg","rbea_author_info":{"display_name":"admin","author_link":"https:\/\/www.slovensky-kras.eu\/info\/author\/admin\/"},"rbea_excerpt_info":"Menu: Podkateg\u00f3ria: Tam, kde sa nebo dot\u00fdka hist\u00f3rie a podzemie skr\u00fdva tajomstv\u00e1! Predstavte si, \u017ee stoj\u00edte na mas\u00edvnom v\u00e1pencovom \u00fatese, vysoko nad krajinou, kde sa vietor pohr\u00e1va so vz\u00e1cnymi horsk\u00fdmi [&hellip;]","uagb_featured_image_src":{"full":["https:\/\/www.slovensky-kras.eu\/info\/wp-content\/uploads\/2025\/11\/jasovska-skala-1.jpeg",1376,768,false],"thumbnail":["https:\/\/www.slovensky-kras.eu\/info\/wp-content\/uploads\/2025\/11\/jasovska-skala-1-150x150.jpeg",150,150,true],"medium":["https:\/\/www.slovensky-kras.eu\/info\/wp-content\/uploads\/2025\/11\/jasovska-skala-1-800x447.jpeg",800,447,true],"medium_large":["https:\/\/www.slovensky-kras.eu\/info\/wp-content\/uploads\/2025\/11\/jasovska-skala-1-768x429.jpeg",768,429,true],"large":["https:\/\/www.slovensky-kras.eu\/info\/wp-content\/uploads\/2025\/11\/jasovska-skala-1-1024x572.jpeg",1024,572,true],"1536x1536":["https:\/\/www.slovensky-kras.eu\/info\/wp-content\/uploads\/2025\/11\/jasovska-skala-1.jpeg",1376,768,false],"2048x2048":["https:\/\/www.slovensky-kras.eu\/info\/wp-content\/uploads\/2025\/11\/jasovska-skala-1.jpeg",1376,768,false]},"uagb_author_info":{"display_name":"admin","author_link":"https:\/\/www.slovensky-kras.eu\/info\/author\/admin\/"},"uagb_comment_info":0,"uagb_excerpt":"Menu: Podkateg\u00f3ria: Tam, kde sa nebo dot\u00fdka hist\u00f3rie a podzemie skr\u00fdva tajomstv\u00e1! Predstavte si, \u017ee stoj\u00edte na mas\u00edvnom v\u00e1pencovom \u00fatese, vysoko nad krajinou, kde sa vietor pohr\u00e1va so vz\u00e1cnymi horsk\u00fdmi [&hellip;]","_links":{"self":[{"href":"https:\/\/www.slovensky-kras.eu\/info\/wp-json\/wp\/v2\/pages\/408","targetHints":{"allow":["GET"]}}],"collection":[{"href":"https:\/\/www.slovensky-kras.eu\/info\/wp-json\/wp\/v2\/pages"}],"about":[{"href":"https:\/\/www.slovensky-kras.eu\/info\/wp-json\/wp\/v2\/types\/page"}],"author":[{"embeddable":true,"href":"https:\/\/www.slovensky-kras.eu\/info\/wp-json\/wp\/v2\/users\/1"}],"replies":[{"embeddable":true,"href":"https:\/\/www.slovensky-kras.eu\/info\/wp-json\/wp\/v2\/comments?post=408"}],"version-history":[{"count":8,"href":"https:\/\/www.slovensky-kras.eu\/info\/wp-json\/wp\/v2\/pages\/408\/revisions"}],"predecessor-version":[{"id":29685,"href":"https:\/\/www.slovensky-kras.eu\/info\/wp-json\/wp\/v2\/pages\/408\/revisions\/29685"}],"up":[{"embeddable":true,"href":"https:\/\/www.slovensky-kras.eu\/info\/wp-json\/wp\/v2\/pages\/13"}],"wp:featuredmedia":[{"embeddable":true,"href":"https:\/\/www.slovensky-kras.eu\/info\/wp-json\/wp\/v2\/media\/29682"}],"wp:attachment":[{"href":"https:\/\/www.slovensky-kras.eu\/info\/wp-json\/wp\/v2\/media?parent=408"}],"curies":[{"name":"wp","href":"https:\/\/api.w.org\/{rel}","templated":true}]}}