{"id":402,"date":"2013-06-29T13:27:14","date_gmt":"2013-06-29T11:27:14","guid":{"rendered":"http:\/\/www.slovensky-kras.eu\/info\/?page_id=402"},"modified":"2026-03-29T08:40:26","modified_gmt":"2026-03-29T06:40:26","slug":"gerlasska-skala","status":"publish","type":"page","link":"https:\/\/www.slovensky-kras.eu\/info\/kam-do-prirody\/gerlasska-skala\/","title":{"rendered":"Gerla\u0161sk\u00e1 skala (752 m n.m.)"},"content":{"rendered":"<p><strong>Menu: <\/strong> <a href=\"http:\/\/www.slovensky-kras.eu\/info\/\" class=\"su-button su-button-style-default\" style=\"color:#000000;background-color:#FFCF2F;border-color:#cca626;border-radius:5px\" target=\"_self\"><span style=\"color:#000000;padding:6px 16px;font-size:13px;line-height:20px;border-color:#ffde6e;border-radius:5px;text-shadow:none\"><i class=\"sui sui-arrow-right\" style=\"font-size:13px;color:#000000\"><\/i>  \u00davod \/ Aktuality <\/span><\/a>\n<a href=\"http:\/\/www.slovensky-kras.eu\/info\/kam-do-prirody\/\" class=\"su-button su-button-style-default\" style=\"color:#000000;background-color:#FFCF2F;border-color:#cca626;border-radius:5px\" target=\"_self\"><span style=\"color:#000000;padding:6px 16px;font-size:13px;line-height:20px;border-color:#ffde6e;border-radius:5px;text-shadow:none\"><i class=\"sui sui-arrow-right\" style=\"font-size:13px;color:#000000\"><\/i>  Kam do pr\u00edrody <\/span><\/a>\n<div class=\"su-divider su-divider-style-default\" style=\"margin:15px 0;border-width:0px;border-color:#000000\"><\/div>\n<strong>Podkateg\u00f3ria: <\/strong> <a href=\"http:\/\/www.slovensky-kras.eu\/info\/kam-do-prirody\/vrchy-skaly-a-sedla\/\" class=\"su-button su-button-style-default\" style=\"color:#000000;background-color:#C5ED2C;border-color:#9ebe24;border-radius:5px\" target=\"_self\"><span style=\"color:#000000;padding:6px 16px;font-size:13px;line-height:20px;border-color:#d7f36c;border-radius:5px;text-shadow:none\"><i class=\"sui sui-arrow-right\" style=\"font-size:13px;color:#000000\"><\/i>  Vrchy, skaly, vyhliadky a sedl\u00e1 <\/span><\/a>\n<div class=\"su-divider su-divider-style-default\" style=\"margin:15px 0;border-width:2px;border-color:#000000\"><\/div>\n<figure id=\"attachment_29676\" aria-describedby=\"caption-attachment-29676\" style=\"width: 900px\" class=\"wp-caption aligncenter\"><img loading=\"lazy\" decoding=\"async\" class=\"wp-image-29676\" src=\"https:\/\/www.slovensky-kras.eu\/info\/wp-content\/uploads\/2025\/11\/gerlasska-skala-4.jpeg\" alt=\"Gerla\u0161sk\u00e1 skala (752 m n.m.)\" width=\"900\" height=\"502\" srcset=\"https:\/\/www.slovensky-kras.eu\/info\/wp-content\/uploads\/2025\/11\/gerlasska-skala-4.jpeg 1376w, https:\/\/www.slovensky-kras.eu\/info\/wp-content\/uploads\/2025\/11\/gerlasska-skala-4-800x447.jpeg 800w, https:\/\/www.slovensky-kras.eu\/info\/wp-content\/uploads\/2025\/11\/gerlasska-skala-4-1024x572.jpeg 1024w, https:\/\/www.slovensky-kras.eu\/info\/wp-content\/uploads\/2025\/11\/gerlasska-skala-4-768x429.jpeg 768w\" sizes=\"auto, (max-width: 900px) 100vw, 900px\" \/><figcaption id=\"caption-attachment-29676\" class=\"wp-caption-text\">Gerla\u0161sk\u00e1 skala (752 m n.m.)<\/figcaption><\/figure>\n<div class=\"su-divider su-divider-style-default\" style=\"margin:15px 0;border-width:2px;border-color:#000000\"><\/div>\n<h2 data-path-to-node=\"2\"><span style=\"color: #800000;\">Pozn\u00e1te \u201emal\u00fd Gerlach\u201c v Slovenskom krase?<\/span><\/h2>\n<p data-path-to-node=\"3\">Hoci m\u00e1 <b data-path-to-node=\"3\" data-index-in-node=\"8\">Gerla\u0161sk\u00e1 skala<\/b> len 752 m n. m., pon\u00faka jeden z najkraj\u0161\u00edch v\u00fdh\u013eadov na Slovensku. Z jej v\u00e1pencov\u00e9ho brala uvid\u00edte nielen bl\u00edzku Ple\u0161iveck\u00fa planinu, ale pri troche \u0161\u0165astia aj majest\u00e1tny <b data-path-to-node=\"3\" data-index-in-node=\"194\">Gerlachovsk\u00fd \u0161t\u00edt<\/b> vo Vysok\u00fdch Tatr\u00e1ch, pod\u013ea ktor\u00e9ho dostala meno.<\/p>\n<p data-path-to-node=\"4\">Okrem panor\u00e1m v\u00e1s \u010dak\u00e1 aj tajupln\u00e9 podzemie \u2013 v okol\u00ed skaly sa nach\u00e1dza rekordn\u00fdch <b data-path-to-node=\"4\" data-index-in-node=\"83\">17 jask\u00fd\u0148<\/b> a vz\u00e1cne horsk\u00e9 kvety, ktor\u00e9 inde v krase nen\u00e1jdete. Ide\u00e1lny cie\u013e pre ka\u017ed\u00e9ho, kto h\u013ead\u00e1 ticho a divok\u00fa pr\u00edrodu.<\/p>\n<h2><span style=\"color: #800000;\">\u010co je Gerla\u0161sk\u00e1 skala a kde sa presne nach\u00e1dza?<\/span><\/h2>\n<p><b>Gerla\u0161sk\u00e1 skala<\/b>, hoci je len tvarovo a v\u00fd\u0161kovo nev\u00fdrazn\u00fdm planinov\u00fdm vrchom, vyp\u00edna sa na severnom okraji rozsiahlej <b>Ple\u0161iveckej planiny<\/b> a je obklopen\u00e1 malebn\u00fdmi pasienkami a hust\u00fdm bukov\u00fdm lesom. Tento vrchol sa nach\u00e1dza v nadmorskej v\u00fd\u0161ke <b>752 m n.m.<\/b>\u00a0 Z geomorfologick\u00e9ho h\u013eadiska patr\u00ed do oblasti <b>Slovensk\u00e9ho rudohoria<\/b> a je s\u00fa\u010das\u0165ou horsk\u00e9ho celku <b>Slovensk\u00fd kras<\/b>, konkr\u00e9tne jeho podcelku <b>Ple\u0161iveck\u00e1 planina<\/b>.<\/p>\n<h2><span style=\"color: #800000;\">Ak\u00e9 v\u00fdnimo\u010dn\u00e9 v\u00fdh\u013eady sa turistom z Gerla\u0161skej skaly naskytn\u00fa?<\/span><\/h2>\n<p><b>Gerla\u0161sk\u00e1 skala<\/b> pon\u00faka zo svojej neve\u013ekej v\u00fdh\u013eadovej plo\u0161iny s malou takmer terasovitou l\u00fa\u010dkou, ktor\u00e1 je situovan\u00e1 na severnom svahu vrcholovej \u010dasti, jedine\u010dn\u00fd <b>v\u00fdh\u013ead<\/b> do okolia. Priamo na sever je mo\u017en\u00e9 vidie\u0165 <b>Rev\u00facku vrchovinu<\/b> s jej dominantami \u2013 vrchmi Tureck\u00e1 (953 m n. m.), Siv\u00e1 skala (740 m n. m.), Ko\u0161ar\u00edsko (765 m n. m.), Repisko (795 m n. m.) a Mn\u00edch (655 m n. m.). Severov\u00fdchodn\u00fd obzor patr\u00ed <b>Volovsk\u00fdm vrchom<\/b> s ikonick\u00fdm v\u00fdh\u013eadov\u00fdm vrchom Volovec \u2013 Skalisko (1293 m n.m.), zatia\u013e \u010do na severoz\u00e1pade sa majest\u00e1tne t\u00fd\u010dia <b>Stolick\u00e9 vrchy<\/b> a impozantn\u00e1 <b>Kr\u00e1\u013eova ho\u013ea (1946 m n.m.)<\/b>. Za priazniv\u00e9ho po\u010dasia sa z v\u00fdh\u013eadovej plo\u0161iny skaln\u00e9ho brala otv\u00e1ra i neopakovate\u013en\u00fd <b>poh\u013ead<\/b> na <b>Vysok\u00e9 Tatry<\/b>, pri\u010dom je vidite\u013en\u00fd aj ich najvy\u0161\u0161\u00ed vrchol, <b>Gerlachovsk\u00fd \u0161t\u00edt (2655 m n.m.)<\/b>. Od najvy\u0161\u0161ieho vrcholu spom\u00ednan\u00fdch <b>Vysok\u00fdch Tatier<\/b>, naz\u00fdvan\u00e9ho Gerlachovsk\u00fd \u0161t\u00edt (2655 m n.m.), je odvoden\u00fd aj n\u00e1zov samotnej skaly \u2013 <b>Gerla\u0161sk\u00e1 skala<\/b>.<\/p>\n<h2><span style=\"color: #800000;\">Ak\u00e9 pr\u00edrodn\u00e9 zauj\u00edmavosti ukr\u00fdva Gerla\u0161sk\u00e1 skala?<\/span><\/h2>\n<p>Pribli\u017ene 35 metrov vysok\u00e9 skaln\u00e9 bralo <b>Gerla\u0161sk\u00e1 skala<\/b> strmo kles\u00e1 do doliny Hon\u010dianskeho potoka. T\u00e1to v\u00fdh\u013eadov\u00e1 skala a nev\u00fdrazn\u00fd planinov\u00fd vrch s\u00fa chr\u00e1nen\u00e9 ako s\u00fa\u010das\u0165 <b>Pr\u00edrodnej rezerv\u00e1cie Gerla\u0161sk\u00e9 skaly<\/b>. Pod skaln\u00fdm \u00fatvarom PR Gerla\u0161sk\u00e9 skaly sa nach\u00e1dza najv\u00e4\u010d\u0161ia hustota jask\u00fd\u0148 na celej <b>Ple\u0161iveckej planine<\/b>, pri\u010dom na malej ploche je zaznamenan\u00fdch a\u017e 17 jask\u00fd\u0148. Najv\u00fdznamnej\u0161ou z nich je jasky\u0148a <b>\u0160ingliarova priepas\u0165<\/b>, ktorej vchod je umiestnen\u00fd v z\u00e1padnej \u010dasti <b>Gerla\u0161sk\u00fdch sk\u00e1l<\/b> pod vysok\u00fdm skaln\u00fdm bralom; v brale asi 15 metrov nad \u0148ou je e\u0161te aj otvor do Malej \u0160ingliarovej jaskyne. V\u00e1pencov\u00e9 steny, ktor\u00e9 s\u00fa miestami tienen\u00e9 z\u00e1vojom preva\u017ene sutinov\u00fdch lesov, pokr\u00fdvaj\u00fa porasty machovo-papra\u010fov\u00e9ho spolo\u010denstva. Nach\u00e1dzaj\u00fa sa tu aj vz\u00e1cne horsk\u00e9 druhy kveteny, ktor\u00e9 sem prenikli zo <b>Slovensk\u00e9ho rudohoria<\/b>, pr\u00edpadne z Mur\u00e1nskej planiny. Patr\u00ed k nim napr\u00edklad prilbica moldavsk\u00e1, zuba\u010dka \u017eliazkat\u00e1 a hrdobarka horsk\u00e1. Hust\u00e9 krovinat\u00e9 spolo\u010denstvo tu zas vytv\u00e1raj\u00fa najm\u00e4 trnky, hlohy a ru\u017ee. Zo suchomiln\u00fdch travinno-bylinn\u00fdch a krovinov\u00fdch porastov sa na <b>Gerla\u0161skej skale<\/b> vyskytuj\u00fa aj vz\u00e1cne druhy ako <b>Poniklec ve\u013ekokvet\u00fd<\/b> (<i>Pulsatilla grandis<\/i>), <b>V\u010deln\u00edk rak\u00fasky<\/b> (<i>Dracocephalum austriacum<\/i>), <b>Poniklec prostredn\u00fd<\/b> (<i>Pulsatilla subslavica<\/i>), <b>Prvosienka hol\u00e1<\/b> (<i>Primula auricula<\/i>) a <b>Kavy\u013e p\u00f4vabn\u00fd<\/b> (<i>Stipa pulcherrima<\/i>).<\/p>\n<h2><span style=\"color: #800000;\">Ako sa dosta\u0165 na Gerla\u0161sk\u00fa skalu?<\/span><\/h2>\n<p>Na Gerla\u0161sk\u00fa skalu ved\u00fa turistick\u00e9 zna\u010dkovan\u00e9 trasy z <a href=\"http:\/\/www.slovensky-kras.eu\/info\/strediska-a-centra\/obec-rakovnica\/\">obce Rakovnica <\/a>(zelen\u00e1 2,15 hod.) a z <a href=\"http:\/\/www.slovensky-kras.eu\/info\/strediska-a-centra\/obec-stitnik\/\">obce \u0160t\u00edtnik<\/a>\u00a0 (modr\u00e1 &#8211; 1,45 hod.).<\/p>\n<p>Dobr\u00fdm v\u00fdchodiskom okrem spom\u00ednan\u00fdch obc\u00ed je aj <a href=\"http:\/\/www.slovensky-kras.eu\/info\/strediska-a-centra\/obec-kruzna\/\">obec Kru\u017en\u00e1<\/a>\u00a0 po \u017eltej turistickej trase po <strong>r\u00e1zcestie Ve\u013ek\u00fd vrch (721 m)<\/strong>, odtia\u013e po zelenej turistickej trase a\u017e ku <strong>r\u00e1zcestn\u00edku Gerla\u0161sk\u00e1 skala (752 m.n.m.)<\/strong>. Celkovo sa d\u00e1 t\u00e1to trasa absolvova\u0165 za 1,45 hod.<\/p>\n<h2><span style=\"color: #800000;\">Ak\u00e9 bezpe\u010dnostn\u00e9 opatrenia treba dodr\u017eiava\u0165 pri n\u00e1v\u0161teve Gerla\u0161skej skaly?<\/span><\/h2>\n<p><b>Gerla\u0161sk\u00e1 skala<\/b> sa nach\u00e1dza v pr\u00edrodnom prostred\u00ed, ktor\u00e9 si vy\u017eaduje zv\u00fd\u0161en\u00fa pozornos\u0165. Priamo na <b>Gerla\u0161skej skale<\/b> je nevyhnutn\u00e9 by\u0165 mimoriadne <b>opatrn\u00fd<\/b>, preto\u017ee hroz\u00ed <b>po\u0161myknutie<\/b> a nebezpe\u010denstvo smrte\u013en\u00e9ho \u00farazu na zr\u00e1znom svahu.<\/p>\n<p>Ke\u010f\u017ee je lokalita s\u00fa\u010das\u0165ou <b>Pr\u00edrodnej rezerv\u00e1cie Gerla\u0161sk\u00e9 skaly<\/b> a m\u00e1 najvy\u0161\u0161\u00ed <b>5. stupe\u0148 ochrany<\/b> pr\u00edrody, platia tu pr\u00edsne obmedzenia, ktor\u00e9 je nutn\u00e9 dodr\u017eiava\u0165:<\/p>\n<ul>\n<li>Plat\u00ed <b>z\u00e1kaz<\/b> pohybova\u0165 sa mimo vyzna\u010den\u00e9ho <b>turistick\u00e9ho chodn\u00edka<\/b> alebo n\u00e1u\u010dn\u00e9ho chodn\u00edka za hranicami zastavan\u00e9ho \u00fazemia obce.<\/li>\n<li>Je striktne <b>zak\u00e1zan\u00e9<\/b> vch\u00e1dza\u0165 s bicyklom na pozemky za hranicami zastavan\u00e9ho \u00fazemia obce, s v\u00fdnimkou dia\u013enice, cesty, miestnej komunik\u00e1cie a vyzna\u010denej cyklotrasy.<\/li>\n<\/ul>\n<p>V pr\u00edpade, \u017ee by bol z v\u00e1\u017enych d\u00f4vodov potrebn\u00fd vstup do pr\u00edrodnej rezerv\u00e1cie s 5. stup\u0148om ochrany mimo stanoven\u00fdch pravidiel, mus\u00edte postupova\u0165 nasledovne:<\/p>\n<ol start=\"1\">\n<li>Je potrebn\u00e9 poda\u0165 <b>\u017eiados\u0165<\/b> na okresn\u00fd \u00farad v s\u00eddle kraja, odbor starostlivosti o \u017eivotn\u00e9 prostredie, o udelenie <b>v\u00fdnimky<\/b> z \u00fazemnej ochrany pod\u013ea <span class=\"math-inline\" data-math=\"\\S 16\">$\\S 16$<\/span> ods. 1 p\u00edsm. a) z\u00e1kona \u010d. 543\/2002 Z.z. o ochrane pr\u00edrody a krajiny v znen\u00ed neskor\u0161\u00edch predpisov.<\/li>\n<li>Tak\u00fato <b>\u017eiados\u0165<\/b> treba riadne <b>od\u00f4vodni\u0165<\/b> a uvies\u0165 d\u00f4vody, pre ktor\u00e9 by mala by\u0165 v\u00fdnimka udelen\u00e1.<\/li>\n<li>Toto podanie je <b>spoplatnen\u00e9<\/b> pod\u013ea polo\u017eky 160 z\u00e1kona \u010d. 145\/1995 o spr\u00e1vnych poplatkoch v znen\u00ed neskor\u0161\u00edch predpisov sumou <span class=\"math-inline\" data-math=\"10 \\text{ Eur}\">$10 \\text{ Eur}$<\/span>, ak \u017eiados\u0165 pod\u00e1va fyzick\u00e1 osoba, alebo <span class=\"math-inline\" data-math=\"100 \\text{ Eur}\">$100 \\text{ Eur}$<\/span>, ak je \u017eiados\u0165 podan\u00e1 pr\u00e1vnickou osobou.<\/li>\n<\/ol>\n<h2 data-path-to-node=\"1\"><span style=\"color: #800000;\">Poves\u0165 o Hane a str\u00e1\u017ecovi Gerla\u0161skej skaly<\/span><\/h2>\n<p data-path-to-node=\"2\">Nad obcou <b data-path-to-node=\"2\" data-index-in-node=\"10\">Rakovn\u00edk<\/b> sa od nepam\u00e4ti t\u00fd\u010di Gerla\u0161sk\u00e1 skala. Star\u00ed \u013eudia rozpr\u00e1vali, \u017ee v jej hlbok\u00fdch jaskyniach preb\u00fdva <b data-path-to-node=\"2\" data-index-in-node=\"117\">Krasomil<\/b> \u2013 duch vrchu, ktor\u00fd m\u00e1 telo z v\u00e1penca a o\u010di sfarben\u00e9 ako mach po da\u017edi. Nebol zl\u00fd, no bol pr\u00edsny a str\u00e1\u017eil ticho planiny pred ka\u017ed\u00fdm, kto by ho chcel naru\u0161i\u0165.<\/p>\n<p data-path-to-node=\"3\">V Rakovn\u00edku vtedy \u017eila diev\u010dina Hana, zn\u00e1ma svoj\u00edm prekr\u00e1snym hlasom. Ke\u010f spievala na l\u00fakach pod skalou, aj vietor ustal, aby ju po\u010dul. Pri\u0161la v\u0161ak krut\u00e1 zima a po nej jar, ktor\u00e1 nepriniesla vlahu, ale chorobu. Hanin mlad\u0161\u00ed brat ochorel tak v\u00e1\u017ene, \u017ee mu u\u017e nikto v dedine ned\u00e1val n\u00e1dej. Jedinou z\u00e1chranou bola vz\u00e1cna pramenit\u00e1 voda, ktor\u00e1 vyvierala hlboko v \u00fatrob\u00e1ch Gerla\u0161skej skaly, v mieste, kam sa \u017eiaden smrte\u013en\u00edk neodv\u00e1\u017eil vst\u00fapi\u0165.<\/p>\n<p data-path-to-node=\"4\">L\u00e1ska k bratovi bola silnej\u0161ia ne\u017e strach z nezn\u00e1ma. Hana sa vybrala k jaskyniam pod skaln\u00fdm bralom. Ke\u010f vst\u00fapila do chladnej tmy, zastala pred \u0148ou mohutn\u00e1 postava Krasomila.<\/p>\n<p data-path-to-node=\"5\">\u201e\u010co h\u013ead\u00e1\u0161 v mojom kr\u00e1\u013eovstve, dc\u00e9ra z doliny?\u201c zahrmel duch a skaly sa zatriasli.<\/p>\n<p data-path-to-node=\"6\">Hana padla na kolen\u00e1 a bez dychu vyrozpr\u00e1vala svoj \u017eia\u013e. \u201eM\u00f4j pane, m\u00f4j brat umiera. Pros\u00edm len o d\u00fa\u0161ok \u017eivej vody z tvojho prame\u0148a. Vezmi si za \u0148u \u010doko\u013evek, \u010do vlastn\u00edm, hoci toho nie je ve\u013ea.\u201c<\/p>\n<p data-path-to-node=\"7\">Duch hory sa na \u0148u dlho d\u00edval. Poznal jej piese\u0148, ktor\u00fa sl\u00fdchal z l\u00fak, a vedel, \u017ee jej srdce je \u010dist\u00e9 ako v\u00e1pencov\u00fd kry\u0161t\u00e1l. \u201eD\u00e1m ti t\u00fa vodu,\u201c povedal Krasomil tich\u0161ie, \u201eale tvoj hlas u\u017e nebude patri\u0165 \u013eu\u010fom. Zostane tu so mnou, aby lie\u010dil moju samotu v chladn\u00fdch skal\u00e1ch.\u201c<\/p>\n<p data-path-to-node=\"8\">Hana bez zav\u00e1hania prik\u00fdvla. V tej chv\u00edli jej hrdlo stiahlo a z pier nevy\u0161iel ani zvuk. Krasomil jej podal kr\u010dah s kri\u0161t\u00e1\u013eovou vodou a vyviedol ju von na svetlo.<\/p>\n<p data-path-to-node=\"9\">Hana sa vr\u00e1tila do Rakovn\u00edka, podala bratovi vodu a ten do r\u00e1na vyzdravel. Hoci diev\u010dina do konca \u017eivota neprehovorila, jej o\u010di \u017eiarili pokojom. A hovor\u00ed sa, \u017ee odvtedy, ke\u010f pod Gerla\u0161skou skalou zaf\u00faka ju\u017en\u00fd vietor, z hlb\u00edn jask\u00fd\u0148 sa oz\u00fdva tich\u00e9, \u013e\u00fabezn\u00e9 spievanie. Je to Hanin hlas, ktor\u00fdm Krasomil dodnes \u010fakuje za jej obetu a str\u00e1\u017ei pokoj nad cel\u00fdm Rakovn\u00edkom.<\/p>\n<h2><span style=\"color: #800000;\">Fotogal\u00e9ria<\/span><\/h2>\n<style type=\"text\/css\">\n#foogallery-gallery-28464 .fg-image { width: 200px; }<\/style>\n\t\t\t<div class=\"foogallery foogallery-container foogallery-carousel foogallery-lightbox-foogallery fg-carousel fg-ready fg-light fg-border-medium fg-round-small fg-shadow-medium fg-loading-default fg-loaded-fade-in fg-hover-semi-zoomed fg-hover-fade fg-hover-circle-plus2\" id=\"foogallery-gallery-28464\" data-foogallery=\"{&quot;item&quot;:{&quot;showCaptionTitle&quot;:true,&quot;showCaptionDescription&quot;:true},&quot;lazy&quot;:true,&quot;template&quot;:{&quot;maxItems&quot;:5,&quot;scale&quot;:0.11999999999999999555910790149937383830547332763671875,&quot;gutter&quot;:{&quot;min&quot;:-40,&quot;max&quot;:-20,&quot;unit&quot;:&quot;%&quot;},&quot;autoplay&quot;:{&quot;time&quot;:0,&quot;interaction&quot;:&quot;pause&quot;},&quot;centerOnClick&quot;:true,&quot;align&quot;:&quot;center&quot;,&quot;activePosition&quot;:&quot;center&quot;}}\" data-foogallery-lightbox=\"{&quot;thumbs&quot;:&quot;bottom&quot;,&quot;thumbsCaptions&quot;:false,&quot;thumbsBestFit&quot;:false,&quot;thumbsSmall&quot;:false,&quot;thumbsCaptionsAlign&quot;:&quot;default&quot;,&quot;info&quot;:&quot;bottom&quot;,&quot;infoVisible&quot;:true,&quot;infoOverlay&quot;:true,&quot;infoAlign&quot;:&quot;default&quot;,&quot;transition&quot;:&quot;fade&quot;,&quot;hoverButtons&quot;:false,&quot;fitMedia&quot;:false,&quot;noScrollbars&quot;:true,&quot;preserveButtonSpace&quot;:true,&quot;buttons&quot;:{&quot;fullscreen&quot;:true,&quot;info&quot;:true,&quot;thumbs&quot;:false},&quot;video&quot;:{&quot;autoPlay&quot;:true}}\" style=\"--fg-title-line-clamp: 0; --fg-description-line-clamp: 0;\" >\n\t<button type=\"button\" class=\"fg-carousel-prev\" title=\"Previous\"><\/button>\n\t<div class=\"fg-carousel-inner\">\n\t\t<div class=\"fg-carousel-center\"><\/div>\n\t\t<div class=\"fg-item fg-type-image fg-idle\"><figure class=\"fg-item-inner\"><a href=\"https:\/\/www.slovensky-kras.eu\/info\/wp-content\/uploads\/2025\/11\/img_2712.jpg\" data-attachment-id=\"28465\" data-type=\"image\" class=\"fg-thumb\"><span class=\"fg-image-wrap\"><img decoding=\"async\" width=\"200\" height=\"200\" class=\"skip-lazy fg-image\" data-src-fg=\"https:\/\/www.slovensky-kras.eu\/info\/wp-content\/uploads\/cache\/2025\/11\/img_2712\/3550892509.jpg\" src=\"data:image\/svg+xml,%3Csvg%20xmlns%3D%22http%3A%2F%2Fwww.w3.org%2F2000%2Fsvg%22%20width%3D%22200%22%20height%3D%22200%22%20viewBox%3D%220%200%20200%20200%22%3E%3C%2Fsvg%3E\" loading=\"eager\"><\/span><span class=\"fg-image-overlay\"><\/span><\/a><\/figure><div class=\"fg-loader\"><\/div><\/div><div class=\"fg-item fg-type-image fg-idle\"><figure class=\"fg-item-inner\"><a href=\"https:\/\/www.slovensky-kras.eu\/info\/wp-content\/uploads\/2025\/11\/img_2722.jpg\" data-attachment-id=\"28466\" data-type=\"image\" class=\"fg-thumb\"><span class=\"fg-image-wrap\"><img decoding=\"async\" width=\"200\" height=\"200\" class=\"skip-lazy fg-image\" data-src-fg=\"https:\/\/www.slovensky-kras.eu\/info\/wp-content\/uploads\/cache\/2025\/11\/img_2722\/1281974637.jpg\" src=\"data:image\/svg+xml,%3Csvg%20xmlns%3D%22http%3A%2F%2Fwww.w3.org%2F2000%2Fsvg%22%20width%3D%22200%22%20height%3D%22200%22%20viewBox%3D%220%200%20200%20200%22%3E%3C%2Fsvg%3E\" loading=\"eager\"><\/span><span class=\"fg-image-overlay\"><\/span><\/a><\/figure><div class=\"fg-loader\"><\/div><\/div><div class=\"fg-item fg-type-image fg-idle\"><figure class=\"fg-item-inner\"><a href=\"https:\/\/www.slovensky-kras.eu\/info\/wp-content\/uploads\/2025\/11\/img_2743.jpg\" data-attachment-id=\"28467\" data-type=\"image\" class=\"fg-thumb\"><span class=\"fg-image-wrap\"><img decoding=\"async\" alt=\"Gerla\u0161sk\u00e1 skala (752 m n.m.)\" width=\"200\" height=\"200\" class=\"skip-lazy fg-image\" data-src-fg=\"https:\/\/www.slovensky-kras.eu\/info\/wp-content\/uploads\/cache\/2025\/11\/img_2743\/923632704.jpg\" src=\"data:image\/svg+xml,%3Csvg%20xmlns%3D%22http%3A%2F%2Fwww.w3.org%2F2000%2Fsvg%22%20width%3D%22200%22%20height%3D%22200%22%20viewBox%3D%220%200%20200%20200%22%3E%3C%2Fsvg%3E\" loading=\"eager\"><\/span><span class=\"fg-image-overlay\"><\/span><\/a><\/figure><div class=\"fg-loader\"><\/div><\/div><div class=\"fg-item fg-type-image fg-idle\"><figure class=\"fg-item-inner\"><a href=\"https:\/\/www.slovensky-kras.eu\/info\/wp-content\/uploads\/2025\/11\/img_2746.jpg\" data-attachment-id=\"28468\" data-type=\"image\" class=\"fg-thumb\"><span class=\"fg-image-wrap\"><img decoding=\"async\" width=\"200\" height=\"200\" class=\"skip-lazy fg-image\" data-src-fg=\"https:\/\/www.slovensky-kras.eu\/info\/wp-content\/uploads\/cache\/2025\/11\/img_2746\/3695225541.jpg\" src=\"data:image\/svg+xml,%3Csvg%20xmlns%3D%22http%3A%2F%2Fwww.w3.org%2F2000%2Fsvg%22%20width%3D%22200%22%20height%3D%22200%22%20viewBox%3D%220%200%20200%20200%22%3E%3C%2Fsvg%3E\" loading=\"eager\"><\/span><span class=\"fg-image-overlay\"><\/span><\/a><\/figure><div class=\"fg-loader\"><\/div><\/div><div class=\"fg-item fg-type-image fg-idle\"><figure class=\"fg-item-inner\"><a href=\"https:\/\/www.slovensky-kras.eu\/info\/wp-content\/uploads\/2025\/11\/img_2752.jpg\" data-attachment-id=\"28469\" data-type=\"image\" class=\"fg-thumb\"><span class=\"fg-image-wrap\"><img decoding=\"async\" width=\"200\" height=\"200\" class=\"skip-lazy fg-image\" data-src-fg=\"https:\/\/www.slovensky-kras.eu\/info\/wp-content\/uploads\/cache\/2025\/11\/img_2752\/2342857797.jpg\" src=\"data:image\/svg+xml,%3Csvg%20xmlns%3D%22http%3A%2F%2Fwww.w3.org%2F2000%2Fsvg%22%20width%3D%22200%22%20height%3D%22200%22%20viewBox%3D%220%200%20200%20200%22%3E%3C%2Fsvg%3E\" loading=\"eager\"><\/span><span class=\"fg-image-overlay\"><\/span><\/a><\/figure><div class=\"fg-loader\"><\/div><\/div><div class=\"fg-item fg-type-image fg-idle\"><figure class=\"fg-item-inner\"><a href=\"https:\/\/www.slovensky-kras.eu\/info\/wp-content\/uploads\/2025\/11\/img_2756.jpg\" data-attachment-id=\"28470\" data-type=\"image\" class=\"fg-thumb\"><span class=\"fg-image-wrap\"><img decoding=\"async\" width=\"200\" height=\"200\" class=\"skip-lazy fg-image\" data-src-fg=\"https:\/\/www.slovensky-kras.eu\/info\/wp-content\/uploads\/cache\/2025\/11\/img_2756\/82517151.jpg\" src=\"data:image\/svg+xml,%3Csvg%20xmlns%3D%22http%3A%2F%2Fwww.w3.org%2F2000%2Fsvg%22%20width%3D%22200%22%20height%3D%22200%22%20viewBox%3D%220%200%20200%20200%22%3E%3C%2Fsvg%3E\" loading=\"eager\"><\/span><span class=\"fg-image-overlay\"><\/span><\/a><\/figure><div class=\"fg-loader\"><\/div><\/div><div class=\"fg-item fg-type-image fg-idle\"><figure class=\"fg-item-inner\"><a href=\"https:\/\/www.slovensky-kras.eu\/info\/wp-content\/uploads\/2025\/11\/img_2758.jpg\" data-attachment-id=\"28471\" data-type=\"image\" class=\"fg-thumb\"><span class=\"fg-image-wrap\"><img decoding=\"async\" width=\"200\" height=\"200\" class=\"skip-lazy fg-image\" data-src-fg=\"https:\/\/www.slovensky-kras.eu\/info\/wp-content\/uploads\/cache\/2025\/11\/img_2758\/3585446548.jpg\" src=\"data:image\/svg+xml,%3Csvg%20xmlns%3D%22http%3A%2F%2Fwww.w3.org%2F2000%2Fsvg%22%20width%3D%22200%22%20height%3D%22200%22%20viewBox%3D%220%200%20200%20200%22%3E%3C%2Fsvg%3E\" loading=\"eager\"><\/span><span class=\"fg-image-overlay\"><\/span><\/a><\/figure><div class=\"fg-loader\"><\/div><\/div><div class=\"fg-item fg-type-image fg-idle\"><figure class=\"fg-item-inner\"><a href=\"https:\/\/www.slovensky-kras.eu\/info\/wp-content\/uploads\/2025\/11\/img_2764.jpg\" data-attachment-id=\"28472\" data-type=\"image\" class=\"fg-thumb\"><span class=\"fg-image-wrap\"><img decoding=\"async\" width=\"200\" height=\"200\" class=\"skip-lazy fg-image\" data-src-fg=\"https:\/\/www.slovensky-kras.eu\/info\/wp-content\/uploads\/cache\/2025\/11\/img_2764\/765139220.jpg\" src=\"data:image\/svg+xml,%3Csvg%20xmlns%3D%22http%3A%2F%2Fwww.w3.org%2F2000%2Fsvg%22%20width%3D%22200%22%20height%3D%22200%22%20viewBox%3D%220%200%20200%20200%22%3E%3C%2Fsvg%3E\" loading=\"eager\"><\/span><span class=\"fg-image-overlay\"><\/span><\/a><\/figure><div class=\"fg-loader\"><\/div><\/div><div class=\"fg-item fg-type-image fg-idle\"><figure class=\"fg-item-inner\"><a href=\"https:\/\/www.slovensky-kras.eu\/info\/wp-content\/uploads\/2025\/11\/img_2767.jpg\" data-attachment-id=\"28473\" data-type=\"image\" class=\"fg-thumb\"><span class=\"fg-image-wrap\"><img decoding=\"async\" width=\"200\" height=\"200\" class=\"skip-lazy fg-image\" data-src-fg=\"https:\/\/www.slovensky-kras.eu\/info\/wp-content\/uploads\/cache\/2025\/11\/img_2767\/1740669646.jpg\" src=\"data:image\/svg+xml,%3Csvg%20xmlns%3D%22http%3A%2F%2Fwww.w3.org%2F2000%2Fsvg%22%20width%3D%22200%22%20height%3D%22200%22%20viewBox%3D%220%200%20200%20200%22%3E%3C%2Fsvg%3E\" loading=\"eager\"><\/span><span class=\"fg-image-overlay\"><\/span><\/a><\/figure><div class=\"fg-loader\"><\/div><\/div><div class=\"fg-item fg-type-image fg-idle\"><figure class=\"fg-item-inner\"><a href=\"https:\/\/www.slovensky-kras.eu\/info\/wp-content\/uploads\/2020\/12\/gerlaska.jpg\" data-attachment-id=\"18368\" data-type=\"image\" class=\"fg-thumb\"><span class=\"fg-image-wrap\"><img decoding=\"async\" width=\"200\" height=\"200\" class=\"skip-lazy fg-image\" data-src-fg=\"https:\/\/www.slovensky-kras.eu\/info\/wp-content\/uploads\/cache\/2020\/12\/gerlaska\/2623227508.jpg\" src=\"data:image\/svg+xml,%3Csvg%20xmlns%3D%22http%3A%2F%2Fwww.w3.org%2F2000%2Fsvg%22%20width%3D%22200%22%20height%3D%22200%22%20viewBox%3D%220%200%20200%20200%22%3E%3C%2Fsvg%3E\" loading=\"eager\"><\/span><span class=\"fg-image-overlay\"><\/span><\/a><\/figure><div class=\"fg-loader\"><\/div><\/div><div class=\"fg-item fg-type-image fg-idle\"><figure class=\"fg-item-inner\"><a href=\"https:\/\/www.slovensky-kras.eu\/info\/wp-content\/uploads\/2025\/11\/gerlasska-skala-4.jpeg\" data-caption-title=\"Gerla\u0161sk\u00e1 skala (752 m n.m.)\" data-attachment-id=\"29676\" data-type=\"image\" class=\"fg-thumb\"><span class=\"fg-image-wrap\"><img decoding=\"async\" alt=\"Gerla\u0161sk\u00e1 skala (752 m n.m.)\" title=\"Gerla\u0161sk\u00e1 skala (752 m n.m.)\" width=\"200\" height=\"200\" class=\"skip-lazy fg-image\" data-src-fg=\"https:\/\/www.slovensky-kras.eu\/info\/wp-content\/uploads\/cache\/2025\/11\/gerlasska-skala-4\/2240111383.jpeg\" src=\"data:image\/svg+xml,%3Csvg%20xmlns%3D%22http%3A%2F%2Fwww.w3.org%2F2000%2Fsvg%22%20width%3D%22200%22%20height%3D%22200%22%20viewBox%3D%220%200%20200%20200%22%3E%3C%2Fsvg%3E\" loading=\"eager\"><\/span><span class=\"fg-image-overlay\"><\/span><\/a><figcaption class=\"fg-caption\"><div class=\"fg-caption-inner\"><div class=\"fg-caption-title\">Gerla\u0161sk\u00e1 skala (752 m n.m.)<\/div><\/div><\/figcaption><\/figure><div class=\"fg-loader\"><\/div><\/div><div class=\"fg-item fg-type-image fg-idle\"><figure class=\"fg-item-inner\"><a href=\"https:\/\/www.slovensky-kras.eu\/info\/wp-content\/uploads\/2025\/11\/gerlasska-skala-3.jpeg\" data-caption-title=\"Gerla\u0161sk\u00e1 skala (752 m n.m.)\" data-attachment-id=\"29677\" data-type=\"image\" class=\"fg-thumb\"><span class=\"fg-image-wrap\"><img decoding=\"async\" alt=\"Gerla\u0161sk\u00e1 skala (752 m n.m.)\" title=\"Gerla\u0161sk\u00e1 skala (752 m n.m.)\" width=\"200\" height=\"200\" class=\"skip-lazy fg-image\" data-src-fg=\"https:\/\/www.slovensky-kras.eu\/info\/wp-content\/uploads\/cache\/2025\/11\/gerlasska-skala-3\/3819361656.jpeg\" src=\"data:image\/svg+xml,%3Csvg%20xmlns%3D%22http%3A%2F%2Fwww.w3.org%2F2000%2Fsvg%22%20width%3D%22200%22%20height%3D%22200%22%20viewBox%3D%220%200%20200%20200%22%3E%3C%2Fsvg%3E\" loading=\"eager\"><\/span><span class=\"fg-image-overlay\"><\/span><\/a><figcaption class=\"fg-caption\"><div class=\"fg-caption-inner\"><div class=\"fg-caption-title\">Gerla\u0161sk\u00e1 skala (752 m n.m.)<\/div><\/div><\/figcaption><\/figure><div class=\"fg-loader\"><\/div><\/div><div class=\"fg-item fg-type-image fg-idle\"><figure class=\"fg-item-inner\"><a href=\"https:\/\/www.slovensky-kras.eu\/info\/wp-content\/uploads\/2025\/11\/gerlasska-skala-2.jpeg\" data-caption-title=\"Gerla\u0161sk\u00e1 skala (752 m n.m.)\" data-attachment-id=\"29678\" data-type=\"image\" class=\"fg-thumb\"><span class=\"fg-image-wrap\"><img decoding=\"async\" alt=\"Gerla\u0161sk\u00e1 skala (752 m n.m.)\" title=\"Gerla\u0161sk\u00e1 skala (752 m n.m.)\" width=\"200\" height=\"200\" class=\"skip-lazy fg-image\" data-src-fg=\"https:\/\/www.slovensky-kras.eu\/info\/wp-content\/uploads\/cache\/2025\/11\/gerlasska-skala-2\/3909557881.jpeg\" src=\"data:image\/svg+xml,%3Csvg%20xmlns%3D%22http%3A%2F%2Fwww.w3.org%2F2000%2Fsvg%22%20width%3D%22200%22%20height%3D%22200%22%20viewBox%3D%220%200%20200%20200%22%3E%3C%2Fsvg%3E\" loading=\"eager\"><\/span><span class=\"fg-image-overlay\"><\/span><\/a><figcaption class=\"fg-caption\"><div class=\"fg-caption-inner\"><div class=\"fg-caption-title\">Gerla\u0161sk\u00e1 skala (752 m n.m.)<\/div><\/div><\/figcaption><\/figure><div class=\"fg-loader\"><\/div><\/div><div class=\"fg-item fg-type-image fg-idle\"><figure class=\"fg-item-inner\"><a href=\"https:\/\/www.slovensky-kras.eu\/info\/wp-content\/uploads\/2025\/11\/gerlasska-skala-1.jpeg\" data-caption-title=\"Gerla\u0161sk\u00e1 skala (752 m n.m.)\" data-attachment-id=\"29679\" data-type=\"image\" class=\"fg-thumb\"><span class=\"fg-image-wrap\"><img decoding=\"async\" alt=\"Gerla\u0161sk\u00e1 skala (752 m n.m.)\" title=\"Gerla\u0161sk\u00e1 skala (752 m n.m.)\" width=\"200\" height=\"200\" class=\"skip-lazy fg-image\" data-src-fg=\"https:\/\/www.slovensky-kras.eu\/info\/wp-content\/uploads\/cache\/2025\/11\/gerlasska-skala-1\/3536386330.jpeg\" src=\"data:image\/svg+xml,%3Csvg%20xmlns%3D%22http%3A%2F%2Fwww.w3.org%2F2000%2Fsvg%22%20width%3D%22200%22%20height%3D%22200%22%20viewBox%3D%220%200%20200%20200%22%3E%3C%2Fsvg%3E\" loading=\"eager\"><\/span><span class=\"fg-image-overlay\"><\/span><\/a><figcaption class=\"fg-caption\"><div class=\"fg-caption-inner\"><div class=\"fg-caption-title\">Gerla\u0161sk\u00e1 skala (752 m n.m.)<\/div><\/div><\/figcaption><\/figure><div class=\"fg-loader\"><\/div><\/div>\t<\/div>\n\t<div class=\"fg-carousel-bottom\"><\/div>\n\t<div class=\"fg-carousel-progress\"><\/div>\n\t<button type=\"button\" class=\"fg-carousel-next\" title=\"Next\"><\/button>\n<\/div>\n<h3><span style=\"color: #808000;\">Bl\u00edzke stredisko, turistick\u00e9 centrum, obec alebo mesto<\/span><\/h3>\n<ul>\n<li><a href=\"http:\/\/www.slovensky-kras.eu\/info\/strediska-a-centra\/obec-stitnik\/\">Obec \u0160t\u00edtnik (\u010d\u00edtaj viac&#8230;)<\/a><\/li>\n<\/ul>\n<ul>\n<li><a href=\"http:\/\/www.slovensky-kras.eu\/info\/strediska-a-centra\/obec-rakovnica\/\">Obec Rakovnica (\u010d\u00edtaj viac&#8230;)<\/a><\/li>\n<\/ul>\n<ul>\n<li><a href=\"http:\/\/www.slovensky-kras.eu\/info\/strediska-a-centra\/obec-kruzna\/\">Obec Kru\u017en\u00e1 (\u010d\u00edtaj viac&#8230;)<\/a><\/li>\n<\/ul>\n<h2><span style=\"color: #800000;\">Mapy<\/span><\/h2>\n<p><strong>Vrstvy: <\/strong>Turistick\u00e1 mapa, Automapa, Cyklomapa, Ly\u017eiarska mapa, Satelitn\u00e1 mapa a OpenStreetMap.<\/p>\n<p><strong>Kliknut\u00edm na logo &#8222;Freemap.sk&#8220; sa V\u00e1m mapa zobraz\u00ed na celej ploche obrazovky.<\/strong><\/p>\n<p><iframe style=\"width: 900px; height: 600px; border: 0;\" src=\"https:\/\/www.freemap.sk\/?map=13\/48.655877\/20.424356&amp;info-point=48.655877\/20.424356,Gerla\u0161sk\u00e1 skala&amp;layers=X&amp;embed=search\" allowfullscreen=\"allowfullscreen\"><\/iframe><\/p>\n<h2><span style=\"color: #800000;\"><strong>Po\u010dasie<\/strong><\/span><br \/>\n<iframe style=\"width: 900px; height: 609px;\" src=\"https:\/\/www.meteoblue.com\/sk\/po%C4%8Dasie\/widget\/three\/48.658N20.423E742_Europe%2FBratislava?geoloc=fixed&amp;nocurrent=0&amp;noforecast=0&amp;days=6&amp;tempunit=CELSIUS&amp;windunit=KILOMETER_PER_HOUR&amp;layout=image\" frameborder=\"0\" scrolling=\"NO\" sandbox=\"allow-same-origin allow-scripts allow-popups allow-popups-to-escape-sandbox\"><\/iframe><\/h2>\n<div><!-- DO NOT REMOVE THIS LINK --><a href=\"https:\/\/www.meteoblue.com\/sk\/po%C4%8Dasie\/predpove%C4%8F\/t%C3%BD%C5%BEde%C5%88\/48.658N20.423E742_Europe%2FBratislava?utm_source=weather_widget&amp;utm_medium=linkus&amp;utm_content=three&amp;utm_campaign=Weather%2BWidget\" target=\"_blank\" rel=\"noopener noreferrer\">meteoblue<\/a><\/div>\n<h2><span style=\"color: #800000;\">Vide\u00e1<\/span><\/h2>\n<p><iframe loading=\"lazy\" src=\"\/\/www.youtube-nocookie.com\/embed\/PDbKn9K30RI\" width=\"800\" height=\"500\" frameborder=\"0\" allowfullscreen=\"allowfullscreen\"><\/iframe><\/p>\n","protected":false},"excerpt":{"rendered":"<p>Menu: Podkateg\u00f3ria: Pozn\u00e1te \u201emal\u00fd Gerlach\u201c v Slovenskom krase? Hoci m\u00e1 Gerla\u0161sk\u00e1 skala len 752 m n. m., pon\u00faka jeden z najkraj\u0161\u00edch v\u00fdh\u013eadov na Slovensku. Z jej v\u00e1pencov\u00e9ho brala uvid\u00edte nielen [&hellip;]<\/p>\n","protected":false},"author":1,"featured_media":29676,"parent":13,"menu_order":0,"comment_status":"closed","ping_status":"open","template":"","meta":{"_uag_custom_page_level_css":"","footnotes":""},"class_list":["post-402","page","type-page","status-publish","has-post-thumbnail","hentry"],"featured_image_src":"https:\/\/www.slovensky-kras.eu\/info\/wp-content\/uploads\/2025\/11\/gerlasska-skala-4.jpeg","featured_image_src_square":"https:\/\/www.slovensky-kras.eu\/info\/wp-content\/uploads\/2025\/11\/gerlasska-skala-4.jpeg","rbea_author_info":{"display_name":"admin","author_link":"https:\/\/www.slovensky-kras.eu\/info\/author\/admin\/"},"rbea_excerpt_info":"Menu: Podkateg\u00f3ria: Pozn\u00e1te \u201emal\u00fd Gerlach\u201c v Slovenskom krase? Hoci m\u00e1 Gerla\u0161sk\u00e1 skala len 752 m n. m., pon\u00faka jeden z najkraj\u0161\u00edch v\u00fdh\u013eadov na Slovensku. Z jej v\u00e1pencov\u00e9ho brala uvid\u00edte nielen [&hellip;]","uagb_featured_image_src":{"full":["https:\/\/www.slovensky-kras.eu\/info\/wp-content\/uploads\/2025\/11\/gerlasska-skala-4.jpeg",1376,768,false],"thumbnail":["https:\/\/www.slovensky-kras.eu\/info\/wp-content\/uploads\/2025\/11\/gerlasska-skala-4-150x150.jpeg",150,150,true],"medium":["https:\/\/www.slovensky-kras.eu\/info\/wp-content\/uploads\/2025\/11\/gerlasska-skala-4-800x447.jpeg",800,447,true],"medium_large":["https:\/\/www.slovensky-kras.eu\/info\/wp-content\/uploads\/2025\/11\/gerlasska-skala-4-768x429.jpeg",768,429,true],"large":["https:\/\/www.slovensky-kras.eu\/info\/wp-content\/uploads\/2025\/11\/gerlasska-skala-4-1024x572.jpeg",1024,572,true],"1536x1536":["https:\/\/www.slovensky-kras.eu\/info\/wp-content\/uploads\/2025\/11\/gerlasska-skala-4.jpeg",1376,768,false],"2048x2048":["https:\/\/www.slovensky-kras.eu\/info\/wp-content\/uploads\/2025\/11\/gerlasska-skala-4.jpeg",1376,768,false]},"uagb_author_info":{"display_name":"admin","author_link":"https:\/\/www.slovensky-kras.eu\/info\/author\/admin\/"},"uagb_comment_info":0,"uagb_excerpt":"Menu: Podkateg\u00f3ria: Pozn\u00e1te \u201emal\u00fd Gerlach\u201c v Slovenskom krase? Hoci m\u00e1 Gerla\u0161sk\u00e1 skala len 752 m n. m., pon\u00faka jeden z najkraj\u0161\u00edch v\u00fdh\u013eadov na Slovensku. Z jej v\u00e1pencov\u00e9ho brala uvid\u00edte nielen [&hellip;]","_links":{"self":[{"href":"https:\/\/www.slovensky-kras.eu\/info\/wp-json\/wp\/v2\/pages\/402","targetHints":{"allow":["GET"]}}],"collection":[{"href":"https:\/\/www.slovensky-kras.eu\/info\/wp-json\/wp\/v2\/pages"}],"about":[{"href":"https:\/\/www.slovensky-kras.eu\/info\/wp-json\/wp\/v2\/types\/page"}],"author":[{"embeddable":true,"href":"https:\/\/www.slovensky-kras.eu\/info\/wp-json\/wp\/v2\/users\/1"}],"replies":[{"embeddable":true,"href":"https:\/\/www.slovensky-kras.eu\/info\/wp-json\/wp\/v2\/comments?post=402"}],"version-history":[{"count":15,"href":"https:\/\/www.slovensky-kras.eu\/info\/wp-json\/wp\/v2\/pages\/402\/revisions"}],"predecessor-version":[{"id":29680,"href":"https:\/\/www.slovensky-kras.eu\/info\/wp-json\/wp\/v2\/pages\/402\/revisions\/29680"}],"up":[{"embeddable":true,"href":"https:\/\/www.slovensky-kras.eu\/info\/wp-json\/wp\/v2\/pages\/13"}],"wp:featuredmedia":[{"embeddable":true,"href":"https:\/\/www.slovensky-kras.eu\/info\/wp-json\/wp\/v2\/media\/29676"}],"wp:attachment":[{"href":"https:\/\/www.slovensky-kras.eu\/info\/wp-json\/wp\/v2\/media?parent=402"}],"curies":[{"name":"wp","href":"https:\/\/api.w.org\/{rel}","templated":true}]}}