{"id":398,"date":"2013-06-29T13:14:03","date_gmt":"2013-06-29T11:14:03","guid":{"rendered":"http:\/\/www.slovensky-kras.eu\/info\/?page_id=398"},"modified":"2026-03-26T08:32:33","modified_gmt":"2026-03-26T07:32:33","slug":"cukrova-homola-105-m-n-m","status":"publish","type":"page","link":"https:\/\/www.slovensky-kras.eu\/info\/kam-do-prirody\/cukrova-homola-105-m-n-m\/","title":{"rendered":"Cukrov\u00e1 homo\u013ea"},"content":{"rendered":"<p><strong>Menu: <\/strong> <a href=\"http:\/\/www.slovensky-kras.eu\/info\/\" class=\"su-button su-button-style-default\" style=\"color:#000000;background-color:#FFCF2F;border-color:#cca626;border-radius:5px\" target=\"_self\"><span style=\"color:#000000;padding:6px 16px;font-size:13px;line-height:20px;border-color:#ffde6e;border-radius:5px;text-shadow:none\"><i class=\"sui sui-arrow-right\" style=\"font-size:13px;color:#000000\"><\/i>  \u00davod \/ Aktuality <\/span><\/a>\n<a href=\"http:\/\/www.slovensky-kras.eu\/info\/kam-do-prirody\/\" class=\"su-button su-button-style-default\" style=\"color:#000000;background-color:#FFCF2F;border-color:#cca626;border-radius:5px\" target=\"_self\"><span style=\"color:#000000;padding:6px 16px;font-size:13px;line-height:20px;border-color:#ffde6e;border-radius:5px;text-shadow:none\"><i class=\"sui sui-arrow-right\" style=\"font-size:13px;color:#000000\"><\/i>  Kam do pr\u00edrody <\/span><\/a>\n<p><strong>Podkateg\u00f3ria: <\/strong> <a href=\"http:\/\/www.slovensky-kras.eu\/info\/kam-do-prirody\/vrchy-skaly-a-sedla\/\" class=\"su-button su-button-style-default\" style=\"color:#000000;background-color:#C5ED2C;border-color:#9ebe24;border-radius:5px\" target=\"_self\"><span style=\"color:#000000;padding:6px 16px;font-size:13px;line-height:20px;border-color:#d7f36c;border-radius:5px;text-shadow:none\"><i class=\"sui sui-arrow-right\" style=\"font-size:13px;color:#000000\"><\/i>  Vrchy, skaly, vyhliadky a sedl\u00e1 <\/span><\/a>\n<div class=\"su-divider su-divider-style-default\" style=\"margin:15px 0;border-width:2px;border-color:#000000\"><\/div>\n<figure id=\"attachment_29656\" aria-describedby=\"caption-attachment-29656\" style=\"width: 900px\" class=\"wp-caption aligncenter\"><a href=\"https:\/\/www.slovensky-kras.eu\/info\/wp-content\/uploads\/2025\/11\/cukrova-homala-jar.jpeg\"><img loading=\"lazy\" decoding=\"async\" class=\"wp-image-29656\" src=\"https:\/\/www.slovensky-kras.eu\/info\/wp-content\/uploads\/2025\/11\/cukrova-homala-jar.jpeg\" alt=\"Cukrov\u00e1 homo\u013ea\" width=\"900\" height=\"502\" srcset=\"https:\/\/www.slovensky-kras.eu\/info\/wp-content\/uploads\/2025\/11\/cukrova-homala-jar.jpeg 1376w, https:\/\/www.slovensky-kras.eu\/info\/wp-content\/uploads\/2025\/11\/cukrova-homala-jar-800x447.jpeg 800w, https:\/\/www.slovensky-kras.eu\/info\/wp-content\/uploads\/2025\/11\/cukrova-homala-jar-1024x572.jpeg 1024w, https:\/\/www.slovensky-kras.eu\/info\/wp-content\/uploads\/2025\/11\/cukrova-homala-jar-768x429.jpeg 768w\" sizes=\"auto, (max-width: 900px) 100vw, 900px\" \/><\/a><figcaption id=\"caption-attachment-29656\" class=\"wp-caption-text\">Cukrov\u00e1 homo\u013ea<\/figcaption><\/figure>\n<div class=\"su-divider su-divider-style-default\" style=\"margin:15px 0;border-width:2px;border-color:#000000\"><\/div>\n<h2 data-path-to-node=\"2\"><span style=\"color: #800000;\">Rio de Janeiro priamo v srdci Slovensk\u00e9ho krasu?<\/span><\/h2>\n<p data-path-to-node=\"3\">Vedeli ste, \u017ee za jednou z najfotografovanej\u0161\u00edch skaln\u00fdch ve\u017e\u00ed sveta nemus\u00edte letie\u0165 a\u017e do Braz\u00edlie? Tento monument\u00e1lny k\u00fasok pr\u00edrody m\u00e1me priamo pod nosom, v dychber\u00facej <b data-path-to-node=\"3\" data-index-in-node=\"171\">Z\u00e1dielskej ties\u0148ave<\/b>. Predstavte si <b data-path-to-node=\"3\" data-index-in-node=\"206\">105 metrov vysok\u00fd v\u00e1pencov\u00fd obelisk<\/b>, ktor\u00fd sa t\u00fd\u010di k nebu ako nem\u00fd str\u00e1\u017eca hlbok\u00e9ho ka\u0148onu.<\/p>\n<p data-path-to-node=\"4\"><b data-path-to-node=\"4\" data-index-in-node=\"0\">Cukrov\u00e1 homo\u013ea<\/b> v\u0161ak nie je len oby\u010dajn\u00e1 skala \u2013 je to fascinuj\u00face miesto, kde sa pr\u00edrodn\u00e9 k\u00fazla stret\u00e1vaj\u00fa s pohnutou hist\u00f3riou. V na\u0161om \u010dl\u00e1nku poodhal\u00edme tajomstvo jej unik\u00e1tnej <b data-path-to-node=\"4\" data-index-in-node=\"179\">botanickej inverzie<\/b>, v\u010faka ktorej na jej \u00fap\u00e4t\u00ed n\u00e1jdete chladnomiln\u00e9 horsk\u00e9 kvety, zatia\u013e \u010do o p\u00e1r metrov vy\u0161\u0161ie sa na slnku vyhrievaj\u00fa teplomiln\u00e9 druhy.<\/p>\n<p data-path-to-node=\"5\">Dozviete sa tie\u017e, z ktorej konkr\u00e9tnej <b data-path-to-node=\"5\" data-index-in-node=\"38\">vyhliadky na Krkav\u010d\u00edch skal\u00e1ch<\/b> z\u00edskate ten najlep\u0161\u00ed z\u00e1ber a pre\u010do sa na jej vrchole v minulosti striedali vlajky r\u00f4znych re\u017eimov. Ak v\u00e1s l\u00e1ka adrenal\u00edn, zist\u00edte aj to, kedy presne m\u00f4\u017eete leg\u00e1lne <b data-path-to-node=\"5\" data-index-in-node=\"233\">pokori\u0165 jej steny<\/b> a pre\u010do do horolezeck\u00fdch pl\u00e1nov niekedy hovoria <b data-path-to-node=\"5\" data-index-in-node=\"299\">vz\u00e1cne dravce<\/b>, ktor\u00e9 tu hniezdia.<\/p>\n<p data-path-to-node=\"6\">Zba\u013ete si ruksak a po\u010fte s nami objavi\u0165 <b data-path-to-node=\"6\" data-index-in-node=\"40\">slovensk\u00fd unik\u00e1t<\/b>, ktor\u00fd dostal meno pod\u013ea sladkej poch\u00fa\u0165ky na\u0161ich predkov a dodnes vyr\u00e1\u017ea dych ka\u017ed\u00e9mu, kto pod n\u00edm zastane.<\/p>\n<h2><span style=\"color: #800000;\">Kde presne sa nach\u00e1dza t\u00e1to sl\u00e1vna <b>Cukrov\u00e1 homo\u013ea<\/b> a ak\u00e1 je jej poloha?<\/span><\/h2>\n<p><b>Cukrov\u00e1 homo\u013ea<\/b> je jedine\u010dn\u00fd a monument\u00e1lny skaln\u00fd \u00fatvar, ktor\u00fd patr\u00ed medzi najkraj\u0161ie svojho druhu na Slovensku a predstavuje neodolate\u013en\u00e9 l\u00e1kadlo pre turistov a cestovate\u013eov.<\/p>\n<p>Skaln\u00e1 ve\u017ea sa nach\u00e1dza v strede <b>Z\u00e1dielskej ties\u0148avy<\/b>, ktor\u00fa vytvoril <b>Chot\u00e1rny potok<\/b>. <b>Cukrov\u00e1 homo\u013ea<\/b> je s\u00fa\u010das\u0165ou <b>N\u00e1rodnej pr\u00edrodnej rezerv\u00e1cie Z\u00e1dielska ties\u0148ava<\/b>. Je pozostatkom v\u00fdbe\u017eku okraja <b>Z\u00e1dielskej planiny<\/b>. <b>Z\u00e1dielska planina<\/b> sa nach\u00e1dza na v\u00fdchodnom brehu <b>Chot\u00e1rneho potoka<\/b>. <b>Z\u00e1dielska dolina<\/b> odde\u013euje planinu Horn\u00fd vrch od <b>Z\u00e1dielskej planiny<\/b>. Z geomorfologick\u00e9ho h\u013eadiska sa rad\u00ed v u\u017e\u0161om slova zmysle medzi takzvan\u00e9 skaln\u00e9 ihly.<\/p>\n<h2><span style=\"color: #800000;\">Ak\u00e9 m\u00e1 <b>Cukrov\u00e1 homo\u013ea<\/b> rozmery a pre\u010do je tak\u00e1 v\u00fdnimo\u010dn\u00e1?<\/span><\/h2>\n<p>V\u00fdrazn\u00e1 ve\u017ea m\u00e1 tvar mohutn\u00e9ho ihlanovit\u00e9ho obelisku s v\u00fd\u0161kou okolo 105 metrov. Dosahuje nadmorsk\u00fa v\u00fd\u0161ku 396 m n. m. Na <b>Cukrovej homoli<\/b> mo\u017eno pozorova\u0165 v\u00fdrazn\u00fa rastlinn\u00fa inverziu. V doln\u00fdch \u010dastiach, kde je vzduch chladnej\u0161\u00ed, \u010do je sp\u00f4soben\u00e9 tie\u0148om, rast\u00fa r\u00f4zne druhy horsk\u00fdch rastl\u00edn. Na jej sten\u00e1ch, kde je vzduch teplej\u0161\u00ed, rast\u00fa teplomiln\u00e9 druhy rastl\u00edn.<\/p>\n<h2><span style=\"color: #800000;\">Odkia\u013e je najlep\u0161\u00ed v\u00fdh\u013ead na <b>Cukrov\u00fa homo\u013eu<\/b>?<\/span><\/h2>\n<p>Samotn\u00fd vrchol <b>Cukrovej homole<\/b> je najlep\u0161ie vidite\u013en\u00fd zo <b>Z\u00e1dielskej vyhliadky na Krkav\u010d\u00edch skal\u00e1ch<\/b>. Poh\u013ead na <b>Cukrov\u00fa homo\u013eu<\/b> zo <b>Z\u00e1dielskej vyhliadky na Krkav\u010d\u00edch skal\u00e1ch<\/b> je jedine\u010dn\u00fd.<\/p>\n<h2><span style=\"color: #800000;\">Pre\u010do sa skala vol\u00e1 pr\u00e1ve <b>Cukrov\u00e1 homo\u013ea<\/b>?<\/span><\/h2>\n<p>N\u00e1zov skaly je odvoden\u00fd od rovnomennej a svetozn\u00e1mej skaly v meste Rio de Janeiro. T\u00e1to braz\u00edlska <b>Cukrov\u00e1 homo\u013ea<\/b> sa vyp\u00edna nad vodnou hladinou \u00fastia z\u00e1toky Guanabara do Atlantick\u00e9ho oce\u00e1nu. Spolu so sochou Krista je jedn\u00fdm zo symbolov mesta Ria de Janeiro. Svoj n\u00e1zov dostala pod\u013ea podobnosti s <b>homo\u013eou cukru<\/b> (\u0161t\u00edhly ku\u017ee\u013eovit\u00fd \u00fatvar). <b>Homo\u013ea cukru<\/b> bolo tradi\u010dn\u00e9 balenie cukru vyr\u00e1ban\u00e9 a pred\u00e1van\u00e9 do konca 19. storo\u010dia (miestami aj na za\u010diatku 20. storo\u010dia), kedy ju nahradil kry\u0161talick\u00fd a kockov\u00fd cukor. Mala tvar zrezan\u00e9ho rota\u010dn\u00e9ho ku\u017ee\u013ea a jej v\u00fd\u0161ka bola okolo 30 cm. <b>Cukrov\u00e1 homo\u013ea<\/b> za\u010diatkom 20. storo\u010dia.<\/p>\n<h2><span style=\"color: #800000;\">Je <b>Cukrov\u00e1 homo\u013ea<\/b> vhodn\u00e1 na horolezectvo a ak\u00e9 s\u00fa pravidl\u00e1 lezenia?<\/span><\/h2>\n<p><b>Cukrov\u00e1 homo\u013ea<\/b> patr\u00ed ku najlep\u0161\u00edm lezeck\u00fdm ter\u00e9nom v <b>Z\u00e1dielskej doline<\/b>. Patr\u00ed medzi najob\u013e\u00fabenej\u0161ie skalolezeck\u00e9 miesta na Slovensku. V s\u00fa\u010dasnosti na jej vrchol vedie dvadsa\u0165 skalolezeck\u00fdch tr\u00e1s. Horolezci t\u00fato skalu vo ve\u013ekom vyu\u017e\u00edvali hlavne v 60. a 70. rokoch 20. storo\u010dia. V \u010dasoch socializmu tu na 1. m\u00e1ja na jej vrchole vzt\u00fd\u010dili \u0161t\u00e1tne vlajky \u010ceskoslovenska a Sovietskeho zv\u00e4zu. T\u00e1to trad\u00edcia vznikla za\u010diatkom 20. storo\u010dia (a\u017e do prvej svetovej vojny) a n\u00e1sledne bola obnoven\u00e1 v rokoch 1939 a\u017e 1944. Vtedy v\u017edy po\u010das m\u00e1jov\u00fdch osl\u00e1v hore liezli skalolezci ma\u010farskej n\u00e1rodnosti, ktor\u00ed tam vyvesili ma\u010farsk\u00fa vlajku. V t\u00fdch \u010dasoch Z\u00e1diel a jeho okolie boli v prvom pr\u00edpade s\u00fa\u010das\u0165ou Rak\u00fasko-uhorskej monarchie a v druhom pr\u00edpade patrili v rokoch 1938 a\u017e 1945 Ma\u010farsku (toto \u00fazemie pripadlo Ma\u010farsku po Prvej viedenskej arbitr\u00e1\u017ei).<\/p>\n<h2><span style=\"color: #800000;\">Ak\u00e9 s\u00fa aktu\u00e1lne obmedzenia pre lezenie na <b>Cukrovej homoli<\/b>?<\/span><\/h2>\n<p><span class=\"citation-69 citation-end-69\">V s\u00fa\u010dasnosti je lezenie obmedzen\u00e9 ochran\u00e1rmi. Je to dan\u00e9 ochranou bl\u00edzko hniezdiacich vz\u00e1cnych vt\u00e1\u010d\u00edch druhov. Liez\u0165 je tu povolen\u00e9 od 1. augusta do 31. janu\u00e1ra so s\u00fahlasom Spr\u00e1vy N\u00e1rodn\u00e9ho parku Slovensk\u00fd kras. V pr\u00edpade z\u00e1ujmu o lezenie kontak<\/span>tujte <b>horolezeck\u00fd klub Rozlomity<\/b> (<a href=\"http:\/\/www.rozlomity.sk\" target=\"_blank\" rel=\"noopener\">www.rozlomity.sk<\/a>). Spr\u00e1vca: HK Z\u00e1diel, Ko\u0161ice, Jaro Pukansk\u00fd, pukansky@jpsoftware.sk, 0903 230175.<\/p>\n<h2><span style=\"color: #800000;\">Ako sa dosta\u0165 ku skalnej ve\u017ei?<\/span><\/h2>\n<p>Najlep\u0161\u00edm v\u00fdchodiskom ku skalnej ve\u017ei je obec<a href=\"http:\/\/www.slovensky-kras.eu\/info\/strediska-a-centra\/obec-zadiel\/\"> Z\u00e1diel<\/a> po <img loading=\"lazy\" decoding=\"async\" class=\"alignnone wp-image-10330 size-full\" src=\"http:\/\/www.slovensky-kras.eu\/info\/wp-content\/uploads\/2013\/06\/cervena-1.png\" alt=\"\" width=\"20\" height=\"21\" \/>\u00a0\u010dervenej turistickej trase.<\/p>\n<p>Celkov\u00fd \u010das tejto trasy\u00a0trv\u00e1 ku skalnej ve\u017ei pribli\u017ene 0:25 h (nasp\u00e4\u0165 0:15 h).<\/p>\n<h2><span style=\"color: #800000;\">Fotogal\u00e9ria<\/span><\/h2>\n<style type=\"text\/css\">\n#foogallery-gallery-28461 .fg-image { width: 200px; }<\/style>\n\t\t\t<div class=\"foogallery foogallery-container foogallery-carousel foogallery-lightbox-foogallery fg-carousel fg-ready fg-light fg-border-medium fg-round-small fg-shadow-medium fg-loading-default fg-loaded-fade-in fg-hover-semi-zoomed fg-hover-fade fg-hover-circle-plus2\" id=\"foogallery-gallery-28461\" data-foogallery=\"{&quot;item&quot;:{&quot;showCaptionTitle&quot;:true,&quot;showCaptionDescription&quot;:true},&quot;lazy&quot;:true,&quot;template&quot;:{&quot;maxItems&quot;:5,&quot;scale&quot;:0.11999999999999999555910790149937383830547332763671875,&quot;gutter&quot;:{&quot;min&quot;:-40,&quot;max&quot;:-20,&quot;unit&quot;:&quot;%&quot;},&quot;autoplay&quot;:{&quot;time&quot;:0,&quot;interaction&quot;:&quot;pause&quot;},&quot;centerOnClick&quot;:true,&quot;align&quot;:&quot;center&quot;,&quot;activePosition&quot;:&quot;center&quot;}}\" data-foogallery-lightbox=\"{&quot;thumbs&quot;:&quot;bottom&quot;,&quot;thumbsCaptions&quot;:false,&quot;thumbsBestFit&quot;:false,&quot;thumbsSmall&quot;:false,&quot;thumbsCaptionsAlign&quot;:&quot;default&quot;,&quot;info&quot;:&quot;bottom&quot;,&quot;infoVisible&quot;:true,&quot;infoOverlay&quot;:true,&quot;infoAlign&quot;:&quot;default&quot;,&quot;transition&quot;:&quot;fade&quot;,&quot;hoverButtons&quot;:false,&quot;fitMedia&quot;:false,&quot;noScrollbars&quot;:true,&quot;preserveButtonSpace&quot;:true,&quot;buttons&quot;:{&quot;fullscreen&quot;:true,&quot;info&quot;:true,&quot;thumbs&quot;:false},&quot;video&quot;:{&quot;autoPlay&quot;:true}}\" style=\"--fg-title-line-clamp: 0; --fg-description-line-clamp: 0;\" >\n\t<button type=\"button\" class=\"fg-carousel-prev\" title=\"Previous\"><\/button>\n\t<div class=\"fg-carousel-inner\">\n\t\t<div class=\"fg-carousel-center\"><\/div>\n\t\t<div class=\"fg-item fg-type-image fg-idle\"><figure class=\"fg-item-inner\"><a href=\"https:\/\/www.slovensky-kras.eu\/info\/wp-content\/uploads\/2020\/08\/cukrova.jpg\" data-attachment-id=\"17896\" data-type=\"image\" class=\"fg-thumb\"><span class=\"fg-image-wrap\"><img decoding=\"async\" width=\"200\" height=\"200\" class=\"skip-lazy fg-image\" data-src-fg=\"https:\/\/www.slovensky-kras.eu\/info\/wp-content\/uploads\/cache\/2020\/08\/cukrova\/3292148817.jpg\" src=\"data:image\/svg+xml,%3Csvg%20xmlns%3D%22http%3A%2F%2Fwww.w3.org%2F2000%2Fsvg%22%20width%3D%22200%22%20height%3D%22200%22%20viewBox%3D%220%200%20200%20200%22%3E%3C%2Fsvg%3E\" loading=\"eager\"><\/span><span class=\"fg-image-overlay\"><\/span><\/a><\/figure><div class=\"fg-loader\"><\/div><\/div><div class=\"fg-item fg-type-image fg-idle\"><figure class=\"fg-item-inner\"><a href=\"https:\/\/www.slovensky-kras.eu\/info\/wp-content\/uploads\/2013\/06\/cukrova2.png\" data-attachment-id=\"4984\" data-type=\"image\" class=\"fg-thumb\"><span class=\"fg-image-wrap\"><img decoding=\"async\" width=\"200\" height=\"200\" class=\"skip-lazy fg-image\" data-src-fg=\"https:\/\/www.slovensky-kras.eu\/info\/wp-content\/uploads\/cache\/2013\/06\/cukrova2\/3375132485.png\" src=\"data:image\/svg+xml,%3Csvg%20xmlns%3D%22http%3A%2F%2Fwww.w3.org%2F2000%2Fsvg%22%20width%3D%22200%22%20height%3D%22200%22%20viewBox%3D%220%200%20200%20200%22%3E%3C%2Fsvg%3E\" loading=\"eager\"><\/span><span class=\"fg-image-overlay\"><\/span><\/a><\/figure><div class=\"fg-loader\"><\/div><\/div><div class=\"fg-item fg-type-image fg-idle\"><figure class=\"fg-item-inner\"><a href=\"https:\/\/www.slovensky-kras.eu\/info\/wp-content\/uploads\/2013\/06\/cukrova1.png\" data-attachment-id=\"4983\" data-type=\"image\" class=\"fg-thumb\"><span class=\"fg-image-wrap\"><img decoding=\"async\" width=\"200\" height=\"200\" class=\"skip-lazy fg-image\" data-src-fg=\"https:\/\/www.slovensky-kras.eu\/info\/wp-content\/uploads\/cache\/2013\/06\/cukrova1\/1948235466.png\" src=\"data:image\/svg+xml,%3Csvg%20xmlns%3D%22http%3A%2F%2Fwww.w3.org%2F2000%2Fsvg%22%20width%3D%22200%22%20height%3D%22200%22%20viewBox%3D%220%200%20200%20200%22%3E%3C%2Fsvg%3E\" loading=\"eager\"><\/span><span class=\"fg-image-overlay\"><\/span><\/a><\/figure><div class=\"fg-loader\"><\/div><\/div><div class=\"fg-item fg-type-image fg-idle\"><figure class=\"fg-item-inner\"><a href=\"https:\/\/www.slovensky-kras.eu\/info\/wp-content\/uploads\/2013\/06\/cukrova.png\" data-attachment-id=\"4982\" data-type=\"image\" class=\"fg-thumb\"><span class=\"fg-image-wrap\"><img decoding=\"async\" width=\"200\" height=\"200\" class=\"skip-lazy fg-image\" data-src-fg=\"https:\/\/www.slovensky-kras.eu\/info\/wp-content\/uploads\/cache\/2013\/06\/cukrova\/1368063087.png\" src=\"data:image\/svg+xml,%3Csvg%20xmlns%3D%22http%3A%2F%2Fwww.w3.org%2F2000%2Fsvg%22%20width%3D%22200%22%20height%3D%22200%22%20viewBox%3D%220%200%20200%20200%22%3E%3C%2Fsvg%3E\" loading=\"eager\"><\/span><span class=\"fg-image-overlay\"><\/span><\/a><\/figure><div class=\"fg-loader\"><\/div><\/div><div class=\"fg-item fg-type-image fg-idle\"><figure class=\"fg-item-inner\"><a href=\"https:\/\/www.slovensky-kras.eu\/info\/wp-content\/uploads\/2025\/09\/zadiel11.jpg\" data-caption-title=\"Cukrov\u00e1 homo\u013ea\" data-caption-desc=\"Poh\u013ead na Cukrov\u00fa homo\u013eu zo Z\u00e1dielskej doliny\" data-attachment-id=\"27756\" data-type=\"image\" class=\"fg-thumb\"><span class=\"fg-image-wrap\"><img decoding=\"async\" title=\"Cukrov\u00e1 homo\u013ea\" width=\"200\" height=\"200\" class=\"skip-lazy fg-image\" data-src-fg=\"https:\/\/www.slovensky-kras.eu\/info\/wp-content\/uploads\/cache\/2025\/09\/zadiel11\/4126011704.jpg\" src=\"data:image\/svg+xml,%3Csvg%20xmlns%3D%22http%3A%2F%2Fwww.w3.org%2F2000%2Fsvg%22%20width%3D%22200%22%20height%3D%22200%22%20viewBox%3D%220%200%20200%20200%22%3E%3C%2Fsvg%3E\" loading=\"eager\"><\/span><span class=\"fg-image-overlay\"><\/span><\/a><figcaption class=\"fg-caption\"><div class=\"fg-caption-inner\"><div class=\"fg-caption-title\">Cukrov\u00e1 homo\u013ea<\/div><div class=\"fg-caption-desc\">Poh\u013ead na Cukrov\u00fa homo\u013eu zo Z\u00e1dielskej doliny<\/div><\/div><\/figcaption><\/figure><div class=\"fg-loader\"><\/div><\/div><div class=\"fg-item fg-type-image fg-idle\"><figure class=\"fg-item-inner\"><a href=\"https:\/\/www.slovensky-kras.eu\/info\/wp-content\/uploads\/2025\/11\/cukrova-homla-1942.jpeg\" data-caption-title=\"Cukrov\u00e1 homo\u013ea v roku 1942\" data-caption-desc=\"Cukrov\u00e1 homo\u013ea v roku 1942\" data-attachment-id=\"29654\" data-type=\"image\" class=\"fg-thumb\"><span class=\"fg-image-wrap\"><img decoding=\"async\" alt=\"Cukrov\u00e1 homo\u013ea\" title=\"Cukrov\u00e1 homo\u013ea v roku 1942\" width=\"200\" height=\"200\" class=\"skip-lazy fg-image\" data-src-fg=\"https:\/\/www.slovensky-kras.eu\/info\/wp-content\/uploads\/cache\/2025\/11\/cukrova-homla-1942\/1895409397.jpeg\" src=\"data:image\/svg+xml,%3Csvg%20xmlns%3D%22http%3A%2F%2Fwww.w3.org%2F2000%2Fsvg%22%20width%3D%22200%22%20height%3D%22200%22%20viewBox%3D%220%200%20200%20200%22%3E%3C%2Fsvg%3E\" loading=\"eager\"><\/span><span class=\"fg-image-overlay\"><\/span><\/a><figcaption class=\"fg-caption\"><div class=\"fg-caption-inner\"><div class=\"fg-caption-title\">Cukrov\u00e1 homo\u013ea v roku 1942<\/div><div class=\"fg-caption-desc\">Cukrov\u00e1 homo\u013ea v roku 1942<\/div><\/div><\/figcaption><\/figure><div class=\"fg-loader\"><\/div><\/div><div class=\"fg-item fg-type-image fg-idle\"><figure class=\"fg-item-inner\"><a href=\"https:\/\/www.slovensky-kras.eu\/info\/wp-content\/uploads\/2025\/11\/cukrova-homola-2.jpeg\" data-attachment-id=\"29655\" data-type=\"image\" class=\"fg-thumb\"><span class=\"fg-image-wrap\"><img decoding=\"async\" alt=\"Cukrov\u00e1 homo\u013ea\" width=\"200\" height=\"200\" class=\"skip-lazy fg-image\" data-src-fg=\"https:\/\/www.slovensky-kras.eu\/info\/wp-content\/uploads\/cache\/2025\/11\/cukrova-homola-2\/3851080248.jpeg\" src=\"data:image\/svg+xml,%3Csvg%20xmlns%3D%22http%3A%2F%2Fwww.w3.org%2F2000%2Fsvg%22%20width%3D%22200%22%20height%3D%22200%22%20viewBox%3D%220%200%20200%20200%22%3E%3C%2Fsvg%3E\" loading=\"eager\"><\/span><span class=\"fg-image-overlay\"><\/span><\/a><\/figure><div class=\"fg-loader\"><\/div><\/div><div class=\"fg-item fg-type-image fg-idle\"><figure class=\"fg-item-inner\"><a href=\"https:\/\/www.slovensky-kras.eu\/info\/wp-content\/uploads\/2025\/11\/cukrova-homala-jar.jpeg\" data-attachment-id=\"29656\" data-type=\"image\" class=\"fg-thumb\"><span class=\"fg-image-wrap\"><img decoding=\"async\" alt=\"Cukrov\u00e1 homo\u013ea\" width=\"200\" height=\"200\" class=\"skip-lazy fg-image\" data-src-fg=\"https:\/\/www.slovensky-kras.eu\/info\/wp-content\/uploads\/cache\/2025\/11\/cukrova-homala-jar\/179655085.jpeg\" src=\"data:image\/svg+xml,%3Csvg%20xmlns%3D%22http%3A%2F%2Fwww.w3.org%2F2000%2Fsvg%22%20width%3D%22200%22%20height%3D%22200%22%20viewBox%3D%220%200%20200%20200%22%3E%3C%2Fsvg%3E\" loading=\"eager\"><\/span><span class=\"fg-image-overlay\"><\/span><\/a><\/figure><div class=\"fg-loader\"><\/div><\/div><div class=\"fg-item fg-type-image fg-idle\"><figure class=\"fg-item-inner\"><a href=\"https:\/\/www.slovensky-kras.eu\/info\/wp-content\/uploads\/2025\/11\/cukrova-homola-zima.jpeg\" data-attachment-id=\"29657\" data-type=\"image\" class=\"fg-thumb\"><span class=\"fg-image-wrap\"><img decoding=\"async\" alt=\"Cukrov\u00e1 homo\u013ea\" width=\"200\" height=\"200\" class=\"skip-lazy fg-image\" data-src-fg=\"https:\/\/www.slovensky-kras.eu\/info\/wp-content\/uploads\/cache\/2025\/11\/cukrova-homola-zima\/3221799163.jpeg\" src=\"data:image\/svg+xml,%3Csvg%20xmlns%3D%22http%3A%2F%2Fwww.w3.org%2F2000%2Fsvg%22%20width%3D%22200%22%20height%3D%22200%22%20viewBox%3D%220%200%20200%20200%22%3E%3C%2Fsvg%3E\" loading=\"eager\"><\/span><span class=\"fg-image-overlay\"><\/span><\/a><\/figure><div class=\"fg-loader\"><\/div><\/div>\t<\/div>\n\t<div class=\"fg-carousel-bottom\"><\/div>\n\t<div class=\"fg-carousel-progress\"><\/div>\n\t<button type=\"button\" class=\"fg-carousel-next\" title=\"Next\"><\/button>\n<\/div>\n<h2><span style=\"color: #800000;\">Zauj\u00edmav\u00e9 odkazy<\/span><\/h2>\n<h3><span style=\"color: #808000;\">Bl\u00edzke stredisko, turistick\u00e9 centrum, obec alebo mesto:<\/span><\/h3>\n<ul>\n<li><a href=\"http:\/\/www.slovensky-kras.eu\/info\/strediska-a-centra\/obec-zadiel\/\">Obec Z\u00e1diel (\u010d\u00edtaj viac&#8230;)<\/a><\/li>\n<\/ul>\n<h2><span style=\"color: #800000;\">Mapy<\/span><\/h2>\n<p><strong>Vrstvy: <\/strong>Turistick\u00e1 mapa, Automapa, Cyklomapa, Ly\u017eiarska mapa, Satelitn\u00e1 mapa a OpenStreetMap.<\/p>\n<p><strong>Kliknut\u00edm na logo &#8222;Freemap.sk&#8220; sa V\u00e1m mapa zobraz\u00ed na celej ploche obrazovky.<\/strong><\/p>\n<p><iframe style=\"width: 900px; height: 600px; border: 0;\" src=\"https:\/\/www.freemap.sk\/?map=13\/48.630129\/20.832911&amp;info-point=48.630129\/20.832911,Cukrov\u00e1 homo\u013ea&amp;layers=X&amp;embed=search\" allowfullscreen=\"allowfullscreen\"><\/iframe><\/p>\n<h2><span style=\"color: #800000;\">Po\u010dasie<\/span><\/h2>\n<p><iframe style=\"width: 900px; height: 610px;\" src=\"https:\/\/www.meteoblue.com\/sk\/po%C4%8Dasie\/widget\/three\/48.624N20.835E447_Europe%2FBratislava?geoloc=fixed&amp;nocurrent=0&amp;noforecast=0&amp;days=6&amp;tempunit=CELSIUS&amp;windunit=KILOMETER_PER_HOUR&amp;layout=image\" frameborder=\"0\" scrolling=\"NO\" sandbox=\"allow-same-origin allow-scripts allow-popups allow-popups-to-escape-sandbox\"><span data-mce-type=\"bookmark\" style=\"display: inline-block; width: 0px; overflow: hidden; line-height: 0;\" class=\"mce_SELRES_start\">\ufeff<\/span><\/iframe><\/p>\n<div><!-- DO NOT REMOVE THIS LINK --><a href=\"https:\/\/www.meteoblue.com\/sk\/po%C4%8Dasie\/predpove%C4%8F\/t%C3%BD%C5%BEde%C5%88\/48.624N20.835E447_Europe%2FBratislava?utm_source=weather_widget&amp;utm_medium=linkus&amp;utm_content=three&amp;utm_campaign=Weather%2BWidget\" target=\"_blank\" rel=\"noopener noreferrer\">meteoblue<\/a><\/div>\n","protected":false},"excerpt":{"rendered":"<p>Menu: Podkateg\u00f3ria: Rio de Janeiro priamo v srdci Slovensk\u00e9ho krasu? Vedeli ste, \u017ee za jednou z najfotografovanej\u0161\u00edch skaln\u00fdch ve\u017e\u00ed sveta nemus\u00edte letie\u0165 a\u017e do Braz\u00edlie? Tento monument\u00e1lny k\u00fasok pr\u00edrody m\u00e1me [&hellip;]<\/p>\n","protected":false},"author":1,"featured_media":29656,"parent":13,"menu_order":0,"comment_status":"closed","ping_status":"open","template":"","meta":{"_uag_custom_page_level_css":"","footnotes":""},"class_list":["post-398","page","type-page","status-publish","has-post-thumbnail","hentry"],"featured_image_src":"https:\/\/www.slovensky-kras.eu\/info\/wp-content\/uploads\/2025\/11\/cukrova-homala-jar.jpeg","featured_image_src_square":"https:\/\/www.slovensky-kras.eu\/info\/wp-content\/uploads\/2025\/11\/cukrova-homala-jar.jpeg","rbea_author_info":{"display_name":"admin","author_link":"https:\/\/www.slovensky-kras.eu\/info\/author\/admin\/"},"rbea_excerpt_info":"Menu: Podkateg\u00f3ria: Rio de Janeiro priamo v srdci Slovensk\u00e9ho krasu? Vedeli ste, \u017ee za jednou z najfotografovanej\u0161\u00edch skaln\u00fdch ve\u017e\u00ed sveta nemus\u00edte letie\u0165 a\u017e do Braz\u00edlie? Tento monument\u00e1lny k\u00fasok pr\u00edrody m\u00e1me [&hellip;]","uagb_featured_image_src":{"full":["https:\/\/www.slovensky-kras.eu\/info\/wp-content\/uploads\/2025\/11\/cukrova-homala-jar.jpeg",1376,768,false],"thumbnail":["https:\/\/www.slovensky-kras.eu\/info\/wp-content\/uploads\/2025\/11\/cukrova-homala-jar-150x150.jpeg",150,150,true],"medium":["https:\/\/www.slovensky-kras.eu\/info\/wp-content\/uploads\/2025\/11\/cukrova-homala-jar-800x447.jpeg",800,447,true],"medium_large":["https:\/\/www.slovensky-kras.eu\/info\/wp-content\/uploads\/2025\/11\/cukrova-homala-jar-768x429.jpeg",768,429,true],"large":["https:\/\/www.slovensky-kras.eu\/info\/wp-content\/uploads\/2025\/11\/cukrova-homala-jar-1024x572.jpeg",1024,572,true],"1536x1536":["https:\/\/www.slovensky-kras.eu\/info\/wp-content\/uploads\/2025\/11\/cukrova-homala-jar.jpeg",1376,768,false],"2048x2048":["https:\/\/www.slovensky-kras.eu\/info\/wp-content\/uploads\/2025\/11\/cukrova-homala-jar.jpeg",1376,768,false]},"uagb_author_info":{"display_name":"admin","author_link":"https:\/\/www.slovensky-kras.eu\/info\/author\/admin\/"},"uagb_comment_info":0,"uagb_excerpt":"Menu: Podkateg\u00f3ria: Rio de Janeiro priamo v srdci Slovensk\u00e9ho krasu? Vedeli ste, \u017ee za jednou z najfotografovanej\u0161\u00edch skaln\u00fdch ve\u017e\u00ed sveta nemus\u00edte letie\u0165 a\u017e do Braz\u00edlie? Tento monument\u00e1lny k\u00fasok pr\u00edrody m\u00e1me [&hellip;]","_links":{"self":[{"href":"https:\/\/www.slovensky-kras.eu\/info\/wp-json\/wp\/v2\/pages\/398","targetHints":{"allow":["GET"]}}],"collection":[{"href":"https:\/\/www.slovensky-kras.eu\/info\/wp-json\/wp\/v2\/pages"}],"about":[{"href":"https:\/\/www.slovensky-kras.eu\/info\/wp-json\/wp\/v2\/types\/page"}],"author":[{"embeddable":true,"href":"https:\/\/www.slovensky-kras.eu\/info\/wp-json\/wp\/v2\/users\/1"}],"replies":[{"embeddable":true,"href":"https:\/\/www.slovensky-kras.eu\/info\/wp-json\/wp\/v2\/comments?post=398"}],"version-history":[{"count":20,"href":"https:\/\/www.slovensky-kras.eu\/info\/wp-json\/wp\/v2\/pages\/398\/revisions"}],"predecessor-version":[{"id":29662,"href":"https:\/\/www.slovensky-kras.eu\/info\/wp-json\/wp\/v2\/pages\/398\/revisions\/29662"}],"up":[{"embeddable":true,"href":"https:\/\/www.slovensky-kras.eu\/info\/wp-json\/wp\/v2\/pages\/13"}],"wp:featuredmedia":[{"embeddable":true,"href":"https:\/\/www.slovensky-kras.eu\/info\/wp-json\/wp\/v2\/media\/29656"}],"wp:attachment":[{"href":"https:\/\/www.slovensky-kras.eu\/info\/wp-json\/wp\/v2\/media?parent=398"}],"curies":[{"name":"wp","href":"https:\/\/api.w.org\/{rel}","templated":true}]}}