{"id":393,"date":"2013-06-29T13:09:48","date_gmt":"2013-06-29T11:09:48","guid":{"rendered":"http:\/\/www.slovensky-kras.eu\/info\/?page_id=393"},"modified":"2026-03-25T08:31:27","modified_gmt":"2026-03-25T07:31:27","slug":"dievcenska-skala","status":"publish","type":"page","link":"https:\/\/www.slovensky-kras.eu\/info\/kam-do-prirody\/dievcenska-skala\/","title":{"rendered":"Diev\u010densk\u00e1 skala (660 m n.m.)"},"content":{"rendered":"<p><strong>Menu: <\/strong> <a href=\"http:\/\/www.slovensky-kras.eu\/info\/\" class=\"su-button su-button-style-default\" style=\"color:#000000;background-color:#FFCF2F;border-color:#cca626;border-radius:5px\" target=\"_self\"><span style=\"color:#000000;padding:6px 16px;font-size:13px;line-height:20px;border-color:#ffde6e;border-radius:5px;text-shadow:none\"><i class=\"sui sui-arrow-right\" style=\"font-size:13px;color:#000000\"><\/i>  \u00davod \/ Aktuality <\/span><\/a>\n<a href=\"http:\/\/www.slovensky-kras.eu\/info\/kam-do-prirody\/\" class=\"su-button su-button-style-default\" style=\"color:#000000;background-color:#FFCF2F;border-color:#cca626;border-radius:5px\" target=\"_self\"><span style=\"color:#000000;padding:6px 16px;font-size:13px;line-height:20px;border-color:#ffde6e;border-radius:5px;text-shadow:none\"><i class=\"sui sui-arrow-right\" style=\"font-size:13px;color:#000000\"><\/i>  Kam do pr\u00edrody <\/span><\/a>\n<p><strong>Podkateg\u00f3ria: <\/strong> <a href=\"http:\/\/www.slovensky-kras.eu\/info\/kam-do-prirody\/vrchy-skaly-a-sedla\/\" class=\"su-button su-button-style-default\" style=\"color:#000000;background-color:#C5ED2C;border-color:#9ebe24;border-radius:5px\" target=\"_self\"><span style=\"color:#000000;padding:6px 16px;font-size:13px;line-height:20px;border-color:#d7f36c;border-radius:5px;text-shadow:none\"><i class=\"sui sui-arrow-right\" style=\"font-size:13px;color:#000000\"><\/i>  Vrchy, skaly, vyhliadky a sedl\u00e1 <\/span><\/a>\n<div class=\"su-divider su-divider-style-default\" style=\"margin:15px 0;border-width:2px;border-color:#000000\"><\/div>\n<p><a href=\"https:\/\/www.slovensky-kras.eu\/info\/wp-content\/uploads\/2025\/11\/dievcenska-skala-2.jpeg\"><img loading=\"lazy\" decoding=\"async\" class=\"aligncenter wp-image-29585\" src=\"https:\/\/www.slovensky-kras.eu\/info\/wp-content\/uploads\/2025\/11\/dievcenska-skala-2.jpeg\" alt=\"Diev\u010densk\u00e1 skala (660 m n.m.)\" width=\"900\" height=\"502\" srcset=\"https:\/\/www.slovensky-kras.eu\/info\/wp-content\/uploads\/2025\/11\/dievcenska-skala-2.jpeg 1376w, https:\/\/www.slovensky-kras.eu\/info\/wp-content\/uploads\/2025\/11\/dievcenska-skala-2-800x447.jpeg 800w, https:\/\/www.slovensky-kras.eu\/info\/wp-content\/uploads\/2025\/11\/dievcenska-skala-2-1024x572.jpeg 1024w, https:\/\/www.slovensky-kras.eu\/info\/wp-content\/uploads\/2025\/11\/dievcenska-skala-2-768x429.jpeg 768w\" sizes=\"auto, (max-width: 900px) 100vw, 900px\" \/><\/a><div class=\"su-divider su-divider-style-default\" style=\"margin:15px 0;border-width:2px;border-color:#000000\"><\/div>\n<h2 data-path-to-node=\"2\"><span style=\"color: #800000;\">Stoj\u00edte na hrane sveta: Kde sa nebo dot\u00fdka Silickej planiny a Tatry m\u00e1te na dlani<\/span><\/h2>\n<p data-path-to-node=\"3\">Predstavte si ten moment, ke\u010f kr\u00e1\u010date tich\u00fdm lesom <b data-path-to-node=\"3\" data-index-in-node=\"51\">Silickej planiny<\/b>, vzduch vonia v\u00e1pencov\u00fdmi skalami a pod nohami v\u00e1m \u0161u\u0161t\u00ed l\u00edstie. Odrazu sa stromy rozost\u00fapia a vy zostanete st\u00e1\u0165 so zatajen\u00fdm dychom priamo nad priepas\u0165ou. Pod vami sa v nadmorskej v\u00fd\u0161ke <b data-path-to-node=\"3\" data-index-in-node=\"255\">660 metrov<\/b> otv\u00e1ra \u0161\u00edra <b data-path-to-node=\"3\" data-index-in-node=\"278\">Ro\u017e\u0148avsk\u00e1 kotlina<\/b> ako dokonal\u00e1 maketa sveta. <b data-path-to-node=\"3\" data-index-in-node=\"323\">Diev\u010densk\u00e1 skala<\/b> nie je len oby\u010dajn\u00fd vrch, je to <b data-path-to-node=\"3\" data-index-in-node=\"372\">pr\u00edrodn\u00e1 l\u00f3\u017ea<\/b>, z ktorej m\u00e1te cel\u00e9 <b data-path-to-node=\"3\" data-index-in-node=\"406\">Slovensk\u00e9 rudohorie<\/b> ako na dlani.<\/p>\n<p data-path-to-node=\"4\">Ke\u010f sa zah\u013ead\u00edte do dia\u013eky, na severov\u00fdchode sa v slnku ligoce rozpr\u00e1vkov\u00fd <b data-path-to-node=\"4\" data-index-in-node=\"75\">hrad Kr\u00e1sna H\u00f4rka<\/b> a majest\u00e1tne <b data-path-to-node=\"4\" data-index-in-node=\"106\">Mauz\u00f3leum Dion\u00fdza Andr\u00e1ssyho<\/b>. Ak v\u00e1m bude pria\u0165 \u0161\u0165astie a obloha sa vy\u010dist\u00ed, nad hrebe\u0148mi <b data-path-to-node=\"4\" data-index-in-node=\"196\">Volovsk\u00fdch vrchov<\/b> sa v dia\u013eke vybielia ostr\u00e9 \u0161t\u00edty <b data-path-to-node=\"4\" data-index-in-node=\"247\">Vysok\u00fdch Tatier<\/b> a legend\u00e1rna <b data-path-to-node=\"4\" data-index-in-node=\"276\">Kr\u00e1\u013eova ho\u013ea<\/b>. Cel\u00fa t\u00fato panor\u00e1mu str\u00e1\u017ei ikonick\u00fd <b data-path-to-node=\"4\" data-index-in-node=\"325\">57-metrov\u00fd vysiela\u010d<\/b>, ktor\u00fd tu od roku 1983 stoj\u00ed ako oce\u013eov\u00fd maj\u00e1k nad krajinou.<\/p>\n<p data-path-to-node=\"5\">Tento k\u00fasok zeme v\u0161ak nie je len o v\u00fdh\u013eadoch, je to \u017eiv\u00e1 <b data-path-to-node=\"5\" data-index-in-node=\"57\">botanick\u00e1 z\u00e1hrada<\/b>. Medzi skalami kvitne vz\u00e1cny <b data-path-to-node=\"5\" data-index-in-node=\"104\">Poniklec otvoren\u00fd<\/b> a modr\u00fd <b data-path-to-node=\"5\" data-index-in-node=\"130\">Horec jarn\u00fd<\/b>, zatia\u013e \u010do vysoko nad va\u0161ou hlavou mo\u017eno pr\u00e1ve kr\u00fa\u017ei <b data-path-to-node=\"5\" data-index-in-node=\"195\">Orol kr\u00e1\u013eovsk\u00fd<\/b>. Je to miesto, kde sa zastav\u00ed \u010das a vy poc\u00edtite skuto\u010dn\u00fa slobodu. Sta\u010d\u00ed pr\u00eds\u0165 do mesta <b data-path-to-node=\"5\" data-index-in-node=\"297\">Ro\u017e\u0148ava<\/b>, vyda\u0165 sa na severn\u00fd okraj planiny a necha\u0165 sa pohlti\u0165 touto divokou kr\u00e1sou. Len nezabudnite, \u017ee skala si vy\u017eaduje <b data-path-to-node=\"5\" data-index-in-node=\"420\">re\u0161pekt<\/b> \u2013 jej kolm\u00e9 steny s\u00fa n\u00e1dhern\u00e9, ale najlep\u0161ie si ich vychutn\u00e1te za <b data-path-to-node=\"5\" data-index-in-node=\"494\">such\u00e9ho po\u010dasia<\/b>, kedy je ka\u017ed\u00fd krok bezpe\u010dn\u00fd a v\u00e1\u0161 z\u00e1\u017eitok ni\u010d\u00edm neru\u0161en\u00fd.<\/p>\n<h2><span style=\"color: #800000;\">Kde presne sa <b>Diev\u010densk\u00e1 skala<\/b> nach\u00e1dza a do akej oblasti patr\u00ed?<\/span><\/h2>\n<p>Planinov\u00fd vrch <b>Diev\u010densk\u00e1 skala<\/b> sa vyp\u00edna ju\u017ene od mesta <b>Ro\u017e\u0148ava<\/b> na severnom okraji <b>Silickej planiny<\/b>. Hoci je v\u00fd\u0161kovo i tvarovo nev\u00fdrazn\u00fd, pon\u00faka jedine\u010dn\u00fd z\u00e1\u017eitok.<\/p>\n<p>Z geomorfologick\u00e9ho h\u013eadiska patr\u00ed do oblasti <b>Slovensk\u00e9ho rudohoria<\/b> a jeho horsk\u00e9ho celku <b>Slovensk\u00fd kras<\/b>, konkr\u00e9tne do podcelku <b>Silick\u00e1 planina<\/b>. <b>R\u00e1zcestn\u00edk Diev\u010densk\u00e1 skala<\/b> v\u00e1s bezpe\u010dne nasmeruje.<\/p>\n<h2><span style=\"color: #800000;\">Ak\u00e1 je nadmorsk\u00e1 v\u00fd\u0161ka <b>Diev\u010denskej skaly<\/b> a \u010do tam n\u00e1jdem?<\/span><\/h2>\n<p>Le\u017e\u00ed v nadmorskej v\u00fd\u0161ke <b>660 metrov<\/b> a na jeho severnom svahu objav\u00edte neve\u013ek\u00fa v\u00fdh\u013eadov\u00fa skaln\u00fa plo\u0161inu. T\u00e1to plo\u0161ina m\u00e1 <b>zr\u00e1zny svah<\/b> a mal\u00fa, takmer <b>terasovit\u00fa l\u00fa\u010dku<\/b>.<\/p>\n<h2><span style=\"color: #800000;\">\u010co rob\u00ed <b>v\u00fdh\u013ead z Diev\u010denskej skaly<\/b> tak\u00fdm v\u00fdnimo\u010dn\u00fdm?<\/span><\/h2>\n<p>Skalnat\u00fd okraj <b>Diev\u010denskej skaly<\/b> pon\u00faka <b>prekr\u00e1sny panoramatick\u00fd v\u00fdh\u013ead<\/b> a to nielen na cel\u00fa <b>Ro\u017e\u0148avsk\u00fa kotlinu<\/b>. Skaln\u00e1 stena plo\u0161iny kles\u00e1 takmer kolmo do kotliny, \u010do umoc\u0148uje dojem. Skalnat\u00fd okraj, tvoren\u00fd <b>mohutnou a strmou v\u00e1pencovou stenou<\/b>, je navy\u0161e <b>dobre vidite\u013en\u00fd<\/b> z r\u00f4znych miest <b>Ro\u017e\u0148avskej kotliny<\/b>.<\/p>\n<h2><span style=\"color: #800000;\">\u010co v\u0161etko uvid\u00edm z vrcholu?<\/span><\/h2>\n<p><b>V\u00fdh\u013ead z Diev\u010denskej skaly<\/b> v\u00e1m uk\u00e1\u017ee mnoho! Napr\u00edklad uvid\u00edte <b>poh\u013ead zo skaly na obec Jovice<\/b> a na z\u00e1pade zase <b>Ple\u0161iveck\u00fa planinu<\/b>. Na severe sa pred vami rozprestrie <b>mesto Ro\u017e\u0148ava<\/b> a spom\u00ednan\u00e1 <b>obec Jovice<\/b>. \u010ealej na severe uzriete <b>Volovsk\u00e9 vrchy<\/b> s majest\u00e1tnymi vrchmi ako s\u00fa <b>\u010certova ho\u013ea<\/b> (1245 m n. m.), <b>Skalisko<\/b> (1293 m n. m.), <b>Pip\u00edtka<\/b> (1255 m n. m.), <b>Koj\u0161ovsk\u00e1 ho\u013ea<\/b> (1246 m n. m.) a <b>Osadn\u00edk<\/b> (1186 m n. m.). Severoz\u00e1pad patr\u00ed <b>Rev\u00fackej vrchovine<\/b> s vrchom <b>Tureck\u00e1<\/b> (953 m n. m.). Na severov\u00fdchode si vychutn\u00e1te <b>poh\u013ead zo skaly na hrad Kr\u00e1sna H\u00f4rka<\/b>, pamiatku <b>Mauz\u00f3leum Dion\u00fdza Andr\u00e1ssyho<\/b> a <b>obec Kr\u00e1snohorsk\u00e9 Podhradie<\/b>. V\u00fdchod pon\u00faka poh\u013ead na planinu <b>Horn\u00fd vrch<\/b> a obce <b>Kr\u00e1snohorsk\u00e1 dlh\u00e1 L\u00faka<\/b> a <b>Lipovn\u00edk<\/b>.<\/p>\n<h2><span style=\"color: #800000;\">\u010co v\u0161etko uvid\u00edm z vrcholu pri dobrej vidite\u013enosti?<\/span><\/h2>\n<p class=\"my-2 [&amp;+p]:mt-4 [&amp;_strong:has(+br)]:inline-block [&amp;_strong:has(+br)]:pb-2\"><span dir=\"auto\">Pri ve\u013emi dobrom po\u010das\u00ed aj hrebe\u0148 <strong>Vysok\u00fdch Tatier<\/strong> a <strong>Kr\u00e1\u013eovu ho\u013eu\u00a0(1 946,1 m n. m.)<\/strong>.<\/span><\/p>\n<h2><span style=\"color: #800000;\">Nach\u00e1dza sa na vrchole aj nie\u010do in\u00e9 okrem v\u00fdh\u013eadu?<\/span><\/h2>\n<p>\u00c1no, na vrcholovej \u010dasti <b>Diev\u010denskej skaly<\/b> sa nach\u00e1dza <b>vysiela\u010d Diev\u010densk\u00e1 skala<\/b>. T\u00e1to oce\u013eov\u00e1 kon\u0161trukcia m\u00e1 v\u00fd\u0161ku <b>57 metrov<\/b> a bola postaven\u00e1 v roku <b>1983<\/b>. \u0160\u00edri sign\u00e1l <b>telev\u00edzie i rozhlasu<\/b>.<\/p>\n<h2><span style=\"color: #800000;\">Ak\u00e9 rastliny a \u017eivo\u010d\u00edchy m\u00f4\u017eem na skale stretn\u00fa\u0165?<\/span><\/h2>\n<p>Na vrchole a v jeho okol\u00ed sa nach\u00e1dzaj\u00fa predov\u0161etk\u00fdm <b>teplomiln\u00e9 druhy rastl\u00edn<\/b> a viacer\u00e9 <b>horsk\u00e9 druhy rastl\u00edn<\/b>, \u010dasto v bl\u00edzkosti druhov ve\u013emi n\u00e1ro\u010dn\u00fdch na teplo. Medzi tie najzn\u00e1mej\u0161ie patr\u00ed <b>Poniklec otvoren\u00fd<\/b> (<i>Pulsatilla patens<\/i>), <b>Kosatec sib\u00edrsky<\/b> (<i>Iris sibirica<\/i>), <b>Prvosienka hol\u00e1<\/b> (<i>Primula auricula<\/i>), <b>Konvalinka vo\u0148av\u00e1<\/b> (<i>Convallaria majalis<\/i>), <b>N\u00e1prstn\u00edk ve\u013ekokvet\u00fd<\/b> (<i>Digitalis grandiflora<\/i>), <b>Zbehovec plaziv\u00fd<\/b> (<i>Ajuga reptans<\/i>), <b>Zvon\u010dek sib\u00edrsky<\/b> (<i>Campanula sibirica<\/i>) a <b>Horec jarn\u00fd<\/b> (<i>Gentiana verna<\/i>). Zo \u017eivo\u010d\u00edchov tu \u017eij\u00fa <b>netopiere<\/b> a r\u00f4zne druhy vt\u00e1kov, napr\u00edklad <b>Orol kr\u00e1\u013eovsk\u00fd<\/b> (<i>Aquila heliaca<\/i>), <b>Hadiar kr\u00e1tkoprst\u00fd<\/b> (<i>Circaetus gallicus<\/i>), <b>Sokol my\u0161iar<\/b> (<i>Falco tinnunculus<\/i>) a podobne.<\/p>\n<h2><span style=\"color: #800000;\">Ak\u00e9 bezpe\u010dnostn\u00e9 upozornenia by som mal pozna\u0165 pred n\u00e1v\u0161tevou?<\/span><\/h2>\n<p>Na <b>Diev\u010denskej skale<\/b> bu\u010fte mimoriadne <b>opatrn\u00ed<\/b>. Hroz\u00ed tu <b>po\u0161myknutie<\/b> a <b>nebezpe\u010denstvo smrte\u013en\u00e9ho \u00farazu<\/b>. Preto <b>nedoporu\u010dujeme skalu nav\u0161t\u00edvi\u0165<\/b> hlavne v <b>zime a na jese\u0148<\/b>. <b>Pozor<\/b> si treba d\u00e1va\u0165 hlavne na <b>mokr\u00e9 l\u00edstie<\/b>, <b>sneh<\/b> a <b>\u013ead<\/b>, ktor\u00e9 m\u00f4\u017eu v\u00fdrazne zhor\u0161i\u0165 stabilitu.<\/p>\n<h2><span style=\"color: #800000;\">Fotogal\u00e9ria<\/span><\/h2>\n<style type=\"text\/css\">\n#foogallery-gallery-28443 .fg-image { width: 200px; }<\/style>\n\t\t\t<div class=\"foogallery foogallery-container foogallery-carousel foogallery-lightbox-foogallery fg-carousel fg-ready fg-light fg-border-medium fg-round-small fg-shadow-medium fg-loading-default fg-loaded-fade-in fg-hover-semi-zoomed fg-hover-fade fg-hover-circle-plus2\" id=\"foogallery-gallery-28443\" data-foogallery=\"{&quot;item&quot;:{&quot;showCaptionTitle&quot;:true,&quot;showCaptionDescription&quot;:true},&quot;lazy&quot;:true,&quot;template&quot;:{&quot;maxItems&quot;:5,&quot;scale&quot;:0.11999999999999999555910790149937383830547332763671875,&quot;gutter&quot;:{&quot;min&quot;:-40,&quot;max&quot;:-20,&quot;unit&quot;:&quot;%&quot;},&quot;autoplay&quot;:{&quot;time&quot;:0,&quot;interaction&quot;:&quot;pause&quot;},&quot;centerOnClick&quot;:true,&quot;align&quot;:&quot;center&quot;,&quot;activePosition&quot;:&quot;center&quot;}}\" data-foogallery-lightbox=\"{&quot;thumbs&quot;:&quot;bottom&quot;,&quot;thumbsCaptions&quot;:false,&quot;thumbsBestFit&quot;:false,&quot;thumbsSmall&quot;:false,&quot;thumbsCaptionsAlign&quot;:&quot;default&quot;,&quot;info&quot;:&quot;bottom&quot;,&quot;infoVisible&quot;:true,&quot;infoOverlay&quot;:true,&quot;infoAlign&quot;:&quot;default&quot;,&quot;transition&quot;:&quot;fade&quot;,&quot;hoverButtons&quot;:false,&quot;fitMedia&quot;:false,&quot;noScrollbars&quot;:true,&quot;preserveButtonSpace&quot;:true,&quot;buttons&quot;:{&quot;fullscreen&quot;:true,&quot;info&quot;:true,&quot;thumbs&quot;:false},&quot;video&quot;:{&quot;autoPlay&quot;:true}}\" style=\"--fg-title-line-clamp: 0; --fg-description-line-clamp: 0;\" >\n\t<button type=\"button\" class=\"fg-carousel-prev\" title=\"Previous\"><\/button>\n\t<div class=\"fg-carousel-inner\">\n\t\t<div class=\"fg-carousel-center\"><\/div>\n\t\t<div class=\"fg-item fg-type-image fg-idle\"><figure class=\"fg-item-inner\"><a href=\"https:\/\/www.slovensky-kras.eu\/info\/wp-content\/uploads\/2021\/12\/dievcenska-skala-razcestnik.png\" data-attachment-id=\"21514\" data-type=\"image\" class=\"fg-thumb\"><span class=\"fg-image-wrap\"><img decoding=\"async\" width=\"200\" height=\"200\" class=\"skip-lazy fg-image\" data-src-fg=\"https:\/\/www.slovensky-kras.eu\/info\/wp-content\/uploads\/cache\/2021\/12\/dievcenska-skala-razcestnik\/4237019071.png\" src=\"data:image\/svg+xml,%3Csvg%20xmlns%3D%22http%3A%2F%2Fwww.w3.org%2F2000%2Fsvg%22%20width%3D%22200%22%20height%3D%22200%22%20viewBox%3D%220%200%20200%20200%22%3E%3C%2Fsvg%3E\" loading=\"eager\"><\/span><span class=\"fg-image-overlay\"><\/span><\/a><\/figure><div class=\"fg-loader\"><\/div><\/div><div class=\"fg-item fg-type-image fg-idle\"><figure class=\"fg-item-inner\"><a href=\"https:\/\/www.slovensky-kras.eu\/info\/wp-content\/uploads\/2021\/12\/dievcenska-skala-4.png\" data-attachment-id=\"21513\" data-type=\"image\" class=\"fg-thumb\"><span class=\"fg-image-wrap\"><img decoding=\"async\" width=\"200\" height=\"200\" class=\"skip-lazy fg-image\" data-src-fg=\"https:\/\/www.slovensky-kras.eu\/info\/wp-content\/uploads\/cache\/2021\/12\/dievcenska-skala-4\/345591330.png\" src=\"data:image\/svg+xml,%3Csvg%20xmlns%3D%22http%3A%2F%2Fwww.w3.org%2F2000%2Fsvg%22%20width%3D%22200%22%20height%3D%22200%22%20viewBox%3D%220%200%20200%20200%22%3E%3C%2Fsvg%3E\" loading=\"eager\"><\/span><span class=\"fg-image-overlay\"><\/span><\/a><\/figure><div class=\"fg-loader\"><\/div><\/div><div class=\"fg-item fg-type-image fg-idle\"><figure class=\"fg-item-inner\"><a href=\"https:\/\/www.slovensky-kras.eu\/info\/wp-content\/uploads\/2021\/12\/dievcenska-skala-3.png\" data-attachment-id=\"21512\" data-type=\"image\" class=\"fg-thumb\"><span class=\"fg-image-wrap\"><img decoding=\"async\" width=\"200\" height=\"200\" class=\"skip-lazy fg-image\" data-src-fg=\"https:\/\/www.slovensky-kras.eu\/info\/wp-content\/uploads\/cache\/2021\/12\/dievcenska-skala-3\/471768221.png\" src=\"data:image\/svg+xml,%3Csvg%20xmlns%3D%22http%3A%2F%2Fwww.w3.org%2F2000%2Fsvg%22%20width%3D%22200%22%20height%3D%22200%22%20viewBox%3D%220%200%20200%20200%22%3E%3C%2Fsvg%3E\" loading=\"eager\"><\/span><span class=\"fg-image-overlay\"><\/span><\/a><\/figure><div class=\"fg-loader\"><\/div><\/div><div class=\"fg-item fg-type-image fg-idle\"><figure class=\"fg-item-inner\"><a href=\"https:\/\/www.slovensky-kras.eu\/info\/wp-content\/uploads\/2021\/12\/dievcenska-skala-2.png\" data-attachment-id=\"21511\" data-type=\"image\" class=\"fg-thumb\"><span class=\"fg-image-wrap\"><img decoding=\"async\" width=\"200\" height=\"200\" class=\"skip-lazy fg-image\" data-src-fg=\"https:\/\/www.slovensky-kras.eu\/info\/wp-content\/uploads\/cache\/2021\/12\/dievcenska-skala-2\/3597922537.png\" src=\"data:image\/svg+xml,%3Csvg%20xmlns%3D%22http%3A%2F%2Fwww.w3.org%2F2000%2Fsvg%22%20width%3D%22200%22%20height%3D%22200%22%20viewBox%3D%220%200%20200%20200%22%3E%3C%2Fsvg%3E\" loading=\"eager\"><\/span><span class=\"fg-image-overlay\"><\/span><\/a><\/figure><div class=\"fg-loader\"><\/div><\/div><div class=\"fg-item fg-type-image fg-idle\"><figure class=\"fg-item-inner\"><a href=\"https:\/\/www.slovensky-kras.eu\/info\/wp-content\/uploads\/2021\/12\/dievcenska-skala-1.png\" data-attachment-id=\"21510\" data-type=\"image\" class=\"fg-thumb\"><span class=\"fg-image-wrap\"><img decoding=\"async\" width=\"200\" height=\"200\" class=\"skip-lazy fg-image\" data-src-fg=\"https:\/\/www.slovensky-kras.eu\/info\/wp-content\/uploads\/cache\/2021\/12\/dievcenska-skala-1\/1522412716.png\" src=\"data:image\/svg+xml,%3Csvg%20xmlns%3D%22http%3A%2F%2Fwww.w3.org%2F2000%2Fsvg%22%20width%3D%22200%22%20height%3D%22200%22%20viewBox%3D%220%200%20200%20200%22%3E%3C%2Fsvg%3E\" loading=\"eager\"><\/span><span class=\"fg-image-overlay\"><\/span><\/a><\/figure><div class=\"fg-loader\"><\/div><\/div><div class=\"fg-item fg-type-image fg-idle\"><figure class=\"fg-item-inner\"><a href=\"https:\/\/www.slovensky-kras.eu\/info\/wp-content\/uploads\/2021\/12\/dievcenska-skala-0.png\" data-attachment-id=\"21509\" data-type=\"image\" class=\"fg-thumb\"><span class=\"fg-image-wrap\"><img decoding=\"async\" alt=\"Diev\u010densk\u00e1 skala (660 m n.m.)\" width=\"200\" height=\"200\" class=\"skip-lazy fg-image\" data-src-fg=\"https:\/\/www.slovensky-kras.eu\/info\/wp-content\/uploads\/cache\/2021\/12\/dievcenska-skala-0\/3120000674.png\" src=\"data:image\/svg+xml,%3Csvg%20xmlns%3D%22http%3A%2F%2Fwww.w3.org%2F2000%2Fsvg%22%20width%3D%22200%22%20height%3D%22200%22%20viewBox%3D%220%200%20200%20200%22%3E%3C%2Fsvg%3E\" loading=\"eager\"><\/span><span class=\"fg-image-overlay\"><\/span><\/a><\/figure><div class=\"fg-loader\"><\/div><\/div><div class=\"fg-item fg-type-image fg-idle\"><figure class=\"fg-item-inner\"><a href=\"https:\/\/www.slovensky-kras.eu\/info\/wp-content\/uploads\/2025\/11\/dievcenska-skala-2.jpeg\" data-attachment-id=\"29585\" data-type=\"image\" class=\"fg-thumb\"><span class=\"fg-image-wrap\"><img decoding=\"async\" alt=\"Diev\u010densk\u00e1 skala (660 m n.m.)\" width=\"200\" height=\"200\" class=\"skip-lazy fg-image\" data-src-fg=\"https:\/\/www.slovensky-kras.eu\/info\/wp-content\/uploads\/cache\/2025\/11\/dievcenska-skala-2\/2207311639.jpeg\" src=\"data:image\/svg+xml,%3Csvg%20xmlns%3D%22http%3A%2F%2Fwww.w3.org%2F2000%2Fsvg%22%20width%3D%22200%22%20height%3D%22200%22%20viewBox%3D%220%200%20200%20200%22%3E%3C%2Fsvg%3E\" loading=\"eager\"><\/span><span class=\"fg-image-overlay\"><\/span><\/a><\/figure><div class=\"fg-loader\"><\/div><\/div><div class=\"fg-item fg-type-image fg-idle\"><figure class=\"fg-item-inner\"><a href=\"https:\/\/www.slovensky-kras.eu\/info\/wp-content\/uploads\/2025\/11\/dievcenska-skala-zdola.jpeg\" data-attachment-id=\"29586\" data-type=\"image\" class=\"fg-thumb\"><span class=\"fg-image-wrap\"><img decoding=\"async\" alt=\"Diev\u010densk\u00e1 skala (660 m n.m.)\" width=\"200\" height=\"200\" class=\"skip-lazy fg-image\" data-src-fg=\"https:\/\/www.slovensky-kras.eu\/info\/wp-content\/uploads\/cache\/2025\/11\/dievcenska-skala-zdola\/2700547505.jpeg\" src=\"data:image\/svg+xml,%3Csvg%20xmlns%3D%22http%3A%2F%2Fwww.w3.org%2F2000%2Fsvg%22%20width%3D%22200%22%20height%3D%22200%22%20viewBox%3D%220%200%20200%20200%22%3E%3C%2Fsvg%3E\" loading=\"eager\"><\/span><span class=\"fg-image-overlay\"><\/span><\/a><\/figure><div class=\"fg-loader\"><\/div><\/div><div class=\"fg-item fg-type-image fg-idle\"><figure class=\"fg-item-inner\"><a href=\"https:\/\/www.slovensky-kras.eu\/info\/wp-content\/uploads\/2025\/11\/dievcenska-skala-zima.jpeg\" data-attachment-id=\"29587\" data-type=\"image\" class=\"fg-thumb\"><span class=\"fg-image-wrap\"><img decoding=\"async\" alt=\"Diev\u010densk\u00e1 skala (660 m n.m.)\" width=\"200\" height=\"200\" class=\"skip-lazy fg-image\" data-src-fg=\"https:\/\/www.slovensky-kras.eu\/info\/wp-content\/uploads\/cache\/2025\/11\/dievcenska-skala-zima\/609845990.jpeg\" src=\"data:image\/svg+xml,%3Csvg%20xmlns%3D%22http%3A%2F%2Fwww.w3.org%2F2000%2Fsvg%22%20width%3D%22200%22%20height%3D%22200%22%20viewBox%3D%220%200%20200%20200%22%3E%3C%2Fsvg%3E\" loading=\"eager\"><\/span><span class=\"fg-image-overlay\"><\/span><\/a><\/figure><div class=\"fg-loader\"><\/div><\/div><div class=\"fg-item fg-type-image fg-idle\"><figure class=\"fg-item-inner\"><a href=\"https:\/\/www.slovensky-kras.eu\/info\/wp-content\/uploads\/2025\/11\/dievcenska-skala-jesen.jpeg\" data-attachment-id=\"29588\" data-type=\"image\" class=\"fg-thumb\"><span class=\"fg-image-wrap\"><img decoding=\"async\" alt=\"Diev\u010densk\u00e1 skala (660 m n.m.)\" width=\"200\" height=\"200\" class=\"skip-lazy fg-image\" data-src-fg=\"https:\/\/www.slovensky-kras.eu\/info\/wp-content\/uploads\/cache\/2025\/11\/dievcenska-skala-jesen\/1685675149.jpeg\" src=\"data:image\/svg+xml,%3Csvg%20xmlns%3D%22http%3A%2F%2Fwww.w3.org%2F2000%2Fsvg%22%20width%3D%22200%22%20height%3D%22200%22%20viewBox%3D%220%200%20200%20200%22%3E%3C%2Fsvg%3E\" loading=\"eager\"><\/span><span class=\"fg-image-overlay\"><\/span><\/a><\/figure><div class=\"fg-loader\"><\/div><\/div><div class=\"fg-item fg-type-image fg-idle\"><figure class=\"fg-item-inner\"><a href=\"https:\/\/www.slovensky-kras.eu\/info\/wp-content\/uploads\/2025\/11\/dievcenska-skala-jar.jpeg\" data-caption-title=\"Diev\u010densk\u00e1 skala (660 m n.m.)\" data-attachment-id=\"29589\" data-type=\"image\" class=\"fg-thumb\"><span class=\"fg-image-wrap\"><img decoding=\"async\" alt=\"Diev\u010densk\u00e1 skala (660 m n.m.)\" title=\"Diev\u010densk\u00e1 skala (660 m n.m.)\" width=\"200\" height=\"200\" class=\"skip-lazy fg-image\" data-src-fg=\"https:\/\/www.slovensky-kras.eu\/info\/wp-content\/uploads\/cache\/2025\/11\/dievcenska-skala-jar\/4151744271.jpeg\" src=\"data:image\/svg+xml,%3Csvg%20xmlns%3D%22http%3A%2F%2Fwww.w3.org%2F2000%2Fsvg%22%20width%3D%22200%22%20height%3D%22200%22%20viewBox%3D%220%200%20200%20200%22%3E%3C%2Fsvg%3E\" loading=\"eager\"><\/span><span class=\"fg-image-overlay\"><\/span><\/a><figcaption class=\"fg-caption\"><div class=\"fg-caption-inner\"><div class=\"fg-caption-title\">Diev\u010densk\u00e1 skala (660 m n.m.)<\/div><\/div><\/figcaption><\/figure><div class=\"fg-loader\"><\/div><\/div><div class=\"fg-item fg-type-image fg-idle\"><figure class=\"fg-item-inner\"><a href=\"https:\/\/www.slovensky-kras.eu\/info\/wp-content\/uploads\/2025\/11\/dievcenska-skala-leto.jpeg\" data-attachment-id=\"29590\" data-type=\"image\" class=\"fg-thumb\"><span class=\"fg-image-wrap\"><img decoding=\"async\" alt=\"Diev\u010densk\u00e1 skala (660 m n.m.)\" width=\"200\" height=\"200\" class=\"skip-lazy fg-image\" data-src-fg=\"https:\/\/www.slovensky-kras.eu\/info\/wp-content\/uploads\/cache\/2025\/11\/dievcenska-skala-leto\/2756149157.jpeg\" src=\"data:image\/svg+xml,%3Csvg%20xmlns%3D%22http%3A%2F%2Fwww.w3.org%2F2000%2Fsvg%22%20width%3D%22200%22%20height%3D%22200%22%20viewBox%3D%220%200%20200%20200%22%3E%3C%2Fsvg%3E\" loading=\"eager\"><\/span><span class=\"fg-image-overlay\"><\/span><\/a><\/figure><div class=\"fg-loader\"><\/div><\/div>\t<\/div>\n\t<div class=\"fg-carousel-bottom\"><\/div>\n\t<div class=\"fg-carousel-progress\"><\/div>\n\t<button type=\"button\" class=\"fg-carousel-next\" title=\"Next\"><\/button>\n<\/div>\n<h2><span style=\"color: #800000;\">Ako sa dosta\u0165 na Diev\u010densk\u00fa skalu?<\/span><\/h2>\n<p>Na Diev\u010densk\u00fa skalu vedie odbo\u010dka zo\u00a0<img loading=\"lazy\" decoding=\"async\" class=\"alignnone wp-image-10334 size-full\" src=\"http:\/\/www.slovensky-kras.eu\/info\/wp-content\/uploads\/2013\/07\/zelena.png\" alt=\"\" width=\"20\" height=\"21\" \/> zelenej turistickej zna\u010dky, ktor\u00e1 sp\u00e1ja obec <a href=\"http:\/\/www.slovensky-kras.eu\/info\/strediska-a-centra\/obec-hrusov\/\">Hru\u0161ov<\/a> s obcou<a href=\"http:\/\/www.slovensky-kras.eu\/info\/strediska-a-centra\/obec-plesivec\/\"> Ple\u0161ivec<\/a>.<\/p>\n<p>Celkov\u00fd \u010das z obce <a href=\"http:\/\/www.slovensky-kras.eu\/info\/strediska-a-centra\/obec-hrusov\/\">Hru\u0161ov<\/a>\u00a0trv\u00e1 na skalu pribli\u017ene 2:40 h (nasp\u00e4\u0165 2:25 h).<\/p>\n<p>Z obec\u00a0<a href=\"http:\/\/www.slovensky-kras.eu\/info\/strediska-a-centra\/obec-jovice\/\">Jovice<\/a> po <img loading=\"lazy\" decoding=\"async\" class=\"alignnone wp-image-10352 size-full\" src=\"http:\/\/www.slovensky-kras.eu\/info\/wp-content\/uploads\/2013\/07\/modra.png\" alt=\"\" width=\"20\" height=\"21\" \/>\u00a0modrej turistickej trase po r\u00e1zcestn\u00edk <strong>Luk\u00e1\u010dova bu\u010dina (595 m n.m.)<\/strong>, odtia\u013e po\u00a0<img loading=\"lazy\" decoding=\"async\" class=\"alignnone wp-image-10334 size-full\" src=\"http:\/\/www.slovensky-kras.eu\/info\/wp-content\/uploads\/2013\/07\/zelena.png\" alt=\"\" width=\"20\" height=\"21\" \/> zelenej turistickej zna\u010dke a\u017e ku skale.<\/p>\n<p>Celkov\u00fd \u010das tejto trasy\u00a0trv\u00e1 na skalu pribli\u017ene 1:40 h (nasp\u00e4\u0165 1:30 h).<\/p>\n<p>Z obce <a href=\"http:\/\/www.slovensky-kras.eu\/info\/strediska-a-centra\/obec-krasnohorska-dlha-luka\/\">Krasnohorsk\u00e1 Dlh\u00e1 L\u00faka<\/a>\u00a0po <img loading=\"lazy\" decoding=\"async\" class=\"alignnone wp-image-10332 size-full\" src=\"http:\/\/www.slovensky-kras.eu\/info\/wp-content\/uploads\/2013\/06\/zlta.png\" alt=\"\" width=\"20\" height=\"21\" \/>\u00a0\u017eltej turistickej trase po r\u00e1zcestn\u00edk <strong>\u0160krid\u013eov\u00fd ko\u0161iar (540 m n.m.)<\/strong>, odtia\u013e po\u00a0<img loading=\"lazy\" decoding=\"async\" class=\"alignnone wp-image-10334 size-full\" src=\"http:\/\/www.slovensky-kras.eu\/info\/wp-content\/uploads\/2013\/07\/zelena.png\" alt=\"\" width=\"20\" height=\"21\" \/> zelenej turistickej zna\u010dke a\u017e ku skale.<\/p>\n<p>Celkov\u00fd \u010das tejto trasy\u00a0trv\u00e1 na skalu pribli\u017ene 1:40 h (nasp\u00e4\u0165 1:10 h).<\/p>\n<p>Pr\u00edstup na Diev\u010densk\u00fa skalu je aj z turistickej oblasti <a href=\"http:\/\/www.slovensky-kras.eu\/info\/strediska-a-centra\/turisticka-oblast-soroska-jablonovske-sedlo\/\">Soro\u0161ka \u2013 Jablonovsk\u00e9 sedlo<\/a> po <img loading=\"lazy\" decoding=\"async\" class=\"alignnone wp-image-10330 size-full\" src=\"http:\/\/www.slovensky-kras.eu\/info\/wp-content\/uploads\/2013\/06\/cervena-1.png\" alt=\"\" width=\"20\" height=\"21\" \/>\u00a0\u010dervenej turistickej trase po r\u00e1czestn\u00edk <strong>Zaja\u010dia br\u00e1na (535 m n.m.)<\/strong>, odtia\u013e po\u00a0<img loading=\"lazy\" decoding=\"async\" class=\"alignnone wp-image-10334 size-full\" src=\"http:\/\/www.slovensky-kras.eu\/info\/wp-content\/uploads\/2013\/07\/zelena.png\" alt=\"\" width=\"20\" height=\"21\" \/> zelenej turistickej zna\u010dke a\u017e ku skale.<\/p>\n<p>Celkov\u00fd \u010das tejto trasy\u00a0trv\u00e1 na skalu pribli\u017ene 2:25 h (nasp\u00e4\u0165 2:25 h).<\/p>\n<h2 data-path-to-node=\"2\"><span style=\"color: #800000;\"><b data-path-to-node=\"2\" data-index-in-node=\"0\">Arp\u00e1dov s\u013eub a tajomstvo Veresy: Poves\u0165 o ve\u010dnom strachu a vyk\u00fapen\u00ed<\/b><\/span><\/h2>\n<p data-path-to-node=\"3\">V hlbok\u00fdch lesoch <b data-path-to-node=\"3\" data-index-in-node=\"18\">Silickej planiny<\/b> sa pred desiatkami rokov odohral pr\u00edbeh, ktor\u00fd dodnes \u0161epk\u00e1 vietor v korun\u00e1ch stromov. <b data-path-to-node=\"3\" data-index-in-node=\"122\">Arp\u00e1d<\/b>, vtedy len <b data-path-to-node=\"3\" data-index-in-node=\"139\">35-ro\u010dn\u00fd lesn\u00edk<\/b>, ktor\u00e9ho \u017eivot zlomil sm\u00fatok a <b data-path-to-node=\"3\" data-index-in-node=\"186\">alkoholizmus<\/b>, sa po\u010das mrazivej noci rozhodol pre dobrovo\u013en\u00fd odchod zo sveta. V momente, ke\u010f sa jeho dych za\u010dal meni\u0165 na \u013ead, sa pred n\u00edm zjavila <b data-path-to-node=\"3\" data-index-in-node=\"332\">Veresa<\/b>.<\/p>\n<p data-path-to-node=\"4\">Nebola to oby\u010dajn\u00e1 bytos\u0165. <b data-path-to-node=\"4\" data-index-in-node=\"27\">Veresa<\/b> bola <b data-path-to-node=\"4\" data-index-in-node=\"39\">d\u00e9monka-zberate\u013eka<\/b>, tis\u00edce rokov star\u00e1 bytos\u0165, ktor\u00e1 si pam\u00e4tala \u010dasy, ke\u010f \u013eudia e\u0161te len stavali prv\u00e9 mest\u00e1 z hliny a kovali <b data-path-to-node=\"4\" data-index-in-node=\"165\">bronz<\/b>. Kedysi bola \u010dlovekom, no zo <b data-path-to-node=\"4\" data-index-in-node=\"200\">strachu z nezn\u00e1ma<\/b> po vlastnej smrti prijala ponuku sta\u0165 sa <b data-path-to-node=\"4\" data-index-in-node=\"259\">\u017enecom du\u0161\u00ed<\/b>. Tis\u00edcro\u010dia putovala dejinami, videla p\u00e1d r\u00ed\u0161 i morov\u00e9 rany, pri\u010dom chladne plnila svoje poslanie \u2013 odv\u00e1dza\u0165 du\u0161e zomieraj\u00facich.<\/p>\n<p data-path-to-node=\"5\">V t\u00fa osudn\u00fa noc musela Veresa pod\u013ea <b data-path-to-node=\"5\" data-index-in-node=\"36\">prastar\u00e9ho ritu\u00e1lu<\/b> splni\u0165 Arp\u00e1dovi jeho <b data-path-to-node=\"5\" data-index-in-node=\"76\">posledn\u00e9 \u017eelanie<\/b>. \u010cakala prosbu o \u017eivot \u010di bohatstvo, no on, v z\u00e1blesku z\u00fafalstva i odvahy, si zvolil jej <b data-path-to-node=\"5\" data-index-in-node=\"182\">neust\u00e1lu pr\u00edtomnos\u0165<\/b>. T\u00fdmto \u017eelan\u00edm prip\u00fatal mocn\u00fa d\u00e9monku k svojmu smrte\u013en\u00e9mu \u017eivotu. Veresa, hoci navonok chladn\u00e1 a poh\u0155dav\u00e1, bola n\u00faten\u00e1 zosta\u0165 po jeho boku ako <b data-path-to-node=\"5\" data-index-in-node=\"345\">ochranky\u0148a<\/b>.<\/p>\n<p data-path-to-node=\"6\">Nasleduj\u00face <b data-path-to-node=\"6\" data-index-in-node=\"12\">tri desa\u0165ro\u010dia<\/b> boli svedkom tichej vojny dvoch du\u0161\u00ed. Arp\u00e1d bojoval so svojimi d\u00e9monmi a Veresa vo vn\u00fatri potajomky <b data-path-to-node=\"6\" data-index-in-node=\"127\">\u013eutovala svoju vo\u013ebu<\/b> sta\u0165 sa nesmrte\u013enou bytos\u0165ou. Postupne v\u0161ak ich vz\u00e1jomn\u00e1 nen\u00e1vis\u0165 prer\u00e1stla do <b data-path-to-node=\"6\" data-index-in-node=\"227\">hlbok\u00e9ho citov\u00e9ho puta<\/b>. Veresa v Arp\u00e1dovi na\u0161la straten\u00fd k\u00fasok svojej vlastnej <b data-path-to-node=\"6\" data-index-in-node=\"306\">\u013eudskosti<\/b> a on v nej na\u0161iel zmysel, pre ktor\u00fd sa oplatilo \u017ei\u0165.<\/p>\n<p data-path-to-node=\"7\">Ke\u010f Arp\u00e1d napokon po rokoch <b data-path-to-node=\"7\" data-index-in-node=\"28\">zomrel v pokoji<\/b>, jeho du\u0161a nedosiahla len pokoj, ale priniesla <b data-path-to-node=\"7\" data-index-in-node=\"91\">definit\u00edvne vyk\u00fapenie<\/b> aj Verese. Ich pr\u00edbeh na <b data-path-to-node=\"7\" data-index-in-node=\"138\">Diev\u010denskej skale<\/b> dodnes pripom\u00edna, \u017ee <b data-path-to-node=\"7\" data-index-in-node=\"177\">v\u00ed\u0165azstvo l\u00e1sky<\/b> dok\u00e1\u017ee zlomi\u0165 aj tie najpr\u00edsnej\u0161ie <b data-path-to-node=\"7\" data-index-in-node=\"228\">metafyzick\u00e9 pravidl\u00e1<\/b>. Hoci sa stratili v \u010dase, ich <b data-path-to-node=\"7\" data-index-in-node=\"279\">duchovn\u00fd odkaz<\/b> dodnes chr\u00e1ni divok\u00fa pr\u00edrodu Slovensk\u00e9ho krasu.<\/p>\n<h3><span style=\"color: #808000;\">Bl\u00edzke stredisko, turistick\u00e9 centrum, obec alebo mesto<\/span><\/h3>\n<ul>\n<li><a href=\"http:\/\/www.slovensky-kras.eu\/info\/strediska-a-centra\/obec-krasnohorska-dlha-luka\/\">Obec Krasnohorsk\u00e1 Dlh\u00e1 L\u00faka (\u010d\u00edtaj viac&#8230;)<\/a><\/li>\n<\/ul>\n<ul>\n<li><a href=\"http:\/\/www.slovensky-kras.eu\/info\/strediska-a-centra\/obec-jovice\/\">Obec Jovice (\u010d\u00edtaj viac&#8230;)<\/a><\/li>\n<\/ul>\n<ul>\n<li><a href=\"http:\/\/www.slovensky-kras.eu\/info\/strediska-a-centra\/obec-hrusov\/\">Obec Hru\u0161ov (\u010d\u00edtaj viac&#8230;)<\/a><\/li>\n<\/ul>\n<ul>\n<li><a href=\"http:\/\/www.slovensky-kras.eu\/info\/strediska-a-centra\/turisticka-oblast-soroska-jablonovske-sedlo\/\">Stredisko Soro\u0161ka &#8211; Jablonovsk\u00e9 sedlo (\u010d\u00edtaj viac&#8230;)<\/a><\/li>\n<\/ul>\n<h2><span style=\"color: #800000;\">Mapy<\/span><\/h2>\n<p><strong>Vrstvy: <\/strong>Turistick\u00e1 mapa, Automapa, Cyklomapa, Ly\u017eiarska mapa, Satelitn\u00e1 mapa a OpenStreetMap.<\/p>\n<p><strong>Kliknut\u00edm na logo &#8222;Freemap.sk&#8220; sa V\u00e1m mapa zobraz\u00ed na celej ploche obrazovky.<\/strong><\/p>\n<p><iframe style=\"width: 900px; height: 600px; border: 0;\" src=\"https:\/\/www.freemap.sk\/?map=14\/48.617619\/20.547738&amp;info-point=48.617619\/20.547738,Diev\u010densk\u00e1 skala&amp;layers=X&amp;embed=search\" allowfullscreen=\"allowfullscreen\"><\/iframe><\/p>\n<h2><span style=\"color: #800000;\">Po\u010dasie<\/span><\/h2>\n<p><iframe style=\"width: 900px; height: 600px;\" src=\"https:\/\/www.meteoblue.com\/sk\/po%C4%8Dasie\/widget\/three\/48.618N20.545E656_Europe%2FBratislava?geoloc=fixed&amp;nocurrent=0&amp;noforecast=0&amp;days=6&amp;tempunit=CELSIUS&amp;windunit=KILOMETER_PER_HOUR&amp;layout=image\" frameborder=\"0\" scrolling=\"NO\" sandbox=\"allow-same-origin allow-scripts allow-popups allow-popups-to-escape-sandbox\"><span data-mce-type=\"bookmark\" style=\"display: inline-block; width: 0px; overflow: hidden; line-height: 0;\" class=\"mce_SELRES_start\">\ufeff<\/span><\/iframe><\/p>\n<div><!-- DO NOT REMOVE THIS LINK --><a href=\"https:\/\/www.meteoblue.com\/sk\/po%C4%8Dasie\/predpove%C4%8F\/t%C3%BD%C5%BEde%C5%88\/48.618N20.545E656_Europe%2FBratislava?utm_source=weather_widget&amp;utm_medium=linkus&amp;utm_content=three&amp;utm_campaign=Weather%2BWidget\" target=\"_blank\" rel=\"noopener noreferrer\">meteoblue<\/a><\/div>\n","protected":false},"excerpt":{"rendered":"<p>Menu: Podkateg\u00f3ria: Stoj\u00edte na hrane sveta: Kde sa nebo dot\u00fdka Silickej planiny a Tatry m\u00e1te na dlani Predstavte si ten moment, ke\u010f kr\u00e1\u010date tich\u00fdm lesom Silickej planiny, vzduch vonia v\u00e1pencov\u00fdmi [&hellip;]<\/p>\n","protected":false},"author":1,"featured_media":29585,"parent":13,"menu_order":0,"comment_status":"closed","ping_status":"open","template":"","meta":{"_uag_custom_page_level_css":"","footnotes":""},"class_list":["post-393","page","type-page","status-publish","has-post-thumbnail","hentry"],"featured_image_src":"https:\/\/www.slovensky-kras.eu\/info\/wp-content\/uploads\/2025\/11\/dievcenska-skala-2.jpeg","featured_image_src_square":"https:\/\/www.slovensky-kras.eu\/info\/wp-content\/uploads\/2025\/11\/dievcenska-skala-2.jpeg","rbea_author_info":{"display_name":"admin","author_link":"https:\/\/www.slovensky-kras.eu\/info\/author\/admin\/"},"rbea_excerpt_info":"Menu: Podkateg\u00f3ria: Stoj\u00edte na hrane sveta: Kde sa nebo dot\u00fdka Silickej planiny a Tatry m\u00e1te na dlani Predstavte si ten moment, ke\u010f kr\u00e1\u010date tich\u00fdm lesom Silickej planiny, vzduch vonia v\u00e1pencov\u00fdmi [&hellip;]","uagb_featured_image_src":{"full":["https:\/\/www.slovensky-kras.eu\/info\/wp-content\/uploads\/2025\/11\/dievcenska-skala-2.jpeg",1376,768,false],"thumbnail":["https:\/\/www.slovensky-kras.eu\/info\/wp-content\/uploads\/2025\/11\/dievcenska-skala-2-150x150.jpeg",150,150,true],"medium":["https:\/\/www.slovensky-kras.eu\/info\/wp-content\/uploads\/2025\/11\/dievcenska-skala-2-800x447.jpeg",800,447,true],"medium_large":["https:\/\/www.slovensky-kras.eu\/info\/wp-content\/uploads\/2025\/11\/dievcenska-skala-2-768x429.jpeg",768,429,true],"large":["https:\/\/www.slovensky-kras.eu\/info\/wp-content\/uploads\/2025\/11\/dievcenska-skala-2-1024x572.jpeg",1024,572,true],"1536x1536":["https:\/\/www.slovensky-kras.eu\/info\/wp-content\/uploads\/2025\/11\/dievcenska-skala-2.jpeg",1376,768,false],"2048x2048":["https:\/\/www.slovensky-kras.eu\/info\/wp-content\/uploads\/2025\/11\/dievcenska-skala-2.jpeg",1376,768,false]},"uagb_author_info":{"display_name":"admin","author_link":"https:\/\/www.slovensky-kras.eu\/info\/author\/admin\/"},"uagb_comment_info":0,"uagb_excerpt":"Menu: Podkateg\u00f3ria: Stoj\u00edte na hrane sveta: Kde sa nebo dot\u00fdka Silickej planiny a Tatry m\u00e1te na dlani Predstavte si ten moment, ke\u010f kr\u00e1\u010date tich\u00fdm lesom Silickej planiny, vzduch vonia v\u00e1pencov\u00fdmi [&hellip;]","_links":{"self":[{"href":"https:\/\/www.slovensky-kras.eu\/info\/wp-json\/wp\/v2\/pages\/393","targetHints":{"allow":["GET"]}}],"collection":[{"href":"https:\/\/www.slovensky-kras.eu\/info\/wp-json\/wp\/v2\/pages"}],"about":[{"href":"https:\/\/www.slovensky-kras.eu\/info\/wp-json\/wp\/v2\/types\/page"}],"author":[{"embeddable":true,"href":"https:\/\/www.slovensky-kras.eu\/info\/wp-json\/wp\/v2\/users\/1"}],"replies":[{"embeddable":true,"href":"https:\/\/www.slovensky-kras.eu\/info\/wp-json\/wp\/v2\/comments?post=393"}],"version-history":[{"count":16,"href":"https:\/\/www.slovensky-kras.eu\/info\/wp-json\/wp\/v2\/pages\/393\/revisions"}],"predecessor-version":[{"id":29594,"href":"https:\/\/www.slovensky-kras.eu\/info\/wp-json\/wp\/v2\/pages\/393\/revisions\/29594"}],"up":[{"embeddable":true,"href":"https:\/\/www.slovensky-kras.eu\/info\/wp-json\/wp\/v2\/pages\/13"}],"wp:featuredmedia":[{"embeddable":true,"href":"https:\/\/www.slovensky-kras.eu\/info\/wp-json\/wp\/v2\/media\/29585"}],"wp:attachment":[{"href":"https:\/\/www.slovensky-kras.eu\/info\/wp-json\/wp\/v2\/media?parent=393"}],"curies":[{"name":"wp","href":"https:\/\/api.w.org\/{rel}","templated":true}]}}