{"id":384,"date":"2013-06-29T12:15:23","date_gmt":"2013-06-29T10:15:23","guid":{"rendered":"http:\/\/www.slovensky-kras.eu\/info\/?page_id=384"},"modified":"2026-04-10T14:19:17","modified_gmt":"2026-04-10T12:19:17","slug":"chotarny-potok-blatnica","status":"publish","type":"page","link":"https:\/\/www.slovensky-kras.eu\/info\/kam-do-prirody\/chotarny-potok-blatnica\/","title":{"rendered":"Chot\u00e1rny potok (Blatnica)"},"content":{"rendered":"<p><strong>Menu: <\/strong> <a href=\"http:\/\/www.slovensky-kras.eu\/info\/\" class=\"su-button su-button-style-default\" style=\"color:#000000;background-color:#FFCF2F;border-color:#cca626;border-radius:5px\" target=\"_self\"><span style=\"color:#000000;padding:6px 16px;font-size:13px;line-height:20px;border-color:#ffde6e;border-radius:5px;text-shadow:none\"><i class=\"sui sui-arrow-right\" style=\"font-size:13px;color:#000000\"><\/i>  \u00davod \/ Aktuality <\/span><\/a>\n<a href=\"http:\/\/www.slovensky-kras.eu\/info\/kam-do-prirody\/\" class=\"su-button su-button-style-default\" style=\"color:#000000;background-color:#FFCF2F;border-color:#cca626;border-radius:5px\" target=\"_self\"><span style=\"color:#000000;padding:6px 16px;font-size:13px;line-height:20px;border-color:#ffde6e;border-radius:5px;text-shadow:none\"><i class=\"sui sui-arrow-right\" style=\"font-size:13px;color:#000000\"><\/i>  Kam do pr\u00edrody <\/span><\/a>\n<p><strong>Podkateg\u00f3ria: <\/strong> <a href=\"http:\/\/www.slovensky-kras.eu\/info\/kam-do-prirody\/vodopady-jazierka-rieky\/\" class=\"su-button su-button-style-default\" style=\"color:#000000;background-color:#C5ED2C;border-color:#9ebe24;border-radius:5px\" target=\"_self\"><span style=\"color:#000000;padding:6px 16px;font-size:13px;line-height:20px;border-color:#d7f36c;border-radius:5px;text-shadow:none\"><i class=\"sui sui-arrow-right\" style=\"font-size:13px;color:#000000\"><\/i>  Vodop\u00e1dy, jazierka, rieky \u2026 <\/span><\/a>\n<div class=\"su-divider su-divider-style-default\" style=\"margin:15px 0;border-width:2px;border-color:#000000\"><\/div>\n<figure id=\"attachment_30019\" aria-describedby=\"caption-attachment-30019\" style=\"width: 900px\" class=\"wp-caption aligncenter\"><a href=\"https:\/\/www.slovensky-kras.eu\/info\/wp-content\/uploads\/2026\/04\/blatnica-jar.jpeg\"><img loading=\"lazy\" decoding=\"async\" class=\"wp-image-30019\" src=\"https:\/\/www.slovensky-kras.eu\/info\/wp-content\/uploads\/2026\/04\/blatnica-jar.jpeg\" alt=\"Chot\u00e1rny potok (Blatnica)\" width=\"900\" height=\"502\" srcset=\"https:\/\/www.slovensky-kras.eu\/info\/wp-content\/uploads\/2026\/04\/blatnica-jar.jpeg 1376w, https:\/\/www.slovensky-kras.eu\/info\/wp-content\/uploads\/2026\/04\/blatnica-jar-800x447.jpeg 800w, https:\/\/www.slovensky-kras.eu\/info\/wp-content\/uploads\/2026\/04\/blatnica-jar-1024x572.jpeg 1024w, https:\/\/www.slovensky-kras.eu\/info\/wp-content\/uploads\/2026\/04\/blatnica-jar-768x429.jpeg 768w\" sizes=\"auto, (max-width: 900px) 100vw, 900px\" \/><\/a><figcaption id=\"caption-attachment-30019\" class=\"wp-caption-text\">Chot\u00e1rny potok (Blatnica)<\/figcaption><\/figure>\n<div class=\"su-divider su-divider-style-default\" style=\"margin:15px 0;border-width:2px;border-color:#000000\"><\/div>\n<h2 data-path-to-node=\"1\"><span style=\"color: #800000;\"><b data-path-to-node=\"1\" data-index-in-node=\"0\">Skryt\u00fd vl\u00e1dca Z\u00e1dielskej ties\u0148avy<\/b><\/span><\/h2>\n<p data-path-to-node=\"2\">Objavte pr\u00edbeh <b data-path-to-node=\"2\" data-index-in-node=\"15\">Chot\u00e1rneho potoka<\/b>, divokej tepny, ktor\u00e1 tis\u00edcro\u010dia ne\u00fanavne tesala monument\u00e1lnu <b data-path-to-node=\"2\" data-index-in-node=\"95\">Z\u00e1dielsku ties\u0148avu<\/b>. Vedeli ste, \u017ee tento tok, zn\u00e1my aj ako <b data-path-to-node=\"2\" data-index-in-node=\"154\">Blatnica<\/b>, pramen\u00ed vysoko pod vrchom Osadn\u00edk a tvor\u00ed hranicu medzi dvoma svetmi? Nechajte sa vies\u0165 jeho pr\u00fadom cez <b data-path-to-node=\"2\" data-index-in-node=\"268\">Z\u00e1dielsku br\u00e1nu<\/b> a\u017e na fascinuj\u00facu <b data-path-to-node=\"2\" data-index-in-node=\"302\">Kri\u017eovatku troch dol\u00edn<\/b>. Odha\u013ete tajomstv\u00e1 kask\u00e1d a <b data-path-to-node=\"2\" data-index-in-node=\"353\">jask\u00fd\u0148<\/b>, ktor\u00e9 tento nen\u00e1padn\u00fd, no siln\u00fd \u017eivel ukryl v srdci Slovensk\u00e9ho krasu.<\/p>\n<h2 data-start=\"336\" data-end=\"402\"><span style=\"color: #800000;\">Kde pramen\u00ed Chot\u00e1rny potok a ak\u00e9 s\u00fa jeho alternat\u00edvne n\u00e1zvy?<\/span><\/h2>\n<p data-start=\"404\" data-end=\"833\">Chot\u00e1rny potok, naz\u00fdvan\u00fd aj <strong data-start=\"320\" data-end=\"336\">Blatn\u00fd potok<\/strong> alebo <strong data-start=\"343\" data-end=\"355\">Blatnica<\/strong>, je pribli\u017ene <strong data-start=\"370\" data-end=\"415\">14 km dlh\u00fd \u013eavostrann\u00fd pr\u00edtok rieky Tur\u0148a<\/strong>, pretekaj\u00faci \u00fazem\u00edm <a href=\"https:\/\/www.slovensky-kras.eu\/info\/vseobecne-informacie\/\"><strong data-start=\"436\" data-end=\"457\">Slovensk\u00e9ho krasu<\/strong><\/a>. Pramen\u00ed na rozhran\u00ed <a href=\"https:\/\/www.slovensky-kras.eu\/info\/vseobecne-informacie\/\">Slovensk\u00e9ho krasu<\/a> a Volovsk\u00fdch vrchov (podcelok Pipitka), pod vrchom <strong>Osadn\u00edk (1 186 m n. m.)<\/strong>, na jeho v\u00fdchodnom svahu, v nadmorskej v\u00fd\u0161ke pribli\u017ene 945 m n. m.\u00a0 pri mieste zvanom <strong>Ve\u013ek\u00e1 l\u00faka<\/strong>. V <strong data-start=\"382\" data-end=\"415\">severnej \u010dasti svojho povodia<\/strong> z\u00e1rove\u0148 tvor\u00ed <strong data-start=\"430\" data-end=\"468\">prirodzen\u00fa geomorfologick\u00fa hranicu<\/strong> medzi <a href=\"https:\/\/www.slovensky-kras.eu\/info\/kam-do-prirody\/planina-horny-vrch\/\"><strong data-start=\"475\" data-end=\"498\">planinou Horn\u00fd vrch<\/strong><\/a> ( presnej\u0161ie jej severov\u00fdchodn\u00fa \u010das\u0165 naz\u00fdvan\u00fa ako\u00a0<a id=\"mwOQ\" class=\"new\" title=\"Bor\u010dianska planina (str\u00e1nka neexistuje)\" href=\"https:\/\/www.slovensky-kras.eu\/info\/kam-do-prirody\/borcianska-planina\/\" data-mw-i18n=\"{&quot;title&quot;:{&quot;lang&quot;:&quot;x-page&quot;,&quot;key&quot;:&quot;red-link-title&quot;,&quot;params&quot;:[&quot;Bor\u010dianska planina&quot;]}}\">Bor\u010dianska planina<\/a> ) a <strong data-start=\"501\" data-end=\"522\" data-is-only-node=\"\">podcelkom Pipitka<\/strong> vo <strong data-start=\"526\" data-end=\"548\">Volovsk\u00fdch vrchoch<\/strong>, \u010d\u00edm jasne odde\u013euje \u00fazemie <strong data-start=\"576\" data-end=\"597\">krasov\u00e9ho reli\u00e9fu<\/strong> od <strong data-start=\"601\" data-end=\"644\">pohor\u00ed s preva\u017ene kry\u0161talick\u00fdm podlo\u017e\u00edm<\/strong>. N\u00e1sledne a postupne men\u00ed smer toku na juh, kde jeho tok odde\u013euje dve v\u00fdznamn\u00e9 planiny <strong data-start=\"293\" data-end=\"314\">Slovensk\u00e9ho krasu<\/strong> \u2013 <a href=\"https:\/\/www.slovensky-kras.eu\/info\/kam-do-prirody\/planina-horny-vrch\/\"><strong data-start=\"317\" data-end=\"331\">Horn\u00fd vrch<\/strong><\/a> na z\u00e1pade a <a href=\"https:\/\/www.slovensky-kras.eu\/info\/kam-do-prirody\/zadielska-planina\/\"><strong data-start=\"344\" data-end=\"365\">Z\u00e1dielsku planinu<\/strong><\/a> na v\u00fdchode.<\/p>\n<h2 data-start=\"1280\" data-end=\"1324\"><span style=\"color: #800000;\">Ako pretek\u00e1 potok hornou \u010das\u0165ou dol\u00edn?<\/span><\/h2>\n<p data-start=\"1326\" data-end=\"1588\">V hornej \u010dasti te\u010die <strong data-start=\"1347\" data-end=\"1369\">Blatnickou dolinou<\/strong> na v\u00fdchod, priber\u00e1 kr\u00e1tky pr\u00edtok spod <strong data-start=\"1408\" data-end=\"1427\">Matesovej skaly\u00a0(925 m n.m.)<\/strong> a n\u00e1sledne sa st\u00e1\u010da na juhov\u00fdchod. Pretekaj\u00fac krasovou oblas\u0165ou, priber\u00e1 <strong data-start=\"1501\" data-end=\"1518\">\u0160ajbov\u00fd potok<\/strong>, prekon\u00e1va mas\u00edv <a href=\"https:\/\/www.slovensky-kras.eu\/info\/kam-do-prirody\/npr-havrania-skala\/\"><strong data-start=\"1536\" data-end=\"1554\">Havranej skaly<\/strong><\/a> a vtek\u00e1 do <strong data-start=\"1566\" data-end=\"1587\">Z\u00e1dielskej ties\u0148avy (to je doln\u00e1 \u010das\u0165 <a href=\"https:\/\/www.slovensky-kras.eu\/info\/kam-do-prirody\/zadielska-dolina\/\">Z\u00e1dielskej doliny<\/a>)<\/strong>. Blatnick\u00e1 dolina je pribli\u017ene 6.7 km dlh\u00e1 horn\u00e1 \u010das\u0165 <a href=\"https:\/\/www.slovensky-kras.eu\/info\/kam-do-prirody\/zadielska-dolina\/\">Z\u00e1dielskej doliny<\/a>. T\u00e1to <strong>turisticky atrakt\u00edvna oblas\u0165<\/strong> tvor\u00ed hranicu medzi podcelkom\u00a0<strong>Pip\u00edtka<\/strong>\u00a0vo\u00a0<a href=\"http:\/\/www.keturist.sk\/info\/okolite-hory\/volovske-vrchy\/\" target=\"_blank\" rel=\"noopener noreferrer\">Volovsk\u00fdch vrchoch<\/a>,\u00a0\u00a0<a href=\"http:\/\/www.slovensky-kras.eu\/info\/kam-do-prirody\/borcianska-planina\/\">Bor\u010dianskou planinou<\/a>\u00a0a\u00a0<a href=\"http:\/\/www.slovensky-kras.eu\/info\/kam-do-prirody\/zadielska-planina\/\">Z\u00e1dielskou planinou<\/a>. <a href=\"https:\/\/www.slovensky-kras.eu\/info\/kam-do-prirody\/zadielska-dolina\/\"><strong data-start=\"1566\" data-end=\"1587\">Z\u00e1dielska ties\u0148ava<\/strong><\/a> je pribli\u017ene 3.8 km dlh\u00e1 monument\u00e1lne krasov\u00e1 ties\u0148ava, ktor\u00e1 , bola vyhl\u00e1sen\u00e1 za n\u00e1rodn\u00fa pr\u00edrodn\u00fa rezerv\u00e1ciu v roku 1954.<\/p>\n<h2 data-start=\"1595\" data-end=\"1643\"><span style=\"color: #800000;\">\u010co rob\u00ed Z\u00e1dielsku dolinu takou v\u00fdnimo\u010dnou?<\/span><\/h2>\n<p data-start=\"1645\" data-end=\"2003\">Najzauj\u00edmavej\u0161\u00edm \u00fasekom toku je u\u017e spom\u00ednan\u00e1 <strong data-start=\"428\" data-end=\"484\">n\u00e1rodn\u00e1 pr\u00edrodn\u00e1 rezerv\u00e1cia (NPR) <a href=\"https:\/\/www.slovensky-kras.eu\/info\/kam-do-prirody\/npr-zadielska-tiesnava\/\">Z\u00e1dielska ties\u0148ava<\/a><\/strong>. V tejto <strong data-start=\"516\" data-end=\"555\">hlboko zarezanej krasovej ties\u0148ave<\/strong> sa nach\u00e1dza <strong data-start=\"568\" data-end=\"629\">ve\u013ek\u00e9 mno\u017estvo jask\u00fd\u0148, skaln\u00fdch stien a br\u00e1lov\u00fdch \u00fatvarov<\/strong>, ktor\u00e9 predstavuj\u00fa v\u00fdznamn\u00e9 geomorfologick\u00e9 a speleologick\u00e9 hodnoty \u00fazemia. V tejto \u010dasti doliny <strong data-start=\"729\" data-end=\"772\">potok vytv\u00e1ra men\u0161ie vodop\u00e1dy a kask\u00e1dy<\/strong>, \u010d\u00edm formuje reli\u00e9f ties\u0148avy a prispieva k jej vysokej estetickej hodnote. Naju\u017e\u0161ia \u010das\u0165 v ties\u0148ave je miesto \u0161irok\u00e9 len 10 m, ktor\u00e9 sa vol\u00e1 <strong>Z\u00e1dielska br\u00e1na<\/strong>. Z\u00e1dielska br\u00e1na sa nach\u00e1dza tesne za\u00a0<a href=\"https:\/\/www.slovensky-kras.eu\/info\/kam-do-prirody\/cukrova-homola-105-m-n-m\/\"><strong>Cukrovou homo\u013eou<\/strong><\/a>. Na jej za\u010diatku pri r\u00e1zcestn\u00edku Z\u00e1dielska dolina hor\u00e1re\u0148 (470 m n.m.) priber\u00e1 <strong data-start=\"887\" data-end=\"906\">Baksovsk\u00fd potok a n\u00e1sledne<\/strong>\u00a0<strong data-start=\"908\" data-end=\"941\" data-is-only-node=\"\">obtek\u00e1 skupinu <a href=\"https:\/\/www.slovensky-kras.eu\/info\/kam-do-prirody\/zadielska-vyhliadka\/\">Krkav\u010d\u00edch sk\u00e1l<\/a><\/strong>.<\/p>\n<h2 data-start=\"840\" data-end=\"895\"><span style=\"color: #800000;\">Ak\u00fdmi obcami a dolnou \u010das\u0165ou dol\u00edn potok pretek\u00e1?<\/span><\/h2>\n<p data-start=\"897\" data-end=\"1273\">Na svojej ceste pretek\u00e1 obcami <a href=\"https:\/\/www.slovensky-kras.eu\/info\/strediska-a-centra\/obec-zadiel\/\"><strong data-start=\"928\" data-end=\"938\">Z\u00e1diel<\/strong><\/a> a <strong data-start=\"941\" data-end=\"953\">Dvorn\u00edky<\/strong>. N\u00e1sledne sa vlieva do rie\u010dky Tur\u0148a v nadmorskej v\u00fd\u0161ke pribli\u017ene 195 m n. m., ktor\u00e1 m\u00e1 pribli\u017ene 26 km. \u010cas\u0165 toku Blatnice je v\u0161ak u\u017e pri Dvorn\u00edkoch odv\u00e1dzan\u00e1 druh\u00fdm ramenom (<strong data-start=\"1104\" data-end=\"1123\">Z\u00e1dielsky n\u00e1hon<\/strong>), ktor\u00e9 sa nap\u00e1ja na <a href=\"https:\/\/www.slovensky-kras.eu\/info\/kam-do-prirody\/turniansky-rybnik\/\"><strong data-start=\"1145\" data-end=\"1166\">Turniansky rybn\u00edk<\/strong><\/a> a pokra\u010duje po okraji obce <a href=\"https:\/\/www.slovensky-kras.eu\/info\/strediska-a-centra\/obec-turna-nad-bodvou\/\"><strong data-start=\"1194\" data-end=\"1214\">Tur\u0148a nad Bodvou<\/strong><\/a>. T\u00e1to \u010das\u0165 toku sa n\u00e1sledne vlieva do <strong data-start=\"1253\" data-end=\"1272\">H\u00e1jskeho potoka<\/strong>.<\/p>\n<h2 data-start=\"2010\" data-end=\"2062\"><span style=\"color: #800000;\">Ak\u00e1 turistick\u00e1 trasa vedie Z\u00e1dielskou dolinou?<\/span><\/h2>\n<p data-start=\"2064\" data-end=\"2216\">Touto n\u00e1dhernou ka\u0148onovitou dolinou prech\u00e1dza popul\u00e1rna <strong data-start=\"2120\" data-end=\"2148\">\u010derven\u00e1 turistick\u00e1 trasa<\/strong> z obce <a href=\"https:\/\/www.slovensky-kras.eu\/info\/strediska-a-centra\/obec-zadiel\/\"><strong data-start=\"2156\" data-end=\"2166\">Z\u00e1diel<\/strong><\/a> k r\u00e1zcestn\u00edku <strong data-start=\"2181\" data-end=\"2201\">Z\u00e1dielska dolina<\/strong> (470 m n. m.).<\/p>\n<h2 data-start=\"2223\" data-end=\"2261\"><span style=\"color: #800000;\">\u010co je to Kri\u017eovatka troch dol\u00edn?<\/span><\/h2>\n<p data-start=\"2263\" data-end=\"2452\">Pri r\u00e1zcestn\u00edku <strong data-start=\"2279\" data-end=\"2299\">Z\u00e1dielska dolina<\/strong> (470 m n. m.) sa nach\u00e1dza miesto naz\u00fdvan\u00e9 <strong data-start=\"2342\" data-end=\"2368\">Kri\u017eovatka troch dol\u00edn<\/strong>, kde sa stret\u00e1vaj\u00fa <strong data-start=\"2388\" data-end=\"2408\">Blatnick\u00e1 dolina<\/strong>, <strong data-start=\"2410\" data-end=\"2428\">Baksov\u00e1 dolina<\/strong> a <a href=\"https:\/\/www.slovensky-kras.eu\/info\/kam-do-prirody\/zadielska-dolina\/\"><strong data-start=\"2431\" data-end=\"2451\">Z\u00e1dielska ties\u0148ava<\/strong><\/a>.<\/p>\n<h2 data-path-to-node=\"1\"><span style=\"color: #800000;\"><b data-path-to-node=\"1\" data-index-in-node=\"0\">Kr\u00e1\u013eov odpo\u010dinok pod Osadn\u00edkom<\/b><\/span><\/h2>\n<p data-path-to-node=\"2\">Ke\u010f unaven\u00fd <b data-path-to-node=\"2\" data-index-in-node=\"12\">kr\u00e1\u013e Belo IV.<\/b> so svoj\u00edm sprievodom prech\u00e1dzal cez divok\u00e9 str\u00e1ne pod vrchom <b data-path-to-node=\"2\" data-index-in-node=\"87\">Osadn\u00edk<\/b>, hor\u00fa\u010dava a dlh\u00e1 cesta vy\u010derpali aj t\u00fdch najsilnej\u0161\u00edch rytierov. Na mieste, kde zo svahu vytekal priezra\u010dn\u00fd <b data-path-to-node=\"2\" data-index-in-node=\"203\">Chot\u00e1rny potok<\/b>, dal kr\u00e1\u013e rozkaz na zast\u00e1vku. S\u00e1m zost\u00fapil k brehu, nabral do dlan\u00ed svie\u017eu vodu a podal ju svojim mu\u017eom.<\/p>\n<p data-path-to-node=\"3\">Svie\u017eos\u0165 horsk\u00e9ho toku p\u00f4sobila na kr\u00e1\u013ea ako balzam; v tej chv\u00edli z neho opadla \u00fanavn\u00e1 boles\u0165 a hne\u010f sa c\u00edtil <b data-path-to-node=\"3\" data-index-in-node=\"110\">odpo\u010dinut\u00fd a pln\u00fd novej sily<\/b>. Jeho dru\u017eina, povzbuden\u00e1 kr\u00e1\u013eov\u00fdm pr\u00edkladom, na\u010derpala pri potoku straten\u00fa energiu na \u010fal\u0161\u00ed pochod krasovou krajinou. Od t\u00fdch \u010dias sa v okol\u00ed traduje, \u017ee voda z <b data-path-to-node=\"3\" data-index-in-node=\"301\">Chot\u00e1rneho potoka<\/b> m\u00e1 vz\u00e1cny dar vr\u00e1ti\u0165 vitalitu ka\u017ed\u00e9mu, kto k nej pr\u00edde s \u00factou a \u00faprimn\u00fdm \u00famyslom.<\/p>\n<h2 data-start=\"2263\" data-end=\"2452\"><span style=\"color: #800000;\">Fotogal\u00e9ria<\/span><\/h2>\n<p data-start=\"2263\" data-end=\"2452\"><style type=\"text\/css\">\n#foogallery-gallery-30017 .fg-image { width: 200px; }<\/style>\n\t\t\t<div class=\"foogallery foogallery-container foogallery-carousel foogallery-lightbox-foogallery fg-carousel fg-ready fg-light fg-border-medium fg-round-small fg-shadow-medium fg-loading-default fg-loaded-fade-in fg-hover-semi-zoomed fg-hover-fade fg-hover-circle-plus2\" id=\"foogallery-gallery-30017\" data-foogallery=\"{&quot;item&quot;:{&quot;showCaptionTitle&quot;:true,&quot;showCaptionDescription&quot;:true},&quot;lazy&quot;:true,&quot;template&quot;:{&quot;maxItems&quot;:5,&quot;scale&quot;:0.11999999999999999555910790149937383830547332763671875,&quot;gutter&quot;:{&quot;min&quot;:-40,&quot;max&quot;:-20,&quot;unit&quot;:&quot;%&quot;},&quot;autoplay&quot;:{&quot;time&quot;:0,&quot;interaction&quot;:&quot;pause&quot;},&quot;centerOnClick&quot;:true,&quot;align&quot;:&quot;center&quot;,&quot;activePosition&quot;:&quot;center&quot;}}\" data-foogallery-lightbox=\"{&quot;thumbs&quot;:&quot;bottom&quot;,&quot;thumbsCaptions&quot;:false,&quot;thumbsBestFit&quot;:false,&quot;thumbsSmall&quot;:false,&quot;thumbsCaptionsAlign&quot;:&quot;default&quot;,&quot;info&quot;:&quot;bottom&quot;,&quot;infoVisible&quot;:true,&quot;infoOverlay&quot;:true,&quot;infoAlign&quot;:&quot;default&quot;,&quot;transition&quot;:&quot;fade&quot;,&quot;hoverButtons&quot;:false,&quot;fitMedia&quot;:false,&quot;noScrollbars&quot;:true,&quot;preserveButtonSpace&quot;:true,&quot;buttons&quot;:{&quot;fullscreen&quot;:true,&quot;info&quot;:true,&quot;thumbs&quot;:false},&quot;video&quot;:{&quot;autoPlay&quot;:true}}\" style=\"--fg-title-line-clamp: 1; --fg-description-line-clamp: 2;\" >\n\t<button type=\"button\" class=\"fg-carousel-prev\" title=\"Previous\"><\/button>\n\t<div class=\"fg-carousel-inner\">\n\t\t<div class=\"fg-carousel-center\"><\/div>\n\t\t<div class=\"fg-item fg-type-image fg-idle\"><figure class=\"fg-item-inner\"><a href=\"https:\/\/www.slovensky-kras.eu\/info\/wp-content\/uploads\/2026\/04\/blatnica-zima.jpeg\" data-caption-title=\"Chot\u00e1rny potok (Blatnica)\" data-attachment-id=\"30018\" data-type=\"image\" class=\"fg-thumb\"><span class=\"fg-image-wrap\"><img decoding=\"async\" alt=\"Chot\u00e1rny potok (Blatnica)\" title=\"Chot\u00e1rny potok (Blatnica)\" width=\"200\" height=\"200\" class=\"skip-lazy fg-image\" data-src-fg=\"https:\/\/www.slovensky-kras.eu\/info\/wp-content\/uploads\/cache\/2026\/04\/blatnica-zima\/2690170656.jpeg\" src=\"data:image\/svg+xml,%3Csvg%20xmlns%3D%22http%3A%2F%2Fwww.w3.org%2F2000%2Fsvg%22%20width%3D%22200%22%20height%3D%22200%22%20viewBox%3D%220%200%20200%20200%22%3E%3C%2Fsvg%3E\" loading=\"eager\"><\/span><span class=\"fg-image-overlay\"><\/span><\/a><figcaption class=\"fg-caption\"><div class=\"fg-caption-inner\"><div class=\"fg-caption-title\">Chot\u00e1rny potok (Blatnica)<\/div><\/div><\/figcaption><\/figure><div class=\"fg-loader\"><\/div><\/div><div class=\"fg-item fg-type-image fg-idle\"><figure class=\"fg-item-inner\"><a href=\"https:\/\/www.slovensky-kras.eu\/info\/wp-content\/uploads\/2026\/04\/blatnica-jar.jpeg\" data-caption-title=\"Chot\u00e1rny potok (Blatnica)\" data-attachment-id=\"30019\" data-type=\"image\" class=\"fg-thumb\"><span class=\"fg-image-wrap\"><img decoding=\"async\" alt=\"Chot\u00e1rny potok (Blatnica)\" title=\"Chot\u00e1rny potok (Blatnica)\" width=\"200\" height=\"200\" class=\"skip-lazy fg-image\" data-src-fg=\"https:\/\/www.slovensky-kras.eu\/info\/wp-content\/uploads\/cache\/2026\/04\/blatnica-jar\/1155111113.jpeg\" src=\"data:image\/svg+xml,%3Csvg%20xmlns%3D%22http%3A%2F%2Fwww.w3.org%2F2000%2Fsvg%22%20width%3D%22200%22%20height%3D%22200%22%20viewBox%3D%220%200%20200%20200%22%3E%3C%2Fsvg%3E\" loading=\"eager\"><\/span><span class=\"fg-image-overlay\"><\/span><\/a><figcaption class=\"fg-caption\"><div class=\"fg-caption-inner\"><div class=\"fg-caption-title\">Chot\u00e1rny potok (Blatnica)<\/div><\/div><\/figcaption><\/figure><div class=\"fg-loader\"><\/div><\/div><div class=\"fg-item fg-type-image fg-idle\"><figure class=\"fg-item-inner\"><a href=\"https:\/\/www.slovensky-kras.eu\/info\/wp-content\/uploads\/2026\/04\/blatnica-2.jpeg\" data-caption-title=\"Chot\u00e1rny potok (Blatnica)\" data-attachment-id=\"30021\" data-type=\"image\" class=\"fg-thumb\"><span class=\"fg-image-wrap\"><img decoding=\"async\" alt=\"Chot\u00e1rny potok (Blatnica)\" title=\"Chot\u00e1rny potok (Blatnica)\" width=\"200\" height=\"200\" class=\"skip-lazy fg-image\" data-src-fg=\"https:\/\/www.slovensky-kras.eu\/info\/wp-content\/uploads\/cache\/2026\/04\/blatnica-2\/3766235344.jpeg\" src=\"data:image\/svg+xml,%3Csvg%20xmlns%3D%22http%3A%2F%2Fwww.w3.org%2F2000%2Fsvg%22%20width%3D%22200%22%20height%3D%22200%22%20viewBox%3D%220%200%20200%20200%22%3E%3C%2Fsvg%3E\" loading=\"eager\"><\/span><span class=\"fg-image-overlay\"><\/span><\/a><figcaption class=\"fg-caption\"><div class=\"fg-caption-inner\"><div class=\"fg-caption-title\">Chot\u00e1rny potok (Blatnica)<\/div><\/div><\/figcaption><\/figure><div class=\"fg-loader\"><\/div><\/div><div class=\"fg-item fg-type-image fg-idle\"><figure class=\"fg-item-inner\"><a href=\"https:\/\/www.slovensky-kras.eu\/info\/wp-content\/uploads\/2026\/04\/blatnica.jpeg\" data-caption-title=\"Chot\u00e1rny potok (Blatnica)\" data-attachment-id=\"30022\" data-type=\"image\" class=\"fg-thumb\"><span class=\"fg-image-wrap\"><img decoding=\"async\" alt=\"Chot\u00e1rny potok (Blatnica)\" title=\"Chot\u00e1rny potok (Blatnica)\" width=\"200\" height=\"200\" class=\"skip-lazy fg-image\" data-src-fg=\"https:\/\/www.slovensky-kras.eu\/info\/wp-content\/uploads\/cache\/2026\/04\/blatnica\/1712098556.jpeg\" src=\"data:image\/svg+xml,%3Csvg%20xmlns%3D%22http%3A%2F%2Fwww.w3.org%2F2000%2Fsvg%22%20width%3D%22200%22%20height%3D%22200%22%20viewBox%3D%220%200%20200%20200%22%3E%3C%2Fsvg%3E\" loading=\"eager\"><\/span><span class=\"fg-image-overlay\"><\/span><\/a><figcaption class=\"fg-caption\"><div class=\"fg-caption-inner\"><div class=\"fg-caption-title\">Chot\u00e1rny potok (Blatnica)<\/div><\/div><\/figcaption><\/figure><div class=\"fg-loader\"><\/div><\/div><div class=\"fg-item fg-type-image fg-idle\"><figure class=\"fg-item-inner\"><a href=\"https:\/\/www.slovensky-kras.eu\/info\/wp-content\/uploads\/2026\/04\/blatnica-3-1.jpeg\" data-caption-title=\"Chot\u00e1rny potok (Blatnica)\" data-attachment-id=\"30023\" data-type=\"image\" class=\"fg-thumb\"><span class=\"fg-image-wrap\"><img decoding=\"async\" alt=\"Chot\u00e1rny potok (Blatnica)\" title=\"Chot\u00e1rny potok (Blatnica)\" width=\"200\" height=\"200\" class=\"skip-lazy fg-image\" data-src-fg=\"https:\/\/www.slovensky-kras.eu\/info\/wp-content\/uploads\/cache\/2026\/04\/blatnica-3-1\/2190440350.jpeg\" src=\"data:image\/svg+xml,%3Csvg%20xmlns%3D%22http%3A%2F%2Fwww.w3.org%2F2000%2Fsvg%22%20width%3D%22200%22%20height%3D%22200%22%20viewBox%3D%220%200%20200%20200%22%3E%3C%2Fsvg%3E\" loading=\"eager\"><\/span><span class=\"fg-image-overlay\"><\/span><\/a><figcaption class=\"fg-caption\"><div class=\"fg-caption-inner\"><div class=\"fg-caption-title\">Chot\u00e1rny potok (Blatnica)<\/div><\/div><\/figcaption><\/figure><div class=\"fg-loader\"><\/div><\/div>\t<\/div>\n\t<div class=\"fg-carousel-bottom\"><\/div>\n\t<div class=\"fg-carousel-progress\"><\/div>\n\t<button type=\"button\" class=\"fg-carousel-next\" title=\"Next\"><\/button>\n<\/div>\n<h2 data-start=\"2263\" data-end=\"2452\"><span style=\"color: #800000;\">Zauj\u00edmav\u00e9 odkazy<\/span><\/h2>\n<h3><span style=\"color: #808000;\">Bl\u00edzke stredisko, turistick\u00e9 centrum, obec alebo mesto:<\/span><\/h3>\n<ul>\n<li><a href=\"http:\/\/www.slovensky-kras.eu\/info\/strediska-a-centra\/obec-zadiel\/\">Obec Z\u00e1diel (\u010d\u00edtaj viac&#8230;)<\/a><\/li>\n<\/ul>\n<ul>\n<li><a href=\"http:\/\/www.slovensky-kras.eu\/info\/strediska-a-centra\/1017-2\/\">Obec Dvorn\u00edky (\u010d\u00edtaj viac&#8230;)<\/a><\/li>\n<\/ul>\n<h2><span style=\"color: #800000;\">Mapy<\/span><\/h2>\n<p><strong>Vrstvy: <\/strong>Turistick\u00e1 mapa, Automapa, Cyklomapa, Ly\u017eiarska mapa, Satelitn\u00e1 mapa a OpenStreetMap.<\/p>\n<p><strong>Kliknut\u00edm na logo &#8222;Freemap.sk&#8220; sa V\u00e1m mapa zobraz\u00ed na celej ploche obrazovky.<\/strong><\/p>\n<p><iframe style=\"width: 900px; height: 600px; border: 0;\" src=\"https:\/\/www.freemap.sk\/?map=14\/48.610867\/20.834670&amp;info-point=48.610867\/20.834670,Chot\u00e1rny potok (Blatnica)&amp;layers=X&amp;embed=search\" allowfullscreen=\"allowfullscreen\"><\/iframe><\/p>\n<h2><span style=\"color: #800000;\">Po\u010dasie<\/span><\/h2>\n<p><iframe style=\"width: 900px; height: 610px;\" src=\"https:\/\/www.meteoblue.com\/sk\/po%C4%8Dasie\/widget\/three\/slovensk%c3%bd-kras_slovensk%c3%a1-republika_723573?geoloc=fixed&amp;nocurrent=0&amp;noforecast=0&amp;days=6&amp;tempunit=CELSIUS&amp;windunit=KILOMETER_PER_HOUR&amp;layout=image\" frameborder=\"0\" scrolling=\"NO\" sandbox=\"allow-same-origin allow-scripts allow-popups allow-popups-to-escape-sandbox\"><\/iframe><\/p>\n<div><!-- DO NOT REMOVE THIS LINK --><a href=\"https:\/\/www.meteoblue.com\/sk\/po%C4%8Dasie\/predpove%C4%8F\/t%C3%BD%C5%BEde%C5%88\/slovensk%c3%bd-kras_slovensk%c3%a1-republika_723573?utm_source=weather_widget&amp;utm_medium=linkus&amp;utm_content=three&amp;utm_campaign=Weather%2BWidget\" target=\"_blank\" rel=\"noopener noreferrer\">meteoblue<\/a><\/div>\n<p>&nbsp;<\/p>\n","protected":false},"excerpt":{"rendered":"<p>Menu: Podkateg\u00f3ria: Skryt\u00fd vl\u00e1dca Z\u00e1dielskej ties\u0148avy Objavte pr\u00edbeh Chot\u00e1rneho potoka, divokej tepny, ktor\u00e1 tis\u00edcro\u010dia ne\u00fanavne tesala monument\u00e1lnu Z\u00e1dielsku ties\u0148avu. Vedeli ste, \u017ee tento tok, zn\u00e1my aj ako Blatnica, pramen\u00ed vysoko [&hellip;]<\/p>\n","protected":false},"author":1,"featured_media":30019,"parent":13,"menu_order":0,"comment_status":"closed","ping_status":"open","template":"","meta":{"_uag_custom_page_level_css":"","footnotes":""},"class_list":["post-384","page","type-page","status-publish","has-post-thumbnail","hentry"],"featured_image_src":"https:\/\/www.slovensky-kras.eu\/info\/wp-content\/uploads\/2026\/04\/blatnica-jar.jpeg","featured_image_src_square":"https:\/\/www.slovensky-kras.eu\/info\/wp-content\/uploads\/2026\/04\/blatnica-jar.jpeg","rbea_author_info":{"display_name":"admin","author_link":"https:\/\/www.slovensky-kras.eu\/info\/author\/admin\/"},"rbea_excerpt_info":"Menu: Podkateg\u00f3ria: Skryt\u00fd vl\u00e1dca Z\u00e1dielskej ties\u0148avy Objavte pr\u00edbeh Chot\u00e1rneho potoka, divokej tepny, ktor\u00e1 tis\u00edcro\u010dia ne\u00fanavne tesala monument\u00e1lnu Z\u00e1dielsku ties\u0148avu. Vedeli ste, \u017ee tento tok, zn\u00e1my aj ako Blatnica, pramen\u00ed vysoko [&hellip;]","uagb_featured_image_src":{"full":["https:\/\/www.slovensky-kras.eu\/info\/wp-content\/uploads\/2026\/04\/blatnica-jar.jpeg",1376,768,false],"thumbnail":["https:\/\/www.slovensky-kras.eu\/info\/wp-content\/uploads\/2026\/04\/blatnica-jar-150x150.jpeg",150,150,true],"medium":["https:\/\/www.slovensky-kras.eu\/info\/wp-content\/uploads\/2026\/04\/blatnica-jar-800x447.jpeg",800,447,true],"medium_large":["https:\/\/www.slovensky-kras.eu\/info\/wp-content\/uploads\/2026\/04\/blatnica-jar-768x429.jpeg",768,429,true],"large":["https:\/\/www.slovensky-kras.eu\/info\/wp-content\/uploads\/2026\/04\/blatnica-jar-1024x572.jpeg",1024,572,true],"1536x1536":["https:\/\/www.slovensky-kras.eu\/info\/wp-content\/uploads\/2026\/04\/blatnica-jar.jpeg",1376,768,false],"2048x2048":["https:\/\/www.slovensky-kras.eu\/info\/wp-content\/uploads\/2026\/04\/blatnica-jar.jpeg",1376,768,false]},"uagb_author_info":{"display_name":"admin","author_link":"https:\/\/www.slovensky-kras.eu\/info\/author\/admin\/"},"uagb_comment_info":0,"uagb_excerpt":"Menu: Podkateg\u00f3ria: Skryt\u00fd vl\u00e1dca Z\u00e1dielskej ties\u0148avy Objavte pr\u00edbeh Chot\u00e1rneho potoka, divokej tepny, ktor\u00e1 tis\u00edcro\u010dia ne\u00fanavne tesala monument\u00e1lnu Z\u00e1dielsku ties\u0148avu. Vedeli ste, \u017ee tento tok, zn\u00e1my aj ako Blatnica, pramen\u00ed vysoko [&hellip;]","_links":{"self":[{"href":"https:\/\/www.slovensky-kras.eu\/info\/wp-json\/wp\/v2\/pages\/384","targetHints":{"allow":["GET"]}}],"collection":[{"href":"https:\/\/www.slovensky-kras.eu\/info\/wp-json\/wp\/v2\/pages"}],"about":[{"href":"https:\/\/www.slovensky-kras.eu\/info\/wp-json\/wp\/v2\/types\/page"}],"author":[{"embeddable":true,"href":"https:\/\/www.slovensky-kras.eu\/info\/wp-json\/wp\/v2\/users\/1"}],"replies":[{"embeddable":true,"href":"https:\/\/www.slovensky-kras.eu\/info\/wp-json\/wp\/v2\/comments?post=384"}],"version-history":[{"count":32,"href":"https:\/\/www.slovensky-kras.eu\/info\/wp-json\/wp\/v2\/pages\/384\/revisions"}],"predecessor-version":[{"id":30026,"href":"https:\/\/www.slovensky-kras.eu\/info\/wp-json\/wp\/v2\/pages\/384\/revisions\/30026"}],"up":[{"embeddable":true,"href":"https:\/\/www.slovensky-kras.eu\/info\/wp-json\/wp\/v2\/pages\/13"}],"wp:featuredmedia":[{"embeddable":true,"href":"https:\/\/www.slovensky-kras.eu\/info\/wp-json\/wp\/v2\/media\/30019"}],"wp:attachment":[{"href":"https:\/\/www.slovensky-kras.eu\/info\/wp-json\/wp\/v2\/media?parent=384"}],"curies":[{"name":"wp","href":"https:\/\/api.w.org\/{rel}","templated":true}]}}