{"id":3273,"date":"2014-03-08T10:37:50","date_gmt":"2014-03-08T08:37:50","guid":{"rendered":"http:\/\/www.slovensky-kras.eu\/info\/?page_id=3273"},"modified":"2026-01-19T07:39:03","modified_gmt":"2026-01-19T06:39:03","slug":"serenyiho-cisterna","status":"publish","type":"page","link":"https:\/\/www.slovensky-kras.eu\/info\/kam-za-pamiatkami\/serenyiho-cisterna\/","title":{"rendered":"Ser\u00e9nyiho cisterna na Ple\u0161iveckej planine"},"content":{"rendered":"<p><strong>Menu: <\/strong><a href=\"http:\/\/www.slovensky-kras.eu\/info\/\" class=\"su-button su-button-style-default\" style=\"color:#000000;background-color:#FFCF2F;border-color:#cca626;border-radius:5px\" target=\"_self\"><span style=\"color:#000000;padding:6px 16px;font-size:13px;line-height:20px;border-color:#ffde6e;border-radius:5px;text-shadow:none\"><i class=\"sui sui-arrow-right\" style=\"font-size:13px;color:#000000\"><\/i>  \u00davod \/ Aktuality <\/span><\/a>\n<a href=\"http:\/\/www.slovensky-kras.eu\/info\/kam-za-pamiatkami\/\" class=\"su-button su-button-style-default\" style=\"color:#000000;background-color:#FFCF2F;border-color:#cca626;border-radius:5px\" target=\"_self\"><span style=\"color:#000000;padding:6px 16px;font-size:13px;line-height:20px;border-color:#ffde6e;border-radius:5px;text-shadow:none\"><i class=\"sui sui-arrow-right\" style=\"font-size:13px;color:#000000\"><\/i>  Kam za pamiatkami <\/span><\/a>\n<p><strong>Podkateg\u00f3ria: <\/strong> <a href=\"http:\/\/www.slovensky-kras.eu\/info\/kam-za-pamiatkami\/technicke-pamiatky\/\" class=\"su-button su-button-style-default\" style=\"color:#000000;background-color:#afd144;border-color:#8ca837;border-radius:5px\" target=\"_self\"><span style=\"color:#000000;padding:6px 16px;font-size:13px;line-height:20px;border-color:#c7df7d;border-radius:5px;text-shadow:none\"><i class=\"sui sui-arrow-right\" style=\"font-size:13px;color:#000000\"><\/i>  Technick\u00e9 pamiatky <\/span><\/a>\n<div class=\"su-divider su-divider-style-default\" style=\"margin:15px 0;border-width:2px;border-color:#000000\"><\/div>\n<figure id=\"attachment_17296\" aria-describedby=\"caption-attachment-17296\" style=\"width: 900px\" class=\"wp-caption aligncenter\"><a href=\"http:\/\/www.slovensky-kras.eu\/info\/wp-content\/uploads\/2020\/05\/sereniho1.jpg\"><img loading=\"lazy\" decoding=\"async\" class=\"wp-image-17296\" src=\"https:\/\/www.slovensky-kras.eu\/info\/wp-content\/uploads\/2020\/05\/sereniho1-800x600.jpg\" alt=\"Ser\u00e9nyiho cisterna na Ple\u0161iveckej planine\" width=\"900\" height=\"675\" srcset=\"https:\/\/www.slovensky-kras.eu\/info\/wp-content\/uploads\/2020\/05\/sereniho1-800x600.jpg 800w, https:\/\/www.slovensky-kras.eu\/info\/wp-content\/uploads\/2020\/05\/sereniho1-1024x768.jpg 1024w, https:\/\/www.slovensky-kras.eu\/info\/wp-content\/uploads\/2020\/05\/sereniho1-768x576.jpg 768w, https:\/\/www.slovensky-kras.eu\/info\/wp-content\/uploads\/2020\/05\/sereniho1-1536x1152.jpg 1536w, https:\/\/www.slovensky-kras.eu\/info\/wp-content\/uploads\/2020\/05\/sereniho1-1200x900.jpg 1200w, https:\/\/www.slovensky-kras.eu\/info\/wp-content\/uploads\/2020\/05\/sereniho1.jpg 1920w\" sizes=\"auto, (max-width: 900px) 100vw, 900px\" \/><\/a><figcaption id=\"caption-attachment-17296\" class=\"wp-caption-text\">Ser\u00e9nyiho cisterna &#8211; foto: Viktor Bal\u00e1\u017e KST Ro\u017e\u0148ava<\/figcaption><\/figure>\n<div class=\"su-divider su-divider-style-default\" style=\"margin:15px 0;border-width:2px;border-color:#000000\"><\/div>\n<h2 dir=\"auto\"><span style=\"color: #800000;\">Kde sa nach\u00e1dza Ser\u00e9nyiho cisterna a ako sa k nej dostanem?<\/span><\/h2>\n<p dir=\"auto\"><strong>Ser\u00e9nyiho cisterna<\/strong> je fascinuj\u00faca <strong>technick\u00e1 pamiatka<\/strong>, ktor\u00e1 sa nach\u00e1dza na roz\u013eahl\u00fdch l\u00fakach <strong>Ple\u0161iveckej planiny<\/strong> v <strong>Slovenskom krase<\/strong> a le\u017e\u00ed priamo na modrej turistickej zna\u010dke smerom k <strong>Gerla\u0161skej skale<\/strong> (752 m n. m.). K tejto unik\u00e1tnej <strong>technickej pamiatke<\/strong> ved\u00fa zna\u010dkovan\u00e9 turistick\u00e9 trasy z obc\u00ed <strong>Ple\u0161ivec<\/strong> (modr\u00e1), <strong>Slavec<\/strong> (\u017elt\u00e1), <strong>Kru\u017en\u00e1<\/strong> (\u017elt\u00e1), <strong>Rakovnica<\/strong> (zelen\u00e1) a <strong>\u0160t\u00edtnik<\/strong> (modr\u00e1).<\/p>\n<h2 dir=\"auto\"><span style=\"color: #800000;\">Pre\u010do bola Ser\u00e9nyiho cisterna postaven\u00e1 a ak\u00fa \u00falohu plnila?<\/span><\/h2>\n<p dir=\"auto\"><strong>Ser\u00e9nyiho cisterna<\/strong> bola postaven\u00e1 v roku 1913 (stavba bola skolaudovan\u00e1 10. 2. 1914) ako priamy d\u00f4sledok dlhodob\u00e9ho sucha na za\u010diatku 20. storo\u010dia. <strong>Ple\u0161iveck\u00e1 planina<\/strong> sl\u00fa\u017eila ako pastvina pre dobytok a spom\u00ednan\u00e9 sucho sp\u00f4sobilo zni\u017eovanie stavov dobytka. My\u0161lienky postavi\u0165 na planine cisternu (akumula\u010dn\u00fa n\u00e1dr\u017e na da\u017e\u010fov\u00fa vodu) sa chopilo vtedaj\u0161ie ministerstvo po\u013enohospod\u00e1rstva pod veden\u00edm ministra <strong>B\u00e9lu Ser\u00e9nyiho<\/strong> (ma\u010f. gr\u00f3f Ser\u00e9nyi B\u00e9la). Pod\u013ea historick\u00fdch z\u00e1znamov sa za \u010dias I. \u010cSR na <strong>Ple\u0161iveckej planine<\/strong> v roku 1935 p\u00e1slo okolo 500 kusov hov\u00e4dzieho dobytka, 100 kusov kon\u00ed a asi 1 000 kusov oviec. Svoju funkciu prestala <strong>Ser\u00e9nyiho cisterna<\/strong> plni\u0165 koncom 20. storo\u010dia.<\/p>\n<h2 dir=\"auto\"><span style=\"color: #800000;\">Ak\u00e9 s\u00fa rozmery a technick\u00e9 parametre Ser\u00e9nyiho cisterny?<\/span><\/h2>\n<p dir=\"auto\"><strong>Ser\u00e9nyiho cisterna<\/strong> je okr\u00fahla bet\u00f3nov\u00e1 stavba s priemerom 15 metrov. H\u013abka cisterny je okolo 3,8 metrov. <strong>Ser\u00e9nyiho cisterna<\/strong> m\u00e1 schopnos\u0165 zadr\u017eiava\u0165 vodu s objemom a\u017e 960 tis\u00edc litrov. N\u00e1dr\u017e je v strede predelen\u00e1 stenou na dve polovice, aby sa pri \u010disten\u00ed nemusel vypr\u00e1zdni\u0165 cel\u00fd objem cisterny.<\/p>\n<h2 dir=\"auto\"><span style=\"color: #800000;\">Ako sa prisp\u00f4sobila stavba Ser\u00e9nyiho cisterny pr\u00edrodn\u00fdm podmienkam?<\/span><\/h2>\n<p dir=\"auto\">Technick\u00e9 rie\u0161enie stavby <strong>Ser\u00e9nyiho cisterny<\/strong> sa menilo v s\u00falade s pr\u00edrodn\u00fdmi podmienkami na mieste. Upustilo sa od stavby z pr\u00edrodn\u00e9ho kame\u0148a \u2013 v\u00e1penca, ale n\u00e1dr\u017e vybudovali z bet\u00f3nu neprep\u00fa\u0161\u0165aj\u00faceho vodu. Na v\u00fdstavbu <strong>Ser\u00e9nyiho cisterny<\/strong> si vybrali vhodn\u00e9 miesto v malom \u00fadol\u00ed zo z\u00e1padnej strany ohrani\u010den\u00fdm miernym, ale vysok\u00fdm svahom. Pr\u00e1ve tento svah mal poskytn\u00fa\u0165 dostato\u010dne ve\u013ek\u00fa zbern\u00fa plochu.<\/p>\n<h2><span style=\"color: #800000;\">Fotogal\u00e9ria<\/span><\/h2>\n<style type=\"text\/css\">\n#foogallery-gallery-28825 .fg-image { width: 200px; }<\/style>\n\t\t\t<div class=\"foogallery foogallery-container foogallery-carousel foogallery-lightbox-foogallery fg-carousel fg-ready fg-light fg-border-medium fg-round-small fg-shadow-medium fg-loading-default fg-loaded-fade-in fg-hover-semi-zoomed fg-hover-fade fg-hover-circle-plus2\" id=\"foogallery-gallery-28825\" data-foogallery=\"{&quot;item&quot;:{&quot;showCaptionTitle&quot;:true,&quot;showCaptionDescription&quot;:true},&quot;lazy&quot;:true,&quot;template&quot;:{&quot;maxItems&quot;:5,&quot;scale&quot;:0.11999999999999999555910790149937383830547332763671875,&quot;gutter&quot;:{&quot;min&quot;:-40,&quot;max&quot;:-20,&quot;unit&quot;:&quot;%&quot;},&quot;autoplay&quot;:{&quot;time&quot;:0,&quot;interaction&quot;:&quot;pause&quot;},&quot;centerOnClick&quot;:true,&quot;align&quot;:&quot;center&quot;,&quot;activePosition&quot;:&quot;center&quot;}}\" data-foogallery-lightbox=\"{&quot;thumbs&quot;:&quot;bottom&quot;,&quot;thumbsCaptions&quot;:false,&quot;thumbsBestFit&quot;:false,&quot;thumbsSmall&quot;:false,&quot;thumbsCaptionsAlign&quot;:&quot;default&quot;,&quot;info&quot;:&quot;bottom&quot;,&quot;infoVisible&quot;:true,&quot;infoOverlay&quot;:true,&quot;infoAlign&quot;:&quot;default&quot;,&quot;transition&quot;:&quot;fade&quot;,&quot;hoverButtons&quot;:false,&quot;fitMedia&quot;:false,&quot;noScrollbars&quot;:true,&quot;preserveButtonSpace&quot;:true,&quot;buttons&quot;:{&quot;fullscreen&quot;:true,&quot;info&quot;:true,&quot;thumbs&quot;:false},&quot;video&quot;:{&quot;autoPlay&quot;:true}}\" style=\"--fg-title-line-clamp: 0; --fg-description-line-clamp: 0;\" >\n\t<button type=\"button\" class=\"fg-carousel-prev\" title=\"Previous\"><\/button>\n\t<div class=\"fg-carousel-inner\">\n\t\t<div class=\"fg-carousel-center\"><\/div>\n\t\t<div class=\"fg-item fg-type-image fg-idle\"><figure class=\"fg-item-inner\"><a href=\"https:\/\/www.slovensky-kras.eu\/info\/wp-content\/uploads\/2014\/03\/serenceny.jpg\" data-caption-title=\"Ser\u00e9nyiho cisterna na Ple\u0161iveckej planine\" data-caption-desc=\"Zdroj foto : Jarosloav Stankovi\u010d\" data-attachment-id=\"7286\" data-type=\"image\" class=\"fg-thumb\"><span class=\"fg-image-wrap\"><img decoding=\"async\" title=\"Ser\u00e9nyiho cisterna na Ple\u0161iveckej planine\" width=\"200\" height=\"200\" class=\"skip-lazy fg-image\" data-src-fg=\"https:\/\/www.slovensky-kras.eu\/info\/wp-content\/uploads\/cache\/2014\/03\/serenceny\/179437856.jpg\" src=\"data:image\/svg+xml,%3Csvg%20xmlns%3D%22http%3A%2F%2Fwww.w3.org%2F2000%2Fsvg%22%20width%3D%22200%22%20height%3D%22200%22%20viewBox%3D%220%200%20200%20200%22%3E%3C%2Fsvg%3E\" loading=\"eager\"><\/span><span class=\"fg-image-overlay\"><\/span><\/a><figcaption class=\"fg-caption\"><div class=\"fg-caption-inner\"><div class=\"fg-caption-title\">Ser\u00e9nyiho cisterna na Ple\u0161iveckej planine<\/div><div class=\"fg-caption-desc\">Zdroj foto : Jarosloav Stankovi\u010d<\/div><\/div><\/figcaption><\/figure><div class=\"fg-loader\"><\/div><\/div><div class=\"fg-item fg-type-image fg-idle\"><figure class=\"fg-item-inner\"><a href=\"https:\/\/www.slovensky-kras.eu\/info\/wp-content\/uploads\/2020\/05\/sereniho1.jpg\" data-caption-title=\"Ser\u00e9nyiho cisterna\" data-caption-desc=\"Ser\u00e9nyiho cisterna \u2013 foto: Viktor Bal\u00e1\u017e KST Ro\u017e\u0148ava\" data-attachment-id=\"17296\" data-type=\"image\" class=\"fg-thumb\"><span class=\"fg-image-wrap\"><img decoding=\"async\" alt=\"Ser\u00e9nyiho cisterna na Ple\u0161iveckej planine\" title=\"Ser\u00e9nyiho cisterna\" width=\"200\" height=\"200\" class=\"skip-lazy fg-image\" data-src-fg=\"https:\/\/www.slovensky-kras.eu\/info\/wp-content\/uploads\/cache\/2020\/05\/sereniho1\/1000082808.jpg\" src=\"data:image\/svg+xml,%3Csvg%20xmlns%3D%22http%3A%2F%2Fwww.w3.org%2F2000%2Fsvg%22%20width%3D%22200%22%20height%3D%22200%22%20viewBox%3D%220%200%20200%20200%22%3E%3C%2Fsvg%3E\" loading=\"eager\"><\/span><span class=\"fg-image-overlay\"><\/span><\/a><figcaption class=\"fg-caption\"><div class=\"fg-caption-inner\"><div class=\"fg-caption-title\">Ser\u00e9nyiho cisterna<\/div><div class=\"fg-caption-desc\">Ser\u00e9nyiho cisterna \u2013 foto: Viktor Bal\u00e1\u017e KST Ro\u017e\u0148ava<\/div><\/div><\/figcaption><\/figure><div class=\"fg-loader\"><\/div><\/div><div class=\"fg-item fg-type-image fg-idle\"><figure class=\"fg-item-inner\"><a href=\"https:\/\/www.slovensky-kras.eu\/info\/wp-content\/uploads\/2020\/05\/sereniho2.jpg\" data-caption-title=\"Ser\u00e9nyiho cisterna\" data-caption-desc=\"Ser\u00e9nyiho cisterna \u2013 foto: Viktor Bal\u00e1\u017e KST Ro\u017e\u0148ava\" data-attachment-id=\"17293\" data-type=\"image\" class=\"fg-thumb\"><span class=\"fg-image-wrap\"><img decoding=\"async\" title=\"Ser\u00e9nyiho cisterna\" width=\"200\" height=\"200\" class=\"skip-lazy fg-image\" data-src-fg=\"https:\/\/www.slovensky-kras.eu\/info\/wp-content\/uploads\/cache\/2020\/05\/sereniho2\/1319510558.jpg\" src=\"data:image\/svg+xml,%3Csvg%20xmlns%3D%22http%3A%2F%2Fwww.w3.org%2F2000%2Fsvg%22%20width%3D%22200%22%20height%3D%22200%22%20viewBox%3D%220%200%20200%20200%22%3E%3C%2Fsvg%3E\" loading=\"eager\"><\/span><span class=\"fg-image-overlay\"><\/span><\/a><figcaption class=\"fg-caption\"><div class=\"fg-caption-inner\"><div class=\"fg-caption-title\">Ser\u00e9nyiho cisterna<\/div><div class=\"fg-caption-desc\">Ser\u00e9nyiho cisterna \u2013 foto: Viktor Bal\u00e1\u017e KST Ro\u017e\u0148ava<\/div><\/div><\/figcaption><\/figure><div class=\"fg-loader\"><\/div><\/div><div class=\"fg-item fg-type-image fg-idle\"><figure class=\"fg-item-inner\"><a href=\"https:\/\/www.slovensky-kras.eu\/info\/wp-content\/uploads\/2014\/03\/Ser\u00e9nyi_B\u00e9la-001.jpg\" data-caption-title=\"Gr\u00f3f Ser\u00e9nyi B\u00e9la (1866-1919)\" data-caption-desc=\"Gr\u00f3f Ser\u00e9nyi B\u00e9la (1866\u20131919) bol v\u00fdznamn\u00fd ma\u010farsk\u00fd politik a zememera\u010d. Bol zn\u00e1mym pre svoje reformy a rozvojov\u00e9 aktivity vr\u00e1tane zakladania po\u013enohospod\u00e1rskeho vzdel\u00e1vania a priemyslu. Jeho meno si pripom\u00ednaj\u00fa nielen v Ma\u010farsku, ale je tie\u017e spojen\u00e9 so slovenskou hist\u00f3riou, napr\u00edklad v n\u00e1zvoch ul\u00edc \u010di technick\u00fdch pamiatok, ako je Ser\u00e9nyiho cisterna na Ple\u0161iveckej planine v Slovenskom krase.\" data-attachment-id=\"11082\" data-type=\"image\" class=\"fg-thumb\"><span class=\"fg-image-wrap\"><img decoding=\"async\" title=\"Gr\u00f3f Ser\u00e9nyi B\u00e9la (1866-1919)\" width=\"200\" height=\"200\" class=\"skip-lazy fg-image\" data-src-fg=\"https:\/\/www.slovensky-kras.eu\/info\/wp-content\/uploads\/cache\/2014\/03\/Ser\u00e9nyi_B\u00e9la-001\/1066089323.jpg\" src=\"data:image\/svg+xml,%3Csvg%20xmlns%3D%22http%3A%2F%2Fwww.w3.org%2F2000%2Fsvg%22%20width%3D%22200%22%20height%3D%22200%22%20viewBox%3D%220%200%20200%20200%22%3E%3C%2Fsvg%3E\" loading=\"eager\"><\/span><span class=\"fg-image-overlay\"><\/span><\/a><figcaption class=\"fg-caption\"><div class=\"fg-caption-inner\"><div class=\"fg-caption-title\">Gr\u00f3f Ser\u00e9nyi B\u00e9la (1866-1919)<\/div><div class=\"fg-caption-desc\">Gr\u00f3f Ser\u00e9nyi B\u00e9la (1866\u20131919) bol v\u00fdznamn\u00fd ma\u010farsk\u00fd politik a zememera\u010d. Bol zn\u00e1mym pre svoje reformy a rozvojov\u00e9 aktivity vr\u00e1tane zakladania po\u013enohospod\u00e1rskeho vzdel\u00e1vania a priemyslu. Jeho meno si pripom\u00ednaj\u00fa nielen v Ma\u010farsku, ale je tie\u017e spojen\u00e9 so slovenskou hist\u00f3riou, napr\u00edklad v n\u00e1zvoch ul\u00edc \u010di technick\u00fdch pamiatok, ako je Ser\u00e9nyiho cisterna na Ple\u0161iveckej planine v Slovenskom krase.<\/div><\/div><\/figcaption><\/figure><div class=\"fg-loader\"><\/div><\/div>\t<\/div>\n\t<div class=\"fg-carousel-bottom\"><\/div>\n\t<div class=\"fg-carousel-progress\"><\/div>\n\t<button type=\"button\" class=\"fg-carousel-next\" title=\"Next\"><\/button>\n<\/div>\n<h3><span style=\"color: #808000;\">Bl\u00edzke stredisko, turistick\u00e9 centrum, obec alebo mesto<\/span><\/h3>\n<ul>\n<li><a href=\"http:\/\/www.slovensky-kras.eu\/info\/strediska-a-centra\/obec-stitnik\/\">Obec \u0160t\u00edtnik (\u010d\u00edtaj viac&#8230;)<\/a><\/li>\n<\/ul>\n<ul>\n<li><a href=\"http:\/\/www.slovensky-kras.eu\/info\/strediska-a-centra\/obec-rakovnica\/\">Obec Rakovnica (\u010d\u00edtaj viac&#8230;)<\/a><\/li>\n<\/ul>\n<ul>\n<li><a href=\"http:\/\/www.slovensky-kras.eu\/info\/strediska-a-centra\/obec-kruzna\/\">Obec Kru\u017en\u00e1 (\u010d\u00edtaj viac&#8230;)<\/a><\/li>\n<\/ul>\n<h2><span style=\"color: #800000;\">Mapy<\/span><\/h2>\n<p><strong>Vrstvy: <\/strong>Turistick\u00e1 mapa, Automapa, Cyklomapa, Ly\u017eiarska mapa, Satelitn\u00e1 mapa a OpenStreetMap.<\/p>\n<p><strong>Kliknut\u00edm na logo &#8222;Freemap.sk&#8220; sa V\u00e1m mapa zobraz\u00ed na celej ploche obrazovky.<\/strong><\/p>\n<p><iframe style=\"width: 900px; height: 600px; border: 0;\" src=\"https:\/\/www.freemap.sk\/?map=14\/48.621818\/20.417962&amp;info-point=48.621818\/20.417962,Ser\u00e9nyiho cisterna&amp;layers=X&amp;embed=search\" allowfullscreen=\"allowfullscreen\"><span data-mce-type=\"bookmark\" style=\"display: inline-block; width: 0px; overflow: hidden; line-height: 0;\" class=\"mce_SELRES_start\">\ufeff<\/span><\/iframe><\/p>\n<h2><span style=\"color: #800000;\">Po\u010dasie<\/span><\/h2>\n<p><iframe style=\"width: 900px; height: 608px;\" src=\"https:\/\/www.meteoblue.com\/sk\/po%C4%8Dasie\/widget\/three\/ple%c5%a1iveck%c3%a1-planina_slovensk%c3%a1-republika_723878?geoloc=fixed&amp;nocurrent=0&amp;noforecast=0&amp;days=6&amp;tempunit=CELSIUS&amp;windunit=KILOMETER_PER_HOUR&amp;layout=image\" frameborder=\"0\" scrolling=\"NO\" sandbox=\"allow-same-origin allow-scripts allow-popups allow-popups-to-escape-sandbox\"><span data-mce-type=\"bookmark\" style=\"display: inline-block; width: 0px; overflow: hidden; line-height: 0;\" class=\"mce_SELRES_start\">\ufeff<\/span><\/iframe><\/p>\n<div><!-- DO NOT REMOVE THIS LINK --><a href=\"https:\/\/www.meteoblue.com\/sk\/po%C4%8Dasie\/predpove%C4%8F\/t%C3%BD%C5%BEde%C5%88\/ple%c5%a1iveck%c3%a1-planina_slovensk%c3%a1-republika_723878?utm_source=weather_widget&amp;utm_medium=linkus&amp;utm_content=three&amp;utm_campaign=Weather%2BWidget\" target=\"_blank\" rel=\"noopener noreferrer\">meteoblue<\/a><\/div>\n<p>&nbsp;<\/p>\n","protected":false},"excerpt":{"rendered":"<p>Menu: Podkateg\u00f3ria: Kde sa nach\u00e1dza Ser\u00e9nyiho cisterna a ako sa k nej dostanem? Ser\u00e9nyiho cisterna je fascinuj\u00faca technick\u00e1 pamiatka, ktor\u00e1 sa nach\u00e1dza na roz\u013eahl\u00fdch l\u00fakach Ple\u0161iveckej planiny v Slovenskom krase [&hellip;]<\/p>\n","protected":false},"author":1,"featured_media":17296,"parent":15,"menu_order":0,"comment_status":"closed","ping_status":"open","template":"","meta":{"_uag_custom_page_level_css":"","footnotes":""},"class_list":["post-3273","page","type-page","status-publish","has-post-thumbnail","hentry"],"featured_image_src":"https:\/\/www.slovensky-kras.eu\/info\/wp-content\/uploads\/2020\/05\/sereniho1.jpg","featured_image_src_square":"https:\/\/www.slovensky-kras.eu\/info\/wp-content\/uploads\/2020\/05\/sereniho1.jpg","rbea_author_info":{"display_name":"admin","author_link":"https:\/\/www.slovensky-kras.eu\/info\/author\/admin\/"},"rbea_excerpt_info":"Menu: Podkateg\u00f3ria: Kde sa nach\u00e1dza Ser\u00e9nyiho cisterna a ako sa k nej dostanem? Ser\u00e9nyiho cisterna je fascinuj\u00faca technick\u00e1 pamiatka, ktor\u00e1 sa nach\u00e1dza na roz\u013eahl\u00fdch l\u00fakach Ple\u0161iveckej planiny v Slovenskom krase [&hellip;]","uagb_featured_image_src":{"full":["https:\/\/www.slovensky-kras.eu\/info\/wp-content\/uploads\/2020\/05\/sereniho1.jpg",1920,1440,false],"thumbnail":["https:\/\/www.slovensky-kras.eu\/info\/wp-content\/uploads\/2020\/05\/sereniho1-150x150.jpg",150,150,true],"medium":["https:\/\/www.slovensky-kras.eu\/info\/wp-content\/uploads\/2020\/05\/sereniho1-800x600.jpg",800,600,true],"medium_large":["https:\/\/www.slovensky-kras.eu\/info\/wp-content\/uploads\/2020\/05\/sereniho1-768x576.jpg",768,576,true],"large":["https:\/\/www.slovensky-kras.eu\/info\/wp-content\/uploads\/2020\/05\/sereniho1-1024x768.jpg",1024,768,true],"1536x1536":["https:\/\/www.slovensky-kras.eu\/info\/wp-content\/uploads\/2020\/05\/sereniho1-1536x1152.jpg",1536,1152,true],"2048x2048":["https:\/\/www.slovensky-kras.eu\/info\/wp-content\/uploads\/2020\/05\/sereniho1.jpg",1920,1440,false]},"uagb_author_info":{"display_name":"admin","author_link":"https:\/\/www.slovensky-kras.eu\/info\/author\/admin\/"},"uagb_comment_info":0,"uagb_excerpt":"Menu: Podkateg\u00f3ria: Kde sa nach\u00e1dza Ser\u00e9nyiho cisterna a ako sa k nej dostanem? Ser\u00e9nyiho cisterna je fascinuj\u00faca technick\u00e1 pamiatka, ktor\u00e1 sa nach\u00e1dza na roz\u013eahl\u00fdch l\u00fakach Ple\u0161iveckej planiny v Slovenskom krase [&hellip;]","_links":{"self":[{"href":"https:\/\/www.slovensky-kras.eu\/info\/wp-json\/wp\/v2\/pages\/3273","targetHints":{"allow":["GET"]}}],"collection":[{"href":"https:\/\/www.slovensky-kras.eu\/info\/wp-json\/wp\/v2\/pages"}],"about":[{"href":"https:\/\/www.slovensky-kras.eu\/info\/wp-json\/wp\/v2\/types\/page"}],"author":[{"embeddable":true,"href":"https:\/\/www.slovensky-kras.eu\/info\/wp-json\/wp\/v2\/users\/1"}],"replies":[{"embeddable":true,"href":"https:\/\/www.slovensky-kras.eu\/info\/wp-json\/wp\/v2\/comments?post=3273"}],"version-history":[{"count":9,"href":"https:\/\/www.slovensky-kras.eu\/info\/wp-json\/wp\/v2\/pages\/3273\/revisions"}],"predecessor-version":[{"id":29299,"href":"https:\/\/www.slovensky-kras.eu\/info\/wp-json\/wp\/v2\/pages\/3273\/revisions\/29299"}],"up":[{"embeddable":true,"href":"https:\/\/www.slovensky-kras.eu\/info\/wp-json\/wp\/v2\/pages\/15"}],"wp:featuredmedia":[{"embeddable":true,"href":"https:\/\/www.slovensky-kras.eu\/info\/wp-json\/wp\/v2\/media\/17296"}],"wp:attachment":[{"href":"https:\/\/www.slovensky-kras.eu\/info\/wp-json\/wp\/v2\/media?parent=3273"}],"curies":[{"name":"wp","href":"https:\/\/api.w.org\/{rel}","templated":true}]}}