{"id":3004,"date":"2014-02-14T12:36:32","date_gmt":"2014-02-14T10:36:32","guid":{"rendered":"http:\/\/www.slovensky-kras.eu\/info\/?page_id=3004"},"modified":"2025-12-12T06:41:01","modified_gmt":"2025-12-12T05:41:01","slug":"zadielska-chata-ranc-obcerstvenie","status":"publish","type":"page","link":"https:\/\/www.slovensky-kras.eu\/info\/zaujimavosti\/zadielska-chata-ranc-obcerstvenie\/","title":{"rendered":"Z\u00e1dielska chata &#8211; ob\u010derstvenie"},"content":{"rendered":"<p><strong>Menu: <\/strong><a href=\"http:\/\/www.slovensky-kras.eu\/info\/\" class=\"su-button su-button-style-default\" style=\"color:#000000;background-color:#FFCF2F;border-color:#cca626;border-radius:5px\" target=\"_self\"><span style=\"color:#000000;padding:6px 16px;font-size:13px;line-height:20px;border-color:#ffde6e;border-radius:5px;text-shadow:none\"><i class=\"sui sui-arrow-right\" style=\"font-size:13px;color:#000000\"><\/i>  \u00davod \/ Aktuality <\/span><\/a>\n<a href=\"http:\/\/www.slovensky-kras.eu\/info\/zaujimavosti\/\" class=\"su-button su-button-style-default\" style=\"color:#000000;background-color:#FFCF2F;border-color:#cca626;border-radius:5px\" target=\"_self\"><span style=\"color:#000000;padding:6px 16px;font-size:13px;line-height:20px;border-color:#ffde6e;border-radius:5px;text-shadow:none\"><i class=\"sui sui-arrow-right\" style=\"font-size:13px;color:#000000\"><\/i>  Zauj\u00edmavosti <\/span><\/a>\n<div class=\"su-divider su-divider-style-default\" style=\"margin:15px 0;border-width:2px;border-color:#000000\"><\/div>\n<figure id=\"attachment_16037\" aria-describedby=\"caption-attachment-16037\" style=\"width: 900px\" class=\"wp-caption aligncenter\"><a href=\"https:\/\/www.slovensky-kras.eu\/info\/wp-content\/uploads\/2019\/09\/zadiel-chata.jpg\"><img loading=\"lazy\" decoding=\"async\" class=\"wp-image-16037\" src=\"http:\/\/www.slovensky-kras.eu\/info\/wp-content\/uploads\/2019\/09\/zadiel-chata-800x450.jpg\" alt=\"Z\u00e1dielska chata - ob\u010derstvenie\" width=\"900\" height=\"507\" srcset=\"https:\/\/www.slovensky-kras.eu\/info\/wp-content\/uploads\/2019\/09\/zadiel-chata-800x450.jpg 800w, https:\/\/www.slovensky-kras.eu\/info\/wp-content\/uploads\/2019\/09\/zadiel-chata-768x432.jpg 768w, https:\/\/www.slovensky-kras.eu\/info\/wp-content\/uploads\/2019\/09\/zadiel-chata-425x239.jpg 425w, https:\/\/www.slovensky-kras.eu\/info\/wp-content\/uploads\/2019\/09\/zadiel-chata.jpg 1000w\" sizes=\"auto, (max-width: 900px) 100vw, 900px\" \/><\/a><figcaption id=\"caption-attachment-16037\" class=\"wp-caption-text\">Z\u00e1dielska chata &#8211; ob\u010derstvenie<\/figcaption><\/figure>\n<div class=\"su-divider su-divider-style-default\" style=\"margin:15px 0;border-width:2px;border-color:#000000\"><\/div>\n<h2 dir=\"auto\"><span style=\"color: #800000;\">Z\u00e1dielska chata \u2013 Kde sa nach\u00e1dza?<\/span><\/h2>\n<p dir=\"auto\"><strong>Z\u00e1dielska chata<\/strong> sa nach\u00e1dza v z\u00e1vere malebnej <strong>Z\u00e1dielskej ties\u0148avy<\/strong> v N\u00e1rodnom parku Slovensk\u00fd kras, pribli\u017ene 300 metrov od turistick\u00e9ho r\u00e1zcestia <strong>Z\u00e1dielska dolina \u2013 hor\u00e1re\u0148<\/strong> (450 m n. m.). Sta\u010d\u00ed \u00eds\u0165 po zelenej turistickej zna\u010dke smerom na Bor\u010diansku planinu a za p\u00e1r min\u00fat ste v srdci n\u00e1dhernej pr\u00edrody.<\/p>\n<h2 dir=\"auto\"><span style=\"color: #800000;\">\u010c\u00edm je <strong>Z\u00e1dielska chata<\/strong> v\u00fdnimo\u010dn\u00e1 pre turistov a rodiny s de\u0165mi?<\/span><\/h2>\n<p dir=\"auto\"><strong>Z\u00e1dielska chata<\/strong> je pravou turistickou chatou uprostred <strong>Z\u00e1dielu<\/strong> s mno\u017estvom atrakci\u00ed najm\u00e4 pre deti a predov\u0161etk\u00fdm obklopen\u00e1 \u00fachvatnou pr\u00edrodou. Patr\u00ed medzi najob\u013e\u00fabenej\u0161ie miesta pre turistov, cykloturistov aj horolezcov.<\/p>\n<h2 dir=\"auto\"><span style=\"color: #800000;\">Ak\u00e1 je hist\u00f3ria <strong>Z\u00e1dielskej chaty<\/strong>?<\/span><\/h2>\n<p dir=\"auto\"><strong>Z\u00e1dielska chata<\/strong> bola postaven\u00e1 v druhej polovici 60. rokov minul\u00e9ho storo\u010dia ako ubytovacie zariadenie pre lesn\u00fdch robotn\u00edkov. Nesk\u00f4r za\u010dala sl\u00fa\u017ei\u0165 ako stravovacie zariadenie pre turistov. V roku 2012 pre\u0161la v\u00fdraznou opravou strechy a rekon\u0161trukciou exteri\u00e9ru \u2013 nov\u00e1 v\u00e4\u010d\u0161ia sedlov\u00e1 strecha symetricky zakryla aj letn\u00fa terasu.<\/p>\n<h2 dir=\"auto\"><span style=\"color: #800000;\">Ako vyzer\u00e1 letn\u00e1 terasa a okolie <strong>Z\u00e1dielskej chaty<\/strong>?<\/span><\/h2>\n<p dir=\"auto\">Letn\u00e1 terasa dostala nov\u00fa kvalitn\u00fa z\u00e1mkov\u00fa dla\u017ebu a strechu z dreven\u00fdch kon\u0161trukci\u00ed s jeden\u00e1stimi mas\u00edvnymi dreven\u00fdmi st\u013apmi. Pon\u00faka pr\u00edjemn\u00e9 vonkaj\u0161ie sedenie a hne\u010f ved\u013ea nej sa nach\u00e1dza detsk\u00e9 ihrisko. \u010eal\u0161ie vonkaj\u0161ie sedenie pre n\u00e1v\u0161tevn\u00edkov je situovan\u00e9 priamo ved\u013ea terasy.<\/p>\n<h2 dir=\"auto\"><span style=\"color: #800000;\">\u010co n\u00e1jdem vo vn\u00fatri <strong>Z\u00e1dielskej chaty<\/strong>?<\/span><\/h2>\n<p dir=\"auto\">Vo vn\u00fatri v\u00e1s priv\u00edta \u00fatuln\u00e1 miestnos\u0165 so \u0161iestimi stolmi, pr\u00edjemn\u00fdm kozubom a barov\u00fdm pultom \u2013 ide\u00e1lne miesto na oddych po t\u00fare.<\/p>\n<h2 dir=\"auto\"><span style=\"color: #800000;\">Ak\u00e9 jedl\u00e1 a n\u00e1poje pon\u00faka <strong>Z\u00e1dielska chata<\/strong>?<\/span><\/h2>\n<p dir=\"auto\"><strong>Z\u00e1dielska chata<\/strong> je stravovacie a ob\u010derstvovacie zariadenie s bohatou ponukou tradi\u010dn\u00fdch slovensk\u00fdch jed\u00e1l a n\u00e1pojov. Stravu si m\u00f4\u017eete vopred objedna\u0165 \u2013 \u010di u\u017e formou polpenzie, alebo individu\u00e1lne. V ponuke n\u00e1jdete: <strong>gul\u00e1\u0161<\/strong>, <strong>kapustnicu<\/strong>, kurac\u00ed v\u00fdvar, cesna\u010dku, <strong>bryndzov\u00e9 halu\u0161ky<\/strong>, <strong>bryndzov\u00e9 pirohy<\/strong>, tvarohov\u00e9 pirohy, jahodov\u00e9 knedli\u010dky, vypr\u00e1\u017ean\u00fd syr, hranolky, hot-dog, utopenec a \u010fal\u0161ie dobroty. Z \u010dapovan\u00fdch n\u00e1pojov: <strong>Kozel<\/strong>, Birrel (nealko pivo) a origin\u00e1lnu <strong>Kofolu<\/strong>.<\/p>\n<h2 dir=\"auto\"><span style=\"color: #800000;\">Ak\u00e1 je dlh\u0161ia hist\u00f3ria turistiky a horolezectva v Z\u00e1dielskej doline?<\/span><\/h2>\n<p dir=\"auto\">Za\u010diatkom 20. storo\u010dia st\u00e1la v <strong>Z\u00e1dielskej doline<\/strong> turistick\u00e1 \u00fatul\u0148a Klubu \u010deskoslovensk\u00fdch turistov, ktor\u00e1 v\u0161ak po\u010das druhej svetovej vojny vyhorela. Na jej mieste dnes stoj\u00ed Horolezeck\u00e1 chata Rozlomity. Nov\u00fa \u2013 u\u017e horolezeck\u00fa \u2013 chatu (dne\u0161n\u00fa <strong>Z\u00e1dielsku chatu<\/strong>) za\u010dali stava\u0165 v roku 1964 a jej v\u00fdstavba trvala 4 roky. Navrhovate\u013emi projektu a prv\u00fdmi spr\u00e1vcami boli horolezci TJ Sl\u00e1via Ko\u0161ice. Z p\u00f4vodnej stavby sa zachovala kamenn\u00e1 pivnica, ktor\u00e1 dnes sl\u00fa\u017ei ako drev\u00e1rka. Nesk\u00f4r sa chata premenovala na chatu Akademic a po odl\u00fa\u010den\u00ed ju prevzali Rozlomi\u0165\u00e1ci.<\/p>\n<h2 dir=\"auto\"><span style=\"color: #800000;\">D\u00e1 sa v <strong>Z\u00e1dielskej ties\u0148ave<\/strong> liez\u0165 a ak\u00e9 s\u00fa pravidl\u00e1?<\/span><\/h2>\n<p dir=\"auto\"><strong>Z\u00e1dielska ties\u0148ava<\/strong> patr\u00ed medzi najob\u013e\u00fabenej\u0161ie lezeck\u00e9 lokality na Slovensku. Lezenie je \u010dasovo obmedzen\u00e9 a povolen\u00e9 len na vybran\u00fdch skaln\u00fdch mas\u00edvoch. Horolezeck\u00fa \u010dinnos\u0165 je mo\u017en\u00e9 vykon\u00e1va\u0165 ka\u017edoro\u010dne po\u010das platnosti v\u00fdnimky \u2013 aktu\u00e1lne inform\u00e1cie n\u00e1jdete na <a href=\"http:\/\/www.james.sk\" target=\"_blank\" rel=\"noopener noreferrer nofollow\">www.james.sk<\/a>. V pr\u00edpade z\u00e1ujmu o lezenie kontaktujte horolezeck\u00fd klub Rozlomity (<a href=\"http:\/\/www.rozlomity.sk\" target=\"_blank\" rel=\"noopener noreferrer nofollow\">www.rozlomity.sk<\/a>). Spr\u00e1vca: HK Z\u00e1diel, Ko\u0161ice \u2013 Jaro Pukansk\u00fd.<\/p>\n<h2><span style=\"color: #800000;\">Ako sa sem dosta\u0165 ku Z\u00e1dielskej chate?<\/span><\/h2>\n<p>Ku chate vedie <img loading=\"lazy\" decoding=\"async\" class=\"wp-image-10330 size-full alignnone\" src=\"http:\/\/www.slovensky-kras.eu\/info\/wp-content\/uploads\/2013\/06\/cervena-1.png\" alt=\"\" width=\"20\" height=\"21\" \/> \u010derven\u00e1 turistick\u00e1 zna\u010dka, ktor\u00e1 za\u010d\u00edna v obci <a href=\"http:\/\/www.slovensky-kras.eu\/info\/strediska-a-centra\/obec-zadiel\/\">Z\u00e1diel<\/a> a prech\u00e1dza malebnou <a href=\"https:\/\/www.slovensky-kras.eu\/info\/kam-do-prirody\/zadielska-dolina\/\">Z\u00e1dielskou dolinou<\/a>. a\u017e po r\u00e1zcest\u00edk <strong><span class=\"st\">Z\u00e1dielska dolina \u2013 hor\u00e1re\u0148 (450 m n.m.)<\/span><\/strong><span class=\"st\">.<\/span><\/p>\n<p>Odtia\u013e treba pokra\u010dova\u0165 po <img loading=\"lazy\" decoding=\"async\" class=\"alignnone wp-image-10334 size-full\" src=\"https:\/\/www.slovensky-kras.eu\/info\/wp-content\/uploads\/2013\/07\/zelena.png\" alt=\"\" width=\"20\" height=\"21\" data-imagelightbox=\"\" \/>\u00a0zelenej turistickej zna\u010dke smerom na\u00a0<a href=\"https:\/\/www.slovensky-kras.eu\/info\/kam-do-prirody\/borcianska-planina\/\">Bor\u010diansk\u00fa planinu<\/a> (pribli\u017ene 300 metrov).<\/p>\n<h2><span style=\"color: #800000;\">Otv\u00e1racia doba<\/span><\/h2>\n<h3><span style=\"color: #808000;\"><strong>Aktu\u00e1lne otv\u00e1racie hodiny si m\u00f4\u017eete pozrie\u0165 tu:<\/strong><\/span><\/h3>\n<ul>\n<li><a href=\"https:\/\/www.slovensky-kras.eu\/info\/zadielska-chata-zmena-otvaracich-hodin\/\" target=\"_blank\" rel=\"noopener\">Z\u00e1dielska chata aktu\u00e1lna otv\u00e1racia doba (\u010d\u00edtaj viac info)<\/a><\/li>\n<\/ul>\n<h2><span style=\"color: #800000;\">Fotogal\u00e9ria<\/span><\/h2>\n<style type=\"text\/css\">\n#foogallery-gallery-28995 .fg-image { width: 200px; }<\/style>\n\t\t\t<div class=\"foogallery foogallery-container foogallery-carousel foogallery-lightbox-foogallery fg-carousel fg-ready fg-light fg-border-medium fg-round-small fg-shadow-medium fg-loading-default fg-loaded-fade-in fg-hover-semi-zoomed fg-hover-fade fg-hover-circle-plus2\" id=\"foogallery-gallery-28995\" data-foogallery=\"{&quot;item&quot;:{&quot;showCaptionTitle&quot;:true,&quot;showCaptionDescription&quot;:true},&quot;lazy&quot;:true,&quot;template&quot;:{&quot;maxItems&quot;:5,&quot;scale&quot;:0.11999999999999999555910790149937383830547332763671875,&quot;gutter&quot;:{&quot;min&quot;:-40,&quot;max&quot;:-20,&quot;unit&quot;:&quot;%&quot;},&quot;autoplay&quot;:{&quot;time&quot;:0,&quot;interaction&quot;:&quot;pause&quot;},&quot;centerOnClick&quot;:true,&quot;align&quot;:&quot;center&quot;,&quot;activePosition&quot;:&quot;center&quot;}}\" data-foogallery-lightbox=\"{&quot;thumbs&quot;:&quot;bottom&quot;,&quot;thumbsCaptions&quot;:false,&quot;thumbsBestFit&quot;:false,&quot;thumbsSmall&quot;:false,&quot;thumbsCaptionsAlign&quot;:&quot;default&quot;,&quot;info&quot;:&quot;bottom&quot;,&quot;infoVisible&quot;:true,&quot;infoOverlay&quot;:true,&quot;infoAlign&quot;:&quot;default&quot;,&quot;transition&quot;:&quot;fade&quot;,&quot;hoverButtons&quot;:false,&quot;fitMedia&quot;:false,&quot;noScrollbars&quot;:true,&quot;preserveButtonSpace&quot;:true,&quot;buttons&quot;:{&quot;fullscreen&quot;:true,&quot;info&quot;:true,&quot;thumbs&quot;:false},&quot;video&quot;:{&quot;autoPlay&quot;:true}}\" style=\"--fg-title-line-clamp: 1; --fg-description-line-clamp: 2;\" >\n\t<button type=\"button\" class=\"fg-carousel-prev\" title=\"Previous\"><\/button>\n\t<div class=\"fg-carousel-inner\">\n\t\t<div class=\"fg-carousel-center\"><\/div>\n\t\t<div class=\"fg-item fg-type-image fg-idle\"><figure class=\"fg-item-inner\"><a href=\"https:\/\/www.slovensky-kras.eu\/info\/wp-content\/uploads\/2019\/09\/zadiel-chata.jpg\" data-caption-title=\"Z\u00e1dielska chata - ob\u010derstvenie\" data-attachment-id=\"16037\" data-type=\"image\" class=\"fg-thumb\"><span class=\"fg-image-wrap\"><img decoding=\"async\" alt=\"Z\u00e1dielska chata - ob\u010derstvenie\" title=\"Z\u00e1dielska chata - ob\u010derstvenie\" width=\"200\" height=\"200\" class=\"skip-lazy fg-image\" data-src-fg=\"https:\/\/www.slovensky-kras.eu\/info\/wp-content\/uploads\/cache\/2019\/09\/zadiel-chata\/2155763728.jpg\" src=\"data:image\/svg+xml,%3Csvg%20xmlns%3D%22http%3A%2F%2Fwww.w3.org%2F2000%2Fsvg%22%20width%3D%22200%22%20height%3D%22200%22%20viewBox%3D%220%200%20200%20200%22%3E%3C%2Fsvg%3E\" loading=\"eager\"><\/span><span class=\"fg-image-overlay\"><\/span><\/a><figcaption class=\"fg-caption\"><div class=\"fg-caption-inner\"><div class=\"fg-caption-title\">Z\u00e1dielska chata - ob\u010derstvenie<\/div><\/div><\/figcaption><\/figure><div class=\"fg-loader\"><\/div><\/div><div class=\"fg-item fg-type-image fg-idle\"><figure class=\"fg-item-inner\"><a href=\"https:\/\/www.slovensky-kras.eu\/info\/wp-content\/uploads\/2021\/12\/zadielska-chata4.jpg\" data-caption-title=\"Z\u00e1dielska chata - ob\u010derstvenie\" data-caption-desc=\"Z\u00e1dielska chata - ob\u010derstvenie\" data-attachment-id=\"21897\" data-type=\"image\" class=\"fg-thumb\"><span class=\"fg-image-wrap\"><img decoding=\"async\" title=\"Z\u00e1dielska chata - ob\u010derstvenie\" width=\"200\" height=\"200\" class=\"skip-lazy fg-image\" data-src-fg=\"https:\/\/www.slovensky-kras.eu\/info\/wp-content\/uploads\/cache\/2021\/12\/zadielska-chata4\/2408529681.jpg\" src=\"data:image\/svg+xml,%3Csvg%20xmlns%3D%22http%3A%2F%2Fwww.w3.org%2F2000%2Fsvg%22%20width%3D%22200%22%20height%3D%22200%22%20viewBox%3D%220%200%20200%20200%22%3E%3C%2Fsvg%3E\" loading=\"eager\"><\/span><span class=\"fg-image-overlay\"><\/span><\/a><figcaption class=\"fg-caption\"><div class=\"fg-caption-inner\"><div class=\"fg-caption-title\">Z\u00e1dielska chata - ob\u010derstvenie<\/div><div class=\"fg-caption-desc\">Z\u00e1dielska chata - ob\u010derstvenie<\/div><\/div><\/figcaption><\/figure><div class=\"fg-loader\"><\/div><\/div><div class=\"fg-item fg-type-image fg-idle\"><figure class=\"fg-item-inner\"><a href=\"https:\/\/www.slovensky-kras.eu\/info\/wp-content\/uploads\/2021\/12\/zadielska-chata3.jpg\" data-caption-title=\"Z\u00e1dielska chata - ob\u010derstvenie\" data-attachment-id=\"21896\" data-type=\"image\" class=\"fg-thumb\"><span class=\"fg-image-wrap\"><img decoding=\"async\" title=\"Z\u00e1dielska chata - ob\u010derstvenie\" width=\"200\" height=\"200\" class=\"skip-lazy fg-image\" data-src-fg=\"https:\/\/www.slovensky-kras.eu\/info\/wp-content\/uploads\/cache\/2021\/12\/zadielska-chata3\/2728030772.jpg\" src=\"data:image\/svg+xml,%3Csvg%20xmlns%3D%22http%3A%2F%2Fwww.w3.org%2F2000%2Fsvg%22%20width%3D%22200%22%20height%3D%22200%22%20viewBox%3D%220%200%20200%20200%22%3E%3C%2Fsvg%3E\" loading=\"eager\"><\/span><span class=\"fg-image-overlay\"><\/span><\/a><figcaption class=\"fg-caption\"><div class=\"fg-caption-inner\"><div class=\"fg-caption-title\">Z\u00e1dielska chata - ob\u010derstvenie<\/div><\/div><\/figcaption><\/figure><div class=\"fg-loader\"><\/div><\/div><div class=\"fg-item fg-type-image fg-idle\"><figure class=\"fg-item-inner\"><a href=\"https:\/\/www.slovensky-kras.eu\/info\/wp-content\/uploads\/2021\/12\/zadiel3s.png\" data-caption-title=\"Z\u00e1dielska dolina - turistick\u00e1 chata v roku 1945\" data-attachment-id=\"21420\" data-type=\"image\" class=\"fg-thumb\"><span class=\"fg-image-wrap\"><img decoding=\"async\" title=\"Z\u00e1dielska dolina - turistick\u00e1 chata v roku 1945\" width=\"200\" height=\"200\" class=\"skip-lazy fg-image\" data-src-fg=\"https:\/\/www.slovensky-kras.eu\/info\/wp-content\/uploads\/cache\/2021\/12\/zadiel3s\/2368682047.png\" src=\"data:image\/svg+xml,%3Csvg%20xmlns%3D%22http%3A%2F%2Fwww.w3.org%2F2000%2Fsvg%22%20width%3D%22200%22%20height%3D%22200%22%20viewBox%3D%220%200%20200%20200%22%3E%3C%2Fsvg%3E\" loading=\"eager\"><\/span><span class=\"fg-image-overlay\"><\/span><\/a><figcaption class=\"fg-caption\"><div class=\"fg-caption-inner\"><div class=\"fg-caption-title\">Z\u00e1dielska dolina - turistick\u00e1 chata v roku 1945<\/div><\/div><\/figcaption><\/figure><div class=\"fg-loader\"><\/div><\/div><div class=\"fg-item fg-type-image fg-idle\"><figure class=\"fg-item-inner\"><a href=\"https:\/\/www.slovensky-kras.eu\/info\/wp-content\/uploads\/2021\/12\/zadiel1s.png\" data-caption-title=\"Z\u00e1dielska dolina - turistick\u00e1 chata v roku 1944\" data-attachment-id=\"21418\" data-type=\"image\" class=\"fg-thumb\"><span class=\"fg-image-wrap\"><img decoding=\"async\" title=\"Z\u00e1dielska dolina - turistick\u00e1 chata v roku 1944\" width=\"200\" height=\"200\" class=\"skip-lazy fg-image\" data-src-fg=\"https:\/\/www.slovensky-kras.eu\/info\/wp-content\/uploads\/cache\/2021\/12\/zadiel1s\/3549105032.png\" src=\"data:image\/svg+xml,%3Csvg%20xmlns%3D%22http%3A%2F%2Fwww.w3.org%2F2000%2Fsvg%22%20width%3D%22200%22%20height%3D%22200%22%20viewBox%3D%220%200%20200%20200%22%3E%3C%2Fsvg%3E\" loading=\"eager\"><\/span><span class=\"fg-image-overlay\"><\/span><\/a><figcaption class=\"fg-caption\"><div class=\"fg-caption-inner\"><div class=\"fg-caption-title\">Z\u00e1dielska dolina - turistick\u00e1 chata v roku 1944<\/div><\/div><\/figcaption><\/figure><div class=\"fg-loader\"><\/div><\/div><div class=\"fg-item fg-type-image fg-idle\"><figure class=\"fg-item-inner\"><a href=\"https:\/\/www.slovensky-kras.eu\/info\/wp-content\/uploads\/2021\/12\/zadiel9s.png\" data-caption-title=\"Z\u00e1dielska dolina - turistick\u00e1 chata za\u010diatok 20. storo\u010dia\" data-attachment-id=\"21423\" data-type=\"image\" class=\"fg-thumb\"><span class=\"fg-image-wrap\"><img decoding=\"async\" title=\"Z\u00e1dielska dolina - turistick\u00e1 chata za\u010diatok 20. storo\u010dia\" width=\"200\" height=\"200\" class=\"skip-lazy fg-image\" data-src-fg=\"https:\/\/www.slovensky-kras.eu\/info\/wp-content\/uploads\/cache\/2021\/12\/zadiel9s\/2383220907.png\" src=\"data:image\/svg+xml,%3Csvg%20xmlns%3D%22http%3A%2F%2Fwww.w3.org%2F2000%2Fsvg%22%20width%3D%22200%22%20height%3D%22200%22%20viewBox%3D%220%200%20200%20200%22%3E%3C%2Fsvg%3E\" loading=\"eager\"><\/span><span class=\"fg-image-overlay\"><\/span><\/a><figcaption class=\"fg-caption\"><div class=\"fg-caption-inner\"><div class=\"fg-caption-title\">Z\u00e1dielska dolina - turistick\u00e1 chata za\u010diatok 20. storo\u010dia<\/div><\/div><\/figcaption><\/figure><div class=\"fg-loader\"><\/div><\/div><div class=\"fg-item fg-type-image fg-idle\"><figure class=\"fg-item-inner\"><a href=\"https:\/\/www.slovensky-kras.eu\/info\/wp-content\/uploads\/2013\/06\/zadiel6s.png\" data-caption-title=\"Z\u00e1dielska dolina - turistick\u00e1 chata za\u010diatok 20. storo\u010dia\" data-attachment-id=\"13031\" data-type=\"image\" class=\"fg-thumb\"><span class=\"fg-image-wrap\"><img decoding=\"async\" title=\"Z\u00e1dielska dolina - turistick\u00e1 chata za\u010diatok 20. storo\u010dia\" width=\"200\" height=\"200\" class=\"skip-lazy fg-image\" data-src-fg=\"https:\/\/www.slovensky-kras.eu\/info\/wp-content\/uploads\/cache\/2013\/06\/zadiel6s\/4098590221.png\" src=\"data:image\/svg+xml,%3Csvg%20xmlns%3D%22http%3A%2F%2Fwww.w3.org%2F2000%2Fsvg%22%20width%3D%22200%22%20height%3D%22200%22%20viewBox%3D%220%200%20200%20200%22%3E%3C%2Fsvg%3E\" loading=\"eager\"><\/span><span class=\"fg-image-overlay\"><\/span><\/a><figcaption class=\"fg-caption\"><div class=\"fg-caption-inner\"><div class=\"fg-caption-title\">Z\u00e1dielska dolina - turistick\u00e1 chata za\u010diatok 20. storo\u010dia<\/div><\/div><\/figcaption><\/figure><div class=\"fg-loader\"><\/div><\/div><div class=\"fg-item fg-type-image fg-idle\"><figure class=\"fg-item-inner\"><a href=\"https:\/\/www.slovensky-kras.eu\/info\/wp-content\/uploads\/2021\/12\/zadiel2s.png\" data-caption-title=\"Z\u00e1dielska dolina\" data-caption-desc=\"Z\u00e1dielska dolina v roku 1930\" data-attachment-id=\"21419\" data-type=\"image\" class=\"fg-thumb\"><span class=\"fg-image-wrap\"><img decoding=\"async\" title=\"Z\u00e1dielska dolina\" width=\"200\" height=\"200\" class=\"skip-lazy fg-image\" data-src-fg=\"https:\/\/www.slovensky-kras.eu\/info\/wp-content\/uploads\/cache\/2021\/12\/zadiel2s\/785558388.png\" src=\"data:image\/svg+xml,%3Csvg%20xmlns%3D%22http%3A%2F%2Fwww.w3.org%2F2000%2Fsvg%22%20width%3D%22200%22%20height%3D%22200%22%20viewBox%3D%220%200%20200%20200%22%3E%3C%2Fsvg%3E\" loading=\"eager\"><\/span><span class=\"fg-image-overlay\"><\/span><\/a><figcaption class=\"fg-caption\"><div class=\"fg-caption-inner\"><div class=\"fg-caption-title\">Z\u00e1dielska dolina<\/div><div class=\"fg-caption-desc\">Z\u00e1dielska dolina v roku 1930<\/div><\/div><\/figcaption><\/figure><div class=\"fg-loader\"><\/div><\/div><div class=\"fg-item fg-type-image fg-idle\"><figure class=\"fg-item-inner\"><a href=\"https:\/\/www.slovensky-kras.eu\/info\/wp-content\/uploads\/2021\/12\/zadiel5s.png\" data-caption-title=\"BAZ\u00c9N V Z\u00c1DIELSKEJ DOLINE v roku 1942\" data-attachment-id=\"21422\" data-type=\"image\" class=\"fg-thumb\"><span class=\"fg-image-wrap\"><img decoding=\"async\" title=\"BAZ\u00c9N V Z\u00c1DIELSKEJ DOLINE v roku 1942\" width=\"200\" height=\"200\" class=\"skip-lazy fg-image\" data-src-fg=\"https:\/\/www.slovensky-kras.eu\/info\/wp-content\/uploads\/cache\/2021\/12\/zadiel5s\/2901245830.png\" src=\"data:image\/svg+xml,%3Csvg%20xmlns%3D%22http%3A%2F%2Fwww.w3.org%2F2000%2Fsvg%22%20width%3D%22200%22%20height%3D%22200%22%20viewBox%3D%220%200%20200%20200%22%3E%3C%2Fsvg%3E\" loading=\"eager\"><\/span><span class=\"fg-image-overlay\"><\/span><\/a><figcaption class=\"fg-caption\"><div class=\"fg-caption-inner\"><div class=\"fg-caption-title\">BAZ\u00c9N V Z\u00c1DIELSKEJ DOLINE v roku 1942<\/div><\/div><\/figcaption><\/figure><div class=\"fg-loader\"><\/div><\/div><div class=\"fg-item fg-type-image fg-idle\"><figure class=\"fg-item-inner\"><a href=\"https:\/\/www.slovensky-kras.eu\/info\/wp-content\/uploads\/2019\/05\/61034728_2799202316773577_5054687134523326464_n.jpg\" data-attachment-id=\"15739\" data-type=\"image\" class=\"fg-thumb\"><span class=\"fg-image-wrap\"><img decoding=\"async\" alt=\"Z\u00e1dielska chata ihrisko\" width=\"200\" height=\"200\" class=\"skip-lazy fg-image\" data-src-fg=\"https:\/\/www.slovensky-kras.eu\/info\/wp-content\/uploads\/cache\/2019\/05\/61034728_2799202316773577_5054687134523326464_n\/2521364594.jpg\" src=\"data:image\/svg+xml,%3Csvg%20xmlns%3D%22http%3A%2F%2Fwww.w3.org%2F2000%2Fsvg%22%20width%3D%22200%22%20height%3D%22200%22%20viewBox%3D%220%200%20200%20200%22%3E%3C%2Fsvg%3E\" loading=\"eager\"><\/span><span class=\"fg-image-overlay\"><\/span><\/a><\/figure><div class=\"fg-loader\"><\/div><\/div><div class=\"fg-item fg-type-image fg-idle\"><figure class=\"fg-item-inner\"><a href=\"https:\/\/www.slovensky-kras.eu\/info\/wp-content\/uploads\/2017\/06\/rozlomity.jpg\" data-attachment-id=\"12727\" data-type=\"image\" class=\"fg-thumb\"><span class=\"fg-image-wrap\"><img decoding=\"async\" width=\"200\" height=\"200\" class=\"skip-lazy fg-image\" data-src-fg=\"https:\/\/www.slovensky-kras.eu\/info\/wp-content\/uploads\/cache\/2017\/06\/rozlomity\/4097489047.jpg\" src=\"data:image\/svg+xml,%3Csvg%20xmlns%3D%22http%3A%2F%2Fwww.w3.org%2F2000%2Fsvg%22%20width%3D%22200%22%20height%3D%22200%22%20viewBox%3D%220%200%20200%20200%22%3E%3C%2Fsvg%3E\" loading=\"eager\"><\/span><span class=\"fg-image-overlay\"><\/span><\/a><\/figure><div class=\"fg-loader\"><\/div><\/div>\t<\/div>\n\t<div class=\"fg-carousel-bottom\"><\/div>\n\t<div class=\"fg-carousel-progress\"><\/div>\n\t<button type=\"button\" class=\"fg-carousel-next\" title=\"Next\"><\/button>\n<\/div>\n<h2><span style=\"color: #800000;\">Zauj\u00edmav\u00e9 odkazy a kontakt<\/span><\/h2>\n<h3><span style=\"color: #808000;\">Kontakt<\/span><\/h3>\n<p><strong>Z\u00e1dielska chata<\/strong><br \/>\nMilan Branna<br \/>\nZ\u00e1dielska dolina, \u010das\u0165 B\u00f4rka<br \/>\n<strong>Telef\u00f3n (rezerv\u00e1cie):<\/strong> +421 (0)58 79 79 222<br \/>\n<strong>E-mail:<\/strong> <a href=\"mailto:info@zadielskachata.sk\" target=\"_blank\" rel=\"noopener\">info@zadielskachata.sk<\/a><br \/>\n<strong>Web:<\/strong> <a href=\"http:\/\/www.zadielskachata.sk\/\" target=\"_blank\" rel=\"noopener\">www.zadielskachata.sk<\/a><br \/>\n<strong>Instagram:<\/strong> <a href=\"https:\/\/www.instagram.com\/zadielskachata\/\" target=\"_blank\" rel=\"noopener\">https:\/\/www.instagram.com\/zadielskachata\/<\/a><br \/>\n<strong>Facebook:<\/strong> <a href=\"https:\/\/www.facebook.com\/ZadielskaChata\/\" target=\"_blank\" rel=\"noopener\">https:\/\/www.facebook.com\/ZadielskaChata\/<\/a><\/p>\n<h3><span style=\"color: #808000;\">Bl\u00edzke stredisko, turistick\u00e9 centrum, obec alebo mesto:<\/span><\/h3>\n<ul>\n<li><a href=\"http:\/\/www.slovensky-kras.eu\/info\/strediska-a-centra\/obec-zadiel\/\">Obec Z\u00e1diel (\u010d\u00edtaj viac&#8230;)<\/a><\/li>\n<\/ul>\n<ul>\n<li><a href=\"http:\/\/www.slovensky-kras.eu\/info\/strediska-a-centra\/obec-borka\/\">Obec B\u00f4rka (\u010d\u00edtaj viac&#8230;)<\/a><\/li>\n<\/ul>\n<p>K doline vedie 4km dlha asfaltov\u00e1 cesta z obce B\u00f4rka.<\/p>\n<h3><span style=\"color: #808000;\">Pamiatky v okol\u00ed<\/span><strong><br \/>\n<\/strong><\/h3>\n<ul>\n<li><a href=\"http:\/\/www.slovensky-kras.eu\/info\/kam-za-pamiatkami\/turniansky-hrad\/\">Turniansk\u00fd hrad<\/a><\/li>\n<\/ul>\n<ul>\n<li><a href=\"http:\/\/www.slovensky-kras.eu\/info\/kam-za-pamiatkami\/zadielske-hradisko\/\">Z\u00e1dielske hradisko \u2013 Okr\u00fahly laz<\/a><\/li>\n<\/ul>\n<ul>\n<li><a href=\"http:\/\/www.slovensky-kras.eu\/info\/kam-za-pamiatkami\/drevenice-v-obci-hacava\/\">Drevenice v obci Ha\u010dava<\/a><\/li>\n<\/ul>\n<h3><span style=\"color: #808000;\">Pr\u00edrodn\u00e9 zauj\u00edmavosti v obci a v okol\u00ed<\/span><strong><br \/>\n<\/strong><\/h3>\n<ul>\n<li><a href=\"http:\/\/www.slovensky-kras.eu\/info\/kam-do-prirody\/zadielska-dolina\/\">Z\u00e1dielsk\u00e1 dolina (\u010d\u00edtaj viac&#8230;)<\/a><\/li>\n<\/ul>\n<ul>\n<li><a href=\"http:\/\/www.slovensky-kras.eu\/info\/kam-do-prirody\/chotarny-potok-blatnica\/\">Chot\u00e1rny potok (Blatnica) (\u010d\u00edtaj viac&#8230;)<\/a><\/li>\n<\/ul>\n<ul>\n<li><a href=\"http:\/\/www.slovensky-kras.eu\/info\/kam-do-prirody\/npr-zadielska-tiesnava\/\">NPR Z\u00e1dielsk\u00e1 ties\u0148ava<\/a><\/li>\n<\/ul>\n<ul>\n<li><a href=\"http:\/\/www.slovensky-kras.eu\/info\/kam-do-prirody\/zadielska-vyhliadka\/\">Z\u00e1dielska vyhliadka na Krkav\u010d\u00edch skal\u00e1ch<\/a><\/li>\n<\/ul>\n<h3><span style=\"color: #808000;\">Aktivity<\/span><\/h3>\n<ul>\n<li><a href=\"http:\/\/www.slovensky-kras.eu\/info\/aktivity-a-sport\/naucny-chodnik-zadielska-tiesnava\/\">N\u00e1u\u010dn\u00fd chodn\u00edk Z\u00e1dielska ties\u0148ava<\/a><\/li>\n<\/ul>\n<h3><span style=\"color: #808000;\">Ostatn\u00e9<\/span><\/h3>\n<ul>\n<li><a href=\"http:\/\/www.slovensky-kras.eu\/info\/turnianska-vinna-cesta\/\">Turnianska v\u00ednna cesta (\u010d\u00edtaj viac&#8230;)<\/a><\/li>\n<\/ul>\n<h2><span style=\"color: #800000;\">Mapy<\/span><\/h2>\n<p><strong>Vrstvy: <\/strong>Turistick\u00e1 mapa, Automapa, Cyklomapa, Ly\u017eiarska mapa, Satelitn\u00e1 mapa a OpenStreetMap.<\/p>\n<p><strong>Kliknut\u00edm na logo &#8222;Freemap.sk&#8220; sa V\u00e1m mapa zobraz\u00ed na celej ploche obrazovky.<\/strong><\/p>\n<p><iframe style=\"width: 900px; height: 600px; border: 0;\" src=\"https:\/\/www.freemap.sk\/?map=16\/48.640842\/20.811496&amp;info-point=48.640842\/20.811496,Z\u00e1dielska chata&amp;layers=X&amp;embed=search\" allowfullscreen=\"allowfullscreen\"><span data-mce-type=\"bookmark\" style=\"display: inline-block; width: 0px; overflow: hidden; line-height: 0;\" class=\"mce_SELRES_start\">\ufeff<\/span><\/iframe><\/p>\n<h2><span style=\"color: #800000;\">Po\u010dasie<\/span><\/h2>\n<p><iframe style=\"width: 900px; height: 620px;\" src=\"https:\/\/www.meteoblue.com\/sk\/po%C4%8Dasie\/widget\/three\/z%c3%a1diel_slovensko_723113?geoloc=fixed&amp;nocurrent=0&amp;noforecast=0&amp;days=7&amp;tempunit=CELSIUS&amp;windunit=KILOMETER_PER_HOUR&amp;layout=image\" frameborder=\"0\" scrolling=\"NO\" sandbox=\"allow-same-origin allow-scripts allow-popups allow-popups-to-escape-sandbox\"><span data-mce-type=\"bookmark\" style=\"display: inline-block; width: 0px; overflow: hidden; line-height: 0;\" class=\"mce_SELRES_start\">\ufeff<\/span><\/iframe><\/p>\n<div><!-- DO NOT REMOVE THIS LINK --><a href=\"https:\/\/www.meteoblue.com\/sk\/po%C4%8Dasie\/t%C3%BD%C5%BEde%C5%88\/z%c3%a1diel_slovensko_723113?utm_source=weather_widget&amp;utm_medium=linkus&amp;utm_content=three&amp;utm_campaign=Weather%2BWidget\" target=\"_blank\" rel=\"noopener noreferrer\">meteoblue<\/a><\/div>\n<h2><span style=\"color: #800000;\">Video<\/span><\/h2>\n<p><iframe loading=\"lazy\" src=\"https:\/\/www.youtube.com\/embed\/rw2M6O05EU8\" width=\"900\" height=\"575\" frameborder=\"0\" allowfullscreen=\"allowfullscreen\"><\/iframe><\/p>\n","protected":false},"excerpt":{"rendered":"<p>Menu: Z\u00e1dielska chata \u2013 Kde sa nach\u00e1dza? Z\u00e1dielska chata sa nach\u00e1dza v z\u00e1vere malebnej Z\u00e1dielskej ties\u0148avy v N\u00e1rodnom parku Slovensk\u00fd kras, pribli\u017ene 300 metrov od turistick\u00e9ho r\u00e1zcestia Z\u00e1dielska dolina \u2013 [&hellip;]<\/p>\n","protected":false},"author":1,"featured_media":16037,"parent":19,"menu_order":0,"comment_status":"closed","ping_status":"open","template":"","meta":{"_uag_custom_page_level_css":"","footnotes":""},"class_list":["post-3004","page","type-page","status-publish","has-post-thumbnail","hentry"],"featured_image_src":"https:\/\/www.slovensky-kras.eu\/info\/wp-content\/uploads\/2019\/09\/zadiel-chata.jpg","featured_image_src_square":"https:\/\/www.slovensky-kras.eu\/info\/wp-content\/uploads\/2019\/09\/zadiel-chata.jpg","rbea_author_info":{"display_name":"admin","author_link":"https:\/\/www.slovensky-kras.eu\/info\/author\/admin\/"},"rbea_excerpt_info":"Menu: Z\u00e1dielska chata \u2013 Kde sa nach\u00e1dza? Z\u00e1dielska chata sa nach\u00e1dza v z\u00e1vere malebnej Z\u00e1dielskej ties\u0148avy v N\u00e1rodnom parku Slovensk\u00fd kras, pribli\u017ene 300 metrov od turistick\u00e9ho r\u00e1zcestia Z\u00e1dielska dolina \u2013 [&hellip;]","uagb_featured_image_src":{"full":["https:\/\/www.slovensky-kras.eu\/info\/wp-content\/uploads\/2019\/09\/zadiel-chata.jpg",1000,563,false],"thumbnail":["https:\/\/www.slovensky-kras.eu\/info\/wp-content\/uploads\/2019\/09\/zadiel-chata-150x150.jpg",150,150,true],"medium":["https:\/\/www.slovensky-kras.eu\/info\/wp-content\/uploads\/2019\/09\/zadiel-chata-800x450.jpg",800,450,true],"medium_large":["https:\/\/www.slovensky-kras.eu\/info\/wp-content\/uploads\/2019\/09\/zadiel-chata-768x432.jpg",768,432,true],"large":["https:\/\/www.slovensky-kras.eu\/info\/wp-content\/uploads\/2019\/09\/zadiel-chata.jpg",1000,563,false],"1536x1536":["https:\/\/www.slovensky-kras.eu\/info\/wp-content\/uploads\/2019\/09\/zadiel-chata.jpg",1000,563,false],"2048x2048":["https:\/\/www.slovensky-kras.eu\/info\/wp-content\/uploads\/2019\/09\/zadiel-chata.jpg",1000,563,false]},"uagb_author_info":{"display_name":"admin","author_link":"https:\/\/www.slovensky-kras.eu\/info\/author\/admin\/"},"uagb_comment_info":0,"uagb_excerpt":"Menu: Z\u00e1dielska chata \u2013 Kde sa nach\u00e1dza? Z\u00e1dielska chata sa nach\u00e1dza v z\u00e1vere malebnej Z\u00e1dielskej ties\u0148avy v N\u00e1rodnom parku Slovensk\u00fd kras, pribli\u017ene 300 metrov od turistick\u00e9ho r\u00e1zcestia Z\u00e1dielska dolina \u2013 [&hellip;]","_links":{"self":[{"href":"https:\/\/www.slovensky-kras.eu\/info\/wp-json\/wp\/v2\/pages\/3004","targetHints":{"allow":["GET"]}}],"collection":[{"href":"https:\/\/www.slovensky-kras.eu\/info\/wp-json\/wp\/v2\/pages"}],"about":[{"href":"https:\/\/www.slovensky-kras.eu\/info\/wp-json\/wp\/v2\/types\/page"}],"author":[{"embeddable":true,"href":"https:\/\/www.slovensky-kras.eu\/info\/wp-json\/wp\/v2\/users\/1"}],"replies":[{"embeddable":true,"href":"https:\/\/www.slovensky-kras.eu\/info\/wp-json\/wp\/v2\/comments?post=3004"}],"version-history":[{"count":37,"href":"https:\/\/www.slovensky-kras.eu\/info\/wp-json\/wp\/v2\/pages\/3004\/revisions"}],"predecessor-version":[{"id":29224,"href":"https:\/\/www.slovensky-kras.eu\/info\/wp-json\/wp\/v2\/pages\/3004\/revisions\/29224"}],"up":[{"embeddable":true,"href":"https:\/\/www.slovensky-kras.eu\/info\/wp-json\/wp\/v2\/pages\/19"}],"wp:featuredmedia":[{"embeddable":true,"href":"https:\/\/www.slovensky-kras.eu\/info\/wp-json\/wp\/v2\/media\/16037"}],"wp:attachment":[{"href":"https:\/\/www.slovensky-kras.eu\/info\/wp-json\/wp\/v2\/media?parent=3004"}],"curies":[{"name":"wp","href":"https:\/\/api.w.org\/{rel}","templated":true}]}}