{"id":29031,"date":"2025-11-26T04:39:09","date_gmt":"2025-11-26T03:39:09","guid":{"rendered":"https:\/\/www.slovensky-kras.eu\/info\/?page_id=29031"},"modified":"2026-03-31T07:37:18","modified_gmt":"2026-03-31T05:37:18","slug":"vyhliadkova-veza-ardovo","status":"publish","type":"page","link":"https:\/\/www.slovensky-kras.eu\/info\/zaujimavosti\/vyhliadkova-veza-ardovo\/","title":{"rendered":"Vyhliadkov\u00e1 ve\u017ea Ardovo"},"content":{"rendered":"<p><strong>Menu: <\/strong><a href=\"http:\/\/www.slovensky-kras.eu\/info\/\" class=\"su-button su-button-style-default\" style=\"color:#000000;background-color:#FFCF2F;border-color:#cca626;border-radius:5px\" target=\"_self\"><span style=\"color:#000000;padding:6px 16px;font-size:13px;line-height:20px;border-color:#ffde6e;border-radius:5px;text-shadow:none\"><i class=\"sui sui-arrow-right\" style=\"font-size:13px;color:#000000\"><\/i>  \u00davod \/ Aktuality <\/span><\/a>\n<a href=\"http:\/\/www.slovensky-kras.eu\/info\/zaujimavosti\/\" class=\"su-button su-button-style-default\" style=\"color:#000000;background-color:#FFCF2F;border-color:#cca626;border-radius:5px\" target=\"_self\"><span style=\"color:#000000;padding:6px 16px;font-size:13px;line-height:20px;border-color:#ffde6e;border-radius:5px;text-shadow:none\"><i class=\"sui sui-arrow-right\" style=\"font-size:13px;color:#000000\"><\/i>  Zauj\u00edmavosti <\/span><\/a>\n<div class=\"su-divider su-divider-style-default\" style=\"margin:15px 0;border-width:2px;border-color:#000000\"><\/div>\n<figure id=\"attachment_29728\" aria-describedby=\"caption-attachment-29728\" style=\"width: 900px\" class=\"wp-caption aligncenter\"><a href=\"https:\/\/www.slovensky-kras.eu\/info\/wp-content\/uploads\/2025\/11\/vyhliadkova-veza-ardovo-jar.jpeg\"><img loading=\"lazy\" decoding=\"async\" class=\"wp-image-29728\" src=\"https:\/\/www.slovensky-kras.eu\/info\/wp-content\/uploads\/2025\/11\/vyhliadkova-veza-ardovo-jar.jpeg\" alt=\"Vyhliadkov\u00e1 ve\u017ea Ardovo\" width=\"900\" height=\"502\" srcset=\"https:\/\/www.slovensky-kras.eu\/info\/wp-content\/uploads\/2025\/11\/vyhliadkova-veza-ardovo-jar.jpeg 1376w, https:\/\/www.slovensky-kras.eu\/info\/wp-content\/uploads\/2025\/11\/vyhliadkova-veza-ardovo-jar-800x447.jpeg 800w, https:\/\/www.slovensky-kras.eu\/info\/wp-content\/uploads\/2025\/11\/vyhliadkova-veza-ardovo-jar-1024x572.jpeg 1024w, https:\/\/www.slovensky-kras.eu\/info\/wp-content\/uploads\/2025\/11\/vyhliadkova-veza-ardovo-jar-768x429.jpeg 768w\" sizes=\"auto, (max-width: 900px) 100vw, 900px\" \/><\/a><figcaption id=\"caption-attachment-29728\" class=\"wp-caption-text\">Vyhliadkov\u00e1 ve\u017ea Ardovo<\/figcaption><\/figure>\n<div class=\"su-divider su-divider-style-default\" style=\"margin:15px 0;border-width:2px;border-color:#000000\"><\/div>\n<h2 data-path-to-node=\"2\"><span style=\"color: #800000;\"><b data-path-to-node=\"2\" data-index-in-node=\"0\">Dotknite sa oblakov nad Slovensk\u00fdm krasom<\/b><\/span><\/h2>\n<p data-path-to-node=\"3\">Predstavte si miesto, kde sa <b data-path-to-node=\"3\" data-index-in-node=\"29\">modern\u00e1 architekt\u00fara<\/b> sn\u00fabi s tichom pr\u00edrody a dopraje v\u00e1m dychber\u00faci <b data-path-to-node=\"3\" data-index-in-node=\"98\">360-stup\u0148ov\u00fd v\u00fdh\u013ead<\/b> a\u017e na vzdialen\u00e9 \u0161t\u00edty <b data-path-to-node=\"3\" data-index-in-node=\"140\">Vysok\u00fdch Tatier<\/b>.<\/p>\n<p data-path-to-node=\"4\"><b data-path-to-node=\"4\" data-index-in-node=\"13\">Vyhliadkov\u00e1 ve\u017ea Ardovo<\/b> v\u00e1s poz\u00fdva na nen\u00e1ro\u010dn\u00fa prech\u00e1dzku <b data-path-to-node=\"4\" data-index-in-node=\"72\">lesoparkom Dubina<\/b>, ktor\u00e1 vrchol\u00ed na 17 metrov vysokej \u0161pir\u00e1le s panor\u00e1mou, ak\u00fa nikde inde nen\u00e1jdete.<\/p>\n<p data-path-to-node=\"5\">Tento turistick\u00fd unik\u00e1t je <b data-path-to-node=\"5\" data-index-in-node=\"27\">celoro\u010dne pr\u00edstupn\u00fd zadarmo<\/b>, v\u010faka \u010domu je ide\u00e1lnym cie\u013eom pre rodinn\u00fd v\u00fdlet aj romantick\u00e9 pozorovanie okolia.<\/p>\n<p data-path-to-node=\"6\">Pr\u00ed\u010fte objavi\u0165 skryt\u00fd klenot pri <b data-path-to-node=\"6\" data-index-in-node=\"33\">Silickej planine<\/b>, kde sa hist\u00f3ria obce sp\u00e1ja s neopakovate\u013en\u00fdm z\u00e1\u017eitkom z <b data-path-to-node=\"6\" data-index-in-node=\"107\">v\u00fd\u0161ky 317 metrov<\/b>.<\/p>\n<h2 dir=\"auto\"><span style=\"color: #800000;\">\u010co je Vyhliadkov\u00e1 ve\u017ea Ardovo a kde presne sa nach\u00e1dza? <\/span><\/h2>\n<p dir=\"auto\"><strong>Vyhliadkov\u00e1 ve\u017ea Ardovo<\/strong> bola sl\u00e1vnostne otvoren\u00e1 v novembri 2025. Vybudovan\u00e1 je na kopci<strong> Dubina<\/strong> pri rovnomennom lesoparku v obci Ardovo, ktor\u00e1 le\u017e\u00ed na z\u00e1padnom okraji Silickej planiny ne\u010faleko Ple\u0161ivca v okrese Ro\u017e\u0148ava.<\/p>\n<p dir=\"auto\">Sama Vyhliadkov\u00e1 ve\u017ea Ardovo sa nach\u00e1dza v nadmorskej v\u00fd\u0161ke 317 m n. m. a le\u017e\u00ed hne\u010f pri kri\u017eovatke ciest <strong>II\/587<\/strong> a <strong>III\/3009<\/strong> \u2013 len 70 metrov smerom na juh od tejto kri\u017eovatky. V\u010faka tomu je v\u00fdborne dostupn\u00e1 autom z ktor\u00e9hoko\u013evek smeru.<\/p>\n<p dir=\"auto\">Obec Ardovo je mal\u00e1 obec v okrese Ro\u017e\u0148ava, ktor\u00e1 sa nach\u00e1dza na okraji Silickej planiny v kr\u00e1snej pr\u00edrode Slovensk\u00e9ho krasu. Pre n\u00e1v\u0161tevn\u00edkov a turistov pon\u00faka tich\u00fa a pokojn\u00fa atmosf\u00e9ru ide\u00e1lnu na oddych a objavovanie pr\u00edrodn\u00fdch kr\u00e1s a historick\u00e9ho dedi\u010dstva. Je zn\u00e1ma od roku 1240 a jej rozloha je pribli\u017ene 1 150 hekt\u00e1rov.<\/p>\n<h2 dir=\"auto\"><span style=\"color: #800000;\">Ak\u00e1 vysok\u00e1 je ve\u017ea a ak\u00fd v\u00fdh\u013ead pon\u00faka? <\/span><\/h2>\n<p dir=\"auto\"><strong>Vyhliadkov\u00e1 ve\u017ea Ardovo<\/strong> je vysok\u00e1 <strong>17 metrov<\/strong> a jej kon\u0161trukcia tvor\u00ed \u0161pir\u00e1lov\u00e9 schodisko s viacer\u00fdmi oddychov\u00fdmi podla\u017eiami. Kon\u0161trukcia ve\u017ee je modern\u00e1, no citlivo zasaden\u00e1 do pr\u00edrodn\u00e9ho prostredia. Dreven\u00e9 lamely obop\u00ednaj\u00fa kovov\u00e9 vn\u00fatorn\u00e9 schodisko, ktor\u00e9 vedie na vyhliadkov\u00fa plo\u0161inu. Z vrcholu z\u00edskate \u00fa\u017easn\u00fd <strong>360-stup\u0148ov\u00fd panoramatick\u00fd v\u00fdh\u013ead<\/strong> na cel\u00e9 okolie.<\/p>\n<h2 dir=\"auto\"><span style=\"color: #800000;\">Ktor\u00e9 miesta uvid\u00edte z Vyhliadkovej ve\u017ee Ardovo za pekn\u00e9ho po\u010dasia? <\/span><\/h2>\n<p dir=\"auto\">Za dobr\u00fdch poveternostn\u00fdch podmienok s\u00fa z ve\u017ee vidite\u013en\u00e9 <strong>Vysok\u00e9 Tatry<\/strong> cez \u0160t\u00edtnick\u00fa dolinu. Na juh sa otv\u00e1ra poh\u013ead na obec <strong>Torna\u013ea<\/strong> a priamo pod vami le\u017e\u00ed samotn\u00e9 <strong>Ardovo<\/strong>.<\/p>\n<h2 dir=\"auto\"><span style=\"color: #800000;\">Kedy vznikol n\u00e1pad postavi\u0165 Vyhliadkov\u00fa ve\u017eu Ardovo a kto ju financoval? <\/span><\/h2>\n<p dir=\"auto\">My\u0161lienka vybudova\u0165 <strong>Vyhliadkov\u00fa ve\u017eu Ardovo<\/strong> vznikla u\u017e v roku 2015 priamo v obci. Realiz\u00e1ciu finan\u010dne podporila dot\u00e1cia z miestnej ak\u010dnej skupiny <strong>KRAS<\/strong> vo v\u00fd\u0161ke pribli\u017ene <strong>100 tis\u00edc eur<\/strong>.<\/p>\n<h2 dir=\"auto\"><span style=\"color: #800000;\">Ako sa dostanete k Vyhliadkovej ve\u017ei Ardovo a kde zaparkujete? <\/span><\/h2>\n<p dir=\"auto\">Pri ve\u017ei je vyhraden\u00e9 <strong>parkovisko<\/strong> a ku samotnej ve\u017ei vedie pr\u00edjemn\u00e1 kr\u00e1tka prech\u00e1dzka cez pekn\u00fd <strong>lesopark Dubina<\/strong>. <strong>Vyhliadkov\u00e1 ve\u017ea Ardovo je vo\u013ene pr\u00edstupn\u00e1 celoro\u010dne a vstup je \u00faplne zadarmo<\/strong> \u2013 nemus\u00edte plati\u0165 \u017eiadne vstupn\u00e9.<\/p>\n<h2 dir=\"auto\"><span style=\"color: #800000;\">\u010c\u00edm e\u0161te l\u00e1ka obec Ardovo turistov okrem vyhliadkovej ve\u017ee? <\/span><\/h2>\n<p dir=\"auto\">Z h\u013eadiska turistiky je <strong>Ardovo<\/strong> v\u00fdznamn\u00e9 najm\u00e4 v\u010faka <strong>Ardovskej jaskyni<\/strong>, ktor\u00e1 patr\u00ed medzi najkraj\u0161ie v <strong>Slovenskom krase<\/strong>. Jasky\u0148a je dlh\u00e1 <strong>1 492 metrov<\/strong> a vyzna\u010duje sa unik\u00e1tnou v\u00fdzdobou so <strong>stalaktitmi<\/strong>, <strong>stalagmitmi<\/strong> a sintrov\u00fdmi z\u00e1clonami. Je to miesto bohat\u00e9 na archeologick\u00e9 n\u00e1lezy a ve\u013emi vz\u00e1cne <strong>neolitick\u00e9 n\u00e1stenn\u00e9 ma\u013eby<\/strong>, hoci jasky\u0148a nie je pr\u00edstupn\u00e1 verejnosti.<\/p>\n<p dir=\"auto\">\u010ealej je to <strong>M\u00e1t\u00e9ov dom<\/strong>, ktor\u00fd je pr\u00edstupn\u00fd ako men\u0161ia expoz\u00edcia. V jeho interi\u00e9ri m\u00f4\u017eete vidie\u0165 dobov\u00e9 zariadenie, tradi\u010dn\u00e9 oble\u010denie, n\u00e1radie a \u010fal\u0161ie historick\u00e9 predmety dennej potreby miestnych obyvate\u013eov, \u010d\u00edm z\u00edskava\u0161 mo\u017enos\u0165 nahliadnu\u0165 do \u017eivota tunaj\u0161\u00edch ro\u013en\u00edkov v 19. a za\u010diatku 20. storo\u010dia. Objekt aktu\u00e1lne sl\u00fa\u017ei aj ako \u201eObecn\u00fd dom \u013eudov\u00fdch trad\u00edci\u00ed\u201c,.<\/p>\n<h2 dir=\"auto\"><span style=\"color: #800000;\">Pre\u010do sa oplat\u00ed nav\u0161t\u00edvi\u0165 Vyhliadkov\u00fa ve\u017eu Ardovo? <\/span><\/h2>\n<p dir=\"auto\">T\u00e1to nov\u00e1 atrakcia sa stala v\u00fdznamn\u00fdm prvkom turistickej ponuky <strong>Slovensk\u00e9ho krasu<\/strong> a v\u00fdrazne zvy\u0161uje jeho atraktivitu a pr\u00edstupnos\u0165 pre v\u0161etk\u00fdch n\u00e1v\u0161tevn\u00edkov.<\/p>\n<h2 data-path-to-node=\"0\"><span style=\"color: #800000;\">Pre\u010do je spr\u00e1vne parkovanie k\u013e\u00fa\u010dom k v\u00e1\u0161mu z\u00e1\u017eitku na lokalite Vyhliadkov\u00e1 ve\u017ea Ardovo?<\/span><\/h2>\n<p data-path-to-node=\"1\"><b data-path-to-node=\"1\" data-index-in-node=\"0\">Vyhliadkov\u00e1 ve\u017ea Ardovo<\/b> sa stane va\u0161\u00edm ob\u013e\u00faben\u00fdm cie\u013eom len vtedy, ak va\u0161u cestu od\u0161tartujete zodpovedne a bezpe\u010dne na <b data-path-to-node=\"1\" data-index-in-node=\"119\">ofici\u00e1lnom odstavnom mieste<\/b>. Ignorovanie parkovac\u00edch pravidiel v tejto vz\u00e1cnej lokalite nielen ohrozuje plynulos\u0165 dopravy, ale znehodnocuje aj v\u00e1\u0161 celkov\u00fd dojem z n\u00e1v\u0161tevy tohto unik\u00e1tneho miesta.<\/p>\n<h3 data-path-to-node=\"2\"><span style=\"color: #808000;\">Kde presne mus\u00edte zaparkova\u0165 pri n\u00e1v\u0161teve Vyhliadkovej ve\u017ee Ardovo?<\/span><\/h3>\n<p data-path-to-node=\"3\">Pri va\u0161ej pl\u00e1novanej n\u00e1v\u0161teve objektu <b data-path-to-node=\"3\" data-index-in-node=\"38\">Vyhliadkov\u00e1 ve\u017ea Ardovo<\/b> v\u00e1s v z\u00e1ujme zaistenia <b data-path-to-node=\"3\" data-index-in-node=\"85\">maxim\u00e1lnej bezpe\u010dnosti v\u00e1s<\/b>, va\u0161ich bl\u00edzkych, ako aj <b data-path-to-node=\"3\" data-index-in-node=\"137\">bezpe\u010dnosti a plynulosti okolitej cestnej prem\u00e1vky<\/b>, d\u00f4razne pros\u00edme, aby ste vyu\u017eili v\u00fdhradne <b data-path-to-node=\"3\" data-index-in-node=\"231\">vyhraden\u00e9 parkovisko<\/b>. Toto <b data-path-to-node=\"3\" data-index-in-node=\"258\">\u0161pecializovan\u00e9 parkovisko<\/b> je situovan\u00e9 strategicky na <b data-path-to-node=\"3\" data-index-in-node=\"312\">ju\u017enej strane od ve\u017ee<\/b>, \u010d\u00edm predch\u00e1dza kol\u00edznym situ\u00e1ci\u00e1m priamo na hlavnej komunik\u00e1cii.<\/p>\n<h3 data-path-to-node=\"4\"><span style=\"color: #808000;\">Ak\u00e1 cesta v\u00e1s \u010dak\u00e1 z vyhraden\u00e9ho parkoviska k vyhliadke?<\/span><\/h3>\n<p data-path-to-node=\"5\">Pr\u00e1ve z tohto konkr\u00e9tneho <b data-path-to-node=\"5\" data-index-in-node=\"26\">parkoviska<\/b> sa k samotnej <b data-path-to-node=\"5\" data-index-in-node=\"51\">vyhliadkovej ve\u017ei<\/b> dostanete po zhruba <b data-path-to-node=\"5\" data-index-in-node=\"89\">desa\u0165min\u00fatovej<\/b>, mimoriadne <b data-path-to-node=\"5\" data-index-in-node=\"116\">pr\u00edjemnej prech\u00e1dzke<\/b>, ktor\u00e1 vedie cez upokojuj\u00faci <b data-path-to-node=\"5\" data-index-in-node=\"166\">miestny lesopark<\/b>. Tento kr\u00e1tky <b data-path-to-node=\"5\" data-index-in-node=\"197\">pe\u0161\u00ed presun<\/b> sl\u00fa\u017ei ako ide\u00e1lna pr\u00edprava na v\u00fdh\u013eady, ktor\u00e9 v\u00e1m <b data-path-to-node=\"5\" data-index-in-node=\"258\">Vyhliadkov\u00e1 ve\u017ea Ardovo<\/b> pon\u00fakne, a z\u00e1rove\u0148 chr\u00e1ni integritu pr\u00edrodn\u00e9ho prostredia pred nadmern\u00fdm hlukom vozidiel.<\/p>\n<h2 data-path-to-node=\"7\"><span style=\"color: #800000;\">Va\u0161e vozidlo v bezpe\u010d\u00ed a myse\u013e v absol\u00fatnom pokoji<\/span><\/h2>\n<p data-path-to-node=\"8\"><em>Spr\u00e1vne vyu\u017eitie <b data-path-to-node=\"8\" data-index-in-node=\"17\">vyhraden\u00e9ho parkovacieho miesta<\/b> je prv\u00fdm krokom k tomu, aby ste si n\u00e1v\u0161tevu lokality <b data-path-to-node=\"8\" data-index-in-node=\"102\">Vyhliadkov\u00e1 ve\u017ea Ardovo<\/b> u\u017eili bez zbyto\u010dn\u00fdch pok\u00fat \u010di ob\u00e1v o bezpe\u010dnos\u0165 auta. Umiestnenie <b data-path-to-node=\"8\" data-index-in-node=\"192\">parkoviska na juh od ve\u017ee<\/b> je zvolen\u00e9 tak, aby nenar\u00fa\u0161alo panoramatick\u00fd r\u00e1z krajiny a z\u00e1rove\u0148 poskytlo turistom komfortn\u00fd \u0161tart. Kr\u00e1tky, pribli\u017ene <b data-path-to-node=\"8\" data-index-in-node=\"338\">10-min\u00fatov\u00fd prechod cez lesopark<\/b> je nen\u00e1ro\u010dn\u00fdm bonusom, ktor\u00fd zvl\u00e1dnu v\u0161etky vekov\u00e9 kateg\u00f3rie n\u00e1v\u0161tevn\u00edkov. V\u010faka tejto organiz\u00e1cii dopravy zost\u00e1va okolie ve\u017ee tich\u00e9 a \u010dist\u00e9, \u010do priamo zvy\u0161uje va\u0161u <b data-path-to-node=\"8\" data-index-in-node=\"536\">spokojnos\u0165 s v\u00fdletom<\/b>. Akceptovan\u00edm tohto postupu prejavujete \u00factu k pr\u00edrode aj k ostatn\u00fdm cestovate\u013eom, ktor\u00ed h\u013eadaj\u00fa v tejto lokalite rovnak\u00fd k\u013eud ako vy.<\/em><\/p>\n<h2 dir=\"auto\"><span style=\"color: #800000;\">Fotogal\u00e9ria<\/span><\/h2>\n<p dir=\"auto\"><style type=\"text\/css\">\n#foogallery-gallery-28962 .fg-image { width: 200px; }<\/style>\n\t\t\t<div class=\"foogallery foogallery-container foogallery-carousel foogallery-lightbox-foogallery fg-carousel fg-ready fg-light fg-border-medium fg-round-small fg-shadow-medium fg-loading-default fg-loaded-fade-in fg-hover-semi-zoomed fg-hover-fade fg-hover-circle-plus2\" id=\"foogallery-gallery-28962\" data-foogallery=\"{&quot;item&quot;:{&quot;showCaptionTitle&quot;:true,&quot;showCaptionDescription&quot;:true},&quot;lazy&quot;:true,&quot;template&quot;:{&quot;maxItems&quot;:5,&quot;scale&quot;:0.11999999999999999555910790149937383830547332763671875,&quot;gutter&quot;:{&quot;min&quot;:-40,&quot;max&quot;:-20,&quot;unit&quot;:&quot;%&quot;},&quot;autoplay&quot;:{&quot;time&quot;:0,&quot;interaction&quot;:&quot;pause&quot;},&quot;centerOnClick&quot;:true,&quot;align&quot;:&quot;center&quot;,&quot;activePosition&quot;:&quot;center&quot;}}\" data-foogallery-lightbox=\"{&quot;thumbs&quot;:&quot;bottom&quot;,&quot;thumbsCaptions&quot;:false,&quot;thumbsBestFit&quot;:false,&quot;thumbsSmall&quot;:false,&quot;thumbsCaptionsAlign&quot;:&quot;default&quot;,&quot;info&quot;:&quot;bottom&quot;,&quot;infoVisible&quot;:true,&quot;infoOverlay&quot;:true,&quot;infoAlign&quot;:&quot;default&quot;,&quot;transition&quot;:&quot;fade&quot;,&quot;hoverButtons&quot;:false,&quot;fitMedia&quot;:false,&quot;noScrollbars&quot;:true,&quot;preserveButtonSpace&quot;:true,&quot;buttons&quot;:{&quot;fullscreen&quot;:true,&quot;info&quot;:true,&quot;thumbs&quot;:false},&quot;video&quot;:{&quot;autoPlay&quot;:true}}\" style=\"--fg-title-line-clamp: 1; --fg-description-line-clamp: 2;\" >\n\t<button type=\"button\" class=\"fg-carousel-prev\" title=\"Previous\"><\/button>\n\t<div class=\"fg-carousel-inner\">\n\t\t<div class=\"fg-carousel-center\"><\/div>\n\t\t<div class=\"fg-item fg-type-image fg-idle\"><figure class=\"fg-item-inner\"><a href=\"https:\/\/www.slovensky-kras.eu\/info\/wp-content\/uploads\/2025\/11\/vyhliadkova-veza-Ardovo2.jpeg\" data-caption-title=\"Vyhliadkov\u00e1 ve\u017ea Ardovo\" data-attachment-id=\"28960\" data-type=\"image\" class=\"fg-thumb\"><span class=\"fg-image-wrap\"><img decoding=\"async\" alt=\"Vyhliadkov\u00e1 ve\u017ea Ardovo\" title=\"Vyhliadkov\u00e1 ve\u017ea Ardovo\" width=\"200\" height=\"200\" class=\"skip-lazy fg-image\" data-src-fg=\"https:\/\/www.slovensky-kras.eu\/info\/wp-content\/uploads\/cache\/2025\/11\/vyhliadkova-veza-Ardovo2\/417467383.jpeg\" src=\"data:image\/svg+xml,%3Csvg%20xmlns%3D%22http%3A%2F%2Fwww.w3.org%2F2000%2Fsvg%22%20width%3D%22200%22%20height%3D%22200%22%20viewBox%3D%220%200%20200%20200%22%3E%3C%2Fsvg%3E\" loading=\"eager\"><\/span><span class=\"fg-image-overlay\"><\/span><\/a><figcaption class=\"fg-caption\"><div class=\"fg-caption-inner\"><div class=\"fg-caption-title\">Vyhliadkov\u00e1 ve\u017ea Ardovo<\/div><\/div><\/figcaption><\/figure><div class=\"fg-loader\"><\/div><\/div><div class=\"fg-item fg-type-image fg-idle\"><figure class=\"fg-item-inner\"><a href=\"https:\/\/www.slovensky-kras.eu\/info\/wp-content\/uploads\/2025\/11\/vyhliadkova-veza-Ardovo1.jpeg\" data-attachment-id=\"28958\" data-type=\"image\" class=\"fg-thumb\"><span class=\"fg-image-wrap\"><img decoding=\"async\" width=\"200\" height=\"200\" class=\"skip-lazy fg-image\" data-src-fg=\"https:\/\/www.slovensky-kras.eu\/info\/wp-content\/uploads\/cache\/2025\/11\/vyhliadkova-veza-Ardovo1\/950941302.jpeg\" src=\"data:image\/svg+xml,%3Csvg%20xmlns%3D%22http%3A%2F%2Fwww.w3.org%2F2000%2Fsvg%22%20width%3D%22200%22%20height%3D%22200%22%20viewBox%3D%220%200%20200%20200%22%3E%3C%2Fsvg%3E\" loading=\"eager\"><\/span><span class=\"fg-image-overlay\"><\/span><\/a><\/figure><div class=\"fg-loader\"><\/div><\/div><div class=\"fg-item fg-type-image fg-idle\"><figure class=\"fg-item-inner\"><a href=\"https:\/\/www.slovensky-kras.eu\/info\/wp-content\/uploads\/2025\/11\/vyhliadkova-veza-Ardovo.jpeg\" data-caption-title=\"Vyhliadkov\u00e1 ve\u017ea Ardovo\" data-attachment-id=\"28955\" data-type=\"image\" class=\"fg-thumb\"><span class=\"fg-image-wrap\"><img decoding=\"async\" alt=\"Vyhliadkov\u00e1 ve\u017ea Ardovo\" title=\"Vyhliadkov\u00e1 ve\u017ea Ardovo\" width=\"200\" height=\"200\" class=\"skip-lazy fg-image\" data-src-fg=\"https:\/\/www.slovensky-kras.eu\/info\/wp-content\/uploads\/cache\/2025\/11\/vyhliadkova-veza-Ardovo\/2867081753.jpeg\" src=\"data:image\/svg+xml,%3Csvg%20xmlns%3D%22http%3A%2F%2Fwww.w3.org%2F2000%2Fsvg%22%20width%3D%22200%22%20height%3D%22200%22%20viewBox%3D%220%200%20200%20200%22%3E%3C%2Fsvg%3E\" loading=\"eager\"><\/span><span class=\"fg-image-overlay\"><\/span><\/a><figcaption class=\"fg-caption\"><div class=\"fg-caption-inner\"><div class=\"fg-caption-title\">Vyhliadkov\u00e1 ve\u017ea Ardovo<\/div><\/div><\/figcaption><\/figure><div class=\"fg-loader\"><\/div><\/div><div class=\"fg-item fg-type-image fg-idle\"><figure class=\"fg-item-inner\"><a href=\"https:\/\/www.slovensky-kras.eu\/info\/wp-content\/uploads\/2025\/11\/vyhliadkova-veza-Ardovo4.jpeg\" data-caption-title=\"Vyhliadkov\u00e1 ve\u017ea Ardovo\" data-attachment-id=\"28963\" data-type=\"image\" class=\"fg-thumb\"><span class=\"fg-image-wrap\"><img decoding=\"async\" alt=\"Vyhliadkov\u00e1 ve\u017ea Ardovo\" title=\"Vyhliadkov\u00e1 ve\u017ea Ardovo\" width=\"200\" height=\"200\" class=\"skip-lazy fg-image\" data-src-fg=\"https:\/\/www.slovensky-kras.eu\/info\/wp-content\/uploads\/cache\/2025\/11\/vyhliadkova-veza-Ardovo4\/442088791.jpeg\" src=\"data:image\/svg+xml,%3Csvg%20xmlns%3D%22http%3A%2F%2Fwww.w3.org%2F2000%2Fsvg%22%20width%3D%22200%22%20height%3D%22200%22%20viewBox%3D%220%200%20200%20200%22%3E%3C%2Fsvg%3E\" loading=\"eager\"><\/span><span class=\"fg-image-overlay\"><\/span><\/a><figcaption class=\"fg-caption\"><div class=\"fg-caption-inner\"><div class=\"fg-caption-title\">Vyhliadkov\u00e1 ve\u017ea Ardovo<\/div><\/div><\/figcaption><\/figure><div class=\"fg-loader\"><\/div><\/div><div class=\"fg-item fg-type-image fg-idle\"><figure class=\"fg-item-inner\"><a href=\"https:\/\/www.slovensky-kras.eu\/info\/wp-content\/uploads\/2025\/11\/vyhliadkova-veza-ardovo-jesen.jpeg\" data-attachment-id=\"29726\" data-type=\"image\" class=\"fg-thumb\"><span class=\"fg-image-wrap\"><img decoding=\"async\" alt=\"Vyhliadkov\u00e1 ve\u017ea Ardovo\" width=\"200\" height=\"200\" class=\"skip-lazy fg-image\" data-src-fg=\"https:\/\/www.slovensky-kras.eu\/info\/wp-content\/uploads\/cache\/2025\/11\/vyhliadkova-veza-ardovo-jesen\/1085691543.jpeg\" src=\"data:image\/svg+xml,%3Csvg%20xmlns%3D%22http%3A%2F%2Fwww.w3.org%2F2000%2Fsvg%22%20width%3D%22200%22%20height%3D%22200%22%20viewBox%3D%220%200%20200%20200%22%3E%3C%2Fsvg%3E\" loading=\"eager\"><\/span><span class=\"fg-image-overlay\"><\/span><\/a><\/figure><div class=\"fg-loader\"><\/div><\/div><div class=\"fg-item fg-type-image fg-idle\"><figure class=\"fg-item-inner\"><a href=\"https:\/\/www.slovensky-kras.eu\/info\/wp-content\/uploads\/2025\/11\/vyhliadkova-veza-ardovo-leto.jpeg\" data-attachment-id=\"29727\" data-type=\"image\" class=\"fg-thumb\"><span class=\"fg-image-wrap\"><img decoding=\"async\" alt=\"Vyhliadkov\u00e1 ve\u017ea Ardovo\" width=\"200\" height=\"200\" class=\"skip-lazy fg-image\" data-src-fg=\"https:\/\/www.slovensky-kras.eu\/info\/wp-content\/uploads\/cache\/2025\/11\/vyhliadkova-veza-ardovo-leto\/3559651763.jpeg\" src=\"data:image\/svg+xml,%3Csvg%20xmlns%3D%22http%3A%2F%2Fwww.w3.org%2F2000%2Fsvg%22%20width%3D%22200%22%20height%3D%22200%22%20viewBox%3D%220%200%20200%20200%22%3E%3C%2Fsvg%3E\" loading=\"eager\"><\/span><span class=\"fg-image-overlay\"><\/span><\/a><\/figure><div class=\"fg-loader\"><\/div><\/div><div class=\"fg-item fg-type-image fg-idle\"><figure class=\"fg-item-inner\"><a href=\"https:\/\/www.slovensky-kras.eu\/info\/wp-content\/uploads\/2025\/11\/vyhliadkova-veza-ardovo-jar.jpeg\" data-attachment-id=\"29728\" data-type=\"image\" class=\"fg-thumb\"><span class=\"fg-image-wrap\"><img decoding=\"async\" alt=\"Vyhliadkov\u00e1 ve\u017ea Ardovo\" width=\"200\" height=\"200\" class=\"skip-lazy fg-image\" data-src-fg=\"https:\/\/www.slovensky-kras.eu\/info\/wp-content\/uploads\/cache\/2025\/11\/vyhliadkova-veza-ardovo-jar\/1404764740.jpeg\" src=\"data:image\/svg+xml,%3Csvg%20xmlns%3D%22http%3A%2F%2Fwww.w3.org%2F2000%2Fsvg%22%20width%3D%22200%22%20height%3D%22200%22%20viewBox%3D%220%200%20200%20200%22%3E%3C%2Fsvg%3E\" loading=\"eager\"><\/span><span class=\"fg-image-overlay\"><\/span><\/a><\/figure><div class=\"fg-loader\"><\/div><\/div><div class=\"fg-item fg-type-image fg-idle\"><figure class=\"fg-item-inner\"><a href=\"https:\/\/www.slovensky-kras.eu\/info\/wp-content\/uploads\/2025\/11\/ardovo-parkovisko-pri-vezi.jpg\" data-caption-title=\"Vyhliadkov\u00e1 ve\u017ea Ardovo - parkovisko\" data-caption-desc=\"Vyhliadkov\u00e1 ve\u017ea Ardovo - parkovisko\" data-attachment-id=\"29731\" data-type=\"image\" class=\"fg-thumb\"><span class=\"fg-image-wrap\"><img decoding=\"async\" alt=\"Vyhliadkov\u00e1 ve\u017ea Ardovo\" title=\"Vyhliadkov\u00e1 ve\u017ea Ardovo - parkovisko\" width=\"200\" height=\"200\" class=\"skip-lazy fg-image\" data-src-fg=\"https:\/\/www.slovensky-kras.eu\/info\/wp-content\/uploads\/cache\/2025\/11\/ardovo-parkovisko-pri-vezi\/1840800238.jpg\" src=\"data:image\/svg+xml,%3Csvg%20xmlns%3D%22http%3A%2F%2Fwww.w3.org%2F2000%2Fsvg%22%20width%3D%22200%22%20height%3D%22200%22%20viewBox%3D%220%200%20200%20200%22%3E%3C%2Fsvg%3E\" loading=\"eager\"><\/span><span class=\"fg-image-overlay\"><\/span><\/a><figcaption class=\"fg-caption\"><div class=\"fg-caption-inner\"><div class=\"fg-caption-title\">Vyhliadkov\u00e1 ve\u017ea Ardovo - parkovisko<\/div><div class=\"fg-caption-desc\">Vyhliadkov\u00e1 ve\u017ea Ardovo - parkovisko<\/div><\/div><\/figcaption><\/figure><div class=\"fg-loader\"><\/div><\/div>\t<\/div>\n\t<div class=\"fg-carousel-bottom\"><\/div>\n\t<div class=\"fg-carousel-progress\"><\/div>\n\t<button type=\"button\" class=\"fg-carousel-next\" title=\"Next\"><\/button>\n<\/div>\n<h3><span style=\"color: #808000;\">Bl\u00edzke stredisko, turistick\u00e9 centrum, obec alebo mesto<\/span><\/h3>\n<ul>\n<li><a href=\"http:\/\/www.slovensky-kras.eu\/info\/strediska-a-centra\/obec-ardovo\/\">Obec Ardovo (\u010d\u00edtaj viac&#8230;)<\/a><\/li>\n<\/ul>\n<h3><span style=\"color: #808000;\">Mapy<\/span><\/h3>\n<p><strong>Vrstvy: <\/strong>Turistick\u00e1 mapa, Automapa, Cyklomapa, Ly\u017eiarska mapa, Satelitn\u00e1 mapa a OpenStreetMap.<\/p>\n<p><strong>Kliknut\u00edm na logo &#8222;Freemap.sk&#8220; sa V\u00e1m mapa zobraz\u00ed na celej ploche obrazovky.<\/strong><\/p>\n<p><iframe style=\"width: 900px; height: 600px; border: 0;\" src=\"https:\/\/www.freemap.sk\/?map=14\/48.533773\/20.411702&amp;info-point=48.533773\/20.411702&amp;,Vyhliadkov\u00e1 ve\u017ea Ardovo&amp;layers=X&amp;embed=search\" allowfullscreen=\"allowfullscreen\"><\/iframe><\/p>\n<h3><span style=\"color: #808000;\">Po\u010dasie<\/span><\/h3>\n<p><iframe style=\"width: 900px; height: 608px;\" src=\"https:\/\/www.meteoblue.com\/sk\/po%C4%8Dasie\/widget\/three\/ardovo_slovensk%c3%a1-republika_725199?geoloc=fixed&amp;nocurrent=0&amp;noforecast=0&amp;days=6&amp;tempunit=CELSIUS&amp;windunit=KILOMETER_PER_HOUR&amp;layout=image\" frameborder=\"0\" scrolling=\"NO\" sandbox=\"allow-same-origin allow-scripts allow-popups allow-popups-to-escape-sandbox\"><\/iframe><\/p>\n<div><!-- DO NOT REMOVE THIS LINK --><a href=\"https:\/\/www.meteoblue.com\/sk\/po%C4%8Dasie\/predpove%C4%8F\/t%C3%BD%C5%BEde%C5%88\/ardovo_slovensk%c3%a1-republika_725199?utm_source=weather_widget&amp;utm_medium=linkus&amp;utm_content=three&amp;utm_campaign=Weather%2BWidget\" target=\"_blank\" rel=\"noopener noreferrer\">meteoblue<\/a><\/div>\n","protected":false},"excerpt":{"rendered":"<p>Menu: Dotknite sa oblakov nad Slovensk\u00fdm krasom Predstavte si miesto, kde sa modern\u00e1 architekt\u00fara sn\u00fabi s tichom pr\u00edrody a dopraje v\u00e1m dychber\u00faci 360-stup\u0148ov\u00fd v\u00fdh\u013ead a\u017e na vzdialen\u00e9 \u0161t\u00edty Vysok\u00fdch Tatier. [&hellip;]<\/p>\n","protected":false},"author":1,"featured_media":29728,"parent":19,"menu_order":0,"comment_status":"closed","ping_status":"closed","template":"","meta":{"_uag_custom_page_level_css":"","footnotes":""},"class_list":["post-29031","page","type-page","status-publish","has-post-thumbnail","hentry"],"featured_image_src":"https:\/\/www.slovensky-kras.eu\/info\/wp-content\/uploads\/2025\/11\/vyhliadkova-veza-ardovo-jar.jpeg","featured_image_src_square":"https:\/\/www.slovensky-kras.eu\/info\/wp-content\/uploads\/2025\/11\/vyhliadkova-veza-ardovo-jar.jpeg","rbea_author_info":{"display_name":"admin","author_link":"https:\/\/www.slovensky-kras.eu\/info\/author\/admin\/"},"rbea_excerpt_info":"Menu: Dotknite sa oblakov nad Slovensk\u00fdm krasom Predstavte si miesto, kde sa modern\u00e1 architekt\u00fara sn\u00fabi s tichom pr\u00edrody a dopraje v\u00e1m dychber\u00faci 360-stup\u0148ov\u00fd v\u00fdh\u013ead a\u017e na vzdialen\u00e9 \u0161t\u00edty Vysok\u00fdch Tatier. [&hellip;]","uagb_featured_image_src":{"full":["https:\/\/www.slovensky-kras.eu\/info\/wp-content\/uploads\/2025\/11\/vyhliadkova-veza-ardovo-jar.jpeg",1376,768,false],"thumbnail":["https:\/\/www.slovensky-kras.eu\/info\/wp-content\/uploads\/2025\/11\/vyhliadkova-veza-ardovo-jar-150x150.jpeg",150,150,true],"medium":["https:\/\/www.slovensky-kras.eu\/info\/wp-content\/uploads\/2025\/11\/vyhliadkova-veza-ardovo-jar-800x447.jpeg",800,447,true],"medium_large":["https:\/\/www.slovensky-kras.eu\/info\/wp-content\/uploads\/2025\/11\/vyhliadkova-veza-ardovo-jar-768x429.jpeg",768,429,true],"large":["https:\/\/www.slovensky-kras.eu\/info\/wp-content\/uploads\/2025\/11\/vyhliadkova-veza-ardovo-jar-1024x572.jpeg",1024,572,true],"1536x1536":["https:\/\/www.slovensky-kras.eu\/info\/wp-content\/uploads\/2025\/11\/vyhliadkova-veza-ardovo-jar.jpeg",1376,768,false],"2048x2048":["https:\/\/www.slovensky-kras.eu\/info\/wp-content\/uploads\/2025\/11\/vyhliadkova-veza-ardovo-jar.jpeg",1376,768,false]},"uagb_author_info":{"display_name":"admin","author_link":"https:\/\/www.slovensky-kras.eu\/info\/author\/admin\/"},"uagb_comment_info":0,"uagb_excerpt":"Menu: Dotknite sa oblakov nad Slovensk\u00fdm krasom Predstavte si miesto, kde sa modern\u00e1 architekt\u00fara sn\u00fabi s tichom pr\u00edrody a dopraje v\u00e1m dychber\u00faci 360-stup\u0148ov\u00fd v\u00fdh\u013ead a\u017e na vzdialen\u00e9 \u0161t\u00edty Vysok\u00fdch Tatier. [&hellip;]","_links":{"self":[{"href":"https:\/\/www.slovensky-kras.eu\/info\/wp-json\/wp\/v2\/pages\/29031","targetHints":{"allow":["GET"]}}],"collection":[{"href":"https:\/\/www.slovensky-kras.eu\/info\/wp-json\/wp\/v2\/pages"}],"about":[{"href":"https:\/\/www.slovensky-kras.eu\/info\/wp-json\/wp\/v2\/types\/page"}],"author":[{"embeddable":true,"href":"https:\/\/www.slovensky-kras.eu\/info\/wp-json\/wp\/v2\/users\/1"}],"replies":[{"embeddable":true,"href":"https:\/\/www.slovensky-kras.eu\/info\/wp-json\/wp\/v2\/comments?post=29031"}],"version-history":[{"count":11,"href":"https:\/\/www.slovensky-kras.eu\/info\/wp-json\/wp\/v2\/pages\/29031\/revisions"}],"predecessor-version":[{"id":29730,"href":"https:\/\/www.slovensky-kras.eu\/info\/wp-json\/wp\/v2\/pages\/29031\/revisions\/29730"}],"up":[{"embeddable":true,"href":"https:\/\/www.slovensky-kras.eu\/info\/wp-json\/wp\/v2\/pages\/19"}],"wp:featuredmedia":[{"embeddable":true,"href":"https:\/\/www.slovensky-kras.eu\/info\/wp-json\/wp\/v2\/media\/29728"}],"wp:attachment":[{"href":"https:\/\/www.slovensky-kras.eu\/info\/wp-json\/wp\/v2\/media?parent=29031"}],"curies":[{"name":"wp","href":"https:\/\/api.w.org\/{rel}","templated":true}]}}