{"id":28533,"date":"2025-11-14T09:27:23","date_gmt":"2025-11-14T08:27:23","guid":{"rendered":"https:\/\/www.slovensky-kras.eu\/info\/?page_id=28533"},"modified":"2026-03-28T08:42:44","modified_gmt":"2026-03-28T07:42:44","slug":"hradne-vyhliadky-na-turnianskom-hrebeni-300-460-m-n-m","status":"publish","type":"page","link":"https:\/\/www.slovensky-kras.eu\/info\/kam-do-prirody\/hradne-vyhliadky-na-turnianskom-hrebeni-300-460-m-n-m\/","title":{"rendered":"Hradn\u00e9 vyhliadky na Turnianskom hrebeni (300-460 m n.m.)"},"content":{"rendered":"<p><strong>Menu: <\/strong> <a href=\"http:\/\/www.slovensky-kras.eu\/info\/\" class=\"su-button su-button-style-default\" style=\"color:#000000;background-color:#FFCF2F;border-color:#cca626;border-radius:5px\" target=\"_self\"><span style=\"color:#000000;padding:6px 16px;font-size:13px;line-height:20px;border-color:#ffde6e;border-radius:5px;text-shadow:none\"><i class=\"sui sui-arrow-right\" style=\"font-size:13px;color:#000000\"><\/i>  \u00davod \/ Aktuality <\/span><\/a>\n<a href=\"http:\/\/www.slovensky-kras.eu\/info\/kam-do-prirody\/\" class=\"su-button su-button-style-default\" style=\"color:#000000;background-color:#FFCF2F;border-color:#cca626;border-radius:5px\" target=\"_self\"><span style=\"color:#000000;padding:6px 16px;font-size:13px;line-height:20px;border-color:#ffde6e;border-radius:5px;text-shadow:none\"><i class=\"sui sui-arrow-right\" style=\"font-size:13px;color:#000000\"><\/i>  Kam do pr\u00edrody <\/span><\/a>\n<p><strong>Podkateg\u00f3ria: <\/strong> <a href=\"http:\/\/www.slovensky-kras.eu\/info\/kam-do-prirody\/vrchy-skaly-a-sedla\/\" class=\"su-button su-button-style-default\" style=\"color:#000000;background-color:#C5ED2C;border-color:#9ebe24;border-radius:5px\" target=\"_self\"><span style=\"color:#000000;padding:6px 16px;font-size:13px;line-height:20px;border-color:#d7f36c;border-radius:5px;text-shadow:none\"><i class=\"sui sui-arrow-right\" style=\"font-size:13px;color:#000000\"><\/i>  Vrchy, skaly, vyhliadky a sedl\u00e1 <\/span><\/a>\n<div class=\"su-divider su-divider-style-default\" style=\"margin:15px 0;border-width:2px;border-color:#000000\"><\/div>\n<figure id=\"attachment_29667\" aria-describedby=\"caption-attachment-29667\" style=\"width: 900px\" class=\"wp-caption aligncenter\"><a href=\"https:\/\/www.slovensky-kras.eu\/info\/wp-content\/uploads\/2026\/03\/jarne-vyhliadky-jar.jpeg\"><img loading=\"lazy\" decoding=\"async\" class=\"wp-image-29667\" src=\"https:\/\/www.slovensky-kras.eu\/info\/wp-content\/uploads\/2026\/03\/jarne-vyhliadky-jar.jpeg\" alt=\"Hradn\u00e9 vyhliadky na Turnianskom hrebeni\" width=\"900\" height=\"502\" srcset=\"https:\/\/www.slovensky-kras.eu\/info\/wp-content\/uploads\/2026\/03\/jarne-vyhliadky-jar.jpeg 1376w, https:\/\/www.slovensky-kras.eu\/info\/wp-content\/uploads\/2026\/03\/jarne-vyhliadky-jar-800x447.jpeg 800w, https:\/\/www.slovensky-kras.eu\/info\/wp-content\/uploads\/2026\/03\/jarne-vyhliadky-jar-1024x572.jpeg 1024w, https:\/\/www.slovensky-kras.eu\/info\/wp-content\/uploads\/2026\/03\/jarne-vyhliadky-jar-768x429.jpeg 768w\" sizes=\"auto, (max-width: 900px) 100vw, 900px\" \/><\/a><figcaption id=\"caption-attachment-29667\" class=\"wp-caption-text\">Hradn\u00e9 vyhliadky na Turnianskom hrebeni<\/figcaption><\/figure>\n<div class=\"su-divider su-divider-style-default\" style=\"margin:15px 0;border-width:2px;border-color:#000000\"><\/div>\n<h2 data-path-to-node=\"2\"><span style=\"color: #800000;\">Vedeli ste, \u017ee v Slovenskom krase existuje miesto, kde sa \u010das zastavil medzi nebom a zemou?<\/span><\/h2>\n<p data-path-to-node=\"3\">Predstavte si \u00fazky, takmer 4-kilometrov\u00fd v\u00e1pencov\u00fd hrebe\u0148, kde ka\u017ed\u00fd v\u00e1\u0161 krok sprev\u00e1dza \u0161um vetra a dychber\u00face v\u00fdh\u013eady. Turniansky hrebe\u0148 nie je len oby\u010dajn\u00fd kopec \u2013 je to geologick\u00e9 umeleck\u00e9 dielo pln\u00e9 tajupln\u00fdch pukl\u00edn a \u0161krapov. Kr\u00e1\u010date po modrej zna\u010dke a zrazu sa pred vami z oparu vynoria hradn\u00e9 vyhliadky. Ten moment, ke\u010f uvid\u00edte zr\u00facaninu Turnianskeho hradu z \u00faplne inej perspekt\u00edvy, v\u00e1m vyraz\u00ed dych. Ko\u0161ick\u00e1 a Turnianska kotlina le\u017eia pod vami ako na dlani a vy sa na chv\u00ed\u013eu c\u00edtite ako skuto\u010dn\u00fd str\u00e1\u017eca planiny.<\/p>\n<h2><span style=\"color: #800000;\">Ak\u00e9 unik\u00e1tne pr\u00edrodn\u00e9 a geologick\u00e9 \u00fatvary n\u00e1jdete na <b>Turnianskom hrebeni<\/b>?<\/span><\/h2>\n<p data-path-to-node=\"3\"><b>Hradn\u00e9 vyhliadky na Turnianskom hrebeni (300 \u2013 460 m n.m.)<\/b> tvoria s\u00fa\u010das\u0165 p\u00f4sobiv\u00e9ho a rozsiahleho <b>hrebe\u0148a<\/b>, ktor\u00fd je typick\u00fd pre krasov\u00e9 prostredie. Tento dlh\u00fd <b>hrebe\u0148<\/b>, zn\u00e1my ako <b>Turniansky hrebe\u0148<\/b>, m\u00e1 <b>celkov\u00fa d\u013a\u017eku pribli\u017ene 3,8 km<\/b> a nach\u00e1dza sa medzi <b>Z\u00e1dielskym kame\u0148om (601 m n.m.)<\/b> a <b>Turnianskym hradn\u00fdm vrchom (375 m n.m.)<\/b>. Tento jedine\u010dn\u00fd geologick\u00fd \u00fatvar je posiaty zauj\u00edmav\u00fdmi puklinami, dutinami, z\u00e1vrtmi a \u0161krapmi, ktor\u00e9 sved\u010dia o sile pr\u00edrody a s\u00fa charakteristick\u00e9 pre krasov\u00e9 javy.<\/p>\n<h2><span style=\"color: #800000;\">Kde presne sa nach\u00e1dzaj\u00fa <b>Hradn\u00e9 vyhliadky na Turnianskom hrebeni<\/b> a ak\u00e1 je ich geografick\u00e1 pr\u00edslu\u0161nos\u0165?<\/span><\/h2>\n<p data-path-to-node=\"6\">Z geomorfologick\u00e9ho h\u013eadiska toto \u00fazemie patr\u00ed do rozsiahlej oblasti <b>Slovensk\u00e9ho rudohoria<\/b> a konkr\u00e9tne do jeho horsk\u00e9ho celku <b>Slovensk\u00fd kras<\/b> (podcelok <a href=\"https:\/\/www.slovensky-kras.eu\/info\/kam-do-prirody\/zadielska-planina\/\"><b>Z\u00e1dielska planina<\/b><\/a>). <b>Hradn\u00e9 vyhliadky na Turnianskom hrebeni<\/b> sa nach\u00e1dzaj\u00fa v ju\u017enej \u010dasti <b>Z\u00e1dielskej planiny<\/b>. Pre <b>turistov<\/b> je d\u00f4le\u017eit\u00e9 vedie\u0165, \u017ee tieto <b>vyhliadky<\/b> sa za\u010d\u00ednaj\u00fa pribli\u017ene <b>600 metrov<\/b> od r\u00e1zcestn\u00edka <b>Hradn\u00e1 str\u00e1\u0148, sedlo (350 m n.m.)<\/b> v smere na <b>Z\u00e1dielsky kame\u0148<\/b>.<\/p>\n<h2><span style=\"color: #800000;\">Ak\u00e9 v\u00fdh\u013eady tieto <b>vyhliadky<\/b> poskytuj\u00fa?<\/span><\/h2>\n<p data-path-to-node=\"9\">Tieto <b>vyhliadky<\/b> poskytuj\u00fa predov\u0161etk\u00fdm nezabudnute\u013en\u00fd poh\u013ead na zr\u00facaniny majest\u00e1tneho <a href=\"https:\/\/www.slovensky-kras.eu\/info\/kam-za-pamiatkami\/turniansky-hrad\/\"><b>Turnianskeho hradu<\/b><\/a>, ktor\u00fd sa nach\u00e1dza na <b>Turnianskom hradnom vrchu (375 m n.m.)<\/b>. Okrem tohto historick\u00e9ho skvostu si m\u00f4\u017eete vychutna\u0165 aj obmedzen\u00fd, no p\u00fatav\u00fd v\u00fdh\u013ead do okolia, a to najm\u00e4 do <b>Ko\u0161ickej kotliny<\/b> a <b>Turnianskej kotliny<\/b>.<\/p>\n<h2><span style=\"color: #800000;\">Ako sa dosta\u0165 na tieto rozsiahle vyhliadku?<\/span><\/h2>\n<p>Dobr\u00fdmi v\u00fdchodiskami na\u00a0 vyhliadku\u00a0Z\u00e1dielsky kame\u0148 s\u00fa obce <a href=\"http:\/\/www.slovensky-kras.eu\/info\/strediska-a-centra\/obec-turna-nad-bodvou\/\">Tur\u0148a nad Bodvou<\/a>, <a href=\"http:\/\/www.slovensky-kras.eu\/info\/strediska-a-centra\/obec-haj\/\">H\u00e1j<\/a>, <a href=\"http:\/\/www.slovensky-kras.eu\/info\/strediska-a-centra\/obec-zadiel\/\">Z\u00e1diel<\/a> a <a href=\"http:\/\/www.slovensky-kras.eu\/info\/strediska-a-centra\/obec-hacava\/\">Ha\u010dava<\/a>.<\/p>\n<p>Vyhliadkou prech\u00e1dza modr\u00e1 turistick\u00e1 trasa z obce <a href=\"http:\/\/www.slovensky-kras.eu\/info\/strediska-a-centra\/obec-turna-nad-bodvou\/\">Tur\u0148a nad Bodvou<\/a>.<\/p>\n<h2 data-path-to-node=\"2\"><span style=\"color: #800000;\">Pre\u010do sa sem oplat\u00ed pr\u00eds\u0165?<\/span><\/h2>\n<p data-path-to-node=\"3\"><b data-path-to-node=\"3\" data-index-in-node=\"0\">Objavte miesto, kde sa hist\u00f3ria hradu stret\u00e1va s divokou silou krasu.<\/b><\/p>\n<p data-path-to-node=\"4\"><em>N\u00e1v\u0161teva Turnianskeho hrebe\u0148a nie je len oby\u010dajnou prech\u00e1dzkou, ale cestou cez <b data-path-to-node=\"4\" data-index-in-node=\"79\">unik\u00e1tne geologick\u00e9 \u00fatvary<\/b>, ktor\u00e9 inde na Slovensku v takejto koncentr\u00e1cii nen\u00e1jdete. Pr\u00e1ve tu m\u00f4\u017eete na vlastn\u00e9 o\u010di obdivova\u0165 fascinuj\u00facu hru pr\u00edrody v podobe <b data-path-to-node=\"4\" data-index-in-node=\"239\">krasov\u00fdch \u0161krapov a z\u00e1vrtov<\/b>, ktor\u00e9 tvoria dokonal\u00fd kontrast k siluete stredovek\u00fdch hradieb. Okrem hlbok\u00e9ho pokoja a \u010dist\u00e9ho vzduchu si odnesiete tie <b data-path-to-node=\"4\" data-index-in-node=\"388\">najkraj\u0161ie panoramatick\u00e9 fotografie<\/b>, na ktor\u00fdch Turniansky hrad p\u00f3zuje v obklopen\u00ed dychber\u00facej scen\u00e9rie dvoch kotl\u00edn.<\/em><\/p>\n<h2 data-path-to-node=\"1\"><span style=\"color: #800000;\">Poves\u0165 o skrytej vode a zmenenom osude<\/span><\/h2>\n<p data-path-to-node=\"2\"><b data-path-to-node=\"2\" data-index-in-node=\"0\">Existuj\u00fa miesta, kde k\u00fazla pr\u00edrody dok\u00e1\u017eu zmeni\u0165 nielen krajinu, ale aj \u013eudsk\u00fd \u017eivot.<\/b><\/p>\n<p data-path-to-node=\"3\">Na strmom \u00fabo\u010d\u00ed Turnianskeho hrebe\u0148a, tam, kde vietor bi\u010duje v\u00e1pencov\u00e9 <b data-path-to-node=\"3\" data-index-in-node=\"71\">\u0161krapy<\/b> a skr\u00fdva tajomstv\u00e1 v hlbok\u00fdch <b data-path-to-node=\"3\" data-index-in-node=\"108\">puklin\u00e1ch<\/b>, sed\u00e1val hrbat\u00fd pastier Jano. Dedin\u010dania sa mu pre jeho zjav vyh\u00fdbali a matky pred n\u00edm skr\u00fdvali deti, a tak h\u013eadal \u00fatechu v drsn\u00fdch skal\u00e1ch a tichu horsk\u00fdch l\u00fak. C\u00edtil sa rovnako osamel\u00fd a opusten\u00fd ako zr\u00facaniny star\u00e9ho hradu na susednom kopci. Raz, ke\u010f s n\u00e1mahou zachra\u0148oval zat\u00falan\u00fa kozu zo zradnej skalnej dutiny, zjavila sa mu <b data-path-to-node=\"3\" data-index-in-node=\"449\">v\u00edla krasov\u00fdch jask\u00fd\u0148<\/b>, bytos\u0165 s o\u010dami hlbok\u00fdmi ako samotn\u00e9 podzemn\u00e9 jazer\u00e1.<\/p>\n<p data-path-to-node=\"4\">Mala \u0161aty utkan\u00e9 z rannej hmly a hlas, ktor\u00fd znel ako tich\u00e9 la\u0161kovanie padaj\u00facej vody v \u00fatrob\u00e1ch zeme. \u201eTvoja du\u0161a je \u010distej\u0161ia a pevnej\u0161ia ne\u017e biely v\u00e1penec pod tvojimi nohami, Jano,\u201c za\u0161epkala s \u00fasmevom, ktor\u00fd hrial viac ne\u017e letn\u00e9 slnko. Dotkla sa jeho \u0165a\u017ek\u00e9ho, hrbat\u00e9ho chrbta a v tej chv\u00edli sa dlhoro\u010dn\u00e1 \u0165archa z\u00e1zra\u010dne stratila. Jano sa prv\u00fdkr\u00e1t v \u017eivote plne vystrel, jeho strhan\u00e1 tv\u00e1r opeknela a v o\u010diach sa mu usadil hlbok\u00fd pokoj h\u00f4r, ak\u00fd dovtedy nepoznal.<\/p>\n<p data-path-to-node=\"5\">V\u00edla mu v\u0161ak nedala len vonkaj\u0161iu kr\u00e1su a silu. Darovala mu vz\u00e1cnu schopnos\u0165 <b data-path-to-node=\"5\" data-index-in-node=\"77\">vidie\u0165 vodu pod zemou<\/b>, c\u00edti\u0165 jej pr\u00fadenie aj hlboko pod n\u00e1nosmi sk\u00e1l. Jano sa vr\u00e1til do dediny ako vymenen\u00fd mu\u017e, vysok\u00fd, hrd\u00fd a sebavedom\u00fd. Ke\u010f krajinu zasiahlo stra\u0161n\u00e9, dlhotrvaj\u00face sucho a dobytok za\u010dal hyn\u00fa\u0165, Jano, veden\u00fd svoj\u00edm nov\u00fdm darom, uk\u00e1zal z\u00fafal\u00fdm \u013eu\u010fom presn\u00e9 miesto, kde maj\u00fa kopa\u0165 studne. Z vysmievan\u00e9ho \u201emrz\u00e1ka\u201c sa tak r\u00e1zom stal uctievan\u00fd z\u00e1chranca a mudrc, ktor\u00fd a\u017e do konca svojich dn\u00ed u\u010dil ostatn\u00fdch d\u00f4le\u017eit\u00fa pravdu: tie najv\u00e4\u010d\u0161ie a najcennej\u0161ie poklady s\u00fa takmer v\u017edy skryt\u00e9 hlboko pod drsn\u00fdm a nel\u00e1kav\u00fdm povrchom.<\/p>\n<h2><span style=\"color: #800000;\">Fotogal\u00e9ria<\/span><\/h2>\n<style type=\"text\/css\">\n#foogallery-gallery-29666 .fg-image { width: 200px; }<\/style>\n\t\t\t<div class=\"foogallery foogallery-container foogallery-carousel foogallery-lightbox-foogallery fg-carousel fg-ready fg-light fg-border-medium fg-round-small fg-shadow-medium fg-loading-default fg-loaded-fade-in fg-hover-semi-zoomed fg-hover-fade fg-hover-circle-plus2\" id=\"foogallery-gallery-29666\" data-foogallery=\"{&quot;item&quot;:{&quot;showCaptionTitle&quot;:true,&quot;showCaptionDescription&quot;:true},&quot;lazy&quot;:true,&quot;template&quot;:{&quot;maxItems&quot;:5,&quot;scale&quot;:0.11999999999999999555910790149937383830547332763671875,&quot;gutter&quot;:{&quot;min&quot;:-40,&quot;max&quot;:-20,&quot;unit&quot;:&quot;%&quot;},&quot;autoplay&quot;:{&quot;time&quot;:0,&quot;interaction&quot;:&quot;pause&quot;},&quot;centerOnClick&quot;:true,&quot;align&quot;:&quot;center&quot;,&quot;activePosition&quot;:&quot;center&quot;}}\" data-foogallery-lightbox=\"{&quot;thumbs&quot;:&quot;bottom&quot;,&quot;thumbsCaptions&quot;:false,&quot;thumbsBestFit&quot;:false,&quot;thumbsSmall&quot;:false,&quot;thumbsCaptionsAlign&quot;:&quot;default&quot;,&quot;info&quot;:&quot;bottom&quot;,&quot;infoVisible&quot;:true,&quot;infoOverlay&quot;:true,&quot;infoAlign&quot;:&quot;default&quot;,&quot;transition&quot;:&quot;fade&quot;,&quot;hoverButtons&quot;:false,&quot;fitMedia&quot;:false,&quot;noScrollbars&quot;:true,&quot;preserveButtonSpace&quot;:true,&quot;buttons&quot;:{&quot;fullscreen&quot;:true,&quot;info&quot;:true,&quot;thumbs&quot;:false},&quot;video&quot;:{&quot;autoPlay&quot;:true}}\" style=\"--fg-title-line-clamp: 1; --fg-description-line-clamp: 2;\" >\n\t<button type=\"button\" class=\"fg-carousel-prev\" title=\"Previous\"><\/button>\n\t<div class=\"fg-carousel-inner\">\n\t\t<div class=\"fg-carousel-center\"><\/div>\n\t\t<div class=\"fg-item fg-type-image fg-idle\"><figure class=\"fg-item-inner\"><a href=\"https:\/\/www.slovensky-kras.eu\/info\/wp-content\/uploads\/2026\/03\/jarne-vyhliadky-jar.jpeg\" data-caption-title=\"Hradn\u00e9 vyhliadky na Turnianskom hrebeni\" data-attachment-id=\"29667\" data-type=\"image\" class=\"fg-thumb\"><span class=\"fg-image-wrap\"><img decoding=\"async\" alt=\"Hradn\u00e9 vyhliadky na Turnianskom hrebeni\" title=\"Hradn\u00e9 vyhliadky na Turnianskom hrebeni\" width=\"200\" height=\"200\" class=\"skip-lazy fg-image\" data-src-fg=\"https:\/\/www.slovensky-kras.eu\/info\/wp-content\/uploads\/cache\/2026\/03\/jarne-vyhliadky-jar\/2227553390.jpeg\" src=\"data:image\/svg+xml,%3Csvg%20xmlns%3D%22http%3A%2F%2Fwww.w3.org%2F2000%2Fsvg%22%20width%3D%22200%22%20height%3D%22200%22%20viewBox%3D%220%200%20200%20200%22%3E%3C%2Fsvg%3E\" loading=\"eager\"><\/span><span class=\"fg-image-overlay\"><\/span><\/a><figcaption class=\"fg-caption\"><div class=\"fg-caption-inner\"><div class=\"fg-caption-title\">Hradn\u00e9 vyhliadky na Turnianskom hrebeni<\/div><\/div><\/figcaption><\/figure><div class=\"fg-loader\"><\/div><\/div><div class=\"fg-item fg-type-image fg-idle\"><figure class=\"fg-item-inner\"><a href=\"https:\/\/www.slovensky-kras.eu\/info\/wp-content\/uploads\/2026\/03\/hradne-vyhliadky-zima.jpeg\" data-caption-title=\"Hradn\u00e9 vyhliadky na Turnianskom hrebeni\" data-attachment-id=\"29668\" data-type=\"image\" class=\"fg-thumb\"><span class=\"fg-image-wrap\"><img decoding=\"async\" alt=\"Hradn\u00e9 vyhliadky na Turnianskom hrebeni\" title=\"Hradn\u00e9 vyhliadky na Turnianskom hrebeni\" width=\"200\" height=\"200\" class=\"skip-lazy fg-image\" data-src-fg=\"https:\/\/www.slovensky-kras.eu\/info\/wp-content\/uploads\/cache\/2026\/03\/hradne-vyhliadky-zima\/621298945.jpeg\" src=\"data:image\/svg+xml,%3Csvg%20xmlns%3D%22http%3A%2F%2Fwww.w3.org%2F2000%2Fsvg%22%20width%3D%22200%22%20height%3D%22200%22%20viewBox%3D%220%200%20200%20200%22%3E%3C%2Fsvg%3E\" loading=\"eager\"><\/span><span class=\"fg-image-overlay\"><\/span><\/a><figcaption class=\"fg-caption\"><div class=\"fg-caption-inner\"><div class=\"fg-caption-title\">Hradn\u00e9 vyhliadky na Turnianskom hrebeni<\/div><\/div><\/figcaption><\/figure><div class=\"fg-loader\"><\/div><\/div><div class=\"fg-item fg-type-image fg-idle\"><figure class=\"fg-item-inner\"><a href=\"https:\/\/www.slovensky-kras.eu\/info\/wp-content\/uploads\/2026\/03\/hradne-vyhliadky-jesen.jpeg\" data-caption-title=\"Hradn\u00e9 vyhliadky na Turnianskom hrebeni\" data-attachment-id=\"29669\" data-type=\"image\" class=\"fg-thumb\"><span class=\"fg-image-wrap\"><img decoding=\"async\" alt=\"Hradn\u00e9 vyhliadky na Turnianskom hrebeni\" title=\"Hradn\u00e9 vyhliadky na Turnianskom hrebeni\" width=\"200\" height=\"200\" class=\"skip-lazy fg-image\" data-src-fg=\"https:\/\/www.slovensky-kras.eu\/info\/wp-content\/uploads\/cache\/2026\/03\/hradne-vyhliadky-jesen\/913992463.jpeg\" src=\"data:image\/svg+xml,%3Csvg%20xmlns%3D%22http%3A%2F%2Fwww.w3.org%2F2000%2Fsvg%22%20width%3D%22200%22%20height%3D%22200%22%20viewBox%3D%220%200%20200%20200%22%3E%3C%2Fsvg%3E\" loading=\"eager\"><\/span><span class=\"fg-image-overlay\"><\/span><\/a><figcaption class=\"fg-caption\"><div class=\"fg-caption-inner\"><div class=\"fg-caption-title\">Hradn\u00e9 vyhliadky na Turnianskom hrebeni<\/div><\/div><\/figcaption><\/figure><div class=\"fg-loader\"><\/div><\/div>\t<\/div>\n\t<div class=\"fg-carousel-bottom\"><\/div>\n\t<div class=\"fg-carousel-progress\"><\/div>\n\t<button type=\"button\" class=\"fg-carousel-next\" title=\"Next\"><\/button>\n<\/div>\n<h2><span style=\"color: #800000;\">Zauj\u00edmav\u00e9 odkazy<\/span><\/h2>\n<h3><span style=\"color: #808000;\">Bl\u00edzke stredisko, turistick\u00e9 centrum, obec alebo mesto<\/span><\/h3>\n<ul>\n<li><a href=\"http:\/\/www.slovensky-kras.eu\/info\/strediska-a-centra\/obec-zadiel\/\">Obec Z\u00e1diel (\u010d\u00edtaj viac&#8230;)<\/a><\/li>\n<\/ul>\n<ul>\n<li><a href=\"http:\/\/www.slovensky-kras.eu\/info\/strediska-a-centra\/obec-haj\/\">Obec H\u00e1j (\u010d\u00edtaj viac&#8230;)<\/a><\/li>\n<\/ul>\n<ul>\n<li><a href=\"http:\/\/www.slovensky-kras.eu\/info\/strediska-a-centra\/obec-hacava\/\">Obec Ha\u010dava (\u010d\u00edtaj viac&#8230;)<\/a><\/li>\n<\/ul>\n<ul>\n<li><a href=\"http:\/\/www.slovensky-kras.eu\/info\/strediska-a-centra\/obec-turna-nad-bodvou\/\">Obec Tur\u0148a nad Bodvou (\u010d\u00edtaj viac&#8230;)<\/a><\/li>\n<\/ul>\n<h2><span style=\"color: #800000;\">Mapy<\/span><\/h2>\n<p><strong>Vrstvy: <\/strong>Turistick\u00e1 mapa, Automapa, Cyklomapa, Ly\u017eiarska mapa, Satelitn\u00e1 mapa a OpenStreetMap.<\/p>\n<p><strong>Kliknut\u00edm na logo &#8222;Freemap.sk&#8220; sa V\u00e1m mapa zobraz\u00ed na celej ploche obrazovky.<\/strong><\/p>\n<p><iframe style=\"width: 900px; height: 600px; border: 0;\" src=\"https:\/\/www.freemap.sk\/?map=14\/48.616293\/20.860720&amp;info-point=48.616293\/20.860720,ZHradn\u00e9 vyhliadky &amp;layers=X&amp;embed=search\" allowfullscreen=\"allowfullscreen\"><span data-mce-type=\"bookmark\" style=\"display: inline-block; width: 0px; overflow: hidden; line-height: 0;\" class=\"mce_SELRES_start\">\ufeff<\/span><\/iframe><\/p>\n<h2><span style=\"color: #800000;\">Po\u010dasie<\/span><\/h2>\n<p><iframe style=\"width: 900px; height: 610px;\" src=\"https:\/\/www.meteoblue.com\/sk\/po%C4%8Dasie\/widget\/three\/48.624N20.835E447_Europe%2FBratislava?geoloc=fixed&amp;nocurrent=0&amp;noforecast=0&amp;days=6&amp;tempunit=CELSIUS&amp;windunit=KILOMETER_PER_HOUR&amp;layout=image\" frameborder=\"0\" scrolling=\"NO\" sandbox=\"allow-same-origin allow-scripts allow-popups allow-popups-to-escape-sandbox\"><span data-mce-type=\"bookmark\" style=\"display: inline-block; width: 0px; overflow: hidden; line-height: 0;\" class=\"mce_SELRES_start\">\ufeff<\/span><\/iframe><\/p>\n<div><!-- DO NOT REMOVE THIS LINK --><a href=\"https:\/\/www.meteoblue.com\/sk\/po%C4%8Dasie\/predpove%C4%8F\/t%C3%BD%C5%BEde%C5%88\/48.624N20.835E447_Europe%2FBratislava?utm_source=weather_widget&amp;utm_medium=linkus&amp;utm_content=three&amp;utm_campaign=Weather%2BWidget\" target=\"_blank\" rel=\"noopener noreferrer\">meteoblue<\/a><\/div>\n","protected":false},"excerpt":{"rendered":"<p>Menu: Podkateg\u00f3ria: Vedeli ste, \u017ee v Slovenskom krase existuje miesto, kde sa \u010das zastavil medzi nebom a zemou? Predstavte si \u00fazky, takmer 4-kilometrov\u00fd v\u00e1pencov\u00fd hrebe\u0148, kde ka\u017ed\u00fd v\u00e1\u0161 krok sprev\u00e1dza [&hellip;]<\/p>\n","protected":false},"author":1,"featured_media":29667,"parent":13,"menu_order":0,"comment_status":"closed","ping_status":"closed","template":"","meta":{"_uag_custom_page_level_css":"","footnotes":""},"class_list":["post-28533","page","type-page","status-publish","has-post-thumbnail","hentry"],"featured_image_src":"https:\/\/www.slovensky-kras.eu\/info\/wp-content\/uploads\/2026\/03\/jarne-vyhliadky-jar.jpeg","featured_image_src_square":"https:\/\/www.slovensky-kras.eu\/info\/wp-content\/uploads\/2026\/03\/jarne-vyhliadky-jar.jpeg","rbea_author_info":{"display_name":"admin","author_link":"https:\/\/www.slovensky-kras.eu\/info\/author\/admin\/"},"rbea_excerpt_info":"Menu: Podkateg\u00f3ria: Vedeli ste, \u017ee v Slovenskom krase existuje miesto, kde sa \u010das zastavil medzi nebom a zemou? Predstavte si \u00fazky, takmer 4-kilometrov\u00fd v\u00e1pencov\u00fd hrebe\u0148, kde ka\u017ed\u00fd v\u00e1\u0161 krok sprev\u00e1dza [&hellip;]","uagb_featured_image_src":{"full":["https:\/\/www.slovensky-kras.eu\/info\/wp-content\/uploads\/2026\/03\/jarne-vyhliadky-jar.jpeg",1376,768,false],"thumbnail":["https:\/\/www.slovensky-kras.eu\/info\/wp-content\/uploads\/2026\/03\/jarne-vyhliadky-jar-150x150.jpeg",150,150,true],"medium":["https:\/\/www.slovensky-kras.eu\/info\/wp-content\/uploads\/2026\/03\/jarne-vyhliadky-jar-800x447.jpeg",800,447,true],"medium_large":["https:\/\/www.slovensky-kras.eu\/info\/wp-content\/uploads\/2026\/03\/jarne-vyhliadky-jar-768x429.jpeg",768,429,true],"large":["https:\/\/www.slovensky-kras.eu\/info\/wp-content\/uploads\/2026\/03\/jarne-vyhliadky-jar-1024x572.jpeg",1024,572,true],"1536x1536":["https:\/\/www.slovensky-kras.eu\/info\/wp-content\/uploads\/2026\/03\/jarne-vyhliadky-jar.jpeg",1376,768,false],"2048x2048":["https:\/\/www.slovensky-kras.eu\/info\/wp-content\/uploads\/2026\/03\/jarne-vyhliadky-jar.jpeg",1376,768,false]},"uagb_author_info":{"display_name":"admin","author_link":"https:\/\/www.slovensky-kras.eu\/info\/author\/admin\/"},"uagb_comment_info":0,"uagb_excerpt":"Menu: Podkateg\u00f3ria: Vedeli ste, \u017ee v Slovenskom krase existuje miesto, kde sa \u010das zastavil medzi nebom a zemou? Predstavte si \u00fazky, takmer 4-kilometrov\u00fd v\u00e1pencov\u00fd hrebe\u0148, kde ka\u017ed\u00fd v\u00e1\u0161 krok sprev\u00e1dza [&hellip;]","_links":{"self":[{"href":"https:\/\/www.slovensky-kras.eu\/info\/wp-json\/wp\/v2\/pages\/28533","targetHints":{"allow":["GET"]}}],"collection":[{"href":"https:\/\/www.slovensky-kras.eu\/info\/wp-json\/wp\/v2\/pages"}],"about":[{"href":"https:\/\/www.slovensky-kras.eu\/info\/wp-json\/wp\/v2\/types\/page"}],"author":[{"embeddable":true,"href":"https:\/\/www.slovensky-kras.eu\/info\/wp-json\/wp\/v2\/users\/1"}],"replies":[{"embeddable":true,"href":"https:\/\/www.slovensky-kras.eu\/info\/wp-json\/wp\/v2\/comments?post=28533"}],"version-history":[{"count":9,"href":"https:\/\/www.slovensky-kras.eu\/info\/wp-json\/wp\/v2\/pages\/28533\/revisions"}],"predecessor-version":[{"id":29671,"href":"https:\/\/www.slovensky-kras.eu\/info\/wp-json\/wp\/v2\/pages\/28533\/revisions\/29671"}],"up":[{"embeddable":true,"href":"https:\/\/www.slovensky-kras.eu\/info\/wp-json\/wp\/v2\/pages\/13"}],"wp:featuredmedia":[{"embeddable":true,"href":"https:\/\/www.slovensky-kras.eu\/info\/wp-json\/wp\/v2\/media\/29667"}],"wp:attachment":[{"href":"https:\/\/www.slovensky-kras.eu\/info\/wp-json\/wp\/v2\/media?parent=28533"}],"curies":[{"name":"wp","href":"https:\/\/api.w.org\/{rel}","templated":true}]}}