{"id":28479,"date":"2025-11-12T19:43:06","date_gmt":"2025-11-12T18:43:06","guid":{"rendered":"https:\/\/www.slovensky-kras.eu\/info\/?page_id=28479"},"modified":"2026-04-16T07:31:20","modified_gmt":"2026-04-16T05:31:20","slug":"veza-na-vlasku-v-obci-haj","status":"publish","type":"page","link":"https:\/\/www.slovensky-kras.eu\/info\/zaujimavosti\/veza-na-vlasku-v-obci-haj\/","title":{"rendered":"Ve\u017ea na vl\u00e1sku v obci H\u00e1j"},"content":{"rendered":"<p><strong>Menu: <\/strong><a href=\"http:\/\/www.slovensky-kras.eu\/info\/\" class=\"su-button su-button-style-default\" style=\"color:#000000;background-color:#FFCF2F;border-color:#cca626;border-radius:5px\" target=\"_self\"><span style=\"color:#000000;padding:6px 16px;font-size:13px;line-height:20px;border-color:#ffde6e;border-radius:5px;text-shadow:none\"><i class=\"sui sui-arrow-right\" style=\"font-size:13px;color:#000000\"><\/i>  \u00davod \/ Aktuality <\/span><\/a>\n<a href=\"http:\/\/www.slovensky-kras.eu\/info\/zaujimavosti\/\" class=\"su-button su-button-style-default\" style=\"color:#000000;background-color:#FFCF2F;border-color:#cca626;border-radius:5px\" target=\"_self\"><span style=\"color:#000000;padding:6px 16px;font-size:13px;line-height:20px;border-color:#ffde6e;border-radius:5px;text-shadow:none\"><i class=\"sui sui-arrow-right\" style=\"font-size:13px;color:#000000\"><\/i>  Zauj\u00edmavosti <\/span><\/a>\n<div class=\"su-divider su-divider-style-default\" style=\"margin:15px 0;border-width:2px;border-color:#000000\"><\/div>\n<figure id=\"attachment_28483\" aria-describedby=\"caption-attachment-28483\" style=\"width: 900px\" class=\"wp-caption aligncenter\"><a href=\"https:\/\/www.slovensky-kras.eu\/info\/wp-content\/uploads\/2025\/11\/veza-na-vlasku2.jpg\"><img loading=\"lazy\" decoding=\"async\" class=\"wp-image-28483\" src=\"https:\/\/www.slovensky-kras.eu\/info\/wp-content\/uploads\/2025\/11\/veza-na-vlasku2.jpg\" alt=\"Ve\u017ea na vl\u00e1sku v obci H\u00e1j\" width=\"900\" height=\"675\" srcset=\"https:\/\/www.slovensky-kras.eu\/info\/wp-content\/uploads\/2025\/11\/veza-na-vlasku2.jpg 2048w, https:\/\/www.slovensky-kras.eu\/info\/wp-content\/uploads\/2025\/11\/veza-na-vlasku2-800x600.jpg 800w, https:\/\/www.slovensky-kras.eu\/info\/wp-content\/uploads\/2025\/11\/veza-na-vlasku2-1024x768.jpg 1024w, https:\/\/www.slovensky-kras.eu\/info\/wp-content\/uploads\/2025\/11\/veza-na-vlasku2-768x576.jpg 768w, https:\/\/www.slovensky-kras.eu\/info\/wp-content\/uploads\/2025\/11\/veza-na-vlasku2-1536x1152.jpg 1536w\" sizes=\"auto, (max-width: 900px) 100vw, 900px\" \/><\/a><figcaption id=\"caption-attachment-28483\" class=\"wp-caption-text\">Ve\u017ea na vl\u00e1sku v obci H\u00e1j<\/figcaption><\/figure>\n<div class=\"su-divider su-divider-style-default\" style=\"margin:15px 0;border-width:2px;border-color:#000000\"><\/div>\n<h2 data-path-to-node=\"1\"><span style=\"color: #800000;\">Rozpr\u00e1vkov\u00fd sen vytesan\u00fd z kame\u0148a<\/span><\/h2>\n<p data-path-to-node=\"2\">Zatia\u013e \u010do in\u00ed len sn\u00edvaj\u00fa, <strong>Peter \u0160imkanin<\/strong> v obci H\u00e1j <b data-path-to-node=\"2\" data-index-in-node=\"53\">vlastnoru\u010dne vybudoval<\/b> monument, ktor\u00fd popiera z\u00e1kony amat\u00e9rskeho stavite\u013estva. Bez \u0165a\u017ek\u00fdch strojov a firiem, len silou v\u00f4le, vzt\u00fd\u010dil <b data-path-to-node=\"2\" data-index-in-node=\"187\">ikonick\u00fa dominantu<\/b>, ktor\u00e1 svojou siluetou nav\u017edy zmenila panor\u00e1mu pod Turnianskym hradom. Tento <b data-path-to-node=\"2\" data-index-in-node=\"283\">s\u00fakromn\u00fd unik\u00e1t<\/b> nie je len stavbou, je to <b data-path-to-node=\"2\" data-index-in-node=\"325\">\u017eivotn\u00e9 dielo<\/b> vytesan\u00e9 z bridlice a kame\u0148a, in\u0161pirovan\u00e9 svetozn\u00e1mou rozpr\u00e1vkou. Za\u017eite pr\u00edbeh o <b data-path-to-node=\"2\" data-index-in-node=\"421\">absol\u00fatnej v\u00e1\u0161ni<\/b>, ktor\u00e1 premenila tis\u00edce hod\u00edn driny na najfascinuj\u00facej\u0161\u00ed <b data-path-to-node=\"2\" data-index-in-node=\"495\">v\u00fdh\u013ead v regi\u00f3ne<\/b>.<\/p>\n<h2><span style=\"color: #800000;\">Ak\u00e1 je hist\u00f3ria a unik\u00e1tnos\u0165 stavby <b>Ve\u017ea na vl\u00e1sku<\/b> v obci H\u00e1j?<\/span><\/h2>\n<p><b>Ve\u017ea na vl\u00e1sku<\/b> v obci <a href=\"https:\/\/www.slovensky-kras.eu\/info\/strediska-a-centra\/obec-haj\/\">H\u00e1j<\/a>, na s\u00fapisnom \u010d\u00edsle 46, je unik\u00e1tna s\u00fakromn\u00e1 stavba, ktor\u00e1 vzi\u0161la z dlhoro\u010dn\u00e9ho sna jej majite\u013ea, <b>Petra \u0160imkanina<\/b>, mana\u017e\u00e9ra ko\u0161ick\u00e9ho obchodn\u00e9ho centra Optima. Stavba sa za\u010dala realizova\u0165 v roku 2011 a trvala viac ako 10 rokov.<\/p>\n<p>Je d\u00f4le\u017eit\u00e9 zd\u00f4razni\u0165, \u017ee takmer v\u0161etky pr\u00e1ce \u2013 okrem nieko\u013ek\u00fdch \u0161pecializovan\u00fdch odborn\u00fdch \u00fakonov \u2013 vykonal s\u00e1m \u0160imkanin, hoci predt\u00fdm nemal \u017eiadne v\u00e4\u010d\u0161ie sk\u00fasenosti so stavb\u00e1r\u010dinou. Tento projekt je nielen osobn\u00fdm dielom Petra \u0160imkanina, ale aj v\u00fdraznou s\u00fa\u010das\u0165ou architektonickej a kult\u00farnej identity obce H\u00e1j a okolia Ko\u0161\u00edc.<\/p>\n<h2><span style=\"color: #800000;\">Ak\u00e9 s\u00fa architektonick\u00e9 a stavebn\u00e9 detaily <b>Ve\u017ee na vl\u00e1sku<\/b>?<\/span><\/h2>\n<p><b>Ve\u017ea na vl\u00e1sku<\/b> je vysok\u00e1 pribli\u017ene <b>18 metrov<\/b>, pri\u010dom t\u00e1to v\u00fd\u0161ka zah\u0155\u0148a aj takmer dvojmetrov\u00fa mosadzn\u00fa \u0161picu. V\u010faka svojej polohe na miernom svahu sa stala v\u00fdraznou dominantou celej obce H\u00e1j. Kon\u0161trukcia je postaven\u00e1 z odoln\u00e9ho kame\u0148a a bet\u00f3nu. Spodn\u00e1 \u010das\u0165 m\u00e1 priemer \u0161tyri metre a jej steny dosahuj\u00fa \u00factyhodn\u00fa hr\u00fabku a\u017e 80 centimetrov.<\/p>\n<p>Smerom nahor sa ve\u017ea elegantne zu\u017euje. Vn\u00fatri sa nach\u00e1dza to\u010dit\u00e9 schodisko, ktor\u00e9 n\u00e1v\u0161tevn\u00edkov vyvedie a\u017e na samotn\u00fd vrchol. Nadstavba je rie\u0161en\u00e1 ako dreven\u00e1, m\u00e1 dve podla\u017eia a korunuje ju \u0161t\u00edhla, <b>atypick\u00e1 strecha<\/b>. T\u00e1to strecha, in\u0161pirovan\u00e1 ob\u013e\u00fabenou rozpr\u00e1vkou \u201eNa vl\u00e1sku\u201c, m\u00e1 nepravideln\u00fd tvar a je pokryt\u00e1 pribli\u017ene 4 000 bridlicov\u00fdmi \u0161kridlami. Na stavbu bolo celkovo pou\u017eit\u00fdch 200 a\u017e 300 ton kame\u0148a a bet\u00f3nu, 661 mie\u0161a\u010diek bet\u00f3nu a \u0161tyri tony \u0161kridiel.<\/p>\n<h2><span style=\"color: #800000;\">Kto je majite\u013eom <b>Ve\u017ee na vl\u00e1sku<\/b> a ak\u00fd bol jej v\u00fdznam pre neho?<\/span><\/h2>\n<p>Majite\u013eom a stavite\u013eom <b>Ve\u017ee na vl\u00e1sku<\/b> je <b>Peter \u0160imkanin<\/b>, ktor\u00fd je okrem svojej mana\u017e\u00e9rskej poz\u00edcie v Optime aj autorom knihy o lezeck\u00fdch tras\u00e1ch v\u00fdchodn\u00e9ho Slovenska.<\/p>\n<p>Stavba pre neho predstavovala splnenie osobn\u00e9ho sna a stala sa v\u00fdrazom jeho hlbokej v\u00e1\u0161ne k architekt\u00fare a pr\u00edrode. Hoci je <b>Ve\u017ea na vl\u00e1sku<\/b> s\u00fakromn\u00e1 stavba a nach\u00e1dza sa priamo na jeho z\u00e1hrade, a teda nie je be\u017ene verejne pr\u00edstupn\u00e1, ob\u010das sa v nej konaj\u00fa Dni otvoren\u00fdch dver\u00ed.<\/p>\n<p>Turisti tak vtedy m\u00f4\u017eu z\u00edska\u0165 jedine\u010dn\u00fd dojem o jej interi\u00e9ri a vychutna\u0165 si nezabudnute\u013en\u00fd <b>v\u00fdh\u013ead<\/b>.<\/p>\n<h2><span style=\"color: #800000;\">Ak\u00fd <b>v\u00fdh\u013ead<\/b> pon\u00faka <b>Ve\u017ea na vl\u00e1sku<\/b> a kde presne sa nach\u00e1dza?<\/span><\/h2>\n<p><b>Ve\u017ea na vl\u00e1sku<\/b> stoj\u00ed na kopci s nadmorskou v\u00fd\u0161kou 310 metrov nad morom (m n. m.). V\u010faka umiestneniu na svahu poskytuje <b>v\u00fdh\u013ead<\/b> z v\u00fd\u0161ky pribli\u017ene 30 metrov nad obcou, \u010do je porovnate\u013en\u00e9 s poh\u013eadom z desa\u0165poschodov\u00e9ho domu. T\u00e1to <b>ve\u017ea<\/b> je v\u00fdraznou s\u00fa\u010das\u0165ou miestnej krajiny, nako\u013eko je vidite\u013en\u00e1 dokonca aj z Turnianskeho hradu. Lokalita <b>H\u00e1j<\/b> a okolit\u00e9 v\u00fdh\u013eady s\u00fa pre turistov mimoriadne atrakt\u00edvne.<\/p>\n<h2><span style=\"color: #800000;\">Ak\u00e9 s\u00fa najv\u00e4\u010d\u0161ie zauj\u00edmavosti a kuriozity spojen\u00e9 s v\u00fdstavbou?<\/span><\/h2>\n<p>Medzi najv\u00e4\u010d\u0161ie zauj\u00edmavosti patr\u00ed fakt, \u017ee <b>Ve\u017ea na vl\u00e1sku<\/b> bola postaven\u00e1 prakticky bez ve\u013ekej mechaniz\u00e1cie. V\u0161etky pr\u00e1ce, vr\u00e1tane kopania z\u00e1kladov a pokr\u00fdvania strechy, vykonal p\u00e1n \u0160imkanin ru\u010dne.<\/p>\n<p>Celkovo bolo na stavbu vynalo\u017een\u00fdch 2 450 hod\u00edn pr\u00e1ce. Tento objem predstavuje pribli\u017ene rok a \u0161tvr\u0165 pr\u00e1ce pri osemhodinovej pracovnej dobe. <b>Ve\u017ea<\/b> je in\u0161pirovan\u00e1 rozpr\u00e1vkou \u201eNa vl\u00e1sku\u201c, \u010do je evidentn\u00e9 najm\u00e4 na jej \u0161t\u00edhlej, <b>atypickej streche<\/b>, ktor\u00e1 je jej najv\u00fdraznej\u0161\u00edm <b>architektonick\u00fdm<\/b> prvkom.<\/p>\n<h2 data-path-to-node=\"1\"><span style=\"color: #800000;\">Pre\u010do mus\u00edte Ve\u017eu na vl\u00e1sku vidie\u0165 na\u017eivo?<\/span><\/h2>\n<p data-path-to-node=\"2\"><em>N\u00e1v\u0161teva obce H\u00e1j nie je len o turistike, je to o dotyku s <b data-path-to-node=\"2\" data-index-in-node=\"59\">neuverite\u013en\u00fdm odhodlan\u00edm<\/b> \u010dloveka, ktor\u00fd dok\u00e1zal premeni\u0165 rozpr\u00e1vkov\u00fa fant\u00e1ziu na <b data-path-to-node=\"2\" data-index-in-node=\"140\">kamenn\u00fa realitu<\/b>. St\u00e1\u0165 pod touto unik\u00e1tnou stavbou a vidie\u0165 detaily z <b data-path-to-node=\"2\" data-index-in-node=\"209\">4 000 bridlicov\u00fdch \u0161kridiel<\/b> v\u00e1m pripomenie, \u017ee \u017eiadny sen nie je pr\u00edli\u0161 ve\u013ek\u00fd. Ak vyu\u017eijete pr\u00edle\u017eitos\u0165 po\u010das <b data-path-to-node=\"2\" data-index-in-node=\"319\">dn\u00ed otvoren\u00fdch dver\u00ed<\/b>, odmenou v\u00e1m bude <b data-path-to-node=\"2\" data-index-in-node=\"358\">panoramatick\u00fd v\u00fdh\u013ead<\/b>, ktor\u00fd nikde inde v regi\u00f3ne nen\u00e1jdete. Pr\u00ed\u010fte na\u010derpa\u0165 in\u0161pir\u00e1ciu na miesto, kde sa <b data-path-to-node=\"2\" data-index-in-node=\"463\">v\u00e1\u0161e\u0148 k architekt\u00fare<\/b> sn\u00fabi s dychber\u00facou pr\u00edrodou Slovensk\u00e9ho krasu.<\/em><\/p>\n<p><strong>Viac info:<\/strong> <a href=\"https:\/\/www.facebook.com\/profile.php?id=100066658396100\" target=\"_blank\" rel=\"noopener\">https:\/\/www.facebook.com\/profile.php?id=100066658396100<\/a><\/p>\n<h2><span style=\"color: #800000;\">Fotogal\u00e9ria<\/span><\/h2>\n<style type=\"text\/css\">\n#foogallery-gallery-28485 .fg-image { width: 200px; }<\/style>\n\t\t\t<div class=\"foogallery foogallery-container foogallery-carousel foogallery-lightbox-foogallery fg-carousel fg-ready fg-light fg-border-medium fg-round-small fg-shadow-medium fg-loading-default fg-loaded-fade-in fg-hover-semi-zoomed fg-hover-fade fg-hover-circle-plus2\" id=\"foogallery-gallery-28485\" data-foogallery=\"{&quot;item&quot;:{&quot;showCaptionTitle&quot;:true,&quot;showCaptionDescription&quot;:true},&quot;lazy&quot;:true,&quot;template&quot;:{&quot;maxItems&quot;:5,&quot;scale&quot;:0.11999999999999999555910790149937383830547332763671875,&quot;gutter&quot;:{&quot;min&quot;:-40,&quot;max&quot;:-20,&quot;unit&quot;:&quot;%&quot;},&quot;autoplay&quot;:{&quot;time&quot;:0,&quot;interaction&quot;:&quot;pause&quot;},&quot;centerOnClick&quot;:true,&quot;align&quot;:&quot;center&quot;,&quot;activePosition&quot;:&quot;center&quot;}}\" data-foogallery-lightbox=\"{&quot;thumbs&quot;:&quot;bottom&quot;,&quot;thumbsCaptions&quot;:false,&quot;thumbsBestFit&quot;:false,&quot;thumbsSmall&quot;:false,&quot;thumbsCaptionsAlign&quot;:&quot;default&quot;,&quot;info&quot;:&quot;bottom&quot;,&quot;infoVisible&quot;:true,&quot;infoOverlay&quot;:true,&quot;infoAlign&quot;:&quot;default&quot;,&quot;transition&quot;:&quot;fade&quot;,&quot;hoverButtons&quot;:false,&quot;fitMedia&quot;:false,&quot;noScrollbars&quot;:true,&quot;preserveButtonSpace&quot;:true,&quot;buttons&quot;:{&quot;fullscreen&quot;:true,&quot;info&quot;:true,&quot;thumbs&quot;:false},&quot;video&quot;:{&quot;autoPlay&quot;:true}}\" style=\"--fg-title-line-clamp: 0; --fg-description-line-clamp: 0;\" >\n\t<button type=\"button\" class=\"fg-carousel-prev\" title=\"Previous\"><\/button>\n\t<div class=\"fg-carousel-inner\">\n\t\t<div class=\"fg-carousel-center\"><\/div>\n\t\t<div class=\"fg-item fg-type-image fg-idle\"><figure class=\"fg-item-inner\"><a href=\"https:\/\/www.slovensky-kras.eu\/info\/wp-content\/uploads\/2025\/11\/veza-na-vlasku2.jpg\" data-attachment-id=\"28483\" data-type=\"image\" class=\"fg-thumb\"><span class=\"fg-image-wrap\"><img decoding=\"async\" alt=\"Ve\u017ea na vl\u00e1sku v obci H\u00e1j\" width=\"200\" height=\"200\" class=\"skip-lazy fg-image\" data-src-fg=\"https:\/\/www.slovensky-kras.eu\/info\/wp-content\/uploads\/cache\/2025\/11\/veza-na-vlasku2\/2249248045.jpg\" src=\"data:image\/svg+xml,%3Csvg%20xmlns%3D%22http%3A%2F%2Fwww.w3.org%2F2000%2Fsvg%22%20width%3D%22200%22%20height%3D%22200%22%20viewBox%3D%220%200%20200%20200%22%3E%3C%2Fsvg%3E\" loading=\"eager\"><\/span><span class=\"fg-image-overlay\"><\/span><\/a><\/figure><div class=\"fg-loader\"><\/div><\/div><div class=\"fg-item fg-type-image fg-idle\"><figure class=\"fg-item-inner\"><a href=\"https:\/\/www.slovensky-kras.eu\/info\/wp-content\/uploads\/2025\/11\/veza-na-vlasku1.jpg\" data-attachment-id=\"28486\" data-type=\"image\" class=\"fg-thumb\"><span class=\"fg-image-wrap\"><img decoding=\"async\" width=\"200\" height=\"200\" class=\"skip-lazy fg-image\" data-src-fg=\"https:\/\/www.slovensky-kras.eu\/info\/wp-content\/uploads\/cache\/2025\/11\/veza-na-vlasku1\/1771796370.jpg\" src=\"data:image\/svg+xml,%3Csvg%20xmlns%3D%22http%3A%2F%2Fwww.w3.org%2F2000%2Fsvg%22%20width%3D%22200%22%20height%3D%22200%22%20viewBox%3D%220%200%20200%20200%22%3E%3C%2Fsvg%3E\" loading=\"eager\"><\/span><span class=\"fg-image-overlay\"><\/span><\/a><\/figure><div class=\"fg-loader\"><\/div><\/div><div class=\"fg-item fg-type-image fg-idle\"><figure class=\"fg-item-inner\"><a href=\"https:\/\/www.slovensky-kras.eu\/info\/wp-content\/uploads\/2025\/11\/veza-na-vlasku3.jpg\" data-attachment-id=\"28487\" data-type=\"image\" class=\"fg-thumb\"><span class=\"fg-image-wrap\"><img decoding=\"async\" width=\"200\" height=\"200\" class=\"skip-lazy fg-image\" data-src-fg=\"https:\/\/www.slovensky-kras.eu\/info\/wp-content\/uploads\/cache\/2025\/11\/veza-na-vlasku3\/4189841054.jpg\" src=\"data:image\/svg+xml,%3Csvg%20xmlns%3D%22http%3A%2F%2Fwww.w3.org%2F2000%2Fsvg%22%20width%3D%22200%22%20height%3D%22200%22%20viewBox%3D%220%200%20200%20200%22%3E%3C%2Fsvg%3E\" loading=\"eager\"><\/span><span class=\"fg-image-overlay\"><\/span><\/a><\/figure><div class=\"fg-loader\"><\/div><\/div>\t<\/div>\n\t<div class=\"fg-carousel-bottom\"><\/div>\n\t<div class=\"fg-carousel-progress\"><\/div>\n\t<button type=\"button\" class=\"fg-carousel-next\" title=\"Next\"><\/button>\n<\/div>\n<h2><span style=\"color: #800000;\">Bl\u00edzke stredisko, turistick\u00e9 centrum, obec alebo mesto<\/span><\/h2>\n<ul>\n<li><a href=\"http:\/\/www.slovensky-kras.eu\/info\/strediska-a-centra\/obec-haj\/\">Obec H\u00e1j (\u010d\u00edtaj viac&#8230;)<\/a><\/li>\n<\/ul>\n<h2><span style=\"color: #800000;\">Mapy<\/span><\/h2>\n<p><strong>Vrstvy: <\/strong>Turistick\u00e1 mapa, Automapa, Cyklomapa, Ly\u017eiarska mapa, Satelitn\u00e1 mapa a OpenStreetMap.<\/p>\n<p><strong>Kliknut\u00edm na logo &#8222;Freemap.sk&#8220; sa V\u00e1m mapa zobraz\u00ed na celej ploche obrazovky.<\/strong><\/p>\n<p><iframe style=\"width: 900px; height: 600px; border: 0;\" src=\"https:\/\/www.freemap.sk\/?map=14\/48.628058\/20.854497&amp;info-point=48.628058\/20.854497,Obec H\u00e1j&amp;layers=X&amp;embed=search\" allowfullscreen=\"allowfullscreen\"><span data-mce-type=\"bookmark\" style=\"display: inline-block; width: 0px; overflow: hidden; line-height: 0;\" class=\"mce_SELRES_start\">\ufeff<\/span><\/iframe><\/p>\n<h2><span style=\"color: #800000;\">Po\u010dasie<\/span><\/h2>\n<p><iframe style=\"width: 900px; height: 610px;\" src=\"https:\/\/www.meteoblue.com\/sk\/po%C4%8Dasie\/widget\/three\/h%c3%a1j_slovensk%c3%a1-republika_724755?geoloc=fixed&amp;nocurrent=0&amp;noforecast=0&amp;days=6&amp;tempunit=CELSIUS&amp;windunit=KILOMETER_PER_HOUR&amp;layout=image\" frameborder=\"0\" scrolling=\"NO\" sandbox=\"allow-same-origin allow-scripts allow-popups allow-popups-to-escape-sandbox\"><\/iframe><\/p>\n<div><!-- DO NOT REMOVE THIS LINK --><a href=\"https:\/\/www.meteoblue.com\/sk\/po%C4%8Dasie\/predpove%C4%8F\/t%C3%BD%C5%BEde%C5%88\/h%c3%a1j_slovensk%c3%a1-republika_724755?utm_source=weather_widget&amp;utm_medium=linkus&amp;utm_content=three&amp;utm_campaign=Weather%2BWidget\" target=\"_blank\" rel=\"noopener noreferrer\">meteoblue<\/a><\/div>\n<h3><\/h3>\n","protected":false},"excerpt":{"rendered":"<p>Menu: Rozpr\u00e1vkov\u00fd sen vytesan\u00fd z kame\u0148a Zatia\u013e \u010do in\u00ed len sn\u00edvaj\u00fa, Peter \u0160imkanin v obci H\u00e1j vlastnoru\u010dne vybudoval monument, ktor\u00fd popiera z\u00e1kony amat\u00e9rskeho stavite\u013estva. Bez \u0165a\u017ek\u00fdch strojov a firiem, len [&hellip;]<\/p>\n","protected":false},"author":1,"featured_media":28483,"parent":19,"menu_order":0,"comment_status":"closed","ping_status":"closed","template":"","meta":{"_uag_custom_page_level_css":"","footnotes":""},"class_list":["post-28479","page","type-page","status-publish","has-post-thumbnail","hentry"],"featured_image_src":"https:\/\/www.slovensky-kras.eu\/info\/wp-content\/uploads\/2025\/11\/veza-na-vlasku2.jpg","featured_image_src_square":"https:\/\/www.slovensky-kras.eu\/info\/wp-content\/uploads\/2025\/11\/veza-na-vlasku2.jpg","rbea_author_info":{"display_name":"admin","author_link":"https:\/\/www.slovensky-kras.eu\/info\/author\/admin\/"},"rbea_excerpt_info":"Menu: Rozpr\u00e1vkov\u00fd sen vytesan\u00fd z kame\u0148a Zatia\u013e \u010do in\u00ed len sn\u00edvaj\u00fa, Peter \u0160imkanin v obci H\u00e1j vlastnoru\u010dne vybudoval monument, ktor\u00fd popiera z\u00e1kony amat\u00e9rskeho stavite\u013estva. Bez \u0165a\u017ek\u00fdch strojov a firiem, len [&hellip;]","uagb_featured_image_src":{"full":["https:\/\/www.slovensky-kras.eu\/info\/wp-content\/uploads\/2025\/11\/veza-na-vlasku2.jpg",2048,1536,false],"thumbnail":["https:\/\/www.slovensky-kras.eu\/info\/wp-content\/uploads\/2025\/11\/veza-na-vlasku2-150x150.jpg",150,150,true],"medium":["https:\/\/www.slovensky-kras.eu\/info\/wp-content\/uploads\/2025\/11\/veza-na-vlasku2-800x600.jpg",800,600,true],"medium_large":["https:\/\/www.slovensky-kras.eu\/info\/wp-content\/uploads\/2025\/11\/veza-na-vlasku2-768x576.jpg",768,576,true],"large":["https:\/\/www.slovensky-kras.eu\/info\/wp-content\/uploads\/2025\/11\/veza-na-vlasku2-1024x768.jpg",1024,768,true],"1536x1536":["https:\/\/www.slovensky-kras.eu\/info\/wp-content\/uploads\/2025\/11\/veza-na-vlasku2-1536x1152.jpg",1536,1152,true],"2048x2048":["https:\/\/www.slovensky-kras.eu\/info\/wp-content\/uploads\/2025\/11\/veza-na-vlasku2.jpg",2048,1536,false]},"uagb_author_info":{"display_name":"admin","author_link":"https:\/\/www.slovensky-kras.eu\/info\/author\/admin\/"},"uagb_comment_info":0,"uagb_excerpt":"Menu: Rozpr\u00e1vkov\u00fd sen vytesan\u00fd z kame\u0148a Zatia\u013e \u010do in\u00ed len sn\u00edvaj\u00fa, Peter \u0160imkanin v obci H\u00e1j vlastnoru\u010dne vybudoval monument, ktor\u00fd popiera z\u00e1kony amat\u00e9rskeho stavite\u013estva. Bez \u0165a\u017ek\u00fdch strojov a firiem, len [&hellip;]","_links":{"self":[{"href":"https:\/\/www.slovensky-kras.eu\/info\/wp-json\/wp\/v2\/pages\/28479","targetHints":{"allow":["GET"]}}],"collection":[{"href":"https:\/\/www.slovensky-kras.eu\/info\/wp-json\/wp\/v2\/pages"}],"about":[{"href":"https:\/\/www.slovensky-kras.eu\/info\/wp-json\/wp\/v2\/types\/page"}],"author":[{"embeddable":true,"href":"https:\/\/www.slovensky-kras.eu\/info\/wp-json\/wp\/v2\/users\/1"}],"replies":[{"embeddable":true,"href":"https:\/\/www.slovensky-kras.eu\/info\/wp-json\/wp\/v2\/comments?post=28479"}],"version-history":[{"count":8,"href":"https:\/\/www.slovensky-kras.eu\/info\/wp-json\/wp\/v2\/pages\/28479\/revisions"}],"predecessor-version":[{"id":30226,"href":"https:\/\/www.slovensky-kras.eu\/info\/wp-json\/wp\/v2\/pages\/28479\/revisions\/30226"}],"up":[{"embeddable":true,"href":"https:\/\/www.slovensky-kras.eu\/info\/wp-json\/wp\/v2\/pages\/19"}],"wp:featuredmedia":[{"embeddable":true,"href":"https:\/\/www.slovensky-kras.eu\/info\/wp-json\/wp\/v2\/media\/28483"}],"wp:attachment":[{"href":"https:\/\/www.slovensky-kras.eu\/info\/wp-json\/wp\/v2\/media?parent=28479"}],"curies":[{"name":"wp","href":"https:\/\/api.w.org\/{rel}","templated":true}]}}