{"id":27642,"date":"2025-08-05T07:26:00","date_gmt":"2025-08-05T05:26:00","guid":{"rendered":"https:\/\/www.slovensky-kras.eu\/info\/?page_id=27642"},"modified":"2026-02-12T07:14:49","modified_gmt":"2026-02-12T06:14:49","slug":"dom-banickych-tradicii-rakovnica","status":"publish","type":"page","link":"https:\/\/www.slovensky-kras.eu\/info\/muzea-kutlura-a-umenie\/dom-banickych-tradicii-rakovnica\/","title":{"rendered":"Dom ban\u00edckych trad\u00edci\u00ed Rakovnica"},"content":{"rendered":"<p><strong>Menu: <\/strong><a href=\"http:\/\/www.slovensky-kras.eu\/info\/\" class=\"su-button su-button-style-default\" style=\"color:#000000;background-color:#FFCF2F;border-color:#cca626;border-radius:5px\" target=\"_self\"><span style=\"color:#000000;padding:6px 16px;font-size:13px;line-height:20px;border-color:#ffde6e;border-radius:5px;text-shadow:none\"><i class=\"sui sui-arrow-right\" style=\"font-size:13px;color:#000000\"><\/i>  \u00davod \/ Aktuality <\/span><\/a>\n<a href=\"http:\/\/www.slovensky-kras.eu\/info\/kam-za-pamiatkami\/\" class=\"su-button su-button-style-default\" style=\"color:#000000;background-color:#FFCF2F;border-color:#cca626;border-radius:5px\" target=\"_self\"><span style=\"color:#000000;padding:6px 16px;font-size:13px;line-height:20px;border-color:#ffde6e;border-radius:5px;text-shadow:none\"><i class=\"sui sui-arrow-right\" style=\"font-size:13px;color:#000000\"><\/i>  Kam za pamiatkami <\/span><\/a>\n<div class=\"su-divider su-divider-style-default\" style=\"margin:15px 0;border-width:0px;border-color:#000000\"><\/div>\n<strong>Podkateg\u00f3ria: <\/strong> <a href=\"http:\/\/www.slovensky-kras.eu\/info\/kam-za-pamiatkami\/ludova-architektura-a-vidiecke-muzea\/\" class=\"su-button su-button-style-default\" style=\"color:#000000;background-color:#afd144;border-color:#8ca837;border-radius:5px\" target=\"_self\"><span style=\"color:#000000;padding:6px 16px;font-size:13px;line-height:20px;border-color:#c7df7d;border-radius:5px;text-shadow:none\"><i class=\"sui sui-arrow-right\" style=\"font-size:13px;color:#000000\"><\/i>  \u013dudov\u00e1 architekt\u00fara a vidieck\u00e9 m\u00faze\u00e1 <\/span><\/a>\n<div class=\"su-divider su-divider-style-default\" style=\"margin:15px 0;border-width:2px;border-color:#000000\"><\/div>\n<figure id=\"attachment_27645\" aria-describedby=\"caption-attachment-27645\" style=\"width: 900px\" class=\"wp-caption aligncenter\"><a href=\"https:\/\/www.slovensky-kras.eu\/info\/wp-content\/uploads\/2025\/08\/Dom-banickych-tradicii-v-Rakovnici.jpg\"><img loading=\"lazy\" decoding=\"async\" class=\"wp-image-27645\" src=\"https:\/\/www.slovensky-kras.eu\/info\/wp-content\/uploads\/2025\/08\/Dom-banickych-tradicii-v-Rakovnici-800x533.jpg\" alt=\"Dom ban\u00edckych trad\u00edci\u00ed Rakovnica\" width=\"900\" height=\"599\" srcset=\"https:\/\/www.slovensky-kras.eu\/info\/wp-content\/uploads\/2025\/08\/Dom-banickych-tradicii-v-Rakovnici-800x533.jpg 800w, https:\/\/www.slovensky-kras.eu\/info\/wp-content\/uploads\/2025\/08\/Dom-banickych-tradicii-v-Rakovnici-768x512.jpg 768w, https:\/\/www.slovensky-kras.eu\/info\/wp-content\/uploads\/2025\/08\/Dom-banickych-tradicii-v-Rakovnici.jpg 1024w\" sizes=\"auto, (max-width: 900px) 100vw, 900px\" \/><\/a><figcaption id=\"caption-attachment-27645\" class=\"wp-caption-text\">Dom ban\u00edckych trad\u00edci\u00ed Rakovnica, Zdroj foto: https:\/\/rakovnica.sk\/<\/figcaption><\/figure>\n<div class=\"su-divider su-divider-style-default\" style=\"margin:15px 0;border-width:2px;border-color:#000000\"><\/div>\n<h2><span style=\"color: #800000;\">Objavte ban\u00edcku hist\u00f3riu: Bansk\u00fd n\u00e1u\u010dn\u00fd chodn\u00edk Mn\u00edch a Dom ban\u00edckych trad\u00edci\u00ed v Rakovnici<\/span><\/h2>\n<p class=\"ds-markdown-paragraph\"><strong>Ste zvedav\u00ed, ako \u017eili a pracovali ban\u00edci, ktor\u00ed formovali srdce Slovenska?<\/strong> Pripravte sa na v\u00fdlet v \u010dase! Obec <a href=\"https:\/\/www.slovensky-kras.eu\/info\/strediska-a-centra\/obec-rakovnica\/\"><b>Rakovnica<\/b><\/a>, \u00fazko sp\u00e4t\u00e1 s ban\u00edctvom, v\u00e1m pon\u00faka unik\u00e1tny z\u00e1\u017eitok:\u00a0<strong>autentick\u00e9 m\u00fazeum v Dome ban\u00edckych trad\u00edci\u00ed<\/strong>\u00a0a dobrodru\u017en\u00fa prech\u00e1dzku po\u00a0<strong>Banskom n\u00e1u\u010dnom chodn\u00edku Mn\u00edch<\/strong>. Je to viac ne\u017e v\u00fdlet; je to cesta do srdca hist\u00f3rie.<\/p>\n<p class=\"ds-markdown-paragraph\">Nechceme, aby sa vz\u00e1cny odkaz ban\u00edckych gener\u00e1ci\u00ed stratil v zabudnut\u00ed. Preto bol otvoren\u00fd\u00a0<strong>Dom ban\u00edckych trad\u00edci\u00ed v Rakovnici<\/strong>. Toto nie je oby\u010dajn\u00e9 m\u00fazeum. Je to \u017eiv\u00e1 kronika, kde m\u00f4\u017eete na vlastn\u00e9 o\u010di vidie\u0165 artefakty, ktor\u00e9 sved\u010dia o intenz\u00edvnej banskej \u010dinnosti v okol\u00ed. Tento projekt prin\u00e1\u0161a hist\u00f3riu ban\u00edctva na svetlo sveta a pon\u00faka unik\u00e1tny z\u00e1\u017eitok pre ka\u017ed\u00e9ho n\u00e1v\u0161tevn\u00edka.<\/p>\n<h2 data-start=\"0\" data-end=\"94\"><span style=\"color: #800000;\">\u010co ukr\u00fdva Dom ban\u00edckych trad\u00edci\u00ed v Rakovnici a ak\u00e9 pr\u00edbehy rozpr\u00e1va o \u0165a\u017ebe \u017eeleznej rudy?<\/span><\/h2>\n<p data-start=\"96\" data-end=\"306\"><strong data-start=\"96\" data-end=\"134\">Dom ban\u00edckych trad\u00edci\u00ed v Rakovnici<\/strong> je <strong data-start=\"138\" data-end=\"148\">m\u00fazeum<\/strong> venovan\u00e9 <strong data-start=\"158\" data-end=\"179\">ban\u00edckej hist\u00f3rii<\/strong> obce a okolia v <strong data-start=\"196\" data-end=\"216\">Slovenskom krase<\/strong>, otvoren\u00e9 v <strong data-start=\"229\" data-end=\"243\">marci 2024<\/strong> v <strong data-start=\"246\" data-end=\"274\">tradi\u010dnej \u013eudovej stavbe<\/strong> zo za\u010diatku <strong data-start=\"287\" data-end=\"303\">20. storo\u010dia<\/strong>.<\/p>\n<p data-start=\"308\" data-end=\"556\">Nach\u00e1dza sa v obci <strong data-start=\"327\" data-end=\"340\">Rakovnica<\/strong> (okres <strong data-start=\"348\" data-end=\"359\">Ro\u017e\u0148ava<\/strong>) a prezentuje <strong data-start=\"374\" data-end=\"397\">autentick\u00e9 n\u00e1stroje<\/strong>, <strong data-start=\"399\" data-end=\"416\">ban\u00edcke lampy<\/strong>, <strong data-start=\"418\" data-end=\"428\">voz\u00edky<\/strong>, <strong data-start=\"430\" data-end=\"454\">historick\u00e9 dokumenty<\/strong> aj <strong data-start=\"458\" data-end=\"491\">pr\u00edbehy o \u0165a\u017ebe \u017eeleznej rudy<\/strong>, ktor\u00e1 tu prebiehala viac ako <strong data-start=\"522\" data-end=\"535\">300 rokov<\/strong> a\u017e do roku <strong data-start=\"547\" data-end=\"555\">1991<\/strong>.<\/p>\n<h2 data-start=\"563\" data-end=\"635\"><span style=\"color: #800000;\">Pre\u010do je budova m\u00fazea v\u00fdnimo\u010dn\u00e1 aj z architektonick\u00e9ho h\u013eadiska?<\/span><\/h2>\n<p data-start=\"637\" data-end=\"875\">Budova m\u00fazea je z\u00e1rove\u0148 <strong data-start=\"661\" data-end=\"693\">uk\u00e1\u017ekou \u013eudovej architekt\u00fary<\/strong>, ktor\u00e1 je v regi\u00f3ne v\u00fdrazne zast\u00fapen\u00e1 <strong data-start=\"732\" data-end=\"802\">murovan\u00fdmi domami typick\u00fdmi pre ju\u017en\u00fd Spi\u0161, Gemer, Malohont a Abov<\/strong>. Aj obec <strong data-start=\"812\" data-end=\"825\">Rakovnica<\/strong> patr\u00ed do tejto kult\u00farno-architektonickej oblasti.<\/p>\n<h2 data-start=\"882\" data-end=\"949\"><span style=\"color: #800000;\">Kedy a pre\u010do vznikla trad\u00edcia murovan\u00fdch sedliackych domov?<\/span><\/h2>\n<p data-start=\"951\" data-end=\"1208\"><strong data-start=\"951\" data-end=\"992\">Trad\u00edcia murovan\u00fdch sedliackych domov<\/strong> sa v oblasti <strong data-start=\"1006\" data-end=\"1015\">Gemera<\/strong> roz\u0161\u00edrila v priebehu <strong data-start=\"1037\" data-end=\"1053\">19. storo\u010dia<\/strong>. Hlavn\u00fdmi d\u00f4vodmi boli <strong data-start=\"1077\" data-end=\"1093\">\u00fabytok lesov<\/strong>, zhor\u0161en\u00e1 dostupnos\u0165 stavebn\u00e9ho dreva a tie\u017e <strong data-start=\"1139\" data-end=\"1166\">protipo\u017eiarne opatrenia<\/strong>, ktor\u00e9 podporovali bezpe\u010dnej\u0161iu v\u00fdstavbu.<\/p>\n<h2 data-start=\"1215\" data-end=\"1291\"><span style=\"color: #800000;\">Ako vyzeralo typick\u00e9 vn\u00fatorn\u00e9 \u010dlenenie domov za\u010diatkom 20. storo\u010dia?<\/span><\/h2>\n<p data-start=\"1293\" data-end=\"1547\">Za\u010diatkom <strong data-start=\"1303\" data-end=\"1319\">20. storo\u010dia<\/strong> bolo typick\u00e9 <strong data-start=\"1333\" data-end=\"1369\">\u0161tvordielne priestorov\u00e9 \u010dlenenie<\/strong> \u2013 <strong data-start=\"1372\" data-end=\"1419\">predn\u00e1 izba \u2013 kuchy\u0148a \u2013 zadn\u00e1 izba \u2013 komora<\/strong>. Otvoren\u00e9 ohnisk\u00e1 postupne nahradili <strong data-start=\"1457\" data-end=\"1495\">kach\u013eov\u00e9 alebo kovov\u00e9 pece s r\u00farou<\/strong> a v izb\u00e1ch sa pou\u017e\u00edvali <strong data-start=\"1520\" data-end=\"1546\">kach\u013eov\u00e9 pece \u010di kamn\u00e1<\/strong>.<\/p>\n<h2 data-start=\"1554\" data-end=\"1619\"><span style=\"color: #800000;\">Ak\u00fa \u00falohu mali hospod\u00e1rske stavby pri sedliackych domoch?<\/span><\/h2>\n<p data-start=\"1621\" data-end=\"1811\">Murovan\u00e9 domy boli doplnen\u00e9 o r\u00f4zne <strong data-start=\"1657\" data-end=\"1679\">hospod\u00e1rske stavby<\/strong>, ktor\u00e9 spolu s obytnou \u010das\u0165ou vytv\u00e1rali <strong data-start=\"1720\" data-end=\"1768\">jednotn\u00fd hospod\u00e1rsky a architektonick\u00fd celok<\/strong> typick\u00fd pre vidiecke prostredie Rakovnice.<\/p>\n<h2 data-start=\"1818\" data-end=\"1881\"><span style=\"color: #800000;\">Ak\u00e9 strechy a architektonick\u00e9 prvky zdobili tieto domy?<\/span><\/h2>\n<p data-start=\"1883\" data-end=\"2157\">Charakteristick\u00e9 boli <strong data-start=\"1905\" data-end=\"1953\">valbov\u00e9 alebo sedlov\u00e9 strechy s podlomenicou<\/strong>. Sedlov\u00e9 strechy mali <strong data-start=\"1976\" data-end=\"2011\">do\u0161ten\u00fd \u010deln\u00fd \u0161t\u00edt s v\u00fdzorn\u00edkom<\/strong>.<br data-start=\"2012\" data-end=\"2015\" \/><strong data-start=\"2015\" data-end=\"2027\">V\u00fdzorn\u00edk<\/strong> sl\u00fa\u017eil na <strong data-start=\"2038\" data-end=\"2084\">vetranie, odvod dymu a presvetlenie povaly<\/strong> a mohol ma\u0165 r\u00f4zne tvary \u2013 napr\u00edklad <strong data-start=\"2121\" data-end=\"2156\">kr\u00ed\u017e, kruh, \u0161tvorec alebo srdce<\/strong>.<\/p>\n<h2 data-start=\"2164\" data-end=\"2217\"><span style=\"color: #800000;\">Ak\u00e9 stre\u0161n\u00e9 krytiny sa pou\u017e\u00edvali v minulosti?<\/span><\/h2>\n<p data-start=\"2219\" data-end=\"2400\">Do za\u010diatku <strong data-start=\"2231\" data-end=\"2247\">20. storo\u010dia<\/strong> prevl\u00e1dala <strong data-start=\"2259\" data-end=\"2279\">\u0161ind\u013eov\u00e1 krytina<\/strong>. Nesk\u00f4r sa roz\u0161\u00edrili <strong data-start=\"2301\" data-end=\"2354\">p\u00e1len\u00e9 krytiny, bridlica, eternit a plechov\u00e9 p\u00e1sy<\/strong>, ktor\u00e9 postupne nahr\u00e1dzali p\u00f4vodn\u00e9 materi\u00e1ly.<\/p>\n<h2 data-start=\"2407\" data-end=\"2463\"><span style=\"color: #800000;\">\u010c\u00edm boli charakteristick\u00e9 okn\u00e1 tradi\u010dn\u00fdch domov?<\/span><\/h2>\n<p data-start=\"2465\" data-end=\"2736\">Fas\u00e1dy zdobili <strong data-start=\"2480\" data-end=\"2524\">vyrez\u00e1van\u00e9 \u0161paletov\u00e9 alebo kastlov\u00e9 okn\u00e1<\/strong>. I\u0161lo o <strong data-start=\"2533\" data-end=\"2552\">dvojdielne okn\u00e1<\/strong> s vn\u00fatorn\u00fdmi aj vonkaj\u0161\u00edmi kr\u00eddlami a medziokenn\u00fdm priestorom \u2013 <strong data-start=\"2617\" data-end=\"2629\">\u0161paletou<\/strong>. Tento priestor sa \u010dasto vyu\u017e\u00edval napr\u00edklad na <strong data-start=\"2677\" data-end=\"2686\">kvety<\/strong>, \u010do dod\u00e1valo domom osobit\u00fd a estetick\u00fd charakter.<\/p>\n<h2><span style=\"color: #800000;\">\u010co m\u00f4\u017eete v Dome ban\u00edckych trad\u00edci\u00ed vidie\u0165?<\/span><\/h2>\n<p class=\"ds-markdown-paragraph\">Pripravte sa na fascinuj\u00facu prehliadku, ktor\u00e1 v\u00e1s prenesie do \u010dias, ke\u010f tvrd\u00e1 pr\u00e1ca a odvaha boli ka\u017edodennou realitou.<\/p>\n<ul>\n<li>\n<p class=\"ds-markdown-paragraph\"><strong>N\u00e1stroje, ktor\u00e9 dob\u00fdvali zem:<\/strong>\u00a0Prejdite sa okolo autentick\u00fdch ban\u00edckych n\u00e1strojov \u2013 klad\u00edv, l\u00e1mp, voz\u00edkov. Ka\u017ed\u00fd expon\u00e1t v sebe nesie pr\u00edbeh o drine a odhodlan\u00ed.<\/p>\n<\/li>\n<li>\n<p class=\"ds-markdown-paragraph\"><strong>Pr\u00edbehy zo \u017e\u00edl Zeme:<\/strong>\u00a0Okrem n\u00e1strojov tu n\u00e1jdete dobov\u00e9 dokumenty a fotografie, ktor\u00e9 dokumentuj\u00fa \u017eivot ban\u00edkov a ich rod\u00edn. Spozn\u00e1te hist\u00f3riu konkr\u00e9tnych bansk\u00fdch \u0161\u00e1cht a ich vplyv na rozvoj obce.<\/p>\n<\/li>\n<li>\n<p class=\"ds-markdown-paragraph\"><strong>Jedine\u010dn\u00e1 architekt\u00fara:<\/strong>\u00a0Samotn\u00e1 budova je d\u00f4le\u017eit\u00fdm expon\u00e1tom. Poch\u00e1dza zo za\u010diatku 20. storo\u010dia a je dokonalou uk\u00e1\u017ekou\u00a0<strong>tradi\u010dnej \u013eudovej z\u00e1stavby typu radov\u00fdch domov<\/strong>\u00a0s typick\u00fdm trojdielnym \u010dlenen\u00edm.<\/p>\n<\/li>\n<\/ul>\n<h3><span style=\"color: #808000;\">Ako prebieha prehliadka a \u010do je nov\u00e9?<\/span><\/h3>\n<p class=\"ds-markdown-paragraph\">Expoz\u00edcia, zriaden\u00e1 v rodnom dome v\u00fdznamnej osobnosti ban\u00edctva,\u00a0<strong>Dr. h. c. profesora Ing. J\u00e1na Fabi\u00e1na CSc.<\/strong>, je rozdelen\u00e1 do dvoch miestnost\u00ed.<\/p>\n<p class=\"ds-markdown-paragraph\"><strong>Po\u010das pribli\u017ene hodinovej prehliadky spozn\u00e1te:<\/strong><\/p>\n<ul>\n<li>\n<p class=\"ds-markdown-paragraph\">\u017divot a dielo Prof. Fabi\u00e1na a \u010dinnos\u0165 Ban\u00edckeho spolku.<\/p>\n<\/li>\n<li>\n<p class=\"ds-markdown-paragraph\">Suroviny \u0165a\u017een\u00e9 v okol\u00ed a sp\u00f4soby ich dob\u00fdvania.<\/p>\n<\/li>\n<li>\n<p class=\"ds-markdown-paragraph\"><strong>Fascinuj\u00facu zbierku bansk\u00fdch svietidiel<\/strong>\u00a0\u2013 jedna z najzauj\u00edmavej\u0161\u00edch \u010dast\u00ed!<\/p>\n<\/li>\n<li>\n<p class=\"ds-markdown-paragraph\">Pracovn\u00e9 ochrann\u00e9 prostriedky a v\u0155taciu techniku z bansk\u00e9ho \u00faseku Mier.<\/p>\n<\/li>\n<li>\n<p class=\"ds-markdown-paragraph\"><strong>Impozantn\u00fa zbierku viac ako 180 miner\u00e1lov<\/strong>\u00a0\u2013 celkovo m\u00fazeum vlastn\u00ed viac ako 250 v\u00fdstavn\u00fdch predmetov!<\/p>\n<\/li>\n<\/ul>\n<p class=\"ds-markdown-paragraph\">\u0160pecifikom a v\u00fdnimo\u010dnos\u0165ou tohto miesta je jeho\u00a0<strong>priame prepojenie s Bansk\u00fdm n\u00e1u\u010dn\u00fdm chodn\u00edkom Mn\u00edch<\/strong>. Nejde teda len o statick\u00fa v\u00fdstavu, ale o ucelen\u00fd pr\u00edbeh.<\/p>\n<h2><span style=\"color: #800000;\">Bansk\u00fd n\u00e1u\u010dn\u00fd chodn\u00edk Mn\u00edch: Po stop\u00e1ch ban\u00edkov v pr\u00edrode<\/span><\/h2>\n<p class=\"ds-markdown-paragraph\">Chcete z\u00e1\u017eitok e\u0161te preh\u013abi\u0165 a vidie\u0165, kde sa v\u0161etko odohr\u00e1valo? Vydajte sa na\u00a0<strong>Bansk\u00fd n\u00e1u\u010dn\u00fd chodn\u00edk Mn\u00edch<\/strong>! Tento 3,5-hodinov\u00fd program s odborn\u00fdm sprievodcom v\u00e1s obozn\u00e1mi s ban\u00edckymi dielami a expon\u00e1tmi priamo v ter\u00e9ne. Chodn\u00edk vedie hrebe\u0148om kopca Mn\u00edch, pod ktor\u00fdm sa nach\u00e1dzala p\u00f4vodn\u00e1 osada obyvate\u013eov obce Rakovnica.<\/p>\n<h2><span style=\"color: #800000;\">Ak\u00e9 s\u00fa otv\u00e1racie hodiny a vstupn\u00e9 do Domu ban\u00edckych trad\u00edci\u00ed?<\/span><\/h2>\n<ul>\n<li><a href=\"https:\/\/www.slovensky-kras.eu\/info\/dom-banickych-tradicii-rakovnica-otvaracie-hodiny\/\" target=\"_blank\" rel=\"noopener\">Aktu\u00e1lne otv\u00e1racie hodiny a vstupn\u00e9 (\u010d\u00edtaj viac&#8230;)<\/a><\/li>\n<\/ul>\n<h2><span style=\"color: #800000;\">Ako sa objedna\u0165? Kontaktujte n\u00e1s!<\/span><\/h2>\n<p class=\"ds-markdown-paragraph\">Pl\u00e1nujete n\u00e1v\u0161tevu so skupinou alebo cez v\u00edkend? Nev\u00e1hajte a objednajte sa vopred.<\/p>\n<ul>\n<li>\n<p class=\"ds-markdown-paragraph\"><strong>Telef\u00f3n:<\/strong>\u00a00915 942 611, 0902 966 099<\/p>\n<\/li>\n<li>\n<p class=\"ds-markdown-paragraph\"><strong>E-mail:<\/strong>\u00a0<a href=\"https:\/\/mailto:obec@rakovnica.sk\/\" target=\"_blank\" rel=\"noopener noreferrer\">obec@rakovnica.sk<\/a><\/p>\n<\/li>\n<li>\n<p class=\"ds-markdown-paragraph\"><strong>Web:<\/strong>\u00a0<a href=\"https:\/\/rakovnica.sk\/\" target=\"_blank\" rel=\"noopener noreferrer\">https:\/\/rakovnica.sk\/<\/a><\/p>\n<\/li>\n<\/ul>\n<hr \/>\n<p class=\"ds-markdown-paragraph\"><strong>Pr\u00ed\u010fte sa presved\u010di\u0165 na vlastn\u00e9 o\u010di, ako ban\u00edcka hist\u00f3ria o\u017e\u00edva.<\/strong>\u00a0Napl\u00e1nujte si svoj v\u00fdlet do Rakovnice e\u0161te dnes a sta\u0148te sa na chv\u00ed\u013eu s\u00fa\u010das\u0165ou pr\u00edbehu, ktor\u00fd formoval tento unik\u00e1tny k\u00fasok Slovenska.<\/p>\n<h2><span style=\"color: #800000;\">Zauj\u00edmav\u00e9 odkazy<\/span><\/h2>\n<h3><span style=\"color: #808000;\">Bl\u00edzke stredisko, turistick\u00e9 centrum, obec alebo mesto<\/span><\/h3>\n<ul>\n<li><a href=\"http:\/\/www.slovensky-kras.eu\/info\/strediska-a-centra\/obec-rakovnica\/\">Obec Rakovnica (\u010d\u00edtaj viac&#8230;)<\/a><\/li>\n<\/ul>\n<h2><span style=\"color: #800000;\">Mapy<\/span><\/h2>\n<p><strong>Vrstvy: <\/strong>Turistick\u00e1 mapa, Automapa, Cyklomapa, Ly\u017eiarska mapa, Satelitn\u00e1 mapa a OpenStreetMap.<\/p>\n<p><strong>Kliknut\u00edm na logo &#8222;Freemap.sk&#8220; sa V\u00e1m mapa zobraz\u00ed na celej ploche obrazovky.<\/strong><\/p>\n<p><iframe style=\"width: 900px; height: 600px; border: 0;\" src=\"https:\/\/www.freemap.sk\/?map=16\/48.656059\/20.458168&amp;info-point=48.656059\/20.458168,Dom ban\u00edckych trad\u00edci\u00ed Rakovnica&amp;layers=X&amp;embed=search\" allowfullscreen=\"allowfullscreen\"><\/iframe><\/p>\n<h2><span style=\"color: #800000;\">Po\u010dasie<\/span><br \/>\n<iframe style=\"width: 900px; height: 610px;\" src=\"https:\/\/www.meteoblue.com\/sk\/po%C4%8Dasie\/widget\/three\/rakovnica_slovensk%c3%a1-republika_723776?geoloc=fixed&amp;nocurrent=0&amp;noforecast=0&amp;days=6&amp;tempunit=CELSIUS&amp;windunit=KILOMETER_PER_HOUR&amp;layout=image\" frameborder=\"0\" scrolling=\"NO\" sandbox=\"allow-same-origin allow-scripts allow-popups allow-popups-to-escape-sandbox\"><span data-mce-type=\"bookmark\" style=\"display: inline-block; width: 0px; overflow: hidden; line-height: 0;\" class=\"mce_SELRES_start\">\ufeff<\/span><\/iframe><\/h2>\n<div><!-- DO NOT REMOVE THIS LINK --><a href=\"https:\/\/www.meteoblue.com\/sk\/po%C4%8Dasie\/predpove%C4%8F\/t%C3%BD%C5%BEde%C5%88\/rakovnica_slovensk%c3%a1-republika_723776?utm_source=weather_widget&amp;utm_medium=linkus&amp;utm_content=three&amp;utm_campaign=Weather%2BWidget\" target=\"_blank\" rel=\"noopener noreferrer\">meteoblue<\/a><\/div>\n","protected":false},"excerpt":{"rendered":"<p>Menu: Podkateg\u00f3ria: Objavte ban\u00edcku hist\u00f3riu: Bansk\u00fd n\u00e1u\u010dn\u00fd chodn\u00edk Mn\u00edch a Dom ban\u00edckych trad\u00edci\u00ed v Rakovnici Ste zvedav\u00ed, ako \u017eili a pracovali ban\u00edci, ktor\u00ed formovali srdce Slovenska? Pripravte sa na v\u00fdlet [&hellip;]<\/p>\n","protected":false},"author":1,"featured_media":27645,"parent":30,"menu_order":0,"comment_status":"closed","ping_status":"closed","template":"","meta":{"_uag_custom_page_level_css":"","footnotes":""},"class_list":["post-27642","page","type-page","status-publish","has-post-thumbnail","hentry"],"featured_image_src":"https:\/\/www.slovensky-kras.eu\/info\/wp-content\/uploads\/2025\/08\/Dom-banickych-tradicii-v-Rakovnici.jpg","featured_image_src_square":"https:\/\/www.slovensky-kras.eu\/info\/wp-content\/uploads\/2025\/08\/Dom-banickych-tradicii-v-Rakovnici.jpg","rbea_author_info":{"display_name":"admin","author_link":"https:\/\/www.slovensky-kras.eu\/info\/author\/admin\/"},"rbea_excerpt_info":"Menu: Podkateg\u00f3ria: Objavte ban\u00edcku hist\u00f3riu: Bansk\u00fd n\u00e1u\u010dn\u00fd chodn\u00edk Mn\u00edch a Dom ban\u00edckych trad\u00edci\u00ed v Rakovnici Ste zvedav\u00ed, ako \u017eili a pracovali ban\u00edci, ktor\u00ed formovali srdce Slovenska? Pripravte sa na v\u00fdlet [&hellip;]","uagb_featured_image_src":{"full":["https:\/\/www.slovensky-kras.eu\/info\/wp-content\/uploads\/2025\/08\/Dom-banickych-tradicii-v-Rakovnici.jpg",1024,682,false],"thumbnail":["https:\/\/www.slovensky-kras.eu\/info\/wp-content\/uploads\/2025\/08\/Dom-banickych-tradicii-v-Rakovnici-150x150.jpg",150,150,true],"medium":["https:\/\/www.slovensky-kras.eu\/info\/wp-content\/uploads\/2025\/08\/Dom-banickych-tradicii-v-Rakovnici-800x533.jpg",800,533,true],"medium_large":["https:\/\/www.slovensky-kras.eu\/info\/wp-content\/uploads\/2025\/08\/Dom-banickych-tradicii-v-Rakovnici-768x512.jpg",768,512,true],"large":["https:\/\/www.slovensky-kras.eu\/info\/wp-content\/uploads\/2025\/08\/Dom-banickych-tradicii-v-Rakovnici.jpg",1024,682,false],"1536x1536":["https:\/\/www.slovensky-kras.eu\/info\/wp-content\/uploads\/2025\/08\/Dom-banickych-tradicii-v-Rakovnici.jpg",1024,682,false],"2048x2048":["https:\/\/www.slovensky-kras.eu\/info\/wp-content\/uploads\/2025\/08\/Dom-banickych-tradicii-v-Rakovnici.jpg",1024,682,false]},"uagb_author_info":{"display_name":"admin","author_link":"https:\/\/www.slovensky-kras.eu\/info\/author\/admin\/"},"uagb_comment_info":0,"uagb_excerpt":"Menu: Podkateg\u00f3ria: Objavte ban\u00edcku hist\u00f3riu: Bansk\u00fd n\u00e1u\u010dn\u00fd chodn\u00edk Mn\u00edch a Dom ban\u00edckych trad\u00edci\u00ed v Rakovnici Ste zvedav\u00ed, ako \u017eili a pracovali ban\u00edci, ktor\u00ed formovali srdce Slovenska? Pripravte sa na v\u00fdlet [&hellip;]","_links":{"self":[{"href":"https:\/\/www.slovensky-kras.eu\/info\/wp-json\/wp\/v2\/pages\/27642","targetHints":{"allow":["GET"]}}],"collection":[{"href":"https:\/\/www.slovensky-kras.eu\/info\/wp-json\/wp\/v2\/pages"}],"about":[{"href":"https:\/\/www.slovensky-kras.eu\/info\/wp-json\/wp\/v2\/types\/page"}],"author":[{"embeddable":true,"href":"https:\/\/www.slovensky-kras.eu\/info\/wp-json\/wp\/v2\/users\/1"}],"replies":[{"embeddable":true,"href":"https:\/\/www.slovensky-kras.eu\/info\/wp-json\/wp\/v2\/comments?post=27642"}],"version-history":[{"count":16,"href":"https:\/\/www.slovensky-kras.eu\/info\/wp-json\/wp\/v2\/pages\/27642\/revisions"}],"predecessor-version":[{"id":29336,"href":"https:\/\/www.slovensky-kras.eu\/info\/wp-json\/wp\/v2\/pages\/27642\/revisions\/29336"}],"up":[{"embeddable":true,"href":"https:\/\/www.slovensky-kras.eu\/info\/wp-json\/wp\/v2\/pages\/30"}],"wp:featuredmedia":[{"embeddable":true,"href":"https:\/\/www.slovensky-kras.eu\/info\/wp-json\/wp\/v2\/media\/27645"}],"wp:attachment":[{"href":"https:\/\/www.slovensky-kras.eu\/info\/wp-json\/wp\/v2\/media?parent=27642"}],"curies":[{"name":"wp","href":"https:\/\/api.w.org\/{rel}","templated":true}]}}