{"id":26537,"date":"2024-01-01T08:55:52","date_gmt":"2024-01-01T07:55:52","guid":{"rendered":"https:\/\/www.slovensky-kras.eu\/info\/?page_id=26537"},"modified":"2024-01-01T09:10:38","modified_gmt":"2024-01-01T08:10:38","slug":"kalendar-akcii-a-podujati-2","status":"publish","type":"page","link":"https:\/\/www.slovensky-kras.eu\/info\/kalendar-akcii-a-podujati-2\/","title":{"rendered":"Kalend\u00e1r akci\u00ed a podujat\u00ed"},"content":{"rendered":"<a href=\"https:\/\/www.keturist.sk\/info\/\" class=\"su-button su-button-style-default\" style=\"color:#000000;background-color:#FFCF2F;border-color:#cca626;border-radius:5px\" target=\"_self\" rel=\"noopener\"><span style=\"color:#000000;padding:6px 16px;font-size:13px;line-height:20px;border-color:#ffde6e;border-radius:5px;text-shadow:none\"><i class=\"sui sui-arrow-right\" style=\"font-size:13px;color:#000000\"><\/i>  Spravodaj <\/span><\/a>\n<a href=\"https:\/\/www.keturist.sk\/info\/kalendar-akcii-a-podujati-2\/\" class=\"su-button su-button-style-default\" style=\"color:#000000;background-color:#FFCF2F;border-color:#cca626;border-radius:5px\" target=\"_self\" rel=\"noopener\"><span style=\"color:#000000;padding:6px 16px;font-size:13px;line-height:20px;border-color:#ffde6e;border-radius:5px;text-shadow:none\"><i class=\"sui sui-arrow-right\" style=\"font-size:13px;color:#000000\"><\/i>  Kalend\u00e1r akci\u00ed a podujat\u00ed <\/span><\/a>\n<div class=\"su-divider su-divider-style-default\" style=\"margin:15px 0;border-width:2px;border-color:#000000\"><\/div>\n<div class=\"su-divider su-divider-style-default\" style=\"margin:15px 0;border-width:0px;border-color:#000000\"><\/div>\n<p><strong>Kalend\u00e1r mrie\u017eka &#8211; v\u0161etky podujatia a akcie<\/strong><\/p>\n<a href=\"https:\/\/www.slovensky-kras.eu\/info\/events-2\/\" class=\"su-button su-button-style-default\" style=\"color:#000000;background-color:#afd144;border-color:#8ca837;border-radius:10px\" target=\"_blank\" rel=\"noopener noreferrer\"><span style=\"color:#000000;padding:8px 26px;font-size:20px;line-height:30px;border-color:#c7df7d;border-radius:10px;text-shadow:none\"><i class=\"sui sui-arrow-right\" style=\"font-size:20px;color:#000000\"><\/i>  Kalend\u00e1r akci\u00ed a podujat\u00ed v NP Slovensk\u00fd kras <\/span><\/a>\n<div class=\"su-divider su-divider-style-default\" style=\"margin:15px 0;border-width:2px;border-color:#000000\"><\/div>\n<p><strong>Kalend\u00e1r mrie\u017eka &#8211; v\u0161etky podujatia a akcie<\/strong><\/p>\n<a href=\"https:\/\/www.keturist.sk\/info\/events-2\/\" class=\"su-button su-button-style-default\" style=\"color:#000000;background-color:#afd144;border-color:#8ca837;border-radius:10px\" target=\"_blank\" rel=\"noopener noreferrer\"><span style=\"color:#000000;padding:8px 26px;font-size:20px;line-height:30px;border-color:#c7df7d;border-radius:10px;text-shadow:none\"><i class=\"sui sui-arrow-right\" style=\"font-size:20px;color:#000000\"><\/i>  Kalend\u00e1r akci\u00ed a podujat\u00ed v Ko\u0161ickom kraji <\/span><\/a>\n<div class=\"su-divider su-divider-style-default\" style=\"margin:15px 0;border-width:2px;border-color:#000000\"><\/div>\n<p><strong>Kalend\u00e1r klasick\u00fd<\/strong><br \/>\n<div class=\"em em-search has-search-main has-views no-sorting has-advanced advanced-mode-modal advanced-hidden has-advanced-trigger one-line em-events-search\" id=\"em-search-351111995\" data-view=\"grid\">\n\t<form action=\"https:\/\/www.slovensky-kras.eu\/info\/events-2\/\" method=\"post\" class=\"em-search-form\" id=\"em-search-form-351111995\">\n\t\t<input type=\"hidden\" name=\"action\" value=\"search_events\">\n\t\t<input type=\"hidden\" name=\"view_id\" value=\"351111995\">\n\t\t\t\t\t<div class=\"em-search-main em-search-main-bar\">\n\t\t\t<!-- START General Search -->\n<div class=\"em-search-text em-search-field input \">\n\t<label for=\"em-search-text-351111995\" class=\"screen-reader-text\">\n\t\tH\u013eadaj\t<\/label>\n\t<input type=\"text\" name=\"em_search\" class=\"em-search-text\" id=\"em-search-text-351111995\"  placeholder=\"H\u013eadaj\" value=\"\">\n<\/div>\n<!-- END General Search --><!-- START Date Search -->\r\n<div class=\"em-search-scope em-search-field em-datepicker em-datepicker-range input hide-medium hide-small\" data-separator=\"and\"  data-format=\"M j\">\r\n\t<label for=\"em-search-scope-351111995\" class=\"screen-reader-text\">Zadaj d\u00e1tum<\/label>\r\n\t<input id=\"em-search-scope-351111995\" type=\"hidden\" class=\"em-date-input em-search-scope\" aria-hidden=\"true\" placeholder=\"Zadaj d\u00e1tum\">\r\n\t<div class=\"em-datepicker-data\">\r\n\t\t<input type=\"date\" name=\"scope[0]\" value=\"\" aria-label=\"Zadaj d\u00e1tum\">\r\n\t\t<span class=\"separator\">and<\/span>\r\n\t\t<input type=\"date\" name=\"scope[1]\" value=\"\" aria-label=\"and\">\r\n\t<\/div>\r\n<\/div>\r\n<!-- END Date Search -->\t<div class=\"em-search-advanced-trigger\">\n\t<button type=\"button\" class=\"em-search-advanced-trigger em-clickable em-tooltip\" id=\"em-search-advanced-trigger-351111995\" data-search-advanced-id=\"em-search-advanced-351111995\"\n\t        aria-label=\"Show Advanced Search\"\n\t        data-label-show=\"Show Advanced Search\"\n\t        data-label-hide=\"Hide Advanced Search\">\n\t<\/button>\n<\/div>\t<div class=\"em-search-views\" aria-label=\"View Types\">\n\t\t\t\t<div class=\"em-search-views-trigger\" data-template=\"em-search-views-options-351111995\">\n\t\t\t<button type=\"button\" class=\"em-search-view-option em-clickable em-search-view-type-grid\" data-view=\"grid\">Grid<\/button>\n\t\t<\/div>\n\t\t<div class=\"em-search-views-options input\" id=\"em-search-views-options-351111995\">\n\t\t\t<fieldset class=\"em-search-views-options-list\" id=\"em-search-views-options-select-351111995\">\n\t\t\t\t<legend class=\"screen-reader-text\">Search Results View Type<\/legend>\n\t\t\t\t\t\t\t\t\t<label class=\"em-search-view-option em-search-view-type-list \"  data-view=\"list\">\n\t\t\t\t\t\t<input type=\"radio\" name=\"view\" class=\"em-search-view-option em-search-view-type-list\" value=\"list\"  >\n\t\t\t\t\t\tList\t\t\t\t\t<\/label>\n\t\t\t\t\t\t\t\t\t<label class=\"em-search-view-option em-search-view-type-list-grouped \"  data-view=\"list-grouped\">\n\t\t\t\t\t\t<input type=\"radio\" name=\"view\" class=\"em-search-view-option em-search-view-type-list-grouped\" value=\"list-grouped\"  >\n\t\t\t\t\t\tGrouped Lists\t\t\t\t\t<\/label>\n\t\t\t\t\t\t\t\t\t<label class=\"em-search-view-option em-search-view-type-grid checked\"  data-view=\"grid\">\n\t\t\t\t\t\t<input type=\"radio\" name=\"view\" class=\"em-search-view-option em-search-view-type-grid\" value=\"grid\"  checked>\n\t\t\t\t\t\tGrid\t\t\t\t\t<\/label>\n\t\t\t\t\t\t\t\t\t<label class=\"em-search-view-option em-search-view-type-calendar \"  data-view=\"calendar\">\n\t\t\t\t\t\t<input type=\"radio\" name=\"view\" class=\"em-search-view-option em-search-view-type-calendar\" value=\"calendar\"  >\n\t\t\t\t\t\tCalendar\t\t\t\t\t<\/label>\n\t\t\t\t\t\t\t<\/fieldset>\n\t\t<\/div>\n\t<\/div>\n\t\t<div class=\"em-search-submit input\">\n\t\t<button type=\"submit\" class=\"em-search-submit button-primary\">H\u013eadaj<\/button>\n\t<\/div>\n\t<\/div>\n\t\t\t\t\t\t\t\t\t\t\t<div class=\"em-modal em em-search em-search-advanced em-events-search-advanced\" id=\"em-search-advanced-351111995\" data-parent=\"em-search-form-351111995\" data-view=\"grid\">\n\t<div class=\"em-modal-popup\">\n\t\t<header>\n\t\t\t<a class=\"em-close-modal\" href=\"#\"><\/a><!-- close modal -->\n\t\t\t<div class=\"em-modal-title\">\n\t\t\t\tShow Advanced Search\t\t\t<\/div>\n\t\t<\/header>\n\t\t<div class=\"em-modal-content em-search-sections input\">\n\t\t\t<section class=\"em-search-main em-search-advanced-main-sections\">\n\t<!-- START General Search -->\n<div class=\"em-search-text em-search-field input \">\n\t<label for=\"em-search-text-351111995\" class=\"screen-reader-text\">\n\t\tH\u013eadaj\t<\/label>\n\t<input type=\"text\" name=\"em_search\" class=\"em-search-text\" id=\"em-search-text-351111995\"  placeholder=\"H\u013eadaj\" value=\"\">\n<\/div>\n<!-- END General Search --><!-- START Date Search -->\r\n<div class=\"em-search-scope em-search-field em-datepicker em-datepicker-range input hide-medium hide-small\" data-separator=\"and\"  data-format=\"M j\">\r\n\t<label for=\"em-search-scope-351111995\" class=\"screen-reader-text\">Zadaj d\u00e1tum<\/label>\r\n\t<input id=\"em-search-scope-351111995\" type=\"hidden\" class=\"em-date-input em-search-scope\" aria-hidden=\"true\" placeholder=\"Zadaj d\u00e1tum\">\r\n\t<div class=\"em-datepicker-data\">\r\n\t\t<input type=\"date\" name=\"scope[0]\" value=\"\" aria-label=\"Zadaj d\u00e1tum\">\r\n\t\t<span class=\"separator\">and<\/span>\r\n\t\t<input type=\"date\" name=\"scope[1]\" value=\"\" aria-label=\"and\">\r\n\t<\/div>\r\n<\/div>\r\n<!-- END Date Search --><\/section>\n<section class=\"em-search-advanced-sections input  em-search-advanced-style-accordion\">\n\t    \t<section class=\"em-search-section-location em-search-advanced-section\">\n\t\t<header>Location Options<\/header>\n\t\t<div class=\"em-search-section-content\">\n\t\t\t<div class=\"em-search-location\" >\r\n\t<input type=\"hidden\" name=\"country\" value=\"\" >\t<div class=\"em-search-location-meta\" >\r\n\t<!-- START City Search -->\r\n<div class=\"em-search-town em-search-field\">\r\n\t<label class=\"screen-reader-text\" for=\"em-search-town-351111995\">\r\n\t\tMest\u00e1\/Obce\t<\/label>\r\n\t<select name=\"town\" class=\"em-search-town em-selectize\" id=\"em-search-town-351111995\">\r\n\t\t<option value=''>V\u0161etky Mest\u00e1\/Obce<\/option>\r\n\t\t\t\t\t <option>Medzev<\/option>\r\n\t\t\t\t\t\t <option>Moldava nad Bodvou<\/option>\r\n\t\t\t\t\t\t <option>Ni\u017en\u00fd Medzev<\/option>\r\n\t\t\t\t\t\t <option>Ro\u017e\u0148ava<\/option>\r\n\t\t\t\t<\/select>\r\n<\/div>\r\n<!-- END City Search -->\t<\/div>\r\n<\/div><!-- START Geo Units Search -->\r\n<div class=\"em-search-geo-units em-search-field\" style=\"display:none;\">\r\n\t<label for=\"em-search-geo-unit-351111995\">\r\n\t\tWithin\t<\/label>\r\n\t<select name=\"near_distance\" class=\"em-search-geo-distance\">\r\n\t    \t\t<option value=\"5\" >5<\/option>\r\n\t\t\t\t<option value=\"10\" >10<\/option>\r\n\t\t\t\t<option value=\"25\" selected=\"selected\">25<\/option>\r\n\t\t\t\t<option value=\"50\" >50<\/option>\r\n\t\t\t\t<option value=\"100\" >100<\/option>\r\n\t\t\t<\/select><label class=\"screen-reader-text\" for=\"em-search-geo-unit-351111995\">distance units<\/label><select name=\"near_unit\" class=\"em-search-geo-unit\" id=\"em-search-geo-unit-351111995\">\r\n\t\t<option value=\"mi\">Miles<\/option>\r\n\t\t<option value=\"km\" >Kilometers<\/option>\r\n\t<\/select>\r\n<\/div>\r\n<!-- END Geo Units Search -->\t\t<\/div>\n\t<\/section>\n    \t\t\t<section class=\"em-search-section-categories em-search-advanced-section\">\n\t\t\t<header>Kateg\u00f3rie<\/header>\t\t\t<div class=\"em-search-section-content\">\n\t\t\t\t<!-- START Category Search -->\r\n<div class=\"em-search-category em-search-field\">\r\n\t<label for=\"em-search-category-351111995\" class=\"screen-reader-text\">Kateg\u00f3rie<\/label>\r\n\r\n\t<select name=\"category[]\" class=\"em-search-category em-selectize always-open checkboxes\" id=\"em-search-category-351111995\" multiple\r\n\t        data-default=\"V\u0161etky kateg\u00f3rie\"\r\n\t        data-label=\"Kateg\u00f3rie\"\r\n            data-clear-text=\"Clear Selected\"\r\n            data-selected-text=\"%d Selected\"\r\n\t        placeholder=\"H\u013eadaj v kateg\u00f3riach\">\r\n\t\t\t<option class=\"level-0\" value=\"365\">Cykloturistika<\/option>\n\t<option class=\"level-0\" value=\"390\">Gastro podujatia<\/option>\n\t<option class=\"level-0\" value=\"405\">Jazdectvo<\/option>\n\t<option class=\"level-0\" value=\"369\">Kult\u00farne podujatia<\/option>\n\t<option class=\"level-0\" value=\"366\">K\u00fapanie<\/option>\n\t<option class=\"level-0\" value=\"367\">Lezenie<\/option>\n\t<option class=\"level-0\" value=\"368\">M\u00faze\u00e1 a gal\u00e9rie<\/option>\n\t<option class=\"level-0\" value=\"378\">Ochutn\u00e1vky a degust\u00e1cie<\/option>\n\t<option class=\"level-0\" value=\"371\">Prehliadky<\/option>\n\t<option class=\"level-0\" value=\"372\">Ryb\u00e1r\u010denie<\/option>\n\t<option class=\"level-0\" value=\"370\">\u0160portov\u00e9 podujatia<\/option>\n\t<option class=\"level-0\" value=\"373\">Spr\u00edstupnen\u00e9 jaskyne<\/option>\n\t<option class=\"level-0\" value=\"382\">Trhy<\/option>\n\t<option class=\"level-0\" value=\"374\">V\u00fdlety a turistika<\/option>\n\t<option class=\"level-0\" value=\"375\">V\u00fdstavy a vernis\u00e1\u017ee<\/option>\n\t<option class=\"level-0\" value=\"379\">Workshopy, kurzy a predn\u00e1\u0161ky<\/option>\n\t<option class=\"level-0\" value=\"377\">Zauj\u00edmavosti<\/option>\n\t<\/select>\r\n<\/div>\r\n<!-- END Category Search -->\t\t\t<\/div>\n\t\t<\/section>\n\t\t    <\/section>\t\t<\/div><!-- content -->\n\t\t\t\t<footer class=\"em-submit-section em-search-submit input\">\n\t\t\t\t\t\t<div>\n\t\t\t\t<button type=\"reset\" class=\"button button-secondary\">Clear All<\/button>\n\t\t\t<\/div>\n\t\t\t<div>\n\t\t\t\t<button type=\"submit\" class=\"em-search-submit button button-primary\">H\u013eadaj<\/button>\n\t\t\t<\/div>\n\t\t\t\t\t<\/footer>\n\t\t\t<\/div><!-- modal -->\n<\/div>\t\t\t\t\t\t\t<input type=\"hidden\" name=\"near_distance\" value=\"25\"><input type=\"hidden\" name=\"near_unit\" value=\"mi\">\t<\/form>\n<\/div>\n\n\t<div class='em em-view-container has-search-main has-views no-sorting has-advanced advanced-mode-modal advanced-hidden has-advanced-trigger one-line em-events-search' id=\"em-view-351111995\" data-view=\"grid\"><\/div>\n\n\t\t<div class=\"em em-view-container\" id=\"em-view-1084428961\" data-view=\"calendar\">\r\n\t\t\t<div class=\"em em-calendar preview-modal responsive-dateclick-modal size-small this-month\" data-scope=\"all\" data-preview-tooltips-trigger=\"\" id=\"em-calendar-1084428961\" data-view-id=\"1084428961\" data-view-type=\"calendar\" data-month=\"04\" data-year=\"2026\" data-timezone=\"\">\n\t<section class=\"em-cal-nav em-cal-nav-normal\">\n\t\t\t<div class=\"month input\">\n\t\t\t\t\t<form action=\"\" method=\"get\">\n\t\t\t\t<input type=\"month\" class=\"em-month-picker\" value=\"2026-04\" data-month-value=\"apr 2026\">\n\t\t\t\t<span class=\"toggle\"><\/span>\n\t\t\t<\/form>\n\t\t\t<\/div>\n\t\t\t<div class=\"month-nav input\">\n\t\t<a class=\"em-calnav em-calnav-prev\" href=\"\/info\/wp-json\/wp\/v2\/pages\/26537?mo=3&#038;yr=2026\" data-disabled=\"0\" >\n\t\t\t<svg viewBox=\"0 0 15 15\" xmlns=\"http:\/\/www.w3.org\/2000\/svg\"><path d=\"M10 14L3 7.5L10 1\" stroke=\"#555\" stroke-linecap=\"square\"><\/path><\/svg>\n\t\t<\/a>\n\t\t\t\t\t<a href=\"\" class=\"em-calnav-today button button-secondary size-large size-medium is-today\" >\n\t\t\t\tToday\t\t\t<\/a>\n\t\t\t\t<a class=\"em-calnav em-calnav-next\" href=\"\/info\/wp-json\/wp\/v2\/pages\/26537?mo=5&#038;yr=2026\" data-disabled=\"0\" >\n\t\t\t<svg viewBox=\"0 0 15 15\" xmlns=\"http:\/\/www.w3.org\/2000\/svg\"><path d=\"M5 14L12 7.5L5 1\" stroke=\"#555\" stroke-linecap=\"square\"><\/path><\/svg>\n\t\t<\/a>\n\t<\/div>\n\t<\/section><section class=\"em-cal-head em-cal-week-days em-cal-days size-large\">\n\t\t\t<div class=\"em-cal-day em-cal-col-0\">pondelok<\/div>\n\t\t\t\t<div class=\"em-cal-day em-cal-col-1\">utorok<\/div>\n\t\t\t\t<div class=\"em-cal-day em-cal-col-2\">streda<\/div>\n\t\t\t\t<div class=\"em-cal-day em-cal-col-3\">\u0161tvrtok<\/div>\n\t\t\t\t<div class=\"em-cal-day em-cal-col-4\">piatok<\/div>\n\t\t\t\t<div class=\"em-cal-day em-cal-col-5\">sobota<\/div>\n\t\t\t\t<div class=\"em-cal-day em-cal-col-6\">nede\u013ea<\/div>\n\t\t<\/section>\n<section class=\"em-cal-head em-cal-week-days em-cal-days size-small size-medium\">\n\t\t\t<div class=\"em-cal-day em-cal-col-0\">p<\/div>\n\t\t\t\t<div class=\"em-cal-day em-cal-col-1\">u<\/div>\n\t\t\t\t<div class=\"em-cal-day em-cal-col-2\">s<\/div>\n\t\t\t\t<div class=\"em-cal-day em-cal-col-3\">\u0161<\/div>\n\t\t\t\t<div class=\"em-cal-day em-cal-col-4\">p<\/div>\n\t\t\t\t<div class=\"em-cal-day em-cal-col-5\">s<\/div>\n\t\t\t\t<div class=\"em-cal-day em-cal-col-6\">n<\/div>\n\t\t<\/section><section class=\"em-cal-body em-cal-days event-style-pill even-aspect\">\n\t\t\t<div class=\"eventful eventful-pre em-cal-day em-cal-col-1\">\n\t\t\t\t\t\t\t<div class=\"em-cal-day-date colored\" data-date=\"2026-03-30\" data-timestamp=\"1774828800\" >\n\t\t\t\t\t<a href=\"https:\/\/www.slovensky-kras.eu\/info\/events\/banicke-muzeum-v-roznave-vystava-soch-pera-kuraja-pod-nazvom-pamat-kovu\/\" title=\"\">30<\/a>\n\t\t\t\t\t\t\t\t\t<\/div>\n\t\t\t\t\t\t\t\t\t\t\t<div class=\"em-cal-event multiday has-end days-2\" style=\"--event-background-color:#FFFFFF;;--event-border-color:#ccc;;--event-color:#777;\" data-event-url=\"https:\/\/www.slovensky-kras.eu\/info\/events\/banicke-muzeum-v-roznave-vystava-soch-pera-kuraja-pod-nazvom-pamat-kovu\/\" data-event-id=\"190\">\n\t\t\t\t\t\t\t\t<div>12:00 AM - <a href=\"https:\/\/www.slovensky-kras.eu\/info\/events\/banicke-muzeum-v-roznave-vystava-soch-pera-kuraja-pod-nazvom-pamat-kovu\/\">Ban\u00edcke m\u00fazeum v Ro\u017e\u0148ave : V\u00fdstava s\u00f4ch Pera Kuraja pod n\u00e1zvom Pam\u00e4\u0165 kovu<\/a><\/div>\t\t\t\t\t\t\t<\/div>\n\t\t\t\t\t\t\t\t\t\t\t\t<span class=\"date-day-colors\" data-colors=\"[&quot;#FFFFFF&quot;]\"><\/span>\n\t\t\t\t\t\t\t\t\t\t\t\t\n\t\t\t\t\t<\/div>\n\t\t\t\t<div class=\"eventful eventful-pre em-cal-day em-cal-col-2\">\n\t\t\t\t\t\t\t<div class=\"em-cal-day-date colored\" data-date=\"2026-03-31\" data-timestamp=\"1774915200\" >\n\t\t\t\t\t<a href=\"https:\/\/www.slovensky-kras.eu\/info\/events\/banicke-muzeum-v-roznave-vystava-soch-pera-kuraja-pod-nazvom-pamat-kovu\/\" title=\"\">31<\/a>\n\t\t\t\t\t\t\t\t\t<\/div>\n\t\t\t\t<div class=\"em-cal-event multiday\" data-event-url=\"https:\/\/www.slovensky-kras.eu\/info\/events\/banicke-muzeum-v-roznave-vystava-soch-pera-kuraja-pod-nazvom-pamat-kovu\/\" data-event-id=\"190\"><\/div>\t\t\t\t\t<span class=\"date-day-colors\" data-colors=\"[&quot;#FFFFFF&quot;]\"><\/span>\n\t\t\t\t\t\t\t\t\t\t\t\t\n\t\t\t\t\t<\/div>\n\t\t\t\t<div class=\"eventless em-cal-day em-cal-col-3\">\n\t\t\t\t\t\t\t<div class=\"em-cal-day-date\">\n\t\t\t\t\t<span>1<\/span>\n\t\t\t\t<\/div>\n\t\t\t\t\t<\/div>\n\t\t\t\t<div class=\"eventless em-cal-day em-cal-col-4\">\n\t\t\t\t\t\t\t<div class=\"em-cal-day-date\">\n\t\t\t\t\t<span>2<\/span>\n\t\t\t\t<\/div>\n\t\t\t\t\t<\/div>\n\t\t\t\t<div class=\"eventful eventful em-cal-day em-cal-col-5\">\n\t\t\t\t\t\t\t<div class=\"em-cal-day-date colored\" data-date=\"2026-04-03\" data-timestamp=\"1775174400\" >\n\t\t\t\t\t<a href=\"https:\/\/www.slovensky-kras.eu\/info\/events\/velkonocna-horolezecka-brigada-v-zadieli\/\" title=\"\">3<\/a>\n\t\t\t\t\t\t\t\t\t<\/div>\n\t\t\t\t\t\t\t\t\t\t\t<div class=\"em-cal-event multiday has-start has-end days-2\" style=\"--event-background-color:#a8d144;;--event-border-color:#a8d144;;--event-color:#fff;\" data-event-url=\"https:\/\/www.slovensky-kras.eu\/info\/events\/velkonocna-horolezecka-brigada-v-zadieli\/\" data-event-id=\"194\">\n\t\t\t\t\t\t\t\t<div>12:00 AM - <a href=\"https:\/\/www.slovensky-kras.eu\/info\/events\/velkonocna-horolezecka-brigada-v-zadieli\/\">Ve\u013ekono\u010dn\u00e1 horolezeck\u00e1 brig\u00e1da v Z\u00e1dieli<\/a><\/div>\t\t\t\t\t\t\t<\/div>\n\t\t\t\t\t\t\t\t\t\t\t\t<span class=\"date-day-colors\" data-colors=\"[&quot;#a8d144&quot;]\"><\/span>\n\t\t\t\t\t\t\t\t\t\t\t\t\n\t\t\t\t\t<\/div>\n\t\t\t\t<div class=\"eventful eventful em-cal-day em-cal-col-6\">\n\t\t\t\t\t\t\t<div class=\"em-cal-day-date colored\" data-date=\"2026-04-04\" data-timestamp=\"1775260800\" >\n\t\t\t\t\t<a href=\"https:\/\/www.slovensky-kras.eu\/info\/events-2\/2026-04-04\/\" title=\"\">4<\/a>\n\t\t\t\t\t\t\t\t\t<\/div>\n\t\t\t\t<div class=\"em-cal-event multiday\" data-event-url=\"https:\/\/www.slovensky-kras.eu\/info\/events\/velkonocna-horolezecka-brigada-v-zadieli\/\" data-event-id=\"194\"><\/div>\t\t\t\t\t\t<div class=\"em-cal-event\" style=\"--event-background-color:#FFFFFF;;--event-border-color:#ccc;;--event-color:#777;\" data-event-url=\"https:\/\/www.slovensky-kras.eu\/info\/events\/velkonocna-sobota-v-muzeu-betliar\/\" data-event-id=\"193\">\n\t\t\t\t\t\t\t<div>12:00 AM - <a href=\"https:\/\/www.slovensky-kras.eu\/info\/events\/velkonocna-sobota-v-muzeu-betliar\/\">Ve\u013ekono\u010dn\u00e1 sobota v M\u00fazeu Betliar<\/a><\/div>\n\t\t\t\t\t\t<\/div>\n\t\t\t\t\t\t\t\t\t\t\t<span class=\"date-day-colors\" data-colors=\"[&quot;#a8d144&quot;,&quot;#FFFFFF&quot;]\"><\/span>\n\t\t\t\t\t\t\t\t\t\t\t\t\n\t\t\t\t\t<\/div>\n\t\t\t\t<div class=\"eventless em-cal-day em-cal-col-7\">\n\t\t\t\t\t\t\t<div class=\"em-cal-day-date\">\n\t\t\t\t\t<span>5<\/span>\n\t\t\t\t<\/div>\n\t\t\t\t\t<\/div>\n\t\t\t\t<div class=\"eventless em-cal-day em-cal-col-1\">\n\t\t\t\t\t\t\t<div class=\"em-cal-day-date\">\n\t\t\t\t\t<span>6<\/span>\n\t\t\t\t<\/div>\n\t\t\t\t\t<\/div>\n\t\t\t\t<div class=\"eventless em-cal-day em-cal-col-2\">\n\t\t\t\t\t\t\t<div class=\"em-cal-day-date\">\n\t\t\t\t\t<span>7<\/span>\n\t\t\t\t<\/div>\n\t\t\t\t\t<\/div>\n\t\t\t\t<div class=\"eventless em-cal-day em-cal-col-3\">\n\t\t\t\t\t\t\t<div class=\"em-cal-day-date\">\n\t\t\t\t\t<span>8<\/span>\n\t\t\t\t<\/div>\n\t\t\t\t\t<\/div>\n\t\t\t\t<div class=\"eventless em-cal-day em-cal-col-4\">\n\t\t\t\t\t\t\t<div class=\"em-cal-day-date\">\n\t\t\t\t\t<span>9<\/span>\n\t\t\t\t<\/div>\n\t\t\t\t\t<\/div>\n\t\t\t\t<div class=\"eventless em-cal-day em-cal-col-5\">\n\t\t\t\t\t\t\t<div class=\"em-cal-day-date\">\n\t\t\t\t\t<span>10<\/span>\n\t\t\t\t<\/div>\n\t\t\t\t\t<\/div>\n\t\t\t\t<div class=\"eventful eventful em-cal-day em-cal-col-6\">\n\t\t\t\t\t\t\t<div class=\"em-cal-day-date colored\" data-date=\"2026-04-11\" data-timestamp=\"1775865600\" >\n\t\t\t\t\t<a href=\"https:\/\/www.slovensky-kras.eu\/info\/events\/radio-regina-vychod-pozyva-posluchacov-na-krasnu-turu-do-slovenskeho-krasu\/\" title=\"\">11<\/a>\n\t\t\t\t\t\t\t\t\t<\/div>\n\t\t\t\t\t\t\t\t\t\t<div class=\"em-cal-event\" style=\"--event-background-color:#FFFFFF;;--event-border-color:#ccc;;--event-color:#777;\" data-event-url=\"https:\/\/www.slovensky-kras.eu\/info\/events\/radio-regina-vychod-pozyva-posluchacov-na-krasnu-turu-do-slovenskeho-krasu\/\" data-event-id=\"196\">\n\t\t\t\t\t\t\t<div>12:00 AM - <a href=\"https:\/\/www.slovensky-kras.eu\/info\/events\/radio-regina-vychod-pozyva-posluchacov-na-krasnu-turu-do-slovenskeho-krasu\/\">R\u00e1dio Regina V\u00fdchod poz\u00fdva posluch\u00e1\u010dov na kr\u00e1snu t\u00faru do Slovensk\u00e9ho krasu<\/a><\/div>\n\t\t\t\t\t\t<\/div>\n\t\t\t\t\t\t\t\t\t\t\t<span class=\"date-day-colors\" data-colors=\"[&quot;#FFFFFF&quot;]\"><\/span>\n\t\t\t\t\t\t\t\t\t\t\t\t\n\t\t\t\t\t<\/div>\n\t\t\t\t<div class=\"eventless em-cal-day em-cal-col-7\">\n\t\t\t\t\t\t\t<div class=\"em-cal-day-date\">\n\t\t\t\t\t<span>12<\/span>\n\t\t\t\t<\/div>\n\t\t\t\t\t<\/div>\n\t\t\t\t<div class=\"eventless em-cal-day em-cal-col-1\">\n\t\t\t\t\t\t\t<div class=\"em-cal-day-date\">\n\t\t\t\t\t<span>13<\/span>\n\t\t\t\t<\/div>\n\t\t\t\t\t<\/div>\n\t\t\t\t<div class=\"eventless em-cal-day em-cal-col-2\">\n\t\t\t\t\t\t\t<div class=\"em-cal-day-date\">\n\t\t\t\t\t<span>14<\/span>\n\t\t\t\t<\/div>\n\t\t\t\t\t<\/div>\n\t\t\t\t<div class=\"eventless em-cal-day em-cal-col-3\">\n\t\t\t\t\t\t\t<div class=\"em-cal-day-date\">\n\t\t\t\t\t<span>15<\/span>\n\t\t\t\t<\/div>\n\t\t\t\t\t<\/div>\n\t\t\t\t<div class=\"eventless em-cal-day em-cal-col-4\">\n\t\t\t\t\t\t\t<div class=\"em-cal-day-date\">\n\t\t\t\t\t<span>16<\/span>\n\t\t\t\t<\/div>\n\t\t\t\t\t<\/div>\n\t\t\t\t<div class=\"eventless em-cal-day em-cal-col-5\">\n\t\t\t\t\t\t\t<div class=\"em-cal-day-date\">\n\t\t\t\t\t<span>17<\/span>\n\t\t\t\t<\/div>\n\t\t\t\t\t<\/div>\n\t\t\t\t<div class=\"eventful eventful em-cal-day em-cal-col-6\">\n\t\t\t\t\t\t\t<div class=\"em-cal-day-date colored\" data-date=\"2026-04-18\" data-timestamp=\"1776470400\" >\n\t\t\t\t\t<a href=\"https:\/\/www.slovensky-kras.eu\/info\/events\/k-sibenici-pod-planinou\/\" title=\"\">18<\/a>\n\t\t\t\t\t\t\t\t\t<\/div>\n\t\t\t\t\t\t\t\t\t\t<div class=\"em-cal-event\" style=\"--event-background-color:#FFFFFF;;--event-border-color:#ccc;;--event-color:#777;\" data-event-url=\"https:\/\/www.slovensky-kras.eu\/info\/events\/k-sibenici-pod-planinou\/\" data-event-id=\"195\">\n\t\t\t\t\t\t\t<div>12:00 AM - <a href=\"https:\/\/www.slovensky-kras.eu\/info\/events\/k-sibenici-pod-planinou\/\">K \u0161ibenici pod planinou<\/a><\/div>\n\t\t\t\t\t\t<\/div>\n\t\t\t\t\t\t\t\t\t\t\t<span class=\"date-day-colors\" data-colors=\"[&quot;#FFFFFF&quot;]\"><\/span>\n\t\t\t\t\t\t\t\t\t\t\t\t\n\t\t\t\t\t<\/div>\n\t\t\t\t<div class=\"eventless em-cal-day em-cal-col-7\">\n\t\t\t\t\t\t\t<div class=\"em-cal-day-date\">\n\t\t\t\t\t<span>19<\/span>\n\t\t\t\t<\/div>\n\t\t\t\t\t<\/div>\n\t\t\t\t<div class=\"eventless em-cal-day em-cal-col-1\">\n\t\t\t\t\t\t\t<div class=\"em-cal-day-date\">\n\t\t\t\t\t<span>20<\/span>\n\t\t\t\t<\/div>\n\t\t\t\t\t<\/div>\n\t\t\t\t<div class=\"eventless em-cal-day em-cal-col-2\">\n\t\t\t\t\t\t\t<div class=\"em-cal-day-date\">\n\t\t\t\t\t<span>21<\/span>\n\t\t\t\t<\/div>\n\t\t\t\t\t<\/div>\n\t\t\t\t<div class=\"eventless em-cal-day em-cal-col-3\">\n\t\t\t\t\t\t\t<div class=\"em-cal-day-date\">\n\t\t\t\t\t<span>22<\/span>\n\t\t\t\t<\/div>\n\t\t\t\t\t<\/div>\n\t\t\t\t<div class=\"eventless em-cal-day em-cal-col-4\">\n\t\t\t\t\t\t\t<div class=\"em-cal-day-date\">\n\t\t\t\t\t<span>23<\/span>\n\t\t\t\t<\/div>\n\t\t\t\t\t<\/div>\n\t\t\t\t<div class=\"eventless em-cal-day em-cal-col-5\">\n\t\t\t\t\t\t\t<div class=\"em-cal-day-date\">\n\t\t\t\t\t<span>24<\/span>\n\t\t\t\t<\/div>\n\t\t\t\t\t<\/div>\n\t\t\t\t<div class=\"eventless em-cal-day em-cal-col-6\">\n\t\t\t\t\t\t\t<div class=\"em-cal-day-date\">\n\t\t\t\t\t<span>25<\/span>\n\t\t\t\t<\/div>\n\t\t\t\t\t<\/div>\n\t\t\t\t<div class=\"eventless em-cal-day em-cal-col-7\">\n\t\t\t\t\t\t\t<div class=\"em-cal-day-date\">\n\t\t\t\t\t<span>26<\/span>\n\t\t\t\t<\/div>\n\t\t\t\t\t<\/div>\n\t\t\t\t<div class=\"eventless em-cal-day em-cal-col-1\">\n\t\t\t\t\t\t\t<div class=\"em-cal-day-date\">\n\t\t\t\t\t<span>27<\/span>\n\t\t\t\t<\/div>\n\t\t\t\t\t<\/div>\n\t\t\t\t<div class=\"eventless em-cal-day em-cal-col-2\">\n\t\t\t\t\t\t\t<div class=\"em-cal-day-date\">\n\t\t\t\t\t<span>28<\/span>\n\t\t\t\t<\/div>\n\t\t\t\t\t<\/div>\n\t\t\t\t<div class=\"eventless em-cal-day em-cal-col-3\">\n\t\t\t\t\t\t\t<div class=\"em-cal-day-date\">\n\t\t\t\t\t<span>29<\/span>\n\t\t\t\t<\/div>\n\t\t\t\t\t<\/div>\n\t\t\t\t<div class=\"eventful eventful-today em-cal-day em-cal-col-4\">\n\t\t\t\t\t\t\t<div class=\"em-cal-day-date colored\" data-date=\"2026-04-30\" data-timestamp=\"1777507200\" >\n\t\t\t\t\t<a href=\"https:\/\/www.slovensky-kras.eu\/info\/events\/zupne-dni-2026-v-roznave\/\" title=\"\">30<\/a>\n\t\t\t\t\t\t\t\t\t<\/div>\n\t\t\t\t\t\t\t\t\t\t<div class=\"em-cal-event\" style=\"--event-background-color:#FFFFFF;;--event-border-color:#ccc;;--event-color:#777;\" data-event-url=\"https:\/\/www.slovensky-kras.eu\/info\/events\/zupne-dni-2026-v-roznave\/\" data-event-id=\"200\">\n\t\t\t\t\t\t\t<div>12:00 AM - <a href=\"https:\/\/www.slovensky-kras.eu\/info\/events\/zupne-dni-2026-v-roznave\/\">\u017dupn\u00e9 dni 2026 v RO\u017d\u0147AVE<\/a><\/div>\n\t\t\t\t\t\t<\/div>\n\t\t\t\t\t\t\t\t\t\t\t<span class=\"date-day-colors\" data-colors=\"[&quot;#FFFFFF&quot;]\"><\/span>\n\t\t\t\t\t\t\t\t\t\t\t\t\n\t\t\t\t\t<\/div>\n\t\t\t\t<div class=\"eventful eventful-post em-cal-day em-cal-col-5\">\n\t\t\t\t\t\t\t<div class=\"em-cal-day-date colored\" data-date=\"2026-05-01\" data-timestamp=\"1777593600\" >\n\t\t\t\t\t<a href=\"https:\/\/www.slovensky-kras.eu\/info\/events-2\/2026-05-01\/\" title=\"\">1<\/a>\n\t\t\t\t\t\t\t\t\t<\/div>\n\t\t\t\t\t\t\t\t\t\t<div class=\"em-cal-event\" style=\"--event-background-color:#a8d144;;--event-border-color:#a8d144;;--event-color:#fff;\" data-event-url=\"https:\/\/www.slovensky-kras.eu\/info\/events\/prvomajove-vozenie-konskym-zaprahom-v-drnave\/\" data-event-id=\"197\">\n\t\t\t\t\t\t\t<div>12:00 AM - <a href=\"https:\/\/www.slovensky-kras.eu\/info\/events\/prvomajove-vozenie-konskym-zaprahom-v-drnave\/\">Prvom\u00e1jov\u00e9 vozenie konsk\u00fdm z\u00e1prahom v Drnave<\/a><\/div>\n\t\t\t\t\t\t<\/div>\n\t\t\t\t\t\t\t\t\t\t\t\t<div class=\"em-cal-event\" style=\"--event-background-color:#FFFFFF;;--event-border-color:#ccc;;--event-color:#777;\" data-event-url=\"https:\/\/www.slovensky-kras.eu\/info\/events\/vino-v-remesle-remeslo-vo-vine\/\" data-event-id=\"199\">\n\t\t\t\t\t\t\t<div>12:00 AM - <a href=\"https:\/\/www.slovensky-kras.eu\/info\/events\/vino-v-remesle-remeslo-vo-vine\/\">V\u00edno v remesle remeslo vo v\u00edne<\/a><\/div>\n\t\t\t\t\t\t<\/div>\n\t\t\t\t\t\t\t\t\t\t\t<span class=\"date-day-colors\" data-colors=\"[&quot;#a8d144&quot;,&quot;#FFFFFF&quot;]\"><\/span>\n\t\t\t\t\t\t\t\t\t\t\t\t\n\t\t\t\t\t<\/div>\n\t\t\t\t<div class=\"eventful eventful-post em-cal-day em-cal-col-6\">\n\t\t\t\t\t\t\t<div class=\"em-cal-day-date colored\" data-date=\"2026-05-02\" data-timestamp=\"1777680000\" >\n\t\t\t\t\t<a href=\"https:\/\/www.slovensky-kras.eu\/info\/events-2\/2026-05-02\/\" title=\"\">2<\/a>\n\t\t\t\t\t\t\t\t\t<\/div>\n\t\t\t\t\t\t\t\t\t\t\t<div class=\"em-cal-event multiday has-start days-2\" style=\"--event-background-color:#a8d144;;--event-border-color:#a8d144;;--event-color:#fff;\" data-event-url=\"https:\/\/www.slovensky-kras.eu\/info\/events\/park-resort-zadiel-prinasa-nezabudnutelny-gurmansky-zazitok-v-prirode\/\" data-event-id=\"202\">\n\t\t\t\t\t\t\t\t<div>12:00 AM - <a href=\"https:\/\/www.slovensky-kras.eu\/info\/events\/park-resort-zadiel-prinasa-nezabudnutelny-gurmansky-zazitok-v-prirode\/\">Park Resort \u2013 Z\u00e1diel prin\u00e1\u0161a nezabudnute\u013en\u00fd gurm\u00e1nsky z\u00e1\u017eitok v pr\u00edrode<\/a><\/div>\t\t\t\t\t\t\t<\/div>\n\t\t\t\t\t\t\t\t\t\t\t\t\t<div class=\"em-cal-event\" style=\"--event-background-color:#FFFFFF;;--event-border-color:#ccc;;--event-color:#777;\" data-event-url=\"https:\/\/www.slovensky-kras.eu\/info\/events\/snm-muzeum-betliar-kvetinovy-a-remeselnicky-trh-v-parku-kastiela\/\" data-event-id=\"203\">\n\t\t\t\t\t\t\t<div>12:00 AM - <a href=\"https:\/\/www.slovensky-kras.eu\/info\/events\/snm-muzeum-betliar-kvetinovy-a-remeselnicky-trh-v-parku-kastiela\/\">SNM - M\u00fazeum Betliar : Kvetinov\u00fd a remeseln\u00edcky trh v parku ka\u0161tie\u013ea<\/a><\/div>\n\t\t\t\t\t\t<\/div>\n\t\t\t\t\t\t\t\t\t\t\t<span class=\"date-day-colors\" data-colors=\"[&quot;#a8d144&quot;,&quot;#FFFFFF&quot;]\"><\/span>\n\t\t\t\t\t\t\t\t\t\t\t\t\n\t\t\t\t\t<\/div>\n\t\t\t\t<div class=\"eventful eventful-post em-cal-day em-cal-col-7\">\n\t\t\t\t\t\t\t<div class=\"em-cal-day-date colored\" data-date=\"2026-05-03\" data-timestamp=\"1777766400\" >\n\t\t\t\t\t<a href=\"https:\/\/www.slovensky-kras.eu\/info\/events\/park-resort-zadiel-prinasa-nezabudnutelny-gurmansky-zazitok-v-prirode\/\" title=\"\">3<\/a>\n\t\t\t\t\t\t\t\t\t<\/div>\n\t\t\t\t<div class=\"em-cal-event multiday\" data-event-url=\"https:\/\/www.slovensky-kras.eu\/info\/events\/park-resort-zadiel-prinasa-nezabudnutelny-gurmansky-zazitok-v-prirode\/\" data-event-id=\"202\"><\/div>\t\t\t\t\t<span class=\"date-day-colors\" data-colors=\"[&quot;#a8d144&quot;]\"><\/span>\n\t\t\t\t\t\t\t\t\t\t\t\t\n\t\t\t\t\t<\/div>\n\t\t<\/section><section class=\"em-cal-events-content\" id=\"em-cal-events-content-1084428961\">\n\t\t\t\t\t\t\t\t<div class=\"em em-calendar-preview em-modal em-cal-event-content\" data-event-id=\"190\" data-parent=\"em-cal-events-content-1084428961\">\n\t<div class=\"em-modal-popup\">\n\t\t<header>\n\t\t\t<a class=\"em-close-modal\"><\/a><!-- close modal -->\n\t\t\t<div class=\"em-modal-title\">\n\t\t\t\t<a href=\"https:\/\/www.slovensky-kras.eu\/info\/events\/banicke-muzeum-v-roznave-vystava-soch-pera-kuraja-pod-nazvom-pamat-kovu\/\">Ban\u00edcke m\u00fazeum v Ro\u017e\u0148ave : V\u00fdstava s\u00f4ch Pera Kuraja pod n\u00e1zvom Pam\u00e4\u0165 kovu<\/a>\t\t\t<\/div>\n\t\t<\/header>\n\t\t<div class=\"em-modal-content\">\n\t\t\t<div class=\"em em-calendar-preview em-list em-events-list\">\n\t<div class=\"em-event em-item\" style=\"--default-border:#FFFFFF;\">\n\t\t<div class=\"em-item-image has-placeholder\">\n\t\t\t\n\t\t\t\n\t\t\t<div class=\"em-item-image-placeholder\">\n\t\t\t\t<div class=\"date\">\n\t\t\t\t\t<span class=\"day\">05<\/span>\n\t\t\t\t\t<span class=\"month\">feb<\/span>\n\t\t\t\t<\/div>\n\t\t\t<\/div>\n\t\t\t\n\t\t<\/div>\n\t\t<div class=\"em-item-info\">\n\t\t\t<div class=\"em-event-meta em-item-meta\">\n\t\t\t\t<div class=\"em-item-meta-line em-event-date em-event-meta-datetime\">\n\t\t\t\t\t<span class=\"em-icon-calendar em-icon\"><\/span>\n\t\t\t\t\t5. febru\u00e1ra 2026 - 31. marca 2026&nbsp;&nbsp;&nbsp;&nbsp;\n\t\t\t\t<\/div>\n\t\t\t\t<div class=\"em-item-meta-line em-event-time em-event-meta-datetime\">\n\t\t\t\t\t<span class=\"em-icon-clock em-icon\"><\/span>\n\t\t\t\t\t0:00\n\t\t\t\t<\/div>\n\t\t\t\t\n\t\t\t\t\n\t\t\t\t\n\t\t\t\t\n\t\t\t\t<div class=\"em-item-meta-line em-item-taxonomy em-event-categories\">\n\t\t\t\t\t<span class=\"em-icon-category em-icon\"><\/span>\n\t\t\t\t\t<div>\t<ul class=\"event-categories\">\r\n\t\t\t\t\t<li><a href=\"https:\/\/www.slovensky-kras.eu\/info\/events\/categories\/muzea-a-galerie\/\">M\u00faze\u00e1 a gal\u00e9rie<\/a><\/li>\r\n\t\t\t\t\t<li><a href=\"https:\/\/www.slovensky-kras.eu\/info\/events\/categories\/vystavy-a-vernisaze\/\">V\u00fdstavy a vernis\u00e1\u017ee<\/a><\/li>\r\n\t\t\t<\/ul>\r\n\t<\/div>\n\t\t\t\t<\/div>\n\t\t\t\t\n\t\t\t\t\n\t\t\t<\/div>\n\t\t\t<div class=\"em-item-desc\">\n\t\t\t\tKde m\u00f4\u017eete zhliadnu\u0165 v\u00fdstavu s\u00f4ch Pera Kuraja pod n\u00e1zvom Pam\u00e4\u0165 kovu? Ban\u00edcke m\u00fazeum v Ro\u017e\u0148ave , kult\u00farne zariadenie Ko\u0161ick\u00e9ho samospr\u00e1vneho kraja, poz\u00fdva na jedine\u010dn\u00fa v\u00fdstavu [...]\n\t\t\t<\/div>\n\t\t\t<div class=\"em-item-actions input\">\n\t\t\t\t<a class=\"em-item-read-more button\" href=\"https:\/\/www.slovensky-kras.eu\/info\/events\/banicke-muzeum-v-roznave-vystava-soch-pera-kuraja-pod-nazvom-pamat-kovu\/\">More Info<\/a>\n\t\t\t\t\n\t\t\t<\/div>\n\t\t<\/div>\n\t<\/div>\n<\/div>\t\t<\/div><!-- content -->\n\t\n\t<\/div><!-- modal -->\n<\/div>\t\t\t\t\t<div class=\"em em-calendar-preview em-modal em-cal-event-content\" data-event-id=\"194\" data-parent=\"em-cal-events-content-1084428961\">\n\t<div class=\"em-modal-popup\">\n\t\t<header>\n\t\t\t<a class=\"em-close-modal\"><\/a><!-- close modal -->\n\t\t\t<div class=\"em-modal-title\">\n\t\t\t\t<a href=\"https:\/\/www.slovensky-kras.eu\/info\/events\/velkonocna-horolezecka-brigada-v-zadieli\/\">Ve\u013ekono\u010dn\u00e1 horolezeck\u00e1 brig\u00e1da v Z\u00e1dieli<\/a>\t\t\t<\/div>\n\t\t<\/header>\n\t\t<div class=\"em-modal-content\">\n\t\t\t<div class=\"em em-calendar-preview em-list em-events-list\">\n\t<div class=\"em-event em-item\" style=\"--default-border:#a8d144;\">\n\t\t<div class=\"em-item-image has-placeholder\">\n\t\t\t\n\t\t\t\n\t\t\t<div class=\"em-item-image-placeholder\">\n\t\t\t\t<div class=\"date\">\n\t\t\t\t\t<span class=\"day\">03<\/span>\n\t\t\t\t\t<span class=\"month\">apr<\/span>\n\t\t\t\t<\/div>\n\t\t\t<\/div>\n\t\t\t\n\t\t<\/div>\n\t\t<div class=\"em-item-info\">\n\t\t\t<div class=\"em-event-meta em-item-meta\">\n\t\t\t\t<div class=\"em-item-meta-line em-event-date em-event-meta-datetime\">\n\t\t\t\t\t<span class=\"em-icon-calendar em-icon\"><\/span>\n\t\t\t\t\t3. apr\u00edla 2026 - 4. apr\u00edla 2026&nbsp;&nbsp;&nbsp;&nbsp;\n\t\t\t\t<\/div>\n\t\t\t\t<div class=\"em-item-meta-line em-event-time em-event-meta-datetime\">\n\t\t\t\t\t<span class=\"em-icon-clock em-icon\"><\/span>\n\t\t\t\t\t0:00\n\t\t\t\t<\/div>\n\t\t\t\t\n\t\t\t\t\n\t\t\t\t\n\t\t\t\t\n\t\t\t\t\n\t\t\t<\/div>\n\t\t\t<div class=\"em-item-desc\">\n\t\t\t\tKedy sa uskuto\u010dn\u00ed Ve\u013ekono\u010dn\u00e1 horolezeck\u00e1 brig\u00e1da v Z\u00e1dieli a kto ju organizuje? Chcete za\u017ei\u0165 atmosf\u00e9ru v jednej z najkraj\u0161\u00edch dol\u00edn a pripravi\u0165 z\u00e1zemie pre nov\u00fa [...]\n\t\t\t<\/div>\n\t\t\t<div class=\"em-item-actions input\">\n\t\t\t\t<a class=\"em-item-read-more button\" href=\"https:\/\/www.slovensky-kras.eu\/info\/events\/velkonocna-horolezecka-brigada-v-zadieli\/\">More Info<\/a>\n\t\t\t\t\n\t\t\t<\/div>\n\t\t<\/div>\n\t<\/div>\n<\/div>\t\t<\/div><!-- content -->\n\t\n\t<\/div><!-- modal -->\n<\/div>\t\t\t\t\t<div class=\"em em-calendar-preview em-modal em-cal-event-content\" data-event-id=\"193\" data-parent=\"em-cal-events-content-1084428961\">\n\t<div class=\"em-modal-popup\">\n\t\t<header>\n\t\t\t<a class=\"em-close-modal\"><\/a><!-- close modal -->\n\t\t\t<div class=\"em-modal-title\">\n\t\t\t\t<a href=\"https:\/\/www.slovensky-kras.eu\/info\/events\/velkonocna-sobota-v-muzeu-betliar\/\">Ve\u013ekono\u010dn\u00e1 sobota v M\u00fazeu Betliar<\/a>\t\t\t<\/div>\n\t\t<\/header>\n\t\t<div class=\"em-modal-content\">\n\t\t\t<div class=\"em em-calendar-preview em-list em-events-list\">\n\t<div class=\"em-event em-item\" style=\"--default-border:#FFFFFF;\">\n\t\t<div class=\"em-item-image has-placeholder\">\n\t\t\t\n\t\t\t\n\t\t\t<div class=\"em-item-image-placeholder\">\n\t\t\t\t<div class=\"date\">\n\t\t\t\t\t<span class=\"day\">04<\/span>\n\t\t\t\t\t<span class=\"month\">apr<\/span>\n\t\t\t\t<\/div>\n\t\t\t<\/div>\n\t\t\t\n\t\t<\/div>\n\t\t<div class=\"em-item-info\">\n\t\t\t<div class=\"em-event-meta em-item-meta\">\n\t\t\t\t<div class=\"em-item-meta-line em-event-date em-event-meta-datetime\">\n\t\t\t\t\t<span class=\"em-icon-calendar em-icon\"><\/span>\n\t\t\t\t\t4. apr\u00edla 2026&nbsp;&nbsp;&nbsp;&nbsp;\n\t\t\t\t<\/div>\n\t\t\t\t<div class=\"em-item-meta-line em-event-time em-event-meta-datetime\">\n\t\t\t\t\t<span class=\"em-icon-clock em-icon\"><\/span>\n\t\t\t\t\t0:00\n\t\t\t\t<\/div>\n\t\t\t\t\n\t\t\t\t\n\t\t\t\t\n\t\t\t\t\n\t\t\t\t<div class=\"em-item-meta-line em-item-taxonomy em-event-categories\">\n\t\t\t\t\t<span class=\"em-icon-category em-icon\"><\/span>\n\t\t\t\t\t<div>\t<ul class=\"event-categories\">\r\n\t\t\t\t\t<li><a href=\"https:\/\/www.slovensky-kras.eu\/info\/events\/categories\/kulturne-podujatia\/\">Kult\u00farne podujatia<\/a><\/li>\r\n\t\t\t\t\t<li><a href=\"https:\/\/www.slovensky-kras.eu\/info\/events\/categories\/muzea-a-galerie\/\">M\u00faze\u00e1 a gal\u00e9rie<\/a><\/li>\r\n\t\t\t<\/ul>\r\n\t<\/div>\n\t\t\t\t<\/div>\n\t\t\t\t\n\t\t\t\t\n\t\t\t<\/div>\n\t\t\t<div class=\"em-item-desc\">\n\t\t\t\tVe\u013ekono\u010dn\u00e1 sobota v M\u00fazeu Betliar: \u010co za\u017ei\u0165 po\u010das jedine\u010dn\u00e9ho sviato\u010dn\u00e9ho d\u0148a pln\u00e9ho trad\u00edci\u00ed? Ve\u013ekono\u010dn\u00e1 sobota v M\u00fazeu Betliar v\u00e1s vtiahne do atmosf\u00e9ry, kde sa trad\u00edcia [...]\n\t\t\t<\/div>\n\t\t\t<div class=\"em-item-actions input\">\n\t\t\t\t<a class=\"em-item-read-more button\" href=\"https:\/\/www.slovensky-kras.eu\/info\/events\/velkonocna-sobota-v-muzeu-betliar\/\">More Info<\/a>\n\t\t\t\t\n\t\t\t<\/div>\n\t\t<\/div>\n\t<\/div>\n<\/div>\t\t<\/div><!-- content -->\n\t\n\t<\/div><!-- modal -->\n<\/div>\t\t\t\t\t<div class=\"em em-calendar-preview em-modal em-cal-event-content\" data-event-id=\"196\" data-parent=\"em-cal-events-content-1084428961\">\n\t<div class=\"em-modal-popup\">\n\t\t<header>\n\t\t\t<a class=\"em-close-modal\"><\/a><!-- close modal -->\n\t\t\t<div class=\"em-modal-title\">\n\t\t\t\t<a href=\"https:\/\/www.slovensky-kras.eu\/info\/events\/radio-regina-vychod-pozyva-posluchacov-na-krasnu-turu-do-slovenskeho-krasu\/\">R\u00e1dio Regina V\u00fdchod poz\u00fdva posluch\u00e1\u010dov na kr\u00e1snu t\u00faru do Slovensk\u00e9ho krasu<\/a>\t\t\t<\/div>\n\t\t<\/header>\n\t\t<div class=\"em-modal-content\">\n\t\t\t<div class=\"em em-calendar-preview em-list em-events-list\">\n\t<div class=\"em-event em-item\" style=\"--default-border:#FFFFFF;\">\n\t\t<div class=\"em-item-image has-placeholder\">\n\t\t\t\n\t\t\t\n\t\t\t<div class=\"em-item-image-placeholder\">\n\t\t\t\t<div class=\"date\">\n\t\t\t\t\t<span class=\"day\">11<\/span>\n\t\t\t\t\t<span class=\"month\">apr<\/span>\n\t\t\t\t<\/div>\n\t\t\t<\/div>\n\t\t\t\n\t\t<\/div>\n\t\t<div class=\"em-item-info\">\n\t\t\t<div class=\"em-event-meta em-item-meta\">\n\t\t\t\t<div class=\"em-item-meta-line em-event-date em-event-meta-datetime\">\n\t\t\t\t\t<span class=\"em-icon-calendar em-icon\"><\/span>\n\t\t\t\t\t11. apr\u00edla 2026&nbsp;&nbsp;&nbsp;&nbsp;\n\t\t\t\t<\/div>\n\t\t\t\t<div class=\"em-item-meta-line em-event-time em-event-meta-datetime\">\n\t\t\t\t\t<span class=\"em-icon-clock em-icon\"><\/span>\n\t\t\t\t\t0:00\n\t\t\t\t<\/div>\n\t\t\t\t\n\t\t\t\t\n\t\t\t\t\n\t\t\t\t\n\t\t\t\t<div class=\"em-item-meta-line em-item-taxonomy em-event-categories\">\n\t\t\t\t\t<span class=\"em-icon-category em-icon\"><\/span>\n\t\t\t\t\t<div>\t<ul class=\"event-categories\">\r\n\t\t\t\t\t<li><a href=\"https:\/\/www.slovensky-kras.eu\/info\/events\/categories\/vylety-a-turistika\/\">V\u00fdlety a turistika<\/a><\/li>\r\n\t\t\t<\/ul>\r\n\t<\/div>\n\t\t\t\t<\/div>\n\t\t\t\t\n\t\t\t\t\n\t\t\t<\/div>\n\t\t\t<div class=\"em-item-desc\">\n\t\t\t\tR\u00e1dio Regina V\u00fdchod v\u00e1s poz\u00fdva na jarn\u00fd v\u00fdstup: Osl\u00e1vte storo\u010dnicu rozhlasu v srdci Slovensk\u00e9ho krasu Objavte kr\u00e1sy Slovensk\u00e9ho krasu s rozhlasov\u00fdmi legendami a osl\u00e1vte storo\u010dnicu [...]\n\t\t\t<\/div>\n\t\t\t<div class=\"em-item-actions input\">\n\t\t\t\t<a class=\"em-item-read-more button\" href=\"https:\/\/www.slovensky-kras.eu\/info\/events\/radio-regina-vychod-pozyva-posluchacov-na-krasnu-turu-do-slovenskeho-krasu\/\">More Info<\/a>\n\t\t\t\t\n\t\t\t<\/div>\n\t\t<\/div>\n\t<\/div>\n<\/div>\t\t<\/div><!-- content -->\n\t\n\t<\/div><!-- modal -->\n<\/div>\t\t\t\t\t<div class=\"em em-calendar-preview em-modal em-cal-event-content\" data-event-id=\"195\" data-parent=\"em-cal-events-content-1084428961\">\n\t<div class=\"em-modal-popup\">\n\t\t<header>\n\t\t\t<a class=\"em-close-modal\"><\/a><!-- close modal -->\n\t\t\t<div class=\"em-modal-title\">\n\t\t\t\t<a href=\"https:\/\/www.slovensky-kras.eu\/info\/events\/k-sibenici-pod-planinou\/\">K \u0161ibenici pod planinou<\/a>\t\t\t<\/div>\n\t\t<\/header>\n\t\t<div class=\"em-modal-content\">\n\t\t\t<div class=\"em em-calendar-preview em-list em-events-list\">\n\t<div class=\"em-event em-item\" style=\"--default-border:#FFFFFF;\">\n\t\t<div class=\"em-item-image \">\n\t\t\t\n\t\t\t<img src='https:\/\/www.slovensky-kras.eu\/info\/wp-content\/uploads\/2026\/04\/planina-vylet.jpg' alt='K \u0161ibenici pod planinou'\/>\n\t\t\t\n\t\t\t\n\t\t<\/div>\n\t\t<div class=\"em-item-info\">\n\t\t\t<div class=\"em-event-meta em-item-meta\">\n\t\t\t\t<div class=\"em-item-meta-line em-event-date em-event-meta-datetime\">\n\t\t\t\t\t<span class=\"em-icon-calendar em-icon\"><\/span>\n\t\t\t\t\t18. apr\u00edla 2026&nbsp;&nbsp;&nbsp;&nbsp;\n\t\t\t\t<\/div>\n\t\t\t\t<div class=\"em-item-meta-line em-event-time em-event-meta-datetime\">\n\t\t\t\t\t<span class=\"em-icon-clock em-icon\"><\/span>\n\t\t\t\t\t0:00\n\t\t\t\t<\/div>\n\t\t\t\t\n\t\t\t\t\n\t\t\t\t\n\t\t\t\t\n\t\t\t\t<div class=\"em-item-meta-line em-item-taxonomy em-event-categories\">\n\t\t\t\t\t<span class=\"em-icon-category em-icon\"><\/span>\n\t\t\t\t\t<div>\t<ul class=\"event-categories\">\r\n\t\t\t\t\t<li><a href=\"https:\/\/www.slovensky-kras.eu\/info\/events\/categories\/vylety-a-turistika\/\">V\u00fdlety a turistika<\/a><\/li>\r\n\t\t\t<\/ul>\r\n\t<\/div>\n\t\t\t\t<\/div>\n\t\t\t\t\n\t\t\t\t\n\t\t\t<\/div>\n\t\t\t<div class=\"em-item-desc\">\n\t\t\t\tPre\u010do sa vyda\u0165 na v\u00fdlet K \u0161ibenici pod planinou a odhali\u0165 temn\u00e9 tajomstv\u00e1 hist\u00f3rie? Zabudnite na f\u00e1dne prech\u00e1dzky a pripravte sa na mraziv\u00fd dotyk dej\u00edn, [...]\n\t\t\t<\/div>\n\t\t\t<div class=\"em-item-actions input\">\n\t\t\t\t<a class=\"em-item-read-more button\" href=\"https:\/\/www.slovensky-kras.eu\/info\/events\/k-sibenici-pod-planinou\/\">More Info<\/a>\n\t\t\t\t\n\t\t\t<\/div>\n\t\t<\/div>\n\t<\/div>\n<\/div>\t\t<\/div><!-- content -->\n\t\n\t<\/div><!-- modal -->\n<\/div>\t\t\t\t\t<div class=\"em em-calendar-preview em-modal em-cal-event-content\" data-event-id=\"200\" data-parent=\"em-cal-events-content-1084428961\">\n\t<div class=\"em-modal-popup\">\n\t\t<header>\n\t\t\t<a class=\"em-close-modal\"><\/a><!-- close modal -->\n\t\t\t<div class=\"em-modal-title\">\n\t\t\t\t<a href=\"https:\/\/www.slovensky-kras.eu\/info\/events\/zupne-dni-2026-v-roznave\/\">\u017dupn\u00e9 dni 2026 v RO\u017d\u0147AVE<\/a>\t\t\t<\/div>\n\t\t<\/header>\n\t\t<div class=\"em-modal-content\">\n\t\t\t<div class=\"em em-calendar-preview em-list em-events-list\">\n\t<div class=\"em-event em-item\" style=\"--default-border:#FFFFFF;\">\n\t\t<div class=\"em-item-image \">\n\t\t\t\n\t\t\t<img src='https:\/\/www.slovensky-kras.eu\/info\/wp-content\/uploads\/2026\/04\/zupne-dni-roznava.jpg' alt='\u017dupn\u00e9 dni 2026 v RO\u017d\u0147AVE'\/>\n\t\t\t\n\t\t\t\n\t\t<\/div>\n\t\t<div class=\"em-item-info\">\n\t\t\t<div class=\"em-event-meta em-item-meta\">\n\t\t\t\t<div class=\"em-item-meta-line em-event-date em-event-meta-datetime\">\n\t\t\t\t\t<span class=\"em-icon-calendar em-icon\"><\/span>\n\t\t\t\t\t30. apr\u00edla 2026&nbsp;&nbsp;&nbsp;&nbsp;\n\t\t\t\t<\/div>\n\t\t\t\t<div class=\"em-item-meta-line em-event-time em-event-meta-datetime\">\n\t\t\t\t\t<span class=\"em-icon-clock em-icon\"><\/span>\n\t\t\t\t\t0:00\n\t\t\t\t<\/div>\n\t\t\t\t\n\t\t\t\t\n\t\t\t\t\n\t\t\t\t\n\t\t\t\t<div class=\"em-item-meta-line em-item-taxonomy em-event-categories\">\n\t\t\t\t\t<span class=\"em-icon-category em-icon\"><\/span>\n\t\t\t\t\t<div>\t<ul class=\"event-categories\">\r\n\t\t\t\t\t<li><a href=\"https:\/\/www.slovensky-kras.eu\/info\/events\/categories\/kulturne-podujatia\/\">Kult\u00farne podujatia<\/a><\/li>\r\n\t\t\t<\/ul>\r\n\t<\/div>\n\t\t\t\t<\/div>\n\t\t\t\t\n\t\t\t\t\n\t\t\t<\/div>\n\t\t\t<div class=\"em-item-desc\">\n\t\t\t\tPre\u010do si nenecha\u0165 ujs\u0165 \u017dupn\u00e9 dni 2026 v RO\u017d\u0147AVE a za\u017ei\u0165 technologick\u00fa revol\u00faciu Gemera? \u017dupn\u00e9 dni 2026 v RO\u017d\u0147AVE otv\u00e1raj\u00fa svoje br\u00e1ny v\u0161etk\u00fdm nad\u0161encom trad\u00edci\u00ed [...]\n\t\t\t<\/div>\n\t\t\t<div class=\"em-item-actions input\">\n\t\t\t\t<a class=\"em-item-read-more button\" href=\"https:\/\/www.slovensky-kras.eu\/info\/events\/zupne-dni-2026-v-roznave\/\">More Info<\/a>\n\t\t\t\t\n\t\t\t<\/div>\n\t\t<\/div>\n\t<\/div>\n<\/div>\t\t<\/div><!-- content -->\n\t\n\t<\/div><!-- modal -->\n<\/div>\t\t\t\t\t<div class=\"em em-calendar-preview em-modal em-cal-event-content\" data-event-id=\"197\" data-parent=\"em-cal-events-content-1084428961\">\n\t<div class=\"em-modal-popup\">\n\t\t<header>\n\t\t\t<a class=\"em-close-modal\"><\/a><!-- close modal -->\n\t\t\t<div class=\"em-modal-title\">\n\t\t\t\t<a href=\"https:\/\/www.slovensky-kras.eu\/info\/events\/prvomajove-vozenie-konskym-zaprahom-v-drnave\/\">Prvom\u00e1jov\u00e9 vozenie konsk\u00fdm z\u00e1prahom v Drnave<\/a>\t\t\t<\/div>\n\t\t<\/header>\n\t\t<div class=\"em-modal-content\">\n\t\t\t<div class=\"em em-calendar-preview em-list em-events-list\">\n\t<div class=\"em-event em-item\" style=\"--default-border:#a8d144;\">\n\t\t<div class=\"em-item-image \">\n\t\t\t\n\t\t\t<img src='https:\/\/www.slovensky-kras.eu\/info\/wp-content\/uploads\/2026\/04\/cafe.jpg' alt='Prvom\u00e1jov\u00e9 vozenie konsk\u00fdm z\u00e1prahom v Drnave'\/>\n\t\t\t\n\t\t\t\n\t\t<\/div>\n\t\t<div class=\"em-item-info\">\n\t\t\t<div class=\"em-event-meta em-item-meta\">\n\t\t\t\t<div class=\"em-item-meta-line em-event-date em-event-meta-datetime\">\n\t\t\t\t\t<span class=\"em-icon-calendar em-icon\"><\/span>\n\t\t\t\t\t1. m\u00e1ja 2026&nbsp;&nbsp;&nbsp;&nbsp;\n\t\t\t\t<\/div>\n\t\t\t\t<div class=\"em-item-meta-line em-event-time em-event-meta-datetime\">\n\t\t\t\t\t<span class=\"em-icon-clock em-icon\"><\/span>\n\t\t\t\t\t0:00\n\t\t\t\t<\/div>\n\t\t\t\t\n\t\t\t\t\n\t\t\t\t\n\t\t\t\t\n\t\t\t\t<div class=\"em-item-meta-line em-item-taxonomy em-event-categories\">\n\t\t\t\t\t<span class=\"em-icon-category em-icon\"><\/span>\n\t\t\t\t\t<div>\t<ul class=\"event-categories\">\r\n\t\t\t\t\t<li><a href=\"https:\/\/www.slovensky-kras.eu\/info\/events\/categories\/jazdectvo\/\">Jazdectvo<\/a><\/li>\r\n\t\t\t<\/ul>\r\n\t<\/div>\n\t\t\t\t<\/div>\n\t\t\t\t\n\t\t\t\t\n\t\t\t<\/div>\n\t\t\t<div class=\"em-item-desc\">\n\t\t\t\tPre\u010do je Prvom\u00e1jov\u00e9 vozenie konsk\u00fdm z\u00e1prahom v Drnave ide\u00e1lnym cie\u013eom pre v\u00e1\u0161 sviato\u010dn\u00fd rodinn\u00fd v\u00fdlet? Prvom\u00e1jov\u00e9 vozenie konsk\u00fdm z\u00e1prahom v Drnave v roku 2026 pripad\u00e1 [...]\n\t\t\t<\/div>\n\t\t\t<div class=\"em-item-actions input\">\n\t\t\t\t<a class=\"em-item-read-more button\" href=\"https:\/\/www.slovensky-kras.eu\/info\/events\/prvomajove-vozenie-konskym-zaprahom-v-drnave\/\">More Info<\/a>\n\t\t\t\t\n\t\t\t<\/div>\n\t\t<\/div>\n\t<\/div>\n<\/div>\t\t<\/div><!-- content -->\n\t\n\t<\/div><!-- modal -->\n<\/div>\t\t\t\t\t<div class=\"em em-calendar-preview em-modal em-cal-event-content\" data-event-id=\"199\" data-parent=\"em-cal-events-content-1084428961\">\n\t<div class=\"em-modal-popup\">\n\t\t<header>\n\t\t\t<a class=\"em-close-modal\"><\/a><!-- close modal -->\n\t\t\t<div class=\"em-modal-title\">\n\t\t\t\t<a href=\"https:\/\/www.slovensky-kras.eu\/info\/events\/vino-v-remesle-remeslo-vo-vine\/\">V\u00edno v remesle remeslo vo v\u00edne<\/a>\t\t\t<\/div>\n\t\t<\/header>\n\t\t<div class=\"em-modal-content\">\n\t\t\t<div class=\"em em-calendar-preview em-list em-events-list\">\n\t<div class=\"em-event em-item\" style=\"--default-border:#FFFFFF;\">\n\t\t<div class=\"em-item-image \">\n\t\t\t\n\t\t\t<img src='https:\/\/www.slovensky-kras.eu\/info\/wp-content\/uploads\/2026\/04\/vino.jpg' alt='V\u00edno v remesle remeslo vo v\u00edne'\/>\n\t\t\t\n\t\t\t\n\t\t<\/div>\n\t\t<div class=\"em-item-info\">\n\t\t\t<div class=\"em-event-meta em-item-meta\">\n\t\t\t\t<div class=\"em-item-meta-line em-event-date em-event-meta-datetime\">\n\t\t\t\t\t<span class=\"em-icon-calendar em-icon\"><\/span>\n\t\t\t\t\t1. m\u00e1ja 2026&nbsp;&nbsp;&nbsp;&nbsp;\n\t\t\t\t<\/div>\n\t\t\t\t<div class=\"em-item-meta-line em-event-time em-event-meta-datetime\">\n\t\t\t\t\t<span class=\"em-icon-clock em-icon\"><\/span>\n\t\t\t\t\t0:00\n\t\t\t\t<\/div>\n\t\t\t\t\n\t\t\t\t\n\t\t\t\t\n\t\t\t\t\n\t\t\t\t<div class=\"em-item-meta-line em-item-taxonomy em-event-categories\">\n\t\t\t\t\t<span class=\"em-icon-category em-icon\"><\/span>\n\t\t\t\t\t<div>\t<ul class=\"event-categories\">\r\n\t\t\t\t\t<li><a href=\"https:\/\/www.slovensky-kras.eu\/info\/events\/categories\/kulturne-podujatia\/\">Kult\u00farne podujatia<\/a><\/li>\r\n\t\t\t<\/ul>\r\n\t<\/div>\n\t\t\t\t<\/div>\n\t\t\t\t\n\t\t\t\t\n\t\t\t<\/div>\n\t\t\t<div class=\"em-item-desc\">\n\t\t\t\tObjavte k\u00fazlo stredoveku a trad\u00edci\u00ed po\u010das jedine\u010dn\u00e9ho podujatia V\u00edno v remesle remeslo vo v\u00edne, ktor\u00e9 premen\u00ed historick\u00fd Vodn\u00fd hrad \u0160t\u00edtnik na centrum z\u00e1\u017eitkov. Pripravte sa [...]\n\t\t\t<\/div>\n\t\t\t<div class=\"em-item-actions input\">\n\t\t\t\t<a class=\"em-item-read-more button\" href=\"https:\/\/www.slovensky-kras.eu\/info\/events\/vino-v-remesle-remeslo-vo-vine\/\">More Info<\/a>\n\t\t\t\t\n\t\t\t<\/div>\n\t\t<\/div>\n\t<\/div>\n<\/div>\t\t<\/div><!-- content -->\n\t\n\t<\/div><!-- modal -->\n<\/div>\t\t\t\t\t<div class=\"em em-calendar-preview em-modal em-cal-event-content\" data-event-id=\"202\" data-parent=\"em-cal-events-content-1084428961\">\n\t<div class=\"em-modal-popup\">\n\t\t<header>\n\t\t\t<a class=\"em-close-modal\"><\/a><!-- close modal -->\n\t\t\t<div class=\"em-modal-title\">\n\t\t\t\t<a href=\"https:\/\/www.slovensky-kras.eu\/info\/events\/park-resort-zadiel-prinasa-nezabudnutelny-gurmansky-zazitok-v-prirode\/\">Park Resort \u2013 Z\u00e1diel prin\u00e1\u0161a nezabudnute\u013en\u00fd gurm\u00e1nsky z\u00e1\u017eitok v pr\u00edrode<\/a>\t\t\t<\/div>\n\t\t<\/header>\n\t\t<div class=\"em-modal-content\">\n\t\t\t<div class=\"em em-calendar-preview em-list em-events-list\">\n\t<div class=\"em-event em-item\" style=\"--default-border:#a8d144;\">\n\t\t<div class=\"em-item-image \">\n\t\t\t\n\t\t\t<img src='https:\/\/www.slovensky-kras.eu\/info\/wp-content\/uploads\/2026\/04\/rybaci.jpg' alt='Park Resort \u2013 Z\u00e1diel prin\u00e1\u0161a nezabudnute\u013en\u00fd gurm\u00e1nsky z\u00e1\u017eitok v pr\u00edrode'\/>\n\t\t\t\n\t\t\t\n\t\t<\/div>\n\t\t<div class=\"em-item-info\">\n\t\t\t<div class=\"em-event-meta em-item-meta\">\n\t\t\t\t<div class=\"em-item-meta-line em-event-date em-event-meta-datetime\">\n\t\t\t\t\t<span class=\"em-icon-calendar em-icon\"><\/span>\n\t\t\t\t\t2. m\u00e1ja 2026 - 3. m\u00e1ja 2026&nbsp;&nbsp;&nbsp;&nbsp;\n\t\t\t\t<\/div>\n\t\t\t\t<div class=\"em-item-meta-line em-event-time em-event-meta-datetime\">\n\t\t\t\t\t<span class=\"em-icon-clock em-icon\"><\/span>\n\t\t\t\t\t0:00\n\t\t\t\t<\/div>\n\t\t\t\t\n\t\t\t\t\n\t\t\t\t\n\t\t\t\t\n\t\t\t\t<div class=\"em-item-meta-line em-item-taxonomy em-event-categories\">\n\t\t\t\t\t<span class=\"em-icon-category em-icon\"><\/span>\n\t\t\t\t\t<div>\t<ul class=\"event-categories\">\r\n\t\t\t\t\t<li><a href=\"https:\/\/www.slovensky-kras.eu\/info\/events\/categories\/gastro-podujatia\/\">Gastro podujatia<\/a><\/li>\r\n\t\t\t<\/ul>\r\n\t<\/div>\n\t\t\t\t<\/div>\n\t\t\t\t\n\t\t\t\t\n\t\t\t<\/div>\n\t\t\t<div class=\"em-item-desc\">\n\t\t\t\tPark Resort - Z\u00e1diel prin\u00e1\u0161a nezabudnute\u013en\u00fd gurm\u00e1nsky z\u00e1\u017eitok v pr\u00edrode Park Resort - Z\u00e1diel op\u00e4\u0165 o\u017e\u00edva neodolate\u013enou v\u00f4\u0148ou, preto\u017ee ob\u013e\u00faben\u00fd Rybac\u00ed v\u00edkend je ofici\u00e1lne sp\u00e4\u0165 [...]\n\t\t\t<\/div>\n\t\t\t<div class=\"em-item-actions input\">\n\t\t\t\t<a class=\"em-item-read-more button\" href=\"https:\/\/www.slovensky-kras.eu\/info\/events\/park-resort-zadiel-prinasa-nezabudnutelny-gurmansky-zazitok-v-prirode\/\">More Info<\/a>\n\t\t\t\t\n\t\t\t<\/div>\n\t\t<\/div>\n\t<\/div>\n<\/div>\t\t<\/div><!-- content -->\n\t\n\t<\/div><!-- modal -->\n<\/div>\t\t\t\t\t<div class=\"em em-calendar-preview em-modal em-cal-event-content\" data-event-id=\"203\" data-parent=\"em-cal-events-content-1084428961\">\n\t<div class=\"em-modal-popup\">\n\t\t<header>\n\t\t\t<a class=\"em-close-modal\"><\/a><!-- close modal -->\n\t\t\t<div class=\"em-modal-title\">\n\t\t\t\t<a href=\"https:\/\/www.slovensky-kras.eu\/info\/events\/snm-muzeum-betliar-kvetinovy-a-remeselnicky-trh-v-parku-kastiela\/\">SNM - M\u00fazeum Betliar : Kvetinov\u00fd a remeseln\u00edcky trh v parku ka\u0161tie\u013ea<\/a>\t\t\t<\/div>\n\t\t<\/header>\n\t\t<div class=\"em-modal-content\">\n\t\t\t<div class=\"em em-calendar-preview em-list em-events-list\">\n\t<div class=\"em-event em-item\" style=\"--default-border:#FFFFFF;\">\n\t\t<div class=\"em-item-image \">\n\t\t\t\n\t\t\t<img src='https:\/\/www.slovensky-kras.eu\/info\/wp-content\/uploads\/2026\/04\/kvetinovy-trh.jpg' alt='SNM - M\u00fazeum Betliar : Kvetinov\u00fd a remeseln\u00edcky trh v parku ka\u0161tie\u013ea'\/>\n\t\t\t\n\t\t\t\n\t\t<\/div>\n\t\t<div class=\"em-item-info\">\n\t\t\t<div class=\"em-event-meta em-item-meta\">\n\t\t\t\t<div class=\"em-item-meta-line em-event-date em-event-meta-datetime\">\n\t\t\t\t\t<span class=\"em-icon-calendar em-icon\"><\/span>\n\t\t\t\t\t2. m\u00e1ja 2026&nbsp;&nbsp;&nbsp;&nbsp;\n\t\t\t\t<\/div>\n\t\t\t\t<div class=\"em-item-meta-line em-event-time em-event-meta-datetime\">\n\t\t\t\t\t<span class=\"em-icon-clock em-icon\"><\/span>\n\t\t\t\t\t0:00\n\t\t\t\t<\/div>\n\t\t\t\t\n\t\t\t\t\n\t\t\t\t\n\t\t\t\t\n\t\t\t\t<div class=\"em-item-meta-line em-item-taxonomy em-event-categories\">\n\t\t\t\t\t<span class=\"em-icon-category em-icon\"><\/span>\n\t\t\t\t\t<div>\t<ul class=\"event-categories\">\r\n\t\t\t\t\t<li><a href=\"https:\/\/www.slovensky-kras.eu\/info\/events\/categories\/kulturne-podujatia\/\">Kult\u00farne podujatia<\/a><\/li>\r\n\t\t\t<\/ul>\r\n\t<\/div>\n\t\t\t\t<\/div>\n\t\t\t\t\n\t\t\t\t\n\t\t\t<\/div>\n\t\t\t<div class=\"em-item-desc\">\n\t\t\t\tKvetinov\u00fd a remeseln\u00edcky trh v parku ka\u0161tie\u013ea Betliar: Kedy rozkvitne hist\u00f3ria v SNM - M\u00fazeum Betliar? T\u00fa\u017eite po dni, kde sa luxusn\u00e9 \u0161\u013eachtick\u00e9 s\u00eddlo premen\u00ed [...]\n\t\t\t<\/div>\n\t\t\t<div class=\"em-item-actions input\">\n\t\t\t\t<a class=\"em-item-read-more button\" href=\"https:\/\/www.slovensky-kras.eu\/info\/events\/snm-muzeum-betliar-kvetinovy-a-remeselnicky-trh-v-parku-kastiela\/\">More Info<\/a>\n\t\t\t\t\n\t\t\t<\/div>\n\t\t<\/div>\n\t<\/div>\n<\/div>\t\t<\/div><!-- content -->\n\t\n\t<\/div><!-- modal -->\n<\/div>\t\t\t\t\t\t\t\t\t\t<div class=\"em em-calendar-preview em-modal em-cal-date-content\" data-calendar-date=\"1774828800\" data-parent=\"em-cal-events-content-1084428961\">\n\t<div class=\"em-modal-popup\">\n\t\t<header>\n\t\t\t<a class=\"em-close-modal\"><\/a><!-- close modal -->\n\t\t\t<div class=\"em-modal-title\">\n\t\t\t\tEvents on 30. marca 2026\t\t\t<\/div>\n\t\t<\/header>\n\t\t<div class=\"em-modal-content em em-calendar-preview em-list-widget em-events-widget\">\n\t\t\t\t\t\t\t<div class=\"em-item em-event\" style=\"--default-border:#FFFFFF;\">\n\t<div class=\"em-item-image has-placeholder\" style=\"max-width:150px\">\n\t\t\n\t\t\n\t\t<div class=\"em-item-image-placeholder\">\n\t\t\t<div class=\"date\">\n\t\t\t\t<span class=\"day\">05<\/span>\n\t\t\t\t<span class=\"month\">feb<\/span>\n\t\t\t<\/div>\n\t\t<\/div>\n\t\t\n\t<\/div>\n\t<div class=\"em-item-info\">\n\t\t<div class=\"em-item-name\"><a href=\"https:\/\/www.slovensky-kras.eu\/info\/events\/banicke-muzeum-v-roznave-vystava-soch-pera-kuraja-pod-nazvom-pamat-kovu\/\">Ban\u00edcke m\u00fazeum v Ro\u017e\u0148ave : V\u00fdstava s\u00f4ch Pera Kuraja pod n\u00e1zvom Pam\u00e4\u0165 kovu<\/a><\/div>\n\t\t<div class=\"em-item-meta\">\n\t\t\t<div class=\"em-item-meta-line em-event-date em-event-meta-datetime\">\n\t\t\t\t<span class=\"em-icon em-icon-calendar\"><\/span>\n\t\t\t\t<span>5 feb 26<\/span>\n\t\t\t<\/div>\n\t\t\t<div class=\"em-item-meta-line em-event-location em-event-meta-location\">\n\t\t\t\t<span class=\"em-icon em-icon-location\"><\/span>\n\t\t\t\t<span><\/span>\n\t\t\t<\/div>\n\t\t<\/div>\n\t<\/div>\n<\/div>\t\t\t\t\t<\/div><!-- content -->\n\t\t\t<\/div><!-- modal -->\n<\/div>\t\t\t\t\t\t\t\t<div class=\"em em-calendar-preview em-modal em-cal-date-content\" data-calendar-date=\"1774915200\" data-parent=\"em-cal-events-content-1084428961\">\n\t<div class=\"em-modal-popup\">\n\t\t<header>\n\t\t\t<a class=\"em-close-modal\"><\/a><!-- close modal -->\n\t\t\t<div class=\"em-modal-title\">\n\t\t\t\tEvents on 31. marca 2026\t\t\t<\/div>\n\t\t<\/header>\n\t\t<div class=\"em-modal-content em em-calendar-preview em-list-widget em-events-widget\">\n\t\t\t\t\t\t\t<div class=\"em-item em-event\" style=\"--default-border:#FFFFFF;\">\n\t<div class=\"em-item-image has-placeholder\" style=\"max-width:150px\">\n\t\t\n\t\t\n\t\t<div class=\"em-item-image-placeholder\">\n\t\t\t<div class=\"date\">\n\t\t\t\t<span class=\"day\">05<\/span>\n\t\t\t\t<span class=\"month\">feb<\/span>\n\t\t\t<\/div>\n\t\t<\/div>\n\t\t\n\t<\/div>\n\t<div class=\"em-item-info\">\n\t\t<div class=\"em-item-name\"><a href=\"https:\/\/www.slovensky-kras.eu\/info\/events\/banicke-muzeum-v-roznave-vystava-soch-pera-kuraja-pod-nazvom-pamat-kovu\/\">Ban\u00edcke m\u00fazeum v Ro\u017e\u0148ave : V\u00fdstava s\u00f4ch Pera Kuraja pod n\u00e1zvom Pam\u00e4\u0165 kovu<\/a><\/div>\n\t\t<div class=\"em-item-meta\">\n\t\t\t<div class=\"em-item-meta-line em-event-date em-event-meta-datetime\">\n\t\t\t\t<span class=\"em-icon em-icon-calendar\"><\/span>\n\t\t\t\t<span>5 feb 26<\/span>\n\t\t\t<\/div>\n\t\t\t<div class=\"em-item-meta-line em-event-location em-event-meta-location\">\n\t\t\t\t<span class=\"em-icon em-icon-location\"><\/span>\n\t\t\t\t<span><\/span>\n\t\t\t<\/div>\n\t\t<\/div>\n\t<\/div>\n<\/div>\t\t\t\t\t<\/div><!-- content -->\n\t\t\t<\/div><!-- modal -->\n<\/div>\t\t\t\t\t\t\t\t\t\t\t\t\t\t<div class=\"em em-calendar-preview em-modal em-cal-date-content\" data-calendar-date=\"1775174400\" data-parent=\"em-cal-events-content-1084428961\">\n\t<div class=\"em-modal-popup\">\n\t\t<header>\n\t\t\t<a class=\"em-close-modal\"><\/a><!-- close modal -->\n\t\t\t<div class=\"em-modal-title\">\n\t\t\t\tEvents on 3. apr\u00edla 2026\t\t\t<\/div>\n\t\t<\/header>\n\t\t<div class=\"em-modal-content em em-calendar-preview em-list-widget em-events-widget\">\n\t\t\t\t\t\t\t<div class=\"em-item em-event\" style=\"--default-border:#a8d144;\">\n\t<div class=\"em-item-image has-placeholder\" style=\"max-width:150px\">\n\t\t\n\t\t\n\t\t<div class=\"em-item-image-placeholder\">\n\t\t\t<div class=\"date\">\n\t\t\t\t<span class=\"day\">03<\/span>\n\t\t\t\t<span class=\"month\">apr<\/span>\n\t\t\t<\/div>\n\t\t<\/div>\n\t\t\n\t<\/div>\n\t<div class=\"em-item-info\">\n\t\t<div class=\"em-item-name\"><a href=\"https:\/\/www.slovensky-kras.eu\/info\/events\/velkonocna-horolezecka-brigada-v-zadieli\/\">Ve\u013ekono\u010dn\u00e1 horolezeck\u00e1 brig\u00e1da v Z\u00e1dieli<\/a><\/div>\n\t\t<div class=\"em-item-meta\">\n\t\t\t<div class=\"em-item-meta-line em-event-date em-event-meta-datetime\">\n\t\t\t\t<span class=\"em-icon em-icon-calendar\"><\/span>\n\t\t\t\t<span>3 apr 26<\/span>\n\t\t\t<\/div>\n\t\t\t<div class=\"em-item-meta-line em-event-location em-event-meta-location\">\n\t\t\t\t<span class=\"em-icon em-icon-location\"><\/span>\n\t\t\t\t<span><\/span>\n\t\t\t<\/div>\n\t\t<\/div>\n\t<\/div>\n<\/div>\t\t\t\t\t<\/div><!-- content -->\n\t\t\t<\/div><!-- modal -->\n<\/div>\t\t\t\t\t\t\t\t<div class=\"em em-calendar-preview em-modal em-cal-date-content\" data-calendar-date=\"1775260800\" data-parent=\"em-cal-events-content-1084428961\">\n\t<div class=\"em-modal-popup\">\n\t\t<header>\n\t\t\t<a class=\"em-close-modal\"><\/a><!-- close modal -->\n\t\t\t<div class=\"em-modal-title\">\n\t\t\t\tEvents on 4. apr\u00edla 2026\t\t\t<\/div>\n\t\t<\/header>\n\t\t<div class=\"em-modal-content em em-calendar-preview em-list-widget em-events-widget\">\n\t\t\t\t\t\t\t<div class=\"em-item em-event\" style=\"--default-border:#a8d144;\">\n\t<div class=\"em-item-image has-placeholder\" style=\"max-width:150px\">\n\t\t\n\t\t\n\t\t<div class=\"em-item-image-placeholder\">\n\t\t\t<div class=\"date\">\n\t\t\t\t<span class=\"day\">03<\/span>\n\t\t\t\t<span class=\"month\">apr<\/span>\n\t\t\t<\/div>\n\t\t<\/div>\n\t\t\n\t<\/div>\n\t<div class=\"em-item-info\">\n\t\t<div class=\"em-item-name\"><a href=\"https:\/\/www.slovensky-kras.eu\/info\/events\/velkonocna-horolezecka-brigada-v-zadieli\/\">Ve\u013ekono\u010dn\u00e1 horolezeck\u00e1 brig\u00e1da v Z\u00e1dieli<\/a><\/div>\n\t\t<div class=\"em-item-meta\">\n\t\t\t<div class=\"em-item-meta-line em-event-date em-event-meta-datetime\">\n\t\t\t\t<span class=\"em-icon em-icon-calendar\"><\/span>\n\t\t\t\t<span>3 apr 26<\/span>\n\t\t\t<\/div>\n\t\t\t<div class=\"em-item-meta-line em-event-location em-event-meta-location\">\n\t\t\t\t<span class=\"em-icon em-icon-location\"><\/span>\n\t\t\t\t<span><\/span>\n\t\t\t<\/div>\n\t\t<\/div>\n\t<\/div>\n<\/div>\t\t\t\t\t\t\t<div class=\"em-item em-event\" style=\"--default-border:#FFFFFF;\">\n\t<div class=\"em-item-image has-placeholder\" style=\"max-width:150px\">\n\t\t\n\t\t\n\t\t<div class=\"em-item-image-placeholder\">\n\t\t\t<div class=\"date\">\n\t\t\t\t<span class=\"day\">04<\/span>\n\t\t\t\t<span class=\"month\">apr<\/span>\n\t\t\t<\/div>\n\t\t<\/div>\n\t\t\n\t<\/div>\n\t<div class=\"em-item-info\">\n\t\t<div class=\"em-item-name\"><a href=\"https:\/\/www.slovensky-kras.eu\/info\/events\/velkonocna-sobota-v-muzeu-betliar\/\">Ve\u013ekono\u010dn\u00e1 sobota v M\u00fazeu Betliar<\/a><\/div>\n\t\t<div class=\"em-item-meta\">\n\t\t\t<div class=\"em-item-meta-line em-event-date em-event-meta-datetime\">\n\t\t\t\t<span class=\"em-icon em-icon-calendar\"><\/span>\n\t\t\t\t<span>4 apr 26<\/span>\n\t\t\t<\/div>\n\t\t\t<div class=\"em-item-meta-line em-event-location em-event-meta-location\">\n\t\t\t\t<span class=\"em-icon em-icon-location\"><\/span>\n\t\t\t\t<span><\/span>\n\t\t\t<\/div>\n\t\t<\/div>\n\t<\/div>\n<\/div>\t\t\t\t\t<\/div><!-- content -->\n\t\t\t<\/div><!-- modal -->\n<\/div>\t\t\t\t\t\t\t\t\t\t\t\t\t\t\t\t\t\t\t\t\t\t\t\t\t\t<div class=\"em em-calendar-preview em-modal em-cal-date-content\" data-calendar-date=\"1775865600\" data-parent=\"em-cal-events-content-1084428961\">\n\t<div class=\"em-modal-popup\">\n\t\t<header>\n\t\t\t<a class=\"em-close-modal\"><\/a><!-- close modal -->\n\t\t\t<div class=\"em-modal-title\">\n\t\t\t\tEvents on 11. apr\u00edla 2026\t\t\t<\/div>\n\t\t<\/header>\n\t\t<div class=\"em-modal-content em em-calendar-preview em-list-widget em-events-widget\">\n\t\t\t\t\t\t\t<div class=\"em-item em-event\" style=\"--default-border:#FFFFFF;\">\n\t<div class=\"em-item-image has-placeholder\" style=\"max-width:150px\">\n\t\t\n\t\t\n\t\t<div class=\"em-item-image-placeholder\">\n\t\t\t<div class=\"date\">\n\t\t\t\t<span class=\"day\">11<\/span>\n\t\t\t\t<span class=\"month\">apr<\/span>\n\t\t\t<\/div>\n\t\t<\/div>\n\t\t\n\t<\/div>\n\t<div class=\"em-item-info\">\n\t\t<div class=\"em-item-name\"><a href=\"https:\/\/www.slovensky-kras.eu\/info\/events\/radio-regina-vychod-pozyva-posluchacov-na-krasnu-turu-do-slovenskeho-krasu\/\">R\u00e1dio Regina V\u00fdchod poz\u00fdva posluch\u00e1\u010dov na kr\u00e1snu t\u00faru do Slovensk\u00e9ho krasu<\/a><\/div>\n\t\t<div class=\"em-item-meta\">\n\t\t\t<div class=\"em-item-meta-line em-event-date em-event-meta-datetime\">\n\t\t\t\t<span class=\"em-icon em-icon-calendar\"><\/span>\n\t\t\t\t<span>11 apr 26<\/span>\n\t\t\t<\/div>\n\t\t\t<div class=\"em-item-meta-line em-event-location em-event-meta-location\">\n\t\t\t\t<span class=\"em-icon em-icon-location\"><\/span>\n\t\t\t\t<span><\/span>\n\t\t\t<\/div>\n\t\t<\/div>\n\t<\/div>\n<\/div>\t\t\t\t\t<\/div><!-- content -->\n\t\t\t<\/div><!-- modal -->\n<\/div>\t\t\t\t\t\t\t\t\t\t\t\t\t\t\t\t\t\t\t\t\t\t\t\t\t\t<div class=\"em em-calendar-preview em-modal em-cal-date-content\" data-calendar-date=\"1776470400\" data-parent=\"em-cal-events-content-1084428961\">\n\t<div class=\"em-modal-popup\">\n\t\t<header>\n\t\t\t<a class=\"em-close-modal\"><\/a><!-- close modal -->\n\t\t\t<div class=\"em-modal-title\">\n\t\t\t\tEvents on 18. apr\u00edla 2026\t\t\t<\/div>\n\t\t<\/header>\n\t\t<div class=\"em-modal-content em em-calendar-preview em-list-widget em-events-widget\">\n\t\t\t\t\t\t\t<div class=\"em-item em-event\" style=\"--default-border:#FFFFFF;\">\n\t<div class=\"em-item-image \" style=\"max-width:150px\">\n\t\t\n\t\t<img loading=\"lazy\" decoding=\"async\" width=\"150\" height=\"150\" src=\"https:\/\/www.slovensky-kras.eu\/info\/wp-content\/uploads\/2026\/04\/planina-vylet-150x150.jpg\" class=\"attachment-150x150 size-150x150 wp-post-image\" alt=\"K \u0161ibenici pod planinou\" \/>\n\t\t\n\t\t\n\t<\/div>\n\t<div class=\"em-item-info\">\n\t\t<div class=\"em-item-name\"><a href=\"https:\/\/www.slovensky-kras.eu\/info\/events\/k-sibenici-pod-planinou\/\">K \u0161ibenici pod planinou<\/a><\/div>\n\t\t<div class=\"em-item-meta\">\n\t\t\t<div class=\"em-item-meta-line em-event-date em-event-meta-datetime\">\n\t\t\t\t<span class=\"em-icon em-icon-calendar\"><\/span>\n\t\t\t\t<span>18 apr 26<\/span>\n\t\t\t<\/div>\n\t\t\t<div class=\"em-item-meta-line em-event-location em-event-meta-location\">\n\t\t\t\t<span class=\"em-icon em-icon-location\"><\/span>\n\t\t\t\t<span><\/span>\n\t\t\t<\/div>\n\t\t<\/div>\n\t<\/div>\n<\/div>\t\t\t\t\t<\/div><!-- content -->\n\t\t\t<\/div><!-- modal -->\n<\/div>\t\t\t\t\t\t\t\t\t\t\t\t\t\t\t\t\t\t\t\t\t\t\t\t\t\t\t\t\t\t\t\t\t\t\t\t\t\t\t\t\t<div class=\"em em-calendar-preview em-modal em-cal-date-content\" data-calendar-date=\"1777507200\" data-parent=\"em-cal-events-content-1084428961\">\n\t<div class=\"em-modal-popup\">\n\t\t<header>\n\t\t\t<a class=\"em-close-modal\"><\/a><!-- close modal -->\n\t\t\t<div class=\"em-modal-title\">\n\t\t\t\tEvents on 30. apr\u00edla 2026\t\t\t<\/div>\n\t\t<\/header>\n\t\t<div class=\"em-modal-content em em-calendar-preview em-list-widget em-events-widget\">\n\t\t\t\t\t\t\t<div class=\"em-item em-event\" style=\"--default-border:#FFFFFF;\">\n\t<div class=\"em-item-image \" style=\"max-width:150px\">\n\t\t\n\t\t<img loading=\"lazy\" decoding=\"async\" width=\"150\" height=\"150\" src=\"https:\/\/www.slovensky-kras.eu\/info\/wp-content\/uploads\/2026\/04\/zupne-dni-roznava-150x150.jpg\" class=\"attachment-150x150 size-150x150 wp-post-image\" alt=\"\u017dupn\u00e9 dni 2026 v RO\u017d\u0147AVE\" \/>\n\t\t\n\t\t\n\t<\/div>\n\t<div class=\"em-item-info\">\n\t\t<div class=\"em-item-name\"><a href=\"https:\/\/www.slovensky-kras.eu\/info\/events\/zupne-dni-2026-v-roznave\/\">\u017dupn\u00e9 dni 2026 v RO\u017d\u0147AVE<\/a><\/div>\n\t\t<div class=\"em-item-meta\">\n\t\t\t<div class=\"em-item-meta-line em-event-date em-event-meta-datetime\">\n\t\t\t\t<span class=\"em-icon em-icon-calendar\"><\/span>\n\t\t\t\t<span>30 apr 26<\/span>\n\t\t\t<\/div>\n\t\t\t<div class=\"em-item-meta-line em-event-location em-event-meta-location\">\n\t\t\t\t<span class=\"em-icon em-icon-location\"><\/span>\n\t\t\t\t<span><\/span>\n\t\t\t<\/div>\n\t\t<\/div>\n\t<\/div>\n<\/div>\t\t\t\t\t<\/div><!-- content -->\n\t\t\t<\/div><!-- modal -->\n<\/div>\t\t\t\t\t\t\t\t<div class=\"em em-calendar-preview em-modal em-cal-date-content\" data-calendar-date=\"1777593600\" data-parent=\"em-cal-events-content-1084428961\">\n\t<div class=\"em-modal-popup\">\n\t\t<header>\n\t\t\t<a class=\"em-close-modal\"><\/a><!-- close modal -->\n\t\t\t<div class=\"em-modal-title\">\n\t\t\t\tEvents on 1. m\u00e1ja 2026\t\t\t<\/div>\n\t\t<\/header>\n\t\t<div class=\"em-modal-content em em-calendar-preview em-list-widget em-events-widget\">\n\t\t\t\t\t\t\t<div class=\"em-item em-event\" style=\"--default-border:#a8d144;\">\n\t<div class=\"em-item-image \" style=\"max-width:150px\">\n\t\t\n\t\t<img loading=\"lazy\" decoding=\"async\" width=\"150\" height=\"150\" src=\"https:\/\/www.slovensky-kras.eu\/info\/wp-content\/uploads\/2026\/04\/cafe-150x150.jpg\" class=\"attachment-150x150 size-150x150 wp-post-image\" alt=\"Prvom\u00e1jov\u00e9 vozenie konsk\u00fdm z\u00e1prahom v Drnave\" \/>\n\t\t\n\t\t\n\t<\/div>\n\t<div class=\"em-item-info\">\n\t\t<div class=\"em-item-name\"><a href=\"https:\/\/www.slovensky-kras.eu\/info\/events\/prvomajove-vozenie-konskym-zaprahom-v-drnave\/\">Prvom\u00e1jov\u00e9 vozenie konsk\u00fdm z\u00e1prahom v Drnave<\/a><\/div>\n\t\t<div class=\"em-item-meta\">\n\t\t\t<div class=\"em-item-meta-line em-event-date em-event-meta-datetime\">\n\t\t\t\t<span class=\"em-icon em-icon-calendar\"><\/span>\n\t\t\t\t<span>1 m\u00e1j 26<\/span>\n\t\t\t<\/div>\n\t\t\t<div class=\"em-item-meta-line em-event-location em-event-meta-location\">\n\t\t\t\t<span class=\"em-icon em-icon-location\"><\/span>\n\t\t\t\t<span><\/span>\n\t\t\t<\/div>\n\t\t<\/div>\n\t<\/div>\n<\/div>\t\t\t\t\t\t\t<div class=\"em-item em-event\" style=\"--default-border:#FFFFFF;\">\n\t<div class=\"em-item-image \" style=\"max-width:150px\">\n\t\t\n\t\t<img loading=\"lazy\" decoding=\"async\" width=\"150\" height=\"150\" src=\"https:\/\/www.slovensky-kras.eu\/info\/wp-content\/uploads\/2026\/04\/vino-150x150.jpg\" class=\"attachment-150x150 size-150x150 wp-post-image\" alt=\"V\u00edno v remesle remeslo vo v\u00edne\" \/>\n\t\t\n\t\t\n\t<\/div>\n\t<div class=\"em-item-info\">\n\t\t<div class=\"em-item-name\"><a href=\"https:\/\/www.slovensky-kras.eu\/info\/events\/vino-v-remesle-remeslo-vo-vine\/\">V\u00edno v remesle remeslo vo v\u00edne<\/a><\/div>\n\t\t<div class=\"em-item-meta\">\n\t\t\t<div class=\"em-item-meta-line em-event-date em-event-meta-datetime\">\n\t\t\t\t<span class=\"em-icon em-icon-calendar\"><\/span>\n\t\t\t\t<span>1 m\u00e1j 26<\/span>\n\t\t\t<\/div>\n\t\t\t<div class=\"em-item-meta-line em-event-location em-event-meta-location\">\n\t\t\t\t<span class=\"em-icon em-icon-location\"><\/span>\n\t\t\t\t<span><\/span>\n\t\t\t<\/div>\n\t\t<\/div>\n\t<\/div>\n<\/div>\t\t\t\t\t<\/div><!-- content -->\n\t\t\t<\/div><!-- modal -->\n<\/div>\t\t\t\t\t\t\t\t<div class=\"em em-calendar-preview em-modal em-cal-date-content\" data-calendar-date=\"1777680000\" data-parent=\"em-cal-events-content-1084428961\">\n\t<div class=\"em-modal-popup\">\n\t\t<header>\n\t\t\t<a class=\"em-close-modal\"><\/a><!-- close modal -->\n\t\t\t<div class=\"em-modal-title\">\n\t\t\t\tEvents on 2. m\u00e1ja 2026\t\t\t<\/div>\n\t\t<\/header>\n\t\t<div class=\"em-modal-content em em-calendar-preview em-list-widget em-events-widget\">\n\t\t\t\t\t\t\t<div class=\"em-item em-event\" style=\"--default-border:#a8d144;\">\n\t<div class=\"em-item-image \" style=\"max-width:150px\">\n\t\t\n\t\t<img loading=\"lazy\" decoding=\"async\" width=\"150\" height=\"150\" src=\"https:\/\/www.slovensky-kras.eu\/info\/wp-content\/uploads\/2026\/04\/rybaci-150x150.jpg\" class=\"attachment-150x150 size-150x150 wp-post-image\" alt=\"Park Resort \u2013 Z\u00e1diel prin\u00e1\u0161a nezabudnute\u013en\u00fd gurm\u00e1nsky z\u00e1\u017eitok v pr\u00edrode\" \/>\n\t\t\n\t\t\n\t<\/div>\n\t<div class=\"em-item-info\">\n\t\t<div class=\"em-item-name\"><a href=\"https:\/\/www.slovensky-kras.eu\/info\/events\/park-resort-zadiel-prinasa-nezabudnutelny-gurmansky-zazitok-v-prirode\/\">Park Resort \u2013 Z\u00e1diel prin\u00e1\u0161a nezabudnute\u013en\u00fd gurm\u00e1nsky z\u00e1\u017eitok v pr\u00edrode<\/a><\/div>\n\t\t<div class=\"em-item-meta\">\n\t\t\t<div class=\"em-item-meta-line em-event-date em-event-meta-datetime\">\n\t\t\t\t<span class=\"em-icon em-icon-calendar\"><\/span>\n\t\t\t\t<span>2 m\u00e1j 26<\/span>\n\t\t\t<\/div>\n\t\t\t<div class=\"em-item-meta-line em-event-location em-event-meta-location\">\n\t\t\t\t<span class=\"em-icon em-icon-location\"><\/span>\n\t\t\t\t<span><\/span>\n\t\t\t<\/div>\n\t\t<\/div>\n\t<\/div>\n<\/div>\t\t\t\t\t\t\t<div class=\"em-item em-event\" style=\"--default-border:#FFFFFF;\">\n\t<div class=\"em-item-image \" style=\"max-width:150px\">\n\t\t\n\t\t<img loading=\"lazy\" decoding=\"async\" width=\"150\" height=\"150\" src=\"https:\/\/www.slovensky-kras.eu\/info\/wp-content\/uploads\/2026\/04\/kvetinovy-trh-150x150.jpg\" class=\"attachment-150x150 size-150x150 wp-post-image\" alt=\"SNM - M\u00fazeum Betliar : Kvetinov\u00fd a remeseln\u00edcky trh v parku ka\u0161tie\u013ea\" \/>\n\t\t\n\t\t\n\t<\/div>\n\t<div class=\"em-item-info\">\n\t\t<div class=\"em-item-name\"><a href=\"https:\/\/www.slovensky-kras.eu\/info\/events\/snm-muzeum-betliar-kvetinovy-a-remeselnicky-trh-v-parku-kastiela\/\">SNM - M\u00fazeum Betliar : Kvetinov\u00fd a remeseln\u00edcky trh v parku ka\u0161tie\u013ea<\/a><\/div>\n\t\t<div class=\"em-item-meta\">\n\t\t\t<div class=\"em-item-meta-line em-event-date em-event-meta-datetime\">\n\t\t\t\t<span class=\"em-icon em-icon-calendar\"><\/span>\n\t\t\t\t<span>2 m\u00e1j 26<\/span>\n\t\t\t<\/div>\n\t\t\t<div class=\"em-item-meta-line em-event-location em-event-meta-location\">\n\t\t\t\t<span class=\"em-icon em-icon-location\"><\/span>\n\t\t\t\t<span><\/span>\n\t\t\t<\/div>\n\t\t<\/div>\n\t<\/div>\n<\/div>\t\t\t\t\t<\/div><!-- content -->\n\t\t\t<\/div><!-- modal -->\n<\/div>\t\t\t\t\t\t\t\t<div class=\"em em-calendar-preview em-modal em-cal-date-content\" data-calendar-date=\"1777766400\" data-parent=\"em-cal-events-content-1084428961\">\n\t<div class=\"em-modal-popup\">\n\t\t<header>\n\t\t\t<a class=\"em-close-modal\"><\/a><!-- close modal -->\n\t\t\t<div class=\"em-modal-title\">\n\t\t\t\tEvents on 3. m\u00e1ja 2026\t\t\t<\/div>\n\t\t<\/header>\n\t\t<div class=\"em-modal-content em em-calendar-preview em-list-widget em-events-widget\">\n\t\t\t\t\t\t\t<div class=\"em-item em-event\" style=\"--default-border:#a8d144;\">\n\t<div class=\"em-item-image \" style=\"max-width:150px\">\n\t\t\n\t\t<img loading=\"lazy\" decoding=\"async\" width=\"150\" height=\"150\" src=\"https:\/\/www.slovensky-kras.eu\/info\/wp-content\/uploads\/2026\/04\/rybaci-150x150.jpg\" class=\"attachment-150x150 size-150x150 wp-post-image\" alt=\"Park Resort \u2013 Z\u00e1diel prin\u00e1\u0161a nezabudnute\u013en\u00fd gurm\u00e1nsky z\u00e1\u017eitok v pr\u00edrode\" \/>\n\t\t\n\t\t\n\t<\/div>\n\t<div class=\"em-item-info\">\n\t\t<div class=\"em-item-name\"><a href=\"https:\/\/www.slovensky-kras.eu\/info\/events\/park-resort-zadiel-prinasa-nezabudnutelny-gurmansky-zazitok-v-prirode\/\">Park Resort \u2013 Z\u00e1diel prin\u00e1\u0161a nezabudnute\u013en\u00fd gurm\u00e1nsky z\u00e1\u017eitok v pr\u00edrode<\/a><\/div>\n\t\t<div class=\"em-item-meta\">\n\t\t\t<div class=\"em-item-meta-line em-event-date em-event-meta-datetime\">\n\t\t\t\t<span class=\"em-icon em-icon-calendar\"><\/span>\n\t\t\t\t<span>2 m\u00e1j 26<\/span>\n\t\t\t<\/div>\n\t\t\t<div class=\"em-item-meta-line em-event-location em-event-meta-location\">\n\t\t\t\t<span class=\"em-icon em-icon-location\"><\/span>\n\t\t\t\t<span><\/span>\n\t\t\t<\/div>\n\t\t<\/div>\n\t<\/div>\n<\/div>\t\t\t\t\t<\/div><!-- content -->\n\t\t\t<\/div><!-- modal -->\n<\/div>\t\t\t<\/section><\/div>\n<script>\n\t{\n\t\tlet el = document.getElementById('em-calendar-1084428961').querySelector('.em-cal-body');\n\t\tlet width = el.firstElementChild.getBoundingClientRect().width;\n\t\tif (width > 0) {\n\t\t\tel.style.setProperty('--grid-auto-rows', 'minmax(' + width + 'px, auto)');\n\t\t}\n\t}\n<\/script>\t\t\t<div class=\"em-view-custom-data\" id=\"em-view-custom-data-1084428961\">\r\n\t\t\t\t\t\t\t\t<form class=\"em-view-custom-data-search\" id=\"em-view-custom-data-search-1084428961\">\r\n\t\t\t\t\t\t\t\t\t\t<input type=\"hidden\" name=\"css\" value=\"1\">\r\n\t\t\t\t\t\t\t\t\t\t<input type=\"hidden\" name=\"search_action\" value=\"search_events\">\r\n\t\t\t\t\t\t\t\t\t\t<input type=\"hidden\" name=\"search_advanced_text\" value=\"Show Advanced Search\">\r\n\t\t\t\t\t\t\t\t\t\t<input type=\"hidden\" name=\"search_text_show\" value=\"Show Advanced Search\">\r\n\t\t\t\t\t\t\t\t\t\t<input type=\"hidden\" name=\"search_text_hide\" value=\"Hide Advanced Search\">\r\n\t\t\t\t\t\t\t\t\t\t<input type=\"hidden\" name=\"search_button\" value=\"H\u013eadaj\">\r\n\t\t\t\t\t\t\t\t\t\t<input type=\"hidden\" name=\"saved_searches\" value=\"\">\r\n\t\t\t\t\t\t\t\t\t\t<input type=\"hidden\" name=\"search_advanced_style\" value=\"accordion\">\r\n\t\t\t\t\t\t\t\t\t\t<input type=\"hidden\" name=\"search_multiselect_style\" value=\"always-open\">\r\n\t\t\t\t\t\t\t\t\t\t<input type=\"hidden\" name=\"sorting\" value=\"0\">\r\n\t\t\t\t\t\t\t\t\t\t<input type=\"hidden\" name=\"search_term_main\" value=\"1\">\r\n\t\t\t\t\t\t\t\t\t\t<input type=\"hidden\" name=\"search_term\" value=\"1\">\r\n\t\t\t\t\t\t\t\t\t\t<input type=\"hidden\" name=\"search_term_label\" value=\"H\u013eadaj\">\r\n\t\t\t\t\t\t\t\t\t\t<input type=\"hidden\" name=\"search_term_advanced\" value=\"1\">\r\n\t\t\t\t\t\t\t\t\t\t<input type=\"hidden\" name=\"search_term_label_advanced\" value=\"H\u013eadaj\">\r\n\t\t\t\t\t\t\t\t\t\t<input type=\"hidden\" name=\"search_geo\" value=\"0\">\r\n\t\t\t\t\t\t\t\t\t\t<input type=\"hidden\" name=\"geo_label\" value=\"Near...\">\r\n\t\t\t\t\t\t\t\t\t\t<input type=\"hidden\" name=\"search_geo_advanced\" value=\"0\">\r\n\t\t\t\t\t\t\t\t\t\t<input type=\"hidden\" name=\"geo_label_advanced\" value=\"Near...\">\r\n\t\t\t\t\t\t\t\t\t\t<input type=\"hidden\" name=\"search_geo_units\" value=\"1\">\r\n\t\t\t\t\t\t\t\t\t\t<input type=\"hidden\" name=\"geo_units_label\" value=\"Within\">\r\n\t\t\t\t\t\t\t\t\t\t<input type=\"hidden\" name=\"geo_distance_values\" value=\"5,10,25,50,100\">\r\n\t\t\t\t\t\t\t\t\t\t<input type=\"hidden\" name=\"search_scope\" value=\"1\">\r\n\t\t\t\t\t\t\t\t\t\t<input type=\"hidden\" name=\"scope_label\" value=\"Zadaj d\u00e1tum\">\r\n\t\t\t\t\t\t\t\t\t\t<input type=\"hidden\" name=\"scope_seperator\" value=\"and\">\r\n\t\t\t\t\t\t\t\t\t\t<input type=\"hidden\" name=\"scope_format\" value=\"M j\">\r\n\t\t\t\t\t\t\t\t\t\t<input type=\"hidden\" name=\"search_scope_advanced\" value=\"1\">\r\n\t\t\t\t\t\t\t\t\t\t<input type=\"hidden\" name=\"scope_label_advanced\" value=\"Dates\">\r\n\t\t\t\t\t\t\t\t\t\t<input type=\"hidden\" name=\"scope_seperator_advanced\" value=\"and\">\r\n\t\t\t\t\t\t\t\t\t\t<input type=\"hidden\" name=\"scope_format_advanced\" value=\"M j\">\r\n\t\t\t\t\t\t\t\t\t\t<input type=\"hidden\" name=\"search_eventful_main\" value=\"0\">\r\n\t\t\t\t\t\t\t\t\t\t<input type=\"hidden\" name=\"search_eventful\" value=\"0\">\r\n\t\t\t\t\t\t\t\t\t\t<input type=\"hidden\" name=\"search_eventful_locations_label\" value=\"Eventful Locations?\">\r\n\t\t\t\t\t\t\t\t\t\t<input type=\"hidden\" name=\"search_eventful_locations_tooltip\" value=\"Display only locations with upcoming events.\">\r\n\t\t\t\t\t\t\t\t\t\t<input type=\"hidden\" name=\"search_categories\" value=\"1\">\r\n\t\t\t\t\t\t\t\t\t\t<input type=\"hidden\" name=\"category_label\" value=\"Kateg\u00f3rie\">\r\n\t\t\t\t\t\t\t\t\t\t<input type=\"hidden\" name=\"categories_label\" value=\"V\u0161etky kateg\u00f3rie\">\r\n\t\t\t\t\t\t\t\t\t\t<input type=\"hidden\" name=\"categories_placeholder\" value=\"H\u013eadaj v kateg\u00f3riach\">\r\n\t\t\t\t\t\t\t\t\t\t<input type=\"hidden\" name=\"categories_clear_text\" value=\"Clear Selected\">\r\n\t\t\t\t\t\t\t\t\t\t<input type=\"hidden\" name=\"categories_count_text\" value=\"%d Selected\">\r\n\t\t\t\t\t\t\t\t\t\t<input type=\"hidden\" name=\"categories_include\" value=\"\">\r\n\t\t\t\t\t\t\t\t\t\t<input type=\"hidden\" name=\"categories_exclude\" value=\"\">\r\n\t\t\t\t\t\t\t\t\t\t<input type=\"hidden\" name=\"search_tags\" value=\"0\">\r\n\t\t\t\t\t\t\t\t\t\t<input type=\"hidden\" name=\"tag_label\" value=\"Tags\">\r\n\t\t\t\t\t\t\t\t\t\t<input type=\"hidden\" name=\"tags_label\" value=\"All Tags\">\r\n\t\t\t\t\t\t\t\t\t\t<input type=\"hidden\" name=\"tags_placeholder\" value=\"Search Tags...\">\r\n\t\t\t\t\t\t\t\t\t\t<input type=\"hidden\" name=\"tags_clear_text\" value=\"Clear Selected\">\r\n\t\t\t\t\t\t\t\t\t\t<input type=\"hidden\" name=\"tags_count_text\" value=\"%d Selected\">\r\n\t\t\t\t\t\t\t\t\t\t<input type=\"hidden\" name=\"tags_include\" value=\"\">\r\n\t\t\t\t\t\t\t\t\t\t<input type=\"hidden\" name=\"tags_exclude\" value=\"\">\r\n\t\t\t\t\t\t\t\t\t\t<input type=\"hidden\" name=\"search_countries\" value=\"0\">\r\n\t\t\t\t\t\t\t\t\t\t<input type=\"hidden\" name=\"country_label\" value=\"Country\">\r\n\t\t\t\t\t\t\t\t\t\t<input type=\"hidden\" name=\"countries_label\" value=\"All Countries\">\r\n\t\t\t\t\t\t\t\t\t\t<input type=\"hidden\" name=\"search_regions\" value=\"0\">\r\n\t\t\t\t\t\t\t\t\t\t<input type=\"hidden\" name=\"region_label\" value=\"Region\">\r\n\t\t\t\t\t\t\t\t\t\t<input type=\"hidden\" name=\"search_states\" value=\"0\">\r\n\t\t\t\t\t\t\t\t\t\t<input type=\"hidden\" name=\"state_label\" value=\"State\/County\">\r\n\t\t\t\t\t\t\t\t\t\t<input type=\"hidden\" name=\"search_towns\" value=\"1\">\r\n\t\t\t\t\t\t\t\t\t\t<input type=\"hidden\" name=\"town_label\" value=\"Mest\u00e1\/Obce\">\r\n\t\t\t\t\t\t\t\t\t\t<input type=\"hidden\" name=\"show_main\" value=\"1\">\r\n\t\t\t\t\t\t\t\t\t\t<input type=\"hidden\" name=\"show_advanced\" value=\"1\">\r\n\t\t\t\t\t\t\t\t\t\t<input type=\"hidden\" name=\"advanced_mode\" value=\"modal\">\r\n\t\t\t\t\t\t\t\t\t\t<input type=\"hidden\" name=\"advanced_hidden\" value=\"1\">\r\n\t\t\t\t\t\t\t\t\t\t<input type=\"hidden\" name=\"advanced_trigger\" value=\"1\">\r\n\t\t\t\t\t\t\t\t\t\t<input type=\"hidden\" name=\"main_classes\" value=\"css-search,em-search-legacy,has-search-term,has-search-main,has-advanced,advanced-hidden\">\r\n\t\t\t\t\t\t\t\t\t\t<input type=\"hidden\" name=\"css_classes_advanced\" value=\"\">\r\n\t\t\t\t\t\t\t\t\t\t<input type=\"hidden\" name=\"id\" value=\"1084428961\">\r\n\t\t\t\t\t\t\t\t\t\t<input type=\"hidden\" name=\"scope\" value=\"all\">\r\n\t\t\t\t\t\t\t\t\t\t<input type=\"hidden\" name=\"calendar_size\" value=\"\">\r\n\t\t\t\t\t\t\t\t\t\t<input type=\"hidden\" name=\"has_advanced_trigger\" value=\"0\">\r\n\t\t\t\t\t\t\t\t\t<\/form>\r\n\t\t\t\t<form class=\"em-view-custom-data-calendar\" id=\"em-view-custom-data-calendar-1084428961\">\r\n\t\t\t\t\t\t\t\t\t\t\t<input type=\"hidden\" name=\"id\" value=\"1084428961\">\r\n\t\t\t\t\t\t\t\t\t\t\t<input type=\"hidden\" name=\"scope\" value=\"all\">\r\n\t\t\t\t\t\t\t\t\t\t\t<input type=\"hidden\" name=\"calendar_size\" value=\"\">\r\n\t\t\t\t\t\t\t\t\t\t\t<input type=\"hidden\" name=\"has_advanced_trigger\" value=\"0\">\r\n\t\t\t\t\t\t\t\t\t<\/form>\r\n\t\t\t<\/div>\r\n\t\t<\/div>\r\n\t\t\n<p><strong>Kalend\u00e1r zoznam &#8211; v\u0161etky podujatia a akcie <span style=\"color: #800000;\">na dnes<\/span>:<\/strong><br \/>\n<div class=\"em em-view-container\" id=\"em-view-201406808\" data-view=\"list\">\r\n\t<div class=\"em em-list em-events-list\" id=\"em-events-list-201406808\" data-view-id=\"201406808\">\r\n\t<div class=\"em-event em-item \" style=\"--default-border:#FFFFFF;\">\n\t<div class=\"em-item-image \">\n\t\t\n\t\t<img src='https:\/\/www.slovensky-kras.eu\/info\/wp-content\/uploads\/2026\/04\/zupne-dni-roznava.jpg' alt='\u017dupn\u00e9 dni 2026 v RO\u017d\u0147AVE'\/>\n\t\t\n\t\t\n\t<\/div>\n\t<div class=\"em-item-info\">\n\t\t<h3 class=\"em-item-title\"><a href=\"https:\/\/www.slovensky-kras.eu\/info\/events\/zupne-dni-2026-v-roznave\/\">\u017dupn\u00e9 dni 2026 v RO\u017d\u0147AVE<\/a><\/h3>\n\t\t\n\t\t<div class=\"em-event-meta em-item-meta\">\n\t\t\t<div class=\"em-item-meta-line em-event-date em-event-meta-datetime\">\n\t\t\t\t<span class=\"em-icon-calendar em-icon\"><\/span>\n\t\t\t\t30. apr\u00edla 2026&nbsp;&nbsp;&nbsp;&nbsp;\n\t\t\t<\/div>\n\t\t\t<div class=\"em-item-meta-line em-event-time em-event-meta-datetime\">\n\t\t\t\t<span class=\"em-icon-clock em-icon\"><\/span>\n\t\t\t\t0:00\n\t\t\t<\/div>\n\t\t\t\n\t\t\t\n\t\t\t\n\t\t\t\n\t\t\t<div class=\"em-item-meta-line em-item-taxonomy em-event-categories\">\n\t\t\t\t<span class=\"em-icon-category em-icon\"><\/span>\n\t\t\t\t<div>\t<ul class=\"event-categories\">\r\n\t\t\t\t\t<li><a href=\"https:\/\/www.slovensky-kras.eu\/info\/events\/categories\/kulturne-podujatia\/\">Kult\u00farne podujatia<\/a><\/li>\r\n\t\t\t<\/ul>\r\n\t<\/div>\n\t\t\t<\/div>\n\t\t\t\n\t\t\t\n\t\t<\/div>\n\t\t<div class=\"em-item-desc\">\n\t\t\tPre\u010do si nenecha\u0165 ujs\u0165 \u017dupn\u00e9 dni 2026 v RO\u017d\u0147AVE a za\u017ei\u0165 technologick\u00fa revol\u00faciu Gemera? \u017dupn\u00e9 dni 2026 v RO\u017d\u0147AVE otv\u00e1raj\u00fa svoje br\u00e1ny v\u0161etk\u00fdm nad\u0161encom trad\u00edci\u00ed [...]\n\t\t<\/div>\n\t\t<div class=\"em-item-actions input\">\n\t\t\t<a class=\"em-item-read-more button\" href=\"https:\/\/www.slovensky-kras.eu\/info\/events\/zupne-dni-2026-v-roznave\/\">More Info<\/a>\n\t\t\t\n\t\t<\/div>\n\t<\/div>\n<\/div>\t<\/div>\r\n<\/div>\n","protected":false},"excerpt":{"rendered":"<p>Kalend\u00e1r mrie\u017eka &#8211; v\u0161etky podujatia a akcie Kalend\u00e1r mrie\u017eka &#8211; v\u0161etky podujatia a akcie Kalend\u00e1r klasick\u00fd Kalend\u00e1r zoznam &#8211; v\u0161etky podujatia a akcie na dnes:<\/p>\n","protected":false},"author":1,"featured_media":0,"parent":0,"menu_order":0,"comment_status":"closed","ping_status":"closed","template":"","meta":{"_uag_custom_page_level_css":"","footnotes":""},"class_list":["post-26537","page","type-page","status-publish","hentry"],"featured_image_src":"","featured_image_src_square":false,"rbea_author_info":{"display_name":"admin","author_link":"https:\/\/www.slovensky-kras.eu\/info\/author\/admin\/"},"rbea_excerpt_info":"Kalend\u00e1r mrie\u017eka &#8211; v\u0161etky podujatia a akcie Kalend\u00e1r mrie\u017eka &#8211; v\u0161etky podujatia a akcie Kalend\u00e1r klasick\u00fd Kalend\u00e1r zoznam &#8211; v\u0161etky podujatia a akcie na dnes:","uagb_featured_image_src":{"full":false,"thumbnail":false,"medium":false,"medium_large":false,"large":false,"1536x1536":false,"2048x2048":false},"uagb_author_info":{"display_name":"admin","author_link":"https:\/\/www.slovensky-kras.eu\/info\/author\/admin\/"},"uagb_comment_info":0,"uagb_excerpt":"Kalend\u00e1r mrie\u017eka &#8211; v\u0161etky podujatia a akcie Kalend\u00e1r mrie\u017eka &#8211; v\u0161etky podujatia a akcie Kalend\u00e1r klasick\u00fd Kalend\u00e1r zoznam &#8211; v\u0161etky podujatia a akcie na dnes:","_links":{"self":[{"href":"https:\/\/www.slovensky-kras.eu\/info\/wp-json\/wp\/v2\/pages\/26537","targetHints":{"allow":["GET"]}}],"collection":[{"href":"https:\/\/www.slovensky-kras.eu\/info\/wp-json\/wp\/v2\/pages"}],"about":[{"href":"https:\/\/www.slovensky-kras.eu\/info\/wp-json\/wp\/v2\/types\/page"}],"author":[{"embeddable":true,"href":"https:\/\/www.slovensky-kras.eu\/info\/wp-json\/wp\/v2\/users\/1"}],"replies":[{"embeddable":true,"href":"https:\/\/www.slovensky-kras.eu\/info\/wp-json\/wp\/v2\/comments?post=26537"}],"version-history":[{"count":6,"href":"https:\/\/www.slovensky-kras.eu\/info\/wp-json\/wp\/v2\/pages\/26537\/revisions"}],"predecessor-version":[{"id":26543,"href":"https:\/\/www.slovensky-kras.eu\/info\/wp-json\/wp\/v2\/pages\/26537\/revisions\/26543"}],"wp:attachment":[{"href":"https:\/\/www.slovensky-kras.eu\/info\/wp-json\/wp\/v2\/media?parent=26537"}],"curies":[{"name":"wp","href":"https:\/\/api.w.org\/{rel}","templated":true}]}}