{"id":26,"date":"2013-06-22T10:44:10","date_gmt":"2013-06-22T08:44:10","guid":{"rendered":"http:\/\/www.slovensky-kras.eu\/info\/?page_id=26"},"modified":"2021-05-20T15:11:06","modified_gmt":"2021-05-20T13:11:06","slug":"nositelia-tradicii","status":"publish","type":"page","link":"https:\/\/www.slovensky-kras.eu\/info\/nositelia-tradicii\/","title":{"rendered":"Nositelia trad\u00edci\u00ed"},"content":{"rendered":"<p><strong>Menu: <\/strong><a href=\"http:\/\/www.slovensky-kras.eu\/info\/\" class=\"su-button su-button-style-default\" style=\"color:#000000;background-color:#FFCF2F;border-color:#cca626;border-radius:5px\" target=\"_self\"><span style=\"color:#000000;padding:6px 16px;font-size:13px;line-height:20px;border-color:#ffde6e;border-radius:5px;text-shadow:none\"><i class=\"sui sui-arrow-right\" style=\"font-size:13px;color:#000000\"><\/i>  \u00davod \/ Aktuality <\/span><\/a>\n<a href=\"http:\/\/www.slovensky-kras.eu\/info\/nositelia-tradicii\/\" class=\"su-button su-button-style-default\" style=\"color:#000000;background-color:#FFCF2F;border-color:#cca626;border-radius:5px\" target=\"_self\"><span style=\"color:#000000;padding:6px 16px;font-size:13px;line-height:20px;border-color:#ffde6e;border-radius:5px;text-shadow:none\"><i class=\"sui sui-arrow-right\" style=\"font-size:13px;color:#000000\"><\/i>  Nositelia trad\u00edci\u00ed <\/span><\/a>\n<div class=\"su-divider su-divider-style-default\" style=\"margin:15px 0;border-width:3px;border-color:#000000\"><\/div>\n<h4>\u013dudov\u00ed remeseln\u00edci<\/h4>\n<div class=\"su-divider su-divider-style-default\" style=\"margin:15px 0;border-width:3px;border-color:#000000\"><\/div>\n<div id=\"metaslider-id-5695\" style=\"max-width: 800px; margin: 0 auto;\" class=\"ml-slider-3-108-0 metaslider metaslider-flex metaslider-5695 ml-slider ms-theme-default nav-hidden\" role=\"region\" aria-label=\"Zdru\u017eenie gemersk\u00fdch remeseln\u00edkov\" data-height=\"250\" data-width=\"800\">\n    <div id=\"metaslider_container_5695\">\n        <div id=\"metaslider_5695\" class=\"flexslider\">\n            <ul class='slides'>\n                <li style=\"display: block; width: 100%;\" class=\"slide-21876 ms-image \" aria-roledescription=\"slide\" data-date=\"2021-12-22 19:56:40\" data-filename=\"remesel111-800x250.jpg\" data-slide-type=\"image\"><a href=\"http:\/\/www.slovensky-kras.eu\/info\/muzea-kutlura-a-umenie\/zdruzenie-gemerskych-remeselnikov\/\" target=\"_self\" aria-label=\"View Slide Details\" class=\"metaslider_image_link\"><img loading=\"lazy\" decoding=\"async\" src=\"https:\/\/www.slovensky-kras.eu\/info\/wp-content\/uploads\/2021\/01\/remesel111-800x250.jpg\" height=\"250\" width=\"800\" alt=\"Remeseln\u00edcky dom v Kr\u00e1snohorskej Dlhej L\u00fake\" class=\"slider-5695 slide-21876 msDefaultImage\" title=\"Ka\u0161tie\u013e v Kr\u00e1snohorskej Dlhej L\u00fake\" \/><\/a><div class=\"caption-wrap\"><div class=\"caption\"><b><a href=\"http:\/\/www.slovensky-kras.eu\/info\/muzea-kutlura-a-umenie\/zdruzenie-gemerskych-remeselnikov\/\"><span style=\"color:#FFFF00;\">Zdru\u017eenie gemersk\u00fdch remeseln\u00edkov<\/span><\/a><\/b><\/div><\/div><\/li>\n            <\/ul>\n        <\/div>\n        \n    <\/div>\n<\/div>\n<div id=\"metaslider-id-7273\" style=\"max-width: 800px; margin: 0 auto;\" class=\"ml-slider-3-108-0 metaslider metaslider-flex metaslider-7273 ml-slider ms-theme-default nav-hidden nav-hidden\" role=\"region\" aria-label=\"Dom tradi\u010dnej kult\u00fary Gemera\" data-height=\"250\" data-width=\"800\">\n    <div id=\"metaslider_container_7273\">\n        <div id=\"metaslider_7273\" class=\"flexslider\">\n            <ul class='slides'>\n                <li style=\"display: block; width: 100%;\" class=\"slide-19665 ms-image \" aria-roledescription=\"slide\" data-date=\"2021-01-04 09:50:00\" data-filename=\"budova_gos_po-800x250.png\" data-slide-type=\"image\"><a href=\"http:\/\/www.slovensky-kras.eu\/info\/nositelia-tradicii\/dom-tradicnej-kultury-gemera\/\" target=\"_self\" aria-label=\"View Slide Details\" class=\"metaslider_image_link\"><img loading=\"lazy\" decoding=\"async\" src=\"https:\/\/www.slovensky-kras.eu\/info\/wp-content\/uploads\/2016\/06\/budova_gos_po-800x250.png\" height=\"250\" width=\"800\" alt=\"Dom tradi\u010dnej kult\u00fary Gemera\" class=\"slider-7273 slide-19665 msDefaultImage\" title=\"Dom tradi\u010dnej kult\u00fary Gemera\" \/><\/a><div class=\"caption-wrap\"><div class=\"caption\"><b><a href=\"http:\/\/www.slovensky-kras.eu\/info\/nositelia-tradicii\/dom-tradicnej-kultury-gemera\/\"><span style=\"color:#FFFF00;\">Dom tradi\u010dnej kult\u00fary Gemera<\/span><\/a><\/b><\/div><\/div><\/li>\n            <\/ul>\n        <\/div>\n        \n    <\/div>\n<\/div>\n<div id=\"metaslider-id-5692\" style=\"max-width: 800px; margin: 0 auto;\" class=\"ml-slider-3-108-0 metaslider metaslider-flex metaslider-5692 ml-slider ms-theme-default nav-hidden nav-hidden nav-hidden\" role=\"region\" aria-label=\"H\u00e1jske hrn\u010diarstvo\" data-height=\"250\" data-width=\"800\">\n    <div id=\"metaslider_container_5692\">\n        <div id=\"metaslider_5692\" class=\"flexslider\">\n            <ul class='slides'>\n                <li style=\"display: block; width: 100%;\" class=\"slide-19662 ms-image \" aria-roledescription=\"slide\" data-date=\"2021-01-04 09:44:05\" data-filename=\"hajske-hrnciarstvo3-800x250.jpg\" data-slide-type=\"image\"><a href=\"http:\/\/www.slovensky-kras.eu\/info\/nositelia-tradicii\/hajske-hrnciarstvo\/\" target=\"_self\" aria-label=\"View Slide Details\" class=\"metaslider_image_link\"><img loading=\"lazy\" decoding=\"async\" src=\"https:\/\/www.slovensky-kras.eu\/info\/wp-content\/uploads\/2020\/12\/hajske-hrnciarstvo3-800x250.jpg\" height=\"250\" width=\"800\" alt=\"\" class=\"slider-5692 slide-19662 msDefaultImage\" title=\"hajske hrnciarstvo3\" \/><\/a><div class=\"caption-wrap\"><div class=\"caption\"><b><a href=\"http:\/\/www.slovensky-kras.eu\/info\/nositelia-tradicii\/hajske-hrnciarstvo\/\"><span style=\"color:#FFFF00;\">H\u00e1jske hrn\u010diarstvo<\/span><\/a><\/b><\/div><\/div><\/li>\n            <\/ul>\n        <\/div>\n        \n    <\/div>\n<\/div>\n<div id=\"metaslider-id-20496\" style=\"max-width: 800px; margin: 0 auto;\" class=\"ml-slider-3-108-0 metaslider metaslider-flex metaslider-20496 ml-slider ms-theme-default nav-hidden nav-hidden nav-hidden nav-hidden\" role=\"region\" aria-label=\"S&amp;A Design \u2013 V\u00fdroba a predaj suven\u00edrov zo Z\u00e1dielskej doliny\" data-height=\"250\" data-width=\"800\">\n    <div id=\"metaslider_container_20496\">\n        <div id=\"metaslider_20496\" class=\"flexslider\">\n            <ul class='slides'>\n            <\/ul>\n        <\/div>\n        \n    <\/div>\n<\/div>\n<div class=\"su-divider su-divider-style-default\" style=\"margin:15px 0;border-width:3px;border-color:#000000\"><\/div>\n<p><span style=\"color: #808000;\"><strong>Folkl\u00f3rne umeleck\u00e9 teles\u00e1 a skupiny<\/strong><\/span><\/p>\n","protected":false},"excerpt":{"rendered":"<p>Menu: \u013dudov\u00ed remeseln\u00edci Folkl\u00f3rne umeleck\u00e9 teles\u00e1 a skupiny<\/p>\n","protected":false},"author":1,"featured_media":0,"parent":0,"menu_order":11,"comment_status":"closed","ping_status":"open","template":"","meta":{"_uag_custom_page_level_css":"","footnotes":""},"class_list":["post-26","page","type-page","status-publish","hentry"],"featured_image_src":"","featured_image_src_square":false,"rbea_author_info":{"display_name":"admin","author_link":"https:\/\/www.slovensky-kras.eu\/info\/author\/admin\/"},"rbea_excerpt_info":"Menu: \u013dudov\u00ed remeseln\u00edci Folkl\u00f3rne umeleck\u00e9 teles\u00e1 a skupiny","uagb_featured_image_src":{"full":false,"thumbnail":false,"medium":false,"medium_large":false,"large":false,"1536x1536":false,"2048x2048":false},"uagb_author_info":{"display_name":"admin","author_link":"https:\/\/www.slovensky-kras.eu\/info\/author\/admin\/"},"uagb_comment_info":0,"uagb_excerpt":"Menu: \u013dudov\u00ed remeseln\u00edci Folkl\u00f3rne umeleck\u00e9 teles\u00e1 a skupiny","_links":{"self":[{"href":"https:\/\/www.slovensky-kras.eu\/info\/wp-json\/wp\/v2\/pages\/26","targetHints":{"allow":["GET"]}}],"collection":[{"href":"https:\/\/www.slovensky-kras.eu\/info\/wp-json\/wp\/v2\/pages"}],"about":[{"href":"https:\/\/www.slovensky-kras.eu\/info\/wp-json\/wp\/v2\/types\/page"}],"author":[{"embeddable":true,"href":"https:\/\/www.slovensky-kras.eu\/info\/wp-json\/wp\/v2\/users\/1"}],"replies":[{"embeddable":true,"href":"https:\/\/www.slovensky-kras.eu\/info\/wp-json\/wp\/v2\/comments?post=26"}],"version-history":[{"count":1,"href":"https:\/\/www.slovensky-kras.eu\/info\/wp-json\/wp\/v2\/pages\/26\/revisions"}],"predecessor-version":[{"id":20498,"href":"https:\/\/www.slovensky-kras.eu\/info\/wp-json\/wp\/v2\/pages\/26\/revisions\/20498"}],"wp:attachment":[{"href":"https:\/\/www.slovensky-kras.eu\/info\/wp-json\/wp\/v2\/media?parent=26"}],"curies":[{"name":"wp","href":"https:\/\/api.w.org\/{rel}","templated":true}]}}