{"id":25700,"date":"2023-09-29T06:47:55","date_gmt":"2023-09-29T04:47:55","guid":{"rendered":"https:\/\/www.slovensky-kras.eu\/info\/?page_id=25700"},"modified":"2026-04-06T08:24:14","modified_gmt":"2026-04-06T06:24:14","slug":"sugovska-vyhliadka","status":"publish","type":"page","link":"https:\/\/www.slovensky-kras.eu\/info\/kam-do-prirody\/sugovska-vyhliadka\/","title":{"rendered":"\u0160ugovsk\u00e1 vyhliadka (685 m n.m.)"},"content":{"rendered":"<p><strong>Menu: <\/strong> <a href=\"http:\/\/www.slovensky-kras.eu\/info\/\" class=\"su-button su-button-style-default\" style=\"color:#000000;background-color:#FFCF2F;border-color:#cca626;border-radius:5px\" target=\"_self\"><span style=\"color:#000000;padding:6px 16px;font-size:13px;line-height:20px;border-color:#ffde6e;border-radius:5px;text-shadow:none\"><i class=\"sui sui-arrow-right\" style=\"font-size:13px;color:#000000\"><\/i>  \u00davod \/ Aktuality <\/span><\/a>\n<a href=\"http:\/\/www.slovensky-kras.eu\/info\/kam-do-prirody\/\" class=\"su-button su-button-style-default\" style=\"color:#000000;background-color:#FFCF2F;border-color:#cca626;border-radius:5px\" target=\"_self\"><span style=\"color:#000000;padding:6px 16px;font-size:13px;line-height:20px;border-color:#ffde6e;border-radius:5px;text-shadow:none\"><i class=\"sui sui-arrow-right\" style=\"font-size:13px;color:#000000\"><\/i>  Kam do pr\u00edrody <\/span><\/a>\n<p><strong>Podkateg\u00f3ria: <\/strong> <a href=\"http:\/\/www.slovensky-kras.eu\/info\/kam-do-prirody\/vrchy-skaly-a-sedla\/\" class=\"su-button su-button-style-default\" style=\"color:#000000;background-color:#C5ED2C;border-color:#9ebe24;border-radius:5px\" target=\"_self\"><span style=\"color:#000000;padding:6px 16px;font-size:13px;line-height:20px;border-color:#d7f36c;border-radius:5px;text-shadow:none\"><i class=\"sui sui-arrow-right\" style=\"font-size:13px;color:#000000\"><\/i>  Vrchy, skaly, vyhliadky a sedl\u00e1 <\/span><\/a>\n<div class=\"su-divider su-divider-style-default\" style=\"margin:15px 0;border-width:2px;border-color:#000000\"><\/div>\n<figure id=\"attachment_25804\" aria-describedby=\"caption-attachment-25804\" style=\"width: 1000px\" class=\"wp-caption aligncenter\"><a href=\"https:\/\/www.slovensky-kras.eu\/info\/wp-content\/uploads\/2023\/10\/sugovska-vyhlaidka6.jpg\"><img loading=\"lazy\" decoding=\"async\" class=\"wp-image-25804 size-full\" src=\"https:\/\/www.slovensky-kras.eu\/info\/wp-content\/uploads\/2023\/10\/sugovska-vyhlaidka6.jpg\" alt=\"\u0160ugovsk\u00e1 vyhliadka (685 m n.m.)\" width=\"1000\" height=\"666\" srcset=\"https:\/\/www.slovensky-kras.eu\/info\/wp-content\/uploads\/2023\/10\/sugovska-vyhlaidka6.jpg 1000w, https:\/\/www.slovensky-kras.eu\/info\/wp-content\/uploads\/2023\/10\/sugovska-vyhlaidka6-800x533.jpg 800w, https:\/\/www.slovensky-kras.eu\/info\/wp-content\/uploads\/2023\/10\/sugovska-vyhlaidka6-768x511.jpg 768w\" sizes=\"auto, (max-width: 1000px) 100vw, 1000px\" \/><\/a><figcaption id=\"caption-attachment-25804\" class=\"wp-caption-text\">\u0160ugovsk\u00e1 vyhliadka (685 m n. m.), fotograf: Radoslav Medzihradsk\u00fd (R\u00fdchlono\u017eka) \u2013 klub KST Ko\u0161i\u010dan<\/figcaption><\/figure>\n<div class=\"su-divider su-divider-style-default\" style=\"margin:15px 0;border-width:2px;border-color:#000000\"><\/div>\n<h2 data-path-to-node=\"5\"><span style=\"color: #800000;\">Panor\u00e1ma, ktor\u00e1 v\u00e1s dostane<\/span><\/h2>\n<p data-path-to-node=\"6\">Vyme\u0148te mestsk\u00fd hluk za \u0161um vetra na vrchole <b data-path-to-node=\"6\" data-index-in-node=\"45\">majest\u00e1tnej skaly<\/b>, ktor\u00e1 str\u00e1\u017ei vstup do \u00fadolia Bodvy. \u0160ugovsk\u00e1 vyhliadka je miestom, kde sa poh\u013ead na <b data-path-to-node=\"6\" data-index-in-node=\"148\">vzdialen\u00e9 hrebene<\/b> sn\u00fabi s bohatou minulos\u0165ou miestneho op\u00e1tstva. \u010cak\u00e1 v\u00e1s cesta pln\u00e1 <b data-path-to-node=\"6\" data-index-in-node=\"233\">dobrodru\u017estva<\/b> a cie\u013e, ktor\u00fd v\u00e1s odmen\u00ed dychber\u00facim vizu\u00e1lnym z\u00e1\u017eitkom. Sta\u010d\u00ed sa obu\u0165 a vyrazi\u0165 za t\u00fdmto <b data-path-to-node=\"6\" data-index-in-node=\"337\">turistick\u00fdm pokladom<\/b> v srdci <a href=\"https:\/\/www.slovensky-kras.eu\/info\/kam-do-prirody\/jasovska-planina\/\">Jasovskej planiny<\/a>.<\/p>\n<h2><span style=\"color: #800000;\">Kde presne sa <b>\u0160ugovsk\u00e1 vyhliadka<\/b> nach\u00e1dza a ak\u00e1 je jej nadmorsk\u00e1 v\u00fd\u0161ka?<\/span><\/h2>\n<p data-path-to-node=\"3\"><b>\u0160ugovsk\u00e1 vyhliadka<\/b> sa nach\u00e1dza v nadmorskej v\u00fd\u0161ke <b>685 m n. m.<\/b>, pribli\u017ene 200 metrov severov\u00fdchodn\u00fdm smerom od menej v\u00fdrazn\u00e9ho planinov\u00e9ho <strong>\u0160ugovsk\u00e9ho vrchu (705 m n. m.)<\/strong>. Z geomorfologick\u00e9ho h\u013eadiska patr\u00ed t\u00e1to <b>vyhliadka<\/b> do rozsiahlej oblasti <b>Slovensk\u00e9ho rudohoria<\/b> a konkr\u00e9tne do horsk\u00e9ho celku <b>Slovensk\u00fd kras<\/b>, ako s\u00fa\u010das\u0165 podcelku <a href=\"https:\/\/www.slovensky-kras.eu\/info\/kam-do-prirody\/jasovska-planina\/\"><b>Jasovsk\u00e1 planina<\/b><\/a>.<\/p>\n<h2><span style=\"color: #800000;\">\u010co uvid\u00edm z vrcholu \u0160ugovsk\u00e9ho vrchu a pre\u010do je <b>\u0160ugovsk\u00e1 vyhliadka<\/b> lep\u0161ia?<\/span><\/h2>\n<p data-path-to-node=\"7\">Vrchol samotn\u00e9ho \u0160ugovsk\u00e9ho vrchu pokr\u00fdva s\u00favisl\u00fd lesn\u00fd porast, ktor\u00fd, \u017eia\u013e, neumo\u017e\u0148uje <b>roz\u013eahl\u00fd v\u00fdh\u013ead<\/b>. Pr\u00e1ve preto je <b>\u0160ugovsk\u00e1 vyhliadka<\/b> ide\u00e1lnym cie\u013eom. <b>Vyhliadka<\/b> je tvoren\u00e1 mohutnou v\u00e1pencovou skalou, ktor\u00e1 cestovate\u013eom pon\u00faka skuto\u010dne <b>n\u00e1dhern\u00fd v\u00fdh\u013ead<\/b> na hrebene susedn\u00e9ho pohoria <b>Volovsk\u00fdch vrchov<\/b> \u2013 konkr\u00e9tne na podcelky Koj\u0161ovsk\u00e1 ho\u013ea a Knola. Panor\u00e1me dominuj\u00fa v\u00fdznamn\u00e9 vrchy ako <strong>Lastovi\u010d\u00ed vrch (1061 m n. m.)<\/strong>, <a href=\"https:\/\/www.keturist.sk\/info\/kloptan-1153-m-n-m\/\" target=\"_blank\" rel=\"noopener\">Klopta\u0148 (1153 m n. m.)<\/a> a najvy\u0161\u0161\u00ed z nich, <a href=\"https:\/\/www.keturist.sk\/info\/kojsovska-hola-1246-m-n-m\/\" target=\"_blank\" rel=\"noopener\">Koj\u0161ovsk\u00e1 ho\u013ea (1246 m n. m.)<\/a>.<\/p>\n<p data-path-to-node=\"10\">Ak sa pozriete dole do \u00fadolia rie\u010dky Bodvy, m\u00f4\u017eete obdivova\u0165 mesto <a href=\"https:\/\/www.slovensky-kras.eu\/info\/strediska-a-centra\/mesto-medzev\/\"><b>Medzev<\/b><\/a>. Pri poh\u013eade severoz\u00e1padn\u00fdm smerom v\u00e1s up\u00fata ne\u010falek\u00fd <a href=\"https:\/\/www.slovensky-kras.eu\/info\/kam-do-prirody\/jeleni-vrch-947-m-n-m\/\"><b>Jelen\u00ed vrch<\/b> (947 m n. m.)<\/a>.<\/p>\n<h2><span style=\"color: #800000;\">Kto sa zasl\u00fa\u017eil o ozna\u010denie miesta a ak\u00e1 je historick\u00e1 hodnota <b>vyhliadky<\/b>?<\/span><\/h2>\n<p data-path-to-node=\"13\">V\u010faka turistick\u00e9mu klubu KST Skoba z <b>Medzeva<\/b> je na <b>skale<\/b> osaden\u00e1 <b>tabu\u013ea s n\u00e1zvom<\/b> tohto turistick\u00e9ho cie\u013ea. <b>\u0160ugovsk\u00e1 vyhliadka<\/b> bola u\u017e v 18. storo\u010d\u00ed ob\u013e\u00faben\u00fdm miestom op\u00e1ta Andreasa Antona Sauberera, ktor\u00fd si tu r\u00e1d doprial <b>oddych<\/b>. <strong>Op\u00e1t Sauberer<\/strong> sa vo ve\u013ekej miere pri\u010dinil o rozvoj <b>jasovsk\u00e9ho Op\u00e1tstva<\/b> a nechal postavi\u0165 s\u00fa\u010dasn\u00fd kl\u00e1\u0161torn\u00fd komplex vr\u00e1tane Op\u00e1tskeho chr\u00e1mu sv. J\u00e1na Krstite\u013ea v Jasove.<\/p>\n<h2><span style=\"color: #800000;\">Ako sa dosta\u0165 na \u0160ugovsk\u00fa vyhliadku?<\/span><\/h2>\n<p>Na v\u00fdh\u013eadku sa m\u00f4\u017eete dosta\u0165 od sedla <strong>\u017delezn\u00e1 br\u00e1na (736 m n.m.)<\/strong> alebo z obce Jasov a z rekrea\u010dnej oblasti \u0160ugov.<\/p>\n<h2 data-path-to-node=\"1\"><span style=\"color: #800000;\">O vizion\u00e1rovi a sile modlitby na skale<\/span><\/h2>\n<p data-path-to-node=\"2\">Traduje sa, \u017ee ke\u010f sa <b data-path-to-node=\"2\" data-index-in-node=\"22\">op\u00e1t Andreas Anton Sauberer<\/b> rozhodol premeni\u0165 Jasov na barokov\u00fa perlu, v jeho hlave dozrelo odv\u00e1\u017ene rozhodnutie. Aby uvo\u013enil miesto pre <b data-path-to-node=\"2\" data-index-in-node=\"158\">ve\u013ekolep\u00fd kl\u00e1\u0161torn\u00fd komplex<\/b>, musel necha\u0165 <b data-path-to-node=\"2\" data-index-in-node=\"200\">zr\u00fati\u0165 star\u00e9 m\u00fary<\/b>, ktor\u00e9 tam st\u00e1li st\u00e1ro\u010dia. Bol to riskantn\u00fd krok, a preto h\u013eadal silu a rozvahu na vysokej <b data-path-to-node=\"2\" data-index-in-node=\"309\">\u0160ugovskej vyhliadke<\/b>.<\/p>\n<p data-path-to-node=\"3\">Poves\u0165 vrav\u00ed, \u017ee k\u00fdm v \u00fadol\u00ed padali k zemi star\u00e9 kamene, op\u00e1t sed\u00e1val na tejto <b data-path-to-node=\"3\" data-index-in-node=\"79\">v\u00e1pencovej skale<\/b>, kde sa v hlbokom tichu <b data-path-to-node=\"3\" data-index-in-node=\"120\">vr\u00facne modlil<\/b>. Pr\u00e1ve v t\u00fdchto chv\u00ed\u013each rozj\u00edmania a dial\u00f3gu s Bohom z\u00edskal istotu, \u017ee na trosk\u00e1ch star\u00e9ho dok\u00e1\u017ee <b data-path-to-node=\"3\" data-index-in-node=\"233\">da\u0165 postavi\u0165<\/b> majest\u00e1tny <b data-path-to-node=\"3\" data-index-in-node=\"257\">Op\u00e1tsky chr\u00e1m sv. J\u00e1na Krstite\u013ea<\/b>. \u0160ugovsk\u00e1 vyhliadka sa tak stala jeho pr\u00edrodnou sv\u00e4ty\u0148ou, kde <b data-path-to-node=\"3\" data-index-in-node=\"352\">modlitba<\/b> premenila pochybnosti na <b data-path-to-node=\"3\" data-index-in-node=\"386\">ve\u013ekolep\u00fa v\u00edziu<\/b>. Hovor\u00ed sa, \u017ee kto dnes na skale h\u013ead\u00e1 <b data-path-to-node=\"3\" data-index-in-node=\"441\">oddych<\/b>, n\u00e1jde tam nielen pokoj, ale aj duchovn\u00fa silu potrebn\u00fa pre ve\u013ek\u00e9 \u017eivotn\u00e9 zmeny.<\/p>\n<h2><span style=\"color: #800000;\">Fotogal\u00e9ria<\/span><\/h2>\n<style type=\"text\/css\">\n#foogallery-gallery-28570 .fg-image { width: 200px; }<\/style>\n\t\t\t<div class=\"foogallery foogallery-container foogallery-carousel foogallery-lightbox-foogallery fg-carousel fg-ready fg-light fg-border-medium fg-round-small fg-shadow-medium fg-loading-default fg-loaded-fade-in fg-hover-semi-zoomed fg-hover-fade fg-hover-circle-plus2\" id=\"foogallery-gallery-28570\" data-foogallery=\"{&quot;item&quot;:{&quot;showCaptionTitle&quot;:true,&quot;showCaptionDescription&quot;:true},&quot;lazy&quot;:true,&quot;template&quot;:{&quot;maxItems&quot;:5,&quot;scale&quot;:0.11999999999999999555910790149937383830547332763671875,&quot;gutter&quot;:{&quot;min&quot;:-40,&quot;max&quot;:-20,&quot;unit&quot;:&quot;%&quot;},&quot;autoplay&quot;:{&quot;time&quot;:0,&quot;interaction&quot;:&quot;pause&quot;},&quot;centerOnClick&quot;:true,&quot;align&quot;:&quot;center&quot;,&quot;activePosition&quot;:&quot;center&quot;}}\" data-foogallery-lightbox=\"{&quot;thumbs&quot;:&quot;bottom&quot;,&quot;thumbsCaptions&quot;:false,&quot;thumbsBestFit&quot;:false,&quot;thumbsSmall&quot;:false,&quot;thumbsCaptionsAlign&quot;:&quot;default&quot;,&quot;info&quot;:&quot;bottom&quot;,&quot;infoVisible&quot;:true,&quot;infoOverlay&quot;:true,&quot;infoAlign&quot;:&quot;default&quot;,&quot;transition&quot;:&quot;fade&quot;,&quot;hoverButtons&quot;:false,&quot;fitMedia&quot;:false,&quot;noScrollbars&quot;:true,&quot;preserveButtonSpace&quot;:true,&quot;buttons&quot;:{&quot;fullscreen&quot;:true,&quot;info&quot;:true,&quot;thumbs&quot;:false},&quot;video&quot;:{&quot;autoPlay&quot;:true}}\" style=\"--fg-title-line-clamp: 0; --fg-description-line-clamp: 0;\" >\n\t<button type=\"button\" class=\"fg-carousel-prev\" title=\"Previous\"><\/button>\n\t<div class=\"fg-carousel-inner\">\n\t\t<div class=\"fg-carousel-center\"><\/div>\n\t\t<div class=\"fg-item fg-type-image fg-idle\"><figure class=\"fg-item-inner\"><a href=\"https:\/\/www.slovensky-kras.eu\/info\/wp-content\/uploads\/2023\/10\/sugovska-vyhlaidka7.jpg\" data-caption-title=\"\u0160ugovsk\u00e1 vyhliadka (685 m n.m.)\" data-caption-desc=\"\u0160ugovsk\u00e1 vyhliadka (685 m n. m.), fotograf: Radoslav Medzihradsk\u00fd (R\u00fdchlono\u017eka) \u2013 klub KST Ko\u0161i\u010dan\" data-attachment-id=\"25805\" data-type=\"image\" class=\"fg-thumb\"><span class=\"fg-image-wrap\"><img decoding=\"async\" title=\"\u0160ugovsk\u00e1 vyhliadka (685 m n.m.)\" width=\"200\" height=\"200\" class=\"skip-lazy fg-image\" data-src-fg=\"https:\/\/www.slovensky-kras.eu\/info\/wp-content\/uploads\/cache\/2023\/10\/sugovska-vyhlaidka7\/3934052628.jpg\" src=\"data:image\/svg+xml,%3Csvg%20xmlns%3D%22http%3A%2F%2Fwww.w3.org%2F2000%2Fsvg%22%20width%3D%22200%22%20height%3D%22200%22%20viewBox%3D%220%200%20200%20200%22%3E%3C%2Fsvg%3E\" loading=\"eager\"><\/span><span class=\"fg-image-overlay\"><\/span><\/a><figcaption class=\"fg-caption\"><div class=\"fg-caption-inner\"><div class=\"fg-caption-title\">\u0160ugovsk\u00e1 vyhliadka (685 m n.m.)<\/div><div class=\"fg-caption-desc\">\u0160ugovsk\u00e1 vyhliadka (685 m n. m.), fotograf: Radoslav Medzihradsk\u00fd (R\u00fdchlono\u017eka) \u2013 klub KST Ko\u0161i\u010dan<\/div><\/div><\/figcaption><\/figure><div class=\"fg-loader\"><\/div><\/div><div class=\"fg-item fg-type-image fg-idle\"><figure class=\"fg-item-inner\"><a href=\"https:\/\/www.slovensky-kras.eu\/info\/wp-content\/uploads\/2023\/10\/sugovska-vyhlaidka6.jpg\" data-caption-title=\"\u0160ugovsk\u00e1 vyhliadka (685 m n.m.)\" data-caption-desc=\"\u0160ugovsk\u00e1 vyhliadka (685 m n. m.), fotograf: Radoslav Medzihradsk\u00fd (R\u00fdchlono\u017eka) \u2013 klub KST Ko\u0161i\u010dan\" data-attachment-id=\"25804\" data-type=\"image\" class=\"fg-thumb\"><span class=\"fg-image-wrap\"><img decoding=\"async\" alt=\"\u0160ugovsk\u00e1 vyhliadka (685 m n.m.)\" title=\"\u0160ugovsk\u00e1 vyhliadka (685 m n.m.)\" width=\"200\" height=\"200\" class=\"skip-lazy fg-image\" data-src-fg=\"https:\/\/www.slovensky-kras.eu\/info\/wp-content\/uploads\/cache\/2023\/10\/sugovska-vyhlaidka6\/1796680663.jpg\" src=\"data:image\/svg+xml,%3Csvg%20xmlns%3D%22http%3A%2F%2Fwww.w3.org%2F2000%2Fsvg%22%20width%3D%22200%22%20height%3D%22200%22%20viewBox%3D%220%200%20200%20200%22%3E%3C%2Fsvg%3E\" loading=\"eager\"><\/span><span class=\"fg-image-overlay\"><\/span><\/a><figcaption class=\"fg-caption\"><div class=\"fg-caption-inner\"><div class=\"fg-caption-title\">\u0160ugovsk\u00e1 vyhliadka (685 m n.m.)<\/div><div class=\"fg-caption-desc\">\u0160ugovsk\u00e1 vyhliadka (685 m n. m.), fotograf: Radoslav Medzihradsk\u00fd (R\u00fdchlono\u017eka) \u2013 klub KST Ko\u0161i\u010dan<\/div><\/div><\/figcaption><\/figure><div class=\"fg-loader\"><\/div><\/div><div class=\"fg-item fg-type-image fg-idle\"><figure class=\"fg-item-inner\"><a href=\"https:\/\/www.slovensky-kras.eu\/info\/wp-content\/uploads\/2023\/10\/sugovska-vyhlaidka5.jpg\" data-caption-title=\"\u0160ugovsk\u00e1 vyhliadka (685 m n.m.)\" data-caption-desc=\"\u0160ugovsk\u00e1 vyhliadka (685 m n. m.), fotograf: Radoslav Medzihradsk\u00fd (R\u00fdchlono\u017eka) \u2013 klub KST Ko\u0161i\u010dan\" data-attachment-id=\"25803\" data-type=\"image\" class=\"fg-thumb\"><span class=\"fg-image-wrap\"><img decoding=\"async\" title=\"\u0160ugovsk\u00e1 vyhliadka (685 m n.m.)\" width=\"200\" height=\"200\" class=\"skip-lazy fg-image\" data-src-fg=\"https:\/\/www.slovensky-kras.eu\/info\/wp-content\/uploads\/cache\/2023\/10\/sugovska-vyhlaidka5\/1537011750.jpg\" src=\"data:image\/svg+xml,%3Csvg%20xmlns%3D%22http%3A%2F%2Fwww.w3.org%2F2000%2Fsvg%22%20width%3D%22200%22%20height%3D%22200%22%20viewBox%3D%220%200%20200%20200%22%3E%3C%2Fsvg%3E\" loading=\"eager\"><\/span><span class=\"fg-image-overlay\"><\/span><\/a><figcaption class=\"fg-caption\"><div class=\"fg-caption-inner\"><div class=\"fg-caption-title\">\u0160ugovsk\u00e1 vyhliadka (685 m n.m.)<\/div><div class=\"fg-caption-desc\">\u0160ugovsk\u00e1 vyhliadka (685 m n. m.), fotograf: Radoslav Medzihradsk\u00fd (R\u00fdchlono\u017eka) \u2013 klub KST Ko\u0161i\u010dan<\/div><\/div><\/figcaption><\/figure><div class=\"fg-loader\"><\/div><\/div><div class=\"fg-item fg-type-image fg-idle\"><figure class=\"fg-item-inner\"><a href=\"https:\/\/www.slovensky-kras.eu\/info\/wp-content\/uploads\/2023\/10\/sugovska-vyhlaidka4.jpg\" data-caption-title=\"\u0160ugovsk\u00e1 vyhliadka (685 m n.m.)\" data-caption-desc=\"\u0160ugovsk\u00e1 vyhliadka (685 m n. m.), fotograf: Radoslav Medzihradsk\u00fd (R\u00fdchlono\u017eka) \u2013 klub KST Ko\u0161i\u010dan\" data-attachment-id=\"25802\" data-type=\"image\" class=\"fg-thumb\"><span class=\"fg-image-wrap\"><img decoding=\"async\" title=\"\u0160ugovsk\u00e1 vyhliadka (685 m n.m.)\" width=\"200\" height=\"200\" class=\"skip-lazy fg-image\" data-src-fg=\"https:\/\/www.slovensky-kras.eu\/info\/wp-content\/uploads\/cache\/2023\/10\/sugovska-vyhlaidka4\/2827072702.jpg\" src=\"data:image\/svg+xml,%3Csvg%20xmlns%3D%22http%3A%2F%2Fwww.w3.org%2F2000%2Fsvg%22%20width%3D%22200%22%20height%3D%22200%22%20viewBox%3D%220%200%20200%20200%22%3E%3C%2Fsvg%3E\" loading=\"eager\"><\/span><span class=\"fg-image-overlay\"><\/span><\/a><figcaption class=\"fg-caption\"><div class=\"fg-caption-inner\"><div class=\"fg-caption-title\">\u0160ugovsk\u00e1 vyhliadka (685 m n.m.)<\/div><div class=\"fg-caption-desc\">\u0160ugovsk\u00e1 vyhliadka (685 m n. m.), fotograf: Radoslav Medzihradsk\u00fd (R\u00fdchlono\u017eka) \u2013 klub KST Ko\u0161i\u010dan<\/div><\/div><\/figcaption><\/figure><div class=\"fg-loader\"><\/div><\/div>\t<\/div>\n\t<div class=\"fg-carousel-bottom\"><\/div>\n\t<div class=\"fg-carousel-progress\"><\/div>\n\t<button type=\"button\" class=\"fg-carousel-next\" title=\"Next\"><\/button>\n<\/div>\n<h2><span style=\"color: #800000;\">Zauj\u00edmav\u00e9 odkazy<\/span><\/h2>\n<h3><span style=\"color: #808000;\">Bl\u00edzke stredisko, turistick\u00e9 centrum, obec alebo mesto<\/span><\/h3>\n<ul>\n<li><a href=\"http:\/\/www.slovensky-kras.eu\/info\/strediska-a-centra\/rekreacna-oblast-sugov\/\">Rekrea\u010dn\u00e1 oblas\u0165 \u0160ugov (\u010d\u00edtaj viac&#8230;)<\/a><\/li>\n<\/ul>\n<ul>\n<li><a href=\"http:\/\/www.slovensky-kras.eu\/info\/strediska-a-centra\/mesto-medzev\/\">Mesto Medzev (\u010d\u00edtaj viac&#8230;)<\/a><\/li>\n<\/ul>\n<ul>\n<li><a href=\"http:\/\/www.slovensky-kras.eu\/info\/strediska-a-centra\/obec-hacava\/\">Obec Ha\u010dava (\u010d\u00edtaj viac&#8230;)<\/a><\/li>\n<\/ul>\n<h2><span style=\"color: #800000;\">Mapy<\/span><\/h2>\n<p><strong>Vrstvy: <\/strong>Turistick\u00e1 mapa, Automapa, Cyklomapa, Ly\u017eiarska mapa, Satelitn\u00e1 mapa a OpenStreetMap.<\/p>\n<p><strong>Kliknut\u00edm na logo &#8222;Freemap.sk&#8220; sa V\u00e1m mapa zobraz\u00ed na celej ploche obrazovky.<\/strong><\/p>\n<p><iframe style=\"width: 900px; height: 600px; border: 0;\" src=\"https:\/\/www.freemap.sk\/?map=15\/48.660280\/20.887044&amp;info-point=48.660280\/20.887044,\u0160ugovsk\u00e1 vyhliadka &amp;layers=X&amp;embed=search\" allowfullscreen=\"allowfullscreen\"><\/iframe><\/p>\n<h2><span style=\"color: #800000;\">Po\u010dasie<\/span><\/h2>\n<p><iframe style=\"width: 900px; height: 609px;\" src=\"https:\/\/www.meteoblue.com\/sk\/po%C4%8Dasie\/widget\/three\/medzev_slovensk%c3%a1-republika_724159?geoloc=fixed&amp;nocurrent=0&amp;noforecast=0&amp;days=6&amp;tempunit=CELSIUS&amp;windunit=KILOMETER_PER_HOUR&amp;layout=image\" frameborder=\"0\" scrolling=\"NO\" sandbox=\"allow-same-origin allow-scripts allow-popups allow-popups-to-escape-sandbox\"><span data-mce-type=\"bookmark\" style=\"display: inline-block; width: 0px; overflow: hidden; line-height: 0;\" class=\"mce_SELRES_start\">\ufeff<\/span><\/iframe><\/p>\n<div><!-- DO NOT REMOVE THIS LINK --><a href=\"https:\/\/www.meteoblue.com\/sk\/po%C4%8Dasie\/predpove%C4%8F\/t%C3%BD%C5%BEde%C5%88\/medzev_slovensk%c3%a1-republika_724159?utm_source=weather_widget&amp;utm_medium=linkus&amp;utm_content=three&amp;utm_campaign=Weather%2BWidget\" target=\"_blank\" rel=\"noopener noreferrer\">meteoblue<\/a><\/div>\n","protected":false},"excerpt":{"rendered":"<p>Menu: Podkateg\u00f3ria: Panor\u00e1ma, ktor\u00e1 v\u00e1s dostane Vyme\u0148te mestsk\u00fd hluk za \u0161um vetra na vrchole majest\u00e1tnej skaly, ktor\u00e1 str\u00e1\u017ei vstup do \u00fadolia Bodvy. \u0160ugovsk\u00e1 vyhliadka je miestom, kde sa poh\u013ead na [&hellip;]<\/p>\n","protected":false},"author":1,"featured_media":25804,"parent":13,"menu_order":0,"comment_status":"closed","ping_status":"closed","template":"","meta":{"_uag_custom_page_level_css":"","footnotes":""},"class_list":["post-25700","page","type-page","status-publish","has-post-thumbnail","hentry"],"featured_image_src":"https:\/\/www.slovensky-kras.eu\/info\/wp-content\/uploads\/2023\/10\/sugovska-vyhlaidka6.jpg","featured_image_src_square":"https:\/\/www.slovensky-kras.eu\/info\/wp-content\/uploads\/2023\/10\/sugovska-vyhlaidka6.jpg","rbea_author_info":{"display_name":"admin","author_link":"https:\/\/www.slovensky-kras.eu\/info\/author\/admin\/"},"rbea_excerpt_info":"Menu: Podkateg\u00f3ria: Panor\u00e1ma, ktor\u00e1 v\u00e1s dostane Vyme\u0148te mestsk\u00fd hluk za \u0161um vetra na vrchole majest\u00e1tnej skaly, ktor\u00e1 str\u00e1\u017ei vstup do \u00fadolia Bodvy. \u0160ugovsk\u00e1 vyhliadka je miestom, kde sa poh\u013ead na [&hellip;]","uagb_featured_image_src":{"full":["https:\/\/www.slovensky-kras.eu\/info\/wp-content\/uploads\/2023\/10\/sugovska-vyhlaidka6.jpg",1000,666,false],"thumbnail":["https:\/\/www.slovensky-kras.eu\/info\/wp-content\/uploads\/2023\/10\/sugovska-vyhlaidka6-150x150.jpg",150,150,true],"medium":["https:\/\/www.slovensky-kras.eu\/info\/wp-content\/uploads\/2023\/10\/sugovska-vyhlaidka6-800x533.jpg",800,533,true],"medium_large":["https:\/\/www.slovensky-kras.eu\/info\/wp-content\/uploads\/2023\/10\/sugovska-vyhlaidka6-768x511.jpg",768,511,true],"large":["https:\/\/www.slovensky-kras.eu\/info\/wp-content\/uploads\/2023\/10\/sugovska-vyhlaidka6.jpg",1000,666,false],"1536x1536":["https:\/\/www.slovensky-kras.eu\/info\/wp-content\/uploads\/2023\/10\/sugovska-vyhlaidka6.jpg",1000,666,false],"2048x2048":["https:\/\/www.slovensky-kras.eu\/info\/wp-content\/uploads\/2023\/10\/sugovska-vyhlaidka6.jpg",1000,666,false]},"uagb_author_info":{"display_name":"admin","author_link":"https:\/\/www.slovensky-kras.eu\/info\/author\/admin\/"},"uagb_comment_info":0,"uagb_excerpt":"Menu: Podkateg\u00f3ria: Panor\u00e1ma, ktor\u00e1 v\u00e1s dostane Vyme\u0148te mestsk\u00fd hluk za \u0161um vetra na vrchole majest\u00e1tnej skaly, ktor\u00e1 str\u00e1\u017ei vstup do \u00fadolia Bodvy. \u0160ugovsk\u00e1 vyhliadka je miestom, kde sa poh\u013ead na [&hellip;]","_links":{"self":[{"href":"https:\/\/www.slovensky-kras.eu\/info\/wp-json\/wp\/v2\/pages\/25700","targetHints":{"allow":["GET"]}}],"collection":[{"href":"https:\/\/www.slovensky-kras.eu\/info\/wp-json\/wp\/v2\/pages"}],"about":[{"href":"https:\/\/www.slovensky-kras.eu\/info\/wp-json\/wp\/v2\/types\/page"}],"author":[{"embeddable":true,"href":"https:\/\/www.slovensky-kras.eu\/info\/wp-json\/wp\/v2\/users\/1"}],"replies":[{"embeddable":true,"href":"https:\/\/www.slovensky-kras.eu\/info\/wp-json\/wp\/v2\/comments?post=25700"}],"version-history":[{"count":33,"href":"https:\/\/www.slovensky-kras.eu\/info\/wp-json\/wp\/v2\/pages\/25700\/revisions"}],"predecessor-version":[{"id":29929,"href":"https:\/\/www.slovensky-kras.eu\/info\/wp-json\/wp\/v2\/pages\/25700\/revisions\/29929"}],"up":[{"embeddable":true,"href":"https:\/\/www.slovensky-kras.eu\/info\/wp-json\/wp\/v2\/pages\/13"}],"wp:featuredmedia":[{"embeddable":true,"href":"https:\/\/www.slovensky-kras.eu\/info\/wp-json\/wp\/v2\/media\/25804"}],"wp:attachment":[{"href":"https:\/\/www.slovensky-kras.eu\/info\/wp-json\/wp\/v2\/media?parent=25700"}],"curies":[{"name":"wp","href":"https:\/\/api.w.org\/{rel}","templated":true}]}}