{"id":21046,"date":"2021-10-18T16:14:27","date_gmt":"2021-10-18T14:14:27","guid":{"rendered":"https:\/\/www.slovensky-kras.eu\/info\/?page_id=21046"},"modified":"2026-04-18T05:35:33","modified_gmt":"2026-04-18T03:35:33","slug":"jaskyna-oltarna-diera","status":"publish","type":"page","link":"https:\/\/www.slovensky-kras.eu\/info\/jaskyne-a-priepasti\/jaskyna-oltarna-diera\/","title":{"rendered":"Jasky\u0148a Olt\u00e1rna diera"},"content":{"rendered":"<p><strong>Menu: <\/strong> <a href=\"http:\/\/www.slovensky-kras.eu\/info\/\" class=\"su-button su-button-style-default\" style=\"color:#000000;background-color:#FFCF2F;border-color:#cca626;border-radius:5px\" target=\"_self\"><span style=\"color:#000000;padding:6px 16px;font-size:13px;line-height:20px;border-color:#ffde6e;border-radius:5px;text-shadow:none\"><i class=\"sui sui-arrow-right\" style=\"font-size:13px;color:#000000\"><\/i>  \u00davod \/ Aktuality <\/span><\/a>\n<a href=\"http:\/\/www.slovensky-kras.eu\/info\/kam-do-prirody\/\" class=\"su-button su-button-style-default\" style=\"color:#000000;background-color:#FFCF2F;border-color:#cca626;border-radius:5px\" target=\"_self\"><span style=\"color:#000000;padding:6px 16px;font-size:13px;line-height:20px;border-color:#ffde6e;border-radius:5px;text-shadow:none\"><i class=\"sui sui-arrow-right\" style=\"font-size:13px;color:#000000\"><\/i>  Kam do pr\u00edrody <\/span><\/a>\n<p><strong>Podkateg\u00f3ria: <\/strong> <a href=\"http:\/\/www.slovensky-kras.eu\/info\/jaskyne-a-priepasti\/\" class=\"su-button su-button-style-default\" style=\"color:#000000;background-color:#C5ED2C;border-color:#9ebe24;border-radius:5px\" target=\"_self\"><span style=\"color:#000000;padding:6px 16px;font-size:13px;line-height:20px;border-color:#d7f36c;border-radius:5px;text-shadow:none\"><i class=\"sui sui-arrow-right\" style=\"font-size:13px;color:#000000\"><\/i>  Jaskyne a priepasti <\/span><\/a>\n<div class=\"su-divider su-divider-style-default\" style=\"margin:15px 0;border-width:2px;border-color:#000000\"><\/div>\n<figure id=\"attachment_30231\" aria-describedby=\"caption-attachment-30231\" style=\"width: 900px\" class=\"wp-caption aligncenter\"><a href=\"https:\/\/www.slovensky-kras.eu\/info\/wp-content\/uploads\/2026\/04\/oltarna-jaskyna-2.jpeg\"><img loading=\"lazy\" decoding=\"async\" class=\"wp-image-30231\" src=\"https:\/\/www.slovensky-kras.eu\/info\/wp-content\/uploads\/2026\/04\/oltarna-jaskyna-2.jpeg\" alt=\"Jasky\u0148a Olt\u00e1rna diera (Jasky\u0148a Olt\u00e1r)\" width=\"900\" height=\"502\" srcset=\"https:\/\/www.slovensky-kras.eu\/info\/wp-content\/uploads\/2026\/04\/oltarna-jaskyna-2.jpeg 1376w, https:\/\/www.slovensky-kras.eu\/info\/wp-content\/uploads\/2026\/04\/oltarna-jaskyna-2-800x447.jpeg 800w, https:\/\/www.slovensky-kras.eu\/info\/wp-content\/uploads\/2026\/04\/oltarna-jaskyna-2-1024x572.jpeg 1024w, https:\/\/www.slovensky-kras.eu\/info\/wp-content\/uploads\/2026\/04\/oltarna-jaskyna-2-768x429.jpeg 768w\" sizes=\"auto, (max-width: 900px) 100vw, 900px\" \/><\/a><figcaption id=\"caption-attachment-30231\" class=\"wp-caption-text\">Jasky\u0148a Olt\u00e1rna diera (Jasky\u0148a Olt\u00e1r)<\/figcaption><\/figure>\n<div class=\"su-divider su-divider-style-default\" style=\"margin:15px 0;border-width:2px;border-color:#000000\"><\/div>\n<h3><span style=\"color: #808000;\">Olt\u00e1rna diera \u2013 Tajomn\u00e1 jasky\u0148a kr\u00e1\u013ea Bela IV. pri obci Hrhov<\/span><\/h3>\n<h2 data-path-to-node=\"1\"><span style=\"color: #800000;\"><b data-path-to-node=\"1\" data-index-in-node=\"0\">Kr\u00e1\u013eovsk\u00fd \u00fakryt v srdci skaly<\/b><\/span><\/h2>\n<p data-path-to-node=\"2\">Vydajte sa po stop\u00e1ch <b data-path-to-node=\"2\" data-index-in-node=\"22\">kr\u00e1\u013ea Bela IV.<\/b>, ktor\u00fd v temnej <b data-path-to-node=\"2\" data-index-in-node=\"53\">Olt\u00e1rnej diere<\/b> na\u0161iel z\u00e1chranu pred ni\u010div\u00fdm <b data-path-to-node=\"2\" data-index-in-node=\"97\">mongolsk\u00fdm vp\u00e1dom<\/b>. T\u00e1to tajomn\u00e1 jasky\u0148a v <b data-path-to-node=\"2\" data-index-in-node=\"139\">Hrhovskom amfite\u00e1tri<\/b> nesl\u00fa\u017eila len ako bezpe\u010dn\u00e9 \u00fato\u010disko po\u010das vojen, ale aj ako posv\u00e4tn\u00e9 miesto pre <b data-path-to-node=\"2\" data-index-in-node=\"240\">tajn\u00e9 bohoslu\u017eby<\/b>. Objavte fascinuj\u00facu hist\u00f3riu vp\u00edsan\u00fa do stien chodieb a odha\u013ete pravdu o tom, pre\u010do si Eur\u00f3pa po st\u00e1ro\u010dia m\u00fdlila <b data-path-to-node=\"2\" data-index-in-node=\"371\">Mongolov s Tat\u00e1rmi<\/b>. Nav\u0161t\u00edvte miesto, kde sa <b data-path-to-node=\"2\" data-index-in-node=\"416\">stredovek\u00e9 \u010drepy<\/b> a legendy stret\u00e1vaj\u00fa s tichou kr\u00e1sou <b data-path-to-node=\"2\" data-index-in-node=\"470\">krasovej planiny<\/b>.<\/p>\n<h2 class=\"ds-markdown-paragraph\"><span style=\"color: #800000;\"><strong>\u010co je Olt\u00e1rna diera a kde sa nach\u00e1dza?<\/strong><\/span><\/h2>\n<p class=\"ds-markdown-paragraph\">Olt\u00e1rna diera je <strong>kor\u00f3zno-kryog\u00e9nna jasky\u0148a<\/strong>\u00a0(vytvoren\u00e1 chemickou \u010dinnos\u0165ou vody a p\u00f4soben\u00edm mrazu), ktor\u00e1 sa nach\u00e1dza severne od\u00a0<strong>obce <a href=\"https:\/\/www.slovensky-kras.eu\/info\/strediska-a-centra\/obec-hrhov\/\">Hrhov<\/a><\/strong>.<\/p>\n<h2 class=\"ds-markdown-paragraph\"><span style=\"color: #800000;\"><strong>Ako vyzer\u00e1 vstup a interi\u00e9r jaskyne?<\/strong><\/span><\/h2>\n<p class=\"ds-markdown-paragraph\">Vstupn\u00fd port\u00e1l jaskyne s rozmermi 3.2\u00d72.3 m je klenut\u00fd do obl\u00faka. Jasky\u0148a pokra\u010duje <strong>6 metrovou klenbovou chodbou<\/strong>, ktor\u00e1 vy\u00fasti do\u00a0<strong>6 metrov vysokej siene<\/strong>.<\/p>\n<h2 class=\"ds-markdown-paragraph\"><span style=\"color: #800000;\"><strong>Ak\u00fd je odborn\u00fd n\u00e1zov jaskyne a jej poloha?<\/strong><\/span><\/h2>\n<p class=\"ds-markdown-paragraph\">Odborne je naz\u00fdvan\u00e1 ako <strong>jasky\u0148a Olt\u00e1r<\/strong>\u00a0a le\u017e\u00ed na strmom svahu\u00a0<strong>krasovej planiny <a href=\"https:\/\/www.slovensky-kras.eu\/info\/kam-do-prirody\/planina-horny-vrch\/\">Horn\u00fd vrch<\/a><\/strong>\u00a0v\u00a0<strong>Hrhovskom amfite\u00e1tri<\/strong>. Hrhovsk\u00fd amfite\u00e1ter je v\u00fdrazn\u00e1 morfologick\u00e1 makroforma s p\u00f4dorysom podkovy situovan\u00e1 v ju\u017enom svahu Horn\u00e9ho vrchu.<\/p>\n<h2><strong style=\"color: #800000;\">Je jasky\u0148a dobre zachovan\u00e1 a \u010do sa v nej na\u0161lo?<\/strong><\/h2>\n<p class=\"ds-markdown-paragraph\">\u017dia\u013e jasky\u0148a je pop\u00edsan\u00e1 historick\u00fdmi i novodob\u00fdmi n\u00e1pismi. V jaskyni sa nach\u00e1dza z \u010dasti po\u0161koden\u00e1 <strong>kvap\u013eov\u00e1 v\u00fdzdoba<\/strong>. Po\u010das\u00a0<strong>archeologick\u00e9ho v\u00fdskumu<\/strong>\u00a0sa tu na\u0161li\u00a0<strong>\u010drepy z 13. a 15. storo\u010dia<\/strong>\u00a0a taktie\u017e n\u00e1lezy z novoveku.<\/p>\n<h2 class=\"ds-markdown-paragraph\"><span style=\"color: #800000;\"><strong>Kedy je n\u00e1v\u0161teva jaskyne zak\u00e1zan\u00e1 a pre\u010do?<\/strong><\/span><\/h2>\n<p class=\"ds-markdown-paragraph\"><span style=\"color: #ff0000;\">V d\u0148och od 1.12. do 31.3. kalend\u00e1rneho roka je <strong>vstup do jaskyne<\/strong>\u00a0z d\u00f4vodu\u00a0<strong>zimovania netopierov<\/strong>\u00a0pr\u00edsne\u00a0<strong>ZAK\u00c1ZAN\u00dd!<\/strong><\/span><\/p>\n<h2 class=\"ds-markdown-paragraph\"><span style=\"color: #800000;\"><strong>Pre\u010do sa jasky\u0148a vol\u00e1 Olt\u00e1rna diera?<\/strong><\/span><\/h2>\n<p class=\"ds-markdown-paragraph\">V 17. storo\u010d\u00ed, po\u010das n\u00e1bo\u017eensk\u00fdch nepokojov v Uhorsku a prenasledovania protestantov v obdob\u00ed <strong>rekatoliz\u00e1cie<\/strong> pod vl\u00e1dou Habsburgovcov, sa tu viackr\u00e1t uskuto\u010dnili tajn\u00e9 bohoslu\u017eby. Pr\u00e1ve tieto udalosti viedli k tomu, \u017ee jasky\u0148a z\u00edskala svoj dne\u0161n\u00fd n\u00e1zov, ktor\u00fd odr\u00e1\u017ea jej duchovn\u00fd a historick\u00fd v\u00fdznam.<\/p>\n<h2 class=\"ds-markdown-paragraph\"><span style=\"color: #800000;\"><strong>Ak\u00fa \u00falohu jasky\u0148a zohrala po\u010das vojen?<\/strong><\/span><\/h2>\n<p class=\"ds-markdown-paragraph\">Po\u010das <strong>mongolsk\u00fdch vp\u00e1doch<\/strong>\u00a0a po\u010das\u00a0<strong>II. svetovej vojny<\/strong>\u00a0poskytovala t\u00e1to jasky\u0148a, ako aj ostatn\u00e9 jaskyne v okol\u00ed,\u00a0<strong>\u00fakryt obyvate\u013eom<\/strong>\u00a0okolit\u00fdch obc\u00ed.<\/p>\n<h2 class=\"ds-markdown-paragraph\"><span style=\"color: #800000;\"><strong>Skr\u00fdval sa tu skuto\u010dne kr\u00e1\u013e?<\/strong><\/span><\/h2>\n<p class=\"ds-markdown-paragraph\">Jasky\u0148a sa stala po\u010das\u00a0<strong>mongolsk\u00e9ho vp\u00e1du do Uhorska<\/strong>\u00a0skr\u00fd\u0161ou\u00a0<strong>kr\u00e1\u013ea <a href=\"https:\/\/sk.wikipedia.org\/wiki\/Belo_IV.\" target=\"_blank\" rel=\"noopener\">Bela IV. (ma\u010f. IV. B\u00e9la; *\u00a0 1206\u00a0 &#8211; \u2020\u00a0 1270)<\/a><\/strong>, ke\u010f ho tu prich\u00fdlili oddan\u00ed obyvatelia obce Hrhov.\u00a0<strong>Kr\u00e1\u013e <a href=\"https:\/\/sk.wikipedia.org\/wiki\/Belo_IV.\" target=\"_blank\" rel=\"noopener\">Belo IV<\/a>.<\/strong>\u00a0bol n\u00faten\u00fd po por\u00e1\u017eke Uhorsk\u00e9ho vojska v\u00a0<strong>bitke s mongolsk\u00fdm vojskom<\/strong> veden\u00fdm <a href=\"https:\/\/sk.wikipedia.org\/wiki\/Batuch%C3%A1n\" target=\"_blank\" rel=\"noopener\"><strong>Ch\u00e1nom Batu<\/strong> (Batuch\u00e1n)<\/a>\u00a0utiec\u0165 pred istou smr\u0165ou.<\/p>\n<h2 class=\"ds-markdown-paragraph\"><span style=\"color: #800000;\"><strong>Kde a kedy sa odohrala rozhoduj\u00faca bitka?<\/strong><\/span><\/h2>\n<p class=\"ds-markdown-paragraph\">T\u00e1to bitka sa uskuto\u010dnila d\u0148a <strong>11. apr\u00edla 1241<\/strong>\u00a0pri ma\u010farskej\u00a0<strong>obci <a href=\"https:\/\/sk.wikipedia.org\/wiki\/Muhi\" target=\"_blank\" rel=\"noopener\">Muhi<\/a><\/strong>, bl\u00edzko prechodov cez\u00a0<strong>rieku Slan\u00e1<\/strong>. Bitka mala za n\u00e1sledok zdrvuj\u00facu por\u00e1\u017eku uhorsk\u00fdch vojsk.<\/p>\n<h2 class=\"ds-markdown-paragraph\"><span style=\"color: #800000;\"><strong>Boli to Mongolovia, alebo Tat\u00e1ri? Historick\u00e9 vysvetlenie.<\/strong><\/span><\/h2>\n<p class=\"ds-markdown-paragraph\"><strong>Mongolsk\u00fd vp\u00e1d do Uhorska<\/strong>\u00a0je nespr\u00e1vne naz\u00fdvan\u00fd aj ako\u00a0<strong>tat\u00e1rsky<\/strong>. Tat\u00e1ri boli v\u00fdchodomongolsk\u00fdm kme\u0148om, ktor\u00fd \u017eil v bl\u00edzkosti jazera\u00a0<strong>Bujr n\u00far<\/strong>\u00a0vo v\u00fdchodnom Mongolsku i na \u00fazem\u00ed \u010c\u00edny. V roku 1202 viedol\u00a0<strong>\u010cingisch\u00e1n<\/strong>\u00a0vojensk\u00fd pochod proti pre\u0148ho podl\u00fdm mongolsky hovoriacim Tat\u00e1rom, v t\u00fdch \u010dasoch patriacich medzi najsilnej\u0161ie mongolsk\u00e9 kmene. Po ich por\u00e1\u017eke ich dal v\u0161etk\u00fdch popravi\u0165. Nechal na\u017eive iba malolet\u00e9 deti a nieko\u013eko \u017eien a tak zanikol tento mongolsk\u00fd kme\u0148.<\/p>\n<h2 class=\"ds-markdown-paragraph\"><span style=\"color: #800000;\"><strong>Odkia\u013e sa teda zobralo nespr\u00e1vne pomenovanie?<\/strong><\/span><\/h2>\n<p class=\"ds-markdown-paragraph\">Odkia\u013e sa zobralo nespr\u00e1vne pomenovanie Mongolov a nesk\u00f4r aj obyvate\u013eov <strong>Zlatej Hordy<\/strong>\u00a0ako Tat\u00e1ri? Pod\u013ea historikov nazvanie Tat\u00e1ri sa stalo zn\u00e1me v \u010c\u00edne a v muslimsk\u00fdch krajin\u00e1ch (<strong>Ch\u00f3rezmsk\u00e1 r\u00ed\u0161a, Perzia<\/strong>,..) ako ozna\u010denie v\u0161etk\u00fdch kme\u0148ov a n\u00e1rodov, ktor\u00e9 \u017eili v t\u00fdchto \u010dasoch v\u00a0<strong>Strednej \u00c1zii<\/strong>. Ke\u010f za\u010dal <a href=\"https:\/\/sk.wikipedia.org\/wiki\/%C4%8Cingisch%C3%A1n\" target=\"_blank\" rel=\"noopener\">\u010cingisch\u00e1n<\/a> zjednocova\u0165 a dob\u00fdva\u0165 okolit\u00e9 mongolsk\u00e9 kmene, okolit\u00e9 n\u00e1rody si navz\u00e1jom odovzd\u00e1vali inform\u00e1ciu, \u017ee <a href=\"https:\/\/sk.wikipedia.org\/wiki\/%C4%8Cingisch%C3%A1n\" target=\"_blank\" rel=\"noopener\">\u010cingisch\u00e1n<\/a> vedie vojsko Tat\u00e1rov. To bolo v ich re\u010di ako synonymum Mongolov.<\/p>\n<h2 class=\"ds-markdown-paragraph\"><span style=\"color: #800000;\"><strong>Ako sa tento n\u00e1zov dostal do Eur\u00f3py?<\/strong><\/span><\/h2>\n<p class=\"ds-markdown-paragraph\">Nespr\u00e1vny n\u00e1zov Mongolov ako Tat\u00e1ri sa do Eur\u00f3py dostal, ke\u010f <a href=\"https:\/\/sk.wikipedia.org\/wiki\/Kum%C3%A1ni_(z%C3%A1padn%C3%AD_Kyp%C4%8Dakovia)\" target=\"_blank\" rel=\"noopener\"><strong>Polovci<\/strong><\/a>\u00a0(naz\u00fdvan\u00ed aj ako\u00a0<strong>Kum\u00e1ni<\/strong>) utekali pred inv\u00e1ziou Mongolov do Ruska a do strednej Eur\u00f3py. Oni rozniesli zves\u0165 o tomto stra\u0161nom n\u00e1rode z v\u00fdchodu. A tak ako <a href=\"https:\/\/sk.wikipedia.org\/wiki\/Kum%C3%A1ni_(z%C3%A1padn%C3%AD_Kyp%C4%8Dakovia)\" target=\"_blank\" rel=\"noopener\">Kum\u00e1ni<\/a> naz\u00fdvali t\u00fdchto votrelcov Tat\u00e1rmi, tak aj ostatn\u00e9 n\u00e1rody ich za\u010dali takto naz\u00fdva\u0165. A preto ani v rusk\u00fdch kronik\u00e1ch a ani v eur\u00f3pskych kronik\u00e1ch nen\u00e1jdeme slovo Mongoli, ale Tat\u00e1ri.<\/p>\n<h2><span style=\"color: #800000;\">Ako sa dosta\u0165 ku jaskyni Olt\u00e1rna diera?<\/span><\/h2>\n<p>Ku jaskyni vedie odbo\u010dka <a href=\"https:\/\/www.slovensky-kras.eu\/info\/wp-content\/uploads\/2013\/06\/zlta.png\"><img loading=\"lazy\" decoding=\"async\" class=\"size-full wp-image-10332 alignnone\" src=\"https:\/\/www.slovensky-kras.eu\/info\/wp-content\/uploads\/2013\/06\/zlta.png\" alt=\"\" width=\"20\" height=\"21\" \/><\/a> \u017eltej turistickej trasy, ktor\u00e1 vedie od obce <a href=\"https:\/\/www.slovensky-kras.eu\/info\/strediska-a-centra\/obec-hrhov\/\">Hrhov<\/a> a\u017e k r\u00e1zcestn\u00edku <strong>Pod olt\u00e1rnou dierou (307 m n.m.)<\/strong>.<\/p>\n<p>\u010ealej od r\u00e1zcestn\u00edka\u00a0<strong>Pod olt\u00e1rnou dierou (307 m n.m.)<\/strong> pokra\u010duje <a href=\"https:\/\/www.slovensky-kras.eu\/info\/wp-content\/uploads\/2013\/06\/zlta.png\"><img loading=\"lazy\" decoding=\"async\" class=\"size-full wp-image-10332 alignnone\" src=\"https:\/\/www.slovensky-kras.eu\/info\/wp-content\/uploads\/2013\/06\/zlta.png\" alt=\"\" width=\"20\" height=\"21\" \/><\/a> \u017elt\u00e1 turistick\u00e1 trasa na planinu <a href=\"https:\/\/www.slovensky-kras.eu\/info\/kam-do-prirody\/planina-horny-vrch\/\">Horn\u00e1 vrch<\/a>.<\/p>\n<h2 data-path-to-node=\"1\"><span style=\"color: #800000;\"><b data-path-to-node=\"1\" data-index-in-node=\"0\">Poves\u0165 o tichom bratstve v skalnom \u00fakryte<\/b><\/span><\/h2>\n<p data-path-to-node=\"2\">Ke\u010f sa po zdrvuj\u00facej por\u00e1\u017eke pri rieke Slan\u00e1 nebo nad Uhorskom zatiahlo prachom, <b data-path-to-node=\"2\" data-index-in-node=\"81\">kr\u00e1\u013e Belo IV.<\/b> a jeho <b data-path-to-node=\"2\" data-index-in-node=\"102\">posledn\u00ed vern\u00ed rytieri<\/b> h\u013eadali z\u00e1chranu v nepr\u00edstupn\u00fdch zr\u00e1zoch Horn\u00e9ho vrchu. Vy\u010derpan\u00ed a prenasledovan\u00ed na\u0161li \u00fato\u010disko v h\u013abke <b data-path-to-node=\"2\" data-index-in-node=\"231\">Olt\u00e1rnej diery<\/b>, kde ich vern\u00ed obyvatelia Hrhova ukryli pred zrakmi nepriate\u013eov. V tesnej tme jaskynnej siene sa kr\u00e1\u013e delil o zvy\u0161ky z\u00e1sob so svojou dru\u017einou, zatia\u013e \u010do vonku duneli kopyt\u00e1 mongolsk\u00fdch kon\u00ed h\u013eadaj\u00facich jeho hlavu.<\/p>\n<p data-path-to-node=\"3\">Pr\u00e1ve v tichu tejto jaskyne sa zrodilo nezlomn\u00e9 <b data-path-to-node=\"3\" data-index-in-node=\"48\">p\u00fato vernosti<\/b>, ke\u010f rytieri vlastn\u00fdmi telami zahradili vstupn\u00fa chodbu, odhodlan\u00ed padn\u00fa\u0165 do posledn\u00e9ho mu\u017ea za svojho panovn\u00edka. Hovor\u00ed sa, \u017ee kr\u00e1\u013e dojat\u00fd ich oddanos\u0165ou vtedy vyhl\u00e1sil, \u017ee t\u00e1to <b data-path-to-node=\"3\" data-index-in-node=\"240\">skaln\u00e1 sie\u0148<\/b> je pevnej\u0161ia ne\u017e ak\u00fdko\u013evek kamenn\u00fd hrad, preto\u017ee ju dr\u017eia pokope srdcia jeho priate\u013eov.<\/p>\n<p data-path-to-node=\"4\">Pod\u013ea starej legendy sa ozvena ich <b data-path-to-node=\"4\" data-index-in-node=\"35\">tich\u00fdch s\u013eubov<\/b> dodnes vzn\u00e1\u0161a v chladnom vzduchu jaskyne. Kto do nej vst\u00fapi, m\u00f4\u017ee v hlbokom tichu st\u00e1le za\u010du\u0165 <b data-path-to-node=\"4\" data-index-in-node=\"144\">\u0161trngot kr\u00e1\u013eovskej zbroje<\/b> a tlmen\u00e9 hlasy mu\u017eov, ktor\u00ed v najtemnej\u0161ej hodine na\u0161ich dej\u00edn zostali st\u00e1\u0165 bok po boku so svoj\u00edm kr\u00e1\u013eom.<\/p>\n<h2 data-path-to-node=\"2\"><span style=\"color: #800000;\">Dotknite sa hist\u00f3rie, ktor\u00fa \u010das nevymazal<\/span><\/h2>\n<p data-path-to-node=\"3\"><em>Nav\u0161t\u00edvte <b data-path-to-node=\"3\" data-index-in-node=\"10\">Olt\u00e1rnu dieru<\/b> a poc\u00ed\u0165te na vlastnej ko\u017ei atmosf\u00e9ru miesta, ktor\u00e9 pred takmer 800 rokmi zmenilo <b data-path-to-node=\"3\" data-index-in-node=\"105\">osud uhorsk\u00e9ho kr\u00e1\u013ea<\/b>. Prejdite sa pod klenbami, ktor\u00e9 poskytovali <b data-path-to-node=\"3\" data-index-in-node=\"171\">bezpe\u010dn\u00fd pr\u00edstav<\/b> v \u010dasoch najv\u00e4\u010d\u0161\u00edch vojen, a nechajte sa o\u010dari\u0165 divokou morfol\u00f3giou <b data-path-to-node=\"3\" data-index-in-node=\"256\">Hrhovsk\u00e9ho amfite\u00e1tra<\/b>. Je to unik\u00e1tna pr\u00edle\u017eitos\u0165 vidie\u0165, kde sa <b data-path-to-node=\"3\" data-index-in-node=\"321\">\u017eiv\u00e1 hist\u00f3ria<\/b> sp\u00e1ja s tichom krasovej pr\u00edrody \u2013 sta\u010d\u00ed len pr\u00eds\u0165 a vst\u00fapi\u0165 do <b data-path-to-node=\"3\" data-index-in-node=\"398\">br\u00e1ny minulosti<\/b>.<\/em><\/p>\n<p data-path-to-node=\"3\"><em><strong>Nav\u0161t\u00edvte Olt\u00e1rnu dieru pri Hrhove a vst\u00fapte do jaskyne, ktor\u00e1 ukr\u00fdva pr\u00edbeh na\u0161ich dej\u00edn!<\/strong><\/em><\/p>\n<h2><span style=\"color: #800000;\">Fotogal\u00e9ria<\/span><\/h2>\n<style type=\"text\/css\">\n#foogallery-gallery-30228 .fg-image { width: 200px; }<\/style>\n\t\t\t<div class=\"foogallery foogallery-container foogallery-carousel foogallery-lightbox-foogallery fg-carousel fg-ready fg-light fg-border-medium fg-round-small fg-shadow-medium fg-loading-default fg-loaded-fade-in fg-hover-semi-zoomed fg-hover-fade fg-hover-circle-plus2\" id=\"foogallery-gallery-30228\" data-foogallery=\"{&quot;panel&quot;:{&quot;buttons&quot;:{&quot;download&quot;:false}},&quot;item&quot;:{&quot;showCaptionTitle&quot;:true,&quot;showCaptionDescription&quot;:true},&quot;lazy&quot;:true,&quot;template&quot;:{&quot;maxItems&quot;:5,&quot;scale&quot;:0.11999999999999999555910790149937383830547332763671875,&quot;gutter&quot;:{&quot;min&quot;:-40,&quot;max&quot;:-20,&quot;unit&quot;:&quot;%&quot;},&quot;autoplay&quot;:{&quot;time&quot;:0,&quot;interaction&quot;:&quot;pause&quot;},&quot;centerOnClick&quot;:true,&quot;align&quot;:&quot;center&quot;,&quot;activePosition&quot;:&quot;center&quot;}}\" data-foogallery-lightbox=\"{&quot;thumbs&quot;:&quot;bottom&quot;,&quot;thumbsCaptions&quot;:false,&quot;thumbsBestFit&quot;:false,&quot;thumbsSmall&quot;:false,&quot;thumbsCaptionsAlign&quot;:&quot;default&quot;,&quot;info&quot;:&quot;bottom&quot;,&quot;infoVisible&quot;:true,&quot;infoOverlay&quot;:true,&quot;infoAlign&quot;:&quot;default&quot;,&quot;transition&quot;:&quot;fade&quot;,&quot;hoverButtons&quot;:false,&quot;fitMedia&quot;:false,&quot;noScrollbars&quot;:true,&quot;preserveButtonSpace&quot;:true,&quot;buttons&quot;:{&quot;fullscreen&quot;:true,&quot;info&quot;:true,&quot;thumbs&quot;:false,&quot;download&quot;:false},&quot;video&quot;:{&quot;autoPlay&quot;:true}}\" style=\"--fg-title-line-clamp: 1; --fg-description-line-clamp: 2;\" >\n\t<button type=\"button\" class=\"fg-carousel-prev\" title=\"Previous\"><\/button>\n\t<div class=\"fg-carousel-inner\">\n\t\t<div class=\"fg-carousel-center\"><\/div>\n\t\t<div class=\"fg-item fg-type-image fg-idle\"><figure class=\"fg-item-inner\"><a href=\"https:\/\/www.slovensky-kras.eu\/info\/wp-content\/uploads\/2021\/10\/oltarna-diera1.jpg\" data-caption-title=\"Jasky\u0148a Olt\u00e1rna diera (Jasky\u0148a Olt\u00e1r)\" data-caption-desc=\"Fotograf: Milan Fafrak(Xamilian) https:\/\/www.facebook.com\/xami21\" data-attachment-id=\"21081\" data-type=\"image\" class=\"fg-thumb\"><span class=\"fg-image-wrap\"><img decoding=\"async\" alt=\"Jasky\u0148a Olt\u00e1rna diera (Jasky\u0148a Olt\u00e1r)\" title=\"Jasky\u0148a Olt\u00e1rna diera (Jasky\u0148a Olt\u00e1r)\" width=\"200\" height=\"200\" class=\"skip-lazy fg-image\" data-src-fg=\"https:\/\/www.slovensky-kras.eu\/info\/wp-content\/uploads\/cache\/2021\/10\/oltarna-diera1\/347510567.jpg\" src=\"data:image\/svg+xml,%3Csvg%20xmlns%3D%22http%3A%2F%2Fwww.w3.org%2F2000%2Fsvg%22%20width%3D%22200%22%20height%3D%22200%22%20viewBox%3D%220%200%20200%20200%22%3E%3C%2Fsvg%3E\" loading=\"eager\"><\/span><span class=\"fg-image-overlay\"><\/span><\/a><figcaption class=\"fg-caption\"><div class=\"fg-caption-inner\"><div class=\"fg-caption-title\">Jasky\u0148a Olt\u00e1rna diera (Jasky\u0148a Olt\u00e1r)<\/div><div class=\"fg-caption-desc\">Fotograf: Milan Fafrak(Xamilian) https:\/\/www.facebook.com\/xami21<\/div><\/div><\/figcaption><\/figure><div class=\"fg-loader\"><\/div><\/div><div class=\"fg-item fg-type-image fg-idle\"><figure class=\"fg-item-inner\"><a href=\"https:\/\/www.slovensky-kras.eu\/info\/wp-content\/uploads\/2021\/10\/oltarna-diera2.jpg\" data-caption-title=\"Jasky\u0148a Olt\u00e1rna diera (Jasky\u0148a Olt\u00e1r)\" data-caption-desc=\"Fotograf: Milan Fafrak(Xamilian) https:\/\/www.facebook.com\/xami21\" data-attachment-id=\"21083\" data-type=\"image\" class=\"fg-thumb\"><span class=\"fg-image-wrap\"><img decoding=\"async\" alt=\"Jasky\u0148a Olt\u00e1rna diera (Jasky\u0148a Olt\u00e1r)\" title=\"Jasky\u0148a Olt\u00e1rna diera (Jasky\u0148a Olt\u00e1r)\" width=\"200\" height=\"200\" class=\"skip-lazy fg-image\" data-src-fg=\"https:\/\/www.slovensky-kras.eu\/info\/wp-content\/uploads\/cache\/2021\/10\/oltarna-diera2\/144181093.jpg\" src=\"data:image\/svg+xml,%3Csvg%20xmlns%3D%22http%3A%2F%2Fwww.w3.org%2F2000%2Fsvg%22%20width%3D%22200%22%20height%3D%22200%22%20viewBox%3D%220%200%20200%20200%22%3E%3C%2Fsvg%3E\" loading=\"eager\"><\/span><span class=\"fg-image-overlay\"><\/span><\/a><figcaption class=\"fg-caption\"><div class=\"fg-caption-inner\"><div class=\"fg-caption-title\">Jasky\u0148a Olt\u00e1rna diera (Jasky\u0148a Olt\u00e1r)<\/div><div class=\"fg-caption-desc\">Fotograf: Milan Fafrak(Xamilian) https:\/\/www.facebook.com\/xami21<\/div><\/div><\/figcaption><\/figure><div class=\"fg-loader\"><\/div><\/div><div class=\"fg-item fg-type-image fg-idle\"><figure class=\"fg-item-inner\"><a href=\"https:\/\/www.slovensky-kras.eu\/info\/wp-content\/uploads\/2021\/10\/oltarna-diera3.jpg\" data-caption-title=\"Jasky\u0148a Olt\u00e1rna diera (Jasky\u0148a Olt\u00e1r)\" data-caption-desc=\"Fotograf: Milan Fafrak(Xamilian) https:\/\/www.facebook.com\/xami21\" data-attachment-id=\"21082\" data-type=\"image\" class=\"fg-thumb\"><span class=\"fg-image-wrap\"><img decoding=\"async\" alt=\"Jasky\u0148a Olt\u00e1rna diera (Jasky\u0148a Olt\u00e1r)\" title=\"Jasky\u0148a Olt\u00e1rna diera (Jasky\u0148a Olt\u00e1r)\" width=\"200\" height=\"200\" class=\"skip-lazy fg-image\" data-src-fg=\"https:\/\/www.slovensky-kras.eu\/info\/wp-content\/uploads\/cache\/2021\/10\/oltarna-diera3\/3424750557.jpg\" src=\"data:image\/svg+xml,%3Csvg%20xmlns%3D%22http%3A%2F%2Fwww.w3.org%2F2000%2Fsvg%22%20width%3D%22200%22%20height%3D%22200%22%20viewBox%3D%220%200%20200%20200%22%3E%3C%2Fsvg%3E\" loading=\"eager\"><\/span><span class=\"fg-image-overlay\"><\/span><\/a><figcaption class=\"fg-caption\"><div class=\"fg-caption-inner\"><div class=\"fg-caption-title\">Jasky\u0148a Olt\u00e1rna diera (Jasky\u0148a Olt\u00e1r)<\/div><div class=\"fg-caption-desc\">Fotograf: Milan Fafrak(Xamilian) https:\/\/www.facebook.com\/xami21<\/div><\/div><\/figcaption><\/figure><div class=\"fg-loader\"><\/div><\/div><div class=\"fg-item fg-type-image fg-idle\"><figure class=\"fg-item-inner\"><a href=\"https:\/\/www.slovensky-kras.eu\/info\/wp-content\/uploads\/2026\/04\/oltarna-jaskyna-3.jpeg\" data-caption-title=\"Jasky\u0148a Olt\u00e1rna diera (Jasky\u0148a Olt\u00e1r)\" data-attachment-id=\"30229\" data-type=\"image\" class=\"fg-thumb\"><span class=\"fg-image-wrap\"><img decoding=\"async\" alt=\"Jasky\u0148a Olt\u00e1rna diera (Jasky\u0148a Olt\u00e1r)\" title=\"Jasky\u0148a Olt\u00e1rna diera (Jasky\u0148a Olt\u00e1r)\" width=\"200\" height=\"200\" class=\"skip-lazy fg-image\" data-src-fg=\"https:\/\/www.slovensky-kras.eu\/info\/wp-content\/uploads\/cache\/2026\/04\/oltarna-jaskyna-3\/2435204372.jpeg\" src=\"data:image\/svg+xml,%3Csvg%20xmlns%3D%22http%3A%2F%2Fwww.w3.org%2F2000%2Fsvg%22%20width%3D%22200%22%20height%3D%22200%22%20viewBox%3D%220%200%20200%20200%22%3E%3C%2Fsvg%3E\" loading=\"eager\"><\/span><span class=\"fg-image-overlay\"><\/span><\/a><figcaption class=\"fg-caption\"><div class=\"fg-caption-inner\"><div class=\"fg-caption-title\">Jasky\u0148a Olt\u00e1rna diera (Jasky\u0148a Olt\u00e1r)<\/div><\/div><\/figcaption><\/figure><div class=\"fg-loader\"><\/div><\/div><div class=\"fg-item fg-type-image fg-idle\"><figure class=\"fg-item-inner\"><a href=\"https:\/\/www.slovensky-kras.eu\/info\/wp-content\/uploads\/2026\/04\/oltarna-jaskyna-1.jpeg\" data-caption-title=\"Jasky\u0148a Olt\u00e1rna diera (Jasky\u0148a Olt\u00e1r)\" data-attachment-id=\"30230\" data-type=\"image\" class=\"fg-thumb\"><span class=\"fg-image-wrap\"><img decoding=\"async\" alt=\"Jasky\u0148a Olt\u00e1rna diera (Jasky\u0148a Olt\u00e1r)\" title=\"Jasky\u0148a Olt\u00e1rna diera (Jasky\u0148a Olt\u00e1r)\" width=\"200\" height=\"200\" class=\"skip-lazy fg-image\" data-src-fg=\"https:\/\/www.slovensky-kras.eu\/info\/wp-content\/uploads\/cache\/2026\/04\/oltarna-jaskyna-1\/2419273474.jpeg\" src=\"data:image\/svg+xml,%3Csvg%20xmlns%3D%22http%3A%2F%2Fwww.w3.org%2F2000%2Fsvg%22%20width%3D%22200%22%20height%3D%22200%22%20viewBox%3D%220%200%20200%20200%22%3E%3C%2Fsvg%3E\" loading=\"eager\"><\/span><span class=\"fg-image-overlay\"><\/span><\/a><figcaption class=\"fg-caption\"><div class=\"fg-caption-inner\"><div class=\"fg-caption-title\">Jasky\u0148a Olt\u00e1rna diera (Jasky\u0148a Olt\u00e1r)<\/div><\/div><\/figcaption><\/figure><div class=\"fg-loader\"><\/div><\/div><div class=\"fg-item fg-type-image fg-idle\"><figure class=\"fg-item-inner\"><a href=\"https:\/\/www.slovensky-kras.eu\/info\/wp-content\/uploads\/2026\/04\/oltarna-jaskyna-2.jpeg\" data-caption-title=\"Jasky\u0148a Olt\u00e1rna diera (Jasky\u0148a Olt\u00e1r)\" data-attachment-id=\"30231\" data-type=\"image\" class=\"fg-thumb\"><span class=\"fg-image-wrap\"><img decoding=\"async\" alt=\"Jasky\u0148a Olt\u00e1rna diera (Jasky\u0148a Olt\u00e1r)\" title=\"Jasky\u0148a Olt\u00e1rna diera (Jasky\u0148a Olt\u00e1r)\" width=\"200\" height=\"200\" class=\"skip-lazy fg-image\" data-src-fg=\"https:\/\/www.slovensky-kras.eu\/info\/wp-content\/uploads\/cache\/2026\/04\/oltarna-jaskyna-2\/2885470305.jpeg\" src=\"data:image\/svg+xml,%3Csvg%20xmlns%3D%22http%3A%2F%2Fwww.w3.org%2F2000%2Fsvg%22%20width%3D%22200%22%20height%3D%22200%22%20viewBox%3D%220%200%20200%20200%22%3E%3C%2Fsvg%3E\" loading=\"eager\"><\/span><span class=\"fg-image-overlay\"><\/span><\/a><figcaption class=\"fg-caption\"><div class=\"fg-caption-inner\"><div class=\"fg-caption-title\">Jasky\u0148a Olt\u00e1rna diera (Jasky\u0148a Olt\u00e1r)<\/div><\/div><\/figcaption><\/figure><div class=\"fg-loader\"><\/div><\/div>\t<\/div>\n\t<div class=\"fg-carousel-bottom\"><\/div>\n\t<div class=\"fg-carousel-progress\"><\/div>\n\t<button type=\"button\" class=\"fg-carousel-next\" title=\"Next\"><\/button>\n<\/div>\n<h2><span style=\"color: #800000;\">Zauj\u00edmav\u00e9 odkazy<\/span><\/h2>\n<h3><span style=\"color: #808000;\">Bl\u00edzke stredisko, turistick\u00e9 centrum, obec alebo mesto:<\/span><\/h3>\n<ul>\n<li><a href=\"https:\/\/www.slovensky-kras.eu\/info\/strediska-a-centra\/obec-hrhov\/\">Obec Hrhov<\/a><\/li>\n<\/ul>\n<h2><span style=\"color: #800000;\">Mapy<\/span><\/h2>\n<p><strong>Vrstvy: <\/strong>Turistick\u00e1 mapa, Automapa, Cyklomapa, Ly\u017eiarska mapa, Satelitn\u00e1 mapa a OpenStreetMap.<\/p>\n<p><strong>Kliknut\u00edm na logo &#8222;Freemap.sk&#8220; sa V\u00e1m mapa zobraz\u00ed na celej ploche obrazovky.<\/strong><\/p>\n<p><iframe style=\"width: 900px; height: 600px; border: 0;\" src=\"https:\/\/www.freemap.sk\/?map=14\/48.612503\/20.738847&amp;info-point=48.612503\/20.738847,Jasky\u0148a Olt\u00e1r (Olt\u00e1rna diera)&amp;layers=X&amp;embed=search\" allowfullscreen=\"allowfullscreen\"><\/iframe><\/p>\n<h2><span style=\"color: #800000;\">Po\u010dasie<\/span><\/h2>\n<p><iframe style=\"width: 900px; height: 609px;\" src=\"https:\/\/www.meteoblue.com\/sk\/po%C4%8Dasie\/widget\/three\/48.625N20.765E707_Europe%2FBratislava?geoloc=fixed&amp;nocurrent=0&amp;noforecast=0&amp;days=6&amp;tempunit=CELSIUS&amp;windunit=KILOMETER_PER_HOUR&amp;layout=image\" frameborder=\"0\" scrolling=\"NO\" sandbox=\"allow-same-origin allow-scripts allow-popups allow-popups-to-escape-sandbox\"><\/iframe><\/p>\n<div><!-- DO NOT REMOVE THIS LINK --><a href=\"https:\/\/www.meteoblue.com\/sk\/po%C4%8Dasie\/predpove%C4%8F\/t%C3%BD%C5%BEde%C5%88\/48.625N20.765E707_Europe%2FBratislava?utm_source=weather_widget&amp;utm_medium=linkus&amp;utm_content=three&amp;utm_campaign=Weather%2BWidget\" target=\"_blank\" rel=\"noopener noreferrer\">meteoblue<\/a><\/div>\n","protected":false},"excerpt":{"rendered":"<p>Menu: Podkateg\u00f3ria: Olt\u00e1rna diera \u2013 Tajomn\u00e1 jasky\u0148a kr\u00e1\u013ea Bela IV. pri obci Hrhov Kr\u00e1\u013eovsk\u00fd \u00fakryt v srdci skaly Vydajte sa po stop\u00e1ch kr\u00e1\u013ea Bela IV., ktor\u00fd v temnej Olt\u00e1rnej diere [&hellip;]<\/p>\n","protected":false},"author":1,"featured_media":30231,"parent":17,"menu_order":0,"comment_status":"closed","ping_status":"closed","template":"","meta":{"_uag_custom_page_level_css":"","footnotes":""},"class_list":["post-21046","page","type-page","status-publish","has-post-thumbnail","hentry"],"featured_image_src":"https:\/\/www.slovensky-kras.eu\/info\/wp-content\/uploads\/2026\/04\/oltarna-jaskyna-2.jpeg","featured_image_src_square":"https:\/\/www.slovensky-kras.eu\/info\/wp-content\/uploads\/2026\/04\/oltarna-jaskyna-2.jpeg","rbea_author_info":{"display_name":"admin","author_link":"https:\/\/www.slovensky-kras.eu\/info\/author\/admin\/"},"rbea_excerpt_info":"Menu: Podkateg\u00f3ria: Olt\u00e1rna diera \u2013 Tajomn\u00e1 jasky\u0148a kr\u00e1\u013ea Bela IV. pri obci Hrhov Kr\u00e1\u013eovsk\u00fd \u00fakryt v srdci skaly Vydajte sa po stop\u00e1ch kr\u00e1\u013ea Bela IV., ktor\u00fd v temnej Olt\u00e1rnej diere [&hellip;]","uagb_featured_image_src":{"full":["https:\/\/www.slovensky-kras.eu\/info\/wp-content\/uploads\/2026\/04\/oltarna-jaskyna-2.jpeg",1376,768,false],"thumbnail":["https:\/\/www.slovensky-kras.eu\/info\/wp-content\/uploads\/2026\/04\/oltarna-jaskyna-2-150x150.jpeg",150,150,true],"medium":["https:\/\/www.slovensky-kras.eu\/info\/wp-content\/uploads\/2026\/04\/oltarna-jaskyna-2-800x447.jpeg",800,447,true],"medium_large":["https:\/\/www.slovensky-kras.eu\/info\/wp-content\/uploads\/2026\/04\/oltarna-jaskyna-2-768x429.jpeg",768,429,true],"large":["https:\/\/www.slovensky-kras.eu\/info\/wp-content\/uploads\/2026\/04\/oltarna-jaskyna-2-1024x572.jpeg",1024,572,true],"1536x1536":["https:\/\/www.slovensky-kras.eu\/info\/wp-content\/uploads\/2026\/04\/oltarna-jaskyna-2.jpeg",1376,768,false],"2048x2048":["https:\/\/www.slovensky-kras.eu\/info\/wp-content\/uploads\/2026\/04\/oltarna-jaskyna-2.jpeg",1376,768,false]},"uagb_author_info":{"display_name":"admin","author_link":"https:\/\/www.slovensky-kras.eu\/info\/author\/admin\/"},"uagb_comment_info":0,"uagb_excerpt":"Menu: Podkateg\u00f3ria: Olt\u00e1rna diera \u2013 Tajomn\u00e1 jasky\u0148a kr\u00e1\u013ea Bela IV. pri obci Hrhov Kr\u00e1\u013eovsk\u00fd \u00fakryt v srdci skaly Vydajte sa po stop\u00e1ch kr\u00e1\u013ea Bela IV., ktor\u00fd v temnej Olt\u00e1rnej diere [&hellip;]","_links":{"self":[{"href":"https:\/\/www.slovensky-kras.eu\/info\/wp-json\/wp\/v2\/pages\/21046","targetHints":{"allow":["GET"]}}],"collection":[{"href":"https:\/\/www.slovensky-kras.eu\/info\/wp-json\/wp\/v2\/pages"}],"about":[{"href":"https:\/\/www.slovensky-kras.eu\/info\/wp-json\/wp\/v2\/types\/page"}],"author":[{"embeddable":true,"href":"https:\/\/www.slovensky-kras.eu\/info\/wp-json\/wp\/v2\/users\/1"}],"replies":[{"embeddable":true,"href":"https:\/\/www.slovensky-kras.eu\/info\/wp-json\/wp\/v2\/comments?post=21046"}],"version-history":[{"count":41,"href":"https:\/\/www.slovensky-kras.eu\/info\/wp-json\/wp\/v2\/pages\/21046\/revisions"}],"predecessor-version":[{"id":30235,"href":"https:\/\/www.slovensky-kras.eu\/info\/wp-json\/wp\/v2\/pages\/21046\/revisions\/30235"}],"up":[{"embeddable":true,"href":"https:\/\/www.slovensky-kras.eu\/info\/wp-json\/wp\/v2\/pages\/17"}],"wp:featuredmedia":[{"embeddable":true,"href":"https:\/\/www.slovensky-kras.eu\/info\/wp-json\/wp\/v2\/media\/30231"}],"wp:attachment":[{"href":"https:\/\/www.slovensky-kras.eu\/info\/wp-json\/wp\/v2\/media?parent=21046"}],"curies":[{"name":"wp","href":"https:\/\/api.w.org\/{rel}","templated":true}]}}