{"id":20373,"date":"2021-04-16T14:11:14","date_gmt":"2021-04-16T12:11:14","guid":{"rendered":"https:\/\/www.slovensky-kras.eu\/info\/?page_id=20373"},"modified":"2025-09-28T09:23:03","modified_gmt":"2025-09-28T07:23:03","slug":"silicka-jaskyna","status":"publish","type":"page","link":"https:\/\/www.slovensky-kras.eu\/info\/kam-do-prirody\/silicka-jaskyna\/","title":{"rendered":"Silick\u00e1 jasky\u0148a"},"content":{"rendered":"<p><strong>Menu: <\/strong> <a href=\"http:\/\/www.slovensky-kras.eu\/info\/\" class=\"su-button su-button-style-default\" style=\"color:#000000;background-color:#FFCF2F;border-color:#cca626;border-radius:5px\" target=\"_self\"><span style=\"color:#000000;padding:6px 16px;font-size:13px;line-height:20px;border-color:#ffde6e;border-radius:5px;text-shadow:none\"><i class=\"sui sui-arrow-right\" style=\"font-size:13px;color:#000000\"><\/i>  \u00davod \/ Aktuality <\/span><\/a>\n<a href=\"http:\/\/www.slovensky-kras.eu\/info\/kam-do-prirody\/\" class=\"su-button su-button-style-default\" style=\"color:#000000;background-color:#FFCF2F;border-color:#cca626;border-radius:5px\" target=\"_self\"><span style=\"color:#000000;padding:6px 16px;font-size:13px;line-height:20px;border-color:#ffde6e;border-radius:5px;text-shadow:none\"><i class=\"sui sui-arrow-right\" style=\"font-size:13px;color:#000000\"><\/i>  Kam do pr\u00edrody <\/span><\/a>\n<p><strong>Podkateg\u00f3ria: <\/strong> <a href=\"http:\/\/www.slovensky-kras.eu\/info\/jaskyne-a-priepasti\/\" class=\"su-button su-button-style-default\" style=\"color:#000000;background-color:#C5ED2C;border-color:#9ebe24;border-radius:5px\" target=\"_self\"><span style=\"color:#000000;padding:6px 16px;font-size:13px;line-height:20px;border-color:#d7f36c;border-radius:5px;text-shadow:none\"><i class=\"sui sui-arrow-right\" style=\"font-size:13px;color:#000000\"><\/i>  Jaskyne a priepasti <\/span><\/a>\n<div class=\"su-divider su-divider-style-default\" style=\"margin:15px 0;border-width:2px;border-color:#000000\"><\/div>\n<h2 class=\"ds-markdown-paragraph\"><span style=\"color: #800000;\">Kde sa nach\u00e1dza Silick\u00e1 jasky\u0148a?<\/span><\/h2>\n<p class=\"ds-markdown-paragraph\">Silick\u00e1 jasky\u0148a sa nach\u00e1dza v severnej \u010dasti <a href=\"https:\/\/www.slovensky-kras.eu\/info\/kam-do-prirody\/silicka-planina\/\">Silickej planiny<\/a>. Otvor tejto kor\u00f3znej priepasti le\u017e\u00ed v nadmorskej v\u00fd\u0161ke <strong>580 metrov<\/strong> pod kolmou skalou, v severnej stene husto zarasten\u00e9ho z\u00e1vrtu. Z geomorfologick\u00e9ho h\u013eadiska patr\u00ed do oblasti\u00a0<strong>Slovensk\u00e9ho rudohoria<\/strong>\u00a0a jeho horsk\u00e9ho celku\u00a0<a href=\"http:\/\/www.slovensky-kras.eu\/info\/vseobecne-informacie\/\">Slovensk\u00fd kras<\/a>\u00a0(podcelok\u00a0<a href=\"http:\/\/www.slovensky-kras.eu\/svk\/priroda\/planiny\/silicka.php\" target=\"_self\" rel=\"noopener noreferrer\">Silick\u00e1 planina<\/a>).<\/p>\n<figure id=\"attachment_20379\" aria-describedby=\"caption-attachment-20379\" style=\"width: 900px\" class=\"wp-caption aligncenter\"><a href=\"https:\/\/www.slovensky-kras.eu\/info\/wp-content\/uploads\/2021\/04\/silcka-jaskyna.jpeg\"><img loading=\"lazy\" decoding=\"async\" class=\"wp-image-20379\" src=\"https:\/\/www.slovensky-kras.eu\/info\/wp-content\/uploads\/2021\/04\/silcka-jaskyna-800x530.jpeg\" alt=\"Silick\u00e1 jasky\u0148a\" width=\"900\" height=\"596\" srcset=\"https:\/\/www.slovensky-kras.eu\/info\/wp-content\/uploads\/2021\/04\/silcka-jaskyna-800x530.jpeg 800w, https:\/\/www.slovensky-kras.eu\/info\/wp-content\/uploads\/2021\/04\/silcka-jaskyna-1024x678.jpeg 1024w, https:\/\/www.slovensky-kras.eu\/info\/wp-content\/uploads\/2021\/04\/silcka-jaskyna-768x509.jpeg 768w, https:\/\/www.slovensky-kras.eu\/info\/wp-content\/uploads\/2021\/04\/silcka-jaskyna.jpeg 1110w\" sizes=\"auto, (max-width: 900px) 100vw, 900px\" \/><\/a><figcaption id=\"caption-attachment-20379\" class=\"wp-caption-text\">Silick\u00e1 jasky\u0148a<\/figcaption><\/figure>\n<p>&nbsp;<\/p>\n<h2 class=\"ds-markdown-paragraph\"><span style=\"color: #800000;\">Je Silick\u00e1 jasky\u0148a pr\u00edstupn\u00e1 pre verejnos\u0165?<\/span><\/h2>\n<p class=\"ds-markdown-paragraph\">Nie, <strong>jasky\u0148a je verejnosti nepr\u00edstupn\u00e1<\/strong>. Je to\u00a0<strong>100 metrov dlh\u00e1 a 50 metrov hlbok\u00e1 puklinovo-r\u00fativ\u00e1 jasky\u0148a<\/strong>. Za pr\u00edrodn\u00fa pamiatku bola vyhl\u00e1sen\u00e1 v roku 1995.<\/p>\n<figure id=\"attachment_20380\" aria-describedby=\"caption-attachment-20380\" style=\"width: 900px\" class=\"wp-caption aligncenter\"><a href=\"https:\/\/www.slovensky-kras.eu\/info\/wp-content\/uploads\/2021\/04\/silicka-jaskyna2.jpeg\"><img loading=\"lazy\" decoding=\"async\" class=\"wp-image-20380\" src=\"https:\/\/www.slovensky-kras.eu\/info\/wp-content\/uploads\/2021\/04\/silicka-jaskyna2-800x530.jpeg\" alt=\"Silick\u00e1 jasky\u0148a\" width=\"900\" height=\"596\" srcset=\"https:\/\/www.slovensky-kras.eu\/info\/wp-content\/uploads\/2021\/04\/silicka-jaskyna2-800x530.jpeg 800w, https:\/\/www.slovensky-kras.eu\/info\/wp-content\/uploads\/2021\/04\/silicka-jaskyna2-1024x678.jpeg 1024w, https:\/\/www.slovensky-kras.eu\/info\/wp-content\/uploads\/2021\/04\/silicka-jaskyna2-768x509.jpeg 768w, https:\/\/www.slovensky-kras.eu\/info\/wp-content\/uploads\/2021\/04\/silicka-jaskyna2.jpeg 1110w\" sizes=\"auto, (max-width: 900px) 100vw, 900px\" \/><\/a><figcaption id=\"caption-attachment-20380\" class=\"wp-caption-text\">Silick\u00e1 jasky\u0148a &#8211; okolie<\/figcaption><\/figure>\n<p>&nbsp;<\/p>\n<h2 class=\"ds-markdown-paragraph\"><span style=\"color: #800000;\">\u010co m\u00f4\u017eem vidie\u0165 v Silickej jaskyni?<\/span><\/h2>\n<p class=\"ds-markdown-paragraph\">Hoci je nepr\u00edstupn\u00e1, viete, \u017ee jasky\u0148a m\u00e1 v kom\u00edne <strong>kvap\u013eov\u00e9 n\u00e1teky<\/strong>\u00a0a\u00a0<strong>2,5 metrov vysok\u00fd stalagmit<\/strong>. V\u00fdznamn\u00e1 je aj z\u00a0<strong>archeologick\u00e9ho h\u013eadiska<\/strong>. Archeologick\u00e9 n\u00e1lezy sa datuj\u00fa do\u00a0<strong>neskor\u0161ej doby bronzovej<\/strong>.<\/p>\n<h2 class=\"ds-markdown-paragraph\"><span style=\"color: #800000;\">Ak\u00e9 pravidl\u00e1 a ochrana tu platia?<\/span><\/h2>\n<p class=\"ds-markdown-paragraph\">Na \u00fazem\u00ed NPP plat\u00ed <strong>5. stupe\u0148 ochrany<\/strong>. Ke\u010f\u017ee je tu\u00a0<strong>5. stupe\u0148 ochrany<\/strong>, plat\u00ed tu z\u00e1kaz pohybova\u0165 sa mimo vyzna\u010den\u00e9ho turistick\u00e9ho chodn\u00edka alebo n\u00e1u\u010dn\u00e9ho chodn\u00edka za hranicami zastavan\u00e9ho \u00fazemia obce, vch\u00e1dza\u0165 alebo st\u00e1\u0165 s bicyklom na pozemky za hranicami zastavan\u00e9ho \u00fazemia obce mimo dia\u013enice, cesty, miestnej komunik\u00e1cie a vyzna\u010denej cyklotrasy, zasiahnu\u0165 do lesn\u00e9ho porastu a po\u0161kodi\u0165 vegeta\u010dn\u00fd a p\u00f4dny kryt, chyta\u0165, usmrti\u0165 alebo lovi\u0165 \u017eivo\u010d\u00edcha a ru\u0161i\u0165 pokoj a ticho!!!\u00a0<strong>Vstup do priepasti je pr\u00edsne zak\u00e1zan\u00fd<\/strong>\u00a0pod hrozbou vysokej pokuty.<\/p>\n<h3><span style=\"color: #808000;\">Ako sa sem dosta\u0165<\/span><\/h3>\n<p>Ku vstupn\u00e9mu port\u00e1lu vedie lesn\u00e1 cesti\u010dka, ktor\u00e1 sa nach\u00e1dza 55 metrov od <a href=\"https:\/\/www.slovensky-kras.eu\/info\/wp-content\/uploads\/2013\/07\/modra.png\"><img loading=\"lazy\" decoding=\"async\" class=\"size-full wp-image-10352 alignnone\" src=\"https:\/\/www.slovensky-kras.eu\/info\/wp-content\/uploads\/2013\/07\/modra.png\" alt=\"\" width=\"20\" height=\"21\" \/><\/a> modr\u00e9ho turistick\u00e9ho chodn\u00edka.<\/p>\n<p>Spom\u00ednan\u00e1 trasa sa nach\u00e1dza medzi obcou <a href=\"https:\/\/www.slovensky-kras.eu\/info\/strediska-a-centra\/obec-silica\/\">Silica<\/a> a r\u00e1zcestn\u00edkom <strong>Luk\u00e1\u010dov\u00e1 bu\u010dina (610 m n.m.)<\/strong>.<\/p>\n<h3><span style=\"color: #808000;\">Bl\u00edzke stredisko, turistick\u00e9 centrum, obec alebo mesto:<\/span><\/h3>\n<ul>\n<li><a href=\"http:\/\/www.slovensky-kras.eu\/info\/strediska-a-centra\/obec-silica\/\">Obec Silica (\u010d\u00edtaj viac&#8230;)<\/a><\/li>\n<\/ul>\n<ul>\n<li><a href=\"https:\/\/www.slovensky-kras.eu\/info\/strediska-a-centra\/obec-jovice\/\">Obec Jovice (\u010d\u00edtaj viac&#8230;)<\/a><\/li>\n<\/ul>\n<h3><span style=\"color: #808000;\">Mapy<\/span><\/h3>\n<p><strong>Vrstvy: <\/strong>Turistick\u00e1 mapa, Automapa, Cyklomapa, Ly\u017eiarska mapa, Satelitn\u00e1 mapa a OpenStreetMap.<\/p>\n<p><strong>Kliknut\u00edm na logo &#8222;Freemap.sk&#8220; sa V\u00e1m mapa zobraz\u00ed na celej ploche obrazovky.<\/strong><\/p>\n<p><iframe style=\"width: 800px; height: 600px; border: 0;\" src=\"https:\/\/www.freemap.sk\/?map=14\/48.597515\/20.533101&amp;info-point=48.597515\/20.533101,Silick\u00e1 jasky\u0148a&amp;layers=T&amp;embed=search\" allowfullscreen=\"allowfullscreen\"><span data-mce-type=\"bookmark\" style=\"display: inline-block; width: 0px; overflow: hidden; line-height: 0;\" class=\"mce_SELRES_start\">\ufeff<\/span><\/iframe><\/p>\n<h3><span style=\"color: #808000;\">Po\u010dasie<\/span><\/h3>\n<p><iframe style=\"width: 800px; height: 609px;\" src=\"https:\/\/www.meteoblue.com\/sk\/po%C4%8Dasie\/widget\/three\/silick%c3%a1-planina_slovensk%c3%a1-republika_723618?geoloc=fixed&amp;nocurrent=0&amp;noforecast=0&amp;days=6&amp;tempunit=CELSIUS&amp;windunit=KILOMETER_PER_HOUR&amp;layout=image\" frameborder=\"0\" scrolling=\"NO\" sandbox=\"allow-same-origin allow-scripts allow-popups allow-popups-to-escape-sandbox\"><\/iframe><\/p>\n<div><!-- DO NOT REMOVE THIS LINK --><a href=\"https:\/\/www.meteoblue.com\/sk\/po%C4%8Dasie\/predpove%C4%8F\/t%C3%BD%C5%BEde%C5%88\/silick%c3%a1-planina_slovensk%c3%a1-republika_723618?utm_source=weather_widget&amp;utm_medium=linkus&amp;utm_content=three&amp;utm_campaign=Weather%2BWidget\" target=\"_blank\" rel=\"noopener noreferrer\">meteoblue<\/a><\/div>\n<p><strong>Zdroj foto: <\/strong> <a href=\"http:\/\/www.eastern-slovakia.com\/\" target=\"_blank\" rel=\"noopener noreferrer\"> Muro Miron Jesensky (www.eastern-slovakia.com)<\/a><\/p>\n","protected":false},"excerpt":{"rendered":"<p>Menu: Podkateg\u00f3ria: Kde sa nach\u00e1dza Silick\u00e1 jasky\u0148a? Silick\u00e1 jasky\u0148a sa nach\u00e1dza v severnej \u010dasti Silickej planiny. Otvor tejto kor\u00f3znej priepasti le\u017e\u00ed v nadmorskej v\u00fd\u0161ke 580 metrov pod kolmou skalou, v [&hellip;]<\/p>\n","protected":false},"author":1,"featured_media":20379,"parent":13,"menu_order":0,"comment_status":"closed","ping_status":"closed","template":"","meta":{"_uag_custom_page_level_css":"","footnotes":""},"class_list":["post-20373","page","type-page","status-publish","has-post-thumbnail","hentry"],"featured_image_src":"https:\/\/www.slovensky-kras.eu\/info\/wp-content\/uploads\/2021\/04\/silcka-jaskyna.jpeg","featured_image_src_square":"https:\/\/www.slovensky-kras.eu\/info\/wp-content\/uploads\/2021\/04\/silcka-jaskyna.jpeg","rbea_author_info":{"display_name":"admin","author_link":"https:\/\/www.slovensky-kras.eu\/info\/author\/admin\/"},"rbea_excerpt_info":"Menu: Podkateg\u00f3ria: Kde sa nach\u00e1dza Silick\u00e1 jasky\u0148a? Silick\u00e1 jasky\u0148a sa nach\u00e1dza v severnej \u010dasti Silickej planiny. Otvor tejto kor\u00f3znej priepasti le\u017e\u00ed v nadmorskej v\u00fd\u0161ke 580 metrov pod kolmou skalou, v [&hellip;]","uagb_featured_image_src":{"full":["https:\/\/www.slovensky-kras.eu\/info\/wp-content\/uploads\/2021\/04\/silcka-jaskyna.jpeg",1110,735,false],"thumbnail":["https:\/\/www.slovensky-kras.eu\/info\/wp-content\/uploads\/2021\/04\/silcka-jaskyna-150x150.jpeg",150,150,true],"medium":["https:\/\/www.slovensky-kras.eu\/info\/wp-content\/uploads\/2021\/04\/silcka-jaskyna-800x530.jpeg",800,530,true],"medium_large":["https:\/\/www.slovensky-kras.eu\/info\/wp-content\/uploads\/2021\/04\/silcka-jaskyna-768x509.jpeg",768,509,true],"large":["https:\/\/www.slovensky-kras.eu\/info\/wp-content\/uploads\/2021\/04\/silcka-jaskyna-1024x678.jpeg",1024,678,true],"1536x1536":["https:\/\/www.slovensky-kras.eu\/info\/wp-content\/uploads\/2021\/04\/silcka-jaskyna.jpeg",1110,735,false],"2048x2048":["https:\/\/www.slovensky-kras.eu\/info\/wp-content\/uploads\/2021\/04\/silcka-jaskyna.jpeg",1110,735,false]},"uagb_author_info":{"display_name":"admin","author_link":"https:\/\/www.slovensky-kras.eu\/info\/author\/admin\/"},"uagb_comment_info":0,"uagb_excerpt":"Menu: Podkateg\u00f3ria: Kde sa nach\u00e1dza Silick\u00e1 jasky\u0148a? Silick\u00e1 jasky\u0148a sa nach\u00e1dza v severnej \u010dasti Silickej planiny. Otvor tejto kor\u00f3znej priepasti le\u017e\u00ed v nadmorskej v\u00fd\u0161ke 580 metrov pod kolmou skalou, v [&hellip;]","_links":{"self":[{"href":"https:\/\/www.slovensky-kras.eu\/info\/wp-json\/wp\/v2\/pages\/20373","targetHints":{"allow":["GET"]}}],"collection":[{"href":"https:\/\/www.slovensky-kras.eu\/info\/wp-json\/wp\/v2\/pages"}],"about":[{"href":"https:\/\/www.slovensky-kras.eu\/info\/wp-json\/wp\/v2\/types\/page"}],"author":[{"embeddable":true,"href":"https:\/\/www.slovensky-kras.eu\/info\/wp-json\/wp\/v2\/users\/1"}],"replies":[{"embeddable":true,"href":"https:\/\/www.slovensky-kras.eu\/info\/wp-json\/wp\/v2\/comments?post=20373"}],"version-history":[{"count":9,"href":"https:\/\/www.slovensky-kras.eu\/info\/wp-json\/wp\/v2\/pages\/20373\/revisions"}],"predecessor-version":[{"id":27896,"href":"https:\/\/www.slovensky-kras.eu\/info\/wp-json\/wp\/v2\/pages\/20373\/revisions\/27896"}],"up":[{"embeddable":true,"href":"https:\/\/www.slovensky-kras.eu\/info\/wp-json\/wp\/v2\/pages\/13"}],"wp:featuredmedia":[{"embeddable":true,"href":"https:\/\/www.slovensky-kras.eu\/info\/wp-json\/wp\/v2\/media\/20379"}],"wp:attachment":[{"href":"https:\/\/www.slovensky-kras.eu\/info\/wp-json\/wp\/v2\/media?parent=20373"}],"curies":[{"name":"wp","href":"https:\/\/api.w.org\/{rel}","templated":true}]}}