{"id":20287,"date":"2021-04-12T12:29:21","date_gmt":"2021-04-12T10:29:21","guid":{"rendered":"https:\/\/www.slovensky-kras.eu\/info\/?page_id=20287"},"modified":"2025-09-23T07:56:39","modified_gmt":"2025-09-23T05:56:39","slug":"priepast-mala-zomboj","status":"publish","type":"page","link":"https:\/\/www.slovensky-kras.eu\/info\/kam-do-prirody\/priepast-mala-zomboj\/","title":{"rendered":"Priepas\u0165 Mal\u00e1 \u017domboj (Mal\u00fd \u017domboj)"},"content":{"rendered":"<p><strong>Menu: <\/strong> <a href=\"http:\/\/www.slovensky-kras.eu\/info\/\" class=\"su-button su-button-style-default\" style=\"color:#000000;background-color:#FFCF2F;border-color:#cca626;border-radius:5px\" target=\"_self\"><span style=\"color:#000000;padding:6px 16px;font-size:13px;line-height:20px;border-color:#ffde6e;border-radius:5px;text-shadow:none\"><i class=\"sui sui-arrow-right\" style=\"font-size:13px;color:#000000\"><\/i>  \u00davod \/ Aktuality <\/span><\/a>\n<a href=\"http:\/\/www.slovensky-kras.eu\/info\/kam-do-prirody\/\" class=\"su-button su-button-style-default\" style=\"color:#000000;background-color:#FFCF2F;border-color:#cca626;border-radius:5px\" target=\"_self\"><span style=\"color:#000000;padding:6px 16px;font-size:13px;line-height:20px;border-color:#ffde6e;border-radius:5px;text-shadow:none\"><i class=\"sui sui-arrow-right\" style=\"font-size:13px;color:#000000\"><\/i>  Kam do pr\u00edrody <\/span><\/a>\n<p><strong>Podkateg\u00f3ria: <\/strong> <a href=\"http:\/\/www.slovensky-kras.eu\/info\/jaskyne-a-priepasti\/\" class=\"su-button su-button-style-default\" style=\"color:#000000;background-color:#C5ED2C;border-color:#9ebe24;border-radius:5px\" target=\"_self\"><span style=\"color:#000000;padding:6px 16px;font-size:13px;line-height:20px;border-color:#d7f36c;border-radius:5px;text-shadow:none\"><i class=\"sui sui-arrow-right\" style=\"font-size:13px;color:#000000\"><\/i>  Jaskyne a priepasti <\/span><\/a>\n<div class=\"su-divider su-divider-style-default\" style=\"margin:15px 0;border-width:2px;border-color:#000000\"><\/div>\n<h2><span style=\"color: #800000;\">Kde sa priepas\u0165 Mal\u00e1 \u017domboj nach\u00e1dza?<\/span><\/h2>\n<p class=\"ds-markdown-paragraph\"><strong>Priepas\u0165 Mal\u00e1 \u017domboj<\/strong>, naz\u00fdvan\u00e1 aj ako\u00a0<strong>Mal\u00fd \u017domboj<\/strong>, sa nach\u00e1dza v severnej \u010dasti\u00a0<a href=\"https:\/\/www.slovensky-kras.eu\/info\/kam-do-prirody\/silicka-planina\/\"><strong>Silickej planiny<\/strong><\/a>. T\u00e1to lokalita je zn\u00e1ma svojimi v\u00fdnimo\u010dn\u00fdmi\u00a0<strong>krasov\u00fdmi javmi<\/strong>.<\/p>\n<p>&nbsp;<\/p>\n<figure id=\"attachment_20299\" aria-describedby=\"caption-attachment-20299\" style=\"width: 900px\" class=\"wp-caption aligncenter\"><a href=\"https:\/\/www.slovensky-kras.eu\/info\/wp-content\/uploads\/2021\/04\/mala-zomboj1.jpeg\"><img loading=\"lazy\" decoding=\"async\" class=\"wp-image-20299\" src=\"https:\/\/www.slovensky-kras.eu\/info\/wp-content\/uploads\/2021\/04\/mala-zomboj1-800x530.jpeg\" alt=\"Priepas\u0165 Mal\u00e1 \u017domboj (Mal\u00fd \u017domboj)\" width=\"900\" height=\"596\" srcset=\"https:\/\/www.slovensky-kras.eu\/info\/wp-content\/uploads\/2021\/04\/mala-zomboj1-800x530.jpeg 800w, https:\/\/www.slovensky-kras.eu\/info\/wp-content\/uploads\/2021\/04\/mala-zomboj1-1024x678.jpeg 1024w, https:\/\/www.slovensky-kras.eu\/info\/wp-content\/uploads\/2021\/04\/mala-zomboj1-768x509.jpeg 768w, https:\/\/www.slovensky-kras.eu\/info\/wp-content\/uploads\/2021\/04\/mala-zomboj1.jpeg 1110w\" sizes=\"auto, (max-width: 900px) 100vw, 900px\" \/><\/a><figcaption id=\"caption-attachment-20299\" class=\"wp-caption-text\">Priepas\u0165 Mal\u00e1 \u017domboj (Mal\u00fd \u017domboj)<\/figcaption><\/figure>\n<p>&nbsp;<\/p>\n<h2><span style=\"color: #800000;\">Ako priepas\u0165 vznikla a ak\u00fd je jej geologick\u00fd p\u00f4vod?<\/span><\/h2>\n<p class=\"ds-markdown-paragraph\">T\u00e1to zvisl\u00e1 stud\u0148ovit\u00e1 priepas\u0165 s h\u013abkou 142 m vznikla rozp\u00fa\u0161\u0165an\u00edm druhohorn\u00fdch wettersteinsk\u00fdch v\u00e1pencov presakuj\u00facimi vodami obohaten\u00fdmi o oxid uhli\u010dit\u00fd na kri\u017eovan\u00ed tektonick\u00fdch por\u00fach. Pre\u00a0<a href=\"https:\/\/www.slovensky-kras.eu\/info\/kam-do-prirody\/silicka-planina\/\"><strong>Silick\u00fa planinu<\/strong><\/a>\u00a0s\u00fa zvl\u00e1\u0161\u0165 charakteristick\u00e9 hlbok\u00e9 priepasti, ktor\u00e9 sa vytv\u00e1rali v obdob\u00ed v\u00fdzdvihu krasov\u00e9ho \u00fazemia koncom tre\u0165oh\u00f4r, pred cca 6 mili\u00f3nmi rokov.<\/p>\n<p>&nbsp;<\/p>\n<figure id=\"attachment_20300\" aria-describedby=\"caption-attachment-20300\" style=\"width: 900px\" class=\"wp-caption aligncenter\"><a href=\"https:\/\/www.slovensky-kras.eu\/info\/wp-content\/uploads\/2021\/04\/mala-zomboj2.jpeg\"><img loading=\"lazy\" decoding=\"async\" class=\"wp-image-20300\" src=\"https:\/\/www.slovensky-kras.eu\/info\/wp-content\/uploads\/2021\/04\/mala-zomboj2-800x530.jpeg\" alt=\"Priepas\u0165 Mal\u00e1 \u017domboj (Mal\u00fd \u017domboj)\" width=\"900\" height=\"596\" srcset=\"https:\/\/www.slovensky-kras.eu\/info\/wp-content\/uploads\/2021\/04\/mala-zomboj2-800x530.jpeg 800w, https:\/\/www.slovensky-kras.eu\/info\/wp-content\/uploads\/2021\/04\/mala-zomboj2-1024x678.jpeg 1024w, https:\/\/www.slovensky-kras.eu\/info\/wp-content\/uploads\/2021\/04\/mala-zomboj2-768x509.jpeg 768w, https:\/\/www.slovensky-kras.eu\/info\/wp-content\/uploads\/2021\/04\/mala-zomboj2.jpeg 1110w\" sizes=\"auto, (max-width: 900px) 100vw, 900px\" \/><\/a><figcaption id=\"caption-attachment-20300\" class=\"wp-caption-text\">Priepas\u0165 Mal\u00e1 \u017domboj (Mal\u00fd \u017domboj)<\/figcaption><\/figure>\n<p>&nbsp;<\/p>\n<h2><span style=\"color: #800000;\">Ak\u00e9 postavenie m\u00e1 Mal\u00e1 \u017domboj medzi slovensk\u00fdmi priepas\u0165ami?<\/span><\/h2>\n<p class=\"ds-markdown-paragraph\"><strong>Mal\u00e1 \u017domboj je v s\u00fa\u010dasnosti najhlb\u0161ou pr\u00edrodnou vertik\u00e1lnou stud\u0148ou na Slovensku<\/strong>, \u010do jej pride\u013euje v\u00fdnimo\u010dn\u00e9 postavenie medzi slovensk\u00fdmi jaskynn\u00fdmi \u00fatvormi.<\/p>\n<h2><span style=\"color: #800000;\">Odkia\u013e poch\u00e1dza n\u00e1zov priepasti?<\/span><\/h2>\n<p class=\"ds-markdown-paragraph\">N\u00e1zov je odvoden\u00fd od\u00a0<strong>ma\u010farsk\u00e9ho slova &#8222;szomoly&#8220;<\/strong>, ktor\u00e9 znamen\u00e1 &#8222;priepas\u0165&#8220; alebo &#8222;jama&#8220;. Toto je ve\u013emi \u010dast\u00fd p\u00f4vod mnoh\u00fdch n\u00e1zvov v slovensk\u00fdch a ma\u010farsk\u00fdch krasov\u00fdch oblastiach.<\/p>\n<h2><span style=\"color: #800000;\">Ak\u00e1 je nadmorsk\u00e1 v\u00fd\u0161ka a ako vyzer\u00e1 vstup do priepasti?<\/span><\/h2>\n<p class=\"ds-markdown-paragraph\">Otvor tejto kor\u00f3znej priepasti le\u017e\u00ed v nadmorskej v\u00fd\u0161ke 595 metrov v plytkej depresii medzi dvoma hlbok\u00fdmi z\u00e1vrtmi. Toto umiestnenie je typick\u00e9 pre mnoh\u00e9 jaskyne v <a href=\"https:\/\/www.keturist.sk\/info\/vseobecne-informacie\/\" target=\"_blank\" rel=\"noopener\">Slovenskom krase<\/a>.<\/p>\n<h2><span style=\"color: #800000;\">\u010co uvid\u00edte vo vn\u00fatri priepasti? Ak\u00e9 s\u00fa jej pr\u00edrodn\u00e9 \u00fakazy?<\/span><\/h2>\n<p class=\"ds-markdown-paragraph\">Na jej dne sa nach\u00e1dzaj\u00fa zr\u00faten\u00e9 balvany a na jej kolm\u00fdch sten\u00e1ch sa vytvorili sintrov\u00e9 z\u00e1clony. Tieto\u00a0<strong>pr\u00edrodn\u00e9 \u00fatvary<\/strong>\u00a0s\u00fa d\u00f4kazom \u010dinnosti vody a \u010dasu a s\u00fa mimoriadne cenn\u00e9.<\/p>\n<h2><span style=\"color: #800000;\">Je priepas\u0165 Mal\u00e1 \u017domboj pr\u00edstupn\u00e1 pre verejnos\u0165?<\/span><\/h2>\n<p class=\"ds-markdown-paragraph\">Je\u00a0<strong>verejnosti nepr\u00edstupn\u00e1<\/strong>\u00a0a za\u00a0<strong>pr\u00edrodn\u00fa pamiatku<\/strong> bola vyhl\u00e1sen\u00e1 v roku 1995. Toto je k\u013e\u00fa\u010dov\u00e1 inform\u00e1cia pre turistov \u2013 dovn\u00fatra sa nesmie vstupova\u0165. Priepas\u0165 Mal\u00e1 \u017domboj je s\u00fa\u010das\u0165ou jaskynn\u00e9ho syst\u00e9mu Slovensk\u00e9ho a Aggteleck\u00e9ho krasu, ktor\u00fd je od roku 1995 zaraden\u00fd do Zoznamu svetov\u00e9ho dedi\u010dstva UNESCO.<\/p>\n<h2><span style=\"color: #800000;\">Ak\u00fd stupe\u0148 ochrany tu plat\u00ed a \u010do to znamen\u00e1?<\/span><\/h2>\n<p class=\"ds-markdown-paragraph\">Na \u00fazem\u00ed\u00a0<strong>N\u00e1rodnej pr\u00edrodnej pamiatky (NPP)<\/strong>\u00a0plat\u00ed 5. stupe\u0148 ochrany. To je najvy\u0161\u0161\u00ed stupe\u0148 a s t\u00fdm s\u00favisia pr\u00edsne pravidl\u00e1.<\/p>\n<h2><span style=\"color: #800000;\">\u010co v\u0161etko je zak\u00e1zan\u00e9 v tejto lokalite? Ak\u00e9 s\u00fa obmedzenia pre turistov?<\/span><\/h2>\n<p class=\"ds-markdown-paragraph\">Ke\u010f\u017ee je tu 5. stupe\u0148 ochrany, plat\u00ed tu z\u00e1kaz pohybova\u0165 sa mimo vyzna\u010den\u00e9ho turistick\u00e9ho chodn\u00edka alebo n\u00e1u\u010dn\u00e9ho chodn\u00edka za hranicami zastavan\u00e9ho \u00fazemia obce, vch\u00e1dza\u0165 alebo st\u00e1\u0165 s bicyklom na pozemky za hranicami zastavan\u00e9ho \u00fazemia obce mimo dia\u013enice, cesty, miestnej komunik\u00e1cie a vyzna\u010denej cyklotrasy, zasiahnu\u0165 do lesn\u00e9ho porastu a po\u0161kodi\u0165 vegeta\u010dn\u00fd a p\u00f4dny kryt, chyta\u0165, usmrti\u0165 alebo lovi\u0165 \u017eivo\u010d\u00edcha a ru\u0161i\u0165 pokoj a ticho!<\/p>\n<h2><span style=\"color: #800000;\">M\u00f4\u017eem vst\u00fapi\u0165 do priepasti?<\/span><\/h2>\n<p class=\"ds-markdown-paragraph\"><strong>Vstup do priepasti je pr\u00edsne zak\u00e1zan\u00fd<\/strong>\u00a0pod hrozbou vysokej pokuty. Re\u0161pektujte, pros\u00edm, toto opatrenie, ktor\u00e9 chr\u00e1ni tento\u00a0<strong>vz\u00e1cny pr\u00edrodn\u00fd fenom\u00e9n<\/strong>\u00a0pre bud\u00face gener\u00e1cie.<\/p>\n<p class=\"ds-markdown-paragraph\"><strong>Z\u00e1ver:<\/strong>\u00a0Priepas\u0165 Mal\u00e1 \u017domboj je \u00fachvatn\u00fdm, no chr\u00e1nen\u00fdm klenotom\u00a0<a href=\"https:\/\/www.keturist.sk\/info\/vseobecne-informacie\/\" target=\"_blank\" rel=\"noopener\"><strong>Slovensk\u00e9ho krasu<\/strong><\/a>. Obdivujte ju z bezpe\u010dnej vzdialenosti a pom\u00f4\u017ete n\u00e1m ju ochr\u00e1ni\u0165. Prajem v\u00e1m kr\u00e1sne z\u00e1\u017eitky pri objavovan\u00ed kr\u00e1s na\u0161ich n\u00e1rodn\u00fdch pr\u00edrodn\u00fdch pamiatok!<\/p>\n<h3><span style=\"color: #808000;\">Ako sa sem dosta\u0165<\/span><\/h3>\n<p>Ku vstupn\u00e9mu port\u00e1lu vedie lesn\u00e1 cesti\u010dka, ktor\u00e1 sa nach\u00e1dza 125 metrov od <a href=\"https:\/\/www.slovensky-kras.eu\/info\/wp-content\/uploads\/2013\/07\/modra.png\"><img loading=\"lazy\" decoding=\"async\" class=\"size-full wp-image-10352 alignnone\" src=\"https:\/\/www.slovensky-kras.eu\/info\/wp-content\/uploads\/2013\/07\/modra.png\" alt=\"\" width=\"20\" height=\"21\" \/><\/a> modr\u00e9ho turistick\u00e9ho chodn\u00edka.<\/p>\n<p>Spom\u00ednan\u00e1 trasa sa nach\u00e1dza medzi obcou <a href=\"https:\/\/www.slovensky-kras.eu\/info\/strediska-a-centra\/obec-silica\/\">Silica<\/a> a r\u00e1zcestn\u00edkom <strong>Luk\u00e1\u010dov\u00e1 bu\u010dina (610 m n.m.)<\/strong>.<\/p>\n<p>Nach\u00e1dza sa tu informa\u010dn\u00e1 tabu\u013ea.<\/p>\n<h3><span style=\"color: #808000;\">Bl\u00edzke stredisko, turistick\u00e9 centrum, obec alebo mesto:<\/span><\/h3>\n<ul>\n<li><a href=\"http:\/\/www.slovensky-kras.eu\/info\/strediska-a-centra\/obec-silica\/\">Obec Silica (\u010d\u00edtaj viac&#8230;)<\/a><\/li>\n<\/ul>\n<ul>\n<li><a href=\"https:\/\/www.slovensky-kras.eu\/info\/strediska-a-centra\/obec-jovice\/\">Obec Jovice (\u010d\u00edtaj viac&#8230;)<\/a><\/li>\n<\/ul>\n<h3><span style=\"color: #808000;\">Mapy<\/span><\/h3>\n<p><strong>Vrstvy: <\/strong>Turistick\u00e1 mapa, Automapa, Cyklomapa, Ly\u017eiarska mapa, Satelitn\u00e1 mapa a OpenStreetMap.<\/p>\n<p><strong>Kliknut\u00edm na logo &#8222;Freemap.sk&#8220; sa V\u00e1m mapa zobraz\u00ed na celej ploche obrazovky.<\/strong><\/p>\n<p><iframe style=\"width: 800px; height: 600px; border: 0;\" src=\"https:\/\/www.freemap.sk\/?map=14\/48.605104\/20.529991&amp;info-point=48.605104\/20.529991,Priepas\u0165 Mal\u00e1 \u017domboj (Mal\u00fd \u017domboj)&amp;layers=T&amp;embed=search\" allowfullscreen=\"allowfullscreen\"><\/iframe><\/p>\n<h3><span style=\"color: #808000;\">Po\u010dasie<\/span><\/h3>\n<p><iframe style=\"width: 800px; height: 609px;\" src=\"https:\/\/www.meteoblue.com\/sk\/po%C4%8Dasie\/widget\/three\/silick%c3%a1-planina_slovensk%c3%a1-republika_723618?geoloc=fixed&amp;nocurrent=0&amp;noforecast=0&amp;days=6&amp;tempunit=CELSIUS&amp;windunit=KILOMETER_PER_HOUR&amp;layout=image\" frameborder=\"0\" scrolling=\"NO\" sandbox=\"allow-same-origin allow-scripts allow-popups allow-popups-to-escape-sandbox\"><\/iframe><\/p>\n<div><!-- DO NOT REMOVE THIS LINK --><a href=\"https:\/\/www.meteoblue.com\/sk\/po%C4%8Dasie\/predpove%C4%8F\/t%C3%BD%C5%BEde%C5%88\/silick%c3%a1-planina_slovensk%c3%a1-republika_723618?utm_source=weather_widget&amp;utm_medium=linkus&amp;utm_content=three&amp;utm_campaign=Weather%2BWidget\" target=\"_blank\" rel=\"noopener noreferrer\">meteoblue<\/a><\/div>\n<p><strong>Zdroj foto: <\/strong> <a href=\"http:\/\/www.eastern-slovakia.com\/\" target=\"_blank\" rel=\"noopener noreferrer\"> Muro Miron Jesensky (www.eastern-slovakia.com)<\/a><\/p>\n","protected":false},"excerpt":{"rendered":"<p>Menu: Podkateg\u00f3ria: Kde sa priepas\u0165 Mal\u00e1 \u017domboj nach\u00e1dza? Priepas\u0165 Mal\u00e1 \u017domboj, naz\u00fdvan\u00e1 aj ako\u00a0Mal\u00fd \u017domboj, sa nach\u00e1dza v severnej \u010dasti\u00a0Silickej planiny. T\u00e1to lokalita je zn\u00e1ma svojimi v\u00fdnimo\u010dn\u00fdmi\u00a0krasov\u00fdmi javmi. &nbsp; &nbsp; [&hellip;]<\/p>\n","protected":false},"author":1,"featured_media":20299,"parent":13,"menu_order":0,"comment_status":"closed","ping_status":"closed","template":"","meta":{"_uag_custom_page_level_css":"","footnotes":""},"class_list":["post-20287","page","type-page","status-publish","has-post-thumbnail","hentry"],"featured_image_src":"https:\/\/www.slovensky-kras.eu\/info\/wp-content\/uploads\/2021\/04\/mala-zomboj1.jpeg","featured_image_src_square":"https:\/\/www.slovensky-kras.eu\/info\/wp-content\/uploads\/2021\/04\/mala-zomboj1.jpeg","rbea_author_info":{"display_name":"admin","author_link":"https:\/\/www.slovensky-kras.eu\/info\/author\/admin\/"},"rbea_excerpt_info":"Menu: Podkateg\u00f3ria: Kde sa priepas\u0165 Mal\u00e1 \u017domboj nach\u00e1dza? Priepas\u0165 Mal\u00e1 \u017domboj, naz\u00fdvan\u00e1 aj ako\u00a0Mal\u00fd \u017domboj, sa nach\u00e1dza v severnej \u010dasti\u00a0Silickej planiny. T\u00e1to lokalita je zn\u00e1ma svojimi v\u00fdnimo\u010dn\u00fdmi\u00a0krasov\u00fdmi javmi. &nbsp; &nbsp; [&hellip;]","uagb_featured_image_src":{"full":["https:\/\/www.slovensky-kras.eu\/info\/wp-content\/uploads\/2021\/04\/mala-zomboj1.jpeg",1110,735,false],"thumbnail":["https:\/\/www.slovensky-kras.eu\/info\/wp-content\/uploads\/2021\/04\/mala-zomboj1-150x150.jpeg",150,150,true],"medium":["https:\/\/www.slovensky-kras.eu\/info\/wp-content\/uploads\/2021\/04\/mala-zomboj1-800x530.jpeg",800,530,true],"medium_large":["https:\/\/www.slovensky-kras.eu\/info\/wp-content\/uploads\/2021\/04\/mala-zomboj1-768x509.jpeg",768,509,true],"large":["https:\/\/www.slovensky-kras.eu\/info\/wp-content\/uploads\/2021\/04\/mala-zomboj1-1024x678.jpeg",1024,678,true],"1536x1536":["https:\/\/www.slovensky-kras.eu\/info\/wp-content\/uploads\/2021\/04\/mala-zomboj1.jpeg",1110,735,false],"2048x2048":["https:\/\/www.slovensky-kras.eu\/info\/wp-content\/uploads\/2021\/04\/mala-zomboj1.jpeg",1110,735,false]},"uagb_author_info":{"display_name":"admin","author_link":"https:\/\/www.slovensky-kras.eu\/info\/author\/admin\/"},"uagb_comment_info":0,"uagb_excerpt":"Menu: Podkateg\u00f3ria: Kde sa priepas\u0165 Mal\u00e1 \u017domboj nach\u00e1dza? Priepas\u0165 Mal\u00e1 \u017domboj, naz\u00fdvan\u00e1 aj ako\u00a0Mal\u00fd \u017domboj, sa nach\u00e1dza v severnej \u010dasti\u00a0Silickej planiny. T\u00e1to lokalita je zn\u00e1ma svojimi v\u00fdnimo\u010dn\u00fdmi\u00a0krasov\u00fdmi javmi. &nbsp; &nbsp; [&hellip;]","_links":{"self":[{"href":"https:\/\/www.slovensky-kras.eu\/info\/wp-json\/wp\/v2\/pages\/20287","targetHints":{"allow":["GET"]}}],"collection":[{"href":"https:\/\/www.slovensky-kras.eu\/info\/wp-json\/wp\/v2\/pages"}],"about":[{"href":"https:\/\/www.slovensky-kras.eu\/info\/wp-json\/wp\/v2\/types\/page"}],"author":[{"embeddable":true,"href":"https:\/\/www.slovensky-kras.eu\/info\/wp-json\/wp\/v2\/users\/1"}],"replies":[{"embeddable":true,"href":"https:\/\/www.slovensky-kras.eu\/info\/wp-json\/wp\/v2\/comments?post=20287"}],"version-history":[{"count":21,"href":"https:\/\/www.slovensky-kras.eu\/info\/wp-json\/wp\/v2\/pages\/20287\/revisions"}],"predecessor-version":[{"id":27845,"href":"https:\/\/www.slovensky-kras.eu\/info\/wp-json\/wp\/v2\/pages\/20287\/revisions\/27845"}],"up":[{"embeddable":true,"href":"https:\/\/www.slovensky-kras.eu\/info\/wp-json\/wp\/v2\/pages\/13"}],"wp:featuredmedia":[{"embeddable":true,"href":"https:\/\/www.slovensky-kras.eu\/info\/wp-json\/wp\/v2\/media\/20299"}],"wp:attachment":[{"href":"https:\/\/www.slovensky-kras.eu\/info\/wp-json\/wp\/v2\/media?parent=20287"}],"curies":[{"name":"wp","href":"https:\/\/api.w.org\/{rel}","templated":true}]}}