{"id":20186,"date":"2021-04-05T06:47:20","date_gmt":"2021-04-05T04:47:20","guid":{"rendered":"https:\/\/www.slovensky-kras.eu\/info\/?page_id=20186"},"modified":"2025-11-21T06:31:29","modified_gmt":"2025-11-21T05:31:29","slug":"gemerska-ludova-architektura-v-obci-slavec","status":"publish","type":"page","link":"https:\/\/www.slovensky-kras.eu\/info\/kam-za-pamiatkami\/gemerska-ludova-architektura-v-obci-slavec\/","title":{"rendered":"Gemersk\u00e1 \u013eudov\u00e1 architekt\u00fara v obci Slavec"},"content":{"rendered":"<p><strong>Menu: <\/strong><a href=\"http:\/\/www.slovensky-kras.eu\/info\/\" class=\"su-button su-button-style-default\" style=\"color:#000000;background-color:#FFCF2F;border-color:#cca626;border-radius:5px\" target=\"_self\"><span style=\"color:#000000;padding:6px 16px;font-size:13px;line-height:20px;border-color:#ffde6e;border-radius:5px;text-shadow:none\"><i class=\"sui sui-arrow-right\" style=\"font-size:13px;color:#000000\"><\/i>  \u00davod \/ Aktuality <\/span><\/a>\n<a href=\"http:\/\/www.slovensky-kras.eu\/info\/kam-za-pamiatkami\/\" class=\"su-button su-button-style-default\" style=\"color:#000000;background-color:#FFCF2F;border-color:#cca626;border-radius:5px\" target=\"_self\"><span style=\"color:#000000;padding:6px 16px;font-size:13px;line-height:20px;border-color:#ffde6e;border-radius:5px;text-shadow:none\"><i class=\"sui sui-arrow-right\" style=\"font-size:13px;color:#000000\"><\/i>  Kam za pamiatkami <\/span><\/a>\n<div class=\"su-divider su-divider-style-default\" style=\"margin:15px 0;border-width:0px;border-color:#000000\"><\/div>\n<strong>Podkateg\u00f3ria: <\/strong> <a href=\"http:\/\/www.slovensky-kras.eu\/info\/kam-za-pamiatkami\/ludova-architektura-a-vidiecke-muzea\/\" class=\"su-button su-button-style-default\" style=\"color:#000000;background-color:#afd144;border-color:#8ca837;border-radius:5px\" target=\"_self\"><span style=\"color:#000000;padding:6px 16px;font-size:13px;line-height:20px;border-color:#c7df7d;border-radius:5px;text-shadow:none\"><i class=\"sui sui-arrow-right\" style=\"font-size:13px;color:#000000\"><\/i>  \u013dudov\u00e1 architekt\u00fara a vidieck\u00e9 m\u00faze\u00e1 <\/span><\/a>\n<div class=\"su-divider su-divider-style-default\" style=\"margin:15px 0;border-width:2px;border-color:#000000\"><\/div>\n<figure id=\"attachment_20245\" aria-describedby=\"caption-attachment-20245\" style=\"width: 900px\" class=\"wp-caption aligncenter\"><a href=\"https:\/\/www.slovensky-kras.eu\/info\/wp-content\/uploads\/2021\/04\/slavec-Ida3.jpg\"><img loading=\"lazy\" decoding=\"async\" class=\"wp-image-20245\" src=\"https:\/\/www.slovensky-kras.eu\/info\/wp-content\/uploads\/2021\/04\/slavec-Ida3-800x600.jpg\" alt=\"Gemersk\u00e1 \u013eudov\u00e1 architekt\u00fara v obci Slavec\" width=\"900\" height=\"675\" srcset=\"https:\/\/www.slovensky-kras.eu\/info\/wp-content\/uploads\/2021\/04\/slavec-Ida3-800x600.jpg 800w, https:\/\/www.slovensky-kras.eu\/info\/wp-content\/uploads\/2021\/04\/slavec-Ida3-768x576.jpg 768w, https:\/\/www.slovensky-kras.eu\/info\/wp-content\/uploads\/2021\/04\/slavec-Ida3.jpg 900w\" sizes=\"auto, (max-width: 900px) 100vw, 900px\" \/><\/a><figcaption id=\"caption-attachment-20245\" class=\"wp-caption-text\">Gemersk\u00e1 \u013eudov\u00e1 architekt\u00fara v obci Slavec &#8211; Chalupa Ida \u2013 Vend\u00e9gh\u00e1z<\/figcaption><\/figure>\n<div class=\"su-divider su-divider-style-default\" style=\"margin:15px 0;border-width:2px;border-color:#000000\"><\/div>\n<h2 class=\"ds-markdown-paragraph\"><span style=\"color: #800000;\">\u010co je\u00a0<strong>Gemersk\u00e1 \u013eudov\u00e1 architekt\u00fara v obci Slavec<\/strong>?<\/span><\/h2>\n<p class=\"ds-markdown-paragraph\"><strong>Gemersk\u00e1 \u013eudov\u00e1 architekt\u00fara v obci Slavec<\/strong>\u00a0predstavuje autentick\u00fa stavebn\u00fa kult\u00faru regi\u00f3nu, pri\u010dom v obci Slavec sa zachovali domy, ktor\u00e9 predstavuj\u00fa\u00a0<strong>typick\u00fa \u013eudov\u00fa architekt\u00faru<\/strong>\u00a0z prelomu 19. a 20. storo\u010dia.<\/p>\n<h2 class=\"ds-markdown-paragraph\"><span style=\"color: #800000;\">Ako je obec charakteristick\u00e1 svojou \u0161trukt\u00farou?<\/span><\/h2>\n<p class=\"ds-markdown-paragraph\">Obec Slavec sa vyzna\u010duje obojstrannou radovou z\u0161tavbou, ktor\u00e1 ur\u010duje jej urbanistick\u00fa \u0161trukt\u00faru. T\u00e1to dispoz\u00edcia vytv\u00e1ra charakteristick\u00fd vzh\u013ead obce a s\u00fa\u010dasne vypoved\u00e1 o historickom usporiadan\u00ed staveb.<\/p>\n<h2 class=\"ds-markdown-paragraph\"><span style=\"color: #800000;\">Ak\u00e9 dva hlavn\u00e9 typy domov tu n\u00e1v\u0161tevn\u00edk n\u00e1jde?<\/span><\/h2>\n<p class=\"ds-markdown-paragraph\">V obci s\u00fa dva typy domov, ktor\u00e9 maj\u00fa\u00a0<strong>typick\u00e9 znaky charakteristick\u00e9 pre lokalitu Gemera<\/strong>.<\/p>\n<p class=\"ds-markdown-paragraph\">Prv\u00fdm z nich s\u00fa\u00a0<strong>domy zo za\u010diatku 20. storo\u010dia<\/strong>\u00a0typick\u00e9 pre oblas\u0165 Gemera, Malohotu a Abov. Tak\u00e9to\u00a0<strong>domy<\/strong>\u00a0dodr\u017eiavali tradi\u010dn\u00fa trojpriestorov\u00fa sch\u00e9mu: izba \u2013 pitvor \u2013 komora, s raden\u00edm do h\u013abky pozemku.<\/p>\n<p class=\"ds-markdown-paragraph\">Uk\u00e1\u017ekou tak\u00e9hoto\u00a0<strong>tradi\u010dn\u00e9ho domu<\/strong>\u00a0je dom \u010d. 5, ktor\u00fd je vo vlastn\u00edctve pani <strong>Idy Csefo Gy\u00f6rgy<\/strong> a sl\u00fa\u017ei ako ubytovacie zariadenie pod n\u00e1zvom &#8222;<strong>Chalupa Ida \u2013 Vend\u00e9gh\u00e1z<\/strong>&#8222;.<\/p>\n<p class=\"ds-markdown-paragraph\">\u010eal\u0161ie\u00a0<strong>domy<\/strong>\u00a0predstavuj\u00face t\u00fato\u00a0<strong>\u013eudov\u00fa architekt\u00faru<\/strong>\u00a0maj\u00fa \u010d\u00edsla: 5, 8, 9, 13, 14, 16, 17, 21, 26, 28, 29, 42, 73, 75, 112, 120, 121, 125, 128 a 131.<\/p>\n<h2 class=\"ds-markdown-paragraph\"><span style=\"color: #800000;\">\u010co je to architekt\u00fara typu Pal\u00f3c a ak\u00fa \u00falohu hr\u00e1 v Slavci?<\/span><\/h2>\n<p class=\"ds-markdown-paragraph\">V obci sa zachovala aj\u00a0<strong>typick\u00e1 \u013eudov\u00e1 architekt\u00fara<\/strong>\u00a0zalo\u017een\u00e1 na tradi\u010dnej kult\u00fare ma\u010farsk\u00e9ho \u013eudu na pomedz\u00ed dne\u0161n\u00e9ho Ma\u010farska a Slovenska, naz\u00fdvan\u00e1\u00a0<strong>Pal\u00f3c<\/strong>.<\/p>\n<p class=\"ds-markdown-paragraph\">Pal\u00f3c je n\u00e1re\u010dov\u00e1 oblas\u0165 s vlastnou\u00a0<strong>architekt\u00farou<\/strong>\u00a0a zvykmi na severe Ma\u010farska a juhu Slovenska, ktor\u00e1 sa nach\u00e1dza medzi riekami V\u00e1h, Dunaj a Bodva.<\/p>\n<p class=\"ds-markdown-paragraph\">Medzi\u00a0<strong>architektonicky hodnotn\u00fa stavbu<\/strong>\u00a0typu Pal\u00f3c m\u00f4\u017eeme pova\u017eova\u0165 domy \u010d\u00edslo 10 z roku 1867 a \u010d\u00edslo 123 z roku 1869, ktor\u00e9 s\u00fa evidovan\u00e9 v evidencii n\u00e1rodn\u00fdch kult\u00farnych pamiatok na Slovensku.<\/p>\n<p class=\"ds-markdown-paragraph\">\u010eal\u0161ie\u00a0<strong>domy<\/strong>\u00a0predstavuj\u00face\u00a0<strong>typick\u00fa \u013eudov\u00fa architekt\u00faru<\/strong>\u00a0typu Pal\u00f3c maj\u00fa \u010d\u00edsla 37 a 118.<\/p>\n<h2 class=\"ds-markdown-paragraph\"><span style=\"color: #800000;\">Ak\u00e9 boli pou\u017eit\u00e9 stavebn\u00e9 materi\u00e1ly a ak\u00e9 s\u00fa \u0161pecifik\u00e1 fas\u00e1d?<\/span><\/h2>\n<p class=\"ds-markdown-paragraph\">Ide o\u00a0<strong>murovan\u00e9 domy<\/strong>\u00a0z kame\u0148a alebo z nep\u00e1lenej tehly s bohato zdoben\u00fdmi dreven\u00fdmi alebo murovan\u00fdmi pristavan\u00fdmi st\u013apov\u00fdmi podstienkami v dvorovej \u010dasti fas\u00e1dy.<\/p>\n<p class=\"ds-markdown-paragraph\">Vpredu je v\u017edy obytn\u00fd dom a za n\u00edm hospod\u00e1rske objekty pod spolo\u010dnou strechou, \u010do vytv\u00e1ra charakteristick\u00fd p\u00f4dorysn\u00fd vzor.<\/p>\n<h2 class=\"ds-markdown-paragraph\"><span style=\"color: #800000;\">Ak\u00e9 s\u00fa typick\u00e9 strechy a \u0161t\u00edty t\u00fdchto domov?<\/span><\/h2>\n<p class=\"ds-markdown-paragraph\"><strong>Typick\u00fdm znakom architekt\u00fary<\/strong>\u00a0tohto regi\u00f3nu Gemera s\u00fa\u00a0<strong>domy s prvkami \u013eudov\u00e9ho klasicizmu<\/strong>\u00a0so sedlovou, va\u013ebovou alebo polova\u013ebovou strechou, ktor\u00e9 s\u00fa pokryt\u00e9 \u0161ind\u013eom alebo \u0161krid\u013eou.<\/p>\n<p class=\"ds-markdown-paragraph\">Tradi\u010dnou krytinou striech tak\u00fdchto domov v Slavci bola slama, nesk\u00f4r keramick\u00e1 a eternitov\u00e1 krytina.<\/p>\n<p class=\"ds-markdown-paragraph\">\u0160t\u00edty niektor\u00fdch domov s\u00fa murovan\u00e9 a zdoben\u00e9 \u0161tukov\u00fdmi ornamentmi. V minulosti boli \u0161t\u00edty domov pov\u00e4\u010d\u0161ine dreven\u00e9 s vyrez\u00e1van\u00fdmi ozdobami.<\/p>\n<p class=\"ds-markdown-paragraph\">Na niektor\u00fdch domoch sa zachovala aj p\u00f4vodn\u00e1\u00a0<strong>ornament\u00e1lna v\u00fdzdoba prie\u010delia<\/strong>.<\/p>\n<h2 class=\"ds-markdown-paragraph\"><span style=\"color: #800000;\">Akou omietkou sa domy upravovali?<\/span><\/h2>\n<p class=\"ds-markdown-paragraph\"><strong>Domy<\/strong>\u00a0sa v\u00e4\u010d\u0161inou omietali v\u00e1pennou omietkou, hlinenou sa vymaz\u00e1vali len vyslovene chudobn\u00e9 domy. Tento rozdiel vo v\u00fdmazoch vypoved\u00e1 o soci\u00e1lnom postaven\u00ed p\u00f4vodn\u00fdch obyvate\u013eov.<\/p>\n<h2 class=\"ds-markdown-paragraph\"><span style=\"color: #800000;\">Ako boli \u010dlenen\u00e9 priestory v dvojpriestorov\u00fdch domoch?<\/span><\/h2>\n<p class=\"ds-markdown-paragraph\"><strong>Dvojpriestorov\u00fd dom<\/strong>\u00a0pozost\u00e1val z jednej izby a pitvora. S\u00fa\u010das\u0165ou pitvora mohla by\u0165 aj tzv. pitvorov\u00e1 kom\u00f4rka, ktor\u00e1 vznikla predelen\u00edm priestoru pozd\u013a\u017enou prie\u010dkou zo zadn\u00e9ho priestoru, \u010d\u00edm vznikol efekt\u00edvne tret\u00ed priestor.<\/p>\n<h2 class=\"ds-markdown-paragraph\"><span style=\"color: #800000;\">Ako boli usporiadan\u00e9 trojpriestorov\u00e9 a \u0161tvordielne domy?<\/span><\/h2>\n<p class=\"ds-markdown-paragraph\"><strong>Trojpriestorov\u00fd dom<\/strong>\u00a0pozost\u00e1val z izby \u2013 pitvora (bud\u00faca kuchy\u0148a) \u2013 komory, s raden\u00edm do h\u013abky pozemku alebo miestami aj s orient\u00e1ciou pozd\u013a\u017e ulice.<\/p>\n<p class=\"ds-markdown-paragraph\">Vstupn\u00fdm priestorom bol pitvor s pecou a otvoren\u00fdm ohniskom, z ktor\u00e9ho dym vych\u00e1dzal na povalu. Z pitvora sa vch\u00e1dzalo do prednej izby a do komory.<\/p>\n<p class=\"ds-markdown-paragraph\">Za\u010diatkom 20. storo\u010dia bolo zau\u017e\u00edvan\u00e9 stavanie domov so \u0161tvordielnym priestorov\u00fdm \u010dlenen\u00edm (predn\u00e1 izba-kuchy\u0148a-zadn\u00e1 izba-komora).<\/p>\n<p class=\"ds-markdown-paragraph\">Nebolo to v\u0161ak v\u017edy pravidlom, \u010dasto sa vyskytovali domy orientovan\u00e9 dlh\u0161ou stranou do ulice alebo domy v tvare &#8222;L&#8220;.<\/p>\n<h2 class=\"ds-markdown-paragraph\"><span style=\"color: #800000;\">Ak\u00fd typ okien sa tu zachoval a ak\u00e9 s\u00fa ich v\u00fdhody?<\/span><\/h2>\n<p class=\"ds-markdown-paragraph\">Niektor\u00e9\u00a0<strong>domy<\/strong>\u00a0maj\u00fa e\u0161te dodnes zdoben\u00e9, vyrez\u00e1van\u00e9 p\u00f4vodn\u00e9 okn\u00e1, a to bu\u010f \u0161paletov\u00e9 alebo kastlov\u00e9.<\/p>\n<p class=\"ds-markdown-paragraph\"><strong>\u0160paletov\u00e9 a kastlov\u00e9 okn\u00e1<\/strong>\u00a0s\u00fa dvojdielne okn\u00e1, ktor\u00e9 maj\u00fa vonkaj\u0161ie aj vn\u00fatorn\u00e9 kr\u00eddla a medzi nimi je \u010das\u0165 okenn\u00e9ho v\u00fdklenku \u2013 \u0161paleta.<\/p>\n<p class=\"ds-markdown-paragraph\">Zatia\u013e \u010do pri kastlov\u00fdch okn\u00e1ch sa otv\u00e1raj\u00fa vonkaj\u0161ie kr\u00eddla dovn\u00fatra, pri \u0161paletov\u00fdch sa otv\u00e1raj\u00fa von.<\/p>\n<p class=\"ds-markdown-paragraph\"><strong>\u0160paletov\u00e9 okn\u00e1<\/strong>\u00a0maj\u00fa z\u00e1sadn\u00fa v\u00fdhodu vo vyu\u017eite\u013enosti medziokenn\u00e9ho priestoru, napr\u00edklad na umiestnenie kvetov.<\/p>\n<h2 class=\"ds-markdown-paragraph\"><span style=\"color: #800000;\">Ak\u00e1 bola p\u00f4vodn\u00e1 podlaha v izb\u00e1ch?<\/span><\/h2>\n<p class=\"ds-markdown-paragraph\">V izb\u00e1ch bola p\u00f4vodne hlinen\u00e1 podlaha vymazan\u00e1 blatom s plevami. Toto tradi\u010dn\u00e9 rie\u0161enie podlahy bolo typick\u00e9 pre chudobnej\u0161ie dom\u00e1cnosti a predstavuje d\u00f4le\u017eit\u00fd historick\u00fd stavebn\u00fd detail.<\/p>\n<h2><span style=\"color: #800000;\">Fotogal\u00e9ria<\/span><\/h2>\n<style type=\"text\/css\">\n#foogallery-gallery-28855 .fg-image { width: 200px; }<\/style>\n\t\t\t<div class=\"foogallery foogallery-container foogallery-carousel foogallery-lightbox-foogallery fg-carousel fg-ready fg-light fg-border-medium fg-round-small fg-shadow-medium fg-loading-default fg-loaded-fade-in fg-hover-semi-zoomed fg-hover-fade fg-hover-circle-plus2\" id=\"foogallery-gallery-28855\" data-foogallery=\"{&quot;item&quot;:{&quot;showCaptionTitle&quot;:true,&quot;showCaptionDescription&quot;:true},&quot;lazy&quot;:true,&quot;template&quot;:{&quot;maxItems&quot;:5,&quot;scale&quot;:0.11999999999999999555910790149937383830547332763671875,&quot;gutter&quot;:{&quot;min&quot;:-40,&quot;max&quot;:-20,&quot;unit&quot;:&quot;%&quot;},&quot;autoplay&quot;:{&quot;time&quot;:0,&quot;interaction&quot;:&quot;pause&quot;},&quot;centerOnClick&quot;:true,&quot;align&quot;:&quot;center&quot;,&quot;activePosition&quot;:&quot;center&quot;}}\" data-foogallery-lightbox=\"{&quot;thumbs&quot;:&quot;bottom&quot;,&quot;thumbsCaptions&quot;:false,&quot;thumbsBestFit&quot;:false,&quot;thumbsSmall&quot;:false,&quot;thumbsCaptionsAlign&quot;:&quot;default&quot;,&quot;info&quot;:&quot;bottom&quot;,&quot;infoVisible&quot;:true,&quot;infoOverlay&quot;:true,&quot;infoAlign&quot;:&quot;default&quot;,&quot;transition&quot;:&quot;fade&quot;,&quot;hoverButtons&quot;:false,&quot;fitMedia&quot;:false,&quot;noScrollbars&quot;:true,&quot;preserveButtonSpace&quot;:true,&quot;buttons&quot;:{&quot;fullscreen&quot;:true,&quot;info&quot;:true,&quot;thumbs&quot;:false},&quot;video&quot;:{&quot;autoPlay&quot;:true}}\" style=\"--fg-title-line-clamp: 0; --fg-description-line-clamp: 0;\" >\n\t<button type=\"button\" class=\"fg-carousel-prev\" title=\"Previous\"><\/button>\n\t<div class=\"fg-carousel-inner\">\n\t\t<div class=\"fg-carousel-center\"><\/div>\n\t\t<div class=\"fg-item fg-type-image fg-idle\"><figure class=\"fg-item-inner\"><a href=\"https:\/\/www.slovensky-kras.eu\/info\/wp-content\/uploads\/2021\/04\/slavec33.jpg\" data-attachment-id=\"20248\" data-type=\"image\" class=\"fg-thumb\"><span class=\"fg-image-wrap\"><img decoding=\"async\" width=\"200\" height=\"200\" class=\"skip-lazy fg-image\" data-src-fg=\"https:\/\/www.slovensky-kras.eu\/info\/wp-content\/uploads\/cache\/2021\/04\/slavec33\/3309422797.jpg\" src=\"data:image\/svg+xml,%3Csvg%20xmlns%3D%22http%3A%2F%2Fwww.w3.org%2F2000%2Fsvg%22%20width%3D%22200%22%20height%3D%22200%22%20viewBox%3D%220%200%20200%20200%22%3E%3C%2Fsvg%3E\" loading=\"eager\"><\/span><span class=\"fg-image-overlay\"><\/span><\/a><\/figure><div class=\"fg-loader\"><\/div><\/div><div class=\"fg-item fg-type-image fg-idle\"><figure class=\"fg-item-inner\"><a href=\"https:\/\/www.slovensky-kras.eu\/info\/wp-content\/uploads\/2021\/04\/Slavec-dom-10_1.jpg\" data-attachment-id=\"20246\" data-type=\"image\" class=\"fg-thumb\"><span class=\"fg-image-wrap\"><img decoding=\"async\" width=\"200\" height=\"200\" class=\"skip-lazy fg-image\" data-src-fg=\"https:\/\/www.slovensky-kras.eu\/info\/wp-content\/uploads\/cache\/2021\/04\/Slavec-dom-10_1\/2333313719.jpg\" src=\"data:image\/svg+xml,%3Csvg%20xmlns%3D%22http%3A%2F%2Fwww.w3.org%2F2000%2Fsvg%22%20width%3D%22200%22%20height%3D%22200%22%20viewBox%3D%220%200%20200%20200%22%3E%3C%2Fsvg%3E\" loading=\"eager\"><\/span><span class=\"fg-image-overlay\"><\/span><\/a><\/figure><div class=\"fg-loader\"><\/div><\/div><div class=\"fg-item fg-type-image fg-idle\"><figure class=\"fg-item-inner\"><a href=\"https:\/\/www.slovensky-kras.eu\/info\/wp-content\/uploads\/2021\/04\/slavec-Ida3.jpg\" data-attachment-id=\"20245\" data-type=\"image\" class=\"fg-thumb\"><span class=\"fg-image-wrap\"><img decoding=\"async\" alt=\"Gemersk\u00e1 \u013eudov\u00e1 architekt\u00fara v obci Slavec\" width=\"200\" height=\"200\" class=\"skip-lazy fg-image\" data-src-fg=\"https:\/\/www.slovensky-kras.eu\/info\/wp-content\/uploads\/cache\/2021\/04\/slavec-Ida3\/997680022.jpg\" src=\"data:image\/svg+xml,%3Csvg%20xmlns%3D%22http%3A%2F%2Fwww.w3.org%2F2000%2Fsvg%22%20width%3D%22200%22%20height%3D%22200%22%20viewBox%3D%220%200%20200%20200%22%3E%3C%2Fsvg%3E\" loading=\"eager\"><\/span><span class=\"fg-image-overlay\"><\/span><\/a><\/figure><div class=\"fg-loader\"><\/div><\/div><div class=\"fg-item fg-type-image fg-idle\"><figure class=\"fg-item-inner\"><a href=\"https:\/\/www.slovensky-kras.eu\/info\/wp-content\/uploads\/2013\/07\/slavec-1.jpg\" data-caption-title=\"SAMSUNG DIGITAL CAMERA\" data-attachment-id=\"8105\" data-type=\"image\" class=\"fg-thumb\"><span class=\"fg-image-wrap\"><img decoding=\"async\" title=\"SAMSUNG DIGITAL CAMERA\" width=\"200\" height=\"200\" class=\"skip-lazy fg-image\" data-src-fg=\"https:\/\/www.slovensky-kras.eu\/info\/wp-content\/uploads\/cache\/2013\/07\/slavec-1\/957023586.jpg\" src=\"data:image\/svg+xml,%3Csvg%20xmlns%3D%22http%3A%2F%2Fwww.w3.org%2F2000%2Fsvg%22%20width%3D%22200%22%20height%3D%22200%22%20viewBox%3D%220%200%20200%20200%22%3E%3C%2Fsvg%3E\" loading=\"eager\"><\/span><span class=\"fg-image-overlay\"><\/span><\/a><figcaption class=\"fg-caption\"><div class=\"fg-caption-inner\"><div class=\"fg-caption-title\">SAMSUNG DIGITAL CAMERA<\/div><\/div><\/figcaption><\/figure><div class=\"fg-loader\"><\/div><\/div><div class=\"fg-item fg-type-image fg-idle\"><figure class=\"fg-item-inner\"><a href=\"https:\/\/www.slovensky-kras.eu\/info\/wp-content\/uploads\/2020\/12\/ida2.jpg\" data-attachment-id=\"18720\" data-type=\"image\" class=\"fg-thumb\"><span class=\"fg-image-wrap\"><img decoding=\"async\" width=\"200\" height=\"200\" class=\"skip-lazy fg-image\" data-src-fg=\"https:\/\/www.slovensky-kras.eu\/info\/wp-content\/uploads\/cache\/2020\/12\/ida2\/1492998586.jpg\" src=\"data:image\/svg+xml,%3Csvg%20xmlns%3D%22http%3A%2F%2Fwww.w3.org%2F2000%2Fsvg%22%20width%3D%22200%22%20height%3D%22200%22%20viewBox%3D%220%200%20200%20200%22%3E%3C%2Fsvg%3E\" loading=\"eager\"><\/span><span class=\"fg-image-overlay\"><\/span><\/a><\/figure><div class=\"fg-loader\"><\/div><\/div>\t<\/div>\n\t<div class=\"fg-carousel-bottom\"><\/div>\n\t<div class=\"fg-carousel-progress\"><\/div>\n\t<button type=\"button\" class=\"fg-carousel-next\" title=\"Next\"><\/button>\n<\/div>\n<h3><span style=\"color: #808000;\">Bl\u00edzke stredisko, turistick\u00e9 centrum, obec alebo mesto:<\/span><\/h3>\n<ul>\n<li><a href=\"http:\/\/www.slovensky-kras.eu\/info\/strediska-a-centra\/obec-slavec\/\">Obec Slavec<\/a><\/li>\n<\/ul>\n<ul>\n<li><a href=\"http:\/\/www.slovensky-kras.eu\/info\/strediska-a-centra\/rekreacne-stredisko-gombasek\/\">Stredisko Gombasek<\/a><\/li>\n<\/ul>\n<h3><span style=\"color: #808000;\">Ubytovanie a stravovanie<\/span><\/h3>\n<p><strong>Chalupa Ida <\/strong><br \/>\nSlavec 5<br \/>\n049 11 Slavec<br \/>\n<strong>Tel.:<\/strong> +421-(0)<br \/>\n<strong>E-mail:<\/strong> <a href=\"mailto:idacsefo@zoznam.sk\" target=\"_blank\" rel=\"noopener noreferrer\">idacsefo@zoznam.sk<\/a><br \/>\n<strong>Web:<\/strong><br \/>\n<strong>GPS s\u00faradnice: <\/strong>48\u00ba 35&#8242; 2&#8220; N, 20\u00ba 27&#8242; 60&#8220;<\/p>\n<h2><span style=\"color: #800000;\">Mapy<\/span><\/h2>\n<p><strong>Vrstvy: <\/strong>Turistick\u00e1 mapa, Automapa, Cyklomapa, Ly\u017eiarska mapa, Satelitn\u00e1 mapa a OpenStreetMap.<\/p>\n<p><strong>Kliknut\u00edm na logo &#8222;Freemap.sk&#8220; sa V\u00e1m mapa zobraz\u00ed na celej ploche obrazovky.<\/strong><\/p>\n<p><iframe style=\"width: 900px; height: 600px; border: 0;\" src=\"https:\/\/www.freemap.sk\/?map=13\/48.586657\/20.467615&amp;info-point=48.586657\/20.467615,Obec Slavec&amp;layers=X&amp;embed=search\" allowfullscreen=\"allowfullscreen\"><span data-mce-type=\"bookmark\" style=\"display: inline-block; width: 0px; overflow: hidden; line-height: 0;\" class=\"mce_SELRES_start\">\ufeff<\/span><\/iframe><\/p>\n<h2><strong><br \/>\n<\/strong><span style=\"color: #800000;\">Po\u010dasie<\/span><strong><br \/>\n<\/strong><br \/>\n<iframe style=\"width: 900px; height: 609px;\" src=\"https:\/\/www.meteoblue.com\/sk\/po%C4%8Dasie\/widget\/three\/slavec_slovensk%c3%a1-republika_723590?geoloc=fixed&amp;nocurrent=0&amp;noforecast=0&amp;days=6&amp;tempunit=CELSIUS&amp;windunit=KILOMETER_PER_HOUR&amp;layout=image\" frameborder=\"0\" scrolling=\"NO\" sandbox=\"allow-same-origin allow-scripts allow-popups allow-popups-to-escape-sandbox\"><\/iframe><\/h2>\n<div><!-- DO NOT REMOVE THIS LINK --><a href=\"https:\/\/www.meteoblue.com\/sk\/po%C4%8Dasie\/predpove%C4%8F\/t%C3%BD%C5%BEde%C5%88\/slavec_slovensk%c3%a1-republika_723590?utm_source=weather_widget&amp;utm_medium=linkus&amp;utm_content=three&amp;utm_campaign=Weather%2BWidget\" target=\"_blank\" rel=\"noopener noreferrer\">meteoblue<\/a><\/div>\n","protected":false},"excerpt":{"rendered":"<p>Menu: Podkateg\u00f3ria: \u010co je\u00a0Gemersk\u00e1 \u013eudov\u00e1 architekt\u00fara v obci Slavec? Gemersk\u00e1 \u013eudov\u00e1 architekt\u00fara v obci Slavec\u00a0predstavuje autentick\u00fa stavebn\u00fa kult\u00faru regi\u00f3nu, pri\u010dom v obci Slavec sa zachovali domy, ktor\u00e9 predstavuj\u00fa\u00a0typick\u00fa \u013eudov\u00fa architekt\u00faru\u00a0z [&hellip;]<\/p>\n","protected":false},"author":1,"featured_media":20245,"parent":15,"menu_order":0,"comment_status":"closed","ping_status":"closed","template":"","meta":{"_uag_custom_page_level_css":"","footnotes":""},"class_list":["post-20186","page","type-page","status-publish","has-post-thumbnail","hentry"],"featured_image_src":"https:\/\/www.slovensky-kras.eu\/info\/wp-content\/uploads\/2021\/04\/slavec-Ida3.jpg","featured_image_src_square":"https:\/\/www.slovensky-kras.eu\/info\/wp-content\/uploads\/2021\/04\/slavec-Ida3.jpg","rbea_author_info":{"display_name":"admin","author_link":"https:\/\/www.slovensky-kras.eu\/info\/author\/admin\/"},"rbea_excerpt_info":"Menu: Podkateg\u00f3ria: \u010co je\u00a0Gemersk\u00e1 \u013eudov\u00e1 architekt\u00fara v obci Slavec? Gemersk\u00e1 \u013eudov\u00e1 architekt\u00fara v obci Slavec\u00a0predstavuje autentick\u00fa stavebn\u00fa kult\u00faru regi\u00f3nu, pri\u010dom v obci Slavec sa zachovali domy, ktor\u00e9 predstavuj\u00fa\u00a0typick\u00fa \u013eudov\u00fa architekt\u00faru\u00a0z [&hellip;]","uagb_featured_image_src":{"full":["https:\/\/www.slovensky-kras.eu\/info\/wp-content\/uploads\/2021\/04\/slavec-Ida3.jpg",900,675,false],"thumbnail":["https:\/\/www.slovensky-kras.eu\/info\/wp-content\/uploads\/2021\/04\/slavec-Ida3-150x150.jpg",150,150,true],"medium":["https:\/\/www.slovensky-kras.eu\/info\/wp-content\/uploads\/2021\/04\/slavec-Ida3-800x600.jpg",800,600,true],"medium_large":["https:\/\/www.slovensky-kras.eu\/info\/wp-content\/uploads\/2021\/04\/slavec-Ida3-768x576.jpg",768,576,true],"large":["https:\/\/www.slovensky-kras.eu\/info\/wp-content\/uploads\/2021\/04\/slavec-Ida3.jpg",900,675,false],"1536x1536":["https:\/\/www.slovensky-kras.eu\/info\/wp-content\/uploads\/2021\/04\/slavec-Ida3.jpg",900,675,false],"2048x2048":["https:\/\/www.slovensky-kras.eu\/info\/wp-content\/uploads\/2021\/04\/slavec-Ida3.jpg",900,675,false]},"uagb_author_info":{"display_name":"admin","author_link":"https:\/\/www.slovensky-kras.eu\/info\/author\/admin\/"},"uagb_comment_info":0,"uagb_excerpt":"Menu: Podkateg\u00f3ria: \u010co je\u00a0Gemersk\u00e1 \u013eudov\u00e1 architekt\u00fara v obci Slavec? Gemersk\u00e1 \u013eudov\u00e1 architekt\u00fara v obci Slavec\u00a0predstavuje autentick\u00fa stavebn\u00fa kult\u00faru regi\u00f3nu, pri\u010dom v obci Slavec sa zachovali domy, ktor\u00e9 predstavuj\u00fa\u00a0typick\u00fa \u013eudov\u00fa architekt\u00faru\u00a0z [&hellip;]","_links":{"self":[{"href":"https:\/\/www.slovensky-kras.eu\/info\/wp-json\/wp\/v2\/pages\/20186","targetHints":{"allow":["GET"]}}],"collection":[{"href":"https:\/\/www.slovensky-kras.eu\/info\/wp-json\/wp\/v2\/pages"}],"about":[{"href":"https:\/\/www.slovensky-kras.eu\/info\/wp-json\/wp\/v2\/types\/page"}],"author":[{"embeddable":true,"href":"https:\/\/www.slovensky-kras.eu\/info\/wp-json\/wp\/v2\/users\/1"}],"replies":[{"embeddable":true,"href":"https:\/\/www.slovensky-kras.eu\/info\/wp-json\/wp\/v2\/comments?post=20186"}],"version-history":[{"count":39,"href":"https:\/\/www.slovensky-kras.eu\/info\/wp-json\/wp\/v2\/pages\/20186\/revisions"}],"predecessor-version":[{"id":22766,"href":"https:\/\/www.slovensky-kras.eu\/info\/wp-json\/wp\/v2\/pages\/20186\/revisions\/22766"}],"up":[{"embeddable":true,"href":"https:\/\/www.slovensky-kras.eu\/info\/wp-json\/wp\/v2\/pages\/15"}],"wp:featuredmedia":[{"embeddable":true,"href":"https:\/\/www.slovensky-kras.eu\/info\/wp-json\/wp\/v2\/media\/20245"}],"wp:attachment":[{"href":"https:\/\/www.slovensky-kras.eu\/info\/wp-json\/wp\/v2\/media?parent=20186"}],"curies":[{"name":"wp","href":"https:\/\/api.w.org\/{rel}","templated":true}]}}