{"id":20101,"date":"2021-04-03T05:13:50","date_gmt":"2021-04-03T03:13:50","guid":{"rendered":"https:\/\/www.slovensky-kras.eu\/info\/?page_id=20101"},"modified":"2025-12-06T06:26:19","modified_gmt":"2025-12-06T05:26:19","slug":"naucny-chodnik-v-areali-gombasek","status":"publish","type":"page","link":"https:\/\/www.slovensky-kras.eu\/info\/aktivity-a-sport\/naucny-chodnik-v-areali-gombasek\/","title":{"rendered":"N\u00e1u\u010dn\u00fd chodn\u00edk v are\u00e1li Gombasek"},"content":{"rendered":"<p><strong>Menu: <\/strong><a href=\"http:\/\/www.slovensky-kras.eu\/info\/\" class=\"su-button su-button-style-default\" style=\"color:#000000;background-color:#FFCF2F;border-color:#cca626;border-radius:5px\" target=\"_self\"><span style=\"color:#000000;padding:6px 16px;font-size:13px;line-height:20px;border-color:#ffde6e;border-radius:5px;text-shadow:none\"><i class=\"sui sui-arrow-right\" style=\"font-size:13px;color:#000000\"><\/i>  \u00davod \/ Aktuality <\/span><\/a>\n<a href=\"http:\/\/www.slovensky-kras.eu\/info\/aktivity-a-sport\/\" class=\"su-button su-button-style-default\" style=\"color:#000000;background-color:#FFCF2F;border-color:#cca626;border-radius:5px\" target=\"_self\"><span style=\"color:#000000;padding:6px 16px;font-size:13px;line-height:20px;border-color:#ffde6e;border-radius:5px;text-shadow:none\"><i class=\"sui sui-arrow-right\" style=\"font-size:13px;color:#000000\"><\/i>  Aktivity a \u0161port <\/span><\/a>\n<div class=\"su-divider su-divider-style-default\" style=\"margin:15px 0;border-width:3px;border-color:#000000\"><\/div>\n<strong>N\u00e1u\u010dn\u00e9 chodn\u00edky<\/strong><br \/>\n<div class=\"su-divider su-divider-style-default\" style=\"margin:15px 0;border-width:3px;border-color:#000000\"><\/div>\n<figure id=\"attachment_14172\" aria-describedby=\"caption-attachment-14172\" style=\"width: 800px\" class=\"wp-caption aligncenter\"><a href=\"https:\/\/www.slovensky-kras.eu\/info\/wp-content\/uploads\/2018\/01\/gombasek-tabor3.jpg\"><img loading=\"lazy\" decoding=\"async\" class=\"wp-image-14172 size-medium\" src=\"http:\/\/www.slovensky-kras.eu\/info\/wp-content\/uploads\/2018\/01\/gombasek-tabor3-800x534.jpg\" alt=\"N\u00e1u\u010dn\u00fd chodn\u00edk v are\u00e1li Gombasek\" width=\"800\" height=\"534\" srcset=\"https:\/\/www.slovensky-kras.eu\/info\/wp-content\/uploads\/2018\/01\/gombasek-tabor3-800x534.jpg 800w, https:\/\/www.slovensky-kras.eu\/info\/wp-content\/uploads\/2018\/01\/gombasek-tabor3-768x512.jpg 768w, https:\/\/www.slovensky-kras.eu\/info\/wp-content\/uploads\/2018\/01\/gombasek-tabor3-425x283.jpg 425w, https:\/\/www.slovensky-kras.eu\/info\/wp-content\/uploads\/2018\/01\/gombasek-tabor3.jpg 1000w\" sizes=\"auto, (max-width: 800px) 100vw, 800px\" \/><\/a><figcaption id=\"caption-attachment-14172\" class=\"wp-caption-text\">N\u00e1u\u010dn\u00fd chodn\u00edk v are\u00e1li Gombasek<\/figcaption><\/figure>\n<div class=\"su-divider su-divider-style-default\" style=\"margin:15px 0;border-width:3px;border-color:#000000\"><\/div>\n<p dir=\"auto\"><strong>N\u00e1u\u010dn\u00fd chodn\u00edk v are\u00e1li Gombasek<\/strong> je nen\u00e1ro\u010dn\u00fd 3-kilometrov\u00fd okruh pln\u00fd hist\u00f3rie, pr\u00edrody a unik\u00e1tnych inform\u00e1ci\u00ed v troch jazykoch \u2013 ide\u00e1lny tip na v\u00fdlet pre rodiny, \u0161koly aj individu\u00e1lnych cestovate\u013eov.<\/p>\n<h2 dir=\"auto\"><span style=\"color: #800000;\">Kde presne sa nach\u00e1dza <strong>N\u00e1u\u010dn\u00fd chodn\u00edk v are\u00e1li Gombasek<\/strong>? <\/span><\/h2>\n<p dir=\"auto\">Trasa tohto samoobslu\u017en\u00e9ho a okru\u017en\u00e9ho chodn\u00edka sa nach\u00e1dza v stredisku <strong>Gombasek<\/strong>, ktor\u00e9 je s\u00fa\u010das\u0165ou obce Slavec, v srdci \u00fazkeho Slansk\u00e9ho ka\u0148onu a are\u00e1lu zap\u00edsan\u00e9ho do zoznamu <strong>UNESCO<\/strong>.<\/p>\n<h2 dir=\"auto\"><span style=\"color: #800000;\">\u010co v\u0161etko sa dozviete na <strong>N\u00e1u\u010dnom chodn\u00edku v are\u00e1li Gombasek<\/strong>? <\/span><\/h2>\n<p dir=\"auto\"><strong>N\u00e1u\u010dn\u00fd chodn\u00edk v are\u00e1li Gombasek<\/strong> v\u00e1m pribl\u00ed\u017ei bohat\u00fa hist\u00f3riu <strong>Paul\u00ednskeho kl\u00e1\u0161tora<\/strong> a \u010fal\u0161\u00edch v\u00fdznamn\u00fdch pamiatok tejto kr\u00e1snej lokality. Pon\u00faka poh\u013ead do kult\u00fary obyvate\u013eov ma\u010farskej n\u00e1rodnosti na Slovensku, do geologick\u00e9ho charakteru regi\u00f3nu, unik\u00e1tnej fauny, fl\u00f3ry a geologick\u00fdch form\u00e1ci\u00ed <strong>Slovensk\u00e9ho krasu<\/strong>.<\/p>\n<h2 dir=\"auto\"><span style=\"color: #800000;\">Ak\u00e1 je d\u013a\u017eka, n\u00e1ro\u010dnos\u0165 a vybavenie <strong>N\u00e1u\u010dn\u00e9ho chodn\u00edka v are\u00e1li Gombasek<\/strong>? <\/span><\/h2>\n<p dir=\"auto\"><strong>N\u00e1u\u010dn\u00fd chodn\u00edk v are\u00e1li Gombasek<\/strong> m\u00e1 pribli\u017ene <strong>3 kilometre<\/strong> d\u013a\u017eky a pozost\u00e1va z <strong>10 zastaven\u00ed<\/strong> s informa\u010dn\u00fdmi tabu\u013eami dostupn\u00fdmi v <strong>slovenskom, ma\u010farskom aj anglickom jazyku<\/strong>. Tento chodn\u00edk je nen\u00e1ro\u010dn\u00fd, vedie n\u00e1v\u0161tevn\u00edkov okolo pr\u00edrodn\u00fdch a historick\u00fdch zauj\u00edmavost\u00ed v okol\u00ed <strong>Gombaseckej jaskyne<\/strong>, vr\u00e1tane ru\u00edn <strong>Paul\u00ednskeho kl\u00e1\u0161tora<\/strong>, r\u00f4znych pr\u00edrodn\u00fdch \u00fatvarov ako <strong>vyviera\u010dky<\/strong> a priepasti. Je vhodn\u00fd aj pre rodiny s de\u0165mi a \u0161kolsk\u00e9 exkurzie.<\/p>\n<h2 dir=\"auto\"><span style=\"color: #800000;\">Je <strong>N\u00e1u\u010dn\u00fd chodn\u00edk v are\u00e1li Gombasek<\/strong> otvoren\u00fd celoro\u010dne? <\/span><\/h2>\n<p dir=\"auto\">\u00c1no, ide o <strong>celoro\u010dn\u00fd<\/strong>, samoobslu\u017en\u00fd a okru\u017en\u00fd chodn\u00edk s historick\u00fdm a pr\u00edrodovedn\u00fdm zameran\u00edm.<\/p>\n<h2 dir=\"auto\"><span style=\"color: #800000;\">Kde chodn\u00edk za\u010d\u00edna a ak\u00e9 s\u00fa jeho hlavn\u00e9 zastavenia? <\/span><\/h2>\n<p dir=\"auto\">Chodn\u00edk za\u010d\u00edna pri pokladni <strong>Gombaseckej jaskyne<\/strong> a pokra\u010duje pribli\u017ene <strong>3 km<\/strong> okolo jaskyne, kde sa m\u00f4\u017eete napoji\u0165 aj na krat\u0161\u00ed n\u00e1u\u010dn\u00fd chodn\u00edk v starostlivosti Spr\u00e1vy Slovensk\u00fdch jask\u00fd\u0148 (5 panelov).<\/p>\n<h3 dir=\"auto\"><span style=\"color: #808000;\">Medzi hlavn\u00e9 zastavenia patria:<\/span><\/h3>\n<ul dir=\"auto\">\n<li>Vstupn\u00fd are\u00e1l jaskyne<\/li>\n<li><strong>\u010cierna vyviera\u010dka<\/strong><\/li>\n<li><strong>Paul\u00ednsky kame\u0148olom<\/strong><\/li>\n<li>Ruiny <strong>Paul\u00ednskeho kl\u00e1\u0161tora<\/strong><\/li>\n<li><strong>Rokokov\u00e1 k\u00faria<\/strong><\/li>\n<li><strong>H\u00e1mor<\/strong><\/li>\n<li><strong>Biela vyviera\u010dka<\/strong><\/li>\n<li><strong>Hnutie Sarl\u00f3, Csemadok<\/strong><\/li>\n<li><strong>Park vyrez\u00e1van\u00fdch st\u013apov<\/strong><\/li>\n<li><strong>Socha Mih\u00e1lya Tampu<\/strong><\/li>\n<li>Miesta s inform\u00e1ciami o pr\u00edrodnej hist\u00f3rii a biol\u00f3gii \u00fazemia<\/li>\n<\/ul>\n<h2 dir=\"auto\"><span style=\"color: #800000;\">Pre\u010do je <strong>N\u00e1u\u010dn\u00fd chodn\u00edk v are\u00e1li Gombasek<\/strong> v\u00fdnimo\u010dn\u00fd? <\/span><\/h2>\n<p dir=\"auto\">Sl\u00fa\u017ei ako v\u00fdborn\u00fd eduka\u010dn\u00fd prostriedok, v\u010faka ktor\u00e9mu sa n\u00e1v\u0161tevn\u00edci zozn\u00e1mia s unik\u00e1tnou faunou, fl\u00f3rou a geologick\u00fdmi form\u00e1ciami <strong>Slovensk\u00e9ho krasu<\/strong> a s bohatou hist\u00f3riou are\u00e1lu zap\u00edsan\u00e9ho v <strong>UNESCO<\/strong>.<\/p>\n<h2 dir=\"auto\"><span style=\"color: #800000;\">\u010co \u010fal\u0161ie pon\u00faka okolie <strong>N\u00e1u\u010dn\u00e9ho chodn\u00edka v are\u00e1li Gombasek<\/strong>? <\/span><\/h2>\n<p dir=\"auto\">Are\u00e1l <strong>Gombasek<\/strong> le\u017e\u00ed v \u00fazkom Slanskom ka\u0148one a poskytuje pr\u00edstup k turistick\u00fdm tras\u00e1m na <strong>Ple\u0161iveck\u00fa planinu<\/strong>, k \u010fal\u0161\u00edm jaskyniam (napr. <strong>Silick\u00e1 \u013eadnica<\/strong>) a k <strong>cykloturistick\u00fdm tras\u00e1m<\/strong>. Je tak ide\u00e1lnym v\u00fdchodiskov\u00fdm bodom pre \u0161ir\u0161\u00ed okruh n\u00e1v\u0161tevn\u00edkov \u2013 pe\u0161\u00edch turistov aj cyklistov.<\/p>\n<h2 dir=\"auto\"><span style=\"color: #800000;\">Ak\u00fd \u010fal\u0161\u00ed n\u00e1u\u010dn\u00fd chodn\u00edk sa tu nach\u00e1dza?<\/span><\/h2>\n<p dir=\"auto\">Pri jaskyni sa nach\u00e1dza <strong>n\u00e1u\u010dn\u00fd chodn\u00edk Pri Gombaseckej jaskyni<\/strong>.<\/p>\n<p>Tento n\u00e1u\u010dn\u00fd chodn\u00edk za\u010d\u00edna pri pokladni jaskyne a pokra\u010duje ku vchodu do jaskyne. Viac\u00a0inform\u00e1ci\u00ed z\u00edskate v pokladni jaskyne.<\/p>\n<p>N\u00e1u\u010dn\u00fd chodn\u00edk je v starostlivosti Spr\u00e1vy Slovensk\u00fdch jask\u00fd\u0148.<\/p>\n<h2><span style=\"color: #808000;\"><span style=\"color: #800000;\">Fotogal\u00e9ria<\/span><\/span><\/h2>\n<style type=\"text\/css\">\n#foogallery-gallery-29086 .fg-image { width: 200px; }<\/style>\n\t\t\t<div class=\"foogallery foogallery-container foogallery-carousel foogallery-lightbox-foogallery fg-carousel fg-ready fg-light fg-border-medium fg-round-small fg-shadow-medium fg-loading-default fg-loaded-fade-in fg-hover-semi-zoomed fg-hover-fade fg-hover-circle-plus2\" id=\"foogallery-gallery-29086\" data-foogallery=\"{&quot;item&quot;:{&quot;showCaptionTitle&quot;:true,&quot;showCaptionDescription&quot;:true},&quot;lazy&quot;:true,&quot;template&quot;:{&quot;maxItems&quot;:5,&quot;scale&quot;:0.11999999999999999555910790149937383830547332763671875,&quot;gutter&quot;:{&quot;min&quot;:-40,&quot;max&quot;:-20,&quot;unit&quot;:&quot;%&quot;},&quot;autoplay&quot;:{&quot;time&quot;:0,&quot;interaction&quot;:&quot;pause&quot;},&quot;centerOnClick&quot;:true,&quot;align&quot;:&quot;center&quot;,&quot;activePosition&quot;:&quot;center&quot;}}\" data-foogallery-lightbox=\"{&quot;thumbs&quot;:&quot;bottom&quot;,&quot;thumbsCaptions&quot;:false,&quot;thumbsBestFit&quot;:false,&quot;thumbsSmall&quot;:false,&quot;thumbsCaptionsAlign&quot;:&quot;default&quot;,&quot;info&quot;:&quot;bottom&quot;,&quot;infoVisible&quot;:true,&quot;infoOverlay&quot;:true,&quot;infoAlign&quot;:&quot;default&quot;,&quot;transition&quot;:&quot;fade&quot;,&quot;hoverButtons&quot;:false,&quot;fitMedia&quot;:false,&quot;noScrollbars&quot;:true,&quot;preserveButtonSpace&quot;:true,&quot;buttons&quot;:{&quot;fullscreen&quot;:true,&quot;info&quot;:true,&quot;thumbs&quot;:false},&quot;video&quot;:{&quot;autoPlay&quot;:true}}\" style=\"--fg-title-line-clamp: 1; --fg-description-line-clamp: 2;\" >\n\t<button type=\"button\" class=\"fg-carousel-prev\" title=\"Previous\"><\/button>\n\t<div class=\"fg-carousel-inner\">\n\t\t<div class=\"fg-carousel-center\"><\/div>\n\t\t<div class=\"fg-item fg-type-image fg-idle\"><figure class=\"fg-item-inner\"><a href=\"https:\/\/www.slovensky-kras.eu\/info\/wp-content\/uploads\/2018\/01\/gombasek-tabor3.jpg\" data-attachment-id=\"14172\" data-type=\"image\" class=\"fg-thumb\"><span class=\"fg-image-wrap\"><img decoding=\"async\" alt=\"N\u00e1u\u010dn\u00fd chodn\u00edk v are\u00e1li Gombasek\" width=\"200\" height=\"200\" class=\"skip-lazy fg-image\" data-src-fg=\"https:\/\/www.slovensky-kras.eu\/info\/wp-content\/uploads\/cache\/2018\/01\/gombasek-tabor3\/1309719209.jpg\" src=\"data:image\/svg+xml,%3Csvg%20xmlns%3D%22http%3A%2F%2Fwww.w3.org%2F2000%2Fsvg%22%20width%3D%22200%22%20height%3D%22200%22%20viewBox%3D%220%200%20200%20200%22%3E%3C%2Fsvg%3E\" loading=\"eager\"><\/span><span class=\"fg-image-overlay\"><\/span><\/a><\/figure><div class=\"fg-loader\"><\/div><\/div><div class=\"fg-item fg-type-image fg-idle\"><figure class=\"fg-item-inner\"><a href=\"https:\/\/www.slovensky-kras.eu\/info\/wp-content\/uploads\/2018\/01\/gombasek-tabor1.jpg\" data-attachment-id=\"14169\" data-type=\"image\" class=\"fg-thumb\"><span class=\"fg-image-wrap\"><img decoding=\"async\" width=\"200\" height=\"200\" class=\"skip-lazy fg-image\" data-src-fg=\"https:\/\/www.slovensky-kras.eu\/info\/wp-content\/uploads\/cache\/2018\/01\/gombasek-tabor1\/2909113256.jpg\" src=\"data:image\/svg+xml,%3Csvg%20xmlns%3D%22http%3A%2F%2Fwww.w3.org%2F2000%2Fsvg%22%20width%3D%22200%22%20height%3D%22200%22%20viewBox%3D%220%200%20200%20200%22%3E%3C%2Fsvg%3E\" loading=\"eager\"><\/span><span class=\"fg-image-overlay\"><\/span><\/a><\/figure><div class=\"fg-loader\"><\/div><\/div><div class=\"fg-item fg-type-image fg-idle\"><figure class=\"fg-item-inner\"><a href=\"https:\/\/www.slovensky-kras.eu\/info\/wp-content\/uploads\/2020\/01\/gombasek-palac2.jpg\" data-attachment-id=\"16587\" data-type=\"image\" class=\"fg-thumb\"><span class=\"fg-image-wrap\"><img decoding=\"async\" width=\"200\" height=\"200\" class=\"skip-lazy fg-image\" data-src-fg=\"https:\/\/www.slovensky-kras.eu\/info\/wp-content\/uploads\/cache\/2020\/01\/gombasek-palac2\/4289270454.jpg\" src=\"data:image\/svg+xml,%3Csvg%20xmlns%3D%22http%3A%2F%2Fwww.w3.org%2F2000%2Fsvg%22%20width%3D%22200%22%20height%3D%22200%22%20viewBox%3D%220%200%20200%20200%22%3E%3C%2Fsvg%3E\" loading=\"eager\"><\/span><span class=\"fg-image-overlay\"><\/span><\/a><\/figure><div class=\"fg-loader\"><\/div><\/div><div class=\"fg-item fg-type-image fg-idle\"><figure class=\"fg-item-inner\"><a href=\"https:\/\/www.slovensky-kras.eu\/info\/wp-content\/uploads\/2020\/12\/gombasek.jpg\" data-caption-desc=\"zr\u00facaniny kl\u00e1\u0161tora paul\u00ednov , Foto: Gombasz\u00f6gi Ny\u00e1ri T\u00e1bor\" data-attachment-id=\"18721\" data-type=\"image\" class=\"fg-thumb\"><span class=\"fg-image-wrap\"><img decoding=\"async\" width=\"200\" height=\"200\" class=\"skip-lazy fg-image\" data-src-fg=\"https:\/\/www.slovensky-kras.eu\/info\/wp-content\/uploads\/cache\/2020\/12\/gombasek\/1029224929.jpg\" src=\"data:image\/svg+xml,%3Csvg%20xmlns%3D%22http%3A%2F%2Fwww.w3.org%2F2000%2Fsvg%22%20width%3D%22200%22%20height%3D%22200%22%20viewBox%3D%220%200%20200%20200%22%3E%3C%2Fsvg%3E\" loading=\"eager\"><\/span><span class=\"fg-image-overlay\"><\/span><\/a><figcaption class=\"fg-caption\"><div class=\"fg-caption-inner\"><div class=\"fg-caption-desc\">zr\u00facaniny kl\u00e1\u0161tora paul\u00ednov , Foto: Gombasz\u00f6gi Ny\u00e1ri T\u00e1bor<\/div><\/div><\/figcaption><\/figure><div class=\"fg-loader\"><\/div><\/div><div class=\"fg-item fg-type-image fg-idle\"><figure class=\"fg-item-inner\"><a href=\"https:\/\/www.slovensky-kras.eu\/info\/wp-content\/uploads\/2021\/04\/gombasek3-1.jpg\" data-caption-desc=\"Gombaseck\u00e1 jasky\u0148a \u2013 amfite\u00e1ter, Foto:\u00a0 \u00d6rs Orosz (Gombasz\u00f6gi Ny\u00e1ri T\u00e1bor)\" data-attachment-id=\"20407\" data-type=\"image\" class=\"fg-thumb\"><span class=\"fg-image-wrap\"><img decoding=\"async\" width=\"200\" height=\"200\" class=\"skip-lazy fg-image\" data-src-fg=\"https:\/\/www.slovensky-kras.eu\/info\/wp-content\/uploads\/cache\/2021\/04\/gombasek3-1\/689484001.jpg\" src=\"data:image\/svg+xml,%3Csvg%20xmlns%3D%22http%3A%2F%2Fwww.w3.org%2F2000%2Fsvg%22%20width%3D%22200%22%20height%3D%22200%22%20viewBox%3D%220%200%20200%20200%22%3E%3C%2Fsvg%3E\" loading=\"eager\"><\/span><span class=\"fg-image-overlay\"><\/span><\/a><figcaption class=\"fg-caption\"><div class=\"fg-caption-inner\"><div class=\"fg-caption-desc\">Gombaseck\u00e1 jasky\u0148a \u2013 amfite\u00e1ter, Foto:\u00a0 \u00d6rs Orosz (Gombasz\u00f6gi Ny\u00e1ri T\u00e1bor)<\/div><\/div><\/figcaption><\/figure><div class=\"fg-loader\"><\/div><\/div><div class=\"fg-item fg-type-image fg-idle\"><figure class=\"fg-item-inner\"><a href=\"https:\/\/www.slovensky-kras.eu\/info\/wp-content\/uploads\/2021\/04\/huta2sk.jpeg\" data-caption-title=\"\u017delezn\u00fd h\u00e1mor v Gombaseku\" data-caption-desc=\"\u017delezn\u00fd h\u00e1mor v Gombaseku, Foto: Gombasz\u00f6gi Ny\u00e1ri T\u00e1bor\" data-attachment-id=\"20325\" data-type=\"image\" class=\"fg-thumb\"><span class=\"fg-image-wrap\"><img decoding=\"async\" title=\"\u017delezn\u00fd h\u00e1mor v Gombaseku\" width=\"200\" height=\"200\" class=\"skip-lazy fg-image\" data-src-fg=\"https:\/\/www.slovensky-kras.eu\/info\/wp-content\/uploads\/cache\/2021\/04\/huta2sk\/2162966728.jpeg\" src=\"data:image\/svg+xml,%3Csvg%20xmlns%3D%22http%3A%2F%2Fwww.w3.org%2F2000%2Fsvg%22%20width%3D%22200%22%20height%3D%22200%22%20viewBox%3D%220%200%20200%20200%22%3E%3C%2Fsvg%3E\" loading=\"eager\"><\/span><span class=\"fg-image-overlay\"><\/span><\/a><figcaption class=\"fg-caption\"><div class=\"fg-caption-inner\"><div class=\"fg-caption-title\">\u017delezn\u00fd h\u00e1mor v Gombaseku<\/div><div class=\"fg-caption-desc\">\u017delezn\u00fd h\u00e1mor v Gombaseku, Foto: Gombasz\u00f6gi Ny\u00e1ri T\u00e1bor<\/div><\/div><\/figcaption><\/figure><div class=\"fg-loader\"><\/div><\/div><div class=\"fg-item fg-type-image fg-idle\"><figure class=\"fg-item-inner\"><a href=\"https:\/\/www.slovensky-kras.eu\/info\/wp-content\/uploads\/2021\/04\/huta5sk.jpeg\" data-caption-title=\"\u017delezn\u00fd h\u00e1mor v Gombaseku\" data-caption-desc=\"\u017delezn\u00fd h\u00e1mor v Gombaseku, Foto: Gombasz\u00f6gi Ny\u00e1ri T\u00e1bor\" data-attachment-id=\"20324\" data-type=\"image\" class=\"fg-thumb\"><span class=\"fg-image-wrap\"><img decoding=\"async\" title=\"\u017delezn\u00fd h\u00e1mor v Gombaseku\" width=\"200\" height=\"200\" class=\"skip-lazy fg-image\" data-src-fg=\"https:\/\/www.slovensky-kras.eu\/info\/wp-content\/uploads\/cache\/2021\/04\/huta5sk\/1828964722.jpeg\" src=\"data:image\/svg+xml,%3Csvg%20xmlns%3D%22http%3A%2F%2Fwww.w3.org%2F2000%2Fsvg%22%20width%3D%22200%22%20height%3D%22200%22%20viewBox%3D%220%200%20200%20200%22%3E%3C%2Fsvg%3E\" loading=\"eager\"><\/span><span class=\"fg-image-overlay\"><\/span><\/a><figcaption class=\"fg-caption\"><div class=\"fg-caption-inner\"><div class=\"fg-caption-title\">\u017delezn\u00fd h\u00e1mor v Gombaseku<\/div><div class=\"fg-caption-desc\">\u017delezn\u00fd h\u00e1mor v Gombaseku, Foto: Gombasz\u00f6gi Ny\u00e1ri T\u00e1bor<\/div><\/div><\/figcaption><\/figure><div class=\"fg-loader\"><\/div><\/div><div class=\"fg-item fg-type-image fg-idle\"><figure class=\"fg-item-inner\"><a href=\"https:\/\/www.slovensky-kras.eu\/info\/wp-content\/uploads\/2021\/04\/huta7sk.jpeg\" data-caption-title=\"\u017delezn\u00fd h\u00e1mor v Gombaseku\" data-caption-desc=\"\u017delezn\u00fd h\u00e1mor v Gombaseku, Foto: Gombasz\u00f6gi Ny\u00e1ri T\u00e1bor\" data-attachment-id=\"20323\" data-type=\"image\" class=\"fg-thumb\"><span class=\"fg-image-wrap\"><img decoding=\"async\" title=\"\u017delezn\u00fd h\u00e1mor v Gombaseku\" width=\"200\" height=\"200\" class=\"skip-lazy fg-image\" data-src-fg=\"https:\/\/www.slovensky-kras.eu\/info\/wp-content\/uploads\/cache\/2021\/04\/huta7sk\/114536159.jpeg\" src=\"data:image\/svg+xml,%3Csvg%20xmlns%3D%22http%3A%2F%2Fwww.w3.org%2F2000%2Fsvg%22%20width%3D%22200%22%20height%3D%22200%22%20viewBox%3D%220%200%20200%20200%22%3E%3C%2Fsvg%3E\" loading=\"eager\"><\/span><span class=\"fg-image-overlay\"><\/span><\/a><figcaption class=\"fg-caption\"><div class=\"fg-caption-inner\"><div class=\"fg-caption-title\">\u017delezn\u00fd h\u00e1mor v Gombaseku<\/div><div class=\"fg-caption-desc\">\u017delezn\u00fd h\u00e1mor v Gombaseku, Foto: Gombasz\u00f6gi Ny\u00e1ri T\u00e1bor<\/div><\/div><\/figcaption><\/figure><div class=\"fg-loader\"><\/div><\/div><div class=\"fg-item fg-type-image fg-idle\"><figure class=\"fg-item-inner\"><a href=\"https:\/\/www.slovensky-kras.eu\/info\/wp-content\/uploads\/2021\/04\/safar-gombasek.jpg\" data-caption-title=\"Remeseln\u00edcky (\u0161af\u00e1rov) dom v Gombaseku\" data-caption-desc=\"Remeseln\u00edcky (\u0161af\u00e1rov) dom v Gombaseku, Foto: Gombasz\u00f6gi Ny\u00e1ri T\u00e1bor rok 2020\" data-attachment-id=\"20146\" data-type=\"image\" class=\"fg-thumb\"><span class=\"fg-image-wrap\"><img decoding=\"async\" title=\"Remeseln\u00edcky (\u0161af\u00e1rov) dom v Gombaseku\" width=\"200\" height=\"200\" class=\"skip-lazy fg-image\" data-src-fg=\"https:\/\/www.slovensky-kras.eu\/info\/wp-content\/uploads\/cache\/2021\/04\/safar-gombasek\/1851654456.jpg\" src=\"data:image\/svg+xml,%3Csvg%20xmlns%3D%22http%3A%2F%2Fwww.w3.org%2F2000%2Fsvg%22%20width%3D%22200%22%20height%3D%22200%22%20viewBox%3D%220%200%20200%20200%22%3E%3C%2Fsvg%3E\" loading=\"eager\"><\/span><span class=\"fg-image-overlay\"><\/span><\/a><figcaption class=\"fg-caption\"><div class=\"fg-caption-inner\"><div class=\"fg-caption-title\">Remeseln\u00edcky (\u0161af\u00e1rov) dom v Gombaseku<\/div><div class=\"fg-caption-desc\">Remeseln\u00edcky (\u0161af\u00e1rov) dom v Gombaseku, Foto: Gombasz\u00f6gi Ny\u00e1ri T\u00e1bor rok 2020<\/div><\/div><\/figcaption><\/figure><div class=\"fg-loader\"><\/div><\/div><div class=\"fg-item fg-type-image fg-idle\"><figure class=\"fg-item-inner\"><a href=\"https:\/\/www.slovensky-kras.eu\/info\/wp-content\/uploads\/2021\/04\/safar2.jpg\" data-caption-title=\"Remeseln\u00edcky (\u0161af\u00e1rov) dom v Gombaseku\" data-caption-desc=\"Remeseln\u00edcky (\u0161af\u00e1rov) dom v Gombaseku, Foto: Gombasz\u00f6gi Ny\u00e1ri T\u00e1bor rok 2019\" data-attachment-id=\"20147\" data-type=\"image\" class=\"fg-thumb\"><span class=\"fg-image-wrap\"><img decoding=\"async\" title=\"Remeseln\u00edcky (\u0161af\u00e1rov) dom v Gombaseku\" width=\"200\" height=\"200\" class=\"skip-lazy fg-image\" data-src-fg=\"https:\/\/www.slovensky-kras.eu\/info\/wp-content\/uploads\/cache\/2021\/04\/safar2\/802122580.jpg\" src=\"data:image\/svg+xml,%3Csvg%20xmlns%3D%22http%3A%2F%2Fwww.w3.org%2F2000%2Fsvg%22%20width%3D%22200%22%20height%3D%22200%22%20viewBox%3D%220%200%20200%20200%22%3E%3C%2Fsvg%3E\" loading=\"eager\"><\/span><span class=\"fg-image-overlay\"><\/span><\/a><figcaption class=\"fg-caption\"><div class=\"fg-caption-inner\"><div class=\"fg-caption-title\">Remeseln\u00edcky (\u0161af\u00e1rov) dom v Gombaseku<\/div><div class=\"fg-caption-desc\">Remeseln\u00edcky (\u0161af\u00e1rov) dom v Gombaseku, Foto: Gombasz\u00f6gi Ny\u00e1ri T\u00e1bor rok 2019<\/div><\/div><\/figcaption><\/figure><div class=\"fg-loader\"><\/div><\/div><div class=\"fg-item fg-type-image fg-idle\"><figure class=\"fg-item-inner\"><a href=\"https:\/\/www.slovensky-kras.eu\/info\/wp-content\/uploads\/2021\/12\/gombasecka-jaskyna3.jpg\" data-caption-title=\"Gombaseck\u00e1 jasky\u0148a - vstupn\u00fd port\u00e1l\" data-caption-desc=\"Gombaseck\u00e1 jasky\u0148a - vstupn\u00fd port\u00e1l\" data-attachment-id=\"21351\" data-type=\"image\" class=\"fg-thumb\"><span class=\"fg-image-wrap\"><img decoding=\"async\" alt=\"Gombaseck\u00e1 jasky\u0148a\" title=\"Gombaseck\u00e1 jasky\u0148a - vstupn\u00fd port\u00e1l\" width=\"200\" height=\"200\" class=\"skip-lazy fg-image\" data-src-fg=\"https:\/\/www.slovensky-kras.eu\/info\/wp-content\/uploads\/cache\/2021\/12\/gombasecka-jaskyna3\/1661541064.jpg\" src=\"data:image\/svg+xml,%3Csvg%20xmlns%3D%22http%3A%2F%2Fwww.w3.org%2F2000%2Fsvg%22%20width%3D%22200%22%20height%3D%22200%22%20viewBox%3D%220%200%20200%20200%22%3E%3C%2Fsvg%3E\" loading=\"eager\"><\/span><span class=\"fg-image-overlay\"><\/span><\/a><figcaption class=\"fg-caption\"><div class=\"fg-caption-inner\"><div class=\"fg-caption-title\">Gombaseck\u00e1 jasky\u0148a - vstupn\u00fd port\u00e1l<\/div><div class=\"fg-caption-desc\">Gombaseck\u00e1 jasky\u0148a - vstupn\u00fd port\u00e1l<\/div><\/div><\/figcaption><\/figure><div class=\"fg-loader\"><\/div><\/div><div class=\"fg-item fg-type-image fg-idle\"><figure class=\"fg-item-inner\"><a href=\"https:\/\/www.slovensky-kras.eu\/info\/wp-content\/uploads\/2021\/12\/gombasecka-jaskyna4.jpg\" data-attachment-id=\"21352\" data-type=\"image\" class=\"fg-thumb\"><span class=\"fg-image-wrap\"><img decoding=\"async\" alt=\"Gombaseck\u00e1 jasky\u0148a\" width=\"200\" height=\"200\" class=\"skip-lazy fg-image\" data-src-fg=\"https:\/\/www.slovensky-kras.eu\/info\/wp-content\/uploads\/cache\/2021\/12\/gombasecka-jaskyna4\/689299419.jpg\" src=\"data:image\/svg+xml,%3Csvg%20xmlns%3D%22http%3A%2F%2Fwww.w3.org%2F2000%2Fsvg%22%20width%3D%22200%22%20height%3D%22200%22%20viewBox%3D%220%200%20200%20200%22%3E%3C%2Fsvg%3E\" loading=\"eager\"><\/span><span class=\"fg-image-overlay\"><\/span><\/a><\/figure><div class=\"fg-loader\"><\/div><\/div><div class=\"fg-item fg-type-image fg-idle\"><figure class=\"fg-item-inner\"><a href=\"https:\/\/www.slovensky-kras.eu\/info\/wp-content\/uploads\/2021\/04\/gombasecka2.jpg\" data-caption-desc=\"Gombaseck\u00e1 jasky\u0148a \u2013 vstupFoto:\u00a0 \u00d6rs Orosz (Gombasz\u00f6gi Ny\u00e1ri T\u00e1bor)\" data-attachment-id=\"20406\" data-type=\"image\" class=\"fg-thumb\"><span class=\"fg-image-wrap\"><img decoding=\"async\" width=\"200\" height=\"200\" class=\"skip-lazy fg-image\" data-src-fg=\"https:\/\/www.slovensky-kras.eu\/info\/wp-content\/uploads\/cache\/2021\/04\/gombasecka2\/4173426152.jpg\" src=\"data:image\/svg+xml,%3Csvg%20xmlns%3D%22http%3A%2F%2Fwww.w3.org%2F2000%2Fsvg%22%20width%3D%22200%22%20height%3D%22200%22%20viewBox%3D%220%200%20200%20200%22%3E%3C%2Fsvg%3E\" loading=\"eager\"><\/span><span class=\"fg-image-overlay\"><\/span><\/a><figcaption class=\"fg-caption\"><div class=\"fg-caption-inner\"><div class=\"fg-caption-desc\">Gombaseck\u00e1 jasky\u0148a \u2013 vstupFoto:\u00a0 \u00d6rs Orosz (Gombasz\u00f6gi Ny\u00e1ri T\u00e1bor)<\/div><\/div><\/figcaption><\/figure><div class=\"fg-loader\"><\/div><\/div>\t<\/div>\n\t<div class=\"fg-carousel-bottom\"><\/div>\n\t<div class=\"fg-carousel-progress\"><\/div>\n\t<button type=\"button\" class=\"fg-carousel-next\" title=\"Next\"><\/button>\n<\/div>\n<h3><span style=\"color: #808000;\">Bl\u00edzke stredisko, turistick\u00e9 centrum, obec alebo mesto:<\/span><\/h3>\n<ul>\n<li><a href=\"http:\/\/www.slovensky-kras.eu\/info\/strediska-a-centra\/rekreacne-stredisko-gombasek\/\">Stredisko Gombasek<\/a><\/li>\n<\/ul>\n<ul>\n<li><a href=\"http:\/\/www.slovensky-kras.eu\/info\/strediska-a-centra\/obec-slavec\/\">Obec Slavec<\/a><\/li>\n<\/ul>\n<h2><span style=\"color: #800000;\">Mapy<\/span><\/h2>\n<p><strong>Vrstvy: <\/strong>Turistick\u00e1 mapa, Automapa, Cyklomapa, Ly\u017eiarska mapa, Satelitn\u00e1 mapa a OpenStreetMap.<\/p>\n<p><strong>Kliknut\u00edm na logo &#8222;Freemap.sk&#8220; sa V\u00e1m mapa zobraz\u00ed na celej ploche obrazovky.<\/strong><\/p>\n<p><iframe style=\"width: 900px; height: 600px; border: 0;\" src=\"https:\/\/www.freemap.sk\/?map=16\/48.565873\/20.466295&amp;info-point=48.565873\/20.466295,N\u00e1u\u010dn\u00fd chodn\u00edk v are\u00e1li Gombasek&amp;layers=X&amp;embed=search\" allowfullscreen=\"allowfullscreen\"><\/iframe><\/p>\n<h2><span style=\"color: #800000;\">Po\u010dasie<\/span><strong><br \/>\n<\/strong><br \/>\n<iframe style=\"width: 900px; height: 606px;\" src=\"https:\/\/www.meteoblue.com\/sk\/po%C4%8Dasie\/widget\/three\/gombasek_slovensk%c3%a1-republika_724780?geoloc=fixed&amp;nocurrent=0&amp;noforecast=0&amp;days=6&amp;tempunit=CELSIUS&amp;windunit=KILOMETER_PER_HOUR&amp;layout=image\" frameborder=\"0\" scrolling=\"NO\" sandbox=\"allow-same-origin allow-scripts allow-popups allow-popups-to-escape-sandbox\"><span data-mce-type=\"bookmark\" style=\"display: inline-block; width: 0px; overflow: hidden; line-height: 0;\" class=\"mce_SELRES_start\">\ufeff<\/span><\/iframe><\/h2>\n<div><!-- DO NOT REMOVE THIS LINK --><a href=\"https:\/\/www.meteoblue.com\/sk\/po%C4%8Dasie\/predpove%C4%8F\/t%C3%BD%C5%BEde%C5%88\/gombasek_slovensk%c3%a1-republika_724780?utm_source=weather_widget&amp;utm_medium=linkus&amp;utm_content=three&amp;utm_campaign=Weather%2BWidget\" target=\"_blank\" rel=\"noopener noreferrer\">meteoblue<\/a><\/div>\n","protected":false},"excerpt":{"rendered":"<p>Menu: N\u00e1u\u010dn\u00e9 chodn\u00edky N\u00e1u\u010dn\u00fd chodn\u00edk v are\u00e1li Gombasek je nen\u00e1ro\u010dn\u00fd 3-kilometrov\u00fd okruh pln\u00fd hist\u00f3rie, pr\u00edrody a unik\u00e1tnych inform\u00e1ci\u00ed v troch jazykoch \u2013 ide\u00e1lny tip na v\u00fdlet pre rodiny, \u0161koly aj [&hellip;]<\/p>\n","protected":false},"author":1,"featured_media":14172,"parent":11,"menu_order":0,"comment_status":"closed","ping_status":"closed","template":"","meta":{"_uag_custom_page_level_css":"","footnotes":""},"class_list":["post-20101","page","type-page","status-publish","has-post-thumbnail","hentry"],"featured_image_src":"https:\/\/www.slovensky-kras.eu\/info\/wp-content\/uploads\/2018\/01\/gombasek-tabor3.jpg","featured_image_src_square":"https:\/\/www.slovensky-kras.eu\/info\/wp-content\/uploads\/2018\/01\/gombasek-tabor3.jpg","rbea_author_info":{"display_name":"admin","author_link":"https:\/\/www.slovensky-kras.eu\/info\/author\/admin\/"},"rbea_excerpt_info":"Menu: N\u00e1u\u010dn\u00e9 chodn\u00edky N\u00e1u\u010dn\u00fd chodn\u00edk v are\u00e1li Gombasek je nen\u00e1ro\u010dn\u00fd 3-kilometrov\u00fd okruh pln\u00fd hist\u00f3rie, pr\u00edrody a unik\u00e1tnych inform\u00e1ci\u00ed v troch jazykoch \u2013 ide\u00e1lny tip na v\u00fdlet pre rodiny, \u0161koly aj [&hellip;]","uagb_featured_image_src":{"full":["https:\/\/www.slovensky-kras.eu\/info\/wp-content\/uploads\/2018\/01\/gombasek-tabor3.jpg",1000,667,false],"thumbnail":["https:\/\/www.slovensky-kras.eu\/info\/wp-content\/uploads\/2018\/01\/gombasek-tabor3-150x150.jpg",150,150,true],"medium":["https:\/\/www.slovensky-kras.eu\/info\/wp-content\/uploads\/2018\/01\/gombasek-tabor3-800x534.jpg",800,534,true],"medium_large":["https:\/\/www.slovensky-kras.eu\/info\/wp-content\/uploads\/2018\/01\/gombasek-tabor3-768x512.jpg",768,512,true],"large":["https:\/\/www.slovensky-kras.eu\/info\/wp-content\/uploads\/2018\/01\/gombasek-tabor3.jpg",1000,667,false],"1536x1536":["https:\/\/www.slovensky-kras.eu\/info\/wp-content\/uploads\/2018\/01\/gombasek-tabor3.jpg",1000,667,false],"2048x2048":["https:\/\/www.slovensky-kras.eu\/info\/wp-content\/uploads\/2018\/01\/gombasek-tabor3.jpg",1000,667,false]},"uagb_author_info":{"display_name":"admin","author_link":"https:\/\/www.slovensky-kras.eu\/info\/author\/admin\/"},"uagb_comment_info":0,"uagb_excerpt":"Menu: N\u00e1u\u010dn\u00e9 chodn\u00edky N\u00e1u\u010dn\u00fd chodn\u00edk v are\u00e1li Gombasek je nen\u00e1ro\u010dn\u00fd 3-kilometrov\u00fd okruh pln\u00fd hist\u00f3rie, pr\u00edrody a unik\u00e1tnych inform\u00e1ci\u00ed v troch jazykoch \u2013 ide\u00e1lny tip na v\u00fdlet pre rodiny, \u0161koly aj [&hellip;]","_links":{"self":[{"href":"https:\/\/www.slovensky-kras.eu\/info\/wp-json\/wp\/v2\/pages\/20101","targetHints":{"allow":["GET"]}}],"collection":[{"href":"https:\/\/www.slovensky-kras.eu\/info\/wp-json\/wp\/v2\/pages"}],"about":[{"href":"https:\/\/www.slovensky-kras.eu\/info\/wp-json\/wp\/v2\/types\/page"}],"author":[{"embeddable":true,"href":"https:\/\/www.slovensky-kras.eu\/info\/wp-json\/wp\/v2\/users\/1"}],"replies":[{"embeddable":true,"href":"https:\/\/www.slovensky-kras.eu\/info\/wp-json\/wp\/v2\/comments?post=20101"}],"version-history":[{"count":34,"href":"https:\/\/www.slovensky-kras.eu\/info\/wp-json\/wp\/v2\/pages\/20101\/revisions"}],"predecessor-version":[{"id":29192,"href":"https:\/\/www.slovensky-kras.eu\/info\/wp-json\/wp\/v2\/pages\/20101\/revisions\/29192"}],"up":[{"embeddable":true,"href":"https:\/\/www.slovensky-kras.eu\/info\/wp-json\/wp\/v2\/pages\/11"}],"wp:featuredmedia":[{"embeddable":true,"href":"https:\/\/www.slovensky-kras.eu\/info\/wp-json\/wp\/v2\/media\/14172"}],"wp:attachment":[{"href":"https:\/\/www.slovensky-kras.eu\/info\/wp-json\/wp\/v2\/media?parent=20101"}],"curies":[{"name":"wp","href":"https:\/\/api.w.org\/{rel}","templated":true}]}}